{"id":8451,"date":"2021-05-21T15:09:01","date_gmt":"2021-05-21T13:09:01","guid":{"rendered":"https:\/\/www.raffinessen.ch\/?post_type=product&#038;p=8451"},"modified":"2023-05-04T12:15:37","modified_gmt":"2023-05-04T10:15:37","slug":"wuerzige-fruechtchen","status":"publish","type":"product","link":"https:\/\/www.raffinessen.ch\/fr\/produit\/wuerzige-fruechtchen\/","title":{"rendered":"SET - Fruits \u00e9pic\u00e9s"},"content":{"rendered":"<p><strong>Contenu<\/strong><\/p>\n<ul>\n<li>Sachet protecteur d'ar\u00f4mes papier kraft avec <a href=\"https:\/\/www.raffinessen.ch\/fr\/produit\/veracruz\/\">VERACRUZ<\/a> (80 g)<\/li>\n<li>Moulin r\u00e9utilisable KYO avec broyeur c\u00e9ramique avec <a href=\"https:\/\/www.raffinessen.ch\/fr\/produit\/rio-branco\/\">RIO BRANCO<\/a>\u00a0(37 g)<\/li>\n<li>Moulin r\u00e9utilisable KYO avec broyeur c\u00e9ramique avec <a href=\"https:\/\/www.raffinessen.ch\/fr\/produit\/rio-branco\/\">QU\u00c9BEC<\/a>\u00a0(50 g)<\/li>\n<li>Recettes du tiramisu \u00e0 la fraise, de l'ananas caram\u00e9lis\u00e9 au piment et du caf\u00e9 frapp\u00e9<\/li>\n<\/ul>\n<p><strong>Moulin \u00e0 \u00e9pices KYO avec broyeur en c\u00e9ramique<\/strong><br \/>\nR\u00e9cipient en verre avec broyeur en c\u00e9ramique (MaximumGrinder, noir)<br \/>\nFormat : \u00f8 45 mm, hauteur 140 mm, contenu 100 ml<\/p>\n<p>Gr\u00e2ce \u00e0 la c\u00e9ramique de haute qualit\u00e9, le moulin peut \u00eatre utilis\u00e9 de mani\u00e8re durable. Il moud non seulement le sel et le poivre, mais aussi le piment et de nombreuses autres \u00e9pices et herbes aromatiques.<\/p>","protected":false},"excerpt":{"rendered":"<p>Inhalt Aromaschutzbeutel Kraftpapier mit VERACRUZ (80 g) Mehrwegm\u00fchle KYO mit Keramikmahlwerk mit RIO BRANCO\u00a0(37 g) Mehrwegm\u00fchle KYO mit Keramikmahlwerk mit QU\u00c9BEC\u00a0(50 g) Rezepte f\u00fcr Erdbeer Tiramisu, Karamelisierte Ananas mit Chili und Kaffee Frapp\u00e9 Gew\u00fcrzm\u00fchle KYO mit Keramikmahlwerk Glasbeh\u00e4lter mit Keramikmahlwerk (MaximumGrinder, schwarz) Format: \u00f8 45 mm, H\u00f6he 140 mm, Inhalt 100 ml Dank der hochwertigen [&hellip;]<\/p>\n","protected":false},"featured_media":8452,"template":"","meta":[],"product_brand":[],"product_cat":[1182,42],"product_tag":[],"class_list":{"0":"post-8451","1":"product","2":"type-product","3":"status-publish","4":"has-post-thumbnail","6":"product_cat-bis-chf-30","7":"product_cat-geschenksets","8":"tm-no-options","10":"first","11":"instock","12":"taxable","13":"shipping-taxable","14":"purchasable","15":"product-type-simple"},"yoast_head":"<!-- This site is optimized with the Yoast SEO plugin v27.5 - https:\/\/yoast.com\/product\/yoast-seo-wordpress\/ -->\n<title>SET - W\u00fcrzige Fr\u00fcchtchen - Raffinessen<\/title>\n<meta name=\"robots\" content=\"index, follow, max-snippet:-1, max-image-preview:large, max-video-preview:-1\" \/>\n<link rel=\"canonical\" href=\"https:\/\/www.raffinessen.ch\/fr\/produit\/wuerzige-fruechtchen\/\" \/>\n<meta property=\"og:locale\" content=\"fr_FR\" \/>\n<meta property=\"og:type\" content=\"article\" \/>\n<meta property=\"og:title\" content=\"SET - W\u00fcrzige Fr\u00fcchtchen - Raffinessen\" \/>\n<meta property=\"og:description\" content=\"Inhalt Aromaschutzbeutel Kraftpapier mit VERACRUZ (80 g) Mehrwegm\u00fchle KYO mit Keramikmahlwerk mit RIO BRANCO\u00a0(37 g) Mehrwegm\u00fchle KYO mit Keramikmahlwerk mit QU\u00c9BEC\u00a0(50 g) Rezepte f\u00fcr Erdbeer Tiramisu, Karamelisierte Ananas mit Chili und Kaffee Frapp\u00e9 Gew\u00fcrzm\u00fchle KYO mit Keramikmahlwerk Glasbeh\u00e4lter mit Keramikmahlwerk (MaximumGrinder, schwarz) Format: \u00f8 45 mm, H\u00f6he 140 mm, Inhalt 100 ml Dank der hochwertigen [&hellip;]\" \/>\n<meta property=\"og:url\" content=\"https:\/\/www.raffinessen.ch\/fr\/produit\/wuerzige-fruechtchen\/\" \/>\n<meta property=\"og:site_name\" content=\"Raffinessen\" \/>\n<meta property=\"article:modified_time\" content=\"2023-05-04T10:15:37+00:00\" \/>\n<meta property=\"og:image\" content=\"https:\/\/www.raffinessen.ch\/webseite\/wp-content\/uploads\/2021\/05\/SET_Veracruz-Rio-Branco-Quebec.jpg\" \/>\n\t<meta property=\"og:image:width\" content=\"1500\" \/>\n\t<meta property=\"og:image:height\" content=\"1500\" \/>\n\t<meta property=\"og:image:type\" content=\"image\/jpeg\" \/>\n<meta name=\"twitter:card\" content=\"summary_large_image\" \/>\n<meta name=\"twitter:label1\" content=\"Dur\u00e9e de lecture estim\u00e9e\" \/>\n\t<meta name=\"twitter:data1\" content=\"1 minute\" \/>\n<script type=\"application\/ld+json\" class=\"yoast-schema-graph\">{\"@context\":\"https:\\\/\\\/schema.org\",\"@graph\":[{\"@type\":\"WebPage\",\"@id\":\"https:\\\/\\\/www.raffinessen.ch\\\/produkt\\\/wuerzige-fruechtchen\\\/\",\"url\":\"https:\\\/\\\/www.raffinessen.ch\\\/produkt\\\/wuerzige-fruechtchen\\\/\",\"name\":\"SET - W\u00fcrzige Fr\u00fcchtchen - Raffinessen\",\"isPartOf\":{\"@id\":\"https:\\\/\\\/www.raffinessen.ch\\\/#website\"},\"primaryImageOfPage\":{\"@id\":\"https:\\\/\\\/www.raffinessen.ch\\\/produkt\\\/wuerzige-fruechtchen\\\/#primaryimage\"},\"image\":{\"@id\":\"https:\\\/\\\/www.raffinessen.ch\\\/produkt\\\/wuerzige-fruechtchen\\\/#primaryimage\"},\"thumbnailUrl\":\"https:\\\/\\\/www.raffinessen.ch\\\/webseite\\\/wp-content\\\/uploads\\\/2021\\\/05\\\/SET_Veracruz-Rio-Branco-Quebec.jpg\",\"datePublished\":\"2021-05-21T13:09:01+00:00\",\"dateModified\":\"2023-05-04T10:15:37+00:00\",\"breadcrumb\":{\"@id\":\"https:\\\/\\\/www.raffinessen.ch\\\/produkt\\\/wuerzige-fruechtchen\\\/#breadcrumb\"},\"inLanguage\":\"fr-FR\",\"potentialAction\":[{\"@type\":\"ReadAction\",\"target\":[\"https:\\\/\\\/www.raffinessen.ch\\\/produkt\\\/wuerzige-fruechtchen\\\/\"]}]},{\"@type\":\"ImageObject\",\"inLanguage\":\"fr-FR\",\"@id\":\"https:\\\/\\\/www.raffinessen.ch\\\/produkt\\\/wuerzige-fruechtchen\\\/#primaryimage\",\"url\":\"https:\\\/\\\/www.raffinessen.ch\\\/webseite\\\/wp-content\\\/uploads\\\/2021\\\/05\\\/SET_Veracruz-Rio-Branco-Quebec.jpg\",\"contentUrl\":\"https:\\\/\\\/www.raffinessen.ch\\\/webseite\\\/wp-content\\\/uploads\\\/2021\\\/05\\\/SET_Veracruz-Rio-Branco-Quebec.jpg\",\"width\":1500,\"height\":1500},{\"@type\":\"BreadcrumbList\",\"@id\":\"https:\\\/\\\/www.raffinessen.ch\\\/produkt\\\/wuerzige-fruechtchen\\\/#breadcrumb\",\"itemListElement\":[{\"@type\":\"ListItem\",\"position\":1,\"name\":\"Home\",\"item\":\"https:\\\/\\\/www.raffinessen.ch\\\/\"},{\"@type\":\"ListItem\",\"position\":2,\"name\":\"Shop\",\"item\":\"https:\\\/\\\/www.raffinessen.ch\\\/shop\\\/\"},{\"@type\":\"ListItem\",\"position\":3,\"name\":\"SET &#8211; W\u00fcrzige Fr\u00fcchtchen\"}]},{\"@type\":\"WebSite\",\"@id\":\"https:\\\/\\\/www.raffinessen.ch\\\/#website\",\"url\":\"https:\\\/\\\/www.raffinessen.ch\\\/\",\"name\":\"Raffinessen\",\"description\":\"roter und schwarzer Kampot Pfeffer - Gew\u00fcrze\",\"potentialAction\":[{\"@type\":\"SearchAction\",\"target\":{\"@type\":\"EntryPoint\",\"urlTemplate\":\"https:\\\/\\\/www.raffinessen.ch\\\/?s={search_term_string}\"},\"query-input\":{\"@type\":\"PropertyValueSpecification\",\"valueRequired\":true,\"valueName\":\"search_term_string\"}}],\"inLanguage\":\"fr-FR\"}]}<\/script>\n<!-- \/ Yoast SEO plugin. -->","yoast_head_json":{"title":"SET - W\u00fcrzige Fr\u00fcchtchen - Raffinessen","robots":{"index":"index","follow":"follow","max-snippet":"max-snippet:-1","max-image-preview":"max-image-preview:large","max-video-preview":"max-video-preview:-1"},"canonical":"https:\/\/www.raffinessen.ch\/fr\/produit\/wuerzige-fruechtchen\/","og_locale":"fr_FR","og_type":"article","og_title":"SET - W\u00fcrzige Fr\u00fcchtchen - Raffinessen","og_description":"Inhalt Aromaschutzbeutel Kraftpapier mit VERACRUZ (80 g) Mehrwegm\u00fchle KYO mit Keramikmahlwerk mit RIO BRANCO\u00a0(37 g) Mehrwegm\u00fchle KYO mit Keramikmahlwerk mit QU\u00c9BEC\u00a0(50 g) Rezepte f\u00fcr Erdbeer Tiramisu, Karamelisierte Ananas mit Chili und Kaffee Frapp\u00e9 Gew\u00fcrzm\u00fchle KYO mit Keramikmahlwerk Glasbeh\u00e4lter mit Keramikmahlwerk (MaximumGrinder, schwarz) Format: \u00f8 45 mm, H\u00f6he 140 mm, Inhalt 100 ml Dank der hochwertigen [&hellip;]","og_url":"https:\/\/www.raffinessen.ch\/fr\/produit\/wuerzige-fruechtchen\/","og_site_name":"Raffinessen","article_modified_time":"2023-05-04T10:15:37+00:00","og_image":[{"width":1500,"height":1500,"url":"https:\/\/www.raffinessen.ch\/webseite\/wp-content\/uploads\/2021\/05\/SET_Veracruz-Rio-Branco-Quebec.jpg","type":"image\/jpeg"}],"twitter_card":"summary_large_image","twitter_misc":{"Dur\u00e9e de lecture estim\u00e9e":"1 minute"},"schema":{"@context":"https:\/\/schema.org","@graph":[{"@type":"WebPage","@id":"https:\/\/www.raffinessen.ch\/produkt\/wuerzige-fruechtchen\/","url":"https:\/\/www.raffinessen.ch\/produkt\/wuerzige-fruechtchen\/","name":"SET - W\u00fcrzige Fr\u00fcchtchen - Raffinessen","isPartOf":{"@id":"https:\/\/www.raffinessen.ch\/#website"},"primaryImageOfPage":{"@id":"https:\/\/www.raffinessen.ch\/produkt\/wuerzige-fruechtchen\/#primaryimage"},"image":{"@id":"https:\/\/www.raffinessen.ch\/produkt\/wuerzige-fruechtchen\/#primaryimage"},"thumbnailUrl":"https:\/\/www.raffinessen.ch\/webseite\/wp-content\/uploads\/2021\/05\/SET_Veracruz-Rio-Branco-Quebec.jpg","datePublished":"2021-05-21T13:09:01+00:00","dateModified":"2023-05-04T10:15:37+00:00","breadcrumb":{"@id":"https:\/\/www.raffinessen.ch\/produkt\/wuerzige-fruechtchen\/#breadcrumb"},"inLanguage":"fr-FR","potentialAction":[{"@type":"ReadAction","target":["https:\/\/www.raffinessen.ch\/produkt\/wuerzige-fruechtchen\/"]}]},{"@type":"ImageObject","inLanguage":"fr-FR","@id":"https:\/\/www.raffinessen.ch\/produkt\/wuerzige-fruechtchen\/#primaryimage","url":"https:\/\/www.raffinessen.ch\/webseite\/wp-content\/uploads\/2021\/05\/SET_Veracruz-Rio-Branco-Quebec.jpg","contentUrl":"https:\/\/www.raffinessen.ch\/webseite\/wp-content\/uploads\/2021\/05\/SET_Veracruz-Rio-Branco-Quebec.jpg","width":1500,"height":1500},{"@type":"BreadcrumbList","@id":"https:\/\/www.raffinessen.ch\/produkt\/wuerzige-fruechtchen\/#breadcrumb","itemListElement":[{"@type":"ListItem","position":1,"name":"Home","item":"https:\/\/www.raffinessen.ch\/"},{"@type":"ListItem","position":2,"name":"Shop","item":"https:\/\/www.raffinessen.ch\/shop\/"},{"@type":"ListItem","position":3,"name":"SET &#8211; W\u00fcrzige Fr\u00fcchtchen"}]},{"@type":"WebSite","@id":"https:\/\/www.raffinessen.ch\/#website","url":"https:\/\/www.raffinessen.ch\/","name":"Raffinements","description":"poivre de Kampot rouge et noir - \u00e9pices","potentialAction":[{"@type":"SearchAction","target":{"@type":"EntryPoint","urlTemplate":"https:\/\/www.raffinessen.ch\/?s={search_term_string}"},"query-input":{"@type":"PropertyValueSpecification","valueRequired":true,"valueName":"search_term_string"}}],"inLanguage":"fr-FR"}]}},"_links":{"self":[{"href":"https:\/\/www.raffinessen.ch\/fr\/wp-json\/wp\/v2\/product\/8451","targetHints":{"allow":["GET"]}}],"collection":[{"href":"https:\/\/www.raffinessen.ch\/fr\/wp-json\/wp\/v2\/product"}],"about":[{"href":"https:\/\/www.raffinessen.ch\/fr\/wp-json\/wp\/v2\/types\/product"}],"wp:featuredmedia":[{"embeddable":true,"href":"https:\/\/www.raffinessen.ch\/fr\/wp-json\/wp\/v2\/media\/8452"}],"wp:attachment":[{"href":"https:\/\/www.raffinessen.ch\/fr\/wp-json\/wp\/v2\/media?parent=8451"}],"wp:term":[{"taxonomy":"product_brand","embeddable":true,"href":"https:\/\/www.raffinessen.ch\/fr\/wp-json\/wp\/v2\/product_brand?post=8451"},{"taxonomy":"product_cat","embeddable":true,"href":"https:\/\/www.raffinessen.ch\/fr\/wp-json\/wp\/v2\/product_cat?post=8451"},{"taxonomy":"product_tag","embeddable":true,"href":"https:\/\/www.raffinessen.ch\/fr\/wp-json\/wp\/v2\/product_tag?post=8451"}],"curies":[{"name":"wp","href":"https:\/\/api.w.org\/{rel}","templated":true}]}}