{"id":8019,"date":"2021-03-12T10:18:33","date_gmt":"2021-03-12T09:18:33","guid":{"rendered":"https:\/\/raffinessen.ch\/webseite\/?post_type=product&#038;p=8019"},"modified":"2025-12-05T15:42:00","modified_gmt":"2025-12-05T14:42:00","slug":"set-baerner-sauz-u-pfaeffer","status":"publish","type":"product","link":"https:\/\/www.raffinessen.ch\/fr\/produit\/set-baerner-sauz-u-pfaeffer\/","title":{"rendered":"SET - B\u00e4rner Sauz u Pf\u00e4ffer"},"content":{"rendered":"<p><strong>Laisse fondre Berne sur ta langue.<\/strong><br \/>\nDie Region Malabar an der indischen Westk\u00fcste gilt als Ursprungsort der Pfefferpflanze. Die Fr\u00fcchte sind sehr aromatisch und \u00fcberzeugen mit einer tiefen Sch\u00e4rfe. F\u00fcr die B\u00e4rner Mischung vereinen wir den schwarzen Pfeffer mit rosa Pfeffer und Ringelblumen. Die schwarzen, pyramidenf\u00f6rmigen Salzflocken wurden zus\u00e4tzlich mit einem milden Chili gespickt, was eine angenehme Sch\u00e4rfe ins Spiel bringt. Frisch gemahlen aus der nachhaltig wiederverwendbaren M\u00fchle sind die raffinierten Kompositionen universell verwendbar und malen die Berner Wappenfarben auf Deinen Teller.<\/p>\n<p><strong>Sauce d'ours<\/strong><br \/>\nIngr\u00e9dients : sel noir de pyramide, piment, poivre rose, calendula<\/p>\n<p><strong>Les pf\u00e4ffers d'ours<\/strong><br \/>\nZutaten: Schwarzer Malabar Pfeffer, rosa Pfeffer, Ringelblumen<\/p>\n<p><strong>Contenu<\/strong><\/p>\n<ul>\n<li>1x B\u00e4rner Sauz (40 g) dans le moulin \u00e0 \u00e9pices KYO (broyeur en c\u00e9ramique)<\/li>\n<li>1x B\u00e4rner Pf\u00e4ffer (37 g) dans le moulin \u00e0 \u00e9pices KYO (broyeur en c\u00e9ramique)<\/li>\n<li>Emballage cadeau avec banderole<\/li>\n<\/ul>","protected":false},"excerpt":{"rendered":"<p>Lass Dir Bern auf der Zunge zergehen. Die Region Malabar an der indischen Westk\u00fcste gilt als Ursprungsort der Pfefferpflanze. Die Fr\u00fcchte sind sehr aromatisch und \u00fcberzeugen mit einer tiefen Sch\u00e4rfe. F\u00fcr die B\u00e4rner Mischung vereinen wir den schwarzen Pfeffer mit rosa Pfeffer und Ringelblumen. Die schwarzen, pyramidenf\u00f6rmigen Salzflocken wurden zus\u00e4tzlich mit einem milden Chili gespickt, [&hellip;]<\/p>\n","protected":false},"featured_media":8021,"template":"","meta":[],"product_brand":[],"product_cat":[1182,42,1181,1186],"product_tag":[],"class_list":{"0":"post-8019","1":"product","2":"type-product","3":"status-publish","4":"has-post-thumbnail","6":"product_cat-bis-chf-30","7":"product_cat-geschenksets","8":"product_cat-neu","9":"product_cat-top4","10":"tm-no-options","12":"first","13":"instock","14":"taxable","15":"shipping-taxable","16":"purchasable","17":"product-type-simple"},"yoast_head":"<!-- This site is optimized with the Yoast SEO plugin v27.5 - https:\/\/yoast.com\/product\/yoast-seo-wordpress\/ -->\n<title>SET - B\u00e4rner Sauz u Pf\u00e4ffer - Raffinessen<\/title>\n<meta name=\"robots\" content=\"index, follow, max-snippet:-1, max-image-preview:large, max-video-preview:-1\" \/>\n<link rel=\"canonical\" href=\"https:\/\/www.raffinessen.ch\/fr\/produit\/set-baerner-sauz-u-pfaeffer\/\" \/>\n<meta property=\"og:locale\" content=\"fr_FR\" \/>\n<meta property=\"og:type\" content=\"article\" \/>\n<meta property=\"og:title\" content=\"SET - B\u00e4rner Sauz u Pf\u00e4ffer - Raffinessen\" \/>\n<meta property=\"og:description\" content=\"Lass Dir Bern auf der Zunge zergehen. Die Region Malabar an der indischen Westk\u00fcste gilt als Ursprungsort der Pfefferpflanze. Die Fr\u00fcchte sind sehr aromatisch und \u00fcberzeugen mit einer tiefen Sch\u00e4rfe. F\u00fcr die B\u00e4rner Mischung vereinen wir den schwarzen Pfeffer mit rosa Pfeffer und Ringelblumen. Die schwarzen, pyramidenf\u00f6rmigen Salzflocken wurden zus\u00e4tzlich mit einem milden Chili gespickt, [&hellip;]\" \/>\n<meta property=\"og:url\" content=\"https:\/\/www.raffinessen.ch\/fr\/produit\/set-baerner-sauz-u-pfaeffer\/\" \/>\n<meta property=\"og:site_name\" content=\"Raffinessen\" \/>\n<meta property=\"article:modified_time\" content=\"2025-12-05T14:42:00+00:00\" \/>\n<meta property=\"og:image\" content=\"https:\/\/www.raffinessen.ch\/webseite\/wp-content\/uploads\/2021\/03\/SET-MM2x-Baerner-Sauz-u-Pfaeffer2.jpg\" \/>\n\t<meta property=\"og:image:width\" content=\"1500\" \/>\n\t<meta property=\"og:image:height\" content=\"1500\" \/>\n\t<meta property=\"og:image:type\" content=\"image\/jpeg\" \/>\n<meta name=\"twitter:card\" content=\"summary_large_image\" \/>\n<meta name=\"twitter:label1\" content=\"Dur\u00e9e de lecture estim\u00e9e\" \/>\n\t<meta name=\"twitter:data1\" content=\"2 minutes\" \/>\n<script type=\"application\/ld+json\" class=\"yoast-schema-graph\">{\"@context\":\"https:\\\/\\\/schema.org\",\"@graph\":[{\"@type\":\"WebPage\",\"@id\":\"https:\\\/\\\/www.raffinessen.ch\\\/produkt\\\/set-baerner-sauz-u-pfaeffer\\\/\",\"url\":\"https:\\\/\\\/www.raffinessen.ch\\\/produkt\\\/set-baerner-sauz-u-pfaeffer\\\/\",\"name\":\"SET - B\u00e4rner Sauz u Pf\u00e4ffer - Raffinessen\",\"isPartOf\":{\"@id\":\"https:\\\/\\\/www.raffinessen.ch\\\/#website\"},\"primaryImageOfPage\":{\"@id\":\"https:\\\/\\\/www.raffinessen.ch\\\/produkt\\\/set-baerner-sauz-u-pfaeffer\\\/#primaryimage\"},\"image\":{\"@id\":\"https:\\\/\\\/www.raffinessen.ch\\\/produkt\\\/set-baerner-sauz-u-pfaeffer\\\/#primaryimage\"},\"thumbnailUrl\":\"https:\\\/\\\/www.raffinessen.ch\\\/webseite\\\/wp-content\\\/uploads\\\/2021\\\/03\\\/SET-MM2x-Baerner-Sauz-u-Pfaeffer2.jpg\",\"datePublished\":\"2021-03-12T09:18:33+00:00\",\"dateModified\":\"2025-12-05T14:42:00+00:00\",\"breadcrumb\":{\"@id\":\"https:\\\/\\\/www.raffinessen.ch\\\/produkt\\\/set-baerner-sauz-u-pfaeffer\\\/#breadcrumb\"},\"inLanguage\":\"fr-FR\",\"potentialAction\":[{\"@type\":\"ReadAction\",\"target\":[\"https:\\\/\\\/www.raffinessen.ch\\\/produkt\\\/set-baerner-sauz-u-pfaeffer\\\/\"]}]},{\"@type\":\"ImageObject\",\"inLanguage\":\"fr-FR\",\"@id\":\"https:\\\/\\\/www.raffinessen.ch\\\/produkt\\\/set-baerner-sauz-u-pfaeffer\\\/#primaryimage\",\"url\":\"https:\\\/\\\/www.raffinessen.ch\\\/webseite\\\/wp-content\\\/uploads\\\/2021\\\/03\\\/SET-MM2x-Baerner-Sauz-u-Pfaeffer2.jpg\",\"contentUrl\":\"https:\\\/\\\/www.raffinessen.ch\\\/webseite\\\/wp-content\\\/uploads\\\/2021\\\/03\\\/SET-MM2x-Baerner-Sauz-u-Pfaeffer2.jpg\",\"width\":1500,\"height\":1500},{\"@type\":\"BreadcrumbList\",\"@id\":\"https:\\\/\\\/www.raffinessen.ch\\\/produkt\\\/set-baerner-sauz-u-pfaeffer\\\/#breadcrumb\",\"itemListElement\":[{\"@type\":\"ListItem\",\"position\":1,\"name\":\"Home\",\"item\":\"https:\\\/\\\/www.raffinessen.ch\\\/\"},{\"@type\":\"ListItem\",\"position\":2,\"name\":\"Shop\",\"item\":\"https:\\\/\\\/www.raffinessen.ch\\\/shop\\\/\"},{\"@type\":\"ListItem\",\"position\":3,\"name\":\"SET &#8211; B\u00e4rner Sauz u Pf\u00e4ffer\"}]},{\"@type\":\"WebSite\",\"@id\":\"https:\\\/\\\/www.raffinessen.ch\\\/#website\",\"url\":\"https:\\\/\\\/www.raffinessen.ch\\\/\",\"name\":\"Raffinessen\",\"description\":\"roter und schwarzer Kampot Pfeffer - Gew\u00fcrze\",\"potentialAction\":[{\"@type\":\"SearchAction\",\"target\":{\"@type\":\"EntryPoint\",\"urlTemplate\":\"https:\\\/\\\/www.raffinessen.ch\\\/?s={search_term_string}\"},\"query-input\":{\"@type\":\"PropertyValueSpecification\",\"valueRequired\":true,\"valueName\":\"search_term_string\"}}],\"inLanguage\":\"fr-FR\"}]}<\/script>\n<!-- \/ Yoast SEO plugin. -->","yoast_head_json":{"title":"SET - B\u00e4rner Sauz u Pf\u00e4ffer - Raffinessen","robots":{"index":"index","follow":"follow","max-snippet":"max-snippet:-1","max-image-preview":"max-image-preview:large","max-video-preview":"max-video-preview:-1"},"canonical":"https:\/\/www.raffinessen.ch\/fr\/produit\/set-baerner-sauz-u-pfaeffer\/","og_locale":"fr_FR","og_type":"article","og_title":"SET - B\u00e4rner Sauz u Pf\u00e4ffer - Raffinessen","og_description":"Lass Dir Bern auf der Zunge zergehen. Die Region Malabar an der indischen Westk\u00fcste gilt als Ursprungsort der Pfefferpflanze. Die Fr\u00fcchte sind sehr aromatisch und \u00fcberzeugen mit einer tiefen Sch\u00e4rfe. F\u00fcr die B\u00e4rner Mischung vereinen wir den schwarzen Pfeffer mit rosa Pfeffer und Ringelblumen. Die schwarzen, pyramidenf\u00f6rmigen Salzflocken wurden zus\u00e4tzlich mit einem milden Chili gespickt, [&hellip;]","og_url":"https:\/\/www.raffinessen.ch\/fr\/produit\/set-baerner-sauz-u-pfaeffer\/","og_site_name":"Raffinessen","article_modified_time":"2025-12-05T14:42:00+00:00","og_image":[{"width":1500,"height":1500,"url":"https:\/\/www.raffinessen.ch\/webseite\/wp-content\/uploads\/2021\/03\/SET-MM2x-Baerner-Sauz-u-Pfaeffer2.jpg","type":"image\/jpeg"}],"twitter_card":"summary_large_image","twitter_misc":{"Dur\u00e9e de lecture estim\u00e9e":"2 minutes"},"schema":{"@context":"https:\/\/schema.org","@graph":[{"@type":"WebPage","@id":"https:\/\/www.raffinessen.ch\/produkt\/set-baerner-sauz-u-pfaeffer\/","url":"https:\/\/www.raffinessen.ch\/produkt\/set-baerner-sauz-u-pfaeffer\/","name":"SET - B\u00e4rner Sauz u Pf\u00e4ffer - Raffinessen","isPartOf":{"@id":"https:\/\/www.raffinessen.ch\/#website"},"primaryImageOfPage":{"@id":"https:\/\/www.raffinessen.ch\/produkt\/set-baerner-sauz-u-pfaeffer\/#primaryimage"},"image":{"@id":"https:\/\/www.raffinessen.ch\/produkt\/set-baerner-sauz-u-pfaeffer\/#primaryimage"},"thumbnailUrl":"https:\/\/www.raffinessen.ch\/webseite\/wp-content\/uploads\/2021\/03\/SET-MM2x-Baerner-Sauz-u-Pfaeffer2.jpg","datePublished":"2021-03-12T09:18:33+00:00","dateModified":"2025-12-05T14:42:00+00:00","breadcrumb":{"@id":"https:\/\/www.raffinessen.ch\/produkt\/set-baerner-sauz-u-pfaeffer\/#breadcrumb"},"inLanguage":"fr-FR","potentialAction":[{"@type":"ReadAction","target":["https:\/\/www.raffinessen.ch\/produkt\/set-baerner-sauz-u-pfaeffer\/"]}]},{"@type":"ImageObject","inLanguage":"fr-FR","@id":"https:\/\/www.raffinessen.ch\/produkt\/set-baerner-sauz-u-pfaeffer\/#primaryimage","url":"https:\/\/www.raffinessen.ch\/webseite\/wp-content\/uploads\/2021\/03\/SET-MM2x-Baerner-Sauz-u-Pfaeffer2.jpg","contentUrl":"https:\/\/www.raffinessen.ch\/webseite\/wp-content\/uploads\/2021\/03\/SET-MM2x-Baerner-Sauz-u-Pfaeffer2.jpg","width":1500,"height":1500},{"@type":"BreadcrumbList","@id":"https:\/\/www.raffinessen.ch\/produkt\/set-baerner-sauz-u-pfaeffer\/#breadcrumb","itemListElement":[{"@type":"ListItem","position":1,"name":"Home","item":"https:\/\/www.raffinessen.ch\/"},{"@type":"ListItem","position":2,"name":"Shop","item":"https:\/\/www.raffinessen.ch\/shop\/"},{"@type":"ListItem","position":3,"name":"SET &#8211; B\u00e4rner Sauz u Pf\u00e4ffer"}]},{"@type":"WebSite","@id":"https:\/\/www.raffinessen.ch\/#website","url":"https:\/\/www.raffinessen.ch\/","name":"Raffinements","description":"poivre de Kampot rouge et noir - \u00e9pices","potentialAction":[{"@type":"SearchAction","target":{"@type":"EntryPoint","urlTemplate":"https:\/\/www.raffinessen.ch\/?s={search_term_string}"},"query-input":{"@type":"PropertyValueSpecification","valueRequired":true,"valueName":"search_term_string"}}],"inLanguage":"fr-FR"}]}},"_links":{"self":[{"href":"https:\/\/www.raffinessen.ch\/fr\/wp-json\/wp\/v2\/product\/8019","targetHints":{"allow":["GET"]}}],"collection":[{"href":"https:\/\/www.raffinessen.ch\/fr\/wp-json\/wp\/v2\/product"}],"about":[{"href":"https:\/\/www.raffinessen.ch\/fr\/wp-json\/wp\/v2\/types\/product"}],"wp:featuredmedia":[{"embeddable":true,"href":"https:\/\/www.raffinessen.ch\/fr\/wp-json\/wp\/v2\/media\/8021"}],"wp:attachment":[{"href":"https:\/\/www.raffinessen.ch\/fr\/wp-json\/wp\/v2\/media?parent=8019"}],"wp:term":[{"taxonomy":"product_brand","embeddable":true,"href":"https:\/\/www.raffinessen.ch\/fr\/wp-json\/wp\/v2\/product_brand?post=8019"},{"taxonomy":"product_cat","embeddable":true,"href":"https:\/\/www.raffinessen.ch\/fr\/wp-json\/wp\/v2\/product_cat?post=8019"},{"taxonomy":"product_tag","embeddable":true,"href":"https:\/\/www.raffinessen.ch\/fr\/wp-json\/wp\/v2\/product_tag?post=8019"}],"curies":[{"name":"wp","href":"https:\/\/api.w.org\/{rel}","templated":true}]}}