{"id":2622,"date":"2017-09-22T10:24:40","date_gmt":"2017-09-22T08:24:40","guid":{"rendered":"https:\/\/raffinessen.ch\/webseite\/?post_type=product&#038;p=2622"},"modified":"2026-01-08T17:47:21","modified_gmt":"2026-01-08T16:47:21","slug":"roter-und-schwarzer-kampot-pfeffer-je-333","status":"publish","type":"product","link":"https:\/\/www.raffinessen.ch\/fr\/produit\/roter-und-schwarzer-kampot-pfeffer-je-333\/","title":{"rendered":"poivre de Kampot rouge et noir (333 g chacun)"},"content":{"rendered":"<div class=\"flex_column av_one_full flex_column_div av-zero-column-padding first avia-builder-el-8 el_after_av_one_full avia-builder-el-last column-top-margin\">\n<p><strong>Contenu<\/strong><\/p>\n<section class=\"av_textblock_section\">\n<div class=\"avia_textblock\">\n<ul>\n<li>333 g roter Kampot Pfeffer (Ernte 2025)<\/li>\n<li>333 g schwarzer Kampot Pfeffer (Ernte 2025)<\/li>\n<\/ul>\n<p>&nbsp;<\/p>\n<p>D\u00e9couvrez les ar\u00f4mes d\u00e9licats du poivre rouge et du poivre noir de Kampot.<\/p>\n<p><strong>Poivre rouge de Kampot<\/strong><br \/>\nL'ar\u00f4me caract\u00e9ristique du poivre rouge de Kampot est puissant mais finement nuanc\u00e9 et s\u00e9duit par des notes l\u00e9g\u00e8rement sucr\u00e9es et fruit\u00e9es avec un soup\u00e7on d'agrumes. En bouche, un piquant puissant et persistant se d\u00e9veloppe lentement, laissant une merveilleuse sensation de chaleur en bouche.<\/p>\n<p>Le v\u00e9ritable poivre rouge est une r\u00e9colte tardive. Ce poivre m\u00fbrit enti\u00e8rement sur la plante jusqu'\u00e0 ce que les baies deviennent rouges. Pendant la p\u00e9riode de r\u00e9colte, les fruits rouges arriv\u00e9s \u00e0 maturit\u00e9 sont cueillis quotidiennement \u00e0 la main. La cueillette des fruits m\u00fbrs doit se faire avec beaucoup de soin afin d'\u00e9viter d'endommager la peau sensible.<\/p>\n<p>Ce poivre n'a rien \u00e0 voir avec le poivre rose que l'on trouve dans le commerce et qui est r\u00e9colt\u00e9 sur une plante ressemblant au poivre en Am\u00e9rique du Sud.<\/p>\n<p><strong>Poivre noir de Kampot :<\/strong><br \/>\nL'ar\u00f4me exceptionnel du poivre noir de Kampot se caract\u00e9rise par des notes l\u00e9g\u00e8rement \u00e9th\u00e9r\u00e9es d'eucalyptus, de menthe et de thym ainsi que par un piquant persistant mais doux. Le poivre noir de Kampot est r\u00e9colt\u00e9 juste avant sa maturation compl\u00e8te, lorsqu'il pr\u00e9sente une couleur jaune-orange. Gr\u00e2ce \u00e0 une enzyme pr\u00e9sente dans la pulpe, le poivre fermente pendant le s\u00e9chage au soleil et devient noir.<\/p>\n<p>Nous livrons du poivre mill\u00e9sim\u00e9 fra\u00eechement r\u00e9colt\u00e9 de la meilleure qualit\u00e9 depuis notre plantation au Cambodge. Il est tr\u00e8s important pour nous de pouvoir vous livrer du poivre mill\u00e9sim\u00e9 fra\u00eechement r\u00e9colt\u00e9. Comme la nature fait en sorte que chaque ann\u00e9e de r\u00e9colte soit diff\u00e9rente, le cultivateur doit lire sur le fruit quand il est pr\u00eat \u00e0 \u00eatre r\u00e9colt\u00e9, c'est pourquoi nous ne pouvons pas pr\u00e9voir les dates exactes de livraison du nouveau poivre mill\u00e9sim\u00e9.<\/p>\n<p>\u00c0 la livraison, le poivre se conserve au moins 3 ans s'il est stock\u00e9 au sec et \u00e0 l'abri de la lumi\u00e8re.<\/p>\n<\/div>\n<\/section>\n<\/div>","protected":false},"excerpt":{"rendered":"<p>Inhalt 333 g roter Kampot Pfeffer (Ernte 2025) 333 g schwarzer Kampot Pfeffer (Ernte 2025) &nbsp; Entdecken Sie die delikaten Aromen des roten und schwarzen Kampot Pfeffers. Roter Kampot Pfeffer Das unverkennbare Aroma des roten Kampot Pfeffers ist kr\u00e4ftig aber fein nuanciert und besticht durch leicht s\u00fcssliche und fruchtige Noten mit einem Hauch von Citrus. [&hellip;]<\/p>\n","protected":false},"featured_media":3809,"template":"","meta":[],"product_brand":[],"product_cat":[1174,1165,444],"product_tag":[],"class_list":{"0":"post-2622","1":"product","2":"type-product","3":"status-publish","4":"has-post-thumbnail","6":"product_cat-einzel-gewuerze","7":"product_cat-gewuerze-einzeln","8":"product_cat-unkategorisiert","9":"tm-has-options","11":"first","12":"instock","13":"taxable","14":"shipping-taxable","15":"purchasable","16":"product-type-simple"},"yoast_head":"<!-- This site is optimized with the Yoast SEO plugin v27.5 - https:\/\/yoast.com\/product\/yoast-seo-wordpress\/ -->\n<title>Roter und schwarzer Kampot Pfeffer<\/title>\n<meta name=\"description\" content=\"Beim echten roten Pfeffer handelt es sich um eine Sp\u00e4tlese. Roter Kampot Pfeffer reift vollst\u00e4ndig an der Pflanze, schwarzer Pfeffer wird fr\u00fcher geerntet.\" \/>\n<meta name=\"robots\" content=\"index, follow, max-snippet:-1, max-image-preview:large, max-video-preview:-1\" \/>\n<link rel=\"canonical\" href=\"https:\/\/www.raffinessen.ch\/fr\/produit\/roter-und-schwarzer-kampot-pfeffer-je-333\/\" \/>\n<meta property=\"og:locale\" content=\"fr_FR\" \/>\n<meta property=\"og:type\" content=\"article\" \/>\n<meta property=\"og:title\" content=\"Roter und schwarzer Kampot Pfeffer\" \/>\n<meta property=\"og:description\" content=\"Beim echten roten Pfeffer handelt es sich um eine Sp\u00e4tlese. Roter Kampot Pfeffer reift vollst\u00e4ndig an der Pflanze, schwarzer Pfeffer wird fr\u00fcher geerntet.\" \/>\n<meta property=\"og:url\" content=\"https:\/\/www.raffinessen.ch\/fr\/produit\/roter-und-schwarzer-kampot-pfeffer-je-333\/\" \/>\n<meta property=\"og:site_name\" content=\"Raffinessen\" \/>\n<meta property=\"article:modified_time\" content=\"2026-01-08T16:47:21+00:00\" \/>\n<meta property=\"og:image\" content=\"https:\/\/www.raffinessen.ch\/webseite\/wp-content\/uploads\/2018\/12\/roter-schwarzer-kampot-pfeffer.jpg\" \/>\n\t<meta property=\"og:image:width\" content=\"2000\" \/>\n\t<meta property=\"og:image:height\" content=\"2000\" \/>\n\t<meta property=\"og:image:type\" content=\"image\/jpeg\" \/>\n<meta name=\"twitter:card\" content=\"summary_large_image\" \/>\n<meta name=\"twitter:label1\" content=\"Dur\u00e9e de lecture estim\u00e9e\" \/>\n\t<meta name=\"twitter:data1\" content=\"2 minutes\" \/>\n<script type=\"application\/ld+json\" class=\"yoast-schema-graph\">{\"@context\":\"https:\\\/\\\/schema.org\",\"@graph\":[{\"@type\":\"WebPage\",\"@id\":\"https:\\\/\\\/www.raffinessen.ch\\\/produkt\\\/roter-und-schwarzer-kampot-pfeffer-je-333\\\/\",\"url\":\"https:\\\/\\\/www.raffinessen.ch\\\/produkt\\\/roter-und-schwarzer-kampot-pfeffer-je-333\\\/\",\"name\":\"Roter und schwarzer Kampot Pfeffer\",\"isPartOf\":{\"@id\":\"https:\\\/\\\/www.raffinessen.ch\\\/#website\"},\"primaryImageOfPage\":{\"@id\":\"https:\\\/\\\/www.raffinessen.ch\\\/produkt\\\/roter-und-schwarzer-kampot-pfeffer-je-333\\\/#primaryimage\"},\"image\":{\"@id\":\"https:\\\/\\\/www.raffinessen.ch\\\/produkt\\\/roter-und-schwarzer-kampot-pfeffer-je-333\\\/#primaryimage\"},\"thumbnailUrl\":\"https:\\\/\\\/www.raffinessen.ch\\\/webseite\\\/wp-content\\\/uploads\\\/2018\\\/12\\\/roter-schwarzer-kampot-pfeffer.jpg\",\"datePublished\":\"2017-09-22T08:24:40+00:00\",\"dateModified\":\"2026-01-08T16:47:21+00:00\",\"description\":\"Beim echten roten Pfeffer handelt es sich um eine Sp\u00e4tlese. Roter Kampot Pfeffer reift vollst\u00e4ndig an der Pflanze, schwarzer Pfeffer wird fr\u00fcher geerntet.\",\"breadcrumb\":{\"@id\":\"https:\\\/\\\/www.raffinessen.ch\\\/produkt\\\/roter-und-schwarzer-kampot-pfeffer-je-333\\\/#breadcrumb\"},\"inLanguage\":\"fr-FR\",\"potentialAction\":[{\"@type\":\"ReadAction\",\"target\":[\"https:\\\/\\\/www.raffinessen.ch\\\/produkt\\\/roter-und-schwarzer-kampot-pfeffer-je-333\\\/\"]}]},{\"@type\":\"ImageObject\",\"inLanguage\":\"fr-FR\",\"@id\":\"https:\\\/\\\/www.raffinessen.ch\\\/produkt\\\/roter-und-schwarzer-kampot-pfeffer-je-333\\\/#primaryimage\",\"url\":\"https:\\\/\\\/www.raffinessen.ch\\\/webseite\\\/wp-content\\\/uploads\\\/2018\\\/12\\\/roter-schwarzer-kampot-pfeffer.jpg\",\"contentUrl\":\"https:\\\/\\\/www.raffinessen.ch\\\/webseite\\\/wp-content\\\/uploads\\\/2018\\\/12\\\/roter-schwarzer-kampot-pfeffer.jpg\",\"width\":2000,\"height\":2000},{\"@type\":\"BreadcrumbList\",\"@id\":\"https:\\\/\\\/www.raffinessen.ch\\\/produkt\\\/roter-und-schwarzer-kampot-pfeffer-je-333\\\/#breadcrumb\",\"itemListElement\":[{\"@type\":\"ListItem\",\"position\":1,\"name\":\"Home\",\"item\":\"https:\\\/\\\/www.raffinessen.ch\\\/\"},{\"@type\":\"ListItem\",\"position\":2,\"name\":\"Shop\",\"item\":\"https:\\\/\\\/www.raffinessen.ch\\\/shop\\\/\"},{\"@type\":\"ListItem\",\"position\":3,\"name\":\"roter und schwarzer Kampot Pfeffer (je 333 g)\"}]},{\"@type\":\"WebSite\",\"@id\":\"https:\\\/\\\/www.raffinessen.ch\\\/#website\",\"url\":\"https:\\\/\\\/www.raffinessen.ch\\\/\",\"name\":\"Raffinessen\",\"description\":\"roter und schwarzer Kampot Pfeffer - Gew\u00fcrze\",\"potentialAction\":[{\"@type\":\"SearchAction\",\"target\":{\"@type\":\"EntryPoint\",\"urlTemplate\":\"https:\\\/\\\/www.raffinessen.ch\\\/?s={search_term_string}\"},\"query-input\":{\"@type\":\"PropertyValueSpecification\",\"valueRequired\":true,\"valueName\":\"search_term_string\"}}],\"inLanguage\":\"fr-FR\"}]}<\/script>\n<!-- \/ Yoast SEO plugin. -->","yoast_head_json":{"title":"Roter und schwarzer Kampot Pfeffer","description":"Beim echten roten Pfeffer handelt es sich um eine Sp\u00e4tlese. Roter Kampot Pfeffer reift vollst\u00e4ndig an der Pflanze, schwarzer Pfeffer wird fr\u00fcher geerntet.","robots":{"index":"index","follow":"follow","max-snippet":"max-snippet:-1","max-image-preview":"max-image-preview:large","max-video-preview":"max-video-preview:-1"},"canonical":"https:\/\/www.raffinessen.ch\/fr\/produit\/roter-und-schwarzer-kampot-pfeffer-je-333\/","og_locale":"fr_FR","og_type":"article","og_title":"Roter und schwarzer Kampot Pfeffer","og_description":"Beim echten roten Pfeffer handelt es sich um eine Sp\u00e4tlese. Roter Kampot Pfeffer reift vollst\u00e4ndig an der Pflanze, schwarzer Pfeffer wird fr\u00fcher geerntet.","og_url":"https:\/\/www.raffinessen.ch\/fr\/produit\/roter-und-schwarzer-kampot-pfeffer-je-333\/","og_site_name":"Raffinessen","article_modified_time":"2026-01-08T16:47:21+00:00","og_image":[{"width":2000,"height":2000,"url":"https:\/\/www.raffinessen.ch\/webseite\/wp-content\/uploads\/2018\/12\/roter-schwarzer-kampot-pfeffer.jpg","type":"image\/jpeg"}],"twitter_card":"summary_large_image","twitter_misc":{"Dur\u00e9e de lecture estim\u00e9e":"2 minutes"},"schema":{"@context":"https:\/\/schema.org","@graph":[{"@type":"WebPage","@id":"https:\/\/www.raffinessen.ch\/produkt\/roter-und-schwarzer-kampot-pfeffer-je-333\/","url":"https:\/\/www.raffinessen.ch\/produkt\/roter-und-schwarzer-kampot-pfeffer-je-333\/","name":"Roter und schwarzer Kampot Pfeffer","isPartOf":{"@id":"https:\/\/www.raffinessen.ch\/#website"},"primaryImageOfPage":{"@id":"https:\/\/www.raffinessen.ch\/produkt\/roter-und-schwarzer-kampot-pfeffer-je-333\/#primaryimage"},"image":{"@id":"https:\/\/www.raffinessen.ch\/produkt\/roter-und-schwarzer-kampot-pfeffer-je-333\/#primaryimage"},"thumbnailUrl":"https:\/\/www.raffinessen.ch\/webseite\/wp-content\/uploads\/2018\/12\/roter-schwarzer-kampot-pfeffer.jpg","datePublished":"2017-09-22T08:24:40+00:00","dateModified":"2026-01-08T16:47:21+00:00","description":"Beim echten roten Pfeffer handelt es sich um eine Sp\u00e4tlese. Roter Kampot Pfeffer reift vollst\u00e4ndig an der Pflanze, schwarzer Pfeffer wird fr\u00fcher geerntet.","breadcrumb":{"@id":"https:\/\/www.raffinessen.ch\/produkt\/roter-und-schwarzer-kampot-pfeffer-je-333\/#breadcrumb"},"inLanguage":"fr-FR","potentialAction":[{"@type":"ReadAction","target":["https:\/\/www.raffinessen.ch\/produkt\/roter-und-schwarzer-kampot-pfeffer-je-333\/"]}]},{"@type":"ImageObject","inLanguage":"fr-FR","@id":"https:\/\/www.raffinessen.ch\/produkt\/roter-und-schwarzer-kampot-pfeffer-je-333\/#primaryimage","url":"https:\/\/www.raffinessen.ch\/webseite\/wp-content\/uploads\/2018\/12\/roter-schwarzer-kampot-pfeffer.jpg","contentUrl":"https:\/\/www.raffinessen.ch\/webseite\/wp-content\/uploads\/2018\/12\/roter-schwarzer-kampot-pfeffer.jpg","width":2000,"height":2000},{"@type":"BreadcrumbList","@id":"https:\/\/www.raffinessen.ch\/produkt\/roter-und-schwarzer-kampot-pfeffer-je-333\/#breadcrumb","itemListElement":[{"@type":"ListItem","position":1,"name":"Home","item":"https:\/\/www.raffinessen.ch\/"},{"@type":"ListItem","position":2,"name":"Shop","item":"https:\/\/www.raffinessen.ch\/shop\/"},{"@type":"ListItem","position":3,"name":"roter und schwarzer Kampot Pfeffer (je 333 g)"}]},{"@type":"WebSite","@id":"https:\/\/www.raffinessen.ch\/#website","url":"https:\/\/www.raffinessen.ch\/","name":"Raffinements","description":"poivre de Kampot rouge et noir - \u00e9pices","potentialAction":[{"@type":"SearchAction","target":{"@type":"EntryPoint","urlTemplate":"https:\/\/www.raffinessen.ch\/?s={search_term_string}"},"query-input":{"@type":"PropertyValueSpecification","valueRequired":true,"valueName":"search_term_string"}}],"inLanguage":"fr-FR"}]}},"_links":{"self":[{"href":"https:\/\/www.raffinessen.ch\/fr\/wp-json\/wp\/v2\/product\/2622","targetHints":{"allow":["GET"]}}],"collection":[{"href":"https:\/\/www.raffinessen.ch\/fr\/wp-json\/wp\/v2\/product"}],"about":[{"href":"https:\/\/www.raffinessen.ch\/fr\/wp-json\/wp\/v2\/types\/product"}],"wp:featuredmedia":[{"embeddable":true,"href":"https:\/\/www.raffinessen.ch\/fr\/wp-json\/wp\/v2\/media\/3809"}],"wp:attachment":[{"href":"https:\/\/www.raffinessen.ch\/fr\/wp-json\/wp\/v2\/media?parent=2622"}],"wp:term":[{"taxonomy":"product_brand","embeddable":true,"href":"https:\/\/www.raffinessen.ch\/fr\/wp-json\/wp\/v2\/product_brand?post=2622"},{"taxonomy":"product_cat","embeddable":true,"href":"https:\/\/www.raffinessen.ch\/fr\/wp-json\/wp\/v2\/product_cat?post=2622"},{"taxonomy":"product_tag","embeddable":true,"href":"https:\/\/www.raffinessen.ch\/fr\/wp-json\/wp\/v2\/product_tag?post=2622"}],"curies":[{"name":"wp","href":"https:\/\/api.w.org\/{rel}","templated":true}]}}