{"id":2222,"date":"2017-01-25T08:57:04","date_gmt":"2017-01-25T07:57:04","guid":{"rendered":"https:\/\/raffinessen.ch\/webseite\/?post_type=product&#038;p=2222"},"modified":"2026-01-08T17:47:14","modified_gmt":"2026-01-08T16:47:14","slug":"das-kleine-rote-mit-muehle","status":"publish","type":"product","link":"https:\/\/www.raffinessen.ch\/fr\/produit\/das-kleine-rote-mit-muehle\/","title":{"rendered":"SET - Le petit rouge avec moulin"},"content":{"rendered":"<p><strong>Contenu<\/strong><br \/>\nGew\u00fcrzm\u00fchle MIYA schwarz, 50 Gramm roten Kampot Pfeffer (Ernte 2025) und eine charmante Postkarte, verpackt in einer schwarzen Geschenkbox.<\/p>\n<p><strong>Poivre rouge de Kampot<\/strong><br \/>\nL'ar\u00f4me caract\u00e9ristique du poivre rouge de Kampot est puissant mais finement nuanc\u00e9 et s\u00e9duit par des notes l\u00e9g\u00e8rement sucr\u00e9es et fruit\u00e9es avec un soup\u00e7on d'agrumes. En bouche, un piquant puissant et persistant se d\u00e9veloppe lentement, laissant une merveilleuse sensation de chaleur en bouche.<\/p>\n<p>Le v\u00e9ritable poivre rouge est une r\u00e9colte tardive. Ce poivre m\u00fbrit enti\u00e8rement sur la plante jusqu'\u00e0 ce que les baies deviennent rouges. Pendant la p\u00e9riode de r\u00e9colte, les fruits rouges arriv\u00e9s \u00e0 maturit\u00e9 sont cueillis quotidiennement \u00e0 la main. La cueillette des fruits m\u00fbrs doit se faire avec beaucoup de soin afin d'\u00e9viter d'endommager la peau sensible.<\/p>\n<p>Ce poivre n'a rien \u00e0 voir avec le poivre rose que l'on trouve dans le commerce et qui est r\u00e9colt\u00e9 sur une plante ressemblant au poivre en Am\u00e9rique du Sud.<\/p>","protected":false},"excerpt":{"rendered":"<p>Inhalt Gew\u00fcrzm\u00fchle MIYA schwarz, 50 Gramm roten Kampot Pfeffer (Ernte 2025) und eine charmante Postkarte, verpackt in einer schwarzen Geschenkbox. Roter Kampot Pfeffer Das unverkennbare Aroma des roten Kampot Pfeffers ist kr\u00e4ftig aber fein nuanciert und besticht durch leicht s\u00fcssliche und fruchtige Noten mit einem Hauch von Citrus. Im Gaumen entwickelt sich langsam eine kr\u00e4ftige [&hellip;]<\/p>\n","protected":false},"featured_media":2216,"template":"","meta":[],"product_brand":[],"product_cat":[1183,42],"product_tag":[],"class_list":{"0":"post-2222","1":"product","2":"type-product","3":"status-publish","4":"has-post-thumbnail","6":"product_cat-ab-chf-30","7":"product_cat-geschenksets","8":"tm-has-options","10":"first","11":"instock","12":"taxable","13":"shipping-taxable","14":"purchasable","15":"product-type-simple"},"yoast_head":"<!-- This site is optimized with the Yoast SEO plugin v27.5 - https:\/\/yoast.com\/product\/yoast-seo-wordpress\/ -->\n<title>SET - Das kleine Rote mit M\u00fchle - Raffinessen<\/title>\n<meta name=\"robots\" content=\"index, follow, max-snippet:-1, max-image-preview:large, max-video-preview:-1\" \/>\n<link rel=\"canonical\" href=\"https:\/\/www.raffinessen.ch\/fr\/produit\/das-kleine-rote-mit-muehle\/\" \/>\n<meta property=\"og:locale\" content=\"fr_FR\" \/>\n<meta property=\"og:type\" content=\"article\" \/>\n<meta property=\"og:title\" content=\"SET - Das kleine Rote mit M\u00fchle - Raffinessen\" \/>\n<meta property=\"og:description\" content=\"Inhalt Gew\u00fcrzm\u00fchle MIYA schwarz, 50 Gramm roten Kampot Pfeffer (Ernte 2025) und eine charmante Postkarte, verpackt in einer schwarzen Geschenkbox. Roter Kampot Pfeffer Das unverkennbare Aroma des roten Kampot Pfeffers ist kr\u00e4ftig aber fein nuanciert und besticht durch leicht s\u00fcssliche und fruchtige Noten mit einem Hauch von Citrus. Im Gaumen entwickelt sich langsam eine kr\u00e4ftige [&hellip;]\" \/>\n<meta property=\"og:url\" content=\"https:\/\/www.raffinessen.ch\/fr\/produit\/das-kleine-rote-mit-muehle\/\" \/>\n<meta property=\"og:site_name\" content=\"Raffinessen\" \/>\n<meta property=\"article:modified_time\" content=\"2026-01-08T16:47:14+00:00\" \/>\n<meta property=\"og:image\" content=\"https:\/\/www.raffinessen.ch\/webseite\/wp-content\/uploads\/2017\/01\/set-klein-mit-muehle.jpg\" \/>\n\t<meta property=\"og:image:width\" content=\"1200\" \/>\n\t<meta property=\"og:image:height\" content=\"1200\" \/>\n\t<meta property=\"og:image:type\" content=\"image\/jpeg\" \/>\n<meta name=\"twitter:card\" content=\"summary_large_image\" \/>\n<meta name=\"twitter:label1\" content=\"Dur\u00e9e de lecture estim\u00e9e\" \/>\n\t<meta name=\"twitter:data1\" content=\"2 minutes\" \/>\n<script type=\"application\/ld+json\" class=\"yoast-schema-graph\">{\"@context\":\"https:\\\/\\\/schema.org\",\"@graph\":[{\"@type\":\"WebPage\",\"@id\":\"https:\\\/\\\/www.raffinessen.ch\\\/produkt\\\/das-kleine-rote-mit-muehle\\\/\",\"url\":\"https:\\\/\\\/www.raffinessen.ch\\\/produkt\\\/das-kleine-rote-mit-muehle\\\/\",\"name\":\"SET - Das kleine Rote mit M\u00fchle - Raffinessen\",\"isPartOf\":{\"@id\":\"https:\\\/\\\/www.raffinessen.ch\\\/#website\"},\"primaryImageOfPage\":{\"@id\":\"https:\\\/\\\/www.raffinessen.ch\\\/produkt\\\/das-kleine-rote-mit-muehle\\\/#primaryimage\"},\"image\":{\"@id\":\"https:\\\/\\\/www.raffinessen.ch\\\/produkt\\\/das-kleine-rote-mit-muehle\\\/#primaryimage\"},\"thumbnailUrl\":\"https:\\\/\\\/www.raffinessen.ch\\\/webseite\\\/wp-content\\\/uploads\\\/2017\\\/01\\\/set-klein-mit-muehle.jpg\",\"datePublished\":\"2017-01-25T07:57:04+00:00\",\"dateModified\":\"2026-01-08T16:47:14+00:00\",\"breadcrumb\":{\"@id\":\"https:\\\/\\\/www.raffinessen.ch\\\/produkt\\\/das-kleine-rote-mit-muehle\\\/#breadcrumb\"},\"inLanguage\":\"fr-FR\",\"potentialAction\":[{\"@type\":\"ReadAction\",\"target\":[\"https:\\\/\\\/www.raffinessen.ch\\\/produkt\\\/das-kleine-rote-mit-muehle\\\/\"]}]},{\"@type\":\"ImageObject\",\"inLanguage\":\"fr-FR\",\"@id\":\"https:\\\/\\\/www.raffinessen.ch\\\/produkt\\\/das-kleine-rote-mit-muehle\\\/#primaryimage\",\"url\":\"https:\\\/\\\/www.raffinessen.ch\\\/webseite\\\/wp-content\\\/uploads\\\/2017\\\/01\\\/set-klein-mit-muehle.jpg\",\"contentUrl\":\"https:\\\/\\\/www.raffinessen.ch\\\/webseite\\\/wp-content\\\/uploads\\\/2017\\\/01\\\/set-klein-mit-muehle.jpg\",\"width\":1200,\"height\":1200},{\"@type\":\"BreadcrumbList\",\"@id\":\"https:\\\/\\\/www.raffinessen.ch\\\/produkt\\\/das-kleine-rote-mit-muehle\\\/#breadcrumb\",\"itemListElement\":[{\"@type\":\"ListItem\",\"position\":1,\"name\":\"Home\",\"item\":\"https:\\\/\\\/www.raffinessen.ch\\\/\"},{\"@type\":\"ListItem\",\"position\":2,\"name\":\"Shop\",\"item\":\"https:\\\/\\\/www.raffinessen.ch\\\/shop\\\/\"},{\"@type\":\"ListItem\",\"position\":3,\"name\":\"SET &#8211; Das kleine Rote mit M\u00fchle\"}]},{\"@type\":\"WebSite\",\"@id\":\"https:\\\/\\\/www.raffinessen.ch\\\/#website\",\"url\":\"https:\\\/\\\/www.raffinessen.ch\\\/\",\"name\":\"Raffinessen\",\"description\":\"roter und schwarzer Kampot Pfeffer - Gew\u00fcrze\",\"potentialAction\":[{\"@type\":\"SearchAction\",\"target\":{\"@type\":\"EntryPoint\",\"urlTemplate\":\"https:\\\/\\\/www.raffinessen.ch\\\/?s={search_term_string}\"},\"query-input\":{\"@type\":\"PropertyValueSpecification\",\"valueRequired\":true,\"valueName\":\"search_term_string\"}}],\"inLanguage\":\"fr-FR\"}]}<\/script>\n<!-- \/ Yoast SEO plugin. -->","yoast_head_json":{"title":"SET - Das kleine Rote mit M\u00fchle - Raffinessen","robots":{"index":"index","follow":"follow","max-snippet":"max-snippet:-1","max-image-preview":"max-image-preview:large","max-video-preview":"max-video-preview:-1"},"canonical":"https:\/\/www.raffinessen.ch\/fr\/produit\/das-kleine-rote-mit-muehle\/","og_locale":"fr_FR","og_type":"article","og_title":"SET - Das kleine Rote mit M\u00fchle - Raffinessen","og_description":"Inhalt Gew\u00fcrzm\u00fchle MIYA schwarz, 50 Gramm roten Kampot Pfeffer (Ernte 2025) und eine charmante Postkarte, verpackt in einer schwarzen Geschenkbox. Roter Kampot Pfeffer Das unverkennbare Aroma des roten Kampot Pfeffers ist kr\u00e4ftig aber fein nuanciert und besticht durch leicht s\u00fcssliche und fruchtige Noten mit einem Hauch von Citrus. Im Gaumen entwickelt sich langsam eine kr\u00e4ftige [&hellip;]","og_url":"https:\/\/www.raffinessen.ch\/fr\/produit\/das-kleine-rote-mit-muehle\/","og_site_name":"Raffinessen","article_modified_time":"2026-01-08T16:47:14+00:00","og_image":[{"width":1200,"height":1200,"url":"https:\/\/www.raffinessen.ch\/webseite\/wp-content\/uploads\/2017\/01\/set-klein-mit-muehle.jpg","type":"image\/jpeg"}],"twitter_card":"summary_large_image","twitter_misc":{"Dur\u00e9e de lecture estim\u00e9e":"2 minutes"},"schema":{"@context":"https:\/\/schema.org","@graph":[{"@type":"WebPage","@id":"https:\/\/www.raffinessen.ch\/produkt\/das-kleine-rote-mit-muehle\/","url":"https:\/\/www.raffinessen.ch\/produkt\/das-kleine-rote-mit-muehle\/","name":"SET - Das kleine Rote mit M\u00fchle - Raffinessen","isPartOf":{"@id":"https:\/\/www.raffinessen.ch\/#website"},"primaryImageOfPage":{"@id":"https:\/\/www.raffinessen.ch\/produkt\/das-kleine-rote-mit-muehle\/#primaryimage"},"image":{"@id":"https:\/\/www.raffinessen.ch\/produkt\/das-kleine-rote-mit-muehle\/#primaryimage"},"thumbnailUrl":"https:\/\/www.raffinessen.ch\/webseite\/wp-content\/uploads\/2017\/01\/set-klein-mit-muehle.jpg","datePublished":"2017-01-25T07:57:04+00:00","dateModified":"2026-01-08T16:47:14+00:00","breadcrumb":{"@id":"https:\/\/www.raffinessen.ch\/produkt\/das-kleine-rote-mit-muehle\/#breadcrumb"},"inLanguage":"fr-FR","potentialAction":[{"@type":"ReadAction","target":["https:\/\/www.raffinessen.ch\/produkt\/das-kleine-rote-mit-muehle\/"]}]},{"@type":"ImageObject","inLanguage":"fr-FR","@id":"https:\/\/www.raffinessen.ch\/produkt\/das-kleine-rote-mit-muehle\/#primaryimage","url":"https:\/\/www.raffinessen.ch\/webseite\/wp-content\/uploads\/2017\/01\/set-klein-mit-muehle.jpg","contentUrl":"https:\/\/www.raffinessen.ch\/webseite\/wp-content\/uploads\/2017\/01\/set-klein-mit-muehle.jpg","width":1200,"height":1200},{"@type":"BreadcrumbList","@id":"https:\/\/www.raffinessen.ch\/produkt\/das-kleine-rote-mit-muehle\/#breadcrumb","itemListElement":[{"@type":"ListItem","position":1,"name":"Home","item":"https:\/\/www.raffinessen.ch\/"},{"@type":"ListItem","position":2,"name":"Shop","item":"https:\/\/www.raffinessen.ch\/shop\/"},{"@type":"ListItem","position":3,"name":"SET &#8211; Das kleine Rote mit M\u00fchle"}]},{"@type":"WebSite","@id":"https:\/\/www.raffinessen.ch\/#website","url":"https:\/\/www.raffinessen.ch\/","name":"Raffinements","description":"poivre de Kampot rouge et noir - \u00e9pices","potentialAction":[{"@type":"SearchAction","target":{"@type":"EntryPoint","urlTemplate":"https:\/\/www.raffinessen.ch\/?s={search_term_string}"},"query-input":{"@type":"PropertyValueSpecification","valueRequired":true,"valueName":"search_term_string"}}],"inLanguage":"fr-FR"}]}},"_links":{"self":[{"href":"https:\/\/www.raffinessen.ch\/fr\/wp-json\/wp\/v2\/product\/2222","targetHints":{"allow":["GET"]}}],"collection":[{"href":"https:\/\/www.raffinessen.ch\/fr\/wp-json\/wp\/v2\/product"}],"about":[{"href":"https:\/\/www.raffinessen.ch\/fr\/wp-json\/wp\/v2\/types\/product"}],"wp:featuredmedia":[{"embeddable":true,"href":"https:\/\/www.raffinessen.ch\/fr\/wp-json\/wp\/v2\/media\/2216"}],"wp:attachment":[{"href":"https:\/\/www.raffinessen.ch\/fr\/wp-json\/wp\/v2\/media?parent=2222"}],"wp:term":[{"taxonomy":"product_brand","embeddable":true,"href":"https:\/\/www.raffinessen.ch\/fr\/wp-json\/wp\/v2\/product_brand?post=2222"},{"taxonomy":"product_cat","embeddable":true,"href":"https:\/\/www.raffinessen.ch\/fr\/wp-json\/wp\/v2\/product_cat?post=2222"},{"taxonomy":"product_tag","embeddable":true,"href":"https:\/\/www.raffinessen.ch\/fr\/wp-json\/wp\/v2\/product_tag?post=2222"}],"curies":[{"name":"wp","href":"https:\/\/api.w.org\/{rel}","templated":true}]}}