{"id":17155,"date":"2024-03-01T14:24:19","date_gmt":"2024-03-01T13:24:19","guid":{"rendered":"https:\/\/www.raffinessen.ch\/?post_type=product&#038;p=17155"},"modified":"2024-08-28T17:05:45","modified_gmt":"2024-08-28T15:05:45","slug":"schweizer-holzbrett","status":"publish","type":"product","link":"https:\/\/www.raffinessen.ch\/fr\/produit\/schweizer-holzbrett\/","title":{"rendered":"Schweizer Schneidbrett"},"content":{"rendered":"<p>Holzarten: Esche, Nussbaum, Buche<br \/>\nFormat: 250 x 155 x 10 mm<br \/>\nOberfl\u00e4che: geschliffen und ge\u00f6lt<br \/>\nGravur: Raffinessen Logo, SPICE THE DIFFERENCE.<\/p>\n<p>Drei Schweizer H\u00f6lzer (Esche, Nussbaum und Buche) sind mit einer Kammverbindung verleimt. Diese Verbindungsart vergr\u00f6ssert die Oberfl\u00e4che f\u00fcr den Leimauftrag verbessert die Formstabilit\u00e4t des Holzbrettes und wirkt gegen die unterschiedlichen Schwund- und Quellverhalten der verwendeten Holzarten bei Feuchtigkeit und W\u00e4rme.<\/p>\n<p>Die Holzbretter sind NICHT sp\u00fclmaschinenfest.<\/p>","protected":false},"excerpt":{"rendered":"<p><strong>sans frais de livraison<\/strong><\/p>","protected":false},"featured_media":17158,"template":"","meta":[],"product_brand":[],"product_cat":[1182,1180,35],"product_tag":[],"class_list":{"0":"post-17155","1":"product","2":"type-product","3":"status-publish","4":"has-post-thumbnail","6":"product_cat-bis-chf-30","7":"product_cat-muehlen-und-behaelter","8":"product_cat-swiss-made","9":"tm-no-options","11":"first","12":"instock","13":"taxable","14":"shipping-taxable","15":"purchasable","16":"product-type-simple"},"yoast_head":"<!-- This site is optimized with the Yoast SEO plugin v27.5 - https:\/\/yoast.com\/product\/yoast-seo-wordpress\/ -->\n<title>Schweizer Schneidbrett - Raffinessen<\/title>\n<meta name=\"robots\" content=\"index, follow, max-snippet:-1, max-image-preview:large, max-video-preview:-1\" \/>\n<link rel=\"canonical\" href=\"https:\/\/www.raffinessen.ch\/fr\/produit\/schweizer-holzbrett\/\" \/>\n<meta property=\"og:locale\" content=\"fr_FR\" \/>\n<meta property=\"og:type\" content=\"article\" \/>\n<meta property=\"og:title\" content=\"Schweizer Schneidbrett - Raffinessen\" \/>\n<meta property=\"og:description\" content=\"versandkostenfrei\" \/>\n<meta property=\"og:url\" content=\"https:\/\/www.raffinessen.ch\/fr\/produit\/schweizer-holzbrett\/\" \/>\n<meta property=\"og:site_name\" content=\"Raffinessen\" \/>\n<meta property=\"article:modified_time\" content=\"2024-08-28T15:05:45+00:00\" \/>\n<meta property=\"og:image\" content=\"https:\/\/www.raffinessen.ch\/webseite\/wp-content\/uploads\/2024\/03\/Holzbrett-dreifarbig-geoelt_220x150mm_oben-Gravur_1500x1500.jpg\" \/>\n\t<meta property=\"og:image:width\" content=\"1500\" \/>\n\t<meta property=\"og:image:height\" content=\"1500\" \/>\n\t<meta property=\"og:image:type\" content=\"image\/jpeg\" \/>\n<meta name=\"twitter:card\" content=\"summary_large_image\" \/>\n<meta name=\"twitter:label1\" content=\"Dur\u00e9e de lecture estim\u00e9e\" \/>\n\t<meta name=\"twitter:data1\" content=\"2 minutes\" \/>\n<script type=\"application\/ld+json\" class=\"yoast-schema-graph\">{\"@context\":\"https:\\\/\\\/schema.org\",\"@graph\":[{\"@type\":\"WebPage\",\"@id\":\"https:\\\/\\\/www.raffinessen.ch\\\/produkt\\\/schweizer-holzbrett\\\/\",\"url\":\"https:\\\/\\\/www.raffinessen.ch\\\/produkt\\\/schweizer-holzbrett\\\/\",\"name\":\"Schweizer Schneidbrett - Raffinessen\",\"isPartOf\":{\"@id\":\"https:\\\/\\\/www.raffinessen.ch\\\/#website\"},\"primaryImageOfPage\":{\"@id\":\"https:\\\/\\\/www.raffinessen.ch\\\/produkt\\\/schweizer-holzbrett\\\/#primaryimage\"},\"image\":{\"@id\":\"https:\\\/\\\/www.raffinessen.ch\\\/produkt\\\/schweizer-holzbrett\\\/#primaryimage\"},\"thumbnailUrl\":\"https:\\\/\\\/www.raffinessen.ch\\\/webseite\\\/wp-content\\\/uploads\\\/2024\\\/03\\\/Holzbrett-dreifarbig-geoelt_220x150mm_oben-Gravur_1500x1500.jpg\",\"datePublished\":\"2024-03-01T13:24:19+00:00\",\"dateModified\":\"2024-08-28T15:05:45+00:00\",\"breadcrumb\":{\"@id\":\"https:\\\/\\\/www.raffinessen.ch\\\/produkt\\\/schweizer-holzbrett\\\/#breadcrumb\"},\"inLanguage\":\"fr-FR\",\"potentialAction\":[{\"@type\":\"ReadAction\",\"target\":[\"https:\\\/\\\/www.raffinessen.ch\\\/produkt\\\/schweizer-holzbrett\\\/\"]}]},{\"@type\":\"ImageObject\",\"inLanguage\":\"fr-FR\",\"@id\":\"https:\\\/\\\/www.raffinessen.ch\\\/produkt\\\/schweizer-holzbrett\\\/#primaryimage\",\"url\":\"https:\\\/\\\/www.raffinessen.ch\\\/webseite\\\/wp-content\\\/uploads\\\/2024\\\/03\\\/Holzbrett-dreifarbig-geoelt_220x150mm_oben-Gravur_1500x1500.jpg\",\"contentUrl\":\"https:\\\/\\\/www.raffinessen.ch\\\/webseite\\\/wp-content\\\/uploads\\\/2024\\\/03\\\/Holzbrett-dreifarbig-geoelt_220x150mm_oben-Gravur_1500x1500.jpg\",\"width\":1500,\"height\":1500},{\"@type\":\"BreadcrumbList\",\"@id\":\"https:\\\/\\\/www.raffinessen.ch\\\/produkt\\\/schweizer-holzbrett\\\/#breadcrumb\",\"itemListElement\":[{\"@type\":\"ListItem\",\"position\":1,\"name\":\"Home\",\"item\":\"https:\\\/\\\/www.raffinessen.ch\\\/\"},{\"@type\":\"ListItem\",\"position\":2,\"name\":\"Shop\",\"item\":\"https:\\\/\\\/www.raffinessen.ch\\\/shop\\\/\"},{\"@type\":\"ListItem\",\"position\":3,\"name\":\"Schweizer Schneidbrett\"}]},{\"@type\":\"WebSite\",\"@id\":\"https:\\\/\\\/www.raffinessen.ch\\\/#website\",\"url\":\"https:\\\/\\\/www.raffinessen.ch\\\/\",\"name\":\"Raffinessen\",\"description\":\"roter und schwarzer Kampot Pfeffer - Gew\u00fcrze\",\"potentialAction\":[{\"@type\":\"SearchAction\",\"target\":{\"@type\":\"EntryPoint\",\"urlTemplate\":\"https:\\\/\\\/www.raffinessen.ch\\\/?s={search_term_string}\"},\"query-input\":{\"@type\":\"PropertyValueSpecification\",\"valueRequired\":true,\"valueName\":\"search_term_string\"}}],\"inLanguage\":\"fr-FR\"}]}<\/script>\n<!-- \/ Yoast SEO plugin. -->","yoast_head_json":{"title":"Schweizer Schneidbrett - Raffinessen","robots":{"index":"index","follow":"follow","max-snippet":"max-snippet:-1","max-image-preview":"max-image-preview:large","max-video-preview":"max-video-preview:-1"},"canonical":"https:\/\/www.raffinessen.ch\/fr\/produit\/schweizer-holzbrett\/","og_locale":"fr_FR","og_type":"article","og_title":"Schweizer Schneidbrett - Raffinessen","og_description":"versandkostenfrei","og_url":"https:\/\/www.raffinessen.ch\/fr\/produit\/schweizer-holzbrett\/","og_site_name":"Raffinessen","article_modified_time":"2024-08-28T15:05:45+00:00","og_image":[{"width":1500,"height":1500,"url":"https:\/\/www.raffinessen.ch\/webseite\/wp-content\/uploads\/2024\/03\/Holzbrett-dreifarbig-geoelt_220x150mm_oben-Gravur_1500x1500.jpg","type":"image\/jpeg"}],"twitter_card":"summary_large_image","twitter_misc":{"Dur\u00e9e de lecture estim\u00e9e":"2 minutes"},"schema":{"@context":"https:\/\/schema.org","@graph":[{"@type":"WebPage","@id":"https:\/\/www.raffinessen.ch\/produkt\/schweizer-holzbrett\/","url":"https:\/\/www.raffinessen.ch\/produkt\/schweizer-holzbrett\/","name":"Schweizer Schneidbrett - Raffinessen","isPartOf":{"@id":"https:\/\/www.raffinessen.ch\/#website"},"primaryImageOfPage":{"@id":"https:\/\/www.raffinessen.ch\/produkt\/schweizer-holzbrett\/#primaryimage"},"image":{"@id":"https:\/\/www.raffinessen.ch\/produkt\/schweizer-holzbrett\/#primaryimage"},"thumbnailUrl":"https:\/\/www.raffinessen.ch\/webseite\/wp-content\/uploads\/2024\/03\/Holzbrett-dreifarbig-geoelt_220x150mm_oben-Gravur_1500x1500.jpg","datePublished":"2024-03-01T13:24:19+00:00","dateModified":"2024-08-28T15:05:45+00:00","breadcrumb":{"@id":"https:\/\/www.raffinessen.ch\/produkt\/schweizer-holzbrett\/#breadcrumb"},"inLanguage":"fr-FR","potentialAction":[{"@type":"ReadAction","target":["https:\/\/www.raffinessen.ch\/produkt\/schweizer-holzbrett\/"]}]},{"@type":"ImageObject","inLanguage":"fr-FR","@id":"https:\/\/www.raffinessen.ch\/produkt\/schweizer-holzbrett\/#primaryimage","url":"https:\/\/www.raffinessen.ch\/webseite\/wp-content\/uploads\/2024\/03\/Holzbrett-dreifarbig-geoelt_220x150mm_oben-Gravur_1500x1500.jpg","contentUrl":"https:\/\/www.raffinessen.ch\/webseite\/wp-content\/uploads\/2024\/03\/Holzbrett-dreifarbig-geoelt_220x150mm_oben-Gravur_1500x1500.jpg","width":1500,"height":1500},{"@type":"BreadcrumbList","@id":"https:\/\/www.raffinessen.ch\/produkt\/schweizer-holzbrett\/#breadcrumb","itemListElement":[{"@type":"ListItem","position":1,"name":"Home","item":"https:\/\/www.raffinessen.ch\/"},{"@type":"ListItem","position":2,"name":"Shop","item":"https:\/\/www.raffinessen.ch\/shop\/"},{"@type":"ListItem","position":3,"name":"Schweizer Schneidbrett"}]},{"@type":"WebSite","@id":"https:\/\/www.raffinessen.ch\/#website","url":"https:\/\/www.raffinessen.ch\/","name":"Raffinements","description":"poivre de Kampot rouge et noir - \u00e9pices","potentialAction":[{"@type":"SearchAction","target":{"@type":"EntryPoint","urlTemplate":"https:\/\/www.raffinessen.ch\/?s={search_term_string}"},"query-input":{"@type":"PropertyValueSpecification","valueRequired":true,"valueName":"search_term_string"}}],"inLanguage":"fr-FR"}]}},"_links":{"self":[{"href":"https:\/\/www.raffinessen.ch\/fr\/wp-json\/wp\/v2\/product\/17155","targetHints":{"allow":["GET"]}}],"collection":[{"href":"https:\/\/www.raffinessen.ch\/fr\/wp-json\/wp\/v2\/product"}],"about":[{"href":"https:\/\/www.raffinessen.ch\/fr\/wp-json\/wp\/v2\/types\/product"}],"wp:featuredmedia":[{"embeddable":true,"href":"https:\/\/www.raffinessen.ch\/fr\/wp-json\/wp\/v2\/media\/17158"}],"wp:attachment":[{"href":"https:\/\/www.raffinessen.ch\/fr\/wp-json\/wp\/v2\/media?parent=17155"}],"wp:term":[{"taxonomy":"product_brand","embeddable":true,"href":"https:\/\/www.raffinessen.ch\/fr\/wp-json\/wp\/v2\/product_brand?post=17155"},{"taxonomy":"product_cat","embeddable":true,"href":"https:\/\/www.raffinessen.ch\/fr\/wp-json\/wp\/v2\/product_cat?post=17155"},{"taxonomy":"product_tag","embeddable":true,"href":"https:\/\/www.raffinessen.ch\/fr\/wp-json\/wp\/v2\/product_tag?post=17155"}],"curies":[{"name":"wp","href":"https:\/\/api.w.org\/{rel}","templated":true}]}}