{"id":13976,"date":"2022-11-19T12:03:23","date_gmt":"2022-11-19T11:03:23","guid":{"rendered":"https:\/\/www.raffinessen.ch\/?post_type=product&#038;p=13976"},"modified":"2023-05-04T12:14:45","modified_gmt":"2023-05-04T10:14:45","slug":"set-goldene-milch","status":"publish","type":"product","link":"https:\/\/www.raffinessen.ch\/fr\/produit\/set-goldene-milch\/","title":{"rendered":"SET - Lait d'or"},"content":{"rendered":"<p><strong>Contenu<\/strong><\/p>\n<ul>\n<li>1x Sachet protecteur d'ar\u00f4mes au curcuma du Cambodge (40g)<\/li>\n<li>1x Sachet protecteur d'ar\u00f4mes avec poivre de Kampot long (25g)<\/li>\n<li>Recette du lait d'or<\/li>\n<\/ul>\n<p>Savais-tu que le long poivre de Kampot peut \u00eatre parfaitement peint avec nos moulins YANN et MIYA ? Pour cela, casse les longs b\u00e2tons de poivre en deux, remplis le verre et \"hopp dr B\u00e4se\".<\/p>","protected":false},"excerpt":{"rendered":"<p>Contenu 1x Sachet protecteur d'ar\u00f4mes au curcuma du Cambodge (40g) 1x Sachet protecteur d'ar\u00f4mes au long poivre de Kampot (25g) Recette du lait dor\u00e9 Savais-tu que le long poivre de Kampot se peint parfaitement avec nos moulins YANN et MIYA ? Pour cela, casse les longs b\u00e2tons de poivre en deux, remplis le verre et \"hopp dr B\u00e4se\".<\/p>","protected":false},"featured_media":13979,"template":"","meta":[],"product_brand":[],"product_cat":[1182,42],"product_tag":[],"class_list":{"0":"post-13976","1":"product","2":"type-product","3":"status-publish","4":"has-post-thumbnail","6":"product_cat-bis-chf-30","7":"product_cat-geschenksets","8":"tm-no-options","10":"first","11":"instock","12":"taxable","13":"shipping-taxable","14":"purchasable","15":"product-type-simple"},"yoast_head":"<!-- This site is optimized with the Yoast SEO plugin v27.5 - https:\/\/yoast.com\/product\/yoast-seo-wordpress\/ -->\n<title>SET - Goldene Milch - Raffinessen<\/title>\n<meta name=\"robots\" content=\"index, follow, max-snippet:-1, max-image-preview:large, max-video-preview:-1\" \/>\n<link rel=\"canonical\" href=\"https:\/\/www.raffinessen.ch\/fr\/produit\/set-goldene-milch\/\" \/>\n<meta property=\"og:locale\" content=\"fr_FR\" \/>\n<meta property=\"og:type\" content=\"article\" \/>\n<meta property=\"og:title\" content=\"SET - Goldene Milch - Raffinessen\" \/>\n<meta property=\"og:description\" content=\"Inhalt 1x Aromaschutzbeutel mit Kurkuma aus Kambodscha (40g) 1x Aromaschutzbeutel mit langem Kampot Pfeffer (25g) Rezept f\u00fcr Goldene Milch Hast du gewusst, dass sich der lange Kampot Pfeffer mit unseren M\u00fchlen YANN und MIYA perfekt malen l\u00e4sst? Dazu die langen Pfefferstangen in der Mitte brechen, ins Glas f\u00fcllen und \u00abhopp dr B\u00e4se\u00bb\" \/>\n<meta property=\"og:url\" content=\"https:\/\/www.raffinessen.ch\/fr\/produit\/set-goldene-milch\/\" \/>\n<meta property=\"og:site_name\" content=\"Raffinessen\" \/>\n<meta property=\"article:modified_time\" content=\"2023-05-04T10:14:45+00:00\" \/>\n<meta property=\"og:image\" content=\"https:\/\/www.raffinessen.ch\/webseite\/wp-content\/uploads\/2022\/11\/SET_Goldene-Milch.jpg\" \/>\n\t<meta property=\"og:image:width\" content=\"1500\" \/>\n\t<meta property=\"og:image:height\" content=\"1500\" \/>\n\t<meta property=\"og:image:type\" content=\"image\/jpeg\" \/>\n<meta name=\"twitter:card\" content=\"summary_large_image\" \/>\n<meta name=\"twitter:label1\" content=\"Dur\u00e9e de lecture estim\u00e9e\" \/>\n\t<meta name=\"twitter:data1\" content=\"1 minute\" \/>\n<script type=\"application\/ld+json\" class=\"yoast-schema-graph\">{\"@context\":\"https:\\\/\\\/schema.org\",\"@graph\":[{\"@type\":\"WebPage\",\"@id\":\"https:\\\/\\\/www.raffinessen.ch\\\/produkt\\\/set-goldene-milch\\\/\",\"url\":\"https:\\\/\\\/www.raffinessen.ch\\\/produkt\\\/set-goldene-milch\\\/\",\"name\":\"SET - Goldene Milch - Raffinessen\",\"isPartOf\":{\"@id\":\"https:\\\/\\\/www.raffinessen.ch\\\/#website\"},\"primaryImageOfPage\":{\"@id\":\"https:\\\/\\\/www.raffinessen.ch\\\/produkt\\\/set-goldene-milch\\\/#primaryimage\"},\"image\":{\"@id\":\"https:\\\/\\\/www.raffinessen.ch\\\/produkt\\\/set-goldene-milch\\\/#primaryimage\"},\"thumbnailUrl\":\"https:\\\/\\\/www.raffinessen.ch\\\/webseite\\\/wp-content\\\/uploads\\\/2022\\\/11\\\/SET_Goldene-Milch.jpg\",\"datePublished\":\"2022-11-19T11:03:23+00:00\",\"dateModified\":\"2023-05-04T10:14:45+00:00\",\"breadcrumb\":{\"@id\":\"https:\\\/\\\/www.raffinessen.ch\\\/produkt\\\/set-goldene-milch\\\/#breadcrumb\"},\"inLanguage\":\"fr-FR\",\"potentialAction\":[{\"@type\":\"ReadAction\",\"target\":[\"https:\\\/\\\/www.raffinessen.ch\\\/produkt\\\/set-goldene-milch\\\/\"]}]},{\"@type\":\"ImageObject\",\"inLanguage\":\"fr-FR\",\"@id\":\"https:\\\/\\\/www.raffinessen.ch\\\/produkt\\\/set-goldene-milch\\\/#primaryimage\",\"url\":\"https:\\\/\\\/www.raffinessen.ch\\\/webseite\\\/wp-content\\\/uploads\\\/2022\\\/11\\\/SET_Goldene-Milch.jpg\",\"contentUrl\":\"https:\\\/\\\/www.raffinessen.ch\\\/webseite\\\/wp-content\\\/uploads\\\/2022\\\/11\\\/SET_Goldene-Milch.jpg\",\"width\":1500,\"height\":1500},{\"@type\":\"BreadcrumbList\",\"@id\":\"https:\\\/\\\/www.raffinessen.ch\\\/produkt\\\/set-goldene-milch\\\/#breadcrumb\",\"itemListElement\":[{\"@type\":\"ListItem\",\"position\":1,\"name\":\"Home\",\"item\":\"https:\\\/\\\/www.raffinessen.ch\\\/\"},{\"@type\":\"ListItem\",\"position\":2,\"name\":\"Shop\",\"item\":\"https:\\\/\\\/www.raffinessen.ch\\\/shop\\\/\"},{\"@type\":\"ListItem\",\"position\":3,\"name\":\"SET &#8211; Goldene Milch\"}]},{\"@type\":\"WebSite\",\"@id\":\"https:\\\/\\\/www.raffinessen.ch\\\/#website\",\"url\":\"https:\\\/\\\/www.raffinessen.ch\\\/\",\"name\":\"Raffinessen\",\"description\":\"roter und schwarzer Kampot Pfeffer - Gew\u00fcrze\",\"potentialAction\":[{\"@type\":\"SearchAction\",\"target\":{\"@type\":\"EntryPoint\",\"urlTemplate\":\"https:\\\/\\\/www.raffinessen.ch\\\/?s={search_term_string}\"},\"query-input\":{\"@type\":\"PropertyValueSpecification\",\"valueRequired\":true,\"valueName\":\"search_term_string\"}}],\"inLanguage\":\"fr-FR\"}]}<\/script>\n<!-- \/ Yoast SEO plugin. -->","yoast_head_json":{"title":"SET - Goldene Milch - Raffinessen","robots":{"index":"index","follow":"follow","max-snippet":"max-snippet:-1","max-image-preview":"max-image-preview:large","max-video-preview":"max-video-preview:-1"},"canonical":"https:\/\/www.raffinessen.ch\/fr\/produit\/set-goldene-milch\/","og_locale":"fr_FR","og_type":"article","og_title":"SET - Goldene Milch - Raffinessen","og_description":"Inhalt 1x Aromaschutzbeutel mit Kurkuma aus Kambodscha (40g) 1x Aromaschutzbeutel mit langem Kampot Pfeffer (25g) Rezept f\u00fcr Goldene Milch Hast du gewusst, dass sich der lange Kampot Pfeffer mit unseren M\u00fchlen YANN und MIYA perfekt malen l\u00e4sst? Dazu die langen Pfefferstangen in der Mitte brechen, ins Glas f\u00fcllen und \u00abhopp dr B\u00e4se\u00bb","og_url":"https:\/\/www.raffinessen.ch\/fr\/produit\/set-goldene-milch\/","og_site_name":"Raffinessen","article_modified_time":"2023-05-04T10:14:45+00:00","og_image":[{"width":1500,"height":1500,"url":"https:\/\/www.raffinessen.ch\/webseite\/wp-content\/uploads\/2022\/11\/SET_Goldene-Milch.jpg","type":"image\/jpeg"}],"twitter_card":"summary_large_image","twitter_misc":{"Dur\u00e9e de lecture estim\u00e9e":"1 minute"},"schema":{"@context":"https:\/\/schema.org","@graph":[{"@type":"WebPage","@id":"https:\/\/www.raffinessen.ch\/produkt\/set-goldene-milch\/","url":"https:\/\/www.raffinessen.ch\/produkt\/set-goldene-milch\/","name":"SET - Goldene Milch - Raffinessen","isPartOf":{"@id":"https:\/\/www.raffinessen.ch\/#website"},"primaryImageOfPage":{"@id":"https:\/\/www.raffinessen.ch\/produkt\/set-goldene-milch\/#primaryimage"},"image":{"@id":"https:\/\/www.raffinessen.ch\/produkt\/set-goldene-milch\/#primaryimage"},"thumbnailUrl":"https:\/\/www.raffinessen.ch\/webseite\/wp-content\/uploads\/2022\/11\/SET_Goldene-Milch.jpg","datePublished":"2022-11-19T11:03:23+00:00","dateModified":"2023-05-04T10:14:45+00:00","breadcrumb":{"@id":"https:\/\/www.raffinessen.ch\/produkt\/set-goldene-milch\/#breadcrumb"},"inLanguage":"fr-FR","potentialAction":[{"@type":"ReadAction","target":["https:\/\/www.raffinessen.ch\/produkt\/set-goldene-milch\/"]}]},{"@type":"ImageObject","inLanguage":"fr-FR","@id":"https:\/\/www.raffinessen.ch\/produkt\/set-goldene-milch\/#primaryimage","url":"https:\/\/www.raffinessen.ch\/webseite\/wp-content\/uploads\/2022\/11\/SET_Goldene-Milch.jpg","contentUrl":"https:\/\/www.raffinessen.ch\/webseite\/wp-content\/uploads\/2022\/11\/SET_Goldene-Milch.jpg","width":1500,"height":1500},{"@type":"BreadcrumbList","@id":"https:\/\/www.raffinessen.ch\/produkt\/set-goldene-milch\/#breadcrumb","itemListElement":[{"@type":"ListItem","position":1,"name":"Home","item":"https:\/\/www.raffinessen.ch\/"},{"@type":"ListItem","position":2,"name":"Shop","item":"https:\/\/www.raffinessen.ch\/shop\/"},{"@type":"ListItem","position":3,"name":"SET &#8211; Goldene Milch"}]},{"@type":"WebSite","@id":"https:\/\/www.raffinessen.ch\/#website","url":"https:\/\/www.raffinessen.ch\/","name":"Raffinements","description":"poivre de Kampot rouge et noir - \u00e9pices","potentialAction":[{"@type":"SearchAction","target":{"@type":"EntryPoint","urlTemplate":"https:\/\/www.raffinessen.ch\/?s={search_term_string}"},"query-input":{"@type":"PropertyValueSpecification","valueRequired":true,"valueName":"search_term_string"}}],"inLanguage":"fr-FR"}]}},"_links":{"self":[{"href":"https:\/\/www.raffinessen.ch\/fr\/wp-json\/wp\/v2\/product\/13976","targetHints":{"allow":["GET"]}}],"collection":[{"href":"https:\/\/www.raffinessen.ch\/fr\/wp-json\/wp\/v2\/product"}],"about":[{"href":"https:\/\/www.raffinessen.ch\/fr\/wp-json\/wp\/v2\/types\/product"}],"wp:featuredmedia":[{"embeddable":true,"href":"https:\/\/www.raffinessen.ch\/fr\/wp-json\/wp\/v2\/media\/13979"}],"wp:attachment":[{"href":"https:\/\/www.raffinessen.ch\/fr\/wp-json\/wp\/v2\/media?parent=13976"}],"wp:term":[{"taxonomy":"product_brand","embeddable":true,"href":"https:\/\/www.raffinessen.ch\/fr\/wp-json\/wp\/v2\/product_brand?post=13976"},{"taxonomy":"product_cat","embeddable":true,"href":"https:\/\/www.raffinessen.ch\/fr\/wp-json\/wp\/v2\/product_cat?post=13976"},{"taxonomy":"product_tag","embeddable":true,"href":"https:\/\/www.raffinessen.ch\/fr\/wp-json\/wp\/v2\/product_tag?post=13976"}],"curies":[{"name":"wp","href":"https:\/\/api.w.org\/{rel}","templated":true}]}}