{"id":9012,"date":"2021-09-16T14:13:12","date_gmt":"2021-09-16T12:13:12","guid":{"rendered":"https:\/\/www.raffinessen.ch\/?page_id=9012"},"modified":"2024-08-16T15:50:49","modified_gmt":"2024-08-16T13:50:49","slug":"webshop","status":"publish","type":"page","link":"https:\/\/www.raffinessen.ch\/fr\/webshop\/","title":{"rendered":"Raffinements de la boutique en ligne"},"content":{"rendered":"<div id='av-tab-section-1'  class='av-tab-section-container entry-content-wrapper main_color av-tab-slide-transition av-tab-content-auto  av-tab-above-content  avia-builder-el-0  avia-builder-el-no-sibling  container_wrap sidebar_right'  ><div class='av-tab-section-outer-container av-5encdj-bd4e3f95644e226d3d0f782bc4598fee'><div class='av-tab-section-tab-title-container avia-tab-title-padding-default' role='tablist'><a href='#alle-angebote' data-av-tab-section-title='1' class='av-section-tab-title av-active-tab-title no-scroll av-k8a9pkmi-f2897055c1eded2b3809f02606a94d2e av-tab-no-icon av-tab-with-image noHover' role='tab' tabindex='0' aria-controls='av-tab-section-1-1'><span class='av-tab-section-image' style='background-image: url(https:\/\/www.raffinessen.ch\/webseite\/wp-content\/uploads\/2021\/10\/alle-angebote-180x180.jpg);'><\/span><span class='av-outer-tab-title'><span class='av-inner-tab-title'>Toutes les offres<\/span><\/span><span class=\"av-tab-arrow-container\"><span><\/span><\/span><\/a><a href='#einzel-gewuerze' data-av-tab-section-title='2' class='av-section-tab-title  av-k337fuzc-69af5f63bde123ee8807f124fcfcdf2d av-tab-no-icon av-tab-with-image noHover' role='tab' tabindex='0' aria-controls='av-tab-section-1-2'><span class='av-tab-section-image' style='background-image: url(https:\/\/www.raffinessen.ch\/webseite\/wp-content\/uploads\/2021\/10\/einzel-gewuerze-180x180.jpg);'><\/span><span class='av-outer-tab-title'><span class='av-inner-tab-title'>\u00c9pices individuelles<\/span><\/span><span class=\"av-tab-arrow-container\"><span><\/span><\/span><\/a><a href='#gewuerz-kompositionen' data-av-tab-section-title='3' class='av-section-tab-title  av-k337g5nt-2b3558c402c2562c654ba29c30547721 av-tab-no-icon av-tab-with-image noHover' role='tab' tabindex='0' aria-controls='av-tab-section-1-3'><span class='av-tab-section-image' style='background-image: url(https:\/\/www.raffinessen.ch\/webseite\/wp-content\/uploads\/2021\/10\/gewuerz-mischungen-180x180.jpg);'><\/span><span class='av-outer-tab-title'><span class='av-inner-tab-title'>Compositions d'\u00e9pices<\/span><\/span><span class=\"av-tab-arrow-container\"><span><\/span><\/span><\/a><a href='#kambodscha-produkte' data-av-tab-section-title='4' class='av-section-tab-title  av-2vcb1j-11-0322de24ec0c2081ba660908521d7c54 av-tab-no-icon av-tab-with-image noHover' role='tab' tabindex='0' aria-controls='av-tab-section-1-4'><span class='av-tab-section-image' style='background-image: url(https:\/\/www.raffinessen.ch\/webseite\/wp-content\/uploads\/2024\/08\/kambodscha-produkte-180x180.jpg);'><\/span><span class='av-outer-tab-title'><span class='av-inner-tab-title'>KAMBODSCHA PRODUKTE<\/span><\/span><span class=\"av-tab-arrow-container\"><span><\/span><\/span><\/a><a href='#tee-mischungen' data-av-tab-section-title='5' class='av-section-tab-title  av-k337g5nt-2-5b1bbf0eee393d79b87d8b9104c6dbfb av-tab-no-icon av-tab-with-image noHover' role='tab' tabindex='0' aria-controls='av-tab-section-1-5'><span class='av-tab-section-image' style='background-image: url(https:\/\/www.raffinessen.ch\/webseite\/wp-content\/uploads\/2023\/06\/tee-mischungen-180x180.jpg);'><\/span><span class='av-outer-tab-title'><span class='av-inner-tab-title'>M\u00e9langes de th\u00e9<\/span><\/span><span class=\"av-tab-arrow-container\"><span><\/span><\/span><\/a><a href='#muehlen-behaelter' data-av-tab-section-title='6' class='av-section-tab-title  av-4ifktz-05b3b584e3638efe04865ccf1c4747c9 av-tab-no-icon av-tab-with-image noHover' role='tab' tabindex='0' aria-controls='av-tab-section-1-6'><span class='av-tab-section-image' style='background-image: url(https:\/\/www.raffinessen.ch\/webseite\/wp-content\/uploads\/2021\/10\/muehlen-behaelter-180x180.jpg);'><\/span><span class='av-outer-tab-title'><span class='av-inner-tab-title'>M\u00fchlen &amp; Beh\u00e4lter<\/span><\/span><span class=\"av-tab-arrow-container\"><span><\/span><\/span><\/a><a href='#geschenk-set' data-av-tab-section-title='7' class='av-section-tab-title  av-2vcb1j-958650eeb6131922e38c8b50ed9985d6 av-tab-no-icon av-tab-with-image noHover' role='tab' tabindex='0' aria-controls='av-tab-section-1-7'><span class='av-tab-section-image' style='background-image: url(https:\/\/www.raffinessen.ch\/webseite\/wp-content\/uploads\/2021\/10\/geschenk-set-180x180.jpg);'><\/span><span class='av-outer-tab-title'><span class='av-inner-tab-title'>Set cadeau<\/span><\/span><span class=\"av-tab-arrow-container\"><span><\/span><\/span><\/a><\/div><div class='avia-slideshow-arrows av-tabsection-arrow' ><a href='#prev' class='prev-slide av_prev_tab_section av-tab-section-slide avia-svg-icon avia-font-svg_entypo-fontello' data-av_svg_icon='left-open-big' data-av_iconset='svg_entypo-fontello' tabindex='-1' title=\"Pr\u00e9c\u00e9dent\"><svg version=\"1.1\" xmlns=\"http:\/\/www.w3.org\/2000\/svg\" width=\"15\" height=\"32\" viewbox=\"0 0 15 32\" preserveaspectratio=\"xMidYMid meet\" aria-labelledby='av-svg-title-495' aria-describedby='av-svg-desc-495' role=\"graphics-symbol\" aria-hidden=\"true\">\n<title id='av-svg-title-495'>Pr\u00e9c\u00e9dent<\/title>\n<desc id='av-svg-desc-495'>Pr\u00e9c\u00e9dent<\/desc>\n<path d=\"M14.464 27.84q0.832 0.832 0 1.536-0.832 0.832-1.536 0l-12.544-12.608q-0.768-0.768 0-1.6l12.544-12.608q0.704-0.832 1.536 0 0.832 0.704 0 1.536l-11.456 11.904z\"><\/path>\n<\/svg><span class='avia_hidden_link_text'>Pr\u00e9c\u00e9dent<\/span><\/a><a href='#next' class='next-slide av_next_tab_section av-tab-section-slide avia-svg-icon avia-font-svg_entypo-fontello' data-av_svg_icon='right-open-big' data-av_iconset='svg_entypo-fontello' tabindex='-1' title=\"Suivant\"><svg version=\"1.1\" xmlns=\"http:\/\/www.w3.org\/2000\/svg\" width=\"15\" height=\"32\" viewbox=\"0 0 15 32\" preserveaspectratio=\"xMidYMid meet\" aria-labelledby='av-svg-title-496' aria-describedby='av-svg-desc-496' role=\"graphics-symbol\" aria-hidden=\"true\">\n<title id='av-svg-title-496'>Suivant<\/title>\n<desc id='av-svg-desc-496'>Suivant<\/desc>\n<path d=\"M0.416 27.84l11.456-11.84-11.456-11.904q-0.832-0.832 0-1.536 0.832-0.832 1.536 0l12.544 12.608q0.768 0.832 0 1.6l-12.544 12.608q-0.704 0.832-1.536 0-0.832-0.704 0-1.536z\"><\/path>\n<\/svg><span class='avia_hidden_link_text'>Suivant<\/span><\/a><\/div><div class='av-tab-section-inner-container avia-section-default' style='width:700vw; left:0%;'><span class=\"av_prev_tab_section av_tab_navigation\"><\/span><span class=\"av_next_tab_section av_tab_navigation\"><\/span>\n\n<style type=\"text\/css\" data-created_by=\"avia_inline_auto\" id=\"style-css-av-k8a9pkmi-f2897055c1eded2b3809f02606a94d2e\">\n.av-layout-tab.av-k8a9pkmi-f2897055c1eded2b3809f02606a94d2e{\nvertical-align:top;\n}\n<\/style>\n<div id='av-tab-section-1-1' class='av-layout-tab av-k8a9pkmi-f2897055c1eded2b3809f02606a94d2e av-animation-delay-container  avia-builder-el-1  el_before_av_tab_sub_section  avia-builder-el-first  av-active-tab-content __av_init_open' data-av-deeplink-tabs=\"\" data-av-tab-section-content=\"1\" data-tab-section-id=\"alle-angebote\"><div class=\"av-layout-tab-inner\"><div class=\"container\"><p><div  class='avia-product-slider-container av-29l4lj-9c2c70246925db82ba3c5f3f88d13335 template-shop avia-content-slider avia-content-grid-active shop_columns_4  avia-builder-el-2  el_before_av_productgrid  avia-builder-el-first  dosen avia-content-slider-even  avia-builder-el-2  el_before_av_productgrid  avia-builder-el-first  dosen av-slideshow-ui av-slider-hover-pause av-slideshow-manual av-loop-once av-loop-manual-endless avia-product-slider1' data-slideshow-options=\"{&quot;animation&quot;:&quot;fade&quot;,&quot;autoplay&quot;:false,&quot;loop_autoplay&quot;:&quot;once&quot;,&quot;interval&quot;:5,&quot;loop_manual&quot;:&quot;manual-endless&quot;,&quot;autoplay_stopper&quot;:false,&quot;noNavigation&quot;:false,&quot;bg_slider&quot;:false,&quot;keep_padding&quot;:false,&quot;hoverpause&quot;:true,&quot;show_slide_delay&quot;:0}\"><div class='avia-content-slider-inner'><ul class=\"products\"><li class=\"tm-no-options product type-product post-18629 status-publish first instock product_cat-ab-chf-30 product_cat-behaelter product_cat-muehlen-und-behaelter product_cat-neu product_cat-top4 has-post-thumbnail taxable shipping-taxable purchasable product-type-simple\">\n\t<div class='inner_product main_color wrapped_style noLightbox  av-product-class-'><a href=\"https:\/\/www.raffinessen.ch\/fr\/produit\/moerser-aus-gusseisen\/\" class=\"woocommerce-LoopProduct-link woocommerce-loop-product__link\"><div class=\"thumbnail_container\"><img loading=\"lazy\" decoding=\"async\" width=\"500\" height=\"500\" src=\"https:\/\/www.raffinessen.ch\/webseite\/wp-content\/uploads\/2024\/12\/Gusseisen-Moerser2-500x500.jpg\" class=\"attachment-woocommerce_thumbnail avia-product-hover\" alt=\"\" srcset=\"https:\/\/www.raffinessen.ch\/webseite\/wp-content\/uploads\/2024\/12\/Gusseisen-Moerser2-500x500.jpg 500w, https:\/\/www.raffinessen.ch\/webseite\/wp-content\/uploads\/2024\/12\/Gusseisen-Moerser2-300x300.jpg 300w, https:\/\/www.raffinessen.ch\/webseite\/wp-content\/uploads\/2024\/12\/Gusseisen-Moerser2-1030x1030.jpg 1030w, https:\/\/www.raffinessen.ch\/webseite\/wp-content\/uploads\/2024\/12\/Gusseisen-Moerser2-80x80.jpg 80w, https:\/\/www.raffinessen.ch\/webseite\/wp-content\/uploads\/2024\/12\/Gusseisen-Moerser2-768x768.jpg 768w, https:\/\/www.raffinessen.ch\/webseite\/wp-content\/uploads\/2024\/12\/Gusseisen-Moerser2-12x12.jpg 12w, https:\/\/www.raffinessen.ch\/webseite\/wp-content\/uploads\/2024\/12\/Gusseisen-Moerser2-36x36.jpg 36w, https:\/\/www.raffinessen.ch\/webseite\/wp-content\/uploads\/2024\/12\/Gusseisen-Moerser2-180x180.jpg 180w, https:\/\/www.raffinessen.ch\/webseite\/wp-content\/uploads\/2024\/12\/Gusseisen-Moerser2-705x705.jpg 705w, https:\/\/www.raffinessen.ch\/webseite\/wp-content\/uploads\/2024\/12\/Gusseisen-Moerser2-120x120.jpg 120w, https:\/\/www.raffinessen.ch\/webseite\/wp-content\/uploads\/2024\/12\/Gusseisen-Moerser2-450x450.jpg 450w, https:\/\/www.raffinessen.ch\/webseite\/wp-content\/uploads\/2024\/12\/Gusseisen-Moerser2-400x400.jpg 400w, https:\/\/www.raffinessen.ch\/webseite\/wp-content\/uploads\/2024\/12\/Gusseisen-Moerser2-600x600.jpg 600w, https:\/\/www.raffinessen.ch\/webseite\/wp-content\/uploads\/2024\/12\/Gusseisen-Moerser2-1000x1000.jpg 1000w, https:\/\/www.raffinessen.ch\/webseite\/wp-content\/uploads\/2024\/12\/Gusseisen-Moerser2-100x100.jpg 100w, https:\/\/www.raffinessen.ch\/webseite\/wp-content\/uploads\/2024\/12\/Gusseisen-Moerser2.jpg 1500w\" sizes=\"auto, (max-width: 500px) 100vw, 500px\" \/><img decoding=\"async\" loading=\"lazy\" width=\"500\" height=\"500\" src=\"https:\/\/www.raffinessen.ch\/webseite\/wp-content\/uploads\/2024\/12\/Gusseisen-Moerser1-500x500.jpg\" class=\"wp-image-18633 avia-img-lazy-loading-18633 attachment-woocommerce_thumbnail size-woocommerce_thumbnail wp-post-image\" alt=\"\" srcset=\"https:\/\/www.raffinessen.ch\/webseite\/wp-content\/uploads\/2024\/12\/Gusseisen-Moerser1-500x500.jpg 500w, https:\/\/www.raffinessen.ch\/webseite\/wp-content\/uploads\/2024\/12\/Gusseisen-Moerser1-300x300.jpg 300w, https:\/\/www.raffinessen.ch\/webseite\/wp-content\/uploads\/2024\/12\/Gusseisen-Moerser1-1030x1030.jpg 1030w, https:\/\/www.raffinessen.ch\/webseite\/wp-content\/uploads\/2024\/12\/Gusseisen-Moerser1-80x80.jpg 80w, https:\/\/www.raffinessen.ch\/webseite\/wp-content\/uploads\/2024\/12\/Gusseisen-Moerser1-768x768.jpg 768w, https:\/\/www.raffinessen.ch\/webseite\/wp-content\/uploads\/2024\/12\/Gusseisen-Moerser1-12x12.jpg 12w, https:\/\/www.raffinessen.ch\/webseite\/wp-content\/uploads\/2024\/12\/Gusseisen-Moerser1-36x36.jpg 36w, https:\/\/www.raffinessen.ch\/webseite\/wp-content\/uploads\/2024\/12\/Gusseisen-Moerser1-180x180.jpg 180w, https:\/\/www.raffinessen.ch\/webseite\/wp-content\/uploads\/2024\/12\/Gusseisen-Moerser1-705x705.jpg 705w, https:\/\/www.raffinessen.ch\/webseite\/wp-content\/uploads\/2024\/12\/Gusseisen-Moerser1-120x120.jpg 120w, https:\/\/www.raffinessen.ch\/webseite\/wp-content\/uploads\/2024\/12\/Gusseisen-Moerser1-450x450.jpg 450w, https:\/\/www.raffinessen.ch\/webseite\/wp-content\/uploads\/2024\/12\/Gusseisen-Moerser1-400x400.jpg 400w, https:\/\/www.raffinessen.ch\/webseite\/wp-content\/uploads\/2024\/12\/Gusseisen-Moerser1-600x600.jpg 600w, https:\/\/www.raffinessen.ch\/webseite\/wp-content\/uploads\/2024\/12\/Gusseisen-Moerser1-1000x1000.jpg 1000w, https:\/\/www.raffinessen.ch\/webseite\/wp-content\/uploads\/2024\/12\/Gusseisen-Moerser1-100x100.jpg 100w, https:\/\/www.raffinessen.ch\/webseite\/wp-content\/uploads\/2024\/12\/Gusseisen-Moerser1.jpg 1500w\" sizes=\"auto, (max-width: 500px) 100vw, 500px\" \/><span class=\"cart-loading\"><\/span><\/div><div class='inner_product_header'><div class='avia-arrow'><\/div><div class='inner_product_header_table'><div class='inner_product_header_cell'><h2 class=\"woocommerce-loop-product__title\">M\u00f6rser aus Gusseisen<\/h2>\n\t<span class=\"price\"><span class=\"woocommerce-Price-amount amount\"><bdi><span class=\"woocommerce-Price-currencySymbol\">&#67;&#72;&#70;<\/span>&nbsp;39.00<\/bdi><\/span> <small class=\"woocommerce-price-suffix\">TVA incluse<\/small><\/span>\n<\/div><\/div><\/div><\/a><div class='avia_cart_buttons'><a href=\"\/fr\/wp-json\/wp\/v2\/pages\/9012?add-to-cart=18629\" aria-describedby=\"woocommerce_loop_add_to_cart_link_describedby_18629\" data-quantity=\"1\" class=\"button product_type_simple add_to_cart_button ajax_add_to_cart\" data-product_id=\"18629\" data-product_sku=\"PP-NF0016\" aria-label=\"Ajouter au panier\u00a0: \u201cM\u00f6rser aus Gusseisen\u201d\" rel=\"nofollow\" data-success_message=\"\u00ab\u00a0M\u00f6rser aus Gusseisen\u00a0\u00bb a \u00e9t\u00e9 ajout\u00e9 \u00e0 votre panier\" role=\"button\" data-no-translation-aria-label=\"\" data-no-translation-data-success_message=\"\"><span class=\"avia-svg-icon avia-font-svg_entypo-fontello\" data-av_svg_icon='basket' data-av_iconset='svg_entypo-fontello'><svg version=\"1.1\" xmlns=\"http:\/\/www.w3.org\/2000\/svg\" width=\"29\" height=\"32\" viewbox=\"0 0 29 32\" preserveaspectratio=\"xMidYMid meet\" aria-labelledby='av-svg-title-1' aria-describedby='av-svg-desc-1' role=\"graphics-symbol\" aria-hidden=\"true\">\n<title id='av-svg-title-1'>Ajouter au panier<\/title>\n<desc id='av-svg-desc-1'>Ajouter au panier<\/desc>\n<path d=\"M4.8 27.2q0-1.28 0.96-2.24t2.24-0.96q1.344 0 2.272 0.96t0.928 2.24q0 1.344-0.928 2.272t-2.272 0.928q-1.28 0-2.24-0.928t-0.96-2.272zM20.8 27.2q0-1.28 0.96-2.24t2.24-0.96q1.344 0 2.272 0.96t0.928 2.24q0 1.344-0.928 2.272t-2.272 0.928q-1.28 0-2.24-0.928t-0.96-2.272zM10.496 19.648q-1.152 0.32-1.088 0.736t1.408 0.416h17.984v2.432q0 0.64-0.64 0.64h-20.928q-0.64 0-0.64-0.64v-2.432l-0.32-1.472-3.136-14.528h-3.136v-2.56q0-0.64 0.64-0.64h4.992q0.64 0 0.64 0.64v2.752h22.528v8.768q0 0.704-0.576 0.832z\"><\/path>\n<\/svg><\/span>  Ajouter au panier<\/a>\t<span id=\"woocommerce_loop_add_to_cart_link_describedby_18629\" class=\"screen-reader-text\">\n\t\t\t<\/span>\n<a class=\"button show_details_button\" href=\"https:\/\/www.raffinessen.ch\/fr\/produit\/moerser-aus-gusseisen\/\"><span class=\"avia-svg-icon avia-font-svg_entypo-fontello\" data-av_svg_icon='doc-text' data-av_iconset='svg_entypo-fontello'><svg version=\"1.1\" xmlns=\"http:\/\/www.w3.org\/2000\/svg\" width=\"22\" height=\"32\" viewbox=\"0 0 22 32\" preserveaspectratio=\"xMidYMid meet\" aria-labelledby='av-svg-title-2' aria-describedby='av-svg-desc-2' role=\"graphics-symbol\" aria-hidden=\"true\">\n<title id='av-svg-title-2'>Voir les d\u00e9tails<\/title>\n<desc id='av-svg-desc-2'>Voir les d\u00e9tails<\/desc>\n<path d=\"M6.784 17.344v-2.88h8.96v2.88h-8.96zM19.2 1.6q1.344 0 2.272 0.928t0.928 2.272v22.4q0 1.28-0.928 2.24t-2.272 0.96h-16q-1.28 0-2.24-0.96t-0.96-2.24v-22.4q0-1.344 0.96-2.272t2.24-0.928h16zM19.2 27.2v-22.4h-16v22.4h16zM15.68 8.256v2.816h-8.96v-2.816h8.96zM15.68 20.8v2.816h-8.96v-2.816h8.96z\"><\/path>\n<\/svg><\/span>  Voir les d\u00e9tails<\/a> <span class=\"button-mini-delimiter\"><\/span><\/div><\/div><\/li>\n<li class=\"product type-product post-8019 status-publish instock product_cat-bis-chf-30 product_cat-geschenksets product_cat-neu product_cat-top4 has-post-thumbnail taxable shipping-taxable purchasable product-type-simple\">\n\t<div class='inner_product main_color wrapped_style noLightbox  av-product-class-'><a href=\"https:\/\/www.raffinessen.ch\/fr\/produit\/set-baerner-sauz-u-pfaeffer\/\" class=\"woocommerce-LoopProduct-link woocommerce-loop-product__link\"><div class=\"thumbnail_container\"><img loading=\"lazy\" decoding=\"async\" width=\"500\" height=\"500\" src=\"https:\/\/www.raffinessen.ch\/webseite\/wp-content\/uploads\/2021\/03\/SET-MM2x-Baerner-Sauz-u-Pfaeffer-Box-500x500.jpg\" class=\"attachment-woocommerce_thumbnail avia-product-hover\" alt=\"\" srcset=\"https:\/\/www.raffinessen.ch\/webseite\/wp-content\/uploads\/2021\/03\/SET-MM2x-Baerner-Sauz-u-Pfaeffer-Box-500x500.jpg 500w, https:\/\/www.raffinessen.ch\/webseite\/wp-content\/uploads\/2021\/03\/SET-MM2x-Baerner-Sauz-u-Pfaeffer-Box-300x300.jpg 300w, https:\/\/www.raffinessen.ch\/webseite\/wp-content\/uploads\/2021\/03\/SET-MM2x-Baerner-Sauz-u-Pfaeffer-Box-1030x1030.jpg 1030w, https:\/\/www.raffinessen.ch\/webseite\/wp-content\/uploads\/2021\/03\/SET-MM2x-Baerner-Sauz-u-Pfaeffer-Box-80x80.jpg 80w, https:\/\/www.raffinessen.ch\/webseite\/wp-content\/uploads\/2021\/03\/SET-MM2x-Baerner-Sauz-u-Pfaeffer-Box-768x768.jpg 768w, https:\/\/www.raffinessen.ch\/webseite\/wp-content\/uploads\/2021\/03\/SET-MM2x-Baerner-Sauz-u-Pfaeffer-Box-36x36.jpg 36w, https:\/\/www.raffinessen.ch\/webseite\/wp-content\/uploads\/2021\/03\/SET-MM2x-Baerner-Sauz-u-Pfaeffer-Box-180x180.jpg 180w, https:\/\/www.raffinessen.ch\/webseite\/wp-content\/uploads\/2021\/03\/SET-MM2x-Baerner-Sauz-u-Pfaeffer-Box-705x705.jpg 705w, https:\/\/www.raffinessen.ch\/webseite\/wp-content\/uploads\/2021\/03\/SET-MM2x-Baerner-Sauz-u-Pfaeffer-Box-100x100.jpg 100w, https:\/\/www.raffinessen.ch\/webseite\/wp-content\/uploads\/2021\/03\/SET-MM2x-Baerner-Sauz-u-Pfaeffer-Box-1000x1000.jpg 1000w, https:\/\/www.raffinessen.ch\/webseite\/wp-content\/uploads\/2021\/03\/SET-MM2x-Baerner-Sauz-u-Pfaeffer-Box.jpg 1500w\" sizes=\"auto, (max-width: 500px) 100vw, 500px\" \/><img decoding=\"async\" loading=\"lazy\" width=\"500\" height=\"500\" src=\"https:\/\/www.raffinessen.ch\/webseite\/wp-content\/uploads\/2021\/03\/SET-MM2x-Baerner-Sauz-u-Pfaeffer2-500x500.jpg\" class=\"wp-image-8021 avia-img-lazy-loading-8021 attachment-woocommerce_thumbnail size-woocommerce_thumbnail wp-post-image\" alt=\"\" srcset=\"https:\/\/www.raffinessen.ch\/webseite\/wp-content\/uploads\/2021\/03\/SET-MM2x-Baerner-Sauz-u-Pfaeffer2-500x500.jpg 500w, https:\/\/www.raffinessen.ch\/webseite\/wp-content\/uploads\/2021\/03\/SET-MM2x-Baerner-Sauz-u-Pfaeffer2-300x300.jpg 300w, https:\/\/www.raffinessen.ch\/webseite\/wp-content\/uploads\/2021\/03\/SET-MM2x-Baerner-Sauz-u-Pfaeffer2-1030x1030.jpg 1030w, https:\/\/www.raffinessen.ch\/webseite\/wp-content\/uploads\/2021\/03\/SET-MM2x-Baerner-Sauz-u-Pfaeffer2-80x80.jpg 80w, https:\/\/www.raffinessen.ch\/webseite\/wp-content\/uploads\/2021\/03\/SET-MM2x-Baerner-Sauz-u-Pfaeffer2-768x768.jpg 768w, https:\/\/www.raffinessen.ch\/webseite\/wp-content\/uploads\/2021\/03\/SET-MM2x-Baerner-Sauz-u-Pfaeffer2-36x36.jpg 36w, https:\/\/www.raffinessen.ch\/webseite\/wp-content\/uploads\/2021\/03\/SET-MM2x-Baerner-Sauz-u-Pfaeffer2-180x180.jpg 180w, https:\/\/www.raffinessen.ch\/webseite\/wp-content\/uploads\/2021\/03\/SET-MM2x-Baerner-Sauz-u-Pfaeffer2-705x705.jpg 705w, https:\/\/www.raffinessen.ch\/webseite\/wp-content\/uploads\/2021\/03\/SET-MM2x-Baerner-Sauz-u-Pfaeffer2-100x100.jpg 100w, https:\/\/www.raffinessen.ch\/webseite\/wp-content\/uploads\/2021\/03\/SET-MM2x-Baerner-Sauz-u-Pfaeffer2-1000x1000.jpg 1000w, https:\/\/www.raffinessen.ch\/webseite\/wp-content\/uploads\/2021\/03\/SET-MM2x-Baerner-Sauz-u-Pfaeffer2.jpg 1500w\" sizes=\"auto, (max-width: 500px) 100vw, 500px\" \/><span class=\"cart-loading\"><\/span><\/div><div class='inner_product_header'><div class='avia-arrow'><\/div><div class='inner_product_header_table'><div class='inner_product_header_cell'><h2 class=\"woocommerce-loop-product__title\">SET - B\u00e4rner Sauz u Pf\u00e4ffer<\/h2>\n\t<span class=\"price\"><span class=\"woocommerce-Price-amount amount\"><bdi><span class=\"woocommerce-Price-currencySymbol\">&#67;&#72;&#70;<\/span>&nbsp;25.00<\/bdi><\/span> <small class=\"woocommerce-price-suffix\">TVA incluse<\/small><\/span>\n<\/div><\/div><\/div><\/a><div class='avia_cart_buttons'><a href=\"\/fr\/wp-json\/wp\/v2\/pages\/9012?add-to-cart=8019\" aria-describedby=\"woocommerce_loop_add_to_cart_link_describedby_8019\" data-quantity=\"1\" class=\"button product_type_simple add_to_cart_button ajax_add_to_cart\" data-product_id=\"8019\" data-product_sku=\"GSO-043\" aria-label=\"Ajouter au panier\u00a0: \u201cSET - B\u00e4rner Sauz u Pf\u00e4ffer\u201d\" rel=\"nofollow\" data-success_message=\"\u00ab\u00a0SET - B\u00e4rner Sauz u Pf\u00e4ffer\u00a0\u00bb a \u00e9t\u00e9 ajout\u00e9 \u00e0 votre panier\" role=\"button\" data-no-translation-aria-label=\"\" data-no-translation-data-success_message=\"\"><span class=\"avia-svg-icon avia-font-svg_entypo-fontello\" data-av_svg_icon='basket' data-av_iconset='svg_entypo-fontello'><svg version=\"1.1\" xmlns=\"http:\/\/www.w3.org\/2000\/svg\" width=\"29\" height=\"32\" viewbox=\"0 0 29 32\" preserveaspectratio=\"xMidYMid meet\" aria-labelledby='av-svg-title-3' aria-describedby='av-svg-desc-3' role=\"graphics-symbol\" aria-hidden=\"true\">\n<title id='av-svg-title-3'>Ajouter au panier<\/title>\n<desc id='av-svg-desc-3'>Ajouter au panier<\/desc>\n<path d=\"M4.8 27.2q0-1.28 0.96-2.24t2.24-0.96q1.344 0 2.272 0.96t0.928 2.24q0 1.344-0.928 2.272t-2.272 0.928q-1.28 0-2.24-0.928t-0.96-2.272zM20.8 27.2q0-1.28 0.96-2.24t2.24-0.96q1.344 0 2.272 0.96t0.928 2.24q0 1.344-0.928 2.272t-2.272 0.928q-1.28 0-2.24-0.928t-0.96-2.272zM10.496 19.648q-1.152 0.32-1.088 0.736t1.408 0.416h17.984v2.432q0 0.64-0.64 0.64h-20.928q-0.64 0-0.64-0.64v-2.432l-0.32-1.472-3.136-14.528h-3.136v-2.56q0-0.64 0.64-0.64h4.992q0.64 0 0.64 0.64v2.752h22.528v8.768q0 0.704-0.576 0.832z\"><\/path>\n<\/svg><\/span>  Ajouter au panier<\/a>\t<span id=\"woocommerce_loop_add_to_cart_link_describedby_8019\" class=\"screen-reader-text\">\n\t\t\t<\/span>\n<a class=\"button show_details_button\" href=\"https:\/\/www.raffinessen.ch\/fr\/produit\/set-baerner-sauz-u-pfaeffer\/\"><span class=\"avia-svg-icon avia-font-svg_entypo-fontello\" data-av_svg_icon='doc-text' data-av_iconset='svg_entypo-fontello'><svg version=\"1.1\" xmlns=\"http:\/\/www.w3.org\/2000\/svg\" width=\"22\" height=\"32\" viewbox=\"0 0 22 32\" preserveaspectratio=\"xMidYMid meet\" aria-labelledby='av-svg-title-4' aria-describedby='av-svg-desc-4' role=\"graphics-symbol\" aria-hidden=\"true\">\n<title id='av-svg-title-4'>Voir les d\u00e9tails<\/title>\n<desc id='av-svg-desc-4'>Voir les d\u00e9tails<\/desc>\n<path d=\"M6.784 17.344v-2.88h8.96v2.88h-8.96zM19.2 1.6q1.344 0 2.272 0.928t0.928 2.272v22.4q0 1.28-0.928 2.24t-2.272 0.96h-16q-1.28 0-2.24-0.96t-0.96-2.24v-22.4q0-1.344 0.96-2.272t2.24-0.928h16zM19.2 27.2v-22.4h-16v22.4h16zM15.68 8.256v2.816h-8.96v-2.816h8.96zM15.68 20.8v2.816h-8.96v-2.816h8.96z\"><\/path>\n<\/svg><\/span>  Voir les d\u00e9tails<\/a> <span class=\"button-mini-delimiter\"><\/span><\/div><\/div><\/li>\n<li class=\"product type-product post-20331 status-publish instock product_cat-muehlen product_cat-muehlen-und-behaelter product_cat-swiss-made product_cat-top4 has-post-thumbnail taxable shipping-taxable purchasable product-type-simple\">\n\t<div class='inner_product main_color wrapped_style noLightbox  av-product-class-'><a href=\"https:\/\/www.raffinessen.ch\/fr\/produit\/gewuerzmuehle-neo-dreifarbig\/\" class=\"woocommerce-LoopProduct-link woocommerce-loop-product__link\"><div class=\"thumbnail_container\"><img loading=\"lazy\" decoding=\"async\" width=\"500\" height=\"500\" src=\"https:\/\/www.raffinessen.ch\/webseite\/wp-content\/uploads\/2025\/12\/NEO_Deckel-offen-Boden-500x500.jpg\" class=\"attachment-woocommerce_thumbnail avia-product-hover\" alt=\"\" srcset=\"https:\/\/www.raffinessen.ch\/webseite\/wp-content\/uploads\/2025\/12\/NEO_Deckel-offen-Boden-500x500.jpg 500w, https:\/\/www.raffinessen.ch\/webseite\/wp-content\/uploads\/2025\/12\/NEO_Deckel-offen-Boden-300x300.jpg 300w, https:\/\/www.raffinessen.ch\/webseite\/wp-content\/uploads\/2025\/12\/NEO_Deckel-offen-Boden-1030x1030.jpg 1030w, https:\/\/www.raffinessen.ch\/webseite\/wp-content\/uploads\/2025\/12\/NEO_Deckel-offen-Boden-80x80.jpg 80w, https:\/\/www.raffinessen.ch\/webseite\/wp-content\/uploads\/2025\/12\/NEO_Deckel-offen-Boden-768x768.jpg 768w, https:\/\/www.raffinessen.ch\/webseite\/wp-content\/uploads\/2025\/12\/NEO_Deckel-offen-Boden-12x12.jpg 12w, https:\/\/www.raffinessen.ch\/webseite\/wp-content\/uploads\/2025\/12\/NEO_Deckel-offen-Boden-36x36.jpg 36w, https:\/\/www.raffinessen.ch\/webseite\/wp-content\/uploads\/2025\/12\/NEO_Deckel-offen-Boden-180x180.jpg 180w, https:\/\/www.raffinessen.ch\/webseite\/wp-content\/uploads\/2025\/12\/NEO_Deckel-offen-Boden-705x705.jpg 705w, https:\/\/www.raffinessen.ch\/webseite\/wp-content\/uploads\/2025\/12\/NEO_Deckel-offen-Boden-120x120.jpg 120w, https:\/\/www.raffinessen.ch\/webseite\/wp-content\/uploads\/2025\/12\/NEO_Deckel-offen-Boden-450x450.jpg 450w, https:\/\/www.raffinessen.ch\/webseite\/wp-content\/uploads\/2025\/12\/NEO_Deckel-offen-Boden-1000x1000.jpg 1000w, https:\/\/www.raffinessen.ch\/webseite\/wp-content\/uploads\/2025\/12\/NEO_Deckel-offen-Boden-100x100.jpg 100w, https:\/\/www.raffinessen.ch\/webseite\/wp-content\/uploads\/2025\/12\/NEO_Deckel-offen-Boden.jpg 1500w\" sizes=\"auto, (max-width: 500px) 100vw, 500px\" \/><img decoding=\"async\" loading=\"lazy\" width=\"500\" height=\"500\" src=\"https:\/\/www.raffinessen.ch\/webseite\/wp-content\/uploads\/2025\/12\/NEO_dreifarbig-500x500.jpg\" class=\"wp-image-20332 avia-img-lazy-loading-20332 attachment-woocommerce_thumbnail size-woocommerce_thumbnail wp-post-image\" alt=\"\" srcset=\"https:\/\/www.raffinessen.ch\/webseite\/wp-content\/uploads\/2025\/12\/NEO_dreifarbig-500x500.jpg 500w, https:\/\/www.raffinessen.ch\/webseite\/wp-content\/uploads\/2025\/12\/NEO_dreifarbig-300x300.jpg 300w, https:\/\/www.raffinessen.ch\/webseite\/wp-content\/uploads\/2025\/12\/NEO_dreifarbig-1030x1030.jpg 1030w, https:\/\/www.raffinessen.ch\/webseite\/wp-content\/uploads\/2025\/12\/NEO_dreifarbig-80x80.jpg 80w, https:\/\/www.raffinessen.ch\/webseite\/wp-content\/uploads\/2025\/12\/NEO_dreifarbig-768x768.jpg 768w, https:\/\/www.raffinessen.ch\/webseite\/wp-content\/uploads\/2025\/12\/NEO_dreifarbig-12x12.jpg 12w, https:\/\/www.raffinessen.ch\/webseite\/wp-content\/uploads\/2025\/12\/NEO_dreifarbig-36x36.jpg 36w, https:\/\/www.raffinessen.ch\/webseite\/wp-content\/uploads\/2025\/12\/NEO_dreifarbig-180x180.jpg 180w, https:\/\/www.raffinessen.ch\/webseite\/wp-content\/uploads\/2025\/12\/NEO_dreifarbig-705x705.jpg 705w, https:\/\/www.raffinessen.ch\/webseite\/wp-content\/uploads\/2025\/12\/NEO_dreifarbig-120x120.jpg 120w, https:\/\/www.raffinessen.ch\/webseite\/wp-content\/uploads\/2025\/12\/NEO_dreifarbig-450x450.jpg 450w, https:\/\/www.raffinessen.ch\/webseite\/wp-content\/uploads\/2025\/12\/NEO_dreifarbig-1000x1000.jpg 1000w, https:\/\/www.raffinessen.ch\/webseite\/wp-content\/uploads\/2025\/12\/NEO_dreifarbig-100x100.jpg 100w, https:\/\/www.raffinessen.ch\/webseite\/wp-content\/uploads\/2025\/12\/NEO_dreifarbig.jpg 1500w\" sizes=\"auto, (max-width: 500px) 100vw, 500px\" \/><span class=\"cart-loading\"><\/span><\/div><div class='inner_product_header'><div class='avia-arrow'><\/div><div class='inner_product_header_table'><div class='inner_product_header_cell'><h2 class=\"woocommerce-loop-product__title\">Gew\u00fcrzm\u00fchle NEO &#8211; dreifarbig<\/h2>\n\t<span class=\"price\"><span class=\"woocommerce-Price-amount amount\"><bdi><span class=\"woocommerce-Price-currencySymbol\">&#67;&#72;&#70;<\/span>&nbsp;29.00<\/bdi><\/span> <small class=\"woocommerce-price-suffix\">TVA incluse<\/small><\/span>\n<\/div><\/div><\/div><\/a><div class='avia_cart_buttons'><a href=\"\/fr\/wp-json\/wp\/v2\/pages\/9012?add-to-cart=20331\" aria-describedby=\"woocommerce_loop_add_to_cart_link_describedby_20331\" data-quantity=\"1\" class=\"button product_type_simple add_to_cart_button ajax_add_to_cart\" data-product_id=\"20331\" data-product_sku=\"GWO-027\" aria-label=\"Ajouter au panier\u00a0: \u201cGew\u00fcrzm\u00fchle NEO - dreifarbig\u201d\" rel=\"nofollow\" data-success_message=\"\u00ab\u00a0Gew\u00fcrzm\u00fchle NEO - dreifarbig\u00a0\u00bb a \u00e9t\u00e9 ajout\u00e9 \u00e0 votre panier\" role=\"button\" data-no-translation-aria-label=\"\" data-no-translation-data-success_message=\"\"><span class=\"avia-svg-icon avia-font-svg_entypo-fontello\" data-av_svg_icon='basket' data-av_iconset='svg_entypo-fontello'><svg version=\"1.1\" xmlns=\"http:\/\/www.w3.org\/2000\/svg\" width=\"29\" height=\"32\" viewbox=\"0 0 29 32\" preserveaspectratio=\"xMidYMid meet\" aria-labelledby='av-svg-title-5' aria-describedby='av-svg-desc-5' role=\"graphics-symbol\" aria-hidden=\"true\">\n<title id='av-svg-title-5'>Ajouter au panier<\/title>\n<desc id='av-svg-desc-5'>Ajouter au panier<\/desc>\n<path d=\"M4.8 27.2q0-1.28 0.96-2.24t2.24-0.96q1.344 0 2.272 0.96t0.928 2.24q0 1.344-0.928 2.272t-2.272 0.928q-1.28 0-2.24-0.928t-0.96-2.272zM20.8 27.2q0-1.28 0.96-2.24t2.24-0.96q1.344 0 2.272 0.96t0.928 2.24q0 1.344-0.928 2.272t-2.272 0.928q-1.28 0-2.24-0.928t-0.96-2.272zM10.496 19.648q-1.152 0.32-1.088 0.736t1.408 0.416h17.984v2.432q0 0.64-0.64 0.64h-20.928q-0.64 0-0.64-0.64v-2.432l-0.32-1.472-3.136-14.528h-3.136v-2.56q0-0.64 0.64-0.64h4.992q0.64 0 0.64 0.64v2.752h22.528v8.768q0 0.704-0.576 0.832z\"><\/path>\n<\/svg><\/span>  Ajouter au panier<\/a>\t<span id=\"woocommerce_loop_add_to_cart_link_describedby_20331\" class=\"screen-reader-text\">\n\t\t\t<\/span>\n<a class=\"button show_details_button\" href=\"https:\/\/www.raffinessen.ch\/fr\/produit\/gewuerzmuehle-neo-dreifarbig\/\"><span class=\"avia-svg-icon avia-font-svg_entypo-fontello\" data-av_svg_icon='doc-text' data-av_iconset='svg_entypo-fontello'><svg version=\"1.1\" xmlns=\"http:\/\/www.w3.org\/2000\/svg\" width=\"22\" height=\"32\" viewbox=\"0 0 22 32\" preserveaspectratio=\"xMidYMid meet\" aria-labelledby='av-svg-title-6' aria-describedby='av-svg-desc-6' role=\"graphics-symbol\" aria-hidden=\"true\">\n<title id='av-svg-title-6'>Voir les d\u00e9tails<\/title>\n<desc id='av-svg-desc-6'>Voir les d\u00e9tails<\/desc>\n<path d=\"M6.784 17.344v-2.88h8.96v2.88h-8.96zM19.2 1.6q1.344 0 2.272 0.928t0.928 2.272v22.4q0 1.28-0.928 2.24t-2.272 0.96h-16q-1.28 0-2.24-0.96t-0.96-2.24v-22.4q0-1.344 0.96-2.272t2.24-0.928h16zM19.2 27.2v-22.4h-16v22.4h16zM15.68 8.256v2.816h-8.96v-2.816h8.96zM15.68 20.8v2.816h-8.96v-2.816h8.96z\"><\/path>\n<\/svg><\/span>  Voir les d\u00e9tails<\/a> <span class=\"button-mini-delimiter\"><\/span><\/div><\/div><\/li>\n<li class=\"product type-product post-18165 status-publish last instock product_cat-kambodscha-produkte product_cat-top4 has-post-thumbnail taxable shipping-taxable purchasable product-type-simple\">\n\t<div class='inner_product main_color wrapped_style noLightbox  av-product-class-'><a href=\"https:\/\/www.raffinessen.ch\/fr\/produit\/set-cashew-mango\/\" class=\"woocommerce-LoopProduct-link woocommerce-loop-product__link\"><div class=\"thumbnail_container\"><img loading=\"lazy\" decoding=\"async\" width=\"500\" height=\"500\" src=\"https:\/\/www.raffinessen.ch\/webseite\/wp-content\/uploads\/2024\/09\/Zueckerli-Fleur-de-Sel-Pepe-500x500.jpg\" class=\"attachment-woocommerce_thumbnail avia-product-hover\" alt=\"\" srcset=\"https:\/\/www.raffinessen.ch\/webseite\/wp-content\/uploads\/2024\/09\/Zueckerli-Fleur-de-Sel-Pepe-500x500.jpg 500w, https:\/\/www.raffinessen.ch\/webseite\/wp-content\/uploads\/2024\/09\/Zueckerli-Fleur-de-Sel-Pepe-80x80.jpg 80w, https:\/\/www.raffinessen.ch\/webseite\/wp-content\/uploads\/2024\/09\/Zueckerli-Fleur-de-Sel-Pepe-36x36.jpg 36w, https:\/\/www.raffinessen.ch\/webseite\/wp-content\/uploads\/2024\/09\/Zueckerli-Fleur-de-Sel-Pepe-180x180.jpg 180w, https:\/\/www.raffinessen.ch\/webseite\/wp-content\/uploads\/2024\/09\/Zueckerli-Fleur-de-Sel-Pepe-120x120.jpg 120w, https:\/\/www.raffinessen.ch\/webseite\/wp-content\/uploads\/2024\/09\/Zueckerli-Fleur-de-Sel-Pepe-450x450.jpg 450w, https:\/\/www.raffinessen.ch\/webseite\/wp-content\/uploads\/2024\/09\/Zueckerli-Fleur-de-Sel-Pepe-100x100.jpg 100w\" sizes=\"auto, (max-width: 500px) 100vw, 500px\" \/><img decoding=\"async\" loading=\"lazy\" width=\"500\" height=\"500\" src=\"https:\/\/www.raffinessen.ch\/webseite\/wp-content\/uploads\/2025\/09\/FP-110x185_SET-Cashew-500x500.jpg\" class=\"wp-image-19941 avia-img-lazy-loading-19941 attachment-woocommerce_thumbnail size-woocommerce_thumbnail wp-post-image\" alt=\"\" srcset=\"https:\/\/www.raffinessen.ch\/webseite\/wp-content\/uploads\/2025\/09\/FP-110x185_SET-Cashew-500x500.jpg 500w, https:\/\/www.raffinessen.ch\/webseite\/wp-content\/uploads\/2025\/09\/FP-110x185_SET-Cashew-300x300.jpg 300w, https:\/\/www.raffinessen.ch\/webseite\/wp-content\/uploads\/2025\/09\/FP-110x185_SET-Cashew-1030x1030.jpg 1030w, https:\/\/www.raffinessen.ch\/webseite\/wp-content\/uploads\/2025\/09\/FP-110x185_SET-Cashew-80x80.jpg 80w, https:\/\/www.raffinessen.ch\/webseite\/wp-content\/uploads\/2025\/09\/FP-110x185_SET-Cashew-768x768.jpg 768w, https:\/\/www.raffinessen.ch\/webseite\/wp-content\/uploads\/2025\/09\/FP-110x185_SET-Cashew-12x12.jpg 12w, https:\/\/www.raffinessen.ch\/webseite\/wp-content\/uploads\/2025\/09\/FP-110x185_SET-Cashew-36x36.jpg 36w, https:\/\/www.raffinessen.ch\/webseite\/wp-content\/uploads\/2025\/09\/FP-110x185_SET-Cashew-180x180.jpg 180w, https:\/\/www.raffinessen.ch\/webseite\/wp-content\/uploads\/2025\/09\/FP-110x185_SET-Cashew-705x705.jpg 705w, https:\/\/www.raffinessen.ch\/webseite\/wp-content\/uploads\/2025\/09\/FP-110x185_SET-Cashew-120x120.jpg 120w, https:\/\/www.raffinessen.ch\/webseite\/wp-content\/uploads\/2025\/09\/FP-110x185_SET-Cashew-450x450.jpg 450w, https:\/\/www.raffinessen.ch\/webseite\/wp-content\/uploads\/2025\/09\/FP-110x185_SET-Cashew-1000x1000.jpg 1000w, https:\/\/www.raffinessen.ch\/webseite\/wp-content\/uploads\/2025\/09\/FP-110x185_SET-Cashew-100x100.jpg 100w, https:\/\/www.raffinessen.ch\/webseite\/wp-content\/uploads\/2025\/09\/FP-110x185_SET-Cashew.jpg 1500w\" sizes=\"auto, (max-width: 500px) 100vw, 500px\" \/><span class=\"cart-loading\"><\/span><\/div><div class='inner_product_header'><div class='avia-arrow'><\/div><div class='inner_product_header_table'><div class='inner_product_header_cell'><h2 class=\"woocommerce-loop-product__title\">SET \u2013 Cashew<\/h2>\n\t<span class=\"price\"><span class=\"woocommerce-Price-amount amount\"><bdi><span class=\"woocommerce-Price-currencySymbol\">&#67;&#72;&#70;<\/span>&nbsp;23.00<\/bdi><\/span> <small class=\"woocommerce-price-suffix\">TVA incluse<\/small><\/span>\n<\/div><\/div><\/div><\/a><div class='avia_cart_buttons'><a href=\"\/fr\/wp-json\/wp\/v2\/pages\/9012?add-to-cart=18165\" aria-describedby=\"woocommerce_loop_add_to_cart_link_describedby_18165\" data-quantity=\"1\" class=\"button product_type_simple add_to_cart_button ajax_add_to_cart\" data-product_id=\"18165\" data-product_sku=\"GSO-061\" aria-label=\"Ajouter au panier\u00a0: \u201cSET \u2013 Cashew\u201d\" rel=\"nofollow\" data-success_message=\"\u00ab\u00a0SET \u2013 Cashew\u00a0\u00bb a \u00e9t\u00e9 ajout\u00e9 \u00e0 votre panier\" role=\"button\" data-no-translation-aria-label=\"\" data-no-translation-data-success_message=\"\"><span class=\"avia-svg-icon avia-font-svg_entypo-fontello\" data-av_svg_icon='basket' data-av_iconset='svg_entypo-fontello'><svg version=\"1.1\" xmlns=\"http:\/\/www.w3.org\/2000\/svg\" width=\"29\" height=\"32\" viewbox=\"0 0 29 32\" preserveaspectratio=\"xMidYMid meet\" aria-labelledby='av-svg-title-7' aria-describedby='av-svg-desc-7' role=\"graphics-symbol\" aria-hidden=\"true\">\n<title id='av-svg-title-7'>Ajouter au panier<\/title>\n<desc id='av-svg-desc-7'>Ajouter au panier<\/desc>\n<path d=\"M4.8 27.2q0-1.28 0.96-2.24t2.24-0.96q1.344 0 2.272 0.96t0.928 2.24q0 1.344-0.928 2.272t-2.272 0.928q-1.28 0-2.24-0.928t-0.96-2.272zM20.8 27.2q0-1.28 0.96-2.24t2.24-0.96q1.344 0 2.272 0.96t0.928 2.24q0 1.344-0.928 2.272t-2.272 0.928q-1.28 0-2.24-0.928t-0.96-2.272zM10.496 19.648q-1.152 0.32-1.088 0.736t1.408 0.416h17.984v2.432q0 0.64-0.64 0.64h-20.928q-0.64 0-0.64-0.64v-2.432l-0.32-1.472-3.136-14.528h-3.136v-2.56q0-0.64 0.64-0.64h4.992q0.64 0 0.64 0.64v2.752h22.528v8.768q0 0.704-0.576 0.832z\"><\/path>\n<\/svg><\/span>  Ajouter au panier<\/a>\t<span id=\"woocommerce_loop_add_to_cart_link_describedby_18165\" class=\"screen-reader-text\">\n\t\t\t<\/span>\n<a class=\"button show_details_button\" href=\"https:\/\/www.raffinessen.ch\/fr\/produit\/set-cashew-mango\/\"><span class=\"avia-svg-icon avia-font-svg_entypo-fontello\" data-av_svg_icon='doc-text' data-av_iconset='svg_entypo-fontello'><svg version=\"1.1\" xmlns=\"http:\/\/www.w3.org\/2000\/svg\" width=\"22\" height=\"32\" viewbox=\"0 0 22 32\" preserveaspectratio=\"xMidYMid meet\" aria-labelledby='av-svg-title-8' aria-describedby='av-svg-desc-8' role=\"graphics-symbol\" aria-hidden=\"true\">\n<title id='av-svg-title-8'>Voir les d\u00e9tails<\/title>\n<desc id='av-svg-desc-8'>Voir les d\u00e9tails<\/desc>\n<path d=\"M6.784 17.344v-2.88h8.96v2.88h-8.96zM19.2 1.6q1.344 0 2.272 0.928t0.928 2.272v22.4q0 1.28-0.928 2.24t-2.272 0.96h-16q-1.28 0-2.24-0.96t-0.96-2.24v-22.4q0-1.344 0.96-2.272t2.24-0.928h16zM19.2 27.2v-22.4h-16v22.4h16zM15.68 8.256v2.816h-8.96v-2.816h8.96zM15.68 20.8v2.816h-8.96v-2.816h8.96z\"><\/path>\n<\/svg><\/span>  Voir les d\u00e9tails<\/a> <span class=\"button-mini-delimiter\"><\/span><\/div><\/div><\/li>\n<\/ul><\/div><\/div><div class=\"clear\"><\/div><br \/>\n<div  class='avia-product-slider-container av-33ztuc-94782e1c1e1f851e0b7d3d351dd5d021 template-shop avia-content-slider avia-content-grid-active shop_columns_4  dosen avia-content-slider-even  dosen av-slideshow-ui av-slider-hover-pause av-slideshow-manual av-loop-once av-loop-manual-endless avia-product-slider2' data-slideshow-options=\"{&quot;animation&quot;:&quot;fade&quot;,&quot;autoplay&quot;:false,&quot;loop_autoplay&quot;:&quot;once&quot;,&quot;interval&quot;:5,&quot;loop_manual&quot;:&quot;manual-endless&quot;,&quot;autoplay_stopper&quot;:false,&quot;noNavigation&quot;:false,&quot;bg_slider&quot;:false,&quot;keep_padding&quot;:false,&quot;hoverpause&quot;:true,&quot;show_slide_delay&quot;:0}\"><div class='avia-content-slider-inner'><ul class=\"products\"><li class=\"product type-product post-3810 status-publish first instock product_cat-einzel-gewuerze product_cat-gewuerze-einzeln product_cat-unkategorisiert has-post-thumbnail taxable shipping-taxable purchasable product-type-simple\">\n\t<div class='inner_product main_color wrapped_style noLightbox  av-product-class-'><a href=\"https:\/\/www.raffinessen.ch\/fr\/produit\/weisser-kampot-pfeffer-50-g\/\" class=\"woocommerce-LoopProduct-link woocommerce-loop-product__link\"><div class=\"thumbnail_container\"><img loading=\"lazy\" decoding=\"async\" width=\"500\" height=\"500\" src=\"https:\/\/www.raffinessen.ch\/webseite\/wp-content\/uploads\/2018\/12\/weisser-kampot-pfeffer-beutel-500x500.jpg\" class=\"attachment-woocommerce_thumbnail avia-product-hover\" alt=\"\" srcset=\"https:\/\/www.raffinessen.ch\/webseite\/wp-content\/uploads\/2018\/12\/weisser-kampot-pfeffer-beutel-500x500.jpg 500w, https:\/\/www.raffinessen.ch\/webseite\/wp-content\/uploads\/2018\/12\/weisser-kampot-pfeffer-beutel-80x80.jpg 80w, https:\/\/www.raffinessen.ch\/webseite\/wp-content\/uploads\/2018\/12\/weisser-kampot-pfeffer-beutel-300x300.jpg 300w, https:\/\/www.raffinessen.ch\/webseite\/wp-content\/uploads\/2018\/12\/weisser-kampot-pfeffer-beutel-768x768.jpg 768w, https:\/\/www.raffinessen.ch\/webseite\/wp-content\/uploads\/2018\/12\/weisser-kampot-pfeffer-beutel-1030x1030.jpg 1030w, https:\/\/www.raffinessen.ch\/webseite\/wp-content\/uploads\/2018\/12\/weisser-kampot-pfeffer-beutel-36x36.jpg 36w, https:\/\/www.raffinessen.ch\/webseite\/wp-content\/uploads\/2018\/12\/weisser-kampot-pfeffer-beutel-180x180.jpg 180w, https:\/\/www.raffinessen.ch\/webseite\/wp-content\/uploads\/2018\/12\/weisser-kampot-pfeffer-beutel-1500x1500.jpg 1500w, https:\/\/www.raffinessen.ch\/webseite\/wp-content\/uploads\/2018\/12\/weisser-kampot-pfeffer-beutel-705x705.jpg 705w, https:\/\/www.raffinessen.ch\/webseite\/wp-content\/uploads\/2018\/12\/weisser-kampot-pfeffer-beutel-100x100.jpg 100w, https:\/\/www.raffinessen.ch\/webseite\/wp-content\/uploads\/2018\/12\/weisser-kampot-pfeffer-beutel-1000x1000.jpg 1000w, https:\/\/www.raffinessen.ch\/webseite\/wp-content\/uploads\/2018\/12\/weisser-kampot-pfeffer-beutel.jpg 2000w\" sizes=\"auto, (max-width: 500px) 100vw, 500px\" \/><img decoding=\"async\" loading=\"lazy\" width=\"500\" height=\"500\" src=\"https:\/\/www.raffinessen.ch\/webseite\/wp-content\/uploads\/2018\/12\/weisser-kampot-pfeffer-500x500.jpg\" class=\"wp-image-3807 avia-img-lazy-loading-3807 attachment-woocommerce_thumbnail size-woocommerce_thumbnail wp-post-image\" alt=\"\" srcset=\"https:\/\/www.raffinessen.ch\/webseite\/wp-content\/uploads\/2018\/12\/weisser-kampot-pfeffer-500x500.jpg 500w, https:\/\/www.raffinessen.ch\/webseite\/wp-content\/uploads\/2018\/12\/weisser-kampot-pfeffer-80x80.jpg 80w, https:\/\/www.raffinessen.ch\/webseite\/wp-content\/uploads\/2018\/12\/weisser-kampot-pfeffer-300x300.jpg 300w, https:\/\/www.raffinessen.ch\/webseite\/wp-content\/uploads\/2018\/12\/weisser-kampot-pfeffer-768x768.jpg 768w, https:\/\/www.raffinessen.ch\/webseite\/wp-content\/uploads\/2018\/12\/weisser-kampot-pfeffer-1030x1030.jpg 1030w, https:\/\/www.raffinessen.ch\/webseite\/wp-content\/uploads\/2018\/12\/weisser-kampot-pfeffer-36x36.jpg 36w, https:\/\/www.raffinessen.ch\/webseite\/wp-content\/uploads\/2018\/12\/weisser-kampot-pfeffer-180x180.jpg 180w, https:\/\/www.raffinessen.ch\/webseite\/wp-content\/uploads\/2018\/12\/weisser-kampot-pfeffer-1500x1500.jpg 1500w, https:\/\/www.raffinessen.ch\/webseite\/wp-content\/uploads\/2018\/12\/weisser-kampot-pfeffer-705x705.jpg 705w, https:\/\/www.raffinessen.ch\/webseite\/wp-content\/uploads\/2018\/12\/weisser-kampot-pfeffer-100x100.jpg 100w, https:\/\/www.raffinessen.ch\/webseite\/wp-content\/uploads\/2018\/12\/weisser-kampot-pfeffer-1000x1000.jpg 1000w, https:\/\/www.raffinessen.ch\/webseite\/wp-content\/uploads\/2018\/12\/weisser-kampot-pfeffer.jpg 2000w\" sizes=\"auto, (max-width: 500px) 100vw, 500px\" \/><span class=\"cart-loading\"><\/span><\/div><div class='inner_product_header'><div class='avia-arrow'><\/div><div class='inner_product_header_table'><div class='inner_product_header_cell'><h2 class=\"woocommerce-loop-product__title\">poivre blanc de Kampot (50 g)<\/h2>\n\t<span class=\"price\"><span class=\"woocommerce-Price-amount amount\"><bdi><span class=\"woocommerce-Price-currencySymbol\">&#67;&#72;&#70;<\/span>&nbsp;11.00<\/bdi><\/span> <small class=\"woocommerce-price-suffix\">TVA incluse<\/small><\/span>\n<\/div><\/div><\/div><\/a><div class='avia_cart_buttons'><a href=\"\/fr\/wp-json\/wp\/v2\/pages\/9012?add-to-cart=3810\" aria-describedby=\"woocommerce_loop_add_to_cart_link_describedby_3810\" data-quantity=\"1\" class=\"button product_type_simple add_to_cart_button ajax_add_to_cart\" data-product_id=\"3810\" data-product_sku=\"FPO-R0041-50\" aria-label=\"Ajouter au panier\u00a0: \u201cweisser Kampot Pfeffer (50 g)\u201d\" rel=\"nofollow\" data-success_message=\"\u00ab\u00a0weisser Kampot Pfeffer (50 g)\u00a0\u00bb a \u00e9t\u00e9 ajout\u00e9 \u00e0 votre panier\" role=\"button\" data-no-translation-aria-label=\"\" data-no-translation-data-success_message=\"\"><span class=\"avia-svg-icon avia-font-svg_entypo-fontello\" data-av_svg_icon='basket' data-av_iconset='svg_entypo-fontello'><svg version=\"1.1\" xmlns=\"http:\/\/www.w3.org\/2000\/svg\" width=\"29\" height=\"32\" viewbox=\"0 0 29 32\" preserveaspectratio=\"xMidYMid meet\" aria-labelledby='av-svg-title-9' aria-describedby='av-svg-desc-9' role=\"graphics-symbol\" aria-hidden=\"true\">\n<title id='av-svg-title-9'>Ajouter au panier<\/title>\n<desc id='av-svg-desc-9'>Ajouter au panier<\/desc>\n<path d=\"M4.8 27.2q0-1.28 0.96-2.24t2.24-0.96q1.344 0 2.272 0.96t0.928 2.24q0 1.344-0.928 2.272t-2.272 0.928q-1.28 0-2.24-0.928t-0.96-2.272zM20.8 27.2q0-1.28 0.96-2.24t2.24-0.96q1.344 0 2.272 0.96t0.928 2.24q0 1.344-0.928 2.272t-2.272 0.928q-1.28 0-2.24-0.928t-0.96-2.272zM10.496 19.648q-1.152 0.32-1.088 0.736t1.408 0.416h17.984v2.432q0 0.64-0.64 0.64h-20.928q-0.64 0-0.64-0.64v-2.432l-0.32-1.472-3.136-14.528h-3.136v-2.56q0-0.64 0.64-0.64h4.992q0.64 0 0.64 0.64v2.752h22.528v8.768q0 0.704-0.576 0.832z\"><\/path>\n<\/svg><\/span>  Ajouter au panier<\/a>\t<span id=\"woocommerce_loop_add_to_cart_link_describedby_3810\" class=\"screen-reader-text\">\n\t\t\t<\/span>\n<a class=\"button show_details_button\" href=\"https:\/\/www.raffinessen.ch\/fr\/produit\/weisser-kampot-pfeffer-50-g\/\"><span class=\"avia-svg-icon avia-font-svg_entypo-fontello\" data-av_svg_icon='doc-text' data-av_iconset='svg_entypo-fontello'><svg version=\"1.1\" xmlns=\"http:\/\/www.w3.org\/2000\/svg\" width=\"22\" height=\"32\" viewbox=\"0 0 22 32\" preserveaspectratio=\"xMidYMid meet\" aria-labelledby='av-svg-title-10' aria-describedby='av-svg-desc-10' role=\"graphics-symbol\" aria-hidden=\"true\">\n<title id='av-svg-title-10'>Voir les d\u00e9tails<\/title>\n<desc id='av-svg-desc-10'>Voir les d\u00e9tails<\/desc>\n<path d=\"M6.784 17.344v-2.88h8.96v2.88h-8.96zM19.2 1.6q1.344 0 2.272 0.928t0.928 2.272v22.4q0 1.28-0.928 2.24t-2.272 0.96h-16q-1.28 0-2.24-0.96t-0.96-2.24v-22.4q0-1.344 0.96-2.272t2.24-0.928h16zM19.2 27.2v-22.4h-16v22.4h16zM15.68 8.256v2.816h-8.96v-2.816h8.96zM15.68 20.8v2.816h-8.96v-2.816h8.96z\"><\/path>\n<\/svg><\/span>  Voir les d\u00e9tails<\/a> <span class=\"button-mini-delimiter\"><\/span><\/div><\/div><\/li>\n<li class=\"product type-product post-5722 status-publish instock product_cat-muehlen product_cat-muehlen-und-behaelter has-post-thumbnail taxable shipping-taxable purchasable product-type-simple\">\n\t<div class='inner_product main_color wrapped_style noLightbox  av-product-class-'><a href=\"https:\/\/www.raffinessen.ch\/fr\/produit\/set-reisemuehlen-mit-keramikmahlwerk\/\" class=\"woocommerce-LoopProduct-link woocommerce-loop-product__link\"><div class=\"thumbnail_container\"><img loading=\"lazy\" decoding=\"async\" width=\"500\" height=\"500\" src=\"https:\/\/www.raffinessen.ch\/webseite\/wp-content\/uploads\/2020\/04\/NY-Mini_schwarz-liegend-weiss-1-500x500.jpg\" class=\"attachment-woocommerce_thumbnail avia-product-hover\" alt=\"\" srcset=\"https:\/\/www.raffinessen.ch\/webseite\/wp-content\/uploads\/2020\/04\/NY-Mini_schwarz-liegend-weiss-1-500x500.jpg 500w, https:\/\/www.raffinessen.ch\/webseite\/wp-content\/uploads\/2020\/04\/NY-Mini_schwarz-liegend-weiss-1-300x300.jpg 300w, https:\/\/www.raffinessen.ch\/webseite\/wp-content\/uploads\/2020\/04\/NY-Mini_schwarz-liegend-weiss-1-1030x1030.jpg 1030w, https:\/\/www.raffinessen.ch\/webseite\/wp-content\/uploads\/2020\/04\/NY-Mini_schwarz-liegend-weiss-1-80x80.jpg 80w, https:\/\/www.raffinessen.ch\/webseite\/wp-content\/uploads\/2020\/04\/NY-Mini_schwarz-liegend-weiss-1-768x768.jpg 768w, https:\/\/www.raffinessen.ch\/webseite\/wp-content\/uploads\/2020\/04\/NY-Mini_schwarz-liegend-weiss-1-1536x1536.jpg 1536w, https:\/\/www.raffinessen.ch\/webseite\/wp-content\/uploads\/2020\/04\/NY-Mini_schwarz-liegend-weiss-1-36x36.jpg 36w, https:\/\/www.raffinessen.ch\/webseite\/wp-content\/uploads\/2020\/04\/NY-Mini_schwarz-liegend-weiss-1-180x180.jpg 180w, https:\/\/www.raffinessen.ch\/webseite\/wp-content\/uploads\/2020\/04\/NY-Mini_schwarz-liegend-weiss-1-1500x1500.jpg 1500w, https:\/\/www.raffinessen.ch\/webseite\/wp-content\/uploads\/2020\/04\/NY-Mini_schwarz-liegend-weiss-1-705x705.jpg 705w, https:\/\/www.raffinessen.ch\/webseite\/wp-content\/uploads\/2020\/04\/NY-Mini_schwarz-liegend-weiss-1-100x100.jpg 100w, https:\/\/www.raffinessen.ch\/webseite\/wp-content\/uploads\/2020\/04\/NY-Mini_schwarz-liegend-weiss-1-1000x1000.jpg 1000w, https:\/\/www.raffinessen.ch\/webseite\/wp-content\/uploads\/2020\/04\/NY-Mini_schwarz-liegend-weiss-1.jpg 2000w\" sizes=\"auto, (max-width: 500px) 100vw, 500px\" \/><img decoding=\"async\" loading=\"lazy\" width=\"500\" height=\"500\" src=\"https:\/\/www.raffinessen.ch\/webseite\/wp-content\/uploads\/2020\/04\/NY-Mini_schwarz-weiss-1-500x500.jpg\" class=\"wp-image-5755 avia-img-lazy-loading-5755 attachment-woocommerce_thumbnail size-woocommerce_thumbnail wp-post-image\" alt=\"\" srcset=\"https:\/\/www.raffinessen.ch\/webseite\/wp-content\/uploads\/2020\/04\/NY-Mini_schwarz-weiss-1-500x500.jpg 500w, https:\/\/www.raffinessen.ch\/webseite\/wp-content\/uploads\/2020\/04\/NY-Mini_schwarz-weiss-1-300x300.jpg 300w, https:\/\/www.raffinessen.ch\/webseite\/wp-content\/uploads\/2020\/04\/NY-Mini_schwarz-weiss-1-1030x1030.jpg 1030w, https:\/\/www.raffinessen.ch\/webseite\/wp-content\/uploads\/2020\/04\/NY-Mini_schwarz-weiss-1-80x80.jpg 80w, https:\/\/www.raffinessen.ch\/webseite\/wp-content\/uploads\/2020\/04\/NY-Mini_schwarz-weiss-1-768x768.jpg 768w, https:\/\/www.raffinessen.ch\/webseite\/wp-content\/uploads\/2020\/04\/NY-Mini_schwarz-weiss-1-1536x1536.jpg 1536w, https:\/\/www.raffinessen.ch\/webseite\/wp-content\/uploads\/2020\/04\/NY-Mini_schwarz-weiss-1-36x36.jpg 36w, https:\/\/www.raffinessen.ch\/webseite\/wp-content\/uploads\/2020\/04\/NY-Mini_schwarz-weiss-1-180x180.jpg 180w, https:\/\/www.raffinessen.ch\/webseite\/wp-content\/uploads\/2020\/04\/NY-Mini_schwarz-weiss-1-1500x1500.jpg 1500w, https:\/\/www.raffinessen.ch\/webseite\/wp-content\/uploads\/2020\/04\/NY-Mini_schwarz-weiss-1-705x705.jpg 705w, https:\/\/www.raffinessen.ch\/webseite\/wp-content\/uploads\/2020\/04\/NY-Mini_schwarz-weiss-1-100x100.jpg 100w, https:\/\/www.raffinessen.ch\/webseite\/wp-content\/uploads\/2020\/04\/NY-Mini_schwarz-weiss-1-1000x1000.jpg 1000w, https:\/\/www.raffinessen.ch\/webseite\/wp-content\/uploads\/2020\/04\/NY-Mini_schwarz-weiss-1.jpg 2000w\" sizes=\"auto, (max-width: 500px) 100vw, 500px\" \/><span class=\"cart-loading\"><\/span><\/div><div class='inner_product_header'><div class='avia-arrow'><\/div><div class='inner_product_header_table'><div class='inner_product_header_cell'><h2 class=\"woocommerce-loop-product__title\">SET - 2 moulins de voyage avec broyeur en c\u00e9ramique<\/h2>\n\t<span class=\"price\"><span class=\"woocommerce-Price-amount amount\"><bdi><span class=\"woocommerce-Price-currencySymbol\">&#67;&#72;&#70;<\/span>&nbsp;20.00<\/bdi><\/span> <small class=\"woocommerce-price-suffix\">TVA incluse<\/small><\/span>\n<\/div><\/div><\/div><\/a><div class='avia_cart_buttons'><a href=\"\/fr\/wp-json\/wp\/v2\/pages\/9012?add-to-cart=5722\" aria-describedby=\"woocommerce_loop_add_to_cart_link_describedby_5722\" data-quantity=\"1\" class=\"button product_type_simple add_to_cart_button ajax_add_to_cart\" data-product_id=\"5722\" data-product_sku=\"GSO-029\" aria-label=\"Ajouter au panier\u00a0: \u201cSET - 2 Reisem\u00fchlen mit Keramikmahlwerk\u201d\" rel=\"nofollow\" data-success_message=\"\u00ab\u00a0SET - 2 Reisem\u00fchlen mit Keramikmahlwerk\u00a0\u00bb a \u00e9t\u00e9 ajout\u00e9 \u00e0 votre panier\" role=\"button\" data-no-translation-aria-label=\"\" data-no-translation-data-success_message=\"\"><span class=\"avia-svg-icon avia-font-svg_entypo-fontello\" data-av_svg_icon='basket' data-av_iconset='svg_entypo-fontello'><svg version=\"1.1\" xmlns=\"http:\/\/www.w3.org\/2000\/svg\" width=\"29\" height=\"32\" viewbox=\"0 0 29 32\" preserveaspectratio=\"xMidYMid meet\" aria-labelledby='av-svg-title-11' aria-describedby='av-svg-desc-11' role=\"graphics-symbol\" aria-hidden=\"true\">\n<title id='av-svg-title-11'>Ajouter au panier<\/title>\n<desc id='av-svg-desc-11'>Ajouter au panier<\/desc>\n<path d=\"M4.8 27.2q0-1.28 0.96-2.24t2.24-0.96q1.344 0 2.272 0.96t0.928 2.24q0 1.344-0.928 2.272t-2.272 0.928q-1.28 0-2.24-0.928t-0.96-2.272zM20.8 27.2q0-1.28 0.96-2.24t2.24-0.96q1.344 0 2.272 0.96t0.928 2.24q0 1.344-0.928 2.272t-2.272 0.928q-1.28 0-2.24-0.928t-0.96-2.272zM10.496 19.648q-1.152 0.32-1.088 0.736t1.408 0.416h17.984v2.432q0 0.64-0.64 0.64h-20.928q-0.64 0-0.64-0.64v-2.432l-0.32-1.472-3.136-14.528h-3.136v-2.56q0-0.64 0.64-0.64h4.992q0.64 0 0.64 0.64v2.752h22.528v8.768q0 0.704-0.576 0.832z\"><\/path>\n<\/svg><\/span>  Ajouter au panier<\/a>\t<span id=\"woocommerce_loop_add_to_cart_link_describedby_5722\" class=\"screen-reader-text\">\n\t\t\t<\/span>\n<a class=\"button show_details_button\" href=\"https:\/\/www.raffinessen.ch\/fr\/produit\/set-reisemuehlen-mit-keramikmahlwerk\/\"><span class=\"avia-svg-icon avia-font-svg_entypo-fontello\" data-av_svg_icon='doc-text' data-av_iconset='svg_entypo-fontello'><svg version=\"1.1\" xmlns=\"http:\/\/www.w3.org\/2000\/svg\" width=\"22\" height=\"32\" viewbox=\"0 0 22 32\" preserveaspectratio=\"xMidYMid meet\" aria-labelledby='av-svg-title-12' aria-describedby='av-svg-desc-12' role=\"graphics-symbol\" aria-hidden=\"true\">\n<title id='av-svg-title-12'>Voir les d\u00e9tails<\/title>\n<desc id='av-svg-desc-12'>Voir les d\u00e9tails<\/desc>\n<path d=\"M6.784 17.344v-2.88h8.96v2.88h-8.96zM19.2 1.6q1.344 0 2.272 0.928t0.928 2.272v22.4q0 1.28-0.928 2.24t-2.272 0.96h-16q-1.28 0-2.24-0.96t-0.96-2.24v-22.4q0-1.344 0.96-2.272t2.24-0.928h16zM19.2 27.2v-22.4h-16v22.4h16zM15.68 8.256v2.816h-8.96v-2.816h8.96zM15.68 20.8v2.816h-8.96v-2.816h8.96z\"><\/path>\n<\/svg><\/span>  Voir les d\u00e9tails<\/a> <span class=\"button-mini-delimiter\"><\/span><\/div><\/div><\/li>\n<li class=\"product type-product post-4845 status-publish instock product_cat-einzel-gewuerze product_cat-gewuerze-einzeln product_cat-unkategorisiert has-post-thumbnail taxable shipping-taxable purchasable product-type-simple\">\n\t<div class='inner_product main_color wrapped_style noLightbox  av-product-class-'><a href=\"https:\/\/www.raffinessen.ch\/fr\/produit\/langer-kampot-pfeffer\/\" class=\"woocommerce-LoopProduct-link woocommerce-loop-product__link\"><div class=\"thumbnail_container\"><img loading=\"lazy\" decoding=\"async\" width=\"500\" height=\"500\" src=\"https:\/\/www.raffinessen.ch\/webseite\/wp-content\/uploads\/2019\/12\/kampot-pfeffer-lang-verpackung-500x500.jpg\" class=\"attachment-woocommerce_thumbnail avia-product-hover\" alt=\"\" srcset=\"https:\/\/www.raffinessen.ch\/webseite\/wp-content\/uploads\/2019\/12\/kampot-pfeffer-lang-verpackung-500x500.jpg 500w, https:\/\/www.raffinessen.ch\/webseite\/wp-content\/uploads\/2019\/12\/kampot-pfeffer-lang-verpackung-300x300.jpg 300w, https:\/\/www.raffinessen.ch\/webseite\/wp-content\/uploads\/2019\/12\/kampot-pfeffer-lang-verpackung-1030x1030.jpg 1030w, https:\/\/www.raffinessen.ch\/webseite\/wp-content\/uploads\/2019\/12\/kampot-pfeffer-lang-verpackung-80x80.jpg 80w, https:\/\/www.raffinessen.ch\/webseite\/wp-content\/uploads\/2019\/12\/kampot-pfeffer-lang-verpackung-768x768.jpg 768w, https:\/\/www.raffinessen.ch\/webseite\/wp-content\/uploads\/2019\/12\/kampot-pfeffer-lang-verpackung-1536x1536.jpg 1536w, https:\/\/www.raffinessen.ch\/webseite\/wp-content\/uploads\/2019\/12\/kampot-pfeffer-lang-verpackung-36x36.jpg 36w, https:\/\/www.raffinessen.ch\/webseite\/wp-content\/uploads\/2019\/12\/kampot-pfeffer-lang-verpackung-180x180.jpg 180w, https:\/\/www.raffinessen.ch\/webseite\/wp-content\/uploads\/2019\/12\/kampot-pfeffer-lang-verpackung-1500x1500.jpg 1500w, https:\/\/www.raffinessen.ch\/webseite\/wp-content\/uploads\/2019\/12\/kampot-pfeffer-lang-verpackung-705x705.jpg 705w, https:\/\/www.raffinessen.ch\/webseite\/wp-content\/uploads\/2019\/12\/kampot-pfeffer-lang-verpackung-100x100.jpg 100w, https:\/\/www.raffinessen.ch\/webseite\/wp-content\/uploads\/2019\/12\/kampot-pfeffer-lang-verpackung-1000x1000.jpg 1000w, https:\/\/www.raffinessen.ch\/webseite\/wp-content\/uploads\/2019\/12\/kampot-pfeffer-lang-verpackung.jpg 2000w\" sizes=\"auto, (max-width: 500px) 100vw, 500px\" \/><img decoding=\"async\" loading=\"lazy\" width=\"500\" height=\"500\" src=\"https:\/\/www.raffinessen.ch\/webseite\/wp-content\/uploads\/2019\/12\/kampot-pfeffer-lang-500x500.jpg\" class=\"wp-image-4848 avia-img-lazy-loading-4848 attachment-woocommerce_thumbnail size-woocommerce_thumbnail wp-post-image\" alt=\"\" srcset=\"https:\/\/www.raffinessen.ch\/webseite\/wp-content\/uploads\/2019\/12\/kampot-pfeffer-lang-500x500.jpg 500w, https:\/\/www.raffinessen.ch\/webseite\/wp-content\/uploads\/2019\/12\/kampot-pfeffer-lang-300x300.jpg 300w, https:\/\/www.raffinessen.ch\/webseite\/wp-content\/uploads\/2019\/12\/kampot-pfeffer-lang-1030x1030.jpg 1030w, https:\/\/www.raffinessen.ch\/webseite\/wp-content\/uploads\/2019\/12\/kampot-pfeffer-lang-80x80.jpg 80w, https:\/\/www.raffinessen.ch\/webseite\/wp-content\/uploads\/2019\/12\/kampot-pfeffer-lang-768x768.jpg 768w, https:\/\/www.raffinessen.ch\/webseite\/wp-content\/uploads\/2019\/12\/kampot-pfeffer-lang-1536x1536.jpg 1536w, https:\/\/www.raffinessen.ch\/webseite\/wp-content\/uploads\/2019\/12\/kampot-pfeffer-lang-36x36.jpg 36w, https:\/\/www.raffinessen.ch\/webseite\/wp-content\/uploads\/2019\/12\/kampot-pfeffer-lang-180x180.jpg 180w, https:\/\/www.raffinessen.ch\/webseite\/wp-content\/uploads\/2019\/12\/kampot-pfeffer-lang-1500x1500.jpg 1500w, https:\/\/www.raffinessen.ch\/webseite\/wp-content\/uploads\/2019\/12\/kampot-pfeffer-lang-705x705.jpg 705w, https:\/\/www.raffinessen.ch\/webseite\/wp-content\/uploads\/2019\/12\/kampot-pfeffer-lang-100x100.jpg 100w, https:\/\/www.raffinessen.ch\/webseite\/wp-content\/uploads\/2019\/12\/kampot-pfeffer-lang-1000x1000.jpg 1000w, https:\/\/www.raffinessen.ch\/webseite\/wp-content\/uploads\/2019\/12\/kampot-pfeffer-lang.jpg 2000w\" sizes=\"auto, (max-width: 500px) 100vw, 500px\" \/><span class=\"cart-loading\"><\/span><\/div><div class='inner_product_header'><div class='avia-arrow'><\/div><div class='inner_product_header_table'><div class='inner_product_header_cell'><h2 class=\"woocommerce-loop-product__title\">Poivre de Kampot long<\/h2>\n\t<span class=\"price\"><span class=\"woocommerce-Price-amount amount\"><bdi><span class=\"woocommerce-Price-currencySymbol\">&#67;&#72;&#70;<\/span>&nbsp;5.00<\/bdi><\/span> <small class=\"woocommerce-price-suffix\">TVA incluse<\/small><\/span>\n<\/div><\/div><\/div><\/a><div class='avia_cart_buttons'><a href=\"\/fr\/wp-json\/wp\/v2\/pages\/9012?add-to-cart=4845\" aria-describedby=\"woocommerce_loop_add_to_cart_link_describedby_4845\" data-quantity=\"1\" class=\"button product_type_simple add_to_cart_button ajax_add_to_cart\" data-product_id=\"4845\" data-product_sku=\"FPO-R0052-25\" aria-label=\"Ajouter au panier\u00a0: \u201cLanger Kampot Pfeffer\u201d\" rel=\"nofollow\" data-success_message=\"\u00ab\u00a0Langer Kampot Pfeffer\u00a0\u00bb a \u00e9t\u00e9 ajout\u00e9 \u00e0 votre panier\" role=\"button\" data-no-translation-aria-label=\"\" data-no-translation-data-success_message=\"\"><span class=\"avia-svg-icon avia-font-svg_entypo-fontello\" data-av_svg_icon='basket' data-av_iconset='svg_entypo-fontello'><svg version=\"1.1\" xmlns=\"http:\/\/www.w3.org\/2000\/svg\" width=\"29\" height=\"32\" viewbox=\"0 0 29 32\" preserveaspectratio=\"xMidYMid meet\" aria-labelledby='av-svg-title-13' aria-describedby='av-svg-desc-13' role=\"graphics-symbol\" aria-hidden=\"true\">\n<title id='av-svg-title-13'>Ajouter au panier<\/title>\n<desc id='av-svg-desc-13'>Ajouter au panier<\/desc>\n<path d=\"M4.8 27.2q0-1.28 0.96-2.24t2.24-0.96q1.344 0 2.272 0.96t0.928 2.24q0 1.344-0.928 2.272t-2.272 0.928q-1.28 0-2.24-0.928t-0.96-2.272zM20.8 27.2q0-1.28 0.96-2.24t2.24-0.96q1.344 0 2.272 0.96t0.928 2.24q0 1.344-0.928 2.272t-2.272 0.928q-1.28 0-2.24-0.928t-0.96-2.272zM10.496 19.648q-1.152 0.32-1.088 0.736t1.408 0.416h17.984v2.432q0 0.64-0.64 0.64h-20.928q-0.64 0-0.64-0.64v-2.432l-0.32-1.472-3.136-14.528h-3.136v-2.56q0-0.64 0.64-0.64h4.992q0.64 0 0.64 0.64v2.752h22.528v8.768q0 0.704-0.576 0.832z\"><\/path>\n<\/svg><\/span>  Ajouter au panier<\/a>\t<span id=\"woocommerce_loop_add_to_cart_link_describedby_4845\" class=\"screen-reader-text\">\n\t\t\t<\/span>\n<a class=\"button show_details_button\" href=\"https:\/\/www.raffinessen.ch\/fr\/produit\/langer-kampot-pfeffer\/\"><span class=\"avia-svg-icon avia-font-svg_entypo-fontello\" data-av_svg_icon='doc-text' data-av_iconset='svg_entypo-fontello'><svg version=\"1.1\" xmlns=\"http:\/\/www.w3.org\/2000\/svg\" width=\"22\" height=\"32\" viewbox=\"0 0 22 32\" preserveaspectratio=\"xMidYMid meet\" aria-labelledby='av-svg-title-14' aria-describedby='av-svg-desc-14' role=\"graphics-symbol\" aria-hidden=\"true\">\n<title id='av-svg-title-14'>Voir les d\u00e9tails<\/title>\n<desc id='av-svg-desc-14'>Voir les d\u00e9tails<\/desc>\n<path d=\"M6.784 17.344v-2.88h8.96v2.88h-8.96zM19.2 1.6q1.344 0 2.272 0.928t0.928 2.272v22.4q0 1.28-0.928 2.24t-2.272 0.96h-16q-1.28 0-2.24-0.96t-0.96-2.24v-22.4q0-1.344 0.96-2.272t2.24-0.928h16zM19.2 27.2v-22.4h-16v22.4h16zM15.68 8.256v2.816h-8.96v-2.816h8.96zM15.68 20.8v2.816h-8.96v-2.816h8.96z\"><\/path>\n<\/svg><\/span>  Voir les d\u00e9tails<\/a> <span class=\"button-mini-delimiter\"><\/span><\/div><\/div><\/li>\n<li class=\"product type-product post-6555 status-publish last instock product_cat-gemahlen product_cat-gewuerz-mischungen has-post-thumbnail taxable shipping-taxable purchasable product-type-simple\">\n\t<div class='inner_product main_color wrapped_style noLightbox  av-product-class-'><a href=\"https:\/\/www.raffinessen.ch\/fr\/produit\/fukuoka\/\" class=\"woocommerce-LoopProduct-link woocommerce-loop-product__link\"><div class=\"thumbnail_container\"><img loading=\"lazy\" decoding=\"async\" width=\"500\" height=\"500\" src=\"https:\/\/www.raffinessen.ch\/webseite\/wp-content\/uploads\/2020\/07\/fukuoka-beutel-500x500.jpg\" class=\"attachment-woocommerce_thumbnail avia-product-hover\" alt=\"\" srcset=\"https:\/\/www.raffinessen.ch\/webseite\/wp-content\/uploads\/2020\/07\/fukuoka-beutel-500x500.jpg 500w, https:\/\/www.raffinessen.ch\/webseite\/wp-content\/uploads\/2020\/07\/fukuoka-beutel-300x300.jpg 300w, https:\/\/www.raffinessen.ch\/webseite\/wp-content\/uploads\/2020\/07\/fukuoka-beutel-1030x1030.jpg 1030w, https:\/\/www.raffinessen.ch\/webseite\/wp-content\/uploads\/2020\/07\/fukuoka-beutel-80x80.jpg 80w, https:\/\/www.raffinessen.ch\/webseite\/wp-content\/uploads\/2020\/07\/fukuoka-beutel-768x768.jpg 768w, https:\/\/www.raffinessen.ch\/webseite\/wp-content\/uploads\/2020\/07\/fukuoka-beutel-1536x1536.jpg 1536w, https:\/\/www.raffinessen.ch\/webseite\/wp-content\/uploads\/2020\/07\/fukuoka-beutel-36x36.jpg 36w, https:\/\/www.raffinessen.ch\/webseite\/wp-content\/uploads\/2020\/07\/fukuoka-beutel-180x180.jpg 180w, https:\/\/www.raffinessen.ch\/webseite\/wp-content\/uploads\/2020\/07\/fukuoka-beutel-1500x1500.jpg 1500w, https:\/\/www.raffinessen.ch\/webseite\/wp-content\/uploads\/2020\/07\/fukuoka-beutel-705x705.jpg 705w, https:\/\/www.raffinessen.ch\/webseite\/wp-content\/uploads\/2020\/07\/fukuoka-beutel-100x100.jpg 100w, https:\/\/www.raffinessen.ch\/webseite\/wp-content\/uploads\/2020\/07\/fukuoka-beutel-1000x1000.jpg 1000w, https:\/\/www.raffinessen.ch\/webseite\/wp-content\/uploads\/2020\/07\/fukuoka-beutel.jpg 2000w\" sizes=\"auto, (max-width: 500px) 100vw, 500px\" \/><img decoding=\"async\" loading=\"lazy\" width=\"500\" height=\"500\" src=\"https:\/\/www.raffinessen.ch\/webseite\/wp-content\/uploads\/2020\/03\/yakitori-gewuerz-kreis-raffinessen-500x500.jpg\" class=\"wp-image-5145 avia-img-lazy-loading-5145 attachment-woocommerce_thumbnail size-woocommerce_thumbnail wp-post-image\" alt=\"\" srcset=\"https:\/\/www.raffinessen.ch\/webseite\/wp-content\/uploads\/2020\/03\/yakitori-gewuerz-kreis-raffinessen-500x500.jpg 500w, https:\/\/www.raffinessen.ch\/webseite\/wp-content\/uploads\/2020\/03\/yakitori-gewuerz-kreis-raffinessen-300x300.jpg 300w, https:\/\/www.raffinessen.ch\/webseite\/wp-content\/uploads\/2020\/03\/yakitori-gewuerz-kreis-raffinessen-1030x1030.jpg 1030w, https:\/\/www.raffinessen.ch\/webseite\/wp-content\/uploads\/2020\/03\/yakitori-gewuerz-kreis-raffinessen-80x80.jpg 80w, https:\/\/www.raffinessen.ch\/webseite\/wp-content\/uploads\/2020\/03\/yakitori-gewuerz-kreis-raffinessen-768x768.jpg 768w, https:\/\/www.raffinessen.ch\/webseite\/wp-content\/uploads\/2020\/03\/yakitori-gewuerz-kreis-raffinessen-1536x1536.jpg 1536w, https:\/\/www.raffinessen.ch\/webseite\/wp-content\/uploads\/2020\/03\/yakitori-gewuerz-kreis-raffinessen-2048x2048.jpg 2048w, https:\/\/www.raffinessen.ch\/webseite\/wp-content\/uploads\/2020\/03\/yakitori-gewuerz-kreis-raffinessen-36x36.jpg 36w, https:\/\/www.raffinessen.ch\/webseite\/wp-content\/uploads\/2020\/03\/yakitori-gewuerz-kreis-raffinessen-180x180.jpg 180w, https:\/\/www.raffinessen.ch\/webseite\/wp-content\/uploads\/2020\/03\/yakitori-gewuerz-kreis-raffinessen-1500x1500.jpg 1500w, https:\/\/www.raffinessen.ch\/webseite\/wp-content\/uploads\/2020\/03\/yakitori-gewuerz-kreis-raffinessen-705x705.jpg 705w, https:\/\/www.raffinessen.ch\/webseite\/wp-content\/uploads\/2020\/03\/yakitori-gewuerz-kreis-raffinessen-100x100.jpg 100w, https:\/\/www.raffinessen.ch\/webseite\/wp-content\/uploads\/2020\/03\/yakitori-gewuerz-kreis-raffinessen-1000x1000.jpg 1000w\" sizes=\"auto, (max-width: 500px) 100vw, 500px\" \/><span class=\"cart-loading\"><\/span><\/div><div class='inner_product_header'><div class='avia-arrow'><\/div><div class='inner_product_header_table'><div class='inner_product_header_cell'><h2 class=\"woocommerce-loop-product__title\">Fukuoka (pr\u00e9c\u00e9demment Yakitori)<\/h2>\n\t<span class=\"price\"><span class=\"woocommerce-Price-amount amount\"><bdi><span class=\"woocommerce-Price-currencySymbol\">&#67;&#72;&#70;<\/span>&nbsp;6.00<\/bdi><\/span> <small class=\"woocommerce-price-suffix\">TVA incluse<\/small><\/span>\n<\/div><\/div><\/div><\/a><div class='avia_cart_buttons'><a href=\"\/fr\/wp-json\/wp\/v2\/pages\/9012?add-to-cart=6555\" aria-describedby=\"woocommerce_loop_add_to_cart_link_describedby_6555\" data-quantity=\"1\" class=\"button product_type_simple add_to_cart_button ajax_add_to_cart\" data-product_id=\"6555\" data-product_sku=\"FPO-S031-60\" aria-label=\"Ajouter au panier\u00a0: \u201cFukuoka (bisher Yakitori)\u201d\" rel=\"nofollow\" data-success_message=\"\u00ab\u00a0Fukuoka (bisher Yakitori)\u00a0\u00bb a \u00e9t\u00e9 ajout\u00e9 \u00e0 votre panier\" role=\"button\" data-no-translation-aria-label=\"\" data-no-translation-data-success_message=\"\"><span class=\"avia-svg-icon avia-font-svg_entypo-fontello\" data-av_svg_icon='basket' data-av_iconset='svg_entypo-fontello'><svg version=\"1.1\" xmlns=\"http:\/\/www.w3.org\/2000\/svg\" width=\"29\" height=\"32\" viewbox=\"0 0 29 32\" preserveaspectratio=\"xMidYMid meet\" aria-labelledby='av-svg-title-15' aria-describedby='av-svg-desc-15' role=\"graphics-symbol\" aria-hidden=\"true\">\n<title id='av-svg-title-15'>Ajouter au panier<\/title>\n<desc id='av-svg-desc-15'>Ajouter au panier<\/desc>\n<path d=\"M4.8 27.2q0-1.28 0.96-2.24t2.24-0.96q1.344 0 2.272 0.96t0.928 2.24q0 1.344-0.928 2.272t-2.272 0.928q-1.28 0-2.24-0.928t-0.96-2.272zM20.8 27.2q0-1.28 0.96-2.24t2.24-0.96q1.344 0 2.272 0.96t0.928 2.24q0 1.344-0.928 2.272t-2.272 0.928q-1.28 0-2.24-0.928t-0.96-2.272zM10.496 19.648q-1.152 0.32-1.088 0.736t1.408 0.416h17.984v2.432q0 0.64-0.64 0.64h-20.928q-0.64 0-0.64-0.64v-2.432l-0.32-1.472-3.136-14.528h-3.136v-2.56q0-0.64 0.64-0.64h4.992q0.64 0 0.64 0.64v2.752h22.528v8.768q0 0.704-0.576 0.832z\"><\/path>\n<\/svg><\/span>  Ajouter au panier<\/a>\t<span id=\"woocommerce_loop_add_to_cart_link_describedby_6555\" class=\"screen-reader-text\">\n\t\t\t<\/span>\n<a class=\"button show_details_button\" href=\"https:\/\/www.raffinessen.ch\/fr\/produit\/fukuoka\/\"><span class=\"avia-svg-icon avia-font-svg_entypo-fontello\" data-av_svg_icon='doc-text' data-av_iconset='svg_entypo-fontello'><svg version=\"1.1\" xmlns=\"http:\/\/www.w3.org\/2000\/svg\" width=\"22\" height=\"32\" viewbox=\"0 0 22 32\" preserveaspectratio=\"xMidYMid meet\" aria-labelledby='av-svg-title-16' aria-describedby='av-svg-desc-16' role=\"graphics-symbol\" aria-hidden=\"true\">\n<title id='av-svg-title-16'>Voir les d\u00e9tails<\/title>\n<desc id='av-svg-desc-16'>Voir les d\u00e9tails<\/desc>\n<path d=\"M6.784 17.344v-2.88h8.96v2.88h-8.96zM19.2 1.6q1.344 0 2.272 0.928t0.928 2.272v22.4q0 1.28-0.928 2.24t-2.272 0.96h-16q-1.28 0-2.24-0.96t-0.96-2.24v-22.4q0-1.344 0.96-2.272t2.24-0.928h16zM19.2 27.2v-22.4h-16v22.4h16zM15.68 8.256v2.816h-8.96v-2.816h8.96zM15.68 20.8v2.816h-8.96v-2.816h8.96z\"><\/path>\n<\/svg><\/span>  Voir les d\u00e9tails<\/a> <span class=\"button-mini-delimiter\"><\/span><\/div><\/div><\/li>\n<li class=\"product type-product post-14774 status-publish first instock product_cat-ab-chf-30 product_cat-geschenksets has-post-thumbnail taxable shipping-taxable purchasable product-type-simple\">\n\t<div class='inner_product main_color wrapped_style noLightbox  av-product-class-'><a href=\"https:\/\/www.raffinessen.ch\/fr\/produit\/set-2x-toni\/\" class=\"woocommerce-LoopProduct-link woocommerce-loop-product__link\"><div class=\"thumbnail_container\"><img loading=\"lazy\" decoding=\"async\" width=\"500\" height=\"500\" src=\"https:\/\/www.raffinessen.ch\/webseite\/wp-content\/uploads\/2022\/12\/Geschenkverpackung-rote-Schleife-500x500.jpg\" class=\"attachment-woocommerce_thumbnail avia-product-hover\" alt=\"\" srcset=\"https:\/\/www.raffinessen.ch\/webseite\/wp-content\/uploads\/2022\/12\/Geschenkverpackung-rote-Schleife-500x500.jpg 500w, https:\/\/www.raffinessen.ch\/webseite\/wp-content\/uploads\/2022\/12\/Geschenkverpackung-rote-Schleife-300x300.jpg 300w, https:\/\/www.raffinessen.ch\/webseite\/wp-content\/uploads\/2022\/12\/Geschenkverpackung-rote-Schleife-1030x1030.jpg 1030w, https:\/\/www.raffinessen.ch\/webseite\/wp-content\/uploads\/2022\/12\/Geschenkverpackung-rote-Schleife-80x80.jpg 80w, https:\/\/www.raffinessen.ch\/webseite\/wp-content\/uploads\/2022\/12\/Geschenkverpackung-rote-Schleife-768x768.jpg 768w, https:\/\/www.raffinessen.ch\/webseite\/wp-content\/uploads\/2022\/12\/Geschenkverpackung-rote-Schleife-36x36.jpg 36w, https:\/\/www.raffinessen.ch\/webseite\/wp-content\/uploads\/2022\/12\/Geschenkverpackung-rote-Schleife-180x180.jpg 180w, https:\/\/www.raffinessen.ch\/webseite\/wp-content\/uploads\/2022\/12\/Geschenkverpackung-rote-Schleife-705x705.jpg 705w, https:\/\/www.raffinessen.ch\/webseite\/wp-content\/uploads\/2022\/12\/Geschenkverpackung-rote-Schleife-120x120.jpg 120w, https:\/\/www.raffinessen.ch\/webseite\/wp-content\/uploads\/2022\/12\/Geschenkverpackung-rote-Schleife-450x450.jpg 450w, https:\/\/www.raffinessen.ch\/webseite\/wp-content\/uploads\/2022\/12\/Geschenkverpackung-rote-Schleife-1000x1000.jpg 1000w, https:\/\/www.raffinessen.ch\/webseite\/wp-content\/uploads\/2022\/12\/Geschenkverpackung-rote-Schleife-100x100.jpg 100w, https:\/\/www.raffinessen.ch\/webseite\/wp-content\/uploads\/2022\/12\/Geschenkverpackung-rote-Schleife.jpg 1500w\" sizes=\"auto, (max-width: 500px) 100vw, 500px\" \/><img decoding=\"async\" loading=\"lazy\" width=\"500\" height=\"500\" src=\"https:\/\/www.raffinessen.ch\/webseite\/wp-content\/uploads\/2022\/12\/SET_2x-TONI-500x500.jpg\" class=\"wp-image-14775 avia-img-lazy-loading-14775 attachment-woocommerce_thumbnail size-woocommerce_thumbnail wp-post-image\" alt=\"CrushGrind Keramikmahlwerk\" srcset=\"https:\/\/www.raffinessen.ch\/webseite\/wp-content\/uploads\/2022\/12\/SET_2x-TONI-500x500.jpg 500w, https:\/\/www.raffinessen.ch\/webseite\/wp-content\/uploads\/2022\/12\/SET_2x-TONI-300x300.jpg 300w, https:\/\/www.raffinessen.ch\/webseite\/wp-content\/uploads\/2022\/12\/SET_2x-TONI-1030x1030.jpg 1030w, https:\/\/www.raffinessen.ch\/webseite\/wp-content\/uploads\/2022\/12\/SET_2x-TONI-80x80.jpg 80w, https:\/\/www.raffinessen.ch\/webseite\/wp-content\/uploads\/2022\/12\/SET_2x-TONI-768x768.jpg 768w, https:\/\/www.raffinessen.ch\/webseite\/wp-content\/uploads\/2022\/12\/SET_2x-TONI-36x36.jpg 36w, https:\/\/www.raffinessen.ch\/webseite\/wp-content\/uploads\/2022\/12\/SET_2x-TONI-180x180.jpg 180w, https:\/\/www.raffinessen.ch\/webseite\/wp-content\/uploads\/2022\/12\/SET_2x-TONI-705x705.jpg 705w, https:\/\/www.raffinessen.ch\/webseite\/wp-content\/uploads\/2022\/12\/SET_2x-TONI-120x120.jpg 120w, https:\/\/www.raffinessen.ch\/webseite\/wp-content\/uploads\/2022\/12\/SET_2x-TONI-450x450.jpg 450w, https:\/\/www.raffinessen.ch\/webseite\/wp-content\/uploads\/2022\/12\/SET_2x-TONI-1000x1000.jpg 1000w, https:\/\/www.raffinessen.ch\/webseite\/wp-content\/uploads\/2022\/12\/SET_2x-TONI-100x100.jpg 100w, https:\/\/www.raffinessen.ch\/webseite\/wp-content\/uploads\/2022\/12\/SET_2x-TONI.jpg 1500w\" sizes=\"auto, (max-width: 500px) 100vw, 500px\" \/><span class=\"cart-loading\"><\/span><\/div><div class='inner_product_header'><div class='avia-arrow'><\/div><div class='inner_product_header_table'><div class='inner_product_header_cell'><h2 class=\"woocommerce-loop-product__title\">SET - 2x TONI<\/h2>\n\t<span class=\"price\"><span class=\"woocommerce-Price-amount amount\"><bdi><span class=\"woocommerce-Price-currencySymbol\">&#67;&#72;&#70;<\/span>&nbsp;120.00<\/bdi><\/span> <small class=\"woocommerce-price-suffix\">TVA incluse<\/small><\/span>\n<\/div><\/div><\/div><\/a><div class='avia_cart_buttons'><a href=\"\/fr\/wp-json\/wp\/v2\/pages\/9012?add-to-cart=14774\" aria-describedby=\"woocommerce_loop_add_to_cart_link_describedby_14774\" data-quantity=\"1\" class=\"button product_type_simple add_to_cart_button ajax_add_to_cart\" data-product_id=\"14774\" data-product_sku=\"GSO-053\" aria-label=\"Ajouter au panier\u00a0: \u201cSET - 2x TONI\u201d\" rel=\"nofollow\" data-success_message=\"\u00ab\u00a0SET - 2x TONI\u00a0\u00bb a \u00e9t\u00e9 ajout\u00e9 \u00e0 votre panier\" role=\"button\" data-no-translation-aria-label=\"\" data-no-translation-data-success_message=\"\"><span class=\"avia-svg-icon avia-font-svg_entypo-fontello\" data-av_svg_icon='basket' data-av_iconset='svg_entypo-fontello'><svg version=\"1.1\" xmlns=\"http:\/\/www.w3.org\/2000\/svg\" width=\"29\" height=\"32\" viewbox=\"0 0 29 32\" preserveaspectratio=\"xMidYMid meet\" aria-labelledby='av-svg-title-17' aria-describedby='av-svg-desc-17' role=\"graphics-symbol\" aria-hidden=\"true\">\n<title id='av-svg-title-17'>Ajouter au panier<\/title>\n<desc id='av-svg-desc-17'>Ajouter au panier<\/desc>\n<path d=\"M4.8 27.2q0-1.28 0.96-2.24t2.24-0.96q1.344 0 2.272 0.96t0.928 2.24q0 1.344-0.928 2.272t-2.272 0.928q-1.28 0-2.24-0.928t-0.96-2.272zM20.8 27.2q0-1.28 0.96-2.24t2.24-0.96q1.344 0 2.272 0.96t0.928 2.24q0 1.344-0.928 2.272t-2.272 0.928q-1.28 0-2.24-0.928t-0.96-2.272zM10.496 19.648q-1.152 0.32-1.088 0.736t1.408 0.416h17.984v2.432q0 0.64-0.64 0.64h-20.928q-0.64 0-0.64-0.64v-2.432l-0.32-1.472-3.136-14.528h-3.136v-2.56q0-0.64 0.64-0.64h4.992q0.64 0 0.64 0.64v2.752h22.528v8.768q0 0.704-0.576 0.832z\"><\/path>\n<\/svg><\/span>  Ajouter au panier<\/a>\t<span id=\"woocommerce_loop_add_to_cart_link_describedby_14774\" class=\"screen-reader-text\">\n\t\t\t<\/span>\n<a class=\"button show_details_button\" href=\"https:\/\/www.raffinessen.ch\/fr\/produit\/set-2x-toni\/\"><span class=\"avia-svg-icon avia-font-svg_entypo-fontello\" data-av_svg_icon='doc-text' data-av_iconset='svg_entypo-fontello'><svg version=\"1.1\" xmlns=\"http:\/\/www.w3.org\/2000\/svg\" width=\"22\" height=\"32\" viewbox=\"0 0 22 32\" preserveaspectratio=\"xMidYMid meet\" aria-labelledby='av-svg-title-18' aria-describedby='av-svg-desc-18' role=\"graphics-symbol\" aria-hidden=\"true\">\n<title id='av-svg-title-18'>Voir les d\u00e9tails<\/title>\n<desc id='av-svg-desc-18'>Voir les d\u00e9tails<\/desc>\n<path d=\"M6.784 17.344v-2.88h8.96v2.88h-8.96zM19.2 1.6q1.344 0 2.272 0.928t0.928 2.272v22.4q0 1.28-0.928 2.24t-2.272 0.96h-16q-1.28 0-2.24-0.96t-0.96-2.24v-22.4q0-1.344 0.96-2.272t2.24-0.928h16zM19.2 27.2v-22.4h-16v22.4h16zM15.68 8.256v2.816h-8.96v-2.816h8.96zM15.68 20.8v2.816h-8.96v-2.816h8.96z\"><\/path>\n<\/svg><\/span>  Voir les d\u00e9tails<\/a> <span class=\"button-mini-delimiter\"><\/span><\/div><\/div><\/li>\n<li class=\"product type-product post-18484 status-publish outofstock product_cat-gewuerze-einzeln has-post-thumbnail taxable shipping-taxable purchasable product-type-simple\">\n\t<div class='inner_product main_color wrapped_style noLightbox  av-product-class-'><a href=\"https:\/\/www.raffinessen.ch\/fr\/produit\/fermentierter-kampot-pfeffer-50-g\/\" class=\"woocommerce-LoopProduct-link woocommerce-loop-product__link\"><div class=\"thumbnail_container\"><img decoding=\"async\" loading=\"lazy\" width=\"500\" height=\"500\" src=\"https:\/\/www.raffinessen.ch\/webseite\/wp-content\/uploads\/2024\/11\/Fermentierter-Kampot-500x500.jpg\" class=\"wp-image-18485 avia-img-lazy-loading-18485 attachment-woocommerce_thumbnail size-woocommerce_thumbnail wp-post-image\" alt=\"\" srcset=\"https:\/\/www.raffinessen.ch\/webseite\/wp-content\/uploads\/2024\/11\/Fermentierter-Kampot-500x500.jpg 500w, https:\/\/www.raffinessen.ch\/webseite\/wp-content\/uploads\/2024\/11\/Fermentierter-Kampot-300x300.jpg 300w, https:\/\/www.raffinessen.ch\/webseite\/wp-content\/uploads\/2024\/11\/Fermentierter-Kampot-1030x1030.jpg 1030w, https:\/\/www.raffinessen.ch\/webseite\/wp-content\/uploads\/2024\/11\/Fermentierter-Kampot-80x80.jpg 80w, https:\/\/www.raffinessen.ch\/webseite\/wp-content\/uploads\/2024\/11\/Fermentierter-Kampot-768x768.jpg 768w, https:\/\/www.raffinessen.ch\/webseite\/wp-content\/uploads\/2024\/11\/Fermentierter-Kampot-12x12.jpg 12w, https:\/\/www.raffinessen.ch\/webseite\/wp-content\/uploads\/2024\/11\/Fermentierter-Kampot-36x36.jpg 36w, https:\/\/www.raffinessen.ch\/webseite\/wp-content\/uploads\/2024\/11\/Fermentierter-Kampot-180x180.jpg 180w, https:\/\/www.raffinessen.ch\/webseite\/wp-content\/uploads\/2024\/11\/Fermentierter-Kampot-705x705.jpg 705w, https:\/\/www.raffinessen.ch\/webseite\/wp-content\/uploads\/2024\/11\/Fermentierter-Kampot-120x120.jpg 120w, https:\/\/www.raffinessen.ch\/webseite\/wp-content\/uploads\/2024\/11\/Fermentierter-Kampot-450x450.jpg 450w, https:\/\/www.raffinessen.ch\/webseite\/wp-content\/uploads\/2024\/11\/Fermentierter-Kampot-400x400.jpg 400w, https:\/\/www.raffinessen.ch\/webseite\/wp-content\/uploads\/2024\/11\/Fermentierter-Kampot-600x600.jpg 600w, https:\/\/www.raffinessen.ch\/webseite\/wp-content\/uploads\/2024\/11\/Fermentierter-Kampot-1000x1000.jpg 1000w, https:\/\/www.raffinessen.ch\/webseite\/wp-content\/uploads\/2024\/11\/Fermentierter-Kampot-100x100.jpg 100w, https:\/\/www.raffinessen.ch\/webseite\/wp-content\/uploads\/2024\/11\/Fermentierter-Kampot.jpg 1500w\" sizes=\"auto, (max-width: 500px) 100vw, 500px\" \/><span class=\"cart-loading\"><\/span><\/div><div class='inner_product_header'><div class='avia-arrow'><\/div><div class='inner_product_header_table'><div class='inner_product_header_cell'><h2 class=\"woocommerce-loop-product__title\">Fermentierter Kampot Pfeffer (50 g)<\/h2>\n\t<span class=\"price\"><span class=\"woocommerce-Price-amount amount\"><bdi><span class=\"woocommerce-Price-currencySymbol\">&#67;&#72;&#70;<\/span>&nbsp;10.00<\/bdi><\/span> <small class=\"woocommerce-price-suffix\">TVA incluse<\/small><\/span>\n<\/div><\/div><\/div><\/a><div class='avia_cart_buttons'><a href=\"https:\/\/www.raffinessen.ch\/fr\/produit\/fermentierter-kampot-pfeffer-50-g\/\" aria-describedby=\"woocommerce_loop_add_to_cart_link_describedby_18484\" data-quantity=\"1\" class=\"button product_type_simple\" data-product_id=\"18484\" data-product_sku=\"R0058\" aria-label=\"En savoir plus sur \u201cFermentierter Kampot Pfeffer (50 g)\u201d\" rel=\"nofollow\" data-success_message=\"\" data-no-translation-aria-label=\"\"><span class=\"avia-svg-icon avia-font-svg_entypo-fontello\" data-av_svg_icon='basket' data-av_iconset='svg_entypo-fontello'><svg version=\"1.1\" xmlns=\"http:\/\/www.w3.org\/2000\/svg\" width=\"29\" height=\"32\" viewbox=\"0 0 29 32\" preserveaspectratio=\"xMidYMid meet\" aria-labelledby='av-svg-title-19' aria-describedby='av-svg-desc-19' role=\"graphics-symbol\" aria-hidden=\"true\">\n<title id='av-svg-title-19'>Ajouter au panier<\/title>\n<desc id='av-svg-desc-19'>Ajouter au panier<\/desc>\n<path d=\"M4.8 27.2q0-1.28 0.96-2.24t2.24-0.96q1.344 0 2.272 0.96t0.928 2.24q0 1.344-0.928 2.272t-2.272 0.928q-1.28 0-2.24-0.928t-0.96-2.272zM20.8 27.2q0-1.28 0.96-2.24t2.24-0.96q1.344 0 2.272 0.96t0.928 2.24q0 1.344-0.928 2.272t-2.272 0.928q-1.28 0-2.24-0.928t-0.96-2.272zM10.496 19.648q-1.152 0.32-1.088 0.736t1.408 0.416h17.984v2.432q0 0.64-0.64 0.64h-20.928q-0.64 0-0.64-0.64v-2.432l-0.32-1.472-3.136-14.528h-3.136v-2.56q0-0.64 0.64-0.64h4.992q0.64 0 0.64 0.64v2.752h22.528v8.768q0 0.704-0.576 0.832z\"><\/path>\n<\/svg><\/span>  Lire la suite<\/a>\t<span id=\"woocommerce_loop_add_to_cart_link_describedby_18484\" class=\"screen-reader-text\">\n\t\t\t<\/span>\n<a class=\"button show_details_button\" href=\"https:\/\/www.raffinessen.ch\/fr\/produit\/fermentierter-kampot-pfeffer-50-g\/\"><span class=\"avia-svg-icon avia-font-svg_entypo-fontello\" data-av_svg_icon='doc-text' data-av_iconset='svg_entypo-fontello'><svg version=\"1.1\" xmlns=\"http:\/\/www.w3.org\/2000\/svg\" width=\"22\" height=\"32\" viewbox=\"0 0 22 32\" preserveaspectratio=\"xMidYMid meet\" aria-labelledby='av-svg-title-20' aria-describedby='av-svg-desc-20' role=\"graphics-symbol\" aria-hidden=\"true\">\n<title id='av-svg-title-20'>Voir les d\u00e9tails<\/title>\n<desc id='av-svg-desc-20'>Voir les d\u00e9tails<\/desc>\n<path d=\"M6.784 17.344v-2.88h8.96v2.88h-8.96zM19.2 1.6q1.344 0 2.272 0.928t0.928 2.272v22.4q0 1.28-0.928 2.24t-2.272 0.96h-16q-1.28 0-2.24-0.96t-0.96-2.24v-22.4q0-1.344 0.96-2.272t2.24-0.928h16zM19.2 27.2v-22.4h-16v22.4h16zM15.68 8.256v2.816h-8.96v-2.816h8.96zM15.68 20.8v2.816h-8.96v-2.816h8.96z\"><\/path>\n<\/svg><\/span>  Voir les d\u00e9tails<\/a> <span class=\"button-mini-delimiter\"><\/span><\/div><\/div><\/li>\n<li class=\"product type-product post-8931 status-publish instock product_cat-grosse-nachfuellbeutel has-post-thumbnail taxable shipping-taxable purchasable product-type-simple yith-wcbm-product-has-badges\">\n\t<div class='inner_product main_color wrapped_style noLightbox  av-product-class-'><a href=\"https:\/\/www.raffinessen.ch\/fr\/produit\/baerner-sauz-nachfuellbeutel\/\" class=\"woocommerce-LoopProduct-link woocommerce-loop-product__link\"><div class=\"thumbnail_container\"><img loading=\"lazy\" decoding=\"async\" width=\"500\" height=\"500\" src=\"https:\/\/www.raffinessen.ch\/webseite\/wp-content\/uploads\/2021\/08\/raffinessen-baerner-sauz-beutel-500x500.jpg\" class=\"attachment-woocommerce_thumbnail avia-product-hover\" alt=\"\" srcset=\"https:\/\/www.raffinessen.ch\/webseite\/wp-content\/uploads\/2021\/08\/raffinessen-baerner-sauz-beutel-500x500.jpg 500w, https:\/\/www.raffinessen.ch\/webseite\/wp-content\/uploads\/2021\/08\/raffinessen-baerner-sauz-beutel-300x300.jpg 300w, https:\/\/www.raffinessen.ch\/webseite\/wp-content\/uploads\/2021\/08\/raffinessen-baerner-sauz-beutel-1030x1030.jpg 1030w, https:\/\/www.raffinessen.ch\/webseite\/wp-content\/uploads\/2021\/08\/raffinessen-baerner-sauz-beutel-80x80.jpg 80w, https:\/\/www.raffinessen.ch\/webseite\/wp-content\/uploads\/2021\/08\/raffinessen-baerner-sauz-beutel-768x768.jpg 768w, https:\/\/www.raffinessen.ch\/webseite\/wp-content\/uploads\/2021\/08\/raffinessen-baerner-sauz-beutel-1536x1536.jpg 1536w, https:\/\/www.raffinessen.ch\/webseite\/wp-content\/uploads\/2021\/08\/raffinessen-baerner-sauz-beutel-36x36.jpg 36w, https:\/\/www.raffinessen.ch\/webseite\/wp-content\/uploads\/2021\/08\/raffinessen-baerner-sauz-beutel-180x180.jpg 180w, https:\/\/www.raffinessen.ch\/webseite\/wp-content\/uploads\/2021\/08\/raffinessen-baerner-sauz-beutel-1500x1500.jpg 1500w, https:\/\/www.raffinessen.ch\/webseite\/wp-content\/uploads\/2021\/08\/raffinessen-baerner-sauz-beutel-705x705.jpg 705w, https:\/\/www.raffinessen.ch\/webseite\/wp-content\/uploads\/2021\/08\/raffinessen-baerner-sauz-beutel-100x100.jpg 100w, https:\/\/www.raffinessen.ch\/webseite\/wp-content\/uploads\/2021\/08\/raffinessen-baerner-sauz-beutel-1000x1000.jpg 1000w, https:\/\/www.raffinessen.ch\/webseite\/wp-content\/uploads\/2021\/08\/raffinessen-baerner-sauz-beutel.jpg 2000w\" sizes=\"auto, (max-width: 500px) 100vw, 500px\" \/><div class='container-image-and-badge'><img decoding=\"async\" loading=\"lazy\" width=\"500\" height=\"500\" src=\"https:\/\/www.raffinessen.ch\/webseite\/wp-content\/uploads\/2021\/08\/raffinessen-baerner-sauz-500x500.jpg\" class=\"wp-image-8935 avia-img-lazy-loading-8935 attachment-woocommerce_thumbnail size-woocommerce_thumbnail wp-post-image\" alt=\"\" srcset=\"https:\/\/www.raffinessen.ch\/webseite\/wp-content\/uploads\/2021\/08\/raffinessen-baerner-sauz-500x500.jpg 500w, https:\/\/www.raffinessen.ch\/webseite\/wp-content\/uploads\/2021\/08\/raffinessen-baerner-sauz-300x300.jpg 300w, https:\/\/www.raffinessen.ch\/webseite\/wp-content\/uploads\/2021\/08\/raffinessen-baerner-sauz-1030x1030.jpg 1030w, https:\/\/www.raffinessen.ch\/webseite\/wp-content\/uploads\/2021\/08\/raffinessen-baerner-sauz-80x80.jpg 80w, https:\/\/www.raffinessen.ch\/webseite\/wp-content\/uploads\/2021\/08\/raffinessen-baerner-sauz-768x768.jpg 768w, https:\/\/www.raffinessen.ch\/webseite\/wp-content\/uploads\/2021\/08\/raffinessen-baerner-sauz-1536x1536.jpg 1536w, https:\/\/www.raffinessen.ch\/webseite\/wp-content\/uploads\/2021\/08\/raffinessen-baerner-sauz-36x36.jpg 36w, https:\/\/www.raffinessen.ch\/webseite\/wp-content\/uploads\/2021\/08\/raffinessen-baerner-sauz-180x180.jpg 180w, https:\/\/www.raffinessen.ch\/webseite\/wp-content\/uploads\/2021\/08\/raffinessen-baerner-sauz-1500x1500.jpg 1500w, https:\/\/www.raffinessen.ch\/webseite\/wp-content\/uploads\/2021\/08\/raffinessen-baerner-sauz-705x705.jpg 705w, https:\/\/www.raffinessen.ch\/webseite\/wp-content\/uploads\/2021\/08\/raffinessen-baerner-sauz-100x100.jpg 100w, https:\/\/www.raffinessen.ch\/webseite\/wp-content\/uploads\/2021\/08\/raffinessen-baerner-sauz-1000x1000.jpg 1000w, https:\/\/www.raffinessen.ch\/webseite\/wp-content\/uploads\/2021\/08\/raffinessen-baerner-sauz.jpg 2000w\" sizes=\"auto, (max-width: 500px) 100vw, 500px\" \/>\n<div class='yith-wcbm-badge yith-wcbm-badge-5779 yith-wcbm-badge-text yith-wcbm-badge--on-product-8931 yith-wcbm-badge-text' data-position='{&quot;top&quot;:&quot;0&quot;,&quot;right&quot;:&quot;0&quot;,&quot;bottom&quot;:&quot;auto&quot;,&quot;left&quot;:&quot;auto&quot;}' data-transform=\"\">\n\t<div class='yith-wcbm-badge__wrap'>\n\t\t<div class=\"yith-wcbm-badge-text\"><div style=\"font-family: 'Open Sans', sans-serif;color:#ffffff\">NOUVEAU<\/div><\/div>\n\t<\/div>\n<\/div>\n<!--yith-wcbm-badge-->\n<\/div><!--container-image-and-badge--><span class=\"cart-loading\"><\/span><\/div><div class='inner_product_header'><div class='avia-arrow'><\/div><div class='inner_product_header_table'><div class='inner_product_header_cell'><h2 class=\"woocommerce-loop-product__title\">Sachet de recharge B\u00e4rner Sauz<\/h2>\n\t<span class=\"price\"><span class=\"woocommerce-Price-amount amount\"><bdi><span class=\"woocommerce-Price-currencySymbol\">&#67;&#72;&#70;<\/span>&nbsp;25.00<\/bdi><\/span> <small class=\"woocommerce-price-suffix\">TVA incluse<\/small><\/span>\n<\/div><\/div><\/div><\/a><div class='avia_cart_buttons'><a href=\"\/fr\/wp-json\/wp\/v2\/pages\/9012?add-to-cart=8931\" aria-describedby=\"woocommerce_loop_add_to_cart_link_describedby_8931\" data-quantity=\"1\" class=\"button product_type_simple add_to_cart_button ajax_add_to_cart\" data-product_id=\"8931\" data-product_sku=\"FPO-C0019-300\" aria-label=\"Ajouter au panier\u00a0: \u201cB\u00e4rner Sauz Nachf\u00fcllbeutel\u201d\" rel=\"nofollow\" data-success_message=\"\u00ab\u00a0B\u00e4rner Sauz Nachf\u00fcllbeutel\u00a0\u00bb a \u00e9t\u00e9 ajout\u00e9 \u00e0 votre panier\" role=\"button\" data-no-translation-aria-label=\"\" data-no-translation-data-success_message=\"\"><span class=\"avia-svg-icon avia-font-svg_entypo-fontello\" data-av_svg_icon='basket' data-av_iconset='svg_entypo-fontello'><svg version=\"1.1\" xmlns=\"http:\/\/www.w3.org\/2000\/svg\" width=\"29\" height=\"32\" viewbox=\"0 0 29 32\" preserveaspectratio=\"xMidYMid meet\" aria-labelledby='av-svg-title-21' aria-describedby='av-svg-desc-21' role=\"graphics-symbol\" aria-hidden=\"true\">\n<title id='av-svg-title-21'>Ajouter au panier<\/title>\n<desc id='av-svg-desc-21'>Ajouter au panier<\/desc>\n<path d=\"M4.8 27.2q0-1.28 0.96-2.24t2.24-0.96q1.344 0 2.272 0.96t0.928 2.24q0 1.344-0.928 2.272t-2.272 0.928q-1.28 0-2.24-0.928t-0.96-2.272zM20.8 27.2q0-1.28 0.96-2.24t2.24-0.96q1.344 0 2.272 0.96t0.928 2.24q0 1.344-0.928 2.272t-2.272 0.928q-1.28 0-2.24-0.928t-0.96-2.272zM10.496 19.648q-1.152 0.32-1.088 0.736t1.408 0.416h17.984v2.432q0 0.64-0.64 0.64h-20.928q-0.64 0-0.64-0.64v-2.432l-0.32-1.472-3.136-14.528h-3.136v-2.56q0-0.64 0.64-0.64h4.992q0.64 0 0.64 0.64v2.752h22.528v8.768q0 0.704-0.576 0.832z\"><\/path>\n<\/svg><\/span>  Ajouter au panier<\/a>\t<span id=\"woocommerce_loop_add_to_cart_link_describedby_8931\" class=\"screen-reader-text\">\n\t\t\t<\/span>\n<a class=\"button show_details_button\" href=\"https:\/\/www.raffinessen.ch\/fr\/produit\/baerner-sauz-nachfuellbeutel\/\"><span class=\"avia-svg-icon avia-font-svg_entypo-fontello\" data-av_svg_icon='doc-text' data-av_iconset='svg_entypo-fontello'><svg version=\"1.1\" xmlns=\"http:\/\/www.w3.org\/2000\/svg\" width=\"22\" height=\"32\" viewbox=\"0 0 22 32\" preserveaspectratio=\"xMidYMid meet\" aria-labelledby='av-svg-title-22' aria-describedby='av-svg-desc-22' role=\"graphics-symbol\" aria-hidden=\"true\">\n<title id='av-svg-title-22'>Voir les d\u00e9tails<\/title>\n<desc id='av-svg-desc-22'>Voir les d\u00e9tails<\/desc>\n<path d=\"M6.784 17.344v-2.88h8.96v2.88h-8.96zM19.2 1.6q1.344 0 2.272 0.928t0.928 2.272v22.4q0 1.28-0.928 2.24t-2.272 0.96h-16q-1.28 0-2.24-0.96t-0.96-2.24v-22.4q0-1.344 0.96-2.272t2.24-0.928h16zM19.2 27.2v-22.4h-16v22.4h16zM15.68 8.256v2.816h-8.96v-2.816h8.96zM15.68 20.8v2.816h-8.96v-2.816h8.96z\"><\/path>\n<\/svg><\/span>  Voir les d\u00e9tails<\/a> <span class=\"button-mini-delimiter\"><\/span><\/div><\/div><\/li>\n<li class=\"product type-product post-2809 status-publish last instock product_cat-bis-chf-30 product_cat-geschenksets has-post-thumbnail taxable shipping-taxable purchasable product-type-simple\">\n\t<div class='inner_product main_color wrapped_style noLightbox  av-product-class-'><a href=\"https:\/\/www.raffinessen.ch\/fr\/produit\/zwei-gewuerzmuehlen-mit-rotem-und-schwarzem-kampot-pfeffer\/\" class=\"woocommerce-LoopProduct-link woocommerce-loop-product__link\"><div class=\"thumbnail_container\"><img loading=\"lazy\" decoding=\"async\" width=\"500\" height=\"500\" src=\"https:\/\/www.raffinessen.ch\/webseite\/wp-content\/uploads\/2018\/12\/roter-schwarzer-kampot-pfeffer-500x500.jpg\" class=\"attachment-woocommerce_thumbnail avia-product-hover\" alt=\"\" srcset=\"https:\/\/www.raffinessen.ch\/webseite\/wp-content\/uploads\/2018\/12\/roter-schwarzer-kampot-pfeffer-500x500.jpg 500w, https:\/\/www.raffinessen.ch\/webseite\/wp-content\/uploads\/2018\/12\/roter-schwarzer-kampot-pfeffer-80x80.jpg 80w, https:\/\/www.raffinessen.ch\/webseite\/wp-content\/uploads\/2018\/12\/roter-schwarzer-kampot-pfeffer-300x300.jpg 300w, https:\/\/www.raffinessen.ch\/webseite\/wp-content\/uploads\/2018\/12\/roter-schwarzer-kampot-pfeffer-768x768.jpg 768w, https:\/\/www.raffinessen.ch\/webseite\/wp-content\/uploads\/2018\/12\/roter-schwarzer-kampot-pfeffer-1030x1030.jpg 1030w, https:\/\/www.raffinessen.ch\/webseite\/wp-content\/uploads\/2018\/12\/roter-schwarzer-kampot-pfeffer-36x36.jpg 36w, https:\/\/www.raffinessen.ch\/webseite\/wp-content\/uploads\/2018\/12\/roter-schwarzer-kampot-pfeffer-180x180.jpg 180w, https:\/\/www.raffinessen.ch\/webseite\/wp-content\/uploads\/2018\/12\/roter-schwarzer-kampot-pfeffer-1500x1500.jpg 1500w, https:\/\/www.raffinessen.ch\/webseite\/wp-content\/uploads\/2018\/12\/roter-schwarzer-kampot-pfeffer-705x705.jpg 705w, https:\/\/www.raffinessen.ch\/webseite\/wp-content\/uploads\/2018\/12\/roter-schwarzer-kampot-pfeffer-100x100.jpg 100w, https:\/\/www.raffinessen.ch\/webseite\/wp-content\/uploads\/2018\/12\/roter-schwarzer-kampot-pfeffer-1000x1000.jpg 1000w, https:\/\/www.raffinessen.ch\/webseite\/wp-content\/uploads\/2018\/12\/roter-schwarzer-kampot-pfeffer.jpg 2000w\" sizes=\"auto, (max-width: 500px) 100vw, 500px\" \/><img decoding=\"async\" loading=\"lazy\" width=\"500\" height=\"500\" src=\"https:\/\/www.raffinessen.ch\/webseite\/wp-content\/uploads\/2018\/12\/roter-schwarzer-kampot-pfeffer-muehle-500x500.jpg\" class=\"wp-image-3895 avia-img-lazy-loading-3895 attachment-woocommerce_thumbnail size-woocommerce_thumbnail wp-post-image\" alt=\"\" srcset=\"https:\/\/www.raffinessen.ch\/webseite\/wp-content\/uploads\/2018\/12\/roter-schwarzer-kampot-pfeffer-muehle-500x500.jpg 500w, https:\/\/www.raffinessen.ch\/webseite\/wp-content\/uploads\/2018\/12\/roter-schwarzer-kampot-pfeffer-muehle-80x80.jpg 80w, https:\/\/www.raffinessen.ch\/webseite\/wp-content\/uploads\/2018\/12\/roter-schwarzer-kampot-pfeffer-muehle-300x300.jpg 300w, https:\/\/www.raffinessen.ch\/webseite\/wp-content\/uploads\/2018\/12\/roter-schwarzer-kampot-pfeffer-muehle-768x768.jpg 768w, https:\/\/www.raffinessen.ch\/webseite\/wp-content\/uploads\/2018\/12\/roter-schwarzer-kampot-pfeffer-muehle-1030x1030.jpg 1030w, https:\/\/www.raffinessen.ch\/webseite\/wp-content\/uploads\/2018\/12\/roter-schwarzer-kampot-pfeffer-muehle-36x36.jpg 36w, https:\/\/www.raffinessen.ch\/webseite\/wp-content\/uploads\/2018\/12\/roter-schwarzer-kampot-pfeffer-muehle-180x180.jpg 180w, https:\/\/www.raffinessen.ch\/webseite\/wp-content\/uploads\/2018\/12\/roter-schwarzer-kampot-pfeffer-muehle-1500x1500.jpg 1500w, https:\/\/www.raffinessen.ch\/webseite\/wp-content\/uploads\/2018\/12\/roter-schwarzer-kampot-pfeffer-muehle-705x705.jpg 705w, https:\/\/www.raffinessen.ch\/webseite\/wp-content\/uploads\/2018\/12\/roter-schwarzer-kampot-pfeffer-muehle-100x100.jpg 100w, https:\/\/www.raffinessen.ch\/webseite\/wp-content\/uploads\/2018\/12\/roter-schwarzer-kampot-pfeffer-muehle-1000x1000.jpg 1000w, https:\/\/www.raffinessen.ch\/webseite\/wp-content\/uploads\/2018\/12\/roter-schwarzer-kampot-pfeffer-muehle.jpg 2000w\" sizes=\"auto, (max-width: 500px) 100vw, 500px\" \/><span class=\"cart-loading\"><\/span><\/div><div class='inner_product_header'><div class='avia-arrow'><\/div><div class='inner_product_header_table'><div class='inner_product_header_cell'><h2 class=\"woocommerce-loop-product__title\">SET - Deux moulins \u00e0 \u00e9pices avec poivre de Kampot rouge et noir<\/h2>\n\t<span class=\"price\"><span class=\"woocommerce-Price-amount amount\"><bdi><span class=\"woocommerce-Price-currencySymbol\">&#67;&#72;&#70;<\/span>&nbsp;24.00<\/bdi><\/span> <small class=\"woocommerce-price-suffix\">TVA incluse<\/small><\/span>\n<\/div><\/div><\/div><\/a><div class='avia_cart_buttons'><a href=\"\/fr\/wp-json\/wp\/v2\/pages\/9012?add-to-cart=2809\" aria-describedby=\"woocommerce_loop_add_to_cart_link_describedby_2809\" data-quantity=\"1\" class=\"button product_type_simple add_to_cart_button ajax_add_to_cart\" data-product_id=\"2809\" data-product_sku=\"GSO-019\" aria-label=\"Ajouter au panier\u00a0: \u201cSET - Zwei Gew\u00fcrzm\u00fchlen mit rotem und schwarzem Kampot Pfeffer\u201d\" rel=\"nofollow\" data-success_message=\"\u00ab\u00a0SET - Zwei Gew\u00fcrzm\u00fchlen mit rotem und schwarzem Kampot Pfeffer\u00a0\u00bb a \u00e9t\u00e9 ajout\u00e9 \u00e0 votre panier\" role=\"button\" data-no-translation-aria-label=\"\" data-no-translation-data-success_message=\"\"><span class=\"avia-svg-icon avia-font-svg_entypo-fontello\" data-av_svg_icon='basket' data-av_iconset='svg_entypo-fontello'><svg version=\"1.1\" xmlns=\"http:\/\/www.w3.org\/2000\/svg\" width=\"29\" height=\"32\" viewbox=\"0 0 29 32\" preserveaspectratio=\"xMidYMid meet\" aria-labelledby='av-svg-title-23' aria-describedby='av-svg-desc-23' role=\"graphics-symbol\" aria-hidden=\"true\">\n<title id='av-svg-title-23'>Ajouter au panier<\/title>\n<desc id='av-svg-desc-23'>Ajouter au panier<\/desc>\n<path d=\"M4.8 27.2q0-1.28 0.96-2.24t2.24-0.96q1.344 0 2.272 0.96t0.928 2.24q0 1.344-0.928 2.272t-2.272 0.928q-1.28 0-2.24-0.928t-0.96-2.272zM20.8 27.2q0-1.28 0.96-2.24t2.24-0.96q1.344 0 2.272 0.96t0.928 2.24q0 1.344-0.928 2.272t-2.272 0.928q-1.28 0-2.24-0.928t-0.96-2.272zM10.496 19.648q-1.152 0.32-1.088 0.736t1.408 0.416h17.984v2.432q0 0.64-0.64 0.64h-20.928q-0.64 0-0.64-0.64v-2.432l-0.32-1.472-3.136-14.528h-3.136v-2.56q0-0.64 0.64-0.64h4.992q0.64 0 0.64 0.64v2.752h22.528v8.768q0 0.704-0.576 0.832z\"><\/path>\n<\/svg><\/span>  Ajouter au panier<\/a>\t<span id=\"woocommerce_loop_add_to_cart_link_describedby_2809\" class=\"screen-reader-text\">\n\t\t\t<\/span>\n<a class=\"button show_details_button\" href=\"https:\/\/www.raffinessen.ch\/fr\/produit\/zwei-gewuerzmuehlen-mit-rotem-und-schwarzem-kampot-pfeffer\/\"><span class=\"avia-svg-icon avia-font-svg_entypo-fontello\" data-av_svg_icon='doc-text' data-av_iconset='svg_entypo-fontello'><svg version=\"1.1\" xmlns=\"http:\/\/www.w3.org\/2000\/svg\" width=\"22\" height=\"32\" viewbox=\"0 0 22 32\" preserveaspectratio=\"xMidYMid meet\" aria-labelledby='av-svg-title-24' aria-describedby='av-svg-desc-24' role=\"graphics-symbol\" aria-hidden=\"true\">\n<title id='av-svg-title-24'>Voir les d\u00e9tails<\/title>\n<desc id='av-svg-desc-24'>Voir les d\u00e9tails<\/desc>\n<path d=\"M6.784 17.344v-2.88h8.96v2.88h-8.96zM19.2 1.6q1.344 0 2.272 0.928t0.928 2.272v22.4q0 1.28-0.928 2.24t-2.272 0.96h-16q-1.28 0-2.24-0.96t-0.96-2.24v-22.4q0-1.344 0.96-2.272t2.24-0.928h16zM19.2 27.2v-22.4h-16v22.4h16zM15.68 8.256v2.816h-8.96v-2.816h8.96zM15.68 20.8v2.816h-8.96v-2.816h8.96z\"><\/path>\n<\/svg><\/span>  Voir les d\u00e9tails<\/a> <span class=\"button-mini-delimiter\"><\/span><\/div><\/div><\/li>\n<li class=\"product type-product post-2225 status-publish first instock product_cat-geschenksets has-post-thumbnail taxable shipping-taxable purchasable product-type-simple\">\n\t<div class='inner_product main_color wrapped_style noLightbox  av-product-class-'><a href=\"https:\/\/www.raffinessen.ch\/fr\/produit\/das-grosse-rote\/\" class=\"woocommerce-LoopProduct-link woocommerce-loop-product__link\"><div class=\"thumbnail_container\"><img loading=\"lazy\" decoding=\"async\" width=\"500\" height=\"500\" src=\"https:\/\/www.raffinessen.ch\/webseite\/wp-content\/uploads\/2018\/12\/roter-kampot-pfeffer-500x500.jpg\" class=\"attachment-woocommerce_thumbnail avia-product-hover\" alt=\"\" srcset=\"https:\/\/www.raffinessen.ch\/webseite\/wp-content\/uploads\/2018\/12\/roter-kampot-pfeffer-500x500.jpg 500w, https:\/\/www.raffinessen.ch\/webseite\/wp-content\/uploads\/2018\/12\/roter-kampot-pfeffer-80x80.jpg 80w, https:\/\/www.raffinessen.ch\/webseite\/wp-content\/uploads\/2018\/12\/roter-kampot-pfeffer-300x300.jpg 300w, https:\/\/www.raffinessen.ch\/webseite\/wp-content\/uploads\/2018\/12\/roter-kampot-pfeffer-768x768.jpg 768w, https:\/\/www.raffinessen.ch\/webseite\/wp-content\/uploads\/2018\/12\/roter-kampot-pfeffer-1030x1030.jpg 1030w, https:\/\/www.raffinessen.ch\/webseite\/wp-content\/uploads\/2018\/12\/roter-kampot-pfeffer-36x36.jpg 36w, https:\/\/www.raffinessen.ch\/webseite\/wp-content\/uploads\/2018\/12\/roter-kampot-pfeffer-180x180.jpg 180w, https:\/\/www.raffinessen.ch\/webseite\/wp-content\/uploads\/2018\/12\/roter-kampot-pfeffer-1500x1500.jpg 1500w, https:\/\/www.raffinessen.ch\/webseite\/wp-content\/uploads\/2018\/12\/roter-kampot-pfeffer-705x705.jpg 705w, https:\/\/www.raffinessen.ch\/webseite\/wp-content\/uploads\/2018\/12\/roter-kampot-pfeffer-100x100.jpg 100w, https:\/\/www.raffinessen.ch\/webseite\/wp-content\/uploads\/2018\/12\/roter-kampot-pfeffer-1000x1000.jpg 1000w, https:\/\/www.raffinessen.ch\/webseite\/wp-content\/uploads\/2018\/12\/roter-kampot-pfeffer.jpg 2000w\" sizes=\"auto, (max-width: 500px) 100vw, 500px\" \/><img decoding=\"async\" loading=\"lazy\" width=\"500\" height=\"500\" src=\"https:\/\/www.raffinessen.ch\/webseite\/wp-content\/uploads\/2017\/01\/set-gross-500x500.jpg\" class=\"wp-image-2215 avia-img-lazy-loading-2215 attachment-woocommerce_thumbnail size-woocommerce_thumbnail wp-post-image\" alt=\"\" srcset=\"https:\/\/www.raffinessen.ch\/webseite\/wp-content\/uploads\/2017\/01\/set-gross-500x500.jpg 500w, https:\/\/www.raffinessen.ch\/webseite\/wp-content\/uploads\/2017\/01\/set-gross-1000x1000.jpg 1000w, https:\/\/www.raffinessen.ch\/webseite\/wp-content\/uploads\/2017\/01\/set-gross-100x100.jpg 100w, https:\/\/www.raffinessen.ch\/webseite\/wp-content\/uploads\/2017\/01\/set-gross-80x80.jpg 80w, https:\/\/www.raffinessen.ch\/webseite\/wp-content\/uploads\/2017\/01\/set-gross-300x300.jpg 300w, https:\/\/www.raffinessen.ch\/webseite\/wp-content\/uploads\/2017\/01\/set-gross-768x768.jpg 768w, https:\/\/www.raffinessen.ch\/webseite\/wp-content\/uploads\/2017\/01\/set-gross-1030x1030.jpg 1030w, https:\/\/www.raffinessen.ch\/webseite\/wp-content\/uploads\/2017\/01\/set-gross-36x36.jpg 36w, https:\/\/www.raffinessen.ch\/webseite\/wp-content\/uploads\/2017\/01\/set-gross-180x180.jpg 180w, https:\/\/www.raffinessen.ch\/webseite\/wp-content\/uploads\/2017\/01\/set-gross-705x705.jpg 705w, https:\/\/www.raffinessen.ch\/webseite\/wp-content\/uploads\/2017\/01\/set-gross.jpg 1200w\" sizes=\"auto, (max-width: 500px) 100vw, 500px\" \/><span class=\"cart-loading\"><\/span><\/div><div class='inner_product_header'><div class='avia-arrow'><\/div><div class='inner_product_header_table'><div class='inner_product_header_cell'><h2 class=\"woocommerce-loop-product__title\">SET - Le grand rouge<\/h2>\n\t<span class=\"price\"><span class=\"woocommerce-Price-amount amount\"><bdi><span class=\"woocommerce-Price-currencySymbol\">&#67;&#72;&#70;<\/span>&nbsp;70.00<\/bdi><\/span> <small class=\"woocommerce-price-suffix\">TVA incluse<\/small><\/span>\n<\/div><\/div><\/div><\/a><div class='avia_cart_buttons'><a href=\"\/fr\/wp-json\/wp\/v2\/pages\/9012?add-to-cart=2225\" aria-describedby=\"woocommerce_loop_add_to_cart_link_describedby_2225\" data-quantity=\"1\" class=\"button product_type_simple add_to_cart_button ajax_add_to_cart\" data-product_id=\"2225\" data-product_sku=\"GSO-011\" aria-label=\"Ajouter au panier\u00a0: \u201cSET - Das grosse Rote\u201d\" rel=\"nofollow\" data-success_message=\"\u00ab\u00a0SET - Das grosse Rote\u00a0\u00bb a \u00e9t\u00e9 ajout\u00e9 \u00e0 votre panier\" role=\"button\" data-no-translation-aria-label=\"\" data-no-translation-data-success_message=\"\"><span class=\"avia-svg-icon avia-font-svg_entypo-fontello\" data-av_svg_icon='basket' data-av_iconset='svg_entypo-fontello'><svg version=\"1.1\" xmlns=\"http:\/\/www.w3.org\/2000\/svg\" width=\"29\" height=\"32\" viewbox=\"0 0 29 32\" preserveaspectratio=\"xMidYMid meet\" aria-labelledby='av-svg-title-25' aria-describedby='av-svg-desc-25' role=\"graphics-symbol\" aria-hidden=\"true\">\n<title id='av-svg-title-25'>Ajouter au panier<\/title>\n<desc id='av-svg-desc-25'>Ajouter au panier<\/desc>\n<path d=\"M4.8 27.2q0-1.28 0.96-2.24t2.24-0.96q1.344 0 2.272 0.96t0.928 2.24q0 1.344-0.928 2.272t-2.272 0.928q-1.28 0-2.24-0.928t-0.96-2.272zM20.8 27.2q0-1.28 0.96-2.24t2.24-0.96q1.344 0 2.272 0.96t0.928 2.24q0 1.344-0.928 2.272t-2.272 0.928q-1.28 0-2.24-0.928t-0.96-2.272zM10.496 19.648q-1.152 0.32-1.088 0.736t1.408 0.416h17.984v2.432q0 0.64-0.64 0.64h-20.928q-0.64 0-0.64-0.64v-2.432l-0.32-1.472-3.136-14.528h-3.136v-2.56q0-0.64 0.64-0.64h4.992q0.64 0 0.64 0.64v2.752h22.528v8.768q0 0.704-0.576 0.832z\"><\/path>\n<\/svg><\/span>  Ajouter au panier<\/a>\t<span id=\"woocommerce_loop_add_to_cart_link_describedby_2225\" class=\"screen-reader-text\">\n\t\t\t<\/span>\n<a class=\"button show_details_button\" href=\"https:\/\/www.raffinessen.ch\/fr\/produit\/das-grosse-rote\/\"><span class=\"avia-svg-icon avia-font-svg_entypo-fontello\" data-av_svg_icon='doc-text' data-av_iconset='svg_entypo-fontello'><svg version=\"1.1\" xmlns=\"http:\/\/www.w3.org\/2000\/svg\" width=\"22\" height=\"32\" viewbox=\"0 0 22 32\" preserveaspectratio=\"xMidYMid meet\" aria-labelledby='av-svg-title-26' aria-describedby='av-svg-desc-26' role=\"graphics-symbol\" aria-hidden=\"true\">\n<title id='av-svg-title-26'>Voir les d\u00e9tails<\/title>\n<desc id='av-svg-desc-26'>Voir les d\u00e9tails<\/desc>\n<path d=\"M6.784 17.344v-2.88h8.96v2.88h-8.96zM19.2 1.6q1.344 0 2.272 0.928t0.928 2.272v22.4q0 1.28-0.928 2.24t-2.272 0.96h-16q-1.28 0-2.24-0.96t-0.96-2.24v-22.4q0-1.344 0.96-2.272t2.24-0.928h16zM19.2 27.2v-22.4h-16v22.4h16zM15.68 8.256v2.816h-8.96v-2.816h8.96zM15.68 20.8v2.816h-8.96v-2.816h8.96z\"><\/path>\n<\/svg><\/span>  Voir les d\u00e9tails<\/a> <span class=\"button-mini-delimiter\"><\/span><\/div><\/div><\/li>\n<li class=\"product type-product post-2206 status-publish instock product_cat-bis-chf-30 product_cat-geschenksets has-post-thumbnail taxable shipping-taxable purchasable product-type-simple\">\n\t<div class='inner_product main_color wrapped_style noLightbox  av-product-class-'><a href=\"https:\/\/www.raffinessen.ch\/fr\/produit\/das-kleine-rote\/\" class=\"woocommerce-LoopProduct-link woocommerce-loop-product__link\"><div class=\"thumbnail_container\"><img loading=\"lazy\" decoding=\"async\" width=\"500\" height=\"500\" src=\"https:\/\/www.raffinessen.ch\/webseite\/wp-content\/uploads\/2018\/12\/roter-kampot-pfeffer-500x500.jpg\" class=\"attachment-woocommerce_thumbnail avia-product-hover\" alt=\"\" srcset=\"https:\/\/www.raffinessen.ch\/webseite\/wp-content\/uploads\/2018\/12\/roter-kampot-pfeffer-500x500.jpg 500w, https:\/\/www.raffinessen.ch\/webseite\/wp-content\/uploads\/2018\/12\/roter-kampot-pfeffer-80x80.jpg 80w, https:\/\/www.raffinessen.ch\/webseite\/wp-content\/uploads\/2018\/12\/roter-kampot-pfeffer-300x300.jpg 300w, https:\/\/www.raffinessen.ch\/webseite\/wp-content\/uploads\/2018\/12\/roter-kampot-pfeffer-768x768.jpg 768w, https:\/\/www.raffinessen.ch\/webseite\/wp-content\/uploads\/2018\/12\/roter-kampot-pfeffer-1030x1030.jpg 1030w, https:\/\/www.raffinessen.ch\/webseite\/wp-content\/uploads\/2018\/12\/roter-kampot-pfeffer-36x36.jpg 36w, https:\/\/www.raffinessen.ch\/webseite\/wp-content\/uploads\/2018\/12\/roter-kampot-pfeffer-180x180.jpg 180w, https:\/\/www.raffinessen.ch\/webseite\/wp-content\/uploads\/2018\/12\/roter-kampot-pfeffer-1500x1500.jpg 1500w, https:\/\/www.raffinessen.ch\/webseite\/wp-content\/uploads\/2018\/12\/roter-kampot-pfeffer-705x705.jpg 705w, https:\/\/www.raffinessen.ch\/webseite\/wp-content\/uploads\/2018\/12\/roter-kampot-pfeffer-100x100.jpg 100w, https:\/\/www.raffinessen.ch\/webseite\/wp-content\/uploads\/2018\/12\/roter-kampot-pfeffer-1000x1000.jpg 1000w, https:\/\/www.raffinessen.ch\/webseite\/wp-content\/uploads\/2018\/12\/roter-kampot-pfeffer.jpg 2000w\" sizes=\"auto, (max-width: 500px) 100vw, 500px\" \/><img decoding=\"async\" loading=\"lazy\" width=\"500\" height=\"500\" src=\"https:\/\/www.raffinessen.ch\/webseite\/wp-content\/uploads\/2017\/01\/set-klein-500x500.jpg\" class=\"wp-image-2217 avia-img-lazy-loading-2217 attachment-woocommerce_thumbnail size-woocommerce_thumbnail wp-post-image\" alt=\"\" srcset=\"https:\/\/www.raffinessen.ch\/webseite\/wp-content\/uploads\/2017\/01\/set-klein-500x500.jpg 500w, https:\/\/www.raffinessen.ch\/webseite\/wp-content\/uploads\/2017\/01\/set-klein-1000x1000.jpg 1000w, https:\/\/www.raffinessen.ch\/webseite\/wp-content\/uploads\/2017\/01\/set-klein-100x100.jpg 100w, https:\/\/www.raffinessen.ch\/webseite\/wp-content\/uploads\/2017\/01\/set-klein-80x80.jpg 80w, https:\/\/www.raffinessen.ch\/webseite\/wp-content\/uploads\/2017\/01\/set-klein-300x300.jpg 300w, https:\/\/www.raffinessen.ch\/webseite\/wp-content\/uploads\/2017\/01\/set-klein-768x768.jpg 768w, https:\/\/www.raffinessen.ch\/webseite\/wp-content\/uploads\/2017\/01\/set-klein-1030x1030.jpg 1030w, https:\/\/www.raffinessen.ch\/webseite\/wp-content\/uploads\/2017\/01\/set-klein-36x36.jpg 36w, https:\/\/www.raffinessen.ch\/webseite\/wp-content\/uploads\/2017\/01\/set-klein-180x180.jpg 180w, https:\/\/www.raffinessen.ch\/webseite\/wp-content\/uploads\/2017\/01\/set-klein-705x705.jpg 705w, https:\/\/www.raffinessen.ch\/webseite\/wp-content\/uploads\/2017\/01\/set-klein.jpg 1200w\" sizes=\"auto, (max-width: 500px) 100vw, 500px\" \/><span class=\"cart-loading\"><\/span><\/div><div class='inner_product_header'><div class='avia-arrow'><\/div><div class='inner_product_header_table'><div class='inner_product_header_cell'><h2 class=\"woocommerce-loop-product__title\">SET - Le petit rouge<\/h2>\n\t<span class=\"price\"><span class=\"woocommerce-Price-amount amount\"><bdi><span class=\"woocommerce-Price-currencySymbol\">&#67;&#72;&#70;<\/span>&nbsp;15.00<\/bdi><\/span> <small class=\"woocommerce-price-suffix\">TVA incluse<\/small><\/span>\n<\/div><\/div><\/div><\/a><div class='avia_cart_buttons'><a href=\"\/fr\/wp-json\/wp\/v2\/pages\/9012?add-to-cart=2206\" aria-describedby=\"woocommerce_loop_add_to_cart_link_describedby_2206\" data-quantity=\"1\" class=\"button product_type_simple add_to_cart_button ajax_add_to_cart\" data-product_id=\"2206\" data-product_sku=\"GSO-013\" aria-label=\"Ajouter au panier\u00a0: \u201cSET - Das kleine Rote\u201d\" rel=\"nofollow\" data-success_message=\"\u00ab\u00a0SET - Das kleine Rote\u00a0\u00bb a \u00e9t\u00e9 ajout\u00e9 \u00e0 votre panier\" role=\"button\" data-no-translation-aria-label=\"\" data-no-translation-data-success_message=\"\"><span class=\"avia-svg-icon avia-font-svg_entypo-fontello\" data-av_svg_icon='basket' data-av_iconset='svg_entypo-fontello'><svg version=\"1.1\" xmlns=\"http:\/\/www.w3.org\/2000\/svg\" width=\"29\" height=\"32\" viewbox=\"0 0 29 32\" preserveaspectratio=\"xMidYMid meet\" aria-labelledby='av-svg-title-27' aria-describedby='av-svg-desc-27' role=\"graphics-symbol\" aria-hidden=\"true\">\n<title id='av-svg-title-27'>Ajouter au panier<\/title>\n<desc id='av-svg-desc-27'>Ajouter au panier<\/desc>\n<path d=\"M4.8 27.2q0-1.28 0.96-2.24t2.24-0.96q1.344 0 2.272 0.96t0.928 2.24q0 1.344-0.928 2.272t-2.272 0.928q-1.28 0-2.24-0.928t-0.96-2.272zM20.8 27.2q0-1.28 0.96-2.24t2.24-0.96q1.344 0 2.272 0.96t0.928 2.24q0 1.344-0.928 2.272t-2.272 0.928q-1.28 0-2.24-0.928t-0.96-2.272zM10.496 19.648q-1.152 0.32-1.088 0.736t1.408 0.416h17.984v2.432q0 0.64-0.64 0.64h-20.928q-0.64 0-0.64-0.64v-2.432l-0.32-1.472-3.136-14.528h-3.136v-2.56q0-0.64 0.64-0.64h4.992q0.64 0 0.64 0.64v2.752h22.528v8.768q0 0.704-0.576 0.832z\"><\/path>\n<\/svg><\/span>  Ajouter au panier<\/a>\t<span id=\"woocommerce_loop_add_to_cart_link_describedby_2206\" class=\"screen-reader-text\">\n\t\t\t<\/span>\n<a class=\"button show_details_button\" href=\"https:\/\/www.raffinessen.ch\/fr\/produit\/das-kleine-rote\/\"><span class=\"avia-svg-icon avia-font-svg_entypo-fontello\" data-av_svg_icon='doc-text' data-av_iconset='svg_entypo-fontello'><svg version=\"1.1\" xmlns=\"http:\/\/www.w3.org\/2000\/svg\" width=\"22\" height=\"32\" viewbox=\"0 0 22 32\" preserveaspectratio=\"xMidYMid meet\" aria-labelledby='av-svg-title-28' aria-describedby='av-svg-desc-28' role=\"graphics-symbol\" aria-hidden=\"true\">\n<title id='av-svg-title-28'>Voir les d\u00e9tails<\/title>\n<desc id='av-svg-desc-28'>Voir les d\u00e9tails<\/desc>\n<path d=\"M6.784 17.344v-2.88h8.96v2.88h-8.96zM19.2 1.6q1.344 0 2.272 0.928t0.928 2.272v22.4q0 1.28-0.928 2.24t-2.272 0.96h-16q-1.28 0-2.24-0.96t-0.96-2.24v-22.4q0-1.344 0.96-2.272t2.24-0.928h16zM19.2 27.2v-22.4h-16v22.4h16zM15.68 8.256v2.816h-8.96v-2.816h8.96zM15.68 20.8v2.816h-8.96v-2.816h8.96z\"><\/path>\n<\/svg><\/span>  Voir les d\u00e9tails<\/a> <span class=\"button-mini-delimiter\"><\/span><\/div><\/div><\/li>\n<li class=\"product type-product post-6524 status-publish instock product_cat-gemahlen product_cat-gewuerz-mischungen has-post-thumbnail taxable shipping-taxable purchasable product-type-simple\">\n\t<div class='inner_product main_color wrapped_style noLightbox  av-product-class-'><a href=\"https:\/\/www.raffinessen.ch\/fr\/produit\/new-orleans\/\" class=\"woocommerce-LoopProduct-link woocommerce-loop-product__link\"><div class=\"thumbnail_container\"><img loading=\"lazy\" decoding=\"async\" width=\"500\" height=\"500\" src=\"https:\/\/www.raffinessen.ch\/webseite\/wp-content\/uploads\/2020\/07\/new-orleans-beutel-500x500.jpg\" class=\"attachment-woocommerce_thumbnail avia-product-hover\" alt=\"\" srcset=\"https:\/\/www.raffinessen.ch\/webseite\/wp-content\/uploads\/2020\/07\/new-orleans-beutel-500x500.jpg 500w, https:\/\/www.raffinessen.ch\/webseite\/wp-content\/uploads\/2020\/07\/new-orleans-beutel-300x300.jpg 300w, https:\/\/www.raffinessen.ch\/webseite\/wp-content\/uploads\/2020\/07\/new-orleans-beutel-1030x1030.jpg 1030w, https:\/\/www.raffinessen.ch\/webseite\/wp-content\/uploads\/2020\/07\/new-orleans-beutel-80x80.jpg 80w, https:\/\/www.raffinessen.ch\/webseite\/wp-content\/uploads\/2020\/07\/new-orleans-beutel-768x768.jpg 768w, https:\/\/www.raffinessen.ch\/webseite\/wp-content\/uploads\/2020\/07\/new-orleans-beutel-1536x1536.jpg 1536w, https:\/\/www.raffinessen.ch\/webseite\/wp-content\/uploads\/2020\/07\/new-orleans-beutel-36x36.jpg 36w, https:\/\/www.raffinessen.ch\/webseite\/wp-content\/uploads\/2020\/07\/new-orleans-beutel-180x180.jpg 180w, https:\/\/www.raffinessen.ch\/webseite\/wp-content\/uploads\/2020\/07\/new-orleans-beutel-1500x1500.jpg 1500w, https:\/\/www.raffinessen.ch\/webseite\/wp-content\/uploads\/2020\/07\/new-orleans-beutel-705x705.jpg 705w, https:\/\/www.raffinessen.ch\/webseite\/wp-content\/uploads\/2020\/07\/new-orleans-beutel-100x100.jpg 100w, https:\/\/www.raffinessen.ch\/webseite\/wp-content\/uploads\/2020\/07\/new-orleans-beutel-1000x1000.jpg 1000w, https:\/\/www.raffinessen.ch\/webseite\/wp-content\/uploads\/2020\/07\/new-orleans-beutel.jpg 2000w\" sizes=\"auto, (max-width: 500px) 100vw, 500px\" \/><img decoding=\"async\" loading=\"lazy\" width=\"500\" height=\"500\" src=\"https:\/\/www.raffinessen.ch\/webseite\/wp-content\/uploads\/2020\/03\/bbq-cajun-gewuerz-kreis-raffinessen-500x500.jpg\" class=\"wp-image-5127 avia-img-lazy-loading-5127 attachment-woocommerce_thumbnail size-woocommerce_thumbnail wp-post-image\" alt=\"\" srcset=\"https:\/\/www.raffinessen.ch\/webseite\/wp-content\/uploads\/2020\/03\/bbq-cajun-gewuerz-kreis-raffinessen-500x500.jpg 500w, https:\/\/www.raffinessen.ch\/webseite\/wp-content\/uploads\/2020\/03\/bbq-cajun-gewuerz-kreis-raffinessen-300x300.jpg 300w, https:\/\/www.raffinessen.ch\/webseite\/wp-content\/uploads\/2020\/03\/bbq-cajun-gewuerz-kreis-raffinessen-1030x1030.jpg 1030w, https:\/\/www.raffinessen.ch\/webseite\/wp-content\/uploads\/2020\/03\/bbq-cajun-gewuerz-kreis-raffinessen-80x80.jpg 80w, https:\/\/www.raffinessen.ch\/webseite\/wp-content\/uploads\/2020\/03\/bbq-cajun-gewuerz-kreis-raffinessen-768x768.jpg 768w, https:\/\/www.raffinessen.ch\/webseite\/wp-content\/uploads\/2020\/03\/bbq-cajun-gewuerz-kreis-raffinessen-1536x1536.jpg 1536w, https:\/\/www.raffinessen.ch\/webseite\/wp-content\/uploads\/2020\/03\/bbq-cajun-gewuerz-kreis-raffinessen-2048x2048.jpg 2048w, https:\/\/www.raffinessen.ch\/webseite\/wp-content\/uploads\/2020\/03\/bbq-cajun-gewuerz-kreis-raffinessen-36x36.jpg 36w, https:\/\/www.raffinessen.ch\/webseite\/wp-content\/uploads\/2020\/03\/bbq-cajun-gewuerz-kreis-raffinessen-180x180.jpg 180w, https:\/\/www.raffinessen.ch\/webseite\/wp-content\/uploads\/2020\/03\/bbq-cajun-gewuerz-kreis-raffinessen-1500x1500.jpg 1500w, https:\/\/www.raffinessen.ch\/webseite\/wp-content\/uploads\/2020\/03\/bbq-cajun-gewuerz-kreis-raffinessen-705x705.jpg 705w, https:\/\/www.raffinessen.ch\/webseite\/wp-content\/uploads\/2020\/03\/bbq-cajun-gewuerz-kreis-raffinessen-100x100.jpg 100w, https:\/\/www.raffinessen.ch\/webseite\/wp-content\/uploads\/2020\/03\/bbq-cajun-gewuerz-kreis-raffinessen-1000x1000.jpg 1000w\" sizes=\"auto, (max-width: 500px) 100vw, 500px\" \/><span class=\"cart-loading\"><\/span><\/div><div class='inner_product_header'><div class='avia-arrow'><\/div><div class='inner_product_header_table'><div class='inner_product_header_cell'><h2 class=\"woocommerce-loop-product__title\">New Orleans (pr\u00e9c\u00e9demment BBQ Cajun)<\/h2>\n\t<span class=\"price\"><span class=\"woocommerce-Price-amount amount\"><bdi><span class=\"woocommerce-Price-currencySymbol\">&#67;&#72;&#70;<\/span>&nbsp;6.00<\/bdi><\/span> <small class=\"woocommerce-price-suffix\">TVA incluse<\/small><\/span>\n<\/div><\/div><\/div><\/a><div class='avia_cart_buttons'><a href=\"\/fr\/wp-json\/wp\/v2\/pages\/9012?add-to-cart=6524\" aria-describedby=\"woocommerce_loop_add_to_cart_link_describedby_6524\" data-quantity=\"1\" class=\"button product_type_simple add_to_cart_button ajax_add_to_cart\" data-product_id=\"6524\" data-product_sku=\"FPO-S005-60\" aria-label=\"Ajouter au panier\u00a0: \u201cNew Orleans (bisher BBQ Cajun)\u201d\" rel=\"nofollow\" data-success_message=\"\u00ab\u00a0New Orleans (bisher BBQ Cajun)\u00a0\u00bb a \u00e9t\u00e9 ajout\u00e9 \u00e0 votre panier\" role=\"button\" data-no-translation-aria-label=\"\" data-no-translation-data-success_message=\"\"><span class=\"avia-svg-icon avia-font-svg_entypo-fontello\" data-av_svg_icon='basket' data-av_iconset='svg_entypo-fontello'><svg version=\"1.1\" xmlns=\"http:\/\/www.w3.org\/2000\/svg\" width=\"29\" height=\"32\" viewbox=\"0 0 29 32\" preserveaspectratio=\"xMidYMid meet\" aria-labelledby='av-svg-title-29' aria-describedby='av-svg-desc-29' role=\"graphics-symbol\" aria-hidden=\"true\">\n<title id='av-svg-title-29'>Ajouter au panier<\/title>\n<desc id='av-svg-desc-29'>Ajouter au panier<\/desc>\n<path d=\"M4.8 27.2q0-1.28 0.96-2.24t2.24-0.96q1.344 0 2.272 0.96t0.928 2.24q0 1.344-0.928 2.272t-2.272 0.928q-1.28 0-2.24-0.928t-0.96-2.272zM20.8 27.2q0-1.28 0.96-2.24t2.24-0.96q1.344 0 2.272 0.96t0.928 2.24q0 1.344-0.928 2.272t-2.272 0.928q-1.28 0-2.24-0.928t-0.96-2.272zM10.496 19.648q-1.152 0.32-1.088 0.736t1.408 0.416h17.984v2.432q0 0.64-0.64 0.64h-20.928q-0.64 0-0.64-0.64v-2.432l-0.32-1.472-3.136-14.528h-3.136v-2.56q0-0.64 0.64-0.64h4.992q0.64 0 0.64 0.64v2.752h22.528v8.768q0 0.704-0.576 0.832z\"><\/path>\n<\/svg><\/span>  Ajouter au panier<\/a>\t<span id=\"woocommerce_loop_add_to_cart_link_describedby_6524\" class=\"screen-reader-text\">\n\t\t\t<\/span>\n<a class=\"button show_details_button\" href=\"https:\/\/www.raffinessen.ch\/fr\/produit\/new-orleans\/\"><span class=\"avia-svg-icon avia-font-svg_entypo-fontello\" data-av_svg_icon='doc-text' data-av_iconset='svg_entypo-fontello'><svg version=\"1.1\" xmlns=\"http:\/\/www.w3.org\/2000\/svg\" width=\"22\" height=\"32\" viewbox=\"0 0 22 32\" preserveaspectratio=\"xMidYMid meet\" aria-labelledby='av-svg-title-30' aria-describedby='av-svg-desc-30' role=\"graphics-symbol\" aria-hidden=\"true\">\n<title id='av-svg-title-30'>Voir les d\u00e9tails<\/title>\n<desc id='av-svg-desc-30'>Voir les d\u00e9tails<\/desc>\n<path d=\"M6.784 17.344v-2.88h8.96v2.88h-8.96zM19.2 1.6q1.344 0 2.272 0.928t0.928 2.272v22.4q0 1.28-0.928 2.24t-2.272 0.96h-16q-1.28 0-2.24-0.96t-0.96-2.24v-22.4q0-1.344 0.96-2.272t2.24-0.928h16zM19.2 27.2v-22.4h-16v22.4h16zM15.68 8.256v2.816h-8.96v-2.816h8.96zM15.68 20.8v2.816h-8.96v-2.816h8.96z\"><\/path>\n<\/svg><\/span>  Voir les d\u00e9tails<\/a> <span class=\"button-mini-delimiter\"><\/span><\/div><\/div><\/li>\n<li class=\"product type-product post-4515 status-publish last instock product_cat-einzel-gewuerze product_cat-gewuerze-einzeln product_cat-unkategorisiert has-post-thumbnail taxable shipping-taxable purchasable product-type-simple\">\n\t<div class='inner_product main_color wrapped_style noLightbox  av-product-class-'><a href=\"https:\/\/www.raffinessen.ch\/fr\/produit\/wilder-palmzucker-aus-kampong-speu-60-g\/\" class=\"woocommerce-LoopProduct-link woocommerce-loop-product__link\"><div class=\"thumbnail_container\"><img loading=\"lazy\" decoding=\"async\" width=\"500\" height=\"500\" src=\"https:\/\/www.raffinessen.ch\/webseite\/wp-content\/uploads\/2019\/11\/raffinessen-palmzucker-kambodscha-verpackung-500x500.jpg\" class=\"attachment-woocommerce_thumbnail avia-product-hover\" alt=\"\" srcset=\"https:\/\/www.raffinessen.ch\/webseite\/wp-content\/uploads\/2019\/11\/raffinessen-palmzucker-kambodscha-verpackung-500x500.jpg 500w, https:\/\/www.raffinessen.ch\/webseite\/wp-content\/uploads\/2019\/11\/raffinessen-palmzucker-kambodscha-verpackung-80x80.jpg 80w, https:\/\/www.raffinessen.ch\/webseite\/wp-content\/uploads\/2019\/11\/raffinessen-palmzucker-kambodscha-verpackung-300x300.jpg 300w, https:\/\/www.raffinessen.ch\/webseite\/wp-content\/uploads\/2019\/11\/raffinessen-palmzucker-kambodscha-verpackung-768x768.jpg 768w, https:\/\/www.raffinessen.ch\/webseite\/wp-content\/uploads\/2019\/11\/raffinessen-palmzucker-kambodscha-verpackung-1030x1030.jpg 1030w, https:\/\/www.raffinessen.ch\/webseite\/wp-content\/uploads\/2019\/11\/raffinessen-palmzucker-kambodscha-verpackung-36x36.jpg 36w, https:\/\/www.raffinessen.ch\/webseite\/wp-content\/uploads\/2019\/11\/raffinessen-palmzucker-kambodscha-verpackung-180x180.jpg 180w, https:\/\/www.raffinessen.ch\/webseite\/wp-content\/uploads\/2019\/11\/raffinessen-palmzucker-kambodscha-verpackung-1500x1500.jpg 1500w, https:\/\/www.raffinessen.ch\/webseite\/wp-content\/uploads\/2019\/11\/raffinessen-palmzucker-kambodscha-verpackung-705x705.jpg 705w, https:\/\/www.raffinessen.ch\/webseite\/wp-content\/uploads\/2019\/11\/raffinessen-palmzucker-kambodscha-verpackung-100x100.jpg 100w, https:\/\/www.raffinessen.ch\/webseite\/wp-content\/uploads\/2019\/11\/raffinessen-palmzucker-kambodscha-verpackung-1000x1000.jpg 1000w, https:\/\/www.raffinessen.ch\/webseite\/wp-content\/uploads\/2019\/11\/raffinessen-palmzucker-kambodscha-verpackung.jpg 2000w\" sizes=\"auto, (max-width: 500px) 100vw, 500px\" \/><img decoding=\"async\" loading=\"lazy\" width=\"500\" height=\"500\" src=\"https:\/\/www.raffinessen.ch\/webseite\/wp-content\/uploads\/2019\/11\/raffinessen-palmzucker-kambodscha-500x500.jpg\" class=\"wp-image-4504 avia-img-lazy-loading-4504 attachment-woocommerce_thumbnail size-woocommerce_thumbnail wp-post-image\" alt=\"\" srcset=\"https:\/\/www.raffinessen.ch\/webseite\/wp-content\/uploads\/2019\/11\/raffinessen-palmzucker-kambodscha-500x500.jpg 500w, https:\/\/www.raffinessen.ch\/webseite\/wp-content\/uploads\/2019\/11\/raffinessen-palmzucker-kambodscha-80x80.jpg 80w, https:\/\/www.raffinessen.ch\/webseite\/wp-content\/uploads\/2019\/11\/raffinessen-palmzucker-kambodscha-300x300.jpg 300w, https:\/\/www.raffinessen.ch\/webseite\/wp-content\/uploads\/2019\/11\/raffinessen-palmzucker-kambodscha-768x768.jpg 768w, https:\/\/www.raffinessen.ch\/webseite\/wp-content\/uploads\/2019\/11\/raffinessen-palmzucker-kambodscha-1030x1030.jpg 1030w, https:\/\/www.raffinessen.ch\/webseite\/wp-content\/uploads\/2019\/11\/raffinessen-palmzucker-kambodscha-36x36.jpg 36w, https:\/\/www.raffinessen.ch\/webseite\/wp-content\/uploads\/2019\/11\/raffinessen-palmzucker-kambodscha-180x180.jpg 180w, https:\/\/www.raffinessen.ch\/webseite\/wp-content\/uploads\/2019\/11\/raffinessen-palmzucker-kambodscha-1500x1500.jpg 1500w, https:\/\/www.raffinessen.ch\/webseite\/wp-content\/uploads\/2019\/11\/raffinessen-palmzucker-kambodscha-705x705.jpg 705w, https:\/\/www.raffinessen.ch\/webseite\/wp-content\/uploads\/2019\/11\/raffinessen-palmzucker-kambodscha-100x100.jpg 100w, https:\/\/www.raffinessen.ch\/webseite\/wp-content\/uploads\/2019\/11\/raffinessen-palmzucker-kambodscha-1000x1000.jpg 1000w, https:\/\/www.raffinessen.ch\/webseite\/wp-content\/uploads\/2019\/11\/raffinessen-palmzucker-kambodscha.jpg 2000w\" sizes=\"auto, (max-width: 500px) 100vw, 500px\" \/><span class=\"cart-loading\"><\/span><\/div><div class='inner_product_header'><div class='avia-arrow'><\/div><div class='inner_product_header_table'><div class='inner_product_header_cell'><h2 class=\"woocommerce-loop-product__title\">Sucre de palme sauvage de Kampong Speu (60 g)<\/h2>\n\t<span class=\"price\"><span class=\"woocommerce-Price-amount amount\"><bdi><span class=\"woocommerce-Price-currencySymbol\">&#67;&#72;&#70;<\/span>&nbsp;4.00<\/bdi><\/span> <small class=\"woocommerce-price-suffix\">TVA incluse<\/small><\/span>\n<\/div><\/div><\/div><\/a><div class='avia_cart_buttons'><a href=\"\/fr\/wp-json\/wp\/v2\/pages\/9012?add-to-cart=4515\" aria-describedby=\"woocommerce_loop_add_to_cart_link_describedby_4515\" data-quantity=\"1\" class=\"button product_type_simple add_to_cart_button ajax_add_to_cart\" data-product_id=\"4515\" data-product_sku=\"FPO-R0048-60\" aria-label=\"Ajouter au panier\u00a0: \u201cWilder Palmzucker aus Kampong Speu (60 g)\u201d\" rel=\"nofollow\" data-success_message=\"\u00ab\u00a0Wilder Palmzucker aus Kampong Speu (60 g)\u00a0\u00bb a \u00e9t\u00e9 ajout\u00e9 \u00e0 votre panier\" role=\"button\" data-no-translation-aria-label=\"\" data-no-translation-data-success_message=\"\"><span class=\"avia-svg-icon avia-font-svg_entypo-fontello\" data-av_svg_icon='basket' data-av_iconset='svg_entypo-fontello'><svg version=\"1.1\" xmlns=\"http:\/\/www.w3.org\/2000\/svg\" width=\"29\" height=\"32\" viewbox=\"0 0 29 32\" preserveaspectratio=\"xMidYMid meet\" aria-labelledby='av-svg-title-31' aria-describedby='av-svg-desc-31' role=\"graphics-symbol\" aria-hidden=\"true\">\n<title id='av-svg-title-31'>Ajouter au panier<\/title>\n<desc id='av-svg-desc-31'>Ajouter au panier<\/desc>\n<path d=\"M4.8 27.2q0-1.28 0.96-2.24t2.24-0.96q1.344 0 2.272 0.96t0.928 2.24q0 1.344-0.928 2.272t-2.272 0.928q-1.28 0-2.24-0.928t-0.96-2.272zM20.8 27.2q0-1.28 0.96-2.24t2.24-0.96q1.344 0 2.272 0.96t0.928 2.24q0 1.344-0.928 2.272t-2.272 0.928q-1.28 0-2.24-0.928t-0.96-2.272zM10.496 19.648q-1.152 0.32-1.088 0.736t1.408 0.416h17.984v2.432q0 0.64-0.64 0.64h-20.928q-0.64 0-0.64-0.64v-2.432l-0.32-1.472-3.136-14.528h-3.136v-2.56q0-0.64 0.64-0.64h4.992q0.64 0 0.64 0.64v2.752h22.528v8.768q0 0.704-0.576 0.832z\"><\/path>\n<\/svg><\/span>  Ajouter au panier<\/a>\t<span id=\"woocommerce_loop_add_to_cart_link_describedby_4515\" class=\"screen-reader-text\">\n\t\t\t<\/span>\n<a class=\"button show_details_button\" href=\"https:\/\/www.raffinessen.ch\/fr\/produit\/wilder-palmzucker-aus-kampong-speu-60-g\/\"><span class=\"avia-svg-icon avia-font-svg_entypo-fontello\" data-av_svg_icon='doc-text' data-av_iconset='svg_entypo-fontello'><svg version=\"1.1\" xmlns=\"http:\/\/www.w3.org\/2000\/svg\" width=\"22\" height=\"32\" viewbox=\"0 0 22 32\" preserveaspectratio=\"xMidYMid meet\" aria-labelledby='av-svg-title-32' aria-describedby='av-svg-desc-32' role=\"graphics-symbol\" aria-hidden=\"true\">\n<title id='av-svg-title-32'>Voir les d\u00e9tails<\/title>\n<desc id='av-svg-desc-32'>Voir les d\u00e9tails<\/desc>\n<path d=\"M6.784 17.344v-2.88h8.96v2.88h-8.96zM19.2 1.6q1.344 0 2.272 0.928t0.928 2.272v22.4q0 1.28-0.928 2.24t-2.272 0.96h-16q-1.28 0-2.24-0.96t-0.96-2.24v-22.4q0-1.344 0.96-2.272t2.24-0.928h16zM19.2 27.2v-22.4h-16v22.4h16zM15.68 8.256v2.816h-8.96v-2.816h8.96zM15.68 20.8v2.816h-8.96v-2.816h8.96z\"><\/path>\n<\/svg><\/span>  Voir les d\u00e9tails<\/a> <span class=\"button-mini-delimiter\"><\/span><\/div><\/div><\/li>\n<li class=\"product type-product post-6526 status-publish first instock product_cat-gemahlen product_cat-gewuerz-mischungen has-post-thumbnail taxable shipping-taxable purchasable product-type-simple\">\n\t<div class='inner_product main_color wrapped_style noLightbox  av-product-class-'><a href=\"https:\/\/www.raffinessen.ch\/fr\/produit\/st-louis\/\" class=\"woocommerce-LoopProduct-link woocommerce-loop-product__link\"><div class=\"thumbnail_container\"><img loading=\"lazy\" decoding=\"async\" width=\"500\" height=\"500\" src=\"https:\/\/www.raffinessen.ch\/webseite\/wp-content\/uploads\/2020\/07\/st-louis-beutel-500x500.jpg\" class=\"attachment-woocommerce_thumbnail avia-product-hover\" alt=\"\" srcset=\"https:\/\/www.raffinessen.ch\/webseite\/wp-content\/uploads\/2020\/07\/st-louis-beutel-500x500.jpg 500w, https:\/\/www.raffinessen.ch\/webseite\/wp-content\/uploads\/2020\/07\/st-louis-beutel-300x300.jpg 300w, https:\/\/www.raffinessen.ch\/webseite\/wp-content\/uploads\/2020\/07\/st-louis-beutel-1030x1030.jpg 1030w, https:\/\/www.raffinessen.ch\/webseite\/wp-content\/uploads\/2020\/07\/st-louis-beutel-80x80.jpg 80w, https:\/\/www.raffinessen.ch\/webseite\/wp-content\/uploads\/2020\/07\/st-louis-beutel-768x768.jpg 768w, https:\/\/www.raffinessen.ch\/webseite\/wp-content\/uploads\/2020\/07\/st-louis-beutel-1536x1536.jpg 1536w, https:\/\/www.raffinessen.ch\/webseite\/wp-content\/uploads\/2020\/07\/st-louis-beutel-36x36.jpg 36w, https:\/\/www.raffinessen.ch\/webseite\/wp-content\/uploads\/2020\/07\/st-louis-beutel-180x180.jpg 180w, https:\/\/www.raffinessen.ch\/webseite\/wp-content\/uploads\/2020\/07\/st-louis-beutel-1500x1500.jpg 1500w, https:\/\/www.raffinessen.ch\/webseite\/wp-content\/uploads\/2020\/07\/st-louis-beutel-705x705.jpg 705w, https:\/\/www.raffinessen.ch\/webseite\/wp-content\/uploads\/2020\/07\/st-louis-beutel-100x100.jpg 100w, https:\/\/www.raffinessen.ch\/webseite\/wp-content\/uploads\/2020\/07\/st-louis-beutel-1000x1000.jpg 1000w, https:\/\/www.raffinessen.ch\/webseite\/wp-content\/uploads\/2020\/07\/st-louis-beutel.jpg 2000w\" sizes=\"auto, (max-width: 500px) 100vw, 500px\" \/><img decoding=\"async\" loading=\"lazy\" width=\"500\" height=\"500\" src=\"https:\/\/www.raffinessen.ch\/webseite\/wp-content\/uploads\/2020\/03\/bbq-kentucky-gewuerz-kreis-raffinessen-500x500.jpg\" class=\"wp-image-5128 avia-img-lazy-loading-5128 attachment-woocommerce_thumbnail size-woocommerce_thumbnail wp-post-image\" alt=\"\" srcset=\"https:\/\/www.raffinessen.ch\/webseite\/wp-content\/uploads\/2020\/03\/bbq-kentucky-gewuerz-kreis-raffinessen-500x500.jpg 500w, https:\/\/www.raffinessen.ch\/webseite\/wp-content\/uploads\/2020\/03\/bbq-kentucky-gewuerz-kreis-raffinessen-300x300.jpg 300w, https:\/\/www.raffinessen.ch\/webseite\/wp-content\/uploads\/2020\/03\/bbq-kentucky-gewuerz-kreis-raffinessen-1030x1030.jpg 1030w, https:\/\/www.raffinessen.ch\/webseite\/wp-content\/uploads\/2020\/03\/bbq-kentucky-gewuerz-kreis-raffinessen-80x80.jpg 80w, https:\/\/www.raffinessen.ch\/webseite\/wp-content\/uploads\/2020\/03\/bbq-kentucky-gewuerz-kreis-raffinessen-768x768.jpg 768w, https:\/\/www.raffinessen.ch\/webseite\/wp-content\/uploads\/2020\/03\/bbq-kentucky-gewuerz-kreis-raffinessen-1536x1536.jpg 1536w, https:\/\/www.raffinessen.ch\/webseite\/wp-content\/uploads\/2020\/03\/bbq-kentucky-gewuerz-kreis-raffinessen-2048x2048.jpg 2048w, https:\/\/www.raffinessen.ch\/webseite\/wp-content\/uploads\/2020\/03\/bbq-kentucky-gewuerz-kreis-raffinessen-36x36.jpg 36w, https:\/\/www.raffinessen.ch\/webseite\/wp-content\/uploads\/2020\/03\/bbq-kentucky-gewuerz-kreis-raffinessen-180x180.jpg 180w, https:\/\/www.raffinessen.ch\/webseite\/wp-content\/uploads\/2020\/03\/bbq-kentucky-gewuerz-kreis-raffinessen-1500x1500.jpg 1500w, https:\/\/www.raffinessen.ch\/webseite\/wp-content\/uploads\/2020\/03\/bbq-kentucky-gewuerz-kreis-raffinessen-705x705.jpg 705w, https:\/\/www.raffinessen.ch\/webseite\/wp-content\/uploads\/2020\/03\/bbq-kentucky-gewuerz-kreis-raffinessen-100x100.jpg 100w, https:\/\/www.raffinessen.ch\/webseite\/wp-content\/uploads\/2020\/03\/bbq-kentucky-gewuerz-kreis-raffinessen-1000x1000.jpg 1000w\" sizes=\"auto, (max-width: 500px) 100vw, 500px\" \/><span class=\"cart-loading\"><\/span><\/div><div class='inner_product_header'><div class='avia-arrow'><\/div><div class='inner_product_header_table'><div class='inner_product_header_cell'><h2 class=\"woocommerce-loop-product__title\">St. Louis (anciennement BBQ Kentucky)<\/h2>\n\t<span class=\"price\"><span class=\"woocommerce-Price-amount amount\"><bdi><span class=\"woocommerce-Price-currencySymbol\">&#67;&#72;&#70;<\/span>&nbsp;6.00<\/bdi><\/span> <small class=\"woocommerce-price-suffix\">TVA incluse<\/small><\/span>\n<\/div><\/div><\/div><\/a><div class='avia_cart_buttons'><a href=\"\/fr\/wp-json\/wp\/v2\/pages\/9012?add-to-cart=6526\" aria-describedby=\"woocommerce_loop_add_to_cart_link_describedby_6526\" data-quantity=\"1\" class=\"button product_type_simple add_to_cart_button ajax_add_to_cart\" data-product_id=\"6526\" data-product_sku=\"FPO-S007-60\" aria-label=\"Ajouter au panier\u00a0: \u201cSt. Louis (bisher BBQ Kentucky)\u201d\" rel=\"nofollow\" data-success_message=\"\u00ab\u00a0St. Louis (bisher BBQ Kentucky)\u00a0\u00bb a \u00e9t\u00e9 ajout\u00e9 \u00e0 votre panier\" role=\"button\" data-no-translation-aria-label=\"\" data-no-translation-data-success_message=\"\"><span class=\"avia-svg-icon avia-font-svg_entypo-fontello\" data-av_svg_icon='basket' data-av_iconset='svg_entypo-fontello'><svg version=\"1.1\" xmlns=\"http:\/\/www.w3.org\/2000\/svg\" width=\"29\" height=\"32\" viewbox=\"0 0 29 32\" preserveaspectratio=\"xMidYMid meet\" aria-labelledby='av-svg-title-33' aria-describedby='av-svg-desc-33' role=\"graphics-symbol\" aria-hidden=\"true\">\n<title id='av-svg-title-33'>Ajouter au panier<\/title>\n<desc id='av-svg-desc-33'>Ajouter au panier<\/desc>\n<path d=\"M4.8 27.2q0-1.28 0.96-2.24t2.24-0.96q1.344 0 2.272 0.96t0.928 2.24q0 1.344-0.928 2.272t-2.272 0.928q-1.28 0-2.24-0.928t-0.96-2.272zM20.8 27.2q0-1.28 0.96-2.24t2.24-0.96q1.344 0 2.272 0.96t0.928 2.24q0 1.344-0.928 2.272t-2.272 0.928q-1.28 0-2.24-0.928t-0.96-2.272zM10.496 19.648q-1.152 0.32-1.088 0.736t1.408 0.416h17.984v2.432q0 0.64-0.64 0.64h-20.928q-0.64 0-0.64-0.64v-2.432l-0.32-1.472-3.136-14.528h-3.136v-2.56q0-0.64 0.64-0.64h4.992q0.64 0 0.64 0.64v2.752h22.528v8.768q0 0.704-0.576 0.832z\"><\/path>\n<\/svg><\/span>  Ajouter au panier<\/a>\t<span id=\"woocommerce_loop_add_to_cart_link_describedby_6526\" class=\"screen-reader-text\">\n\t\t\t<\/span>\n<a class=\"button show_details_button\" href=\"https:\/\/www.raffinessen.ch\/fr\/produit\/st-louis\/\"><span class=\"avia-svg-icon avia-font-svg_entypo-fontello\" data-av_svg_icon='doc-text' data-av_iconset='svg_entypo-fontello'><svg version=\"1.1\" xmlns=\"http:\/\/www.w3.org\/2000\/svg\" width=\"22\" height=\"32\" viewbox=\"0 0 22 32\" preserveaspectratio=\"xMidYMid meet\" aria-labelledby='av-svg-title-34' aria-describedby='av-svg-desc-34' role=\"graphics-symbol\" aria-hidden=\"true\">\n<title id='av-svg-title-34'>Voir les d\u00e9tails<\/title>\n<desc id='av-svg-desc-34'>Voir les d\u00e9tails<\/desc>\n<path d=\"M6.784 17.344v-2.88h8.96v2.88h-8.96zM19.2 1.6q1.344 0 2.272 0.928t0.928 2.272v22.4q0 1.28-0.928 2.24t-2.272 0.96h-16q-1.28 0-2.24-0.96t-0.96-2.24v-22.4q0-1.344 0.96-2.272t2.24-0.928h16zM19.2 27.2v-22.4h-16v22.4h16zM15.68 8.256v2.816h-8.96v-2.816h8.96zM15.68 20.8v2.816h-8.96v-2.816h8.96z\"><\/path>\n<\/svg><\/span>  Voir les d\u00e9tails<\/a> <span class=\"button-mini-delimiter\"><\/span><\/div><\/div><\/li>\n<li class=\"product type-product post-1880 status-publish instock product_cat-einzel-gewuerze product_cat-gewuerze-einzeln product_cat-unkategorisiert has-post-thumbnail taxable shipping-taxable purchasable product-type-simple\">\n\t<div class='inner_product main_color wrapped_style noLightbox  av-product-class-'><a href=\"https:\/\/www.raffinessen.ch\/fr\/produit\/probier-set-roter-kampot-pfeffer-50\/\" class=\"woocommerce-LoopProduct-link woocommerce-loop-product__link\"><div class=\"thumbnail_container\"><img loading=\"lazy\" decoding=\"async\" width=\"500\" height=\"500\" src=\"https:\/\/www.raffinessen.ch\/webseite\/wp-content\/uploads\/2016\/10\/roter-kampot-pfeffer-beutel-500x500.jpg\" class=\"attachment-woocommerce_thumbnail avia-product-hover\" alt=\"\" srcset=\"https:\/\/www.raffinessen.ch\/webseite\/wp-content\/uploads\/2016\/10\/roter-kampot-pfeffer-beutel-500x500.jpg 500w, https:\/\/www.raffinessen.ch\/webseite\/wp-content\/uploads\/2016\/10\/roter-kampot-pfeffer-beutel-80x80.jpg 80w, https:\/\/www.raffinessen.ch\/webseite\/wp-content\/uploads\/2016\/10\/roter-kampot-pfeffer-beutel-300x300.jpg 300w, https:\/\/www.raffinessen.ch\/webseite\/wp-content\/uploads\/2016\/10\/roter-kampot-pfeffer-beutel-768x768.jpg 768w, https:\/\/www.raffinessen.ch\/webseite\/wp-content\/uploads\/2016\/10\/roter-kampot-pfeffer-beutel-1030x1030.jpg 1030w, https:\/\/www.raffinessen.ch\/webseite\/wp-content\/uploads\/2016\/10\/roter-kampot-pfeffer-beutel-36x36.jpg 36w, https:\/\/www.raffinessen.ch\/webseite\/wp-content\/uploads\/2016\/10\/roter-kampot-pfeffer-beutel-180x180.jpg 180w, https:\/\/www.raffinessen.ch\/webseite\/wp-content\/uploads\/2016\/10\/roter-kampot-pfeffer-beutel-1500x1500.jpg 1500w, https:\/\/www.raffinessen.ch\/webseite\/wp-content\/uploads\/2016\/10\/roter-kampot-pfeffer-beutel-705x705.jpg 705w, https:\/\/www.raffinessen.ch\/webseite\/wp-content\/uploads\/2016\/10\/roter-kampot-pfeffer-beutel-100x100.jpg 100w, https:\/\/www.raffinessen.ch\/webseite\/wp-content\/uploads\/2016\/10\/roter-kampot-pfeffer-beutel-1000x1000.jpg 1000w, https:\/\/www.raffinessen.ch\/webseite\/wp-content\/uploads\/2016\/10\/roter-kampot-pfeffer-beutel.jpg 2000w\" sizes=\"auto, (max-width: 500px) 100vw, 500px\" \/><img decoding=\"async\" loading=\"lazy\" width=\"500\" height=\"500\" src=\"https:\/\/www.raffinessen.ch\/webseite\/wp-content\/uploads\/2018\/12\/roter-kampot-pfeffer-500x500.jpg\" class=\"wp-image-3806 avia-img-lazy-loading-3806 attachment-woocommerce_thumbnail size-woocommerce_thumbnail wp-post-image\" alt=\"\" srcset=\"https:\/\/www.raffinessen.ch\/webseite\/wp-content\/uploads\/2018\/12\/roter-kampot-pfeffer-500x500.jpg 500w, https:\/\/www.raffinessen.ch\/webseite\/wp-content\/uploads\/2018\/12\/roter-kampot-pfeffer-80x80.jpg 80w, https:\/\/www.raffinessen.ch\/webseite\/wp-content\/uploads\/2018\/12\/roter-kampot-pfeffer-300x300.jpg 300w, https:\/\/www.raffinessen.ch\/webseite\/wp-content\/uploads\/2018\/12\/roter-kampot-pfeffer-768x768.jpg 768w, https:\/\/www.raffinessen.ch\/webseite\/wp-content\/uploads\/2018\/12\/roter-kampot-pfeffer-1030x1030.jpg 1030w, https:\/\/www.raffinessen.ch\/webseite\/wp-content\/uploads\/2018\/12\/roter-kampot-pfeffer-36x36.jpg 36w, https:\/\/www.raffinessen.ch\/webseite\/wp-content\/uploads\/2018\/12\/roter-kampot-pfeffer-180x180.jpg 180w, https:\/\/www.raffinessen.ch\/webseite\/wp-content\/uploads\/2018\/12\/roter-kampot-pfeffer-1500x1500.jpg 1500w, https:\/\/www.raffinessen.ch\/webseite\/wp-content\/uploads\/2018\/12\/roter-kampot-pfeffer-705x705.jpg 705w, https:\/\/www.raffinessen.ch\/webseite\/wp-content\/uploads\/2018\/12\/roter-kampot-pfeffer-100x100.jpg 100w, https:\/\/www.raffinessen.ch\/webseite\/wp-content\/uploads\/2018\/12\/roter-kampot-pfeffer-1000x1000.jpg 1000w, https:\/\/www.raffinessen.ch\/webseite\/wp-content\/uploads\/2018\/12\/roter-kampot-pfeffer.jpg 2000w\" sizes=\"auto, (max-width: 500px) 100vw, 500px\" \/><span class=\"cart-loading\"><\/span><\/div><div class='inner_product_header'><div class='avia-arrow'><\/div><div class='inner_product_header_table'><div class='inner_product_header_cell'><h2 class=\"woocommerce-loop-product__title\">poivre rouge de Kampot (50 g)<\/h2>\n\t<span class=\"price\"><span class=\"woocommerce-Price-amount amount\"><bdi><span class=\"woocommerce-Price-currencySymbol\">&#67;&#72;&#70;<\/span>&nbsp;10.00<\/bdi><\/span> <small class=\"woocommerce-price-suffix\">TVA incluse<\/small><\/span>\n<\/div><\/div><\/div><\/a><div class='avia_cart_buttons'><a href=\"\/fr\/wp-json\/wp\/v2\/pages\/9012?add-to-cart=1880\" aria-describedby=\"woocommerce_loop_add_to_cart_link_describedby_1880\" data-quantity=\"1\" class=\"button product_type_simple add_to_cart_button ajax_add_to_cart\" data-product_id=\"1880\" data-product_sku=\"FPO-R0028-50\" aria-label=\"Ajouter au panier\u00a0: \u201croter Kampot Pfeffer (50 g)\u201d\" rel=\"nofollow\" data-success_message=\"\u00ab\u00a0roter Kampot Pfeffer (50 g)\u00a0\u00bb a \u00e9t\u00e9 ajout\u00e9 \u00e0 votre panier\" role=\"button\" data-no-translation-aria-label=\"\" data-no-translation-data-success_message=\"\"><span class=\"avia-svg-icon avia-font-svg_entypo-fontello\" data-av_svg_icon='basket' data-av_iconset='svg_entypo-fontello'><svg version=\"1.1\" xmlns=\"http:\/\/www.w3.org\/2000\/svg\" width=\"29\" height=\"32\" viewbox=\"0 0 29 32\" preserveaspectratio=\"xMidYMid meet\" aria-labelledby='av-svg-title-35' aria-describedby='av-svg-desc-35' role=\"graphics-symbol\" aria-hidden=\"true\">\n<title id='av-svg-title-35'>Ajouter au panier<\/title>\n<desc id='av-svg-desc-35'>Ajouter au panier<\/desc>\n<path d=\"M4.8 27.2q0-1.28 0.96-2.24t2.24-0.96q1.344 0 2.272 0.96t0.928 2.24q0 1.344-0.928 2.272t-2.272 0.928q-1.28 0-2.24-0.928t-0.96-2.272zM20.8 27.2q0-1.28 0.96-2.24t2.24-0.96q1.344 0 2.272 0.96t0.928 2.24q0 1.344-0.928 2.272t-2.272 0.928q-1.28 0-2.24-0.928t-0.96-2.272zM10.496 19.648q-1.152 0.32-1.088 0.736t1.408 0.416h17.984v2.432q0 0.64-0.64 0.64h-20.928q-0.64 0-0.64-0.64v-2.432l-0.32-1.472-3.136-14.528h-3.136v-2.56q0-0.64 0.64-0.64h4.992q0.64 0 0.64 0.64v2.752h22.528v8.768q0 0.704-0.576 0.832z\"><\/path>\n<\/svg><\/span>  Ajouter au panier<\/a>\t<span id=\"woocommerce_loop_add_to_cart_link_describedby_1880\" class=\"screen-reader-text\">\n\t\t\t<\/span>\n<a class=\"button show_details_button\" href=\"https:\/\/www.raffinessen.ch\/fr\/produit\/probier-set-roter-kampot-pfeffer-50\/\"><span class=\"avia-svg-icon avia-font-svg_entypo-fontello\" data-av_svg_icon='doc-text' data-av_iconset='svg_entypo-fontello'><svg version=\"1.1\" xmlns=\"http:\/\/www.w3.org\/2000\/svg\" width=\"22\" height=\"32\" viewbox=\"0 0 22 32\" preserveaspectratio=\"xMidYMid meet\" aria-labelledby='av-svg-title-36' aria-describedby='av-svg-desc-36' role=\"graphics-symbol\" aria-hidden=\"true\">\n<title id='av-svg-title-36'>Voir les d\u00e9tails<\/title>\n<desc id='av-svg-desc-36'>Voir les d\u00e9tails<\/desc>\n<path d=\"M6.784 17.344v-2.88h8.96v2.88h-8.96zM19.2 1.6q1.344 0 2.272 0.928t0.928 2.272v22.4q0 1.28-0.928 2.24t-2.272 0.96h-16q-1.28 0-2.24-0.96t-0.96-2.24v-22.4q0-1.344 0.96-2.272t2.24-0.928h16zM19.2 27.2v-22.4h-16v22.4h16zM15.68 8.256v2.816h-8.96v-2.816h8.96zM15.68 20.8v2.816h-8.96v-2.816h8.96z\"><\/path>\n<\/svg><\/span>  Voir les d\u00e9tails<\/a> <span class=\"button-mini-delimiter\"><\/span><\/div><\/div><\/li>\n<li class=\"product type-product post-2618 status-publish instock product_cat-einzel-gewuerze product_cat-gewuerze-einzeln product_cat-unkategorisiert has-post-thumbnail taxable shipping-taxable purchasable product-type-simple\">\n\t<div class='inner_product main_color wrapped_style noLightbox  av-product-class-'><a href=\"https:\/\/www.raffinessen.ch\/fr\/produit\/schwarzer-kampot-pfeffer-1000\/\" class=\"woocommerce-LoopProduct-link woocommerce-loop-product__link\"><div class=\"thumbnail_container\"><img loading=\"lazy\" decoding=\"async\" width=\"500\" height=\"500\" src=\"https:\/\/www.raffinessen.ch\/webseite\/wp-content\/uploads\/2018\/12\/investment-schwarzer-kampot-pfeffer-500x500.jpg\" class=\"attachment-woocommerce_thumbnail avia-product-hover\" alt=\"\" srcset=\"https:\/\/www.raffinessen.ch\/webseite\/wp-content\/uploads\/2018\/12\/investment-schwarzer-kampot-pfeffer-500x500.jpg 500w, https:\/\/www.raffinessen.ch\/webseite\/wp-content\/uploads\/2018\/12\/investment-schwarzer-kampot-pfeffer-80x80.jpg 80w, https:\/\/www.raffinessen.ch\/webseite\/wp-content\/uploads\/2018\/12\/investment-schwarzer-kampot-pfeffer-300x300.jpg 300w, https:\/\/www.raffinessen.ch\/webseite\/wp-content\/uploads\/2018\/12\/investment-schwarzer-kampot-pfeffer-768x768.jpg 768w, https:\/\/www.raffinessen.ch\/webseite\/wp-content\/uploads\/2018\/12\/investment-schwarzer-kampot-pfeffer-1030x1030.jpg 1030w, https:\/\/www.raffinessen.ch\/webseite\/wp-content\/uploads\/2018\/12\/investment-schwarzer-kampot-pfeffer-36x36.jpg 36w, https:\/\/www.raffinessen.ch\/webseite\/wp-content\/uploads\/2018\/12\/investment-schwarzer-kampot-pfeffer-180x180.jpg 180w, https:\/\/www.raffinessen.ch\/webseite\/wp-content\/uploads\/2018\/12\/investment-schwarzer-kampot-pfeffer-1500x1500.jpg 1500w, https:\/\/www.raffinessen.ch\/webseite\/wp-content\/uploads\/2018\/12\/investment-schwarzer-kampot-pfeffer-705x705.jpg 705w, https:\/\/www.raffinessen.ch\/webseite\/wp-content\/uploads\/2018\/12\/investment-schwarzer-kampot-pfeffer-100x100.jpg 100w, https:\/\/www.raffinessen.ch\/webseite\/wp-content\/uploads\/2018\/12\/investment-schwarzer-kampot-pfeffer-1000x1000.jpg 1000w, https:\/\/www.raffinessen.ch\/webseite\/wp-content\/uploads\/2018\/12\/investment-schwarzer-kampot-pfeffer.jpg 2000w\" sizes=\"auto, (max-width: 500px) 100vw, 500px\" \/><img decoding=\"async\" loading=\"lazy\" width=\"500\" height=\"500\" src=\"https:\/\/www.raffinessen.ch\/webseite\/wp-content\/uploads\/2018\/12\/schwarzer-kampot-pfeffer-500x500.jpg\" class=\"wp-image-3808 avia-img-lazy-loading-3808 attachment-woocommerce_thumbnail size-woocommerce_thumbnail wp-post-image\" alt=\"\" srcset=\"https:\/\/www.raffinessen.ch\/webseite\/wp-content\/uploads\/2018\/12\/schwarzer-kampot-pfeffer-500x500.jpg 500w, https:\/\/www.raffinessen.ch\/webseite\/wp-content\/uploads\/2018\/12\/schwarzer-kampot-pfeffer-80x80.jpg 80w, https:\/\/www.raffinessen.ch\/webseite\/wp-content\/uploads\/2018\/12\/schwarzer-kampot-pfeffer-300x300.jpg 300w, https:\/\/www.raffinessen.ch\/webseite\/wp-content\/uploads\/2018\/12\/schwarzer-kampot-pfeffer-768x768.jpg 768w, https:\/\/www.raffinessen.ch\/webseite\/wp-content\/uploads\/2018\/12\/schwarzer-kampot-pfeffer-1030x1030.jpg 1030w, https:\/\/www.raffinessen.ch\/webseite\/wp-content\/uploads\/2018\/12\/schwarzer-kampot-pfeffer-36x36.jpg 36w, https:\/\/www.raffinessen.ch\/webseite\/wp-content\/uploads\/2018\/12\/schwarzer-kampot-pfeffer-180x180.jpg 180w, https:\/\/www.raffinessen.ch\/webseite\/wp-content\/uploads\/2018\/12\/schwarzer-kampot-pfeffer-1500x1500.jpg 1500w, https:\/\/www.raffinessen.ch\/webseite\/wp-content\/uploads\/2018\/12\/schwarzer-kampot-pfeffer-705x705.jpg 705w, https:\/\/www.raffinessen.ch\/webseite\/wp-content\/uploads\/2018\/12\/schwarzer-kampot-pfeffer-100x100.jpg 100w, https:\/\/www.raffinessen.ch\/webseite\/wp-content\/uploads\/2018\/12\/schwarzer-kampot-pfeffer-1000x1000.jpg 1000w, https:\/\/www.raffinessen.ch\/webseite\/wp-content\/uploads\/2018\/12\/schwarzer-kampot-pfeffer.jpg 2000w\" sizes=\"auto, (max-width: 500px) 100vw, 500px\" \/><span class=\"cart-loading\"><\/span><\/div><div class='inner_product_header'><div class='avia-arrow'><\/div><div class='inner_product_header_table'><div class='inner_product_header_cell'><h2 class=\"woocommerce-loop-product__title\">poivre noir de Kampot (1000 g)<\/h2>\n\t<span class=\"price\"><span class=\"woocommerce-Price-amount amount\"><bdi><span class=\"woocommerce-Price-currencySymbol\">&#67;&#72;&#70;<\/span>&nbsp;100.00<\/bdi><\/span> <small class=\"woocommerce-price-suffix\">TVA incluse<\/small><\/span>\n<\/div><\/div><\/div><\/a><div class='avia_cart_buttons'><a href=\"\/fr\/wp-json\/wp\/v2\/pages\/9012?add-to-cart=2618\" aria-describedby=\"woocommerce_loop_add_to_cart_link_describedby_2618\" data-quantity=\"1\" class=\"button product_type_simple add_to_cart_button ajax_add_to_cart\" data-product_id=\"2618\" data-product_sku=\"FPO-R0029-1000\" aria-label=\"Ajouter au panier\u00a0: \u201cschwarzer Kampot Pfeffer (1000 g)\u201d\" rel=\"nofollow\" data-success_message=\"\u00ab\u00a0schwarzer Kampot Pfeffer (1000 g)\u00a0\u00bb a \u00e9t\u00e9 ajout\u00e9 \u00e0 votre panier\" role=\"button\" data-no-translation-aria-label=\"\" data-no-translation-data-success_message=\"\"><span class=\"avia-svg-icon avia-font-svg_entypo-fontello\" data-av_svg_icon='basket' data-av_iconset='svg_entypo-fontello'><svg version=\"1.1\" xmlns=\"http:\/\/www.w3.org\/2000\/svg\" width=\"29\" height=\"32\" viewbox=\"0 0 29 32\" preserveaspectratio=\"xMidYMid meet\" aria-labelledby='av-svg-title-37' aria-describedby='av-svg-desc-37' role=\"graphics-symbol\" aria-hidden=\"true\">\n<title id='av-svg-title-37'>Ajouter au panier<\/title>\n<desc id='av-svg-desc-37'>Ajouter au panier<\/desc>\n<path d=\"M4.8 27.2q0-1.28 0.96-2.24t2.24-0.96q1.344 0 2.272 0.96t0.928 2.24q0 1.344-0.928 2.272t-2.272 0.928q-1.28 0-2.24-0.928t-0.96-2.272zM20.8 27.2q0-1.28 0.96-2.24t2.24-0.96q1.344 0 2.272 0.96t0.928 2.24q0 1.344-0.928 2.272t-2.272 0.928q-1.28 0-2.24-0.928t-0.96-2.272zM10.496 19.648q-1.152 0.32-1.088 0.736t1.408 0.416h17.984v2.432q0 0.64-0.64 0.64h-20.928q-0.64 0-0.64-0.64v-2.432l-0.32-1.472-3.136-14.528h-3.136v-2.56q0-0.64 0.64-0.64h4.992q0.64 0 0.64 0.64v2.752h22.528v8.768q0 0.704-0.576 0.832z\"><\/path>\n<\/svg><\/span>  Ajouter au panier<\/a>\t<span id=\"woocommerce_loop_add_to_cart_link_describedby_2618\" class=\"screen-reader-text\">\n\t\t\t<\/span>\n<a class=\"button show_details_button\" href=\"https:\/\/www.raffinessen.ch\/fr\/produit\/schwarzer-kampot-pfeffer-1000\/\"><span class=\"avia-svg-icon avia-font-svg_entypo-fontello\" data-av_svg_icon='doc-text' data-av_iconset='svg_entypo-fontello'><svg version=\"1.1\" xmlns=\"http:\/\/www.w3.org\/2000\/svg\" width=\"22\" height=\"32\" viewbox=\"0 0 22 32\" preserveaspectratio=\"xMidYMid meet\" aria-labelledby='av-svg-title-38' aria-describedby='av-svg-desc-38' role=\"graphics-symbol\" aria-hidden=\"true\">\n<title id='av-svg-title-38'>Voir les d\u00e9tails<\/title>\n<desc id='av-svg-desc-38'>Voir les d\u00e9tails<\/desc>\n<path d=\"M6.784 17.344v-2.88h8.96v2.88h-8.96zM19.2 1.6q1.344 0 2.272 0.928t0.928 2.272v22.4q0 1.28-0.928 2.24t-2.272 0.96h-16q-1.28 0-2.24-0.96t-0.96-2.24v-22.4q0-1.344 0.96-2.272t2.24-0.928h16zM19.2 27.2v-22.4h-16v22.4h16zM15.68 8.256v2.816h-8.96v-2.816h8.96zM15.68 20.8v2.816h-8.96v-2.816h8.96z\"><\/path>\n<\/svg><\/span>  Voir les d\u00e9tails<\/a> <span class=\"button-mini-delimiter\"><\/span><\/div><\/div><\/li>\n<li class=\"product type-product post-18629 status-publish last instock product_cat-ab-chf-30 product_cat-behaelter product_cat-muehlen-und-behaelter product_cat-neu product_cat-top4 has-post-thumbnail taxable shipping-taxable purchasable product-type-simple\">\n\t<div class='inner_product main_color wrapped_style noLightbox  av-product-class-'><a href=\"https:\/\/www.raffinessen.ch\/fr\/produit\/moerser-aus-gusseisen\/\" class=\"woocommerce-LoopProduct-link woocommerce-loop-product__link\"><div class=\"thumbnail_container\"><img loading=\"lazy\" decoding=\"async\" width=\"500\" height=\"500\" src=\"https:\/\/www.raffinessen.ch\/webseite\/wp-content\/uploads\/2024\/12\/Gusseisen-Moerser2-500x500.jpg\" class=\"attachment-woocommerce_thumbnail avia-product-hover\" alt=\"\" srcset=\"https:\/\/www.raffinessen.ch\/webseite\/wp-content\/uploads\/2024\/12\/Gusseisen-Moerser2-500x500.jpg 500w, https:\/\/www.raffinessen.ch\/webseite\/wp-content\/uploads\/2024\/12\/Gusseisen-Moerser2-300x300.jpg 300w, https:\/\/www.raffinessen.ch\/webseite\/wp-content\/uploads\/2024\/12\/Gusseisen-Moerser2-1030x1030.jpg 1030w, https:\/\/www.raffinessen.ch\/webseite\/wp-content\/uploads\/2024\/12\/Gusseisen-Moerser2-80x80.jpg 80w, https:\/\/www.raffinessen.ch\/webseite\/wp-content\/uploads\/2024\/12\/Gusseisen-Moerser2-768x768.jpg 768w, https:\/\/www.raffinessen.ch\/webseite\/wp-content\/uploads\/2024\/12\/Gusseisen-Moerser2-12x12.jpg 12w, https:\/\/www.raffinessen.ch\/webseite\/wp-content\/uploads\/2024\/12\/Gusseisen-Moerser2-36x36.jpg 36w, https:\/\/www.raffinessen.ch\/webseite\/wp-content\/uploads\/2024\/12\/Gusseisen-Moerser2-180x180.jpg 180w, https:\/\/www.raffinessen.ch\/webseite\/wp-content\/uploads\/2024\/12\/Gusseisen-Moerser2-705x705.jpg 705w, https:\/\/www.raffinessen.ch\/webseite\/wp-content\/uploads\/2024\/12\/Gusseisen-Moerser2-120x120.jpg 120w, https:\/\/www.raffinessen.ch\/webseite\/wp-content\/uploads\/2024\/12\/Gusseisen-Moerser2-450x450.jpg 450w, https:\/\/www.raffinessen.ch\/webseite\/wp-content\/uploads\/2024\/12\/Gusseisen-Moerser2-400x400.jpg 400w, https:\/\/www.raffinessen.ch\/webseite\/wp-content\/uploads\/2024\/12\/Gusseisen-Moerser2-600x600.jpg 600w, https:\/\/www.raffinessen.ch\/webseite\/wp-content\/uploads\/2024\/12\/Gusseisen-Moerser2-1000x1000.jpg 1000w, https:\/\/www.raffinessen.ch\/webseite\/wp-content\/uploads\/2024\/12\/Gusseisen-Moerser2-100x100.jpg 100w, https:\/\/www.raffinessen.ch\/webseite\/wp-content\/uploads\/2024\/12\/Gusseisen-Moerser2.jpg 1500w\" sizes=\"auto, (max-width: 500px) 100vw, 500px\" \/><img decoding=\"async\" loading=\"lazy\" width=\"500\" height=\"500\" src=\"https:\/\/www.raffinessen.ch\/webseite\/wp-content\/uploads\/2024\/12\/Gusseisen-Moerser1-500x500.jpg\" class=\"wp-image-18633 avia-img-lazy-loading-18633 attachment-woocommerce_thumbnail size-woocommerce_thumbnail wp-post-image\" alt=\"\" srcset=\"https:\/\/www.raffinessen.ch\/webseite\/wp-content\/uploads\/2024\/12\/Gusseisen-Moerser1-500x500.jpg 500w, https:\/\/www.raffinessen.ch\/webseite\/wp-content\/uploads\/2024\/12\/Gusseisen-Moerser1-300x300.jpg 300w, https:\/\/www.raffinessen.ch\/webseite\/wp-content\/uploads\/2024\/12\/Gusseisen-Moerser1-1030x1030.jpg 1030w, https:\/\/www.raffinessen.ch\/webseite\/wp-content\/uploads\/2024\/12\/Gusseisen-Moerser1-80x80.jpg 80w, https:\/\/www.raffinessen.ch\/webseite\/wp-content\/uploads\/2024\/12\/Gusseisen-Moerser1-768x768.jpg 768w, https:\/\/www.raffinessen.ch\/webseite\/wp-content\/uploads\/2024\/12\/Gusseisen-Moerser1-12x12.jpg 12w, https:\/\/www.raffinessen.ch\/webseite\/wp-content\/uploads\/2024\/12\/Gusseisen-Moerser1-36x36.jpg 36w, https:\/\/www.raffinessen.ch\/webseite\/wp-content\/uploads\/2024\/12\/Gusseisen-Moerser1-180x180.jpg 180w, https:\/\/www.raffinessen.ch\/webseite\/wp-content\/uploads\/2024\/12\/Gusseisen-Moerser1-705x705.jpg 705w, https:\/\/www.raffinessen.ch\/webseite\/wp-content\/uploads\/2024\/12\/Gusseisen-Moerser1-120x120.jpg 120w, https:\/\/www.raffinessen.ch\/webseite\/wp-content\/uploads\/2024\/12\/Gusseisen-Moerser1-450x450.jpg 450w, https:\/\/www.raffinessen.ch\/webseite\/wp-content\/uploads\/2024\/12\/Gusseisen-Moerser1-400x400.jpg 400w, https:\/\/www.raffinessen.ch\/webseite\/wp-content\/uploads\/2024\/12\/Gusseisen-Moerser1-600x600.jpg 600w, https:\/\/www.raffinessen.ch\/webseite\/wp-content\/uploads\/2024\/12\/Gusseisen-Moerser1-1000x1000.jpg 1000w, https:\/\/www.raffinessen.ch\/webseite\/wp-content\/uploads\/2024\/12\/Gusseisen-Moerser1-100x100.jpg 100w, https:\/\/www.raffinessen.ch\/webseite\/wp-content\/uploads\/2024\/12\/Gusseisen-Moerser1.jpg 1500w\" sizes=\"auto, (max-width: 500px) 100vw, 500px\" \/><span class=\"cart-loading\"><\/span><\/div><div class='inner_product_header'><div class='avia-arrow'><\/div><div class='inner_product_header_table'><div class='inner_product_header_cell'><h2 class=\"woocommerce-loop-product__title\">M\u00f6rser aus Gusseisen<\/h2>\n\t<span class=\"price\"><span class=\"woocommerce-Price-amount amount\"><bdi><span class=\"woocommerce-Price-currencySymbol\">&#67;&#72;&#70;<\/span>&nbsp;39.00<\/bdi><\/span> <small class=\"woocommerce-price-suffix\">TVA incluse<\/small><\/span>\n<\/div><\/div><\/div><\/a><div class='avia_cart_buttons'><a href=\"\/fr\/wp-json\/wp\/v2\/pages\/9012?add-to-cart=18629\" aria-describedby=\"woocommerce_loop_add_to_cart_link_describedby_18629\" data-quantity=\"1\" class=\"button product_type_simple add_to_cart_button ajax_add_to_cart\" data-product_id=\"18629\" data-product_sku=\"PP-NF0016\" aria-label=\"Ajouter au panier\u00a0: \u201cM\u00f6rser aus Gusseisen\u201d\" rel=\"nofollow\" data-success_message=\"\u00ab\u00a0M\u00f6rser aus Gusseisen\u00a0\u00bb a \u00e9t\u00e9 ajout\u00e9 \u00e0 votre panier\" role=\"button\" data-no-translation-aria-label=\"\" data-no-translation-data-success_message=\"\"><span class=\"avia-svg-icon avia-font-svg_entypo-fontello\" data-av_svg_icon='basket' data-av_iconset='svg_entypo-fontello'><svg version=\"1.1\" xmlns=\"http:\/\/www.w3.org\/2000\/svg\" width=\"29\" height=\"32\" viewbox=\"0 0 29 32\" preserveaspectratio=\"xMidYMid meet\" aria-labelledby='av-svg-title-39' aria-describedby='av-svg-desc-39' role=\"graphics-symbol\" aria-hidden=\"true\">\n<title id='av-svg-title-39'>Ajouter au panier<\/title>\n<desc id='av-svg-desc-39'>Ajouter au panier<\/desc>\n<path d=\"M4.8 27.2q0-1.28 0.96-2.24t2.24-0.96q1.344 0 2.272 0.96t0.928 2.24q0 1.344-0.928 2.272t-2.272 0.928q-1.28 0-2.24-0.928t-0.96-2.272zM20.8 27.2q0-1.28 0.96-2.24t2.24-0.96q1.344 0 2.272 0.96t0.928 2.24q0 1.344-0.928 2.272t-2.272 0.928q-1.28 0-2.24-0.928t-0.96-2.272zM10.496 19.648q-1.152 0.32-1.088 0.736t1.408 0.416h17.984v2.432q0 0.64-0.64 0.64h-20.928q-0.64 0-0.64-0.64v-2.432l-0.32-1.472-3.136-14.528h-3.136v-2.56q0-0.64 0.64-0.64h4.992q0.64 0 0.64 0.64v2.752h22.528v8.768q0 0.704-0.576 0.832z\"><\/path>\n<\/svg><\/span>  Ajouter au panier<\/a>\t<span id=\"woocommerce_loop_add_to_cart_link_describedby_18629\" class=\"screen-reader-text\">\n\t\t\t<\/span>\n<a class=\"button show_details_button\" href=\"https:\/\/www.raffinessen.ch\/fr\/produit\/moerser-aus-gusseisen\/\"><span class=\"avia-svg-icon avia-font-svg_entypo-fontello\" data-av_svg_icon='doc-text' data-av_iconset='svg_entypo-fontello'><svg version=\"1.1\" xmlns=\"http:\/\/www.w3.org\/2000\/svg\" width=\"22\" height=\"32\" viewbox=\"0 0 22 32\" preserveaspectratio=\"xMidYMid meet\" aria-labelledby='av-svg-title-40' aria-describedby='av-svg-desc-40' role=\"graphics-symbol\" aria-hidden=\"true\">\n<title id='av-svg-title-40'>Voir les d\u00e9tails<\/title>\n<desc id='av-svg-desc-40'>Voir les d\u00e9tails<\/desc>\n<path d=\"M6.784 17.344v-2.88h8.96v2.88h-8.96zM19.2 1.6q1.344 0 2.272 0.928t0.928 2.272v22.4q0 1.28-0.928 2.24t-2.272 0.96h-16q-1.28 0-2.24-0.96t-0.96-2.24v-22.4q0-1.344 0.96-2.272t2.24-0.928h16zM19.2 27.2v-22.4h-16v22.4h16zM15.68 8.256v2.816h-8.96v-2.816h8.96zM15.68 20.8v2.816h-8.96v-2.816h8.96z\"><\/path>\n<\/svg><\/span>  Voir les d\u00e9tails<\/a> <span class=\"button-mini-delimiter\"><\/span><\/div><\/div><\/li>\n<li class=\"product type-product post-13976 status-publish first instock product_cat-bis-chf-30 product_cat-geschenksets has-post-thumbnail taxable shipping-taxable purchasable product-type-simple\">\n\t<div class='inner_product main_color wrapped_style noLightbox  av-product-class-'><a href=\"https:\/\/www.raffinessen.ch\/fr\/produit\/set-goldene-milch\/\" class=\"woocommerce-LoopProduct-link woocommerce-loop-product__link\"><div class=\"thumbnail_container\"><img loading=\"lazy\" decoding=\"async\" width=\"500\" height=\"500\" src=\"https:\/\/www.raffinessen.ch\/webseite\/wp-content\/uploads\/2022\/11\/SET_Goldene-Milch-2-500x500.jpg\" class=\"attachment-woocommerce_thumbnail avia-product-hover\" alt=\"\" srcset=\"https:\/\/www.raffinessen.ch\/webseite\/wp-content\/uploads\/2022\/11\/SET_Goldene-Milch-2-500x500.jpg 500w, https:\/\/www.raffinessen.ch\/webseite\/wp-content\/uploads\/2022\/11\/SET_Goldene-Milch-2-300x300.jpg 300w, https:\/\/www.raffinessen.ch\/webseite\/wp-content\/uploads\/2022\/11\/SET_Goldene-Milch-2-1030x1030.jpg 1030w, https:\/\/www.raffinessen.ch\/webseite\/wp-content\/uploads\/2022\/11\/SET_Goldene-Milch-2-80x80.jpg 80w, https:\/\/www.raffinessen.ch\/webseite\/wp-content\/uploads\/2022\/11\/SET_Goldene-Milch-2-768x768.jpg 768w, https:\/\/www.raffinessen.ch\/webseite\/wp-content\/uploads\/2022\/11\/SET_Goldene-Milch-2-36x36.jpg 36w, https:\/\/www.raffinessen.ch\/webseite\/wp-content\/uploads\/2022\/11\/SET_Goldene-Milch-2-180x180.jpg 180w, https:\/\/www.raffinessen.ch\/webseite\/wp-content\/uploads\/2022\/11\/SET_Goldene-Milch-2-705x705.jpg 705w, https:\/\/www.raffinessen.ch\/webseite\/wp-content\/uploads\/2022\/11\/SET_Goldene-Milch-2-120x120.jpg 120w, https:\/\/www.raffinessen.ch\/webseite\/wp-content\/uploads\/2022\/11\/SET_Goldene-Milch-2-450x450.jpg 450w, https:\/\/www.raffinessen.ch\/webseite\/wp-content\/uploads\/2022\/11\/SET_Goldene-Milch-2-1000x1000.jpg 1000w, https:\/\/www.raffinessen.ch\/webseite\/wp-content\/uploads\/2022\/11\/SET_Goldene-Milch-2-100x100.jpg 100w, https:\/\/www.raffinessen.ch\/webseite\/wp-content\/uploads\/2022\/11\/SET_Goldene-Milch-2.jpg 1500w\" sizes=\"auto, (max-width: 500px) 100vw, 500px\" \/><img decoding=\"async\" loading=\"lazy\" width=\"500\" height=\"500\" src=\"https:\/\/www.raffinessen.ch\/webseite\/wp-content\/uploads\/2022\/11\/SET_Goldene-Milch-500x500.jpg\" class=\"wp-image-13979 avia-img-lazy-loading-13979 attachment-woocommerce_thumbnail size-woocommerce_thumbnail wp-post-image\" alt=\"\" srcset=\"https:\/\/www.raffinessen.ch\/webseite\/wp-content\/uploads\/2022\/11\/SET_Goldene-Milch-500x500.jpg 500w, https:\/\/www.raffinessen.ch\/webseite\/wp-content\/uploads\/2022\/11\/SET_Goldene-Milch-300x300.jpg 300w, https:\/\/www.raffinessen.ch\/webseite\/wp-content\/uploads\/2022\/11\/SET_Goldene-Milch-1030x1030.jpg 1030w, https:\/\/www.raffinessen.ch\/webseite\/wp-content\/uploads\/2022\/11\/SET_Goldene-Milch-80x80.jpg 80w, https:\/\/www.raffinessen.ch\/webseite\/wp-content\/uploads\/2022\/11\/SET_Goldene-Milch-768x768.jpg 768w, https:\/\/www.raffinessen.ch\/webseite\/wp-content\/uploads\/2022\/11\/SET_Goldene-Milch-36x36.jpg 36w, https:\/\/www.raffinessen.ch\/webseite\/wp-content\/uploads\/2022\/11\/SET_Goldene-Milch-180x180.jpg 180w, https:\/\/www.raffinessen.ch\/webseite\/wp-content\/uploads\/2022\/11\/SET_Goldene-Milch-705x705.jpg 705w, https:\/\/www.raffinessen.ch\/webseite\/wp-content\/uploads\/2022\/11\/SET_Goldene-Milch-120x120.jpg 120w, https:\/\/www.raffinessen.ch\/webseite\/wp-content\/uploads\/2022\/11\/SET_Goldene-Milch-450x450.jpg 450w, https:\/\/www.raffinessen.ch\/webseite\/wp-content\/uploads\/2022\/11\/SET_Goldene-Milch-1000x1000.jpg 1000w, https:\/\/www.raffinessen.ch\/webseite\/wp-content\/uploads\/2022\/11\/SET_Goldene-Milch-100x100.jpg 100w, https:\/\/www.raffinessen.ch\/webseite\/wp-content\/uploads\/2022\/11\/SET_Goldene-Milch.jpg 1500w\" sizes=\"auto, (max-width: 500px) 100vw, 500px\" \/><span class=\"cart-loading\"><\/span><\/div><div class='inner_product_header'><div class='avia-arrow'><\/div><div class='inner_product_header_table'><div class='inner_product_header_cell'><h2 class=\"woocommerce-loop-product__title\">SET - Lait d'or<\/h2>\n\t<span class=\"price\"><span class=\"woocommerce-Price-amount amount\"><bdi><span class=\"woocommerce-Price-currencySymbol\">&#67;&#72;&#70;<\/span>&nbsp;10.00<\/bdi><\/span> <small class=\"woocommerce-price-suffix\">TVA incluse<\/small><\/span>\n<\/div><\/div><\/div><\/a><div class='avia_cart_buttons'><a href=\"\/fr\/wp-json\/wp\/v2\/pages\/9012?add-to-cart=13976\" aria-describedby=\"woocommerce_loop_add_to_cart_link_describedby_13976\" data-quantity=\"1\" class=\"button product_type_simple add_to_cart_button ajax_add_to_cart\" data-product_id=\"13976\" data-product_sku=\"GSO-052\" aria-label=\"Ajouter au panier\u00a0: \u201cSET - Goldene Milch\u201d\" rel=\"nofollow\" data-success_message=\"\u00ab\u00a0SET - Goldene Milch\u00a0\u00bb a \u00e9t\u00e9 ajout\u00e9 \u00e0 votre panier\" role=\"button\" data-no-translation-aria-label=\"\" data-no-translation-data-success_message=\"\"><span class=\"avia-svg-icon avia-font-svg_entypo-fontello\" data-av_svg_icon='basket' data-av_iconset='svg_entypo-fontello'><svg version=\"1.1\" xmlns=\"http:\/\/www.w3.org\/2000\/svg\" width=\"29\" height=\"32\" viewbox=\"0 0 29 32\" preserveaspectratio=\"xMidYMid meet\" aria-labelledby='av-svg-title-41' aria-describedby='av-svg-desc-41' role=\"graphics-symbol\" aria-hidden=\"true\">\n<title id='av-svg-title-41'>Ajouter au panier<\/title>\n<desc id='av-svg-desc-41'>Ajouter au panier<\/desc>\n<path d=\"M4.8 27.2q0-1.28 0.96-2.24t2.24-0.96q1.344 0 2.272 0.96t0.928 2.24q0 1.344-0.928 2.272t-2.272 0.928q-1.28 0-2.24-0.928t-0.96-2.272zM20.8 27.2q0-1.28 0.96-2.24t2.24-0.96q1.344 0 2.272 0.96t0.928 2.24q0 1.344-0.928 2.272t-2.272 0.928q-1.28 0-2.24-0.928t-0.96-2.272zM10.496 19.648q-1.152 0.32-1.088 0.736t1.408 0.416h17.984v2.432q0 0.64-0.64 0.64h-20.928q-0.64 0-0.64-0.64v-2.432l-0.32-1.472-3.136-14.528h-3.136v-2.56q0-0.64 0.64-0.64h4.992q0.64 0 0.64 0.64v2.752h22.528v8.768q0 0.704-0.576 0.832z\"><\/path>\n<\/svg><\/span>  Ajouter au panier<\/a>\t<span id=\"woocommerce_loop_add_to_cart_link_describedby_13976\" class=\"screen-reader-text\">\n\t\t\t<\/span>\n<a class=\"button show_details_button\" href=\"https:\/\/www.raffinessen.ch\/fr\/produit\/set-goldene-milch\/\"><span class=\"avia-svg-icon avia-font-svg_entypo-fontello\" data-av_svg_icon='doc-text' data-av_iconset='svg_entypo-fontello'><svg version=\"1.1\" xmlns=\"http:\/\/www.w3.org\/2000\/svg\" width=\"22\" height=\"32\" viewbox=\"0 0 22 32\" preserveaspectratio=\"xMidYMid meet\" aria-labelledby='av-svg-title-42' aria-describedby='av-svg-desc-42' role=\"graphics-symbol\" aria-hidden=\"true\">\n<title id='av-svg-title-42'>Voir les d\u00e9tails<\/title>\n<desc id='av-svg-desc-42'>Voir les d\u00e9tails<\/desc>\n<path d=\"M6.784 17.344v-2.88h8.96v2.88h-8.96zM19.2 1.6q1.344 0 2.272 0.928t0.928 2.272v22.4q0 1.28-0.928 2.24t-2.272 0.96h-16q-1.28 0-2.24-0.96t-0.96-2.24v-22.4q0-1.344 0.96-2.272t2.24-0.928h16zM19.2 27.2v-22.4h-16v22.4h16zM15.68 8.256v2.816h-8.96v-2.816h8.96zM15.68 20.8v2.816h-8.96v-2.816h8.96z\"><\/path>\n<\/svg><\/span>  Voir les d\u00e9tails<\/a> <span class=\"button-mini-delimiter\"><\/span><\/div><\/div><\/li>\n<li class=\"product type-product post-15393 status-publish instock product_cat-bis-chf-30 product_cat-geschenksets product_cat-neu has-post-thumbnail taxable shipping-taxable purchasable product-type-simple\">\n\t<div class='inner_product main_color wrapped_style noLightbox  av-product-class-'><a href=\"https:\/\/www.raffinessen.ch\/fr\/produit\/mami-viele-blumen-fuer-den-dank\/\" class=\"woocommerce-LoopProduct-link woocommerce-loop-product__link\"><div class=\"thumbnail_container\"><img decoding=\"async\" loading=\"lazy\" width=\"500\" height=\"500\" src=\"https:\/\/www.raffinessen.ch\/webseite\/wp-content\/uploads\/2023\/05\/Wuerfelbox_Glas-mit-Holzdeckel_MAMI-500x500.jpg\" class=\"wp-image-15394 avia-img-lazy-loading-15394 attachment-woocommerce_thumbnail size-woocommerce_thumbnail wp-post-image\" alt=\"\" srcset=\"https:\/\/www.raffinessen.ch\/webseite\/wp-content\/uploads\/2023\/05\/Wuerfelbox_Glas-mit-Holzdeckel_MAMI-500x500.jpg 500w, https:\/\/www.raffinessen.ch\/webseite\/wp-content\/uploads\/2023\/05\/Wuerfelbox_Glas-mit-Holzdeckel_MAMI-300x300.jpg 300w, https:\/\/www.raffinessen.ch\/webseite\/wp-content\/uploads\/2023\/05\/Wuerfelbox_Glas-mit-Holzdeckel_MAMI-80x80.jpg 80w, https:\/\/www.raffinessen.ch\/webseite\/wp-content\/uploads\/2023\/05\/Wuerfelbox_Glas-mit-Holzdeckel_MAMI-768x768.jpg 768w, https:\/\/www.raffinessen.ch\/webseite\/wp-content\/uploads\/2023\/05\/Wuerfelbox_Glas-mit-Holzdeckel_MAMI-12x12.jpg 12w, https:\/\/www.raffinessen.ch\/webseite\/wp-content\/uploads\/2023\/05\/Wuerfelbox_Glas-mit-Holzdeckel_MAMI-36x36.jpg 36w, https:\/\/www.raffinessen.ch\/webseite\/wp-content\/uploads\/2023\/05\/Wuerfelbox_Glas-mit-Holzdeckel_MAMI-180x180.jpg 180w, https:\/\/www.raffinessen.ch\/webseite\/wp-content\/uploads\/2023\/05\/Wuerfelbox_Glas-mit-Holzdeckel_MAMI-705x705.jpg 705w, https:\/\/www.raffinessen.ch\/webseite\/wp-content\/uploads\/2023\/05\/Wuerfelbox_Glas-mit-Holzdeckel_MAMI-120x120.jpg 120w, https:\/\/www.raffinessen.ch\/webseite\/wp-content\/uploads\/2023\/05\/Wuerfelbox_Glas-mit-Holzdeckel_MAMI-450x450.jpg 450w, https:\/\/www.raffinessen.ch\/webseite\/wp-content\/uploads\/2023\/05\/Wuerfelbox_Glas-mit-Holzdeckel_MAMI-100x100.jpg 100w, https:\/\/www.raffinessen.ch\/webseite\/wp-content\/uploads\/2023\/05\/Wuerfelbox_Glas-mit-Holzdeckel_MAMI.jpg 1000w\" sizes=\"auto, (max-width: 500px) 100vw, 500px\" \/><span class=\"cart-loading\"><\/span><\/div><div class='inner_product_header'><div class='avia-arrow'><\/div><div class='inner_product_header_table'><div class='inner_product_header_cell'><h2 class=\"woocommerce-loop-product__title\">MAMI - Beaucoup de fleurs pour les REMERCIEMENTS !<\/h2>\n\t<span class=\"price\"><span class=\"woocommerce-Price-amount amount\"><bdi><span class=\"woocommerce-Price-currencySymbol\">&#67;&#72;&#70;<\/span>&nbsp;25.00<\/bdi><\/span> <small class=\"woocommerce-price-suffix\">TVA incluse<\/small><\/span>\n<\/div><\/div><\/div><\/a><div class='avia_cart_buttons'><a href=\"\/fr\/wp-json\/wp\/v2\/pages\/9012?add-to-cart=15393\" aria-describedby=\"woocommerce_loop_add_to_cart_link_describedby_15393\" data-quantity=\"1\" class=\"button product_type_simple add_to_cart_button ajax_add_to_cart\" data-product_id=\"15393\" data-product_sku=\"GSO-055\" aria-label=\"Ajouter au panier\u00a0: \u201cMAMI - Viele Blumen f\u00fcr den DANK !\u201d\" rel=\"nofollow\" data-success_message=\"\u00ab\u00a0MAMI - Viele Blumen f\u00fcr den DANK !\u00a0\u00bb a \u00e9t\u00e9 ajout\u00e9 \u00e0 votre panier\" role=\"button\" data-no-translation-aria-label=\"\" data-no-translation-data-success_message=\"\"><span class=\"avia-svg-icon avia-font-svg_entypo-fontello\" data-av_svg_icon='basket' data-av_iconset='svg_entypo-fontello'><svg version=\"1.1\" xmlns=\"http:\/\/www.w3.org\/2000\/svg\" width=\"29\" height=\"32\" viewbox=\"0 0 29 32\" preserveaspectratio=\"xMidYMid meet\" aria-labelledby='av-svg-title-43' aria-describedby='av-svg-desc-43' role=\"graphics-symbol\" aria-hidden=\"true\">\n<title id='av-svg-title-43'>Ajouter au panier<\/title>\n<desc id='av-svg-desc-43'>Ajouter au panier<\/desc>\n<path d=\"M4.8 27.2q0-1.28 0.96-2.24t2.24-0.96q1.344 0 2.272 0.96t0.928 2.24q0 1.344-0.928 2.272t-2.272 0.928q-1.28 0-2.24-0.928t-0.96-2.272zM20.8 27.2q0-1.28 0.96-2.24t2.24-0.96q1.344 0 2.272 0.96t0.928 2.24q0 1.344-0.928 2.272t-2.272 0.928q-1.28 0-2.24-0.928t-0.96-2.272zM10.496 19.648q-1.152 0.32-1.088 0.736t1.408 0.416h17.984v2.432q0 0.64-0.64 0.64h-20.928q-0.64 0-0.64-0.64v-2.432l-0.32-1.472-3.136-14.528h-3.136v-2.56q0-0.64 0.64-0.64h4.992q0.64 0 0.64 0.64v2.752h22.528v8.768q0 0.704-0.576 0.832z\"><\/path>\n<\/svg><\/span>  Ajouter au panier<\/a>\t<span id=\"woocommerce_loop_add_to_cart_link_describedby_15393\" class=\"screen-reader-text\">\n\t\t\t<\/span>\n<a class=\"button show_details_button\" href=\"https:\/\/www.raffinessen.ch\/fr\/produit\/mami-viele-blumen-fuer-den-dank\/\"><span class=\"avia-svg-icon avia-font-svg_entypo-fontello\" data-av_svg_icon='doc-text' data-av_iconset='svg_entypo-fontello'><svg version=\"1.1\" xmlns=\"http:\/\/www.w3.org\/2000\/svg\" width=\"22\" height=\"32\" viewbox=\"0 0 22 32\" preserveaspectratio=\"xMidYMid meet\" aria-labelledby='av-svg-title-44' aria-describedby='av-svg-desc-44' role=\"graphics-symbol\" aria-hidden=\"true\">\n<title id='av-svg-title-44'>Voir les d\u00e9tails<\/title>\n<desc id='av-svg-desc-44'>Voir les d\u00e9tails<\/desc>\n<path d=\"M6.784 17.344v-2.88h8.96v2.88h-8.96zM19.2 1.6q1.344 0 2.272 0.928t0.928 2.272v22.4q0 1.28-0.928 2.24t-2.272 0.96h-16q-1.28 0-2.24-0.96t-0.96-2.24v-22.4q0-1.344 0.96-2.272t2.24-0.928h16zM19.2 27.2v-22.4h-16v22.4h16zM15.68 8.256v2.816h-8.96v-2.816h8.96zM15.68 20.8v2.816h-8.96v-2.816h8.96z\"><\/path>\n<\/svg><\/span>  Voir les d\u00e9tails<\/a> <span class=\"button-mini-delimiter\"><\/span><\/div><\/div><\/li>\n<li class=\"product type-product post-2655 status-publish instock product_cat-einzel-gewuerze product_cat-gewuerze-einzeln product_cat-unkategorisiert has-post-thumbnail taxable shipping-taxable purchasable product-type-simple\">\n\t<div class='inner_product main_color wrapped_style noLightbox  av-product-class-'><a href=\"https:\/\/www.raffinessen.ch\/fr\/produit\/schwarzer-kampot-pfeffer-50-2017\/\" class=\"woocommerce-LoopProduct-link woocommerce-loop-product__link\"><div class=\"thumbnail_container\"><img loading=\"lazy\" decoding=\"async\" width=\"500\" height=\"500\" src=\"https:\/\/www.raffinessen.ch\/webseite\/wp-content\/uploads\/2018\/12\/schwarzer-kampot-pfeffer-beutel-500x500.jpg\" class=\"attachment-woocommerce_thumbnail avia-product-hover\" alt=\"\" srcset=\"https:\/\/www.raffinessen.ch\/webseite\/wp-content\/uploads\/2018\/12\/schwarzer-kampot-pfeffer-beutel-500x500.jpg 500w, https:\/\/www.raffinessen.ch\/webseite\/wp-content\/uploads\/2018\/12\/schwarzer-kampot-pfeffer-beutel-80x80.jpg 80w, https:\/\/www.raffinessen.ch\/webseite\/wp-content\/uploads\/2018\/12\/schwarzer-kampot-pfeffer-beutel-300x300.jpg 300w, https:\/\/www.raffinessen.ch\/webseite\/wp-content\/uploads\/2018\/12\/schwarzer-kampot-pfeffer-beutel-768x768.jpg 768w, https:\/\/www.raffinessen.ch\/webseite\/wp-content\/uploads\/2018\/12\/schwarzer-kampot-pfeffer-beutel-1030x1030.jpg 1030w, https:\/\/www.raffinessen.ch\/webseite\/wp-content\/uploads\/2018\/12\/schwarzer-kampot-pfeffer-beutel-36x36.jpg 36w, https:\/\/www.raffinessen.ch\/webseite\/wp-content\/uploads\/2018\/12\/schwarzer-kampot-pfeffer-beutel-180x180.jpg 180w, https:\/\/www.raffinessen.ch\/webseite\/wp-content\/uploads\/2018\/12\/schwarzer-kampot-pfeffer-beutel-1500x1500.jpg 1500w, https:\/\/www.raffinessen.ch\/webseite\/wp-content\/uploads\/2018\/12\/schwarzer-kampot-pfeffer-beutel-705x705.jpg 705w, https:\/\/www.raffinessen.ch\/webseite\/wp-content\/uploads\/2018\/12\/schwarzer-kampot-pfeffer-beutel-100x100.jpg 100w, https:\/\/www.raffinessen.ch\/webseite\/wp-content\/uploads\/2018\/12\/schwarzer-kampot-pfeffer-beutel-1000x1000.jpg 1000w, https:\/\/www.raffinessen.ch\/webseite\/wp-content\/uploads\/2018\/12\/schwarzer-kampot-pfeffer-beutel.jpg 2000w\" sizes=\"auto, (max-width: 500px) 100vw, 500px\" \/><img decoding=\"async\" loading=\"lazy\" width=\"500\" height=\"500\" src=\"https:\/\/www.raffinessen.ch\/webseite\/wp-content\/uploads\/2018\/12\/schwarzer-kampot-pfeffer-500x500.jpg\" class=\"wp-image-3808 avia-img-lazy-loading-3808 attachment-woocommerce_thumbnail size-woocommerce_thumbnail wp-post-image\" alt=\"\" srcset=\"https:\/\/www.raffinessen.ch\/webseite\/wp-content\/uploads\/2018\/12\/schwarzer-kampot-pfeffer-500x500.jpg 500w, https:\/\/www.raffinessen.ch\/webseite\/wp-content\/uploads\/2018\/12\/schwarzer-kampot-pfeffer-80x80.jpg 80w, https:\/\/www.raffinessen.ch\/webseite\/wp-content\/uploads\/2018\/12\/schwarzer-kampot-pfeffer-300x300.jpg 300w, https:\/\/www.raffinessen.ch\/webseite\/wp-content\/uploads\/2018\/12\/schwarzer-kampot-pfeffer-768x768.jpg 768w, https:\/\/www.raffinessen.ch\/webseite\/wp-content\/uploads\/2018\/12\/schwarzer-kampot-pfeffer-1030x1030.jpg 1030w, https:\/\/www.raffinessen.ch\/webseite\/wp-content\/uploads\/2018\/12\/schwarzer-kampot-pfeffer-36x36.jpg 36w, https:\/\/www.raffinessen.ch\/webseite\/wp-content\/uploads\/2018\/12\/schwarzer-kampot-pfeffer-180x180.jpg 180w, https:\/\/www.raffinessen.ch\/webseite\/wp-content\/uploads\/2018\/12\/schwarzer-kampot-pfeffer-1500x1500.jpg 1500w, https:\/\/www.raffinessen.ch\/webseite\/wp-content\/uploads\/2018\/12\/schwarzer-kampot-pfeffer-705x705.jpg 705w, https:\/\/www.raffinessen.ch\/webseite\/wp-content\/uploads\/2018\/12\/schwarzer-kampot-pfeffer-100x100.jpg 100w, https:\/\/www.raffinessen.ch\/webseite\/wp-content\/uploads\/2018\/12\/schwarzer-kampot-pfeffer-1000x1000.jpg 1000w, https:\/\/www.raffinessen.ch\/webseite\/wp-content\/uploads\/2018\/12\/schwarzer-kampot-pfeffer.jpg 2000w\" sizes=\"auto, (max-width: 500px) 100vw, 500px\" \/><span class=\"cart-loading\"><\/span><\/div><div class='inner_product_header'><div class='avia-arrow'><\/div><div class='inner_product_header_table'><div class='inner_product_header_cell'><h2 class=\"woocommerce-loop-product__title\">poivre noir de Kampot (50 g)<\/h2>\n\t<span class=\"price\"><span class=\"woocommerce-Price-amount amount\"><bdi><span class=\"woocommerce-Price-currencySymbol\">&#67;&#72;&#70;<\/span>&nbsp;7.00<\/bdi><\/span> <small class=\"woocommerce-price-suffix\">TVA incluse<\/small><\/span>\n<\/div><\/div><\/div><\/a><div class='avia_cart_buttons'><a href=\"\/fr\/wp-json\/wp\/v2\/pages\/9012?add-to-cart=2655\" aria-describedby=\"woocommerce_loop_add_to_cart_link_describedby_2655\" data-quantity=\"1\" class=\"button product_type_simple add_to_cart_button ajax_add_to_cart\" data-product_id=\"2655\" data-product_sku=\"FPO-R0029-50\" aria-label=\"Ajouter au panier\u00a0: \u201cschwarzer Kampot Pfeffer (50 g)\u201d\" rel=\"nofollow\" data-success_message=\"\u00ab\u00a0schwarzer Kampot Pfeffer (50 g)\u00a0\u00bb a \u00e9t\u00e9 ajout\u00e9 \u00e0 votre panier\" role=\"button\" data-no-translation-aria-label=\"\" data-no-translation-data-success_message=\"\"><span class=\"avia-svg-icon avia-font-svg_entypo-fontello\" data-av_svg_icon='basket' data-av_iconset='svg_entypo-fontello'><svg version=\"1.1\" xmlns=\"http:\/\/www.w3.org\/2000\/svg\" width=\"29\" height=\"32\" viewbox=\"0 0 29 32\" preserveaspectratio=\"xMidYMid meet\" aria-labelledby='av-svg-title-45' aria-describedby='av-svg-desc-45' role=\"graphics-symbol\" aria-hidden=\"true\">\n<title id='av-svg-title-45'>Ajouter au panier<\/title>\n<desc id='av-svg-desc-45'>Ajouter au panier<\/desc>\n<path d=\"M4.8 27.2q0-1.28 0.96-2.24t2.24-0.96q1.344 0 2.272 0.96t0.928 2.24q0 1.344-0.928 2.272t-2.272 0.928q-1.28 0-2.24-0.928t-0.96-2.272zM20.8 27.2q0-1.28 0.96-2.24t2.24-0.96q1.344 0 2.272 0.96t0.928 2.24q0 1.344-0.928 2.272t-2.272 0.928q-1.28 0-2.24-0.928t-0.96-2.272zM10.496 19.648q-1.152 0.32-1.088 0.736t1.408 0.416h17.984v2.432q0 0.64-0.64 0.64h-20.928q-0.64 0-0.64-0.64v-2.432l-0.32-1.472-3.136-14.528h-3.136v-2.56q0-0.64 0.64-0.64h4.992q0.64 0 0.64 0.64v2.752h22.528v8.768q0 0.704-0.576 0.832z\"><\/path>\n<\/svg><\/span>  Ajouter au panier<\/a>\t<span id=\"woocommerce_loop_add_to_cart_link_describedby_2655\" class=\"screen-reader-text\">\n\t\t\t<\/span>\n<a class=\"button show_details_button\" href=\"https:\/\/www.raffinessen.ch\/fr\/produit\/schwarzer-kampot-pfeffer-50-2017\/\"><span class=\"avia-svg-icon avia-font-svg_entypo-fontello\" data-av_svg_icon='doc-text' data-av_iconset='svg_entypo-fontello'><svg version=\"1.1\" xmlns=\"http:\/\/www.w3.org\/2000\/svg\" width=\"22\" height=\"32\" viewbox=\"0 0 22 32\" preserveaspectratio=\"xMidYMid meet\" aria-labelledby='av-svg-title-46' aria-describedby='av-svg-desc-46' role=\"graphics-symbol\" aria-hidden=\"true\">\n<title id='av-svg-title-46'>Voir les d\u00e9tails<\/title>\n<desc id='av-svg-desc-46'>Voir les d\u00e9tails<\/desc>\n<path d=\"M6.784 17.344v-2.88h8.96v2.88h-8.96zM19.2 1.6q1.344 0 2.272 0.928t0.928 2.272v22.4q0 1.28-0.928 2.24t-2.272 0.96h-16q-1.28 0-2.24-0.96t-0.96-2.24v-22.4q0-1.344 0.96-2.272t2.24-0.928h16zM19.2 27.2v-22.4h-16v22.4h16zM15.68 8.256v2.816h-8.96v-2.816h8.96zM15.68 20.8v2.816h-8.96v-2.816h8.96z\"><\/path>\n<\/svg><\/span>  Voir les d\u00e9tails<\/a> <span class=\"button-mini-delimiter\"><\/span><\/div><\/div><\/li>\n<li class=\"product type-product post-1888 status-publish last instock product_cat-einzel-gewuerze product_cat-gewuerze-einzeln product_cat-unkategorisiert has-post-thumbnail taxable shipping-taxable purchasable product-type-simple\">\n\t<div class='inner_product main_color wrapped_style noLightbox  av-product-class-'><a href=\"https:\/\/www.raffinessen.ch\/fr\/produit\/roter-kampot-pfeffer-333\/\" class=\"woocommerce-LoopProduct-link woocommerce-loop-product__link\"><div class=\"thumbnail_container\"><img loading=\"lazy\" decoding=\"async\" width=\"500\" height=\"500\" src=\"https:\/\/www.raffinessen.ch\/webseite\/wp-content\/uploads\/2018\/12\/investment-roter-kampot-pfeffer-500x500.jpg\" class=\"attachment-woocommerce_thumbnail avia-product-hover\" alt=\"\" srcset=\"https:\/\/www.raffinessen.ch\/webseite\/wp-content\/uploads\/2018\/12\/investment-roter-kampot-pfeffer-500x500.jpg 500w, https:\/\/www.raffinessen.ch\/webseite\/wp-content\/uploads\/2018\/12\/investment-roter-kampot-pfeffer-80x80.jpg 80w, https:\/\/www.raffinessen.ch\/webseite\/wp-content\/uploads\/2018\/12\/investment-roter-kampot-pfeffer-300x300.jpg 300w, https:\/\/www.raffinessen.ch\/webseite\/wp-content\/uploads\/2018\/12\/investment-roter-kampot-pfeffer-768x768.jpg 768w, https:\/\/www.raffinessen.ch\/webseite\/wp-content\/uploads\/2018\/12\/investment-roter-kampot-pfeffer-1030x1030.jpg 1030w, https:\/\/www.raffinessen.ch\/webseite\/wp-content\/uploads\/2018\/12\/investment-roter-kampot-pfeffer-36x36.jpg 36w, https:\/\/www.raffinessen.ch\/webseite\/wp-content\/uploads\/2018\/12\/investment-roter-kampot-pfeffer-180x180.jpg 180w, https:\/\/www.raffinessen.ch\/webseite\/wp-content\/uploads\/2018\/12\/investment-roter-kampot-pfeffer-1500x1500.jpg 1500w, https:\/\/www.raffinessen.ch\/webseite\/wp-content\/uploads\/2018\/12\/investment-roter-kampot-pfeffer-705x705.jpg 705w, https:\/\/www.raffinessen.ch\/webseite\/wp-content\/uploads\/2018\/12\/investment-roter-kampot-pfeffer-100x100.jpg 100w, https:\/\/www.raffinessen.ch\/webseite\/wp-content\/uploads\/2018\/12\/investment-roter-kampot-pfeffer-1000x1000.jpg 1000w, https:\/\/www.raffinessen.ch\/webseite\/wp-content\/uploads\/2018\/12\/investment-roter-kampot-pfeffer.jpg 2000w\" sizes=\"auto, (max-width: 500px) 100vw, 500px\" \/><img decoding=\"async\" loading=\"lazy\" width=\"500\" height=\"500\" src=\"https:\/\/www.raffinessen.ch\/webseite\/wp-content\/uploads\/2018\/12\/roter-kampot-pfeffer-500x500.jpg\" class=\"wp-image-3806 avia-img-lazy-loading-3806 attachment-woocommerce_thumbnail size-woocommerce_thumbnail wp-post-image\" alt=\"\" srcset=\"https:\/\/www.raffinessen.ch\/webseite\/wp-content\/uploads\/2018\/12\/roter-kampot-pfeffer-500x500.jpg 500w, https:\/\/www.raffinessen.ch\/webseite\/wp-content\/uploads\/2018\/12\/roter-kampot-pfeffer-80x80.jpg 80w, https:\/\/www.raffinessen.ch\/webseite\/wp-content\/uploads\/2018\/12\/roter-kampot-pfeffer-300x300.jpg 300w, https:\/\/www.raffinessen.ch\/webseite\/wp-content\/uploads\/2018\/12\/roter-kampot-pfeffer-768x768.jpg 768w, https:\/\/www.raffinessen.ch\/webseite\/wp-content\/uploads\/2018\/12\/roter-kampot-pfeffer-1030x1030.jpg 1030w, https:\/\/www.raffinessen.ch\/webseite\/wp-content\/uploads\/2018\/12\/roter-kampot-pfeffer-36x36.jpg 36w, https:\/\/www.raffinessen.ch\/webseite\/wp-content\/uploads\/2018\/12\/roter-kampot-pfeffer-180x180.jpg 180w, https:\/\/www.raffinessen.ch\/webseite\/wp-content\/uploads\/2018\/12\/roter-kampot-pfeffer-1500x1500.jpg 1500w, https:\/\/www.raffinessen.ch\/webseite\/wp-content\/uploads\/2018\/12\/roter-kampot-pfeffer-705x705.jpg 705w, https:\/\/www.raffinessen.ch\/webseite\/wp-content\/uploads\/2018\/12\/roter-kampot-pfeffer-100x100.jpg 100w, https:\/\/www.raffinessen.ch\/webseite\/wp-content\/uploads\/2018\/12\/roter-kampot-pfeffer-1000x1000.jpg 1000w, https:\/\/www.raffinessen.ch\/webseite\/wp-content\/uploads\/2018\/12\/roter-kampot-pfeffer.jpg 2000w\" sizes=\"auto, (max-width: 500px) 100vw, 500px\" \/><span class=\"cart-loading\"><\/span><\/div><div class='inner_product_header'><div class='avia-arrow'><\/div><div class='inner_product_header_table'><div class='inner_product_header_cell'><h2 class=\"woocommerce-loop-product__title\">poivre rouge de Kampot (333 g)<\/h2>\n\t<span class=\"price\"><span class=\"woocommerce-Price-amount amount\"><bdi><span class=\"woocommerce-Price-currencySymbol\">&#67;&#72;&#70;<\/span>&nbsp;65.00<\/bdi><\/span> <small class=\"woocommerce-price-suffix\">TVA incluse<\/small><\/span>\n<\/div><\/div><\/div><\/a><div class='avia_cart_buttons'><a href=\"\/fr\/wp-json\/wp\/v2\/pages\/9012?add-to-cart=1888\" aria-describedby=\"woocommerce_loop_add_to_cart_link_describedby_1888\" data-quantity=\"1\" class=\"button product_type_simple add_to_cart_button ajax_add_to_cart\" data-product_id=\"1888\" data-product_sku=\"FPO-R0028-333\" aria-label=\"Ajouter au panier\u00a0: \u201croter Kampot Pfeffer (333 g)\u201d\" rel=\"nofollow\" data-success_message=\"\u00ab\u00a0roter Kampot Pfeffer (333 g)\u00a0\u00bb a \u00e9t\u00e9 ajout\u00e9 \u00e0 votre panier\" role=\"button\" data-no-translation-aria-label=\"\" data-no-translation-data-success_message=\"\"><span class=\"avia-svg-icon avia-font-svg_entypo-fontello\" data-av_svg_icon='basket' data-av_iconset='svg_entypo-fontello'><svg version=\"1.1\" xmlns=\"http:\/\/www.w3.org\/2000\/svg\" width=\"29\" height=\"32\" viewbox=\"0 0 29 32\" preserveaspectratio=\"xMidYMid meet\" aria-labelledby='av-svg-title-47' aria-describedby='av-svg-desc-47' role=\"graphics-symbol\" aria-hidden=\"true\">\n<title id='av-svg-title-47'>Ajouter au panier<\/title>\n<desc id='av-svg-desc-47'>Ajouter au panier<\/desc>\n<path d=\"M4.8 27.2q0-1.28 0.96-2.24t2.24-0.96q1.344 0 2.272 0.96t0.928 2.24q0 1.344-0.928 2.272t-2.272 0.928q-1.28 0-2.24-0.928t-0.96-2.272zM20.8 27.2q0-1.28 0.96-2.24t2.24-0.96q1.344 0 2.272 0.96t0.928 2.24q0 1.344-0.928 2.272t-2.272 0.928q-1.28 0-2.24-0.928t-0.96-2.272zM10.496 19.648q-1.152 0.32-1.088 0.736t1.408 0.416h17.984v2.432q0 0.64-0.64 0.64h-20.928q-0.64 0-0.64-0.64v-2.432l-0.32-1.472-3.136-14.528h-3.136v-2.56q0-0.64 0.64-0.64h4.992q0.64 0 0.64 0.64v2.752h22.528v8.768q0 0.704-0.576 0.832z\"><\/path>\n<\/svg><\/span>  Ajouter au panier<\/a>\t<span id=\"woocommerce_loop_add_to_cart_link_describedby_1888\" class=\"screen-reader-text\">\n\t\t\t<\/span>\n<a class=\"button show_details_button\" href=\"https:\/\/www.raffinessen.ch\/fr\/produit\/roter-kampot-pfeffer-333\/\"><span class=\"avia-svg-icon avia-font-svg_entypo-fontello\" data-av_svg_icon='doc-text' data-av_iconset='svg_entypo-fontello'><svg version=\"1.1\" xmlns=\"http:\/\/www.w3.org\/2000\/svg\" width=\"22\" height=\"32\" viewbox=\"0 0 22 32\" preserveaspectratio=\"xMidYMid meet\" aria-labelledby='av-svg-title-48' aria-describedby='av-svg-desc-48' role=\"graphics-symbol\" aria-hidden=\"true\">\n<title id='av-svg-title-48'>Voir les d\u00e9tails<\/title>\n<desc id='av-svg-desc-48'>Voir les d\u00e9tails<\/desc>\n<path d=\"M6.784 17.344v-2.88h8.96v2.88h-8.96zM19.2 1.6q1.344 0 2.272 0.928t0.928 2.272v22.4q0 1.28-0.928 2.24t-2.272 0.96h-16q-1.28 0-2.24-0.96t-0.96-2.24v-22.4q0-1.344 0.96-2.272t2.24-0.928h16zM19.2 27.2v-22.4h-16v22.4h16zM15.68 8.256v2.816h-8.96v-2.816h8.96zM15.68 20.8v2.816h-8.96v-2.816h8.96z\"><\/path>\n<\/svg><\/span>  Voir les d\u00e9tails<\/a> <span class=\"button-mini-delimiter\"><\/span><\/div><\/div><\/li>\n<li class=\"product type-product post-19553 status-publish first instock product_cat-bis-chf-30 product_cat-unkategorisiert has-post-thumbnail taxable shipping-taxable purchasable product-type-simple\">\n\t<div class='inner_product main_color wrapped_style noLightbox  av-product-class-'><a href=\"https:\/\/www.raffinessen.ch\/fr\/produit\/schweizer-waldhonig\/\" class=\"woocommerce-LoopProduct-link woocommerce-loop-product__link\"><div class=\"thumbnail_container\"><img decoding=\"async\" loading=\"lazy\" width=\"500\" height=\"500\" src=\"https:\/\/www.raffinessen.ch\/webseite\/wp-content\/uploads\/2025\/05\/Schweizer-Waldhonig_Biene-500x500.jpg\" class=\"wp-image-19554 avia-img-lazy-loading-19554 attachment-woocommerce_thumbnail size-woocommerce_thumbnail wp-post-image\" alt=\"\" srcset=\"https:\/\/www.raffinessen.ch\/webseite\/wp-content\/uploads\/2025\/05\/Schweizer-Waldhonig_Biene-500x500.jpg 500w, https:\/\/www.raffinessen.ch\/webseite\/wp-content\/uploads\/2025\/05\/Schweizer-Waldhonig_Biene-300x300.jpg 300w, https:\/\/www.raffinessen.ch\/webseite\/wp-content\/uploads\/2025\/05\/Schweizer-Waldhonig_Biene-80x80.jpg 80w, https:\/\/www.raffinessen.ch\/webseite\/wp-content\/uploads\/2025\/05\/Schweizer-Waldhonig_Biene-768x768.jpg 768w, https:\/\/www.raffinessen.ch\/webseite\/wp-content\/uploads\/2025\/05\/Schweizer-Waldhonig_Biene-12x12.jpg 12w, https:\/\/www.raffinessen.ch\/webseite\/wp-content\/uploads\/2025\/05\/Schweizer-Waldhonig_Biene-36x36.jpg 36w, https:\/\/www.raffinessen.ch\/webseite\/wp-content\/uploads\/2025\/05\/Schweizer-Waldhonig_Biene-180x180.jpg 180w, https:\/\/www.raffinessen.ch\/webseite\/wp-content\/uploads\/2025\/05\/Schweizer-Waldhonig_Biene-705x705.jpg 705w, https:\/\/www.raffinessen.ch\/webseite\/wp-content\/uploads\/2025\/05\/Schweizer-Waldhonig_Biene-120x120.jpg 120w, https:\/\/www.raffinessen.ch\/webseite\/wp-content\/uploads\/2025\/05\/Schweizer-Waldhonig_Biene-450x450.jpg 450w, https:\/\/www.raffinessen.ch\/webseite\/wp-content\/uploads\/2025\/05\/Schweizer-Waldhonig_Biene-100x100.jpg 100w, https:\/\/www.raffinessen.ch\/webseite\/wp-content\/uploads\/2025\/05\/Schweizer-Waldhonig_Biene.jpg 1000w\" sizes=\"auto, (max-width: 500px) 100vw, 500px\" \/><span class=\"cart-loading\"><\/span><\/div><div class='inner_product_header'><div class='avia-arrow'><\/div><div class='inner_product_header_table'><div class='inner_product_header_cell'><h2 class=\"woocommerce-loop-product__title\">Schweizer Waldhonig<\/h2>\n\t<span class=\"price\"><span class=\"woocommerce-Price-amount amount\"><bdi><span class=\"woocommerce-Price-currencySymbol\">&#67;&#72;&#70;<\/span>&nbsp;13.00<\/bdi><\/span> <small class=\"woocommerce-price-suffix\">TVA incluse<\/small><\/span>\n<\/div><\/div><\/div><\/a><div class='avia_cart_buttons'><a href=\"\/fr\/wp-json\/wp\/v2\/pages\/9012?add-to-cart=19553\" aria-describedby=\"woocommerce_loop_add_to_cart_link_describedby_19553\" data-quantity=\"1\" class=\"button product_type_simple add_to_cart_button ajax_add_to_cart\" data-product_id=\"19553\" data-product_sku=\"PP-F0038\" aria-label=\"Ajouter au panier\u00a0: \u201cSchweizer Waldhonig\u201d\" rel=\"nofollow\" data-success_message=\"\u00ab\u00a0Schweizer Waldhonig\u00a0\u00bb a \u00e9t\u00e9 ajout\u00e9 \u00e0 votre panier\" role=\"button\" data-no-translation-aria-label=\"\" data-no-translation-data-success_message=\"\"><span class=\"avia-svg-icon avia-font-svg_entypo-fontello\" data-av_svg_icon='basket' data-av_iconset='svg_entypo-fontello'><svg version=\"1.1\" xmlns=\"http:\/\/www.w3.org\/2000\/svg\" width=\"29\" height=\"32\" viewbox=\"0 0 29 32\" preserveaspectratio=\"xMidYMid meet\" aria-labelledby='av-svg-title-49' aria-describedby='av-svg-desc-49' role=\"graphics-symbol\" aria-hidden=\"true\">\n<title id='av-svg-title-49'>Ajouter au panier<\/title>\n<desc id='av-svg-desc-49'>Ajouter au panier<\/desc>\n<path d=\"M4.8 27.2q0-1.28 0.96-2.24t2.24-0.96q1.344 0 2.272 0.96t0.928 2.24q0 1.344-0.928 2.272t-2.272 0.928q-1.28 0-2.24-0.928t-0.96-2.272zM20.8 27.2q0-1.28 0.96-2.24t2.24-0.96q1.344 0 2.272 0.96t0.928 2.24q0 1.344-0.928 2.272t-2.272 0.928q-1.28 0-2.24-0.928t-0.96-2.272zM10.496 19.648q-1.152 0.32-1.088 0.736t1.408 0.416h17.984v2.432q0 0.64-0.64 0.64h-20.928q-0.64 0-0.64-0.64v-2.432l-0.32-1.472-3.136-14.528h-3.136v-2.56q0-0.64 0.64-0.64h4.992q0.64 0 0.64 0.64v2.752h22.528v8.768q0 0.704-0.576 0.832z\"><\/path>\n<\/svg><\/span>  Ajouter au panier<\/a>\t<span id=\"woocommerce_loop_add_to_cart_link_describedby_19553\" class=\"screen-reader-text\">\n\t\t\t<\/span>\n<a class=\"button show_details_button\" href=\"https:\/\/www.raffinessen.ch\/fr\/produit\/schweizer-waldhonig\/\"><span class=\"avia-svg-icon avia-font-svg_entypo-fontello\" data-av_svg_icon='doc-text' data-av_iconset='svg_entypo-fontello'><svg version=\"1.1\" xmlns=\"http:\/\/www.w3.org\/2000\/svg\" width=\"22\" height=\"32\" viewbox=\"0 0 22 32\" preserveaspectratio=\"xMidYMid meet\" aria-labelledby='av-svg-title-50' aria-describedby='av-svg-desc-50' role=\"graphics-symbol\" aria-hidden=\"true\">\n<title id='av-svg-title-50'>Voir les d\u00e9tails<\/title>\n<desc id='av-svg-desc-50'>Voir les d\u00e9tails<\/desc>\n<path d=\"M6.784 17.344v-2.88h8.96v2.88h-8.96zM19.2 1.6q1.344 0 2.272 0.928t0.928 2.272v22.4q0 1.28-0.928 2.24t-2.272 0.96h-16q-1.28 0-2.24-0.96t-0.96-2.24v-22.4q0-1.344 0.96-2.272t2.24-0.928h16zM19.2 27.2v-22.4h-16v22.4h16zM15.68 8.256v2.816h-8.96v-2.816h8.96zM15.68 20.8v2.816h-8.96v-2.816h8.96z\"><\/path>\n<\/svg><\/span>  Voir les d\u00e9tails<\/a> <span class=\"button-mini-delimiter\"><\/span><\/div><\/div><\/li>\n<li class=\"product type-product post-10080 status-publish instock product_cat-ab-chf-30 product_cat-geschenksets has-post-thumbnail taxable shipping-taxable purchasable product-type-simple\">\n\t<div class='inner_product main_color wrapped_style noLightbox  av-product-class-'><a href=\"https:\/\/www.raffinessen.ch\/fr\/produit\/gutschein-50\/\" class=\"woocommerce-LoopProduct-link woocommerce-loop-product__link\"><div class=\"thumbnail_container\"><img loading=\"lazy\" decoding=\"async\" width=\"500\" height=\"500\" src=\"https:\/\/www.raffinessen.ch\/webseite\/wp-content\/uploads\/2017\/05\/Postkarte-500x500.jpg\" class=\"attachment-woocommerce_thumbnail avia-product-hover\" alt=\"\" srcset=\"https:\/\/www.raffinessen.ch\/webseite\/wp-content\/uploads\/2017\/05\/Postkarte-500x500.jpg 500w, https:\/\/www.raffinessen.ch\/webseite\/wp-content\/uploads\/2017\/05\/Postkarte-1000x1000.jpg 1000w, https:\/\/www.raffinessen.ch\/webseite\/wp-content\/uploads\/2017\/05\/Postkarte-100x100.jpg 100w, https:\/\/www.raffinessen.ch\/webseite\/wp-content\/uploads\/2017\/05\/Postkarte-80x80.jpg 80w, https:\/\/www.raffinessen.ch\/webseite\/wp-content\/uploads\/2017\/05\/Postkarte-300x300.jpg 300w, https:\/\/www.raffinessen.ch\/webseite\/wp-content\/uploads\/2017\/05\/Postkarte-768x768.jpg 768w, https:\/\/www.raffinessen.ch\/webseite\/wp-content\/uploads\/2017\/05\/Postkarte-1030x1030.jpg 1030w, https:\/\/www.raffinessen.ch\/webseite\/wp-content\/uploads\/2017\/05\/Postkarte-36x36.jpg 36w, https:\/\/www.raffinessen.ch\/webseite\/wp-content\/uploads\/2017\/05\/Postkarte-180x180.jpg 180w, https:\/\/www.raffinessen.ch\/webseite\/wp-content\/uploads\/2017\/05\/Postkarte-705x705.jpg 705w, https:\/\/www.raffinessen.ch\/webseite\/wp-content\/uploads\/2017\/05\/Postkarte.jpg 1200w\" sizes=\"auto, (max-width: 500px) 100vw, 500px\" \/><img decoding=\"async\" loading=\"lazy\" width=\"500\" height=\"500\" src=\"https:\/\/www.raffinessen.ch\/webseite\/wp-content\/uploads\/2021\/12\/Gutschein-50-500x500.jpg\" class=\"wp-image-10076 avia-img-lazy-loading-10076 attachment-woocommerce_thumbnail size-woocommerce_thumbnail wp-post-image\" alt=\"\" srcset=\"https:\/\/www.raffinessen.ch\/webseite\/wp-content\/uploads\/2021\/12\/Gutschein-50-500x500.jpg 500w, https:\/\/www.raffinessen.ch\/webseite\/wp-content\/uploads\/2021\/12\/Gutschein-50-300x300.jpg 300w, https:\/\/www.raffinessen.ch\/webseite\/wp-content\/uploads\/2021\/12\/Gutschein-50-1030x1030.jpg 1030w, https:\/\/www.raffinessen.ch\/webseite\/wp-content\/uploads\/2021\/12\/Gutschein-50-80x80.jpg 80w, https:\/\/www.raffinessen.ch\/webseite\/wp-content\/uploads\/2021\/12\/Gutschein-50-768x768.jpg 768w, https:\/\/www.raffinessen.ch\/webseite\/wp-content\/uploads\/2021\/12\/Gutschein-50-36x36.jpg 36w, https:\/\/www.raffinessen.ch\/webseite\/wp-content\/uploads\/2021\/12\/Gutschein-50-180x180.jpg 180w, https:\/\/www.raffinessen.ch\/webseite\/wp-content\/uploads\/2021\/12\/Gutschein-50-705x705.jpg 705w, https:\/\/www.raffinessen.ch\/webseite\/wp-content\/uploads\/2021\/12\/Gutschein-50-100x100.jpg 100w, https:\/\/www.raffinessen.ch\/webseite\/wp-content\/uploads\/2021\/12\/Gutschein-50-1000x1000.jpg 1000w, https:\/\/www.raffinessen.ch\/webseite\/wp-content\/uploads\/2021\/12\/Gutschein-50.jpg 1500w\" sizes=\"auto, (max-width: 500px) 100vw, 500px\" \/><span class=\"cart-loading\"><\/span><\/div><div class='inner_product_header'><div class='avia-arrow'><\/div><div class='inner_product_header_table'><div class='inner_product_header_cell'><h2 class=\"woocommerce-loop-product__title\">Bon d'achat 50<\/h2>\n\t<span class=\"price\"><span class=\"woocommerce-Price-amount amount\"><bdi><span class=\"woocommerce-Price-currencySymbol\">&#67;&#72;&#70;<\/span>&nbsp;50.00<\/bdi><\/span> <small class=\"woocommerce-price-suffix\">TVA incluse<\/small><\/span>\n<\/div><\/div><\/div><\/a><div class='avia_cart_buttons'><a href=\"\/fr\/wp-json\/wp\/v2\/pages\/9012?add-to-cart=10080\" aria-describedby=\"woocommerce_loop_add_to_cart_link_describedby_10080\" data-quantity=\"1\" class=\"button product_type_simple add_to_cart_button ajax_add_to_cart\" data-product_id=\"10080\" data-product_sku=\"GSO-048\" aria-label=\"Ajouter au panier\u00a0: \u201cGutschein 50\u201d\" rel=\"nofollow\" data-success_message=\"\u00ab\u00a0Gutschein 50\u00a0\u00bb a \u00e9t\u00e9 ajout\u00e9 \u00e0 votre panier\" role=\"button\" data-no-translation-aria-label=\"\" data-no-translation-data-success_message=\"\"><span class=\"avia-svg-icon avia-font-svg_entypo-fontello\" data-av_svg_icon='basket' data-av_iconset='svg_entypo-fontello'><svg version=\"1.1\" xmlns=\"http:\/\/www.w3.org\/2000\/svg\" width=\"29\" height=\"32\" viewbox=\"0 0 29 32\" preserveaspectratio=\"xMidYMid meet\" aria-labelledby='av-svg-title-51' aria-describedby='av-svg-desc-51' role=\"graphics-symbol\" aria-hidden=\"true\">\n<title id='av-svg-title-51'>Ajouter au panier<\/title>\n<desc id='av-svg-desc-51'>Ajouter au panier<\/desc>\n<path d=\"M4.8 27.2q0-1.28 0.96-2.24t2.24-0.96q1.344 0 2.272 0.96t0.928 2.24q0 1.344-0.928 2.272t-2.272 0.928q-1.28 0-2.24-0.928t-0.96-2.272zM20.8 27.2q0-1.28 0.96-2.24t2.24-0.96q1.344 0 2.272 0.96t0.928 2.24q0 1.344-0.928 2.272t-2.272 0.928q-1.28 0-2.24-0.928t-0.96-2.272zM10.496 19.648q-1.152 0.32-1.088 0.736t1.408 0.416h17.984v2.432q0 0.64-0.64 0.64h-20.928q-0.64 0-0.64-0.64v-2.432l-0.32-1.472-3.136-14.528h-3.136v-2.56q0-0.64 0.64-0.64h4.992q0.64 0 0.64 0.64v2.752h22.528v8.768q0 0.704-0.576 0.832z\"><\/path>\n<\/svg><\/span>  Ajouter au panier<\/a>\t<span id=\"woocommerce_loop_add_to_cart_link_describedby_10080\" class=\"screen-reader-text\">\n\t\t\t<\/span>\n<a class=\"button show_details_button\" href=\"https:\/\/www.raffinessen.ch\/fr\/produit\/gutschein-50\/\"><span class=\"avia-svg-icon avia-font-svg_entypo-fontello\" data-av_svg_icon='doc-text' data-av_iconset='svg_entypo-fontello'><svg version=\"1.1\" xmlns=\"http:\/\/www.w3.org\/2000\/svg\" width=\"22\" height=\"32\" viewbox=\"0 0 22 32\" preserveaspectratio=\"xMidYMid meet\" aria-labelledby='av-svg-title-52' aria-describedby='av-svg-desc-52' role=\"graphics-symbol\" aria-hidden=\"true\">\n<title id='av-svg-title-52'>Voir les d\u00e9tails<\/title>\n<desc id='av-svg-desc-52'>Voir les d\u00e9tails<\/desc>\n<path d=\"M6.784 17.344v-2.88h8.96v2.88h-8.96zM19.2 1.6q1.344 0 2.272 0.928t0.928 2.272v22.4q0 1.28-0.928 2.24t-2.272 0.96h-16q-1.28 0-2.24-0.96t-0.96-2.24v-22.4q0-1.344 0.96-2.272t2.24-0.928h16zM19.2 27.2v-22.4h-16v22.4h16zM15.68 8.256v2.816h-8.96v-2.816h8.96zM15.68 20.8v2.816h-8.96v-2.816h8.96z\"><\/path>\n<\/svg><\/span>  Voir les d\u00e9tails<\/a> <span class=\"button-mini-delimiter\"><\/span><\/div><\/div><\/li>\n<li class=\"product type-product post-1774 status-publish instock product_cat-muehlen-und-behaelter product_cat-swiss-made has-post-thumbnail taxable shipping-taxable purchasable product-type-simple\">\n\t<div class='inner_product main_color wrapped_style noLightbox  av-product-class-'><a href=\"https:\/\/www.raffinessen.ch\/fr\/produit\/keramikmuehle-eiche\/\" class=\"woocommerce-LoopProduct-link woocommerce-loop-product__link\"><div class=\"thumbnail_container\"><img loading=\"lazy\" decoding=\"async\" width=\"500\" height=\"500\" src=\"https:\/\/www.raffinessen.ch\/webseite\/wp-content\/uploads\/2020\/04\/eiche-muehle-zylindrisch-liegend-500x500.jpg\" class=\"attachment-woocommerce_thumbnail avia-product-hover\" alt=\"\" srcset=\"https:\/\/www.raffinessen.ch\/webseite\/wp-content\/uploads\/2020\/04\/eiche-muehle-zylindrisch-liegend-500x500.jpg 500w, https:\/\/www.raffinessen.ch\/webseite\/wp-content\/uploads\/2020\/04\/eiche-muehle-zylindrisch-liegend-300x300.jpg 300w, https:\/\/www.raffinessen.ch\/webseite\/wp-content\/uploads\/2020\/04\/eiche-muehle-zylindrisch-liegend-1030x1030.jpg 1030w, https:\/\/www.raffinessen.ch\/webseite\/wp-content\/uploads\/2020\/04\/eiche-muehle-zylindrisch-liegend-80x80.jpg 80w, https:\/\/www.raffinessen.ch\/webseite\/wp-content\/uploads\/2020\/04\/eiche-muehle-zylindrisch-liegend-768x768.jpg 768w, https:\/\/www.raffinessen.ch\/webseite\/wp-content\/uploads\/2020\/04\/eiche-muehle-zylindrisch-liegend-1536x1536.jpg 1536w, https:\/\/www.raffinessen.ch\/webseite\/wp-content\/uploads\/2020\/04\/eiche-muehle-zylindrisch-liegend-2048x2048.jpg 2048w, https:\/\/www.raffinessen.ch\/webseite\/wp-content\/uploads\/2020\/04\/eiche-muehle-zylindrisch-liegend-36x36.jpg 36w, https:\/\/www.raffinessen.ch\/webseite\/wp-content\/uploads\/2020\/04\/eiche-muehle-zylindrisch-liegend-180x180.jpg 180w, https:\/\/www.raffinessen.ch\/webseite\/wp-content\/uploads\/2020\/04\/eiche-muehle-zylindrisch-liegend-1500x1500.jpg 1500w, https:\/\/www.raffinessen.ch\/webseite\/wp-content\/uploads\/2020\/04\/eiche-muehle-zylindrisch-liegend-705x705.jpg 705w, https:\/\/www.raffinessen.ch\/webseite\/wp-content\/uploads\/2020\/04\/eiche-muehle-zylindrisch-liegend-100x100.jpg 100w, https:\/\/www.raffinessen.ch\/webseite\/wp-content\/uploads\/2020\/04\/eiche-muehle-zylindrisch-liegend-1000x1000.jpg 1000w\" sizes=\"auto, (max-width: 500px) 100vw, 500px\" \/><img decoding=\"async\" loading=\"lazy\" width=\"500\" height=\"500\" src=\"https:\/\/www.raffinessen.ch\/webseite\/wp-content\/uploads\/2020\/04\/eiche-zylindrisch-zu-500x500.jpg\" class=\"wp-image-5688 avia-img-lazy-loading-5688 attachment-woocommerce_thumbnail size-woocommerce_thumbnail wp-post-image\" alt=\"\" srcset=\"https:\/\/www.raffinessen.ch\/webseite\/wp-content\/uploads\/2020\/04\/eiche-zylindrisch-zu-500x500.jpg 500w, https:\/\/www.raffinessen.ch\/webseite\/wp-content\/uploads\/2020\/04\/eiche-zylindrisch-zu-300x300.jpg 300w, https:\/\/www.raffinessen.ch\/webseite\/wp-content\/uploads\/2020\/04\/eiche-zylindrisch-zu-1030x1030.jpg 1030w, https:\/\/www.raffinessen.ch\/webseite\/wp-content\/uploads\/2020\/04\/eiche-zylindrisch-zu-80x80.jpg 80w, https:\/\/www.raffinessen.ch\/webseite\/wp-content\/uploads\/2020\/04\/eiche-zylindrisch-zu-768x768.jpg 768w, https:\/\/www.raffinessen.ch\/webseite\/wp-content\/uploads\/2020\/04\/eiche-zylindrisch-zu-1536x1536.jpg 1536w, https:\/\/www.raffinessen.ch\/webseite\/wp-content\/uploads\/2020\/04\/eiche-zylindrisch-zu-2048x2048.jpg 2048w, https:\/\/www.raffinessen.ch\/webseite\/wp-content\/uploads\/2020\/04\/eiche-zylindrisch-zu-36x36.jpg 36w, https:\/\/www.raffinessen.ch\/webseite\/wp-content\/uploads\/2020\/04\/eiche-zylindrisch-zu-180x180.jpg 180w, https:\/\/www.raffinessen.ch\/webseite\/wp-content\/uploads\/2020\/04\/eiche-zylindrisch-zu-1500x1500.jpg 1500w, https:\/\/www.raffinessen.ch\/webseite\/wp-content\/uploads\/2020\/04\/eiche-zylindrisch-zu-705x705.jpg 705w, https:\/\/www.raffinessen.ch\/webseite\/wp-content\/uploads\/2020\/04\/eiche-zylindrisch-zu-100x100.jpg 100w, https:\/\/www.raffinessen.ch\/webseite\/wp-content\/uploads\/2020\/04\/eiche-zylindrisch-zu-1000x1000.jpg 1000w\" sizes=\"auto, (max-width: 500px) 100vw, 500px\" \/><span class=\"cart-loading\"><\/span><\/div><div class='inner_product_header'><div class='avia-arrow'><\/div><div class='inner_product_header_table'><div class='inner_product_header_cell'><h2 class=\"woocommerce-loop-product__title\">Moulin \u00e0 \u00e9pices JEAN Ch\u00eane <br \/>(Swiss Made)<\/h2>\n\t<span class=\"price\"><span class=\"woocommerce-Price-amount amount\"><bdi><span class=\"woocommerce-Price-currencySymbol\">&#67;&#72;&#70;<\/span>&nbsp;70.00<\/bdi><\/span> <small class=\"woocommerce-price-suffix\">TVA incluse<\/small><\/span>\n<\/div><\/div><\/div><\/a><div class='avia_cart_buttons'><a href=\"\/fr\/wp-json\/wp\/v2\/pages\/9012?add-to-cart=1774\" aria-describedby=\"woocommerce_loop_add_to_cart_link_describedby_1774\" data-quantity=\"1\" class=\"button product_type_simple add_to_cart_button ajax_add_to_cart\" data-product_id=\"1774\" data-product_sku=\"GWO-022\" aria-label=\"Ajouter au panier\u00a0: \u201cGew\u00fcrzm\u00fchle JEAN Eiche (Swiss Made)\u201d\" rel=\"nofollow\" data-success_message=\"\u00ab\u00a0Gew\u00fcrzm\u00fchle JEAN Eiche &lt;br \/&gt;(Swiss Made)\u00a0\u00bb a \u00e9t\u00e9 ajout\u00e9 \u00e0 votre panier\" role=\"button\" data-no-translation-aria-label=\"\" data-no-translation-data-success_message=\"\"><span class=\"avia-svg-icon avia-font-svg_entypo-fontello\" data-av_svg_icon='basket' data-av_iconset='svg_entypo-fontello'><svg version=\"1.1\" xmlns=\"http:\/\/www.w3.org\/2000\/svg\" width=\"29\" height=\"32\" viewbox=\"0 0 29 32\" preserveaspectratio=\"xMidYMid meet\" aria-labelledby='av-svg-title-53' aria-describedby='av-svg-desc-53' role=\"graphics-symbol\" aria-hidden=\"true\">\n<title id='av-svg-title-53'>Ajouter au panier<\/title>\n<desc id='av-svg-desc-53'>Ajouter au panier<\/desc>\n<path d=\"M4.8 27.2q0-1.28 0.96-2.24t2.24-0.96q1.344 0 2.272 0.96t0.928 2.24q0 1.344-0.928 2.272t-2.272 0.928q-1.28 0-2.24-0.928t-0.96-2.272zM20.8 27.2q0-1.28 0.96-2.24t2.24-0.96q1.344 0 2.272 0.96t0.928 2.24q0 1.344-0.928 2.272t-2.272 0.928q-1.28 0-2.24-0.928t-0.96-2.272zM10.496 19.648q-1.152 0.32-1.088 0.736t1.408 0.416h17.984v2.432q0 0.64-0.64 0.64h-20.928q-0.64 0-0.64-0.64v-2.432l-0.32-1.472-3.136-14.528h-3.136v-2.56q0-0.64 0.64-0.64h4.992q0.64 0 0.64 0.64v2.752h22.528v8.768q0 0.704-0.576 0.832z\"><\/path>\n<\/svg><\/span>  Ajouter au panier<\/a>\t<span id=\"woocommerce_loop_add_to_cart_link_describedby_1774\" class=\"screen-reader-text\">\n\t\t\t<\/span>\n<a class=\"button show_details_button\" href=\"https:\/\/www.raffinessen.ch\/fr\/produit\/keramikmuehle-eiche\/\"><span class=\"avia-svg-icon avia-font-svg_entypo-fontello\" data-av_svg_icon='doc-text' data-av_iconset='svg_entypo-fontello'><svg version=\"1.1\" xmlns=\"http:\/\/www.w3.org\/2000\/svg\" width=\"22\" height=\"32\" viewbox=\"0 0 22 32\" preserveaspectratio=\"xMidYMid meet\" aria-labelledby='av-svg-title-54' aria-describedby='av-svg-desc-54' role=\"graphics-symbol\" aria-hidden=\"true\">\n<title id='av-svg-title-54'>Voir les d\u00e9tails<\/title>\n<desc id='av-svg-desc-54'>Voir les d\u00e9tails<\/desc>\n<path d=\"M6.784 17.344v-2.88h8.96v2.88h-8.96zM19.2 1.6q1.344 0 2.272 0.928t0.928 2.272v22.4q0 1.28-0.928 2.24t-2.272 0.96h-16q-1.28 0-2.24-0.96t-0.96-2.24v-22.4q0-1.344 0.96-2.272t2.24-0.928h16zM19.2 27.2v-22.4h-16v22.4h16zM15.68 8.256v2.816h-8.96v-2.816h8.96zM15.68 20.8v2.816h-8.96v-2.816h8.96z\"><\/path>\n<\/svg><\/span>  Voir les d\u00e9tails<\/a> <span class=\"button-mini-delimiter\"><\/span><\/div><\/div><\/li>\n<li class=\"product type-product post-4774 status-publish last instock product_cat-muehlen product_cat-muehlen-und-behaelter has-post-thumbnail taxable shipping-taxable purchasable product-type-simple\">\n\t<div class='inner_product main_color wrapped_style noLightbox  av-product-class-'><a href=\"https:\/\/www.raffinessen.ch\/fr\/produit\/gewuerzmuehle-miya-edelstahl-2er-set\/\" class=\"woocommerce-LoopProduct-link woocommerce-loop-product__link\"><div class=\"thumbnail_container\"><img loading=\"lazy\" decoding=\"async\" width=\"500\" height=\"500\" src=\"https:\/\/www.raffinessen.ch\/webseite\/wp-content\/uploads\/2019\/12\/miya-steel-muehle-liegend-500x500.jpg\" class=\"attachment-woocommerce_thumbnail avia-product-hover\" alt=\"\" srcset=\"https:\/\/www.raffinessen.ch\/webseite\/wp-content\/uploads\/2019\/12\/miya-steel-muehle-liegend-500x500.jpg 500w, https:\/\/www.raffinessen.ch\/webseite\/wp-content\/uploads\/2019\/12\/miya-steel-muehle-liegend-300x300.jpg 300w, https:\/\/www.raffinessen.ch\/webseite\/wp-content\/uploads\/2019\/12\/miya-steel-muehle-liegend-1030x1030.jpg 1030w, https:\/\/www.raffinessen.ch\/webseite\/wp-content\/uploads\/2019\/12\/miya-steel-muehle-liegend-80x80.jpg 80w, https:\/\/www.raffinessen.ch\/webseite\/wp-content\/uploads\/2019\/12\/miya-steel-muehle-liegend-768x768.jpg 768w, https:\/\/www.raffinessen.ch\/webseite\/wp-content\/uploads\/2019\/12\/miya-steel-muehle-liegend-36x36.jpg 36w, https:\/\/www.raffinessen.ch\/webseite\/wp-content\/uploads\/2019\/12\/miya-steel-muehle-liegend-180x180.jpg 180w, https:\/\/www.raffinessen.ch\/webseite\/wp-content\/uploads\/2019\/12\/miya-steel-muehle-liegend-705x705.jpg 705w, https:\/\/www.raffinessen.ch\/webseite\/wp-content\/uploads\/2019\/12\/miya-steel-muehle-liegend-100x100.jpg 100w, https:\/\/www.raffinessen.ch\/webseite\/wp-content\/uploads\/2019\/12\/miya-steel-muehle-liegend-1000x1000.jpg 1000w, https:\/\/www.raffinessen.ch\/webseite\/wp-content\/uploads\/2019\/12\/miya-steel-muehle-liegend.jpg 1333w\" sizes=\"auto, (max-width: 500px) 100vw, 500px\" \/><img decoding=\"async\" loading=\"lazy\" width=\"500\" height=\"500\" src=\"https:\/\/www.raffinessen.ch\/webseite\/wp-content\/uploads\/2019\/12\/miya-steel-muehle-2-500x500.jpg\" class=\"wp-image-4775 avia-img-lazy-loading-4775 attachment-woocommerce_thumbnail size-woocommerce_thumbnail wp-post-image\" alt=\"\" srcset=\"https:\/\/www.raffinessen.ch\/webseite\/wp-content\/uploads\/2019\/12\/miya-steel-muehle-2-500x500.jpg 500w, https:\/\/www.raffinessen.ch\/webseite\/wp-content\/uploads\/2019\/12\/miya-steel-muehle-2-300x300.jpg 300w, https:\/\/www.raffinessen.ch\/webseite\/wp-content\/uploads\/2019\/12\/miya-steel-muehle-2-1030x1030.jpg 1030w, https:\/\/www.raffinessen.ch\/webseite\/wp-content\/uploads\/2019\/12\/miya-steel-muehle-2-80x80.jpg 80w, https:\/\/www.raffinessen.ch\/webseite\/wp-content\/uploads\/2019\/12\/miya-steel-muehle-2-768x768.jpg 768w, https:\/\/www.raffinessen.ch\/webseite\/wp-content\/uploads\/2019\/12\/miya-steel-muehle-2-1536x1536.jpg 1536w, https:\/\/www.raffinessen.ch\/webseite\/wp-content\/uploads\/2019\/12\/miya-steel-muehle-2-2048x2048.jpg 2048w, https:\/\/www.raffinessen.ch\/webseite\/wp-content\/uploads\/2019\/12\/miya-steel-muehle-2-36x36.jpg 36w, https:\/\/www.raffinessen.ch\/webseite\/wp-content\/uploads\/2019\/12\/miya-steel-muehle-2-180x180.jpg 180w, https:\/\/www.raffinessen.ch\/webseite\/wp-content\/uploads\/2019\/12\/miya-steel-muehle-2-1500x1500.jpg 1500w, https:\/\/www.raffinessen.ch\/webseite\/wp-content\/uploads\/2019\/12\/miya-steel-muehle-2-705x705.jpg 705w, https:\/\/www.raffinessen.ch\/webseite\/wp-content\/uploads\/2019\/12\/miya-steel-muehle-2-100x100.jpg 100w, https:\/\/www.raffinessen.ch\/webseite\/wp-content\/uploads\/2019\/12\/miya-steel-muehle-2-1000x1000.jpg 1000w\" sizes=\"auto, (max-width: 500px) 100vw, 500px\" \/><span class=\"cart-loading\"><\/span><\/div><div class='inner_product_header'><div class='avia-arrow'><\/div><div class='inner_product_header_table'><div class='inner_product_header_cell'><h2 class=\"woocommerce-loop-product__title\">SET - 2x moulin \u00e0 \u00e9pices MIYA acier inoxydable<\/h2>\n\t<span class=\"price\"><span class=\"woocommerce-Price-amount amount\"><bdi><span class=\"woocommerce-Price-currencySymbol\">&#67;&#72;&#70;<\/span>&nbsp;55.00<\/bdi><\/span> <small class=\"woocommerce-price-suffix\">TVA incluse<\/small><\/span>\n<\/div><\/div><\/div><\/a><div class='avia_cart_buttons'><a href=\"\/fr\/wp-json\/wp\/v2\/pages\/9012?add-to-cart=4774\" aria-describedby=\"woocommerce_loop_add_to_cart_link_describedby_4774\" data-quantity=\"1\" class=\"button product_type_simple add_to_cart_button ajax_add_to_cart\" data-product_id=\"4774\" data-product_sku=\"GSO-025\" aria-label=\"Ajouter au panier\u00a0: \u201cSET - 2x Gew\u00fcrzm\u00fchle MIYA Edelstahl\u201d\" rel=\"nofollow\" data-success_message=\"\u00ab\u00a0SET - 2x Gew\u00fcrzm\u00fchle MIYA Edelstahl\u00a0\u00bb a \u00e9t\u00e9 ajout\u00e9 \u00e0 votre panier\" role=\"button\" data-no-translation-aria-label=\"\" data-no-translation-data-success_message=\"\"><span class=\"avia-svg-icon avia-font-svg_entypo-fontello\" data-av_svg_icon='basket' data-av_iconset='svg_entypo-fontello'><svg version=\"1.1\" xmlns=\"http:\/\/www.w3.org\/2000\/svg\" width=\"29\" height=\"32\" viewbox=\"0 0 29 32\" preserveaspectratio=\"xMidYMid meet\" aria-labelledby='av-svg-title-55' aria-describedby='av-svg-desc-55' role=\"graphics-symbol\" aria-hidden=\"true\">\n<title id='av-svg-title-55'>Ajouter au panier<\/title>\n<desc id='av-svg-desc-55'>Ajouter au panier<\/desc>\n<path d=\"M4.8 27.2q0-1.28 0.96-2.24t2.24-0.96q1.344 0 2.272 0.96t0.928 2.24q0 1.344-0.928 2.272t-2.272 0.928q-1.28 0-2.24-0.928t-0.96-2.272zM20.8 27.2q0-1.28 0.96-2.24t2.24-0.96q1.344 0 2.272 0.96t0.928 2.24q0 1.344-0.928 2.272t-2.272 0.928q-1.28 0-2.24-0.928t-0.96-2.272zM10.496 19.648q-1.152 0.32-1.088 0.736t1.408 0.416h17.984v2.432q0 0.64-0.64 0.64h-20.928q-0.64 0-0.64-0.64v-2.432l-0.32-1.472-3.136-14.528h-3.136v-2.56q0-0.64 0.64-0.64h4.992q0.64 0 0.64 0.64v2.752h22.528v8.768q0 0.704-0.576 0.832z\"><\/path>\n<\/svg><\/span>  Ajouter au panier<\/a>\t<span id=\"woocommerce_loop_add_to_cart_link_describedby_4774\" class=\"screen-reader-text\">\n\t\t\t<\/span>\n<a class=\"button show_details_button\" href=\"https:\/\/www.raffinessen.ch\/fr\/produit\/gewuerzmuehle-miya-edelstahl-2er-set\/\"><span class=\"avia-svg-icon avia-font-svg_entypo-fontello\" data-av_svg_icon='doc-text' data-av_iconset='svg_entypo-fontello'><svg version=\"1.1\" xmlns=\"http:\/\/www.w3.org\/2000\/svg\" width=\"22\" height=\"32\" viewbox=\"0 0 22 32\" preserveaspectratio=\"xMidYMid meet\" aria-labelledby='av-svg-title-56' aria-describedby='av-svg-desc-56' role=\"graphics-symbol\" aria-hidden=\"true\">\n<title id='av-svg-title-56'>Voir les d\u00e9tails<\/title>\n<desc id='av-svg-desc-56'>Voir les d\u00e9tails<\/desc>\n<path d=\"M6.784 17.344v-2.88h8.96v2.88h-8.96zM19.2 1.6q1.344 0 2.272 0.928t0.928 2.272v22.4q0 1.28-0.928 2.24t-2.272 0.96h-16q-1.28 0-2.24-0.96t-0.96-2.24v-22.4q0-1.344 0.96-2.272t2.24-0.928h16zM19.2 27.2v-22.4h-16v22.4h16zM15.68 8.256v2.816h-8.96v-2.816h8.96zM15.68 20.8v2.816h-8.96v-2.816h8.96z\"><\/path>\n<\/svg><\/span>  Voir les d\u00e9tails<\/a> <span class=\"button-mini-delimiter\"><\/span><\/div><\/div><\/li>\n<li class=\"product type-product post-6625 status-publish first instock product_cat-grob has-post-thumbnail taxable shipping-taxable purchasable product-type-simple\">\n\t<div class='inner_product main_color wrapped_style noLightbox  av-product-class-'><a href=\"https:\/\/www.raffinessen.ch\/fr\/produit\/qingdao\/\" class=\"woocommerce-LoopProduct-link woocommerce-loop-product__link\"><div class=\"thumbnail_container\"><img loading=\"lazy\" decoding=\"async\" width=\"500\" height=\"500\" src=\"https:\/\/www.raffinessen.ch\/webseite\/wp-content\/uploads\/2020\/07\/FP-110x185_Qingdao-500x500.jpg\" class=\"attachment-woocommerce_thumbnail avia-product-hover\" alt=\"\" srcset=\"https:\/\/www.raffinessen.ch\/webseite\/wp-content\/uploads\/2020\/07\/FP-110x185_Qingdao-500x500.jpg 500w, https:\/\/www.raffinessen.ch\/webseite\/wp-content\/uploads\/2020\/07\/FP-110x185_Qingdao-300x300.jpg 300w, https:\/\/www.raffinessen.ch\/webseite\/wp-content\/uploads\/2020\/07\/FP-110x185_Qingdao-1030x1030.jpg 1030w, https:\/\/www.raffinessen.ch\/webseite\/wp-content\/uploads\/2020\/07\/FP-110x185_Qingdao-80x80.jpg 80w, https:\/\/www.raffinessen.ch\/webseite\/wp-content\/uploads\/2020\/07\/FP-110x185_Qingdao-768x768.jpg 768w, https:\/\/www.raffinessen.ch\/webseite\/wp-content\/uploads\/2020\/07\/FP-110x185_Qingdao-1536x1536.jpg 1536w, https:\/\/www.raffinessen.ch\/webseite\/wp-content\/uploads\/2020\/07\/FP-110x185_Qingdao-36x36.jpg 36w, https:\/\/www.raffinessen.ch\/webseite\/wp-content\/uploads\/2020\/07\/FP-110x185_Qingdao-180x180.jpg 180w, https:\/\/www.raffinessen.ch\/webseite\/wp-content\/uploads\/2020\/07\/FP-110x185_Qingdao-1500x1500.jpg 1500w, https:\/\/www.raffinessen.ch\/webseite\/wp-content\/uploads\/2020\/07\/FP-110x185_Qingdao-705x705.jpg 705w, https:\/\/www.raffinessen.ch\/webseite\/wp-content\/uploads\/2020\/07\/FP-110x185_Qingdao-100x100.jpg 100w, https:\/\/www.raffinessen.ch\/webseite\/wp-content\/uploads\/2020\/07\/FP-110x185_Qingdao-1000x1000.jpg 1000w, https:\/\/www.raffinessen.ch\/webseite\/wp-content\/uploads\/2020\/07\/FP-110x185_Qingdao.jpg 2000w\" sizes=\"auto, (max-width: 500px) 100vw, 500px\" \/><img decoding=\"async\" loading=\"lazy\" width=\"500\" height=\"500\" src=\"https:\/\/www.raffinessen.ch\/webseite\/wp-content\/uploads\/2020\/03\/sechs-pfeffer-gewuerz-kreis-raffinessen-500x500.jpg\" class=\"wp-image-5142 avia-img-lazy-loading-5142 attachment-woocommerce_thumbnail size-woocommerce_thumbnail wp-post-image\" alt=\"\" srcset=\"https:\/\/www.raffinessen.ch\/webseite\/wp-content\/uploads\/2020\/03\/sechs-pfeffer-gewuerz-kreis-raffinessen-500x500.jpg 500w, https:\/\/www.raffinessen.ch\/webseite\/wp-content\/uploads\/2020\/03\/sechs-pfeffer-gewuerz-kreis-raffinessen-300x300.jpg 300w, https:\/\/www.raffinessen.ch\/webseite\/wp-content\/uploads\/2020\/03\/sechs-pfeffer-gewuerz-kreis-raffinessen-1030x1030.jpg 1030w, https:\/\/www.raffinessen.ch\/webseite\/wp-content\/uploads\/2020\/03\/sechs-pfeffer-gewuerz-kreis-raffinessen-80x80.jpg 80w, https:\/\/www.raffinessen.ch\/webseite\/wp-content\/uploads\/2020\/03\/sechs-pfeffer-gewuerz-kreis-raffinessen-768x768.jpg 768w, https:\/\/www.raffinessen.ch\/webseite\/wp-content\/uploads\/2020\/03\/sechs-pfeffer-gewuerz-kreis-raffinessen-1536x1536.jpg 1536w, https:\/\/www.raffinessen.ch\/webseite\/wp-content\/uploads\/2020\/03\/sechs-pfeffer-gewuerz-kreis-raffinessen-2048x2048.jpg 2048w, https:\/\/www.raffinessen.ch\/webseite\/wp-content\/uploads\/2020\/03\/sechs-pfeffer-gewuerz-kreis-raffinessen-36x36.jpg 36w, https:\/\/www.raffinessen.ch\/webseite\/wp-content\/uploads\/2020\/03\/sechs-pfeffer-gewuerz-kreis-raffinessen-180x180.jpg 180w, https:\/\/www.raffinessen.ch\/webseite\/wp-content\/uploads\/2020\/03\/sechs-pfeffer-gewuerz-kreis-raffinessen-1500x1500.jpg 1500w, https:\/\/www.raffinessen.ch\/webseite\/wp-content\/uploads\/2020\/03\/sechs-pfeffer-gewuerz-kreis-raffinessen-705x705.jpg 705w, https:\/\/www.raffinessen.ch\/webseite\/wp-content\/uploads\/2020\/03\/sechs-pfeffer-gewuerz-kreis-raffinessen-100x100.jpg 100w, https:\/\/www.raffinessen.ch\/webseite\/wp-content\/uploads\/2020\/03\/sechs-pfeffer-gewuerz-kreis-raffinessen-1000x1000.jpg 1000w\" sizes=\"auto, (max-width: 500px) 100vw, 500px\" \/><span class=\"cart-loading\"><\/span><\/div><div class='inner_product_header'><div class='avia-arrow'><\/div><div class='inner_product_header_table'><div class='inner_product_header_cell'><h2 class=\"woocommerce-loop-product__title\">Qingdao (pr\u00e9c\u00e9demment Six Poivres)<\/h2>\n\t<span class=\"price\"><span class=\"woocommerce-Price-amount amount\"><bdi><span class=\"woocommerce-Price-currencySymbol\">&#67;&#72;&#70;<\/span>&nbsp;6.00<\/bdi><\/span> <small class=\"woocommerce-price-suffix\">TVA incluse<\/small><\/span>\n<\/div><\/div><\/div><\/a><div class='avia_cart_buttons'><a href=\"\/fr\/wp-json\/wp\/v2\/pages\/9012?add-to-cart=6625\" aria-describedby=\"woocommerce_loop_add_to_cart_link_describedby_6625\" data-quantity=\"1\" class=\"button product_type_simple add_to_cart_button ajax_add_to_cart\" data-product_id=\"6625\" data-product_sku=\"FPO-S024-40\" aria-label=\"Ajouter au panier\u00a0: \u201cQingdao (bisher Sechs Pfeffer)\u201d\" rel=\"nofollow\" data-success_message=\"\u00ab\u00a0Qingdao (bisher Sechs Pfeffer)\u00a0\u00bb a \u00e9t\u00e9 ajout\u00e9 \u00e0 votre panier\" role=\"button\" data-no-translation-aria-label=\"\" data-no-translation-data-success_message=\"\"><span class=\"avia-svg-icon avia-font-svg_entypo-fontello\" data-av_svg_icon='basket' data-av_iconset='svg_entypo-fontello'><svg version=\"1.1\" xmlns=\"http:\/\/www.w3.org\/2000\/svg\" width=\"29\" height=\"32\" viewbox=\"0 0 29 32\" preserveaspectratio=\"xMidYMid meet\" aria-labelledby='av-svg-title-57' aria-describedby='av-svg-desc-57' role=\"graphics-symbol\" aria-hidden=\"true\">\n<title id='av-svg-title-57'>Ajouter au panier<\/title>\n<desc id='av-svg-desc-57'>Ajouter au panier<\/desc>\n<path d=\"M4.8 27.2q0-1.28 0.96-2.24t2.24-0.96q1.344 0 2.272 0.96t0.928 2.24q0 1.344-0.928 2.272t-2.272 0.928q-1.28 0-2.24-0.928t-0.96-2.272zM20.8 27.2q0-1.28 0.96-2.24t2.24-0.96q1.344 0 2.272 0.96t0.928 2.24q0 1.344-0.928 2.272t-2.272 0.928q-1.28 0-2.24-0.928t-0.96-2.272zM10.496 19.648q-1.152 0.32-1.088 0.736t1.408 0.416h17.984v2.432q0 0.64-0.64 0.64h-20.928q-0.64 0-0.64-0.64v-2.432l-0.32-1.472-3.136-14.528h-3.136v-2.56q0-0.64 0.64-0.64h4.992q0.64 0 0.64 0.64v2.752h22.528v8.768q0 0.704-0.576 0.832z\"><\/path>\n<\/svg><\/span>  Ajouter au panier<\/a>\t<span id=\"woocommerce_loop_add_to_cart_link_describedby_6625\" class=\"screen-reader-text\">\n\t\t\t<\/span>\n<a class=\"button show_details_button\" href=\"https:\/\/www.raffinessen.ch\/fr\/produit\/qingdao\/\"><span class=\"avia-svg-icon avia-font-svg_entypo-fontello\" data-av_svg_icon='doc-text' data-av_iconset='svg_entypo-fontello'><svg version=\"1.1\" xmlns=\"http:\/\/www.w3.org\/2000\/svg\" width=\"22\" height=\"32\" viewbox=\"0 0 22 32\" preserveaspectratio=\"xMidYMid meet\" aria-labelledby='av-svg-title-58' aria-describedby='av-svg-desc-58' role=\"graphics-symbol\" aria-hidden=\"true\">\n<title id='av-svg-title-58'>Voir les d\u00e9tails<\/title>\n<desc id='av-svg-desc-58'>Voir les d\u00e9tails<\/desc>\n<path d=\"M6.784 17.344v-2.88h8.96v2.88h-8.96zM19.2 1.6q1.344 0 2.272 0.928t0.928 2.272v22.4q0 1.28-0.928 2.24t-2.272 0.96h-16q-1.28 0-2.24-0.96t-0.96-2.24v-22.4q0-1.344 0.96-2.272t2.24-0.928h16zM19.2 27.2v-22.4h-16v22.4h16zM15.68 8.256v2.816h-8.96v-2.816h8.96zM15.68 20.8v2.816h-8.96v-2.816h8.96z\"><\/path>\n<\/svg><\/span>  Voir les d\u00e9tails<\/a> <span class=\"button-mini-delimiter\"><\/span><\/div><\/div><\/li>\n<li class=\"product type-product post-4778 status-publish instock product_cat-muehlen has-post-thumbnail taxable shipping-taxable purchasable product-type-simple\">\n\t<div class='inner_product main_color wrapped_style noLightbox  av-product-class-'><a href=\"https:\/\/www.raffinessen.ch\/fr\/produit\/gewuerzmuehle-miya-schwarz-und-edelstahl\/\" class=\"woocommerce-LoopProduct-link woocommerce-loop-product__link\"><div class=\"thumbnail_container\"><img loading=\"lazy\" decoding=\"async\" width=\"500\" height=\"500\" src=\"https:\/\/www.raffinessen.ch\/webseite\/wp-content\/uploads\/2019\/12\/crush-grind-garantie-500x500.jpg\" class=\"attachment-woocommerce_thumbnail avia-product-hover\" alt=\"\" srcset=\"https:\/\/www.raffinessen.ch\/webseite\/wp-content\/uploads\/2019\/12\/crush-grind-garantie-500x500.jpg 500w, https:\/\/www.raffinessen.ch\/webseite\/wp-content\/uploads\/2019\/12\/crush-grind-garantie-300x300.jpg 300w, https:\/\/www.raffinessen.ch\/webseite\/wp-content\/uploads\/2019\/12\/crush-grind-garantie-1030x1030.jpg 1030w, https:\/\/www.raffinessen.ch\/webseite\/wp-content\/uploads\/2019\/12\/crush-grind-garantie-80x80.jpg 80w, https:\/\/www.raffinessen.ch\/webseite\/wp-content\/uploads\/2019\/12\/crush-grind-garantie-768x768.jpg 768w, https:\/\/www.raffinessen.ch\/webseite\/wp-content\/uploads\/2019\/12\/crush-grind-garantie-1536x1536.jpg 1536w, https:\/\/www.raffinessen.ch\/webseite\/wp-content\/uploads\/2019\/12\/crush-grind-garantie-36x36.jpg 36w, https:\/\/www.raffinessen.ch\/webseite\/wp-content\/uploads\/2019\/12\/crush-grind-garantie-180x180.jpg 180w, https:\/\/www.raffinessen.ch\/webseite\/wp-content\/uploads\/2019\/12\/crush-grind-garantie-1500x1500.jpg 1500w, https:\/\/www.raffinessen.ch\/webseite\/wp-content\/uploads\/2019\/12\/crush-grind-garantie-705x705.jpg 705w, https:\/\/www.raffinessen.ch\/webseite\/wp-content\/uploads\/2019\/12\/crush-grind-garantie-100x100.jpg 100w, https:\/\/www.raffinessen.ch\/webseite\/wp-content\/uploads\/2019\/12\/crush-grind-garantie-1000x1000.jpg 1000w, https:\/\/www.raffinessen.ch\/webseite\/wp-content\/uploads\/2019\/12\/crush-grind-garantie.jpg 2000w\" sizes=\"auto, (max-width: 500px) 100vw, 500px\" \/><img decoding=\"async\" loading=\"lazy\" width=\"500\" height=\"500\" src=\"https:\/\/www.raffinessen.ch\/webseite\/wp-content\/uploads\/2019\/12\/miya-black-steel-muehle-500x500.jpg\" class=\"wp-image-4779 avia-img-lazy-loading-4779 attachment-woocommerce_thumbnail size-woocommerce_thumbnail wp-post-image\" alt=\"\" srcset=\"https:\/\/www.raffinessen.ch\/webseite\/wp-content\/uploads\/2019\/12\/miya-black-steel-muehle-500x500.jpg 500w, https:\/\/www.raffinessen.ch\/webseite\/wp-content\/uploads\/2019\/12\/miya-black-steel-muehle-300x300.jpg 300w, https:\/\/www.raffinessen.ch\/webseite\/wp-content\/uploads\/2019\/12\/miya-black-steel-muehle-1030x1030.jpg 1030w, https:\/\/www.raffinessen.ch\/webseite\/wp-content\/uploads\/2019\/12\/miya-black-steel-muehle-80x80.jpg 80w, https:\/\/www.raffinessen.ch\/webseite\/wp-content\/uploads\/2019\/12\/miya-black-steel-muehle-768x768.jpg 768w, https:\/\/www.raffinessen.ch\/webseite\/wp-content\/uploads\/2019\/12\/miya-black-steel-muehle-1536x1536.jpg 1536w, https:\/\/www.raffinessen.ch\/webseite\/wp-content\/uploads\/2019\/12\/miya-black-steel-muehle-2048x2048.jpg 2048w, https:\/\/www.raffinessen.ch\/webseite\/wp-content\/uploads\/2019\/12\/miya-black-steel-muehle-36x36.jpg 36w, https:\/\/www.raffinessen.ch\/webseite\/wp-content\/uploads\/2019\/12\/miya-black-steel-muehle-180x180.jpg 180w, https:\/\/www.raffinessen.ch\/webseite\/wp-content\/uploads\/2019\/12\/miya-black-steel-muehle-1500x1500.jpg 1500w, https:\/\/www.raffinessen.ch\/webseite\/wp-content\/uploads\/2019\/12\/miya-black-steel-muehle-705x705.jpg 705w, https:\/\/www.raffinessen.ch\/webseite\/wp-content\/uploads\/2019\/12\/miya-black-steel-muehle-100x100.jpg 100w, https:\/\/www.raffinessen.ch\/webseite\/wp-content\/uploads\/2019\/12\/miya-black-steel-muehle-1000x1000.jpg 1000w\" sizes=\"auto, (max-width: 500px) 100vw, 500px\" \/><span class=\"cart-loading\"><\/span><\/div><div class='inner_product_header'><div class='avia-arrow'><\/div><div class='inner_product_header_table'><div class='inner_product_header_cell'><h2 class=\"woocommerce-loop-product__title\">SET - 1x moulin \u00e0 \u00e9pices MIYA noir et 1x MIYA inox<\/h2>\n\t<span class=\"price\"><span class=\"woocommerce-Price-amount amount\"><bdi><span class=\"woocommerce-Price-currencySymbol\">&#67;&#72;&#70;<\/span>&nbsp;45.00<\/bdi><\/span> <small class=\"woocommerce-price-suffix\">TVA incluse<\/small><\/span>\n<\/div><\/div><\/div><\/a><div class='avia_cart_buttons'><a href=\"\/fr\/wp-json\/wp\/v2\/pages\/9012?add-to-cart=4778\" aria-describedby=\"woocommerce_loop_add_to_cart_link_describedby_4778\" data-quantity=\"1\" class=\"button product_type_simple add_to_cart_button ajax_add_to_cart\" data-product_id=\"4778\" data-product_sku=\"GSO-024\" aria-label=\"Ajouter au panier\u00a0: \u201cSET - 1x Gew\u00fcrzm\u00fchle MIYA schwarz und 1x MIYA Edelstahl\u201d\" rel=\"nofollow\" data-success_message=\"\u00ab\u00a0SET - 1x Gew\u00fcrzm\u00fchle MIYA schwarz und 1x MIYA Edelstahl\u00a0\u00bb a \u00e9t\u00e9 ajout\u00e9 \u00e0 votre panier\" role=\"button\" data-no-translation-aria-label=\"\" data-no-translation-data-success_message=\"\"><span class=\"avia-svg-icon avia-font-svg_entypo-fontello\" data-av_svg_icon='basket' data-av_iconset='svg_entypo-fontello'><svg version=\"1.1\" xmlns=\"http:\/\/www.w3.org\/2000\/svg\" width=\"29\" height=\"32\" viewbox=\"0 0 29 32\" preserveaspectratio=\"xMidYMid meet\" aria-labelledby='av-svg-title-59' aria-describedby='av-svg-desc-59' role=\"graphics-symbol\" aria-hidden=\"true\">\n<title id='av-svg-title-59'>Ajouter au panier<\/title>\n<desc id='av-svg-desc-59'>Ajouter au panier<\/desc>\n<path d=\"M4.8 27.2q0-1.28 0.96-2.24t2.24-0.96q1.344 0 2.272 0.96t0.928 2.24q0 1.344-0.928 2.272t-2.272 0.928q-1.28 0-2.24-0.928t-0.96-2.272zM20.8 27.2q0-1.28 0.96-2.24t2.24-0.96q1.344 0 2.272 0.96t0.928 2.24q0 1.344-0.928 2.272t-2.272 0.928q-1.28 0-2.24-0.928t-0.96-2.272zM10.496 19.648q-1.152 0.32-1.088 0.736t1.408 0.416h17.984v2.432q0 0.64-0.64 0.64h-20.928q-0.64 0-0.64-0.64v-2.432l-0.32-1.472-3.136-14.528h-3.136v-2.56q0-0.64 0.64-0.64h4.992q0.64 0 0.64 0.64v2.752h22.528v8.768q0 0.704-0.576 0.832z\"><\/path>\n<\/svg><\/span>  Ajouter au panier<\/a>\t<span id=\"woocommerce_loop_add_to_cart_link_describedby_4778\" class=\"screen-reader-text\">\n\t\t\t<\/span>\n<a class=\"button show_details_button\" href=\"https:\/\/www.raffinessen.ch\/fr\/produit\/gewuerzmuehle-miya-schwarz-und-edelstahl\/\"><span class=\"avia-svg-icon avia-font-svg_entypo-fontello\" data-av_svg_icon='doc-text' data-av_iconset='svg_entypo-fontello'><svg version=\"1.1\" xmlns=\"http:\/\/www.w3.org\/2000\/svg\" width=\"22\" height=\"32\" viewbox=\"0 0 22 32\" preserveaspectratio=\"xMidYMid meet\" aria-labelledby='av-svg-title-60' aria-describedby='av-svg-desc-60' role=\"graphics-symbol\" aria-hidden=\"true\">\n<title id='av-svg-title-60'>Voir les d\u00e9tails<\/title>\n<desc id='av-svg-desc-60'>Voir les d\u00e9tails<\/desc>\n<path d=\"M6.784 17.344v-2.88h8.96v2.88h-8.96zM19.2 1.6q1.344 0 2.272 0.928t0.928 2.272v22.4q0 1.28-0.928 2.24t-2.272 0.96h-16q-1.28 0-2.24-0.96t-0.96-2.24v-22.4q0-1.344 0.96-2.272t2.24-0.928h16zM19.2 27.2v-22.4h-16v22.4h16zM15.68 8.256v2.816h-8.96v-2.816h8.96zM15.68 20.8v2.816h-8.96v-2.816h8.96z\"><\/path>\n<\/svg><\/span>  Voir les d\u00e9tails<\/a> <span class=\"button-mini-delimiter\"><\/span><\/div><\/div><\/li>\n<li class=\"product type-product post-6694 status-publish instock product_cat-bis-chf-30 product_cat-geschenksets has-post-thumbnail taxable shipping-taxable purchasable product-type-simple\">\n\t<div class='inner_product main_color wrapped_style noLightbox  av-product-class-'><a href=\"https:\/\/www.raffinessen.ch\/fr\/produit\/geschmacksabenteuer\/\" class=\"woocommerce-LoopProduct-link woocommerce-loop-product__link\"><div class=\"thumbnail_container\"><img loading=\"lazy\" decoding=\"async\" width=\"500\" height=\"500\" src=\"https:\/\/www.raffinessen.ch\/webseite\/wp-content\/uploads\/2020\/03\/Zusatzinfos-500x500.jpg\" class=\"attachment-woocommerce_thumbnail avia-product-hover\" alt=\"\" srcset=\"https:\/\/www.raffinessen.ch\/webseite\/wp-content\/uploads\/2020\/03\/Zusatzinfos-500x500.jpg 500w, https:\/\/www.raffinessen.ch\/webseite\/wp-content\/uploads\/2020\/03\/Zusatzinfos-300x300.jpg 300w, https:\/\/www.raffinessen.ch\/webseite\/wp-content\/uploads\/2020\/03\/Zusatzinfos-1030x1030.jpg 1030w, https:\/\/www.raffinessen.ch\/webseite\/wp-content\/uploads\/2020\/03\/Zusatzinfos-80x80.jpg 80w, https:\/\/www.raffinessen.ch\/webseite\/wp-content\/uploads\/2020\/03\/Zusatzinfos-768x768.jpg 768w, https:\/\/www.raffinessen.ch\/webseite\/wp-content\/uploads\/2020\/03\/Zusatzinfos-1536x1536.jpg 1536w, https:\/\/www.raffinessen.ch\/webseite\/wp-content\/uploads\/2020\/03\/Zusatzinfos-2048x2048.jpg 2048w, https:\/\/www.raffinessen.ch\/webseite\/wp-content\/uploads\/2020\/03\/Zusatzinfos-36x36.jpg 36w, https:\/\/www.raffinessen.ch\/webseite\/wp-content\/uploads\/2020\/03\/Zusatzinfos-180x180.jpg 180w, https:\/\/www.raffinessen.ch\/webseite\/wp-content\/uploads\/2020\/03\/Zusatzinfos-1500x1500.jpg 1500w, https:\/\/www.raffinessen.ch\/webseite\/wp-content\/uploads\/2020\/03\/Zusatzinfos-705x705.jpg 705w, https:\/\/www.raffinessen.ch\/webseite\/wp-content\/uploads\/2020\/03\/Zusatzinfos-100x100.jpg 100w, https:\/\/www.raffinessen.ch\/webseite\/wp-content\/uploads\/2020\/03\/Zusatzinfos-1000x1000.jpg 1000w\" sizes=\"auto, (max-width: 500px) 100vw, 500px\" \/><img decoding=\"async\" loading=\"lazy\" width=\"500\" height=\"500\" src=\"https:\/\/www.raffinessen.ch\/webseite\/wp-content\/uploads\/2020\/08\/SET-5x-FP_Geschmacksabenteuer-500x500.jpg\" class=\"wp-image-6695 avia-img-lazy-loading-6695 attachment-woocommerce_thumbnail size-woocommerce_thumbnail wp-post-image\" alt=\"\" srcset=\"https:\/\/www.raffinessen.ch\/webseite\/wp-content\/uploads\/2020\/08\/SET-5x-FP_Geschmacksabenteuer-500x500.jpg 500w, https:\/\/www.raffinessen.ch\/webseite\/wp-content\/uploads\/2020\/08\/SET-5x-FP_Geschmacksabenteuer-300x300.jpg 300w, https:\/\/www.raffinessen.ch\/webseite\/wp-content\/uploads\/2020\/08\/SET-5x-FP_Geschmacksabenteuer-1030x1030.jpg 1030w, https:\/\/www.raffinessen.ch\/webseite\/wp-content\/uploads\/2020\/08\/SET-5x-FP_Geschmacksabenteuer-80x80.jpg 80w, https:\/\/www.raffinessen.ch\/webseite\/wp-content\/uploads\/2020\/08\/SET-5x-FP_Geschmacksabenteuer-768x768.jpg 768w, https:\/\/www.raffinessen.ch\/webseite\/wp-content\/uploads\/2020\/08\/SET-5x-FP_Geschmacksabenteuer-36x36.jpg 36w, https:\/\/www.raffinessen.ch\/webseite\/wp-content\/uploads\/2020\/08\/SET-5x-FP_Geschmacksabenteuer-180x180.jpg 180w, https:\/\/www.raffinessen.ch\/webseite\/wp-content\/uploads\/2020\/08\/SET-5x-FP_Geschmacksabenteuer-705x705.jpg 705w, https:\/\/www.raffinessen.ch\/webseite\/wp-content\/uploads\/2020\/08\/SET-5x-FP_Geschmacksabenteuer-100x100.jpg 100w, https:\/\/www.raffinessen.ch\/webseite\/wp-content\/uploads\/2020\/08\/SET-5x-FP_Geschmacksabenteuer-1000x1000.jpg 1000w, https:\/\/www.raffinessen.ch\/webseite\/wp-content\/uploads\/2020\/08\/SET-5x-FP_Geschmacksabenteuer.jpg 1500w\" sizes=\"auto, (max-width: 500px) 100vw, 500px\" \/><span class=\"cart-loading\"><\/span><\/div><div class='inner_product_header'><div class='avia-arrow'><\/div><div class='inner_product_header_table'><div class='inner_product_header_cell'><h2 class=\"woocommerce-loop-product__title\">SET - Aventure gustative<\/h2>\n\t<span class=\"price\"><span class=\"woocommerce-Price-amount amount\"><bdi><span class=\"woocommerce-Price-currencySymbol\">&#67;&#72;&#70;<\/span>&nbsp;30.00<\/bdi><\/span> <small class=\"woocommerce-price-suffix\">TVA incluse<\/small><\/span>\n<\/div><\/div><\/div><\/a><div class='avia_cart_buttons'><a href=\"\/fr\/wp-json\/wp\/v2\/pages\/9012?add-to-cart=6694\" aria-describedby=\"woocommerce_loop_add_to_cart_link_describedby_6694\" data-quantity=\"1\" class=\"button product_type_simple add_to_cart_button ajax_add_to_cart\" data-product_id=\"6694\" data-product_sku=\"GSO-039\" aria-label=\"Ajouter au panier\u00a0: \u201cSET - Geschmacksabenteuer\u201d\" rel=\"nofollow\" data-success_message=\"\u00ab\u00a0SET - Geschmacksabenteuer\u00a0\u00bb a \u00e9t\u00e9 ajout\u00e9 \u00e0 votre panier\" role=\"button\" data-no-translation-aria-label=\"\" data-no-translation-data-success_message=\"\"><span class=\"avia-svg-icon avia-font-svg_entypo-fontello\" data-av_svg_icon='basket' data-av_iconset='svg_entypo-fontello'><svg version=\"1.1\" xmlns=\"http:\/\/www.w3.org\/2000\/svg\" width=\"29\" height=\"32\" viewbox=\"0 0 29 32\" preserveaspectratio=\"xMidYMid meet\" aria-labelledby='av-svg-title-61' aria-describedby='av-svg-desc-61' role=\"graphics-symbol\" aria-hidden=\"true\">\n<title id='av-svg-title-61'>Ajouter au panier<\/title>\n<desc id='av-svg-desc-61'>Ajouter au panier<\/desc>\n<path d=\"M4.8 27.2q0-1.28 0.96-2.24t2.24-0.96q1.344 0 2.272 0.96t0.928 2.24q0 1.344-0.928 2.272t-2.272 0.928q-1.28 0-2.24-0.928t-0.96-2.272zM20.8 27.2q0-1.28 0.96-2.24t2.24-0.96q1.344 0 2.272 0.96t0.928 2.24q0 1.344-0.928 2.272t-2.272 0.928q-1.28 0-2.24-0.928t-0.96-2.272zM10.496 19.648q-1.152 0.32-1.088 0.736t1.408 0.416h17.984v2.432q0 0.64-0.64 0.64h-20.928q-0.64 0-0.64-0.64v-2.432l-0.32-1.472-3.136-14.528h-3.136v-2.56q0-0.64 0.64-0.64h4.992q0.64 0 0.64 0.64v2.752h22.528v8.768q0 0.704-0.576 0.832z\"><\/path>\n<\/svg><\/span>  Ajouter au panier<\/a>\t<span id=\"woocommerce_loop_add_to_cart_link_describedby_6694\" class=\"screen-reader-text\">\n\t\t\t<\/span>\n<a class=\"button show_details_button\" href=\"https:\/\/www.raffinessen.ch\/fr\/produit\/geschmacksabenteuer\/\"><span class=\"avia-svg-icon avia-font-svg_entypo-fontello\" data-av_svg_icon='doc-text' data-av_iconset='svg_entypo-fontello'><svg version=\"1.1\" xmlns=\"http:\/\/www.w3.org\/2000\/svg\" width=\"22\" height=\"32\" viewbox=\"0 0 22 32\" preserveaspectratio=\"xMidYMid meet\" aria-labelledby='av-svg-title-62' aria-describedby='av-svg-desc-62' role=\"graphics-symbol\" aria-hidden=\"true\">\n<title id='av-svg-title-62'>Voir les d\u00e9tails<\/title>\n<desc id='av-svg-desc-62'>Voir les d\u00e9tails<\/desc>\n<path d=\"M6.784 17.344v-2.88h8.96v2.88h-8.96zM19.2 1.6q1.344 0 2.272 0.928t0.928 2.272v22.4q0 1.28-0.928 2.24t-2.272 0.96h-16q-1.28 0-2.24-0.96t-0.96-2.24v-22.4q0-1.344 0.96-2.272t2.24-0.928h16zM19.2 27.2v-22.4h-16v22.4h16zM15.68 8.256v2.816h-8.96v-2.816h8.96zM15.68 20.8v2.816h-8.96v-2.816h8.96z\"><\/path>\n<\/svg><\/span>  Voir les d\u00e9tails<\/a> <span class=\"button-mini-delimiter\"><\/span><\/div><\/div><\/li>\n<li class=\"product type-product post-7403 status-publish last instock product_cat-gemahlen product_cat-gewuerz-mischungen product_tag-gluehwein product_tag-punsch has-post-thumbnail taxable shipping-taxable purchasable product-type-simple\">\n\t<div class='inner_product main_color wrapped_style noLightbox  av-product-class-'><a href=\"https:\/\/www.raffinessen.ch\/fr\/produit\/gluehwein-punsch\/\" class=\"woocommerce-LoopProduct-link woocommerce-loop-product__link\"><div class=\"thumbnail_container\"><img loading=\"lazy\" decoding=\"async\" width=\"500\" height=\"500\" src=\"https:\/\/www.raffinessen.ch\/webseite\/wp-content\/uploads\/2020\/12\/FP-110x185_Gluehwein-Punsch-500x500.jpg\" class=\"attachment-woocommerce_thumbnail avia-product-hover\" alt=\"\" srcset=\"https:\/\/www.raffinessen.ch\/webseite\/wp-content\/uploads\/2020\/12\/FP-110x185_Gluehwein-Punsch-500x500.jpg 500w, https:\/\/www.raffinessen.ch\/webseite\/wp-content\/uploads\/2020\/12\/FP-110x185_Gluehwein-Punsch-300x300.jpg 300w, https:\/\/www.raffinessen.ch\/webseite\/wp-content\/uploads\/2020\/12\/FP-110x185_Gluehwein-Punsch-1030x1030.jpg 1030w, https:\/\/www.raffinessen.ch\/webseite\/wp-content\/uploads\/2020\/12\/FP-110x185_Gluehwein-Punsch-80x80.jpg 80w, https:\/\/www.raffinessen.ch\/webseite\/wp-content\/uploads\/2020\/12\/FP-110x185_Gluehwein-Punsch-768x768.jpg 768w, https:\/\/www.raffinessen.ch\/webseite\/wp-content\/uploads\/2020\/12\/FP-110x185_Gluehwein-Punsch-1536x1536.jpg 1536w, https:\/\/www.raffinessen.ch\/webseite\/wp-content\/uploads\/2020\/12\/FP-110x185_Gluehwein-Punsch-36x36.jpg 36w, https:\/\/www.raffinessen.ch\/webseite\/wp-content\/uploads\/2020\/12\/FP-110x185_Gluehwein-Punsch-180x180.jpg 180w, https:\/\/www.raffinessen.ch\/webseite\/wp-content\/uploads\/2020\/12\/FP-110x185_Gluehwein-Punsch-1500x1500.jpg 1500w, https:\/\/www.raffinessen.ch\/webseite\/wp-content\/uploads\/2020\/12\/FP-110x185_Gluehwein-Punsch-705x705.jpg 705w, https:\/\/www.raffinessen.ch\/webseite\/wp-content\/uploads\/2020\/12\/FP-110x185_Gluehwein-Punsch-100x100.jpg 100w, https:\/\/www.raffinessen.ch\/webseite\/wp-content\/uploads\/2020\/12\/FP-110x185_Gluehwein-Punsch-1000x1000.jpg 1000w, https:\/\/www.raffinessen.ch\/webseite\/wp-content\/uploads\/2020\/12\/FP-110x185_Gluehwein-Punsch.jpg 2000w\" sizes=\"auto, (max-width: 500px) 100vw, 500px\" \/><img decoding=\"async\" loading=\"lazy\" width=\"500\" height=\"500\" src=\"https:\/\/www.raffinessen.ch\/webseite\/wp-content\/uploads\/2020\/12\/Gluehwein_3000x3000-500x500.jpg\" class=\"wp-image-7395 avia-img-lazy-loading-7395 attachment-woocommerce_thumbnail size-woocommerce_thumbnail wp-post-image\" alt=\"\" srcset=\"https:\/\/www.raffinessen.ch\/webseite\/wp-content\/uploads\/2020\/12\/Gluehwein_3000x3000-500x500.jpg 500w, https:\/\/www.raffinessen.ch\/webseite\/wp-content\/uploads\/2020\/12\/Gluehwein_3000x3000-300x300.jpg 300w, https:\/\/www.raffinessen.ch\/webseite\/wp-content\/uploads\/2020\/12\/Gluehwein_3000x3000-1030x1030.jpg 1030w, https:\/\/www.raffinessen.ch\/webseite\/wp-content\/uploads\/2020\/12\/Gluehwein_3000x3000-80x80.jpg 80w, https:\/\/www.raffinessen.ch\/webseite\/wp-content\/uploads\/2020\/12\/Gluehwein_3000x3000-768x768.jpg 768w, https:\/\/www.raffinessen.ch\/webseite\/wp-content\/uploads\/2020\/12\/Gluehwein_3000x3000-1536x1536.jpg 1536w, https:\/\/www.raffinessen.ch\/webseite\/wp-content\/uploads\/2020\/12\/Gluehwein_3000x3000-2048x2048.jpg 2048w, https:\/\/www.raffinessen.ch\/webseite\/wp-content\/uploads\/2020\/12\/Gluehwein_3000x3000-36x36.jpg 36w, https:\/\/www.raffinessen.ch\/webseite\/wp-content\/uploads\/2020\/12\/Gluehwein_3000x3000-180x180.jpg 180w, https:\/\/www.raffinessen.ch\/webseite\/wp-content\/uploads\/2020\/12\/Gluehwein_3000x3000-1500x1500.jpg 1500w, https:\/\/www.raffinessen.ch\/webseite\/wp-content\/uploads\/2020\/12\/Gluehwein_3000x3000-705x705.jpg 705w, https:\/\/www.raffinessen.ch\/webseite\/wp-content\/uploads\/2020\/12\/Gluehwein_3000x3000-100x100.jpg 100w, https:\/\/www.raffinessen.ch\/webseite\/wp-content\/uploads\/2020\/12\/Gluehwein_3000x3000-1000x1000.jpg 1000w\" sizes=\"auto, (max-width: 500px) 100vw, 500px\" \/><span class=\"cart-loading\"><\/span><\/div><div class='inner_product_header'><div class='avia-arrow'><\/div><div class='inner_product_header_table'><div class='inner_product_header_cell'><h2 class=\"woocommerce-loop-product__title\">Vin chaud &amp; punch<\/h2>\n\t<span class=\"price\"><span class=\"woocommerce-Price-amount amount\"><bdi><span class=\"woocommerce-Price-currencySymbol\">&#67;&#72;&#70;<\/span>&nbsp;8.00<\/bdi><\/span> <small class=\"woocommerce-price-suffix\">TVA incluse<\/small><\/span>\n<\/div><\/div><\/div><\/a><div class='avia_cart_buttons'><a href=\"\/fr\/wp-json\/wp\/v2\/pages\/9012?add-to-cart=7403\" aria-describedby=\"woocommerce_loop_add_to_cart_link_describedby_7403\" data-quantity=\"1\" class=\"button product_type_simple add_to_cart_button ajax_add_to_cart\" data-product_id=\"7403\" data-product_sku=\"FPO-S030-75\" aria-label=\"Ajouter au panier\u00a0: \u201cGl\u00fchwein &amp; Punsch\u201d\" rel=\"nofollow\" data-success_message=\"\u00ab\u00a0Gl\u00fchwein &amp; Punsch\u00a0\u00bb a \u00e9t\u00e9 ajout\u00e9 \u00e0 votre panier\" role=\"button\" data-no-translation-aria-label=\"\" data-no-translation-data-success_message=\"\"><span class=\"avia-svg-icon avia-font-svg_entypo-fontello\" data-av_svg_icon='basket' data-av_iconset='svg_entypo-fontello'><svg version=\"1.1\" xmlns=\"http:\/\/www.w3.org\/2000\/svg\" width=\"29\" height=\"32\" viewbox=\"0 0 29 32\" preserveaspectratio=\"xMidYMid meet\" aria-labelledby='av-svg-title-63' aria-describedby='av-svg-desc-63' role=\"graphics-symbol\" aria-hidden=\"true\">\n<title id='av-svg-title-63'>Ajouter au panier<\/title>\n<desc id='av-svg-desc-63'>Ajouter au panier<\/desc>\n<path d=\"M4.8 27.2q0-1.28 0.96-2.24t2.24-0.96q1.344 0 2.272 0.96t0.928 2.24q0 1.344-0.928 2.272t-2.272 0.928q-1.28 0-2.24-0.928t-0.96-2.272zM20.8 27.2q0-1.28 0.96-2.24t2.24-0.96q1.344 0 2.272 0.96t0.928 2.24q0 1.344-0.928 2.272t-2.272 0.928q-1.28 0-2.24-0.928t-0.96-2.272zM10.496 19.648q-1.152 0.32-1.088 0.736t1.408 0.416h17.984v2.432q0 0.64-0.64 0.64h-20.928q-0.64 0-0.64-0.64v-2.432l-0.32-1.472-3.136-14.528h-3.136v-2.56q0-0.64 0.64-0.64h4.992q0.64 0 0.64 0.64v2.752h22.528v8.768q0 0.704-0.576 0.832z\"><\/path>\n<\/svg><\/span>  Ajouter au panier<\/a>\t<span id=\"woocommerce_loop_add_to_cart_link_describedby_7403\" class=\"screen-reader-text\">\n\t\t\t<\/span>\n<a class=\"button show_details_button\" href=\"https:\/\/www.raffinessen.ch\/fr\/produit\/gluehwein-punsch\/\"><span class=\"avia-svg-icon avia-font-svg_entypo-fontello\" data-av_svg_icon='doc-text' data-av_iconset='svg_entypo-fontello'><svg version=\"1.1\" xmlns=\"http:\/\/www.w3.org\/2000\/svg\" width=\"22\" height=\"32\" viewbox=\"0 0 22 32\" preserveaspectratio=\"xMidYMid meet\" aria-labelledby='av-svg-title-64' aria-describedby='av-svg-desc-64' role=\"graphics-symbol\" aria-hidden=\"true\">\n<title id='av-svg-title-64'>Voir les d\u00e9tails<\/title>\n<desc id='av-svg-desc-64'>Voir les d\u00e9tails<\/desc>\n<path d=\"M6.784 17.344v-2.88h8.96v2.88h-8.96zM19.2 1.6q1.344 0 2.272 0.928t0.928 2.272v22.4q0 1.28-0.928 2.24t-2.272 0.96h-16q-1.28 0-2.24-0.96t-0.96-2.24v-22.4q0-1.344 0.96-2.272t2.24-0.928h16zM19.2 27.2v-22.4h-16v22.4h16zM15.68 8.256v2.816h-8.96v-2.816h8.96zM15.68 20.8v2.816h-8.96v-2.816h8.96z\"><\/path>\n<\/svg><\/span>  Voir les d\u00e9tails<\/a> <span class=\"button-mini-delimiter\"><\/span><\/div><\/div><\/li>\n<li class=\"product type-product post-10074 status-publish first instock product_cat-bis-chf-30 product_cat-geschenksets has-post-thumbnail taxable shipping-taxable purchasable product-type-simple\">\n\t<div class='inner_product main_color wrapped_style noLightbox  av-product-class-'><a href=\"https:\/\/www.raffinessen.ch\/fr\/produit\/gutschein-25\/\" class=\"woocommerce-LoopProduct-link woocommerce-loop-product__link\"><div class=\"thumbnail_container\"><img loading=\"lazy\" decoding=\"async\" width=\"500\" height=\"500\" src=\"https:\/\/www.raffinessen.ch\/webseite\/wp-content\/uploads\/2017\/05\/Postkarte-500x500.jpg\" class=\"attachment-woocommerce_thumbnail avia-product-hover\" alt=\"\" srcset=\"https:\/\/www.raffinessen.ch\/webseite\/wp-content\/uploads\/2017\/05\/Postkarte-500x500.jpg 500w, https:\/\/www.raffinessen.ch\/webseite\/wp-content\/uploads\/2017\/05\/Postkarte-1000x1000.jpg 1000w, https:\/\/www.raffinessen.ch\/webseite\/wp-content\/uploads\/2017\/05\/Postkarte-100x100.jpg 100w, https:\/\/www.raffinessen.ch\/webseite\/wp-content\/uploads\/2017\/05\/Postkarte-80x80.jpg 80w, https:\/\/www.raffinessen.ch\/webseite\/wp-content\/uploads\/2017\/05\/Postkarte-300x300.jpg 300w, https:\/\/www.raffinessen.ch\/webseite\/wp-content\/uploads\/2017\/05\/Postkarte-768x768.jpg 768w, https:\/\/www.raffinessen.ch\/webseite\/wp-content\/uploads\/2017\/05\/Postkarte-1030x1030.jpg 1030w, https:\/\/www.raffinessen.ch\/webseite\/wp-content\/uploads\/2017\/05\/Postkarte-36x36.jpg 36w, https:\/\/www.raffinessen.ch\/webseite\/wp-content\/uploads\/2017\/05\/Postkarte-180x180.jpg 180w, https:\/\/www.raffinessen.ch\/webseite\/wp-content\/uploads\/2017\/05\/Postkarte-705x705.jpg 705w, https:\/\/www.raffinessen.ch\/webseite\/wp-content\/uploads\/2017\/05\/Postkarte.jpg 1200w\" sizes=\"auto, (max-width: 500px) 100vw, 500px\" \/><img decoding=\"async\" loading=\"lazy\" width=\"500\" height=\"500\" src=\"https:\/\/www.raffinessen.ch\/webseite\/wp-content\/uploads\/2021\/12\/Gutschein-25-500x500.jpg\" class=\"wp-image-10075 avia-img-lazy-loading-10075 attachment-woocommerce_thumbnail size-woocommerce_thumbnail wp-post-image\" alt=\"\" srcset=\"https:\/\/www.raffinessen.ch\/webseite\/wp-content\/uploads\/2021\/12\/Gutschein-25-500x500.jpg 500w, https:\/\/www.raffinessen.ch\/webseite\/wp-content\/uploads\/2021\/12\/Gutschein-25-300x300.jpg 300w, https:\/\/www.raffinessen.ch\/webseite\/wp-content\/uploads\/2021\/12\/Gutschein-25-1030x1030.jpg 1030w, https:\/\/www.raffinessen.ch\/webseite\/wp-content\/uploads\/2021\/12\/Gutschein-25-80x80.jpg 80w, https:\/\/www.raffinessen.ch\/webseite\/wp-content\/uploads\/2021\/12\/Gutschein-25-768x768.jpg 768w, https:\/\/www.raffinessen.ch\/webseite\/wp-content\/uploads\/2021\/12\/Gutschein-25-36x36.jpg 36w, https:\/\/www.raffinessen.ch\/webseite\/wp-content\/uploads\/2021\/12\/Gutschein-25-180x180.jpg 180w, https:\/\/www.raffinessen.ch\/webseite\/wp-content\/uploads\/2021\/12\/Gutschein-25-705x705.jpg 705w, https:\/\/www.raffinessen.ch\/webseite\/wp-content\/uploads\/2021\/12\/Gutschein-25-100x100.jpg 100w, https:\/\/www.raffinessen.ch\/webseite\/wp-content\/uploads\/2021\/12\/Gutschein-25-1000x1000.jpg 1000w, https:\/\/www.raffinessen.ch\/webseite\/wp-content\/uploads\/2021\/12\/Gutschein-25.jpg 1500w\" sizes=\"auto, (max-width: 500px) 100vw, 500px\" \/><span class=\"cart-loading\"><\/span><\/div><div class='inner_product_header'><div class='avia-arrow'><\/div><div class='inner_product_header_table'><div class='inner_product_header_cell'><h2 class=\"woocommerce-loop-product__title\">Bon d'achat 25<\/h2>\n\t<span class=\"price\"><span class=\"woocommerce-Price-amount amount\"><bdi><span class=\"woocommerce-Price-currencySymbol\">&#67;&#72;&#70;<\/span>&nbsp;25.00<\/bdi><\/span> <small class=\"woocommerce-price-suffix\">TVA incluse<\/small><\/span>\n<\/div><\/div><\/div><\/a><div class='avia_cart_buttons'><a href=\"\/fr\/wp-json\/wp\/v2\/pages\/9012?add-to-cart=10074\" aria-describedby=\"woocommerce_loop_add_to_cart_link_describedby_10074\" data-quantity=\"1\" class=\"button product_type_simple add_to_cart_button ajax_add_to_cart\" data-product_id=\"10074\" data-product_sku=\"GSO-047\" aria-label=\"Ajouter au panier\u00a0: \u201cGutschein 25\u201d\" rel=\"nofollow\" data-success_message=\"\u00ab\u00a0Gutschein 25\u00a0\u00bb a \u00e9t\u00e9 ajout\u00e9 \u00e0 votre panier\" role=\"button\" data-no-translation-aria-label=\"\" data-no-translation-data-success_message=\"\"><span class=\"avia-svg-icon avia-font-svg_entypo-fontello\" data-av_svg_icon='basket' data-av_iconset='svg_entypo-fontello'><svg version=\"1.1\" xmlns=\"http:\/\/www.w3.org\/2000\/svg\" width=\"29\" height=\"32\" viewbox=\"0 0 29 32\" preserveaspectratio=\"xMidYMid meet\" aria-labelledby='av-svg-title-65' aria-describedby='av-svg-desc-65' role=\"graphics-symbol\" aria-hidden=\"true\">\n<title id='av-svg-title-65'>Ajouter au panier<\/title>\n<desc id='av-svg-desc-65'>Ajouter au panier<\/desc>\n<path d=\"M4.8 27.2q0-1.28 0.96-2.24t2.24-0.96q1.344 0 2.272 0.96t0.928 2.24q0 1.344-0.928 2.272t-2.272 0.928q-1.28 0-2.24-0.928t-0.96-2.272zM20.8 27.2q0-1.28 0.96-2.24t2.24-0.96q1.344 0 2.272 0.96t0.928 2.24q0 1.344-0.928 2.272t-2.272 0.928q-1.28 0-2.24-0.928t-0.96-2.272zM10.496 19.648q-1.152 0.32-1.088 0.736t1.408 0.416h17.984v2.432q0 0.64-0.64 0.64h-20.928q-0.64 0-0.64-0.64v-2.432l-0.32-1.472-3.136-14.528h-3.136v-2.56q0-0.64 0.64-0.64h4.992q0.64 0 0.64 0.64v2.752h22.528v8.768q0 0.704-0.576 0.832z\"><\/path>\n<\/svg><\/span>  Ajouter au panier<\/a>\t<span id=\"woocommerce_loop_add_to_cart_link_describedby_10074\" class=\"screen-reader-text\">\n\t\t\t<\/span>\n<a class=\"button show_details_button\" href=\"https:\/\/www.raffinessen.ch\/fr\/produit\/gutschein-25\/\"><span class=\"avia-svg-icon avia-font-svg_entypo-fontello\" data-av_svg_icon='doc-text' data-av_iconset='svg_entypo-fontello'><svg version=\"1.1\" xmlns=\"http:\/\/www.w3.org\/2000\/svg\" width=\"22\" height=\"32\" viewbox=\"0 0 22 32\" preserveaspectratio=\"xMidYMid meet\" aria-labelledby='av-svg-title-66' aria-describedby='av-svg-desc-66' role=\"graphics-symbol\" aria-hidden=\"true\">\n<title id='av-svg-title-66'>Voir les d\u00e9tails<\/title>\n<desc id='av-svg-desc-66'>Voir les d\u00e9tails<\/desc>\n<path d=\"M6.784 17.344v-2.88h8.96v2.88h-8.96zM19.2 1.6q1.344 0 2.272 0.928t0.928 2.272v22.4q0 1.28-0.928 2.24t-2.272 0.96h-16q-1.28 0-2.24-0.96t-0.96-2.24v-22.4q0-1.344 0.96-2.272t2.24-0.928h16zM19.2 27.2v-22.4h-16v22.4h16zM15.68 8.256v2.816h-8.96v-2.816h8.96zM15.68 20.8v2.816h-8.96v-2.816h8.96z\"><\/path>\n<\/svg><\/span>  Voir les d\u00e9tails<\/a> <span class=\"button-mini-delimiter\"><\/span><\/div><\/div><\/li>\n<li class=\"product type-product post-4517 status-publish instock product_cat-einzel-gewuerze product_cat-gewuerze-einzeln product_cat-unkategorisiert has-post-thumbnail taxable shipping-taxable purchasable product-type-simple\">\n\t<div class='inner_product main_color wrapped_style noLightbox  av-product-class-'><a href=\"https:\/\/www.raffinessen.ch\/fr\/produit\/wilder-palmzucker-aus-kampong-speu-333-g\/\" class=\"woocommerce-LoopProduct-link woocommerce-loop-product__link\"><div class=\"thumbnail_container\"><img loading=\"lazy\" decoding=\"async\" width=\"500\" height=\"500\" src=\"https:\/\/www.raffinessen.ch\/webseite\/wp-content\/uploads\/2019\/11\/wilder-palmzucker-kambodscha-raffinessen-500x500.jpg\" class=\"attachment-woocommerce_thumbnail avia-product-hover\" alt=\"\" srcset=\"https:\/\/www.raffinessen.ch\/webseite\/wp-content\/uploads\/2019\/11\/wilder-palmzucker-kambodscha-raffinessen-500x500.jpg 500w, https:\/\/www.raffinessen.ch\/webseite\/wp-content\/uploads\/2019\/11\/wilder-palmzucker-kambodscha-raffinessen-80x80.jpg 80w, https:\/\/www.raffinessen.ch\/webseite\/wp-content\/uploads\/2019\/11\/wilder-palmzucker-kambodscha-raffinessen-300x300.jpg 300w, https:\/\/www.raffinessen.ch\/webseite\/wp-content\/uploads\/2019\/11\/wilder-palmzucker-kambodscha-raffinessen-768x768.jpg 768w, https:\/\/www.raffinessen.ch\/webseite\/wp-content\/uploads\/2019\/11\/wilder-palmzucker-kambodscha-raffinessen-1030x1030.jpg 1030w, https:\/\/www.raffinessen.ch\/webseite\/wp-content\/uploads\/2019\/11\/wilder-palmzucker-kambodscha-raffinessen-36x36.jpg 36w, https:\/\/www.raffinessen.ch\/webseite\/wp-content\/uploads\/2019\/11\/wilder-palmzucker-kambodscha-raffinessen-180x180.jpg 180w, https:\/\/www.raffinessen.ch\/webseite\/wp-content\/uploads\/2019\/11\/wilder-palmzucker-kambodscha-raffinessen-1500x1500.jpg 1500w, https:\/\/www.raffinessen.ch\/webseite\/wp-content\/uploads\/2019\/11\/wilder-palmzucker-kambodscha-raffinessen-705x705.jpg 705w, https:\/\/www.raffinessen.ch\/webseite\/wp-content\/uploads\/2019\/11\/wilder-palmzucker-kambodscha-raffinessen-100x100.jpg 100w, https:\/\/www.raffinessen.ch\/webseite\/wp-content\/uploads\/2019\/11\/wilder-palmzucker-kambodscha-raffinessen-1000x1000.jpg 1000w, https:\/\/www.raffinessen.ch\/webseite\/wp-content\/uploads\/2019\/11\/wilder-palmzucker-kambodscha-raffinessen.jpg 2000w\" sizes=\"auto, (max-width: 500px) 100vw, 500px\" \/><img decoding=\"async\" loading=\"lazy\" width=\"500\" height=\"500\" src=\"https:\/\/www.raffinessen.ch\/webseite\/wp-content\/uploads\/2019\/11\/raffinessen-palmzucker-kambodscha-500x500.jpg\" class=\"wp-image-4504 avia-img-lazy-loading-4504 attachment-woocommerce_thumbnail size-woocommerce_thumbnail wp-post-image\" alt=\"\" srcset=\"https:\/\/www.raffinessen.ch\/webseite\/wp-content\/uploads\/2019\/11\/raffinessen-palmzucker-kambodscha-500x500.jpg 500w, https:\/\/www.raffinessen.ch\/webseite\/wp-content\/uploads\/2019\/11\/raffinessen-palmzucker-kambodscha-80x80.jpg 80w, https:\/\/www.raffinessen.ch\/webseite\/wp-content\/uploads\/2019\/11\/raffinessen-palmzucker-kambodscha-300x300.jpg 300w, https:\/\/www.raffinessen.ch\/webseite\/wp-content\/uploads\/2019\/11\/raffinessen-palmzucker-kambodscha-768x768.jpg 768w, https:\/\/www.raffinessen.ch\/webseite\/wp-content\/uploads\/2019\/11\/raffinessen-palmzucker-kambodscha-1030x1030.jpg 1030w, https:\/\/www.raffinessen.ch\/webseite\/wp-content\/uploads\/2019\/11\/raffinessen-palmzucker-kambodscha-36x36.jpg 36w, https:\/\/www.raffinessen.ch\/webseite\/wp-content\/uploads\/2019\/11\/raffinessen-palmzucker-kambodscha-180x180.jpg 180w, https:\/\/www.raffinessen.ch\/webseite\/wp-content\/uploads\/2019\/11\/raffinessen-palmzucker-kambodscha-1500x1500.jpg 1500w, https:\/\/www.raffinessen.ch\/webseite\/wp-content\/uploads\/2019\/11\/raffinessen-palmzucker-kambodscha-705x705.jpg 705w, https:\/\/www.raffinessen.ch\/webseite\/wp-content\/uploads\/2019\/11\/raffinessen-palmzucker-kambodscha-100x100.jpg 100w, https:\/\/www.raffinessen.ch\/webseite\/wp-content\/uploads\/2019\/11\/raffinessen-palmzucker-kambodscha-1000x1000.jpg 1000w, https:\/\/www.raffinessen.ch\/webseite\/wp-content\/uploads\/2019\/11\/raffinessen-palmzucker-kambodscha.jpg 2000w\" sizes=\"auto, (max-width: 500px) 100vw, 500px\" \/><span class=\"cart-loading\"><\/span><\/div><div class='inner_product_header'><div class='avia-arrow'><\/div><div class='inner_product_header_table'><div class='inner_product_header_cell'><h2 class=\"woocommerce-loop-product__title\">Sucre de palme sauvage de Kampong Speu (333 g)<\/h2>\n\t<span class=\"price\"><span class=\"woocommerce-Price-amount amount\"><bdi><span class=\"woocommerce-Price-currencySymbol\">&#67;&#72;&#70;<\/span>&nbsp;15.00<\/bdi><\/span> <small class=\"woocommerce-price-suffix\">TVA incluse<\/small><\/span>\n<\/div><\/div><\/div><\/a><div class='avia_cart_buttons'><a href=\"\/fr\/wp-json\/wp\/v2\/pages\/9012?add-to-cart=4517\" aria-describedby=\"woocommerce_loop_add_to_cart_link_describedby_4517\" data-quantity=\"1\" class=\"button product_type_simple add_to_cart_button ajax_add_to_cart\" data-product_id=\"4517\" data-product_sku=\"FPO-R0048-333\" aria-label=\"Ajouter au panier\u00a0: \u201cWilder Palmzucker aus Kampong Speu (333 g)\u201d\" rel=\"nofollow\" data-success_message=\"\u00ab\u00a0Wilder Palmzucker aus Kampong Speu (333 g)\u00a0\u00bb a \u00e9t\u00e9 ajout\u00e9 \u00e0 votre panier\" role=\"button\" data-no-translation-aria-label=\"\" data-no-translation-data-success_message=\"\"><span class=\"avia-svg-icon avia-font-svg_entypo-fontello\" data-av_svg_icon='basket' data-av_iconset='svg_entypo-fontello'><svg version=\"1.1\" xmlns=\"http:\/\/www.w3.org\/2000\/svg\" width=\"29\" height=\"32\" viewbox=\"0 0 29 32\" preserveaspectratio=\"xMidYMid meet\" aria-labelledby='av-svg-title-67' aria-describedby='av-svg-desc-67' role=\"graphics-symbol\" aria-hidden=\"true\">\n<title id='av-svg-title-67'>Ajouter au panier<\/title>\n<desc id='av-svg-desc-67'>Ajouter au panier<\/desc>\n<path d=\"M4.8 27.2q0-1.28 0.96-2.24t2.24-0.96q1.344 0 2.272 0.96t0.928 2.24q0 1.344-0.928 2.272t-2.272 0.928q-1.28 0-2.24-0.928t-0.96-2.272zM20.8 27.2q0-1.28 0.96-2.24t2.24-0.96q1.344 0 2.272 0.96t0.928 2.24q0 1.344-0.928 2.272t-2.272 0.928q-1.28 0-2.24-0.928t-0.96-2.272zM10.496 19.648q-1.152 0.32-1.088 0.736t1.408 0.416h17.984v2.432q0 0.64-0.64 0.64h-20.928q-0.64 0-0.64-0.64v-2.432l-0.32-1.472-3.136-14.528h-3.136v-2.56q0-0.64 0.64-0.64h4.992q0.64 0 0.64 0.64v2.752h22.528v8.768q0 0.704-0.576 0.832z\"><\/path>\n<\/svg><\/span>  Ajouter au panier<\/a>\t<span id=\"woocommerce_loop_add_to_cart_link_describedby_4517\" class=\"screen-reader-text\">\n\t\t\t<\/span>\n<a class=\"button show_details_button\" href=\"https:\/\/www.raffinessen.ch\/fr\/produit\/wilder-palmzucker-aus-kampong-speu-333-g\/\"><span class=\"avia-svg-icon avia-font-svg_entypo-fontello\" data-av_svg_icon='doc-text' data-av_iconset='svg_entypo-fontello'><svg version=\"1.1\" xmlns=\"http:\/\/www.w3.org\/2000\/svg\" width=\"22\" height=\"32\" viewbox=\"0 0 22 32\" preserveaspectratio=\"xMidYMid meet\" aria-labelledby='av-svg-title-68' aria-describedby='av-svg-desc-68' role=\"graphics-symbol\" aria-hidden=\"true\">\n<title id='av-svg-title-68'>Voir les d\u00e9tails<\/title>\n<desc id='av-svg-desc-68'>Voir les d\u00e9tails<\/desc>\n<path d=\"M6.784 17.344v-2.88h8.96v2.88h-8.96zM19.2 1.6q1.344 0 2.272 0.928t0.928 2.272v22.4q0 1.28-0.928 2.24t-2.272 0.96h-16q-1.28 0-2.24-0.96t-0.96-2.24v-22.4q0-1.344 0.96-2.272t2.24-0.928h16zM19.2 27.2v-22.4h-16v22.4h16zM15.68 8.256v2.816h-8.96v-2.816h8.96zM15.68 20.8v2.816h-8.96v-2.816h8.96z\"><\/path>\n<\/svg><\/span>  Voir les d\u00e9tails<\/a> <span class=\"button-mini-delimiter\"><\/span><\/div><\/div><\/li>\n<li class=\"product type-product post-6624 status-publish instock product_cat-grob has-post-thumbnail taxable shipping-taxable purchasable product-type-simple\">\n\t<div class='inner_product main_color wrapped_style noLightbox  av-product-class-'><a href=\"https:\/\/www.raffinessen.ch\/fr\/produit\/saint-luc\/\" class=\"woocommerce-LoopProduct-link woocommerce-loop-product__link\"><div class=\"thumbnail_container\"><img loading=\"lazy\" decoding=\"async\" width=\"500\" height=\"500\" src=\"https:\/\/www.raffinessen.ch\/webseite\/wp-content\/uploads\/2020\/07\/saint-luc-beutel-500x500.jpg\" class=\"attachment-woocommerce_thumbnail avia-product-hover\" alt=\"\" srcset=\"https:\/\/www.raffinessen.ch\/webseite\/wp-content\/uploads\/2020\/07\/saint-luc-beutel-500x500.jpg 500w, https:\/\/www.raffinessen.ch\/webseite\/wp-content\/uploads\/2020\/07\/saint-luc-beutel-300x300.jpg 300w, https:\/\/www.raffinessen.ch\/webseite\/wp-content\/uploads\/2020\/07\/saint-luc-beutel-1030x1030.jpg 1030w, https:\/\/www.raffinessen.ch\/webseite\/wp-content\/uploads\/2020\/07\/saint-luc-beutel-80x80.jpg 80w, https:\/\/www.raffinessen.ch\/webseite\/wp-content\/uploads\/2020\/07\/saint-luc-beutel-768x768.jpg 768w, https:\/\/www.raffinessen.ch\/webseite\/wp-content\/uploads\/2020\/07\/saint-luc-beutel-1536x1536.jpg 1536w, https:\/\/www.raffinessen.ch\/webseite\/wp-content\/uploads\/2020\/07\/saint-luc-beutel-36x36.jpg 36w, https:\/\/www.raffinessen.ch\/webseite\/wp-content\/uploads\/2020\/07\/saint-luc-beutel-180x180.jpg 180w, https:\/\/www.raffinessen.ch\/webseite\/wp-content\/uploads\/2020\/07\/saint-luc-beutel-1500x1500.jpg 1500w, https:\/\/www.raffinessen.ch\/webseite\/wp-content\/uploads\/2020\/07\/saint-luc-beutel-705x705.jpg 705w, https:\/\/www.raffinessen.ch\/webseite\/wp-content\/uploads\/2020\/07\/saint-luc-beutel-100x100.jpg 100w, https:\/\/www.raffinessen.ch\/webseite\/wp-content\/uploads\/2020\/07\/saint-luc-beutel-1000x1000.jpg 1000w, https:\/\/www.raffinessen.ch\/webseite\/wp-content\/uploads\/2020\/07\/saint-luc-beutel.jpg 2000w\" sizes=\"auto, (max-width: 500px) 100vw, 500px\" \/><img decoding=\"async\" loading=\"lazy\" width=\"500\" height=\"500\" src=\"https:\/\/www.raffinessen.ch\/webseite\/wp-content\/uploads\/2020\/03\/saint-luc-gewuerz-kreis-raffinessen-500x500.jpg\" class=\"wp-image-5139 avia-img-lazy-loading-5139 attachment-woocommerce_thumbnail size-woocommerce_thumbnail wp-post-image\" alt=\"\" srcset=\"https:\/\/www.raffinessen.ch\/webseite\/wp-content\/uploads\/2020\/03\/saint-luc-gewuerz-kreis-raffinessen-500x500.jpg 500w, https:\/\/www.raffinessen.ch\/webseite\/wp-content\/uploads\/2020\/03\/saint-luc-gewuerz-kreis-raffinessen-300x300.jpg 300w, https:\/\/www.raffinessen.ch\/webseite\/wp-content\/uploads\/2020\/03\/saint-luc-gewuerz-kreis-raffinessen-1030x1030.jpg 1030w, https:\/\/www.raffinessen.ch\/webseite\/wp-content\/uploads\/2020\/03\/saint-luc-gewuerz-kreis-raffinessen-80x80.jpg 80w, https:\/\/www.raffinessen.ch\/webseite\/wp-content\/uploads\/2020\/03\/saint-luc-gewuerz-kreis-raffinessen-768x768.jpg 768w, https:\/\/www.raffinessen.ch\/webseite\/wp-content\/uploads\/2020\/03\/saint-luc-gewuerz-kreis-raffinessen-1536x1536.jpg 1536w, https:\/\/www.raffinessen.ch\/webseite\/wp-content\/uploads\/2020\/03\/saint-luc-gewuerz-kreis-raffinessen-2048x2048.jpg 2048w, https:\/\/www.raffinessen.ch\/webseite\/wp-content\/uploads\/2020\/03\/saint-luc-gewuerz-kreis-raffinessen-36x36.jpg 36w, https:\/\/www.raffinessen.ch\/webseite\/wp-content\/uploads\/2020\/03\/saint-luc-gewuerz-kreis-raffinessen-180x180.jpg 180w, https:\/\/www.raffinessen.ch\/webseite\/wp-content\/uploads\/2020\/03\/saint-luc-gewuerz-kreis-raffinessen-1500x1500.jpg 1500w, https:\/\/www.raffinessen.ch\/webseite\/wp-content\/uploads\/2020\/03\/saint-luc-gewuerz-kreis-raffinessen-705x705.jpg 705w, https:\/\/www.raffinessen.ch\/webseite\/wp-content\/uploads\/2020\/03\/saint-luc-gewuerz-kreis-raffinessen-100x100.jpg 100w, https:\/\/www.raffinessen.ch\/webseite\/wp-content\/uploads\/2020\/03\/saint-luc-gewuerz-kreis-raffinessen-1000x1000.jpg 1000w\" sizes=\"auto, (max-width: 500px) 100vw, 500px\" \/><span class=\"cart-loading\"><\/span><\/div><div class='inner_product_header'><div class='avia-arrow'><\/div><div class='inner_product_header_table'><div class='inner_product_header_cell'><h2 class=\"woocommerce-loop-product__title\">Saint Luc<\/h2>\n\t<span class=\"price\"><span class=\"woocommerce-Price-amount amount\"><bdi><span class=\"woocommerce-Price-currencySymbol\">&#67;&#72;&#70;<\/span>&nbsp;6.00<\/bdi><\/span> <small class=\"woocommerce-price-suffix\">TVA incluse<\/small><\/span>\n<\/div><\/div><\/div><\/a><div class='avia_cart_buttons'><a href=\"\/fr\/wp-json\/wp\/v2\/pages\/9012?add-to-cart=6624\" aria-describedby=\"woocommerce_loop_add_to_cart_link_describedby_6624\" data-quantity=\"1\" class=\"button product_type_simple add_to_cart_button ajax_add_to_cart\" data-product_id=\"6624\" data-product_sku=\"FPO-S021-50\" aria-label=\"Ajouter au panier\u00a0: \u201cSaint Luc\u201d\" rel=\"nofollow\" data-success_message=\"\u00ab\u00a0Saint Luc\u00a0\u00bb a \u00e9t\u00e9 ajout\u00e9 \u00e0 votre panier\" role=\"button\" data-no-translation-aria-label=\"\" data-no-translation-data-success_message=\"\"><span class=\"avia-svg-icon avia-font-svg_entypo-fontello\" data-av_svg_icon='basket' data-av_iconset='svg_entypo-fontello'><svg version=\"1.1\" xmlns=\"http:\/\/www.w3.org\/2000\/svg\" width=\"29\" height=\"32\" viewbox=\"0 0 29 32\" preserveaspectratio=\"xMidYMid meet\" aria-labelledby='av-svg-title-69' aria-describedby='av-svg-desc-69' role=\"graphics-symbol\" aria-hidden=\"true\">\n<title id='av-svg-title-69'>Ajouter au panier<\/title>\n<desc id='av-svg-desc-69'>Ajouter au panier<\/desc>\n<path d=\"M4.8 27.2q0-1.28 0.96-2.24t2.24-0.96q1.344 0 2.272 0.96t0.928 2.24q0 1.344-0.928 2.272t-2.272 0.928q-1.28 0-2.24-0.928t-0.96-2.272zM20.8 27.2q0-1.28 0.96-2.24t2.24-0.96q1.344 0 2.272 0.96t0.928 2.24q0 1.344-0.928 2.272t-2.272 0.928q-1.28 0-2.24-0.928t-0.96-2.272zM10.496 19.648q-1.152 0.32-1.088 0.736t1.408 0.416h17.984v2.432q0 0.64-0.64 0.64h-20.928q-0.64 0-0.64-0.64v-2.432l-0.32-1.472-3.136-14.528h-3.136v-2.56q0-0.64 0.64-0.64h4.992q0.64 0 0.64 0.64v2.752h22.528v8.768q0 0.704-0.576 0.832z\"><\/path>\n<\/svg><\/span>  Ajouter au panier<\/a>\t<span id=\"woocommerce_loop_add_to_cart_link_describedby_6624\" class=\"screen-reader-text\">\n\t\t\t<\/span>\n<a class=\"button show_details_button\" href=\"https:\/\/www.raffinessen.ch\/fr\/produit\/saint-luc\/\"><span class=\"avia-svg-icon avia-font-svg_entypo-fontello\" data-av_svg_icon='doc-text' data-av_iconset='svg_entypo-fontello'><svg version=\"1.1\" xmlns=\"http:\/\/www.w3.org\/2000\/svg\" width=\"22\" height=\"32\" viewbox=\"0 0 22 32\" preserveaspectratio=\"xMidYMid meet\" aria-labelledby='av-svg-title-70' aria-describedby='av-svg-desc-70' role=\"graphics-symbol\" aria-hidden=\"true\">\n<title id='av-svg-title-70'>Voir les d\u00e9tails<\/title>\n<desc id='av-svg-desc-70'>Voir les d\u00e9tails<\/desc>\n<path d=\"M6.784 17.344v-2.88h8.96v2.88h-8.96zM19.2 1.6q1.344 0 2.272 0.928t0.928 2.272v22.4q0 1.28-0.928 2.24t-2.272 0.96h-16q-1.28 0-2.24-0.96t-0.96-2.24v-22.4q0-1.344 0.96-2.272t2.24-0.928h16zM19.2 27.2v-22.4h-16v22.4h16zM15.68 8.256v2.816h-8.96v-2.816h8.96zM15.68 20.8v2.816h-8.96v-2.816h8.96z\"><\/path>\n<\/svg><\/span>  Voir les d\u00e9tails<\/a> <span class=\"button-mini-delimiter\"><\/span><\/div><\/div><\/li>\n<li class=\"product type-product post-6604 status-publish last instock product_cat-grob has-post-thumbnail taxable shipping-taxable purchasable product-type-simple\">\n\t<div class='inner_product main_color wrapped_style noLightbox  av-product-class-'><a href=\"https:\/\/www.raffinessen.ch\/fr\/produit\/rio-branco\/\" class=\"woocommerce-LoopProduct-link woocommerce-loop-product__link\"><div class=\"thumbnail_container\"><img loading=\"lazy\" decoding=\"async\" width=\"500\" height=\"500\" src=\"https:\/\/www.raffinessen.ch\/webseite\/wp-content\/uploads\/2020\/07\/rio-branco-beutel-500x500.jpg\" class=\"attachment-woocommerce_thumbnail avia-product-hover\" alt=\"\" srcset=\"https:\/\/www.raffinessen.ch\/webseite\/wp-content\/uploads\/2020\/07\/rio-branco-beutel-500x500.jpg 500w, https:\/\/www.raffinessen.ch\/webseite\/wp-content\/uploads\/2020\/07\/rio-branco-beutel-300x300.jpg 300w, https:\/\/www.raffinessen.ch\/webseite\/wp-content\/uploads\/2020\/07\/rio-branco-beutel-1030x1030.jpg 1030w, https:\/\/www.raffinessen.ch\/webseite\/wp-content\/uploads\/2020\/07\/rio-branco-beutel-80x80.jpg 80w, https:\/\/www.raffinessen.ch\/webseite\/wp-content\/uploads\/2020\/07\/rio-branco-beutel-768x768.jpg 768w, https:\/\/www.raffinessen.ch\/webseite\/wp-content\/uploads\/2020\/07\/rio-branco-beutel-1536x1536.jpg 1536w, https:\/\/www.raffinessen.ch\/webseite\/wp-content\/uploads\/2020\/07\/rio-branco-beutel-36x36.jpg 36w, https:\/\/www.raffinessen.ch\/webseite\/wp-content\/uploads\/2020\/07\/rio-branco-beutel-180x180.jpg 180w, https:\/\/www.raffinessen.ch\/webseite\/wp-content\/uploads\/2020\/07\/rio-branco-beutel-1500x1500.jpg 1500w, https:\/\/www.raffinessen.ch\/webseite\/wp-content\/uploads\/2020\/07\/rio-branco-beutel-705x705.jpg 705w, https:\/\/www.raffinessen.ch\/webseite\/wp-content\/uploads\/2020\/07\/rio-branco-beutel-100x100.jpg 100w, https:\/\/www.raffinessen.ch\/webseite\/wp-content\/uploads\/2020\/07\/rio-branco-beutel-1000x1000.jpg 1000w, https:\/\/www.raffinessen.ch\/webseite\/wp-content\/uploads\/2020\/07\/rio-branco-beutel.jpg 2000w\" sizes=\"auto, (max-width: 500px) 100vw, 500px\" \/><img decoding=\"async\" loading=\"lazy\" width=\"500\" height=\"500\" src=\"https:\/\/www.raffinessen.ch\/webseite\/wp-content\/uploads\/2020\/05\/rio-branco-kreis-500x500.jpg\" class=\"wp-image-6136 avia-img-lazy-loading-6136 attachment-woocommerce_thumbnail size-woocommerce_thumbnail wp-post-image\" alt=\"\" srcset=\"https:\/\/www.raffinessen.ch\/webseite\/wp-content\/uploads\/2020\/05\/rio-branco-kreis-500x500.jpg 500w, https:\/\/www.raffinessen.ch\/webseite\/wp-content\/uploads\/2020\/05\/rio-branco-kreis-300x300.jpg 300w, https:\/\/www.raffinessen.ch\/webseite\/wp-content\/uploads\/2020\/05\/rio-branco-kreis-1030x1030.jpg 1030w, https:\/\/www.raffinessen.ch\/webseite\/wp-content\/uploads\/2020\/05\/rio-branco-kreis-80x80.jpg 80w, https:\/\/www.raffinessen.ch\/webseite\/wp-content\/uploads\/2020\/05\/rio-branco-kreis-768x768.jpg 768w, https:\/\/www.raffinessen.ch\/webseite\/wp-content\/uploads\/2020\/05\/rio-branco-kreis-1536x1536.jpg 1536w, https:\/\/www.raffinessen.ch\/webseite\/wp-content\/uploads\/2020\/05\/rio-branco-kreis-2048x2048.jpg 2048w, https:\/\/www.raffinessen.ch\/webseite\/wp-content\/uploads\/2020\/05\/rio-branco-kreis-36x36.jpg 36w, https:\/\/www.raffinessen.ch\/webseite\/wp-content\/uploads\/2020\/05\/rio-branco-kreis-180x180.jpg 180w, https:\/\/www.raffinessen.ch\/webseite\/wp-content\/uploads\/2020\/05\/rio-branco-kreis-1500x1500.jpg 1500w, https:\/\/www.raffinessen.ch\/webseite\/wp-content\/uploads\/2020\/05\/rio-branco-kreis-705x705.jpg 705w, https:\/\/www.raffinessen.ch\/webseite\/wp-content\/uploads\/2020\/05\/rio-branco-kreis-100x100.jpg 100w, https:\/\/www.raffinessen.ch\/webseite\/wp-content\/uploads\/2020\/05\/rio-branco-kreis-1000x1000.jpg 1000w\" sizes=\"auto, (max-width: 500px) 100vw, 500px\" \/><span class=\"cart-loading\"><\/span><\/div><div class='inner_product_header'><div class='avia-arrow'><\/div><div class='inner_product_header_table'><div class='inner_product_header_cell'><h2 class=\"woocommerce-loop-product__title\">Rio Branco<\/h2>\n\t<span class=\"price\"><span class=\"woocommerce-Price-amount amount\"><bdi><span class=\"woocommerce-Price-currencySymbol\">&#67;&#72;&#70;<\/span>&nbsp;6.00<\/bdi><\/span> <small class=\"woocommerce-price-suffix\">TVA incluse<\/small><\/span>\n<\/div><\/div><\/div><\/a><div class='avia_cart_buttons'><a href=\"\/fr\/wp-json\/wp\/v2\/pages\/9012?add-to-cart=6604\" aria-describedby=\"woocommerce_loop_add_to_cart_link_describedby_6604\" data-quantity=\"1\" class=\"button product_type_simple add_to_cart_button ajax_add_to_cart\" data-product_id=\"6604\" data-product_sku=\"FPO-C0036-37\" aria-label=\"Ajouter au panier\u00a0: \u201cRio Branco\u201d\" rel=\"nofollow\" data-success_message=\"\u00ab\u00a0Rio Branco\u00a0\u00bb a \u00e9t\u00e9 ajout\u00e9 \u00e0 votre panier\" role=\"button\" data-no-translation-aria-label=\"\" data-no-translation-data-success_message=\"\"><span class=\"avia-svg-icon avia-font-svg_entypo-fontello\" data-av_svg_icon='basket' data-av_iconset='svg_entypo-fontello'><svg version=\"1.1\" xmlns=\"http:\/\/www.w3.org\/2000\/svg\" width=\"29\" height=\"32\" viewbox=\"0 0 29 32\" preserveaspectratio=\"xMidYMid meet\" aria-labelledby='av-svg-title-71' aria-describedby='av-svg-desc-71' role=\"graphics-symbol\" aria-hidden=\"true\">\n<title id='av-svg-title-71'>Ajouter au panier<\/title>\n<desc id='av-svg-desc-71'>Ajouter au panier<\/desc>\n<path d=\"M4.8 27.2q0-1.28 0.96-2.24t2.24-0.96q1.344 0 2.272 0.96t0.928 2.24q0 1.344-0.928 2.272t-2.272 0.928q-1.28 0-2.24-0.928t-0.96-2.272zM20.8 27.2q0-1.28 0.96-2.24t2.24-0.96q1.344 0 2.272 0.96t0.928 2.24q0 1.344-0.928 2.272t-2.272 0.928q-1.28 0-2.24-0.928t-0.96-2.272zM10.496 19.648q-1.152 0.32-1.088 0.736t1.408 0.416h17.984v2.432q0 0.64-0.64 0.64h-20.928q-0.64 0-0.64-0.64v-2.432l-0.32-1.472-3.136-14.528h-3.136v-2.56q0-0.64 0.64-0.64h4.992q0.64 0 0.64 0.64v2.752h22.528v8.768q0 0.704-0.576 0.832z\"><\/path>\n<\/svg><\/span>  Ajouter au panier<\/a>\t<span id=\"woocommerce_loop_add_to_cart_link_describedby_6604\" class=\"screen-reader-text\">\n\t\t\t<\/span>\n<a class=\"button show_details_button\" href=\"https:\/\/www.raffinessen.ch\/fr\/produit\/rio-branco\/\"><span class=\"avia-svg-icon avia-font-svg_entypo-fontello\" data-av_svg_icon='doc-text' data-av_iconset='svg_entypo-fontello'><svg version=\"1.1\" xmlns=\"http:\/\/www.w3.org\/2000\/svg\" width=\"22\" height=\"32\" viewbox=\"0 0 22 32\" preserveaspectratio=\"xMidYMid meet\" aria-labelledby='av-svg-title-72' aria-describedby='av-svg-desc-72' role=\"graphics-symbol\" aria-hidden=\"true\">\n<title id='av-svg-title-72'>Voir les d\u00e9tails<\/title>\n<desc id='av-svg-desc-72'>Voir les d\u00e9tails<\/desc>\n<path d=\"M6.784 17.344v-2.88h8.96v2.88h-8.96zM19.2 1.6q1.344 0 2.272 0.928t0.928 2.272v22.4q0 1.28-0.928 2.24t-2.272 0.96h-16q-1.28 0-2.24-0.96t-0.96-2.24v-22.4q0-1.344 0.96-2.272t2.24-0.928h16zM19.2 27.2v-22.4h-16v22.4h16zM15.68 8.256v2.816h-8.96v-2.816h8.96zM15.68 20.8v2.816h-8.96v-2.816h8.96z\"><\/path>\n<\/svg><\/span>  Voir les d\u00e9tails<\/a> <span class=\"button-mini-delimiter\"><\/span><\/div><\/div><\/li>\n<li class=\"product type-product post-6540 status-publish first instock product_cat-gemahlen product_cat-gewuerz-mischungen has-post-thumbnail taxable shipping-taxable purchasable product-type-simple\">\n\t<div class='inner_product main_color wrapped_style noLightbox  av-product-class-'><a href=\"https:\/\/www.raffinessen.ch\/fr\/produit\/narbonne\/\" class=\"woocommerce-LoopProduct-link woocommerce-loop-product__link\"><div class=\"thumbnail_container\"><img loading=\"lazy\" decoding=\"async\" width=\"500\" height=\"500\" src=\"https:\/\/www.raffinessen.ch\/webseite\/wp-content\/uploads\/2020\/07\/narbonne-beutel-500x500.jpg\" class=\"attachment-woocommerce_thumbnail avia-product-hover\" alt=\"\" srcset=\"https:\/\/www.raffinessen.ch\/webseite\/wp-content\/uploads\/2020\/07\/narbonne-beutel-500x500.jpg 500w, https:\/\/www.raffinessen.ch\/webseite\/wp-content\/uploads\/2020\/07\/narbonne-beutel-300x300.jpg 300w, https:\/\/www.raffinessen.ch\/webseite\/wp-content\/uploads\/2020\/07\/narbonne-beutel-1030x1030.jpg 1030w, https:\/\/www.raffinessen.ch\/webseite\/wp-content\/uploads\/2020\/07\/narbonne-beutel-80x80.jpg 80w, https:\/\/www.raffinessen.ch\/webseite\/wp-content\/uploads\/2020\/07\/narbonne-beutel-768x768.jpg 768w, https:\/\/www.raffinessen.ch\/webseite\/wp-content\/uploads\/2020\/07\/narbonne-beutel-1536x1536.jpg 1536w, https:\/\/www.raffinessen.ch\/webseite\/wp-content\/uploads\/2020\/07\/narbonne-beutel-36x36.jpg 36w, https:\/\/www.raffinessen.ch\/webseite\/wp-content\/uploads\/2020\/07\/narbonne-beutel-180x180.jpg 180w, https:\/\/www.raffinessen.ch\/webseite\/wp-content\/uploads\/2020\/07\/narbonne-beutel-1500x1500.jpg 1500w, https:\/\/www.raffinessen.ch\/webseite\/wp-content\/uploads\/2020\/07\/narbonne-beutel-705x705.jpg 705w, https:\/\/www.raffinessen.ch\/webseite\/wp-content\/uploads\/2020\/07\/narbonne-beutel-100x100.jpg 100w, https:\/\/www.raffinessen.ch\/webseite\/wp-content\/uploads\/2020\/07\/narbonne-beutel-1000x1000.jpg 1000w, https:\/\/www.raffinessen.ch\/webseite\/wp-content\/uploads\/2020\/07\/narbonne-beutel.jpg 2000w\" sizes=\"auto, (max-width: 500px) 100vw, 500px\" \/><img decoding=\"async\" loading=\"lazy\" width=\"500\" height=\"500\" src=\"https:\/\/www.raffinessen.ch\/webseite\/wp-content\/uploads\/2020\/03\/narbonne-gewuerz-kreis-raffinessen-500x500.jpg\" class=\"wp-image-5136 avia-img-lazy-loading-5136 attachment-woocommerce_thumbnail size-woocommerce_thumbnail wp-post-image\" alt=\"\" srcset=\"https:\/\/www.raffinessen.ch\/webseite\/wp-content\/uploads\/2020\/03\/narbonne-gewuerz-kreis-raffinessen-500x500.jpg 500w, https:\/\/www.raffinessen.ch\/webseite\/wp-content\/uploads\/2020\/03\/narbonne-gewuerz-kreis-raffinessen-300x300.jpg 300w, https:\/\/www.raffinessen.ch\/webseite\/wp-content\/uploads\/2020\/03\/narbonne-gewuerz-kreis-raffinessen-1030x1030.jpg 1030w, https:\/\/www.raffinessen.ch\/webseite\/wp-content\/uploads\/2020\/03\/narbonne-gewuerz-kreis-raffinessen-80x80.jpg 80w, https:\/\/www.raffinessen.ch\/webseite\/wp-content\/uploads\/2020\/03\/narbonne-gewuerz-kreis-raffinessen-768x768.jpg 768w, https:\/\/www.raffinessen.ch\/webseite\/wp-content\/uploads\/2020\/03\/narbonne-gewuerz-kreis-raffinessen-1536x1536.jpg 1536w, https:\/\/www.raffinessen.ch\/webseite\/wp-content\/uploads\/2020\/03\/narbonne-gewuerz-kreis-raffinessen-2048x2048.jpg 2048w, https:\/\/www.raffinessen.ch\/webseite\/wp-content\/uploads\/2020\/03\/narbonne-gewuerz-kreis-raffinessen-36x36.jpg 36w, https:\/\/www.raffinessen.ch\/webseite\/wp-content\/uploads\/2020\/03\/narbonne-gewuerz-kreis-raffinessen-180x180.jpg 180w, https:\/\/www.raffinessen.ch\/webseite\/wp-content\/uploads\/2020\/03\/narbonne-gewuerz-kreis-raffinessen-1500x1500.jpg 1500w, https:\/\/www.raffinessen.ch\/webseite\/wp-content\/uploads\/2020\/03\/narbonne-gewuerz-kreis-raffinessen-705x705.jpg 705w, https:\/\/www.raffinessen.ch\/webseite\/wp-content\/uploads\/2020\/03\/narbonne-gewuerz-kreis-raffinessen-100x100.jpg 100w, https:\/\/www.raffinessen.ch\/webseite\/wp-content\/uploads\/2020\/03\/narbonne-gewuerz-kreis-raffinessen-1000x1000.jpg 1000w\" sizes=\"auto, (max-width: 500px) 100vw, 500px\" \/><span class=\"cart-loading\"><\/span><\/div><div class='inner_product_header'><div class='avia-arrow'><\/div><div class='inner_product_header_table'><div class='inner_product_header_cell'><h2 class=\"woocommerce-loop-product__title\">Narbonne<\/h2>\n\t<span class=\"price\"><span class=\"woocommerce-Price-amount amount\"><bdi><span class=\"woocommerce-Price-currencySymbol\">&#67;&#72;&#70;<\/span>&nbsp;6.00<\/bdi><\/span> <small class=\"woocommerce-price-suffix\">TVA incluse<\/small><\/span>\n<\/div><\/div><\/div><\/a><div class='avia_cart_buttons'><a href=\"\/fr\/wp-json\/wp\/v2\/pages\/9012?add-to-cart=6540\" aria-describedby=\"woocommerce_loop_add_to_cart_link_describedby_6540\" data-quantity=\"1\" class=\"button product_type_simple add_to_cart_button ajax_add_to_cart\" data-product_id=\"6540\" data-product_sku=\"FPO-S018-95\" aria-label=\"Ajouter au panier\u00a0: \u201cNarbonne\u201d\" rel=\"nofollow\" data-success_message=\"\u00ab\u00a0Narbonne\u00a0\u00bb a \u00e9t\u00e9 ajout\u00e9 \u00e0 votre panier\" role=\"button\" data-no-translation-aria-label=\"\" data-no-translation-data-success_message=\"\"><span class=\"avia-svg-icon avia-font-svg_entypo-fontello\" data-av_svg_icon='basket' data-av_iconset='svg_entypo-fontello'><svg version=\"1.1\" xmlns=\"http:\/\/www.w3.org\/2000\/svg\" width=\"29\" height=\"32\" viewbox=\"0 0 29 32\" preserveaspectratio=\"xMidYMid meet\" aria-labelledby='av-svg-title-73' aria-describedby='av-svg-desc-73' role=\"graphics-symbol\" aria-hidden=\"true\">\n<title id='av-svg-title-73'>Ajouter au panier<\/title>\n<desc id='av-svg-desc-73'>Ajouter au panier<\/desc>\n<path d=\"M4.8 27.2q0-1.28 0.96-2.24t2.24-0.96q1.344 0 2.272 0.96t0.928 2.24q0 1.344-0.928 2.272t-2.272 0.928q-1.28 0-2.24-0.928t-0.96-2.272zM20.8 27.2q0-1.28 0.96-2.24t2.24-0.96q1.344 0 2.272 0.96t0.928 2.24q0 1.344-0.928 2.272t-2.272 0.928q-1.28 0-2.24-0.928t-0.96-2.272zM10.496 19.648q-1.152 0.32-1.088 0.736t1.408 0.416h17.984v2.432q0 0.64-0.64 0.64h-20.928q-0.64 0-0.64-0.64v-2.432l-0.32-1.472-3.136-14.528h-3.136v-2.56q0-0.64 0.64-0.64h4.992q0.64 0 0.64 0.64v2.752h22.528v8.768q0 0.704-0.576 0.832z\"><\/path>\n<\/svg><\/span>  Ajouter au panier<\/a>\t<span id=\"woocommerce_loop_add_to_cart_link_describedby_6540\" class=\"screen-reader-text\">\n\t\t\t<\/span>\n<a class=\"button show_details_button\" href=\"https:\/\/www.raffinessen.ch\/fr\/produit\/narbonne\/\"><span class=\"avia-svg-icon avia-font-svg_entypo-fontello\" data-av_svg_icon='doc-text' data-av_iconset='svg_entypo-fontello'><svg version=\"1.1\" xmlns=\"http:\/\/www.w3.org\/2000\/svg\" width=\"22\" height=\"32\" viewbox=\"0 0 22 32\" preserveaspectratio=\"xMidYMid meet\" aria-labelledby='av-svg-title-74' aria-describedby='av-svg-desc-74' role=\"graphics-symbol\" aria-hidden=\"true\">\n<title id='av-svg-title-74'>Voir les d\u00e9tails<\/title>\n<desc id='av-svg-desc-74'>Voir les d\u00e9tails<\/desc>\n<path d=\"M6.784 17.344v-2.88h8.96v2.88h-8.96zM19.2 1.6q1.344 0 2.272 0.928t0.928 2.272v22.4q0 1.28-0.928 2.24t-2.272 0.96h-16q-1.28 0-2.24-0.96t-0.96-2.24v-22.4q0-1.344 0.96-2.272t2.24-0.928h16zM19.2 27.2v-22.4h-16v22.4h16zM15.68 8.256v2.816h-8.96v-2.816h8.96zM15.68 20.8v2.816h-8.96v-2.816h8.96z\"><\/path>\n<\/svg><\/span>  Voir les d\u00e9tails<\/a> <span class=\"button-mini-delimiter\"><\/span><\/div><\/div><\/li>\n<li class=\"product type-product post-5296 status-publish instock product_cat-probier-set has-post-thumbnail taxable shipping-taxable purchasable product-type-simple\">\n\t<div class='inner_product main_color wrapped_style noLightbox  av-product-class-'><a href=\"https:\/\/www.raffinessen.ch\/fr\/produit\/weisser-und-langer-kampot-pfeffer\/\" class=\"woocommerce-LoopProduct-link woocommerce-loop-product__link\"><div class=\"thumbnail_container\"><img loading=\"lazy\" decoding=\"async\" width=\"500\" height=\"500\" src=\"https:\/\/www.raffinessen.ch\/webseite\/wp-content\/uploads\/2020\/03\/kampot-pfeffer-weiss-lang-beutel-raffinessen-500x500.jpg\" class=\"attachment-woocommerce_thumbnail avia-product-hover\" alt=\"\" srcset=\"https:\/\/www.raffinessen.ch\/webseite\/wp-content\/uploads\/2020\/03\/kampot-pfeffer-weiss-lang-beutel-raffinessen-500x500.jpg 500w, https:\/\/www.raffinessen.ch\/webseite\/wp-content\/uploads\/2020\/03\/kampot-pfeffer-weiss-lang-beutel-raffinessen-300x300.jpg 300w, https:\/\/www.raffinessen.ch\/webseite\/wp-content\/uploads\/2020\/03\/kampot-pfeffer-weiss-lang-beutel-raffinessen-1030x1030.jpg 1030w, https:\/\/www.raffinessen.ch\/webseite\/wp-content\/uploads\/2020\/03\/kampot-pfeffer-weiss-lang-beutel-raffinessen-80x80.jpg 80w, https:\/\/www.raffinessen.ch\/webseite\/wp-content\/uploads\/2020\/03\/kampot-pfeffer-weiss-lang-beutel-raffinessen-768x768.jpg 768w, https:\/\/www.raffinessen.ch\/webseite\/wp-content\/uploads\/2020\/03\/kampot-pfeffer-weiss-lang-beutel-raffinessen-1536x1536.jpg 1536w, https:\/\/www.raffinessen.ch\/webseite\/wp-content\/uploads\/2020\/03\/kampot-pfeffer-weiss-lang-beutel-raffinessen-2048x2048.jpg 2048w, https:\/\/www.raffinessen.ch\/webseite\/wp-content\/uploads\/2020\/03\/kampot-pfeffer-weiss-lang-beutel-raffinessen-36x36.jpg 36w, https:\/\/www.raffinessen.ch\/webseite\/wp-content\/uploads\/2020\/03\/kampot-pfeffer-weiss-lang-beutel-raffinessen-180x180.jpg 180w, https:\/\/www.raffinessen.ch\/webseite\/wp-content\/uploads\/2020\/03\/kampot-pfeffer-weiss-lang-beutel-raffinessen-1500x1500.jpg 1500w, https:\/\/www.raffinessen.ch\/webseite\/wp-content\/uploads\/2020\/03\/kampot-pfeffer-weiss-lang-beutel-raffinessen-705x705.jpg 705w, https:\/\/www.raffinessen.ch\/webseite\/wp-content\/uploads\/2020\/03\/kampot-pfeffer-weiss-lang-beutel-raffinessen-100x100.jpg 100w, https:\/\/www.raffinessen.ch\/webseite\/wp-content\/uploads\/2020\/03\/kampot-pfeffer-weiss-lang-beutel-raffinessen-1000x1000.jpg 1000w\" sizes=\"auto, (max-width: 500px) 100vw, 500px\" \/><img decoding=\"async\" loading=\"lazy\" width=\"500\" height=\"500\" src=\"https:\/\/www.raffinessen.ch\/webseite\/wp-content\/uploads\/2020\/03\/kampot-pfeffer-weiss-lang-raffinessen-500x500.jpg\" class=\"wp-image-5298 avia-img-lazy-loading-5298 attachment-woocommerce_thumbnail size-woocommerce_thumbnail wp-post-image\" alt=\"\" srcset=\"https:\/\/www.raffinessen.ch\/webseite\/wp-content\/uploads\/2020\/03\/kampot-pfeffer-weiss-lang-raffinessen-500x500.jpg 500w, https:\/\/www.raffinessen.ch\/webseite\/wp-content\/uploads\/2020\/03\/kampot-pfeffer-weiss-lang-raffinessen-300x300.jpg 300w, https:\/\/www.raffinessen.ch\/webseite\/wp-content\/uploads\/2020\/03\/kampot-pfeffer-weiss-lang-raffinessen-1030x1030.jpg 1030w, https:\/\/www.raffinessen.ch\/webseite\/wp-content\/uploads\/2020\/03\/kampot-pfeffer-weiss-lang-raffinessen-80x80.jpg 80w, https:\/\/www.raffinessen.ch\/webseite\/wp-content\/uploads\/2020\/03\/kampot-pfeffer-weiss-lang-raffinessen-768x768.jpg 768w, https:\/\/www.raffinessen.ch\/webseite\/wp-content\/uploads\/2020\/03\/kampot-pfeffer-weiss-lang-raffinessen-1536x1536.jpg 1536w, https:\/\/www.raffinessen.ch\/webseite\/wp-content\/uploads\/2020\/03\/kampot-pfeffer-weiss-lang-raffinessen-2048x2048.jpg 2048w, https:\/\/www.raffinessen.ch\/webseite\/wp-content\/uploads\/2020\/03\/kampot-pfeffer-weiss-lang-raffinessen-36x36.jpg 36w, https:\/\/www.raffinessen.ch\/webseite\/wp-content\/uploads\/2020\/03\/kampot-pfeffer-weiss-lang-raffinessen-180x180.jpg 180w, https:\/\/www.raffinessen.ch\/webseite\/wp-content\/uploads\/2020\/03\/kampot-pfeffer-weiss-lang-raffinessen-1500x1500.jpg 1500w, https:\/\/www.raffinessen.ch\/webseite\/wp-content\/uploads\/2020\/03\/kampot-pfeffer-weiss-lang-raffinessen-705x705.jpg 705w, https:\/\/www.raffinessen.ch\/webseite\/wp-content\/uploads\/2020\/03\/kampot-pfeffer-weiss-lang-raffinessen-100x100.jpg 100w, https:\/\/www.raffinessen.ch\/webseite\/wp-content\/uploads\/2020\/03\/kampot-pfeffer-weiss-lang-raffinessen-1000x1000.jpg 1000w\" sizes=\"auto, (max-width: 500px) 100vw, 500px\" \/><span class=\"cart-loading\"><\/span><\/div><div class='inner_product_header'><div class='avia-arrow'><\/div><div class='inner_product_header_table'><div class='inner_product_header_cell'><h2 class=\"woocommerce-loop-product__title\">Set de d\u00e9gustation - poivre de Kampot blanc et long<\/h2>\n\t<span class=\"price\"><span class=\"woocommerce-Price-amount amount\"><bdi><span class=\"woocommerce-Price-currencySymbol\">&#67;&#72;&#70;<\/span>&nbsp;10.00<\/bdi><\/span> <small class=\"woocommerce-price-suffix\">TVA incluse<\/small><\/span>\n<\/div><\/div><\/div><\/a><div class='avia_cart_buttons'><a href=\"\/fr\/wp-json\/wp\/v2\/pages\/9012?add-to-cart=5296\" aria-describedby=\"woocommerce_loop_add_to_cart_link_describedby_5296\" data-quantity=\"1\" class=\"button product_type_simple add_to_cart_button ajax_add_to_cart\" data-product_id=\"5296\" data-product_sku=\"GSO-008\" aria-label=\"Ajouter au panier\u00a0: \u201cProbierset - weisser und langer Kampot Pfeffer\u201d\" rel=\"nofollow\" data-success_message=\"\u00ab\u00a0Probierset - weisser und langer Kampot Pfeffer\u00a0\u00bb a \u00e9t\u00e9 ajout\u00e9 \u00e0 votre panier\" role=\"button\" data-no-translation-aria-label=\"\" data-no-translation-data-success_message=\"\"><span class=\"avia-svg-icon avia-font-svg_entypo-fontello\" data-av_svg_icon='basket' data-av_iconset='svg_entypo-fontello'><svg version=\"1.1\" xmlns=\"http:\/\/www.w3.org\/2000\/svg\" width=\"29\" height=\"32\" viewbox=\"0 0 29 32\" preserveaspectratio=\"xMidYMid meet\" aria-labelledby='av-svg-title-75' aria-describedby='av-svg-desc-75' role=\"graphics-symbol\" aria-hidden=\"true\">\n<title id='av-svg-title-75'>Ajouter au panier<\/title>\n<desc id='av-svg-desc-75'>Ajouter au panier<\/desc>\n<path d=\"M4.8 27.2q0-1.28 0.96-2.24t2.24-0.96q1.344 0 2.272 0.96t0.928 2.24q0 1.344-0.928 2.272t-2.272 0.928q-1.28 0-2.24-0.928t-0.96-2.272zM20.8 27.2q0-1.28 0.96-2.24t2.24-0.96q1.344 0 2.272 0.96t0.928 2.24q0 1.344-0.928 2.272t-2.272 0.928q-1.28 0-2.24-0.928t-0.96-2.272zM10.496 19.648q-1.152 0.32-1.088 0.736t1.408 0.416h17.984v2.432q0 0.64-0.64 0.64h-20.928q-0.64 0-0.64-0.64v-2.432l-0.32-1.472-3.136-14.528h-3.136v-2.56q0-0.64 0.64-0.64h4.992q0.64 0 0.64 0.64v2.752h22.528v8.768q0 0.704-0.576 0.832z\"><\/path>\n<\/svg><\/span>  Ajouter au panier<\/a>\t<span id=\"woocommerce_loop_add_to_cart_link_describedby_5296\" class=\"screen-reader-text\">\n\t\t\t<\/span>\n<a class=\"button show_details_button\" href=\"https:\/\/www.raffinessen.ch\/fr\/produit\/weisser-und-langer-kampot-pfeffer\/\"><span class=\"avia-svg-icon avia-font-svg_entypo-fontello\" data-av_svg_icon='doc-text' data-av_iconset='svg_entypo-fontello'><svg version=\"1.1\" xmlns=\"http:\/\/www.w3.org\/2000\/svg\" width=\"22\" height=\"32\" viewbox=\"0 0 22 32\" preserveaspectratio=\"xMidYMid meet\" aria-labelledby='av-svg-title-76' aria-describedby='av-svg-desc-76' role=\"graphics-symbol\" aria-hidden=\"true\">\n<title id='av-svg-title-76'>Voir les d\u00e9tails<\/title>\n<desc id='av-svg-desc-76'>Voir les d\u00e9tails<\/desc>\n<path d=\"M6.784 17.344v-2.88h8.96v2.88h-8.96zM19.2 1.6q1.344 0 2.272 0.928t0.928 2.272v22.4q0 1.28-0.928 2.24t-2.272 0.96h-16q-1.28 0-2.24-0.96t-0.96-2.24v-22.4q0-1.344 0.96-2.272t2.24-0.928h16zM19.2 27.2v-22.4h-16v22.4h16zM15.68 8.256v2.816h-8.96v-2.816h8.96zM15.68 20.8v2.816h-8.96v-2.816h8.96z\"><\/path>\n<\/svg><\/span>  Voir les d\u00e9tails<\/a> <span class=\"button-mini-delimiter\"><\/span><\/div><\/div><\/li>\n<li class=\"product type-product post-14781 status-publish outofstock product_cat-ab-chf-30 product_cat-geschenksets has-post-thumbnail taxable shipping-taxable purchasable product-type-simple\">\n\t<div class='inner_product main_color wrapped_style noLightbox  av-product-class-'><a href=\"https:\/\/www.raffinessen.ch\/fr\/produit\/set-hugo-mit-birds-eye-chili\/\" class=\"woocommerce-LoopProduct-link woocommerce-loop-product__link\"><div class=\"thumbnail_container\"><img loading=\"lazy\" decoding=\"async\" width=\"500\" height=\"500\" src=\"https:\/\/www.raffinessen.ch\/webseite\/wp-content\/uploads\/2022\/12\/SET_HUGO-Vorschneidewerk-500x500.jpg\" class=\"attachment-woocommerce_thumbnail avia-product-hover\" alt=\"\" srcset=\"https:\/\/www.raffinessen.ch\/webseite\/wp-content\/uploads\/2022\/12\/SET_HUGO-Vorschneidewerk-500x500.jpg 500w, https:\/\/www.raffinessen.ch\/webseite\/wp-content\/uploads\/2022\/12\/SET_HUGO-Vorschneidewerk-300x300.jpg 300w, https:\/\/www.raffinessen.ch\/webseite\/wp-content\/uploads\/2022\/12\/SET_HUGO-Vorschneidewerk-1030x1030.jpg 1030w, https:\/\/www.raffinessen.ch\/webseite\/wp-content\/uploads\/2022\/12\/SET_HUGO-Vorschneidewerk-80x80.jpg 80w, https:\/\/www.raffinessen.ch\/webseite\/wp-content\/uploads\/2022\/12\/SET_HUGO-Vorschneidewerk-768x768.jpg 768w, https:\/\/www.raffinessen.ch\/webseite\/wp-content\/uploads\/2022\/12\/SET_HUGO-Vorschneidewerk-36x36.jpg 36w, https:\/\/www.raffinessen.ch\/webseite\/wp-content\/uploads\/2022\/12\/SET_HUGO-Vorschneidewerk-180x180.jpg 180w, https:\/\/www.raffinessen.ch\/webseite\/wp-content\/uploads\/2022\/12\/SET_HUGO-Vorschneidewerk-705x705.jpg 705w, https:\/\/www.raffinessen.ch\/webseite\/wp-content\/uploads\/2022\/12\/SET_HUGO-Vorschneidewerk-120x120.jpg 120w, https:\/\/www.raffinessen.ch\/webseite\/wp-content\/uploads\/2022\/12\/SET_HUGO-Vorschneidewerk-450x450.jpg 450w, https:\/\/www.raffinessen.ch\/webseite\/wp-content\/uploads\/2022\/12\/SET_HUGO-Vorschneidewerk-1000x1000.jpg 1000w, https:\/\/www.raffinessen.ch\/webseite\/wp-content\/uploads\/2022\/12\/SET_HUGO-Vorschneidewerk-100x100.jpg 100w, https:\/\/www.raffinessen.ch\/webseite\/wp-content\/uploads\/2022\/12\/SET_HUGO-Vorschneidewerk.jpg 1500w\" sizes=\"auto, (max-width: 500px) 100vw, 500px\" \/><img decoding=\"async\" loading=\"lazy\" width=\"500\" height=\"500\" src=\"https:\/\/www.raffinessen.ch\/webseite\/wp-content\/uploads\/2022\/12\/SET_HUGO-Birds-Eye-Chili-500x500.jpg\" class=\"wp-image-14782 avia-img-lazy-loading-14782 attachment-woocommerce_thumbnail size-woocommerce_thumbnail wp-post-image\" alt=\"Chili Vorschneidewerk\" srcset=\"https:\/\/www.raffinessen.ch\/webseite\/wp-content\/uploads\/2022\/12\/SET_HUGO-Birds-Eye-Chili-500x500.jpg 500w, https:\/\/www.raffinessen.ch\/webseite\/wp-content\/uploads\/2022\/12\/SET_HUGO-Birds-Eye-Chili-300x300.jpg 300w, https:\/\/www.raffinessen.ch\/webseite\/wp-content\/uploads\/2022\/12\/SET_HUGO-Birds-Eye-Chili-1030x1030.jpg 1030w, https:\/\/www.raffinessen.ch\/webseite\/wp-content\/uploads\/2022\/12\/SET_HUGO-Birds-Eye-Chili-80x80.jpg 80w, https:\/\/www.raffinessen.ch\/webseite\/wp-content\/uploads\/2022\/12\/SET_HUGO-Birds-Eye-Chili-768x768.jpg 768w, https:\/\/www.raffinessen.ch\/webseite\/wp-content\/uploads\/2022\/12\/SET_HUGO-Birds-Eye-Chili-36x36.jpg 36w, https:\/\/www.raffinessen.ch\/webseite\/wp-content\/uploads\/2022\/12\/SET_HUGO-Birds-Eye-Chili-180x180.jpg 180w, https:\/\/www.raffinessen.ch\/webseite\/wp-content\/uploads\/2022\/12\/SET_HUGO-Birds-Eye-Chili-705x705.jpg 705w, https:\/\/www.raffinessen.ch\/webseite\/wp-content\/uploads\/2022\/12\/SET_HUGO-Birds-Eye-Chili-120x120.jpg 120w, https:\/\/www.raffinessen.ch\/webseite\/wp-content\/uploads\/2022\/12\/SET_HUGO-Birds-Eye-Chili-450x450.jpg 450w, https:\/\/www.raffinessen.ch\/webseite\/wp-content\/uploads\/2022\/12\/SET_HUGO-Birds-Eye-Chili-1000x1000.jpg 1000w, https:\/\/www.raffinessen.ch\/webseite\/wp-content\/uploads\/2022\/12\/SET_HUGO-Birds-Eye-Chili-100x100.jpg 100w, https:\/\/www.raffinessen.ch\/webseite\/wp-content\/uploads\/2022\/12\/SET_HUGO-Birds-Eye-Chili.jpg 1500w\" sizes=\"auto, (max-width: 500px) 100vw, 500px\" \/><span class=\"cart-loading\"><\/span><\/div><div class='inner_product_header'><div class='avia-arrow'><\/div><div class='inner_product_header_table'><div class='inner_product_header_cell'><h2 class=\"woocommerce-loop-product__title\">SET - HUGO avec Bird's Eye Chili<\/h2>\n\t<span class=\"price\"><span class=\"woocommerce-Price-amount amount\"><bdi><span class=\"woocommerce-Price-currencySymbol\">&#67;&#72;&#70;<\/span>&nbsp;75.00<\/bdi><\/span> <small class=\"woocommerce-price-suffix\">TVA incluse<\/small><\/span>\n<\/div><\/div><\/div><\/a><div class='avia_cart_buttons'><a href=\"https:\/\/www.raffinessen.ch\/fr\/produit\/set-hugo-mit-birds-eye-chili\/\" aria-describedby=\"woocommerce_loop_add_to_cart_link_describedby_14781\" data-quantity=\"1\" class=\"button product_type_simple\" data-product_id=\"14781\" data-product_sku=\"GSO-054\" aria-label=\"En savoir plus sur \u201cSET - HUGO mit Bird&#039;s Eye Chili\u201d\" rel=\"nofollow\" data-success_message=\"\" data-no-translation-aria-label=\"\"><span class=\"avia-svg-icon avia-font-svg_entypo-fontello\" data-av_svg_icon='basket' data-av_iconset='svg_entypo-fontello'><svg version=\"1.1\" xmlns=\"http:\/\/www.w3.org\/2000\/svg\" width=\"29\" height=\"32\" viewbox=\"0 0 29 32\" preserveaspectratio=\"xMidYMid meet\" aria-labelledby='av-svg-title-77' aria-describedby='av-svg-desc-77' role=\"graphics-symbol\" aria-hidden=\"true\">\n<title id='av-svg-title-77'>Ajouter au panier<\/title>\n<desc id='av-svg-desc-77'>Ajouter au panier<\/desc>\n<path d=\"M4.8 27.2q0-1.28 0.96-2.24t2.24-0.96q1.344 0 2.272 0.96t0.928 2.24q0 1.344-0.928 2.272t-2.272 0.928q-1.28 0-2.24-0.928t-0.96-2.272zM20.8 27.2q0-1.28 0.96-2.24t2.24-0.96q1.344 0 2.272 0.96t0.928 2.24q0 1.344-0.928 2.272t-2.272 0.928q-1.28 0-2.24-0.928t-0.96-2.272zM10.496 19.648q-1.152 0.32-1.088 0.736t1.408 0.416h17.984v2.432q0 0.64-0.64 0.64h-20.928q-0.64 0-0.64-0.64v-2.432l-0.32-1.472-3.136-14.528h-3.136v-2.56q0-0.64 0.64-0.64h4.992q0.64 0 0.64 0.64v2.752h22.528v8.768q0 0.704-0.576 0.832z\"><\/path>\n<\/svg><\/span>  Lire la suite<\/a>\t<span id=\"woocommerce_loop_add_to_cart_link_describedby_14781\" class=\"screen-reader-text\">\n\t\t\t<\/span>\n<a class=\"button show_details_button\" href=\"https:\/\/www.raffinessen.ch\/fr\/produit\/set-hugo-mit-birds-eye-chili\/\"><span class=\"avia-svg-icon avia-font-svg_entypo-fontello\" data-av_svg_icon='doc-text' data-av_iconset='svg_entypo-fontello'><svg version=\"1.1\" xmlns=\"http:\/\/www.w3.org\/2000\/svg\" width=\"22\" height=\"32\" viewbox=\"0 0 22 32\" preserveaspectratio=\"xMidYMid meet\" aria-labelledby='av-svg-title-78' aria-describedby='av-svg-desc-78' role=\"graphics-symbol\" aria-hidden=\"true\">\n<title id='av-svg-title-78'>Voir les d\u00e9tails<\/title>\n<desc id='av-svg-desc-78'>Voir les d\u00e9tails<\/desc>\n<path d=\"M6.784 17.344v-2.88h8.96v2.88h-8.96zM19.2 1.6q1.344 0 2.272 0.928t0.928 2.272v22.4q0 1.28-0.928 2.24t-2.272 0.96h-16q-1.28 0-2.24-0.96t-0.96-2.24v-22.4q0-1.344 0.96-2.272t2.24-0.928h16zM19.2 27.2v-22.4h-16v22.4h16zM15.68 8.256v2.816h-8.96v-2.816h8.96zM15.68 20.8v2.816h-8.96v-2.816h8.96z\"><\/path>\n<\/svg><\/span>  Voir les d\u00e9tails<\/a> <span class=\"button-mini-delimiter\"><\/span><\/div><\/div><\/li>\n<li class=\"product type-product post-2622 status-publish last instock product_cat-einzel-gewuerze product_cat-gewuerze-einzeln product_cat-unkategorisiert has-post-thumbnail taxable shipping-taxable purchasable product-type-simple\">\n\t<div class='inner_product main_color wrapped_style noLightbox  av-product-class-'><a href=\"https:\/\/www.raffinessen.ch\/fr\/produit\/roter-und-schwarzer-kampot-pfeffer-je-333\/\" class=\"woocommerce-LoopProduct-link woocommerce-loop-product__link\"><div class=\"thumbnail_container\"><img loading=\"lazy\" decoding=\"async\" width=\"500\" height=\"500\" src=\"https:\/\/www.raffinessen.ch\/webseite\/wp-content\/uploads\/2018\/12\/investment-roter-schwarzer-kampot-pfeffer-500x500.jpg\" class=\"attachment-woocommerce_thumbnail avia-product-hover\" alt=\"\" srcset=\"https:\/\/www.raffinessen.ch\/webseite\/wp-content\/uploads\/2018\/12\/investment-roter-schwarzer-kampot-pfeffer-500x500.jpg 500w, https:\/\/www.raffinessen.ch\/webseite\/wp-content\/uploads\/2018\/12\/investment-roter-schwarzer-kampot-pfeffer-80x80.jpg 80w, https:\/\/www.raffinessen.ch\/webseite\/wp-content\/uploads\/2018\/12\/investment-roter-schwarzer-kampot-pfeffer-300x300.jpg 300w, https:\/\/www.raffinessen.ch\/webseite\/wp-content\/uploads\/2018\/12\/investment-roter-schwarzer-kampot-pfeffer-768x768.jpg 768w, https:\/\/www.raffinessen.ch\/webseite\/wp-content\/uploads\/2018\/12\/investment-roter-schwarzer-kampot-pfeffer-1030x1030.jpg 1030w, https:\/\/www.raffinessen.ch\/webseite\/wp-content\/uploads\/2018\/12\/investment-roter-schwarzer-kampot-pfeffer-36x36.jpg 36w, https:\/\/www.raffinessen.ch\/webseite\/wp-content\/uploads\/2018\/12\/investment-roter-schwarzer-kampot-pfeffer-180x180.jpg 180w, https:\/\/www.raffinessen.ch\/webseite\/wp-content\/uploads\/2018\/12\/investment-roter-schwarzer-kampot-pfeffer-1500x1500.jpg 1500w, https:\/\/www.raffinessen.ch\/webseite\/wp-content\/uploads\/2018\/12\/investment-roter-schwarzer-kampot-pfeffer-705x705.jpg 705w, https:\/\/www.raffinessen.ch\/webseite\/wp-content\/uploads\/2018\/12\/investment-roter-schwarzer-kampot-pfeffer-100x100.jpg 100w, https:\/\/www.raffinessen.ch\/webseite\/wp-content\/uploads\/2018\/12\/investment-roter-schwarzer-kampot-pfeffer-1000x1000.jpg 1000w, https:\/\/www.raffinessen.ch\/webseite\/wp-content\/uploads\/2018\/12\/investment-roter-schwarzer-kampot-pfeffer.jpg 2000w\" sizes=\"auto, (max-width: 500px) 100vw, 500px\" \/><img decoding=\"async\" loading=\"lazy\" width=\"500\" height=\"500\" src=\"https:\/\/www.raffinessen.ch\/webseite\/wp-content\/uploads\/2018\/12\/roter-schwarzer-kampot-pfeffer-500x500.jpg\" class=\"wp-image-3809 avia-img-lazy-loading-3809 attachment-woocommerce_thumbnail size-woocommerce_thumbnail wp-post-image\" alt=\"\" srcset=\"https:\/\/www.raffinessen.ch\/webseite\/wp-content\/uploads\/2018\/12\/roter-schwarzer-kampot-pfeffer-500x500.jpg 500w, https:\/\/www.raffinessen.ch\/webseite\/wp-content\/uploads\/2018\/12\/roter-schwarzer-kampot-pfeffer-80x80.jpg 80w, https:\/\/www.raffinessen.ch\/webseite\/wp-content\/uploads\/2018\/12\/roter-schwarzer-kampot-pfeffer-300x300.jpg 300w, https:\/\/www.raffinessen.ch\/webseite\/wp-content\/uploads\/2018\/12\/roter-schwarzer-kampot-pfeffer-768x768.jpg 768w, https:\/\/www.raffinessen.ch\/webseite\/wp-content\/uploads\/2018\/12\/roter-schwarzer-kampot-pfeffer-1030x1030.jpg 1030w, https:\/\/www.raffinessen.ch\/webseite\/wp-content\/uploads\/2018\/12\/roter-schwarzer-kampot-pfeffer-36x36.jpg 36w, https:\/\/www.raffinessen.ch\/webseite\/wp-content\/uploads\/2018\/12\/roter-schwarzer-kampot-pfeffer-180x180.jpg 180w, https:\/\/www.raffinessen.ch\/webseite\/wp-content\/uploads\/2018\/12\/roter-schwarzer-kampot-pfeffer-1500x1500.jpg 1500w, https:\/\/www.raffinessen.ch\/webseite\/wp-content\/uploads\/2018\/12\/roter-schwarzer-kampot-pfeffer-705x705.jpg 705w, https:\/\/www.raffinessen.ch\/webseite\/wp-content\/uploads\/2018\/12\/roter-schwarzer-kampot-pfeffer-100x100.jpg 100w, https:\/\/www.raffinessen.ch\/webseite\/wp-content\/uploads\/2018\/12\/roter-schwarzer-kampot-pfeffer-1000x1000.jpg 1000w, https:\/\/www.raffinessen.ch\/webseite\/wp-content\/uploads\/2018\/12\/roter-schwarzer-kampot-pfeffer.jpg 2000w\" sizes=\"auto, (max-width: 500px) 100vw, 500px\" \/><span class=\"cart-loading\"><\/span><\/div><div class='inner_product_header'><div class='avia-arrow'><\/div><div class='inner_product_header_table'><div class='inner_product_header_cell'><h2 class=\"woocommerce-loop-product__title\">poivre de Kampot rouge et noir (333 g chacun)<\/h2>\n\t<span class=\"price\"><span class=\"woocommerce-Price-amount amount\"><bdi><span class=\"woocommerce-Price-currencySymbol\">&#67;&#72;&#70;<\/span>&nbsp;100.00<\/bdi><\/span> <small class=\"woocommerce-price-suffix\">TVA incluse<\/small><\/span>\n<\/div><\/div><\/div><\/a><div class='avia_cart_buttons'><a href=\"\/fr\/wp-json\/wp\/v2\/pages\/9012?add-to-cart=2622\" aria-describedby=\"woocommerce_loop_add_to_cart_link_describedby_2622\" data-quantity=\"1\" class=\"button product_type_simple add_to_cart_button ajax_add_to_cart\" data-product_id=\"2622\" data-product_sku=\"GSO-016\" aria-label=\"Ajouter au panier\u00a0: \u201croter und schwarzer Kampot Pfeffer (je 333 g)\u201d\" rel=\"nofollow\" data-success_message=\"\u00ab\u00a0roter und schwarzer Kampot Pfeffer (je 333 g)\u00a0\u00bb a \u00e9t\u00e9 ajout\u00e9 \u00e0 votre panier\" role=\"button\" data-no-translation-aria-label=\"\" data-no-translation-data-success_message=\"\"><span class=\"avia-svg-icon avia-font-svg_entypo-fontello\" data-av_svg_icon='basket' data-av_iconset='svg_entypo-fontello'><svg version=\"1.1\" xmlns=\"http:\/\/www.w3.org\/2000\/svg\" width=\"29\" height=\"32\" viewbox=\"0 0 29 32\" preserveaspectratio=\"xMidYMid meet\" aria-labelledby='av-svg-title-79' aria-describedby='av-svg-desc-79' role=\"graphics-symbol\" aria-hidden=\"true\">\n<title id='av-svg-title-79'>Ajouter au panier<\/title>\n<desc id='av-svg-desc-79'>Ajouter au panier<\/desc>\n<path d=\"M4.8 27.2q0-1.28 0.96-2.24t2.24-0.96q1.344 0 2.272 0.96t0.928 2.24q0 1.344-0.928 2.272t-2.272 0.928q-1.28 0-2.24-0.928t-0.96-2.272zM20.8 27.2q0-1.28 0.96-2.24t2.24-0.96q1.344 0 2.272 0.96t0.928 2.24q0 1.344-0.928 2.272t-2.272 0.928q-1.28 0-2.24-0.928t-0.96-2.272zM10.496 19.648q-1.152 0.32-1.088 0.736t1.408 0.416h17.984v2.432q0 0.64-0.64 0.64h-20.928q-0.64 0-0.64-0.64v-2.432l-0.32-1.472-3.136-14.528h-3.136v-2.56q0-0.64 0.64-0.64h4.992q0.64 0 0.64 0.64v2.752h22.528v8.768q0 0.704-0.576 0.832z\"><\/path>\n<\/svg><\/span>  Ajouter au panier<\/a>\t<span id=\"woocommerce_loop_add_to_cart_link_describedby_2622\" class=\"screen-reader-text\">\n\t\t\t<\/span>\n<a class=\"button show_details_button\" href=\"https:\/\/www.raffinessen.ch\/fr\/produit\/roter-und-schwarzer-kampot-pfeffer-je-333\/\"><span class=\"avia-svg-icon avia-font-svg_entypo-fontello\" data-av_svg_icon='doc-text' data-av_iconset='svg_entypo-fontello'><svg version=\"1.1\" xmlns=\"http:\/\/www.w3.org\/2000\/svg\" width=\"22\" height=\"32\" viewbox=\"0 0 22 32\" preserveaspectratio=\"xMidYMid meet\" aria-labelledby='av-svg-title-80' aria-describedby='av-svg-desc-80' role=\"graphics-symbol\" aria-hidden=\"true\">\n<title id='av-svg-title-80'>Voir les d\u00e9tails<\/title>\n<desc id='av-svg-desc-80'>Voir les d\u00e9tails<\/desc>\n<path d=\"M6.784 17.344v-2.88h8.96v2.88h-8.96zM19.2 1.6q1.344 0 2.272 0.928t0.928 2.272v22.4q0 1.28-0.928 2.24t-2.272 0.96h-16q-1.28 0-2.24-0.96t-0.96-2.24v-22.4q0-1.344 0.96-2.272t2.24-0.928h16zM19.2 27.2v-22.4h-16v22.4h16zM15.68 8.256v2.816h-8.96v-2.816h8.96zM15.68 20.8v2.816h-8.96v-2.816h8.96z\"><\/path>\n<\/svg><\/span>  Voir les d\u00e9tails<\/a> <span class=\"button-mini-delimiter\"><\/span><\/div><\/div><\/li>\n<li class=\"product type-product post-5897 status-publish first instock product_cat-bis-chf-30 product_cat-geschenksets has-post-thumbnail taxable shipping-taxable purchasable product-type-simple\">\n\t<div class='inner_product main_color wrapped_style noLightbox  av-product-class-'><a href=\"https:\/\/www.raffinessen.ch\/fr\/produit\/set-mami-ich-habe-dich-lieb\/\" class=\"woocommerce-LoopProduct-link woocommerce-loop-product__link\"><div class=\"thumbnail_container\"><img loading=\"lazy\" decoding=\"async\" width=\"500\" height=\"500\" src=\"https:\/\/www.raffinessen.ch\/webseite\/wp-content\/uploads\/2020\/05\/mami-offen-mit-herz-500x500.jpg\" class=\"attachment-woocommerce_thumbnail avia-product-hover\" alt=\"\" srcset=\"https:\/\/www.raffinessen.ch\/webseite\/wp-content\/uploads\/2020\/05\/mami-offen-mit-herz-500x500.jpg 500w, https:\/\/www.raffinessen.ch\/webseite\/wp-content\/uploads\/2020\/05\/mami-offen-mit-herz-300x300.jpg 300w, https:\/\/www.raffinessen.ch\/webseite\/wp-content\/uploads\/2020\/05\/mami-offen-mit-herz-1030x1030.jpg 1030w, https:\/\/www.raffinessen.ch\/webseite\/wp-content\/uploads\/2020\/05\/mami-offen-mit-herz-80x80.jpg 80w, https:\/\/www.raffinessen.ch\/webseite\/wp-content\/uploads\/2020\/05\/mami-offen-mit-herz-768x768.jpg 768w, https:\/\/www.raffinessen.ch\/webseite\/wp-content\/uploads\/2020\/05\/mami-offen-mit-herz-1536x1536.jpg 1536w, https:\/\/www.raffinessen.ch\/webseite\/wp-content\/uploads\/2020\/05\/mami-offen-mit-herz-2048x2048.jpg 2048w, https:\/\/www.raffinessen.ch\/webseite\/wp-content\/uploads\/2020\/05\/mami-offen-mit-herz-36x36.jpg 36w, https:\/\/www.raffinessen.ch\/webseite\/wp-content\/uploads\/2020\/05\/mami-offen-mit-herz-180x180.jpg 180w, https:\/\/www.raffinessen.ch\/webseite\/wp-content\/uploads\/2020\/05\/mami-offen-mit-herz-1500x1500.jpg 1500w, https:\/\/www.raffinessen.ch\/webseite\/wp-content\/uploads\/2020\/05\/mami-offen-mit-herz-705x705.jpg 705w, https:\/\/www.raffinessen.ch\/webseite\/wp-content\/uploads\/2020\/05\/mami-offen-mit-herz-100x100.jpg 100w, https:\/\/www.raffinessen.ch\/webseite\/wp-content\/uploads\/2020\/05\/mami-offen-mit-herz-1000x1000.jpg 1000w\" sizes=\"auto, (max-width: 500px) 100vw, 500px\" \/><img decoding=\"async\" loading=\"lazy\" width=\"500\" height=\"500\" src=\"https:\/\/www.raffinessen.ch\/webseite\/wp-content\/uploads\/2020\/05\/mami-zu-mit-herz-500x500.jpg\" class=\"wp-image-5902 avia-img-lazy-loading-5902 attachment-woocommerce_thumbnail size-woocommerce_thumbnail wp-post-image\" alt=\"\" srcset=\"https:\/\/www.raffinessen.ch\/webseite\/wp-content\/uploads\/2020\/05\/mami-zu-mit-herz-500x500.jpg 500w, https:\/\/www.raffinessen.ch\/webseite\/wp-content\/uploads\/2020\/05\/mami-zu-mit-herz-300x300.jpg 300w, https:\/\/www.raffinessen.ch\/webseite\/wp-content\/uploads\/2020\/05\/mami-zu-mit-herz-1030x1030.jpg 1030w, https:\/\/www.raffinessen.ch\/webseite\/wp-content\/uploads\/2020\/05\/mami-zu-mit-herz-80x80.jpg 80w, https:\/\/www.raffinessen.ch\/webseite\/wp-content\/uploads\/2020\/05\/mami-zu-mit-herz-768x768.jpg 768w, https:\/\/www.raffinessen.ch\/webseite\/wp-content\/uploads\/2020\/05\/mami-zu-mit-herz-1536x1536.jpg 1536w, https:\/\/www.raffinessen.ch\/webseite\/wp-content\/uploads\/2020\/05\/mami-zu-mit-herz-2048x2048.jpg 2048w, https:\/\/www.raffinessen.ch\/webseite\/wp-content\/uploads\/2020\/05\/mami-zu-mit-herz-36x36.jpg 36w, https:\/\/www.raffinessen.ch\/webseite\/wp-content\/uploads\/2020\/05\/mami-zu-mit-herz-180x180.jpg 180w, https:\/\/www.raffinessen.ch\/webseite\/wp-content\/uploads\/2020\/05\/mami-zu-mit-herz-1500x1500.jpg 1500w, https:\/\/www.raffinessen.ch\/webseite\/wp-content\/uploads\/2020\/05\/mami-zu-mit-herz-705x705.jpg 705w, https:\/\/www.raffinessen.ch\/webseite\/wp-content\/uploads\/2020\/05\/mami-zu-mit-herz-100x100.jpg 100w, https:\/\/www.raffinessen.ch\/webseite\/wp-content\/uploads\/2020\/05\/mami-zu-mit-herz-1000x1000.jpg 1000w\" sizes=\"auto, (max-width: 500px) 100vw, 500px\" \/><span class=\"cart-loading\"><\/span><\/div><div class='inner_product_header'><div class='avia-arrow'><\/div><div class='inner_product_header_table'><div class='inner_product_header_cell'><h2 class=\"woocommerce-loop-product__title\">SET - Maman je t'aime<\/h2>\n\t<span class=\"price\"><span class=\"woocommerce-Price-amount amount\"><bdi><span class=\"woocommerce-Price-currencySymbol\">&#67;&#72;&#70;<\/span>&nbsp;30.00<\/bdi><\/span> <small class=\"woocommerce-price-suffix\">TVA incluse<\/small><\/span>\n<\/div><\/div><\/div><\/a><div class='avia_cart_buttons'><a href=\"\/fr\/wp-json\/wp\/v2\/pages\/9012?add-to-cart=5897\" aria-describedby=\"woocommerce_loop_add_to_cart_link_describedby_5897\" data-quantity=\"1\" class=\"button product_type_simple add_to_cart_button ajax_add_to_cart\" data-product_id=\"5897\" data-product_sku=\"GSO-031\" aria-label=\"Ajouter au panier\u00a0: \u201cSET - Mami ich habe Dich lieb\u201d\" rel=\"nofollow\" data-success_message=\"\u00ab\u00a0SET - Mami ich habe Dich lieb\u00a0\u00bb a \u00e9t\u00e9 ajout\u00e9 \u00e0 votre panier\" role=\"button\" data-no-translation-aria-label=\"\" data-no-translation-data-success_message=\"\"><span class=\"avia-svg-icon avia-font-svg_entypo-fontello\" data-av_svg_icon='basket' data-av_iconset='svg_entypo-fontello'><svg version=\"1.1\" xmlns=\"http:\/\/www.w3.org\/2000\/svg\" width=\"29\" height=\"32\" viewbox=\"0 0 29 32\" preserveaspectratio=\"xMidYMid meet\" aria-labelledby='av-svg-title-81' aria-describedby='av-svg-desc-81' role=\"graphics-symbol\" aria-hidden=\"true\">\n<title id='av-svg-title-81'>Ajouter au panier<\/title>\n<desc id='av-svg-desc-81'>Ajouter au panier<\/desc>\n<path d=\"M4.8 27.2q0-1.28 0.96-2.24t2.24-0.96q1.344 0 2.272 0.96t0.928 2.24q0 1.344-0.928 2.272t-2.272 0.928q-1.28 0-2.24-0.928t-0.96-2.272zM20.8 27.2q0-1.28 0.96-2.24t2.24-0.96q1.344 0 2.272 0.96t0.928 2.24q0 1.344-0.928 2.272t-2.272 0.928q-1.28 0-2.24-0.928t-0.96-2.272zM10.496 19.648q-1.152 0.32-1.088 0.736t1.408 0.416h17.984v2.432q0 0.64-0.64 0.64h-20.928q-0.64 0-0.64-0.64v-2.432l-0.32-1.472-3.136-14.528h-3.136v-2.56q0-0.64 0.64-0.64h4.992q0.64 0 0.64 0.64v2.752h22.528v8.768q0 0.704-0.576 0.832z\"><\/path>\n<\/svg><\/span>  Ajouter au panier<\/a>\t<span id=\"woocommerce_loop_add_to_cart_link_describedby_5897\" class=\"screen-reader-text\">\n\t\t\t<\/span>\n<a class=\"button show_details_button\" href=\"https:\/\/www.raffinessen.ch\/fr\/produit\/set-mami-ich-habe-dich-lieb\/\"><span class=\"avia-svg-icon avia-font-svg_entypo-fontello\" data-av_svg_icon='doc-text' data-av_iconset='svg_entypo-fontello'><svg version=\"1.1\" xmlns=\"http:\/\/www.w3.org\/2000\/svg\" width=\"22\" height=\"32\" viewbox=\"0 0 22 32\" preserveaspectratio=\"xMidYMid meet\" aria-labelledby='av-svg-title-82' aria-describedby='av-svg-desc-82' role=\"graphics-symbol\" aria-hidden=\"true\">\n<title id='av-svg-title-82'>Voir les d\u00e9tails<\/title>\n<desc id='av-svg-desc-82'>Voir les d\u00e9tails<\/desc>\n<path d=\"M6.784 17.344v-2.88h8.96v2.88h-8.96zM19.2 1.6q1.344 0 2.272 0.928t0.928 2.272v22.4q0 1.28-0.928 2.24t-2.272 0.96h-16q-1.28 0-2.24-0.96t-0.96-2.24v-22.4q0-1.344 0.96-2.272t2.24-0.928h16zM19.2 27.2v-22.4h-16v22.4h16zM15.68 8.256v2.816h-8.96v-2.816h8.96zM15.68 20.8v2.816h-8.96v-2.816h8.96z\"><\/path>\n<\/svg><\/span>  Voir les d\u00e9tails<\/a> <span class=\"button-mini-delimiter\"><\/span><\/div><\/div><\/li>\n<li class=\"product type-product post-6346 status-publish instock product_cat-bis-chf-30 product_cat-geschenksets product_cat-neu has-post-thumbnail taxable shipping-taxable purchasable product-type-simple\">\n\t<div class='inner_product main_color wrapped_style noLightbox  av-product-class-'><a href=\"https:\/\/www.raffinessen.ch\/fr\/produit\/set-kraeuterbutter-marinaden-und-knoblauchbrot\/\" class=\"woocommerce-LoopProduct-link woocommerce-loop-product__link\"><div class=\"thumbnail_container\"><img loading=\"lazy\" decoding=\"async\" width=\"500\" height=\"500\" src=\"https:\/\/www.raffinessen.ch\/webseite\/wp-content\/uploads\/2020\/06\/Kr\u00e4uterbutter-bild-500x500.jpg\" class=\"attachment-woocommerce_thumbnail avia-product-hover\" alt=\"\" srcset=\"https:\/\/www.raffinessen.ch\/webseite\/wp-content\/uploads\/2020\/06\/Kr\u00e4uterbutter-bild-500x500.jpg 500w, https:\/\/www.raffinessen.ch\/webseite\/wp-content\/uploads\/2020\/06\/Kr\u00e4uterbutter-bild-300x300.jpg 300w, https:\/\/www.raffinessen.ch\/webseite\/wp-content\/uploads\/2020\/06\/Kr\u00e4uterbutter-bild-1030x1030.jpg 1030w, https:\/\/www.raffinessen.ch\/webseite\/wp-content\/uploads\/2020\/06\/Kr\u00e4uterbutter-bild-80x80.jpg 80w, https:\/\/www.raffinessen.ch\/webseite\/wp-content\/uploads\/2020\/06\/Kr\u00e4uterbutter-bild-768x768.jpg 768w, https:\/\/www.raffinessen.ch\/webseite\/wp-content\/uploads\/2020\/06\/Kr\u00e4uterbutter-bild-36x36.jpg 36w, https:\/\/www.raffinessen.ch\/webseite\/wp-content\/uploads\/2020\/06\/Kr\u00e4uterbutter-bild-180x180.jpg 180w, https:\/\/www.raffinessen.ch\/webseite\/wp-content\/uploads\/2020\/06\/Kr\u00e4uterbutter-bild-705x705.jpg 705w, https:\/\/www.raffinessen.ch\/webseite\/wp-content\/uploads\/2020\/06\/Kr\u00e4uterbutter-bild-100x100.jpg 100w, https:\/\/www.raffinessen.ch\/webseite\/wp-content\/uploads\/2020\/06\/Kr\u00e4uterbutter-bild-1000x1000.jpg 1000w, https:\/\/www.raffinessen.ch\/webseite\/wp-content\/uploads\/2020\/06\/Kr\u00e4uterbutter-bild.jpg 1120w\" sizes=\"auto, (max-width: 500px) 100vw, 500px\" \/><img decoding=\"async\" loading=\"lazy\" width=\"500\" height=\"500\" src=\"https:\/\/www.raffinessen.ch\/webseite\/wp-content\/uploads\/2020\/06\/Kraeuterbutter_Titel-500x500.jpg\" class=\"wp-image-15508 avia-img-lazy-loading-15508 attachment-woocommerce_thumbnail size-woocommerce_thumbnail wp-post-image\" alt=\"\" srcset=\"https:\/\/www.raffinessen.ch\/webseite\/wp-content\/uploads\/2020\/06\/Kraeuterbutter_Titel-500x500.jpg 500w, https:\/\/www.raffinessen.ch\/webseite\/wp-content\/uploads\/2020\/06\/Kraeuterbutter_Titel-300x300.jpg 300w, https:\/\/www.raffinessen.ch\/webseite\/wp-content\/uploads\/2020\/06\/Kraeuterbutter_Titel-1030x1030.jpg 1030w, https:\/\/www.raffinessen.ch\/webseite\/wp-content\/uploads\/2020\/06\/Kraeuterbutter_Titel-80x80.jpg 80w, https:\/\/www.raffinessen.ch\/webseite\/wp-content\/uploads\/2020\/06\/Kraeuterbutter_Titel-768x768.jpg 768w, https:\/\/www.raffinessen.ch\/webseite\/wp-content\/uploads\/2020\/06\/Kraeuterbutter_Titel-12x12.jpg 12w, https:\/\/www.raffinessen.ch\/webseite\/wp-content\/uploads\/2020\/06\/Kraeuterbutter_Titel-36x36.jpg 36w, https:\/\/www.raffinessen.ch\/webseite\/wp-content\/uploads\/2020\/06\/Kraeuterbutter_Titel-180x180.jpg 180w, https:\/\/www.raffinessen.ch\/webseite\/wp-content\/uploads\/2020\/06\/Kraeuterbutter_Titel-705x705.jpg 705w, https:\/\/www.raffinessen.ch\/webseite\/wp-content\/uploads\/2020\/06\/Kraeuterbutter_Titel-120x120.jpg 120w, https:\/\/www.raffinessen.ch\/webseite\/wp-content\/uploads\/2020\/06\/Kraeuterbutter_Titel-450x450.jpg 450w, https:\/\/www.raffinessen.ch\/webseite\/wp-content\/uploads\/2020\/06\/Kraeuterbutter_Titel-1000x1000.jpg 1000w, https:\/\/www.raffinessen.ch\/webseite\/wp-content\/uploads\/2020\/06\/Kraeuterbutter_Titel-100x100.jpg 100w, https:\/\/www.raffinessen.ch\/webseite\/wp-content\/uploads\/2020\/06\/Kraeuterbutter_Titel.jpg 1500w\" sizes=\"auto, (max-width: 500px) 100vw, 500px\" \/><span class=\"cart-loading\"><\/span><\/div><div class='inner_product_header'><div class='avia-arrow'><\/div><div class='inner_product_header_table'><div class='inner_product_header_cell'><h2 class=\"woocommerce-loop-product__title\">SET - Beurre aux herbes, marinades et pain \u00e0 l'ail<\/h2>\n\t<span class=\"price\"><span class=\"woocommerce-Price-amount amount\"><bdi><span class=\"woocommerce-Price-currencySymbol\">&#67;&#72;&#70;<\/span>&nbsp;30.00<\/bdi><\/span> <small class=\"woocommerce-price-suffix\">TVA incluse<\/small><\/span>\n<\/div><\/div><\/div><\/a><div class='avia_cart_buttons'><a href=\"\/fr\/wp-json\/wp\/v2\/pages\/9012?add-to-cart=6346\" aria-describedby=\"woocommerce_loop_add_to_cart_link_describedby_6346\" data-quantity=\"1\" class=\"button product_type_simple add_to_cart_button ajax_add_to_cart\" data-product_id=\"6346\" data-product_sku=\"GSO-036\" aria-label=\"Ajouter au panier\u00a0: \u201cSET - Kr\u00e4uterbutter, Marinaden und Knoblauchbrot\u201d\" rel=\"nofollow\" data-success_message=\"\u00ab\u00a0SET - Kr\u00e4uterbutter, Marinaden und Knoblauchbrot\u00a0\u00bb a \u00e9t\u00e9 ajout\u00e9 \u00e0 votre panier\" role=\"button\" data-no-translation-aria-label=\"\" data-no-translation-data-success_message=\"\"><span class=\"avia-svg-icon avia-font-svg_entypo-fontello\" data-av_svg_icon='basket' data-av_iconset='svg_entypo-fontello'><svg version=\"1.1\" xmlns=\"http:\/\/www.w3.org\/2000\/svg\" width=\"29\" height=\"32\" viewbox=\"0 0 29 32\" preserveaspectratio=\"xMidYMid meet\" aria-labelledby='av-svg-title-83' aria-describedby='av-svg-desc-83' role=\"graphics-symbol\" aria-hidden=\"true\">\n<title id='av-svg-title-83'>Ajouter au panier<\/title>\n<desc id='av-svg-desc-83'>Ajouter au panier<\/desc>\n<path d=\"M4.8 27.2q0-1.28 0.96-2.24t2.24-0.96q1.344 0 2.272 0.96t0.928 2.24q0 1.344-0.928 2.272t-2.272 0.928q-1.28 0-2.24-0.928t-0.96-2.272zM20.8 27.2q0-1.28 0.96-2.24t2.24-0.96q1.344 0 2.272 0.96t0.928 2.24q0 1.344-0.928 2.272t-2.272 0.928q-1.28 0-2.24-0.928t-0.96-2.272zM10.496 19.648q-1.152 0.32-1.088 0.736t1.408 0.416h17.984v2.432q0 0.64-0.64 0.64h-20.928q-0.64 0-0.64-0.64v-2.432l-0.32-1.472-3.136-14.528h-3.136v-2.56q0-0.64 0.64-0.64h4.992q0.64 0 0.64 0.64v2.752h22.528v8.768q0 0.704-0.576 0.832z\"><\/path>\n<\/svg><\/span>  Ajouter au panier<\/a>\t<span id=\"woocommerce_loop_add_to_cart_link_describedby_6346\" class=\"screen-reader-text\">\n\t\t\t<\/span>\n<a class=\"button show_details_button\" href=\"https:\/\/www.raffinessen.ch\/fr\/produit\/set-kraeuterbutter-marinaden-und-knoblauchbrot\/\"><span class=\"avia-svg-icon avia-font-svg_entypo-fontello\" data-av_svg_icon='doc-text' data-av_iconset='svg_entypo-fontello'><svg version=\"1.1\" xmlns=\"http:\/\/www.w3.org\/2000\/svg\" width=\"22\" height=\"32\" viewbox=\"0 0 22 32\" preserveaspectratio=\"xMidYMid meet\" aria-labelledby='av-svg-title-84' aria-describedby='av-svg-desc-84' role=\"graphics-symbol\" aria-hidden=\"true\">\n<title id='av-svg-title-84'>Voir les d\u00e9tails<\/title>\n<desc id='av-svg-desc-84'>Voir les d\u00e9tails<\/desc>\n<path d=\"M6.784 17.344v-2.88h8.96v2.88h-8.96zM19.2 1.6q1.344 0 2.272 0.928t0.928 2.272v22.4q0 1.28-0.928 2.24t-2.272 0.96h-16q-1.28 0-2.24-0.96t-0.96-2.24v-22.4q0-1.344 0.96-2.272t2.24-0.928h16zM19.2 27.2v-22.4h-16v22.4h16zM15.68 8.256v2.816h-8.96v-2.816h8.96zM15.68 20.8v2.816h-8.96v-2.816h8.96z\"><\/path>\n<\/svg><\/span>  Voir les d\u00e9tails<\/a> <span class=\"button-mini-delimiter\"><\/span><\/div><\/div><\/li>\n<li class=\"product type-product post-17155 status-publish instock product_cat-bis-chf-30 product_cat-muehlen-und-behaelter product_cat-swiss-made has-post-thumbnail taxable shipping-taxable purchasable product-type-simple\">\n\t<div class='inner_product main_color wrapped_style noLightbox  av-product-class-'><a href=\"https:\/\/www.raffinessen.ch\/fr\/produit\/schweizer-holzbrett\/\" class=\"woocommerce-LoopProduct-link woocommerce-loop-product__link\"><div class=\"thumbnail_container\"><img loading=\"lazy\" decoding=\"async\" width=\"500\" height=\"500\" src=\"https:\/\/www.raffinessen.ch\/webseite\/wp-content\/uploads\/2024\/03\/Holzbrett-dreifarbig-geoelt_220x150mm_vorne_1500x1500-500x500.jpg\" class=\"attachment-woocommerce_thumbnail avia-product-hover\" alt=\"\" srcset=\"https:\/\/www.raffinessen.ch\/webseite\/wp-content\/uploads\/2024\/03\/Holzbrett-dreifarbig-geoelt_220x150mm_vorne_1500x1500-500x500.jpg 500w, https:\/\/www.raffinessen.ch\/webseite\/wp-content\/uploads\/2024\/03\/Holzbrett-dreifarbig-geoelt_220x150mm_vorne_1500x1500-300x300.jpg 300w, https:\/\/www.raffinessen.ch\/webseite\/wp-content\/uploads\/2024\/03\/Holzbrett-dreifarbig-geoelt_220x150mm_vorne_1500x1500-1030x1030.jpg 1030w, https:\/\/www.raffinessen.ch\/webseite\/wp-content\/uploads\/2024\/03\/Holzbrett-dreifarbig-geoelt_220x150mm_vorne_1500x1500-80x80.jpg 80w, https:\/\/www.raffinessen.ch\/webseite\/wp-content\/uploads\/2024\/03\/Holzbrett-dreifarbig-geoelt_220x150mm_vorne_1500x1500-768x769.jpg 768w, https:\/\/www.raffinessen.ch\/webseite\/wp-content\/uploads\/2024\/03\/Holzbrett-dreifarbig-geoelt_220x150mm_vorne_1500x1500-12x12.jpg 12w, https:\/\/www.raffinessen.ch\/webseite\/wp-content\/uploads\/2024\/03\/Holzbrett-dreifarbig-geoelt_220x150mm_vorne_1500x1500-36x36.jpg 36w, https:\/\/www.raffinessen.ch\/webseite\/wp-content\/uploads\/2024\/03\/Holzbrett-dreifarbig-geoelt_220x150mm_vorne_1500x1500-180x180.jpg 180w, https:\/\/www.raffinessen.ch\/webseite\/wp-content\/uploads\/2024\/03\/Holzbrett-dreifarbig-geoelt_220x150mm_vorne_1500x1500-705x705.jpg 705w, https:\/\/www.raffinessen.ch\/webseite\/wp-content\/uploads\/2024\/03\/Holzbrett-dreifarbig-geoelt_220x150mm_vorne_1500x1500-120x120.jpg 120w, https:\/\/www.raffinessen.ch\/webseite\/wp-content\/uploads\/2024\/03\/Holzbrett-dreifarbig-geoelt_220x150mm_vorne_1500x1500-450x450.jpg 450w, https:\/\/www.raffinessen.ch\/webseite\/wp-content\/uploads\/2024\/03\/Holzbrett-dreifarbig-geoelt_220x150mm_vorne_1500x1500-1000x1001.jpg 1000w, https:\/\/www.raffinessen.ch\/webseite\/wp-content\/uploads\/2024\/03\/Holzbrett-dreifarbig-geoelt_220x150mm_vorne_1500x1500-100x100.jpg 100w, https:\/\/www.raffinessen.ch\/webseite\/wp-content\/uploads\/2024\/03\/Holzbrett-dreifarbig-geoelt_220x150mm_vorne_1500x1500.jpg 1500w\" sizes=\"auto, (max-width: 500px) 100vw, 500px\" \/><img decoding=\"async\" loading=\"lazy\" width=\"500\" height=\"500\" src=\"https:\/\/www.raffinessen.ch\/webseite\/wp-content\/uploads\/2024\/03\/Holzbrett-dreifarbig-geoelt_220x150mm_oben-Gravur_1500x1500-500x500.jpg\" class=\"wp-image-17158 avia-img-lazy-loading-17158 attachment-woocommerce_thumbnail size-woocommerce_thumbnail wp-post-image\" alt=\"\" srcset=\"https:\/\/www.raffinessen.ch\/webseite\/wp-content\/uploads\/2024\/03\/Holzbrett-dreifarbig-geoelt_220x150mm_oben-Gravur_1500x1500-500x500.jpg 500w, https:\/\/www.raffinessen.ch\/webseite\/wp-content\/uploads\/2024\/03\/Holzbrett-dreifarbig-geoelt_220x150mm_oben-Gravur_1500x1500-300x300.jpg 300w, https:\/\/www.raffinessen.ch\/webseite\/wp-content\/uploads\/2024\/03\/Holzbrett-dreifarbig-geoelt_220x150mm_oben-Gravur_1500x1500-1030x1030.jpg 1030w, https:\/\/www.raffinessen.ch\/webseite\/wp-content\/uploads\/2024\/03\/Holzbrett-dreifarbig-geoelt_220x150mm_oben-Gravur_1500x1500-80x80.jpg 80w, https:\/\/www.raffinessen.ch\/webseite\/wp-content\/uploads\/2024\/03\/Holzbrett-dreifarbig-geoelt_220x150mm_oben-Gravur_1500x1500-768x768.jpg 768w, https:\/\/www.raffinessen.ch\/webseite\/wp-content\/uploads\/2024\/03\/Holzbrett-dreifarbig-geoelt_220x150mm_oben-Gravur_1500x1500-12x12.jpg 12w, https:\/\/www.raffinessen.ch\/webseite\/wp-content\/uploads\/2024\/03\/Holzbrett-dreifarbig-geoelt_220x150mm_oben-Gravur_1500x1500-36x36.jpg 36w, https:\/\/www.raffinessen.ch\/webseite\/wp-content\/uploads\/2024\/03\/Holzbrett-dreifarbig-geoelt_220x150mm_oben-Gravur_1500x1500-180x180.jpg 180w, https:\/\/www.raffinessen.ch\/webseite\/wp-content\/uploads\/2024\/03\/Holzbrett-dreifarbig-geoelt_220x150mm_oben-Gravur_1500x1500-705x705.jpg 705w, https:\/\/www.raffinessen.ch\/webseite\/wp-content\/uploads\/2024\/03\/Holzbrett-dreifarbig-geoelt_220x150mm_oben-Gravur_1500x1500-120x120.jpg 120w, https:\/\/www.raffinessen.ch\/webseite\/wp-content\/uploads\/2024\/03\/Holzbrett-dreifarbig-geoelt_220x150mm_oben-Gravur_1500x1500-450x450.jpg 450w, https:\/\/www.raffinessen.ch\/webseite\/wp-content\/uploads\/2024\/03\/Holzbrett-dreifarbig-geoelt_220x150mm_oben-Gravur_1500x1500-1000x1000.jpg 1000w, https:\/\/www.raffinessen.ch\/webseite\/wp-content\/uploads\/2024\/03\/Holzbrett-dreifarbig-geoelt_220x150mm_oben-Gravur_1500x1500-100x100.jpg 100w, https:\/\/www.raffinessen.ch\/webseite\/wp-content\/uploads\/2024\/03\/Holzbrett-dreifarbig-geoelt_220x150mm_oben-Gravur_1500x1500.jpg 1500w\" sizes=\"auto, (max-width: 500px) 100vw, 500px\" \/><span class=\"cart-loading\"><\/span><\/div><div class='inner_product_header'><div class='avia-arrow'><\/div><div class='inner_product_header_table'><div class='inner_product_header_cell'><h2 class=\"woocommerce-loop-product__title\">Schweizer Schneidbrett<\/h2>\n\t<span class=\"price\"><span class=\"woocommerce-Price-amount amount\"><bdi><span class=\"woocommerce-Price-currencySymbol\">&#67;&#72;&#70;<\/span>&nbsp;22.00<\/bdi><\/span> <small class=\"woocommerce-price-suffix\">TVA incluse<\/small><\/span>\n<\/div><\/div><\/div><\/a><div class='avia_cart_buttons'><a href=\"\/fr\/wp-json\/wp\/v2\/pages\/9012?add-to-cart=17155\" aria-describedby=\"woocommerce_loop_add_to_cart_link_describedby_17155\" data-quantity=\"1\" class=\"button product_type_simple add_to_cart_button ajax_add_to_cart\" data-product_id=\"17155\" data-product_sku=\"PP-NF0015\" aria-label=\"Ajouter au panier\u00a0: \u201cSchweizer Schneidbrett\u201d\" rel=\"nofollow\" data-success_message=\"\u00ab\u00a0Schweizer Schneidbrett\u00a0\u00bb a \u00e9t\u00e9 ajout\u00e9 \u00e0 votre panier\" role=\"button\" data-no-translation-aria-label=\"\" data-no-translation-data-success_message=\"\"><span class=\"avia-svg-icon avia-font-svg_entypo-fontello\" data-av_svg_icon='basket' data-av_iconset='svg_entypo-fontello'><svg version=\"1.1\" xmlns=\"http:\/\/www.w3.org\/2000\/svg\" width=\"29\" height=\"32\" viewbox=\"0 0 29 32\" preserveaspectratio=\"xMidYMid meet\" aria-labelledby='av-svg-title-85' aria-describedby='av-svg-desc-85' role=\"graphics-symbol\" aria-hidden=\"true\">\n<title id='av-svg-title-85'>Ajouter au panier<\/title>\n<desc id='av-svg-desc-85'>Ajouter au panier<\/desc>\n<path d=\"M4.8 27.2q0-1.28 0.96-2.24t2.24-0.96q1.344 0 2.272 0.96t0.928 2.24q0 1.344-0.928 2.272t-2.272 0.928q-1.28 0-2.24-0.928t-0.96-2.272zM20.8 27.2q0-1.28 0.96-2.24t2.24-0.96q1.344 0 2.272 0.96t0.928 2.24q0 1.344-0.928 2.272t-2.272 0.928q-1.28 0-2.24-0.928t-0.96-2.272zM10.496 19.648q-1.152 0.32-1.088 0.736t1.408 0.416h17.984v2.432q0 0.64-0.64 0.64h-20.928q-0.64 0-0.64-0.64v-2.432l-0.32-1.472-3.136-14.528h-3.136v-2.56q0-0.64 0.64-0.64h4.992q0.64 0 0.64 0.64v2.752h22.528v8.768q0 0.704-0.576 0.832z\"><\/path>\n<\/svg><\/span>  Ajouter au panier<\/a>\t<span id=\"woocommerce_loop_add_to_cart_link_describedby_17155\" class=\"screen-reader-text\">\n\t\t\t<\/span>\n<a class=\"button show_details_button\" href=\"https:\/\/www.raffinessen.ch\/fr\/produit\/schweizer-holzbrett\/\"><span class=\"avia-svg-icon avia-font-svg_entypo-fontello\" data-av_svg_icon='doc-text' data-av_iconset='svg_entypo-fontello'><svg version=\"1.1\" xmlns=\"http:\/\/www.w3.org\/2000\/svg\" width=\"22\" height=\"32\" viewbox=\"0 0 22 32\" preserveaspectratio=\"xMidYMid meet\" aria-labelledby='av-svg-title-86' aria-describedby='av-svg-desc-86' role=\"graphics-symbol\" aria-hidden=\"true\">\n<title id='av-svg-title-86'>Voir les d\u00e9tails<\/title>\n<desc id='av-svg-desc-86'>Voir les d\u00e9tails<\/desc>\n<path d=\"M6.784 17.344v-2.88h8.96v2.88h-8.96zM19.2 1.6q1.344 0 2.272 0.928t0.928 2.272v22.4q0 1.28-0.928 2.24t-2.272 0.96h-16q-1.28 0-2.24-0.96t-0.96-2.24v-22.4q0-1.344 0.96-2.272t2.24-0.928h16zM19.2 27.2v-22.4h-16v22.4h16zM15.68 8.256v2.816h-8.96v-2.816h8.96zM15.68 20.8v2.816h-8.96v-2.816h8.96z\"><\/path>\n<\/svg><\/span>  Voir les d\u00e9tails<\/a> <span class=\"button-mini-delimiter\"><\/span><\/div><\/div><\/li>\n<li class=\"product type-product post-4511 status-publish last instock product_cat-einzel-gewuerze product_cat-gewuerze-einzeln product_cat-unkategorisiert has-post-thumbnail taxable shipping-taxable purchasable product-type-simple\">\n\t<div class='inner_product main_color wrapped_style noLightbox  av-product-class-'><a href=\"https:\/\/www.raffinessen.ch\/fr\/produit\/grobes-meersalz-aus-kampot\/\" class=\"woocommerce-LoopProduct-link woocommerce-loop-product__link\"><div class=\"thumbnail_container\"><img loading=\"lazy\" decoding=\"async\" width=\"500\" height=\"500\" src=\"https:\/\/www.raffinessen.ch\/webseite\/wp-content\/uploads\/2019\/11\/raffinessen-meersalz-kambodscha-verpackung-500x500.jpg\" class=\"attachment-woocommerce_thumbnail avia-product-hover\" alt=\"\" srcset=\"https:\/\/www.raffinessen.ch\/webseite\/wp-content\/uploads\/2019\/11\/raffinessen-meersalz-kambodscha-verpackung-500x500.jpg 500w, https:\/\/www.raffinessen.ch\/webseite\/wp-content\/uploads\/2019\/11\/raffinessen-meersalz-kambodscha-verpackung-80x80.jpg 80w, https:\/\/www.raffinessen.ch\/webseite\/wp-content\/uploads\/2019\/11\/raffinessen-meersalz-kambodscha-verpackung-300x300.jpg 300w, https:\/\/www.raffinessen.ch\/webseite\/wp-content\/uploads\/2019\/11\/raffinessen-meersalz-kambodscha-verpackung-768x768.jpg 768w, https:\/\/www.raffinessen.ch\/webseite\/wp-content\/uploads\/2019\/11\/raffinessen-meersalz-kambodscha-verpackung-1030x1030.jpg 1030w, https:\/\/www.raffinessen.ch\/webseite\/wp-content\/uploads\/2019\/11\/raffinessen-meersalz-kambodscha-verpackung-36x36.jpg 36w, https:\/\/www.raffinessen.ch\/webseite\/wp-content\/uploads\/2019\/11\/raffinessen-meersalz-kambodscha-verpackung-180x180.jpg 180w, https:\/\/www.raffinessen.ch\/webseite\/wp-content\/uploads\/2019\/11\/raffinessen-meersalz-kambodscha-verpackung-1500x1500.jpg 1500w, https:\/\/www.raffinessen.ch\/webseite\/wp-content\/uploads\/2019\/11\/raffinessen-meersalz-kambodscha-verpackung-705x705.jpg 705w, https:\/\/www.raffinessen.ch\/webseite\/wp-content\/uploads\/2019\/11\/raffinessen-meersalz-kambodscha-verpackung-100x100.jpg 100w, https:\/\/www.raffinessen.ch\/webseite\/wp-content\/uploads\/2019\/11\/raffinessen-meersalz-kambodscha-verpackung-1000x1000.jpg 1000w, https:\/\/www.raffinessen.ch\/webseite\/wp-content\/uploads\/2019\/11\/raffinessen-meersalz-kambodscha-verpackung.jpg 2000w\" sizes=\"auto, (max-width: 500px) 100vw, 500px\" \/><img decoding=\"async\" loading=\"lazy\" width=\"500\" height=\"500\" src=\"https:\/\/www.raffinessen.ch\/webseite\/wp-content\/uploads\/2019\/11\/raffinessen-meersalz-kambodscha-500x500.jpg\" class=\"wp-image-4497 avia-img-lazy-loading-4497 attachment-woocommerce_thumbnail size-woocommerce_thumbnail wp-post-image\" alt=\"\" srcset=\"https:\/\/www.raffinessen.ch\/webseite\/wp-content\/uploads\/2019\/11\/raffinessen-meersalz-kambodscha-500x500.jpg 500w, https:\/\/www.raffinessen.ch\/webseite\/wp-content\/uploads\/2019\/11\/raffinessen-meersalz-kambodscha-80x80.jpg 80w, https:\/\/www.raffinessen.ch\/webseite\/wp-content\/uploads\/2019\/11\/raffinessen-meersalz-kambodscha-300x300.jpg 300w, https:\/\/www.raffinessen.ch\/webseite\/wp-content\/uploads\/2019\/11\/raffinessen-meersalz-kambodscha-768x768.jpg 768w, https:\/\/www.raffinessen.ch\/webseite\/wp-content\/uploads\/2019\/11\/raffinessen-meersalz-kambodscha-1030x1030.jpg 1030w, https:\/\/www.raffinessen.ch\/webseite\/wp-content\/uploads\/2019\/11\/raffinessen-meersalz-kambodscha-36x36.jpg 36w, https:\/\/www.raffinessen.ch\/webseite\/wp-content\/uploads\/2019\/11\/raffinessen-meersalz-kambodscha-180x180.jpg 180w, https:\/\/www.raffinessen.ch\/webseite\/wp-content\/uploads\/2019\/11\/raffinessen-meersalz-kambodscha-1500x1500.jpg 1500w, https:\/\/www.raffinessen.ch\/webseite\/wp-content\/uploads\/2019\/11\/raffinessen-meersalz-kambodscha-705x705.jpg 705w, https:\/\/www.raffinessen.ch\/webseite\/wp-content\/uploads\/2019\/11\/raffinessen-meersalz-kambodscha-100x100.jpg 100w, https:\/\/www.raffinessen.ch\/webseite\/wp-content\/uploads\/2019\/11\/raffinessen-meersalz-kambodscha-1000x1000.jpg 1000w, https:\/\/www.raffinessen.ch\/webseite\/wp-content\/uploads\/2019\/11\/raffinessen-meersalz-kambodscha.jpg 2000w\" sizes=\"auto, (max-width: 500px) 100vw, 500px\" \/><span class=\"cart-loading\"><\/span><\/div><div class='inner_product_header'><div class='avia-arrow'><\/div><div class='inner_product_header_table'><div class='inner_product_header_cell'><h2 class=\"woocommerce-loop-product__title\">Gros sel marin de Kampot (60g)<\/h2>\n\t<span class=\"price\"><span class=\"woocommerce-Price-amount amount\"><bdi><span class=\"woocommerce-Price-currencySymbol\">&#67;&#72;&#70;<\/span>&nbsp;4.00<\/bdi><\/span> <small class=\"woocommerce-price-suffix\">TVA incluse<\/small><\/span>\n<\/div><\/div><\/div><\/a><div class='avia_cart_buttons'><a href=\"\/fr\/wp-json\/wp\/v2\/pages\/9012?add-to-cart=4511\" aria-describedby=\"woocommerce_loop_add_to_cart_link_describedby_4511\" data-quantity=\"1\" class=\"button product_type_simple add_to_cart_button ajax_add_to_cart\" data-product_id=\"4511\" data-product_sku=\"FPO-R0049-60\" aria-label=\"Ajouter au panier\u00a0: \u201cGrobes Meersalz aus Kampot (60g)\u201d\" rel=\"nofollow\" data-success_message=\"\u00ab\u00a0Grobes Meersalz aus Kampot (60g)\u00a0\u00bb a \u00e9t\u00e9 ajout\u00e9 \u00e0 votre panier\" role=\"button\" data-no-translation-aria-label=\"\" data-no-translation-data-success_message=\"\"><span class=\"avia-svg-icon avia-font-svg_entypo-fontello\" data-av_svg_icon='basket' data-av_iconset='svg_entypo-fontello'><svg version=\"1.1\" xmlns=\"http:\/\/www.w3.org\/2000\/svg\" width=\"29\" height=\"32\" viewbox=\"0 0 29 32\" preserveaspectratio=\"xMidYMid meet\" aria-labelledby='av-svg-title-87' aria-describedby='av-svg-desc-87' role=\"graphics-symbol\" aria-hidden=\"true\">\n<title id='av-svg-title-87'>Ajouter au panier<\/title>\n<desc id='av-svg-desc-87'>Ajouter au panier<\/desc>\n<path d=\"M4.8 27.2q0-1.28 0.96-2.24t2.24-0.96q1.344 0 2.272 0.96t0.928 2.24q0 1.344-0.928 2.272t-2.272 0.928q-1.28 0-2.24-0.928t-0.96-2.272zM20.8 27.2q0-1.28 0.96-2.24t2.24-0.96q1.344 0 2.272 0.96t0.928 2.24q0 1.344-0.928 2.272t-2.272 0.928q-1.28 0-2.24-0.928t-0.96-2.272zM10.496 19.648q-1.152 0.32-1.088 0.736t1.408 0.416h17.984v2.432q0 0.64-0.64 0.64h-20.928q-0.64 0-0.64-0.64v-2.432l-0.32-1.472-3.136-14.528h-3.136v-2.56q0-0.64 0.64-0.64h4.992q0.64 0 0.64 0.64v2.752h22.528v8.768q0 0.704-0.576 0.832z\"><\/path>\n<\/svg><\/span>  Ajouter au panier<\/a>\t<span id=\"woocommerce_loop_add_to_cart_link_describedby_4511\" class=\"screen-reader-text\">\n\t\t\t<\/span>\n<a class=\"button show_details_button\" href=\"https:\/\/www.raffinessen.ch\/fr\/produit\/grobes-meersalz-aus-kampot\/\"><span class=\"avia-svg-icon avia-font-svg_entypo-fontello\" data-av_svg_icon='doc-text' data-av_iconset='svg_entypo-fontello'><svg version=\"1.1\" xmlns=\"http:\/\/www.w3.org\/2000\/svg\" width=\"22\" height=\"32\" viewbox=\"0 0 22 32\" preserveaspectratio=\"xMidYMid meet\" aria-labelledby='av-svg-title-88' aria-describedby='av-svg-desc-88' role=\"graphics-symbol\" aria-hidden=\"true\">\n<title id='av-svg-title-88'>Voir les d\u00e9tails<\/title>\n<desc id='av-svg-desc-88'>Voir les d\u00e9tails<\/desc>\n<path d=\"M6.784 17.344v-2.88h8.96v2.88h-8.96zM19.2 1.6q1.344 0 2.272 0.928t0.928 2.272v22.4q0 1.28-0.928 2.24t-2.272 0.96h-16q-1.28 0-2.24-0.96t-0.96-2.24v-22.4q0-1.344 0.96-2.272t2.24-0.928h16zM19.2 27.2v-22.4h-16v22.4h16zM15.68 8.256v2.816h-8.96v-2.816h8.96zM15.68 20.8v2.816h-8.96v-2.816h8.96z\"><\/path>\n<\/svg><\/span>  Voir les d\u00e9tails<\/a> <span class=\"button-mini-delimiter\"><\/span><\/div><\/div><\/li>\n<li class=\"product type-product post-10082 status-publish first instock product_cat-ab-chf-30 product_cat-geschenksets has-post-thumbnail taxable shipping-taxable purchasable product-type-simple\">\n\t<div class='inner_product main_color wrapped_style noLightbox  av-product-class-'><a href=\"https:\/\/www.raffinessen.ch\/fr\/produit\/gutschein-100\/\" class=\"woocommerce-LoopProduct-link woocommerce-loop-product__link\"><div class=\"thumbnail_container\"><img loading=\"lazy\" decoding=\"async\" width=\"500\" height=\"500\" src=\"https:\/\/www.raffinessen.ch\/webseite\/wp-content\/uploads\/2017\/05\/Postkarte-500x500.jpg\" class=\"attachment-woocommerce_thumbnail avia-product-hover\" alt=\"\" srcset=\"https:\/\/www.raffinessen.ch\/webseite\/wp-content\/uploads\/2017\/05\/Postkarte-500x500.jpg 500w, https:\/\/www.raffinessen.ch\/webseite\/wp-content\/uploads\/2017\/05\/Postkarte-1000x1000.jpg 1000w, https:\/\/www.raffinessen.ch\/webseite\/wp-content\/uploads\/2017\/05\/Postkarte-100x100.jpg 100w, https:\/\/www.raffinessen.ch\/webseite\/wp-content\/uploads\/2017\/05\/Postkarte-80x80.jpg 80w, https:\/\/www.raffinessen.ch\/webseite\/wp-content\/uploads\/2017\/05\/Postkarte-300x300.jpg 300w, https:\/\/www.raffinessen.ch\/webseite\/wp-content\/uploads\/2017\/05\/Postkarte-768x768.jpg 768w, https:\/\/www.raffinessen.ch\/webseite\/wp-content\/uploads\/2017\/05\/Postkarte-1030x1030.jpg 1030w, https:\/\/www.raffinessen.ch\/webseite\/wp-content\/uploads\/2017\/05\/Postkarte-36x36.jpg 36w, https:\/\/www.raffinessen.ch\/webseite\/wp-content\/uploads\/2017\/05\/Postkarte-180x180.jpg 180w, https:\/\/www.raffinessen.ch\/webseite\/wp-content\/uploads\/2017\/05\/Postkarte-705x705.jpg 705w, https:\/\/www.raffinessen.ch\/webseite\/wp-content\/uploads\/2017\/05\/Postkarte.jpg 1200w\" sizes=\"auto, (max-width: 500px) 100vw, 500px\" \/><img decoding=\"async\" loading=\"lazy\" width=\"500\" height=\"500\" src=\"https:\/\/www.raffinessen.ch\/webseite\/wp-content\/uploads\/2021\/12\/Gutschein-100-500x500.jpg\" class=\"wp-image-10077 avia-img-lazy-loading-10077 attachment-woocommerce_thumbnail size-woocommerce_thumbnail wp-post-image\" alt=\"\" srcset=\"https:\/\/www.raffinessen.ch\/webseite\/wp-content\/uploads\/2021\/12\/Gutschein-100-500x500.jpg 500w, https:\/\/www.raffinessen.ch\/webseite\/wp-content\/uploads\/2021\/12\/Gutschein-100-300x300.jpg 300w, https:\/\/www.raffinessen.ch\/webseite\/wp-content\/uploads\/2021\/12\/Gutschein-100-1030x1030.jpg 1030w, https:\/\/www.raffinessen.ch\/webseite\/wp-content\/uploads\/2021\/12\/Gutschein-100-80x80.jpg 80w, https:\/\/www.raffinessen.ch\/webseite\/wp-content\/uploads\/2021\/12\/Gutschein-100-768x768.jpg 768w, https:\/\/www.raffinessen.ch\/webseite\/wp-content\/uploads\/2021\/12\/Gutschein-100-36x36.jpg 36w, https:\/\/www.raffinessen.ch\/webseite\/wp-content\/uploads\/2021\/12\/Gutschein-100-180x180.jpg 180w, https:\/\/www.raffinessen.ch\/webseite\/wp-content\/uploads\/2021\/12\/Gutschein-100-705x705.jpg 705w, https:\/\/www.raffinessen.ch\/webseite\/wp-content\/uploads\/2021\/12\/Gutschein-100-100x100.jpg 100w, https:\/\/www.raffinessen.ch\/webseite\/wp-content\/uploads\/2021\/12\/Gutschein-100-1000x1000.jpg 1000w, https:\/\/www.raffinessen.ch\/webseite\/wp-content\/uploads\/2021\/12\/Gutschein-100.jpg 1500w\" sizes=\"auto, (max-width: 500px) 100vw, 500px\" \/><span class=\"cart-loading\"><\/span><\/div><div class='inner_product_header'><div class='avia-arrow'><\/div><div class='inner_product_header_table'><div class='inner_product_header_cell'><h2 class=\"woocommerce-loop-product__title\">Bon d'achat 100<\/h2>\n\t<span class=\"price\"><span class=\"woocommerce-Price-amount amount\"><bdi><span class=\"woocommerce-Price-currencySymbol\">&#67;&#72;&#70;<\/span>&nbsp;100.00<\/bdi><\/span> <small class=\"woocommerce-price-suffix\">TVA incluse<\/small><\/span>\n<\/div><\/div><\/div><\/a><div class='avia_cart_buttons'><a href=\"\/fr\/wp-json\/wp\/v2\/pages\/9012?add-to-cart=10082\" aria-describedby=\"woocommerce_loop_add_to_cart_link_describedby_10082\" data-quantity=\"1\" class=\"button product_type_simple add_to_cart_button ajax_add_to_cart\" data-product_id=\"10082\" data-product_sku=\"GSO-049\" aria-label=\"Ajouter au panier\u00a0: \u201cGutschein 100\u201d\" rel=\"nofollow\" data-success_message=\"\u00ab\u00a0Gutschein 100\u00a0\u00bb a \u00e9t\u00e9 ajout\u00e9 \u00e0 votre panier\" role=\"button\" data-no-translation-aria-label=\"\" data-no-translation-data-success_message=\"\"><span class=\"avia-svg-icon avia-font-svg_entypo-fontello\" data-av_svg_icon='basket' data-av_iconset='svg_entypo-fontello'><svg version=\"1.1\" xmlns=\"http:\/\/www.w3.org\/2000\/svg\" width=\"29\" height=\"32\" viewbox=\"0 0 29 32\" preserveaspectratio=\"xMidYMid meet\" aria-labelledby='av-svg-title-89' aria-describedby='av-svg-desc-89' role=\"graphics-symbol\" aria-hidden=\"true\">\n<title id='av-svg-title-89'>Ajouter au panier<\/title>\n<desc id='av-svg-desc-89'>Ajouter au panier<\/desc>\n<path d=\"M4.8 27.2q0-1.28 0.96-2.24t2.24-0.96q1.344 0 2.272 0.96t0.928 2.24q0 1.344-0.928 2.272t-2.272 0.928q-1.28 0-2.24-0.928t-0.96-2.272zM20.8 27.2q0-1.28 0.96-2.24t2.24-0.96q1.344 0 2.272 0.96t0.928 2.24q0 1.344-0.928 2.272t-2.272 0.928q-1.28 0-2.24-0.928t-0.96-2.272zM10.496 19.648q-1.152 0.32-1.088 0.736t1.408 0.416h17.984v2.432q0 0.64-0.64 0.64h-20.928q-0.64 0-0.64-0.64v-2.432l-0.32-1.472-3.136-14.528h-3.136v-2.56q0-0.64 0.64-0.64h4.992q0.64 0 0.64 0.64v2.752h22.528v8.768q0 0.704-0.576 0.832z\"><\/path>\n<\/svg><\/span>  Ajouter au panier<\/a>\t<span id=\"woocommerce_loop_add_to_cart_link_describedby_10082\" class=\"screen-reader-text\">\n\t\t\t<\/span>\n<a class=\"button show_details_button\" href=\"https:\/\/www.raffinessen.ch\/fr\/produit\/gutschein-100\/\"><span class=\"avia-svg-icon avia-font-svg_entypo-fontello\" data-av_svg_icon='doc-text' data-av_iconset='svg_entypo-fontello'><svg version=\"1.1\" xmlns=\"http:\/\/www.w3.org\/2000\/svg\" width=\"22\" height=\"32\" viewbox=\"0 0 22 32\" preserveaspectratio=\"xMidYMid meet\" aria-labelledby='av-svg-title-90' aria-describedby='av-svg-desc-90' role=\"graphics-symbol\" aria-hidden=\"true\">\n<title id='av-svg-title-90'>Voir les d\u00e9tails<\/title>\n<desc id='av-svg-desc-90'>Voir les d\u00e9tails<\/desc>\n<path d=\"M6.784 17.344v-2.88h8.96v2.88h-8.96zM19.2 1.6q1.344 0 2.272 0.928t0.928 2.272v22.4q0 1.28-0.928 2.24t-2.272 0.96h-16q-1.28 0-2.24-0.96t-0.96-2.24v-22.4q0-1.344 0.96-2.272t2.24-0.928h16zM19.2 27.2v-22.4h-16v22.4h16zM15.68 8.256v2.816h-8.96v-2.816h8.96zM15.68 20.8v2.816h-8.96v-2.816h8.96z\"><\/path>\n<\/svg><\/span>  Voir les d\u00e9tails<\/a> <span class=\"button-mini-delimiter\"><\/span><\/div><\/div><\/li>\n<li class=\"product type-product post-6602 status-publish instock product_cat-grob has-post-thumbnail taxable shipping-taxable purchasable product-type-simple\">\n\t<div class='inner_product main_color wrapped_style noLightbox  av-product-class-'><a href=\"https:\/\/www.raffinessen.ch\/fr\/produit\/quebec\/\" class=\"woocommerce-LoopProduct-link woocommerce-loop-product__link\"><div class=\"thumbnail_container\"><img loading=\"lazy\" decoding=\"async\" width=\"500\" height=\"500\" src=\"https:\/\/www.raffinessen.ch\/webseite\/wp-content\/uploads\/2020\/07\/quebec-beutel-500x500.jpg\" class=\"attachment-woocommerce_thumbnail avia-product-hover\" alt=\"\" srcset=\"https:\/\/www.raffinessen.ch\/webseite\/wp-content\/uploads\/2020\/07\/quebec-beutel-500x500.jpg 500w, https:\/\/www.raffinessen.ch\/webseite\/wp-content\/uploads\/2020\/07\/quebec-beutel-300x300.jpg 300w, https:\/\/www.raffinessen.ch\/webseite\/wp-content\/uploads\/2020\/07\/quebec-beutel-1030x1030.jpg 1030w, https:\/\/www.raffinessen.ch\/webseite\/wp-content\/uploads\/2020\/07\/quebec-beutel-80x80.jpg 80w, https:\/\/www.raffinessen.ch\/webseite\/wp-content\/uploads\/2020\/07\/quebec-beutel-768x768.jpg 768w, https:\/\/www.raffinessen.ch\/webseite\/wp-content\/uploads\/2020\/07\/quebec-beutel-1536x1536.jpg 1536w, https:\/\/www.raffinessen.ch\/webseite\/wp-content\/uploads\/2020\/07\/quebec-beutel-36x36.jpg 36w, https:\/\/www.raffinessen.ch\/webseite\/wp-content\/uploads\/2020\/07\/quebec-beutel-180x180.jpg 180w, https:\/\/www.raffinessen.ch\/webseite\/wp-content\/uploads\/2020\/07\/quebec-beutel-1500x1500.jpg 1500w, https:\/\/www.raffinessen.ch\/webseite\/wp-content\/uploads\/2020\/07\/quebec-beutel-705x705.jpg 705w, https:\/\/www.raffinessen.ch\/webseite\/wp-content\/uploads\/2020\/07\/quebec-beutel-100x100.jpg 100w, https:\/\/www.raffinessen.ch\/webseite\/wp-content\/uploads\/2020\/07\/quebec-beutel-1000x1000.jpg 1000w, https:\/\/www.raffinessen.ch\/webseite\/wp-content\/uploads\/2020\/07\/quebec-beutel.jpg 2000w\" sizes=\"auto, (max-width: 500px) 100vw, 500px\" \/><img decoding=\"async\" loading=\"lazy\" width=\"500\" height=\"500\" src=\"https:\/\/www.raffinessen.ch\/webseite\/wp-content\/uploads\/2020\/03\/ahorn-kakao-gewuerz-kreis-raffinessen-500x500.jpg\" class=\"wp-image-5122 avia-img-lazy-loading-5122 attachment-woocommerce_thumbnail size-woocommerce_thumbnail wp-post-image\" alt=\"\" srcset=\"https:\/\/www.raffinessen.ch\/webseite\/wp-content\/uploads\/2020\/03\/ahorn-kakao-gewuerz-kreis-raffinessen-500x500.jpg 500w, https:\/\/www.raffinessen.ch\/webseite\/wp-content\/uploads\/2020\/03\/ahorn-kakao-gewuerz-kreis-raffinessen-300x300.jpg 300w, https:\/\/www.raffinessen.ch\/webseite\/wp-content\/uploads\/2020\/03\/ahorn-kakao-gewuerz-kreis-raffinessen-1030x1030.jpg 1030w, https:\/\/www.raffinessen.ch\/webseite\/wp-content\/uploads\/2020\/03\/ahorn-kakao-gewuerz-kreis-raffinessen-80x80.jpg 80w, https:\/\/www.raffinessen.ch\/webseite\/wp-content\/uploads\/2020\/03\/ahorn-kakao-gewuerz-kreis-raffinessen-768x768.jpg 768w, https:\/\/www.raffinessen.ch\/webseite\/wp-content\/uploads\/2020\/03\/ahorn-kakao-gewuerz-kreis-raffinessen-1536x1536.jpg 1536w, https:\/\/www.raffinessen.ch\/webseite\/wp-content\/uploads\/2020\/03\/ahorn-kakao-gewuerz-kreis-raffinessen-2048x2048.jpg 2048w, https:\/\/www.raffinessen.ch\/webseite\/wp-content\/uploads\/2020\/03\/ahorn-kakao-gewuerz-kreis-raffinessen-36x36.jpg 36w, https:\/\/www.raffinessen.ch\/webseite\/wp-content\/uploads\/2020\/03\/ahorn-kakao-gewuerz-kreis-raffinessen-180x180.jpg 180w, https:\/\/www.raffinessen.ch\/webseite\/wp-content\/uploads\/2020\/03\/ahorn-kakao-gewuerz-kreis-raffinessen-1500x1500.jpg 1500w, https:\/\/www.raffinessen.ch\/webseite\/wp-content\/uploads\/2020\/03\/ahorn-kakao-gewuerz-kreis-raffinessen-705x705.jpg 705w, https:\/\/www.raffinessen.ch\/webseite\/wp-content\/uploads\/2020\/03\/ahorn-kakao-gewuerz-kreis-raffinessen-100x100.jpg 100w, https:\/\/www.raffinessen.ch\/webseite\/wp-content\/uploads\/2020\/03\/ahorn-kakao-gewuerz-kreis-raffinessen-1000x1000.jpg 1000w\" sizes=\"auto, (max-width: 500px) 100vw, 500px\" \/><span class=\"cart-loading\"><\/span><\/div><div class='inner_product_header'><div class='avia-arrow'><\/div><div class='inner_product_header_table'><div class='inner_product_header_cell'><h2 class=\"woocommerce-loop-product__title\">Qu\u00e9bec (pr\u00e9c\u00e9demment Cacao d'\u00e9rable)<\/h2>\n\t<span class=\"price\"><span class=\"woocommerce-Price-amount amount\"><bdi><span class=\"woocommerce-Price-currencySymbol\">&#67;&#72;&#70;<\/span>&nbsp;9.00<\/bdi><\/span> <small class=\"woocommerce-price-suffix\">TVA incluse<\/small><\/span>\n<\/div><\/div><\/div><\/a><div class='avia_cart_buttons'><a href=\"\/fr\/wp-json\/wp\/v2\/pages\/9012?add-to-cart=6602\" aria-describedby=\"woocommerce_loop_add_to_cart_link_describedby_6602\" data-quantity=\"1\" class=\"button product_type_simple add_to_cart_button ajax_add_to_cart\" data-product_id=\"6602\" data-product_sku=\"FPO-S001-50\" aria-label=\"Ajouter au panier\u00a0: \u201cQu\u00e9bec (bisher Ahorn Kakao)\u201d\" rel=\"nofollow\" data-success_message=\"\u00ab\u00a0Qu\u00e9bec (bisher Ahorn Kakao)\u00a0\u00bb a \u00e9t\u00e9 ajout\u00e9 \u00e0 votre panier\" role=\"button\" data-no-translation-aria-label=\"\" data-no-translation-data-success_message=\"\"><span class=\"avia-svg-icon avia-font-svg_entypo-fontello\" data-av_svg_icon='basket' data-av_iconset='svg_entypo-fontello'><svg version=\"1.1\" xmlns=\"http:\/\/www.w3.org\/2000\/svg\" width=\"29\" height=\"32\" viewbox=\"0 0 29 32\" preserveaspectratio=\"xMidYMid meet\" aria-labelledby='av-svg-title-91' aria-describedby='av-svg-desc-91' role=\"graphics-symbol\" aria-hidden=\"true\">\n<title id='av-svg-title-91'>Ajouter au panier<\/title>\n<desc id='av-svg-desc-91'>Ajouter au panier<\/desc>\n<path d=\"M4.8 27.2q0-1.28 0.96-2.24t2.24-0.96q1.344 0 2.272 0.96t0.928 2.24q0 1.344-0.928 2.272t-2.272 0.928q-1.28 0-2.24-0.928t-0.96-2.272zM20.8 27.2q0-1.28 0.96-2.24t2.24-0.96q1.344 0 2.272 0.96t0.928 2.24q0 1.344-0.928 2.272t-2.272 0.928q-1.28 0-2.24-0.928t-0.96-2.272zM10.496 19.648q-1.152 0.32-1.088 0.736t1.408 0.416h17.984v2.432q0 0.64-0.64 0.64h-20.928q-0.64 0-0.64-0.64v-2.432l-0.32-1.472-3.136-14.528h-3.136v-2.56q0-0.64 0.64-0.64h4.992q0.64 0 0.64 0.64v2.752h22.528v8.768q0 0.704-0.576 0.832z\"><\/path>\n<\/svg><\/span>  Ajouter au panier<\/a>\t<span id=\"woocommerce_loop_add_to_cart_link_describedby_6602\" class=\"screen-reader-text\">\n\t\t\t<\/span>\n<a class=\"button show_details_button\" href=\"https:\/\/www.raffinessen.ch\/fr\/produit\/quebec\/\"><span class=\"avia-svg-icon avia-font-svg_entypo-fontello\" data-av_svg_icon='doc-text' data-av_iconset='svg_entypo-fontello'><svg version=\"1.1\" xmlns=\"http:\/\/www.w3.org\/2000\/svg\" width=\"22\" height=\"32\" viewbox=\"0 0 22 32\" preserveaspectratio=\"xMidYMid meet\" aria-labelledby='av-svg-title-92' aria-describedby='av-svg-desc-92' role=\"graphics-symbol\" aria-hidden=\"true\">\n<title id='av-svg-title-92'>Voir les d\u00e9tails<\/title>\n<desc id='av-svg-desc-92'>Voir les d\u00e9tails<\/desc>\n<path d=\"M6.784 17.344v-2.88h8.96v2.88h-8.96zM19.2 1.6q1.344 0 2.272 0.928t0.928 2.272v22.4q0 1.28-0.928 2.24t-2.272 0.96h-16q-1.28 0-2.24-0.96t-0.96-2.24v-22.4q0-1.344 0.96-2.272t2.24-0.928h16zM19.2 27.2v-22.4h-16v22.4h16zM15.68 8.256v2.816h-8.96v-2.816h8.96zM15.68 20.8v2.816h-8.96v-2.816h8.96z\"><\/path>\n<\/svg><\/span>  Voir les d\u00e9tails<\/a> <span class=\"button-mini-delimiter\"><\/span><\/div><\/div><\/li>\n<li class=\"product type-product post-3902 status-publish instock product_cat-bis-chf-30 product_cat-geschenksets has-post-thumbnail taxable shipping-taxable purchasable product-type-simple\">\n\t<div class='inner_product main_color wrapped_style noLightbox  av-product-class-'><a href=\"https:\/\/www.raffinessen.ch\/fr\/produit\/zwei-gewuerzmuehlen-mit-schwarzem-kampot-pfeffer-und-himalayasalz\/\" class=\"woocommerce-LoopProduct-link woocommerce-loop-product__link\"><div class=\"thumbnail_container\"><img loading=\"lazy\" decoding=\"async\" width=\"500\" height=\"500\" src=\"https:\/\/www.raffinessen.ch\/webseite\/wp-content\/uploads\/2018\/12\/schwarzer-kampot-pfeffer-himalaya-salz-500x500.jpg\" class=\"attachment-woocommerce_thumbnail avia-product-hover\" alt=\"\" srcset=\"https:\/\/www.raffinessen.ch\/webseite\/wp-content\/uploads\/2018\/12\/schwarzer-kampot-pfeffer-himalaya-salz-500x500.jpg 500w, https:\/\/www.raffinessen.ch\/webseite\/wp-content\/uploads\/2018\/12\/schwarzer-kampot-pfeffer-himalaya-salz-80x80.jpg 80w, https:\/\/www.raffinessen.ch\/webseite\/wp-content\/uploads\/2018\/12\/schwarzer-kampot-pfeffer-himalaya-salz-300x300.jpg 300w, https:\/\/www.raffinessen.ch\/webseite\/wp-content\/uploads\/2018\/12\/schwarzer-kampot-pfeffer-himalaya-salz-768x768.jpg 768w, https:\/\/www.raffinessen.ch\/webseite\/wp-content\/uploads\/2018\/12\/schwarzer-kampot-pfeffer-himalaya-salz-1030x1030.jpg 1030w, https:\/\/www.raffinessen.ch\/webseite\/wp-content\/uploads\/2018\/12\/schwarzer-kampot-pfeffer-himalaya-salz-36x36.jpg 36w, https:\/\/www.raffinessen.ch\/webseite\/wp-content\/uploads\/2018\/12\/schwarzer-kampot-pfeffer-himalaya-salz-180x180.jpg 180w, https:\/\/www.raffinessen.ch\/webseite\/wp-content\/uploads\/2018\/12\/schwarzer-kampot-pfeffer-himalaya-salz-1500x1500.jpg 1500w, https:\/\/www.raffinessen.ch\/webseite\/wp-content\/uploads\/2018\/12\/schwarzer-kampot-pfeffer-himalaya-salz-705x705.jpg 705w, https:\/\/www.raffinessen.ch\/webseite\/wp-content\/uploads\/2018\/12\/schwarzer-kampot-pfeffer-himalaya-salz-100x100.jpg 100w, https:\/\/www.raffinessen.ch\/webseite\/wp-content\/uploads\/2018\/12\/schwarzer-kampot-pfeffer-himalaya-salz-1000x1000.jpg 1000w, https:\/\/www.raffinessen.ch\/webseite\/wp-content\/uploads\/2018\/12\/schwarzer-kampot-pfeffer-himalaya-salz.jpg 2000w\" sizes=\"auto, (max-width: 500px) 100vw, 500px\" \/><img decoding=\"async\" loading=\"lazy\" width=\"500\" height=\"500\" src=\"https:\/\/www.raffinessen.ch\/webseite\/wp-content\/uploads\/2018\/12\/schwarzer-kampot-pfeffer-himalaya-muehle-500x500.jpg\" class=\"wp-image-3897 avia-img-lazy-loading-3897 attachment-woocommerce_thumbnail size-woocommerce_thumbnail wp-post-image\" alt=\"\" srcset=\"https:\/\/www.raffinessen.ch\/webseite\/wp-content\/uploads\/2018\/12\/schwarzer-kampot-pfeffer-himalaya-muehle-500x500.jpg 500w, https:\/\/www.raffinessen.ch\/webseite\/wp-content\/uploads\/2018\/12\/schwarzer-kampot-pfeffer-himalaya-muehle-80x80.jpg 80w, https:\/\/www.raffinessen.ch\/webseite\/wp-content\/uploads\/2018\/12\/schwarzer-kampot-pfeffer-himalaya-muehle-300x300.jpg 300w, https:\/\/www.raffinessen.ch\/webseite\/wp-content\/uploads\/2018\/12\/schwarzer-kampot-pfeffer-himalaya-muehle-768x768.jpg 768w, https:\/\/www.raffinessen.ch\/webseite\/wp-content\/uploads\/2018\/12\/schwarzer-kampot-pfeffer-himalaya-muehle-1030x1030.jpg 1030w, https:\/\/www.raffinessen.ch\/webseite\/wp-content\/uploads\/2018\/12\/schwarzer-kampot-pfeffer-himalaya-muehle-36x36.jpg 36w, https:\/\/www.raffinessen.ch\/webseite\/wp-content\/uploads\/2018\/12\/schwarzer-kampot-pfeffer-himalaya-muehle-180x180.jpg 180w, https:\/\/www.raffinessen.ch\/webseite\/wp-content\/uploads\/2018\/12\/schwarzer-kampot-pfeffer-himalaya-muehle-1500x1500.jpg 1500w, https:\/\/www.raffinessen.ch\/webseite\/wp-content\/uploads\/2018\/12\/schwarzer-kampot-pfeffer-himalaya-muehle-705x705.jpg 705w, https:\/\/www.raffinessen.ch\/webseite\/wp-content\/uploads\/2018\/12\/schwarzer-kampot-pfeffer-himalaya-muehle-100x100.jpg 100w, https:\/\/www.raffinessen.ch\/webseite\/wp-content\/uploads\/2018\/12\/schwarzer-kampot-pfeffer-himalaya-muehle-1000x1000.jpg 1000w, https:\/\/www.raffinessen.ch\/webseite\/wp-content\/uploads\/2018\/12\/schwarzer-kampot-pfeffer-himalaya-muehle.jpg 2000w\" sizes=\"auto, (max-width: 500px) 100vw, 500px\" \/><span class=\"cart-loading\"><\/span><\/div><div class='inner_product_header'><div class='avia-arrow'><\/div><div class='inner_product_header_table'><div class='inner_product_header_cell'><h2 class=\"woocommerce-loop-product__title\">SET - Deux moulins \u00e0 \u00e9pices avec poivre noir de Kampot et sel cristallis\u00e9 de l'Himalaya<\/h2>\n\t<span class=\"price\"><span class=\"woocommerce-Price-amount amount\"><bdi><span class=\"woocommerce-Price-currencySymbol\">&#67;&#72;&#70;<\/span>&nbsp;20.00<\/bdi><\/span> <small class=\"woocommerce-price-suffix\">TVA incluse<\/small><\/span>\n<\/div><\/div><\/div><\/a><div class='avia_cart_buttons'><a href=\"\/fr\/wp-json\/wp\/v2\/pages\/9012?add-to-cart=3902\" aria-describedby=\"woocommerce_loop_add_to_cart_link_describedby_3902\" data-quantity=\"1\" class=\"button product_type_simple add_to_cart_button ajax_add_to_cart\" data-product_id=\"3902\" data-product_sku=\"GSO-020\" aria-label=\"Ajouter au panier\u00a0: \u201cSET - Zwei Gew\u00fcrzm\u00fchlen mit schwarzem Kampot Pfeffer und Himalaya Kristallsalz\u201d\" rel=\"nofollow\" data-success_message=\"\u00ab\u00a0SET - Zwei Gew\u00fcrzm\u00fchlen mit schwarzem Kampot Pfeffer und Himalaya Kristallsalz\u00a0\u00bb a \u00e9t\u00e9 ajout\u00e9 \u00e0 votre panier\" role=\"button\" data-no-translation-aria-label=\"\" data-no-translation-data-success_message=\"\"><span class=\"avia-svg-icon avia-font-svg_entypo-fontello\" data-av_svg_icon='basket' data-av_iconset='svg_entypo-fontello'><svg version=\"1.1\" xmlns=\"http:\/\/www.w3.org\/2000\/svg\" width=\"29\" height=\"32\" viewbox=\"0 0 29 32\" preserveaspectratio=\"xMidYMid meet\" aria-labelledby='av-svg-title-93' aria-describedby='av-svg-desc-93' role=\"graphics-symbol\" aria-hidden=\"true\">\n<title id='av-svg-title-93'>Ajouter au panier<\/title>\n<desc id='av-svg-desc-93'>Ajouter au panier<\/desc>\n<path d=\"M4.8 27.2q0-1.28 0.96-2.24t2.24-0.96q1.344 0 2.272 0.96t0.928 2.24q0 1.344-0.928 2.272t-2.272 0.928q-1.28 0-2.24-0.928t-0.96-2.272zM20.8 27.2q0-1.28 0.96-2.24t2.24-0.96q1.344 0 2.272 0.96t0.928 2.24q0 1.344-0.928 2.272t-2.272 0.928q-1.28 0-2.24-0.928t-0.96-2.272zM10.496 19.648q-1.152 0.32-1.088 0.736t1.408 0.416h17.984v2.432q0 0.64-0.64 0.64h-20.928q-0.64 0-0.64-0.64v-2.432l-0.32-1.472-3.136-14.528h-3.136v-2.56q0-0.64 0.64-0.64h4.992q0.64 0 0.64 0.64v2.752h22.528v8.768q0 0.704-0.576 0.832z\"><\/path>\n<\/svg><\/span>  Ajouter au panier<\/a>\t<span id=\"woocommerce_loop_add_to_cart_link_describedby_3902\" class=\"screen-reader-text\">\n\t\t\t<\/span>\n<a class=\"button show_details_button\" href=\"https:\/\/www.raffinessen.ch\/fr\/produit\/zwei-gewuerzmuehlen-mit-schwarzem-kampot-pfeffer-und-himalayasalz\/\"><span class=\"avia-svg-icon avia-font-svg_entypo-fontello\" data-av_svg_icon='doc-text' data-av_iconset='svg_entypo-fontello'><svg version=\"1.1\" xmlns=\"http:\/\/www.w3.org\/2000\/svg\" width=\"22\" height=\"32\" viewbox=\"0 0 22 32\" preserveaspectratio=\"xMidYMid meet\" aria-labelledby='av-svg-title-94' aria-describedby='av-svg-desc-94' role=\"graphics-symbol\" aria-hidden=\"true\">\n<title id='av-svg-title-94'>Voir les d\u00e9tails<\/title>\n<desc id='av-svg-desc-94'>Voir les d\u00e9tails<\/desc>\n<path d=\"M6.784 17.344v-2.88h8.96v2.88h-8.96zM19.2 1.6q1.344 0 2.272 0.928t0.928 2.272v22.4q0 1.28-0.928 2.24t-2.272 0.96h-16q-1.28 0-2.24-0.96t-0.96-2.24v-22.4q0-1.344 0.96-2.272t2.24-0.928h16zM19.2 27.2v-22.4h-16v22.4h16zM15.68 8.256v2.816h-8.96v-2.816h8.96zM15.68 20.8v2.816h-8.96v-2.816h8.96z\"><\/path>\n<\/svg><\/span>  Voir les d\u00e9tails<\/a> <span class=\"button-mini-delimiter\"><\/span><\/div><\/div><\/li>\n<li class=\"product type-product post-8559 status-publish last instock product_cat-bis-chf-30 product_cat-geschenksets has-post-thumbnail taxable shipping-taxable purchasable product-type-simple\">\n\t<div class='inner_product main_color wrapped_style noLightbox  av-product-class-'><a href=\"https:\/\/www.raffinessen.ch\/fr\/produit\/set-kraeuterbutter-dip-und-salatsauce\/\" class=\"woocommerce-LoopProduct-link woocommerce-loop-product__link\"><div class=\"thumbnail_container\"><img loading=\"lazy\" decoding=\"async\" width=\"500\" height=\"500\" src=\"https:\/\/www.raffinessen.ch\/webseite\/wp-content\/uploads\/2020\/03\/Zusatzinfos-500x500.jpg\" class=\"attachment-woocommerce_thumbnail avia-product-hover\" alt=\"\" srcset=\"https:\/\/www.raffinessen.ch\/webseite\/wp-content\/uploads\/2020\/03\/Zusatzinfos-500x500.jpg 500w, https:\/\/www.raffinessen.ch\/webseite\/wp-content\/uploads\/2020\/03\/Zusatzinfos-300x300.jpg 300w, https:\/\/www.raffinessen.ch\/webseite\/wp-content\/uploads\/2020\/03\/Zusatzinfos-1030x1030.jpg 1030w, https:\/\/www.raffinessen.ch\/webseite\/wp-content\/uploads\/2020\/03\/Zusatzinfos-80x80.jpg 80w, https:\/\/www.raffinessen.ch\/webseite\/wp-content\/uploads\/2020\/03\/Zusatzinfos-768x768.jpg 768w, https:\/\/www.raffinessen.ch\/webseite\/wp-content\/uploads\/2020\/03\/Zusatzinfos-1536x1536.jpg 1536w, https:\/\/www.raffinessen.ch\/webseite\/wp-content\/uploads\/2020\/03\/Zusatzinfos-2048x2048.jpg 2048w, https:\/\/www.raffinessen.ch\/webseite\/wp-content\/uploads\/2020\/03\/Zusatzinfos-36x36.jpg 36w, https:\/\/www.raffinessen.ch\/webseite\/wp-content\/uploads\/2020\/03\/Zusatzinfos-180x180.jpg 180w, https:\/\/www.raffinessen.ch\/webseite\/wp-content\/uploads\/2020\/03\/Zusatzinfos-1500x1500.jpg 1500w, https:\/\/www.raffinessen.ch\/webseite\/wp-content\/uploads\/2020\/03\/Zusatzinfos-705x705.jpg 705w, https:\/\/www.raffinessen.ch\/webseite\/wp-content\/uploads\/2020\/03\/Zusatzinfos-100x100.jpg 100w, https:\/\/www.raffinessen.ch\/webseite\/wp-content\/uploads\/2020\/03\/Zusatzinfos-1000x1000.jpg 1000w\" sizes=\"auto, (max-width: 500px) 100vw, 500px\" \/><img decoding=\"async\" loading=\"lazy\" width=\"500\" height=\"500\" src=\"https:\/\/www.raffinessen.ch\/webseite\/wp-content\/uploads\/2021\/06\/SET-Kraeuterbutter-Dip-und-Salatsauce-500x500.jpg\" class=\"wp-image-8560 avia-img-lazy-loading-8560 attachment-woocommerce_thumbnail size-woocommerce_thumbnail wp-post-image\" alt=\"\" srcset=\"https:\/\/www.raffinessen.ch\/webseite\/wp-content\/uploads\/2021\/06\/SET-Kraeuterbutter-Dip-und-Salatsauce-500x500.jpg 500w, https:\/\/www.raffinessen.ch\/webseite\/wp-content\/uploads\/2021\/06\/SET-Kraeuterbutter-Dip-und-Salatsauce-300x300.jpg 300w, https:\/\/www.raffinessen.ch\/webseite\/wp-content\/uploads\/2021\/06\/SET-Kraeuterbutter-Dip-und-Salatsauce-1030x1030.jpg 1030w, https:\/\/www.raffinessen.ch\/webseite\/wp-content\/uploads\/2021\/06\/SET-Kraeuterbutter-Dip-und-Salatsauce-80x80.jpg 80w, https:\/\/www.raffinessen.ch\/webseite\/wp-content\/uploads\/2021\/06\/SET-Kraeuterbutter-Dip-und-Salatsauce-768x768.jpg 768w, https:\/\/www.raffinessen.ch\/webseite\/wp-content\/uploads\/2021\/06\/SET-Kraeuterbutter-Dip-und-Salatsauce-36x36.jpg 36w, https:\/\/www.raffinessen.ch\/webseite\/wp-content\/uploads\/2021\/06\/SET-Kraeuterbutter-Dip-und-Salatsauce-180x180.jpg 180w, https:\/\/www.raffinessen.ch\/webseite\/wp-content\/uploads\/2021\/06\/SET-Kraeuterbutter-Dip-und-Salatsauce-705x705.jpg 705w, https:\/\/www.raffinessen.ch\/webseite\/wp-content\/uploads\/2021\/06\/SET-Kraeuterbutter-Dip-und-Salatsauce-100x100.jpg 100w, https:\/\/www.raffinessen.ch\/webseite\/wp-content\/uploads\/2021\/06\/SET-Kraeuterbutter-Dip-und-Salatsauce-1000x1000.jpg 1000w, https:\/\/www.raffinessen.ch\/webseite\/wp-content\/uploads\/2021\/06\/SET-Kraeuterbutter-Dip-und-Salatsauce.jpg 1500w\" sizes=\"auto, (max-width: 500px) 100vw, 500px\" \/><span class=\"cart-loading\"><\/span><\/div><div class='inner_product_header'><div class='avia-arrow'><\/div><div class='inner_product_header_table'><div class='inner_product_header_cell'><h2 class=\"woocommerce-loop-product__title\">SET - Beurre aux herbes, dip et sauce \u00e0 salade<\/h2>\n\t<span class=\"price\"><span class=\"woocommerce-Price-amount amount\"><bdi><span class=\"woocommerce-Price-currencySymbol\">&#67;&#72;&#70;<\/span>&nbsp;30.00<\/bdi><\/span> <small class=\"woocommerce-price-suffix\">TVA incluse<\/small><\/span>\n<\/div><\/div><\/div><\/a><div class='avia_cart_buttons'><a href=\"\/fr\/wp-json\/wp\/v2\/pages\/9012?add-to-cart=8559\" aria-describedby=\"woocommerce_loop_add_to_cart_link_describedby_8559\" data-quantity=\"1\" class=\"button product_type_simple add_to_cart_button ajax_add_to_cart\" data-product_id=\"8559\" data-product_sku=\"GSO-045\" aria-label=\"Ajouter au panier\u00a0: \u201cSET - Kr\u00e4uterbutter, Dip und Salatsauce\u201d\" rel=\"nofollow\" data-success_message=\"\u00ab\u00a0SET - Kr\u00e4uterbutter, Dip und Salatsauce\u00a0\u00bb a \u00e9t\u00e9 ajout\u00e9 \u00e0 votre panier\" role=\"button\" data-no-translation-aria-label=\"\" data-no-translation-data-success_message=\"\"><span class=\"avia-svg-icon avia-font-svg_entypo-fontello\" data-av_svg_icon='basket' data-av_iconset='svg_entypo-fontello'><svg version=\"1.1\" xmlns=\"http:\/\/www.w3.org\/2000\/svg\" width=\"29\" height=\"32\" viewbox=\"0 0 29 32\" preserveaspectratio=\"xMidYMid meet\" aria-labelledby='av-svg-title-95' aria-describedby='av-svg-desc-95' role=\"graphics-symbol\" aria-hidden=\"true\">\n<title id='av-svg-title-95'>Ajouter au panier<\/title>\n<desc id='av-svg-desc-95'>Ajouter au panier<\/desc>\n<path d=\"M4.8 27.2q0-1.28 0.96-2.24t2.24-0.96q1.344 0 2.272 0.96t0.928 2.24q0 1.344-0.928 2.272t-2.272 0.928q-1.28 0-2.24-0.928t-0.96-2.272zM20.8 27.2q0-1.28 0.96-2.24t2.24-0.96q1.344 0 2.272 0.96t0.928 2.24q0 1.344-0.928 2.272t-2.272 0.928q-1.28 0-2.24-0.928t-0.96-2.272zM10.496 19.648q-1.152 0.32-1.088 0.736t1.408 0.416h17.984v2.432q0 0.64-0.64 0.64h-20.928q-0.64 0-0.64-0.64v-2.432l-0.32-1.472-3.136-14.528h-3.136v-2.56q0-0.64 0.64-0.64h4.992q0.64 0 0.64 0.64v2.752h22.528v8.768q0 0.704-0.576 0.832z\"><\/path>\n<\/svg><\/span>  Ajouter au panier<\/a>\t<span id=\"woocommerce_loop_add_to_cart_link_describedby_8559\" class=\"screen-reader-text\">\n\t\t\t<\/span>\n<a class=\"button show_details_button\" href=\"https:\/\/www.raffinessen.ch\/fr\/produit\/set-kraeuterbutter-dip-und-salatsauce\/\"><span class=\"avia-svg-icon avia-font-svg_entypo-fontello\" data-av_svg_icon='doc-text' data-av_iconset='svg_entypo-fontello'><svg version=\"1.1\" xmlns=\"http:\/\/www.w3.org\/2000\/svg\" width=\"22\" height=\"32\" viewbox=\"0 0 22 32\" preserveaspectratio=\"xMidYMid meet\" aria-labelledby='av-svg-title-96' aria-describedby='av-svg-desc-96' role=\"graphics-symbol\" aria-hidden=\"true\">\n<title id='av-svg-title-96'>Voir les d\u00e9tails<\/title>\n<desc id='av-svg-desc-96'>Voir les d\u00e9tails<\/desc>\n<path d=\"M6.784 17.344v-2.88h8.96v2.88h-8.96zM19.2 1.6q1.344 0 2.272 0.928t0.928 2.272v22.4q0 1.28-0.928 2.24t-2.272 0.96h-16q-1.28 0-2.24-0.96t-0.96-2.24v-22.4q0-1.344 0.96-2.272t2.24-0.928h16zM19.2 27.2v-22.4h-16v22.4h16zM15.68 8.256v2.816h-8.96v-2.816h8.96zM15.68 20.8v2.816h-8.96v-2.816h8.96z\"><\/path>\n<\/svg><\/span>  Voir les d\u00e9tails<\/a> <span class=\"button-mini-delimiter\"><\/span><\/div><\/div><\/li>\n<li class=\"product type-product post-6549 status-publish first instock product_cat-gemahlen product_cat-gewuerz-mischungen has-post-thumbnail taxable shipping-taxable purchasable product-type-simple\">\n\t<div class='inner_product main_color wrapped_style noLightbox  av-product-class-'><a href=\"https:\/\/www.raffinessen.ch\/fr\/produit\/asakusa\/\" class=\"woocommerce-LoopProduct-link woocommerce-loop-product__link\"><div class=\"thumbnail_container\"><img loading=\"lazy\" decoding=\"async\" width=\"500\" height=\"500\" src=\"https:\/\/www.raffinessen.ch\/webseite\/wp-content\/uploads\/2020\/07\/asakusa-beutel-500x500.jpg\" class=\"attachment-woocommerce_thumbnail avia-product-hover\" alt=\"\" srcset=\"https:\/\/www.raffinessen.ch\/webseite\/wp-content\/uploads\/2020\/07\/asakusa-beutel-500x500.jpg 500w, https:\/\/www.raffinessen.ch\/webseite\/wp-content\/uploads\/2020\/07\/asakusa-beutel-300x300.jpg 300w, https:\/\/www.raffinessen.ch\/webseite\/wp-content\/uploads\/2020\/07\/asakusa-beutel-1030x1030.jpg 1030w, https:\/\/www.raffinessen.ch\/webseite\/wp-content\/uploads\/2020\/07\/asakusa-beutel-80x80.jpg 80w, https:\/\/www.raffinessen.ch\/webseite\/wp-content\/uploads\/2020\/07\/asakusa-beutel-768x768.jpg 768w, https:\/\/www.raffinessen.ch\/webseite\/wp-content\/uploads\/2020\/07\/asakusa-beutel-1536x1536.jpg 1536w, https:\/\/www.raffinessen.ch\/webseite\/wp-content\/uploads\/2020\/07\/asakusa-beutel-36x36.jpg 36w, https:\/\/www.raffinessen.ch\/webseite\/wp-content\/uploads\/2020\/07\/asakusa-beutel-180x180.jpg 180w, https:\/\/www.raffinessen.ch\/webseite\/wp-content\/uploads\/2020\/07\/asakusa-beutel-1500x1500.jpg 1500w, https:\/\/www.raffinessen.ch\/webseite\/wp-content\/uploads\/2020\/07\/asakusa-beutel-705x705.jpg 705w, https:\/\/www.raffinessen.ch\/webseite\/wp-content\/uploads\/2020\/07\/asakusa-beutel-100x100.jpg 100w, https:\/\/www.raffinessen.ch\/webseite\/wp-content\/uploads\/2020\/07\/asakusa-beutel-1000x1000.jpg 1000w, https:\/\/www.raffinessen.ch\/webseite\/wp-content\/uploads\/2020\/07\/asakusa-beutel.jpg 2000w\" sizes=\"auto, (max-width: 500px) 100vw, 500px\" \/><img decoding=\"async\" loading=\"lazy\" width=\"500\" height=\"500\" src=\"https:\/\/www.raffinessen.ch\/webseite\/wp-content\/uploads\/2020\/03\/shichimi-gewuerz-kreis-raffinessen-500x500.jpg\" class=\"wp-image-5143 avia-img-lazy-loading-5143 attachment-woocommerce_thumbnail size-woocommerce_thumbnail wp-post-image\" alt=\"\" srcset=\"https:\/\/www.raffinessen.ch\/webseite\/wp-content\/uploads\/2020\/03\/shichimi-gewuerz-kreis-raffinessen-500x500.jpg 500w, https:\/\/www.raffinessen.ch\/webseite\/wp-content\/uploads\/2020\/03\/shichimi-gewuerz-kreis-raffinessen-300x300.jpg 300w, https:\/\/www.raffinessen.ch\/webseite\/wp-content\/uploads\/2020\/03\/shichimi-gewuerz-kreis-raffinessen-1030x1030.jpg 1030w, https:\/\/www.raffinessen.ch\/webseite\/wp-content\/uploads\/2020\/03\/shichimi-gewuerz-kreis-raffinessen-80x80.jpg 80w, https:\/\/www.raffinessen.ch\/webseite\/wp-content\/uploads\/2020\/03\/shichimi-gewuerz-kreis-raffinessen-768x768.jpg 768w, https:\/\/www.raffinessen.ch\/webseite\/wp-content\/uploads\/2020\/03\/shichimi-gewuerz-kreis-raffinessen-1536x1536.jpg 1536w, https:\/\/www.raffinessen.ch\/webseite\/wp-content\/uploads\/2020\/03\/shichimi-gewuerz-kreis-raffinessen-2048x2048.jpg 2048w, https:\/\/www.raffinessen.ch\/webseite\/wp-content\/uploads\/2020\/03\/shichimi-gewuerz-kreis-raffinessen-36x36.jpg 36w, https:\/\/www.raffinessen.ch\/webseite\/wp-content\/uploads\/2020\/03\/shichimi-gewuerz-kreis-raffinessen-180x180.jpg 180w, https:\/\/www.raffinessen.ch\/webseite\/wp-content\/uploads\/2020\/03\/shichimi-gewuerz-kreis-raffinessen-1500x1500.jpg 1500w, https:\/\/www.raffinessen.ch\/webseite\/wp-content\/uploads\/2020\/03\/shichimi-gewuerz-kreis-raffinessen-705x705.jpg 705w, https:\/\/www.raffinessen.ch\/webseite\/wp-content\/uploads\/2020\/03\/shichimi-gewuerz-kreis-raffinessen-100x100.jpg 100w, https:\/\/www.raffinessen.ch\/webseite\/wp-content\/uploads\/2020\/03\/shichimi-gewuerz-kreis-raffinessen-1000x1000.jpg 1000w\" sizes=\"auto, (max-width: 500px) 100vw, 500px\" \/><span class=\"cart-loading\"><\/span><\/div><div class='inner_product_header'><div class='avia-arrow'><\/div><div class='inner_product_header_table'><div class='inner_product_header_cell'><h2 class=\"woocommerce-loop-product__title\">Asakusa (pr\u00e9c\u00e9demment Shichimi)<\/h2>\n\t<span class=\"price\"><span class=\"woocommerce-Price-amount amount\"><bdi><span class=\"woocommerce-Price-currencySymbol\">&#67;&#72;&#70;<\/span>&nbsp;6.00<\/bdi><\/span> <small class=\"woocommerce-price-suffix\">TVA incluse<\/small><\/span>\n<\/div><\/div><\/div><\/a><div class='avia_cart_buttons'><a href=\"\/fr\/wp-json\/wp\/v2\/pages\/9012?add-to-cart=6549\" aria-describedby=\"woocommerce_loop_add_to_cart_link_describedby_6549\" data-quantity=\"1\" class=\"button product_type_simple add_to_cart_button ajax_add_to_cart\" data-product_id=\"6549\" data-product_sku=\"FPO-S025-60\" aria-label=\"Ajouter au panier\u00a0: \u201cAsakusa (bisher Shichimi)\u201d\" rel=\"nofollow\" data-success_message=\"\u00ab\u00a0Asakusa (bisher Shichimi)\u00a0\u00bb a \u00e9t\u00e9 ajout\u00e9 \u00e0 votre panier\" role=\"button\" data-no-translation-aria-label=\"\" data-no-translation-data-success_message=\"\"><span class=\"avia-svg-icon avia-font-svg_entypo-fontello\" data-av_svg_icon='basket' data-av_iconset='svg_entypo-fontello'><svg version=\"1.1\" xmlns=\"http:\/\/www.w3.org\/2000\/svg\" width=\"29\" height=\"32\" viewbox=\"0 0 29 32\" preserveaspectratio=\"xMidYMid meet\" aria-labelledby='av-svg-title-97' aria-describedby='av-svg-desc-97' role=\"graphics-symbol\" aria-hidden=\"true\">\n<title id='av-svg-title-97'>Ajouter au panier<\/title>\n<desc id='av-svg-desc-97'>Ajouter au panier<\/desc>\n<path d=\"M4.8 27.2q0-1.28 0.96-2.24t2.24-0.96q1.344 0 2.272 0.96t0.928 2.24q0 1.344-0.928 2.272t-2.272 0.928q-1.28 0-2.24-0.928t-0.96-2.272zM20.8 27.2q0-1.28 0.96-2.24t2.24-0.96q1.344 0 2.272 0.96t0.928 2.24q0 1.344-0.928 2.272t-2.272 0.928q-1.28 0-2.24-0.928t-0.96-2.272zM10.496 19.648q-1.152 0.32-1.088 0.736t1.408 0.416h17.984v2.432q0 0.64-0.64 0.64h-20.928q-0.64 0-0.64-0.64v-2.432l-0.32-1.472-3.136-14.528h-3.136v-2.56q0-0.64 0.64-0.64h4.992q0.64 0 0.64 0.64v2.752h22.528v8.768q0 0.704-0.576 0.832z\"><\/path>\n<\/svg><\/span>  Ajouter au panier<\/a>\t<span id=\"woocommerce_loop_add_to_cart_link_describedby_6549\" class=\"screen-reader-text\">\n\t\t\t<\/span>\n<a class=\"button show_details_button\" href=\"https:\/\/www.raffinessen.ch\/fr\/produit\/asakusa\/\"><span class=\"avia-svg-icon avia-font-svg_entypo-fontello\" data-av_svg_icon='doc-text' data-av_iconset='svg_entypo-fontello'><svg version=\"1.1\" xmlns=\"http:\/\/www.w3.org\/2000\/svg\" width=\"22\" height=\"32\" viewbox=\"0 0 22 32\" preserveaspectratio=\"xMidYMid meet\" aria-labelledby='av-svg-title-98' aria-describedby='av-svg-desc-98' role=\"graphics-symbol\" aria-hidden=\"true\">\n<title id='av-svg-title-98'>Voir les d\u00e9tails<\/title>\n<desc id='av-svg-desc-98'>Voir les d\u00e9tails<\/desc>\n<path d=\"M6.784 17.344v-2.88h8.96v2.88h-8.96zM19.2 1.6q1.344 0 2.272 0.928t0.928 2.272v22.4q0 1.28-0.928 2.24t-2.272 0.96h-16q-1.28 0-2.24-0.96t-0.96-2.24v-22.4q0-1.344 0.96-2.272t2.24-0.928h16zM19.2 27.2v-22.4h-16v22.4h16zM15.68 8.256v2.816h-8.96v-2.816h8.96zM15.68 20.8v2.816h-8.96v-2.816h8.96z\"><\/path>\n<\/svg><\/span>  Voir les d\u00e9tails<\/a> <span class=\"button-mini-delimiter\"><\/span><\/div><\/div><\/li>\n<li class=\"product type-product post-14330 status-publish instock product_cat-grob has-post-thumbnail taxable shipping-taxable purchasable product-type-simple\">\n\t<div class='inner_product main_color wrapped_style noLightbox  av-product-class-'><a href=\"https:\/\/www.raffinessen.ch\/fr\/produit\/schiri-chili\/\" class=\"woocommerce-LoopProduct-link woocommerce-loop-product__link\"><div class=\"thumbnail_container\"><img loading=\"lazy\" decoding=\"async\" width=\"500\" height=\"500\" src=\"https:\/\/www.raffinessen.ch\/webseite\/wp-content\/uploads\/2022\/12\/FP-110x185_C-0050-Schiri-Chili-2-500x500.jpg\" class=\"attachment-woocommerce_thumbnail avia-product-hover\" alt=\"\" srcset=\"https:\/\/www.raffinessen.ch\/webseite\/wp-content\/uploads\/2022\/12\/FP-110x185_C-0050-Schiri-Chili-2-500x500.jpg 500w, https:\/\/www.raffinessen.ch\/webseite\/wp-content\/uploads\/2022\/12\/FP-110x185_C-0050-Schiri-Chili-2-300x300.jpg 300w, https:\/\/www.raffinessen.ch\/webseite\/wp-content\/uploads\/2022\/12\/FP-110x185_C-0050-Schiri-Chili-2-1030x1030.jpg 1030w, https:\/\/www.raffinessen.ch\/webseite\/wp-content\/uploads\/2022\/12\/FP-110x185_C-0050-Schiri-Chili-2-80x80.jpg 80w, https:\/\/www.raffinessen.ch\/webseite\/wp-content\/uploads\/2022\/12\/FP-110x185_C-0050-Schiri-Chili-2-768x768.jpg 768w, https:\/\/www.raffinessen.ch\/webseite\/wp-content\/uploads\/2022\/12\/FP-110x185_C-0050-Schiri-Chili-2-1536x1536.jpg 1536w, https:\/\/www.raffinessen.ch\/webseite\/wp-content\/uploads\/2022\/12\/FP-110x185_C-0050-Schiri-Chili-2-36x36.jpg 36w, https:\/\/www.raffinessen.ch\/webseite\/wp-content\/uploads\/2022\/12\/FP-110x185_C-0050-Schiri-Chili-2-180x180.jpg 180w, https:\/\/www.raffinessen.ch\/webseite\/wp-content\/uploads\/2022\/12\/FP-110x185_C-0050-Schiri-Chili-2-1500x1500.jpg 1500w, https:\/\/www.raffinessen.ch\/webseite\/wp-content\/uploads\/2022\/12\/FP-110x185_C-0050-Schiri-Chili-2-705x705.jpg 705w, https:\/\/www.raffinessen.ch\/webseite\/wp-content\/uploads\/2022\/12\/FP-110x185_C-0050-Schiri-Chili-2-120x120.jpg 120w, https:\/\/www.raffinessen.ch\/webseite\/wp-content\/uploads\/2022\/12\/FP-110x185_C-0050-Schiri-Chili-2-450x450.jpg 450w, https:\/\/www.raffinessen.ch\/webseite\/wp-content\/uploads\/2022\/12\/FP-110x185_C-0050-Schiri-Chili-2-1000x1000.jpg 1000w, https:\/\/www.raffinessen.ch\/webseite\/wp-content\/uploads\/2022\/12\/FP-110x185_C-0050-Schiri-Chili-2-100x100.jpg 100w, https:\/\/www.raffinessen.ch\/webseite\/wp-content\/uploads\/2022\/12\/FP-110x185_C-0050-Schiri-Chili-2.jpg 2000w\" sizes=\"auto, (max-width: 500px) 100vw, 500px\" \/><img decoding=\"async\" loading=\"lazy\" width=\"500\" height=\"500\" src=\"https:\/\/www.raffinessen.ch\/webseite\/wp-content\/uploads\/2022\/12\/C0050-Schiri-Chili-1-500x500.jpg\" class=\"wp-image-14335 avia-img-lazy-loading-14335 attachment-woocommerce_thumbnail size-woocommerce_thumbnail wp-post-image\" alt=\"\" srcset=\"https:\/\/www.raffinessen.ch\/webseite\/wp-content\/uploads\/2022\/12\/C0050-Schiri-Chili-1-500x500.jpg 500w, https:\/\/www.raffinessen.ch\/webseite\/wp-content\/uploads\/2022\/12\/C0050-Schiri-Chili-1-300x300.jpg 300w, https:\/\/www.raffinessen.ch\/webseite\/wp-content\/uploads\/2022\/12\/C0050-Schiri-Chili-1-1030x1030.jpg 1030w, https:\/\/www.raffinessen.ch\/webseite\/wp-content\/uploads\/2022\/12\/C0050-Schiri-Chili-1-80x80.jpg 80w, https:\/\/www.raffinessen.ch\/webseite\/wp-content\/uploads\/2022\/12\/C0050-Schiri-Chili-1-768x768.jpg 768w, https:\/\/www.raffinessen.ch\/webseite\/wp-content\/uploads\/2022\/12\/C0050-Schiri-Chili-1-1536x1536.jpg 1536w, https:\/\/www.raffinessen.ch\/webseite\/wp-content\/uploads\/2022\/12\/C0050-Schiri-Chili-1-36x36.jpg 36w, https:\/\/www.raffinessen.ch\/webseite\/wp-content\/uploads\/2022\/12\/C0050-Schiri-Chili-1-180x180.jpg 180w, https:\/\/www.raffinessen.ch\/webseite\/wp-content\/uploads\/2022\/12\/C0050-Schiri-Chili-1-1500x1500.jpg 1500w, https:\/\/www.raffinessen.ch\/webseite\/wp-content\/uploads\/2022\/12\/C0050-Schiri-Chili-1-705x705.jpg 705w, https:\/\/www.raffinessen.ch\/webseite\/wp-content\/uploads\/2022\/12\/C0050-Schiri-Chili-1-120x120.jpg 120w, https:\/\/www.raffinessen.ch\/webseite\/wp-content\/uploads\/2022\/12\/C0050-Schiri-Chili-1-450x450.jpg 450w, https:\/\/www.raffinessen.ch\/webseite\/wp-content\/uploads\/2022\/12\/C0050-Schiri-Chili-1-1000x1000.jpg 1000w, https:\/\/www.raffinessen.ch\/webseite\/wp-content\/uploads\/2022\/12\/C0050-Schiri-Chili-1-100x100.jpg 100w, https:\/\/www.raffinessen.ch\/webseite\/wp-content\/uploads\/2022\/12\/C0050-Schiri-Chili-1.jpg 2000w\" sizes=\"auto, (max-width: 500px) 100vw, 500px\" \/><span class=\"cart-loading\"><\/span><\/div><div class='inner_product_header'><div class='avia-arrow'><\/div><div class='inner_product_header_table'><div class='inner_product_header_cell'><h2 class=\"woocommerce-loop-product__title\">Arbitre Chili<\/h2>\n\t<span class=\"price\"><span class=\"woocommerce-Price-amount amount\"><bdi><span class=\"woocommerce-Price-currencySymbol\">&#67;&#72;&#70;<\/span>&nbsp;6.00<\/bdi><\/span> <small class=\"woocommerce-price-suffix\">TVA incluse<\/small><\/span>\n<\/div><\/div><\/div><\/a><div class='avia_cart_buttons'><a href=\"\/fr\/wp-json\/wp\/v2\/pages\/9012?add-to-cart=14330\" aria-describedby=\"woocommerce_loop_add_to_cart_link_describedby_14330\" data-quantity=\"1\" class=\"button product_type_simple add_to_cart_button ajax_add_to_cart\" data-product_id=\"14330\" data-product_sku=\"FPO-C0050-35\" aria-label=\"Ajouter au panier\u00a0: \u201cSchiri Chili\u201d\" rel=\"nofollow\" data-success_message=\"\u00ab\u00a0Schiri Chili\u00a0\u00bb a \u00e9t\u00e9 ajout\u00e9 \u00e0 votre panier\" role=\"button\" data-no-translation-aria-label=\"\" data-no-translation-data-success_message=\"\"><span class=\"avia-svg-icon avia-font-svg_entypo-fontello\" data-av_svg_icon='basket' data-av_iconset='svg_entypo-fontello'><svg version=\"1.1\" xmlns=\"http:\/\/www.w3.org\/2000\/svg\" width=\"29\" height=\"32\" viewbox=\"0 0 29 32\" preserveaspectratio=\"xMidYMid meet\" aria-labelledby='av-svg-title-99' aria-describedby='av-svg-desc-99' role=\"graphics-symbol\" aria-hidden=\"true\">\n<title id='av-svg-title-99'>Ajouter au panier<\/title>\n<desc id='av-svg-desc-99'>Ajouter au panier<\/desc>\n<path d=\"M4.8 27.2q0-1.28 0.96-2.24t2.24-0.96q1.344 0 2.272 0.96t0.928 2.24q0 1.344-0.928 2.272t-2.272 0.928q-1.28 0-2.24-0.928t-0.96-2.272zM20.8 27.2q0-1.28 0.96-2.24t2.24-0.96q1.344 0 2.272 0.96t0.928 2.24q0 1.344-0.928 2.272t-2.272 0.928q-1.28 0-2.24-0.928t-0.96-2.272zM10.496 19.648q-1.152 0.32-1.088 0.736t1.408 0.416h17.984v2.432q0 0.64-0.64 0.64h-20.928q-0.64 0-0.64-0.64v-2.432l-0.32-1.472-3.136-14.528h-3.136v-2.56q0-0.64 0.64-0.64h4.992q0.64 0 0.64 0.64v2.752h22.528v8.768q0 0.704-0.576 0.832z\"><\/path>\n<\/svg><\/span>  Ajouter au panier<\/a>\t<span id=\"woocommerce_loop_add_to_cart_link_describedby_14330\" class=\"screen-reader-text\">\n\t\t\t<\/span>\n<a class=\"button show_details_button\" href=\"https:\/\/www.raffinessen.ch\/fr\/produit\/schiri-chili\/\"><span class=\"avia-svg-icon avia-font-svg_entypo-fontello\" data-av_svg_icon='doc-text' data-av_iconset='svg_entypo-fontello'><svg version=\"1.1\" xmlns=\"http:\/\/www.w3.org\/2000\/svg\" width=\"22\" height=\"32\" viewbox=\"0 0 22 32\" preserveaspectratio=\"xMidYMid meet\" aria-labelledby='av-svg-title-100' aria-describedby='av-svg-desc-100' role=\"graphics-symbol\" aria-hidden=\"true\">\n<title id='av-svg-title-100'>Voir les d\u00e9tails<\/title>\n<desc id='av-svg-desc-100'>Voir les d\u00e9tails<\/desc>\n<path d=\"M6.784 17.344v-2.88h8.96v2.88h-8.96zM19.2 1.6q1.344 0 2.272 0.928t0.928 2.272v22.4q0 1.28-0.928 2.24t-2.272 0.96h-16q-1.28 0-2.24-0.96t-0.96-2.24v-22.4q0-1.344 0.96-2.272t2.24-0.928h16zM19.2 27.2v-22.4h-16v22.4h16zM15.68 8.256v2.816h-8.96v-2.816h8.96zM15.68 20.8v2.816h-8.96v-2.816h8.96z\"><\/path>\n<\/svg><\/span>  Voir les d\u00e9tails<\/a> <span class=\"button-mini-delimiter\"><\/span><\/div><\/div><\/li>\n<li class=\"product type-product post-6564 status-publish instock product_cat-gemahlen product_cat-gewuerz-mischungen has-post-thumbnail taxable shipping-taxable purchasable product-type-simple\">\n\t<div class='inner_product main_color wrapped_style noLightbox  av-product-class-'><a href=\"https:\/\/www.raffinessen.ch\/fr\/produit\/srinagar\/\" class=\"woocommerce-LoopProduct-link woocommerce-loop-product__link\"><div class=\"thumbnail_container\"><img loading=\"lazy\" decoding=\"async\" width=\"500\" height=\"500\" src=\"https:\/\/www.raffinessen.ch\/webseite\/wp-content\/uploads\/2020\/07\/FP-110x185_Srinagar-500x500.jpg\" class=\"attachment-woocommerce_thumbnail avia-product-hover\" alt=\"\" srcset=\"https:\/\/www.raffinessen.ch\/webseite\/wp-content\/uploads\/2020\/07\/FP-110x185_Srinagar-500x500.jpg 500w, https:\/\/www.raffinessen.ch\/webseite\/wp-content\/uploads\/2020\/07\/FP-110x185_Srinagar-300x300.jpg 300w, https:\/\/www.raffinessen.ch\/webseite\/wp-content\/uploads\/2020\/07\/FP-110x185_Srinagar-1030x1030.jpg 1030w, https:\/\/www.raffinessen.ch\/webseite\/wp-content\/uploads\/2020\/07\/FP-110x185_Srinagar-80x80.jpg 80w, https:\/\/www.raffinessen.ch\/webseite\/wp-content\/uploads\/2020\/07\/FP-110x185_Srinagar-768x768.jpg 768w, https:\/\/www.raffinessen.ch\/webseite\/wp-content\/uploads\/2020\/07\/FP-110x185_Srinagar-1536x1536.jpg 1536w, https:\/\/www.raffinessen.ch\/webseite\/wp-content\/uploads\/2020\/07\/FP-110x185_Srinagar-36x36.jpg 36w, https:\/\/www.raffinessen.ch\/webseite\/wp-content\/uploads\/2020\/07\/FP-110x185_Srinagar-180x180.jpg 180w, https:\/\/www.raffinessen.ch\/webseite\/wp-content\/uploads\/2020\/07\/FP-110x185_Srinagar-1500x1500.jpg 1500w, https:\/\/www.raffinessen.ch\/webseite\/wp-content\/uploads\/2020\/07\/FP-110x185_Srinagar-705x705.jpg 705w, https:\/\/www.raffinessen.ch\/webseite\/wp-content\/uploads\/2020\/07\/FP-110x185_Srinagar-100x100.jpg 100w, https:\/\/www.raffinessen.ch\/webseite\/wp-content\/uploads\/2020\/07\/FP-110x185_Srinagar-1000x1000.jpg 1000w, https:\/\/www.raffinessen.ch\/webseite\/wp-content\/uploads\/2020\/07\/FP-110x185_Srinagar.jpg 2000w\" sizes=\"auto, (max-width: 500px) 100vw, 500px\" \/><img decoding=\"async\" loading=\"lazy\" width=\"500\" height=\"500\" src=\"https:\/\/www.raffinessen.ch\/webseite\/wp-content\/uploads\/2020\/07\/Srinagar_2500x2500-500x500.jpg\" class=\"wp-image-6858 avia-img-lazy-loading-6858 attachment-woocommerce_thumbnail size-woocommerce_thumbnail wp-post-image\" alt=\"\" srcset=\"https:\/\/www.raffinessen.ch\/webseite\/wp-content\/uploads\/2020\/07\/Srinagar_2500x2500-500x500.jpg 500w, https:\/\/www.raffinessen.ch\/webseite\/wp-content\/uploads\/2020\/07\/Srinagar_2500x2500-300x300.jpg 300w, https:\/\/www.raffinessen.ch\/webseite\/wp-content\/uploads\/2020\/07\/Srinagar_2500x2500-1030x1030.jpg 1030w, https:\/\/www.raffinessen.ch\/webseite\/wp-content\/uploads\/2020\/07\/Srinagar_2500x2500-80x80.jpg 80w, https:\/\/www.raffinessen.ch\/webseite\/wp-content\/uploads\/2020\/07\/Srinagar_2500x2500-768x768.jpg 768w, https:\/\/www.raffinessen.ch\/webseite\/wp-content\/uploads\/2020\/07\/Srinagar_2500x2500-1536x1536.jpg 1536w, https:\/\/www.raffinessen.ch\/webseite\/wp-content\/uploads\/2020\/07\/Srinagar_2500x2500-2048x2048.jpg 2048w, https:\/\/www.raffinessen.ch\/webseite\/wp-content\/uploads\/2020\/07\/Srinagar_2500x2500-36x36.jpg 36w, https:\/\/www.raffinessen.ch\/webseite\/wp-content\/uploads\/2020\/07\/Srinagar_2500x2500-180x180.jpg 180w, https:\/\/www.raffinessen.ch\/webseite\/wp-content\/uploads\/2020\/07\/Srinagar_2500x2500-1500x1500.jpg 1500w, https:\/\/www.raffinessen.ch\/webseite\/wp-content\/uploads\/2020\/07\/Srinagar_2500x2500-705x705.jpg 705w, https:\/\/www.raffinessen.ch\/webseite\/wp-content\/uploads\/2020\/07\/Srinagar_2500x2500-100x100.jpg 100w, https:\/\/www.raffinessen.ch\/webseite\/wp-content\/uploads\/2020\/07\/Srinagar_2500x2500-1000x1000.jpg 1000w\" sizes=\"auto, (max-width: 500px) 100vw, 500px\" \/><span class=\"cart-loading\"><\/span><\/div><div class='inner_product_header'><div class='avia-arrow'><\/div><div class='inner_product_header_table'><div class='inner_product_header_cell'><h2 class=\"woocommerce-loop-product__title\">Srinagar (curry)<\/h2>\n\t<span class=\"price\"><span class=\"woocommerce-Price-amount amount\"><bdi><span class=\"woocommerce-Price-currencySymbol\">&#67;&#72;&#70;<\/span>&nbsp;6.00<\/bdi><\/span> <small class=\"woocommerce-price-suffix\">TVA incluse<\/small><\/span>\n<\/div><\/div><\/div><\/a><div class='avia_cart_buttons'><a href=\"\/fr\/wp-json\/wp\/v2\/pages\/9012?add-to-cart=6564\" aria-describedby=\"woocommerce_loop_add_to_cart_link_describedby_6564\" data-quantity=\"1\" class=\"button product_type_simple add_to_cart_button ajax_add_to_cart\" data-product_id=\"6564\" data-product_sku=\"FPO-S044-45\" aria-label=\"Ajouter au panier\u00a0: \u201cSrinagar (Curry)\u201d\" rel=\"nofollow\" data-success_message=\"\u00ab\u00a0Srinagar (Curry)\u00a0\u00bb a \u00e9t\u00e9 ajout\u00e9 \u00e0 votre panier\" role=\"button\" data-no-translation-aria-label=\"\" data-no-translation-data-success_message=\"\"><span class=\"avia-svg-icon avia-font-svg_entypo-fontello\" data-av_svg_icon='basket' data-av_iconset='svg_entypo-fontello'><svg version=\"1.1\" xmlns=\"http:\/\/www.w3.org\/2000\/svg\" width=\"29\" height=\"32\" viewbox=\"0 0 29 32\" preserveaspectratio=\"xMidYMid meet\" aria-labelledby='av-svg-title-101' aria-describedby='av-svg-desc-101' role=\"graphics-symbol\" aria-hidden=\"true\">\n<title id='av-svg-title-101'>Ajouter au panier<\/title>\n<desc id='av-svg-desc-101'>Ajouter au panier<\/desc>\n<path d=\"M4.8 27.2q0-1.28 0.96-2.24t2.24-0.96q1.344 0 2.272 0.96t0.928 2.24q0 1.344-0.928 2.272t-2.272 0.928q-1.28 0-2.24-0.928t-0.96-2.272zM20.8 27.2q0-1.28 0.96-2.24t2.24-0.96q1.344 0 2.272 0.96t0.928 2.24q0 1.344-0.928 2.272t-2.272 0.928q-1.28 0-2.24-0.928t-0.96-2.272zM10.496 19.648q-1.152 0.32-1.088 0.736t1.408 0.416h17.984v2.432q0 0.64-0.64 0.64h-20.928q-0.64 0-0.64-0.64v-2.432l-0.32-1.472-3.136-14.528h-3.136v-2.56q0-0.64 0.64-0.64h4.992q0.64 0 0.64 0.64v2.752h22.528v8.768q0 0.704-0.576 0.832z\"><\/path>\n<\/svg><\/span>  Ajouter au panier<\/a>\t<span id=\"woocommerce_loop_add_to_cart_link_describedby_6564\" class=\"screen-reader-text\">\n\t\t\t<\/span>\n<a class=\"button show_details_button\" href=\"https:\/\/www.raffinessen.ch\/fr\/produit\/srinagar\/\"><span class=\"avia-svg-icon avia-font-svg_entypo-fontello\" data-av_svg_icon='doc-text' data-av_iconset='svg_entypo-fontello'><svg version=\"1.1\" xmlns=\"http:\/\/www.w3.org\/2000\/svg\" width=\"22\" height=\"32\" viewbox=\"0 0 22 32\" preserveaspectratio=\"xMidYMid meet\" aria-labelledby='av-svg-title-102' aria-describedby='av-svg-desc-102' role=\"graphics-symbol\" aria-hidden=\"true\">\n<title id='av-svg-title-102'>Voir les d\u00e9tails<\/title>\n<desc id='av-svg-desc-102'>Voir les d\u00e9tails<\/desc>\n<path d=\"M6.784 17.344v-2.88h8.96v2.88h-8.96zM19.2 1.6q1.344 0 2.272 0.928t0.928 2.272v22.4q0 1.28-0.928 2.24t-2.272 0.96h-16q-1.28 0-2.24-0.96t-0.96-2.24v-22.4q0-1.344 0.96-2.272t2.24-0.928h16zM19.2 27.2v-22.4h-16v22.4h16zM15.68 8.256v2.816h-8.96v-2.816h8.96zM15.68 20.8v2.816h-8.96v-2.816h8.96z\"><\/path>\n<\/svg><\/span>  Voir les d\u00e9tails<\/a> <span class=\"button-mini-delimiter\"><\/span><\/div><\/div><\/li>\n<li class=\"product type-product post-2620 status-publish last instock product_cat-einzel-gewuerze product_cat-gewuerze-einzeln product_cat-unkategorisiert has-post-thumbnail taxable shipping-taxable purchasable product-type-simple\">\n\t<div class='inner_product main_color wrapped_style noLightbox  av-product-class-'><a href=\"https:\/\/www.raffinessen.ch\/fr\/produit\/schwarzer-kampot-pfeffer-333\/\" class=\"woocommerce-LoopProduct-link woocommerce-loop-product__link\"><div class=\"thumbnail_container\"><img loading=\"lazy\" decoding=\"async\" width=\"500\" height=\"500\" src=\"https:\/\/www.raffinessen.ch\/webseite\/wp-content\/uploads\/2018\/12\/investment-schwarzer-kampot-pfeffer-500x500.jpg\" class=\"attachment-woocommerce_thumbnail avia-product-hover\" alt=\"\" srcset=\"https:\/\/www.raffinessen.ch\/webseite\/wp-content\/uploads\/2018\/12\/investment-schwarzer-kampot-pfeffer-500x500.jpg 500w, https:\/\/www.raffinessen.ch\/webseite\/wp-content\/uploads\/2018\/12\/investment-schwarzer-kampot-pfeffer-80x80.jpg 80w, https:\/\/www.raffinessen.ch\/webseite\/wp-content\/uploads\/2018\/12\/investment-schwarzer-kampot-pfeffer-300x300.jpg 300w, https:\/\/www.raffinessen.ch\/webseite\/wp-content\/uploads\/2018\/12\/investment-schwarzer-kampot-pfeffer-768x768.jpg 768w, https:\/\/www.raffinessen.ch\/webseite\/wp-content\/uploads\/2018\/12\/investment-schwarzer-kampot-pfeffer-1030x1030.jpg 1030w, https:\/\/www.raffinessen.ch\/webseite\/wp-content\/uploads\/2018\/12\/investment-schwarzer-kampot-pfeffer-36x36.jpg 36w, https:\/\/www.raffinessen.ch\/webseite\/wp-content\/uploads\/2018\/12\/investment-schwarzer-kampot-pfeffer-180x180.jpg 180w, https:\/\/www.raffinessen.ch\/webseite\/wp-content\/uploads\/2018\/12\/investment-schwarzer-kampot-pfeffer-1500x1500.jpg 1500w, https:\/\/www.raffinessen.ch\/webseite\/wp-content\/uploads\/2018\/12\/investment-schwarzer-kampot-pfeffer-705x705.jpg 705w, https:\/\/www.raffinessen.ch\/webseite\/wp-content\/uploads\/2018\/12\/investment-schwarzer-kampot-pfeffer-100x100.jpg 100w, https:\/\/www.raffinessen.ch\/webseite\/wp-content\/uploads\/2018\/12\/investment-schwarzer-kampot-pfeffer-1000x1000.jpg 1000w, https:\/\/www.raffinessen.ch\/webseite\/wp-content\/uploads\/2018\/12\/investment-schwarzer-kampot-pfeffer.jpg 2000w\" sizes=\"auto, (max-width: 500px) 100vw, 500px\" \/><img decoding=\"async\" loading=\"lazy\" width=\"500\" height=\"500\" src=\"https:\/\/www.raffinessen.ch\/webseite\/wp-content\/uploads\/2018\/12\/schwarzer-kampot-pfeffer-500x500.jpg\" class=\"wp-image-3808 avia-img-lazy-loading-3808 attachment-woocommerce_thumbnail size-woocommerce_thumbnail wp-post-image\" alt=\"\" srcset=\"https:\/\/www.raffinessen.ch\/webseite\/wp-content\/uploads\/2018\/12\/schwarzer-kampot-pfeffer-500x500.jpg 500w, https:\/\/www.raffinessen.ch\/webseite\/wp-content\/uploads\/2018\/12\/schwarzer-kampot-pfeffer-80x80.jpg 80w, https:\/\/www.raffinessen.ch\/webseite\/wp-content\/uploads\/2018\/12\/schwarzer-kampot-pfeffer-300x300.jpg 300w, https:\/\/www.raffinessen.ch\/webseite\/wp-content\/uploads\/2018\/12\/schwarzer-kampot-pfeffer-768x768.jpg 768w, https:\/\/www.raffinessen.ch\/webseite\/wp-content\/uploads\/2018\/12\/schwarzer-kampot-pfeffer-1030x1030.jpg 1030w, https:\/\/www.raffinessen.ch\/webseite\/wp-content\/uploads\/2018\/12\/schwarzer-kampot-pfeffer-36x36.jpg 36w, https:\/\/www.raffinessen.ch\/webseite\/wp-content\/uploads\/2018\/12\/schwarzer-kampot-pfeffer-180x180.jpg 180w, https:\/\/www.raffinessen.ch\/webseite\/wp-content\/uploads\/2018\/12\/schwarzer-kampot-pfeffer-1500x1500.jpg 1500w, https:\/\/www.raffinessen.ch\/webseite\/wp-content\/uploads\/2018\/12\/schwarzer-kampot-pfeffer-705x705.jpg 705w, https:\/\/www.raffinessen.ch\/webseite\/wp-content\/uploads\/2018\/12\/schwarzer-kampot-pfeffer-100x100.jpg 100w, https:\/\/www.raffinessen.ch\/webseite\/wp-content\/uploads\/2018\/12\/schwarzer-kampot-pfeffer-1000x1000.jpg 1000w, https:\/\/www.raffinessen.ch\/webseite\/wp-content\/uploads\/2018\/12\/schwarzer-kampot-pfeffer.jpg 2000w\" sizes=\"auto, (max-width: 500px) 100vw, 500px\" \/><span class=\"cart-loading\"><\/span><\/div><div class='inner_product_header'><div class='avia-arrow'><\/div><div class='inner_product_header_table'><div class='inner_product_header_cell'><h2 class=\"woocommerce-loop-product__title\">poivre noir de Kampot (333 g)<\/h2>\n\t<span class=\"price\"><span class=\"woocommerce-Price-amount amount\"><bdi><span class=\"woocommerce-Price-currencySymbol\">&#67;&#72;&#70;<\/span>&nbsp;45.00<\/bdi><\/span> <small class=\"woocommerce-price-suffix\">TVA incluse<\/small><\/span>\n<\/div><\/div><\/div><\/a><div class='avia_cart_buttons'><a href=\"\/fr\/wp-json\/wp\/v2\/pages\/9012?add-to-cart=2620\" aria-describedby=\"woocommerce_loop_add_to_cart_link_describedby_2620\" data-quantity=\"1\" class=\"button product_type_simple add_to_cart_button ajax_add_to_cart\" data-product_id=\"2620\" data-product_sku=\"FPO-R0029-333\" aria-label=\"Ajouter au panier\u00a0: \u201cschwarzer Kampot Pfeffer (333 g)\u201d\" rel=\"nofollow\" data-success_message=\"\u00ab\u00a0schwarzer Kampot Pfeffer (333 g)\u00a0\u00bb a \u00e9t\u00e9 ajout\u00e9 \u00e0 votre panier\" role=\"button\" data-no-translation-aria-label=\"\" data-no-translation-data-success_message=\"\"><span class=\"avia-svg-icon avia-font-svg_entypo-fontello\" data-av_svg_icon='basket' data-av_iconset='svg_entypo-fontello'><svg version=\"1.1\" xmlns=\"http:\/\/www.w3.org\/2000\/svg\" width=\"29\" height=\"32\" viewbox=\"0 0 29 32\" preserveaspectratio=\"xMidYMid meet\" aria-labelledby='av-svg-title-103' aria-describedby='av-svg-desc-103' role=\"graphics-symbol\" aria-hidden=\"true\">\n<title id='av-svg-title-103'>Ajouter au panier<\/title>\n<desc id='av-svg-desc-103'>Ajouter au panier<\/desc>\n<path d=\"M4.8 27.2q0-1.28 0.96-2.24t2.24-0.96q1.344 0 2.272 0.96t0.928 2.24q0 1.344-0.928 2.272t-2.272 0.928q-1.28 0-2.24-0.928t-0.96-2.272zM20.8 27.2q0-1.28 0.96-2.24t2.24-0.96q1.344 0 2.272 0.96t0.928 2.24q0 1.344-0.928 2.272t-2.272 0.928q-1.28 0-2.24-0.928t-0.96-2.272zM10.496 19.648q-1.152 0.32-1.088 0.736t1.408 0.416h17.984v2.432q0 0.64-0.64 0.64h-20.928q-0.64 0-0.64-0.64v-2.432l-0.32-1.472-3.136-14.528h-3.136v-2.56q0-0.64 0.64-0.64h4.992q0.64 0 0.64 0.64v2.752h22.528v8.768q0 0.704-0.576 0.832z\"><\/path>\n<\/svg><\/span>  Ajouter au panier<\/a>\t<span id=\"woocommerce_loop_add_to_cart_link_describedby_2620\" class=\"screen-reader-text\">\n\t\t\t<\/span>\n<a class=\"button show_details_button\" href=\"https:\/\/www.raffinessen.ch\/fr\/produit\/schwarzer-kampot-pfeffer-333\/\"><span class=\"avia-svg-icon avia-font-svg_entypo-fontello\" data-av_svg_icon='doc-text' data-av_iconset='svg_entypo-fontello'><svg version=\"1.1\" xmlns=\"http:\/\/www.w3.org\/2000\/svg\" width=\"22\" height=\"32\" viewbox=\"0 0 22 32\" preserveaspectratio=\"xMidYMid meet\" aria-labelledby='av-svg-title-104' aria-describedby='av-svg-desc-104' role=\"graphics-symbol\" aria-hidden=\"true\">\n<title id='av-svg-title-104'>Voir les d\u00e9tails<\/title>\n<desc id='av-svg-desc-104'>Voir les d\u00e9tails<\/desc>\n<path d=\"M6.784 17.344v-2.88h8.96v2.88h-8.96zM19.2 1.6q1.344 0 2.272 0.928t0.928 2.272v22.4q0 1.28-0.928 2.24t-2.272 0.96h-16q-1.28 0-2.24-0.96t-0.96-2.24v-22.4q0-1.344 0.96-2.272t2.24-0.928h16zM19.2 27.2v-22.4h-16v22.4h16zM15.68 8.256v2.816h-8.96v-2.816h8.96zM15.68 20.8v2.816h-8.96v-2.816h8.96z\"><\/path>\n<\/svg><\/span>  Voir les d\u00e9tails<\/a> <span class=\"button-mini-delimiter\"><\/span><\/div><\/div><\/li>\n<li class=\"product type-product post-6248 status-publish first instock product_cat-einzel-gewuerze product_cat-gewuerze-einzeln product_cat-unkategorisiert has-post-thumbnail taxable shipping-taxable purchasable product-type-simple\">\n\t<div class='inner_product main_color wrapped_style noLightbox  av-product-class-'><a href=\"https:\/\/www.raffinessen.ch\/fr\/produit\/feines-meersalz-fein-aus-kampot-60g\/\" class=\"woocommerce-LoopProduct-link woocommerce-loop-product__link\"><div class=\"thumbnail_container\"><img loading=\"lazy\" decoding=\"async\" width=\"500\" height=\"500\" src=\"https:\/\/www.raffinessen.ch\/webseite\/wp-content\/uploads\/2020\/06\/Bild_Meersalz-fein_FP-110x185-01-500x500.jpg\" class=\"attachment-woocommerce_thumbnail avia-product-hover\" alt=\"\" srcset=\"https:\/\/www.raffinessen.ch\/webseite\/wp-content\/uploads\/2020\/06\/Bild_Meersalz-fein_FP-110x185-01-500x500.jpg 500w, https:\/\/www.raffinessen.ch\/webseite\/wp-content\/uploads\/2020\/06\/Bild_Meersalz-fein_FP-110x185-01-300x300.jpg 300w, https:\/\/www.raffinessen.ch\/webseite\/wp-content\/uploads\/2020\/06\/Bild_Meersalz-fein_FP-110x185-01-1030x1030.jpg 1030w, https:\/\/www.raffinessen.ch\/webseite\/wp-content\/uploads\/2020\/06\/Bild_Meersalz-fein_FP-110x185-01-80x80.jpg 80w, https:\/\/www.raffinessen.ch\/webseite\/wp-content\/uploads\/2020\/06\/Bild_Meersalz-fein_FP-110x185-01-768x768.jpg 768w, https:\/\/www.raffinessen.ch\/webseite\/wp-content\/uploads\/2020\/06\/Bild_Meersalz-fein_FP-110x185-01-1536x1536.jpg 1536w, https:\/\/www.raffinessen.ch\/webseite\/wp-content\/uploads\/2020\/06\/Bild_Meersalz-fein_FP-110x185-01-36x36.jpg 36w, https:\/\/www.raffinessen.ch\/webseite\/wp-content\/uploads\/2020\/06\/Bild_Meersalz-fein_FP-110x185-01-180x180.jpg 180w, https:\/\/www.raffinessen.ch\/webseite\/wp-content\/uploads\/2020\/06\/Bild_Meersalz-fein_FP-110x185-01-1500x1500.jpg 1500w, https:\/\/www.raffinessen.ch\/webseite\/wp-content\/uploads\/2020\/06\/Bild_Meersalz-fein_FP-110x185-01-705x705.jpg 705w, https:\/\/www.raffinessen.ch\/webseite\/wp-content\/uploads\/2020\/06\/Bild_Meersalz-fein_FP-110x185-01-100x100.jpg 100w, https:\/\/www.raffinessen.ch\/webseite\/wp-content\/uploads\/2020\/06\/Bild_Meersalz-fein_FP-110x185-01-1000x1000.jpg 1000w, https:\/\/www.raffinessen.ch\/webseite\/wp-content\/uploads\/2020\/06\/Bild_Meersalz-fein_FP-110x185-01.jpg 2000w\" sizes=\"auto, (max-width: 500px) 100vw, 500px\" \/><img decoding=\"async\" loading=\"lazy\" width=\"500\" height=\"500\" src=\"https:\/\/www.raffinessen.ch\/webseite\/wp-content\/uploads\/2020\/06\/Meersalz-fein_Zeichenfl\u00e4che-1-500x500.jpg\" class=\"wp-image-6246 avia-img-lazy-loading-6246 attachment-woocommerce_thumbnail size-woocommerce_thumbnail wp-post-image\" alt=\"\" srcset=\"https:\/\/www.raffinessen.ch\/webseite\/wp-content\/uploads\/2020\/06\/Meersalz-fein_Zeichenfl\u00e4che-1-500x500.jpg 500w, https:\/\/www.raffinessen.ch\/webseite\/wp-content\/uploads\/2020\/06\/Meersalz-fein_Zeichenfl\u00e4che-1-300x300.jpg 300w, https:\/\/www.raffinessen.ch\/webseite\/wp-content\/uploads\/2020\/06\/Meersalz-fein_Zeichenfl\u00e4che-1-1030x1030.jpg 1030w, https:\/\/www.raffinessen.ch\/webseite\/wp-content\/uploads\/2020\/06\/Meersalz-fein_Zeichenfl\u00e4che-1-80x80.jpg 80w, https:\/\/www.raffinessen.ch\/webseite\/wp-content\/uploads\/2020\/06\/Meersalz-fein_Zeichenfl\u00e4che-1-768x768.jpg 768w, https:\/\/www.raffinessen.ch\/webseite\/wp-content\/uploads\/2020\/06\/Meersalz-fein_Zeichenfl\u00e4che-1-1536x1536.jpg 1536w, https:\/\/www.raffinessen.ch\/webseite\/wp-content\/uploads\/2020\/06\/Meersalz-fein_Zeichenfl\u00e4che-1-36x36.jpg 36w, https:\/\/www.raffinessen.ch\/webseite\/wp-content\/uploads\/2020\/06\/Meersalz-fein_Zeichenfl\u00e4che-1-180x180.jpg 180w, https:\/\/www.raffinessen.ch\/webseite\/wp-content\/uploads\/2020\/06\/Meersalz-fein_Zeichenfl\u00e4che-1-1500x1500.jpg 1500w, https:\/\/www.raffinessen.ch\/webseite\/wp-content\/uploads\/2020\/06\/Meersalz-fein_Zeichenfl\u00e4che-1-705x705.jpg 705w, https:\/\/www.raffinessen.ch\/webseite\/wp-content\/uploads\/2020\/06\/Meersalz-fein_Zeichenfl\u00e4che-1-100x100.jpg 100w, https:\/\/www.raffinessen.ch\/webseite\/wp-content\/uploads\/2020\/06\/Meersalz-fein_Zeichenfl\u00e4che-1-1000x1000.jpg 1000w, https:\/\/www.raffinessen.ch\/webseite\/wp-content\/uploads\/2020\/06\/Meersalz-fein_Zeichenfl\u00e4che-1.jpg 2000w\" sizes=\"auto, (max-width: 500px) 100vw, 500px\" \/><span class=\"cart-loading\"><\/span><\/div><div class='inner_product_header'><div class='avia-arrow'><\/div><div class='inner_product_header_table'><div class='inner_product_header_cell'><h2 class=\"woocommerce-loop-product__title\">Sel de mer fin de Kampot (60g)<\/h2>\n\t<span class=\"price\"><span class=\"woocommerce-Price-amount amount\"><bdi><span class=\"woocommerce-Price-currencySymbol\">&#67;&#72;&#70;<\/span>&nbsp;4.00<\/bdi><\/span> <small class=\"woocommerce-price-suffix\">TVA incluse<\/small><\/span>\n<\/div><\/div><\/div><\/a><div class='avia_cart_buttons'><a href=\"\/fr\/wp-json\/wp\/v2\/pages\/9012?add-to-cart=6248\" aria-describedby=\"woocommerce_loop_add_to_cart_link_describedby_6248\" data-quantity=\"1\" class=\"button product_type_simple add_to_cart_button ajax_add_to_cart\" data-product_id=\"6248\" data-product_sku=\"FPO-R0050-60\" aria-label=\"Ajouter au panier\u00a0: \u201cFeines Meersalz aus Kampot (60g)\u201d\" rel=\"nofollow\" data-success_message=\"\u00ab\u00a0Feines Meersalz aus Kampot (60g)\u00a0\u00bb a \u00e9t\u00e9 ajout\u00e9 \u00e0 votre panier\" role=\"button\" data-no-translation-aria-label=\"\" data-no-translation-data-success_message=\"\"><span class=\"avia-svg-icon avia-font-svg_entypo-fontello\" data-av_svg_icon='basket' data-av_iconset='svg_entypo-fontello'><svg version=\"1.1\" xmlns=\"http:\/\/www.w3.org\/2000\/svg\" width=\"29\" height=\"32\" viewbox=\"0 0 29 32\" preserveaspectratio=\"xMidYMid meet\" aria-labelledby='av-svg-title-105' aria-describedby='av-svg-desc-105' role=\"graphics-symbol\" aria-hidden=\"true\">\n<title id='av-svg-title-105'>Ajouter au panier<\/title>\n<desc id='av-svg-desc-105'>Ajouter au panier<\/desc>\n<path d=\"M4.8 27.2q0-1.28 0.96-2.24t2.24-0.96q1.344 0 2.272 0.96t0.928 2.24q0 1.344-0.928 2.272t-2.272 0.928q-1.28 0-2.24-0.928t-0.96-2.272zM20.8 27.2q0-1.28 0.96-2.24t2.24-0.96q1.344 0 2.272 0.96t0.928 2.24q0 1.344-0.928 2.272t-2.272 0.928q-1.28 0-2.24-0.928t-0.96-2.272zM10.496 19.648q-1.152 0.32-1.088 0.736t1.408 0.416h17.984v2.432q0 0.64-0.64 0.64h-20.928q-0.64 0-0.64-0.64v-2.432l-0.32-1.472-3.136-14.528h-3.136v-2.56q0-0.64 0.64-0.64h4.992q0.64 0 0.64 0.64v2.752h22.528v8.768q0 0.704-0.576 0.832z\"><\/path>\n<\/svg><\/span>  Ajouter au panier<\/a>\t<span id=\"woocommerce_loop_add_to_cart_link_describedby_6248\" class=\"screen-reader-text\">\n\t\t\t<\/span>\n<a class=\"button show_details_button\" href=\"https:\/\/www.raffinessen.ch\/fr\/produit\/feines-meersalz-fein-aus-kampot-60g\/\"><span class=\"avia-svg-icon avia-font-svg_entypo-fontello\" data-av_svg_icon='doc-text' data-av_iconset='svg_entypo-fontello'><svg version=\"1.1\" xmlns=\"http:\/\/www.w3.org\/2000\/svg\" width=\"22\" height=\"32\" viewbox=\"0 0 22 32\" preserveaspectratio=\"xMidYMid meet\" aria-labelledby='av-svg-title-106' aria-describedby='av-svg-desc-106' role=\"graphics-symbol\" aria-hidden=\"true\">\n<title id='av-svg-title-106'>Voir les d\u00e9tails<\/title>\n<desc id='av-svg-desc-106'>Voir les d\u00e9tails<\/desc>\n<path d=\"M6.784 17.344v-2.88h8.96v2.88h-8.96zM19.2 1.6q1.344 0 2.272 0.928t0.928 2.272v22.4q0 1.28-0.928 2.24t-2.272 0.96h-16q-1.28 0-2.24-0.96t-0.96-2.24v-22.4q0-1.344 0.96-2.272t2.24-0.928h16zM19.2 27.2v-22.4h-16v22.4h16zM15.68 8.256v2.816h-8.96v-2.816h8.96zM15.68 20.8v2.816h-8.96v-2.816h8.96z\"><\/path>\n<\/svg><\/span>  Voir les d\u00e9tails<\/a> <span class=\"button-mini-delimiter\"><\/span><\/div><\/div><\/li>\n<li class=\"product type-product post-6621 status-publish instock product_cat-grob has-post-thumbnail taxable shipping-taxable purchasable product-type-simple\">\n\t<div class='inner_product main_color wrapped_style noLightbox  av-product-class-'><a href=\"https:\/\/www.raffinessen.ch\/fr\/produit\/catania\/\" class=\"woocommerce-LoopProduct-link woocommerce-loop-product__link\"><div class=\"thumbnail_container\"><img loading=\"lazy\" decoding=\"async\" width=\"500\" height=\"500\" src=\"https:\/\/www.raffinessen.ch\/webseite\/wp-content\/uploads\/2020\/07\/catania-beutel-500x500.jpg\" class=\"attachment-woocommerce_thumbnail avia-product-hover\" alt=\"\" srcset=\"https:\/\/www.raffinessen.ch\/webseite\/wp-content\/uploads\/2020\/07\/catania-beutel-500x500.jpg 500w, https:\/\/www.raffinessen.ch\/webseite\/wp-content\/uploads\/2020\/07\/catania-beutel-300x300.jpg 300w, https:\/\/www.raffinessen.ch\/webseite\/wp-content\/uploads\/2020\/07\/catania-beutel-1030x1030.jpg 1030w, https:\/\/www.raffinessen.ch\/webseite\/wp-content\/uploads\/2020\/07\/catania-beutel-80x80.jpg 80w, https:\/\/www.raffinessen.ch\/webseite\/wp-content\/uploads\/2020\/07\/catania-beutel-768x768.jpg 768w, https:\/\/www.raffinessen.ch\/webseite\/wp-content\/uploads\/2020\/07\/catania-beutel-1536x1536.jpg 1536w, https:\/\/www.raffinessen.ch\/webseite\/wp-content\/uploads\/2020\/07\/catania-beutel-36x36.jpg 36w, https:\/\/www.raffinessen.ch\/webseite\/wp-content\/uploads\/2020\/07\/catania-beutel-180x180.jpg 180w, https:\/\/www.raffinessen.ch\/webseite\/wp-content\/uploads\/2020\/07\/catania-beutel-1500x1500.jpg 1500w, https:\/\/www.raffinessen.ch\/webseite\/wp-content\/uploads\/2020\/07\/catania-beutel-705x705.jpg 705w, https:\/\/www.raffinessen.ch\/webseite\/wp-content\/uploads\/2020\/07\/catania-beutel-100x100.jpg 100w, https:\/\/www.raffinessen.ch\/webseite\/wp-content\/uploads\/2020\/07\/catania-beutel-1000x1000.jpg 1000w, https:\/\/www.raffinessen.ch\/webseite\/wp-content\/uploads\/2020\/07\/catania-beutel.jpg 2000w\" sizes=\"auto, (max-width: 500px) 100vw, 500px\" \/><img decoding=\"async\" loading=\"lazy\" width=\"500\" height=\"500\" src=\"https:\/\/www.raffinessen.ch\/webseite\/wp-content\/uploads\/2020\/03\/catania-gewuerz-kreis-raffinessen-500x500.jpg\" class=\"wp-image-5131 avia-img-lazy-loading-5131 attachment-woocommerce_thumbnail size-woocommerce_thumbnail wp-post-image\" alt=\"\" srcset=\"https:\/\/www.raffinessen.ch\/webseite\/wp-content\/uploads\/2020\/03\/catania-gewuerz-kreis-raffinessen-500x500.jpg 500w, https:\/\/www.raffinessen.ch\/webseite\/wp-content\/uploads\/2020\/03\/catania-gewuerz-kreis-raffinessen-300x300.jpg 300w, https:\/\/www.raffinessen.ch\/webseite\/wp-content\/uploads\/2020\/03\/catania-gewuerz-kreis-raffinessen-1030x1030.jpg 1030w, https:\/\/www.raffinessen.ch\/webseite\/wp-content\/uploads\/2020\/03\/catania-gewuerz-kreis-raffinessen-80x80.jpg 80w, https:\/\/www.raffinessen.ch\/webseite\/wp-content\/uploads\/2020\/03\/catania-gewuerz-kreis-raffinessen-768x768.jpg 768w, https:\/\/www.raffinessen.ch\/webseite\/wp-content\/uploads\/2020\/03\/catania-gewuerz-kreis-raffinessen-1536x1536.jpg 1536w, https:\/\/www.raffinessen.ch\/webseite\/wp-content\/uploads\/2020\/03\/catania-gewuerz-kreis-raffinessen-2048x2048.jpg 2048w, https:\/\/www.raffinessen.ch\/webseite\/wp-content\/uploads\/2020\/03\/catania-gewuerz-kreis-raffinessen-36x36.jpg 36w, https:\/\/www.raffinessen.ch\/webseite\/wp-content\/uploads\/2020\/03\/catania-gewuerz-kreis-raffinessen-180x180.jpg 180w, https:\/\/www.raffinessen.ch\/webseite\/wp-content\/uploads\/2020\/03\/catania-gewuerz-kreis-raffinessen-1500x1500.jpg 1500w, https:\/\/www.raffinessen.ch\/webseite\/wp-content\/uploads\/2020\/03\/catania-gewuerz-kreis-raffinessen-705x705.jpg 705w, https:\/\/www.raffinessen.ch\/webseite\/wp-content\/uploads\/2020\/03\/catania-gewuerz-kreis-raffinessen-100x100.jpg 100w, https:\/\/www.raffinessen.ch\/webseite\/wp-content\/uploads\/2020\/03\/catania-gewuerz-kreis-raffinessen-1000x1000.jpg 1000w\" sizes=\"auto, (max-width: 500px) 100vw, 500px\" \/><span class=\"cart-loading\"><\/span><\/div><div class='inner_product_header'><div class='avia-arrow'><\/div><div class='inner_product_header_table'><div class='inner_product_header_cell'><h2 class=\"woocommerce-loop-product__title\">Catania<\/h2>\n\t<span class=\"price\"><span class=\"woocommerce-Price-amount amount\"><bdi><span class=\"woocommerce-Price-currencySymbol\">&#67;&#72;&#70;<\/span>&nbsp;6.00<\/bdi><\/span> <small class=\"woocommerce-price-suffix\">TVA incluse<\/small><\/span>\n<\/div><\/div><\/div><\/a><div class='avia_cart_buttons'><a href=\"\/fr\/wp-json\/wp\/v2\/pages\/9012?add-to-cart=6621\" aria-describedby=\"woocommerce_loop_add_to_cart_link_describedby_6621\" data-quantity=\"1\" class=\"button product_type_simple add_to_cart_button ajax_add_to_cart\" data-product_id=\"6621\" data-product_sku=\"FPO-S009-60\" aria-label=\"Ajouter au panier\u00a0: \u201cCatania\u201d\" rel=\"nofollow\" data-success_message=\"\u00ab\u00a0Catania\u00a0\u00bb a \u00e9t\u00e9 ajout\u00e9 \u00e0 votre panier\" role=\"button\" data-no-translation-aria-label=\"\" data-no-translation-data-success_message=\"\"><span class=\"avia-svg-icon avia-font-svg_entypo-fontello\" data-av_svg_icon='basket' data-av_iconset='svg_entypo-fontello'><svg version=\"1.1\" xmlns=\"http:\/\/www.w3.org\/2000\/svg\" width=\"29\" height=\"32\" viewbox=\"0 0 29 32\" preserveaspectratio=\"xMidYMid meet\" aria-labelledby='av-svg-title-107' aria-describedby='av-svg-desc-107' role=\"graphics-symbol\" aria-hidden=\"true\">\n<title id='av-svg-title-107'>Ajouter au panier<\/title>\n<desc id='av-svg-desc-107'>Ajouter au panier<\/desc>\n<path d=\"M4.8 27.2q0-1.28 0.96-2.24t2.24-0.96q1.344 0 2.272 0.96t0.928 2.24q0 1.344-0.928 2.272t-2.272 0.928q-1.28 0-2.24-0.928t-0.96-2.272zM20.8 27.2q0-1.28 0.96-2.24t2.24-0.96q1.344 0 2.272 0.96t0.928 2.24q0 1.344-0.928 2.272t-2.272 0.928q-1.28 0-2.24-0.928t-0.96-2.272zM10.496 19.648q-1.152 0.32-1.088 0.736t1.408 0.416h17.984v2.432q0 0.64-0.64 0.64h-20.928q-0.64 0-0.64-0.64v-2.432l-0.32-1.472-3.136-14.528h-3.136v-2.56q0-0.64 0.64-0.64h4.992q0.64 0 0.64 0.64v2.752h22.528v8.768q0 0.704-0.576 0.832z\"><\/path>\n<\/svg><\/span>  Ajouter au panier<\/a>\t<span id=\"woocommerce_loop_add_to_cart_link_describedby_6621\" class=\"screen-reader-text\">\n\t\t\t<\/span>\n<a class=\"button show_details_button\" href=\"https:\/\/www.raffinessen.ch\/fr\/produit\/catania\/\"><span class=\"avia-svg-icon avia-font-svg_entypo-fontello\" data-av_svg_icon='doc-text' data-av_iconset='svg_entypo-fontello'><svg version=\"1.1\" xmlns=\"http:\/\/www.w3.org\/2000\/svg\" width=\"22\" height=\"32\" viewbox=\"0 0 22 32\" preserveaspectratio=\"xMidYMid meet\" aria-labelledby='av-svg-title-108' aria-describedby='av-svg-desc-108' role=\"graphics-symbol\" aria-hidden=\"true\">\n<title id='av-svg-title-108'>Voir les d\u00e9tails<\/title>\n<desc id='av-svg-desc-108'>Voir les d\u00e9tails<\/desc>\n<path d=\"M6.784 17.344v-2.88h8.96v2.88h-8.96zM19.2 1.6q1.344 0 2.272 0.928t0.928 2.272v22.4q0 1.28-0.928 2.24t-2.272 0.96h-16q-1.28 0-2.24-0.96t-0.96-2.24v-22.4q0-1.344 0.96-2.272t2.24-0.928h16zM19.2 27.2v-22.4h-16v22.4h16zM15.68 8.256v2.816h-8.96v-2.816h8.96zM15.68 20.8v2.816h-8.96v-2.816h8.96z\"><\/path>\n<\/svg><\/span>  Voir les d\u00e9tails<\/a> <span class=\"button-mini-delimiter\"><\/span><\/div><\/div><\/li>\n<li class=\"product type-product post-3119 status-publish instock product_cat-pfeffer-abo has-post-thumbnail taxable shipping-taxable purchasable product-type-variable\">\n\t<div class='inner_product main_color wrapped_style noLightbox  av-product-class-'><a href=\"https:\/\/www.raffinessen.ch\/fr\/produit\/investment-roter-kampot-pfeffer-1000-gramm\/\" class=\"woocommerce-LoopProduct-link woocommerce-loop-product__link\"><div class=\"thumbnail_container\"><img loading=\"lazy\" decoding=\"async\" width=\"500\" height=\"500\" src=\"https:\/\/www.raffinessen.ch\/webseite\/wp-content\/uploads\/2018\/12\/investment-roter-kampot-pfeffer-500x500.jpg\" class=\"attachment-woocommerce_thumbnail avia-product-hover\" alt=\"\" srcset=\"https:\/\/www.raffinessen.ch\/webseite\/wp-content\/uploads\/2018\/12\/investment-roter-kampot-pfeffer-500x500.jpg 500w, https:\/\/www.raffinessen.ch\/webseite\/wp-content\/uploads\/2018\/12\/investment-roter-kampot-pfeffer-80x80.jpg 80w, https:\/\/www.raffinessen.ch\/webseite\/wp-content\/uploads\/2018\/12\/investment-roter-kampot-pfeffer-300x300.jpg 300w, https:\/\/www.raffinessen.ch\/webseite\/wp-content\/uploads\/2018\/12\/investment-roter-kampot-pfeffer-768x768.jpg 768w, https:\/\/www.raffinessen.ch\/webseite\/wp-content\/uploads\/2018\/12\/investment-roter-kampot-pfeffer-1030x1030.jpg 1030w, https:\/\/www.raffinessen.ch\/webseite\/wp-content\/uploads\/2018\/12\/investment-roter-kampot-pfeffer-36x36.jpg 36w, https:\/\/www.raffinessen.ch\/webseite\/wp-content\/uploads\/2018\/12\/investment-roter-kampot-pfeffer-180x180.jpg 180w, https:\/\/www.raffinessen.ch\/webseite\/wp-content\/uploads\/2018\/12\/investment-roter-kampot-pfeffer-1500x1500.jpg 1500w, https:\/\/www.raffinessen.ch\/webseite\/wp-content\/uploads\/2018\/12\/investment-roter-kampot-pfeffer-705x705.jpg 705w, https:\/\/www.raffinessen.ch\/webseite\/wp-content\/uploads\/2018\/12\/investment-roter-kampot-pfeffer-100x100.jpg 100w, https:\/\/www.raffinessen.ch\/webseite\/wp-content\/uploads\/2018\/12\/investment-roter-kampot-pfeffer-1000x1000.jpg 1000w, https:\/\/www.raffinessen.ch\/webseite\/wp-content\/uploads\/2018\/12\/investment-roter-kampot-pfeffer.jpg 2000w\" sizes=\"auto, (max-width: 500px) 100vw, 500px\" \/><img decoding=\"async\" loading=\"lazy\" width=\"500\" height=\"500\" src=\"https:\/\/www.raffinessen.ch\/webseite\/wp-content\/uploads\/2018\/12\/roter-kampot-pfeffer-500x500.jpg\" class=\"wp-image-3806 avia-img-lazy-loading-3806 attachment-woocommerce_thumbnail size-woocommerce_thumbnail wp-post-image\" alt=\"\" srcset=\"https:\/\/www.raffinessen.ch\/webseite\/wp-content\/uploads\/2018\/12\/roter-kampot-pfeffer-500x500.jpg 500w, https:\/\/www.raffinessen.ch\/webseite\/wp-content\/uploads\/2018\/12\/roter-kampot-pfeffer-80x80.jpg 80w, https:\/\/www.raffinessen.ch\/webseite\/wp-content\/uploads\/2018\/12\/roter-kampot-pfeffer-300x300.jpg 300w, https:\/\/www.raffinessen.ch\/webseite\/wp-content\/uploads\/2018\/12\/roter-kampot-pfeffer-768x768.jpg 768w, https:\/\/www.raffinessen.ch\/webseite\/wp-content\/uploads\/2018\/12\/roter-kampot-pfeffer-1030x1030.jpg 1030w, https:\/\/www.raffinessen.ch\/webseite\/wp-content\/uploads\/2018\/12\/roter-kampot-pfeffer-36x36.jpg 36w, https:\/\/www.raffinessen.ch\/webseite\/wp-content\/uploads\/2018\/12\/roter-kampot-pfeffer-180x180.jpg 180w, https:\/\/www.raffinessen.ch\/webseite\/wp-content\/uploads\/2018\/12\/roter-kampot-pfeffer-1500x1500.jpg 1500w, https:\/\/www.raffinessen.ch\/webseite\/wp-content\/uploads\/2018\/12\/roter-kampot-pfeffer-705x705.jpg 705w, https:\/\/www.raffinessen.ch\/webseite\/wp-content\/uploads\/2018\/12\/roter-kampot-pfeffer-100x100.jpg 100w, https:\/\/www.raffinessen.ch\/webseite\/wp-content\/uploads\/2018\/12\/roter-kampot-pfeffer-1000x1000.jpg 1000w, https:\/\/www.raffinessen.ch\/webseite\/wp-content\/uploads\/2018\/12\/roter-kampot-pfeffer.jpg 2000w\" sizes=\"auto, (max-width: 500px) 100vw, 500px\" \/><\/div><div class='inner_product_header'><div class='avia-arrow'><\/div><div class='inner_product_header_table'><div class='inner_product_header_cell'><h2 class=\"woocommerce-loop-product__title\">Poivre de Kampot rouge d'investissement 1000 grammes<\/h2>\n\t<span class=\"price\"><span class=\"woocommerce-Price-amount amount\"><bdi><span class=\"woocommerce-Price-currencySymbol\">&#67;&#72;&#70;<\/span>&nbsp;150.00<\/bdi><\/span> <small class=\"woocommerce-price-suffix\">TVA incluse<\/small><\/span>\n<\/div><\/div><\/div><\/a><div class='avia_cart_buttons single_button'><a href=\"https:\/\/www.raffinessen.ch\/fr\/produit\/investment-roter-kampot-pfeffer-1000-gramm\/\" aria-describedby=\"woocommerce_loop_add_to_cart_link_describedby_3119\" data-quantity=\"1\" class=\"button product_type_variable add_to_cart_button\" data-product_id=\"3119\" data-product_sku=\"GSO-001\" aria-label=\"S\u00e9lectionner les options pour \u201cInvestment roter Kampot Pfeffer 1000 Gramm\u201d\" rel=\"nofollow\" data-no-translation-aria-label=\"\"><span class=\"avia-svg-icon avia-font-svg_entypo-fontello\" data-av_svg_icon='basket' data-av_iconset='svg_entypo-fontello'><svg version=\"1.1\" xmlns=\"http:\/\/www.w3.org\/2000\/svg\" width=\"29\" height=\"32\" viewbox=\"0 0 29 32\" preserveaspectratio=\"xMidYMid meet\" aria-labelledby='av-svg-title-109' aria-describedby='av-svg-desc-109' role=\"graphics-symbol\" aria-hidden=\"true\">\n<title id='av-svg-title-109'>Ajouter au panier<\/title>\n<desc id='av-svg-desc-109'>Ajouter au panier<\/desc>\n<path d=\"M4.8 27.2q0-1.28 0.96-2.24t2.24-0.96q1.344 0 2.272 0.96t0.928 2.24q0 1.344-0.928 2.272t-2.272 0.928q-1.28 0-2.24-0.928t-0.96-2.272zM20.8 27.2q0-1.28 0.96-2.24t2.24-0.96q1.344 0 2.272 0.96t0.928 2.24q0 1.344-0.928 2.272t-2.272 0.928q-1.28 0-2.24-0.928t-0.96-2.272zM10.496 19.648q-1.152 0.32-1.088 0.736t1.408 0.416h17.984v2.432q0 0.64-0.64 0.64h-20.928q-0.64 0-0.64-0.64v-2.432l-0.32-1.472-3.136-14.528h-3.136v-2.56q0-0.64 0.64-0.64h4.992q0.64 0 0.64 0.64v2.752h22.528v8.768q0 0.704-0.576 0.832z\"><\/path>\n<\/svg><\/span>  Choix des options<\/a>\t<span id=\"woocommerce_loop_add_to_cart_link_describedby_3119\" class=\"screen-reader-text\">\n\t\tCe produit a plusieurs variations. Les options peuvent \u00eatre choisies sur la page du produit\t<\/span>\n<\/div><\/div><\/li>\n<li class=\"product type-product post-6521 status-publish last instock product_cat-gemahlen product_cat-gewuerz-mischungen has-post-thumbnail taxable shipping-taxable purchasable product-type-simple\">\n\t<div class='inner_product main_color wrapped_style noLightbox  av-product-class-'><a href=\"https:\/\/www.raffinessen.ch\/fr\/produit\/alexandria\/\" class=\"woocommerce-LoopProduct-link woocommerce-loop-product__link\"><div class=\"thumbnail_container\"><img loading=\"lazy\" decoding=\"async\" width=\"500\" height=\"500\" src=\"https:\/\/www.raffinessen.ch\/webseite\/wp-content\/uploads\/2020\/07\/alexandria-beutel-500x500.jpg\" class=\"attachment-woocommerce_thumbnail avia-product-hover\" alt=\"\" srcset=\"https:\/\/www.raffinessen.ch\/webseite\/wp-content\/uploads\/2020\/07\/alexandria-beutel-500x500.jpg 500w, https:\/\/www.raffinessen.ch\/webseite\/wp-content\/uploads\/2020\/07\/alexandria-beutel-300x300.jpg 300w, https:\/\/www.raffinessen.ch\/webseite\/wp-content\/uploads\/2020\/07\/alexandria-beutel-1030x1030.jpg 1030w, https:\/\/www.raffinessen.ch\/webseite\/wp-content\/uploads\/2020\/07\/alexandria-beutel-80x80.jpg 80w, https:\/\/www.raffinessen.ch\/webseite\/wp-content\/uploads\/2020\/07\/alexandria-beutel-768x768.jpg 768w, https:\/\/www.raffinessen.ch\/webseite\/wp-content\/uploads\/2020\/07\/alexandria-beutel-1536x1536.jpg 1536w, https:\/\/www.raffinessen.ch\/webseite\/wp-content\/uploads\/2020\/07\/alexandria-beutel-36x36.jpg 36w, https:\/\/www.raffinessen.ch\/webseite\/wp-content\/uploads\/2020\/07\/alexandria-beutel-180x180.jpg 180w, https:\/\/www.raffinessen.ch\/webseite\/wp-content\/uploads\/2020\/07\/alexandria-beutel-1500x1500.jpg 1500w, https:\/\/www.raffinessen.ch\/webseite\/wp-content\/uploads\/2020\/07\/alexandria-beutel-705x705.jpg 705w, https:\/\/www.raffinessen.ch\/webseite\/wp-content\/uploads\/2020\/07\/alexandria-beutel-100x100.jpg 100w, https:\/\/www.raffinessen.ch\/webseite\/wp-content\/uploads\/2020\/07\/alexandria-beutel-1000x1000.jpg 1000w, https:\/\/www.raffinessen.ch\/webseite\/wp-content\/uploads\/2020\/07\/alexandria-beutel.jpg 2000w\" sizes=\"auto, (max-width: 500px) 100vw, 500px\" \/><img decoding=\"async\" loading=\"lazy\" width=\"500\" height=\"500\" src=\"https:\/\/www.raffinessen.ch\/webseite\/wp-content\/uploads\/2020\/07\/Baharat_1500x1500-500x500.jpg\" class=\"wp-image-17205 avia-img-lazy-loading-17205 attachment-woocommerce_thumbnail size-woocommerce_thumbnail wp-post-image\" alt=\"\" srcset=\"https:\/\/www.raffinessen.ch\/webseite\/wp-content\/uploads\/2020\/07\/Baharat_1500x1500-500x500.jpg 500w, https:\/\/www.raffinessen.ch\/webseite\/wp-content\/uploads\/2020\/07\/Baharat_1500x1500-300x300.jpg 300w, https:\/\/www.raffinessen.ch\/webseite\/wp-content\/uploads\/2020\/07\/Baharat_1500x1500-1030x1030.jpg 1030w, https:\/\/www.raffinessen.ch\/webseite\/wp-content\/uploads\/2020\/07\/Baharat_1500x1500-80x80.jpg 80w, https:\/\/www.raffinessen.ch\/webseite\/wp-content\/uploads\/2020\/07\/Baharat_1500x1500-768x768.jpg 768w, https:\/\/www.raffinessen.ch\/webseite\/wp-content\/uploads\/2020\/07\/Baharat_1500x1500-12x12.jpg 12w, https:\/\/www.raffinessen.ch\/webseite\/wp-content\/uploads\/2020\/07\/Baharat_1500x1500-36x36.jpg 36w, https:\/\/www.raffinessen.ch\/webseite\/wp-content\/uploads\/2020\/07\/Baharat_1500x1500-180x180.jpg 180w, https:\/\/www.raffinessen.ch\/webseite\/wp-content\/uploads\/2020\/07\/Baharat_1500x1500-705x705.jpg 705w, https:\/\/www.raffinessen.ch\/webseite\/wp-content\/uploads\/2020\/07\/Baharat_1500x1500-120x120.jpg 120w, https:\/\/www.raffinessen.ch\/webseite\/wp-content\/uploads\/2020\/07\/Baharat_1500x1500-450x450.jpg 450w, https:\/\/www.raffinessen.ch\/webseite\/wp-content\/uploads\/2020\/07\/Baharat_1500x1500-1000x1000.jpg 1000w, https:\/\/www.raffinessen.ch\/webseite\/wp-content\/uploads\/2020\/07\/Baharat_1500x1500-100x100.jpg 100w, https:\/\/www.raffinessen.ch\/webseite\/wp-content\/uploads\/2020\/07\/Baharat_1500x1500.jpg 1500w\" sizes=\"auto, (max-width: 500px) 100vw, 500px\" \/><span class=\"cart-loading\"><\/span><\/div><div class='inner_product_header'><div class='avia-arrow'><\/div><div class='inner_product_header_table'><div class='inner_product_header_cell'><h2 class=\"woocommerce-loop-product__title\">Alexandrie (anciennement Baharat)<\/h2>\n\t<span class=\"price\"><span class=\"woocommerce-Price-amount amount\"><bdi><span class=\"woocommerce-Price-currencySymbol\">&#67;&#72;&#70;<\/span>&nbsp;6.00<\/bdi><\/span> <small class=\"woocommerce-price-suffix\">TVA incluse<\/small><\/span>\n<\/div><\/div><\/div><\/a><div class='avia_cart_buttons'><a href=\"\/fr\/wp-json\/wp\/v2\/pages\/9012?add-to-cart=6521\" aria-describedby=\"woocommerce_loop_add_to_cart_link_describedby_6521\" data-quantity=\"1\" class=\"button product_type_simple add_to_cart_button ajax_add_to_cart\" data-product_id=\"6521\" data-product_sku=\"FPO-S004-70\" aria-label=\"Ajouter au panier\u00a0: \u201cAlexandria (bisher Baharat)\u201d\" rel=\"nofollow\" data-success_message=\"\u00ab\u00a0Alexandria (bisher Baharat)\u00a0\u00bb a \u00e9t\u00e9 ajout\u00e9 \u00e0 votre panier\" role=\"button\" data-no-translation-aria-label=\"\" data-no-translation-data-success_message=\"\"><span class=\"avia-svg-icon avia-font-svg_entypo-fontello\" data-av_svg_icon='basket' data-av_iconset='svg_entypo-fontello'><svg version=\"1.1\" xmlns=\"http:\/\/www.w3.org\/2000\/svg\" width=\"29\" height=\"32\" viewbox=\"0 0 29 32\" preserveaspectratio=\"xMidYMid meet\" aria-labelledby='av-svg-title-110' aria-describedby='av-svg-desc-110' role=\"graphics-symbol\" aria-hidden=\"true\">\n<title id='av-svg-title-110'>Ajouter au panier<\/title>\n<desc id='av-svg-desc-110'>Ajouter au panier<\/desc>\n<path d=\"M4.8 27.2q0-1.28 0.96-2.24t2.24-0.96q1.344 0 2.272 0.96t0.928 2.24q0 1.344-0.928 2.272t-2.272 0.928q-1.28 0-2.24-0.928t-0.96-2.272zM20.8 27.2q0-1.28 0.96-2.24t2.24-0.96q1.344 0 2.272 0.96t0.928 2.24q0 1.344-0.928 2.272t-2.272 0.928q-1.28 0-2.24-0.928t-0.96-2.272zM10.496 19.648q-1.152 0.32-1.088 0.736t1.408 0.416h17.984v2.432q0 0.64-0.64 0.64h-20.928q-0.64 0-0.64-0.64v-2.432l-0.32-1.472-3.136-14.528h-3.136v-2.56q0-0.64 0.64-0.64h4.992q0.64 0 0.64 0.64v2.752h22.528v8.768q0 0.704-0.576 0.832z\"><\/path>\n<\/svg><\/span>  Ajouter au panier<\/a>\t<span id=\"woocommerce_loop_add_to_cart_link_describedby_6521\" class=\"screen-reader-text\">\n\t\t\t<\/span>\n<a class=\"button show_details_button\" href=\"https:\/\/www.raffinessen.ch\/fr\/produit\/alexandria\/\"><span class=\"avia-svg-icon avia-font-svg_entypo-fontello\" data-av_svg_icon='doc-text' data-av_iconset='svg_entypo-fontello'><svg version=\"1.1\" xmlns=\"http:\/\/www.w3.org\/2000\/svg\" width=\"22\" height=\"32\" viewbox=\"0 0 22 32\" preserveaspectratio=\"xMidYMid meet\" aria-labelledby='av-svg-title-111' aria-describedby='av-svg-desc-111' role=\"graphics-symbol\" aria-hidden=\"true\">\n<title id='av-svg-title-111'>Voir les d\u00e9tails<\/title>\n<desc id='av-svg-desc-111'>Voir les d\u00e9tails<\/desc>\n<path d=\"M6.784 17.344v-2.88h8.96v2.88h-8.96zM19.2 1.6q1.344 0 2.272 0.928t0.928 2.272v22.4q0 1.28-0.928 2.24t-2.272 0.96h-16q-1.28 0-2.24-0.96t-0.96-2.24v-22.4q0-1.344 0.96-2.272t2.24-0.928h16zM19.2 27.2v-22.4h-16v22.4h16zM15.68 8.256v2.816h-8.96v-2.816h8.96zM15.68 20.8v2.816h-8.96v-2.816h8.96z\"><\/path>\n<\/svg><\/span>  Voir les d\u00e9tails<\/a> <span class=\"button-mini-delimiter\"><\/span><\/div><\/div><\/li>\n<li class=\"product type-product post-13689 status-publish first instock product_cat-gewuerze-einzeln has-post-thumbnail taxable shipping-taxable purchasable product-type-simple\">\n\t<div class='inner_product main_color wrapped_style noLightbox  av-product-class-'><a href=\"https:\/\/www.raffinessen.ch\/fr\/produit\/scharfe-gemuesepaste-90g\/\" class=\"woocommerce-LoopProduct-link woocommerce-loop-product__link\"><div class=\"thumbnail_container\"><img decoding=\"async\" loading=\"lazy\" width=\"500\" height=\"500\" src=\"https:\/\/www.raffinessen.ch\/webseite\/wp-content\/uploads\/2022\/11\/Peperoncinocreme_Dinamite_90g_2000x2000-500x500.jpg\" class=\"wp-image-13693 avia-img-lazy-loading-13693 attachment-woocommerce_thumbnail size-woocommerce_thumbnail wp-post-image\" alt=\"\" srcset=\"https:\/\/www.raffinessen.ch\/webseite\/wp-content\/uploads\/2022\/11\/Peperoncinocreme_Dinamite_90g_2000x2000-500x500.jpg 500w, https:\/\/www.raffinessen.ch\/webseite\/wp-content\/uploads\/2022\/11\/Peperoncinocreme_Dinamite_90g_2000x2000-300x300.jpg 300w, https:\/\/www.raffinessen.ch\/webseite\/wp-content\/uploads\/2022\/11\/Peperoncinocreme_Dinamite_90g_2000x2000-1030x1030.jpg 1030w, https:\/\/www.raffinessen.ch\/webseite\/wp-content\/uploads\/2022\/11\/Peperoncinocreme_Dinamite_90g_2000x2000-80x80.jpg 80w, https:\/\/www.raffinessen.ch\/webseite\/wp-content\/uploads\/2022\/11\/Peperoncinocreme_Dinamite_90g_2000x2000-768x768.jpg 768w, https:\/\/www.raffinessen.ch\/webseite\/wp-content\/uploads\/2022\/11\/Peperoncinocreme_Dinamite_90g_2000x2000-1536x1536.jpg 1536w, https:\/\/www.raffinessen.ch\/webseite\/wp-content\/uploads\/2022\/11\/Peperoncinocreme_Dinamite_90g_2000x2000-36x36.jpg 36w, https:\/\/www.raffinessen.ch\/webseite\/wp-content\/uploads\/2022\/11\/Peperoncinocreme_Dinamite_90g_2000x2000-180x180.jpg 180w, https:\/\/www.raffinessen.ch\/webseite\/wp-content\/uploads\/2022\/11\/Peperoncinocreme_Dinamite_90g_2000x2000-1500x1500.jpg 1500w, https:\/\/www.raffinessen.ch\/webseite\/wp-content\/uploads\/2022\/11\/Peperoncinocreme_Dinamite_90g_2000x2000-705x705.jpg 705w, https:\/\/www.raffinessen.ch\/webseite\/wp-content\/uploads\/2022\/11\/Peperoncinocreme_Dinamite_90g_2000x2000-120x120.jpg 120w, https:\/\/www.raffinessen.ch\/webseite\/wp-content\/uploads\/2022\/11\/Peperoncinocreme_Dinamite_90g_2000x2000-450x450.jpg 450w, https:\/\/www.raffinessen.ch\/webseite\/wp-content\/uploads\/2022\/11\/Peperoncinocreme_Dinamite_90g_2000x2000-1000x1000.jpg 1000w, https:\/\/www.raffinessen.ch\/webseite\/wp-content\/uploads\/2022\/11\/Peperoncinocreme_Dinamite_90g_2000x2000-100x100.jpg 100w, https:\/\/www.raffinessen.ch\/webseite\/wp-content\/uploads\/2022\/11\/Peperoncinocreme_Dinamite_90g_2000x2000.jpg 2000w\" sizes=\"auto, (max-width: 500px) 100vw, 500px\" \/><span class=\"cart-loading\"><\/span><\/div><div class='inner_product_header'><div class='avia-arrow'><\/div><div class='inner_product_header_table'><div class='inner_product_header_cell'><h2 class=\"woocommerce-loop-product__title\">P\u00e2te de l\u00e9gumes \u00e9pic\u00e9e (90g)<\/h2>\n\t<span class=\"price\"><span class=\"woocommerce-Price-amount amount\"><bdi><span class=\"woocommerce-Price-currencySymbol\">&#67;&#72;&#70;<\/span>&nbsp;8.00<\/bdi><\/span> <small class=\"woocommerce-price-suffix\">TVA incluse<\/small><\/span>\n<\/div><\/div><\/div><\/a><div class='avia_cart_buttons'><a href=\"\/fr\/wp-json\/wp\/v2\/pages\/9012?add-to-cart=13689\" aria-describedby=\"woocommerce_loop_add_to_cart_link_describedby_13689\" data-quantity=\"1\" class=\"button product_type_simple add_to_cart_button ajax_add_to_cart\" data-product_id=\"13689\" data-product_sku=\"PP-F0024\" aria-label=\"Ajouter au panier\u00a0: \u201cScharfe Gem\u00fcsepaste (90g)\u201d\" rel=\"nofollow\" data-success_message=\"\u00ab\u00a0Scharfe Gem\u00fcsepaste (90g)\u00a0\u00bb a \u00e9t\u00e9 ajout\u00e9 \u00e0 votre panier\" role=\"button\" data-no-translation-aria-label=\"\" data-no-translation-data-success_message=\"\"><span class=\"avia-svg-icon avia-font-svg_entypo-fontello\" data-av_svg_icon='basket' data-av_iconset='svg_entypo-fontello'><svg version=\"1.1\" xmlns=\"http:\/\/www.w3.org\/2000\/svg\" width=\"29\" height=\"32\" viewbox=\"0 0 29 32\" preserveaspectratio=\"xMidYMid meet\" aria-labelledby='av-svg-title-112' aria-describedby='av-svg-desc-112' role=\"graphics-symbol\" aria-hidden=\"true\">\n<title id='av-svg-title-112'>Ajouter au panier<\/title>\n<desc id='av-svg-desc-112'>Ajouter au panier<\/desc>\n<path d=\"M4.8 27.2q0-1.28 0.96-2.24t2.24-0.96q1.344 0 2.272 0.96t0.928 2.24q0 1.344-0.928 2.272t-2.272 0.928q-1.28 0-2.24-0.928t-0.96-2.272zM20.8 27.2q0-1.28 0.96-2.24t2.24-0.96q1.344 0 2.272 0.96t0.928 2.24q0 1.344-0.928 2.272t-2.272 0.928q-1.28 0-2.24-0.928t-0.96-2.272zM10.496 19.648q-1.152 0.32-1.088 0.736t1.408 0.416h17.984v2.432q0 0.64-0.64 0.64h-20.928q-0.64 0-0.64-0.64v-2.432l-0.32-1.472-3.136-14.528h-3.136v-2.56q0-0.64 0.64-0.64h4.992q0.64 0 0.64 0.64v2.752h22.528v8.768q0 0.704-0.576 0.832z\"><\/path>\n<\/svg><\/span>  Ajouter au panier<\/a>\t<span id=\"woocommerce_loop_add_to_cart_link_describedby_13689\" class=\"screen-reader-text\">\n\t\t\t<\/span>\n<a class=\"button show_details_button\" href=\"https:\/\/www.raffinessen.ch\/fr\/produit\/scharfe-gemuesepaste-90g\/\"><span class=\"avia-svg-icon avia-font-svg_entypo-fontello\" data-av_svg_icon='doc-text' data-av_iconset='svg_entypo-fontello'><svg version=\"1.1\" xmlns=\"http:\/\/www.w3.org\/2000\/svg\" width=\"22\" height=\"32\" viewbox=\"0 0 22 32\" preserveaspectratio=\"xMidYMid meet\" aria-labelledby='av-svg-title-113' aria-describedby='av-svg-desc-113' role=\"graphics-symbol\" aria-hidden=\"true\">\n<title id='av-svg-title-113'>Voir les d\u00e9tails<\/title>\n<desc id='av-svg-desc-113'>Voir les d\u00e9tails<\/desc>\n<path d=\"M6.784 17.344v-2.88h8.96v2.88h-8.96zM19.2 1.6q1.344 0 2.272 0.928t0.928 2.272v22.4q0 1.28-0.928 2.24t-2.272 0.96h-16q-1.28 0-2.24-0.96t-0.96-2.24v-22.4q0-1.344 0.96-2.272t2.24-0.928h16zM19.2 27.2v-22.4h-16v22.4h16zM15.68 8.256v2.816h-8.96v-2.816h8.96zM15.68 20.8v2.816h-8.96v-2.816h8.96z\"><\/path>\n<\/svg><\/span>  Voir les d\u00e9tails<\/a> <span class=\"button-mini-delimiter\"><\/span><\/div><\/div><\/li>\n<li class=\"product type-product post-20331 status-publish instock product_cat-muehlen product_cat-muehlen-und-behaelter product_cat-swiss-made product_cat-top4 has-post-thumbnail taxable shipping-taxable purchasable product-type-simple\">\n\t<div class='inner_product main_color wrapped_style noLightbox  av-product-class-'><a href=\"https:\/\/www.raffinessen.ch\/fr\/produit\/gewuerzmuehle-neo-dreifarbig\/\" class=\"woocommerce-LoopProduct-link woocommerce-loop-product__link\"><div class=\"thumbnail_container\"><img loading=\"lazy\" decoding=\"async\" width=\"500\" height=\"500\" src=\"https:\/\/www.raffinessen.ch\/webseite\/wp-content\/uploads\/2025\/12\/NEO_Deckel-offen-Boden-500x500.jpg\" class=\"attachment-woocommerce_thumbnail avia-product-hover\" alt=\"\" srcset=\"https:\/\/www.raffinessen.ch\/webseite\/wp-content\/uploads\/2025\/12\/NEO_Deckel-offen-Boden-500x500.jpg 500w, https:\/\/www.raffinessen.ch\/webseite\/wp-content\/uploads\/2025\/12\/NEO_Deckel-offen-Boden-300x300.jpg 300w, https:\/\/www.raffinessen.ch\/webseite\/wp-content\/uploads\/2025\/12\/NEO_Deckel-offen-Boden-1030x1030.jpg 1030w, https:\/\/www.raffinessen.ch\/webseite\/wp-content\/uploads\/2025\/12\/NEO_Deckel-offen-Boden-80x80.jpg 80w, https:\/\/www.raffinessen.ch\/webseite\/wp-content\/uploads\/2025\/12\/NEO_Deckel-offen-Boden-768x768.jpg 768w, https:\/\/www.raffinessen.ch\/webseite\/wp-content\/uploads\/2025\/12\/NEO_Deckel-offen-Boden-12x12.jpg 12w, https:\/\/www.raffinessen.ch\/webseite\/wp-content\/uploads\/2025\/12\/NEO_Deckel-offen-Boden-36x36.jpg 36w, https:\/\/www.raffinessen.ch\/webseite\/wp-content\/uploads\/2025\/12\/NEO_Deckel-offen-Boden-180x180.jpg 180w, https:\/\/www.raffinessen.ch\/webseite\/wp-content\/uploads\/2025\/12\/NEO_Deckel-offen-Boden-705x705.jpg 705w, https:\/\/www.raffinessen.ch\/webseite\/wp-content\/uploads\/2025\/12\/NEO_Deckel-offen-Boden-120x120.jpg 120w, https:\/\/www.raffinessen.ch\/webseite\/wp-content\/uploads\/2025\/12\/NEO_Deckel-offen-Boden-450x450.jpg 450w, https:\/\/www.raffinessen.ch\/webseite\/wp-content\/uploads\/2025\/12\/NEO_Deckel-offen-Boden-1000x1000.jpg 1000w, https:\/\/www.raffinessen.ch\/webseite\/wp-content\/uploads\/2025\/12\/NEO_Deckel-offen-Boden-100x100.jpg 100w, https:\/\/www.raffinessen.ch\/webseite\/wp-content\/uploads\/2025\/12\/NEO_Deckel-offen-Boden.jpg 1500w\" sizes=\"auto, (max-width: 500px) 100vw, 500px\" \/><img decoding=\"async\" loading=\"lazy\" width=\"500\" height=\"500\" src=\"https:\/\/www.raffinessen.ch\/webseite\/wp-content\/uploads\/2025\/12\/NEO_dreifarbig-500x500.jpg\" class=\"wp-image-20332 avia-img-lazy-loading-20332 attachment-woocommerce_thumbnail size-woocommerce_thumbnail wp-post-image\" alt=\"\" srcset=\"https:\/\/www.raffinessen.ch\/webseite\/wp-content\/uploads\/2025\/12\/NEO_dreifarbig-500x500.jpg 500w, https:\/\/www.raffinessen.ch\/webseite\/wp-content\/uploads\/2025\/12\/NEO_dreifarbig-300x300.jpg 300w, https:\/\/www.raffinessen.ch\/webseite\/wp-content\/uploads\/2025\/12\/NEO_dreifarbig-1030x1030.jpg 1030w, https:\/\/www.raffinessen.ch\/webseite\/wp-content\/uploads\/2025\/12\/NEO_dreifarbig-80x80.jpg 80w, https:\/\/www.raffinessen.ch\/webseite\/wp-content\/uploads\/2025\/12\/NEO_dreifarbig-768x768.jpg 768w, https:\/\/www.raffinessen.ch\/webseite\/wp-content\/uploads\/2025\/12\/NEO_dreifarbig-12x12.jpg 12w, https:\/\/www.raffinessen.ch\/webseite\/wp-content\/uploads\/2025\/12\/NEO_dreifarbig-36x36.jpg 36w, https:\/\/www.raffinessen.ch\/webseite\/wp-content\/uploads\/2025\/12\/NEO_dreifarbig-180x180.jpg 180w, https:\/\/www.raffinessen.ch\/webseite\/wp-content\/uploads\/2025\/12\/NEO_dreifarbig-705x705.jpg 705w, https:\/\/www.raffinessen.ch\/webseite\/wp-content\/uploads\/2025\/12\/NEO_dreifarbig-120x120.jpg 120w, https:\/\/www.raffinessen.ch\/webseite\/wp-content\/uploads\/2025\/12\/NEO_dreifarbig-450x450.jpg 450w, https:\/\/www.raffinessen.ch\/webseite\/wp-content\/uploads\/2025\/12\/NEO_dreifarbig-1000x1000.jpg 1000w, https:\/\/www.raffinessen.ch\/webseite\/wp-content\/uploads\/2025\/12\/NEO_dreifarbig-100x100.jpg 100w, https:\/\/www.raffinessen.ch\/webseite\/wp-content\/uploads\/2025\/12\/NEO_dreifarbig.jpg 1500w\" sizes=\"auto, (max-width: 500px) 100vw, 500px\" \/><span class=\"cart-loading\"><\/span><\/div><div class='inner_product_header'><div class='avia-arrow'><\/div><div class='inner_product_header_table'><div class='inner_product_header_cell'><h2 class=\"woocommerce-loop-product__title\">Gew\u00fcrzm\u00fchle NEO &#8211; dreifarbig<\/h2>\n\t<span class=\"price\"><span class=\"woocommerce-Price-amount amount\"><bdi><span class=\"woocommerce-Price-currencySymbol\">&#67;&#72;&#70;<\/span>&nbsp;29.00<\/bdi><\/span> <small class=\"woocommerce-price-suffix\">TVA incluse<\/small><\/span>\n<\/div><\/div><\/div><\/a><div class='avia_cart_buttons'><a href=\"\/fr\/wp-json\/wp\/v2\/pages\/9012?add-to-cart=20331\" aria-describedby=\"woocommerce_loop_add_to_cart_link_describedby_20331\" data-quantity=\"1\" class=\"button product_type_simple add_to_cart_button ajax_add_to_cart\" data-product_id=\"20331\" data-product_sku=\"GWO-027\" aria-label=\"Ajouter au panier\u00a0: \u201cGew\u00fcrzm\u00fchle NEO - dreifarbig\u201d\" rel=\"nofollow\" data-success_message=\"\u00ab\u00a0Gew\u00fcrzm\u00fchle NEO - dreifarbig\u00a0\u00bb a \u00e9t\u00e9 ajout\u00e9 \u00e0 votre panier\" role=\"button\" data-no-translation-aria-label=\"\" data-no-translation-data-success_message=\"\"><span class=\"avia-svg-icon avia-font-svg_entypo-fontello\" data-av_svg_icon='basket' data-av_iconset='svg_entypo-fontello'><svg version=\"1.1\" xmlns=\"http:\/\/www.w3.org\/2000\/svg\" width=\"29\" height=\"32\" viewbox=\"0 0 29 32\" preserveaspectratio=\"xMidYMid meet\" aria-labelledby='av-svg-title-114' aria-describedby='av-svg-desc-114' role=\"graphics-symbol\" aria-hidden=\"true\">\n<title id='av-svg-title-114'>Ajouter au panier<\/title>\n<desc id='av-svg-desc-114'>Ajouter au panier<\/desc>\n<path d=\"M4.8 27.2q0-1.28 0.96-2.24t2.24-0.96q1.344 0 2.272 0.96t0.928 2.24q0 1.344-0.928 2.272t-2.272 0.928q-1.28 0-2.24-0.928t-0.96-2.272zM20.8 27.2q0-1.28 0.96-2.24t2.24-0.96q1.344 0 2.272 0.96t0.928 2.24q0 1.344-0.928 2.272t-2.272 0.928q-1.28 0-2.24-0.928t-0.96-2.272zM10.496 19.648q-1.152 0.32-1.088 0.736t1.408 0.416h17.984v2.432q0 0.64-0.64 0.64h-20.928q-0.64 0-0.64-0.64v-2.432l-0.32-1.472-3.136-14.528h-3.136v-2.56q0-0.64 0.64-0.64h4.992q0.64 0 0.64 0.64v2.752h22.528v8.768q0 0.704-0.576 0.832z\"><\/path>\n<\/svg><\/span>  Ajouter au panier<\/a>\t<span id=\"woocommerce_loop_add_to_cart_link_describedby_20331\" class=\"screen-reader-text\">\n\t\t\t<\/span>\n<a class=\"button show_details_button\" href=\"https:\/\/www.raffinessen.ch\/fr\/produit\/gewuerzmuehle-neo-dreifarbig\/\"><span class=\"avia-svg-icon avia-font-svg_entypo-fontello\" data-av_svg_icon='doc-text' data-av_iconset='svg_entypo-fontello'><svg version=\"1.1\" xmlns=\"http:\/\/www.w3.org\/2000\/svg\" width=\"22\" height=\"32\" viewbox=\"0 0 22 32\" preserveaspectratio=\"xMidYMid meet\" aria-labelledby='av-svg-title-115' aria-describedby='av-svg-desc-115' role=\"graphics-symbol\" aria-hidden=\"true\">\n<title id='av-svg-title-115'>Voir les d\u00e9tails<\/title>\n<desc id='av-svg-desc-115'>Voir les d\u00e9tails<\/desc>\n<path d=\"M6.784 17.344v-2.88h8.96v2.88h-8.96zM19.2 1.6q1.344 0 2.272 0.928t0.928 2.272v22.4q0 1.28-0.928 2.24t-2.272 0.96h-16q-1.28 0-2.24-0.96t-0.96-2.24v-22.4q0-1.344 0.96-2.272t2.24-0.928h16zM19.2 27.2v-22.4h-16v22.4h16zM15.68 8.256v2.816h-8.96v-2.816h8.96zM15.68 20.8v2.816h-8.96v-2.816h8.96z\"><\/path>\n<\/svg><\/span>  Voir les d\u00e9tails<\/a> <span class=\"button-mini-delimiter\"><\/span><\/div><\/div><\/li>\n<li class=\"product type-product post-17151 status-publish instock product_cat-ab-chf-30 product_cat-muehlen-und-behaelter product_cat-swiss-made has-post-thumbnail taxable shipping-taxable purchasable product-type-simple\">\n\t<div class='inner_product main_color wrapped_style noLightbox  av-product-class-'><a href=\"https:\/\/www.raffinessen.ch\/fr\/produit\/toni-roteiche\/\" class=\"woocommerce-LoopProduct-link woocommerce-loop-product__link\"><div class=\"thumbnail_container\"><img loading=\"lazy\" decoding=\"async\" width=\"500\" height=\"500\" src=\"https:\/\/www.raffinessen.ch\/webseite\/wp-content\/uploads\/2024\/03\/Toni_Roteiche_liegend-500x500.jpg\" class=\"attachment-woocommerce_thumbnail avia-product-hover\" alt=\"\" srcset=\"https:\/\/www.raffinessen.ch\/webseite\/wp-content\/uploads\/2024\/03\/Toni_Roteiche_liegend-500x500.jpg 500w, https:\/\/www.raffinessen.ch\/webseite\/wp-content\/uploads\/2024\/03\/Toni_Roteiche_liegend-300x300.jpg 300w, https:\/\/www.raffinessen.ch\/webseite\/wp-content\/uploads\/2024\/03\/Toni_Roteiche_liegend-1030x1030.jpg 1030w, https:\/\/www.raffinessen.ch\/webseite\/wp-content\/uploads\/2024\/03\/Toni_Roteiche_liegend-80x80.jpg 80w, https:\/\/www.raffinessen.ch\/webseite\/wp-content\/uploads\/2024\/03\/Toni_Roteiche_liegend-768x768.jpg 768w, https:\/\/www.raffinessen.ch\/webseite\/wp-content\/uploads\/2024\/03\/Toni_Roteiche_liegend-12x12.jpg 12w, https:\/\/www.raffinessen.ch\/webseite\/wp-content\/uploads\/2024\/03\/Toni_Roteiche_liegend-36x36.jpg 36w, https:\/\/www.raffinessen.ch\/webseite\/wp-content\/uploads\/2024\/03\/Toni_Roteiche_liegend-180x180.jpg 180w, https:\/\/www.raffinessen.ch\/webseite\/wp-content\/uploads\/2024\/03\/Toni_Roteiche_liegend-705x705.jpg 705w, https:\/\/www.raffinessen.ch\/webseite\/wp-content\/uploads\/2024\/03\/Toni_Roteiche_liegend-120x120.jpg 120w, https:\/\/www.raffinessen.ch\/webseite\/wp-content\/uploads\/2024\/03\/Toni_Roteiche_liegend-450x450.jpg 450w, https:\/\/www.raffinessen.ch\/webseite\/wp-content\/uploads\/2024\/03\/Toni_Roteiche_liegend-1000x1000.jpg 1000w, https:\/\/www.raffinessen.ch\/webseite\/wp-content\/uploads\/2024\/03\/Toni_Roteiche_liegend-100x100.jpg 100w, https:\/\/www.raffinessen.ch\/webseite\/wp-content\/uploads\/2024\/03\/Toni_Roteiche_liegend.jpg 1500w\" sizes=\"auto, (max-width: 500px) 100vw, 500px\" \/><img decoding=\"async\" loading=\"lazy\" width=\"500\" height=\"500\" src=\"https:\/\/www.raffinessen.ch\/webseite\/wp-content\/uploads\/2024\/03\/Toni_Roteiche_zu-500x500.jpg\" class=\"wp-image-17153 avia-img-lazy-loading-17153 attachment-woocommerce_thumbnail size-woocommerce_thumbnail wp-post-image\" alt=\"\" srcset=\"https:\/\/www.raffinessen.ch\/webseite\/wp-content\/uploads\/2024\/03\/Toni_Roteiche_zu-500x500.jpg 500w, https:\/\/www.raffinessen.ch\/webseite\/wp-content\/uploads\/2024\/03\/Toni_Roteiche_zu-300x300.jpg 300w, https:\/\/www.raffinessen.ch\/webseite\/wp-content\/uploads\/2024\/03\/Toni_Roteiche_zu-1030x1030.jpg 1030w, https:\/\/www.raffinessen.ch\/webseite\/wp-content\/uploads\/2024\/03\/Toni_Roteiche_zu-80x80.jpg 80w, https:\/\/www.raffinessen.ch\/webseite\/wp-content\/uploads\/2024\/03\/Toni_Roteiche_zu-768x768.jpg 768w, https:\/\/www.raffinessen.ch\/webseite\/wp-content\/uploads\/2024\/03\/Toni_Roteiche_zu-12x12.jpg 12w, https:\/\/www.raffinessen.ch\/webseite\/wp-content\/uploads\/2024\/03\/Toni_Roteiche_zu-36x36.jpg 36w, https:\/\/www.raffinessen.ch\/webseite\/wp-content\/uploads\/2024\/03\/Toni_Roteiche_zu-180x180.jpg 180w, https:\/\/www.raffinessen.ch\/webseite\/wp-content\/uploads\/2024\/03\/Toni_Roteiche_zu-705x705.jpg 705w, https:\/\/www.raffinessen.ch\/webseite\/wp-content\/uploads\/2024\/03\/Toni_Roteiche_zu-120x120.jpg 120w, https:\/\/www.raffinessen.ch\/webseite\/wp-content\/uploads\/2024\/03\/Toni_Roteiche_zu-450x450.jpg 450w, https:\/\/www.raffinessen.ch\/webseite\/wp-content\/uploads\/2024\/03\/Toni_Roteiche_zu-1000x1000.jpg 1000w, https:\/\/www.raffinessen.ch\/webseite\/wp-content\/uploads\/2024\/03\/Toni_Roteiche_zu-100x100.jpg 100w, https:\/\/www.raffinessen.ch\/webseite\/wp-content\/uploads\/2024\/03\/Toni_Roteiche_zu.jpg 1500w\" sizes=\"auto, (max-width: 500px) 100vw, 500px\" \/><span class=\"cart-loading\"><\/span><\/div><div class='inner_product_header'><div class='avia-arrow'><\/div><div class='inner_product_header_table'><div class='inner_product_header_cell'><h2 class=\"woocommerce-loop-product__title\">TONI Roteiche<\/h2>\n\t<span class=\"price\"><span class=\"woocommerce-Price-amount amount\"><bdi><span class=\"woocommerce-Price-currencySymbol\">&#67;&#72;&#70;<\/span>&nbsp;60.00<\/bdi><\/span> <small class=\"woocommerce-price-suffix\">TVA incluse<\/small><\/span>\n<\/div><\/div><\/div><\/a><div class='avia_cart_buttons'><a href=\"\/fr\/wp-json\/wp\/v2\/pages\/9012?add-to-cart=17151\" aria-describedby=\"woocommerce_loop_add_to_cart_link_describedby_17151\" data-quantity=\"1\" class=\"button product_type_simple add_to_cart_button ajax_add_to_cart\" data-product_id=\"17151\" data-product_sku=\"GWO-025\" aria-label=\"Ajouter au panier\u00a0: \u201cTONI Roteiche\u201d\" rel=\"nofollow\" data-success_message=\"\u00ab\u00a0TONI Roteiche\u00a0\u00bb a \u00e9t\u00e9 ajout\u00e9 \u00e0 votre panier\" role=\"button\" data-no-translation-aria-label=\"\" data-no-translation-data-success_message=\"\"><span class=\"avia-svg-icon avia-font-svg_entypo-fontello\" data-av_svg_icon='basket' data-av_iconset='svg_entypo-fontello'><svg version=\"1.1\" xmlns=\"http:\/\/www.w3.org\/2000\/svg\" width=\"29\" height=\"32\" viewbox=\"0 0 29 32\" preserveaspectratio=\"xMidYMid meet\" aria-labelledby='av-svg-title-116' aria-describedby='av-svg-desc-116' role=\"graphics-symbol\" aria-hidden=\"true\">\n<title id='av-svg-title-116'>Ajouter au panier<\/title>\n<desc id='av-svg-desc-116'>Ajouter au panier<\/desc>\n<path d=\"M4.8 27.2q0-1.28 0.96-2.24t2.24-0.96q1.344 0 2.272 0.96t0.928 2.24q0 1.344-0.928 2.272t-2.272 0.928q-1.28 0-2.24-0.928t-0.96-2.272zM20.8 27.2q0-1.28 0.96-2.24t2.24-0.96q1.344 0 2.272 0.96t0.928 2.24q0 1.344-0.928 2.272t-2.272 0.928q-1.28 0-2.24-0.928t-0.96-2.272zM10.496 19.648q-1.152 0.32-1.088 0.736t1.408 0.416h17.984v2.432q0 0.64-0.64 0.64h-20.928q-0.64 0-0.64-0.64v-2.432l-0.32-1.472-3.136-14.528h-3.136v-2.56q0-0.64 0.64-0.64h4.992q0.64 0 0.64 0.64v2.752h22.528v8.768q0 0.704-0.576 0.832z\"><\/path>\n<\/svg><\/span>  Ajouter au panier<\/a>\t<span id=\"woocommerce_loop_add_to_cart_link_describedby_17151\" class=\"screen-reader-text\">\n\t\t\t<\/span>\n<a class=\"button show_details_button\" href=\"https:\/\/www.raffinessen.ch\/fr\/produit\/toni-roteiche\/\"><span class=\"avia-svg-icon avia-font-svg_entypo-fontello\" data-av_svg_icon='doc-text' data-av_iconset='svg_entypo-fontello'><svg version=\"1.1\" xmlns=\"http:\/\/www.w3.org\/2000\/svg\" width=\"22\" height=\"32\" viewbox=\"0 0 22 32\" preserveaspectratio=\"xMidYMid meet\" aria-labelledby='av-svg-title-117' aria-describedby='av-svg-desc-117' role=\"graphics-symbol\" aria-hidden=\"true\">\n<title id='av-svg-title-117'>Voir les d\u00e9tails<\/title>\n<desc id='av-svg-desc-117'>Voir les d\u00e9tails<\/desc>\n<path d=\"M6.784 17.344v-2.88h8.96v2.88h-8.96zM19.2 1.6q1.344 0 2.272 0.928t0.928 2.272v22.4q0 1.28-0.928 2.24t-2.272 0.96h-16q-1.28 0-2.24-0.96t-0.96-2.24v-22.4q0-1.344 0.96-2.272t2.24-0.928h16zM19.2 27.2v-22.4h-16v22.4h16zM15.68 8.256v2.816h-8.96v-2.816h8.96zM15.68 20.8v2.816h-8.96v-2.816h8.96z\"><\/path>\n<\/svg><\/span>  Voir les d\u00e9tails<\/a> <span class=\"button-mini-delimiter\"><\/span><\/div><\/div><\/li>\n<li class=\"product type-product post-4849 status-publish last instock product_cat-muehlen-und-behaelter product_cat-swiss-made has-post-thumbnail taxable shipping-taxable purchasable product-type-simple\">\n\t<div class='inner_product main_color wrapped_style noLightbox  av-product-class-'><a href=\"https:\/\/www.raffinessen.ch\/fr\/produit\/antik-muehle-nussbaum\/\" class=\"woocommerce-LoopProduct-link woocommerce-loop-product__link\"><div class=\"thumbnail_container\"><img decoding=\"async\" loading=\"lazy\" width=\"500\" height=\"500\" src=\"https:\/\/www.raffinessen.ch\/webseite\/wp-content\/uploads\/2019\/12\/muehle-antik-nussbaum-3-500x500.jpg\" class=\"wp-image-4899 avia-img-lazy-loading-4899 attachment-woocommerce_thumbnail size-woocommerce_thumbnail wp-post-image\" alt=\"\" srcset=\"https:\/\/www.raffinessen.ch\/webseite\/wp-content\/uploads\/2019\/12\/muehle-antik-nussbaum-3-500x500.jpg 500w, https:\/\/www.raffinessen.ch\/webseite\/wp-content\/uploads\/2019\/12\/muehle-antik-nussbaum-3-300x300.jpg 300w, https:\/\/www.raffinessen.ch\/webseite\/wp-content\/uploads\/2019\/12\/muehle-antik-nussbaum-3-1030x1030.jpg 1030w, https:\/\/www.raffinessen.ch\/webseite\/wp-content\/uploads\/2019\/12\/muehle-antik-nussbaum-3-80x80.jpg 80w, https:\/\/www.raffinessen.ch\/webseite\/wp-content\/uploads\/2019\/12\/muehle-antik-nussbaum-3-768x768.jpg 768w, https:\/\/www.raffinessen.ch\/webseite\/wp-content\/uploads\/2019\/12\/muehle-antik-nussbaum-3-1536x1536.jpg 1536w, https:\/\/www.raffinessen.ch\/webseite\/wp-content\/uploads\/2019\/12\/muehle-antik-nussbaum-3-36x36.jpg 36w, https:\/\/www.raffinessen.ch\/webseite\/wp-content\/uploads\/2019\/12\/muehle-antik-nussbaum-3-180x180.jpg 180w, https:\/\/www.raffinessen.ch\/webseite\/wp-content\/uploads\/2019\/12\/muehle-antik-nussbaum-3-1500x1500.jpg 1500w, https:\/\/www.raffinessen.ch\/webseite\/wp-content\/uploads\/2019\/12\/muehle-antik-nussbaum-3-705x705.jpg 705w, https:\/\/www.raffinessen.ch\/webseite\/wp-content\/uploads\/2019\/12\/muehle-antik-nussbaum-3-100x100.jpg 100w, https:\/\/www.raffinessen.ch\/webseite\/wp-content\/uploads\/2019\/12\/muehle-antik-nussbaum-3-1000x1000.jpg 1000w, https:\/\/www.raffinessen.ch\/webseite\/wp-content\/uploads\/2019\/12\/muehle-antik-nussbaum-3.jpg 2000w\" sizes=\"auto, (max-width: 500px) 100vw, 500px\" \/><span class=\"cart-loading\"><\/span><\/div><div class='inner_product_header'><div class='avia-arrow'><\/div><div class='inner_product_header_table'><div class='inner_product_header_cell'><h2 class=\"woocommerce-loop-product__title\">Moulin \u00e0 poivre ANTIK Noyer <br \/>(Swiss Made)<\/h2>\n\t<span class=\"price\"><span class=\"woocommerce-Price-amount amount\"><bdi><span class=\"woocommerce-Price-currencySymbol\">&#67;&#72;&#70;<\/span>&nbsp;75.00<\/bdi><\/span> <small class=\"woocommerce-price-suffix\">TVA incluse<\/small><\/span>\n<\/div><\/div><\/div><\/a><div class='avia_cart_buttons'><a href=\"\/fr\/wp-json\/wp\/v2\/pages\/9012?add-to-cart=4849\" aria-describedby=\"woocommerce_loop_add_to_cart_link_describedby_4849\" data-quantity=\"1\" class=\"button product_type_simple add_to_cart_button ajax_add_to_cart\" data-product_id=\"4849\" data-product_sku=\"GWO-016\" aria-label=\"Ajouter au panier\u00a0: \u201cPfefferm\u00fchle ANTIK Nussbaum (Swiss Made)\u201d\" rel=\"nofollow\" data-success_message=\"\u00ab\u00a0Pfefferm\u00fchle ANTIK Nussbaum &lt;br \/&gt;(Swiss Made)\u00a0\u00bb a \u00e9t\u00e9 ajout\u00e9 \u00e0 votre panier\" role=\"button\" data-no-translation-aria-label=\"\" data-no-translation-data-success_message=\"\"><span class=\"avia-svg-icon avia-font-svg_entypo-fontello\" data-av_svg_icon='basket' data-av_iconset='svg_entypo-fontello'><svg version=\"1.1\" xmlns=\"http:\/\/www.w3.org\/2000\/svg\" width=\"29\" height=\"32\" viewbox=\"0 0 29 32\" preserveaspectratio=\"xMidYMid meet\" aria-labelledby='av-svg-title-118' aria-describedby='av-svg-desc-118' role=\"graphics-symbol\" aria-hidden=\"true\">\n<title id='av-svg-title-118'>Ajouter au panier<\/title>\n<desc id='av-svg-desc-118'>Ajouter au panier<\/desc>\n<path d=\"M4.8 27.2q0-1.28 0.96-2.24t2.24-0.96q1.344 0 2.272 0.96t0.928 2.24q0 1.344-0.928 2.272t-2.272 0.928q-1.28 0-2.24-0.928t-0.96-2.272zM20.8 27.2q0-1.28 0.96-2.24t2.24-0.96q1.344 0 2.272 0.96t0.928 2.24q0 1.344-0.928 2.272t-2.272 0.928q-1.28 0-2.24-0.928t-0.96-2.272zM10.496 19.648q-1.152 0.32-1.088 0.736t1.408 0.416h17.984v2.432q0 0.64-0.64 0.64h-20.928q-0.64 0-0.64-0.64v-2.432l-0.32-1.472-3.136-14.528h-3.136v-2.56q0-0.64 0.64-0.64h4.992q0.64 0 0.64 0.64v2.752h22.528v8.768q0 0.704-0.576 0.832z\"><\/path>\n<\/svg><\/span>  Ajouter au panier<\/a>\t<span id=\"woocommerce_loop_add_to_cart_link_describedby_4849\" class=\"screen-reader-text\">\n\t\t\t<\/span>\n<a class=\"button show_details_button\" href=\"https:\/\/www.raffinessen.ch\/fr\/produit\/antik-muehle-nussbaum\/\"><span class=\"avia-svg-icon avia-font-svg_entypo-fontello\" data-av_svg_icon='doc-text' data-av_iconset='svg_entypo-fontello'><svg version=\"1.1\" xmlns=\"http:\/\/www.w3.org\/2000\/svg\" width=\"22\" height=\"32\" viewbox=\"0 0 22 32\" preserveaspectratio=\"xMidYMid meet\" aria-labelledby='av-svg-title-119' aria-describedby='av-svg-desc-119' role=\"graphics-symbol\" aria-hidden=\"true\">\n<title id='av-svg-title-119'>Voir les d\u00e9tails<\/title>\n<desc id='av-svg-desc-119'>Voir les d\u00e9tails<\/desc>\n<path d=\"M6.784 17.344v-2.88h8.96v2.88h-8.96zM19.2 1.6q1.344 0 2.272 0.928t0.928 2.272v22.4q0 1.28-0.928 2.24t-2.272 0.96h-16q-1.28 0-2.24-0.96t-0.96-2.24v-22.4q0-1.344 0.96-2.272t2.24-0.928h16zM19.2 27.2v-22.4h-16v22.4h16zM15.68 8.256v2.816h-8.96v-2.816h8.96zM15.68 20.8v2.816h-8.96v-2.816h8.96z\"><\/path>\n<\/svg><\/span>  Voir les d\u00e9tails<\/a> <span class=\"button-mini-delimiter\"><\/span><\/div><\/div><\/li>\n<li class=\"product type-product post-1931 status-publish first instock product_cat-einzel-gewuerze product_cat-gewuerze-einzeln product_cat-unkategorisiert has-post-thumbnail taxable shipping-taxable purchasable product-type-simple\">\n\t<div class='inner_product main_color wrapped_style noLightbox  av-product-class-'><a href=\"https:\/\/www.raffinessen.ch\/fr\/produit\/roter-kampot-pfeffer-1000\/\" class=\"woocommerce-LoopProduct-link woocommerce-loop-product__link\"><div class=\"thumbnail_container\"><img loading=\"lazy\" decoding=\"async\" width=\"500\" height=\"500\" src=\"https:\/\/www.raffinessen.ch\/webseite\/wp-content\/uploads\/2018\/12\/investment-roter-kampot-pfeffer-500x500.jpg\" class=\"attachment-woocommerce_thumbnail avia-product-hover\" alt=\"\" srcset=\"https:\/\/www.raffinessen.ch\/webseite\/wp-content\/uploads\/2018\/12\/investment-roter-kampot-pfeffer-500x500.jpg 500w, https:\/\/www.raffinessen.ch\/webseite\/wp-content\/uploads\/2018\/12\/investment-roter-kampot-pfeffer-80x80.jpg 80w, https:\/\/www.raffinessen.ch\/webseite\/wp-content\/uploads\/2018\/12\/investment-roter-kampot-pfeffer-300x300.jpg 300w, https:\/\/www.raffinessen.ch\/webseite\/wp-content\/uploads\/2018\/12\/investment-roter-kampot-pfeffer-768x768.jpg 768w, https:\/\/www.raffinessen.ch\/webseite\/wp-content\/uploads\/2018\/12\/investment-roter-kampot-pfeffer-1030x1030.jpg 1030w, https:\/\/www.raffinessen.ch\/webseite\/wp-content\/uploads\/2018\/12\/investment-roter-kampot-pfeffer-36x36.jpg 36w, https:\/\/www.raffinessen.ch\/webseite\/wp-content\/uploads\/2018\/12\/investment-roter-kampot-pfeffer-180x180.jpg 180w, https:\/\/www.raffinessen.ch\/webseite\/wp-content\/uploads\/2018\/12\/investment-roter-kampot-pfeffer-1500x1500.jpg 1500w, https:\/\/www.raffinessen.ch\/webseite\/wp-content\/uploads\/2018\/12\/investment-roter-kampot-pfeffer-705x705.jpg 705w, https:\/\/www.raffinessen.ch\/webseite\/wp-content\/uploads\/2018\/12\/investment-roter-kampot-pfeffer-100x100.jpg 100w, https:\/\/www.raffinessen.ch\/webseite\/wp-content\/uploads\/2018\/12\/investment-roter-kampot-pfeffer-1000x1000.jpg 1000w, https:\/\/www.raffinessen.ch\/webseite\/wp-content\/uploads\/2018\/12\/investment-roter-kampot-pfeffer.jpg 2000w\" sizes=\"auto, (max-width: 500px) 100vw, 500px\" \/><img decoding=\"async\" loading=\"lazy\" width=\"500\" height=\"500\" src=\"https:\/\/www.raffinessen.ch\/webseite\/wp-content\/uploads\/2018\/12\/roter-kampot-pfeffer-500x500.jpg\" class=\"wp-image-3806 avia-img-lazy-loading-3806 attachment-woocommerce_thumbnail size-woocommerce_thumbnail wp-post-image\" alt=\"\" srcset=\"https:\/\/www.raffinessen.ch\/webseite\/wp-content\/uploads\/2018\/12\/roter-kampot-pfeffer-500x500.jpg 500w, https:\/\/www.raffinessen.ch\/webseite\/wp-content\/uploads\/2018\/12\/roter-kampot-pfeffer-80x80.jpg 80w, https:\/\/www.raffinessen.ch\/webseite\/wp-content\/uploads\/2018\/12\/roter-kampot-pfeffer-300x300.jpg 300w, https:\/\/www.raffinessen.ch\/webseite\/wp-content\/uploads\/2018\/12\/roter-kampot-pfeffer-768x768.jpg 768w, https:\/\/www.raffinessen.ch\/webseite\/wp-content\/uploads\/2018\/12\/roter-kampot-pfeffer-1030x1030.jpg 1030w, https:\/\/www.raffinessen.ch\/webseite\/wp-content\/uploads\/2018\/12\/roter-kampot-pfeffer-36x36.jpg 36w, https:\/\/www.raffinessen.ch\/webseite\/wp-content\/uploads\/2018\/12\/roter-kampot-pfeffer-180x180.jpg 180w, https:\/\/www.raffinessen.ch\/webseite\/wp-content\/uploads\/2018\/12\/roter-kampot-pfeffer-1500x1500.jpg 1500w, https:\/\/www.raffinessen.ch\/webseite\/wp-content\/uploads\/2018\/12\/roter-kampot-pfeffer-705x705.jpg 705w, https:\/\/www.raffinessen.ch\/webseite\/wp-content\/uploads\/2018\/12\/roter-kampot-pfeffer-100x100.jpg 100w, https:\/\/www.raffinessen.ch\/webseite\/wp-content\/uploads\/2018\/12\/roter-kampot-pfeffer-1000x1000.jpg 1000w, https:\/\/www.raffinessen.ch\/webseite\/wp-content\/uploads\/2018\/12\/roter-kampot-pfeffer.jpg 2000w\" sizes=\"auto, (max-width: 500px) 100vw, 500px\" \/><span class=\"cart-loading\"><\/span><\/div><div class='inner_product_header'><div class='avia-arrow'><\/div><div class='inner_product_header_table'><div class='inner_product_header_cell'><h2 class=\"woocommerce-loop-product__title\">poivre rouge de Kampot (1000 g)<\/h2>\n\t<span class=\"price\"><span class=\"woocommerce-Price-amount amount\"><bdi><span class=\"woocommerce-Price-currencySymbol\">&#67;&#72;&#70;<\/span>&nbsp;150.00<\/bdi><\/span> <small class=\"woocommerce-price-suffix\">TVA incluse<\/small><\/span>\n<\/div><\/div><\/div><\/a><div class='avia_cart_buttons'><a href=\"\/fr\/wp-json\/wp\/v2\/pages\/9012?add-to-cart=1931\" aria-describedby=\"woocommerce_loop_add_to_cart_link_describedby_1931\" data-quantity=\"1\" class=\"button product_type_simple add_to_cart_button ajax_add_to_cart\" data-product_id=\"1931\" data-product_sku=\"FPO-R0028-1000\" aria-label=\"Ajouter au panier\u00a0: \u201croter Kampot Pfeffer (1000 g)\u201d\" rel=\"nofollow\" data-success_message=\"\u00ab\u00a0roter Kampot Pfeffer (1000 g)\u00a0\u00bb a \u00e9t\u00e9 ajout\u00e9 \u00e0 votre panier\" role=\"button\" data-no-translation-aria-label=\"\" data-no-translation-data-success_message=\"\"><span class=\"avia-svg-icon avia-font-svg_entypo-fontello\" data-av_svg_icon='basket' data-av_iconset='svg_entypo-fontello'><svg version=\"1.1\" xmlns=\"http:\/\/www.w3.org\/2000\/svg\" width=\"29\" height=\"32\" viewbox=\"0 0 29 32\" preserveaspectratio=\"xMidYMid meet\" aria-labelledby='av-svg-title-120' aria-describedby='av-svg-desc-120' role=\"graphics-symbol\" aria-hidden=\"true\">\n<title id='av-svg-title-120'>Ajouter au panier<\/title>\n<desc id='av-svg-desc-120'>Ajouter au panier<\/desc>\n<path d=\"M4.8 27.2q0-1.28 0.96-2.24t2.24-0.96q1.344 0 2.272 0.96t0.928 2.24q0 1.344-0.928 2.272t-2.272 0.928q-1.28 0-2.24-0.928t-0.96-2.272zM20.8 27.2q0-1.28 0.96-2.24t2.24-0.96q1.344 0 2.272 0.96t0.928 2.24q0 1.344-0.928 2.272t-2.272 0.928q-1.28 0-2.24-0.928t-0.96-2.272zM10.496 19.648q-1.152 0.32-1.088 0.736t1.408 0.416h17.984v2.432q0 0.64-0.64 0.64h-20.928q-0.64 0-0.64-0.64v-2.432l-0.32-1.472-3.136-14.528h-3.136v-2.56q0-0.64 0.64-0.64h4.992q0.64 0 0.64 0.64v2.752h22.528v8.768q0 0.704-0.576 0.832z\"><\/path>\n<\/svg><\/span>  Ajouter au panier<\/a>\t<span id=\"woocommerce_loop_add_to_cart_link_describedby_1931\" class=\"screen-reader-text\">\n\t\t\t<\/span>\n<a class=\"button show_details_button\" href=\"https:\/\/www.raffinessen.ch\/fr\/produit\/roter-kampot-pfeffer-1000\/\"><span class=\"avia-svg-icon avia-font-svg_entypo-fontello\" data-av_svg_icon='doc-text' data-av_iconset='svg_entypo-fontello'><svg version=\"1.1\" xmlns=\"http:\/\/www.w3.org\/2000\/svg\" width=\"22\" height=\"32\" viewbox=\"0 0 22 32\" preserveaspectratio=\"xMidYMid meet\" aria-labelledby='av-svg-title-121' aria-describedby='av-svg-desc-121' role=\"graphics-symbol\" aria-hidden=\"true\">\n<title id='av-svg-title-121'>Voir les d\u00e9tails<\/title>\n<desc id='av-svg-desc-121'>Voir les d\u00e9tails<\/desc>\n<path d=\"M6.784 17.344v-2.88h8.96v2.88h-8.96zM19.2 1.6q1.344 0 2.272 0.928t0.928 2.272v22.4q0 1.28-0.928 2.24t-2.272 0.96h-16q-1.28 0-2.24-0.96t-0.96-2.24v-22.4q0-1.344 0.96-2.272t2.24-0.928h16zM19.2 27.2v-22.4h-16v22.4h16zM15.68 8.256v2.816h-8.96v-2.816h8.96zM15.68 20.8v2.816h-8.96v-2.816h8.96z\"><\/path>\n<\/svg><\/span>  Voir les d\u00e9tails<\/a> <span class=\"button-mini-delimiter\"><\/span><\/div><\/div><\/li>\n<li class=\"product type-product post-15390 status-publish instock product_cat-ab-chf-30 product_cat-geschenksets has-post-thumbnail taxable shipping-taxable purchasable product-type-simple\">\n\t<div class='inner_product main_color wrapped_style noLightbox  av-product-class-'><a href=\"https:\/\/www.raffinessen.ch\/fr\/produit\/set-mami-ich-habe-dich-sehr-lieb-2\/\" class=\"woocommerce-LoopProduct-link woocommerce-loop-product__link\"><div class=\"thumbnail_container\"><img loading=\"lazy\" decoding=\"async\" width=\"500\" height=\"500\" src=\"https:\/\/www.raffinessen.ch\/webseite\/wp-content\/uploads\/2023\/05\/Famulus-schwarz_MIYA-Designglas_MAMI-500x500.jpg\" class=\"attachment-woocommerce_thumbnail avia-product-hover\" alt=\"\" srcset=\"https:\/\/www.raffinessen.ch\/webseite\/wp-content\/uploads\/2023\/05\/Famulus-schwarz_MIYA-Designglas_MAMI-500x500.jpg 500w, https:\/\/www.raffinessen.ch\/webseite\/wp-content\/uploads\/2023\/05\/Famulus-schwarz_MIYA-Designglas_MAMI-300x300.jpg 300w, https:\/\/www.raffinessen.ch\/webseite\/wp-content\/uploads\/2023\/05\/Famulus-schwarz_MIYA-Designglas_MAMI-80x80.jpg 80w, https:\/\/www.raffinessen.ch\/webseite\/wp-content\/uploads\/2023\/05\/Famulus-schwarz_MIYA-Designglas_MAMI-768x768.jpg 768w, https:\/\/www.raffinessen.ch\/webseite\/wp-content\/uploads\/2023\/05\/Famulus-schwarz_MIYA-Designglas_MAMI-12x12.jpg 12w, https:\/\/www.raffinessen.ch\/webseite\/wp-content\/uploads\/2023\/05\/Famulus-schwarz_MIYA-Designglas_MAMI-36x36.jpg 36w, https:\/\/www.raffinessen.ch\/webseite\/wp-content\/uploads\/2023\/05\/Famulus-schwarz_MIYA-Designglas_MAMI-180x180.jpg 180w, https:\/\/www.raffinessen.ch\/webseite\/wp-content\/uploads\/2023\/05\/Famulus-schwarz_MIYA-Designglas_MAMI-705x705.jpg 705w, https:\/\/www.raffinessen.ch\/webseite\/wp-content\/uploads\/2023\/05\/Famulus-schwarz_MIYA-Designglas_MAMI-120x120.jpg 120w, https:\/\/www.raffinessen.ch\/webseite\/wp-content\/uploads\/2023\/05\/Famulus-schwarz_MIYA-Designglas_MAMI-450x450.jpg 450w, https:\/\/www.raffinessen.ch\/webseite\/wp-content\/uploads\/2023\/05\/Famulus-schwarz_MIYA-Designglas_MAMI-100x100.jpg 100w, https:\/\/www.raffinessen.ch\/webseite\/wp-content\/uploads\/2023\/05\/Famulus-schwarz_MIYA-Designglas_MAMI.jpg 1000w\" sizes=\"auto, (max-width: 500px) 100vw, 500px\" \/><img decoding=\"async\" loading=\"lazy\" width=\"500\" height=\"500\" src=\"https:\/\/www.raffinessen.ch\/webseite\/wp-content\/uploads\/2020\/05\/wellkarton-famulus-mit-aufkleber-500x500.jpg\" class=\"wp-image-5906 avia-img-lazy-loading-5906 attachment-woocommerce_thumbnail size-woocommerce_thumbnail wp-post-image\" alt=\"\" srcset=\"https:\/\/www.raffinessen.ch\/webseite\/wp-content\/uploads\/2020\/05\/wellkarton-famulus-mit-aufkleber-500x500.jpg 500w, https:\/\/www.raffinessen.ch\/webseite\/wp-content\/uploads\/2020\/05\/wellkarton-famulus-mit-aufkleber-300x300.jpg 300w, https:\/\/www.raffinessen.ch\/webseite\/wp-content\/uploads\/2020\/05\/wellkarton-famulus-mit-aufkleber-1030x1030.jpg 1030w, https:\/\/www.raffinessen.ch\/webseite\/wp-content\/uploads\/2020\/05\/wellkarton-famulus-mit-aufkleber-80x80.jpg 80w, https:\/\/www.raffinessen.ch\/webseite\/wp-content\/uploads\/2020\/05\/wellkarton-famulus-mit-aufkleber-768x768.jpg 768w, https:\/\/www.raffinessen.ch\/webseite\/wp-content\/uploads\/2020\/05\/wellkarton-famulus-mit-aufkleber-1536x1536.jpg 1536w, https:\/\/www.raffinessen.ch\/webseite\/wp-content\/uploads\/2020\/05\/wellkarton-famulus-mit-aufkleber-2048x2048.jpg 2048w, https:\/\/www.raffinessen.ch\/webseite\/wp-content\/uploads\/2020\/05\/wellkarton-famulus-mit-aufkleber-36x36.jpg 36w, https:\/\/www.raffinessen.ch\/webseite\/wp-content\/uploads\/2020\/05\/wellkarton-famulus-mit-aufkleber-180x180.jpg 180w, https:\/\/www.raffinessen.ch\/webseite\/wp-content\/uploads\/2020\/05\/wellkarton-famulus-mit-aufkleber-1500x1500.jpg 1500w, https:\/\/www.raffinessen.ch\/webseite\/wp-content\/uploads\/2020\/05\/wellkarton-famulus-mit-aufkleber-705x705.jpg 705w, https:\/\/www.raffinessen.ch\/webseite\/wp-content\/uploads\/2020\/05\/wellkarton-famulus-mit-aufkleber-100x100.jpg 100w, https:\/\/www.raffinessen.ch\/webseite\/wp-content\/uploads\/2020\/05\/wellkarton-famulus-mit-aufkleber-1000x1000.jpg 1000w\" sizes=\"auto, (max-width: 500px) 100vw, 500px\" \/><span class=\"cart-loading\"><\/span><\/div><div class='inner_product_header'><div class='avia-arrow'><\/div><div class='inner_product_header_table'><div class='inner_product_header_cell'><h2 class=\"woocommerce-loop-product__title\">SET - Maman je t'aime beaucoup<\/h2>\n\t<span class=\"price\"><span class=\"woocommerce-Price-amount amount\"><bdi><span class=\"woocommerce-Price-currencySymbol\">&#67;&#72;&#70;<\/span>&nbsp;50.00<\/bdi><\/span> <small class=\"woocommerce-price-suffix\">TVA incluse<\/small><\/span>\n<\/div><\/div><\/div><\/a><div class='avia_cart_buttons'><a href=\"\/fr\/wp-json\/wp\/v2\/pages\/9012?add-to-cart=15390\" aria-describedby=\"woocommerce_loop_add_to_cart_link_describedby_15390\" data-quantity=\"1\" class=\"button product_type_simple add_to_cart_button ajax_add_to_cart\" data-product_id=\"15390\" data-product_sku=\"GSO-032-1\" aria-label=\"Ajouter au panier\u00a0: \u201cSET - Mami ich habe Dich sehr lieb\u201d\" rel=\"nofollow\" data-success_message=\"\u00ab\u00a0SET - Mami ich habe Dich sehr lieb\u00a0\u00bb a \u00e9t\u00e9 ajout\u00e9 \u00e0 votre panier\" role=\"button\" data-no-translation-aria-label=\"\" data-no-translation-data-success_message=\"\"><span class=\"avia-svg-icon avia-font-svg_entypo-fontello\" data-av_svg_icon='basket' data-av_iconset='svg_entypo-fontello'><svg version=\"1.1\" xmlns=\"http:\/\/www.w3.org\/2000\/svg\" width=\"29\" height=\"32\" viewbox=\"0 0 29 32\" preserveaspectratio=\"xMidYMid meet\" aria-labelledby='av-svg-title-122' aria-describedby='av-svg-desc-122' role=\"graphics-symbol\" aria-hidden=\"true\">\n<title id='av-svg-title-122'>Ajouter au panier<\/title>\n<desc id='av-svg-desc-122'>Ajouter au panier<\/desc>\n<path d=\"M4.8 27.2q0-1.28 0.96-2.24t2.24-0.96q1.344 0 2.272 0.96t0.928 2.24q0 1.344-0.928 2.272t-2.272 0.928q-1.28 0-2.24-0.928t-0.96-2.272zM20.8 27.2q0-1.28 0.96-2.24t2.24-0.96q1.344 0 2.272 0.96t0.928 2.24q0 1.344-0.928 2.272t-2.272 0.928q-1.28 0-2.24-0.928t-0.96-2.272zM10.496 19.648q-1.152 0.32-1.088 0.736t1.408 0.416h17.984v2.432q0 0.64-0.64 0.64h-20.928q-0.64 0-0.64-0.64v-2.432l-0.32-1.472-3.136-14.528h-3.136v-2.56q0-0.64 0.64-0.64h4.992q0.64 0 0.64 0.64v2.752h22.528v8.768q0 0.704-0.576 0.832z\"><\/path>\n<\/svg><\/span>  Ajouter au panier<\/a>\t<span id=\"woocommerce_loop_add_to_cart_link_describedby_15390\" class=\"screen-reader-text\">\n\t\t\t<\/span>\n<a class=\"button show_details_button\" href=\"https:\/\/www.raffinessen.ch\/fr\/produit\/set-mami-ich-habe-dich-sehr-lieb-2\/\"><span class=\"avia-svg-icon avia-font-svg_entypo-fontello\" data-av_svg_icon='doc-text' data-av_iconset='svg_entypo-fontello'><svg version=\"1.1\" xmlns=\"http:\/\/www.w3.org\/2000\/svg\" width=\"22\" height=\"32\" viewbox=\"0 0 22 32\" preserveaspectratio=\"xMidYMid meet\" aria-labelledby='av-svg-title-123' aria-describedby='av-svg-desc-123' role=\"graphics-symbol\" aria-hidden=\"true\">\n<title id='av-svg-title-123'>Voir les d\u00e9tails<\/title>\n<desc id='av-svg-desc-123'>Voir les d\u00e9tails<\/desc>\n<path d=\"M6.784 17.344v-2.88h8.96v2.88h-8.96zM19.2 1.6q1.344 0 2.272 0.928t0.928 2.272v22.4q0 1.28-0.928 2.24t-2.272 0.96h-16q-1.28 0-2.24-0.96t-0.96-2.24v-22.4q0-1.344 0.96-2.272t2.24-0.928h16zM19.2 27.2v-22.4h-16v22.4h16zM15.68 8.256v2.816h-8.96v-2.816h8.96zM15.68 20.8v2.816h-8.96v-2.816h8.96z\"><\/path>\n<\/svg><\/span>  Voir les d\u00e9tails<\/a> <span class=\"button-mini-delimiter\"><\/span><\/div><\/div><\/li>\n<li class=\"product type-product post-3898 status-publish instock product_cat-bis-chf-30 product_cat-geschenksets has-post-thumbnail taxable shipping-taxable purchasable product-type-simple\">\n\t<div class='inner_product main_color wrapped_style noLightbox  av-product-class-'><a href=\"https:\/\/www.raffinessen.ch\/fr\/produit\/zwei-gewuerzmuehlen-mit-rotem-kampot-pfeffer-und-himalayasalz\/\" class=\"woocommerce-LoopProduct-link woocommerce-loop-product__link\"><div class=\"thumbnail_container\"><img loading=\"lazy\" decoding=\"async\" width=\"500\" height=\"500\" src=\"https:\/\/www.raffinessen.ch\/webseite\/wp-content\/uploads\/2018\/12\/roter-kampot-pfeffer-himalaya-salz-500x500.jpg\" class=\"attachment-woocommerce_thumbnail avia-product-hover\" alt=\"\" srcset=\"https:\/\/www.raffinessen.ch\/webseite\/wp-content\/uploads\/2018\/12\/roter-kampot-pfeffer-himalaya-salz-500x500.jpg 500w, https:\/\/www.raffinessen.ch\/webseite\/wp-content\/uploads\/2018\/12\/roter-kampot-pfeffer-himalaya-salz-80x80.jpg 80w, https:\/\/www.raffinessen.ch\/webseite\/wp-content\/uploads\/2018\/12\/roter-kampot-pfeffer-himalaya-salz-300x300.jpg 300w, https:\/\/www.raffinessen.ch\/webseite\/wp-content\/uploads\/2018\/12\/roter-kampot-pfeffer-himalaya-salz-768x768.jpg 768w, https:\/\/www.raffinessen.ch\/webseite\/wp-content\/uploads\/2018\/12\/roter-kampot-pfeffer-himalaya-salz-1030x1030.jpg 1030w, https:\/\/www.raffinessen.ch\/webseite\/wp-content\/uploads\/2018\/12\/roter-kampot-pfeffer-himalaya-salz-36x36.jpg 36w, https:\/\/www.raffinessen.ch\/webseite\/wp-content\/uploads\/2018\/12\/roter-kampot-pfeffer-himalaya-salz-180x180.jpg 180w, https:\/\/www.raffinessen.ch\/webseite\/wp-content\/uploads\/2018\/12\/roter-kampot-pfeffer-himalaya-salz-1500x1500.jpg 1500w, https:\/\/www.raffinessen.ch\/webseite\/wp-content\/uploads\/2018\/12\/roter-kampot-pfeffer-himalaya-salz-705x705.jpg 705w, https:\/\/www.raffinessen.ch\/webseite\/wp-content\/uploads\/2018\/12\/roter-kampot-pfeffer-himalaya-salz-100x100.jpg 100w, https:\/\/www.raffinessen.ch\/webseite\/wp-content\/uploads\/2018\/12\/roter-kampot-pfeffer-himalaya-salz-1000x1000.jpg 1000w, https:\/\/www.raffinessen.ch\/webseite\/wp-content\/uploads\/2018\/12\/roter-kampot-pfeffer-himalaya-salz.jpg 2000w\" sizes=\"auto, (max-width: 500px) 100vw, 500px\" \/><img decoding=\"async\" loading=\"lazy\" width=\"500\" height=\"500\" src=\"https:\/\/www.raffinessen.ch\/webseite\/wp-content\/uploads\/2018\/12\/roter-kampot-pfeffer-himalaya-muehle-500x500.jpg\" class=\"wp-image-3896 avia-img-lazy-loading-3896 attachment-woocommerce_thumbnail size-woocommerce_thumbnail wp-post-image\" alt=\"\" srcset=\"https:\/\/www.raffinessen.ch\/webseite\/wp-content\/uploads\/2018\/12\/roter-kampot-pfeffer-himalaya-muehle-500x500.jpg 500w, https:\/\/www.raffinessen.ch\/webseite\/wp-content\/uploads\/2018\/12\/roter-kampot-pfeffer-himalaya-muehle-80x80.jpg 80w, https:\/\/www.raffinessen.ch\/webseite\/wp-content\/uploads\/2018\/12\/roter-kampot-pfeffer-himalaya-muehle-300x300.jpg 300w, https:\/\/www.raffinessen.ch\/webseite\/wp-content\/uploads\/2018\/12\/roter-kampot-pfeffer-himalaya-muehle-768x768.jpg 768w, https:\/\/www.raffinessen.ch\/webseite\/wp-content\/uploads\/2018\/12\/roter-kampot-pfeffer-himalaya-muehle-1030x1030.jpg 1030w, https:\/\/www.raffinessen.ch\/webseite\/wp-content\/uploads\/2018\/12\/roter-kampot-pfeffer-himalaya-muehle-36x36.jpg 36w, https:\/\/www.raffinessen.ch\/webseite\/wp-content\/uploads\/2018\/12\/roter-kampot-pfeffer-himalaya-muehle-180x180.jpg 180w, https:\/\/www.raffinessen.ch\/webseite\/wp-content\/uploads\/2018\/12\/roter-kampot-pfeffer-himalaya-muehle-1500x1500.jpg 1500w, https:\/\/www.raffinessen.ch\/webseite\/wp-content\/uploads\/2018\/12\/roter-kampot-pfeffer-himalaya-muehle-705x705.jpg 705w, https:\/\/www.raffinessen.ch\/webseite\/wp-content\/uploads\/2018\/12\/roter-kampot-pfeffer-himalaya-muehle-100x100.jpg 100w, https:\/\/www.raffinessen.ch\/webseite\/wp-content\/uploads\/2018\/12\/roter-kampot-pfeffer-himalaya-muehle-1000x1000.jpg 1000w, https:\/\/www.raffinessen.ch\/webseite\/wp-content\/uploads\/2018\/12\/roter-kampot-pfeffer-himalaya-muehle.jpg 2000w\" sizes=\"auto, (max-width: 500px) 100vw, 500px\" \/><span class=\"cart-loading\"><\/span><\/div><div class='inner_product_header'><div class='avia-arrow'><\/div><div class='inner_product_header_table'><div class='inner_product_header_cell'><h2 class=\"woocommerce-loop-product__title\">SET - Deux moulins \u00e0 \u00e9pices avec poivre rouge de Kampot et sel cristallis\u00e9 de l'Himalaya<\/h2>\n\t<span class=\"price\"><span class=\"woocommerce-Price-amount amount\"><bdi><span class=\"woocommerce-Price-currencySymbol\">&#67;&#72;&#70;<\/span>&nbsp;23.00<\/bdi><\/span> <small class=\"woocommerce-price-suffix\">TVA incluse<\/small><\/span>\n<\/div><\/div><\/div><\/a><div class='avia_cart_buttons'><a href=\"\/fr\/wp-json\/wp\/v2\/pages\/9012?add-to-cart=3898\" aria-describedby=\"woocommerce_loop_add_to_cart_link_describedby_3898\" data-quantity=\"1\" class=\"button product_type_simple add_to_cart_button ajax_add_to_cart\" data-product_id=\"3898\" data-product_sku=\"GSO-018\" aria-label=\"Ajouter au panier\u00a0: \u201cSET - Zwei Gew\u00fcrzm\u00fchlen mit rotem Kampot Pfeffer und Himalaya Kristallsalz\u201d\" rel=\"nofollow\" data-success_message=\"\u00ab\u00a0SET - Zwei Gew\u00fcrzm\u00fchlen mit rotem Kampot Pfeffer und Himalaya Kristallsalz\u00a0\u00bb a \u00e9t\u00e9 ajout\u00e9 \u00e0 votre panier\" role=\"button\" data-no-translation-aria-label=\"\" data-no-translation-data-success_message=\"\"><span class=\"avia-svg-icon avia-font-svg_entypo-fontello\" data-av_svg_icon='basket' data-av_iconset='svg_entypo-fontello'><svg version=\"1.1\" xmlns=\"http:\/\/www.w3.org\/2000\/svg\" width=\"29\" height=\"32\" viewbox=\"0 0 29 32\" preserveaspectratio=\"xMidYMid meet\" aria-labelledby='av-svg-title-124' aria-describedby='av-svg-desc-124' role=\"graphics-symbol\" aria-hidden=\"true\">\n<title id='av-svg-title-124'>Ajouter au panier<\/title>\n<desc id='av-svg-desc-124'>Ajouter au panier<\/desc>\n<path d=\"M4.8 27.2q0-1.28 0.96-2.24t2.24-0.96q1.344 0 2.272 0.96t0.928 2.24q0 1.344-0.928 2.272t-2.272 0.928q-1.28 0-2.24-0.928t-0.96-2.272zM20.8 27.2q0-1.28 0.96-2.24t2.24-0.96q1.344 0 2.272 0.96t0.928 2.24q0 1.344-0.928 2.272t-2.272 0.928q-1.28 0-2.24-0.928t-0.96-2.272zM10.496 19.648q-1.152 0.32-1.088 0.736t1.408 0.416h17.984v2.432q0 0.64-0.64 0.64h-20.928q-0.64 0-0.64-0.64v-2.432l-0.32-1.472-3.136-14.528h-3.136v-2.56q0-0.64 0.64-0.64h4.992q0.64 0 0.64 0.64v2.752h22.528v8.768q0 0.704-0.576 0.832z\"><\/path>\n<\/svg><\/span>  Ajouter au panier<\/a>\t<span id=\"woocommerce_loop_add_to_cart_link_describedby_3898\" class=\"screen-reader-text\">\n\t\t\t<\/span>\n<a class=\"button show_details_button\" href=\"https:\/\/www.raffinessen.ch\/fr\/produit\/zwei-gewuerzmuehlen-mit-rotem-kampot-pfeffer-und-himalayasalz\/\"><span class=\"avia-svg-icon avia-font-svg_entypo-fontello\" data-av_svg_icon='doc-text' data-av_iconset='svg_entypo-fontello'><svg version=\"1.1\" xmlns=\"http:\/\/www.w3.org\/2000\/svg\" width=\"22\" height=\"32\" viewbox=\"0 0 22 32\" preserveaspectratio=\"xMidYMid meet\" aria-labelledby='av-svg-title-125' aria-describedby='av-svg-desc-125' role=\"graphics-symbol\" aria-hidden=\"true\">\n<title id='av-svg-title-125'>Voir les d\u00e9tails<\/title>\n<desc id='av-svg-desc-125'>Voir les d\u00e9tails<\/desc>\n<path d=\"M6.784 17.344v-2.88h8.96v2.88h-8.96zM19.2 1.6q1.344 0 2.272 0.928t0.928 2.272v22.4q0 1.28-0.928 2.24t-2.272 0.96h-16q-1.28 0-2.24-0.96t-0.96-2.24v-22.4q0-1.344 0.96-2.272t2.24-0.928h16zM19.2 27.2v-22.4h-16v22.4h16zM15.68 8.256v2.816h-8.96v-2.816h8.96zM15.68 20.8v2.816h-8.96v-2.816h8.96z\"><\/path>\n<\/svg><\/span>  Voir les d\u00e9tails<\/a> <span class=\"button-mini-delimiter\"><\/span><\/div><\/div><\/li>\n<li class=\"product type-product post-1776 status-publish last instock product_cat-muehlen-und-behaelter product_cat-swiss-made has-post-thumbnail taxable shipping-taxable purchasable product-type-simple\">\n\t<div class='inner_product main_color wrapped_style noLightbox  av-product-class-'><a href=\"https:\/\/www.raffinessen.ch\/fr\/produit\/keramikmuehle-nussbaum\/\" class=\"woocommerce-LoopProduct-link woocommerce-loop-product__link\"><div class=\"thumbnail_container\"><img loading=\"lazy\" decoding=\"async\" width=\"500\" height=\"500\" src=\"https:\/\/www.raffinessen.ch\/webseite\/wp-content\/uploads\/2020\/04\/nuss-muehle-zylindrisch-liegend-500x500.jpg\" class=\"attachment-woocommerce_thumbnail avia-product-hover\" alt=\"\" srcset=\"https:\/\/www.raffinessen.ch\/webseite\/wp-content\/uploads\/2020\/04\/nuss-muehle-zylindrisch-liegend-500x500.jpg 500w, https:\/\/www.raffinessen.ch\/webseite\/wp-content\/uploads\/2020\/04\/nuss-muehle-zylindrisch-liegend-300x300.jpg 300w, https:\/\/www.raffinessen.ch\/webseite\/wp-content\/uploads\/2020\/04\/nuss-muehle-zylindrisch-liegend-1030x1030.jpg 1030w, https:\/\/www.raffinessen.ch\/webseite\/wp-content\/uploads\/2020\/04\/nuss-muehle-zylindrisch-liegend-80x80.jpg 80w, https:\/\/www.raffinessen.ch\/webseite\/wp-content\/uploads\/2020\/04\/nuss-muehle-zylindrisch-liegend-768x768.jpg 768w, https:\/\/www.raffinessen.ch\/webseite\/wp-content\/uploads\/2020\/04\/nuss-muehle-zylindrisch-liegend-1536x1536.jpg 1536w, https:\/\/www.raffinessen.ch\/webseite\/wp-content\/uploads\/2020\/04\/nuss-muehle-zylindrisch-liegend-2048x2048.jpg 2048w, https:\/\/www.raffinessen.ch\/webseite\/wp-content\/uploads\/2020\/04\/nuss-muehle-zylindrisch-liegend-36x36.jpg 36w, https:\/\/www.raffinessen.ch\/webseite\/wp-content\/uploads\/2020\/04\/nuss-muehle-zylindrisch-liegend-180x180.jpg 180w, https:\/\/www.raffinessen.ch\/webseite\/wp-content\/uploads\/2020\/04\/nuss-muehle-zylindrisch-liegend-1500x1500.jpg 1500w, https:\/\/www.raffinessen.ch\/webseite\/wp-content\/uploads\/2020\/04\/nuss-muehle-zylindrisch-liegend-705x705.jpg 705w, https:\/\/www.raffinessen.ch\/webseite\/wp-content\/uploads\/2020\/04\/nuss-muehle-zylindrisch-liegend-100x100.jpg 100w, https:\/\/www.raffinessen.ch\/webseite\/wp-content\/uploads\/2020\/04\/nuss-muehle-zylindrisch-liegend-1000x1000.jpg 1000w\" sizes=\"auto, (max-width: 500px) 100vw, 500px\" \/><img decoding=\"async\" loading=\"lazy\" width=\"500\" height=\"500\" src=\"https:\/\/www.raffinessen.ch\/webseite\/wp-content\/uploads\/2020\/04\/nuss-muehle-zylindrisch-zu-500x500.jpg\" class=\"wp-image-5700 avia-img-lazy-loading-5700 attachment-woocommerce_thumbnail size-woocommerce_thumbnail wp-post-image\" alt=\"\" srcset=\"https:\/\/www.raffinessen.ch\/webseite\/wp-content\/uploads\/2020\/04\/nuss-muehle-zylindrisch-zu-500x500.jpg 500w, https:\/\/www.raffinessen.ch\/webseite\/wp-content\/uploads\/2020\/04\/nuss-muehle-zylindrisch-zu-300x300.jpg 300w, https:\/\/www.raffinessen.ch\/webseite\/wp-content\/uploads\/2020\/04\/nuss-muehle-zylindrisch-zu-1030x1030.jpg 1030w, https:\/\/www.raffinessen.ch\/webseite\/wp-content\/uploads\/2020\/04\/nuss-muehle-zylindrisch-zu-80x80.jpg 80w, https:\/\/www.raffinessen.ch\/webseite\/wp-content\/uploads\/2020\/04\/nuss-muehle-zylindrisch-zu-768x768.jpg 768w, https:\/\/www.raffinessen.ch\/webseite\/wp-content\/uploads\/2020\/04\/nuss-muehle-zylindrisch-zu-1536x1536.jpg 1536w, https:\/\/www.raffinessen.ch\/webseite\/wp-content\/uploads\/2020\/04\/nuss-muehle-zylindrisch-zu-2048x2048.jpg 2048w, https:\/\/www.raffinessen.ch\/webseite\/wp-content\/uploads\/2020\/04\/nuss-muehle-zylindrisch-zu-36x36.jpg 36w, https:\/\/www.raffinessen.ch\/webseite\/wp-content\/uploads\/2020\/04\/nuss-muehle-zylindrisch-zu-180x180.jpg 180w, https:\/\/www.raffinessen.ch\/webseite\/wp-content\/uploads\/2020\/04\/nuss-muehle-zylindrisch-zu-1500x1500.jpg 1500w, https:\/\/www.raffinessen.ch\/webseite\/wp-content\/uploads\/2020\/04\/nuss-muehle-zylindrisch-zu-705x705.jpg 705w, https:\/\/www.raffinessen.ch\/webseite\/wp-content\/uploads\/2020\/04\/nuss-muehle-zylindrisch-zu-100x100.jpg 100w, https:\/\/www.raffinessen.ch\/webseite\/wp-content\/uploads\/2020\/04\/nuss-muehle-zylindrisch-zu-1000x1000.jpg 1000w\" sizes=\"auto, (max-width: 500px) 100vw, 500px\" \/><span class=\"cart-loading\"><\/span><\/div><div class='inner_product_header'><div class='avia-arrow'><\/div><div class='inner_product_header_table'><div class='inner_product_header_cell'><h2 class=\"woocommerce-loop-product__title\">Moulin \u00e0 \u00e9pices JEAN Noyer <br \/>(Swiss Made)<\/h2>\n\t<span class=\"price\"><span class=\"woocommerce-Price-amount amount\"><bdi><span class=\"woocommerce-Price-currencySymbol\">&#67;&#72;&#70;<\/span>&nbsp;75.00<\/bdi><\/span> <small class=\"woocommerce-price-suffix\">TVA incluse<\/small><\/span>\n<\/div><\/div><\/div><\/a><div class='avia_cart_buttons'><a href=\"\/fr\/wp-json\/wp\/v2\/pages\/9012?add-to-cart=1776\" aria-describedby=\"woocommerce_loop_add_to_cart_link_describedby_1776\" data-quantity=\"1\" class=\"button product_type_simple add_to_cart_button ajax_add_to_cart\" data-product_id=\"1776\" data-product_sku=\"GWO-018\" aria-label=\"Ajouter au panier\u00a0: \u201cGew\u00fcrzm\u00fchle JEAN Nussbaum (Swiss Made)\u201d\" rel=\"nofollow\" data-success_message=\"\u00ab\u00a0Gew\u00fcrzm\u00fchle JEAN Nussbaum &lt;br \/&gt;(Swiss Made)\u00a0\u00bb a \u00e9t\u00e9 ajout\u00e9 \u00e0 votre panier\" role=\"button\" data-no-translation-aria-label=\"\" data-no-translation-data-success_message=\"\"><span class=\"avia-svg-icon avia-font-svg_entypo-fontello\" data-av_svg_icon='basket' data-av_iconset='svg_entypo-fontello'><svg version=\"1.1\" xmlns=\"http:\/\/www.w3.org\/2000\/svg\" width=\"29\" height=\"32\" viewbox=\"0 0 29 32\" preserveaspectratio=\"xMidYMid meet\" aria-labelledby='av-svg-title-126' aria-describedby='av-svg-desc-126' role=\"graphics-symbol\" aria-hidden=\"true\">\n<title id='av-svg-title-126'>Ajouter au panier<\/title>\n<desc id='av-svg-desc-126'>Ajouter au panier<\/desc>\n<path d=\"M4.8 27.2q0-1.28 0.96-2.24t2.24-0.96q1.344 0 2.272 0.96t0.928 2.24q0 1.344-0.928 2.272t-2.272 0.928q-1.28 0-2.24-0.928t-0.96-2.272zM20.8 27.2q0-1.28 0.96-2.24t2.24-0.96q1.344 0 2.272 0.96t0.928 2.24q0 1.344-0.928 2.272t-2.272 0.928q-1.28 0-2.24-0.928t-0.96-2.272zM10.496 19.648q-1.152 0.32-1.088 0.736t1.408 0.416h17.984v2.432q0 0.64-0.64 0.64h-20.928q-0.64 0-0.64-0.64v-2.432l-0.32-1.472-3.136-14.528h-3.136v-2.56q0-0.64 0.64-0.64h4.992q0.64 0 0.64 0.64v2.752h22.528v8.768q0 0.704-0.576 0.832z\"><\/path>\n<\/svg><\/span>  Ajouter au panier<\/a>\t<span id=\"woocommerce_loop_add_to_cart_link_describedby_1776\" class=\"screen-reader-text\">\n\t\t\t<\/span>\n<a class=\"button show_details_button\" href=\"https:\/\/www.raffinessen.ch\/fr\/produit\/keramikmuehle-nussbaum\/\"><span class=\"avia-svg-icon avia-font-svg_entypo-fontello\" data-av_svg_icon='doc-text' data-av_iconset='svg_entypo-fontello'><svg version=\"1.1\" xmlns=\"http:\/\/www.w3.org\/2000\/svg\" width=\"22\" height=\"32\" viewbox=\"0 0 22 32\" preserveaspectratio=\"xMidYMid meet\" aria-labelledby='av-svg-title-127' aria-describedby='av-svg-desc-127' role=\"graphics-symbol\" aria-hidden=\"true\">\n<title id='av-svg-title-127'>Voir les d\u00e9tails<\/title>\n<desc id='av-svg-desc-127'>Voir les d\u00e9tails<\/desc>\n<path d=\"M6.784 17.344v-2.88h8.96v2.88h-8.96zM19.2 1.6q1.344 0 2.272 0.928t0.928 2.272v22.4q0 1.28-0.928 2.24t-2.272 0.96h-16q-1.28 0-2.24-0.96t-0.96-2.24v-22.4q0-1.344 0.96-2.272t2.24-0.928h16zM19.2 27.2v-22.4h-16v22.4h16zM15.68 8.256v2.816h-8.96v-2.816h8.96zM15.68 20.8v2.816h-8.96v-2.816h8.96z\"><\/path>\n<\/svg><\/span>  Voir les d\u00e9tails<\/a> <span class=\"button-mini-delimiter\"><\/span><\/div><\/div><\/li>\n<li class=\"product type-product post-6597 status-publish first instock product_cat-behaelter has-post-thumbnail taxable shipping-taxable purchasable product-type-simple yith-wcbm-product-has-badges\">\n\t<div class='inner_product main_color wrapped_style noLightbox  av-product-class-'><a href=\"https:\/\/www.raffinessen.ch\/fr\/produit\/set-5-dosen-mit-schraubdeckel\/\" class=\"woocommerce-LoopProduct-link woocommerce-loop-product__link\"><div class=\"thumbnail_container\"><div class='container-image-and-badge'><img decoding=\"async\" loading=\"lazy\" width=\"500\" height=\"500\" src=\"https:\/\/www.raffinessen.ch\/webseite\/wp-content\/uploads\/2020\/07\/5x-DK-500x500.jpg\" class=\"wp-image-6598 avia-img-lazy-loading-6598 attachment-woocommerce_thumbnail size-woocommerce_thumbnail wp-post-image\" alt=\"\" srcset=\"https:\/\/www.raffinessen.ch\/webseite\/wp-content\/uploads\/2020\/07\/5x-DK-500x500.jpg 500w, https:\/\/www.raffinessen.ch\/webseite\/wp-content\/uploads\/2020\/07\/5x-DK-300x300.jpg 300w, https:\/\/www.raffinessen.ch\/webseite\/wp-content\/uploads\/2020\/07\/5x-DK-1030x1030.jpg 1030w, https:\/\/www.raffinessen.ch\/webseite\/wp-content\/uploads\/2020\/07\/5x-DK-80x80.jpg 80w, https:\/\/www.raffinessen.ch\/webseite\/wp-content\/uploads\/2020\/07\/5x-DK-768x768.jpg 768w, https:\/\/www.raffinessen.ch\/webseite\/wp-content\/uploads\/2020\/07\/5x-DK-1536x1536.jpg 1536w, https:\/\/www.raffinessen.ch\/webseite\/wp-content\/uploads\/2020\/07\/5x-DK-2048x2048.jpg 2048w, https:\/\/www.raffinessen.ch\/webseite\/wp-content\/uploads\/2020\/07\/5x-DK-36x36.jpg 36w, https:\/\/www.raffinessen.ch\/webseite\/wp-content\/uploads\/2020\/07\/5x-DK-180x180.jpg 180w, https:\/\/www.raffinessen.ch\/webseite\/wp-content\/uploads\/2020\/07\/5x-DK-1500x1500.jpg 1500w, https:\/\/www.raffinessen.ch\/webseite\/wp-content\/uploads\/2020\/07\/5x-DK-705x705.jpg 705w, https:\/\/www.raffinessen.ch\/webseite\/wp-content\/uploads\/2020\/07\/5x-DK-100x100.jpg 100w, https:\/\/www.raffinessen.ch\/webseite\/wp-content\/uploads\/2020\/07\/5x-DK-1000x1000.jpg 1000w\" sizes=\"auto, (max-width: 500px) 100vw, 500px\" \/>\n<div class='yith-wcbm-badge yith-wcbm-badge-5779 yith-wcbm-badge-text yith-wcbm-badge--on-product-6597 yith-wcbm-badge-text' data-position='{&quot;top&quot;:&quot;0&quot;,&quot;right&quot;:&quot;0&quot;,&quot;bottom&quot;:&quot;auto&quot;,&quot;left&quot;:&quot;auto&quot;}' data-transform=\"\">\n\t<div class='yith-wcbm-badge__wrap'>\n\t\t<div class=\"yith-wcbm-badge-text\"><div style=\"font-family: 'Open Sans', sans-serif;color:#ffffff\">NOUVEAU<\/div><\/div>\n\t<\/div>\n<\/div>\n<!--yith-wcbm-badge-->\n<\/div><!--container-image-and-badge--><span class=\"cart-loading\"><\/span><\/div><div class='inner_product_header'><div class='avia-arrow'><\/div><div class='inner_product_header_table'><div class='inner_product_header_cell'><h2 class=\"woocommerce-loop-product__title\">SET - 5 bo\u00eetes vides avec couvercle \u00e0 visser<\/h2>\n\t<span class=\"price\"><span class=\"woocommerce-Price-amount amount\"><bdi><span class=\"woocommerce-Price-currencySymbol\">&#67;&#72;&#70;<\/span>&nbsp;10.00<\/bdi><\/span> <small class=\"woocommerce-price-suffix\">TVA incluse<\/small><\/span>\n<\/div><\/div><\/div><\/a><div class='avia_cart_buttons'><a href=\"\/fr\/wp-json\/wp\/v2\/pages\/9012?add-to-cart=6597\" aria-describedby=\"woocommerce_loop_add_to_cart_link_describedby_6597\" data-quantity=\"1\" class=\"button product_type_simple add_to_cart_button ajax_add_to_cart\" data-product_id=\"6597\" data-product_sku=\"GSO-038\" aria-label=\"Ajouter au panier\u00a0: \u201cSET - 5 leere Dosen mit Schraubdeckel\u201d\" rel=\"nofollow\" data-success_message=\"\u00ab\u00a0SET - 5 leere Dosen mit Schraubdeckel\u00a0\u00bb a \u00e9t\u00e9 ajout\u00e9 \u00e0 votre panier\" role=\"button\" data-no-translation-aria-label=\"\" data-no-translation-data-success_message=\"\"><span class=\"avia-svg-icon avia-font-svg_entypo-fontello\" data-av_svg_icon='basket' data-av_iconset='svg_entypo-fontello'><svg version=\"1.1\" xmlns=\"http:\/\/www.w3.org\/2000\/svg\" width=\"29\" height=\"32\" viewbox=\"0 0 29 32\" preserveaspectratio=\"xMidYMid meet\" aria-labelledby='av-svg-title-128' aria-describedby='av-svg-desc-128' role=\"graphics-symbol\" aria-hidden=\"true\">\n<title id='av-svg-title-128'>Ajouter au panier<\/title>\n<desc id='av-svg-desc-128'>Ajouter au panier<\/desc>\n<path d=\"M4.8 27.2q0-1.28 0.96-2.24t2.24-0.96q1.344 0 2.272 0.96t0.928 2.24q0 1.344-0.928 2.272t-2.272 0.928q-1.28 0-2.24-0.928t-0.96-2.272zM20.8 27.2q0-1.28 0.96-2.24t2.24-0.96q1.344 0 2.272 0.96t0.928 2.24q0 1.344-0.928 2.272t-2.272 0.928q-1.28 0-2.24-0.928t-0.96-2.272zM10.496 19.648q-1.152 0.32-1.088 0.736t1.408 0.416h17.984v2.432q0 0.64-0.64 0.64h-20.928q-0.64 0-0.64-0.64v-2.432l-0.32-1.472-3.136-14.528h-3.136v-2.56q0-0.64 0.64-0.64h4.992q0.64 0 0.64 0.64v2.752h22.528v8.768q0 0.704-0.576 0.832z\"><\/path>\n<\/svg><\/span>  Ajouter au panier<\/a>\t<span id=\"woocommerce_loop_add_to_cart_link_describedby_6597\" class=\"screen-reader-text\">\n\t\t\t<\/span>\n<a class=\"button show_details_button\" href=\"https:\/\/www.raffinessen.ch\/fr\/produit\/set-5-dosen-mit-schraubdeckel\/\"><span class=\"avia-svg-icon avia-font-svg_entypo-fontello\" data-av_svg_icon='doc-text' data-av_iconset='svg_entypo-fontello'><svg version=\"1.1\" xmlns=\"http:\/\/www.w3.org\/2000\/svg\" width=\"22\" height=\"32\" viewbox=\"0 0 22 32\" preserveaspectratio=\"xMidYMid meet\" aria-labelledby='av-svg-title-129' aria-describedby='av-svg-desc-129' role=\"graphics-symbol\" aria-hidden=\"true\">\n<title id='av-svg-title-129'>Voir les d\u00e9tails<\/title>\n<desc id='av-svg-desc-129'>Voir les d\u00e9tails<\/desc>\n<path d=\"M6.784 17.344v-2.88h8.96v2.88h-8.96zM19.2 1.6q1.344 0 2.272 0.928t0.928 2.272v22.4q0 1.28-0.928 2.24t-2.272 0.96h-16q-1.28 0-2.24-0.96t-0.96-2.24v-22.4q0-1.344 0.96-2.272t2.24-0.928h16zM19.2 27.2v-22.4h-16v22.4h16zM15.68 8.256v2.816h-8.96v-2.816h8.96zM15.68 20.8v2.816h-8.96v-2.816h8.96z\"><\/path>\n<\/svg><\/span>  Voir les d\u00e9tails<\/a> <span class=\"button-mini-delimiter\"><\/span><\/div><\/div><\/li>\n<li class=\"product type-product post-6532 status-publish instock product_cat-gemahlen product_cat-gewuerz-mischungen has-post-thumbnail taxable shipping-taxable purchasable product-type-simple\">\n\t<div class='inner_product main_color wrapped_style noLightbox  av-product-class-'><a href=\"https:\/\/www.raffinessen.ch\/fr\/produit\/antigua\/\" class=\"woocommerce-LoopProduct-link woocommerce-loop-product__link\"><div class=\"thumbnail_container\"><img loading=\"lazy\" decoding=\"async\" width=\"500\" height=\"500\" src=\"https:\/\/www.raffinessen.ch\/webseite\/wp-content\/uploads\/2020\/07\/antigua-beutel-500x500.jpg\" class=\"attachment-woocommerce_thumbnail avia-product-hover\" alt=\"\" srcset=\"https:\/\/www.raffinessen.ch\/webseite\/wp-content\/uploads\/2020\/07\/antigua-beutel-500x500.jpg 500w, https:\/\/www.raffinessen.ch\/webseite\/wp-content\/uploads\/2020\/07\/antigua-beutel-300x300.jpg 300w, https:\/\/www.raffinessen.ch\/webseite\/wp-content\/uploads\/2020\/07\/antigua-beutel-1030x1030.jpg 1030w, https:\/\/www.raffinessen.ch\/webseite\/wp-content\/uploads\/2020\/07\/antigua-beutel-80x80.jpg 80w, https:\/\/www.raffinessen.ch\/webseite\/wp-content\/uploads\/2020\/07\/antigua-beutel-768x768.jpg 768w, https:\/\/www.raffinessen.ch\/webseite\/wp-content\/uploads\/2020\/07\/antigua-beutel-1536x1536.jpg 1536w, https:\/\/www.raffinessen.ch\/webseite\/wp-content\/uploads\/2020\/07\/antigua-beutel-36x36.jpg 36w, https:\/\/www.raffinessen.ch\/webseite\/wp-content\/uploads\/2020\/07\/antigua-beutel-180x180.jpg 180w, https:\/\/www.raffinessen.ch\/webseite\/wp-content\/uploads\/2020\/07\/antigua-beutel-1500x1500.jpg 1500w, https:\/\/www.raffinessen.ch\/webseite\/wp-content\/uploads\/2020\/07\/antigua-beutel-705x705.jpg 705w, https:\/\/www.raffinessen.ch\/webseite\/wp-content\/uploads\/2020\/07\/antigua-beutel-100x100.jpg 100w, https:\/\/www.raffinessen.ch\/webseite\/wp-content\/uploads\/2020\/07\/antigua-beutel-1000x1000.jpg 1000w, https:\/\/www.raffinessen.ch\/webseite\/wp-content\/uploads\/2020\/07\/antigua-beutel.jpg 2000w\" sizes=\"auto, (max-width: 500px) 100vw, 500px\" \/><img decoding=\"async\" loading=\"lazy\" width=\"500\" height=\"500\" src=\"https:\/\/www.raffinessen.ch\/webseite\/wp-content\/uploads\/2020\/03\/curry-antigua-gewuerz-kreis-raffinessen-500x500.jpg\" class=\"wp-image-5133 avia-img-lazy-loading-5133 attachment-woocommerce_thumbnail size-woocommerce_thumbnail wp-post-image\" alt=\"\" srcset=\"https:\/\/www.raffinessen.ch\/webseite\/wp-content\/uploads\/2020\/03\/curry-antigua-gewuerz-kreis-raffinessen-500x500.jpg 500w, https:\/\/www.raffinessen.ch\/webseite\/wp-content\/uploads\/2020\/03\/curry-antigua-gewuerz-kreis-raffinessen-300x300.jpg 300w, https:\/\/www.raffinessen.ch\/webseite\/wp-content\/uploads\/2020\/03\/curry-antigua-gewuerz-kreis-raffinessen-1030x1030.jpg 1030w, https:\/\/www.raffinessen.ch\/webseite\/wp-content\/uploads\/2020\/03\/curry-antigua-gewuerz-kreis-raffinessen-80x80.jpg 80w, https:\/\/www.raffinessen.ch\/webseite\/wp-content\/uploads\/2020\/03\/curry-antigua-gewuerz-kreis-raffinessen-768x768.jpg 768w, https:\/\/www.raffinessen.ch\/webseite\/wp-content\/uploads\/2020\/03\/curry-antigua-gewuerz-kreis-raffinessen-1536x1536.jpg 1536w, https:\/\/www.raffinessen.ch\/webseite\/wp-content\/uploads\/2020\/03\/curry-antigua-gewuerz-kreis-raffinessen-2048x2048.jpg 2048w, https:\/\/www.raffinessen.ch\/webseite\/wp-content\/uploads\/2020\/03\/curry-antigua-gewuerz-kreis-raffinessen-36x36.jpg 36w, https:\/\/www.raffinessen.ch\/webseite\/wp-content\/uploads\/2020\/03\/curry-antigua-gewuerz-kreis-raffinessen-180x180.jpg 180w, https:\/\/www.raffinessen.ch\/webseite\/wp-content\/uploads\/2020\/03\/curry-antigua-gewuerz-kreis-raffinessen-1500x1500.jpg 1500w, https:\/\/www.raffinessen.ch\/webseite\/wp-content\/uploads\/2020\/03\/curry-antigua-gewuerz-kreis-raffinessen-705x705.jpg 705w, https:\/\/www.raffinessen.ch\/webseite\/wp-content\/uploads\/2020\/03\/curry-antigua-gewuerz-kreis-raffinessen-100x100.jpg 100w, https:\/\/www.raffinessen.ch\/webseite\/wp-content\/uploads\/2020\/03\/curry-antigua-gewuerz-kreis-raffinessen-1000x1000.jpg 1000w\" sizes=\"auto, (max-width: 500px) 100vw, 500px\" \/><span class=\"cart-loading\"><\/span><\/div><div class='inner_product_header'><div class='avia-arrow'><\/div><div class='inner_product_header_table'><div class='inner_product_header_cell'><h2 class=\"woocommerce-loop-product__title\">Antigua (curry)<\/h2>\n\t<span class=\"price\"><span class=\"woocommerce-Price-amount amount\"><bdi><span class=\"woocommerce-Price-currencySymbol\">&#67;&#72;&#70;<\/span>&nbsp;6.00<\/bdi><\/span> <small class=\"woocommerce-price-suffix\">TVA incluse<\/small><\/span>\n<\/div><\/div><\/div><\/a><div class='avia_cart_buttons'><a href=\"\/fr\/wp-json\/wp\/v2\/pages\/9012?add-to-cart=6532\" aria-describedby=\"woocommerce_loop_add_to_cart_link_describedby_6532\" data-quantity=\"1\" class=\"button product_type_simple add_to_cart_button ajax_add_to_cart\" data-product_id=\"6532\" data-product_sku=\"FPO-S011-45\" aria-label=\"Ajouter au panier\u00a0: \u201cAntigua (Curry)\u201d\" rel=\"nofollow\" data-success_message=\"\u00ab\u00a0Antigua (Curry)\u00a0\u00bb a \u00e9t\u00e9 ajout\u00e9 \u00e0 votre panier\" role=\"button\" data-no-translation-aria-label=\"\" data-no-translation-data-success_message=\"\"><span class=\"avia-svg-icon avia-font-svg_entypo-fontello\" data-av_svg_icon='basket' data-av_iconset='svg_entypo-fontello'><svg version=\"1.1\" xmlns=\"http:\/\/www.w3.org\/2000\/svg\" width=\"29\" height=\"32\" viewbox=\"0 0 29 32\" preserveaspectratio=\"xMidYMid meet\" aria-labelledby='av-svg-title-130' aria-describedby='av-svg-desc-130' role=\"graphics-symbol\" aria-hidden=\"true\">\n<title id='av-svg-title-130'>Ajouter au panier<\/title>\n<desc id='av-svg-desc-130'>Ajouter au panier<\/desc>\n<path d=\"M4.8 27.2q0-1.28 0.96-2.24t2.24-0.96q1.344 0 2.272 0.96t0.928 2.24q0 1.344-0.928 2.272t-2.272 0.928q-1.28 0-2.24-0.928t-0.96-2.272zM20.8 27.2q0-1.28 0.96-2.24t2.24-0.96q1.344 0 2.272 0.96t0.928 2.24q0 1.344-0.928 2.272t-2.272 0.928q-1.28 0-2.24-0.928t-0.96-2.272zM10.496 19.648q-1.152 0.32-1.088 0.736t1.408 0.416h17.984v2.432q0 0.64-0.64 0.64h-20.928q-0.64 0-0.64-0.64v-2.432l-0.32-1.472-3.136-14.528h-3.136v-2.56q0-0.64 0.64-0.64h4.992q0.64 0 0.64 0.64v2.752h22.528v8.768q0 0.704-0.576 0.832z\"><\/path>\n<\/svg><\/span>  Ajouter au panier<\/a>\t<span id=\"woocommerce_loop_add_to_cart_link_describedby_6532\" class=\"screen-reader-text\">\n\t\t\t<\/span>\n<a class=\"button show_details_button\" href=\"https:\/\/www.raffinessen.ch\/fr\/produit\/antigua\/\"><span class=\"avia-svg-icon avia-font-svg_entypo-fontello\" data-av_svg_icon='doc-text' data-av_iconset='svg_entypo-fontello'><svg version=\"1.1\" xmlns=\"http:\/\/www.w3.org\/2000\/svg\" width=\"22\" height=\"32\" viewbox=\"0 0 22 32\" preserveaspectratio=\"xMidYMid meet\" aria-labelledby='av-svg-title-131' aria-describedby='av-svg-desc-131' role=\"graphics-symbol\" aria-hidden=\"true\">\n<title id='av-svg-title-131'>Voir les d\u00e9tails<\/title>\n<desc id='av-svg-desc-131'>Voir les d\u00e9tails<\/desc>\n<path d=\"M6.784 17.344v-2.88h8.96v2.88h-8.96zM19.2 1.6q1.344 0 2.272 0.928t0.928 2.272v22.4q0 1.28-0.928 2.24t-2.272 0.96h-16q-1.28 0-2.24-0.96t-0.96-2.24v-22.4q0-1.344 0.96-2.272t2.24-0.928h16zM19.2 27.2v-22.4h-16v22.4h16zM15.68 8.256v2.816h-8.96v-2.816h8.96zM15.68 20.8v2.816h-8.96v-2.816h8.96z\"><\/path>\n<\/svg><\/span>  Voir les d\u00e9tails<\/a> <span class=\"button-mini-delimiter\"><\/span><\/div><\/div><\/li>\n<li class=\"product type-product post-6551 status-publish instock product_cat-gemahlen product_cat-gewuerz-mischungen has-post-thumbnail taxable shipping-taxable purchasable product-type-simple\">\n\t<div class='inner_product main_color wrapped_style noLightbox  av-product-class-'><a href=\"https:\/\/www.raffinessen.ch\/fr\/produit\/villarosa\/\" class=\"woocommerce-LoopProduct-link woocommerce-loop-product__link\"><div class=\"thumbnail_container\"><img loading=\"lazy\" decoding=\"async\" width=\"500\" height=\"500\" src=\"https:\/\/www.raffinessen.ch\/webseite\/wp-content\/uploads\/2020\/07\/villarosa-beutel-500x500.jpg\" class=\"attachment-woocommerce_thumbnail avia-product-hover\" alt=\"\" srcset=\"https:\/\/www.raffinessen.ch\/webseite\/wp-content\/uploads\/2020\/07\/villarosa-beutel-500x500.jpg 500w, https:\/\/www.raffinessen.ch\/webseite\/wp-content\/uploads\/2020\/07\/villarosa-beutel-300x300.jpg 300w, https:\/\/www.raffinessen.ch\/webseite\/wp-content\/uploads\/2020\/07\/villarosa-beutel-1030x1030.jpg 1030w, https:\/\/www.raffinessen.ch\/webseite\/wp-content\/uploads\/2020\/07\/villarosa-beutel-80x80.jpg 80w, https:\/\/www.raffinessen.ch\/webseite\/wp-content\/uploads\/2020\/07\/villarosa-beutel-768x768.jpg 768w, https:\/\/www.raffinessen.ch\/webseite\/wp-content\/uploads\/2020\/07\/villarosa-beutel-1536x1536.jpg 1536w, https:\/\/www.raffinessen.ch\/webseite\/wp-content\/uploads\/2020\/07\/villarosa-beutel-36x36.jpg 36w, https:\/\/www.raffinessen.ch\/webseite\/wp-content\/uploads\/2020\/07\/villarosa-beutel-180x180.jpg 180w, https:\/\/www.raffinessen.ch\/webseite\/wp-content\/uploads\/2020\/07\/villarosa-beutel-1500x1500.jpg 1500w, https:\/\/www.raffinessen.ch\/webseite\/wp-content\/uploads\/2020\/07\/villarosa-beutel-705x705.jpg 705w, https:\/\/www.raffinessen.ch\/webseite\/wp-content\/uploads\/2020\/07\/villarosa-beutel-100x100.jpg 100w, https:\/\/www.raffinessen.ch\/webseite\/wp-content\/uploads\/2020\/07\/villarosa-beutel-1000x1000.jpg 1000w, https:\/\/www.raffinessen.ch\/webseite\/wp-content\/uploads\/2020\/07\/villarosa-beutel.jpg 2000w\" sizes=\"auto, (max-width: 500px) 100vw, 500px\" \/><img decoding=\"async\" loading=\"lazy\" width=\"500\" height=\"500\" src=\"https:\/\/www.raffinessen.ch\/webseite\/wp-content\/uploads\/2020\/03\/villarosa-gewuerz-kreis-raffinessen-500x500.jpg\" class=\"wp-image-5144 avia-img-lazy-loading-5144 attachment-woocommerce_thumbnail size-woocommerce_thumbnail wp-post-image\" alt=\"\" srcset=\"https:\/\/www.raffinessen.ch\/webseite\/wp-content\/uploads\/2020\/03\/villarosa-gewuerz-kreis-raffinessen-500x500.jpg 500w, https:\/\/www.raffinessen.ch\/webseite\/wp-content\/uploads\/2020\/03\/villarosa-gewuerz-kreis-raffinessen-300x300.jpg 300w, https:\/\/www.raffinessen.ch\/webseite\/wp-content\/uploads\/2020\/03\/villarosa-gewuerz-kreis-raffinessen-1030x1030.jpg 1030w, https:\/\/www.raffinessen.ch\/webseite\/wp-content\/uploads\/2020\/03\/villarosa-gewuerz-kreis-raffinessen-80x80.jpg 80w, https:\/\/www.raffinessen.ch\/webseite\/wp-content\/uploads\/2020\/03\/villarosa-gewuerz-kreis-raffinessen-768x768.jpg 768w, https:\/\/www.raffinessen.ch\/webseite\/wp-content\/uploads\/2020\/03\/villarosa-gewuerz-kreis-raffinessen-1536x1536.jpg 1536w, https:\/\/www.raffinessen.ch\/webseite\/wp-content\/uploads\/2020\/03\/villarosa-gewuerz-kreis-raffinessen-2048x2048.jpg 2048w, https:\/\/www.raffinessen.ch\/webseite\/wp-content\/uploads\/2020\/03\/villarosa-gewuerz-kreis-raffinessen-36x36.jpg 36w, https:\/\/www.raffinessen.ch\/webseite\/wp-content\/uploads\/2020\/03\/villarosa-gewuerz-kreis-raffinessen-180x180.jpg 180w, https:\/\/www.raffinessen.ch\/webseite\/wp-content\/uploads\/2020\/03\/villarosa-gewuerz-kreis-raffinessen-1500x1500.jpg 1500w, https:\/\/www.raffinessen.ch\/webseite\/wp-content\/uploads\/2020\/03\/villarosa-gewuerz-kreis-raffinessen-705x705.jpg 705w, https:\/\/www.raffinessen.ch\/webseite\/wp-content\/uploads\/2020\/03\/villarosa-gewuerz-kreis-raffinessen-100x100.jpg 100w, https:\/\/www.raffinessen.ch\/webseite\/wp-content\/uploads\/2020\/03\/villarosa-gewuerz-kreis-raffinessen-1000x1000.jpg 1000w\" sizes=\"auto, (max-width: 500px) 100vw, 500px\" \/><span class=\"cart-loading\"><\/span><\/div><div class='inner_product_header'><div class='avia-arrow'><\/div><div class='inner_product_header_table'><div class='inner_product_header_cell'><h2 class=\"woocommerce-loop-product__title\">Villarosa<\/h2>\n\t<span class=\"price\"><span class=\"woocommerce-Price-amount amount\"><bdi><span class=\"woocommerce-Price-currencySymbol\">&#67;&#72;&#70;<\/span>&nbsp;6.00<\/bdi><\/span> <small class=\"woocommerce-price-suffix\">TVA incluse<\/small><\/span>\n<\/div><\/div><\/div><\/a><div class='avia_cart_buttons'><a href=\"\/fr\/wp-json\/wp\/v2\/pages\/9012?add-to-cart=6551\" aria-describedby=\"woocommerce_loop_add_to_cart_link_describedby_6551\" data-quantity=\"1\" class=\"button product_type_simple add_to_cart_button ajax_add_to_cart\" data-product_id=\"6551\" data-product_sku=\"FPO-S028-70\" aria-label=\"Ajouter au panier\u00a0: \u201cVillarosa\u201d\" rel=\"nofollow\" data-success_message=\"\u00ab\u00a0Villarosa\u00a0\u00bb a \u00e9t\u00e9 ajout\u00e9 \u00e0 votre panier\" role=\"button\" data-no-translation-aria-label=\"\" data-no-translation-data-success_message=\"\"><span class=\"avia-svg-icon avia-font-svg_entypo-fontello\" data-av_svg_icon='basket' data-av_iconset='svg_entypo-fontello'><svg version=\"1.1\" xmlns=\"http:\/\/www.w3.org\/2000\/svg\" width=\"29\" height=\"32\" viewbox=\"0 0 29 32\" preserveaspectratio=\"xMidYMid meet\" aria-labelledby='av-svg-title-132' aria-describedby='av-svg-desc-132' role=\"graphics-symbol\" aria-hidden=\"true\">\n<title id='av-svg-title-132'>Ajouter au panier<\/title>\n<desc id='av-svg-desc-132'>Ajouter au panier<\/desc>\n<path d=\"M4.8 27.2q0-1.28 0.96-2.24t2.24-0.96q1.344 0 2.272 0.96t0.928 2.24q0 1.344-0.928 2.272t-2.272 0.928q-1.28 0-2.24-0.928t-0.96-2.272zM20.8 27.2q0-1.28 0.96-2.24t2.24-0.96q1.344 0 2.272 0.96t0.928 2.24q0 1.344-0.928 2.272t-2.272 0.928q-1.28 0-2.24-0.928t-0.96-2.272zM10.496 19.648q-1.152 0.32-1.088 0.736t1.408 0.416h17.984v2.432q0 0.64-0.64 0.64h-20.928q-0.64 0-0.64-0.64v-2.432l-0.32-1.472-3.136-14.528h-3.136v-2.56q0-0.64 0.64-0.64h4.992q0.64 0 0.64 0.64v2.752h22.528v8.768q0 0.704-0.576 0.832z\"><\/path>\n<\/svg><\/span>  Ajouter au panier<\/a>\t<span id=\"woocommerce_loop_add_to_cart_link_describedby_6551\" class=\"screen-reader-text\">\n\t\t\t<\/span>\n<a class=\"button show_details_button\" href=\"https:\/\/www.raffinessen.ch\/fr\/produit\/villarosa\/\"><span class=\"avia-svg-icon avia-font-svg_entypo-fontello\" data-av_svg_icon='doc-text' data-av_iconset='svg_entypo-fontello'><svg version=\"1.1\" xmlns=\"http:\/\/www.w3.org\/2000\/svg\" width=\"22\" height=\"32\" viewbox=\"0 0 22 32\" preserveaspectratio=\"xMidYMid meet\" aria-labelledby='av-svg-title-133' aria-describedby='av-svg-desc-133' role=\"graphics-symbol\" aria-hidden=\"true\">\n<title id='av-svg-title-133'>Voir les d\u00e9tails<\/title>\n<desc id='av-svg-desc-133'>Voir les d\u00e9tails<\/desc>\n<path d=\"M6.784 17.344v-2.88h8.96v2.88h-8.96zM19.2 1.6q1.344 0 2.272 0.928t0.928 2.272v22.4q0 1.28-0.928 2.24t-2.272 0.96h-16q-1.28 0-2.24-0.96t-0.96-2.24v-22.4q0-1.344 0.96-2.272t2.24-0.928h16zM19.2 27.2v-22.4h-16v22.4h16zM15.68 8.256v2.816h-8.96v-2.816h8.96zM15.68 20.8v2.816h-8.96v-2.816h8.96z\"><\/path>\n<\/svg><\/span>  Voir les d\u00e9tails<\/a> <span class=\"button-mini-delimiter\"><\/span><\/div><\/div><\/li>\n<li class=\"product type-product post-6542 status-publish last instock product_cat-gemahlen product_cat-gewuerz-mischungen has-post-thumbnail taxable shipping-taxable purchasable product-type-simple\">\n\t<div class='inner_product main_color wrapped_style noLightbox  av-product-class-'><a href=\"https:\/\/www.raffinessen.ch\/fr\/produit\/portofino\/\" class=\"woocommerce-LoopProduct-link woocommerce-loop-product__link\"><div class=\"thumbnail_container\"><img loading=\"lazy\" decoding=\"async\" width=\"500\" height=\"500\" src=\"https:\/\/www.raffinessen.ch\/webseite\/wp-content\/uploads\/2020\/07\/portofino-beutel-500x500.jpg\" class=\"attachment-woocommerce_thumbnail avia-product-hover\" alt=\"\" srcset=\"https:\/\/www.raffinessen.ch\/webseite\/wp-content\/uploads\/2020\/07\/portofino-beutel-500x500.jpg 500w, https:\/\/www.raffinessen.ch\/webseite\/wp-content\/uploads\/2020\/07\/portofino-beutel-300x300.jpg 300w, https:\/\/www.raffinessen.ch\/webseite\/wp-content\/uploads\/2020\/07\/portofino-beutel-1030x1030.jpg 1030w, https:\/\/www.raffinessen.ch\/webseite\/wp-content\/uploads\/2020\/07\/portofino-beutel-80x80.jpg 80w, https:\/\/www.raffinessen.ch\/webseite\/wp-content\/uploads\/2020\/07\/portofino-beutel-768x768.jpg 768w, https:\/\/www.raffinessen.ch\/webseite\/wp-content\/uploads\/2020\/07\/portofino-beutel-1536x1536.jpg 1536w, https:\/\/www.raffinessen.ch\/webseite\/wp-content\/uploads\/2020\/07\/portofino-beutel-36x36.jpg 36w, https:\/\/www.raffinessen.ch\/webseite\/wp-content\/uploads\/2020\/07\/portofino-beutel-180x180.jpg 180w, https:\/\/www.raffinessen.ch\/webseite\/wp-content\/uploads\/2020\/07\/portofino-beutel-1500x1500.jpg 1500w, https:\/\/www.raffinessen.ch\/webseite\/wp-content\/uploads\/2020\/07\/portofino-beutel-705x705.jpg 705w, https:\/\/www.raffinessen.ch\/webseite\/wp-content\/uploads\/2020\/07\/portofino-beutel-100x100.jpg 100w, https:\/\/www.raffinessen.ch\/webseite\/wp-content\/uploads\/2020\/07\/portofino-beutel-1000x1000.jpg 1000w, https:\/\/www.raffinessen.ch\/webseite\/wp-content\/uploads\/2020\/07\/portofino-beutel.jpg 2000w\" sizes=\"auto, (max-width: 500px) 100vw, 500px\" \/><img decoding=\"async\" loading=\"lazy\" width=\"500\" height=\"500\" src=\"https:\/\/www.raffinessen.ch\/webseite\/wp-content\/uploads\/2020\/03\/portofino-gewuerz-kreis-raffinessen-500x500.jpg\" class=\"wp-image-5137 avia-img-lazy-loading-5137 attachment-woocommerce_thumbnail size-woocommerce_thumbnail wp-post-image\" alt=\"\" srcset=\"https:\/\/www.raffinessen.ch\/webseite\/wp-content\/uploads\/2020\/03\/portofino-gewuerz-kreis-raffinessen-500x500.jpg 500w, https:\/\/www.raffinessen.ch\/webseite\/wp-content\/uploads\/2020\/03\/portofino-gewuerz-kreis-raffinessen-300x300.jpg 300w, https:\/\/www.raffinessen.ch\/webseite\/wp-content\/uploads\/2020\/03\/portofino-gewuerz-kreis-raffinessen-1030x1030.jpg 1030w, https:\/\/www.raffinessen.ch\/webseite\/wp-content\/uploads\/2020\/03\/portofino-gewuerz-kreis-raffinessen-80x80.jpg 80w, https:\/\/www.raffinessen.ch\/webseite\/wp-content\/uploads\/2020\/03\/portofino-gewuerz-kreis-raffinessen-768x768.jpg 768w, https:\/\/www.raffinessen.ch\/webseite\/wp-content\/uploads\/2020\/03\/portofino-gewuerz-kreis-raffinessen-1536x1536.jpg 1536w, https:\/\/www.raffinessen.ch\/webseite\/wp-content\/uploads\/2020\/03\/portofino-gewuerz-kreis-raffinessen-2048x2048.jpg 2048w, https:\/\/www.raffinessen.ch\/webseite\/wp-content\/uploads\/2020\/03\/portofino-gewuerz-kreis-raffinessen-36x36.jpg 36w, https:\/\/www.raffinessen.ch\/webseite\/wp-content\/uploads\/2020\/03\/portofino-gewuerz-kreis-raffinessen-180x180.jpg 180w, https:\/\/www.raffinessen.ch\/webseite\/wp-content\/uploads\/2020\/03\/portofino-gewuerz-kreis-raffinessen-1500x1500.jpg 1500w, https:\/\/www.raffinessen.ch\/webseite\/wp-content\/uploads\/2020\/03\/portofino-gewuerz-kreis-raffinessen-705x705.jpg 705w, https:\/\/www.raffinessen.ch\/webseite\/wp-content\/uploads\/2020\/03\/portofino-gewuerz-kreis-raffinessen-100x100.jpg 100w, https:\/\/www.raffinessen.ch\/webseite\/wp-content\/uploads\/2020\/03\/portofino-gewuerz-kreis-raffinessen-1000x1000.jpg 1000w\" sizes=\"auto, (max-width: 500px) 100vw, 500px\" \/><span class=\"cart-loading\"><\/span><\/div><div class='inner_product_header'><div class='avia-arrow'><\/div><div class='inner_product_header_table'><div class='inner_product_header_cell'><h2 class=\"woocommerce-loop-product__title\">Portofino<\/h2>\n\t<span class=\"price\"><span class=\"woocommerce-Price-amount amount\"><bdi><span class=\"woocommerce-Price-currencySymbol\">&#67;&#72;&#70;<\/span>&nbsp;6.00<\/bdi><\/span> <small class=\"woocommerce-price-suffix\">TVA incluse<\/small><\/span>\n<\/div><\/div><\/div><\/a><div class='avia_cart_buttons'><a href=\"\/fr\/wp-json\/wp\/v2\/pages\/9012?add-to-cart=6542\" aria-describedby=\"woocommerce_loop_add_to_cart_link_describedby_6542\" data-quantity=\"1\" class=\"button product_type_simple add_to_cart_button ajax_add_to_cart\" data-product_id=\"6542\" data-product_sku=\"FPO-S020-50\" aria-label=\"Ajouter au panier\u00a0: \u201cPortofino\u201d\" rel=\"nofollow\" data-success_message=\"\u00ab\u00a0Portofino\u00a0\u00bb a \u00e9t\u00e9 ajout\u00e9 \u00e0 votre panier\" role=\"button\" data-no-translation-aria-label=\"\" data-no-translation-data-success_message=\"\"><span class=\"avia-svg-icon avia-font-svg_entypo-fontello\" data-av_svg_icon='basket' data-av_iconset='svg_entypo-fontello'><svg version=\"1.1\" xmlns=\"http:\/\/www.w3.org\/2000\/svg\" width=\"29\" height=\"32\" viewbox=\"0 0 29 32\" preserveaspectratio=\"xMidYMid meet\" aria-labelledby='av-svg-title-134' aria-describedby='av-svg-desc-134' role=\"graphics-symbol\" aria-hidden=\"true\">\n<title id='av-svg-title-134'>Ajouter au panier<\/title>\n<desc id='av-svg-desc-134'>Ajouter au panier<\/desc>\n<path d=\"M4.8 27.2q0-1.28 0.96-2.24t2.24-0.96q1.344 0 2.272 0.96t0.928 2.24q0 1.344-0.928 2.272t-2.272 0.928q-1.28 0-2.24-0.928t-0.96-2.272zM20.8 27.2q0-1.28 0.96-2.24t2.24-0.96q1.344 0 2.272 0.96t0.928 2.24q0 1.344-0.928 2.272t-2.272 0.928q-1.28 0-2.24-0.928t-0.96-2.272zM10.496 19.648q-1.152 0.32-1.088 0.736t1.408 0.416h17.984v2.432q0 0.64-0.64 0.64h-20.928q-0.64 0-0.64-0.64v-2.432l-0.32-1.472-3.136-14.528h-3.136v-2.56q0-0.64 0.64-0.64h4.992q0.64 0 0.64 0.64v2.752h22.528v8.768q0 0.704-0.576 0.832z\"><\/path>\n<\/svg><\/span>  Ajouter au panier<\/a>\t<span id=\"woocommerce_loop_add_to_cart_link_describedby_6542\" class=\"screen-reader-text\">\n\t\t\t<\/span>\n<a class=\"button show_details_button\" href=\"https:\/\/www.raffinessen.ch\/fr\/produit\/portofino\/\"><span class=\"avia-svg-icon avia-font-svg_entypo-fontello\" data-av_svg_icon='doc-text' data-av_iconset='svg_entypo-fontello'><svg version=\"1.1\" xmlns=\"http:\/\/www.w3.org\/2000\/svg\" width=\"22\" height=\"32\" viewbox=\"0 0 22 32\" preserveaspectratio=\"xMidYMid meet\" aria-labelledby='av-svg-title-135' aria-describedby='av-svg-desc-135' role=\"graphics-symbol\" aria-hidden=\"true\">\n<title id='av-svg-title-135'>Voir les d\u00e9tails<\/title>\n<desc id='av-svg-desc-135'>Voir les d\u00e9tails<\/desc>\n<path d=\"M6.784 17.344v-2.88h8.96v2.88h-8.96zM19.2 1.6q1.344 0 2.272 0.928t0.928 2.272v22.4q0 1.28-0.928 2.24t-2.272 0.96h-16q-1.28 0-2.24-0.96t-0.96-2.24v-22.4q0-1.344 0.96-2.272t2.24-0.928h16zM19.2 27.2v-22.4h-16v22.4h16zM15.68 8.256v2.816h-8.96v-2.816h8.96zM15.68 20.8v2.816h-8.96v-2.816h8.96z\"><\/path>\n<\/svg><\/span>  Voir les d\u00e9tails<\/a> <span class=\"button-mini-delimiter\"><\/span><\/div><\/div><\/li>\n<li class=\"product type-product post-13681 status-publish first instock product_cat-einzel-gewuerze product_cat-gewuerze-einzeln product_cat-unkategorisiert has-post-thumbnail taxable shipping-taxable purchasable product-type-simple\">\n\t<div class='inner_product main_color wrapped_style noLightbox  av-product-class-'><a href=\"https:\/\/www.raffinessen.ch\/fr\/produit\/amazonas-chili-gelb-17-g\/\" class=\"woocommerce-LoopProduct-link woocommerce-loop-product__link\"><div class=\"thumbnail_container\"><img loading=\"lazy\" decoding=\"async\" width=\"500\" height=\"500\" src=\"https:\/\/www.raffinessen.ch\/webseite\/wp-content\/uploads\/2022\/11\/FP-110x185_Chili_Amazonas-gelb-500x500.jpg\" class=\"attachment-woocommerce_thumbnail avia-product-hover\" alt=\"\" srcset=\"https:\/\/www.raffinessen.ch\/webseite\/wp-content\/uploads\/2022\/11\/FP-110x185_Chili_Amazonas-gelb-500x500.jpg 500w, https:\/\/www.raffinessen.ch\/webseite\/wp-content\/uploads\/2022\/11\/FP-110x185_Chili_Amazonas-gelb-300x300.jpg 300w, https:\/\/www.raffinessen.ch\/webseite\/wp-content\/uploads\/2022\/11\/FP-110x185_Chili_Amazonas-gelb-1030x1030.jpg 1030w, https:\/\/www.raffinessen.ch\/webseite\/wp-content\/uploads\/2022\/11\/FP-110x185_Chili_Amazonas-gelb-80x80.jpg 80w, https:\/\/www.raffinessen.ch\/webseite\/wp-content\/uploads\/2022\/11\/FP-110x185_Chili_Amazonas-gelb-768x768.jpg 768w, https:\/\/www.raffinessen.ch\/webseite\/wp-content\/uploads\/2022\/11\/FP-110x185_Chili_Amazonas-gelb-1536x1536.jpg 1536w, https:\/\/www.raffinessen.ch\/webseite\/wp-content\/uploads\/2022\/11\/FP-110x185_Chili_Amazonas-gelb-36x36.jpg 36w, https:\/\/www.raffinessen.ch\/webseite\/wp-content\/uploads\/2022\/11\/FP-110x185_Chili_Amazonas-gelb-180x180.jpg 180w, https:\/\/www.raffinessen.ch\/webseite\/wp-content\/uploads\/2022\/11\/FP-110x185_Chili_Amazonas-gelb-1500x1500.jpg 1500w, https:\/\/www.raffinessen.ch\/webseite\/wp-content\/uploads\/2022\/11\/FP-110x185_Chili_Amazonas-gelb-705x705.jpg 705w, https:\/\/www.raffinessen.ch\/webseite\/wp-content\/uploads\/2022\/11\/FP-110x185_Chili_Amazonas-gelb-120x120.jpg 120w, https:\/\/www.raffinessen.ch\/webseite\/wp-content\/uploads\/2022\/11\/FP-110x185_Chili_Amazonas-gelb-450x450.jpg 450w, https:\/\/www.raffinessen.ch\/webseite\/wp-content\/uploads\/2022\/11\/FP-110x185_Chili_Amazonas-gelb-1000x1000.jpg 1000w, https:\/\/www.raffinessen.ch\/webseite\/wp-content\/uploads\/2022\/11\/FP-110x185_Chili_Amazonas-gelb-100x100.jpg 100w, https:\/\/www.raffinessen.ch\/webseite\/wp-content\/uploads\/2022\/11\/FP-110x185_Chili_Amazonas-gelb.jpg 2000w\" sizes=\"auto, (max-width: 500px) 100vw, 500px\" \/><img decoding=\"async\" loading=\"lazy\" width=\"500\" height=\"500\" src=\"https:\/\/www.raffinessen.ch\/webseite\/wp-content\/uploads\/2022\/11\/Chili_Amazonas-gelb-500x500.jpg\" class=\"wp-image-13682 avia-img-lazy-loading-13682 attachment-woocommerce_thumbnail size-woocommerce_thumbnail wp-post-image\" alt=\"\" srcset=\"https:\/\/www.raffinessen.ch\/webseite\/wp-content\/uploads\/2022\/11\/Chili_Amazonas-gelb-500x500.jpg 500w, https:\/\/www.raffinessen.ch\/webseite\/wp-content\/uploads\/2022\/11\/Chili_Amazonas-gelb-300x300.jpg 300w, https:\/\/www.raffinessen.ch\/webseite\/wp-content\/uploads\/2022\/11\/Chili_Amazonas-gelb-1030x1030.jpg 1030w, https:\/\/www.raffinessen.ch\/webseite\/wp-content\/uploads\/2022\/11\/Chili_Amazonas-gelb-80x80.jpg 80w, https:\/\/www.raffinessen.ch\/webseite\/wp-content\/uploads\/2022\/11\/Chili_Amazonas-gelb-768x768.jpg 768w, https:\/\/www.raffinessen.ch\/webseite\/wp-content\/uploads\/2022\/11\/Chili_Amazonas-gelb-1536x1536.jpg 1536w, https:\/\/www.raffinessen.ch\/webseite\/wp-content\/uploads\/2022\/11\/Chili_Amazonas-gelb-36x36.jpg 36w, https:\/\/www.raffinessen.ch\/webseite\/wp-content\/uploads\/2022\/11\/Chili_Amazonas-gelb-180x180.jpg 180w, https:\/\/www.raffinessen.ch\/webseite\/wp-content\/uploads\/2022\/11\/Chili_Amazonas-gelb-1500x1500.jpg 1500w, https:\/\/www.raffinessen.ch\/webseite\/wp-content\/uploads\/2022\/11\/Chili_Amazonas-gelb-705x705.jpg 705w, https:\/\/www.raffinessen.ch\/webseite\/wp-content\/uploads\/2022\/11\/Chili_Amazonas-gelb-120x120.jpg 120w, https:\/\/www.raffinessen.ch\/webseite\/wp-content\/uploads\/2022\/11\/Chili_Amazonas-gelb-450x450.jpg 450w, https:\/\/www.raffinessen.ch\/webseite\/wp-content\/uploads\/2022\/11\/Chili_Amazonas-gelb-1000x1000.jpg 1000w, https:\/\/www.raffinessen.ch\/webseite\/wp-content\/uploads\/2022\/11\/Chili_Amazonas-gelb-100x100.jpg 100w, https:\/\/www.raffinessen.ch\/webseite\/wp-content\/uploads\/2022\/11\/Chili_Amazonas-gelb.jpg 2000w\" sizes=\"auto, (max-width: 500px) 100vw, 500px\" \/><span class=\"cart-loading\"><\/span><\/div><div class='inner_product_header'><div class='avia-arrow'><\/div><div class='inner_product_header_table'><div class='inner_product_header_cell'><h2 class=\"woocommerce-loop-product__title\">Chili jaune d'Amazonie (30 g)<\/h2>\n\t<span class=\"price\"><span class=\"woocommerce-Price-amount amount\"><bdi><span class=\"woocommerce-Price-currencySymbol\">&#67;&#72;&#70;<\/span>&nbsp;7.00<\/bdi><\/span> <small class=\"woocommerce-price-suffix\">TVA incluse<\/small><\/span>\n<\/div><\/div><\/div><\/a><div class='avia_cart_buttons'><a href=\"\/fr\/wp-json\/wp\/v2\/pages\/9012?add-to-cart=13681\" aria-describedby=\"woocommerce_loop_add_to_cart_link_describedby_13681\" data-quantity=\"1\" class=\"button product_type_simple add_to_cart_button ajax_add_to_cart\" data-product_id=\"13681\" data-product_sku=\"FPO-R0054-30\" aria-label=\"Ajouter au panier\u00a0: \u201cAmazonas Chili gelb (30 g)\u201d\" rel=\"nofollow\" data-success_message=\"\u00ab\u00a0Amazonas Chili gelb (30 g)\u00a0\u00bb a \u00e9t\u00e9 ajout\u00e9 \u00e0 votre panier\" role=\"button\" data-no-translation-aria-label=\"\" data-no-translation-data-success_message=\"\"><span class=\"avia-svg-icon avia-font-svg_entypo-fontello\" data-av_svg_icon='basket' data-av_iconset='svg_entypo-fontello'><svg version=\"1.1\" xmlns=\"http:\/\/www.w3.org\/2000\/svg\" width=\"29\" height=\"32\" viewbox=\"0 0 29 32\" preserveaspectratio=\"xMidYMid meet\" aria-labelledby='av-svg-title-136' aria-describedby='av-svg-desc-136' role=\"graphics-symbol\" aria-hidden=\"true\">\n<title id='av-svg-title-136'>Ajouter au panier<\/title>\n<desc id='av-svg-desc-136'>Ajouter au panier<\/desc>\n<path d=\"M4.8 27.2q0-1.28 0.96-2.24t2.24-0.96q1.344 0 2.272 0.96t0.928 2.24q0 1.344-0.928 2.272t-2.272 0.928q-1.28 0-2.24-0.928t-0.96-2.272zM20.8 27.2q0-1.28 0.96-2.24t2.24-0.96q1.344 0 2.272 0.96t0.928 2.24q0 1.344-0.928 2.272t-2.272 0.928q-1.28 0-2.24-0.928t-0.96-2.272zM10.496 19.648q-1.152 0.32-1.088 0.736t1.408 0.416h17.984v2.432q0 0.64-0.64 0.64h-20.928q-0.64 0-0.64-0.64v-2.432l-0.32-1.472-3.136-14.528h-3.136v-2.56q0-0.64 0.64-0.64h4.992q0.64 0 0.64 0.64v2.752h22.528v8.768q0 0.704-0.576 0.832z\"><\/path>\n<\/svg><\/span>  Ajouter au panier<\/a>\t<span id=\"woocommerce_loop_add_to_cart_link_describedby_13681\" class=\"screen-reader-text\">\n\t\t\t<\/span>\n<a class=\"button show_details_button\" href=\"https:\/\/www.raffinessen.ch\/fr\/produit\/amazonas-chili-gelb-17-g\/\"><span class=\"avia-svg-icon avia-font-svg_entypo-fontello\" data-av_svg_icon='doc-text' data-av_iconset='svg_entypo-fontello'><svg version=\"1.1\" xmlns=\"http:\/\/www.w3.org\/2000\/svg\" width=\"22\" height=\"32\" viewbox=\"0 0 22 32\" preserveaspectratio=\"xMidYMid meet\" aria-labelledby='av-svg-title-137' aria-describedby='av-svg-desc-137' role=\"graphics-symbol\" aria-hidden=\"true\">\n<title id='av-svg-title-137'>Voir les d\u00e9tails<\/title>\n<desc id='av-svg-desc-137'>Voir les d\u00e9tails<\/desc>\n<path d=\"M6.784 17.344v-2.88h8.96v2.88h-8.96zM19.2 1.6q1.344 0 2.272 0.928t0.928 2.272v22.4q0 1.28-0.928 2.24t-2.272 0.96h-16q-1.28 0-2.24-0.96t-0.96-2.24v-22.4q0-1.344 0.96-2.272t2.24-0.928h16zM19.2 27.2v-22.4h-16v22.4h16zM15.68 8.256v2.816h-8.96v-2.816h8.96zM15.68 20.8v2.816h-8.96v-2.816h8.96z\"><\/path>\n<\/svg><\/span>  Voir les d\u00e9tails<\/a> <span class=\"button-mini-delimiter\"><\/span><\/div><\/div><\/li>\n<li class=\"product type-product post-4762 status-publish instock product_cat-muehlen has-post-thumbnail taxable shipping-taxable purchasable product-type-simple\">\n\t<div class='inner_product main_color wrapped_style noLightbox  av-product-class-'><a href=\"https:\/\/www.raffinessen.ch\/fr\/produit\/gewuerzmuehle-yann-2er-set\/\" class=\"woocommerce-LoopProduct-link woocommerce-loop-product__link\"><div class=\"thumbnail_container\"><img loading=\"lazy\" decoding=\"async\" width=\"500\" height=\"500\" src=\"https:\/\/www.raffinessen.ch\/webseite\/wp-content\/uploads\/2019\/12\/yann-muehle-liegend-500x500.jpg\" class=\"attachment-woocommerce_thumbnail avia-product-hover\" alt=\"\" srcset=\"https:\/\/www.raffinessen.ch\/webseite\/wp-content\/uploads\/2019\/12\/yann-muehle-liegend-500x500.jpg 500w, https:\/\/www.raffinessen.ch\/webseite\/wp-content\/uploads\/2019\/12\/yann-muehle-liegend-300x300.jpg 300w, https:\/\/www.raffinessen.ch\/webseite\/wp-content\/uploads\/2019\/12\/yann-muehle-liegend-1030x1030.jpg 1030w, https:\/\/www.raffinessen.ch\/webseite\/wp-content\/uploads\/2019\/12\/yann-muehle-liegend-80x80.jpg 80w, https:\/\/www.raffinessen.ch\/webseite\/wp-content\/uploads\/2019\/12\/yann-muehle-liegend-768x768.jpg 768w, https:\/\/www.raffinessen.ch\/webseite\/wp-content\/uploads\/2019\/12\/yann-muehle-liegend-36x36.jpg 36w, https:\/\/www.raffinessen.ch\/webseite\/wp-content\/uploads\/2019\/12\/yann-muehle-liegend-180x180.jpg 180w, https:\/\/www.raffinessen.ch\/webseite\/wp-content\/uploads\/2019\/12\/yann-muehle-liegend-705x705.jpg 705w, https:\/\/www.raffinessen.ch\/webseite\/wp-content\/uploads\/2019\/12\/yann-muehle-liegend-100x100.jpg 100w, https:\/\/www.raffinessen.ch\/webseite\/wp-content\/uploads\/2019\/12\/yann-muehle-liegend-1000x1000.jpg 1000w, https:\/\/www.raffinessen.ch\/webseite\/wp-content\/uploads\/2019\/12\/yann-muehle-liegend.jpg 1333w\" sizes=\"auto, (max-width: 500px) 100vw, 500px\" \/><img decoding=\"async\" loading=\"lazy\" width=\"500\" height=\"500\" src=\"https:\/\/www.raffinessen.ch\/webseite\/wp-content\/uploads\/2019\/12\/yann-muehle-2-500x500.jpg\" class=\"wp-image-4763 avia-img-lazy-loading-4763 attachment-woocommerce_thumbnail size-woocommerce_thumbnail wp-post-image\" alt=\"\" srcset=\"https:\/\/www.raffinessen.ch\/webseite\/wp-content\/uploads\/2019\/12\/yann-muehle-2-500x500.jpg 500w, https:\/\/www.raffinessen.ch\/webseite\/wp-content\/uploads\/2019\/12\/yann-muehle-2-300x300.jpg 300w, https:\/\/www.raffinessen.ch\/webseite\/wp-content\/uploads\/2019\/12\/yann-muehle-2-1030x1030.jpg 1030w, https:\/\/www.raffinessen.ch\/webseite\/wp-content\/uploads\/2019\/12\/yann-muehle-2-80x80.jpg 80w, https:\/\/www.raffinessen.ch\/webseite\/wp-content\/uploads\/2019\/12\/yann-muehle-2-768x768.jpg 768w, https:\/\/www.raffinessen.ch\/webseite\/wp-content\/uploads\/2019\/12\/yann-muehle-2-1536x1536.jpg 1536w, https:\/\/www.raffinessen.ch\/webseite\/wp-content\/uploads\/2019\/12\/yann-muehle-2-2048x2048.jpg 2048w, https:\/\/www.raffinessen.ch\/webseite\/wp-content\/uploads\/2019\/12\/yann-muehle-2-36x36.jpg 36w, https:\/\/www.raffinessen.ch\/webseite\/wp-content\/uploads\/2019\/12\/yann-muehle-2-180x180.jpg 180w, https:\/\/www.raffinessen.ch\/webseite\/wp-content\/uploads\/2019\/12\/yann-muehle-2-1500x1500.jpg 1500w, https:\/\/www.raffinessen.ch\/webseite\/wp-content\/uploads\/2019\/12\/yann-muehle-2-705x705.jpg 705w, https:\/\/www.raffinessen.ch\/webseite\/wp-content\/uploads\/2019\/12\/yann-muehle-2-100x100.jpg 100w, https:\/\/www.raffinessen.ch\/webseite\/wp-content\/uploads\/2019\/12\/yann-muehle-2-1000x1000.jpg 1000w\" sizes=\"auto, (max-width: 500px) 100vw, 500px\" \/><span class=\"cart-loading\"><\/span><\/div><div class='inner_product_header'><div class='avia-arrow'><\/div><div class='inner_product_header_table'><div class='inner_product_header_cell'><h2 class=\"woocommerce-loop-product__title\">SET - 2x moulin \u00e0 \u00e9pices YANN<\/h2>\n\t<span class=\"price\"><span class=\"woocommerce-Price-amount amount\"><bdi><span class=\"woocommerce-Price-currencySymbol\">&#67;&#72;&#70;<\/span>&nbsp;35.00<\/bdi><\/span> <small class=\"woocommerce-price-suffix\">TVA incluse<\/small><\/span>\n<\/div><\/div><\/div><\/a><div class='avia_cart_buttons'><a href=\"\/fr\/wp-json\/wp\/v2\/pages\/9012?add-to-cart=4762\" aria-describedby=\"woocommerce_loop_add_to_cart_link_describedby_4762\" data-quantity=\"1\" class=\"button product_type_simple add_to_cart_button ajax_add_to_cart\" data-product_id=\"4762\" data-product_sku=\"GSO-027\" aria-label=\"Ajouter au panier\u00a0: \u201cSET - 2x Gew\u00fcrzm\u00fchle YANN\u201d\" rel=\"nofollow\" data-success_message=\"\u00ab\u00a0SET - 2x Gew\u00fcrzm\u00fchle YANN\u00a0\u00bb a \u00e9t\u00e9 ajout\u00e9 \u00e0 votre panier\" role=\"button\" data-no-translation-aria-label=\"\" data-no-translation-data-success_message=\"\"><span class=\"avia-svg-icon avia-font-svg_entypo-fontello\" data-av_svg_icon='basket' data-av_iconset='svg_entypo-fontello'><svg version=\"1.1\" xmlns=\"http:\/\/www.w3.org\/2000\/svg\" width=\"29\" height=\"32\" viewbox=\"0 0 29 32\" preserveaspectratio=\"xMidYMid meet\" aria-labelledby='av-svg-title-138' aria-describedby='av-svg-desc-138' role=\"graphics-symbol\" aria-hidden=\"true\">\n<title id='av-svg-title-138'>Ajouter au panier<\/title>\n<desc id='av-svg-desc-138'>Ajouter au panier<\/desc>\n<path d=\"M4.8 27.2q0-1.28 0.96-2.24t2.24-0.96q1.344 0 2.272 0.96t0.928 2.24q0 1.344-0.928 2.272t-2.272 0.928q-1.28 0-2.24-0.928t-0.96-2.272zM20.8 27.2q0-1.28 0.96-2.24t2.24-0.96q1.344 0 2.272 0.96t0.928 2.24q0 1.344-0.928 2.272t-2.272 0.928q-1.28 0-2.24-0.928t-0.96-2.272zM10.496 19.648q-1.152 0.32-1.088 0.736t1.408 0.416h17.984v2.432q0 0.64-0.64 0.64h-20.928q-0.64 0-0.64-0.64v-2.432l-0.32-1.472-3.136-14.528h-3.136v-2.56q0-0.64 0.64-0.64h4.992q0.64 0 0.64 0.64v2.752h22.528v8.768q0 0.704-0.576 0.832z\"><\/path>\n<\/svg><\/span>  Ajouter au panier<\/a>\t<span id=\"woocommerce_loop_add_to_cart_link_describedby_4762\" class=\"screen-reader-text\">\n\t\t\t<\/span>\n<a class=\"button show_details_button\" href=\"https:\/\/www.raffinessen.ch\/fr\/produit\/gewuerzmuehle-yann-2er-set\/\"><span class=\"avia-svg-icon avia-font-svg_entypo-fontello\" data-av_svg_icon='doc-text' data-av_iconset='svg_entypo-fontello'><svg version=\"1.1\" xmlns=\"http:\/\/www.w3.org\/2000\/svg\" width=\"22\" height=\"32\" viewbox=\"0 0 22 32\" preserveaspectratio=\"xMidYMid meet\" aria-labelledby='av-svg-title-139' aria-describedby='av-svg-desc-139' role=\"graphics-symbol\" aria-hidden=\"true\">\n<title id='av-svg-title-139'>Voir les d\u00e9tails<\/title>\n<desc id='av-svg-desc-139'>Voir les d\u00e9tails<\/desc>\n<path d=\"M6.784 17.344v-2.88h8.96v2.88h-8.96zM19.2 1.6q1.344 0 2.272 0.928t0.928 2.272v22.4q0 1.28-0.928 2.24t-2.272 0.96h-16q-1.28 0-2.24-0.96t-0.96-2.24v-22.4q0-1.344 0.96-2.272t2.24-0.928h16zM19.2 27.2v-22.4h-16v22.4h16zM15.68 8.256v2.816h-8.96v-2.816h8.96zM15.68 20.8v2.816h-8.96v-2.816h8.96z\"><\/path>\n<\/svg><\/span>  Voir les d\u00e9tails<\/a> <span class=\"button-mini-delimiter\"><\/span><\/div><\/div><\/li>\n<li class=\"product type-product post-6530 status-publish instock product_cat-gemahlen product_cat-gewuerz-mischungen has-post-thumbnail taxable shipping-taxable purchasable product-type-simple\">\n\t<div class='inner_product main_color wrapped_style noLightbox  av-product-class-'><a href=\"https:\/\/www.raffinessen.ch\/fr\/produit\/acapulco\/\" class=\"woocommerce-LoopProduct-link woocommerce-loop-product__link\"><div class=\"thumbnail_container\"><img loading=\"lazy\" decoding=\"async\" width=\"500\" height=\"500\" src=\"https:\/\/www.raffinessen.ch\/webseite\/wp-content\/uploads\/2020\/07\/acapulco-beutel-500x500.jpg\" class=\"attachment-woocommerce_thumbnail avia-product-hover\" alt=\"\" srcset=\"https:\/\/www.raffinessen.ch\/webseite\/wp-content\/uploads\/2020\/07\/acapulco-beutel-500x500.jpg 500w, https:\/\/www.raffinessen.ch\/webseite\/wp-content\/uploads\/2020\/07\/acapulco-beutel-300x300.jpg 300w, https:\/\/www.raffinessen.ch\/webseite\/wp-content\/uploads\/2020\/07\/acapulco-beutel-1030x1030.jpg 1030w, https:\/\/www.raffinessen.ch\/webseite\/wp-content\/uploads\/2020\/07\/acapulco-beutel-80x80.jpg 80w, https:\/\/www.raffinessen.ch\/webseite\/wp-content\/uploads\/2020\/07\/acapulco-beutel-768x768.jpg 768w, https:\/\/www.raffinessen.ch\/webseite\/wp-content\/uploads\/2020\/07\/acapulco-beutel-1536x1536.jpg 1536w, https:\/\/www.raffinessen.ch\/webseite\/wp-content\/uploads\/2020\/07\/acapulco-beutel-36x36.jpg 36w, https:\/\/www.raffinessen.ch\/webseite\/wp-content\/uploads\/2020\/07\/acapulco-beutel-180x180.jpg 180w, https:\/\/www.raffinessen.ch\/webseite\/wp-content\/uploads\/2020\/07\/acapulco-beutel-1500x1500.jpg 1500w, https:\/\/www.raffinessen.ch\/webseite\/wp-content\/uploads\/2020\/07\/acapulco-beutel-705x705.jpg 705w, https:\/\/www.raffinessen.ch\/webseite\/wp-content\/uploads\/2020\/07\/acapulco-beutel-100x100.jpg 100w, https:\/\/www.raffinessen.ch\/webseite\/wp-content\/uploads\/2020\/07\/acapulco-beutel-1000x1000.jpg 1000w, https:\/\/www.raffinessen.ch\/webseite\/wp-content\/uploads\/2020\/07\/acapulco-beutel.jpg 2000w\" sizes=\"auto, (max-width: 500px) 100vw, 500px\" \/><img decoding=\"async\" loading=\"lazy\" width=\"500\" height=\"500\" src=\"https:\/\/www.raffinessen.ch\/webseite\/wp-content\/uploads\/2020\/03\/chili-creolo-gewuerz-kreis-raffinessen-500x500.jpg\" class=\"wp-image-5132 avia-img-lazy-loading-5132 attachment-woocommerce_thumbnail size-woocommerce_thumbnail wp-post-image\" alt=\"\" srcset=\"https:\/\/www.raffinessen.ch\/webseite\/wp-content\/uploads\/2020\/03\/chili-creolo-gewuerz-kreis-raffinessen-500x500.jpg 500w, https:\/\/www.raffinessen.ch\/webseite\/wp-content\/uploads\/2020\/03\/chili-creolo-gewuerz-kreis-raffinessen-300x300.jpg 300w, https:\/\/www.raffinessen.ch\/webseite\/wp-content\/uploads\/2020\/03\/chili-creolo-gewuerz-kreis-raffinessen-1030x1030.jpg 1030w, https:\/\/www.raffinessen.ch\/webseite\/wp-content\/uploads\/2020\/03\/chili-creolo-gewuerz-kreis-raffinessen-80x80.jpg 80w, https:\/\/www.raffinessen.ch\/webseite\/wp-content\/uploads\/2020\/03\/chili-creolo-gewuerz-kreis-raffinessen-768x768.jpg 768w, https:\/\/www.raffinessen.ch\/webseite\/wp-content\/uploads\/2020\/03\/chili-creolo-gewuerz-kreis-raffinessen-1536x1536.jpg 1536w, https:\/\/www.raffinessen.ch\/webseite\/wp-content\/uploads\/2020\/03\/chili-creolo-gewuerz-kreis-raffinessen-2048x2048.jpg 2048w, https:\/\/www.raffinessen.ch\/webseite\/wp-content\/uploads\/2020\/03\/chili-creolo-gewuerz-kreis-raffinessen-36x36.jpg 36w, https:\/\/www.raffinessen.ch\/webseite\/wp-content\/uploads\/2020\/03\/chili-creolo-gewuerz-kreis-raffinessen-180x180.jpg 180w, https:\/\/www.raffinessen.ch\/webseite\/wp-content\/uploads\/2020\/03\/chili-creolo-gewuerz-kreis-raffinessen-1500x1500.jpg 1500w, https:\/\/www.raffinessen.ch\/webseite\/wp-content\/uploads\/2020\/03\/chili-creolo-gewuerz-kreis-raffinessen-705x705.jpg 705w, https:\/\/www.raffinessen.ch\/webseite\/wp-content\/uploads\/2020\/03\/chili-creolo-gewuerz-kreis-raffinessen-100x100.jpg 100w, https:\/\/www.raffinessen.ch\/webseite\/wp-content\/uploads\/2020\/03\/chili-creolo-gewuerz-kreis-raffinessen-1000x1000.jpg 1000w\" sizes=\"auto, (max-width: 500px) 100vw, 500px\" \/><span class=\"cart-loading\"><\/span><\/div><div class='inner_product_header'><div class='avia-arrow'><\/div><div class='inner_product_header_table'><div class='inner_product_header_cell'><h2 class=\"woocommerce-loop-product__title\">Acapulco (pr\u00e9c\u00e9demment Chili Creolo)<\/h2>\n\t<span class=\"price\"><span class=\"woocommerce-Price-amount amount\"><bdi><span class=\"woocommerce-Price-currencySymbol\">&#67;&#72;&#70;<\/span>&nbsp;6.00<\/bdi><\/span> <small class=\"woocommerce-price-suffix\">TVA incluse<\/small><\/span>\n<\/div><\/div><\/div><\/a><div class='avia_cart_buttons'><a href=\"\/fr\/wp-json\/wp\/v2\/pages\/9012?add-to-cart=6530\" aria-describedby=\"woocommerce_loop_add_to_cart_link_describedby_6530\" data-quantity=\"1\" class=\"button product_type_simple add_to_cart_button ajax_add_to_cart\" data-product_id=\"6530\" data-product_sku=\"FPO-S010-60\" aria-label=\"Ajouter au panier\u00a0: \u201cAcapulco (bisher Chili Creolo)\u201d\" rel=\"nofollow\" data-success_message=\"\u00ab\u00a0Acapulco (bisher Chili Creolo)\u00a0\u00bb a \u00e9t\u00e9 ajout\u00e9 \u00e0 votre panier\" role=\"button\" data-no-translation-aria-label=\"\" data-no-translation-data-success_message=\"\"><span class=\"avia-svg-icon avia-font-svg_entypo-fontello\" data-av_svg_icon='basket' data-av_iconset='svg_entypo-fontello'><svg version=\"1.1\" xmlns=\"http:\/\/www.w3.org\/2000\/svg\" width=\"29\" height=\"32\" viewbox=\"0 0 29 32\" preserveaspectratio=\"xMidYMid meet\" aria-labelledby='av-svg-title-140' aria-describedby='av-svg-desc-140' role=\"graphics-symbol\" aria-hidden=\"true\">\n<title id='av-svg-title-140'>Ajouter au panier<\/title>\n<desc id='av-svg-desc-140'>Ajouter au panier<\/desc>\n<path d=\"M4.8 27.2q0-1.28 0.96-2.24t2.24-0.96q1.344 0 2.272 0.96t0.928 2.24q0 1.344-0.928 2.272t-2.272 0.928q-1.28 0-2.24-0.928t-0.96-2.272zM20.8 27.2q0-1.28 0.96-2.24t2.24-0.96q1.344 0 2.272 0.96t0.928 2.24q0 1.344-0.928 2.272t-2.272 0.928q-1.28 0-2.24-0.928t-0.96-2.272zM10.496 19.648q-1.152 0.32-1.088 0.736t1.408 0.416h17.984v2.432q0 0.64-0.64 0.64h-20.928q-0.64 0-0.64-0.64v-2.432l-0.32-1.472-3.136-14.528h-3.136v-2.56q0-0.64 0.64-0.64h4.992q0.64 0 0.64 0.64v2.752h22.528v8.768q0 0.704-0.576 0.832z\"><\/path>\n<\/svg><\/span>  Ajouter au panier<\/a>\t<span id=\"woocommerce_loop_add_to_cart_link_describedby_6530\" class=\"screen-reader-text\">\n\t\t\t<\/span>\n<a class=\"button show_details_button\" href=\"https:\/\/www.raffinessen.ch\/fr\/produit\/acapulco\/\"><span class=\"avia-svg-icon avia-font-svg_entypo-fontello\" data-av_svg_icon='doc-text' data-av_iconset='svg_entypo-fontello'><svg version=\"1.1\" xmlns=\"http:\/\/www.w3.org\/2000\/svg\" width=\"22\" height=\"32\" viewbox=\"0 0 22 32\" preserveaspectratio=\"xMidYMid meet\" aria-labelledby='av-svg-title-141' aria-describedby='av-svg-desc-141' role=\"graphics-symbol\" aria-hidden=\"true\">\n<title id='av-svg-title-141'>Voir les d\u00e9tails<\/title>\n<desc id='av-svg-desc-141'>Voir les d\u00e9tails<\/desc>\n<path d=\"M6.784 17.344v-2.88h8.96v2.88h-8.96zM19.2 1.6q1.344 0 2.272 0.928t0.928 2.272v22.4q0 1.28-0.928 2.24t-2.272 0.96h-16q-1.28 0-2.24-0.96t-0.96-2.24v-22.4q0-1.344 0.96-2.272t2.24-0.928h16zM19.2 27.2v-22.4h-16v22.4h16zM15.68 8.256v2.816h-8.96v-2.816h8.96zM15.68 20.8v2.816h-8.96v-2.816h8.96z\"><\/path>\n<\/svg><\/span>  Voir les d\u00e9tails<\/a> <span class=\"button-mini-delimiter\"><\/span><\/div><\/div><\/li>\n<li class=\"product type-product post-4785 status-publish last instock product_cat-muehlen product_cat-muehlen-und-behaelter has-post-thumbnail taxable shipping-taxable purchasable product-type-simple\">\n\t<div class='inner_product main_color wrapped_style noLightbox  av-product-class-'><a href=\"https:\/\/www.raffinessen.ch\/fr\/produit\/gewuerzmuehle-miya-schwarz-2er-set\/\" class=\"woocommerce-LoopProduct-link woocommerce-loop-product__link\"><div class=\"thumbnail_container\"><img loading=\"lazy\" decoding=\"async\" width=\"500\" height=\"500\" src=\"https:\/\/www.raffinessen.ch\/webseite\/wp-content\/uploads\/2019\/12\/miya-black-muehle-liegend-500x500.jpg\" class=\"attachment-woocommerce_thumbnail avia-product-hover\" alt=\"\" srcset=\"https:\/\/www.raffinessen.ch\/webseite\/wp-content\/uploads\/2019\/12\/miya-black-muehle-liegend-500x500.jpg 500w, https:\/\/www.raffinessen.ch\/webseite\/wp-content\/uploads\/2019\/12\/miya-black-muehle-liegend-300x300.jpg 300w, https:\/\/www.raffinessen.ch\/webseite\/wp-content\/uploads\/2019\/12\/miya-black-muehle-liegend-1030x1030.jpg 1030w, https:\/\/www.raffinessen.ch\/webseite\/wp-content\/uploads\/2019\/12\/miya-black-muehle-liegend-80x80.jpg 80w, https:\/\/www.raffinessen.ch\/webseite\/wp-content\/uploads\/2019\/12\/miya-black-muehle-liegend-768x768.jpg 768w, https:\/\/www.raffinessen.ch\/webseite\/wp-content\/uploads\/2019\/12\/miya-black-muehle-liegend-36x36.jpg 36w, https:\/\/www.raffinessen.ch\/webseite\/wp-content\/uploads\/2019\/12\/miya-black-muehle-liegend-180x180.jpg 180w, https:\/\/www.raffinessen.ch\/webseite\/wp-content\/uploads\/2019\/12\/miya-black-muehle-liegend-705x705.jpg 705w, https:\/\/www.raffinessen.ch\/webseite\/wp-content\/uploads\/2019\/12\/miya-black-muehle-liegend-100x100.jpg 100w, https:\/\/www.raffinessen.ch\/webseite\/wp-content\/uploads\/2019\/12\/miya-black-muehle-liegend-1000x1000.jpg 1000w, https:\/\/www.raffinessen.ch\/webseite\/wp-content\/uploads\/2019\/12\/miya-black-muehle-liegend.jpg 1333w\" sizes=\"auto, (max-width: 500px) 100vw, 500px\" \/><img decoding=\"async\" loading=\"lazy\" width=\"500\" height=\"500\" src=\"https:\/\/www.raffinessen.ch\/webseite\/wp-content\/uploads\/2019\/12\/miya-black-muehle-2-500x500.jpg\" class=\"wp-image-4786 avia-img-lazy-loading-4786 attachment-woocommerce_thumbnail size-woocommerce_thumbnail wp-post-image\" alt=\"\" srcset=\"https:\/\/www.raffinessen.ch\/webseite\/wp-content\/uploads\/2019\/12\/miya-black-muehle-2-500x500.jpg 500w, https:\/\/www.raffinessen.ch\/webseite\/wp-content\/uploads\/2019\/12\/miya-black-muehle-2-300x300.jpg 300w, https:\/\/www.raffinessen.ch\/webseite\/wp-content\/uploads\/2019\/12\/miya-black-muehle-2-1030x1030.jpg 1030w, https:\/\/www.raffinessen.ch\/webseite\/wp-content\/uploads\/2019\/12\/miya-black-muehle-2-80x80.jpg 80w, https:\/\/www.raffinessen.ch\/webseite\/wp-content\/uploads\/2019\/12\/miya-black-muehle-2-768x768.jpg 768w, https:\/\/www.raffinessen.ch\/webseite\/wp-content\/uploads\/2019\/12\/miya-black-muehle-2-1536x1536.jpg 1536w, https:\/\/www.raffinessen.ch\/webseite\/wp-content\/uploads\/2019\/12\/miya-black-muehle-2-2048x2048.jpg 2048w, https:\/\/www.raffinessen.ch\/webseite\/wp-content\/uploads\/2019\/12\/miya-black-muehle-2-36x36.jpg 36w, https:\/\/www.raffinessen.ch\/webseite\/wp-content\/uploads\/2019\/12\/miya-black-muehle-2-180x180.jpg 180w, https:\/\/www.raffinessen.ch\/webseite\/wp-content\/uploads\/2019\/12\/miya-black-muehle-2-1500x1500.jpg 1500w, https:\/\/www.raffinessen.ch\/webseite\/wp-content\/uploads\/2019\/12\/miya-black-muehle-2-705x705.jpg 705w, https:\/\/www.raffinessen.ch\/webseite\/wp-content\/uploads\/2019\/12\/miya-black-muehle-2-100x100.jpg 100w, https:\/\/www.raffinessen.ch\/webseite\/wp-content\/uploads\/2019\/12\/miya-black-muehle-2-1000x1000.jpg 1000w\" sizes=\"auto, (max-width: 500px) 100vw, 500px\" \/><span class=\"cart-loading\"><\/span><\/div><div class='inner_product_header'><div class='avia-arrow'><\/div><div class='inner_product_header_table'><div class='inner_product_header_cell'><h2 class=\"woocommerce-loop-product__title\">SET - 2x moulin \u00e0 \u00e9pices MIYA, noir<\/h2>\n\t<span class=\"price\"><span class=\"woocommerce-Price-amount amount\"><bdi><span class=\"woocommerce-Price-currencySymbol\">&#67;&#72;&#70;<\/span>&nbsp;35.00<\/bdi><\/span> <small class=\"woocommerce-price-suffix\">TVA incluse<\/small><\/span>\n<\/div><\/div><\/div><\/a><div class='avia_cart_buttons'><a href=\"\/fr\/wp-json\/wp\/v2\/pages\/9012?add-to-cart=4785\" aria-describedby=\"woocommerce_loop_add_to_cart_link_describedby_4785\" data-quantity=\"1\" class=\"button product_type_simple add_to_cart_button ajax_add_to_cart\" data-product_id=\"4785\" data-product_sku=\"GSO-026\" aria-label=\"Ajouter au panier\u00a0: \u201cSET - 2x Gew\u00fcrzm\u00fchle MIYA, schwarz\u201d\" rel=\"nofollow\" data-success_message=\"\u00ab\u00a0SET - 2x Gew\u00fcrzm\u00fchle MIYA, schwarz\u00a0\u00bb a \u00e9t\u00e9 ajout\u00e9 \u00e0 votre panier\" role=\"button\" data-no-translation-aria-label=\"\" data-no-translation-data-success_message=\"\"><span class=\"avia-svg-icon avia-font-svg_entypo-fontello\" data-av_svg_icon='basket' data-av_iconset='svg_entypo-fontello'><svg version=\"1.1\" xmlns=\"http:\/\/www.w3.org\/2000\/svg\" width=\"29\" height=\"32\" viewbox=\"0 0 29 32\" preserveaspectratio=\"xMidYMid meet\" aria-labelledby='av-svg-title-142' aria-describedby='av-svg-desc-142' role=\"graphics-symbol\" aria-hidden=\"true\">\n<title id='av-svg-title-142'>Ajouter au panier<\/title>\n<desc id='av-svg-desc-142'>Ajouter au panier<\/desc>\n<path d=\"M4.8 27.2q0-1.28 0.96-2.24t2.24-0.96q1.344 0 2.272 0.96t0.928 2.24q0 1.344-0.928 2.272t-2.272 0.928q-1.28 0-2.24-0.928t-0.96-2.272zM20.8 27.2q0-1.28 0.96-2.24t2.24-0.96q1.344 0 2.272 0.96t0.928 2.24q0 1.344-0.928 2.272t-2.272 0.928q-1.28 0-2.24-0.928t-0.96-2.272zM10.496 19.648q-1.152 0.32-1.088 0.736t1.408 0.416h17.984v2.432q0 0.64-0.64 0.64h-20.928q-0.64 0-0.64-0.64v-2.432l-0.32-1.472-3.136-14.528h-3.136v-2.56q0-0.64 0.64-0.64h4.992q0.64 0 0.64 0.64v2.752h22.528v8.768q0 0.704-0.576 0.832z\"><\/path>\n<\/svg><\/span>  Ajouter au panier<\/a>\t<span id=\"woocommerce_loop_add_to_cart_link_describedby_4785\" class=\"screen-reader-text\">\n\t\t\t<\/span>\n<a class=\"button show_details_button\" href=\"https:\/\/www.raffinessen.ch\/fr\/produit\/gewuerzmuehle-miya-schwarz-2er-set\/\"><span class=\"avia-svg-icon avia-font-svg_entypo-fontello\" data-av_svg_icon='doc-text' data-av_iconset='svg_entypo-fontello'><svg version=\"1.1\" xmlns=\"http:\/\/www.w3.org\/2000\/svg\" width=\"22\" height=\"32\" viewbox=\"0 0 22 32\" preserveaspectratio=\"xMidYMid meet\" aria-labelledby='av-svg-title-143' aria-describedby='av-svg-desc-143' role=\"graphics-symbol\" aria-hidden=\"true\">\n<title id='av-svg-title-143'>Voir les d\u00e9tails<\/title>\n<desc id='av-svg-desc-143'>Voir les d\u00e9tails<\/desc>\n<path d=\"M6.784 17.344v-2.88h8.96v2.88h-8.96zM19.2 1.6q1.344 0 2.272 0.928t0.928 2.272v22.4q0 1.28-0.928 2.24t-2.272 0.96h-16q-1.28 0-2.24-0.96t-0.96-2.24v-22.4q0-1.344 0.96-2.272t2.24-0.928h16zM19.2 27.2v-22.4h-16v22.4h16zM15.68 8.256v2.816h-8.96v-2.816h8.96zM15.68 20.8v2.816h-8.96v-2.816h8.96z\"><\/path>\n<\/svg><\/span>  Voir les d\u00e9tails<\/a> <span class=\"button-mini-delimiter\"><\/span><\/div><\/div><\/li>\n<li class=\"product type-product post-6534 status-publish first instock product_cat-gemahlen product_cat-gewuerz-mischungen has-post-thumbnail taxable shipping-taxable purchasable product-type-simple\">\n\t<div class='inner_product main_color wrapped_style noLightbox  av-product-class-'><a href=\"https:\/\/www.raffinessen.ch\/fr\/produit\/veracruz\/\" class=\"woocommerce-LoopProduct-link woocommerce-loop-product__link\"><div class=\"thumbnail_container\"><img loading=\"lazy\" decoding=\"async\" width=\"500\" height=\"500\" src=\"https:\/\/www.raffinessen.ch\/webseite\/wp-content\/uploads\/2020\/07\/veracruz-beutel-500x500.jpg\" class=\"attachment-woocommerce_thumbnail avia-product-hover\" alt=\"\" srcset=\"https:\/\/www.raffinessen.ch\/webseite\/wp-content\/uploads\/2020\/07\/veracruz-beutel-500x500.jpg 500w, https:\/\/www.raffinessen.ch\/webseite\/wp-content\/uploads\/2020\/07\/veracruz-beutel-300x300.jpg 300w, https:\/\/www.raffinessen.ch\/webseite\/wp-content\/uploads\/2020\/07\/veracruz-beutel-1030x1030.jpg 1030w, https:\/\/www.raffinessen.ch\/webseite\/wp-content\/uploads\/2020\/07\/veracruz-beutel-80x80.jpg 80w, https:\/\/www.raffinessen.ch\/webseite\/wp-content\/uploads\/2020\/07\/veracruz-beutel-768x768.jpg 768w, https:\/\/www.raffinessen.ch\/webseite\/wp-content\/uploads\/2020\/07\/veracruz-beutel-1536x1536.jpg 1536w, https:\/\/www.raffinessen.ch\/webseite\/wp-content\/uploads\/2020\/07\/veracruz-beutel-36x36.jpg 36w, https:\/\/www.raffinessen.ch\/webseite\/wp-content\/uploads\/2020\/07\/veracruz-beutel-180x180.jpg 180w, https:\/\/www.raffinessen.ch\/webseite\/wp-content\/uploads\/2020\/07\/veracruz-beutel-1500x1500.jpg 1500w, https:\/\/www.raffinessen.ch\/webseite\/wp-content\/uploads\/2020\/07\/veracruz-beutel-705x705.jpg 705w, https:\/\/www.raffinessen.ch\/webseite\/wp-content\/uploads\/2020\/07\/veracruz-beutel-100x100.jpg 100w, https:\/\/www.raffinessen.ch\/webseite\/wp-content\/uploads\/2020\/07\/veracruz-beutel-1000x1000.jpg 1000w, https:\/\/www.raffinessen.ch\/webseite\/wp-content\/uploads\/2020\/07\/veracruz-beutel.jpg 2000w\" sizes=\"auto, (max-width: 500px) 100vw, 500px\" \/><img decoding=\"async\" loading=\"lazy\" width=\"500\" height=\"500\" src=\"https:\/\/www.raffinessen.ch\/webseite\/wp-content\/uploads\/2020\/03\/feurige-suesse-gewuerz-kreis-raffinessen-500x500.jpg\" class=\"wp-image-5134 avia-img-lazy-loading-5134 attachment-woocommerce_thumbnail size-woocommerce_thumbnail wp-post-image\" alt=\"\" srcset=\"https:\/\/www.raffinessen.ch\/webseite\/wp-content\/uploads\/2020\/03\/feurige-suesse-gewuerz-kreis-raffinessen-500x500.jpg 500w, https:\/\/www.raffinessen.ch\/webseite\/wp-content\/uploads\/2020\/03\/feurige-suesse-gewuerz-kreis-raffinessen-300x300.jpg 300w, https:\/\/www.raffinessen.ch\/webseite\/wp-content\/uploads\/2020\/03\/feurige-suesse-gewuerz-kreis-raffinessen-1030x1030.jpg 1030w, https:\/\/www.raffinessen.ch\/webseite\/wp-content\/uploads\/2020\/03\/feurige-suesse-gewuerz-kreis-raffinessen-80x80.jpg 80w, https:\/\/www.raffinessen.ch\/webseite\/wp-content\/uploads\/2020\/03\/feurige-suesse-gewuerz-kreis-raffinessen-768x768.jpg 768w, https:\/\/www.raffinessen.ch\/webseite\/wp-content\/uploads\/2020\/03\/feurige-suesse-gewuerz-kreis-raffinessen-1536x1536.jpg 1536w, https:\/\/www.raffinessen.ch\/webseite\/wp-content\/uploads\/2020\/03\/feurige-suesse-gewuerz-kreis-raffinessen-2048x2048.jpg 2048w, https:\/\/www.raffinessen.ch\/webseite\/wp-content\/uploads\/2020\/03\/feurige-suesse-gewuerz-kreis-raffinessen-36x36.jpg 36w, https:\/\/www.raffinessen.ch\/webseite\/wp-content\/uploads\/2020\/03\/feurige-suesse-gewuerz-kreis-raffinessen-180x180.jpg 180w, https:\/\/www.raffinessen.ch\/webseite\/wp-content\/uploads\/2020\/03\/feurige-suesse-gewuerz-kreis-raffinessen-1500x1500.jpg 1500w, https:\/\/www.raffinessen.ch\/webseite\/wp-content\/uploads\/2020\/03\/feurige-suesse-gewuerz-kreis-raffinessen-705x705.jpg 705w, https:\/\/www.raffinessen.ch\/webseite\/wp-content\/uploads\/2020\/03\/feurige-suesse-gewuerz-kreis-raffinessen-100x100.jpg 100w, https:\/\/www.raffinessen.ch\/webseite\/wp-content\/uploads\/2020\/03\/feurige-suesse-gewuerz-kreis-raffinessen-1000x1000.jpg 1000w\" sizes=\"auto, (max-width: 500px) 100vw, 500px\" \/><span class=\"cart-loading\"><\/span><\/div><div class='inner_product_header'><div class='avia-arrow'><\/div><div class='inner_product_header_table'><div class='inner_product_header_cell'><h2 class=\"woocommerce-loop-product__title\">Veracruz (jusqu'\u00e0 pr\u00e9sent Douceur ardente)<\/h2>\n\t<span class=\"price\"><span class=\"woocommerce-Price-amount amount\"><bdi><span class=\"woocommerce-Price-currencySymbol\">&#67;&#72;&#70;<\/span>&nbsp;6.00<\/bdi><\/span> <small class=\"woocommerce-price-suffix\">TVA incluse<\/small><\/span>\n<\/div><\/div><\/div><\/a><div class='avia_cart_buttons'><a href=\"\/fr\/wp-json\/wp\/v2\/pages\/9012?add-to-cart=6534\" aria-describedby=\"woocommerce_loop_add_to_cart_link_describedby_6534\" data-quantity=\"1\" class=\"button product_type_simple add_to_cart_button ajax_add_to_cart\" data-product_id=\"6534\" data-product_sku=\"FPO-S014-80\" aria-label=\"Ajouter au panier\u00a0: \u201cVeracruz (bisher Feurige S\u00fcsse)\u201d\" rel=\"nofollow\" data-success_message=\"\u00ab\u00a0Veracruz (bisher Feurige S\u00fcsse)\u00a0\u00bb a \u00e9t\u00e9 ajout\u00e9 \u00e0 votre panier\" role=\"button\" data-no-translation-aria-label=\"\" data-no-translation-data-success_message=\"\"><span class=\"avia-svg-icon avia-font-svg_entypo-fontello\" data-av_svg_icon='basket' data-av_iconset='svg_entypo-fontello'><svg version=\"1.1\" xmlns=\"http:\/\/www.w3.org\/2000\/svg\" width=\"29\" height=\"32\" viewbox=\"0 0 29 32\" preserveaspectratio=\"xMidYMid meet\" aria-labelledby='av-svg-title-144' aria-describedby='av-svg-desc-144' role=\"graphics-symbol\" aria-hidden=\"true\">\n<title id='av-svg-title-144'>Ajouter au panier<\/title>\n<desc id='av-svg-desc-144'>Ajouter au panier<\/desc>\n<path d=\"M4.8 27.2q0-1.28 0.96-2.24t2.24-0.96q1.344 0 2.272 0.96t0.928 2.24q0 1.344-0.928 2.272t-2.272 0.928q-1.28 0-2.24-0.928t-0.96-2.272zM20.8 27.2q0-1.28 0.96-2.24t2.24-0.96q1.344 0 2.272 0.96t0.928 2.24q0 1.344-0.928 2.272t-2.272 0.928q-1.28 0-2.24-0.928t-0.96-2.272zM10.496 19.648q-1.152 0.32-1.088 0.736t1.408 0.416h17.984v2.432q0 0.64-0.64 0.64h-20.928q-0.64 0-0.64-0.64v-2.432l-0.32-1.472-3.136-14.528h-3.136v-2.56q0-0.64 0.64-0.64h4.992q0.64 0 0.64 0.64v2.752h22.528v8.768q0 0.704-0.576 0.832z\"><\/path>\n<\/svg><\/span>  Ajouter au panier<\/a>\t<span id=\"woocommerce_loop_add_to_cart_link_describedby_6534\" class=\"screen-reader-text\">\n\t\t\t<\/span>\n<a class=\"button show_details_button\" href=\"https:\/\/www.raffinessen.ch\/fr\/produit\/veracruz\/\"><span class=\"avia-svg-icon avia-font-svg_entypo-fontello\" data-av_svg_icon='doc-text' data-av_iconset='svg_entypo-fontello'><svg version=\"1.1\" xmlns=\"http:\/\/www.w3.org\/2000\/svg\" width=\"22\" height=\"32\" viewbox=\"0 0 22 32\" preserveaspectratio=\"xMidYMid meet\" aria-labelledby='av-svg-title-145' aria-describedby='av-svg-desc-145' role=\"graphics-symbol\" aria-hidden=\"true\">\n<title id='av-svg-title-145'>Voir les d\u00e9tails<\/title>\n<desc id='av-svg-desc-145'>Voir les d\u00e9tails<\/desc>\n<path d=\"M6.784 17.344v-2.88h8.96v2.88h-8.96zM19.2 1.6q1.344 0 2.272 0.928t0.928 2.272v22.4q0 1.28-0.928 2.24t-2.272 0.96h-16q-1.28 0-2.24-0.96t-0.96-2.24v-22.4q0-1.344 0.96-2.272t2.24-0.928h16zM19.2 27.2v-22.4h-16v22.4h16zM15.68 8.256v2.816h-8.96v-2.816h8.96zM15.68 20.8v2.816h-8.96v-2.816h8.96z\"><\/path>\n<\/svg><\/span>  Voir les d\u00e9tails<\/a> <span class=\"button-mini-delimiter\"><\/span><\/div><\/div><\/li>\n<li class=\"product type-product post-6528 status-publish instock product_cat-gemahlen product_cat-gewuerz-mischungen has-post-thumbnail taxable shipping-taxable purchasable product-type-simple\">\n\t<div class='inner_product main_color wrapped_style noLightbox  av-product-class-'><a href=\"https:\/\/www.raffinessen.ch\/fr\/produit\/bolligen\/\" class=\"woocommerce-LoopProduct-link woocommerce-loop-product__link\"><div class=\"thumbnail_container\"><img loading=\"lazy\" decoding=\"async\" width=\"500\" height=\"500\" src=\"https:\/\/www.raffinessen.ch\/webseite\/wp-content\/uploads\/2020\/07\/bolligen-beutel-500x500.jpg\" class=\"attachment-woocommerce_thumbnail avia-product-hover\" alt=\"\" srcset=\"https:\/\/www.raffinessen.ch\/webseite\/wp-content\/uploads\/2020\/07\/bolligen-beutel-500x500.jpg 500w, https:\/\/www.raffinessen.ch\/webseite\/wp-content\/uploads\/2020\/07\/bolligen-beutel-300x300.jpg 300w, https:\/\/www.raffinessen.ch\/webseite\/wp-content\/uploads\/2020\/07\/bolligen-beutel-1030x1030.jpg 1030w, https:\/\/www.raffinessen.ch\/webseite\/wp-content\/uploads\/2020\/07\/bolligen-beutel-80x80.jpg 80w, https:\/\/www.raffinessen.ch\/webseite\/wp-content\/uploads\/2020\/07\/bolligen-beutel-768x768.jpg 768w, https:\/\/www.raffinessen.ch\/webseite\/wp-content\/uploads\/2020\/07\/bolligen-beutel-1536x1536.jpg 1536w, https:\/\/www.raffinessen.ch\/webseite\/wp-content\/uploads\/2020\/07\/bolligen-beutel-36x36.jpg 36w, https:\/\/www.raffinessen.ch\/webseite\/wp-content\/uploads\/2020\/07\/bolligen-beutel-180x180.jpg 180w, https:\/\/www.raffinessen.ch\/webseite\/wp-content\/uploads\/2020\/07\/bolligen-beutel-1500x1500.jpg 1500w, https:\/\/www.raffinessen.ch\/webseite\/wp-content\/uploads\/2020\/07\/bolligen-beutel-705x705.jpg 705w, https:\/\/www.raffinessen.ch\/webseite\/wp-content\/uploads\/2020\/07\/bolligen-beutel-100x100.jpg 100w, https:\/\/www.raffinessen.ch\/webseite\/wp-content\/uploads\/2020\/07\/bolligen-beutel-1000x1000.jpg 1000w, https:\/\/www.raffinessen.ch\/webseite\/wp-content\/uploads\/2020\/07\/bolligen-beutel.jpg 2000w\" sizes=\"auto, (max-width: 500px) 100vw, 500px\" \/><img decoding=\"async\" loading=\"lazy\" width=\"500\" height=\"500\" src=\"https:\/\/www.raffinessen.ch\/webseite\/wp-content\/uploads\/2020\/03\/bolligen-gewuerz-kreis-raffinessen-500x500.jpg\" class=\"wp-image-5130 avia-img-lazy-loading-5130 attachment-woocommerce_thumbnail size-woocommerce_thumbnail wp-post-image\" alt=\"\" srcset=\"https:\/\/www.raffinessen.ch\/webseite\/wp-content\/uploads\/2020\/03\/bolligen-gewuerz-kreis-raffinessen-500x500.jpg 500w, https:\/\/www.raffinessen.ch\/webseite\/wp-content\/uploads\/2020\/03\/bolligen-gewuerz-kreis-raffinessen-300x300.jpg 300w, https:\/\/www.raffinessen.ch\/webseite\/wp-content\/uploads\/2020\/03\/bolligen-gewuerz-kreis-raffinessen-1030x1030.jpg 1030w, https:\/\/www.raffinessen.ch\/webseite\/wp-content\/uploads\/2020\/03\/bolligen-gewuerz-kreis-raffinessen-80x80.jpg 80w, https:\/\/www.raffinessen.ch\/webseite\/wp-content\/uploads\/2020\/03\/bolligen-gewuerz-kreis-raffinessen-768x768.jpg 768w, https:\/\/www.raffinessen.ch\/webseite\/wp-content\/uploads\/2020\/03\/bolligen-gewuerz-kreis-raffinessen-1536x1536.jpg 1536w, https:\/\/www.raffinessen.ch\/webseite\/wp-content\/uploads\/2020\/03\/bolligen-gewuerz-kreis-raffinessen-2048x2048.jpg 2048w, https:\/\/www.raffinessen.ch\/webseite\/wp-content\/uploads\/2020\/03\/bolligen-gewuerz-kreis-raffinessen-36x36.jpg 36w, https:\/\/www.raffinessen.ch\/webseite\/wp-content\/uploads\/2020\/03\/bolligen-gewuerz-kreis-raffinessen-180x180.jpg 180w, https:\/\/www.raffinessen.ch\/webseite\/wp-content\/uploads\/2020\/03\/bolligen-gewuerz-kreis-raffinessen-1500x1500.jpg 1500w, https:\/\/www.raffinessen.ch\/webseite\/wp-content\/uploads\/2020\/03\/bolligen-gewuerz-kreis-raffinessen-705x705.jpg 705w, https:\/\/www.raffinessen.ch\/webseite\/wp-content\/uploads\/2020\/03\/bolligen-gewuerz-kreis-raffinessen-100x100.jpg 100w, https:\/\/www.raffinessen.ch\/webseite\/wp-content\/uploads\/2020\/03\/bolligen-gewuerz-kreis-raffinessen-1000x1000.jpg 1000w\" sizes=\"auto, (max-width: 500px) 100vw, 500px\" \/><span class=\"cart-loading\"><\/span><\/div><div class='inner_product_header'><div class='avia-arrow'><\/div><div class='inner_product_header_table'><div class='inner_product_header_cell'><h2 class=\"woocommerce-loop-product__title\">Bolligen<\/h2>\n\t<span class=\"price\"><span class=\"woocommerce-Price-amount amount\"><bdi><span class=\"woocommerce-Price-currencySymbol\">&#67;&#72;&#70;<\/span>&nbsp;6.00<\/bdi><\/span> <small class=\"woocommerce-price-suffix\">TVA incluse<\/small><\/span>\n<\/div><\/div><\/div><\/a><div class='avia_cart_buttons'><a href=\"\/fr\/wp-json\/wp\/v2\/pages\/9012?add-to-cart=6528\" aria-describedby=\"woocommerce_loop_add_to_cart_link_describedby_6528\" data-quantity=\"1\" class=\"button product_type_simple add_to_cart_button ajax_add_to_cart\" data-product_id=\"6528\" data-product_sku=\"FPO-S008-120\" aria-label=\"Ajouter au panier\u00a0: \u201cBolligen\u201d\" rel=\"nofollow\" data-success_message=\"\u00ab\u00a0Bolligen\u00a0\u00bb a \u00e9t\u00e9 ajout\u00e9 \u00e0 votre panier\" role=\"button\" data-no-translation-aria-label=\"\" data-no-translation-data-success_message=\"\"><span class=\"avia-svg-icon avia-font-svg_entypo-fontello\" data-av_svg_icon='basket' data-av_iconset='svg_entypo-fontello'><svg version=\"1.1\" xmlns=\"http:\/\/www.w3.org\/2000\/svg\" width=\"29\" height=\"32\" viewbox=\"0 0 29 32\" preserveaspectratio=\"xMidYMid meet\" aria-labelledby='av-svg-title-146' aria-describedby='av-svg-desc-146' role=\"graphics-symbol\" aria-hidden=\"true\">\n<title id='av-svg-title-146'>Ajouter au panier<\/title>\n<desc id='av-svg-desc-146'>Ajouter au panier<\/desc>\n<path d=\"M4.8 27.2q0-1.28 0.96-2.24t2.24-0.96q1.344 0 2.272 0.96t0.928 2.24q0 1.344-0.928 2.272t-2.272 0.928q-1.28 0-2.24-0.928t-0.96-2.272zM20.8 27.2q0-1.28 0.96-2.24t2.24-0.96q1.344 0 2.272 0.96t0.928 2.24q0 1.344-0.928 2.272t-2.272 0.928q-1.28 0-2.24-0.928t-0.96-2.272zM10.496 19.648q-1.152 0.32-1.088 0.736t1.408 0.416h17.984v2.432q0 0.64-0.64 0.64h-20.928q-0.64 0-0.64-0.64v-2.432l-0.32-1.472-3.136-14.528h-3.136v-2.56q0-0.64 0.64-0.64h4.992q0.64 0 0.64 0.64v2.752h22.528v8.768q0 0.704-0.576 0.832z\"><\/path>\n<\/svg><\/span>  Ajouter au panier<\/a>\t<span id=\"woocommerce_loop_add_to_cart_link_describedby_6528\" class=\"screen-reader-text\">\n\t\t\t<\/span>\n<a class=\"button show_details_button\" href=\"https:\/\/www.raffinessen.ch\/fr\/produit\/bolligen\/\"><span class=\"avia-svg-icon avia-font-svg_entypo-fontello\" data-av_svg_icon='doc-text' data-av_iconset='svg_entypo-fontello'><svg version=\"1.1\" xmlns=\"http:\/\/www.w3.org\/2000\/svg\" width=\"22\" height=\"32\" viewbox=\"0 0 22 32\" preserveaspectratio=\"xMidYMid meet\" aria-labelledby='av-svg-title-147' aria-describedby='av-svg-desc-147' role=\"graphics-symbol\" aria-hidden=\"true\">\n<title id='av-svg-title-147'>Voir les d\u00e9tails<\/title>\n<desc id='av-svg-desc-147'>Voir les d\u00e9tails<\/desc>\n<path d=\"M6.784 17.344v-2.88h8.96v2.88h-8.96zM19.2 1.6q1.344 0 2.272 0.928t0.928 2.272v22.4q0 1.28-0.928 2.24t-2.272 0.96h-16q-1.28 0-2.24-0.96t-0.96-2.24v-22.4q0-1.344 0.96-2.272t2.24-0.928h16zM19.2 27.2v-22.4h-16v22.4h16zM15.68 8.256v2.816h-8.96v-2.816h8.96zM15.68 20.8v2.816h-8.96v-2.816h8.96z\"><\/path>\n<\/svg><\/span>  Voir les d\u00e9tails<\/a> <span class=\"button-mini-delimiter\"><\/span><\/div><\/div><\/li>\n<li class=\"product type-product post-2022 status-publish instock product_cat-ab-chf-30 product_cat-geschenksets has-post-thumbnail taxable shipping-taxable purchasable product-type-simple\">\n\t<div class='inner_product main_color wrapped_style noLightbox  av-product-class-'><a href=\"https:\/\/www.raffinessen.ch\/fr\/produit\/kampot-pfeffer-mit-muehle-postkarte-und-geschenkbox\/\" class=\"woocommerce-LoopProduct-link woocommerce-loop-product__link\"><div class=\"thumbnail_container\"><img loading=\"lazy\" decoding=\"async\" width=\"500\" height=\"500\" src=\"https:\/\/www.raffinessen.ch\/webseite\/wp-content\/uploads\/2018\/12\/roter-kampot-pfeffer-500x500.jpg\" class=\"attachment-woocommerce_thumbnail avia-product-hover\" alt=\"\" srcset=\"https:\/\/www.raffinessen.ch\/webseite\/wp-content\/uploads\/2018\/12\/roter-kampot-pfeffer-500x500.jpg 500w, https:\/\/www.raffinessen.ch\/webseite\/wp-content\/uploads\/2018\/12\/roter-kampot-pfeffer-80x80.jpg 80w, https:\/\/www.raffinessen.ch\/webseite\/wp-content\/uploads\/2018\/12\/roter-kampot-pfeffer-300x300.jpg 300w, https:\/\/www.raffinessen.ch\/webseite\/wp-content\/uploads\/2018\/12\/roter-kampot-pfeffer-768x768.jpg 768w, https:\/\/www.raffinessen.ch\/webseite\/wp-content\/uploads\/2018\/12\/roter-kampot-pfeffer-1030x1030.jpg 1030w, https:\/\/www.raffinessen.ch\/webseite\/wp-content\/uploads\/2018\/12\/roter-kampot-pfeffer-36x36.jpg 36w, https:\/\/www.raffinessen.ch\/webseite\/wp-content\/uploads\/2018\/12\/roter-kampot-pfeffer-180x180.jpg 180w, https:\/\/www.raffinessen.ch\/webseite\/wp-content\/uploads\/2018\/12\/roter-kampot-pfeffer-1500x1500.jpg 1500w, https:\/\/www.raffinessen.ch\/webseite\/wp-content\/uploads\/2018\/12\/roter-kampot-pfeffer-705x705.jpg 705w, https:\/\/www.raffinessen.ch\/webseite\/wp-content\/uploads\/2018\/12\/roter-kampot-pfeffer-100x100.jpg 100w, https:\/\/www.raffinessen.ch\/webseite\/wp-content\/uploads\/2018\/12\/roter-kampot-pfeffer-1000x1000.jpg 1000w, https:\/\/www.raffinessen.ch\/webseite\/wp-content\/uploads\/2018\/12\/roter-kampot-pfeffer.jpg 2000w\" sizes=\"auto, (max-width: 500px) 100vw, 500px\" \/><img decoding=\"async\" loading=\"lazy\" width=\"500\" height=\"500\" src=\"https:\/\/www.raffinessen.ch\/webseite\/wp-content\/uploads\/2016\/12\/roter-pfeffer-muehle-geschenkbox-500x500.jpg\" class=\"wp-image-2023 avia-img-lazy-loading-2023 attachment-woocommerce_thumbnail size-woocommerce_thumbnail wp-post-image\" alt=\"\" srcset=\"https:\/\/www.raffinessen.ch\/webseite\/wp-content\/uploads\/2016\/12\/roter-pfeffer-muehle-geschenkbox-500x500.jpg 500w, https:\/\/www.raffinessen.ch\/webseite\/wp-content\/uploads\/2016\/12\/roter-pfeffer-muehle-geschenkbox-1000x1000.jpg 1000w, https:\/\/www.raffinessen.ch\/webseite\/wp-content\/uploads\/2016\/12\/roter-pfeffer-muehle-geschenkbox-100x100.jpg 100w, https:\/\/www.raffinessen.ch\/webseite\/wp-content\/uploads\/2016\/12\/roter-pfeffer-muehle-geschenkbox-80x80.jpg 80w, https:\/\/www.raffinessen.ch\/webseite\/wp-content\/uploads\/2016\/12\/roter-pfeffer-muehle-geschenkbox-300x300.jpg 300w, https:\/\/www.raffinessen.ch\/webseite\/wp-content\/uploads\/2016\/12\/roter-pfeffer-muehle-geschenkbox-768x768.jpg 768w, https:\/\/www.raffinessen.ch\/webseite\/wp-content\/uploads\/2016\/12\/roter-pfeffer-muehle-geschenkbox-1030x1030.jpg 1030w, https:\/\/www.raffinessen.ch\/webseite\/wp-content\/uploads\/2016\/12\/roter-pfeffer-muehle-geschenkbox-36x36.jpg 36w, https:\/\/www.raffinessen.ch\/webseite\/wp-content\/uploads\/2016\/12\/roter-pfeffer-muehle-geschenkbox-180x180.jpg 180w, https:\/\/www.raffinessen.ch\/webseite\/wp-content\/uploads\/2016\/12\/roter-pfeffer-muehle-geschenkbox-705x705.jpg 705w, https:\/\/www.raffinessen.ch\/webseite\/wp-content\/uploads\/2016\/12\/roter-pfeffer-muehle-geschenkbox.jpg 1500w\" sizes=\"auto, (max-width: 500px) 100vw, 500px\" \/><span class=\"cart-loading\"><\/span><\/div><div class='inner_product_header'><div class='avia-arrow'><\/div><div class='inner_product_header_table'><div class='inner_product_header_cell'><h2 class=\"woocommerce-loop-product__title\">Set - Poivre de Kampot rouge avec moulin, carte postale et bo\u00eete cadeau<\/h2>\n\t<span class=\"price\"><span class=\"woocommerce-Price-amount amount\"><bdi><span class=\"woocommerce-Price-currencySymbol\">&#67;&#72;&#70;<\/span>&nbsp;35.00<\/bdi><\/span> <small class=\"woocommerce-price-suffix\">TVA incluse<\/small><\/span>\n<\/div><\/div><\/div><\/a><div class='avia_cart_buttons'><a href=\"\/fr\/wp-json\/wp\/v2\/pages\/9012?add-to-cart=2022\" aria-describedby=\"woocommerce_loop_add_to_cart_link_describedby_2022\" data-quantity=\"1\" class=\"button product_type_simple add_to_cart_button ajax_add_to_cart\" data-product_id=\"2022\" data-product_sku=\"GSO-015\" aria-label=\"Ajouter au panier\u00a0: \u201cSet - Roter Kampot Pfeffer mit M\u00fchle, Postkarte und Geschenkbox\u201d\" rel=\"nofollow\" data-success_message=\"\u00ab\u00a0Set - Roter Kampot Pfeffer mit M\u00fchle, Postkarte und Geschenkbox\u00a0\u00bb a \u00e9t\u00e9 ajout\u00e9 \u00e0 votre panier\" role=\"button\" data-no-translation-aria-label=\"\" data-no-translation-data-success_message=\"\"><span class=\"avia-svg-icon avia-font-svg_entypo-fontello\" data-av_svg_icon='basket' data-av_iconset='svg_entypo-fontello'><svg version=\"1.1\" xmlns=\"http:\/\/www.w3.org\/2000\/svg\" width=\"29\" height=\"32\" viewbox=\"0 0 29 32\" preserveaspectratio=\"xMidYMid meet\" aria-labelledby='av-svg-title-148' aria-describedby='av-svg-desc-148' role=\"graphics-symbol\" aria-hidden=\"true\">\n<title id='av-svg-title-148'>Ajouter au panier<\/title>\n<desc id='av-svg-desc-148'>Ajouter au panier<\/desc>\n<path d=\"M4.8 27.2q0-1.28 0.96-2.24t2.24-0.96q1.344 0 2.272 0.96t0.928 2.24q0 1.344-0.928 2.272t-2.272 0.928q-1.28 0-2.24-0.928t-0.96-2.272zM20.8 27.2q0-1.28 0.96-2.24t2.24-0.96q1.344 0 2.272 0.96t0.928 2.24q0 1.344-0.928 2.272t-2.272 0.928q-1.28 0-2.24-0.928t-0.96-2.272zM10.496 19.648q-1.152 0.32-1.088 0.736t1.408 0.416h17.984v2.432q0 0.64-0.64 0.64h-20.928q-0.64 0-0.64-0.64v-2.432l-0.32-1.472-3.136-14.528h-3.136v-2.56q0-0.64 0.64-0.64h4.992q0.64 0 0.64 0.64v2.752h22.528v8.768q0 0.704-0.576 0.832z\"><\/path>\n<\/svg><\/span>  Ajouter au panier<\/a>\t<span id=\"woocommerce_loop_add_to_cart_link_describedby_2022\" class=\"screen-reader-text\">\n\t\t\t<\/span>\n<a class=\"button show_details_button\" href=\"https:\/\/www.raffinessen.ch\/fr\/produit\/kampot-pfeffer-mit-muehle-postkarte-und-geschenkbox\/\"><span class=\"avia-svg-icon avia-font-svg_entypo-fontello\" data-av_svg_icon='doc-text' data-av_iconset='svg_entypo-fontello'><svg version=\"1.1\" xmlns=\"http:\/\/www.w3.org\/2000\/svg\" width=\"22\" height=\"32\" viewbox=\"0 0 22 32\" preserveaspectratio=\"xMidYMid meet\" aria-labelledby='av-svg-title-149' aria-describedby='av-svg-desc-149' role=\"graphics-symbol\" aria-hidden=\"true\">\n<title id='av-svg-title-149'>Voir les d\u00e9tails<\/title>\n<desc id='av-svg-desc-149'>Voir les d\u00e9tails<\/desc>\n<path d=\"M6.784 17.344v-2.88h8.96v2.88h-8.96zM19.2 1.6q1.344 0 2.272 0.928t0.928 2.272v22.4q0 1.28-0.928 2.24t-2.272 0.96h-16q-1.28 0-2.24-0.96t-0.96-2.24v-22.4q0-1.344 0.96-2.272t2.24-0.928h16zM19.2 27.2v-22.4h-16v22.4h16zM15.68 8.256v2.816h-8.96v-2.816h8.96zM15.68 20.8v2.816h-8.96v-2.816h8.96z\"><\/path>\n<\/svg><\/span>  Voir les d\u00e9tails<\/a> <span class=\"button-mini-delimiter\"><\/span><\/div><\/div><\/li>\n<li class=\"product type-product post-1778 status-publish last instock product_cat-muehlen-und-behaelter product_cat-swiss-made has-post-thumbnail taxable shipping-taxable purchasable product-type-simple\">\n\t<div class='inner_product main_color wrapped_style noLightbox  av-product-class-'><a href=\"https:\/\/www.raffinessen.ch\/fr\/produit\/keramikmuehle-birnbaum\/\" class=\"woocommerce-LoopProduct-link woocommerce-loop-product__link\"><div class=\"thumbnail_container\"><img loading=\"lazy\" decoding=\"async\" width=\"500\" height=\"500\" src=\"https:\/\/www.raffinessen.ch\/webseite\/wp-content\/uploads\/2020\/04\/birnbaum-muehle-zylindrisch-liegend-500x500.jpg\" class=\"attachment-woocommerce_thumbnail avia-product-hover\" alt=\"\" srcset=\"https:\/\/www.raffinessen.ch\/webseite\/wp-content\/uploads\/2020\/04\/birnbaum-muehle-zylindrisch-liegend-500x500.jpg 500w, https:\/\/www.raffinessen.ch\/webseite\/wp-content\/uploads\/2020\/04\/birnbaum-muehle-zylindrisch-liegend-300x300.jpg 300w, https:\/\/www.raffinessen.ch\/webseite\/wp-content\/uploads\/2020\/04\/birnbaum-muehle-zylindrisch-liegend-1030x1030.jpg 1030w, https:\/\/www.raffinessen.ch\/webseite\/wp-content\/uploads\/2020\/04\/birnbaum-muehle-zylindrisch-liegend-80x80.jpg 80w, https:\/\/www.raffinessen.ch\/webseite\/wp-content\/uploads\/2020\/04\/birnbaum-muehle-zylindrisch-liegend-768x768.jpg 768w, https:\/\/www.raffinessen.ch\/webseite\/wp-content\/uploads\/2020\/04\/birnbaum-muehle-zylindrisch-liegend-1536x1536.jpg 1536w, https:\/\/www.raffinessen.ch\/webseite\/wp-content\/uploads\/2020\/04\/birnbaum-muehle-zylindrisch-liegend-2048x2048.jpg 2048w, https:\/\/www.raffinessen.ch\/webseite\/wp-content\/uploads\/2020\/04\/birnbaum-muehle-zylindrisch-liegend-36x36.jpg 36w, https:\/\/www.raffinessen.ch\/webseite\/wp-content\/uploads\/2020\/04\/birnbaum-muehle-zylindrisch-liegend-180x180.jpg 180w, https:\/\/www.raffinessen.ch\/webseite\/wp-content\/uploads\/2020\/04\/birnbaum-muehle-zylindrisch-liegend-1500x1500.jpg 1500w, https:\/\/www.raffinessen.ch\/webseite\/wp-content\/uploads\/2020\/04\/birnbaum-muehle-zylindrisch-liegend-705x705.jpg 705w, https:\/\/www.raffinessen.ch\/webseite\/wp-content\/uploads\/2020\/04\/birnbaum-muehle-zylindrisch-liegend-100x100.jpg 100w, https:\/\/www.raffinessen.ch\/webseite\/wp-content\/uploads\/2020\/04\/birnbaum-muehle-zylindrisch-liegend-1000x1000.jpg 1000w\" sizes=\"auto, (max-width: 500px) 100vw, 500px\" \/><img decoding=\"async\" loading=\"lazy\" width=\"500\" height=\"500\" src=\"https:\/\/www.raffinessen.ch\/webseite\/wp-content\/uploads\/2020\/04\/birnbaum-muehle-zylindrisch-zu-500x500.jpg\" class=\"wp-image-5685 avia-img-lazy-loading-5685 attachment-woocommerce_thumbnail size-woocommerce_thumbnail wp-post-image\" alt=\"\" srcset=\"https:\/\/www.raffinessen.ch\/webseite\/wp-content\/uploads\/2020\/04\/birnbaum-muehle-zylindrisch-zu-500x500.jpg 500w, https:\/\/www.raffinessen.ch\/webseite\/wp-content\/uploads\/2020\/04\/birnbaum-muehle-zylindrisch-zu-300x300.jpg 300w, https:\/\/www.raffinessen.ch\/webseite\/wp-content\/uploads\/2020\/04\/birnbaum-muehle-zylindrisch-zu-1030x1030.jpg 1030w, https:\/\/www.raffinessen.ch\/webseite\/wp-content\/uploads\/2020\/04\/birnbaum-muehle-zylindrisch-zu-80x80.jpg 80w, https:\/\/www.raffinessen.ch\/webseite\/wp-content\/uploads\/2020\/04\/birnbaum-muehle-zylindrisch-zu-768x768.jpg 768w, https:\/\/www.raffinessen.ch\/webseite\/wp-content\/uploads\/2020\/04\/birnbaum-muehle-zylindrisch-zu-1536x1536.jpg 1536w, https:\/\/www.raffinessen.ch\/webseite\/wp-content\/uploads\/2020\/04\/birnbaum-muehle-zylindrisch-zu-2048x2048.jpg 2048w, https:\/\/www.raffinessen.ch\/webseite\/wp-content\/uploads\/2020\/04\/birnbaum-muehle-zylindrisch-zu-36x36.jpg 36w, https:\/\/www.raffinessen.ch\/webseite\/wp-content\/uploads\/2020\/04\/birnbaum-muehle-zylindrisch-zu-180x180.jpg 180w, https:\/\/www.raffinessen.ch\/webseite\/wp-content\/uploads\/2020\/04\/birnbaum-muehle-zylindrisch-zu-1500x1500.jpg 1500w, https:\/\/www.raffinessen.ch\/webseite\/wp-content\/uploads\/2020\/04\/birnbaum-muehle-zylindrisch-zu-705x705.jpg 705w, https:\/\/www.raffinessen.ch\/webseite\/wp-content\/uploads\/2020\/04\/birnbaum-muehle-zylindrisch-zu-100x100.jpg 100w, https:\/\/www.raffinessen.ch\/webseite\/wp-content\/uploads\/2020\/04\/birnbaum-muehle-zylindrisch-zu-1000x1000.jpg 1000w\" sizes=\"auto, (max-width: 500px) 100vw, 500px\" \/><span class=\"cart-loading\"><\/span><\/div><div class='inner_product_header'><div class='avia-arrow'><\/div><div class='inner_product_header_table'><div class='inner_product_header_cell'><h2 class=\"woocommerce-loop-product__title\">Moulin \u00e0 \u00e9pices JEAN Poirier <br \/>(Swiss Made)<\/h2>\n\t<span class=\"price\"><span class=\"woocommerce-Price-amount amount\"><bdi><span class=\"woocommerce-Price-currencySymbol\">&#67;&#72;&#70;<\/span>&nbsp;70.00<\/bdi><\/span> <small class=\"woocommerce-price-suffix\">TVA incluse<\/small><\/span>\n<\/div><\/div><\/div><\/a><div class='avia_cart_buttons'><a href=\"\/fr\/wp-json\/wp\/v2\/pages\/9012?add-to-cart=1778\" aria-describedby=\"woocommerce_loop_add_to_cart_link_describedby_1778\" data-quantity=\"1\" class=\"button product_type_simple add_to_cart_button ajax_add_to_cart\" data-product_id=\"1778\" data-product_sku=\"GWO-019\" aria-label=\"Ajouter au panier\u00a0: \u201cGew\u00fcrzm\u00fchle JEAN Birnbaum (Swiss Made)\u201d\" rel=\"nofollow\" data-success_message=\"\u00ab\u00a0Gew\u00fcrzm\u00fchle JEAN Birnbaum &lt;br \/&gt;(Swiss Made)\u00a0\u00bb a \u00e9t\u00e9 ajout\u00e9 \u00e0 votre panier\" role=\"button\" data-no-translation-aria-label=\"\" data-no-translation-data-success_message=\"\"><span class=\"avia-svg-icon avia-font-svg_entypo-fontello\" data-av_svg_icon='basket' data-av_iconset='svg_entypo-fontello'><svg version=\"1.1\" xmlns=\"http:\/\/www.w3.org\/2000\/svg\" width=\"29\" height=\"32\" viewbox=\"0 0 29 32\" preserveaspectratio=\"xMidYMid meet\" aria-labelledby='av-svg-title-150' aria-describedby='av-svg-desc-150' role=\"graphics-symbol\" aria-hidden=\"true\">\n<title id='av-svg-title-150'>Ajouter au panier<\/title>\n<desc id='av-svg-desc-150'>Ajouter au panier<\/desc>\n<path d=\"M4.8 27.2q0-1.28 0.96-2.24t2.24-0.96q1.344 0 2.272 0.96t0.928 2.24q0 1.344-0.928 2.272t-2.272 0.928q-1.28 0-2.24-0.928t-0.96-2.272zM20.8 27.2q0-1.28 0.96-2.24t2.24-0.96q1.344 0 2.272 0.96t0.928 2.24q0 1.344-0.928 2.272t-2.272 0.928q-1.28 0-2.24-0.928t-0.96-2.272zM10.496 19.648q-1.152 0.32-1.088 0.736t1.408 0.416h17.984v2.432q0 0.64-0.64 0.64h-20.928q-0.64 0-0.64-0.64v-2.432l-0.32-1.472-3.136-14.528h-3.136v-2.56q0-0.64 0.64-0.64h4.992q0.64 0 0.64 0.64v2.752h22.528v8.768q0 0.704-0.576 0.832z\"><\/path>\n<\/svg><\/span>  Ajouter au panier<\/a>\t<span id=\"woocommerce_loop_add_to_cart_link_describedby_1778\" class=\"screen-reader-text\">\n\t\t\t<\/span>\n<a class=\"button show_details_button\" href=\"https:\/\/www.raffinessen.ch\/fr\/produit\/keramikmuehle-birnbaum\/\"><span class=\"avia-svg-icon avia-font-svg_entypo-fontello\" data-av_svg_icon='doc-text' data-av_iconset='svg_entypo-fontello'><svg version=\"1.1\" xmlns=\"http:\/\/www.w3.org\/2000\/svg\" width=\"22\" height=\"32\" viewbox=\"0 0 22 32\" preserveaspectratio=\"xMidYMid meet\" aria-labelledby='av-svg-title-151' aria-describedby='av-svg-desc-151' role=\"graphics-symbol\" aria-hidden=\"true\">\n<title id='av-svg-title-151'>Voir les d\u00e9tails<\/title>\n<desc id='av-svg-desc-151'>Voir les d\u00e9tails<\/desc>\n<path d=\"M6.784 17.344v-2.88h8.96v2.88h-8.96zM19.2 1.6q1.344 0 2.272 0.928t0.928 2.272v22.4q0 1.28-0.928 2.24t-2.272 0.96h-16q-1.28 0-2.24-0.96t-0.96-2.24v-22.4q0-1.344 0.96-2.272t2.24-0.928h16zM19.2 27.2v-22.4h-16v22.4h16zM15.68 8.256v2.816h-8.96v-2.816h8.96zM15.68 20.8v2.816h-8.96v-2.816h8.96z\"><\/path>\n<\/svg><\/span>  Voir les d\u00e9tails<\/a> <span class=\"button-mini-delimiter\"><\/span><\/div><\/div><\/li>\n<li class=\"product type-product post-4747 status-publish first instock product_cat-muehlen has-post-thumbnail taxable shipping-taxable purchasable product-type-simple\">\n\t<div class='inner_product main_color wrapped_style noLightbox  av-product-class-'><a href=\"https:\/\/www.raffinessen.ch\/fr\/produit\/mehrwegmuehle-mit-keramikmahlwerk\/\" class=\"woocommerce-LoopProduct-link woocommerce-loop-product__link\"><div class=\"thumbnail_container\"><img loading=\"lazy\" decoding=\"async\" width=\"500\" height=\"500\" src=\"https:\/\/www.raffinessen.ch\/webseite\/wp-content\/uploads\/2020\/04\/Doku_New-York-mini-01-500x500.jpg\" class=\"attachment-woocommerce_thumbnail avia-product-hover\" alt=\"\" srcset=\"https:\/\/www.raffinessen.ch\/webseite\/wp-content\/uploads\/2020\/04\/Doku_New-York-mini-01-500x500.jpg 500w, https:\/\/www.raffinessen.ch\/webseite\/wp-content\/uploads\/2020\/04\/Doku_New-York-mini-01-300x300.jpg 300w, https:\/\/www.raffinessen.ch\/webseite\/wp-content\/uploads\/2020\/04\/Doku_New-York-mini-01-1030x1030.jpg 1030w, https:\/\/www.raffinessen.ch\/webseite\/wp-content\/uploads\/2020\/04\/Doku_New-York-mini-01-80x80.jpg 80w, https:\/\/www.raffinessen.ch\/webseite\/wp-content\/uploads\/2020\/04\/Doku_New-York-mini-01-768x768.jpg 768w, https:\/\/www.raffinessen.ch\/webseite\/wp-content\/uploads\/2020\/04\/Doku_New-York-mini-01-1536x1536.jpg 1536w, https:\/\/www.raffinessen.ch\/webseite\/wp-content\/uploads\/2020\/04\/Doku_New-York-mini-01-36x36.jpg 36w, https:\/\/www.raffinessen.ch\/webseite\/wp-content\/uploads\/2020\/04\/Doku_New-York-mini-01-180x180.jpg 180w, https:\/\/www.raffinessen.ch\/webseite\/wp-content\/uploads\/2020\/04\/Doku_New-York-mini-01-1500x1500.jpg 1500w, https:\/\/www.raffinessen.ch\/webseite\/wp-content\/uploads\/2020\/04\/Doku_New-York-mini-01-705x705.jpg 705w, https:\/\/www.raffinessen.ch\/webseite\/wp-content\/uploads\/2020\/04\/Doku_New-York-mini-01-100x100.jpg 100w, https:\/\/www.raffinessen.ch\/webseite\/wp-content\/uploads\/2020\/04\/Doku_New-York-mini-01-1000x1000.jpg 1000w, https:\/\/www.raffinessen.ch\/webseite\/wp-content\/uploads\/2020\/04\/Doku_New-York-mini-01.jpg 2000w\" sizes=\"auto, (max-width: 500px) 100vw, 500px\" \/><img decoding=\"async\" loading=\"lazy\" width=\"500\" height=\"500\" src=\"https:\/\/www.raffinessen.ch\/webseite\/wp-content\/uploads\/2019\/12\/MM_Webshop--500x500.jpg\" class=\"wp-image-5812 avia-img-lazy-loading-5812 attachment-woocommerce_thumbnail size-woocommerce_thumbnail wp-post-image\" alt=\"\" srcset=\"https:\/\/www.raffinessen.ch\/webseite\/wp-content\/uploads\/2019\/12\/MM_Webshop--500x500.jpg 500w, https:\/\/www.raffinessen.ch\/webseite\/wp-content\/uploads\/2019\/12\/MM_Webshop--300x300.jpg 300w, https:\/\/www.raffinessen.ch\/webseite\/wp-content\/uploads\/2019\/12\/MM_Webshop--1030x1030.jpg 1030w, https:\/\/www.raffinessen.ch\/webseite\/wp-content\/uploads\/2019\/12\/MM_Webshop--80x80.jpg 80w, https:\/\/www.raffinessen.ch\/webseite\/wp-content\/uploads\/2019\/12\/MM_Webshop--768x768.jpg 768w, https:\/\/www.raffinessen.ch\/webseite\/wp-content\/uploads\/2019\/12\/MM_Webshop--1536x1536.jpg 1536w, https:\/\/www.raffinessen.ch\/webseite\/wp-content\/uploads\/2019\/12\/MM_Webshop--36x36.jpg 36w, https:\/\/www.raffinessen.ch\/webseite\/wp-content\/uploads\/2019\/12\/MM_Webshop--180x180.jpg 180w, https:\/\/www.raffinessen.ch\/webseite\/wp-content\/uploads\/2019\/12\/MM_Webshop--1500x1500.jpg 1500w, https:\/\/www.raffinessen.ch\/webseite\/wp-content\/uploads\/2019\/12\/MM_Webshop--705x705.jpg 705w, https:\/\/www.raffinessen.ch\/webseite\/wp-content\/uploads\/2019\/12\/MM_Webshop--100x100.jpg 100w, https:\/\/www.raffinessen.ch\/webseite\/wp-content\/uploads\/2019\/12\/MM_Webshop--1000x1000.jpg 1000w, https:\/\/www.raffinessen.ch\/webseite\/wp-content\/uploads\/2019\/12\/MM_Webshop-.jpg 2000w\" sizes=\"auto, (max-width: 500px) 100vw, 500px\" \/><span class=\"cart-loading\"><\/span><\/div><div class='inner_product_header'><div class='avia-arrow'><\/div><div class='inner_product_header_table'><div class='inner_product_header_cell'><h2 class=\"woocommerce-loop-product__title\">Moulin \u00e0 \u00e9pices r\u00e9utilisable KYO<\/h2>\n\t<span class=\"price\"><span class=\"woocommerce-Price-amount amount\"><bdi><span class=\"woocommerce-Price-currencySymbol\">&#67;&#72;&#70;<\/span>&nbsp;5.00<\/bdi><\/span> <small class=\"woocommerce-price-suffix\">TVA incluse<\/small><\/span>\n<\/div><\/div><\/div><\/a><div class='avia_cart_buttons'><a href=\"\/fr\/wp-json\/wp\/v2\/pages\/9012?add-to-cart=4747\" aria-describedby=\"woocommerce_loop_add_to_cart_link_describedby_4747\" data-quantity=\"1\" class=\"button product_type_simple add_to_cart_button ajax_add_to_cart\" data-product_id=\"4747\" data-product_sku=\"EVO-004\" aria-label=\"Ajouter au panier\u00a0: \u201cMehrweg-Gew\u00fcrzm\u00fchle KYO\u201d\" rel=\"nofollow\" data-success_message=\"\u00ab\u00a0Mehrweg-Gew\u00fcrzm\u00fchle KYO\u00a0\u00bb a \u00e9t\u00e9 ajout\u00e9 \u00e0 votre panier\" role=\"button\" data-no-translation-aria-label=\"\" data-no-translation-data-success_message=\"\"><span class=\"avia-svg-icon avia-font-svg_entypo-fontello\" data-av_svg_icon='basket' data-av_iconset='svg_entypo-fontello'><svg version=\"1.1\" xmlns=\"http:\/\/www.w3.org\/2000\/svg\" width=\"29\" height=\"32\" viewbox=\"0 0 29 32\" preserveaspectratio=\"xMidYMid meet\" aria-labelledby='av-svg-title-152' aria-describedby='av-svg-desc-152' role=\"graphics-symbol\" aria-hidden=\"true\">\n<title id='av-svg-title-152'>Ajouter au panier<\/title>\n<desc id='av-svg-desc-152'>Ajouter au panier<\/desc>\n<path d=\"M4.8 27.2q0-1.28 0.96-2.24t2.24-0.96q1.344 0 2.272 0.96t0.928 2.24q0 1.344-0.928 2.272t-2.272 0.928q-1.28 0-2.24-0.928t-0.96-2.272zM20.8 27.2q0-1.28 0.96-2.24t2.24-0.96q1.344 0 2.272 0.96t0.928 2.24q0 1.344-0.928 2.272t-2.272 0.928q-1.28 0-2.24-0.928t-0.96-2.272zM10.496 19.648q-1.152 0.32-1.088 0.736t1.408 0.416h17.984v2.432q0 0.64-0.64 0.64h-20.928q-0.64 0-0.64-0.64v-2.432l-0.32-1.472-3.136-14.528h-3.136v-2.56q0-0.64 0.64-0.64h4.992q0.64 0 0.64 0.64v2.752h22.528v8.768q0 0.704-0.576 0.832z\"><\/path>\n<\/svg><\/span>  Ajouter au panier<\/a>\t<span id=\"woocommerce_loop_add_to_cart_link_describedby_4747\" class=\"screen-reader-text\">\n\t\t\t<\/span>\n<a class=\"button show_details_button\" href=\"https:\/\/www.raffinessen.ch\/fr\/produit\/mehrwegmuehle-mit-keramikmahlwerk\/\"><span class=\"avia-svg-icon avia-font-svg_entypo-fontello\" data-av_svg_icon='doc-text' data-av_iconset='svg_entypo-fontello'><svg version=\"1.1\" xmlns=\"http:\/\/www.w3.org\/2000\/svg\" width=\"22\" height=\"32\" viewbox=\"0 0 22 32\" preserveaspectratio=\"xMidYMid meet\" aria-labelledby='av-svg-title-153' aria-describedby='av-svg-desc-153' role=\"graphics-symbol\" aria-hidden=\"true\">\n<title id='av-svg-title-153'>Voir les d\u00e9tails<\/title>\n<desc id='av-svg-desc-153'>Voir les d\u00e9tails<\/desc>\n<path d=\"M6.784 17.344v-2.88h8.96v2.88h-8.96zM19.2 1.6q1.344 0 2.272 0.928t0.928 2.272v22.4q0 1.28-0.928 2.24t-2.272 0.96h-16q-1.28 0-2.24-0.96t-0.96-2.24v-22.4q0-1.344 0.96-2.272t2.24-0.928h16zM19.2 27.2v-22.4h-16v22.4h16zM15.68 8.256v2.816h-8.96v-2.816h8.96zM15.68 20.8v2.816h-8.96v-2.816h8.96z\"><\/path>\n<\/svg><\/span>  Voir les d\u00e9tails<\/a> <span class=\"button-mini-delimiter\"><\/span><\/div><\/div><\/li>\n<li class=\"product type-product post-6547 status-publish instock product_cat-gemahlen product_cat-gewuerz-mischungen has-post-thumbnail taxable shipping-taxable purchasable product-type-simple\">\n\t<div class='inner_product main_color wrapped_style noLightbox  av-product-class-'><a href=\"https:\/\/www.raffinessen.ch\/fr\/produit\/bijapur\/\" class=\"woocommerce-LoopProduct-link woocommerce-loop-product__link\"><div class=\"thumbnail_container\"><img loading=\"lazy\" decoding=\"async\" width=\"500\" height=\"500\" src=\"https:\/\/www.raffinessen.ch\/webseite\/wp-content\/uploads\/2020\/07\/bijapur-beutel-500x500.jpg\" class=\"attachment-woocommerce_thumbnail avia-product-hover\" alt=\"\" srcset=\"https:\/\/www.raffinessen.ch\/webseite\/wp-content\/uploads\/2020\/07\/bijapur-beutel-500x500.jpg 500w, https:\/\/www.raffinessen.ch\/webseite\/wp-content\/uploads\/2020\/07\/bijapur-beutel-300x300.jpg 300w, https:\/\/www.raffinessen.ch\/webseite\/wp-content\/uploads\/2020\/07\/bijapur-beutel-1030x1030.jpg 1030w, https:\/\/www.raffinessen.ch\/webseite\/wp-content\/uploads\/2020\/07\/bijapur-beutel-80x80.jpg 80w, https:\/\/www.raffinessen.ch\/webseite\/wp-content\/uploads\/2020\/07\/bijapur-beutel-768x768.jpg 768w, https:\/\/www.raffinessen.ch\/webseite\/wp-content\/uploads\/2020\/07\/bijapur-beutel-1536x1536.jpg 1536w, https:\/\/www.raffinessen.ch\/webseite\/wp-content\/uploads\/2020\/07\/bijapur-beutel-36x36.jpg 36w, https:\/\/www.raffinessen.ch\/webseite\/wp-content\/uploads\/2020\/07\/bijapur-beutel-180x180.jpg 180w, https:\/\/www.raffinessen.ch\/webseite\/wp-content\/uploads\/2020\/07\/bijapur-beutel-1500x1500.jpg 1500w, https:\/\/www.raffinessen.ch\/webseite\/wp-content\/uploads\/2020\/07\/bijapur-beutel-705x705.jpg 705w, https:\/\/www.raffinessen.ch\/webseite\/wp-content\/uploads\/2020\/07\/bijapur-beutel-100x100.jpg 100w, https:\/\/www.raffinessen.ch\/webseite\/wp-content\/uploads\/2020\/07\/bijapur-beutel-1000x1000.jpg 1000w, https:\/\/www.raffinessen.ch\/webseite\/wp-content\/uploads\/2020\/07\/bijapur-beutel.jpg 2000w\" sizes=\"auto, (max-width: 500px) 100vw, 500px\" \/><img decoding=\"async\" loading=\"lazy\" width=\"500\" height=\"500\" src=\"https:\/\/www.raffinessen.ch\/webseite\/wp-content\/uploads\/2020\/03\/sandelholz-gewuerz-kreis-raffinessen-500x500.jpg\" class=\"wp-image-5141 avia-img-lazy-loading-5141 attachment-woocommerce_thumbnail size-woocommerce_thumbnail wp-post-image\" alt=\"\" srcset=\"https:\/\/www.raffinessen.ch\/webseite\/wp-content\/uploads\/2020\/03\/sandelholz-gewuerz-kreis-raffinessen-500x500.jpg 500w, https:\/\/www.raffinessen.ch\/webseite\/wp-content\/uploads\/2020\/03\/sandelholz-gewuerz-kreis-raffinessen-300x300.jpg 300w, https:\/\/www.raffinessen.ch\/webseite\/wp-content\/uploads\/2020\/03\/sandelholz-gewuerz-kreis-raffinessen-1030x1030.jpg 1030w, https:\/\/www.raffinessen.ch\/webseite\/wp-content\/uploads\/2020\/03\/sandelholz-gewuerz-kreis-raffinessen-80x80.jpg 80w, https:\/\/www.raffinessen.ch\/webseite\/wp-content\/uploads\/2020\/03\/sandelholz-gewuerz-kreis-raffinessen-768x768.jpg 768w, https:\/\/www.raffinessen.ch\/webseite\/wp-content\/uploads\/2020\/03\/sandelholz-gewuerz-kreis-raffinessen-1536x1536.jpg 1536w, https:\/\/www.raffinessen.ch\/webseite\/wp-content\/uploads\/2020\/03\/sandelholz-gewuerz-kreis-raffinessen-2048x2048.jpg 2048w, https:\/\/www.raffinessen.ch\/webseite\/wp-content\/uploads\/2020\/03\/sandelholz-gewuerz-kreis-raffinessen-36x36.jpg 36w, https:\/\/www.raffinessen.ch\/webseite\/wp-content\/uploads\/2020\/03\/sandelholz-gewuerz-kreis-raffinessen-180x180.jpg 180w, https:\/\/www.raffinessen.ch\/webseite\/wp-content\/uploads\/2020\/03\/sandelholz-gewuerz-kreis-raffinessen-1500x1500.jpg 1500w, https:\/\/www.raffinessen.ch\/webseite\/wp-content\/uploads\/2020\/03\/sandelholz-gewuerz-kreis-raffinessen-705x705.jpg 705w, https:\/\/www.raffinessen.ch\/webseite\/wp-content\/uploads\/2020\/03\/sandelholz-gewuerz-kreis-raffinessen-100x100.jpg 100w, https:\/\/www.raffinessen.ch\/webseite\/wp-content\/uploads\/2020\/03\/sandelholz-gewuerz-kreis-raffinessen-1000x1000.jpg 1000w\" sizes=\"auto, (max-width: 500px) 100vw, 500px\" \/><span class=\"cart-loading\"><\/span><\/div><div class='inner_product_header'><div class='avia-arrow'><\/div><div class='inner_product_header_table'><div class='inner_product_header_cell'><h2 class=\"woocommerce-loop-product__title\">Bijapur (anciennement bois de santal)<\/h2>\n\t<span class=\"price\"><span class=\"woocommerce-Price-amount amount\"><bdi><span class=\"woocommerce-Price-currencySymbol\">&#67;&#72;&#70;<\/span>&nbsp;6.00<\/bdi><\/span> <small class=\"woocommerce-price-suffix\">TVA incluse<\/small><\/span>\n<\/div><\/div><\/div><\/a><div class='avia_cart_buttons'><a href=\"\/fr\/wp-json\/wp\/v2\/pages\/9012?add-to-cart=6547\" aria-describedby=\"woocommerce_loop_add_to_cart_link_describedby_6547\" data-quantity=\"1\" class=\"button product_type_simple add_to_cart_button ajax_add_to_cart\" data-product_id=\"6547\" data-product_sku=\"FPO-S023-70\" aria-label=\"Ajouter au panier\u00a0: \u201cBijapur (bisher Sandelholz)\u201d\" rel=\"nofollow\" data-success_message=\"\u00ab\u00a0Bijapur (bisher Sandelholz)\u00a0\u00bb a \u00e9t\u00e9 ajout\u00e9 \u00e0 votre panier\" role=\"button\" data-no-translation-aria-label=\"\" data-no-translation-data-success_message=\"\"><span class=\"avia-svg-icon avia-font-svg_entypo-fontello\" data-av_svg_icon='basket' data-av_iconset='svg_entypo-fontello'><svg version=\"1.1\" xmlns=\"http:\/\/www.w3.org\/2000\/svg\" width=\"29\" height=\"32\" viewbox=\"0 0 29 32\" preserveaspectratio=\"xMidYMid meet\" aria-labelledby='av-svg-title-154' aria-describedby='av-svg-desc-154' role=\"graphics-symbol\" aria-hidden=\"true\">\n<title id='av-svg-title-154'>Ajouter au panier<\/title>\n<desc id='av-svg-desc-154'>Ajouter au panier<\/desc>\n<path d=\"M4.8 27.2q0-1.28 0.96-2.24t2.24-0.96q1.344 0 2.272 0.96t0.928 2.24q0 1.344-0.928 2.272t-2.272 0.928q-1.28 0-2.24-0.928t-0.96-2.272zM20.8 27.2q0-1.28 0.96-2.24t2.24-0.96q1.344 0 2.272 0.96t0.928 2.24q0 1.344-0.928 2.272t-2.272 0.928q-1.28 0-2.24-0.928t-0.96-2.272zM10.496 19.648q-1.152 0.32-1.088 0.736t1.408 0.416h17.984v2.432q0 0.64-0.64 0.64h-20.928q-0.64 0-0.64-0.64v-2.432l-0.32-1.472-3.136-14.528h-3.136v-2.56q0-0.64 0.64-0.64h4.992q0.64 0 0.64 0.64v2.752h22.528v8.768q0 0.704-0.576 0.832z\"><\/path>\n<\/svg><\/span>  Ajouter au panier<\/a>\t<span id=\"woocommerce_loop_add_to_cart_link_describedby_6547\" class=\"screen-reader-text\">\n\t\t\t<\/span>\n<a class=\"button show_details_button\" href=\"https:\/\/www.raffinessen.ch\/fr\/produit\/bijapur\/\"><span class=\"avia-svg-icon avia-font-svg_entypo-fontello\" data-av_svg_icon='doc-text' data-av_iconset='svg_entypo-fontello'><svg version=\"1.1\" xmlns=\"http:\/\/www.w3.org\/2000\/svg\" width=\"22\" height=\"32\" viewbox=\"0 0 22 32\" preserveaspectratio=\"xMidYMid meet\" aria-labelledby='av-svg-title-155' aria-describedby='av-svg-desc-155' role=\"graphics-symbol\" aria-hidden=\"true\">\n<title id='av-svg-title-155'>Voir les d\u00e9tails<\/title>\n<desc id='av-svg-desc-155'>Voir les d\u00e9tails<\/desc>\n<path d=\"M6.784 17.344v-2.88h8.96v2.88h-8.96zM19.2 1.6q1.344 0 2.272 0.928t0.928 2.272v22.4q0 1.28-0.928 2.24t-2.272 0.96h-16q-1.28 0-2.24-0.96t-0.96-2.24v-22.4q0-1.344 0.96-2.272t2.24-0.928h16zM19.2 27.2v-22.4h-16v22.4h16zM15.68 8.256v2.816h-8.96v-2.816h8.96zM15.68 20.8v2.816h-8.96v-2.816h8.96z\"><\/path>\n<\/svg><\/span>  Voir les d\u00e9tails<\/a> <span class=\"button-mini-delimiter\"><\/span><\/div><\/div><\/li>\n<li class=\"product type-product post-6536 status-publish instock product_cat-gemahlen product_cat-gewuerz-mischungen has-post-thumbnail taxable shipping-taxable purchasable product-type-simple\">\n\t<div class='inner_product main_color wrapped_style noLightbox  av-product-class-'><a href=\"https:\/\/www.raffinessen.ch\/fr\/produit\/honolulu\/\" class=\"woocommerce-LoopProduct-link woocommerce-loop-product__link\"><div class=\"thumbnail_container\"><img loading=\"lazy\" decoding=\"async\" width=\"500\" height=\"500\" src=\"https:\/\/www.raffinessen.ch\/webseite\/wp-content\/uploads\/2020\/07\/honolulu-beutel-500x500.jpg\" class=\"attachment-woocommerce_thumbnail avia-product-hover\" alt=\"\" srcset=\"https:\/\/www.raffinessen.ch\/webseite\/wp-content\/uploads\/2020\/07\/honolulu-beutel-500x500.jpg 500w, https:\/\/www.raffinessen.ch\/webseite\/wp-content\/uploads\/2020\/07\/honolulu-beutel-300x300.jpg 300w, https:\/\/www.raffinessen.ch\/webseite\/wp-content\/uploads\/2020\/07\/honolulu-beutel-1030x1030.jpg 1030w, https:\/\/www.raffinessen.ch\/webseite\/wp-content\/uploads\/2020\/07\/honolulu-beutel-80x80.jpg 80w, https:\/\/www.raffinessen.ch\/webseite\/wp-content\/uploads\/2020\/07\/honolulu-beutel-768x768.jpg 768w, https:\/\/www.raffinessen.ch\/webseite\/wp-content\/uploads\/2020\/07\/honolulu-beutel-1536x1536.jpg 1536w, https:\/\/www.raffinessen.ch\/webseite\/wp-content\/uploads\/2020\/07\/honolulu-beutel-36x36.jpg 36w, https:\/\/www.raffinessen.ch\/webseite\/wp-content\/uploads\/2020\/07\/honolulu-beutel-180x180.jpg 180w, https:\/\/www.raffinessen.ch\/webseite\/wp-content\/uploads\/2020\/07\/honolulu-beutel-1500x1500.jpg 1500w, https:\/\/www.raffinessen.ch\/webseite\/wp-content\/uploads\/2020\/07\/honolulu-beutel-705x705.jpg 705w, https:\/\/www.raffinessen.ch\/webseite\/wp-content\/uploads\/2020\/07\/honolulu-beutel-100x100.jpg 100w, https:\/\/www.raffinessen.ch\/webseite\/wp-content\/uploads\/2020\/07\/honolulu-beutel-1000x1000.jpg 1000w, https:\/\/www.raffinessen.ch\/webseite\/wp-content\/uploads\/2020\/07\/honolulu-beutel.jpg 2000w\" sizes=\"auto, (max-width: 500px) 100vw, 500px\" \/><img decoding=\"async\" loading=\"lazy\" width=\"500\" height=\"500\" src=\"https:\/\/www.raffinessen.ch\/webseite\/wp-content\/uploads\/2020\/03\/hibiskus-gewuerz-kreis-raffinessen-500x500.jpg\" class=\"wp-image-5135 avia-img-lazy-loading-5135 attachment-woocommerce_thumbnail size-woocommerce_thumbnail wp-post-image\" alt=\"\" srcset=\"https:\/\/www.raffinessen.ch\/webseite\/wp-content\/uploads\/2020\/03\/hibiskus-gewuerz-kreis-raffinessen-500x500.jpg 500w, https:\/\/www.raffinessen.ch\/webseite\/wp-content\/uploads\/2020\/03\/hibiskus-gewuerz-kreis-raffinessen-300x300.jpg 300w, https:\/\/www.raffinessen.ch\/webseite\/wp-content\/uploads\/2020\/03\/hibiskus-gewuerz-kreis-raffinessen-1030x1030.jpg 1030w, https:\/\/www.raffinessen.ch\/webseite\/wp-content\/uploads\/2020\/03\/hibiskus-gewuerz-kreis-raffinessen-80x80.jpg 80w, https:\/\/www.raffinessen.ch\/webseite\/wp-content\/uploads\/2020\/03\/hibiskus-gewuerz-kreis-raffinessen-768x768.jpg 768w, https:\/\/www.raffinessen.ch\/webseite\/wp-content\/uploads\/2020\/03\/hibiskus-gewuerz-kreis-raffinessen-1536x1536.jpg 1536w, https:\/\/www.raffinessen.ch\/webseite\/wp-content\/uploads\/2020\/03\/hibiskus-gewuerz-kreis-raffinessen-2048x2048.jpg 2048w, https:\/\/www.raffinessen.ch\/webseite\/wp-content\/uploads\/2020\/03\/hibiskus-gewuerz-kreis-raffinessen-36x36.jpg 36w, https:\/\/www.raffinessen.ch\/webseite\/wp-content\/uploads\/2020\/03\/hibiskus-gewuerz-kreis-raffinessen-180x180.jpg 180w, https:\/\/www.raffinessen.ch\/webseite\/wp-content\/uploads\/2020\/03\/hibiskus-gewuerz-kreis-raffinessen-1500x1500.jpg 1500w, https:\/\/www.raffinessen.ch\/webseite\/wp-content\/uploads\/2020\/03\/hibiskus-gewuerz-kreis-raffinessen-705x705.jpg 705w, https:\/\/www.raffinessen.ch\/webseite\/wp-content\/uploads\/2020\/03\/hibiskus-gewuerz-kreis-raffinessen-100x100.jpg 100w, https:\/\/www.raffinessen.ch\/webseite\/wp-content\/uploads\/2020\/03\/hibiskus-gewuerz-kreis-raffinessen-1000x1000.jpg 1000w\" sizes=\"auto, (max-width: 500px) 100vw, 500px\" \/><span class=\"cart-loading\"><\/span><\/div><div class='inner_product_header'><div class='avia-arrow'><\/div><div class='inner_product_header_table'><div class='inner_product_header_cell'><h2 class=\"woocommerce-loop-product__title\">Honolulu (pr\u00e9c\u00e9demment Hibiskus)<\/h2>\n\t<span class=\"price\"><span class=\"woocommerce-Price-amount amount\"><bdi><span class=\"woocommerce-Price-currencySymbol\">&#67;&#72;&#70;<\/span>&nbsp;6.00<\/bdi><\/span> <small class=\"woocommerce-price-suffix\">TVA incluse<\/small><\/span>\n<\/div><\/div><\/div><\/a><div class='avia_cart_buttons'><a href=\"\/fr\/wp-json\/wp\/v2\/pages\/9012?add-to-cart=6536\" aria-describedby=\"woocommerce_loop_add_to_cart_link_describedby_6536\" data-quantity=\"1\" class=\"button product_type_simple add_to_cart_button ajax_add_to_cart\" data-product_id=\"6536\" data-product_sku=\"FPO-S017-70\" aria-label=\"Ajouter au panier\u00a0: \u201cHonolulu (bisher Hibiskus)\u201d\" rel=\"nofollow\" data-success_message=\"\u00ab\u00a0Honolulu (bisher Hibiskus)\u00a0\u00bb a \u00e9t\u00e9 ajout\u00e9 \u00e0 votre panier\" role=\"button\" data-no-translation-aria-label=\"\" data-no-translation-data-success_message=\"\"><span class=\"avia-svg-icon avia-font-svg_entypo-fontello\" data-av_svg_icon='basket' data-av_iconset='svg_entypo-fontello'><svg version=\"1.1\" xmlns=\"http:\/\/www.w3.org\/2000\/svg\" width=\"29\" height=\"32\" viewbox=\"0 0 29 32\" preserveaspectratio=\"xMidYMid meet\" aria-labelledby='av-svg-title-156' aria-describedby='av-svg-desc-156' role=\"graphics-symbol\" aria-hidden=\"true\">\n<title id='av-svg-title-156'>Ajouter au panier<\/title>\n<desc id='av-svg-desc-156'>Ajouter au panier<\/desc>\n<path d=\"M4.8 27.2q0-1.28 0.96-2.24t2.24-0.96q1.344 0 2.272 0.96t0.928 2.24q0 1.344-0.928 2.272t-2.272 0.928q-1.28 0-2.24-0.928t-0.96-2.272zM20.8 27.2q0-1.28 0.96-2.24t2.24-0.96q1.344 0 2.272 0.96t0.928 2.24q0 1.344-0.928 2.272t-2.272 0.928q-1.28 0-2.24-0.928t-0.96-2.272zM10.496 19.648q-1.152 0.32-1.088 0.736t1.408 0.416h17.984v2.432q0 0.64-0.64 0.64h-20.928q-0.64 0-0.64-0.64v-2.432l-0.32-1.472-3.136-14.528h-3.136v-2.56q0-0.64 0.64-0.64h4.992q0.64 0 0.64 0.64v2.752h22.528v8.768q0 0.704-0.576 0.832z\"><\/path>\n<\/svg><\/span>  Ajouter au panier<\/a>\t<span id=\"woocommerce_loop_add_to_cart_link_describedby_6536\" class=\"screen-reader-text\">\n\t\t\t<\/span>\n<a class=\"button show_details_button\" href=\"https:\/\/www.raffinessen.ch\/fr\/produit\/honolulu\/\"><span class=\"avia-svg-icon avia-font-svg_entypo-fontello\" data-av_svg_icon='doc-text' data-av_iconset='svg_entypo-fontello'><svg version=\"1.1\" xmlns=\"http:\/\/www.w3.org\/2000\/svg\" width=\"22\" height=\"32\" viewbox=\"0 0 22 32\" preserveaspectratio=\"xMidYMid meet\" aria-labelledby='av-svg-title-157' aria-describedby='av-svg-desc-157' role=\"graphics-symbol\" aria-hidden=\"true\">\n<title id='av-svg-title-157'>Voir les d\u00e9tails<\/title>\n<desc id='av-svg-desc-157'>Voir les d\u00e9tails<\/desc>\n<path d=\"M6.784 17.344v-2.88h8.96v2.88h-8.96zM19.2 1.6q1.344 0 2.272 0.928t0.928 2.272v22.4q0 1.28-0.928 2.24t-2.272 0.96h-16q-1.28 0-2.24-0.96t-0.96-2.24v-22.4q0-1.344 0.96-2.272t2.24-0.928h16zM19.2 27.2v-22.4h-16v22.4h16zM15.68 8.256v2.816h-8.96v-2.816h8.96zM15.68 20.8v2.816h-8.96v-2.816h8.96z\"><\/path>\n<\/svg><\/span>  Voir les d\u00e9tails<\/a> <span class=\"button-mini-delimiter\"><\/span><\/div><\/div><\/li>\n<li class=\"product type-product post-5291 status-publish last instock product_cat-grosse-nachfuellbeutel has-post-thumbnail taxable shipping-taxable purchasable product-type-simple\">\n\t<div class='inner_product main_color wrapped_style noLightbox  av-product-class-'><a href=\"https:\/\/www.raffinessen.ch\/fr\/produit\/amalfi-grob-nachfuellbeutel\/\" class=\"woocommerce-LoopProduct-link woocommerce-loop-product__link\"><div class=\"thumbnail_container\"><img loading=\"lazy\" decoding=\"async\" width=\"500\" height=\"500\" src=\"https:\/\/www.raffinessen.ch\/webseite\/wp-content\/uploads\/2020\/03\/amalfi-grob-beutel-raffinessen-gewuerze-500x500.jpg\" class=\"attachment-woocommerce_thumbnail avia-product-hover\" alt=\"\" srcset=\"https:\/\/www.raffinessen.ch\/webseite\/wp-content\/uploads\/2020\/03\/amalfi-grob-beutel-raffinessen-gewuerze-500x500.jpg 500w, https:\/\/www.raffinessen.ch\/webseite\/wp-content\/uploads\/2020\/03\/amalfi-grob-beutel-raffinessen-gewuerze-300x300.jpg 300w, https:\/\/www.raffinessen.ch\/webseite\/wp-content\/uploads\/2020\/03\/amalfi-grob-beutel-raffinessen-gewuerze-1030x1030.jpg 1030w, https:\/\/www.raffinessen.ch\/webseite\/wp-content\/uploads\/2020\/03\/amalfi-grob-beutel-raffinessen-gewuerze-80x80.jpg 80w, https:\/\/www.raffinessen.ch\/webseite\/wp-content\/uploads\/2020\/03\/amalfi-grob-beutel-raffinessen-gewuerze-768x768.jpg 768w, https:\/\/www.raffinessen.ch\/webseite\/wp-content\/uploads\/2020\/03\/amalfi-grob-beutel-raffinessen-gewuerze-1536x1536.jpg 1536w, https:\/\/www.raffinessen.ch\/webseite\/wp-content\/uploads\/2020\/03\/amalfi-grob-beutel-raffinessen-gewuerze-2048x2048.jpg 2048w, https:\/\/www.raffinessen.ch\/webseite\/wp-content\/uploads\/2020\/03\/amalfi-grob-beutel-raffinessen-gewuerze-36x36.jpg 36w, https:\/\/www.raffinessen.ch\/webseite\/wp-content\/uploads\/2020\/03\/amalfi-grob-beutel-raffinessen-gewuerze-180x180.jpg 180w, https:\/\/www.raffinessen.ch\/webseite\/wp-content\/uploads\/2020\/03\/amalfi-grob-beutel-raffinessen-gewuerze-1500x1500.jpg 1500w, https:\/\/www.raffinessen.ch\/webseite\/wp-content\/uploads\/2020\/03\/amalfi-grob-beutel-raffinessen-gewuerze-705x705.jpg 705w, https:\/\/www.raffinessen.ch\/webseite\/wp-content\/uploads\/2020\/03\/amalfi-grob-beutel-raffinessen-gewuerze-100x100.jpg 100w, https:\/\/www.raffinessen.ch\/webseite\/wp-content\/uploads\/2020\/03\/amalfi-grob-beutel-raffinessen-gewuerze-1000x1000.jpg 1000w\" sizes=\"auto, (max-width: 500px) 100vw, 500px\" \/><img decoding=\"async\" loading=\"lazy\" width=\"500\" height=\"500\" src=\"https:\/\/www.raffinessen.ch\/webseite\/wp-content\/uploads\/2020\/03\/amalfi-grob-raffinessen-gewuerze-500x500.jpg\" class=\"wp-image-5283 avia-img-lazy-loading-5283 attachment-woocommerce_thumbnail size-woocommerce_thumbnail wp-post-image\" alt=\"\" srcset=\"https:\/\/www.raffinessen.ch\/webseite\/wp-content\/uploads\/2020\/03\/amalfi-grob-raffinessen-gewuerze-500x500.jpg 500w, https:\/\/www.raffinessen.ch\/webseite\/wp-content\/uploads\/2020\/03\/amalfi-grob-raffinessen-gewuerze-300x300.jpg 300w, https:\/\/www.raffinessen.ch\/webseite\/wp-content\/uploads\/2020\/03\/amalfi-grob-raffinessen-gewuerze-1030x1030.jpg 1030w, https:\/\/www.raffinessen.ch\/webseite\/wp-content\/uploads\/2020\/03\/amalfi-grob-raffinessen-gewuerze-80x80.jpg 80w, https:\/\/www.raffinessen.ch\/webseite\/wp-content\/uploads\/2020\/03\/amalfi-grob-raffinessen-gewuerze-768x768.jpg 768w, https:\/\/www.raffinessen.ch\/webseite\/wp-content\/uploads\/2020\/03\/amalfi-grob-raffinessen-gewuerze-1536x1536.jpg 1536w, https:\/\/www.raffinessen.ch\/webseite\/wp-content\/uploads\/2020\/03\/amalfi-grob-raffinessen-gewuerze-2048x2048.jpg 2048w, https:\/\/www.raffinessen.ch\/webseite\/wp-content\/uploads\/2020\/03\/amalfi-grob-raffinessen-gewuerze-36x36.jpg 36w, https:\/\/www.raffinessen.ch\/webseite\/wp-content\/uploads\/2020\/03\/amalfi-grob-raffinessen-gewuerze-180x180.jpg 180w, https:\/\/www.raffinessen.ch\/webseite\/wp-content\/uploads\/2020\/03\/amalfi-grob-raffinessen-gewuerze-1500x1500.jpg 1500w, https:\/\/www.raffinessen.ch\/webseite\/wp-content\/uploads\/2020\/03\/amalfi-grob-raffinessen-gewuerze-705x705.jpg 705w, https:\/\/www.raffinessen.ch\/webseite\/wp-content\/uploads\/2020\/03\/amalfi-grob-raffinessen-gewuerze-100x100.jpg 100w, https:\/\/www.raffinessen.ch\/webseite\/wp-content\/uploads\/2020\/03\/amalfi-grob-raffinessen-gewuerze-1000x1000.jpg 1000w\" sizes=\"auto, (max-width: 500px) 100vw, 500px\" \/><span class=\"cart-loading\"><\/span><\/div><div class='inner_product_header'><div class='avia-arrow'><\/div><div class='inner_product_header_table'><div class='inner_product_header_cell'><h2 class=\"woocommerce-loop-product__title\">Amalfi grossier sachet de recharge<\/h2>\n\t<span class=\"price\"><span class=\"woocommerce-Price-amount amount\"><bdi><span class=\"woocommerce-Price-currencySymbol\">&#67;&#72;&#70;<\/span>&nbsp;21.00<\/bdi><\/span> <small class=\"woocommerce-price-suffix\">TVA incluse<\/small><\/span>\n<\/div><\/div><\/div><\/a><div class='avia_cart_buttons'><a href=\"\/fr\/wp-json\/wp\/v2\/pages\/9012?add-to-cart=5291\" aria-describedby=\"woocommerce_loop_add_to_cart_link_describedby_5291\" data-quantity=\"1\" class=\"button product_type_simple add_to_cart_button ajax_add_to_cart\" data-product_id=\"5291\" data-product_sku=\"FPO-S003-400\" aria-label=\"Ajouter au panier\u00a0: \u201cAmalfi grob Nachf\u00fcllbeutel\u201d\" rel=\"nofollow\" data-success_message=\"\u00ab\u00a0Amalfi grob Nachf\u00fcllbeutel\u00a0\u00bb a \u00e9t\u00e9 ajout\u00e9 \u00e0 votre panier\" role=\"button\" data-no-translation-aria-label=\"\" data-no-translation-data-success_message=\"\"><span class=\"avia-svg-icon avia-font-svg_entypo-fontello\" data-av_svg_icon='basket' data-av_iconset='svg_entypo-fontello'><svg version=\"1.1\" xmlns=\"http:\/\/www.w3.org\/2000\/svg\" width=\"29\" height=\"32\" viewbox=\"0 0 29 32\" preserveaspectratio=\"xMidYMid meet\" aria-labelledby='av-svg-title-158' aria-describedby='av-svg-desc-158' role=\"graphics-symbol\" aria-hidden=\"true\">\n<title id='av-svg-title-158'>Ajouter au panier<\/title>\n<desc id='av-svg-desc-158'>Ajouter au panier<\/desc>\n<path d=\"M4.8 27.2q0-1.28 0.96-2.24t2.24-0.96q1.344 0 2.272 0.96t0.928 2.24q0 1.344-0.928 2.272t-2.272 0.928q-1.28 0-2.24-0.928t-0.96-2.272zM20.8 27.2q0-1.28 0.96-2.24t2.24-0.96q1.344 0 2.272 0.96t0.928 2.24q0 1.344-0.928 2.272t-2.272 0.928q-1.28 0-2.24-0.928t-0.96-2.272zM10.496 19.648q-1.152 0.32-1.088 0.736t1.408 0.416h17.984v2.432q0 0.64-0.64 0.64h-20.928q-0.64 0-0.64-0.64v-2.432l-0.32-1.472-3.136-14.528h-3.136v-2.56q0-0.64 0.64-0.64h4.992q0.64 0 0.64 0.64v2.752h22.528v8.768q0 0.704-0.576 0.832z\"><\/path>\n<\/svg><\/span>  Ajouter au panier<\/a>\t<span id=\"woocommerce_loop_add_to_cart_link_describedby_5291\" class=\"screen-reader-text\">\n\t\t\t<\/span>\n<a class=\"button show_details_button\" href=\"https:\/\/www.raffinessen.ch\/fr\/produit\/amalfi-grob-nachfuellbeutel\/\"><span class=\"avia-svg-icon avia-font-svg_entypo-fontello\" data-av_svg_icon='doc-text' data-av_iconset='svg_entypo-fontello'><svg version=\"1.1\" xmlns=\"http:\/\/www.w3.org\/2000\/svg\" width=\"22\" height=\"32\" viewbox=\"0 0 22 32\" preserveaspectratio=\"xMidYMid meet\" aria-labelledby='av-svg-title-159' aria-describedby='av-svg-desc-159' role=\"graphics-symbol\" aria-hidden=\"true\">\n<title id='av-svg-title-159'>Voir les d\u00e9tails<\/title>\n<desc id='av-svg-desc-159'>Voir les d\u00e9tails<\/desc>\n<path d=\"M6.784 17.344v-2.88h8.96v2.88h-8.96zM19.2 1.6q1.344 0 2.272 0.928t0.928 2.272v22.4q0 1.28-0.928 2.24t-2.272 0.96h-16q-1.28 0-2.24-0.96t-0.96-2.24v-22.4q0-1.344 0.96-2.272t2.24-0.928h16zM19.2 27.2v-22.4h-16v22.4h16zM15.68 8.256v2.816h-8.96v-2.816h8.96zM15.68 20.8v2.816h-8.96v-2.816h8.96z\"><\/path>\n<\/svg><\/span>  Voir les d\u00e9tails<\/a> <span class=\"button-mini-delimiter\"><\/span><\/div><\/div><\/li>\n<li class=\"product type-product post-5289 status-publish first instock product_cat-grosse-nachfuellbeutel has-post-thumbnail taxable shipping-taxable purchasable product-type-simple\">\n\t<div class='inner_product main_color wrapped_style noLightbox  av-product-class-'><a href=\"https:\/\/www.raffinessen.ch\/fr\/produit\/chili-pfeffer-salz-nachfuellbeutel\/\" class=\"woocommerce-LoopProduct-link woocommerce-loop-product__link\"><div class=\"thumbnail_container\"><img loading=\"lazy\" decoding=\"async\" width=\"500\" height=\"500\" src=\"https:\/\/www.raffinessen.ch\/webseite\/wp-content\/uploads\/2020\/03\/chili-salz-beutel-raffinessen-gewuerz-500x500.jpg\" class=\"attachment-woocommerce_thumbnail avia-product-hover\" alt=\"\" srcset=\"https:\/\/www.raffinessen.ch\/webseite\/wp-content\/uploads\/2020\/03\/chili-salz-beutel-raffinessen-gewuerz-500x500.jpg 500w, https:\/\/www.raffinessen.ch\/webseite\/wp-content\/uploads\/2020\/03\/chili-salz-beutel-raffinessen-gewuerz-300x300.jpg 300w, https:\/\/www.raffinessen.ch\/webseite\/wp-content\/uploads\/2020\/03\/chili-salz-beutel-raffinessen-gewuerz-1030x1030.jpg 1030w, https:\/\/www.raffinessen.ch\/webseite\/wp-content\/uploads\/2020\/03\/chili-salz-beutel-raffinessen-gewuerz-80x80.jpg 80w, https:\/\/www.raffinessen.ch\/webseite\/wp-content\/uploads\/2020\/03\/chili-salz-beutel-raffinessen-gewuerz-768x768.jpg 768w, https:\/\/www.raffinessen.ch\/webseite\/wp-content\/uploads\/2020\/03\/chili-salz-beutel-raffinessen-gewuerz-1536x1536.jpg 1536w, https:\/\/www.raffinessen.ch\/webseite\/wp-content\/uploads\/2020\/03\/chili-salz-beutel-raffinessen-gewuerz-2048x2048.jpg 2048w, https:\/\/www.raffinessen.ch\/webseite\/wp-content\/uploads\/2020\/03\/chili-salz-beutel-raffinessen-gewuerz-36x36.jpg 36w, https:\/\/www.raffinessen.ch\/webseite\/wp-content\/uploads\/2020\/03\/chili-salz-beutel-raffinessen-gewuerz-180x180.jpg 180w, https:\/\/www.raffinessen.ch\/webseite\/wp-content\/uploads\/2020\/03\/chili-salz-beutel-raffinessen-gewuerz-1500x1500.jpg 1500w, https:\/\/www.raffinessen.ch\/webseite\/wp-content\/uploads\/2020\/03\/chili-salz-beutel-raffinessen-gewuerz-705x705.jpg 705w, https:\/\/www.raffinessen.ch\/webseite\/wp-content\/uploads\/2020\/03\/chili-salz-beutel-raffinessen-gewuerz-100x100.jpg 100w, https:\/\/www.raffinessen.ch\/webseite\/wp-content\/uploads\/2020\/03\/chili-salz-beutel-raffinessen-gewuerz-1000x1000.jpg 1000w\" sizes=\"auto, (max-width: 500px) 100vw, 500px\" \/><img decoding=\"async\" loading=\"lazy\" width=\"500\" height=\"500\" src=\"https:\/\/www.raffinessen.ch\/webseite\/wp-content\/uploads\/2020\/03\/chili-pfeffer-salz-raffinessen-gewuerze-500x500.jpg\" class=\"wp-image-5287 avia-img-lazy-loading-5287 attachment-woocommerce_thumbnail size-woocommerce_thumbnail wp-post-image\" alt=\"\" srcset=\"https:\/\/www.raffinessen.ch\/webseite\/wp-content\/uploads\/2020\/03\/chili-pfeffer-salz-raffinessen-gewuerze-500x500.jpg 500w, https:\/\/www.raffinessen.ch\/webseite\/wp-content\/uploads\/2020\/03\/chili-pfeffer-salz-raffinessen-gewuerze-300x300.jpg 300w, https:\/\/www.raffinessen.ch\/webseite\/wp-content\/uploads\/2020\/03\/chili-pfeffer-salz-raffinessen-gewuerze-1030x1030.jpg 1030w, https:\/\/www.raffinessen.ch\/webseite\/wp-content\/uploads\/2020\/03\/chili-pfeffer-salz-raffinessen-gewuerze-80x80.jpg 80w, https:\/\/www.raffinessen.ch\/webseite\/wp-content\/uploads\/2020\/03\/chili-pfeffer-salz-raffinessen-gewuerze-768x768.jpg 768w, https:\/\/www.raffinessen.ch\/webseite\/wp-content\/uploads\/2020\/03\/chili-pfeffer-salz-raffinessen-gewuerze-1536x1536.jpg 1536w, https:\/\/www.raffinessen.ch\/webseite\/wp-content\/uploads\/2020\/03\/chili-pfeffer-salz-raffinessen-gewuerze-2048x2048.jpg 2048w, https:\/\/www.raffinessen.ch\/webseite\/wp-content\/uploads\/2020\/03\/chili-pfeffer-salz-raffinessen-gewuerze-36x36.jpg 36w, https:\/\/www.raffinessen.ch\/webseite\/wp-content\/uploads\/2020\/03\/chili-pfeffer-salz-raffinessen-gewuerze-180x180.jpg 180w, https:\/\/www.raffinessen.ch\/webseite\/wp-content\/uploads\/2020\/03\/chili-pfeffer-salz-raffinessen-gewuerze-1500x1500.jpg 1500w, https:\/\/www.raffinessen.ch\/webseite\/wp-content\/uploads\/2020\/03\/chili-pfeffer-salz-raffinessen-gewuerze-705x705.jpg 705w, https:\/\/www.raffinessen.ch\/webseite\/wp-content\/uploads\/2020\/03\/chili-pfeffer-salz-raffinessen-gewuerze-100x100.jpg 100w, https:\/\/www.raffinessen.ch\/webseite\/wp-content\/uploads\/2020\/03\/chili-pfeffer-salz-raffinessen-gewuerze-1000x1000.jpg 1000w\" sizes=\"auto, (max-width: 500px) 100vw, 500px\" \/><span class=\"cart-loading\"><\/span><\/div><div class='inner_product_header'><div class='avia-arrow'><\/div><div class='inner_product_header_table'><div class='inner_product_header_cell'><h2 class=\"woocommerce-loop-product__title\">Recharge de sel au chili<\/h2>\n\t<span class=\"price\"><span class=\"woocommerce-Price-amount amount\"><bdi><span class=\"woocommerce-Price-currencySymbol\">&#67;&#72;&#70;<\/span>&nbsp;20.00<\/bdi><\/span> <small class=\"woocommerce-price-suffix\">TVA incluse<\/small><\/span>\n<\/div><\/div><\/div><\/a><div class='avia_cart_buttons'><a href=\"\/fr\/wp-json\/wp\/v2\/pages\/9012?add-to-cart=5289\" aria-describedby=\"woocommerce_loop_add_to_cart_link_describedby_5289\" data-quantity=\"1\" class=\"button product_type_simple add_to_cart_button ajax_add_to_cart\" data-product_id=\"5289\" data-product_sku=\"FPO-C0022-400\" aria-label=\"Ajouter au panier\u00a0: \u201cChili Salz Nachf\u00fcllbeutel\u201d\" rel=\"nofollow\" data-success_message=\"\u00ab\u00a0Chili Salz Nachf\u00fcllbeutel\u00a0\u00bb a \u00e9t\u00e9 ajout\u00e9 \u00e0 votre panier\" role=\"button\" data-no-translation-aria-label=\"\" data-no-translation-data-success_message=\"\"><span class=\"avia-svg-icon avia-font-svg_entypo-fontello\" data-av_svg_icon='basket' data-av_iconset='svg_entypo-fontello'><svg version=\"1.1\" xmlns=\"http:\/\/www.w3.org\/2000\/svg\" width=\"29\" height=\"32\" viewbox=\"0 0 29 32\" preserveaspectratio=\"xMidYMid meet\" aria-labelledby='av-svg-title-160' aria-describedby='av-svg-desc-160' role=\"graphics-symbol\" aria-hidden=\"true\">\n<title id='av-svg-title-160'>Ajouter au panier<\/title>\n<desc id='av-svg-desc-160'>Ajouter au panier<\/desc>\n<path d=\"M4.8 27.2q0-1.28 0.96-2.24t2.24-0.96q1.344 0 2.272 0.96t0.928 2.24q0 1.344-0.928 2.272t-2.272 0.928q-1.28 0-2.24-0.928t-0.96-2.272zM20.8 27.2q0-1.28 0.96-2.24t2.24-0.96q1.344 0 2.272 0.96t0.928 2.24q0 1.344-0.928 2.272t-2.272 0.928q-1.28 0-2.24-0.928t-0.96-2.272zM10.496 19.648q-1.152 0.32-1.088 0.736t1.408 0.416h17.984v2.432q0 0.64-0.64 0.64h-20.928q-0.64 0-0.64-0.64v-2.432l-0.32-1.472-3.136-14.528h-3.136v-2.56q0-0.64 0.64-0.64h4.992q0.64 0 0.64 0.64v2.752h22.528v8.768q0 0.704-0.576 0.832z\"><\/path>\n<\/svg><\/span>  Ajouter au panier<\/a>\t<span id=\"woocommerce_loop_add_to_cart_link_describedby_5289\" class=\"screen-reader-text\">\n\t\t\t<\/span>\n<a class=\"button show_details_button\" href=\"https:\/\/www.raffinessen.ch\/fr\/produit\/chili-pfeffer-salz-nachfuellbeutel\/\"><span class=\"avia-svg-icon avia-font-svg_entypo-fontello\" data-av_svg_icon='doc-text' data-av_iconset='svg_entypo-fontello'><svg version=\"1.1\" xmlns=\"http:\/\/www.w3.org\/2000\/svg\" width=\"22\" height=\"32\" viewbox=\"0 0 22 32\" preserveaspectratio=\"xMidYMid meet\" aria-labelledby='av-svg-title-161' aria-describedby='av-svg-desc-161' role=\"graphics-symbol\" aria-hidden=\"true\">\n<title id='av-svg-title-161'>Voir les d\u00e9tails<\/title>\n<desc id='av-svg-desc-161'>Voir les d\u00e9tails<\/desc>\n<path d=\"M6.784 17.344v-2.88h8.96v2.88h-8.96zM19.2 1.6q1.344 0 2.272 0.928t0.928 2.272v22.4q0 1.28-0.928 2.24t-2.272 0.96h-16q-1.28 0-2.24-0.96t-0.96-2.24v-22.4q0-1.344 0.96-2.272t2.24-0.928h16zM19.2 27.2v-22.4h-16v22.4h16zM15.68 8.256v2.816h-8.96v-2.816h8.96zM15.68 20.8v2.816h-8.96v-2.816h8.96z\"><\/path>\n<\/svg><\/span>  Voir les d\u00e9tails<\/a> <span class=\"button-mini-delimiter\"><\/span><\/div><\/div><\/li>\n<li class=\"product type-product post-5712 status-publish instock product_cat-muehlen-und-behaelter product_cat-swiss-made has-post-thumbnail taxable shipping-taxable purchasable product-type-simple\">\n\t<div class='inner_product main_color wrapped_style noLightbox  av-product-class-'><a href=\"https:\/\/www.raffinessen.ch\/fr\/produit\/gewuerzmuehle-fichte-swiss-made\/\" class=\"woocommerce-LoopProduct-link woocommerce-loop-product__link\"><div class=\"thumbnail_container\"><img loading=\"lazy\" decoding=\"async\" width=\"500\" height=\"500\" src=\"https:\/\/www.raffinessen.ch\/webseite\/wp-content\/uploads\/2020\/04\/fichte-muehle-rustikal-liegend-500x500.jpg\" class=\"attachment-woocommerce_thumbnail avia-product-hover\" alt=\"\" srcset=\"https:\/\/www.raffinessen.ch\/webseite\/wp-content\/uploads\/2020\/04\/fichte-muehle-rustikal-liegend-500x500.jpg 500w, https:\/\/www.raffinessen.ch\/webseite\/wp-content\/uploads\/2020\/04\/fichte-muehle-rustikal-liegend-300x300.jpg 300w, https:\/\/www.raffinessen.ch\/webseite\/wp-content\/uploads\/2020\/04\/fichte-muehle-rustikal-liegend-1030x1030.jpg 1030w, https:\/\/www.raffinessen.ch\/webseite\/wp-content\/uploads\/2020\/04\/fichte-muehle-rustikal-liegend-80x80.jpg 80w, https:\/\/www.raffinessen.ch\/webseite\/wp-content\/uploads\/2020\/04\/fichte-muehle-rustikal-liegend-768x768.jpg 768w, https:\/\/www.raffinessen.ch\/webseite\/wp-content\/uploads\/2020\/04\/fichte-muehle-rustikal-liegend-1536x1536.jpg 1536w, https:\/\/www.raffinessen.ch\/webseite\/wp-content\/uploads\/2020\/04\/fichte-muehle-rustikal-liegend-2048x2048.jpg 2048w, https:\/\/www.raffinessen.ch\/webseite\/wp-content\/uploads\/2020\/04\/fichte-muehle-rustikal-liegend-36x36.jpg 36w, https:\/\/www.raffinessen.ch\/webseite\/wp-content\/uploads\/2020\/04\/fichte-muehle-rustikal-liegend-180x180.jpg 180w, https:\/\/www.raffinessen.ch\/webseite\/wp-content\/uploads\/2020\/04\/fichte-muehle-rustikal-liegend-1500x1500.jpg 1500w, https:\/\/www.raffinessen.ch\/webseite\/wp-content\/uploads\/2020\/04\/fichte-muehle-rustikal-liegend-705x705.jpg 705w, https:\/\/www.raffinessen.ch\/webseite\/wp-content\/uploads\/2020\/04\/fichte-muehle-rustikal-liegend-100x100.jpg 100w, https:\/\/www.raffinessen.ch\/webseite\/wp-content\/uploads\/2020\/04\/fichte-muehle-rustikal-liegend-1000x1000.jpg 1000w\" sizes=\"auto, (max-width: 500px) 100vw, 500px\" \/><img decoding=\"async\" loading=\"lazy\" width=\"500\" height=\"500\" src=\"https:\/\/www.raffinessen.ch\/webseite\/wp-content\/uploads\/2020\/04\/fichte-muehle-rustikal-zu-500x500.jpg\" class=\"wp-image-5694 avia-img-lazy-loading-5694 attachment-woocommerce_thumbnail size-woocommerce_thumbnail wp-post-image\" alt=\"\" srcset=\"https:\/\/www.raffinessen.ch\/webseite\/wp-content\/uploads\/2020\/04\/fichte-muehle-rustikal-zu-500x500.jpg 500w, https:\/\/www.raffinessen.ch\/webseite\/wp-content\/uploads\/2020\/04\/fichte-muehle-rustikal-zu-300x300.jpg 300w, https:\/\/www.raffinessen.ch\/webseite\/wp-content\/uploads\/2020\/04\/fichte-muehle-rustikal-zu-1030x1030.jpg 1030w, https:\/\/www.raffinessen.ch\/webseite\/wp-content\/uploads\/2020\/04\/fichte-muehle-rustikal-zu-80x80.jpg 80w, https:\/\/www.raffinessen.ch\/webseite\/wp-content\/uploads\/2020\/04\/fichte-muehle-rustikal-zu-768x768.jpg 768w, https:\/\/www.raffinessen.ch\/webseite\/wp-content\/uploads\/2020\/04\/fichte-muehle-rustikal-zu-1536x1536.jpg 1536w, https:\/\/www.raffinessen.ch\/webseite\/wp-content\/uploads\/2020\/04\/fichte-muehle-rustikal-zu-2048x2048.jpg 2048w, https:\/\/www.raffinessen.ch\/webseite\/wp-content\/uploads\/2020\/04\/fichte-muehle-rustikal-zu-36x36.jpg 36w, https:\/\/www.raffinessen.ch\/webseite\/wp-content\/uploads\/2020\/04\/fichte-muehle-rustikal-zu-180x180.jpg 180w, https:\/\/www.raffinessen.ch\/webseite\/wp-content\/uploads\/2020\/04\/fichte-muehle-rustikal-zu-1500x1500.jpg 1500w, https:\/\/www.raffinessen.ch\/webseite\/wp-content\/uploads\/2020\/04\/fichte-muehle-rustikal-zu-705x705.jpg 705w, https:\/\/www.raffinessen.ch\/webseite\/wp-content\/uploads\/2020\/04\/fichte-muehle-rustikal-zu-100x100.jpg 100w, https:\/\/www.raffinessen.ch\/webseite\/wp-content\/uploads\/2020\/04\/fichte-muehle-rustikal-zu-1000x1000.jpg 1000w\" sizes=\"auto, (max-width: 500px) 100vw, 500px\" \/><span class=\"cart-loading\"><\/span><\/div><div class='inner_product_header'><div class='avia-arrow'><\/div><div class='inner_product_header_table'><div class='inner_product_header_cell'><h2 class=\"woocommerce-loop-product__title\">Moulin \u00e0 \u00e9pices RUSTIKAL \u00e9pic\u00e9a <br \/>(Swiss Made)<\/h2>\n\t<span class=\"price\"><span class=\"woocommerce-Price-amount amount\"><bdi><span class=\"woocommerce-Price-currencySymbol\">&#67;&#72;&#70;<\/span>&nbsp;70.00<\/bdi><\/span> <small class=\"woocommerce-price-suffix\">TVA incluse<\/small><\/span>\n<\/div><\/div><\/div><\/a><div class='avia_cart_buttons'><a href=\"\/fr\/wp-json\/wp\/v2\/pages\/9012?add-to-cart=5712\" aria-describedby=\"woocommerce_loop_add_to_cart_link_describedby_5712\" data-quantity=\"1\" class=\"button product_type_simple add_to_cart_button ajax_add_to_cart\" data-product_id=\"5712\" data-product_sku=\"GWO-017\" aria-label=\"Ajouter au panier\u00a0: \u201cGew\u00fcrzm\u00fchle RUSTIKAL Fichte (Swiss Made)\u201d\" rel=\"nofollow\" data-success_message=\"\u00ab\u00a0Gew\u00fcrzm\u00fchle RUSTIKAL Fichte &lt;br \/&gt;(Swiss Made)\u00a0\u00bb a \u00e9t\u00e9 ajout\u00e9 \u00e0 votre panier\" role=\"button\" data-no-translation-aria-label=\"\" data-no-translation-data-success_message=\"\"><span class=\"avia-svg-icon avia-font-svg_entypo-fontello\" data-av_svg_icon='basket' data-av_iconset='svg_entypo-fontello'><svg version=\"1.1\" xmlns=\"http:\/\/www.w3.org\/2000\/svg\" width=\"29\" height=\"32\" viewbox=\"0 0 29 32\" preserveaspectratio=\"xMidYMid meet\" aria-labelledby='av-svg-title-162' aria-describedby='av-svg-desc-162' role=\"graphics-symbol\" aria-hidden=\"true\">\n<title id='av-svg-title-162'>Ajouter au panier<\/title>\n<desc id='av-svg-desc-162'>Ajouter au panier<\/desc>\n<path d=\"M4.8 27.2q0-1.28 0.96-2.24t2.24-0.96q1.344 0 2.272 0.96t0.928 2.24q0 1.344-0.928 2.272t-2.272 0.928q-1.28 0-2.24-0.928t-0.96-2.272zM20.8 27.2q0-1.28 0.96-2.24t2.24-0.96q1.344 0 2.272 0.96t0.928 2.24q0 1.344-0.928 2.272t-2.272 0.928q-1.28 0-2.24-0.928t-0.96-2.272zM10.496 19.648q-1.152 0.32-1.088 0.736t1.408 0.416h17.984v2.432q0 0.64-0.64 0.64h-20.928q-0.64 0-0.64-0.64v-2.432l-0.32-1.472-3.136-14.528h-3.136v-2.56q0-0.64 0.64-0.64h4.992q0.64 0 0.64 0.64v2.752h22.528v8.768q0 0.704-0.576 0.832z\"><\/path>\n<\/svg><\/span>  Ajouter au panier<\/a>\t<span id=\"woocommerce_loop_add_to_cart_link_describedby_5712\" class=\"screen-reader-text\">\n\t\t\t<\/span>\n<a class=\"button show_details_button\" href=\"https:\/\/www.raffinessen.ch\/fr\/produit\/gewuerzmuehle-fichte-swiss-made\/\"><span class=\"avia-svg-icon avia-font-svg_entypo-fontello\" data-av_svg_icon='doc-text' data-av_iconset='svg_entypo-fontello'><svg version=\"1.1\" xmlns=\"http:\/\/www.w3.org\/2000\/svg\" width=\"22\" height=\"32\" viewbox=\"0 0 22 32\" preserveaspectratio=\"xMidYMid meet\" aria-labelledby='av-svg-title-163' aria-describedby='av-svg-desc-163' role=\"graphics-symbol\" aria-hidden=\"true\">\n<title id='av-svg-title-163'>Voir les d\u00e9tails<\/title>\n<desc id='av-svg-desc-163'>Voir les d\u00e9tails<\/desc>\n<path d=\"M6.784 17.344v-2.88h8.96v2.88h-8.96zM19.2 1.6q1.344 0 2.272 0.928t0.928 2.272v22.4q0 1.28-0.928 2.24t-2.272 0.96h-16q-1.28 0-2.24-0.96t-0.96-2.24v-22.4q0-1.344 0.96-2.272t2.24-0.928h16zM19.2 27.2v-22.4h-16v22.4h16zM15.68 8.256v2.816h-8.96v-2.816h8.96zM15.68 20.8v2.816h-8.96v-2.816h8.96z\"><\/path>\n<\/svg><\/span>  Voir les d\u00e9tails<\/a> <span class=\"button-mini-delimiter\"><\/span><\/div><\/div><\/li>\n<li class=\"product type-product post-6557 status-publish instock product_cat-gemahlen product_cat-gewuerz-mischungen has-post-thumbnail taxable shipping-taxable purchasable product-type-simple\">\n\t<div class='inner_product main_color wrapped_style noLightbox  av-product-class-'><a href=\"https:\/\/www.raffinessen.ch\/fr\/produit\/zermatt\/\" class=\"woocommerce-LoopProduct-link woocommerce-loop-product__link\"><div class=\"thumbnail_container\"><img loading=\"lazy\" decoding=\"async\" width=\"500\" height=\"500\" src=\"https:\/\/www.raffinessen.ch\/webseite\/wp-content\/uploads\/2020\/07\/zermatt-beutel-500x500.jpg\" class=\"attachment-woocommerce_thumbnail avia-product-hover\" alt=\"\" srcset=\"https:\/\/www.raffinessen.ch\/webseite\/wp-content\/uploads\/2020\/07\/zermatt-beutel-500x500.jpg 500w, https:\/\/www.raffinessen.ch\/webseite\/wp-content\/uploads\/2020\/07\/zermatt-beutel-300x300.jpg 300w, https:\/\/www.raffinessen.ch\/webseite\/wp-content\/uploads\/2020\/07\/zermatt-beutel-1030x1030.jpg 1030w, https:\/\/www.raffinessen.ch\/webseite\/wp-content\/uploads\/2020\/07\/zermatt-beutel-80x80.jpg 80w, https:\/\/www.raffinessen.ch\/webseite\/wp-content\/uploads\/2020\/07\/zermatt-beutel-768x768.jpg 768w, https:\/\/www.raffinessen.ch\/webseite\/wp-content\/uploads\/2020\/07\/zermatt-beutel-1536x1536.jpg 1536w, https:\/\/www.raffinessen.ch\/webseite\/wp-content\/uploads\/2020\/07\/zermatt-beutel-36x36.jpg 36w, https:\/\/www.raffinessen.ch\/webseite\/wp-content\/uploads\/2020\/07\/zermatt-beutel-180x180.jpg 180w, https:\/\/www.raffinessen.ch\/webseite\/wp-content\/uploads\/2020\/07\/zermatt-beutel-1500x1500.jpg 1500w, https:\/\/www.raffinessen.ch\/webseite\/wp-content\/uploads\/2020\/07\/zermatt-beutel-705x705.jpg 705w, https:\/\/www.raffinessen.ch\/webseite\/wp-content\/uploads\/2020\/07\/zermatt-beutel-100x100.jpg 100w, https:\/\/www.raffinessen.ch\/webseite\/wp-content\/uploads\/2020\/07\/zermatt-beutel-1000x1000.jpg 1000w, https:\/\/www.raffinessen.ch\/webseite\/wp-content\/uploads\/2020\/07\/zermatt-beutel.jpg 2000w\" sizes=\"auto, (max-width: 500px) 100vw, 500px\" \/><img decoding=\"async\" loading=\"lazy\" width=\"500\" height=\"500\" src=\"https:\/\/www.raffinessen.ch\/webseite\/wp-content\/uploads\/2020\/03\/zermatt-gewuerz-kreis-raffinessen-500x500.jpg\" class=\"wp-image-5146 avia-img-lazy-loading-5146 attachment-woocommerce_thumbnail size-woocommerce_thumbnail wp-post-image\" alt=\"\" srcset=\"https:\/\/www.raffinessen.ch\/webseite\/wp-content\/uploads\/2020\/03\/zermatt-gewuerz-kreis-raffinessen-500x500.jpg 500w, https:\/\/www.raffinessen.ch\/webseite\/wp-content\/uploads\/2020\/03\/zermatt-gewuerz-kreis-raffinessen-300x300.jpg 300w, https:\/\/www.raffinessen.ch\/webseite\/wp-content\/uploads\/2020\/03\/zermatt-gewuerz-kreis-raffinessen-1030x1030.jpg 1030w, https:\/\/www.raffinessen.ch\/webseite\/wp-content\/uploads\/2020\/03\/zermatt-gewuerz-kreis-raffinessen-80x80.jpg 80w, https:\/\/www.raffinessen.ch\/webseite\/wp-content\/uploads\/2020\/03\/zermatt-gewuerz-kreis-raffinessen-768x768.jpg 768w, https:\/\/www.raffinessen.ch\/webseite\/wp-content\/uploads\/2020\/03\/zermatt-gewuerz-kreis-raffinessen-1536x1536.jpg 1536w, https:\/\/www.raffinessen.ch\/webseite\/wp-content\/uploads\/2020\/03\/zermatt-gewuerz-kreis-raffinessen-2048x2048.jpg 2048w, https:\/\/www.raffinessen.ch\/webseite\/wp-content\/uploads\/2020\/03\/zermatt-gewuerz-kreis-raffinessen-36x36.jpg 36w, https:\/\/www.raffinessen.ch\/webseite\/wp-content\/uploads\/2020\/03\/zermatt-gewuerz-kreis-raffinessen-180x180.jpg 180w, https:\/\/www.raffinessen.ch\/webseite\/wp-content\/uploads\/2020\/03\/zermatt-gewuerz-kreis-raffinessen-1500x1500.jpg 1500w, https:\/\/www.raffinessen.ch\/webseite\/wp-content\/uploads\/2020\/03\/zermatt-gewuerz-kreis-raffinessen-705x705.jpg 705w, https:\/\/www.raffinessen.ch\/webseite\/wp-content\/uploads\/2020\/03\/zermatt-gewuerz-kreis-raffinessen-100x100.jpg 100w, https:\/\/www.raffinessen.ch\/webseite\/wp-content\/uploads\/2020\/03\/zermatt-gewuerz-kreis-raffinessen-1000x1000.jpg 1000w\" sizes=\"auto, (max-width: 500px) 100vw, 500px\" \/><span class=\"cart-loading\"><\/span><\/div><div class='inner_product_header'><div class='avia-arrow'><\/div><div class='inner_product_header_table'><div class='inner_product_header_cell'><h2 class=\"woocommerce-loop-product__title\">Zermatt<\/h2>\n\t<span class=\"price\"><span class=\"woocommerce-Price-amount amount\"><bdi><span class=\"woocommerce-Price-currencySymbol\">&#67;&#72;&#70;<\/span>&nbsp;6.00<\/bdi><\/span> <small class=\"woocommerce-price-suffix\">TVA incluse<\/small><\/span>\n<\/div><\/div><\/div><\/a><div class='avia_cart_buttons'><a href=\"\/fr\/wp-json\/wp\/v2\/pages\/9012?add-to-cart=6557\" aria-describedby=\"woocommerce_loop_add_to_cart_link_describedby_6557\" data-quantity=\"1\" class=\"button product_type_simple add_to_cart_button ajax_add_to_cart\" data-product_id=\"6557\" data-product_sku=\"FPO-S033-60\" aria-label=\"Ajouter au panier\u00a0: \u201cZermatt\u201d\" rel=\"nofollow\" data-success_message=\"\u00ab\u00a0Zermatt\u00a0\u00bb a \u00e9t\u00e9 ajout\u00e9 \u00e0 votre panier\" role=\"button\" data-no-translation-aria-label=\"\" data-no-translation-data-success_message=\"\"><span class=\"avia-svg-icon avia-font-svg_entypo-fontello\" data-av_svg_icon='basket' data-av_iconset='svg_entypo-fontello'><svg version=\"1.1\" xmlns=\"http:\/\/www.w3.org\/2000\/svg\" width=\"29\" height=\"32\" viewbox=\"0 0 29 32\" preserveaspectratio=\"xMidYMid meet\" aria-labelledby='av-svg-title-164' aria-describedby='av-svg-desc-164' role=\"graphics-symbol\" aria-hidden=\"true\">\n<title id='av-svg-title-164'>Ajouter au panier<\/title>\n<desc id='av-svg-desc-164'>Ajouter au panier<\/desc>\n<path d=\"M4.8 27.2q0-1.28 0.96-2.24t2.24-0.96q1.344 0 2.272 0.96t0.928 2.24q0 1.344-0.928 2.272t-2.272 0.928q-1.28 0-2.24-0.928t-0.96-2.272zM20.8 27.2q0-1.28 0.96-2.24t2.24-0.96q1.344 0 2.272 0.96t0.928 2.24q0 1.344-0.928 2.272t-2.272 0.928q-1.28 0-2.24-0.928t-0.96-2.272zM10.496 19.648q-1.152 0.32-1.088 0.736t1.408 0.416h17.984v2.432q0 0.64-0.64 0.64h-20.928q-0.64 0-0.64-0.64v-2.432l-0.32-1.472-3.136-14.528h-3.136v-2.56q0-0.64 0.64-0.64h4.992q0.64 0 0.64 0.64v2.752h22.528v8.768q0 0.704-0.576 0.832z\"><\/path>\n<\/svg><\/span>  Ajouter au panier<\/a>\t<span id=\"woocommerce_loop_add_to_cart_link_describedby_6557\" class=\"screen-reader-text\">\n\t\t\t<\/span>\n<a class=\"button show_details_button\" href=\"https:\/\/www.raffinessen.ch\/fr\/produit\/zermatt\/\"><span class=\"avia-svg-icon avia-font-svg_entypo-fontello\" data-av_svg_icon='doc-text' data-av_iconset='svg_entypo-fontello'><svg version=\"1.1\" xmlns=\"http:\/\/www.w3.org\/2000\/svg\" width=\"22\" height=\"32\" viewbox=\"0 0 22 32\" preserveaspectratio=\"xMidYMid meet\" aria-labelledby='av-svg-title-165' aria-describedby='av-svg-desc-165' role=\"graphics-symbol\" aria-hidden=\"true\">\n<title id='av-svg-title-165'>Voir les d\u00e9tails<\/title>\n<desc id='av-svg-desc-165'>Voir les d\u00e9tails<\/desc>\n<path d=\"M6.784 17.344v-2.88h8.96v2.88h-8.96zM19.2 1.6q1.344 0 2.272 0.928t0.928 2.272v22.4q0 1.28-0.928 2.24t-2.272 0.96h-16q-1.28 0-2.24-0.96t-0.96-2.24v-22.4q0-1.344 0.96-2.272t2.24-0.928h16zM19.2 27.2v-22.4h-16v22.4h16zM15.68 8.256v2.816h-8.96v-2.816h8.96zM15.68 20.8v2.816h-8.96v-2.816h8.96z\"><\/path>\n<\/svg><\/span>  Voir les d\u00e9tails<\/a> <span class=\"button-mini-delimiter\"><\/span><\/div><\/div><\/li>\n<li class=\"product type-product post-4755 status-publish last instock product_cat-muehlen has-post-thumbnail taxable shipping-taxable purchasable product-type-simple\">\n\t<div class='inner_product main_color wrapped_style noLightbox  av-product-class-'><a href=\"https:\/\/www.raffinessen.ch\/fr\/produit\/gewuerzmuehle-yann\/\" class=\"woocommerce-LoopProduct-link woocommerce-loop-product__link\"><div class=\"thumbnail_container\"><img loading=\"lazy\" decoding=\"async\" width=\"500\" height=\"500\" src=\"https:\/\/www.raffinessen.ch\/webseite\/wp-content\/uploads\/2019\/12\/yann-liegend-einzeln-500x500.jpg\" class=\"attachment-woocommerce_thumbnail avia-product-hover\" alt=\"\" srcset=\"https:\/\/www.raffinessen.ch\/webseite\/wp-content\/uploads\/2019\/12\/yann-liegend-einzeln-500x500.jpg 500w, https:\/\/www.raffinessen.ch\/webseite\/wp-content\/uploads\/2019\/12\/yann-liegend-einzeln-300x300.jpg 300w, https:\/\/www.raffinessen.ch\/webseite\/wp-content\/uploads\/2019\/12\/yann-liegend-einzeln-1030x1030.jpg 1030w, https:\/\/www.raffinessen.ch\/webseite\/wp-content\/uploads\/2019\/12\/yann-liegend-einzeln-80x80.jpg 80w, https:\/\/www.raffinessen.ch\/webseite\/wp-content\/uploads\/2019\/12\/yann-liegend-einzeln-768x768.jpg 768w, https:\/\/www.raffinessen.ch\/webseite\/wp-content\/uploads\/2019\/12\/yann-liegend-einzeln-1536x1536.jpg 1536w, https:\/\/www.raffinessen.ch\/webseite\/wp-content\/uploads\/2019\/12\/yann-liegend-einzeln-36x36.jpg 36w, https:\/\/www.raffinessen.ch\/webseite\/wp-content\/uploads\/2019\/12\/yann-liegend-einzeln-180x180.jpg 180w, https:\/\/www.raffinessen.ch\/webseite\/wp-content\/uploads\/2019\/12\/yann-liegend-einzeln-1500x1500.jpg 1500w, https:\/\/www.raffinessen.ch\/webseite\/wp-content\/uploads\/2019\/12\/yann-liegend-einzeln-705x705.jpg 705w, https:\/\/www.raffinessen.ch\/webseite\/wp-content\/uploads\/2019\/12\/yann-liegend-einzeln-100x100.jpg 100w, https:\/\/www.raffinessen.ch\/webseite\/wp-content\/uploads\/2019\/12\/yann-liegend-einzeln-1000x1000.jpg 1000w, https:\/\/www.raffinessen.ch\/webseite\/wp-content\/uploads\/2019\/12\/yann-liegend-einzeln.jpg 2000w\" sizes=\"auto, (max-width: 500px) 100vw, 500px\" \/><img decoding=\"async\" loading=\"lazy\" width=\"500\" height=\"500\" src=\"https:\/\/www.raffinessen.ch\/webseite\/wp-content\/uploads\/2019\/12\/yann-muehle-1-500x500.jpg\" class=\"wp-image-4756 avia-img-lazy-loading-4756 attachment-woocommerce_thumbnail size-woocommerce_thumbnail wp-post-image\" alt=\"\" srcset=\"https:\/\/www.raffinessen.ch\/webseite\/wp-content\/uploads\/2019\/12\/yann-muehle-1-500x500.jpg 500w, https:\/\/www.raffinessen.ch\/webseite\/wp-content\/uploads\/2019\/12\/yann-muehle-1-300x300.jpg 300w, https:\/\/www.raffinessen.ch\/webseite\/wp-content\/uploads\/2019\/12\/yann-muehle-1-1030x1030.jpg 1030w, https:\/\/www.raffinessen.ch\/webseite\/wp-content\/uploads\/2019\/12\/yann-muehle-1-80x80.jpg 80w, https:\/\/www.raffinessen.ch\/webseite\/wp-content\/uploads\/2019\/12\/yann-muehle-1-768x768.jpg 768w, https:\/\/www.raffinessen.ch\/webseite\/wp-content\/uploads\/2019\/12\/yann-muehle-1-1536x1536.jpg 1536w, https:\/\/www.raffinessen.ch\/webseite\/wp-content\/uploads\/2019\/12\/yann-muehle-1-2048x2048.jpg 2048w, https:\/\/www.raffinessen.ch\/webseite\/wp-content\/uploads\/2019\/12\/yann-muehle-1-36x36.jpg 36w, https:\/\/www.raffinessen.ch\/webseite\/wp-content\/uploads\/2019\/12\/yann-muehle-1-180x180.jpg 180w, https:\/\/www.raffinessen.ch\/webseite\/wp-content\/uploads\/2019\/12\/yann-muehle-1-1500x1500.jpg 1500w, https:\/\/www.raffinessen.ch\/webseite\/wp-content\/uploads\/2019\/12\/yann-muehle-1-705x705.jpg 705w, https:\/\/www.raffinessen.ch\/webseite\/wp-content\/uploads\/2019\/12\/yann-muehle-1-100x100.jpg 100w, https:\/\/www.raffinessen.ch\/webseite\/wp-content\/uploads\/2019\/12\/yann-muehle-1-1000x1000.jpg 1000w\" sizes=\"auto, (max-width: 500px) 100vw, 500px\" \/><span class=\"cart-loading\"><\/span><\/div><div class='inner_product_header'><div class='avia-arrow'><\/div><div class='inner_product_header_table'><div class='inner_product_header_cell'><h2 class=\"woocommerce-loop-product__title\">Moulin \u00e0 \u00e9pices YANN<\/h2>\n\t<span class=\"price\"><span class=\"woocommerce-Price-amount amount\"><bdi><span class=\"woocommerce-Price-currencySymbol\">&#67;&#72;&#70;<\/span>&nbsp;20.00<\/bdi><\/span> <small class=\"woocommerce-price-suffix\">TVA incluse<\/small><\/span>\n<\/div><\/div><\/div><\/a><div class='avia_cart_buttons'><a href=\"\/fr\/wp-json\/wp\/v2\/pages\/9012?add-to-cart=4755\" aria-describedby=\"woocommerce_loop_add_to_cart_link_describedby_4755\" data-quantity=\"1\" class=\"button product_type_simple add_to_cart_button ajax_add_to_cart\" data-product_id=\"4755\" data-product_sku=\"GWO-012\" aria-label=\"Ajouter au panier\u00a0: \u201cGew\u00fcrzm\u00fchle YANN\u201d\" rel=\"nofollow\" data-success_message=\"\u00ab\u00a0Gew\u00fcrzm\u00fchle YANN\u00a0\u00bb a \u00e9t\u00e9 ajout\u00e9 \u00e0 votre panier\" role=\"button\" data-no-translation-aria-label=\"\" data-no-translation-data-success_message=\"\"><span class=\"avia-svg-icon avia-font-svg_entypo-fontello\" data-av_svg_icon='basket' data-av_iconset='svg_entypo-fontello'><svg version=\"1.1\" xmlns=\"http:\/\/www.w3.org\/2000\/svg\" width=\"29\" height=\"32\" viewbox=\"0 0 29 32\" preserveaspectratio=\"xMidYMid meet\" aria-labelledby='av-svg-title-166' aria-describedby='av-svg-desc-166' role=\"graphics-symbol\" aria-hidden=\"true\">\n<title id='av-svg-title-166'>Ajouter au panier<\/title>\n<desc id='av-svg-desc-166'>Ajouter au panier<\/desc>\n<path d=\"M4.8 27.2q0-1.28 0.96-2.24t2.24-0.96q1.344 0 2.272 0.96t0.928 2.24q0 1.344-0.928 2.272t-2.272 0.928q-1.28 0-2.24-0.928t-0.96-2.272zM20.8 27.2q0-1.28 0.96-2.24t2.24-0.96q1.344 0 2.272 0.96t0.928 2.24q0 1.344-0.928 2.272t-2.272 0.928q-1.28 0-2.24-0.928t-0.96-2.272zM10.496 19.648q-1.152 0.32-1.088 0.736t1.408 0.416h17.984v2.432q0 0.64-0.64 0.64h-20.928q-0.64 0-0.64-0.64v-2.432l-0.32-1.472-3.136-14.528h-3.136v-2.56q0-0.64 0.64-0.64h4.992q0.64 0 0.64 0.64v2.752h22.528v8.768q0 0.704-0.576 0.832z\"><\/path>\n<\/svg><\/span>  Ajouter au panier<\/a>\t<span id=\"woocommerce_loop_add_to_cart_link_describedby_4755\" class=\"screen-reader-text\">\n\t\t\t<\/span>\n<a class=\"button show_details_button\" href=\"https:\/\/www.raffinessen.ch\/fr\/produit\/gewuerzmuehle-yann\/\"><span class=\"avia-svg-icon avia-font-svg_entypo-fontello\" data-av_svg_icon='doc-text' data-av_iconset='svg_entypo-fontello'><svg version=\"1.1\" xmlns=\"http:\/\/www.w3.org\/2000\/svg\" width=\"22\" height=\"32\" viewbox=\"0 0 22 32\" preserveaspectratio=\"xMidYMid meet\" aria-labelledby='av-svg-title-167' aria-describedby='av-svg-desc-167' role=\"graphics-symbol\" aria-hidden=\"true\">\n<title id='av-svg-title-167'>Voir les d\u00e9tails<\/title>\n<desc id='av-svg-desc-167'>Voir les d\u00e9tails<\/desc>\n<path d=\"M6.784 17.344v-2.88h8.96v2.88h-8.96zM19.2 1.6q1.344 0 2.272 0.928t0.928 2.272v22.4q0 1.28-0.928 2.24t-2.272 0.96h-16q-1.28 0-2.24-0.96t-0.96-2.24v-22.4q0-1.344 0.96-2.272t2.24-0.928h16zM19.2 27.2v-22.4h-16v22.4h16zM15.68 8.256v2.816h-8.96v-2.816h8.96zM15.68 20.8v2.816h-8.96v-2.816h8.96z\"><\/path>\n<\/svg><\/span>  Voir les d\u00e9tails<\/a> <span class=\"button-mini-delimiter\"><\/span><\/div><\/div><\/li>\n<li class=\"product type-product post-5307 status-publish first instock product_cat-probier-set has-post-thumbnail taxable shipping-taxable purchasable product-type-simple\">\n\t<div class='inner_product main_color wrapped_style noLightbox  av-product-class-'><a href=\"https:\/\/www.raffinessen.ch\/fr\/produit\/kurkuma-meersalz-und-palmzucker\/\" class=\"woocommerce-LoopProduct-link woocommerce-loop-product__link\"><div class=\"thumbnail_container\"><img loading=\"lazy\" decoding=\"async\" width=\"500\" height=\"500\" src=\"https:\/\/www.raffinessen.ch\/webseite\/wp-content\/uploads\/2020\/03\/kurkuma-meersalz-palmzucker-beutel-raffinessen-500x500.jpg\" class=\"attachment-woocommerce_thumbnail avia-product-hover\" alt=\"\" srcset=\"https:\/\/www.raffinessen.ch\/webseite\/wp-content\/uploads\/2020\/03\/kurkuma-meersalz-palmzucker-beutel-raffinessen-500x500.jpg 500w, https:\/\/www.raffinessen.ch\/webseite\/wp-content\/uploads\/2020\/03\/kurkuma-meersalz-palmzucker-beutel-raffinessen-300x300.jpg 300w, https:\/\/www.raffinessen.ch\/webseite\/wp-content\/uploads\/2020\/03\/kurkuma-meersalz-palmzucker-beutel-raffinessen-1030x1030.jpg 1030w, https:\/\/www.raffinessen.ch\/webseite\/wp-content\/uploads\/2020\/03\/kurkuma-meersalz-palmzucker-beutel-raffinessen-80x80.jpg 80w, https:\/\/www.raffinessen.ch\/webseite\/wp-content\/uploads\/2020\/03\/kurkuma-meersalz-palmzucker-beutel-raffinessen-768x768.jpg 768w, https:\/\/www.raffinessen.ch\/webseite\/wp-content\/uploads\/2020\/03\/kurkuma-meersalz-palmzucker-beutel-raffinessen-1536x1536.jpg 1536w, https:\/\/www.raffinessen.ch\/webseite\/wp-content\/uploads\/2020\/03\/kurkuma-meersalz-palmzucker-beutel-raffinessen-2048x2048.jpg 2048w, https:\/\/www.raffinessen.ch\/webseite\/wp-content\/uploads\/2020\/03\/kurkuma-meersalz-palmzucker-beutel-raffinessen-36x36.jpg 36w, https:\/\/www.raffinessen.ch\/webseite\/wp-content\/uploads\/2020\/03\/kurkuma-meersalz-palmzucker-beutel-raffinessen-180x180.jpg 180w, https:\/\/www.raffinessen.ch\/webseite\/wp-content\/uploads\/2020\/03\/kurkuma-meersalz-palmzucker-beutel-raffinessen-1500x1500.jpg 1500w, https:\/\/www.raffinessen.ch\/webseite\/wp-content\/uploads\/2020\/03\/kurkuma-meersalz-palmzucker-beutel-raffinessen-705x705.jpg 705w, https:\/\/www.raffinessen.ch\/webseite\/wp-content\/uploads\/2020\/03\/kurkuma-meersalz-palmzucker-beutel-raffinessen-100x100.jpg 100w, https:\/\/www.raffinessen.ch\/webseite\/wp-content\/uploads\/2020\/03\/kurkuma-meersalz-palmzucker-beutel-raffinessen-1000x1000.jpg 1000w\" sizes=\"auto, (max-width: 500px) 100vw, 500px\" \/><img decoding=\"async\" loading=\"lazy\" width=\"500\" height=\"500\" src=\"https:\/\/www.raffinessen.ch\/webseite\/wp-content\/uploads\/2020\/03\/kurkuma-meersalz-palmzucker-raffinessen-500x500.jpg\" class=\"wp-image-5300 avia-img-lazy-loading-5300 attachment-woocommerce_thumbnail size-woocommerce_thumbnail wp-post-image\" alt=\"\" srcset=\"https:\/\/www.raffinessen.ch\/webseite\/wp-content\/uploads\/2020\/03\/kurkuma-meersalz-palmzucker-raffinessen-500x500.jpg 500w, https:\/\/www.raffinessen.ch\/webseite\/wp-content\/uploads\/2020\/03\/kurkuma-meersalz-palmzucker-raffinessen-300x300.jpg 300w, https:\/\/www.raffinessen.ch\/webseite\/wp-content\/uploads\/2020\/03\/kurkuma-meersalz-palmzucker-raffinessen-1030x1030.jpg 1030w, https:\/\/www.raffinessen.ch\/webseite\/wp-content\/uploads\/2020\/03\/kurkuma-meersalz-palmzucker-raffinessen-80x80.jpg 80w, https:\/\/www.raffinessen.ch\/webseite\/wp-content\/uploads\/2020\/03\/kurkuma-meersalz-palmzucker-raffinessen-768x768.jpg 768w, https:\/\/www.raffinessen.ch\/webseite\/wp-content\/uploads\/2020\/03\/kurkuma-meersalz-palmzucker-raffinessen-1536x1536.jpg 1536w, https:\/\/www.raffinessen.ch\/webseite\/wp-content\/uploads\/2020\/03\/kurkuma-meersalz-palmzucker-raffinessen-2048x2048.jpg 2048w, https:\/\/www.raffinessen.ch\/webseite\/wp-content\/uploads\/2020\/03\/kurkuma-meersalz-palmzucker-raffinessen-36x36.jpg 36w, https:\/\/www.raffinessen.ch\/webseite\/wp-content\/uploads\/2020\/03\/kurkuma-meersalz-palmzucker-raffinessen-180x180.jpg 180w, https:\/\/www.raffinessen.ch\/webseite\/wp-content\/uploads\/2020\/03\/kurkuma-meersalz-palmzucker-raffinessen-1500x1500.jpg 1500w, https:\/\/www.raffinessen.ch\/webseite\/wp-content\/uploads\/2020\/03\/kurkuma-meersalz-palmzucker-raffinessen-705x705.jpg 705w, https:\/\/www.raffinessen.ch\/webseite\/wp-content\/uploads\/2020\/03\/kurkuma-meersalz-palmzucker-raffinessen-100x100.jpg 100w, https:\/\/www.raffinessen.ch\/webseite\/wp-content\/uploads\/2020\/03\/kurkuma-meersalz-palmzucker-raffinessen-1000x1000.jpg 1000w\" sizes=\"auto, (max-width: 500px) 100vw, 500px\" \/><span class=\"cart-loading\"><\/span><\/div><div class='inner_product_header'><div class='avia-arrow'><\/div><div class='inner_product_header_table'><div class='inner_product_header_cell'><h2 class=\"woocommerce-loop-product__title\">Set de d\u00e9gustation - curcuma, sucre de palme et sel de mer<\/h2>\n\t<span class=\"price\"><span class=\"woocommerce-Price-amount amount\"><bdi><span class=\"woocommerce-Price-currencySymbol\">&#67;&#72;&#70;<\/span>&nbsp;13.00<\/bdi><\/span> <small class=\"woocommerce-price-suffix\">TVA incluse<\/small><\/span>\n<\/div><\/div><\/div><\/a><div class='avia_cart_buttons'><a href=\"\/fr\/wp-json\/wp\/v2\/pages\/9012?add-to-cart=5307\" aria-describedby=\"woocommerce_loop_add_to_cart_link_describedby_5307\" data-quantity=\"1\" class=\"button product_type_simple add_to_cart_button ajax_add_to_cart\" data-product_id=\"5307\" data-product_sku=\"GSO-009\" aria-label=\"Ajouter au panier\u00a0: \u201cProbierset - Kurkuma, Palmzucker und Meersalz\u201d\" rel=\"nofollow\" data-success_message=\"\u00ab\u00a0Probierset - Kurkuma, Palmzucker und Meersalz\u00a0\u00bb a \u00e9t\u00e9 ajout\u00e9 \u00e0 votre panier\" role=\"button\" data-no-translation-aria-label=\"\" data-no-translation-data-success_message=\"\"><span class=\"avia-svg-icon avia-font-svg_entypo-fontello\" data-av_svg_icon='basket' data-av_iconset='svg_entypo-fontello'><svg version=\"1.1\" xmlns=\"http:\/\/www.w3.org\/2000\/svg\" width=\"29\" height=\"32\" viewbox=\"0 0 29 32\" preserveaspectratio=\"xMidYMid meet\" aria-labelledby='av-svg-title-168' aria-describedby='av-svg-desc-168' role=\"graphics-symbol\" aria-hidden=\"true\">\n<title id='av-svg-title-168'>Ajouter au panier<\/title>\n<desc id='av-svg-desc-168'>Ajouter au panier<\/desc>\n<path d=\"M4.8 27.2q0-1.28 0.96-2.24t2.24-0.96q1.344 0 2.272 0.96t0.928 2.24q0 1.344-0.928 2.272t-2.272 0.928q-1.28 0-2.24-0.928t-0.96-2.272zM20.8 27.2q0-1.28 0.96-2.24t2.24-0.96q1.344 0 2.272 0.96t0.928 2.24q0 1.344-0.928 2.272t-2.272 0.928q-1.28 0-2.24-0.928t-0.96-2.272zM10.496 19.648q-1.152 0.32-1.088 0.736t1.408 0.416h17.984v2.432q0 0.64-0.64 0.64h-20.928q-0.64 0-0.64-0.64v-2.432l-0.32-1.472-3.136-14.528h-3.136v-2.56q0-0.64 0.64-0.64h4.992q0.64 0 0.64 0.64v2.752h22.528v8.768q0 0.704-0.576 0.832z\"><\/path>\n<\/svg><\/span>  Ajouter au panier<\/a>\t<span id=\"woocommerce_loop_add_to_cart_link_describedby_5307\" class=\"screen-reader-text\">\n\t\t\t<\/span>\n<a class=\"button show_details_button\" href=\"https:\/\/www.raffinessen.ch\/fr\/produit\/kurkuma-meersalz-und-palmzucker\/\"><span class=\"avia-svg-icon avia-font-svg_entypo-fontello\" data-av_svg_icon='doc-text' data-av_iconset='svg_entypo-fontello'><svg version=\"1.1\" xmlns=\"http:\/\/www.w3.org\/2000\/svg\" width=\"22\" height=\"32\" viewbox=\"0 0 22 32\" preserveaspectratio=\"xMidYMid meet\" aria-labelledby='av-svg-title-169' aria-describedby='av-svg-desc-169' role=\"graphics-symbol\" aria-hidden=\"true\">\n<title id='av-svg-title-169'>Voir les d\u00e9tails<\/title>\n<desc id='av-svg-desc-169'>Voir les d\u00e9tails<\/desc>\n<path d=\"M6.784 17.344v-2.88h8.96v2.88h-8.96zM19.2 1.6q1.344 0 2.272 0.928t0.928 2.272v22.4q0 1.28-0.928 2.24t-2.272 0.96h-16q-1.28 0-2.24-0.96t-0.96-2.24v-22.4q0-1.344 0.96-2.272t2.24-0.928h16zM19.2 27.2v-22.4h-16v22.4h16zM15.68 8.256v2.816h-8.96v-2.816h8.96zM15.68 20.8v2.816h-8.96v-2.816h8.96z\"><\/path>\n<\/svg><\/span>  Voir les d\u00e9tails<\/a> <span class=\"button-mini-delimiter\"><\/span><\/div><\/div><\/li>\n<li class=\"product type-product post-15569 status-publish instock product_cat-einzel-gewuerze product_cat-gewuerze-einzeln product_cat-unkategorisiert has-post-thumbnail taxable shipping-taxable purchasable product-type-simple\">\n\t<div class='inner_product main_color wrapped_style noLightbox  av-product-class-'><a href=\"https:\/\/www.raffinessen.ch\/fr\/produit\/wilder-galgant-12-g\/\" class=\"woocommerce-LoopProduct-link woocommerce-loop-product__link\"><div class=\"thumbnail_container\"><img loading=\"lazy\" decoding=\"async\" width=\"500\" height=\"500\" src=\"https:\/\/www.raffinessen.ch\/webseite\/wp-content\/uploads\/2023\/06\/Gewuerze_Galgant_frisch-500x500.jpg\" class=\"attachment-woocommerce_thumbnail avia-product-hover\" alt=\"\" srcset=\"https:\/\/www.raffinessen.ch\/webseite\/wp-content\/uploads\/2023\/06\/Gewuerze_Galgant_frisch-500x500.jpg 500w, https:\/\/www.raffinessen.ch\/webseite\/wp-content\/uploads\/2023\/06\/Gewuerze_Galgant_frisch-300x300.jpg 300w, https:\/\/www.raffinessen.ch\/webseite\/wp-content\/uploads\/2023\/06\/Gewuerze_Galgant_frisch-1030x1030.jpg 1030w, https:\/\/www.raffinessen.ch\/webseite\/wp-content\/uploads\/2023\/06\/Gewuerze_Galgant_frisch-80x80.jpg 80w, https:\/\/www.raffinessen.ch\/webseite\/wp-content\/uploads\/2023\/06\/Gewuerze_Galgant_frisch-768x768.jpg 768w, https:\/\/www.raffinessen.ch\/webseite\/wp-content\/uploads\/2023\/06\/Gewuerze_Galgant_frisch-12x12.jpg 12w, https:\/\/www.raffinessen.ch\/webseite\/wp-content\/uploads\/2023\/06\/Gewuerze_Galgant_frisch-36x36.jpg 36w, https:\/\/www.raffinessen.ch\/webseite\/wp-content\/uploads\/2023\/06\/Gewuerze_Galgant_frisch-180x180.jpg 180w, https:\/\/www.raffinessen.ch\/webseite\/wp-content\/uploads\/2023\/06\/Gewuerze_Galgant_frisch-705x705.jpg 705w, https:\/\/www.raffinessen.ch\/webseite\/wp-content\/uploads\/2023\/06\/Gewuerze_Galgant_frisch-120x120.jpg 120w, https:\/\/www.raffinessen.ch\/webseite\/wp-content\/uploads\/2023\/06\/Gewuerze_Galgant_frisch-450x450.jpg 450w, https:\/\/www.raffinessen.ch\/webseite\/wp-content\/uploads\/2023\/06\/Gewuerze_Galgant_frisch-1000x1000.jpg 1000w, https:\/\/www.raffinessen.ch\/webseite\/wp-content\/uploads\/2023\/06\/Gewuerze_Galgant_frisch-100x100.jpg 100w, https:\/\/www.raffinessen.ch\/webseite\/wp-content\/uploads\/2023\/06\/Gewuerze_Galgant_frisch.jpg 1500w\" sizes=\"auto, (max-width: 500px) 100vw, 500px\" \/><img decoding=\"async\" loading=\"lazy\" width=\"500\" height=\"500\" src=\"https:\/\/www.raffinessen.ch\/webseite\/wp-content\/uploads\/2023\/06\/Gewuerze_Galgant-500x500.jpg\" class=\"wp-image-15571 avia-img-lazy-loading-15571 attachment-woocommerce_thumbnail size-woocommerce_thumbnail wp-post-image\" alt=\"\" srcset=\"https:\/\/www.raffinessen.ch\/webseite\/wp-content\/uploads\/2023\/06\/Gewuerze_Galgant-500x500.jpg 500w, https:\/\/www.raffinessen.ch\/webseite\/wp-content\/uploads\/2023\/06\/Gewuerze_Galgant-300x300.jpg 300w, https:\/\/www.raffinessen.ch\/webseite\/wp-content\/uploads\/2023\/06\/Gewuerze_Galgant-1030x1030.jpg 1030w, https:\/\/www.raffinessen.ch\/webseite\/wp-content\/uploads\/2023\/06\/Gewuerze_Galgant-80x80.jpg 80w, https:\/\/www.raffinessen.ch\/webseite\/wp-content\/uploads\/2023\/06\/Gewuerze_Galgant-768x768.jpg 768w, https:\/\/www.raffinessen.ch\/webseite\/wp-content\/uploads\/2023\/06\/Gewuerze_Galgant-12x12.jpg 12w, https:\/\/www.raffinessen.ch\/webseite\/wp-content\/uploads\/2023\/06\/Gewuerze_Galgant-36x36.jpg 36w, https:\/\/www.raffinessen.ch\/webseite\/wp-content\/uploads\/2023\/06\/Gewuerze_Galgant-180x180.jpg 180w, https:\/\/www.raffinessen.ch\/webseite\/wp-content\/uploads\/2023\/06\/Gewuerze_Galgant-705x705.jpg 705w, https:\/\/www.raffinessen.ch\/webseite\/wp-content\/uploads\/2023\/06\/Gewuerze_Galgant-120x120.jpg 120w, https:\/\/www.raffinessen.ch\/webseite\/wp-content\/uploads\/2023\/06\/Gewuerze_Galgant-450x450.jpg 450w, https:\/\/www.raffinessen.ch\/webseite\/wp-content\/uploads\/2023\/06\/Gewuerze_Galgant-1000x1000.jpg 1000w, https:\/\/www.raffinessen.ch\/webseite\/wp-content\/uploads\/2023\/06\/Gewuerze_Galgant-100x100.jpg 100w, https:\/\/www.raffinessen.ch\/webseite\/wp-content\/uploads\/2023\/06\/Gewuerze_Galgant.jpg 1500w\" sizes=\"auto, (max-width: 500px) 100vw, 500px\" \/><span class=\"cart-loading\"><\/span><\/div><div class='inner_product_header'><div class='avia-arrow'><\/div><div class='inner_product_header_table'><div class='inner_product_header_cell'><h2 class=\"woocommerce-loop-product__title\">Galanga sauvage (12 g)<\/h2>\n\t<span class=\"price\"><span class=\"woocommerce-Price-amount amount\"><bdi><span class=\"woocommerce-Price-currencySymbol\">&#67;&#72;&#70;<\/span>&nbsp;4.00<\/bdi><\/span> <small class=\"woocommerce-price-suffix\">TVA incluse<\/small><\/span>\n<\/div><\/div><\/div><\/a><div class='avia_cart_buttons'><a href=\"\/fr\/wp-json\/wp\/v2\/pages\/9012?add-to-cart=15569\" aria-describedby=\"woocommerce_loop_add_to_cart_link_describedby_15569\" data-quantity=\"1\" class=\"button product_type_simple add_to_cart_button ajax_add_to_cart\" data-product_id=\"15569\" data-product_sku=\"FPO-R0057-12\" aria-label=\"Ajouter au panier\u00a0: \u201cWilder Galgant (12 g)\u201d\" rel=\"nofollow\" data-success_message=\"\u00ab\u00a0Wilder Galgant (12 g)\u00a0\u00bb a \u00e9t\u00e9 ajout\u00e9 \u00e0 votre panier\" role=\"button\" data-no-translation-aria-label=\"\" data-no-translation-data-success_message=\"\"><span class=\"avia-svg-icon avia-font-svg_entypo-fontello\" data-av_svg_icon='basket' data-av_iconset='svg_entypo-fontello'><svg version=\"1.1\" xmlns=\"http:\/\/www.w3.org\/2000\/svg\" width=\"29\" height=\"32\" viewbox=\"0 0 29 32\" preserveaspectratio=\"xMidYMid meet\" aria-labelledby='av-svg-title-170' aria-describedby='av-svg-desc-170' role=\"graphics-symbol\" aria-hidden=\"true\">\n<title id='av-svg-title-170'>Ajouter au panier<\/title>\n<desc id='av-svg-desc-170'>Ajouter au panier<\/desc>\n<path d=\"M4.8 27.2q0-1.28 0.96-2.24t2.24-0.96q1.344 0 2.272 0.96t0.928 2.24q0 1.344-0.928 2.272t-2.272 0.928q-1.28 0-2.24-0.928t-0.96-2.272zM20.8 27.2q0-1.28 0.96-2.24t2.24-0.96q1.344 0 2.272 0.96t0.928 2.24q0 1.344-0.928 2.272t-2.272 0.928q-1.28 0-2.24-0.928t-0.96-2.272zM10.496 19.648q-1.152 0.32-1.088 0.736t1.408 0.416h17.984v2.432q0 0.64-0.64 0.64h-20.928q-0.64 0-0.64-0.64v-2.432l-0.32-1.472-3.136-14.528h-3.136v-2.56q0-0.64 0.64-0.64h4.992q0.64 0 0.64 0.64v2.752h22.528v8.768q0 0.704-0.576 0.832z\"><\/path>\n<\/svg><\/span>  Ajouter au panier<\/a>\t<span id=\"woocommerce_loop_add_to_cart_link_describedby_15569\" class=\"screen-reader-text\">\n\t\t\t<\/span>\n<a class=\"button show_details_button\" href=\"https:\/\/www.raffinessen.ch\/fr\/produit\/wilder-galgant-12-g\/\"><span class=\"avia-svg-icon avia-font-svg_entypo-fontello\" data-av_svg_icon='doc-text' data-av_iconset='svg_entypo-fontello'><svg version=\"1.1\" xmlns=\"http:\/\/www.w3.org\/2000\/svg\" width=\"22\" height=\"32\" viewbox=\"0 0 22 32\" preserveaspectratio=\"xMidYMid meet\" aria-labelledby='av-svg-title-171' aria-describedby='av-svg-desc-171' role=\"graphics-symbol\" aria-hidden=\"true\">\n<title id='av-svg-title-171'>Voir les d\u00e9tails<\/title>\n<desc id='av-svg-desc-171'>Voir les d\u00e9tails<\/desc>\n<path d=\"M6.784 17.344v-2.88h8.96v2.88h-8.96zM19.2 1.6q1.344 0 2.272 0.928t0.928 2.272v22.4q0 1.28-0.928 2.24t-2.272 0.96h-16q-1.28 0-2.24-0.96t-0.96-2.24v-22.4q0-1.344 0.96-2.272t2.24-0.928h16zM19.2 27.2v-22.4h-16v22.4h16zM15.68 8.256v2.816h-8.96v-2.816h8.96zM15.68 20.8v2.816h-8.96v-2.816h8.96z\"><\/path>\n<\/svg><\/span>  Voir les d\u00e9tails<\/a> <span class=\"button-mini-delimiter\"><\/span><\/div><\/div><\/li>\n<li class=\"product type-product post-2633 status-publish instock product_cat-pfeffer-abo has-post-thumbnail taxable shipping-taxable purchasable product-type-variable\">\n\t<div class='inner_product main_color wrapped_style noLightbox  av-product-class-'><a href=\"https:\/\/www.raffinessen.ch\/fr\/produit\/investment-schwarzer-kampot-pfeffer-1000-gramm\/\" class=\"woocommerce-LoopProduct-link woocommerce-loop-product__link\"><div class=\"thumbnail_container\"><img loading=\"lazy\" decoding=\"async\" width=\"500\" height=\"500\" src=\"https:\/\/www.raffinessen.ch\/webseite\/wp-content\/uploads\/2018\/12\/investment-schwarzer-kampot-pfeffer-500x500.jpg\" class=\"attachment-woocommerce_thumbnail avia-product-hover\" alt=\"\" srcset=\"https:\/\/www.raffinessen.ch\/webseite\/wp-content\/uploads\/2018\/12\/investment-schwarzer-kampot-pfeffer-500x500.jpg 500w, https:\/\/www.raffinessen.ch\/webseite\/wp-content\/uploads\/2018\/12\/investment-schwarzer-kampot-pfeffer-80x80.jpg 80w, https:\/\/www.raffinessen.ch\/webseite\/wp-content\/uploads\/2018\/12\/investment-schwarzer-kampot-pfeffer-300x300.jpg 300w, https:\/\/www.raffinessen.ch\/webseite\/wp-content\/uploads\/2018\/12\/investment-schwarzer-kampot-pfeffer-768x768.jpg 768w, https:\/\/www.raffinessen.ch\/webseite\/wp-content\/uploads\/2018\/12\/investment-schwarzer-kampot-pfeffer-1030x1030.jpg 1030w, https:\/\/www.raffinessen.ch\/webseite\/wp-content\/uploads\/2018\/12\/investment-schwarzer-kampot-pfeffer-36x36.jpg 36w, https:\/\/www.raffinessen.ch\/webseite\/wp-content\/uploads\/2018\/12\/investment-schwarzer-kampot-pfeffer-180x180.jpg 180w, https:\/\/www.raffinessen.ch\/webseite\/wp-content\/uploads\/2018\/12\/investment-schwarzer-kampot-pfeffer-1500x1500.jpg 1500w, https:\/\/www.raffinessen.ch\/webseite\/wp-content\/uploads\/2018\/12\/investment-schwarzer-kampot-pfeffer-705x705.jpg 705w, https:\/\/www.raffinessen.ch\/webseite\/wp-content\/uploads\/2018\/12\/investment-schwarzer-kampot-pfeffer-100x100.jpg 100w, https:\/\/www.raffinessen.ch\/webseite\/wp-content\/uploads\/2018\/12\/investment-schwarzer-kampot-pfeffer-1000x1000.jpg 1000w, https:\/\/www.raffinessen.ch\/webseite\/wp-content\/uploads\/2018\/12\/investment-schwarzer-kampot-pfeffer.jpg 2000w\" sizes=\"auto, (max-width: 500px) 100vw, 500px\" \/><img decoding=\"async\" loading=\"lazy\" width=\"500\" height=\"500\" src=\"https:\/\/www.raffinessen.ch\/webseite\/wp-content\/uploads\/2018\/12\/schwarzer-kampot-pfeffer-500x500.jpg\" class=\"wp-image-3808 avia-img-lazy-loading-3808 attachment-woocommerce_thumbnail size-woocommerce_thumbnail wp-post-image\" alt=\"\" srcset=\"https:\/\/www.raffinessen.ch\/webseite\/wp-content\/uploads\/2018\/12\/schwarzer-kampot-pfeffer-500x500.jpg 500w, https:\/\/www.raffinessen.ch\/webseite\/wp-content\/uploads\/2018\/12\/schwarzer-kampot-pfeffer-80x80.jpg 80w, https:\/\/www.raffinessen.ch\/webseite\/wp-content\/uploads\/2018\/12\/schwarzer-kampot-pfeffer-300x300.jpg 300w, https:\/\/www.raffinessen.ch\/webseite\/wp-content\/uploads\/2018\/12\/schwarzer-kampot-pfeffer-768x768.jpg 768w, https:\/\/www.raffinessen.ch\/webseite\/wp-content\/uploads\/2018\/12\/schwarzer-kampot-pfeffer-1030x1030.jpg 1030w, https:\/\/www.raffinessen.ch\/webseite\/wp-content\/uploads\/2018\/12\/schwarzer-kampot-pfeffer-36x36.jpg 36w, https:\/\/www.raffinessen.ch\/webseite\/wp-content\/uploads\/2018\/12\/schwarzer-kampot-pfeffer-180x180.jpg 180w, https:\/\/www.raffinessen.ch\/webseite\/wp-content\/uploads\/2018\/12\/schwarzer-kampot-pfeffer-1500x1500.jpg 1500w, https:\/\/www.raffinessen.ch\/webseite\/wp-content\/uploads\/2018\/12\/schwarzer-kampot-pfeffer-705x705.jpg 705w, https:\/\/www.raffinessen.ch\/webseite\/wp-content\/uploads\/2018\/12\/schwarzer-kampot-pfeffer-100x100.jpg 100w, https:\/\/www.raffinessen.ch\/webseite\/wp-content\/uploads\/2018\/12\/schwarzer-kampot-pfeffer-1000x1000.jpg 1000w, https:\/\/www.raffinessen.ch\/webseite\/wp-content\/uploads\/2018\/12\/schwarzer-kampot-pfeffer.jpg 2000w\" sizes=\"auto, (max-width: 500px) 100vw, 500px\" \/><\/div><div class='inner_product_header'><div class='avia-arrow'><\/div><div class='inner_product_header_table'><div class='inner_product_header_cell'><h2 class=\"woocommerce-loop-product__title\">Poivre noir de Kampot d'investissement 1000 grammes<\/h2>\n\t<span class=\"price\"><span class=\"woocommerce-Price-amount amount\"><bdi><span class=\"woocommerce-Price-currencySymbol\">&#67;&#72;&#70;<\/span>&nbsp;100.00<\/bdi><\/span> <small class=\"woocommerce-price-suffix\">TVA incluse<\/small><\/span>\n<\/div><\/div><\/div><\/a><div class='avia_cart_buttons single_button'><a href=\"https:\/\/www.raffinessen.ch\/fr\/produit\/investment-schwarzer-kampot-pfeffer-1000-gramm\/\" aria-describedby=\"woocommerce_loop_add_to_cart_link_describedby_2633\" data-quantity=\"1\" class=\"button product_type_variable add_to_cart_button\" data-product_id=\"2633\" data-product_sku=\"GSO-004\" aria-label=\"S\u00e9lectionner les options pour \u201cInvestment schwarzer Kampot Pfeffer 1000 Gramm\u201d\" rel=\"nofollow\" data-no-translation-aria-label=\"\"><span class=\"avia-svg-icon avia-font-svg_entypo-fontello\" data-av_svg_icon='basket' data-av_iconset='svg_entypo-fontello'><svg version=\"1.1\" xmlns=\"http:\/\/www.w3.org\/2000\/svg\" width=\"29\" height=\"32\" viewbox=\"0 0 29 32\" preserveaspectratio=\"xMidYMid meet\" aria-labelledby='av-svg-title-172' aria-describedby='av-svg-desc-172' role=\"graphics-symbol\" aria-hidden=\"true\">\n<title id='av-svg-title-172'>Ajouter au panier<\/title>\n<desc id='av-svg-desc-172'>Ajouter au panier<\/desc>\n<path d=\"M4.8 27.2q0-1.28 0.96-2.24t2.24-0.96q1.344 0 2.272 0.96t0.928 2.24q0 1.344-0.928 2.272t-2.272 0.928q-1.28 0-2.24-0.928t-0.96-2.272zM20.8 27.2q0-1.28 0.96-2.24t2.24-0.96q1.344 0 2.272 0.96t0.928 2.24q0 1.344-0.928 2.272t-2.272 0.928q-1.28 0-2.24-0.928t-0.96-2.272zM10.496 19.648q-1.152 0.32-1.088 0.736t1.408 0.416h17.984v2.432q0 0.64-0.64 0.64h-20.928q-0.64 0-0.64-0.64v-2.432l-0.32-1.472-3.136-14.528h-3.136v-2.56q0-0.64 0.64-0.64h4.992q0.64 0 0.64 0.64v2.752h22.528v8.768q0 0.704-0.576 0.832z\"><\/path>\n<\/svg><\/span>  Choix des options<\/a>\t<span id=\"woocommerce_loop_add_to_cart_link_describedby_2633\" class=\"screen-reader-text\">\n\t\tCe produit a plusieurs variations. Les options peuvent \u00eatre choisies sur la page du produit\t<\/span>\n<\/div><\/div><\/li>\n<li class=\"product type-product post-6851 status-publish last instock product_cat-bis-chf-30 product_cat-geschenksets has-post-thumbnail taxable shipping-taxable purchasable product-type-simple\">\n\t<div class='inner_product main_color wrapped_style noLightbox  av-product-class-'><a href=\"https:\/\/www.raffinessen.ch\/fr\/produit\/set-currys-chilis\/\" class=\"woocommerce-LoopProduct-link woocommerce-loop-product__link\"><div class=\"thumbnail_container\"><img loading=\"lazy\" decoding=\"async\" width=\"500\" height=\"500\" src=\"https:\/\/www.raffinessen.ch\/webseite\/wp-content\/uploads\/2020\/03\/Zusatzinfos-500x500.jpg\" class=\"attachment-woocommerce_thumbnail avia-product-hover\" alt=\"\" srcset=\"https:\/\/www.raffinessen.ch\/webseite\/wp-content\/uploads\/2020\/03\/Zusatzinfos-500x500.jpg 500w, https:\/\/www.raffinessen.ch\/webseite\/wp-content\/uploads\/2020\/03\/Zusatzinfos-300x300.jpg 300w, https:\/\/www.raffinessen.ch\/webseite\/wp-content\/uploads\/2020\/03\/Zusatzinfos-1030x1030.jpg 1030w, https:\/\/www.raffinessen.ch\/webseite\/wp-content\/uploads\/2020\/03\/Zusatzinfos-80x80.jpg 80w, https:\/\/www.raffinessen.ch\/webseite\/wp-content\/uploads\/2020\/03\/Zusatzinfos-768x768.jpg 768w, https:\/\/www.raffinessen.ch\/webseite\/wp-content\/uploads\/2020\/03\/Zusatzinfos-1536x1536.jpg 1536w, https:\/\/www.raffinessen.ch\/webseite\/wp-content\/uploads\/2020\/03\/Zusatzinfos-2048x2048.jpg 2048w, https:\/\/www.raffinessen.ch\/webseite\/wp-content\/uploads\/2020\/03\/Zusatzinfos-36x36.jpg 36w, https:\/\/www.raffinessen.ch\/webseite\/wp-content\/uploads\/2020\/03\/Zusatzinfos-180x180.jpg 180w, https:\/\/www.raffinessen.ch\/webseite\/wp-content\/uploads\/2020\/03\/Zusatzinfos-1500x1500.jpg 1500w, https:\/\/www.raffinessen.ch\/webseite\/wp-content\/uploads\/2020\/03\/Zusatzinfos-705x705.jpg 705w, https:\/\/www.raffinessen.ch\/webseite\/wp-content\/uploads\/2020\/03\/Zusatzinfos-100x100.jpg 100w, https:\/\/www.raffinessen.ch\/webseite\/wp-content\/uploads\/2020\/03\/Zusatzinfos-1000x1000.jpg 1000w\" sizes=\"auto, (max-width: 500px) 100vw, 500px\" \/><img decoding=\"async\" loading=\"lazy\" width=\"500\" height=\"500\" src=\"https:\/\/www.raffinessen.ch\/webseite\/wp-content\/uploads\/2020\/08\/SET_Curry-und-Chili_ohne-Habanero-500x500.jpg\" class=\"wp-image-17114 avia-img-lazy-loading-17114 attachment-woocommerce_thumbnail size-woocommerce_thumbnail wp-post-image\" alt=\"\" srcset=\"https:\/\/www.raffinessen.ch\/webseite\/wp-content\/uploads\/2020\/08\/SET_Curry-und-Chili_ohne-Habanero-500x500.jpg 500w, https:\/\/www.raffinessen.ch\/webseite\/wp-content\/uploads\/2020\/08\/SET_Curry-und-Chili_ohne-Habanero-300x300.jpg 300w, https:\/\/www.raffinessen.ch\/webseite\/wp-content\/uploads\/2020\/08\/SET_Curry-und-Chili_ohne-Habanero-1030x1030.jpg 1030w, https:\/\/www.raffinessen.ch\/webseite\/wp-content\/uploads\/2020\/08\/SET_Curry-und-Chili_ohne-Habanero-80x80.jpg 80w, https:\/\/www.raffinessen.ch\/webseite\/wp-content\/uploads\/2020\/08\/SET_Curry-und-Chili_ohne-Habanero-768x768.jpg 768w, https:\/\/www.raffinessen.ch\/webseite\/wp-content\/uploads\/2020\/08\/SET_Curry-und-Chili_ohne-Habanero-12x12.jpg 12w, https:\/\/www.raffinessen.ch\/webseite\/wp-content\/uploads\/2020\/08\/SET_Curry-und-Chili_ohne-Habanero-36x36.jpg 36w, https:\/\/www.raffinessen.ch\/webseite\/wp-content\/uploads\/2020\/08\/SET_Curry-und-Chili_ohne-Habanero-180x180.jpg 180w, https:\/\/www.raffinessen.ch\/webseite\/wp-content\/uploads\/2020\/08\/SET_Curry-und-Chili_ohne-Habanero-705x705.jpg 705w, https:\/\/www.raffinessen.ch\/webseite\/wp-content\/uploads\/2020\/08\/SET_Curry-und-Chili_ohne-Habanero-120x120.jpg 120w, https:\/\/www.raffinessen.ch\/webseite\/wp-content\/uploads\/2020\/08\/SET_Curry-und-Chili_ohne-Habanero-450x450.jpg 450w, https:\/\/www.raffinessen.ch\/webseite\/wp-content\/uploads\/2020\/08\/SET_Curry-und-Chili_ohne-Habanero-1000x1000.jpg 1000w, https:\/\/www.raffinessen.ch\/webseite\/wp-content\/uploads\/2020\/08\/SET_Curry-und-Chili_ohne-Habanero-100x100.jpg 100w, https:\/\/www.raffinessen.ch\/webseite\/wp-content\/uploads\/2020\/08\/SET_Curry-und-Chili_ohne-Habanero.jpg 1500w\" sizes=\"auto, (max-width: 500px) 100vw, 500px\" \/><span class=\"cart-loading\"><\/span><\/div><div class='inner_product_header'><div class='avia-arrow'><\/div><div class='inner_product_header_table'><div class='inner_product_header_cell'><h2 class=\"woocommerce-loop-product__title\">SET - Currys et chilis<\/h2>\n\t<span class=\"price\"><span class=\"woocommerce-Price-amount amount\"><bdi><span class=\"woocommerce-Price-currencySymbol\">&#67;&#72;&#70;<\/span>&nbsp;26.00<\/bdi><\/span> <small class=\"woocommerce-price-suffix\">TVA incluse<\/small><\/span>\n<\/div><\/div><\/div><\/a><div class='avia_cart_buttons'><a href=\"\/fr\/wp-json\/wp\/v2\/pages\/9012?add-to-cart=6851\" aria-describedby=\"woocommerce_loop_add_to_cart_link_describedby_6851\" data-quantity=\"1\" class=\"button product_type_simple add_to_cart_button ajax_add_to_cart\" data-product_id=\"6851\" data-product_sku=\"GSO-040\" aria-label=\"Ajouter au panier\u00a0: \u201cSET - Currys und Chilis\u201d\" rel=\"nofollow\" data-success_message=\"\u00ab\u00a0SET - Currys und Chilis\u00a0\u00bb a \u00e9t\u00e9 ajout\u00e9 \u00e0 votre panier\" role=\"button\" data-no-translation-aria-label=\"\" data-no-translation-data-success_message=\"\"><span class=\"avia-svg-icon avia-font-svg_entypo-fontello\" data-av_svg_icon='basket' data-av_iconset='svg_entypo-fontello'><svg version=\"1.1\" xmlns=\"http:\/\/www.w3.org\/2000\/svg\" width=\"29\" height=\"32\" viewbox=\"0 0 29 32\" preserveaspectratio=\"xMidYMid meet\" aria-labelledby='av-svg-title-173' aria-describedby='av-svg-desc-173' role=\"graphics-symbol\" aria-hidden=\"true\">\n<title id='av-svg-title-173'>Ajouter au panier<\/title>\n<desc id='av-svg-desc-173'>Ajouter au panier<\/desc>\n<path d=\"M4.8 27.2q0-1.28 0.96-2.24t2.24-0.96q1.344 0 2.272 0.96t0.928 2.24q0 1.344-0.928 2.272t-2.272 0.928q-1.28 0-2.24-0.928t-0.96-2.272zM20.8 27.2q0-1.28 0.96-2.24t2.24-0.96q1.344 0 2.272 0.96t0.928 2.24q0 1.344-0.928 2.272t-2.272 0.928q-1.28 0-2.24-0.928t-0.96-2.272zM10.496 19.648q-1.152 0.32-1.088 0.736t1.408 0.416h17.984v2.432q0 0.64-0.64 0.64h-20.928q-0.64 0-0.64-0.64v-2.432l-0.32-1.472-3.136-14.528h-3.136v-2.56q0-0.64 0.64-0.64h4.992q0.64 0 0.64 0.64v2.752h22.528v8.768q0 0.704-0.576 0.832z\"><\/path>\n<\/svg><\/span>  Ajouter au panier<\/a>\t<span id=\"woocommerce_loop_add_to_cart_link_describedby_6851\" class=\"screen-reader-text\">\n\t\t\t<\/span>\n<a class=\"button show_details_button\" href=\"https:\/\/www.raffinessen.ch\/fr\/produit\/set-currys-chilis\/\"><span class=\"avia-svg-icon avia-font-svg_entypo-fontello\" data-av_svg_icon='doc-text' data-av_iconset='svg_entypo-fontello'><svg version=\"1.1\" xmlns=\"http:\/\/www.w3.org\/2000\/svg\" width=\"22\" height=\"32\" viewbox=\"0 0 22 32\" preserveaspectratio=\"xMidYMid meet\" aria-labelledby='av-svg-title-174' aria-describedby='av-svg-desc-174' role=\"graphics-symbol\" aria-hidden=\"true\">\n<title id='av-svg-title-174'>Voir les d\u00e9tails<\/title>\n<desc id='av-svg-desc-174'>Voir les d\u00e9tails<\/desc>\n<path d=\"M6.784 17.344v-2.88h8.96v2.88h-8.96zM19.2 1.6q1.344 0 2.272 0.928t0.928 2.272v22.4q0 1.28-0.928 2.24t-2.272 0.96h-16q-1.28 0-2.24-0.96t-0.96-2.24v-22.4q0-1.344 0.96-2.272t2.24-0.928h16zM19.2 27.2v-22.4h-16v22.4h16zM15.68 8.256v2.816h-8.96v-2.816h8.96zM15.68 20.8v2.816h-8.96v-2.816h8.96z\"><\/path>\n<\/svg><\/span>  Voir les d\u00e9tails<\/a> <span class=\"button-mini-delimiter\"><\/span><\/div><\/div><\/li>\n<li class=\"product type-product post-4769 status-publish first instock product_cat-muehlen has-post-thumbnail taxable shipping-taxable purchasable product-type-simple\">\n\t<div class='inner_product main_color wrapped_style noLightbox  av-product-class-'><a href=\"https:\/\/www.raffinessen.ch\/fr\/produit\/gewuerzmuehle-miya-edelstahl\/\" class=\"woocommerce-LoopProduct-link woocommerce-loop-product__link\"><div class=\"thumbnail_container\"><img loading=\"lazy\" decoding=\"async\" width=\"500\" height=\"500\" src=\"https:\/\/www.raffinessen.ch\/webseite\/wp-content\/uploads\/2019\/12\/miya-steel-liegend-einzeln-500x500.jpg\" class=\"attachment-woocommerce_thumbnail avia-product-hover\" alt=\"\" srcset=\"https:\/\/www.raffinessen.ch\/webseite\/wp-content\/uploads\/2019\/12\/miya-steel-liegend-einzeln-500x500.jpg 500w, https:\/\/www.raffinessen.ch\/webseite\/wp-content\/uploads\/2019\/12\/miya-steel-liegend-einzeln-300x300.jpg 300w, https:\/\/www.raffinessen.ch\/webseite\/wp-content\/uploads\/2019\/12\/miya-steel-liegend-einzeln-1030x1030.jpg 1030w, https:\/\/www.raffinessen.ch\/webseite\/wp-content\/uploads\/2019\/12\/miya-steel-liegend-einzeln-80x80.jpg 80w, https:\/\/www.raffinessen.ch\/webseite\/wp-content\/uploads\/2019\/12\/miya-steel-liegend-einzeln-768x768.jpg 768w, https:\/\/www.raffinessen.ch\/webseite\/wp-content\/uploads\/2019\/12\/miya-steel-liegend-einzeln-1536x1536.jpg 1536w, https:\/\/www.raffinessen.ch\/webseite\/wp-content\/uploads\/2019\/12\/miya-steel-liegend-einzeln-36x36.jpg 36w, https:\/\/www.raffinessen.ch\/webseite\/wp-content\/uploads\/2019\/12\/miya-steel-liegend-einzeln-180x180.jpg 180w, https:\/\/www.raffinessen.ch\/webseite\/wp-content\/uploads\/2019\/12\/miya-steel-liegend-einzeln-1500x1500.jpg 1500w, https:\/\/www.raffinessen.ch\/webseite\/wp-content\/uploads\/2019\/12\/miya-steel-liegend-einzeln-705x705.jpg 705w, https:\/\/www.raffinessen.ch\/webseite\/wp-content\/uploads\/2019\/12\/miya-steel-liegend-einzeln-100x100.jpg 100w, https:\/\/www.raffinessen.ch\/webseite\/wp-content\/uploads\/2019\/12\/miya-steel-liegend-einzeln-1000x1000.jpg 1000w, https:\/\/www.raffinessen.ch\/webseite\/wp-content\/uploads\/2019\/12\/miya-steel-liegend-einzeln.jpg 2000w\" sizes=\"auto, (max-width: 500px) 100vw, 500px\" \/><img decoding=\"async\" loading=\"lazy\" width=\"500\" height=\"500\" src=\"https:\/\/www.raffinessen.ch\/webseite\/wp-content\/uploads\/2019\/12\/miya-steel-muehle-1-500x500.jpg\" class=\"wp-image-4771 avia-img-lazy-loading-4771 attachment-woocommerce_thumbnail size-woocommerce_thumbnail wp-post-image\" alt=\"\" srcset=\"https:\/\/www.raffinessen.ch\/webseite\/wp-content\/uploads\/2019\/12\/miya-steel-muehle-1-500x500.jpg 500w, https:\/\/www.raffinessen.ch\/webseite\/wp-content\/uploads\/2019\/12\/miya-steel-muehle-1-300x300.jpg 300w, https:\/\/www.raffinessen.ch\/webseite\/wp-content\/uploads\/2019\/12\/miya-steel-muehle-1-1030x1030.jpg 1030w, https:\/\/www.raffinessen.ch\/webseite\/wp-content\/uploads\/2019\/12\/miya-steel-muehle-1-80x80.jpg 80w, https:\/\/www.raffinessen.ch\/webseite\/wp-content\/uploads\/2019\/12\/miya-steel-muehle-1-768x768.jpg 768w, https:\/\/www.raffinessen.ch\/webseite\/wp-content\/uploads\/2019\/12\/miya-steel-muehle-1-1536x1536.jpg 1536w, https:\/\/www.raffinessen.ch\/webseite\/wp-content\/uploads\/2019\/12\/miya-steel-muehle-1-2048x2048.jpg 2048w, https:\/\/www.raffinessen.ch\/webseite\/wp-content\/uploads\/2019\/12\/miya-steel-muehle-1-36x36.jpg 36w, https:\/\/www.raffinessen.ch\/webseite\/wp-content\/uploads\/2019\/12\/miya-steel-muehle-1-180x180.jpg 180w, https:\/\/www.raffinessen.ch\/webseite\/wp-content\/uploads\/2019\/12\/miya-steel-muehle-1-1500x1500.jpg 1500w, https:\/\/www.raffinessen.ch\/webseite\/wp-content\/uploads\/2019\/12\/miya-steel-muehle-1-705x705.jpg 705w, https:\/\/www.raffinessen.ch\/webseite\/wp-content\/uploads\/2019\/12\/miya-steel-muehle-1-100x100.jpg 100w, https:\/\/www.raffinessen.ch\/webseite\/wp-content\/uploads\/2019\/12\/miya-steel-muehle-1-1000x1000.jpg 1000w\" sizes=\"auto, (max-width: 500px) 100vw, 500px\" \/><span class=\"cart-loading\"><\/span><\/div><div class='inner_product_header'><div class='avia-arrow'><\/div><div class='inner_product_header_table'><div class='inner_product_header_cell'><h2 class=\"woocommerce-loop-product__title\">Moulin \u00e0 \u00e9pices MIYA Acier inoxydable<\/h2>\n\t<span class=\"price\"><span class=\"woocommerce-Price-amount amount\"><bdi><span class=\"woocommerce-Price-currencySymbol\">&#67;&#72;&#70;<\/span>&nbsp;30.00<\/bdi><\/span> <small class=\"woocommerce-price-suffix\">TVA incluse<\/small><\/span>\n<\/div><\/div><\/div><\/a><div class='avia_cart_buttons'><a href=\"\/fr\/wp-json\/wp\/v2\/pages\/9012?add-to-cart=4769\" aria-describedby=\"woocommerce_loop_add_to_cart_link_describedby_4769\" data-quantity=\"1\" class=\"button product_type_simple add_to_cart_button ajax_add_to_cart\" data-product_id=\"4769\" data-product_sku=\"GWO-004\" aria-label=\"Ajouter au panier\u00a0: \u201cGew\u00fcrzm\u00fchle MIYA Edelstahl\u201d\" rel=\"nofollow\" data-success_message=\"\u00ab\u00a0Gew\u00fcrzm\u00fchle MIYA Edelstahl\u00a0\u00bb a \u00e9t\u00e9 ajout\u00e9 \u00e0 votre panier\" role=\"button\" data-no-translation-aria-label=\"\" data-no-translation-data-success_message=\"\"><span class=\"avia-svg-icon avia-font-svg_entypo-fontello\" data-av_svg_icon='basket' data-av_iconset='svg_entypo-fontello'><svg version=\"1.1\" xmlns=\"http:\/\/www.w3.org\/2000\/svg\" width=\"29\" height=\"32\" viewbox=\"0 0 29 32\" preserveaspectratio=\"xMidYMid meet\" aria-labelledby='av-svg-title-175' aria-describedby='av-svg-desc-175' role=\"graphics-symbol\" aria-hidden=\"true\">\n<title id='av-svg-title-175'>Ajouter au panier<\/title>\n<desc id='av-svg-desc-175'>Ajouter au panier<\/desc>\n<path d=\"M4.8 27.2q0-1.28 0.96-2.24t2.24-0.96q1.344 0 2.272 0.96t0.928 2.24q0 1.344-0.928 2.272t-2.272 0.928q-1.28 0-2.24-0.928t-0.96-2.272zM20.8 27.2q0-1.28 0.96-2.24t2.24-0.96q1.344 0 2.272 0.96t0.928 2.24q0 1.344-0.928 2.272t-2.272 0.928q-1.28 0-2.24-0.928t-0.96-2.272zM10.496 19.648q-1.152 0.32-1.088 0.736t1.408 0.416h17.984v2.432q0 0.64-0.64 0.64h-20.928q-0.64 0-0.64-0.64v-2.432l-0.32-1.472-3.136-14.528h-3.136v-2.56q0-0.64 0.64-0.64h4.992q0.64 0 0.64 0.64v2.752h22.528v8.768q0 0.704-0.576 0.832z\"><\/path>\n<\/svg><\/span>  Ajouter au panier<\/a>\t<span id=\"woocommerce_loop_add_to_cart_link_describedby_4769\" class=\"screen-reader-text\">\n\t\t\t<\/span>\n<a class=\"button show_details_button\" href=\"https:\/\/www.raffinessen.ch\/fr\/produit\/gewuerzmuehle-miya-edelstahl\/\"><span class=\"avia-svg-icon avia-font-svg_entypo-fontello\" data-av_svg_icon='doc-text' data-av_iconset='svg_entypo-fontello'><svg version=\"1.1\" xmlns=\"http:\/\/www.w3.org\/2000\/svg\" width=\"22\" height=\"32\" viewbox=\"0 0 22 32\" preserveaspectratio=\"xMidYMid meet\" aria-labelledby='av-svg-title-176' aria-describedby='av-svg-desc-176' role=\"graphics-symbol\" aria-hidden=\"true\">\n<title id='av-svg-title-176'>Voir les d\u00e9tails<\/title>\n<desc id='av-svg-desc-176'>Voir les d\u00e9tails<\/desc>\n<path d=\"M6.784 17.344v-2.88h8.96v2.88h-8.96zM19.2 1.6q1.344 0 2.272 0.928t0.928 2.272v22.4q0 1.28-0.928 2.24t-2.272 0.96h-16q-1.28 0-2.24-0.96t-0.96-2.24v-22.4q0-1.344 0.96-2.272t2.24-0.928h16zM19.2 27.2v-22.4h-16v22.4h16zM15.68 8.256v2.816h-8.96v-2.816h8.96zM15.68 20.8v2.816h-8.96v-2.816h8.96z\"><\/path>\n<\/svg><\/span>  Voir les d\u00e9tails<\/a> <span class=\"button-mini-delimiter\"><\/span><\/div><\/div><\/li>\n<li class=\"product type-product post-6519 status-publish instock product_cat-gemahlen product_cat-gewuerz-mischungen has-post-thumbnail taxable shipping-taxable purchasable product-type-simple\">\n\t<div class='inner_product main_color wrapped_style noLightbox  av-product-class-'><a href=\"https:\/\/www.raffinessen.ch\/fr\/produit\/amalfi\/\" class=\"woocommerce-LoopProduct-link woocommerce-loop-product__link\"><div class=\"thumbnail_container\"><img loading=\"lazy\" decoding=\"async\" width=\"500\" height=\"500\" src=\"https:\/\/www.raffinessen.ch\/webseite\/wp-content\/uploads\/2020\/07\/amalfi-beutel-500x500.jpg\" class=\"attachment-woocommerce_thumbnail avia-product-hover\" alt=\"\" srcset=\"https:\/\/www.raffinessen.ch\/webseite\/wp-content\/uploads\/2020\/07\/amalfi-beutel-500x500.jpg 500w, https:\/\/www.raffinessen.ch\/webseite\/wp-content\/uploads\/2020\/07\/amalfi-beutel-300x300.jpg 300w, https:\/\/www.raffinessen.ch\/webseite\/wp-content\/uploads\/2020\/07\/amalfi-beutel-1030x1030.jpg 1030w, https:\/\/www.raffinessen.ch\/webseite\/wp-content\/uploads\/2020\/07\/amalfi-beutel-80x80.jpg 80w, https:\/\/www.raffinessen.ch\/webseite\/wp-content\/uploads\/2020\/07\/amalfi-beutel-768x768.jpg 768w, https:\/\/www.raffinessen.ch\/webseite\/wp-content\/uploads\/2020\/07\/amalfi-beutel-1536x1536.jpg 1536w, https:\/\/www.raffinessen.ch\/webseite\/wp-content\/uploads\/2020\/07\/amalfi-beutel-36x36.jpg 36w, https:\/\/www.raffinessen.ch\/webseite\/wp-content\/uploads\/2020\/07\/amalfi-beutel-180x180.jpg 180w, https:\/\/www.raffinessen.ch\/webseite\/wp-content\/uploads\/2020\/07\/amalfi-beutel-1500x1500.jpg 1500w, https:\/\/www.raffinessen.ch\/webseite\/wp-content\/uploads\/2020\/07\/amalfi-beutel-705x705.jpg 705w, https:\/\/www.raffinessen.ch\/webseite\/wp-content\/uploads\/2020\/07\/amalfi-beutel-100x100.jpg 100w, https:\/\/www.raffinessen.ch\/webseite\/wp-content\/uploads\/2020\/07\/amalfi-beutel-1000x1000.jpg 1000w, https:\/\/www.raffinessen.ch\/webseite\/wp-content\/uploads\/2020\/07\/amalfi-beutel.jpg 2000w\" sizes=\"auto, (max-width: 500px) 100vw, 500px\" \/><img decoding=\"async\" loading=\"lazy\" width=\"500\" height=\"500\" src=\"https:\/\/www.raffinessen.ch\/webseite\/wp-content\/uploads\/2020\/03\/amalfi-gewuerz-kreis-raffinessen-500x500.jpg\" class=\"wp-image-5124 avia-img-lazy-loading-5124 attachment-woocommerce_thumbnail size-woocommerce_thumbnail wp-post-image\" alt=\"\" srcset=\"https:\/\/www.raffinessen.ch\/webseite\/wp-content\/uploads\/2020\/03\/amalfi-gewuerz-kreis-raffinessen-500x500.jpg 500w, https:\/\/www.raffinessen.ch\/webseite\/wp-content\/uploads\/2020\/03\/amalfi-gewuerz-kreis-raffinessen-300x300.jpg 300w, https:\/\/www.raffinessen.ch\/webseite\/wp-content\/uploads\/2020\/03\/amalfi-gewuerz-kreis-raffinessen-1030x1030.jpg 1030w, https:\/\/www.raffinessen.ch\/webseite\/wp-content\/uploads\/2020\/03\/amalfi-gewuerz-kreis-raffinessen-80x80.jpg 80w, https:\/\/www.raffinessen.ch\/webseite\/wp-content\/uploads\/2020\/03\/amalfi-gewuerz-kreis-raffinessen-768x768.jpg 768w, https:\/\/www.raffinessen.ch\/webseite\/wp-content\/uploads\/2020\/03\/amalfi-gewuerz-kreis-raffinessen-1536x1536.jpg 1536w, https:\/\/www.raffinessen.ch\/webseite\/wp-content\/uploads\/2020\/03\/amalfi-gewuerz-kreis-raffinessen-2048x2048.jpg 2048w, https:\/\/www.raffinessen.ch\/webseite\/wp-content\/uploads\/2020\/03\/amalfi-gewuerz-kreis-raffinessen-36x36.jpg 36w, https:\/\/www.raffinessen.ch\/webseite\/wp-content\/uploads\/2020\/03\/amalfi-gewuerz-kreis-raffinessen-180x180.jpg 180w, https:\/\/www.raffinessen.ch\/webseite\/wp-content\/uploads\/2020\/03\/amalfi-gewuerz-kreis-raffinessen-1500x1500.jpg 1500w, https:\/\/www.raffinessen.ch\/webseite\/wp-content\/uploads\/2020\/03\/amalfi-gewuerz-kreis-raffinessen-705x705.jpg 705w, https:\/\/www.raffinessen.ch\/webseite\/wp-content\/uploads\/2020\/03\/amalfi-gewuerz-kreis-raffinessen-100x100.jpg 100w, https:\/\/www.raffinessen.ch\/webseite\/wp-content\/uploads\/2020\/03\/amalfi-gewuerz-kreis-raffinessen-1000x1000.jpg 1000w\" sizes=\"auto, (max-width: 500px) 100vw, 500px\" \/><span class=\"cart-loading\"><\/span><\/div><div class='inner_product_header'><div class='avia-arrow'><\/div><div class='inner_product_header_table'><div class='inner_product_header_cell'><h2 class=\"woocommerce-loop-product__title\">Amalfi<\/h2>\n\t<span class=\"price\"><span class=\"woocommerce-Price-amount amount\"><bdi><span class=\"woocommerce-Price-currencySymbol\">&#67;&#72;&#70;<\/span>&nbsp;6.00<\/bdi><\/span> <small class=\"woocommerce-price-suffix\">TVA incluse<\/small><\/span>\n<\/div><\/div><\/div><\/a><div class='avia_cart_buttons'><a href=\"\/fr\/wp-json\/wp\/v2\/pages\/9012?add-to-cart=6519\" aria-describedby=\"woocommerce_loop_add_to_cart_link_describedby_6519\" data-quantity=\"1\" class=\"button product_type_simple add_to_cart_button ajax_add_to_cart\" data-product_id=\"6519\" data-product_sku=\"FPO-S003-90\" aria-label=\"Ajouter au panier\u00a0: \u201cAmalfi\u201d\" rel=\"nofollow\" data-success_message=\"\u00ab\u00a0Amalfi\u00a0\u00bb a \u00e9t\u00e9 ajout\u00e9 \u00e0 votre panier\" role=\"button\" data-no-translation-aria-label=\"\" data-no-translation-data-success_message=\"\"><span class=\"avia-svg-icon avia-font-svg_entypo-fontello\" data-av_svg_icon='basket' data-av_iconset='svg_entypo-fontello'><svg version=\"1.1\" xmlns=\"http:\/\/www.w3.org\/2000\/svg\" width=\"29\" height=\"32\" viewbox=\"0 0 29 32\" preserveaspectratio=\"xMidYMid meet\" aria-labelledby='av-svg-title-177' aria-describedby='av-svg-desc-177' role=\"graphics-symbol\" aria-hidden=\"true\">\n<title id='av-svg-title-177'>Ajouter au panier<\/title>\n<desc id='av-svg-desc-177'>Ajouter au panier<\/desc>\n<path d=\"M4.8 27.2q0-1.28 0.96-2.24t2.24-0.96q1.344 0 2.272 0.96t0.928 2.24q0 1.344-0.928 2.272t-2.272 0.928q-1.28 0-2.24-0.928t-0.96-2.272zM20.8 27.2q0-1.28 0.96-2.24t2.24-0.96q1.344 0 2.272 0.96t0.928 2.24q0 1.344-0.928 2.272t-2.272 0.928q-1.28 0-2.24-0.928t-0.96-2.272zM10.496 19.648q-1.152 0.32-1.088 0.736t1.408 0.416h17.984v2.432q0 0.64-0.64 0.64h-20.928q-0.64 0-0.64-0.64v-2.432l-0.32-1.472-3.136-14.528h-3.136v-2.56q0-0.64 0.64-0.64h4.992q0.64 0 0.64 0.64v2.752h22.528v8.768q0 0.704-0.576 0.832z\"><\/path>\n<\/svg><\/span>  Ajouter au panier<\/a>\t<span id=\"woocommerce_loop_add_to_cart_link_describedby_6519\" class=\"screen-reader-text\">\n\t\t\t<\/span>\n<a class=\"button show_details_button\" href=\"https:\/\/www.raffinessen.ch\/fr\/produit\/amalfi\/\"><span class=\"avia-svg-icon avia-font-svg_entypo-fontello\" data-av_svg_icon='doc-text' data-av_iconset='svg_entypo-fontello'><svg version=\"1.1\" xmlns=\"http:\/\/www.w3.org\/2000\/svg\" width=\"22\" height=\"32\" viewbox=\"0 0 22 32\" preserveaspectratio=\"xMidYMid meet\" aria-labelledby='av-svg-title-178' aria-describedby='av-svg-desc-178' role=\"graphics-symbol\" aria-hidden=\"true\">\n<title id='av-svg-title-178'>Voir les d\u00e9tails<\/title>\n<desc id='av-svg-desc-178'>Voir les d\u00e9tails<\/desc>\n<path d=\"M6.784 17.344v-2.88h8.96v2.88h-8.96zM19.2 1.6q1.344 0 2.272 0.928t0.928 2.272v22.4q0 1.28-0.928 2.24t-2.272 0.96h-16q-1.28 0-2.24-0.96t-0.96-2.24v-22.4q0-1.344 0.96-2.272t2.24-0.928h16zM19.2 27.2v-22.4h-16v22.4h16zM15.68 8.256v2.816h-8.96v-2.816h8.96zM15.68 20.8v2.816h-8.96v-2.816h8.96z\"><\/path>\n<\/svg><\/span>  Voir les d\u00e9tails<\/a> <span class=\"button-mini-delimiter\"><\/span><\/div><\/div><\/li>\n<li class=\"product type-product post-8019 status-publish instock product_cat-bis-chf-30 product_cat-geschenksets product_cat-neu product_cat-top4 has-post-thumbnail taxable shipping-taxable purchasable product-type-simple\">\n\t<div class='inner_product main_color wrapped_style noLightbox  av-product-class-'><a href=\"https:\/\/www.raffinessen.ch\/fr\/produit\/set-baerner-sauz-u-pfaeffer\/\" class=\"woocommerce-LoopProduct-link woocommerce-loop-product__link\"><div class=\"thumbnail_container\"><img loading=\"lazy\" decoding=\"async\" width=\"500\" height=\"500\" src=\"https:\/\/www.raffinessen.ch\/webseite\/wp-content\/uploads\/2021\/03\/SET-MM2x-Baerner-Sauz-u-Pfaeffer-Box-500x500.jpg\" class=\"attachment-woocommerce_thumbnail avia-product-hover\" alt=\"\" srcset=\"https:\/\/www.raffinessen.ch\/webseite\/wp-content\/uploads\/2021\/03\/SET-MM2x-Baerner-Sauz-u-Pfaeffer-Box-500x500.jpg 500w, https:\/\/www.raffinessen.ch\/webseite\/wp-content\/uploads\/2021\/03\/SET-MM2x-Baerner-Sauz-u-Pfaeffer-Box-300x300.jpg 300w, https:\/\/www.raffinessen.ch\/webseite\/wp-content\/uploads\/2021\/03\/SET-MM2x-Baerner-Sauz-u-Pfaeffer-Box-1030x1030.jpg 1030w, https:\/\/www.raffinessen.ch\/webseite\/wp-content\/uploads\/2021\/03\/SET-MM2x-Baerner-Sauz-u-Pfaeffer-Box-80x80.jpg 80w, https:\/\/www.raffinessen.ch\/webseite\/wp-content\/uploads\/2021\/03\/SET-MM2x-Baerner-Sauz-u-Pfaeffer-Box-768x768.jpg 768w, https:\/\/www.raffinessen.ch\/webseite\/wp-content\/uploads\/2021\/03\/SET-MM2x-Baerner-Sauz-u-Pfaeffer-Box-36x36.jpg 36w, https:\/\/www.raffinessen.ch\/webseite\/wp-content\/uploads\/2021\/03\/SET-MM2x-Baerner-Sauz-u-Pfaeffer-Box-180x180.jpg 180w, https:\/\/www.raffinessen.ch\/webseite\/wp-content\/uploads\/2021\/03\/SET-MM2x-Baerner-Sauz-u-Pfaeffer-Box-705x705.jpg 705w, https:\/\/www.raffinessen.ch\/webseite\/wp-content\/uploads\/2021\/03\/SET-MM2x-Baerner-Sauz-u-Pfaeffer-Box-100x100.jpg 100w, https:\/\/www.raffinessen.ch\/webseite\/wp-content\/uploads\/2021\/03\/SET-MM2x-Baerner-Sauz-u-Pfaeffer-Box-1000x1000.jpg 1000w, https:\/\/www.raffinessen.ch\/webseite\/wp-content\/uploads\/2021\/03\/SET-MM2x-Baerner-Sauz-u-Pfaeffer-Box.jpg 1500w\" sizes=\"auto, (max-width: 500px) 100vw, 500px\" \/><img decoding=\"async\" loading=\"lazy\" width=\"500\" height=\"500\" src=\"https:\/\/www.raffinessen.ch\/webseite\/wp-content\/uploads\/2021\/03\/SET-MM2x-Baerner-Sauz-u-Pfaeffer2-500x500.jpg\" class=\"wp-image-8021 avia-img-lazy-loading-8021 attachment-woocommerce_thumbnail size-woocommerce_thumbnail wp-post-image\" alt=\"\" srcset=\"https:\/\/www.raffinessen.ch\/webseite\/wp-content\/uploads\/2021\/03\/SET-MM2x-Baerner-Sauz-u-Pfaeffer2-500x500.jpg 500w, https:\/\/www.raffinessen.ch\/webseite\/wp-content\/uploads\/2021\/03\/SET-MM2x-Baerner-Sauz-u-Pfaeffer2-300x300.jpg 300w, https:\/\/www.raffinessen.ch\/webseite\/wp-content\/uploads\/2021\/03\/SET-MM2x-Baerner-Sauz-u-Pfaeffer2-1030x1030.jpg 1030w, https:\/\/www.raffinessen.ch\/webseite\/wp-content\/uploads\/2021\/03\/SET-MM2x-Baerner-Sauz-u-Pfaeffer2-80x80.jpg 80w, https:\/\/www.raffinessen.ch\/webseite\/wp-content\/uploads\/2021\/03\/SET-MM2x-Baerner-Sauz-u-Pfaeffer2-768x768.jpg 768w, https:\/\/www.raffinessen.ch\/webseite\/wp-content\/uploads\/2021\/03\/SET-MM2x-Baerner-Sauz-u-Pfaeffer2-36x36.jpg 36w, https:\/\/www.raffinessen.ch\/webseite\/wp-content\/uploads\/2021\/03\/SET-MM2x-Baerner-Sauz-u-Pfaeffer2-180x180.jpg 180w, https:\/\/www.raffinessen.ch\/webseite\/wp-content\/uploads\/2021\/03\/SET-MM2x-Baerner-Sauz-u-Pfaeffer2-705x705.jpg 705w, https:\/\/www.raffinessen.ch\/webseite\/wp-content\/uploads\/2021\/03\/SET-MM2x-Baerner-Sauz-u-Pfaeffer2-100x100.jpg 100w, https:\/\/www.raffinessen.ch\/webseite\/wp-content\/uploads\/2021\/03\/SET-MM2x-Baerner-Sauz-u-Pfaeffer2-1000x1000.jpg 1000w, https:\/\/www.raffinessen.ch\/webseite\/wp-content\/uploads\/2021\/03\/SET-MM2x-Baerner-Sauz-u-Pfaeffer2.jpg 1500w\" sizes=\"auto, (max-width: 500px) 100vw, 500px\" \/><span class=\"cart-loading\"><\/span><\/div><div class='inner_product_header'><div class='avia-arrow'><\/div><div class='inner_product_header_table'><div class='inner_product_header_cell'><h2 class=\"woocommerce-loop-product__title\">SET - B\u00e4rner Sauz u Pf\u00e4ffer<\/h2>\n\t<span class=\"price\"><span class=\"woocommerce-Price-amount amount\"><bdi><span class=\"woocommerce-Price-currencySymbol\">&#67;&#72;&#70;<\/span>&nbsp;25.00<\/bdi><\/span> <small class=\"woocommerce-price-suffix\">TVA incluse<\/small><\/span>\n<\/div><\/div><\/div><\/a><div class='avia_cart_buttons'><a href=\"\/fr\/wp-json\/wp\/v2\/pages\/9012?add-to-cart=8019\" aria-describedby=\"woocommerce_loop_add_to_cart_link_describedby_8019\" data-quantity=\"1\" class=\"button product_type_simple add_to_cart_button ajax_add_to_cart\" data-product_id=\"8019\" data-product_sku=\"GSO-043\" aria-label=\"Ajouter au panier\u00a0: \u201cSET - B\u00e4rner Sauz u Pf\u00e4ffer\u201d\" rel=\"nofollow\" data-success_message=\"\u00ab\u00a0SET - B\u00e4rner Sauz u Pf\u00e4ffer\u00a0\u00bb a \u00e9t\u00e9 ajout\u00e9 \u00e0 votre panier\" role=\"button\" data-no-translation-aria-label=\"\" data-no-translation-data-success_message=\"\"><span class=\"avia-svg-icon avia-font-svg_entypo-fontello\" data-av_svg_icon='basket' data-av_iconset='svg_entypo-fontello'><svg version=\"1.1\" xmlns=\"http:\/\/www.w3.org\/2000\/svg\" width=\"29\" height=\"32\" viewbox=\"0 0 29 32\" preserveaspectratio=\"xMidYMid meet\" aria-labelledby='av-svg-title-179' aria-describedby='av-svg-desc-179' role=\"graphics-symbol\" aria-hidden=\"true\">\n<title id='av-svg-title-179'>Ajouter au panier<\/title>\n<desc id='av-svg-desc-179'>Ajouter au panier<\/desc>\n<path d=\"M4.8 27.2q0-1.28 0.96-2.24t2.24-0.96q1.344 0 2.272 0.96t0.928 2.24q0 1.344-0.928 2.272t-2.272 0.928q-1.28 0-2.24-0.928t-0.96-2.272zM20.8 27.2q0-1.28 0.96-2.24t2.24-0.96q1.344 0 2.272 0.96t0.928 2.24q0 1.344-0.928 2.272t-2.272 0.928q-1.28 0-2.24-0.928t-0.96-2.272zM10.496 19.648q-1.152 0.32-1.088 0.736t1.408 0.416h17.984v2.432q0 0.64-0.64 0.64h-20.928q-0.64 0-0.64-0.64v-2.432l-0.32-1.472-3.136-14.528h-3.136v-2.56q0-0.64 0.64-0.64h4.992q0.64 0 0.64 0.64v2.752h22.528v8.768q0 0.704-0.576 0.832z\"><\/path>\n<\/svg><\/span>  Ajouter au panier<\/a>\t<span id=\"woocommerce_loop_add_to_cart_link_describedby_8019\" class=\"screen-reader-text\">\n\t\t\t<\/span>\n<a class=\"button show_details_button\" href=\"https:\/\/www.raffinessen.ch\/fr\/produit\/set-baerner-sauz-u-pfaeffer\/\"><span class=\"avia-svg-icon avia-font-svg_entypo-fontello\" data-av_svg_icon='doc-text' data-av_iconset='svg_entypo-fontello'><svg version=\"1.1\" xmlns=\"http:\/\/www.w3.org\/2000\/svg\" width=\"22\" height=\"32\" viewbox=\"0 0 22 32\" preserveaspectratio=\"xMidYMid meet\" aria-labelledby='av-svg-title-180' aria-describedby='av-svg-desc-180' role=\"graphics-symbol\" aria-hidden=\"true\">\n<title id='av-svg-title-180'>Voir les d\u00e9tails<\/title>\n<desc id='av-svg-desc-180'>Voir les d\u00e9tails<\/desc>\n<path d=\"M6.784 17.344v-2.88h8.96v2.88h-8.96zM19.2 1.6q1.344 0 2.272 0.928t0.928 2.272v22.4q0 1.28-0.928 2.24t-2.272 0.96h-16q-1.28 0-2.24-0.96t-0.96-2.24v-22.4q0-1.344 0.96-2.272t2.24-0.928h16zM19.2 27.2v-22.4h-16v22.4h16zM15.68 8.256v2.816h-8.96v-2.816h8.96zM15.68 20.8v2.816h-8.96v-2.816h8.96z\"><\/path>\n<\/svg><\/span>  Voir les d\u00e9tails<\/a> <span class=\"button-mini-delimiter\"><\/span><\/div><\/div><\/li>\n<li class=\"product type-product post-8451 status-publish last instock product_cat-bis-chf-30 product_cat-geschenksets has-post-thumbnail taxable shipping-taxable purchasable product-type-simple\">\n\t<div class='inner_product main_color wrapped_style noLightbox  av-product-class-'><a href=\"https:\/\/www.raffinessen.ch\/fr\/produit\/wuerzige-fruechtchen\/\" class=\"woocommerce-LoopProduct-link woocommerce-loop-product__link\"><div class=\"thumbnail_container\"><img loading=\"lazy\" decoding=\"async\" width=\"500\" height=\"500\" src=\"https:\/\/www.raffinessen.ch\/webseite\/wp-content\/uploads\/2020\/03\/Zusatzinfos-500x500.jpg\" class=\"attachment-woocommerce_thumbnail avia-product-hover\" alt=\"\" srcset=\"https:\/\/www.raffinessen.ch\/webseite\/wp-content\/uploads\/2020\/03\/Zusatzinfos-500x500.jpg 500w, https:\/\/www.raffinessen.ch\/webseite\/wp-content\/uploads\/2020\/03\/Zusatzinfos-300x300.jpg 300w, https:\/\/www.raffinessen.ch\/webseite\/wp-content\/uploads\/2020\/03\/Zusatzinfos-1030x1030.jpg 1030w, https:\/\/www.raffinessen.ch\/webseite\/wp-content\/uploads\/2020\/03\/Zusatzinfos-80x80.jpg 80w, https:\/\/www.raffinessen.ch\/webseite\/wp-content\/uploads\/2020\/03\/Zusatzinfos-768x768.jpg 768w, https:\/\/www.raffinessen.ch\/webseite\/wp-content\/uploads\/2020\/03\/Zusatzinfos-1536x1536.jpg 1536w, https:\/\/www.raffinessen.ch\/webseite\/wp-content\/uploads\/2020\/03\/Zusatzinfos-2048x2048.jpg 2048w, https:\/\/www.raffinessen.ch\/webseite\/wp-content\/uploads\/2020\/03\/Zusatzinfos-36x36.jpg 36w, https:\/\/www.raffinessen.ch\/webseite\/wp-content\/uploads\/2020\/03\/Zusatzinfos-180x180.jpg 180w, https:\/\/www.raffinessen.ch\/webseite\/wp-content\/uploads\/2020\/03\/Zusatzinfos-1500x1500.jpg 1500w, https:\/\/www.raffinessen.ch\/webseite\/wp-content\/uploads\/2020\/03\/Zusatzinfos-705x705.jpg 705w, https:\/\/www.raffinessen.ch\/webseite\/wp-content\/uploads\/2020\/03\/Zusatzinfos-100x100.jpg 100w, https:\/\/www.raffinessen.ch\/webseite\/wp-content\/uploads\/2020\/03\/Zusatzinfos-1000x1000.jpg 1000w\" sizes=\"auto, (max-width: 500px) 100vw, 500px\" \/><img decoding=\"async\" loading=\"lazy\" width=\"500\" height=\"500\" src=\"https:\/\/www.raffinessen.ch\/webseite\/wp-content\/uploads\/2021\/05\/SET_Veracruz-Rio-Branco-Quebec-500x500.jpg\" class=\"wp-image-8452 avia-img-lazy-loading-8452 attachment-woocommerce_thumbnail size-woocommerce_thumbnail wp-post-image\" alt=\"\" srcset=\"https:\/\/www.raffinessen.ch\/webseite\/wp-content\/uploads\/2021\/05\/SET_Veracruz-Rio-Branco-Quebec-500x500.jpg 500w, https:\/\/www.raffinessen.ch\/webseite\/wp-content\/uploads\/2021\/05\/SET_Veracruz-Rio-Branco-Quebec-300x300.jpg 300w, https:\/\/www.raffinessen.ch\/webseite\/wp-content\/uploads\/2021\/05\/SET_Veracruz-Rio-Branco-Quebec-1030x1030.jpg 1030w, https:\/\/www.raffinessen.ch\/webseite\/wp-content\/uploads\/2021\/05\/SET_Veracruz-Rio-Branco-Quebec-80x80.jpg 80w, https:\/\/www.raffinessen.ch\/webseite\/wp-content\/uploads\/2021\/05\/SET_Veracruz-Rio-Branco-Quebec-768x768.jpg 768w, https:\/\/www.raffinessen.ch\/webseite\/wp-content\/uploads\/2021\/05\/SET_Veracruz-Rio-Branco-Quebec-36x36.jpg 36w, https:\/\/www.raffinessen.ch\/webseite\/wp-content\/uploads\/2021\/05\/SET_Veracruz-Rio-Branco-Quebec-180x180.jpg 180w, https:\/\/www.raffinessen.ch\/webseite\/wp-content\/uploads\/2021\/05\/SET_Veracruz-Rio-Branco-Quebec-705x705.jpg 705w, https:\/\/www.raffinessen.ch\/webseite\/wp-content\/uploads\/2021\/05\/SET_Veracruz-Rio-Branco-Quebec-100x100.jpg 100w, https:\/\/www.raffinessen.ch\/webseite\/wp-content\/uploads\/2021\/05\/SET_Veracruz-Rio-Branco-Quebec-1000x1000.jpg 1000w, https:\/\/www.raffinessen.ch\/webseite\/wp-content\/uploads\/2021\/05\/SET_Veracruz-Rio-Branco-Quebec.jpg 1500w\" sizes=\"auto, (max-width: 500px) 100vw, 500px\" \/><span class=\"cart-loading\"><\/span><\/div><div class='inner_product_header'><div class='avia-arrow'><\/div><div class='inner_product_header_table'><div class='inner_product_header_cell'><h2 class=\"woocommerce-loop-product__title\">SET - Fruits \u00e9pic\u00e9s<\/h2>\n\t<span class=\"price\"><span class=\"woocommerce-Price-amount amount\"><bdi><span class=\"woocommerce-Price-currencySymbol\">&#67;&#72;&#70;<\/span>&nbsp;26.00<\/bdi><\/span> <small class=\"woocommerce-price-suffix\">TVA incluse<\/small><\/span>\n<\/div><\/div><\/div><\/a><div class='avia_cart_buttons'><a href=\"\/fr\/wp-json\/wp\/v2\/pages\/9012?add-to-cart=8451\" aria-describedby=\"woocommerce_loop_add_to_cart_link_describedby_8451\" data-quantity=\"1\" class=\"button product_type_simple add_to_cart_button ajax_add_to_cart\" data-product_id=\"8451\" data-product_sku=\"GSO-044\" aria-label=\"Ajouter au panier\u00a0: \u201cSET - W\u00fcrzige Fr\u00fcchtchen\u201d\" rel=\"nofollow\" data-success_message=\"\u00ab\u00a0SET - W\u00fcrzige Fr\u00fcchtchen\u00a0\u00bb a \u00e9t\u00e9 ajout\u00e9 \u00e0 votre panier\" role=\"button\" data-no-translation-aria-label=\"\" data-no-translation-data-success_message=\"\"><span class=\"avia-svg-icon avia-font-svg_entypo-fontello\" data-av_svg_icon='basket' data-av_iconset='svg_entypo-fontello'><svg version=\"1.1\" xmlns=\"http:\/\/www.w3.org\/2000\/svg\" width=\"29\" height=\"32\" viewbox=\"0 0 29 32\" preserveaspectratio=\"xMidYMid meet\" aria-labelledby='av-svg-title-181' aria-describedby='av-svg-desc-181' role=\"graphics-symbol\" aria-hidden=\"true\">\n<title id='av-svg-title-181'>Ajouter au panier<\/title>\n<desc id='av-svg-desc-181'>Ajouter au panier<\/desc>\n<path d=\"M4.8 27.2q0-1.28 0.96-2.24t2.24-0.96q1.344 0 2.272 0.96t0.928 2.24q0 1.344-0.928 2.272t-2.272 0.928q-1.28 0-2.24-0.928t-0.96-2.272zM20.8 27.2q0-1.28 0.96-2.24t2.24-0.96q1.344 0 2.272 0.96t0.928 2.24q0 1.344-0.928 2.272t-2.272 0.928q-1.28 0-2.24-0.928t-0.96-2.272zM10.496 19.648q-1.152 0.32-1.088 0.736t1.408 0.416h17.984v2.432q0 0.64-0.64 0.64h-20.928q-0.64 0-0.64-0.64v-2.432l-0.32-1.472-3.136-14.528h-3.136v-2.56q0-0.64 0.64-0.64h4.992q0.64 0 0.64 0.64v2.752h22.528v8.768q0 0.704-0.576 0.832z\"><\/path>\n<\/svg><\/span>  Ajouter au panier<\/a>\t<span id=\"woocommerce_loop_add_to_cart_link_describedby_8451\" class=\"screen-reader-text\">\n\t\t\t<\/span>\n<a class=\"button show_details_button\" href=\"https:\/\/www.raffinessen.ch\/fr\/produit\/wuerzige-fruechtchen\/\"><span class=\"avia-svg-icon avia-font-svg_entypo-fontello\" data-av_svg_icon='doc-text' data-av_iconset='svg_entypo-fontello'><svg version=\"1.1\" xmlns=\"http:\/\/www.w3.org\/2000\/svg\" width=\"22\" height=\"32\" viewbox=\"0 0 22 32\" preserveaspectratio=\"xMidYMid meet\" aria-labelledby='av-svg-title-182' aria-describedby='av-svg-desc-182' role=\"graphics-symbol\" aria-hidden=\"true\">\n<title id='av-svg-title-182'>Voir les d\u00e9tails<\/title>\n<desc id='av-svg-desc-182'>Voir les d\u00e9tails<\/desc>\n<path d=\"M6.784 17.344v-2.88h8.96v2.88h-8.96zM19.2 1.6q1.344 0 2.272 0.928t0.928 2.272v22.4q0 1.28-0.928 2.24t-2.272 0.96h-16q-1.28 0-2.24-0.96t-0.96-2.24v-22.4q0-1.344 0.96-2.272t2.24-0.928h16zM19.2 27.2v-22.4h-16v22.4h16zM15.68 8.256v2.816h-8.96v-2.816h8.96zM15.68 20.8v2.816h-8.96v-2.816h8.96z\"><\/path>\n<\/svg><\/span>  Voir les d\u00e9tails<\/a> <span class=\"button-mini-delimiter\"><\/span><\/div><\/div><\/li>\n<li class=\"product type-product post-4513 status-publish first instock product_cat-einzel-gewuerze product_cat-gewuerze-einzeln product_cat-unkategorisiert has-post-thumbnail taxable shipping-taxable purchasable product-type-simple\">\n\t<div class='inner_product main_color wrapped_style noLightbox  av-product-class-'><a href=\"https:\/\/www.raffinessen.ch\/fr\/produit\/grobes-meersalz-aus-kampot-333g\/\" class=\"woocommerce-LoopProduct-link woocommerce-loop-product__link\"><div class=\"thumbnail_container\"><img loading=\"lazy\" decoding=\"async\" width=\"500\" height=\"500\" src=\"https:\/\/www.raffinessen.ch\/webseite\/wp-content\/uploads\/2019\/11\/meersalz-kambodscha-raffinessen-grosser-beutel-500x500.jpg\" class=\"attachment-woocommerce_thumbnail avia-product-hover\" alt=\"\" srcset=\"https:\/\/www.raffinessen.ch\/webseite\/wp-content\/uploads\/2019\/11\/meersalz-kambodscha-raffinessen-grosser-beutel-500x500.jpg 500w, https:\/\/www.raffinessen.ch\/webseite\/wp-content\/uploads\/2019\/11\/meersalz-kambodscha-raffinessen-grosser-beutel-80x80.jpg 80w, https:\/\/www.raffinessen.ch\/webseite\/wp-content\/uploads\/2019\/11\/meersalz-kambodscha-raffinessen-grosser-beutel-300x300.jpg 300w, https:\/\/www.raffinessen.ch\/webseite\/wp-content\/uploads\/2019\/11\/meersalz-kambodscha-raffinessen-grosser-beutel-768x768.jpg 768w, https:\/\/www.raffinessen.ch\/webseite\/wp-content\/uploads\/2019\/11\/meersalz-kambodscha-raffinessen-grosser-beutel-1030x1030.jpg 1030w, https:\/\/www.raffinessen.ch\/webseite\/wp-content\/uploads\/2019\/11\/meersalz-kambodscha-raffinessen-grosser-beutel-36x36.jpg 36w, https:\/\/www.raffinessen.ch\/webseite\/wp-content\/uploads\/2019\/11\/meersalz-kambodscha-raffinessen-grosser-beutel-180x180.jpg 180w, https:\/\/www.raffinessen.ch\/webseite\/wp-content\/uploads\/2019\/11\/meersalz-kambodscha-raffinessen-grosser-beutel-1500x1500.jpg 1500w, https:\/\/www.raffinessen.ch\/webseite\/wp-content\/uploads\/2019\/11\/meersalz-kambodscha-raffinessen-grosser-beutel-705x705.jpg 705w, https:\/\/www.raffinessen.ch\/webseite\/wp-content\/uploads\/2019\/11\/meersalz-kambodscha-raffinessen-grosser-beutel-100x100.jpg 100w, https:\/\/www.raffinessen.ch\/webseite\/wp-content\/uploads\/2019\/11\/meersalz-kambodscha-raffinessen-grosser-beutel-1000x1000.jpg 1000w, https:\/\/www.raffinessen.ch\/webseite\/wp-content\/uploads\/2019\/11\/meersalz-kambodscha-raffinessen-grosser-beutel.jpg 2000w\" sizes=\"auto, (max-width: 500px) 100vw, 500px\" \/><img decoding=\"async\" loading=\"lazy\" width=\"500\" height=\"500\" src=\"https:\/\/www.raffinessen.ch\/webseite\/wp-content\/uploads\/2019\/11\/raffinessen-meersalz-kambodscha-500x500.jpg\" class=\"wp-image-4497 avia-img-lazy-loading-4497 attachment-woocommerce_thumbnail size-woocommerce_thumbnail wp-post-image\" alt=\"\" srcset=\"https:\/\/www.raffinessen.ch\/webseite\/wp-content\/uploads\/2019\/11\/raffinessen-meersalz-kambodscha-500x500.jpg 500w, https:\/\/www.raffinessen.ch\/webseite\/wp-content\/uploads\/2019\/11\/raffinessen-meersalz-kambodscha-80x80.jpg 80w, https:\/\/www.raffinessen.ch\/webseite\/wp-content\/uploads\/2019\/11\/raffinessen-meersalz-kambodscha-300x300.jpg 300w, https:\/\/www.raffinessen.ch\/webseite\/wp-content\/uploads\/2019\/11\/raffinessen-meersalz-kambodscha-768x768.jpg 768w, https:\/\/www.raffinessen.ch\/webseite\/wp-content\/uploads\/2019\/11\/raffinessen-meersalz-kambodscha-1030x1030.jpg 1030w, https:\/\/www.raffinessen.ch\/webseite\/wp-content\/uploads\/2019\/11\/raffinessen-meersalz-kambodscha-36x36.jpg 36w, https:\/\/www.raffinessen.ch\/webseite\/wp-content\/uploads\/2019\/11\/raffinessen-meersalz-kambodscha-180x180.jpg 180w, https:\/\/www.raffinessen.ch\/webseite\/wp-content\/uploads\/2019\/11\/raffinessen-meersalz-kambodscha-1500x1500.jpg 1500w, https:\/\/www.raffinessen.ch\/webseite\/wp-content\/uploads\/2019\/11\/raffinessen-meersalz-kambodscha-705x705.jpg 705w, https:\/\/www.raffinessen.ch\/webseite\/wp-content\/uploads\/2019\/11\/raffinessen-meersalz-kambodscha-100x100.jpg 100w, https:\/\/www.raffinessen.ch\/webseite\/wp-content\/uploads\/2019\/11\/raffinessen-meersalz-kambodscha-1000x1000.jpg 1000w, https:\/\/www.raffinessen.ch\/webseite\/wp-content\/uploads\/2019\/11\/raffinessen-meersalz-kambodscha.jpg 2000w\" sizes=\"auto, (max-width: 500px) 100vw, 500px\" \/><span class=\"cart-loading\"><\/span><\/div><div class='inner_product_header'><div class='avia-arrow'><\/div><div class='inner_product_header_table'><div class='inner_product_header_cell'><h2 class=\"woocommerce-loop-product__title\">Gros sel marin de Kampot (333g)<\/h2>\n\t<span class=\"price\"><span class=\"woocommerce-Price-amount amount\"><bdi><span class=\"woocommerce-Price-currencySymbol\">&#67;&#72;&#70;<\/span>&nbsp;15.00<\/bdi><\/span> <small class=\"woocommerce-price-suffix\">TVA incluse<\/small><\/span>\n<\/div><\/div><\/div><\/a><div class='avia_cart_buttons'><a href=\"\/fr\/wp-json\/wp\/v2\/pages\/9012?add-to-cart=4513\" aria-describedby=\"woocommerce_loop_add_to_cart_link_describedby_4513\" data-quantity=\"1\" class=\"button product_type_simple add_to_cart_button ajax_add_to_cart\" data-product_id=\"4513\" data-product_sku=\"FPO-R0049-333\" aria-label=\"Ajouter au panier\u00a0: \u201cGrobes Meersalz aus Kampot (333g)\u201d\" rel=\"nofollow\" data-success_message=\"\u00ab\u00a0Grobes Meersalz aus Kampot (333g)\u00a0\u00bb a \u00e9t\u00e9 ajout\u00e9 \u00e0 votre panier\" role=\"button\" data-no-translation-aria-label=\"\" data-no-translation-data-success_message=\"\"><span class=\"avia-svg-icon avia-font-svg_entypo-fontello\" data-av_svg_icon='basket' data-av_iconset='svg_entypo-fontello'><svg version=\"1.1\" xmlns=\"http:\/\/www.w3.org\/2000\/svg\" width=\"29\" height=\"32\" viewbox=\"0 0 29 32\" preserveaspectratio=\"xMidYMid meet\" aria-labelledby='av-svg-title-183' aria-describedby='av-svg-desc-183' role=\"graphics-symbol\" aria-hidden=\"true\">\n<title id='av-svg-title-183'>Ajouter au panier<\/title>\n<desc id='av-svg-desc-183'>Ajouter au panier<\/desc>\n<path d=\"M4.8 27.2q0-1.28 0.96-2.24t2.24-0.96q1.344 0 2.272 0.96t0.928 2.24q0 1.344-0.928 2.272t-2.272 0.928q-1.28 0-2.24-0.928t-0.96-2.272zM20.8 27.2q0-1.28 0.96-2.24t2.24-0.96q1.344 0 2.272 0.96t0.928 2.24q0 1.344-0.928 2.272t-2.272 0.928q-1.28 0-2.24-0.928t-0.96-2.272zM10.496 19.648q-1.152 0.32-1.088 0.736t1.408 0.416h17.984v2.432q0 0.64-0.64 0.64h-20.928q-0.64 0-0.64-0.64v-2.432l-0.32-1.472-3.136-14.528h-3.136v-2.56q0-0.64 0.64-0.64h4.992q0.64 0 0.64 0.64v2.752h22.528v8.768q0 0.704-0.576 0.832z\"><\/path>\n<\/svg><\/span>  Ajouter au panier<\/a>\t<span id=\"woocommerce_loop_add_to_cart_link_describedby_4513\" class=\"screen-reader-text\">\n\t\t\t<\/span>\n<a class=\"button show_details_button\" href=\"https:\/\/www.raffinessen.ch\/fr\/produit\/grobes-meersalz-aus-kampot-333g\/\"><span class=\"avia-svg-icon avia-font-svg_entypo-fontello\" data-av_svg_icon='doc-text' data-av_iconset='svg_entypo-fontello'><svg version=\"1.1\" xmlns=\"http:\/\/www.w3.org\/2000\/svg\" width=\"22\" height=\"32\" viewbox=\"0 0 22 32\" preserveaspectratio=\"xMidYMid meet\" aria-labelledby='av-svg-title-184' aria-describedby='av-svg-desc-184' role=\"graphics-symbol\" aria-hidden=\"true\">\n<title id='av-svg-title-184'>Voir les d\u00e9tails<\/title>\n<desc id='av-svg-desc-184'>Voir les d\u00e9tails<\/desc>\n<path d=\"M6.784 17.344v-2.88h8.96v2.88h-8.96zM19.2 1.6q1.344 0 2.272 0.928t0.928 2.272v22.4q0 1.28-0.928 2.24t-2.272 0.96h-16q-1.28 0-2.24-0.96t-0.96-2.24v-22.4q0-1.344 0.96-2.272t2.24-0.928h16zM19.2 27.2v-22.4h-16v22.4h16zM15.68 8.256v2.816h-8.96v-2.816h8.96zM15.68 20.8v2.816h-8.96v-2.816h8.96z\"><\/path>\n<\/svg><\/span>  Voir les d\u00e9tails<\/a> <span class=\"button-mini-delimiter\"><\/span><\/div><\/div><\/li>\n<li class=\"product type-product post-6565 status-publish instock product_cat-gemahlen product_cat-gewuerz-mischungen has-post-thumbnail taxable shipping-taxable purchasable product-type-simple\">\n\t<div class='inner_product main_color wrapped_style noLightbox  av-product-class-'><a href=\"https:\/\/www.raffinessen.ch\/fr\/produit\/kapstadt\/\" class=\"woocommerce-LoopProduct-link woocommerce-loop-product__link\"><div class=\"thumbnail_container\"><img loading=\"lazy\" decoding=\"async\" width=\"500\" height=\"500\" src=\"https:\/\/www.raffinessen.ch\/webseite\/wp-content\/uploads\/2020\/07\/kapstadt-beutel-500x500.jpg\" class=\"attachment-woocommerce_thumbnail avia-product-hover\" alt=\"\" srcset=\"https:\/\/www.raffinessen.ch\/webseite\/wp-content\/uploads\/2020\/07\/kapstadt-beutel-500x500.jpg 500w, https:\/\/www.raffinessen.ch\/webseite\/wp-content\/uploads\/2020\/07\/kapstadt-beutel-300x300.jpg 300w, https:\/\/www.raffinessen.ch\/webseite\/wp-content\/uploads\/2020\/07\/kapstadt-beutel-1030x1030.jpg 1030w, https:\/\/www.raffinessen.ch\/webseite\/wp-content\/uploads\/2020\/07\/kapstadt-beutel-80x80.jpg 80w, https:\/\/www.raffinessen.ch\/webseite\/wp-content\/uploads\/2020\/07\/kapstadt-beutel-768x768.jpg 768w, https:\/\/www.raffinessen.ch\/webseite\/wp-content\/uploads\/2020\/07\/kapstadt-beutel-1536x1536.jpg 1536w, https:\/\/www.raffinessen.ch\/webseite\/wp-content\/uploads\/2020\/07\/kapstadt-beutel-36x36.jpg 36w, https:\/\/www.raffinessen.ch\/webseite\/wp-content\/uploads\/2020\/07\/kapstadt-beutel-180x180.jpg 180w, https:\/\/www.raffinessen.ch\/webseite\/wp-content\/uploads\/2020\/07\/kapstadt-beutel-1500x1500.jpg 1500w, https:\/\/www.raffinessen.ch\/webseite\/wp-content\/uploads\/2020\/07\/kapstadt-beutel-705x705.jpg 705w, https:\/\/www.raffinessen.ch\/webseite\/wp-content\/uploads\/2020\/07\/kapstadt-beutel-100x100.jpg 100w, https:\/\/www.raffinessen.ch\/webseite\/wp-content\/uploads\/2020\/07\/kapstadt-beutel-1000x1000.jpg 1000w, https:\/\/www.raffinessen.ch\/webseite\/wp-content\/uploads\/2020\/07\/kapstadt-beutel.jpg 2000w\" sizes=\"auto, (max-width: 500px) 100vw, 500px\" \/><img decoding=\"async\" loading=\"lazy\" width=\"500\" height=\"500\" src=\"https:\/\/www.raffinessen.ch\/webseite\/wp-content\/uploads\/2020\/07\/Kapstadt_2500x2500-500x500.jpg\" class=\"wp-image-6857 avia-img-lazy-loading-6857 attachment-woocommerce_thumbnail size-woocommerce_thumbnail wp-post-image\" alt=\"\" srcset=\"https:\/\/www.raffinessen.ch\/webseite\/wp-content\/uploads\/2020\/07\/Kapstadt_2500x2500-500x500.jpg 500w, https:\/\/www.raffinessen.ch\/webseite\/wp-content\/uploads\/2020\/07\/Kapstadt_2500x2500-300x300.jpg 300w, https:\/\/www.raffinessen.ch\/webseite\/wp-content\/uploads\/2020\/07\/Kapstadt_2500x2500-1030x1030.jpg 1030w, https:\/\/www.raffinessen.ch\/webseite\/wp-content\/uploads\/2020\/07\/Kapstadt_2500x2500-80x80.jpg 80w, https:\/\/www.raffinessen.ch\/webseite\/wp-content\/uploads\/2020\/07\/Kapstadt_2500x2500-768x768.jpg 768w, https:\/\/www.raffinessen.ch\/webseite\/wp-content\/uploads\/2020\/07\/Kapstadt_2500x2500-1536x1536.jpg 1536w, https:\/\/www.raffinessen.ch\/webseite\/wp-content\/uploads\/2020\/07\/Kapstadt_2500x2500-2048x2048.jpg 2048w, https:\/\/www.raffinessen.ch\/webseite\/wp-content\/uploads\/2020\/07\/Kapstadt_2500x2500-36x36.jpg 36w, https:\/\/www.raffinessen.ch\/webseite\/wp-content\/uploads\/2020\/07\/Kapstadt_2500x2500-180x180.jpg 180w, https:\/\/www.raffinessen.ch\/webseite\/wp-content\/uploads\/2020\/07\/Kapstadt_2500x2500-1500x1500.jpg 1500w, https:\/\/www.raffinessen.ch\/webseite\/wp-content\/uploads\/2020\/07\/Kapstadt_2500x2500-705x705.jpg 705w, https:\/\/www.raffinessen.ch\/webseite\/wp-content\/uploads\/2020\/07\/Kapstadt_2500x2500-100x100.jpg 100w, https:\/\/www.raffinessen.ch\/webseite\/wp-content\/uploads\/2020\/07\/Kapstadt_2500x2500-1000x1000.jpg 1000w\" sizes=\"auto, (max-width: 500px) 100vw, 500px\" \/><span class=\"cart-loading\"><\/span><\/div><div class='inner_product_header'><div class='avia-arrow'><\/div><div class='inner_product_header_table'><div class='inner_product_header_cell'><h2 class=\"woocommerce-loop-product__title\">Le Cap (Curry)<\/h2>\n\t<span class=\"price\"><span class=\"woocommerce-Price-amount amount\"><bdi><span class=\"woocommerce-Price-currencySymbol\">&#67;&#72;&#70;<\/span>&nbsp;6.00<\/bdi><\/span> <small class=\"woocommerce-price-suffix\">TVA incluse<\/small><\/span>\n<\/div><\/div><\/div><\/a><div class='avia_cart_buttons'><a href=\"\/fr\/wp-json\/wp\/v2\/pages\/9012?add-to-cart=6565\" aria-describedby=\"woocommerce_loop_add_to_cart_link_describedby_6565\" data-quantity=\"1\" class=\"button product_type_simple add_to_cart_button ajax_add_to_cart\" data-product_id=\"6565\" data-product_sku=\"FPO-S043-45\" aria-label=\"Ajouter au panier\u00a0: \u201cKapstadt (Curry)\u201d\" rel=\"nofollow\" data-success_message=\"\u00ab\u00a0Kapstadt (Curry)\u00a0\u00bb a \u00e9t\u00e9 ajout\u00e9 \u00e0 votre panier\" role=\"button\" data-no-translation-aria-label=\"\" data-no-translation-data-success_message=\"\"><span class=\"avia-svg-icon avia-font-svg_entypo-fontello\" data-av_svg_icon='basket' data-av_iconset='svg_entypo-fontello'><svg version=\"1.1\" xmlns=\"http:\/\/www.w3.org\/2000\/svg\" width=\"29\" height=\"32\" viewbox=\"0 0 29 32\" preserveaspectratio=\"xMidYMid meet\" aria-labelledby='av-svg-title-185' aria-describedby='av-svg-desc-185' role=\"graphics-symbol\" aria-hidden=\"true\">\n<title id='av-svg-title-185'>Ajouter au panier<\/title>\n<desc id='av-svg-desc-185'>Ajouter au panier<\/desc>\n<path d=\"M4.8 27.2q0-1.28 0.96-2.24t2.24-0.96q1.344 0 2.272 0.96t0.928 2.24q0 1.344-0.928 2.272t-2.272 0.928q-1.28 0-2.24-0.928t-0.96-2.272zM20.8 27.2q0-1.28 0.96-2.24t2.24-0.96q1.344 0 2.272 0.96t0.928 2.24q0 1.344-0.928 2.272t-2.272 0.928q-1.28 0-2.24-0.928t-0.96-2.272zM10.496 19.648q-1.152 0.32-1.088 0.736t1.408 0.416h17.984v2.432q0 0.64-0.64 0.64h-20.928q-0.64 0-0.64-0.64v-2.432l-0.32-1.472-3.136-14.528h-3.136v-2.56q0-0.64 0.64-0.64h4.992q0.64 0 0.64 0.64v2.752h22.528v8.768q0 0.704-0.576 0.832z\"><\/path>\n<\/svg><\/span>  Ajouter au panier<\/a>\t<span id=\"woocommerce_loop_add_to_cart_link_describedby_6565\" class=\"screen-reader-text\">\n\t\t\t<\/span>\n<a class=\"button show_details_button\" href=\"https:\/\/www.raffinessen.ch\/fr\/produit\/kapstadt\/\"><span class=\"avia-svg-icon avia-font-svg_entypo-fontello\" data-av_svg_icon='doc-text' data-av_iconset='svg_entypo-fontello'><svg version=\"1.1\" xmlns=\"http:\/\/www.w3.org\/2000\/svg\" width=\"22\" height=\"32\" viewbox=\"0 0 22 32\" preserveaspectratio=\"xMidYMid meet\" aria-labelledby='av-svg-title-186' aria-describedby='av-svg-desc-186' role=\"graphics-symbol\" aria-hidden=\"true\">\n<title id='av-svg-title-186'>Voir les d\u00e9tails<\/title>\n<desc id='av-svg-desc-186'>Voir les d\u00e9tails<\/desc>\n<path d=\"M6.784 17.344v-2.88h8.96v2.88h-8.96zM19.2 1.6q1.344 0 2.272 0.928t0.928 2.272v22.4q0 1.28-0.928 2.24t-2.272 0.96h-16q-1.28 0-2.24-0.96t-0.96-2.24v-22.4q0-1.344 0.96-2.272t2.24-0.928h16zM19.2 27.2v-22.4h-16v22.4h16zM15.68 8.256v2.816h-8.96v-2.816h8.96zM15.68 20.8v2.816h-8.96v-2.816h8.96z\"><\/path>\n<\/svg><\/span>  Voir les d\u00e9tails<\/a> <span class=\"button-mini-delimiter\"><\/span><\/div><\/div><\/li>\n<li class=\"product type-product post-18467 status-publish instock product_cat-ab-chf-30 product_cat-neu has-post-thumbnail taxable shipping-taxable purchasable product-type-simple\">\n\t<div class='inner_product main_color wrapped_style noLightbox  av-product-class-'><a href=\"https:\/\/www.raffinessen.ch\/fr\/produit\/set-chili-pfeffer-raclette-fondue\/\" class=\"woocommerce-LoopProduct-link woocommerce-loop-product__link\"><div class=\"thumbnail_container\"><img loading=\"lazy\" decoding=\"async\" width=\"500\" height=\"500\" src=\"https:\/\/www.raffinessen.ch\/webseite\/wp-content\/uploads\/2024\/11\/GSO-062-Geschenkverpackung-500x500.jpg\" class=\"attachment-woocommerce_thumbnail avia-product-hover\" alt=\"\" srcset=\"https:\/\/www.raffinessen.ch\/webseite\/wp-content\/uploads\/2024\/11\/GSO-062-Geschenkverpackung-500x500.jpg 500w, https:\/\/www.raffinessen.ch\/webseite\/wp-content\/uploads\/2024\/11\/GSO-062-Geschenkverpackung-300x300.jpg 300w, https:\/\/www.raffinessen.ch\/webseite\/wp-content\/uploads\/2024\/11\/GSO-062-Geschenkverpackung-1030x1030.jpg 1030w, https:\/\/www.raffinessen.ch\/webseite\/wp-content\/uploads\/2024\/11\/GSO-062-Geschenkverpackung-80x80.jpg 80w, https:\/\/www.raffinessen.ch\/webseite\/wp-content\/uploads\/2024\/11\/GSO-062-Geschenkverpackung-768x768.jpg 768w, https:\/\/www.raffinessen.ch\/webseite\/wp-content\/uploads\/2024\/11\/GSO-062-Geschenkverpackung-12x12.jpg 12w, https:\/\/www.raffinessen.ch\/webseite\/wp-content\/uploads\/2024\/11\/GSO-062-Geschenkverpackung-36x36.jpg 36w, https:\/\/www.raffinessen.ch\/webseite\/wp-content\/uploads\/2024\/11\/GSO-062-Geschenkverpackung-180x180.jpg 180w, https:\/\/www.raffinessen.ch\/webseite\/wp-content\/uploads\/2024\/11\/GSO-062-Geschenkverpackung-705x705.jpg 705w, https:\/\/www.raffinessen.ch\/webseite\/wp-content\/uploads\/2024\/11\/GSO-062-Geschenkverpackung-120x120.jpg 120w, https:\/\/www.raffinessen.ch\/webseite\/wp-content\/uploads\/2024\/11\/GSO-062-Geschenkverpackung-450x450.jpg 450w, https:\/\/www.raffinessen.ch\/webseite\/wp-content\/uploads\/2024\/11\/GSO-062-Geschenkverpackung-1000x1000.jpg 1000w, https:\/\/www.raffinessen.ch\/webseite\/wp-content\/uploads\/2024\/11\/GSO-062-Geschenkverpackung-100x100.jpg 100w, https:\/\/www.raffinessen.ch\/webseite\/wp-content\/uploads\/2024\/11\/GSO-062-Geschenkverpackung.jpg 1500w\" sizes=\"auto, (max-width: 500px) 100vw, 500px\" \/><img decoding=\"async\" loading=\"lazy\" width=\"500\" height=\"500\" src=\"https:\/\/www.raffinessen.ch\/webseite\/wp-content\/uploads\/2024\/11\/GSO-062-YANN-Gewuerz-500x500.jpg\" class=\"wp-image-18469 avia-img-lazy-loading-18469 attachment-woocommerce_thumbnail size-woocommerce_thumbnail wp-post-image\" alt=\"\" srcset=\"https:\/\/www.raffinessen.ch\/webseite\/wp-content\/uploads\/2024\/11\/GSO-062-YANN-Gewuerz-500x500.jpg 500w, https:\/\/www.raffinessen.ch\/webseite\/wp-content\/uploads\/2024\/11\/GSO-062-YANN-Gewuerz-300x300.jpg 300w, https:\/\/www.raffinessen.ch\/webseite\/wp-content\/uploads\/2024\/11\/GSO-062-YANN-Gewuerz-1030x1030.jpg 1030w, https:\/\/www.raffinessen.ch\/webseite\/wp-content\/uploads\/2024\/11\/GSO-062-YANN-Gewuerz-80x80.jpg 80w, https:\/\/www.raffinessen.ch\/webseite\/wp-content\/uploads\/2024\/11\/GSO-062-YANN-Gewuerz-768x768.jpg 768w, https:\/\/www.raffinessen.ch\/webseite\/wp-content\/uploads\/2024\/11\/GSO-062-YANN-Gewuerz-12x12.jpg 12w, https:\/\/www.raffinessen.ch\/webseite\/wp-content\/uploads\/2024\/11\/GSO-062-YANN-Gewuerz-36x36.jpg 36w, https:\/\/www.raffinessen.ch\/webseite\/wp-content\/uploads\/2024\/11\/GSO-062-YANN-Gewuerz-180x180.jpg 180w, https:\/\/www.raffinessen.ch\/webseite\/wp-content\/uploads\/2024\/11\/GSO-062-YANN-Gewuerz-705x705.jpg 705w, https:\/\/www.raffinessen.ch\/webseite\/wp-content\/uploads\/2024\/11\/GSO-062-YANN-Gewuerz-120x120.jpg 120w, https:\/\/www.raffinessen.ch\/webseite\/wp-content\/uploads\/2024\/11\/GSO-062-YANN-Gewuerz-450x450.jpg 450w, https:\/\/www.raffinessen.ch\/webseite\/wp-content\/uploads\/2024\/11\/GSO-062-YANN-Gewuerz-1000x1000.jpg 1000w, https:\/\/www.raffinessen.ch\/webseite\/wp-content\/uploads\/2024\/11\/GSO-062-YANN-Gewuerz-100x100.jpg 100w, https:\/\/www.raffinessen.ch\/webseite\/wp-content\/uploads\/2024\/11\/GSO-062-YANN-Gewuerz.jpg 1500w\" sizes=\"auto, (max-width: 500px) 100vw, 500px\" \/><span class=\"cart-loading\"><\/span><\/div><div class='inner_product_header'><div class='avia-arrow'><\/div><div class='inner_product_header_table'><div class='inner_product_header_cell'><h2 class=\"woocommerce-loop-product__title\">SET &#8211; Chili\/Pfeffer &#038; Raclette\/Fondue<\/h2>\n\t<span class=\"price\"><span class=\"woocommerce-Price-amount amount\"><bdi><span class=\"woocommerce-Price-currencySymbol\">&#67;&#72;&#70;<\/span>&nbsp;40.00<\/bdi><\/span> <small class=\"woocommerce-price-suffix\">TVA incluse<\/small><\/span>\n<\/div><\/div><\/div><\/a><div class='avia_cart_buttons'><a href=\"\/fr\/wp-json\/wp\/v2\/pages\/9012?add-to-cart=18467\" aria-describedby=\"woocommerce_loop_add_to_cart_link_describedby_18467\" data-quantity=\"1\" class=\"button product_type_simple add_to_cart_button ajax_add_to_cart\" data-product_id=\"18467\" data-product_sku=\"GSO-062\" aria-label=\"Ajouter au panier\u00a0: \u201cSET - Chili\/Pfeffer &amp; Raclette\/Fondue\u201d\" rel=\"nofollow\" data-success_message=\"\u00ab\u00a0SET - Chili\/Pfeffer &amp; Raclette\/Fondue\u00a0\u00bb a \u00e9t\u00e9 ajout\u00e9 \u00e0 votre panier\" role=\"button\" data-no-translation-aria-label=\"\" data-no-translation-data-success_message=\"\"><span class=\"avia-svg-icon avia-font-svg_entypo-fontello\" data-av_svg_icon='basket' data-av_iconset='svg_entypo-fontello'><svg version=\"1.1\" xmlns=\"http:\/\/www.w3.org\/2000\/svg\" width=\"29\" height=\"32\" viewbox=\"0 0 29 32\" preserveaspectratio=\"xMidYMid meet\" aria-labelledby='av-svg-title-187' aria-describedby='av-svg-desc-187' role=\"graphics-symbol\" aria-hidden=\"true\">\n<title id='av-svg-title-187'>Ajouter au panier<\/title>\n<desc id='av-svg-desc-187'>Ajouter au panier<\/desc>\n<path d=\"M4.8 27.2q0-1.28 0.96-2.24t2.24-0.96q1.344 0 2.272 0.96t0.928 2.24q0 1.344-0.928 2.272t-2.272 0.928q-1.28 0-2.24-0.928t-0.96-2.272zM20.8 27.2q0-1.28 0.96-2.24t2.24-0.96q1.344 0 2.272 0.96t0.928 2.24q0 1.344-0.928 2.272t-2.272 0.928q-1.28 0-2.24-0.928t-0.96-2.272zM10.496 19.648q-1.152 0.32-1.088 0.736t1.408 0.416h17.984v2.432q0 0.64-0.64 0.64h-20.928q-0.64 0-0.64-0.64v-2.432l-0.32-1.472-3.136-14.528h-3.136v-2.56q0-0.64 0.64-0.64h4.992q0.64 0 0.64 0.64v2.752h22.528v8.768q0 0.704-0.576 0.832z\"><\/path>\n<\/svg><\/span>  Ajouter au panier<\/a>\t<span id=\"woocommerce_loop_add_to_cart_link_describedby_18467\" class=\"screen-reader-text\">\n\t\t\t<\/span>\n<a class=\"button show_details_button\" href=\"https:\/\/www.raffinessen.ch\/fr\/produit\/set-chili-pfeffer-raclette-fondue\/\"><span class=\"avia-svg-icon avia-font-svg_entypo-fontello\" data-av_svg_icon='doc-text' data-av_iconset='svg_entypo-fontello'><svg version=\"1.1\" xmlns=\"http:\/\/www.w3.org\/2000\/svg\" width=\"22\" height=\"32\" viewbox=\"0 0 22 32\" preserveaspectratio=\"xMidYMid meet\" aria-labelledby='av-svg-title-188' aria-describedby='av-svg-desc-188' role=\"graphics-symbol\" aria-hidden=\"true\">\n<title id='av-svg-title-188'>Voir les d\u00e9tails<\/title>\n<desc id='av-svg-desc-188'>Voir les d\u00e9tails<\/desc>\n<path d=\"M6.784 17.344v-2.88h8.96v2.88h-8.96zM19.2 1.6q1.344 0 2.272 0.928t0.928 2.272v22.4q0 1.28-0.928 2.24t-2.272 0.96h-16q-1.28 0-2.24-0.96t-0.96-2.24v-22.4q0-1.344 0.96-2.272t2.24-0.928h16zM19.2 27.2v-22.4h-16v22.4h16zM15.68 8.256v2.816h-8.96v-2.816h8.96zM15.68 20.8v2.816h-8.96v-2.816h8.96z\"><\/path>\n<\/svg><\/span>  Voir les d\u00e9tails<\/a> <span class=\"button-mini-delimiter\"><\/span><\/div><\/div><\/li>\n<li class=\"product type-product post-6242 status-publish last instock product_cat-einzel-gewuerze product_cat-gewuerze-einzeln product_cat-unkategorisiert has-post-thumbnail taxable shipping-taxable purchasable product-type-simple\">\n\t<div class='inner_product main_color wrapped_style noLightbox  av-product-class-'><a href=\"https:\/\/www.raffinessen.ch\/fr\/produit\/feines-meersalz-fein-aus-kampot-333g\/\" class=\"woocommerce-LoopProduct-link woocommerce-loop-product__link\"><div class=\"thumbnail_container\"><img loading=\"lazy\" decoding=\"async\" width=\"500\" height=\"500\" src=\"https:\/\/www.raffinessen.ch\/webseite\/wp-content\/uploads\/2020\/06\/Bild_Meersalz-fein_FP-210x310-01-500x500.jpg\" class=\"attachment-woocommerce_thumbnail avia-product-hover\" alt=\"\" srcset=\"https:\/\/www.raffinessen.ch\/webseite\/wp-content\/uploads\/2020\/06\/Bild_Meersalz-fein_FP-210x310-01-500x500.jpg 500w, https:\/\/www.raffinessen.ch\/webseite\/wp-content\/uploads\/2020\/06\/Bild_Meersalz-fein_FP-210x310-01-300x300.jpg 300w, https:\/\/www.raffinessen.ch\/webseite\/wp-content\/uploads\/2020\/06\/Bild_Meersalz-fein_FP-210x310-01-1030x1030.jpg 1030w, https:\/\/www.raffinessen.ch\/webseite\/wp-content\/uploads\/2020\/06\/Bild_Meersalz-fein_FP-210x310-01-80x80.jpg 80w, https:\/\/www.raffinessen.ch\/webseite\/wp-content\/uploads\/2020\/06\/Bild_Meersalz-fein_FP-210x310-01-768x768.jpg 768w, https:\/\/www.raffinessen.ch\/webseite\/wp-content\/uploads\/2020\/06\/Bild_Meersalz-fein_FP-210x310-01-1536x1536.jpg 1536w, https:\/\/www.raffinessen.ch\/webseite\/wp-content\/uploads\/2020\/06\/Bild_Meersalz-fein_FP-210x310-01-2048x2048.jpg 2048w, https:\/\/www.raffinessen.ch\/webseite\/wp-content\/uploads\/2020\/06\/Bild_Meersalz-fein_FP-210x310-01-36x36.jpg 36w, https:\/\/www.raffinessen.ch\/webseite\/wp-content\/uploads\/2020\/06\/Bild_Meersalz-fein_FP-210x310-01-180x180.jpg 180w, https:\/\/www.raffinessen.ch\/webseite\/wp-content\/uploads\/2020\/06\/Bild_Meersalz-fein_FP-210x310-01-1500x1500.jpg 1500w, https:\/\/www.raffinessen.ch\/webseite\/wp-content\/uploads\/2020\/06\/Bild_Meersalz-fein_FP-210x310-01-705x705.jpg 705w, https:\/\/www.raffinessen.ch\/webseite\/wp-content\/uploads\/2020\/06\/Bild_Meersalz-fein_FP-210x310-01-100x100.jpg 100w, https:\/\/www.raffinessen.ch\/webseite\/wp-content\/uploads\/2020\/06\/Bild_Meersalz-fein_FP-210x310-01-1000x1000.jpg 1000w\" sizes=\"auto, (max-width: 500px) 100vw, 500px\" \/><img decoding=\"async\" loading=\"lazy\" width=\"500\" height=\"500\" src=\"https:\/\/www.raffinessen.ch\/webseite\/wp-content\/uploads\/2020\/06\/Meersalz-fein_Zeichenfl\u00e4che-1-500x500.jpg\" class=\"wp-image-6246 avia-img-lazy-loading-6246 attachment-woocommerce_thumbnail size-woocommerce_thumbnail wp-post-image\" alt=\"\" srcset=\"https:\/\/www.raffinessen.ch\/webseite\/wp-content\/uploads\/2020\/06\/Meersalz-fein_Zeichenfl\u00e4che-1-500x500.jpg 500w, https:\/\/www.raffinessen.ch\/webseite\/wp-content\/uploads\/2020\/06\/Meersalz-fein_Zeichenfl\u00e4che-1-300x300.jpg 300w, https:\/\/www.raffinessen.ch\/webseite\/wp-content\/uploads\/2020\/06\/Meersalz-fein_Zeichenfl\u00e4che-1-1030x1030.jpg 1030w, https:\/\/www.raffinessen.ch\/webseite\/wp-content\/uploads\/2020\/06\/Meersalz-fein_Zeichenfl\u00e4che-1-80x80.jpg 80w, https:\/\/www.raffinessen.ch\/webseite\/wp-content\/uploads\/2020\/06\/Meersalz-fein_Zeichenfl\u00e4che-1-768x768.jpg 768w, https:\/\/www.raffinessen.ch\/webseite\/wp-content\/uploads\/2020\/06\/Meersalz-fein_Zeichenfl\u00e4che-1-1536x1536.jpg 1536w, https:\/\/www.raffinessen.ch\/webseite\/wp-content\/uploads\/2020\/06\/Meersalz-fein_Zeichenfl\u00e4che-1-36x36.jpg 36w, https:\/\/www.raffinessen.ch\/webseite\/wp-content\/uploads\/2020\/06\/Meersalz-fein_Zeichenfl\u00e4che-1-180x180.jpg 180w, https:\/\/www.raffinessen.ch\/webseite\/wp-content\/uploads\/2020\/06\/Meersalz-fein_Zeichenfl\u00e4che-1-1500x1500.jpg 1500w, https:\/\/www.raffinessen.ch\/webseite\/wp-content\/uploads\/2020\/06\/Meersalz-fein_Zeichenfl\u00e4che-1-705x705.jpg 705w, https:\/\/www.raffinessen.ch\/webseite\/wp-content\/uploads\/2020\/06\/Meersalz-fein_Zeichenfl\u00e4che-1-100x100.jpg 100w, https:\/\/www.raffinessen.ch\/webseite\/wp-content\/uploads\/2020\/06\/Meersalz-fein_Zeichenfl\u00e4che-1-1000x1000.jpg 1000w, https:\/\/www.raffinessen.ch\/webseite\/wp-content\/uploads\/2020\/06\/Meersalz-fein_Zeichenfl\u00e4che-1.jpg 2000w\" sizes=\"auto, (max-width: 500px) 100vw, 500px\" \/><span class=\"cart-loading\"><\/span><\/div><div class='inner_product_header'><div class='avia-arrow'><\/div><div class='inner_product_header_table'><div class='inner_product_header_cell'><h2 class=\"woocommerce-loop-product__title\">Sel de mer fin de Kampot (333g)<\/h2>\n\t<span class=\"price\"><span class=\"woocommerce-Price-amount amount\"><bdi><span class=\"woocommerce-Price-currencySymbol\">&#67;&#72;&#70;<\/span>&nbsp;15.00<\/bdi><\/span> <small class=\"woocommerce-price-suffix\">TVA incluse<\/small><\/span>\n<\/div><\/div><\/div><\/a><div class='avia_cart_buttons'><a href=\"\/fr\/wp-json\/wp\/v2\/pages\/9012?add-to-cart=6242\" aria-describedby=\"woocommerce_loop_add_to_cart_link_describedby_6242\" data-quantity=\"1\" class=\"button product_type_simple add_to_cart_button ajax_add_to_cart\" data-product_id=\"6242\" data-product_sku=\"FPO-R0050-333\" aria-label=\"Ajouter au panier\u00a0: \u201cFeines Meersalz aus Kampot (333g)\u201d\" rel=\"nofollow\" data-success_message=\"\u00ab\u00a0Feines Meersalz aus Kampot (333g)\u00a0\u00bb a \u00e9t\u00e9 ajout\u00e9 \u00e0 votre panier\" role=\"button\" data-no-translation-aria-label=\"\" data-no-translation-data-success_message=\"\"><span class=\"avia-svg-icon avia-font-svg_entypo-fontello\" data-av_svg_icon='basket' data-av_iconset='svg_entypo-fontello'><svg version=\"1.1\" xmlns=\"http:\/\/www.w3.org\/2000\/svg\" width=\"29\" height=\"32\" viewbox=\"0 0 29 32\" preserveaspectratio=\"xMidYMid meet\" aria-labelledby='av-svg-title-189' aria-describedby='av-svg-desc-189' role=\"graphics-symbol\" aria-hidden=\"true\">\n<title id='av-svg-title-189'>Ajouter au panier<\/title>\n<desc id='av-svg-desc-189'>Ajouter au panier<\/desc>\n<path d=\"M4.8 27.2q0-1.28 0.96-2.24t2.24-0.96q1.344 0 2.272 0.96t0.928 2.24q0 1.344-0.928 2.272t-2.272 0.928q-1.28 0-2.24-0.928t-0.96-2.272zM20.8 27.2q0-1.28 0.96-2.24t2.24-0.96q1.344 0 2.272 0.96t0.928 2.24q0 1.344-0.928 2.272t-2.272 0.928q-1.28 0-2.24-0.928t-0.96-2.272zM10.496 19.648q-1.152 0.32-1.088 0.736t1.408 0.416h17.984v2.432q0 0.64-0.64 0.64h-20.928q-0.64 0-0.64-0.64v-2.432l-0.32-1.472-3.136-14.528h-3.136v-2.56q0-0.64 0.64-0.64h4.992q0.64 0 0.64 0.64v2.752h22.528v8.768q0 0.704-0.576 0.832z\"><\/path>\n<\/svg><\/span>  Ajouter au panier<\/a>\t<span id=\"woocommerce_loop_add_to_cart_link_describedby_6242\" class=\"screen-reader-text\">\n\t\t\t<\/span>\n<a class=\"button show_details_button\" href=\"https:\/\/www.raffinessen.ch\/fr\/produit\/feines-meersalz-fein-aus-kampot-333g\/\"><span class=\"avia-svg-icon avia-font-svg_entypo-fontello\" data-av_svg_icon='doc-text' data-av_iconset='svg_entypo-fontello'><svg version=\"1.1\" xmlns=\"http:\/\/www.w3.org\/2000\/svg\" width=\"22\" height=\"32\" viewbox=\"0 0 22 32\" preserveaspectratio=\"xMidYMid meet\" aria-labelledby='av-svg-title-190' aria-describedby='av-svg-desc-190' role=\"graphics-symbol\" aria-hidden=\"true\">\n<title id='av-svg-title-190'>Voir les d\u00e9tails<\/title>\n<desc id='av-svg-desc-190'>Voir les d\u00e9tails<\/desc>\n<path d=\"M6.784 17.344v-2.88h8.96v2.88h-8.96zM19.2 1.6q1.344 0 2.272 0.928t0.928 2.272v22.4q0 1.28-0.928 2.24t-2.272 0.96h-16q-1.28 0-2.24-0.96t-0.96-2.24v-22.4q0-1.344 0.96-2.272t2.24-0.928h16zM19.2 27.2v-22.4h-16v22.4h16zM15.68 8.256v2.816h-8.96v-2.816h8.96zM15.68 20.8v2.816h-8.96v-2.816h8.96z\"><\/path>\n<\/svg><\/span>  Voir les d\u00e9tails<\/a> <span class=\"button-mini-delimiter\"><\/span><\/div><\/div><\/li>\n<li class=\"product type-product post-4484 status-publish first instock product_cat-einzel-gewuerze product_cat-gewuerze-einzeln product_cat-unkategorisiert has-post-thumbnail taxable shipping-taxable purchasable product-type-simple\">\n\t<div class='inner_product main_color wrapped_style noLightbox  av-product-class-'><a href=\"https:\/\/www.raffinessen.ch\/fr\/produit\/kurkuma-aus-kampot\/\" class=\"woocommerce-LoopProduct-link woocommerce-loop-product__link\"><div class=\"thumbnail_container\"><img loading=\"lazy\" decoding=\"async\" width=\"500\" height=\"500\" src=\"https:\/\/www.raffinessen.ch\/webseite\/wp-content\/uploads\/2019\/11\/raffinessen-kurkuma-kambodscha-verpackung-500x500.jpg\" class=\"attachment-woocommerce_thumbnail avia-product-hover\" alt=\"\" srcset=\"https:\/\/www.raffinessen.ch\/webseite\/wp-content\/uploads\/2019\/11\/raffinessen-kurkuma-kambodscha-verpackung-500x500.jpg 500w, https:\/\/www.raffinessen.ch\/webseite\/wp-content\/uploads\/2019\/11\/raffinessen-kurkuma-kambodscha-verpackung-80x80.jpg 80w, https:\/\/www.raffinessen.ch\/webseite\/wp-content\/uploads\/2019\/11\/raffinessen-kurkuma-kambodscha-verpackung-300x300.jpg 300w, https:\/\/www.raffinessen.ch\/webseite\/wp-content\/uploads\/2019\/11\/raffinessen-kurkuma-kambodscha-verpackung-768x768.jpg 768w, https:\/\/www.raffinessen.ch\/webseite\/wp-content\/uploads\/2019\/11\/raffinessen-kurkuma-kambodscha-verpackung-1030x1030.jpg 1030w, https:\/\/www.raffinessen.ch\/webseite\/wp-content\/uploads\/2019\/11\/raffinessen-kurkuma-kambodscha-verpackung-36x36.jpg 36w, https:\/\/www.raffinessen.ch\/webseite\/wp-content\/uploads\/2019\/11\/raffinessen-kurkuma-kambodscha-verpackung-180x180.jpg 180w, https:\/\/www.raffinessen.ch\/webseite\/wp-content\/uploads\/2019\/11\/raffinessen-kurkuma-kambodscha-verpackung-1500x1500.jpg 1500w, https:\/\/www.raffinessen.ch\/webseite\/wp-content\/uploads\/2019\/11\/raffinessen-kurkuma-kambodscha-verpackung-705x705.jpg 705w, https:\/\/www.raffinessen.ch\/webseite\/wp-content\/uploads\/2019\/11\/raffinessen-kurkuma-kambodscha-verpackung-100x100.jpg 100w, https:\/\/www.raffinessen.ch\/webseite\/wp-content\/uploads\/2019\/11\/raffinessen-kurkuma-kambodscha-verpackung-1000x1000.jpg 1000w, https:\/\/www.raffinessen.ch\/webseite\/wp-content\/uploads\/2019\/11\/raffinessen-kurkuma-kambodscha-verpackung.jpg 2000w\" sizes=\"auto, (max-width: 500px) 100vw, 500px\" \/><img decoding=\"async\" loading=\"lazy\" width=\"500\" height=\"500\" src=\"https:\/\/www.raffinessen.ch\/webseite\/wp-content\/uploads\/2020\/03\/kurkuma-raffinessen-500x500.jpg\" class=\"wp-image-5301 avia-img-lazy-loading-5301 attachment-woocommerce_thumbnail size-woocommerce_thumbnail wp-post-image\" alt=\"\" srcset=\"https:\/\/www.raffinessen.ch\/webseite\/wp-content\/uploads\/2020\/03\/kurkuma-raffinessen-500x500.jpg 500w, https:\/\/www.raffinessen.ch\/webseite\/wp-content\/uploads\/2020\/03\/kurkuma-raffinessen-300x300.jpg 300w, https:\/\/www.raffinessen.ch\/webseite\/wp-content\/uploads\/2020\/03\/kurkuma-raffinessen-1030x1030.jpg 1030w, https:\/\/www.raffinessen.ch\/webseite\/wp-content\/uploads\/2020\/03\/kurkuma-raffinessen-80x80.jpg 80w, https:\/\/www.raffinessen.ch\/webseite\/wp-content\/uploads\/2020\/03\/kurkuma-raffinessen-768x768.jpg 768w, https:\/\/www.raffinessen.ch\/webseite\/wp-content\/uploads\/2020\/03\/kurkuma-raffinessen-1536x1536.jpg 1536w, https:\/\/www.raffinessen.ch\/webseite\/wp-content\/uploads\/2020\/03\/kurkuma-raffinessen-2048x2048.jpg 2048w, https:\/\/www.raffinessen.ch\/webseite\/wp-content\/uploads\/2020\/03\/kurkuma-raffinessen-36x36.jpg 36w, https:\/\/www.raffinessen.ch\/webseite\/wp-content\/uploads\/2020\/03\/kurkuma-raffinessen-180x180.jpg 180w, https:\/\/www.raffinessen.ch\/webseite\/wp-content\/uploads\/2020\/03\/kurkuma-raffinessen-1500x1500.jpg 1500w, https:\/\/www.raffinessen.ch\/webseite\/wp-content\/uploads\/2020\/03\/kurkuma-raffinessen-705x705.jpg 705w, https:\/\/www.raffinessen.ch\/webseite\/wp-content\/uploads\/2020\/03\/kurkuma-raffinessen-100x100.jpg 100w, https:\/\/www.raffinessen.ch\/webseite\/wp-content\/uploads\/2020\/03\/kurkuma-raffinessen-1000x1000.jpg 1000w\" sizes=\"auto, (max-width: 500px) 100vw, 500px\" \/><span class=\"cart-loading\"><\/span><\/div><div class='inner_product_header'><div class='avia-arrow'><\/div><div class='inner_product_header_table'><div class='inner_product_header_cell'><h2 class=\"woocommerce-loop-product__title\">Curcuma de Kampot<\/h2>\n\t<span class=\"price\"><span class=\"woocommerce-Price-amount amount\"><bdi><span class=\"woocommerce-Price-currencySymbol\">&#67;&#72;&#70;<\/span>&nbsp;5.00<\/bdi><\/span> <small class=\"woocommerce-price-suffix\">TVA incluse<\/small><\/span>\n<\/div><\/div><\/div><\/a><div class='avia_cart_buttons'><a href=\"\/fr\/wp-json\/wp\/v2\/pages\/9012?add-to-cart=4484\" aria-describedby=\"woocommerce_loop_add_to_cart_link_describedby_4484\" data-quantity=\"1\" class=\"button product_type_simple add_to_cart_button ajax_add_to_cart\" data-product_id=\"4484\" data-product_sku=\"FPO-R0047-40\" aria-label=\"Ajouter au panier\u00a0: \u201cKurkuma aus Kampot\u201d\" rel=\"nofollow\" data-success_message=\"\u00ab\u00a0Kurkuma aus Kampot\u00a0\u00bb a \u00e9t\u00e9 ajout\u00e9 \u00e0 votre panier\" role=\"button\" data-no-translation-aria-label=\"\" data-no-translation-data-success_message=\"\"><span class=\"avia-svg-icon avia-font-svg_entypo-fontello\" data-av_svg_icon='basket' data-av_iconset='svg_entypo-fontello'><svg version=\"1.1\" xmlns=\"http:\/\/www.w3.org\/2000\/svg\" width=\"29\" height=\"32\" viewbox=\"0 0 29 32\" preserveaspectratio=\"xMidYMid meet\" aria-labelledby='av-svg-title-191' aria-describedby='av-svg-desc-191' role=\"graphics-symbol\" aria-hidden=\"true\">\n<title id='av-svg-title-191'>Ajouter au panier<\/title>\n<desc id='av-svg-desc-191'>Ajouter au panier<\/desc>\n<path d=\"M4.8 27.2q0-1.28 0.96-2.24t2.24-0.96q1.344 0 2.272 0.96t0.928 2.24q0 1.344-0.928 2.272t-2.272 0.928q-1.28 0-2.24-0.928t-0.96-2.272zM20.8 27.2q0-1.28 0.96-2.24t2.24-0.96q1.344 0 2.272 0.96t0.928 2.24q0 1.344-0.928 2.272t-2.272 0.928q-1.28 0-2.24-0.928t-0.96-2.272zM10.496 19.648q-1.152 0.32-1.088 0.736t1.408 0.416h17.984v2.432q0 0.64-0.64 0.64h-20.928q-0.64 0-0.64-0.64v-2.432l-0.32-1.472-3.136-14.528h-3.136v-2.56q0-0.64 0.64-0.64h4.992q0.64 0 0.64 0.64v2.752h22.528v8.768q0 0.704-0.576 0.832z\"><\/path>\n<\/svg><\/span>  Ajouter au panier<\/a>\t<span id=\"woocommerce_loop_add_to_cart_link_describedby_4484\" class=\"screen-reader-text\">\n\t\t\t<\/span>\n<a class=\"button show_details_button\" href=\"https:\/\/www.raffinessen.ch\/fr\/produit\/kurkuma-aus-kampot\/\"><span class=\"avia-svg-icon avia-font-svg_entypo-fontello\" data-av_svg_icon='doc-text' data-av_iconset='svg_entypo-fontello'><svg version=\"1.1\" xmlns=\"http:\/\/www.w3.org\/2000\/svg\" width=\"22\" height=\"32\" viewbox=\"0 0 22 32\" preserveaspectratio=\"xMidYMid meet\" aria-labelledby='av-svg-title-192' aria-describedby='av-svg-desc-192' role=\"graphics-symbol\" aria-hidden=\"true\">\n<title id='av-svg-title-192'>Voir les d\u00e9tails<\/title>\n<desc id='av-svg-desc-192'>Voir les d\u00e9tails<\/desc>\n<path d=\"M6.784 17.344v-2.88h8.96v2.88h-8.96zM19.2 1.6q1.344 0 2.272 0.928t0.928 2.272v22.4q0 1.28-0.928 2.24t-2.272 0.96h-16q-1.28 0-2.24-0.96t-0.96-2.24v-22.4q0-1.344 0.96-2.272t2.24-0.928h16zM19.2 27.2v-22.4h-16v22.4h16zM15.68 8.256v2.816h-8.96v-2.816h8.96zM15.68 20.8v2.816h-8.96v-2.816h8.96z\"><\/path>\n<\/svg><\/span>  Voir les d\u00e9tails<\/a> <span class=\"button-mini-delimiter\"><\/span><\/div><\/div><\/li>\n<li class=\"product type-product post-3819 status-publish instock product_cat-probier-set has-post-thumbnail taxable shipping-taxable purchasable product-type-simple\">\n\t<div class='inner_product main_color wrapped_style noLightbox  av-product-class-'><a href=\"https:\/\/www.raffinessen.ch\/fr\/produit\/roter-schwarzer-und-weisser-kampot-pfeffer\/\" class=\"woocommerce-LoopProduct-link woocommerce-loop-product__link\"><div class=\"thumbnail_container\"><img loading=\"lazy\" decoding=\"async\" width=\"500\" height=\"500\" src=\"https:\/\/www.raffinessen.ch\/webseite\/wp-content\/uploads\/2018\/12\/probierset_rot-schwarz-weiss-kampot-pfeffer-500x500.jpg\" class=\"attachment-woocommerce_thumbnail avia-product-hover\" alt=\"\" srcset=\"https:\/\/www.raffinessen.ch\/webseite\/wp-content\/uploads\/2018\/12\/probierset_rot-schwarz-weiss-kampot-pfeffer-500x500.jpg 500w, https:\/\/www.raffinessen.ch\/webseite\/wp-content\/uploads\/2018\/12\/probierset_rot-schwarz-weiss-kampot-pfeffer-80x80.jpg 80w, https:\/\/www.raffinessen.ch\/webseite\/wp-content\/uploads\/2018\/12\/probierset_rot-schwarz-weiss-kampot-pfeffer-300x300.jpg 300w, https:\/\/www.raffinessen.ch\/webseite\/wp-content\/uploads\/2018\/12\/probierset_rot-schwarz-weiss-kampot-pfeffer-768x768.jpg 768w, https:\/\/www.raffinessen.ch\/webseite\/wp-content\/uploads\/2018\/12\/probierset_rot-schwarz-weiss-kampot-pfeffer-1030x1030.jpg 1030w, https:\/\/www.raffinessen.ch\/webseite\/wp-content\/uploads\/2018\/12\/probierset_rot-schwarz-weiss-kampot-pfeffer-36x36.jpg 36w, https:\/\/www.raffinessen.ch\/webseite\/wp-content\/uploads\/2018\/12\/probierset_rot-schwarz-weiss-kampot-pfeffer-180x180.jpg 180w, https:\/\/www.raffinessen.ch\/webseite\/wp-content\/uploads\/2018\/12\/probierset_rot-schwarz-weiss-kampot-pfeffer-1500x1500.jpg 1500w, https:\/\/www.raffinessen.ch\/webseite\/wp-content\/uploads\/2018\/12\/probierset_rot-schwarz-weiss-kampot-pfeffer-705x705.jpg 705w, https:\/\/www.raffinessen.ch\/webseite\/wp-content\/uploads\/2018\/12\/probierset_rot-schwarz-weiss-kampot-pfeffer-100x100.jpg 100w, https:\/\/www.raffinessen.ch\/webseite\/wp-content\/uploads\/2018\/12\/probierset_rot-schwarz-weiss-kampot-pfeffer-1000x1000.jpg 1000w, https:\/\/www.raffinessen.ch\/webseite\/wp-content\/uploads\/2018\/12\/probierset_rot-schwarz-weiss-kampot-pfeffer.jpg 2000w\" sizes=\"auto, (max-width: 500px) 100vw, 500px\" \/><img decoding=\"async\" loading=\"lazy\" width=\"500\" height=\"500\" src=\"https:\/\/www.raffinessen.ch\/webseite\/wp-content\/uploads\/2018\/12\/kampot-pfeffer-rot-schwarz-weiss-500x500.jpg\" class=\"wp-image-4739 avia-img-lazy-loading-4739 attachment-woocommerce_thumbnail size-woocommerce_thumbnail wp-post-image\" alt=\"\" srcset=\"https:\/\/www.raffinessen.ch\/webseite\/wp-content\/uploads\/2018\/12\/kampot-pfeffer-rot-schwarz-weiss-500x500.jpg 500w, https:\/\/www.raffinessen.ch\/webseite\/wp-content\/uploads\/2018\/12\/kampot-pfeffer-rot-schwarz-weiss-300x300.jpg 300w, https:\/\/www.raffinessen.ch\/webseite\/wp-content\/uploads\/2018\/12\/kampot-pfeffer-rot-schwarz-weiss-1030x1030.jpg 1030w, https:\/\/www.raffinessen.ch\/webseite\/wp-content\/uploads\/2018\/12\/kampot-pfeffer-rot-schwarz-weiss-80x80.jpg 80w, https:\/\/www.raffinessen.ch\/webseite\/wp-content\/uploads\/2018\/12\/kampot-pfeffer-rot-schwarz-weiss-768x768.jpg 768w, https:\/\/www.raffinessen.ch\/webseite\/wp-content\/uploads\/2018\/12\/kampot-pfeffer-rot-schwarz-weiss-1536x1536.jpg 1536w, https:\/\/www.raffinessen.ch\/webseite\/wp-content\/uploads\/2018\/12\/kampot-pfeffer-rot-schwarz-weiss-36x36.jpg 36w, https:\/\/www.raffinessen.ch\/webseite\/wp-content\/uploads\/2018\/12\/kampot-pfeffer-rot-schwarz-weiss-180x180.jpg 180w, https:\/\/www.raffinessen.ch\/webseite\/wp-content\/uploads\/2018\/12\/kampot-pfeffer-rot-schwarz-weiss-1500x1500.jpg 1500w, https:\/\/www.raffinessen.ch\/webseite\/wp-content\/uploads\/2018\/12\/kampot-pfeffer-rot-schwarz-weiss-705x705.jpg 705w, https:\/\/www.raffinessen.ch\/webseite\/wp-content\/uploads\/2018\/12\/kampot-pfeffer-rot-schwarz-weiss-100x100.jpg 100w, https:\/\/www.raffinessen.ch\/webseite\/wp-content\/uploads\/2018\/12\/kampot-pfeffer-rot-schwarz-weiss-1000x1000.jpg 1000w, https:\/\/www.raffinessen.ch\/webseite\/wp-content\/uploads\/2018\/12\/kampot-pfeffer-rot-schwarz-weiss.jpg 2000w\" sizes=\"auto, (max-width: 500px) 100vw, 500px\" \/><span class=\"cart-loading\"><\/span><\/div><div class='inner_product_header'><div class='avia-arrow'><\/div><div class='inner_product_header_table'><div class='inner_product_header_cell'><h2 class=\"woocommerce-loop-product__title\">Set de d\u00e9gustation - poivre de Kampot rouge, noir et blanc<\/h2>\n\t<span class=\"price\"><span class=\"woocommerce-Price-amount amount\"><bdi><span class=\"woocommerce-Price-currencySymbol\">&#67;&#72;&#70;<\/span>&nbsp;15.00<\/bdi><\/span> <small class=\"woocommerce-price-suffix\">TVA incluse<\/small><\/span>\n<\/div><\/div><\/div><\/a><div class='avia_cart_buttons'><a href=\"\/fr\/wp-json\/wp\/v2\/pages\/9012?add-to-cart=3819\" aria-describedby=\"woocommerce_loop_add_to_cart_link_describedby_3819\" data-quantity=\"1\" class=\"button product_type_simple add_to_cart_button ajax_add_to_cart\" data-product_id=\"3819\" data-product_sku=\"GSO-007\" aria-label=\"Ajouter au panier\u00a0: \u201cProbierset - roter, schwarzer und weisser Kampot Pfeffer\u201d\" rel=\"nofollow\" data-success_message=\"\u00ab\u00a0Probierset - roter, schwarzer und weisser Kampot Pfeffer\u00a0\u00bb a \u00e9t\u00e9 ajout\u00e9 \u00e0 votre panier\" role=\"button\" data-no-translation-aria-label=\"\" data-no-translation-data-success_message=\"\"><span class=\"avia-svg-icon avia-font-svg_entypo-fontello\" data-av_svg_icon='basket' data-av_iconset='svg_entypo-fontello'><svg version=\"1.1\" xmlns=\"http:\/\/www.w3.org\/2000\/svg\" width=\"29\" height=\"32\" viewbox=\"0 0 29 32\" preserveaspectratio=\"xMidYMid meet\" aria-labelledby='av-svg-title-193' aria-describedby='av-svg-desc-193' role=\"graphics-symbol\" aria-hidden=\"true\">\n<title id='av-svg-title-193'>Ajouter au panier<\/title>\n<desc id='av-svg-desc-193'>Ajouter au panier<\/desc>\n<path d=\"M4.8 27.2q0-1.28 0.96-2.24t2.24-0.96q1.344 0 2.272 0.96t0.928 2.24q0 1.344-0.928 2.272t-2.272 0.928q-1.28 0-2.24-0.928t-0.96-2.272zM20.8 27.2q0-1.28 0.96-2.24t2.24-0.96q1.344 0 2.272 0.96t0.928 2.24q0 1.344-0.928 2.272t-2.272 0.928q-1.28 0-2.24-0.928t-0.96-2.272zM10.496 19.648q-1.152 0.32-1.088 0.736t1.408 0.416h17.984v2.432q0 0.64-0.64 0.64h-20.928q-0.64 0-0.64-0.64v-2.432l-0.32-1.472-3.136-14.528h-3.136v-2.56q0-0.64 0.64-0.64h4.992q0.64 0 0.64 0.64v2.752h22.528v8.768q0 0.704-0.576 0.832z\"><\/path>\n<\/svg><\/span>  Ajouter au panier<\/a>\t<span id=\"woocommerce_loop_add_to_cart_link_describedby_3819\" class=\"screen-reader-text\">\n\t\t\t<\/span>\n<a class=\"button show_details_button\" href=\"https:\/\/www.raffinessen.ch\/fr\/produit\/roter-schwarzer-und-weisser-kampot-pfeffer\/\"><span class=\"avia-svg-icon avia-font-svg_entypo-fontello\" data-av_svg_icon='doc-text' data-av_iconset='svg_entypo-fontello'><svg version=\"1.1\" xmlns=\"http:\/\/www.w3.org\/2000\/svg\" width=\"22\" height=\"32\" viewbox=\"0 0 22 32\" preserveaspectratio=\"xMidYMid meet\" aria-labelledby='av-svg-title-194' aria-describedby='av-svg-desc-194' role=\"graphics-symbol\" aria-hidden=\"true\">\n<title id='av-svg-title-194'>Voir les d\u00e9tails<\/title>\n<desc id='av-svg-desc-194'>Voir les d\u00e9tails<\/desc>\n<path d=\"M6.784 17.344v-2.88h8.96v2.88h-8.96zM19.2 1.6q1.344 0 2.272 0.928t0.928 2.272v22.4q0 1.28-0.928 2.24t-2.272 0.96h-16q-1.28 0-2.24-0.96t-0.96-2.24v-22.4q0-1.344 0.96-2.272t2.24-0.928h16zM19.2 27.2v-22.4h-16v22.4h16zM15.68 8.256v2.816h-8.96v-2.816h8.96zM15.68 20.8v2.816h-8.96v-2.816h8.96z\"><\/path>\n<\/svg><\/span>  Voir les d\u00e9tails<\/a> <span class=\"button-mini-delimiter\"><\/span><\/div><\/div><\/li>\n<li class=\"product type-product post-4782 status-publish instock product_cat-muehlen has-post-thumbnail taxable shipping-taxable purchasable product-type-simple\">\n\t<div class='inner_product main_color wrapped_style noLightbox  av-product-class-'><a href=\"https:\/\/www.raffinessen.ch\/fr\/produit\/gewuerzmuehle-miya-schwarz\/\" class=\"woocommerce-LoopProduct-link woocommerce-loop-product__link\"><div class=\"thumbnail_container\"><img loading=\"lazy\" decoding=\"async\" width=\"500\" height=\"500\" src=\"https:\/\/www.raffinessen.ch\/webseite\/wp-content\/uploads\/2019\/12\/miya-black-liegend-einzeln-500x500.jpg\" class=\"attachment-woocommerce_thumbnail avia-product-hover\" alt=\"\" srcset=\"https:\/\/www.raffinessen.ch\/webseite\/wp-content\/uploads\/2019\/12\/miya-black-liegend-einzeln-500x500.jpg 500w, https:\/\/www.raffinessen.ch\/webseite\/wp-content\/uploads\/2019\/12\/miya-black-liegend-einzeln-300x300.jpg 300w, https:\/\/www.raffinessen.ch\/webseite\/wp-content\/uploads\/2019\/12\/miya-black-liegend-einzeln-1030x1030.jpg 1030w, https:\/\/www.raffinessen.ch\/webseite\/wp-content\/uploads\/2019\/12\/miya-black-liegend-einzeln-80x80.jpg 80w, https:\/\/www.raffinessen.ch\/webseite\/wp-content\/uploads\/2019\/12\/miya-black-liegend-einzeln-768x768.jpg 768w, https:\/\/www.raffinessen.ch\/webseite\/wp-content\/uploads\/2019\/12\/miya-black-liegend-einzeln-1536x1536.jpg 1536w, https:\/\/www.raffinessen.ch\/webseite\/wp-content\/uploads\/2019\/12\/miya-black-liegend-einzeln-36x36.jpg 36w, https:\/\/www.raffinessen.ch\/webseite\/wp-content\/uploads\/2019\/12\/miya-black-liegend-einzeln-180x180.jpg 180w, https:\/\/www.raffinessen.ch\/webseite\/wp-content\/uploads\/2019\/12\/miya-black-liegend-einzeln-1500x1500.jpg 1500w, https:\/\/www.raffinessen.ch\/webseite\/wp-content\/uploads\/2019\/12\/miya-black-liegend-einzeln-705x705.jpg 705w, https:\/\/www.raffinessen.ch\/webseite\/wp-content\/uploads\/2019\/12\/miya-black-liegend-einzeln-100x100.jpg 100w, https:\/\/www.raffinessen.ch\/webseite\/wp-content\/uploads\/2019\/12\/miya-black-liegend-einzeln-1000x1000.jpg 1000w, https:\/\/www.raffinessen.ch\/webseite\/wp-content\/uploads\/2019\/12\/miya-black-liegend-einzeln.jpg 2000w\" sizes=\"auto, (max-width: 500px) 100vw, 500px\" \/><img decoding=\"async\" loading=\"lazy\" width=\"500\" height=\"500\" src=\"https:\/\/www.raffinessen.ch\/webseite\/wp-content\/uploads\/2019\/12\/miya-black-muehle-1-500x500.jpg\" class=\"wp-image-4783 avia-img-lazy-loading-4783 attachment-woocommerce_thumbnail size-woocommerce_thumbnail wp-post-image\" alt=\"\" srcset=\"https:\/\/www.raffinessen.ch\/webseite\/wp-content\/uploads\/2019\/12\/miya-black-muehle-1-500x500.jpg 500w, https:\/\/www.raffinessen.ch\/webseite\/wp-content\/uploads\/2019\/12\/miya-black-muehle-1-300x300.jpg 300w, https:\/\/www.raffinessen.ch\/webseite\/wp-content\/uploads\/2019\/12\/miya-black-muehle-1-1030x1030.jpg 1030w, https:\/\/www.raffinessen.ch\/webseite\/wp-content\/uploads\/2019\/12\/miya-black-muehle-1-80x80.jpg 80w, https:\/\/www.raffinessen.ch\/webseite\/wp-content\/uploads\/2019\/12\/miya-black-muehle-1-768x768.jpg 768w, https:\/\/www.raffinessen.ch\/webseite\/wp-content\/uploads\/2019\/12\/miya-black-muehle-1-1536x1536.jpg 1536w, https:\/\/www.raffinessen.ch\/webseite\/wp-content\/uploads\/2019\/12\/miya-black-muehle-1-2048x2048.jpg 2048w, https:\/\/www.raffinessen.ch\/webseite\/wp-content\/uploads\/2019\/12\/miya-black-muehle-1-36x36.jpg 36w, https:\/\/www.raffinessen.ch\/webseite\/wp-content\/uploads\/2019\/12\/miya-black-muehle-1-180x180.jpg 180w, https:\/\/www.raffinessen.ch\/webseite\/wp-content\/uploads\/2019\/12\/miya-black-muehle-1-1500x1500.jpg 1500w, https:\/\/www.raffinessen.ch\/webseite\/wp-content\/uploads\/2019\/12\/miya-black-muehle-1-705x705.jpg 705w, https:\/\/www.raffinessen.ch\/webseite\/wp-content\/uploads\/2019\/12\/miya-black-muehle-1-100x100.jpg 100w, https:\/\/www.raffinessen.ch\/webseite\/wp-content\/uploads\/2019\/12\/miya-black-muehle-1-1000x1000.jpg 1000w\" sizes=\"auto, (max-width: 500px) 100vw, 500px\" \/><span class=\"cart-loading\"><\/span><\/div><div class='inner_product_header'><div class='avia-arrow'><\/div><div class='inner_product_header_table'><div class='inner_product_header_cell'><h2 class=\"woocommerce-loop-product__title\">Moulin \u00e0 \u00e9pices MIYA noir<\/h2>\n\t<span class=\"price\"><span class=\"woocommerce-Price-amount amount\"><bdi><span class=\"woocommerce-Price-currencySymbol\">&#67;&#72;&#70;<\/span>&nbsp;20.00<\/bdi><\/span> <small class=\"woocommerce-price-suffix\">TVA incluse<\/small><\/span>\n<\/div><\/div><\/div><\/a><div class='avia_cart_buttons'><a href=\"\/fr\/wp-json\/wp\/v2\/pages\/9012?add-to-cart=4782\" aria-describedby=\"woocommerce_loop_add_to_cart_link_describedby_4782\" data-quantity=\"1\" class=\"button product_type_simple add_to_cart_button ajax_add_to_cart\" data-product_id=\"4782\" data-product_sku=\"GWO-003\" aria-label=\"Ajouter au panier\u00a0: \u201cGew\u00fcrzm\u00fchle MIYA schwarz\u201d\" rel=\"nofollow\" data-success_message=\"\u00ab\u00a0Gew\u00fcrzm\u00fchle MIYA schwarz\u00a0\u00bb a \u00e9t\u00e9 ajout\u00e9 \u00e0 votre panier\" role=\"button\" data-no-translation-aria-label=\"\" data-no-translation-data-success_message=\"\"><span class=\"avia-svg-icon avia-font-svg_entypo-fontello\" data-av_svg_icon='basket' data-av_iconset='svg_entypo-fontello'><svg version=\"1.1\" xmlns=\"http:\/\/www.w3.org\/2000\/svg\" width=\"29\" height=\"32\" viewbox=\"0 0 29 32\" preserveaspectratio=\"xMidYMid meet\" aria-labelledby='av-svg-title-195' aria-describedby='av-svg-desc-195' role=\"graphics-symbol\" aria-hidden=\"true\">\n<title id='av-svg-title-195'>Ajouter au panier<\/title>\n<desc id='av-svg-desc-195'>Ajouter au panier<\/desc>\n<path d=\"M4.8 27.2q0-1.28 0.96-2.24t2.24-0.96q1.344 0 2.272 0.96t0.928 2.24q0 1.344-0.928 2.272t-2.272 0.928q-1.28 0-2.24-0.928t-0.96-2.272zM20.8 27.2q0-1.28 0.96-2.24t2.24-0.96q1.344 0 2.272 0.96t0.928 2.24q0 1.344-0.928 2.272t-2.272 0.928q-1.28 0-2.24-0.928t-0.96-2.272zM10.496 19.648q-1.152 0.32-1.088 0.736t1.408 0.416h17.984v2.432q0 0.64-0.64 0.64h-20.928q-0.64 0-0.64-0.64v-2.432l-0.32-1.472-3.136-14.528h-3.136v-2.56q0-0.64 0.64-0.64h4.992q0.64 0 0.64 0.64v2.752h22.528v8.768q0 0.704-0.576 0.832z\"><\/path>\n<\/svg><\/span>  Ajouter au panier<\/a>\t<span id=\"woocommerce_loop_add_to_cart_link_describedby_4782\" class=\"screen-reader-text\">\n\t\t\t<\/span>\n<a class=\"button show_details_button\" href=\"https:\/\/www.raffinessen.ch\/fr\/produit\/gewuerzmuehle-miya-schwarz\/\"><span class=\"avia-svg-icon avia-font-svg_entypo-fontello\" data-av_svg_icon='doc-text' data-av_iconset='svg_entypo-fontello'><svg version=\"1.1\" xmlns=\"http:\/\/www.w3.org\/2000\/svg\" width=\"22\" height=\"32\" viewbox=\"0 0 22 32\" preserveaspectratio=\"xMidYMid meet\" aria-labelledby='av-svg-title-196' aria-describedby='av-svg-desc-196' role=\"graphics-symbol\" aria-hidden=\"true\">\n<title id='av-svg-title-196'>Voir les d\u00e9tails<\/title>\n<desc id='av-svg-desc-196'>Voir les d\u00e9tails<\/desc>\n<path d=\"M6.784 17.344v-2.88h8.96v2.88h-8.96zM19.2 1.6q1.344 0 2.272 0.928t0.928 2.272v22.4q0 1.28-0.928 2.24t-2.272 0.96h-16q-1.28 0-2.24-0.96t-0.96-2.24v-22.4q0-1.344 0.96-2.272t2.24-0.928h16zM19.2 27.2v-22.4h-16v22.4h16zM15.68 8.256v2.816h-8.96v-2.816h8.96zM15.68 20.8v2.816h-8.96v-2.816h8.96z\"><\/path>\n<\/svg><\/span>  Voir les d\u00e9tails<\/a> <span class=\"button-mini-delimiter\"><\/span><\/div><\/div><\/li>\n<li class=\"product type-product post-16307 status-publish last instock product_cat-bis-chf-30 product_cat-geschenksets product_cat-neu has-post-thumbnail taxable shipping-taxable purchasable product-type-simple\">\n\t<div class='inner_product main_color wrapped_style noLightbox  av-product-class-'><a href=\"https:\/\/www.raffinessen.ch\/fr\/produit\/set-suppen\/\" class=\"woocommerce-LoopProduct-link woocommerce-loop-product__link\"><div class=\"thumbnail_container\"><img loading=\"lazy\" decoding=\"async\" width=\"500\" height=\"500\" src=\"https:\/\/www.raffinessen.ch\/webseite\/wp-content\/uploads\/2023\/09\/SET_Suppen_Randen-500x500.jpg\" class=\"attachment-woocommerce_thumbnail avia-product-hover\" alt=\"\" srcset=\"https:\/\/www.raffinessen.ch\/webseite\/wp-content\/uploads\/2023\/09\/SET_Suppen_Randen-500x500.jpg 500w, https:\/\/www.raffinessen.ch\/webseite\/wp-content\/uploads\/2023\/09\/SET_Suppen_Randen-300x300.jpg 300w, https:\/\/www.raffinessen.ch\/webseite\/wp-content\/uploads\/2023\/09\/SET_Suppen_Randen-1030x1030.jpg 1030w, https:\/\/www.raffinessen.ch\/webseite\/wp-content\/uploads\/2023\/09\/SET_Suppen_Randen-80x80.jpg 80w, https:\/\/www.raffinessen.ch\/webseite\/wp-content\/uploads\/2023\/09\/SET_Suppen_Randen-768x768.jpg 768w, https:\/\/www.raffinessen.ch\/webseite\/wp-content\/uploads\/2023\/09\/SET_Suppen_Randen-12x12.jpg 12w, https:\/\/www.raffinessen.ch\/webseite\/wp-content\/uploads\/2023\/09\/SET_Suppen_Randen-36x36.jpg 36w, https:\/\/www.raffinessen.ch\/webseite\/wp-content\/uploads\/2023\/09\/SET_Suppen_Randen-180x180.jpg 180w, https:\/\/www.raffinessen.ch\/webseite\/wp-content\/uploads\/2023\/09\/SET_Suppen_Randen-705x705.jpg 705w, https:\/\/www.raffinessen.ch\/webseite\/wp-content\/uploads\/2023\/09\/SET_Suppen_Randen-120x120.jpg 120w, https:\/\/www.raffinessen.ch\/webseite\/wp-content\/uploads\/2023\/09\/SET_Suppen_Randen-450x450.jpg 450w, https:\/\/www.raffinessen.ch\/webseite\/wp-content\/uploads\/2023\/09\/SET_Suppen_Randen-1000x1000.jpg 1000w, https:\/\/www.raffinessen.ch\/webseite\/wp-content\/uploads\/2023\/09\/SET_Suppen_Randen-100x100.jpg 100w, https:\/\/www.raffinessen.ch\/webseite\/wp-content\/uploads\/2023\/09\/SET_Suppen_Randen.jpg 1500w\" sizes=\"auto, (max-width: 500px) 100vw, 500px\" \/><img decoding=\"async\" loading=\"lazy\" width=\"500\" height=\"500\" src=\"https:\/\/www.raffinessen.ch\/webseite\/wp-content\/uploads\/2023\/09\/SET_Suppen-500x500.jpg\" class=\"wp-image-16309 avia-img-lazy-loading-16309 attachment-woocommerce_thumbnail size-woocommerce_thumbnail wp-post-image\" alt=\"\" srcset=\"https:\/\/www.raffinessen.ch\/webseite\/wp-content\/uploads\/2023\/09\/SET_Suppen-500x500.jpg 500w, https:\/\/www.raffinessen.ch\/webseite\/wp-content\/uploads\/2023\/09\/SET_Suppen-300x300.jpg 300w, https:\/\/www.raffinessen.ch\/webseite\/wp-content\/uploads\/2023\/09\/SET_Suppen-1030x1030.jpg 1030w, https:\/\/www.raffinessen.ch\/webseite\/wp-content\/uploads\/2023\/09\/SET_Suppen-80x80.jpg 80w, https:\/\/www.raffinessen.ch\/webseite\/wp-content\/uploads\/2023\/09\/SET_Suppen-768x768.jpg 768w, https:\/\/www.raffinessen.ch\/webseite\/wp-content\/uploads\/2023\/09\/SET_Suppen-12x12.jpg 12w, https:\/\/www.raffinessen.ch\/webseite\/wp-content\/uploads\/2023\/09\/SET_Suppen-36x36.jpg 36w, https:\/\/www.raffinessen.ch\/webseite\/wp-content\/uploads\/2023\/09\/SET_Suppen-180x180.jpg 180w, https:\/\/www.raffinessen.ch\/webseite\/wp-content\/uploads\/2023\/09\/SET_Suppen-705x705.jpg 705w, https:\/\/www.raffinessen.ch\/webseite\/wp-content\/uploads\/2023\/09\/SET_Suppen-120x120.jpg 120w, https:\/\/www.raffinessen.ch\/webseite\/wp-content\/uploads\/2023\/09\/SET_Suppen-450x450.jpg 450w, https:\/\/www.raffinessen.ch\/webseite\/wp-content\/uploads\/2023\/09\/SET_Suppen-1000x1000.jpg 1000w, https:\/\/www.raffinessen.ch\/webseite\/wp-content\/uploads\/2023\/09\/SET_Suppen-100x100.jpg 100w, https:\/\/www.raffinessen.ch\/webseite\/wp-content\/uploads\/2023\/09\/SET_Suppen.jpg 1500w\" sizes=\"auto, (max-width: 500px) 100vw, 500px\" \/><span class=\"cart-loading\"><\/span><\/div><div class='inner_product_header'><div class='avia-arrow'><\/div><div class='inner_product_header_table'><div class='inner_product_header_cell'><h2 class=\"woocommerce-loop-product__title\">SET &#8211; Suppen<\/h2>\n\t<span class=\"price\"><span class=\"woocommerce-Price-amount amount\"><bdi><span class=\"woocommerce-Price-currencySymbol\">&#67;&#72;&#70;<\/span>&nbsp;29.00<\/bdi><\/span> <small class=\"woocommerce-price-suffix\">TVA incluse<\/small><\/span>\n<\/div><\/div><\/div><\/a><div class='avia_cart_buttons'><a href=\"\/fr\/wp-json\/wp\/v2\/pages\/9012?add-to-cart=16307\" aria-describedby=\"woocommerce_loop_add_to_cart_link_describedby_16307\" data-quantity=\"1\" class=\"button product_type_simple add_to_cart_button ajax_add_to_cart\" data-product_id=\"16307\" data-product_sku=\"GSO-059\" aria-label=\"Ajouter au panier\u00a0: \u201cSET - Suppen\u201d\" rel=\"nofollow\" data-success_message=\"\u00ab\u00a0SET - Suppen\u00a0\u00bb a \u00e9t\u00e9 ajout\u00e9 \u00e0 votre panier\" role=\"button\" data-no-translation-aria-label=\"\" data-no-translation-data-success_message=\"\"><span class=\"avia-svg-icon avia-font-svg_entypo-fontello\" data-av_svg_icon='basket' data-av_iconset='svg_entypo-fontello'><svg version=\"1.1\" xmlns=\"http:\/\/www.w3.org\/2000\/svg\" width=\"29\" height=\"32\" viewbox=\"0 0 29 32\" preserveaspectratio=\"xMidYMid meet\" aria-labelledby='av-svg-title-197' aria-describedby='av-svg-desc-197' role=\"graphics-symbol\" aria-hidden=\"true\">\n<title id='av-svg-title-197'>Ajouter au panier<\/title>\n<desc id='av-svg-desc-197'>Ajouter au panier<\/desc>\n<path d=\"M4.8 27.2q0-1.28 0.96-2.24t2.24-0.96q1.344 0 2.272 0.96t0.928 2.24q0 1.344-0.928 2.272t-2.272 0.928q-1.28 0-2.24-0.928t-0.96-2.272zM20.8 27.2q0-1.28 0.96-2.24t2.24-0.96q1.344 0 2.272 0.96t0.928 2.24q0 1.344-0.928 2.272t-2.272 0.928q-1.28 0-2.24-0.928t-0.96-2.272zM10.496 19.648q-1.152 0.32-1.088 0.736t1.408 0.416h17.984v2.432q0 0.64-0.64 0.64h-20.928q-0.64 0-0.64-0.64v-2.432l-0.32-1.472-3.136-14.528h-3.136v-2.56q0-0.64 0.64-0.64h4.992q0.64 0 0.64 0.64v2.752h22.528v8.768q0 0.704-0.576 0.832z\"><\/path>\n<\/svg><\/span>  Ajouter au panier<\/a>\t<span id=\"woocommerce_loop_add_to_cart_link_describedby_16307\" class=\"screen-reader-text\">\n\t\t\t<\/span>\n<a class=\"button show_details_button\" href=\"https:\/\/www.raffinessen.ch\/fr\/produit\/set-suppen\/\"><span class=\"avia-svg-icon avia-font-svg_entypo-fontello\" data-av_svg_icon='doc-text' data-av_iconset='svg_entypo-fontello'><svg version=\"1.1\" xmlns=\"http:\/\/www.w3.org\/2000\/svg\" width=\"22\" height=\"32\" viewbox=\"0 0 22 32\" preserveaspectratio=\"xMidYMid meet\" aria-labelledby='av-svg-title-198' aria-describedby='av-svg-desc-198' role=\"graphics-symbol\" aria-hidden=\"true\">\n<title id='av-svg-title-198'>Voir les d\u00e9tails<\/title>\n<desc id='av-svg-desc-198'>Voir les d\u00e9tails<\/desc>\n<path d=\"M6.784 17.344v-2.88h8.96v2.88h-8.96zM19.2 1.6q1.344 0 2.272 0.928t0.928 2.272v22.4q0 1.28-0.928 2.24t-2.272 0.96h-16q-1.28 0-2.24-0.96t-0.96-2.24v-22.4q0-1.344 0.96-2.272t2.24-0.928h16zM19.2 27.2v-22.4h-16v22.4h16zM15.68 8.256v2.816h-8.96v-2.816h8.96zM15.68 20.8v2.816h-8.96v-2.816h8.96z\"><\/path>\n<\/svg><\/span>  Voir les d\u00e9tails<\/a> <span class=\"button-mini-delimiter\"><\/span><\/div><\/div><\/li>\n<li class=\"product type-product post-2631 status-publish first instock product_cat-pfeffer-abo has-post-thumbnail taxable shipping-taxable purchasable product-type-variable\">\n\t<div class='inner_product main_color wrapped_style noLightbox  av-product-class-'><a href=\"https:\/\/www.raffinessen.ch\/fr\/produit\/investment-schwarzer-und-roter-kampot-pfeffer-je-500-gramm\/\" class=\"woocommerce-LoopProduct-link woocommerce-loop-product__link\"><div class=\"thumbnail_container\"><img loading=\"lazy\" decoding=\"async\" width=\"500\" height=\"500\" src=\"https:\/\/www.raffinessen.ch\/webseite\/wp-content\/uploads\/2018\/12\/investment-roter-schwarzer-kampot-pfeffer-500x500.jpg\" class=\"attachment-woocommerce_thumbnail avia-product-hover\" alt=\"\" srcset=\"https:\/\/www.raffinessen.ch\/webseite\/wp-content\/uploads\/2018\/12\/investment-roter-schwarzer-kampot-pfeffer-500x500.jpg 500w, https:\/\/www.raffinessen.ch\/webseite\/wp-content\/uploads\/2018\/12\/investment-roter-schwarzer-kampot-pfeffer-80x80.jpg 80w, https:\/\/www.raffinessen.ch\/webseite\/wp-content\/uploads\/2018\/12\/investment-roter-schwarzer-kampot-pfeffer-300x300.jpg 300w, https:\/\/www.raffinessen.ch\/webseite\/wp-content\/uploads\/2018\/12\/investment-roter-schwarzer-kampot-pfeffer-768x768.jpg 768w, https:\/\/www.raffinessen.ch\/webseite\/wp-content\/uploads\/2018\/12\/investment-roter-schwarzer-kampot-pfeffer-1030x1030.jpg 1030w, https:\/\/www.raffinessen.ch\/webseite\/wp-content\/uploads\/2018\/12\/investment-roter-schwarzer-kampot-pfeffer-36x36.jpg 36w, https:\/\/www.raffinessen.ch\/webseite\/wp-content\/uploads\/2018\/12\/investment-roter-schwarzer-kampot-pfeffer-180x180.jpg 180w, https:\/\/www.raffinessen.ch\/webseite\/wp-content\/uploads\/2018\/12\/investment-roter-schwarzer-kampot-pfeffer-1500x1500.jpg 1500w, https:\/\/www.raffinessen.ch\/webseite\/wp-content\/uploads\/2018\/12\/investment-roter-schwarzer-kampot-pfeffer-705x705.jpg 705w, https:\/\/www.raffinessen.ch\/webseite\/wp-content\/uploads\/2018\/12\/investment-roter-schwarzer-kampot-pfeffer-100x100.jpg 100w, https:\/\/www.raffinessen.ch\/webseite\/wp-content\/uploads\/2018\/12\/investment-roter-schwarzer-kampot-pfeffer-1000x1000.jpg 1000w, https:\/\/www.raffinessen.ch\/webseite\/wp-content\/uploads\/2018\/12\/investment-roter-schwarzer-kampot-pfeffer.jpg 2000w\" sizes=\"auto, (max-width: 500px) 100vw, 500px\" \/><img decoding=\"async\" loading=\"lazy\" width=\"500\" height=\"500\" src=\"https:\/\/www.raffinessen.ch\/webseite\/wp-content\/uploads\/2018\/12\/roter-schwarzer-kampot-pfeffer-500x500.jpg\" class=\"wp-image-3809 avia-img-lazy-loading-3809 attachment-woocommerce_thumbnail size-woocommerce_thumbnail wp-post-image\" alt=\"\" srcset=\"https:\/\/www.raffinessen.ch\/webseite\/wp-content\/uploads\/2018\/12\/roter-schwarzer-kampot-pfeffer-500x500.jpg 500w, https:\/\/www.raffinessen.ch\/webseite\/wp-content\/uploads\/2018\/12\/roter-schwarzer-kampot-pfeffer-80x80.jpg 80w, https:\/\/www.raffinessen.ch\/webseite\/wp-content\/uploads\/2018\/12\/roter-schwarzer-kampot-pfeffer-300x300.jpg 300w, https:\/\/www.raffinessen.ch\/webseite\/wp-content\/uploads\/2018\/12\/roter-schwarzer-kampot-pfeffer-768x768.jpg 768w, https:\/\/www.raffinessen.ch\/webseite\/wp-content\/uploads\/2018\/12\/roter-schwarzer-kampot-pfeffer-1030x1030.jpg 1030w, https:\/\/www.raffinessen.ch\/webseite\/wp-content\/uploads\/2018\/12\/roter-schwarzer-kampot-pfeffer-36x36.jpg 36w, https:\/\/www.raffinessen.ch\/webseite\/wp-content\/uploads\/2018\/12\/roter-schwarzer-kampot-pfeffer-180x180.jpg 180w, https:\/\/www.raffinessen.ch\/webseite\/wp-content\/uploads\/2018\/12\/roter-schwarzer-kampot-pfeffer-1500x1500.jpg 1500w, https:\/\/www.raffinessen.ch\/webseite\/wp-content\/uploads\/2018\/12\/roter-schwarzer-kampot-pfeffer-705x705.jpg 705w, https:\/\/www.raffinessen.ch\/webseite\/wp-content\/uploads\/2018\/12\/roter-schwarzer-kampot-pfeffer-100x100.jpg 100w, https:\/\/www.raffinessen.ch\/webseite\/wp-content\/uploads\/2018\/12\/roter-schwarzer-kampot-pfeffer-1000x1000.jpg 1000w, https:\/\/www.raffinessen.ch\/webseite\/wp-content\/uploads\/2018\/12\/roter-schwarzer-kampot-pfeffer.jpg 2000w\" sizes=\"auto, (max-width: 500px) 100vw, 500px\" \/><\/div><div class='inner_product_header'><div class='avia-arrow'><\/div><div class='inner_product_header_table'><div class='inner_product_header_cell'><h2 class=\"woocommerce-loop-product__title\">Investissement poivre de Kampot rouge et noir (500 g chacun)<\/h2>\n\t<span class=\"price\"><span class=\"woocommerce-Price-amount amount\"><bdi><span class=\"woocommerce-Price-currencySymbol\">&#67;&#72;&#70;<\/span>&nbsp;125.00<\/bdi><\/span> <small class=\"woocommerce-price-suffix\">TVA incluse<\/small><\/span>\n<\/div><\/div><\/div><\/a><div class='avia_cart_buttons single_button'><a href=\"https:\/\/www.raffinessen.ch\/fr\/produit\/investment-schwarzer-und-roter-kampot-pfeffer-je-500-gramm\/\" aria-describedby=\"woocommerce_loop_add_to_cart_link_describedby_2631\" data-quantity=\"1\" class=\"button product_type_variable add_to_cart_button\" data-product_id=\"2631\" data-product_sku=\"GSO-003\" aria-label=\"S\u00e9lectionner les options pour \u201cInvestment roter und schwarzer Kampot Pfeffer (je 500 g)\u201d\" rel=\"nofollow\" data-no-translation-aria-label=\"\"><span class=\"avia-svg-icon avia-font-svg_entypo-fontello\" data-av_svg_icon='basket' data-av_iconset='svg_entypo-fontello'><svg version=\"1.1\" xmlns=\"http:\/\/www.w3.org\/2000\/svg\" width=\"29\" height=\"32\" viewbox=\"0 0 29 32\" preserveaspectratio=\"xMidYMid meet\" aria-labelledby='av-svg-title-199' aria-describedby='av-svg-desc-199' role=\"graphics-symbol\" aria-hidden=\"true\">\n<title id='av-svg-title-199'>Ajouter au panier<\/title>\n<desc id='av-svg-desc-199'>Ajouter au panier<\/desc>\n<path d=\"M4.8 27.2q0-1.28 0.96-2.24t2.24-0.96q1.344 0 2.272 0.96t0.928 2.24q0 1.344-0.928 2.272t-2.272 0.928q-1.28 0-2.24-0.928t-0.96-2.272zM20.8 27.2q0-1.28 0.96-2.24t2.24-0.96q1.344 0 2.272 0.96t0.928 2.24q0 1.344-0.928 2.272t-2.272 0.928q-1.28 0-2.24-0.928t-0.96-2.272zM10.496 19.648q-1.152 0.32-1.088 0.736t1.408 0.416h17.984v2.432q0 0.64-0.64 0.64h-20.928q-0.64 0-0.64-0.64v-2.432l-0.32-1.472-3.136-14.528h-3.136v-2.56q0-0.64 0.64-0.64h4.992q0.64 0 0.64 0.64v2.752h22.528v8.768q0 0.704-0.576 0.832z\"><\/path>\n<\/svg><\/span>  Choix des options<\/a>\t<span id=\"woocommerce_loop_add_to_cart_link_describedby_2631\" class=\"screen-reader-text\">\n\t\tCe produit a plusieurs variations. Les options peuvent \u00eatre choisies sur la page du produit\t<\/span>\n<\/div><\/div><\/li>\n<li class=\"product type-product post-16151 status-publish instock product_cat-bis-chf-30 product_cat-unkategorisiert has-post-thumbnail taxable shipping-taxable purchasable product-type-simple\">\n\t<div class='inner_product main_color wrapped_style noLightbox  av-product-class-'><a href=\"https:\/\/www.raffinessen.ch\/fr\/produit\/schweizer-bluetenhonig-cremig\/\" class=\"woocommerce-LoopProduct-link woocommerce-loop-product__link\"><div class=\"thumbnail_container\"><img decoding=\"async\" loading=\"lazy\" width=\"500\" height=\"500\" src=\"https:\/\/www.raffinessen.ch\/webseite\/wp-content\/uploads\/2023\/08\/Schweizer-Bluetenhonig_1500x1500-500x500.jpg\" class=\"wp-image-16152 avia-img-lazy-loading-16152 attachment-woocommerce_thumbnail size-woocommerce_thumbnail wp-post-image\" alt=\"\" srcset=\"https:\/\/www.raffinessen.ch\/webseite\/wp-content\/uploads\/2023\/08\/Schweizer-Bluetenhonig_1500x1500-500x500.jpg 500w, https:\/\/www.raffinessen.ch\/webseite\/wp-content\/uploads\/2023\/08\/Schweizer-Bluetenhonig_1500x1500-300x300.jpg 300w, https:\/\/www.raffinessen.ch\/webseite\/wp-content\/uploads\/2023\/08\/Schweizer-Bluetenhonig_1500x1500-1030x1030.jpg 1030w, https:\/\/www.raffinessen.ch\/webseite\/wp-content\/uploads\/2023\/08\/Schweizer-Bluetenhonig_1500x1500-80x80.jpg 80w, https:\/\/www.raffinessen.ch\/webseite\/wp-content\/uploads\/2023\/08\/Schweizer-Bluetenhonig_1500x1500-768x768.jpg 768w, https:\/\/www.raffinessen.ch\/webseite\/wp-content\/uploads\/2023\/08\/Schweizer-Bluetenhonig_1500x1500-12x12.jpg 12w, https:\/\/www.raffinessen.ch\/webseite\/wp-content\/uploads\/2023\/08\/Schweizer-Bluetenhonig_1500x1500-36x36.jpg 36w, https:\/\/www.raffinessen.ch\/webseite\/wp-content\/uploads\/2023\/08\/Schweizer-Bluetenhonig_1500x1500-180x180.jpg 180w, https:\/\/www.raffinessen.ch\/webseite\/wp-content\/uploads\/2023\/08\/Schweizer-Bluetenhonig_1500x1500-705x705.jpg 705w, https:\/\/www.raffinessen.ch\/webseite\/wp-content\/uploads\/2023\/08\/Schweizer-Bluetenhonig_1500x1500-120x120.jpg 120w, https:\/\/www.raffinessen.ch\/webseite\/wp-content\/uploads\/2023\/08\/Schweizer-Bluetenhonig_1500x1500-450x450.jpg 450w, https:\/\/www.raffinessen.ch\/webseite\/wp-content\/uploads\/2023\/08\/Schweizer-Bluetenhonig_1500x1500-1000x1000.jpg 1000w, https:\/\/www.raffinessen.ch\/webseite\/wp-content\/uploads\/2023\/08\/Schweizer-Bluetenhonig_1500x1500-100x100.jpg 100w, https:\/\/www.raffinessen.ch\/webseite\/wp-content\/uploads\/2023\/08\/Schweizer-Bluetenhonig_1500x1500.jpg 1500w\" sizes=\"auto, (max-width: 500px) 100vw, 500px\" \/><span class=\"cart-loading\"><\/span><\/div><div class='inner_product_header'><div class='avia-arrow'><\/div><div class='inner_product_header_table'><div class='inner_product_header_cell'><h2 class=\"woocommerce-loop-product__title\">Miel de fleurs suisse cr\u00e9meux<\/h2>\n\t<span class=\"price\"><span class=\"woocommerce-Price-amount amount\"><bdi><span class=\"woocommerce-Price-currencySymbol\">&#67;&#72;&#70;<\/span>&nbsp;13.00<\/bdi><\/span> <small class=\"woocommerce-price-suffix\">TVA incluse<\/small><\/span>\n<\/div><\/div><\/div><\/a><div class='avia_cart_buttons'><a href=\"\/fr\/wp-json\/wp\/v2\/pages\/9012?add-to-cart=16151\" aria-describedby=\"woocommerce_loop_add_to_cart_link_describedby_16151\" data-quantity=\"1\" class=\"button product_type_simple add_to_cart_button ajax_add_to_cart\" data-product_id=\"16151\" data-product_sku=\"PP-F0027\" aria-label=\"Ajouter au panier\u00a0: \u201cSchweizer Bl\u00fctenhonig cremig\u201d\" rel=\"nofollow\" data-success_message=\"\u00ab\u00a0Schweizer Bl\u00fctenhonig cremig\u00a0\u00bb a \u00e9t\u00e9 ajout\u00e9 \u00e0 votre panier\" role=\"button\" data-no-translation-aria-label=\"\" data-no-translation-data-success_message=\"\"><span class=\"avia-svg-icon avia-font-svg_entypo-fontello\" data-av_svg_icon='basket' data-av_iconset='svg_entypo-fontello'><svg version=\"1.1\" xmlns=\"http:\/\/www.w3.org\/2000\/svg\" width=\"29\" height=\"32\" viewbox=\"0 0 29 32\" preserveaspectratio=\"xMidYMid meet\" aria-labelledby='av-svg-title-200' aria-describedby='av-svg-desc-200' role=\"graphics-symbol\" aria-hidden=\"true\">\n<title id='av-svg-title-200'>Ajouter au panier<\/title>\n<desc id='av-svg-desc-200'>Ajouter au panier<\/desc>\n<path d=\"M4.8 27.2q0-1.28 0.96-2.24t2.24-0.96q1.344 0 2.272 0.96t0.928 2.24q0 1.344-0.928 2.272t-2.272 0.928q-1.28 0-2.24-0.928t-0.96-2.272zM20.8 27.2q0-1.28 0.96-2.24t2.24-0.96q1.344 0 2.272 0.96t0.928 2.24q0 1.344-0.928 2.272t-2.272 0.928q-1.28 0-2.24-0.928t-0.96-2.272zM10.496 19.648q-1.152 0.32-1.088 0.736t1.408 0.416h17.984v2.432q0 0.64-0.64 0.64h-20.928q-0.64 0-0.64-0.64v-2.432l-0.32-1.472-3.136-14.528h-3.136v-2.56q0-0.64 0.64-0.64h4.992q0.64 0 0.64 0.64v2.752h22.528v8.768q0 0.704-0.576 0.832z\"><\/path>\n<\/svg><\/span>  Ajouter au panier<\/a>\t<span id=\"woocommerce_loop_add_to_cart_link_describedby_16151\" class=\"screen-reader-text\">\n\t\t\t<\/span>\n<a class=\"button show_details_button\" href=\"https:\/\/www.raffinessen.ch\/fr\/produit\/schweizer-bluetenhonig-cremig\/\"><span class=\"avia-svg-icon avia-font-svg_entypo-fontello\" data-av_svg_icon='doc-text' data-av_iconset='svg_entypo-fontello'><svg version=\"1.1\" xmlns=\"http:\/\/www.w3.org\/2000\/svg\" width=\"22\" height=\"32\" viewbox=\"0 0 22 32\" preserveaspectratio=\"xMidYMid meet\" aria-labelledby='av-svg-title-201' aria-describedby='av-svg-desc-201' role=\"graphics-symbol\" aria-hidden=\"true\">\n<title id='av-svg-title-201'>Voir les d\u00e9tails<\/title>\n<desc id='av-svg-desc-201'>Voir les d\u00e9tails<\/desc>\n<path d=\"M6.784 17.344v-2.88h8.96v2.88h-8.96zM19.2 1.6q1.344 0 2.272 0.928t0.928 2.272v22.4q0 1.28-0.928 2.24t-2.272 0.96h-16q-1.28 0-2.24-0.96t-0.96-2.24v-22.4q0-1.344 0.96-2.272t2.24-0.928h16zM19.2 27.2v-22.4h-16v22.4h16zM15.68 8.256v2.816h-8.96v-2.816h8.96zM15.68 20.8v2.816h-8.96v-2.816h8.96z\"><\/path>\n<\/svg><\/span>  Voir les d\u00e9tails<\/a> <span class=\"button-mini-delimiter\"><\/span><\/div><\/div><\/li>\n<li class=\"product type-product post-1309 status-publish instock product_cat-probier-set has-post-thumbnail taxable shipping-taxable purchasable product-type-simple\">\n\t<div class='inner_product main_color wrapped_style noLightbox  av-product-class-'><a href=\"https:\/\/www.raffinessen.ch\/fr\/produit\/probier-set-kampot-pfeffer\/\" class=\"woocommerce-LoopProduct-link woocommerce-loop-product__link\"><div class=\"thumbnail_container\"><img loading=\"lazy\" decoding=\"async\" width=\"500\" height=\"500\" src=\"https:\/\/www.raffinessen.ch\/webseite\/wp-content\/uploads\/2019\/12\/schwarzer-und-roter-kampot-pfeffer-500x500.jpg\" class=\"attachment-woocommerce_thumbnail avia-product-hover\" alt=\"\" srcset=\"https:\/\/www.raffinessen.ch\/webseite\/wp-content\/uploads\/2019\/12\/schwarzer-und-roter-kampot-pfeffer-500x500.jpg 500w, https:\/\/www.raffinessen.ch\/webseite\/wp-content\/uploads\/2019\/12\/schwarzer-und-roter-kampot-pfeffer-300x300.jpg 300w, https:\/\/www.raffinessen.ch\/webseite\/wp-content\/uploads\/2019\/12\/schwarzer-und-roter-kampot-pfeffer-1030x1030.jpg 1030w, https:\/\/www.raffinessen.ch\/webseite\/wp-content\/uploads\/2019\/12\/schwarzer-und-roter-kampot-pfeffer-80x80.jpg 80w, https:\/\/www.raffinessen.ch\/webseite\/wp-content\/uploads\/2019\/12\/schwarzer-und-roter-kampot-pfeffer-768x768.jpg 768w, https:\/\/www.raffinessen.ch\/webseite\/wp-content\/uploads\/2019\/12\/schwarzer-und-roter-kampot-pfeffer-1536x1536.jpg 1536w, https:\/\/www.raffinessen.ch\/webseite\/wp-content\/uploads\/2019\/12\/schwarzer-und-roter-kampot-pfeffer-36x36.jpg 36w, https:\/\/www.raffinessen.ch\/webseite\/wp-content\/uploads\/2019\/12\/schwarzer-und-roter-kampot-pfeffer-180x180.jpg 180w, https:\/\/www.raffinessen.ch\/webseite\/wp-content\/uploads\/2019\/12\/schwarzer-und-roter-kampot-pfeffer-1500x1500.jpg 1500w, https:\/\/www.raffinessen.ch\/webseite\/wp-content\/uploads\/2019\/12\/schwarzer-und-roter-kampot-pfeffer-705x705.jpg 705w, https:\/\/www.raffinessen.ch\/webseite\/wp-content\/uploads\/2019\/12\/schwarzer-und-roter-kampot-pfeffer-100x100.jpg 100w, https:\/\/www.raffinessen.ch\/webseite\/wp-content\/uploads\/2019\/12\/schwarzer-und-roter-kampot-pfeffer-1000x1000.jpg 1000w, https:\/\/www.raffinessen.ch\/webseite\/wp-content\/uploads\/2019\/12\/schwarzer-und-roter-kampot-pfeffer.jpg 1968w\" sizes=\"auto, (max-width: 500px) 100vw, 500px\" \/><img decoding=\"async\" loading=\"lazy\" width=\"500\" height=\"500\" src=\"https:\/\/www.raffinessen.ch\/webseite\/wp-content\/uploads\/2018\/12\/roter-schwarzer-kampot-pfeffer-500x500.jpg\" class=\"wp-image-3809 avia-img-lazy-loading-3809 attachment-woocommerce_thumbnail size-woocommerce_thumbnail wp-post-image\" alt=\"\" srcset=\"https:\/\/www.raffinessen.ch\/webseite\/wp-content\/uploads\/2018\/12\/roter-schwarzer-kampot-pfeffer-500x500.jpg 500w, https:\/\/www.raffinessen.ch\/webseite\/wp-content\/uploads\/2018\/12\/roter-schwarzer-kampot-pfeffer-80x80.jpg 80w, https:\/\/www.raffinessen.ch\/webseite\/wp-content\/uploads\/2018\/12\/roter-schwarzer-kampot-pfeffer-300x300.jpg 300w, https:\/\/www.raffinessen.ch\/webseite\/wp-content\/uploads\/2018\/12\/roter-schwarzer-kampot-pfeffer-768x768.jpg 768w, https:\/\/www.raffinessen.ch\/webseite\/wp-content\/uploads\/2018\/12\/roter-schwarzer-kampot-pfeffer-1030x1030.jpg 1030w, https:\/\/www.raffinessen.ch\/webseite\/wp-content\/uploads\/2018\/12\/roter-schwarzer-kampot-pfeffer-36x36.jpg 36w, https:\/\/www.raffinessen.ch\/webseite\/wp-content\/uploads\/2018\/12\/roter-schwarzer-kampot-pfeffer-180x180.jpg 180w, https:\/\/www.raffinessen.ch\/webseite\/wp-content\/uploads\/2018\/12\/roter-schwarzer-kampot-pfeffer-1500x1500.jpg 1500w, https:\/\/www.raffinessen.ch\/webseite\/wp-content\/uploads\/2018\/12\/roter-schwarzer-kampot-pfeffer-705x705.jpg 705w, https:\/\/www.raffinessen.ch\/webseite\/wp-content\/uploads\/2018\/12\/roter-schwarzer-kampot-pfeffer-100x100.jpg 100w, https:\/\/www.raffinessen.ch\/webseite\/wp-content\/uploads\/2018\/12\/roter-schwarzer-kampot-pfeffer-1000x1000.jpg 1000w, https:\/\/www.raffinessen.ch\/webseite\/wp-content\/uploads\/2018\/12\/roter-schwarzer-kampot-pfeffer.jpg 2000w\" sizes=\"auto, (max-width: 500px) 100vw, 500px\" \/><span class=\"cart-loading\"><\/span><\/div><div class='inner_product_header'><div class='avia-arrow'><\/div><div class='inner_product_header_table'><div class='inner_product_header_cell'><h2 class=\"woocommerce-loop-product__title\">Set de d\u00e9gustation - poivre de Kampot rouge et noir<\/h2>\n\t<span class=\"price\"><span class=\"woocommerce-Price-amount amount\"><bdi><span class=\"woocommerce-Price-currencySymbol\">&#67;&#72;&#70;<\/span>&nbsp;10.00<\/bdi><\/span> <small class=\"woocommerce-price-suffix\">TVA incluse<\/small><\/span>\n<\/div><\/div><\/div><\/a><div class='avia_cart_buttons'><a href=\"\/fr\/wp-json\/wp\/v2\/pages\/9012?add-to-cart=1309\" aria-describedby=\"woocommerce_loop_add_to_cart_link_describedby_1309\" data-quantity=\"1\" class=\"button product_type_simple add_to_cart_button ajax_add_to_cart\" data-product_id=\"1309\" data-product_sku=\"GSO-006\" aria-label=\"Ajouter au panier\u00a0: \u201cProbierset - roter und schwarzer Kampot Pfeffer\u201d\" rel=\"nofollow\" data-success_message=\"\u00ab\u00a0Probierset - roter und schwarzer Kampot Pfeffer\u00a0\u00bb a \u00e9t\u00e9 ajout\u00e9 \u00e0 votre panier\" role=\"button\" data-no-translation-aria-label=\"\" data-no-translation-data-success_message=\"\"><span class=\"avia-svg-icon avia-font-svg_entypo-fontello\" data-av_svg_icon='basket' data-av_iconset='svg_entypo-fontello'><svg version=\"1.1\" xmlns=\"http:\/\/www.w3.org\/2000\/svg\" width=\"29\" height=\"32\" viewbox=\"0 0 29 32\" preserveaspectratio=\"xMidYMid meet\" aria-labelledby='av-svg-title-202' aria-describedby='av-svg-desc-202' role=\"graphics-symbol\" aria-hidden=\"true\">\n<title id='av-svg-title-202'>Ajouter au panier<\/title>\n<desc id='av-svg-desc-202'>Ajouter au panier<\/desc>\n<path d=\"M4.8 27.2q0-1.28 0.96-2.24t2.24-0.96q1.344 0 2.272 0.96t0.928 2.24q0 1.344-0.928 2.272t-2.272 0.928q-1.28 0-2.24-0.928t-0.96-2.272zM20.8 27.2q0-1.28 0.96-2.24t2.24-0.96q1.344 0 2.272 0.96t0.928 2.24q0 1.344-0.928 2.272t-2.272 0.928q-1.28 0-2.24-0.928t-0.96-2.272zM10.496 19.648q-1.152 0.32-1.088 0.736t1.408 0.416h17.984v2.432q0 0.64-0.64 0.64h-20.928q-0.64 0-0.64-0.64v-2.432l-0.32-1.472-3.136-14.528h-3.136v-2.56q0-0.64 0.64-0.64h4.992q0.64 0 0.64 0.64v2.752h22.528v8.768q0 0.704-0.576 0.832z\"><\/path>\n<\/svg><\/span>  Ajouter au panier<\/a>\t<span id=\"woocommerce_loop_add_to_cart_link_describedby_1309\" class=\"screen-reader-text\">\n\t\t\t<\/span>\n<a class=\"button show_details_button\" href=\"https:\/\/www.raffinessen.ch\/fr\/produit\/probier-set-kampot-pfeffer\/\"><span class=\"avia-svg-icon avia-font-svg_entypo-fontello\" data-av_svg_icon='doc-text' data-av_iconset='svg_entypo-fontello'><svg version=\"1.1\" xmlns=\"http:\/\/www.w3.org\/2000\/svg\" width=\"22\" height=\"32\" viewbox=\"0 0 22 32\" preserveaspectratio=\"xMidYMid meet\" aria-labelledby='av-svg-title-203' aria-describedby='av-svg-desc-203' role=\"graphics-symbol\" aria-hidden=\"true\">\n<title id='av-svg-title-203'>Voir les d\u00e9tails<\/title>\n<desc id='av-svg-desc-203'>Voir les d\u00e9tails<\/desc>\n<path d=\"M6.784 17.344v-2.88h8.96v2.88h-8.96zM19.2 1.6q1.344 0 2.272 0.928t0.928 2.272v22.4q0 1.28-0.928 2.24t-2.272 0.96h-16q-1.28 0-2.24-0.96t-0.96-2.24v-22.4q0-1.344 0.96-2.272t2.24-0.928h16zM19.2 27.2v-22.4h-16v22.4h16zM15.68 8.256v2.816h-8.96v-2.816h8.96zM15.68 20.8v2.816h-8.96v-2.816h8.96z\"><\/path>\n<\/svg><\/span>  Voir les d\u00e9tails<\/a> <span class=\"button-mini-delimiter\"><\/span><\/div><\/div><\/li>\n<li class=\"product type-product post-6544 status-publish last instock product_cat-gemahlen product_cat-gewuerz-mischungen has-post-thumbnail taxable shipping-taxable purchasable product-type-simple\">\n\t<div class='inner_product main_color wrapped_style noLightbox  av-product-class-'><a href=\"https:\/\/www.raffinessen.ch\/fr\/produit\/saloniki\/\" class=\"woocommerce-LoopProduct-link woocommerce-loop-product__link\"><div class=\"thumbnail_container\"><img loading=\"lazy\" decoding=\"async\" width=\"500\" height=\"500\" src=\"https:\/\/www.raffinessen.ch\/webseite\/wp-content\/uploads\/2020\/07\/saloniki-beutel-500x500.jpg\" class=\"attachment-woocommerce_thumbnail avia-product-hover\" alt=\"\" srcset=\"https:\/\/www.raffinessen.ch\/webseite\/wp-content\/uploads\/2020\/07\/saloniki-beutel-500x500.jpg 500w, https:\/\/www.raffinessen.ch\/webseite\/wp-content\/uploads\/2020\/07\/saloniki-beutel-300x300.jpg 300w, https:\/\/www.raffinessen.ch\/webseite\/wp-content\/uploads\/2020\/07\/saloniki-beutel-1030x1030.jpg 1030w, https:\/\/www.raffinessen.ch\/webseite\/wp-content\/uploads\/2020\/07\/saloniki-beutel-80x80.jpg 80w, https:\/\/www.raffinessen.ch\/webseite\/wp-content\/uploads\/2020\/07\/saloniki-beutel-768x768.jpg 768w, https:\/\/www.raffinessen.ch\/webseite\/wp-content\/uploads\/2020\/07\/saloniki-beutel-1536x1536.jpg 1536w, https:\/\/www.raffinessen.ch\/webseite\/wp-content\/uploads\/2020\/07\/saloniki-beutel-36x36.jpg 36w, https:\/\/www.raffinessen.ch\/webseite\/wp-content\/uploads\/2020\/07\/saloniki-beutel-180x180.jpg 180w, https:\/\/www.raffinessen.ch\/webseite\/wp-content\/uploads\/2020\/07\/saloniki-beutel-1500x1500.jpg 1500w, https:\/\/www.raffinessen.ch\/webseite\/wp-content\/uploads\/2020\/07\/saloniki-beutel-705x705.jpg 705w, https:\/\/www.raffinessen.ch\/webseite\/wp-content\/uploads\/2020\/07\/saloniki-beutel-100x100.jpg 100w, https:\/\/www.raffinessen.ch\/webseite\/wp-content\/uploads\/2020\/07\/saloniki-beutel-1000x1000.jpg 1000w, https:\/\/www.raffinessen.ch\/webseite\/wp-content\/uploads\/2020\/07\/saloniki-beutel.jpg 2000w\" sizes=\"auto, (max-width: 500px) 100vw, 500px\" \/><img decoding=\"async\" loading=\"lazy\" width=\"500\" height=\"500\" src=\"https:\/\/www.raffinessen.ch\/webseite\/wp-content\/uploads\/2020\/07\/Saloniki_1500x1500-500x500.jpg\" class=\"wp-image-17206 avia-img-lazy-loading-17206 attachment-woocommerce_thumbnail size-woocommerce_thumbnail wp-post-image\" alt=\"\" srcset=\"https:\/\/www.raffinessen.ch\/webseite\/wp-content\/uploads\/2020\/07\/Saloniki_1500x1500-500x500.jpg 500w, https:\/\/www.raffinessen.ch\/webseite\/wp-content\/uploads\/2020\/07\/Saloniki_1500x1500-300x300.jpg 300w, https:\/\/www.raffinessen.ch\/webseite\/wp-content\/uploads\/2020\/07\/Saloniki_1500x1500-1030x1030.jpg 1030w, https:\/\/www.raffinessen.ch\/webseite\/wp-content\/uploads\/2020\/07\/Saloniki_1500x1500-80x80.jpg 80w, https:\/\/www.raffinessen.ch\/webseite\/wp-content\/uploads\/2020\/07\/Saloniki_1500x1500-768x768.jpg 768w, https:\/\/www.raffinessen.ch\/webseite\/wp-content\/uploads\/2020\/07\/Saloniki_1500x1500-12x12.jpg 12w, https:\/\/www.raffinessen.ch\/webseite\/wp-content\/uploads\/2020\/07\/Saloniki_1500x1500-36x36.jpg 36w, https:\/\/www.raffinessen.ch\/webseite\/wp-content\/uploads\/2020\/07\/Saloniki_1500x1500-180x180.jpg 180w, https:\/\/www.raffinessen.ch\/webseite\/wp-content\/uploads\/2020\/07\/Saloniki_1500x1500-705x705.jpg 705w, https:\/\/www.raffinessen.ch\/webseite\/wp-content\/uploads\/2020\/07\/Saloniki_1500x1500-120x120.jpg 120w, https:\/\/www.raffinessen.ch\/webseite\/wp-content\/uploads\/2020\/07\/Saloniki_1500x1500-450x450.jpg 450w, https:\/\/www.raffinessen.ch\/webseite\/wp-content\/uploads\/2020\/07\/Saloniki_1500x1500-1000x1000.jpg 1000w, https:\/\/www.raffinessen.ch\/webseite\/wp-content\/uploads\/2020\/07\/Saloniki_1500x1500-100x100.jpg 100w, https:\/\/www.raffinessen.ch\/webseite\/wp-content\/uploads\/2020\/07\/Saloniki_1500x1500.jpg 1500w\" sizes=\"auto, (max-width: 500px) 100vw, 500px\" \/><span class=\"cart-loading\"><\/span><\/div><div class='inner_product_header'><div class='avia-arrow'><\/div><div class='inner_product_header_table'><div class='inner_product_header_cell'><h2 class=\"woocommerce-loop-product__title\">Salonique<\/h2>\n\t<span class=\"price\"><span class=\"woocommerce-Price-amount amount\"><bdi><span class=\"woocommerce-Price-currencySymbol\">&#67;&#72;&#70;<\/span>&nbsp;6.00<\/bdi><\/span> <small class=\"woocommerce-price-suffix\">TVA incluse<\/small><\/span>\n<\/div><\/div><\/div><\/a><div class='avia_cart_buttons'><a href=\"\/fr\/wp-json\/wp\/v2\/pages\/9012?add-to-cart=6544\" aria-describedby=\"woocommerce_loop_add_to_cart_link_describedby_6544\" data-quantity=\"1\" class=\"button product_type_simple add_to_cart_button ajax_add_to_cart\" data-product_id=\"6544\" data-product_sku=\"FPO-S022-70\" aria-label=\"Ajouter au panier\u00a0: \u201cSaloniki\u201d\" rel=\"nofollow\" data-success_message=\"\u00ab\u00a0Saloniki\u00a0\u00bb a \u00e9t\u00e9 ajout\u00e9 \u00e0 votre panier\" role=\"button\" data-no-translation-aria-label=\"\" data-no-translation-data-success_message=\"\"><span class=\"avia-svg-icon avia-font-svg_entypo-fontello\" data-av_svg_icon='basket' data-av_iconset='svg_entypo-fontello'><svg version=\"1.1\" xmlns=\"http:\/\/www.w3.org\/2000\/svg\" width=\"29\" height=\"32\" viewbox=\"0 0 29 32\" preserveaspectratio=\"xMidYMid meet\" aria-labelledby='av-svg-title-204' aria-describedby='av-svg-desc-204' role=\"graphics-symbol\" aria-hidden=\"true\">\n<title id='av-svg-title-204'>Ajouter au panier<\/title>\n<desc id='av-svg-desc-204'>Ajouter au panier<\/desc>\n<path d=\"M4.8 27.2q0-1.28 0.96-2.24t2.24-0.96q1.344 0 2.272 0.96t0.928 2.24q0 1.344-0.928 2.272t-2.272 0.928q-1.28 0-2.24-0.928t-0.96-2.272zM20.8 27.2q0-1.28 0.96-2.24t2.24-0.96q1.344 0 2.272 0.96t0.928 2.24q0 1.344-0.928 2.272t-2.272 0.928q-1.28 0-2.24-0.928t-0.96-2.272zM10.496 19.648q-1.152 0.32-1.088 0.736t1.408 0.416h17.984v2.432q0 0.64-0.64 0.64h-20.928q-0.64 0-0.64-0.64v-2.432l-0.32-1.472-3.136-14.528h-3.136v-2.56q0-0.64 0.64-0.64h4.992q0.64 0 0.64 0.64v2.752h22.528v8.768q0 0.704-0.576 0.832z\"><\/path>\n<\/svg><\/span>  Ajouter au panier<\/a>\t<span id=\"woocommerce_loop_add_to_cart_link_describedby_6544\" class=\"screen-reader-text\">\n\t\t\t<\/span>\n<a class=\"button show_details_button\" href=\"https:\/\/www.raffinessen.ch\/fr\/produit\/saloniki\/\"><span class=\"avia-svg-icon avia-font-svg_entypo-fontello\" data-av_svg_icon='doc-text' data-av_iconset='svg_entypo-fontello'><svg version=\"1.1\" xmlns=\"http:\/\/www.w3.org\/2000\/svg\" width=\"22\" height=\"32\" viewbox=\"0 0 22 32\" preserveaspectratio=\"xMidYMid meet\" aria-labelledby='av-svg-title-205' aria-describedby='av-svg-desc-205' role=\"graphics-symbol\" aria-hidden=\"true\">\n<title id='av-svg-title-205'>Voir les d\u00e9tails<\/title>\n<desc id='av-svg-desc-205'>Voir les d\u00e9tails<\/desc>\n<path d=\"M6.784 17.344v-2.88h8.96v2.88h-8.96zM19.2 1.6q1.344 0 2.272 0.928t0.928 2.272v22.4q0 1.28-0.928 2.24t-2.272 0.96h-16q-1.28 0-2.24-0.96t-0.96-2.24v-22.4q0-1.344 0.96-2.272t2.24-0.928h16zM19.2 27.2v-22.4h-16v22.4h16zM15.68 8.256v2.816h-8.96v-2.816h8.96zM15.68 20.8v2.816h-8.96v-2.816h8.96z\"><\/path>\n<\/svg><\/span>  Voir les d\u00e9tails<\/a> <span class=\"button-mini-delimiter\"><\/span><\/div><\/div><\/li>\n<li class=\"product type-product post-19547 status-publish first instock product_cat-bis-chf-30 product_cat-geschenksets product_cat-neu product_cat-tee-mischungen has-post-thumbnail taxable shipping-taxable purchasable product-type-simple\">\n\t<div class='inner_product main_color wrapped_style noLightbox  av-product-class-'><a href=\"https:\/\/www.raffinessen.ch\/fr\/produit\/tee-dauerfilter\/\" class=\"woocommerce-LoopProduct-link woocommerce-loop-product__link\"><div class=\"thumbnail_container\"><img loading=\"lazy\" decoding=\"async\" width=\"500\" height=\"500\" src=\"https:\/\/www.raffinessen.ch\/webseite\/wp-content\/uploads\/2025\/05\/Dauerfilter-M_Deckel-Seite-500x500.jpg\" class=\"attachment-woocommerce_thumbnail avia-product-hover\" alt=\"\" srcset=\"https:\/\/www.raffinessen.ch\/webseite\/wp-content\/uploads\/2025\/05\/Dauerfilter-M_Deckel-Seite-500x500.jpg 500w, https:\/\/www.raffinessen.ch\/webseite\/wp-content\/uploads\/2025\/05\/Dauerfilter-M_Deckel-Seite-300x300.jpg 300w, https:\/\/www.raffinessen.ch\/webseite\/wp-content\/uploads\/2025\/05\/Dauerfilter-M_Deckel-Seite-80x80.jpg 80w, https:\/\/www.raffinessen.ch\/webseite\/wp-content\/uploads\/2025\/05\/Dauerfilter-M_Deckel-Seite-768x768.jpg 768w, https:\/\/www.raffinessen.ch\/webseite\/wp-content\/uploads\/2025\/05\/Dauerfilter-M_Deckel-Seite-12x12.jpg 12w, https:\/\/www.raffinessen.ch\/webseite\/wp-content\/uploads\/2025\/05\/Dauerfilter-M_Deckel-Seite-36x36.jpg 36w, https:\/\/www.raffinessen.ch\/webseite\/wp-content\/uploads\/2025\/05\/Dauerfilter-M_Deckel-Seite-180x180.jpg 180w, https:\/\/www.raffinessen.ch\/webseite\/wp-content\/uploads\/2025\/05\/Dauerfilter-M_Deckel-Seite-705x705.jpg 705w, https:\/\/www.raffinessen.ch\/webseite\/wp-content\/uploads\/2025\/05\/Dauerfilter-M_Deckel-Seite-120x120.jpg 120w, https:\/\/www.raffinessen.ch\/webseite\/wp-content\/uploads\/2025\/05\/Dauerfilter-M_Deckel-Seite-450x450.jpg 450w, https:\/\/www.raffinessen.ch\/webseite\/wp-content\/uploads\/2025\/05\/Dauerfilter-M_Deckel-Seite-1000x1000.jpg 1000w, https:\/\/www.raffinessen.ch\/webseite\/wp-content\/uploads\/2025\/05\/Dauerfilter-M_Deckel-Seite-100x100.jpg 100w, https:\/\/www.raffinessen.ch\/webseite\/wp-content\/uploads\/2025\/05\/Dauerfilter-M_Deckel-Seite.jpg 1024w\" sizes=\"auto, (max-width: 500px) 100vw, 500px\" \/><img decoding=\"async\" loading=\"lazy\" width=\"500\" height=\"500\" src=\"https:\/\/www.raffinessen.ch\/webseite\/wp-content\/uploads\/2025\/05\/Dauerfilter-M_Deckel-zu-500x500.jpg\" class=\"wp-image-19548 avia-img-lazy-loading-19548 attachment-woocommerce_thumbnail size-woocommerce_thumbnail wp-post-image\" alt=\"\" srcset=\"https:\/\/www.raffinessen.ch\/webseite\/wp-content\/uploads\/2025\/05\/Dauerfilter-M_Deckel-zu-500x500.jpg 500w, https:\/\/www.raffinessen.ch\/webseite\/wp-content\/uploads\/2025\/05\/Dauerfilter-M_Deckel-zu-300x300.jpg 300w, https:\/\/www.raffinessen.ch\/webseite\/wp-content\/uploads\/2025\/05\/Dauerfilter-M_Deckel-zu-80x80.jpg 80w, https:\/\/www.raffinessen.ch\/webseite\/wp-content\/uploads\/2025\/05\/Dauerfilter-M_Deckel-zu-768x768.jpg 768w, https:\/\/www.raffinessen.ch\/webseite\/wp-content\/uploads\/2025\/05\/Dauerfilter-M_Deckel-zu-12x12.jpg 12w, https:\/\/www.raffinessen.ch\/webseite\/wp-content\/uploads\/2025\/05\/Dauerfilter-M_Deckel-zu-36x36.jpg 36w, https:\/\/www.raffinessen.ch\/webseite\/wp-content\/uploads\/2025\/05\/Dauerfilter-M_Deckel-zu-180x180.jpg 180w, https:\/\/www.raffinessen.ch\/webseite\/wp-content\/uploads\/2025\/05\/Dauerfilter-M_Deckel-zu-705x705.jpg 705w, https:\/\/www.raffinessen.ch\/webseite\/wp-content\/uploads\/2025\/05\/Dauerfilter-M_Deckel-zu-120x120.jpg 120w, https:\/\/www.raffinessen.ch\/webseite\/wp-content\/uploads\/2025\/05\/Dauerfilter-M_Deckel-zu-450x450.jpg 450w, https:\/\/www.raffinessen.ch\/webseite\/wp-content\/uploads\/2025\/05\/Dauerfilter-M_Deckel-zu-1000x1000.jpg 1000w, https:\/\/www.raffinessen.ch\/webseite\/wp-content\/uploads\/2025\/05\/Dauerfilter-M_Deckel-zu-100x100.jpg 100w, https:\/\/www.raffinessen.ch\/webseite\/wp-content\/uploads\/2025\/05\/Dauerfilter-M_Deckel-zu.jpg 1024w\" sizes=\"auto, (max-width: 500px) 100vw, 500px\" \/><span class=\"cart-loading\"><\/span><\/div><div class='inner_product_header'><div class='avia-arrow'><\/div><div class='inner_product_header_table'><div class='inner_product_header_cell'><h2 class=\"woocommerce-loop-product__title\">Tee &#8211; Dauerfilter<\/h2>\n\t<span class=\"price\"><span class=\"woocommerce-Price-amount amount\"><bdi><span class=\"woocommerce-Price-currencySymbol\">&#67;&#72;&#70;<\/span>&nbsp;7.00<\/bdi><\/span> <small class=\"woocommerce-price-suffix\">TVA incluse<\/small><\/span>\n<\/div><\/div><\/div><\/a><div class='avia_cart_buttons'><a href=\"\/fr\/wp-json\/wp\/v2\/pages\/9012?add-to-cart=19547\" aria-describedby=\"woocommerce_loop_add_to_cart_link_describedby_19547\" data-quantity=\"1\" class=\"button product_type_simple add_to_cart_button ajax_add_to_cart\" data-product_id=\"19547\" data-product_sku=\"PP-NF0014\" aria-label=\"Ajouter au panier\u00a0: \u201cTee - Dauerfilter\u201d\" rel=\"nofollow\" data-success_message=\"\u00ab\u00a0Tee - Dauerfilter\u00a0\u00bb a \u00e9t\u00e9 ajout\u00e9 \u00e0 votre panier\" role=\"button\" data-no-translation-aria-label=\"\" data-no-translation-data-success_message=\"\"><span class=\"avia-svg-icon avia-font-svg_entypo-fontello\" data-av_svg_icon='basket' data-av_iconset='svg_entypo-fontello'><svg version=\"1.1\" xmlns=\"http:\/\/www.w3.org\/2000\/svg\" width=\"29\" height=\"32\" viewbox=\"0 0 29 32\" preserveaspectratio=\"xMidYMid meet\" aria-labelledby='av-svg-title-206' aria-describedby='av-svg-desc-206' role=\"graphics-symbol\" aria-hidden=\"true\">\n<title id='av-svg-title-206'>Ajouter au panier<\/title>\n<desc id='av-svg-desc-206'>Ajouter au panier<\/desc>\n<path d=\"M4.8 27.2q0-1.28 0.96-2.24t2.24-0.96q1.344 0 2.272 0.96t0.928 2.24q0 1.344-0.928 2.272t-2.272 0.928q-1.28 0-2.24-0.928t-0.96-2.272zM20.8 27.2q0-1.28 0.96-2.24t2.24-0.96q1.344 0 2.272 0.96t0.928 2.24q0 1.344-0.928 2.272t-2.272 0.928q-1.28 0-2.24-0.928t-0.96-2.272zM10.496 19.648q-1.152 0.32-1.088 0.736t1.408 0.416h17.984v2.432q0 0.64-0.64 0.64h-20.928q-0.64 0-0.64-0.64v-2.432l-0.32-1.472-3.136-14.528h-3.136v-2.56q0-0.64 0.64-0.64h4.992q0.64 0 0.64 0.64v2.752h22.528v8.768q0 0.704-0.576 0.832z\"><\/path>\n<\/svg><\/span>  Ajouter au panier<\/a>\t<span id=\"woocommerce_loop_add_to_cart_link_describedby_19547\" class=\"screen-reader-text\">\n\t\t\t<\/span>\n<a class=\"button show_details_button\" href=\"https:\/\/www.raffinessen.ch\/fr\/produit\/tee-dauerfilter\/\"><span class=\"avia-svg-icon avia-font-svg_entypo-fontello\" data-av_svg_icon='doc-text' data-av_iconset='svg_entypo-fontello'><svg version=\"1.1\" xmlns=\"http:\/\/www.w3.org\/2000\/svg\" width=\"22\" height=\"32\" viewbox=\"0 0 22 32\" preserveaspectratio=\"xMidYMid meet\" aria-labelledby='av-svg-title-207' aria-describedby='av-svg-desc-207' role=\"graphics-symbol\" aria-hidden=\"true\">\n<title id='av-svg-title-207'>Voir les d\u00e9tails<\/title>\n<desc id='av-svg-desc-207'>Voir les d\u00e9tails<\/desc>\n<path d=\"M6.784 17.344v-2.88h8.96v2.88h-8.96zM19.2 1.6q1.344 0 2.272 0.928t0.928 2.272v22.4q0 1.28-0.928 2.24t-2.272 0.96h-16q-1.28 0-2.24-0.96t-0.96-2.24v-22.4q0-1.344 0.96-2.272t2.24-0.928h16zM19.2 27.2v-22.4h-16v22.4h16zM15.68 8.256v2.816h-8.96v-2.816h8.96zM15.68 20.8v2.816h-8.96v-2.816h8.96z\"><\/path>\n<\/svg><\/span>  Voir les d\u00e9tails<\/a> <span class=\"button-mini-delimiter\"><\/span><\/div><\/div><\/li>\n<li class=\"product type-product post-17147 status-publish instock product_cat-ab-chf-30 product_cat-muehlen-und-behaelter product_cat-swiss-made has-post-thumbnail taxable shipping-taxable purchasable product-type-simple\">\n\t<div class='inner_product main_color wrapped_style noLightbox  av-product-class-'><a href=\"https:\/\/www.raffinessen.ch\/fr\/produit\/toni-nussbaum\/\" class=\"woocommerce-LoopProduct-link woocommerce-loop-product__link\"><div class=\"thumbnail_container\"><img loading=\"lazy\" decoding=\"async\" width=\"500\" height=\"500\" src=\"https:\/\/www.raffinessen.ch\/webseite\/wp-content\/uploads\/2022\/12\/Toni_Nussbaum_liegend-500x500.jpg\" class=\"attachment-woocommerce_thumbnail avia-product-hover\" alt=\"\" srcset=\"https:\/\/www.raffinessen.ch\/webseite\/wp-content\/uploads\/2022\/12\/Toni_Nussbaum_liegend-500x500.jpg 500w, https:\/\/www.raffinessen.ch\/webseite\/wp-content\/uploads\/2022\/12\/Toni_Nussbaum_liegend-300x300.jpg 300w, https:\/\/www.raffinessen.ch\/webseite\/wp-content\/uploads\/2022\/12\/Toni_Nussbaum_liegend-1030x1030.jpg 1030w, https:\/\/www.raffinessen.ch\/webseite\/wp-content\/uploads\/2022\/12\/Toni_Nussbaum_liegend-80x80.jpg 80w, https:\/\/www.raffinessen.ch\/webseite\/wp-content\/uploads\/2022\/12\/Toni_Nussbaum_liegend-768x768.jpg 768w, https:\/\/www.raffinessen.ch\/webseite\/wp-content\/uploads\/2022\/12\/Toni_Nussbaum_liegend-36x36.jpg 36w, https:\/\/www.raffinessen.ch\/webseite\/wp-content\/uploads\/2022\/12\/Toni_Nussbaum_liegend-180x180.jpg 180w, https:\/\/www.raffinessen.ch\/webseite\/wp-content\/uploads\/2022\/12\/Toni_Nussbaum_liegend-705x705.jpg 705w, https:\/\/www.raffinessen.ch\/webseite\/wp-content\/uploads\/2022\/12\/Toni_Nussbaum_liegend-120x120.jpg 120w, https:\/\/www.raffinessen.ch\/webseite\/wp-content\/uploads\/2022\/12\/Toni_Nussbaum_liegend-450x450.jpg 450w, https:\/\/www.raffinessen.ch\/webseite\/wp-content\/uploads\/2022\/12\/Toni_Nussbaum_liegend-1000x1000.jpg 1000w, https:\/\/www.raffinessen.ch\/webseite\/wp-content\/uploads\/2022\/12\/Toni_Nussbaum_liegend-100x100.jpg 100w, https:\/\/www.raffinessen.ch\/webseite\/wp-content\/uploads\/2022\/12\/Toni_Nussbaum_liegend.jpg 1500w\" sizes=\"auto, (max-width: 500px) 100vw, 500px\" \/><img decoding=\"async\" loading=\"lazy\" width=\"500\" height=\"500\" src=\"https:\/\/www.raffinessen.ch\/webseite\/wp-content\/uploads\/2024\/03\/Toni_Nussbaum_zu-500x500.jpg\" class=\"wp-image-17148 avia-img-lazy-loading-17148 attachment-woocommerce_thumbnail size-woocommerce_thumbnail wp-post-image\" alt=\"\" srcset=\"https:\/\/www.raffinessen.ch\/webseite\/wp-content\/uploads\/2024\/03\/Toni_Nussbaum_zu-500x500.jpg 500w, https:\/\/www.raffinessen.ch\/webseite\/wp-content\/uploads\/2024\/03\/Toni_Nussbaum_zu-300x300.jpg 300w, https:\/\/www.raffinessen.ch\/webseite\/wp-content\/uploads\/2024\/03\/Toni_Nussbaum_zu-1030x1030.jpg 1030w, https:\/\/www.raffinessen.ch\/webseite\/wp-content\/uploads\/2024\/03\/Toni_Nussbaum_zu-80x80.jpg 80w, https:\/\/www.raffinessen.ch\/webseite\/wp-content\/uploads\/2024\/03\/Toni_Nussbaum_zu-768x768.jpg 768w, https:\/\/www.raffinessen.ch\/webseite\/wp-content\/uploads\/2024\/03\/Toni_Nussbaum_zu-12x12.jpg 12w, https:\/\/www.raffinessen.ch\/webseite\/wp-content\/uploads\/2024\/03\/Toni_Nussbaum_zu-36x36.jpg 36w, https:\/\/www.raffinessen.ch\/webseite\/wp-content\/uploads\/2024\/03\/Toni_Nussbaum_zu-180x180.jpg 180w, https:\/\/www.raffinessen.ch\/webseite\/wp-content\/uploads\/2024\/03\/Toni_Nussbaum_zu-705x705.jpg 705w, https:\/\/www.raffinessen.ch\/webseite\/wp-content\/uploads\/2024\/03\/Toni_Nussbaum_zu-120x120.jpg 120w, https:\/\/www.raffinessen.ch\/webseite\/wp-content\/uploads\/2024\/03\/Toni_Nussbaum_zu-450x450.jpg 450w, https:\/\/www.raffinessen.ch\/webseite\/wp-content\/uploads\/2024\/03\/Toni_Nussbaum_zu-1000x1000.jpg 1000w, https:\/\/www.raffinessen.ch\/webseite\/wp-content\/uploads\/2024\/03\/Toni_Nussbaum_zu-100x100.jpg 100w, https:\/\/www.raffinessen.ch\/webseite\/wp-content\/uploads\/2024\/03\/Toni_Nussbaum_zu.jpg 1500w\" sizes=\"auto, (max-width: 500px) 100vw, 500px\" \/><span class=\"cart-loading\"><\/span><\/div><div class='inner_product_header'><div class='avia-arrow'><\/div><div class='inner_product_header_table'><div class='inner_product_header_cell'><h2 class=\"woocommerce-loop-product__title\">TONI Nussbaum<\/h2>\n\t<span class=\"price\"><span class=\"woocommerce-Price-amount amount\"><bdi><span class=\"woocommerce-Price-currencySymbol\">&#67;&#72;&#70;<\/span>&nbsp;60.00<\/bdi><\/span> <small class=\"woocommerce-price-suffix\">TVA incluse<\/small><\/span>\n<\/div><\/div><\/div><\/a><div class='avia_cart_buttons'><a href=\"\/fr\/wp-json\/wp\/v2\/pages\/9012?add-to-cart=17147\" aria-describedby=\"woocommerce_loop_add_to_cart_link_describedby_17147\" data-quantity=\"1\" class=\"button product_type_simple add_to_cart_button ajax_add_to_cart\" data-product_id=\"17147\" data-product_sku=\"GWO-024\" aria-label=\"Ajouter au panier\u00a0: \u201cTONI Nussbaum\u201d\" rel=\"nofollow\" data-success_message=\"\u00ab\u00a0TONI Nussbaum\u00a0\u00bb a \u00e9t\u00e9 ajout\u00e9 \u00e0 votre panier\" role=\"button\" data-no-translation-aria-label=\"\" data-no-translation-data-success_message=\"\"><span class=\"avia-svg-icon avia-font-svg_entypo-fontello\" data-av_svg_icon='basket' data-av_iconset='svg_entypo-fontello'><svg version=\"1.1\" xmlns=\"http:\/\/www.w3.org\/2000\/svg\" width=\"29\" height=\"32\" viewbox=\"0 0 29 32\" preserveaspectratio=\"xMidYMid meet\" aria-labelledby='av-svg-title-208' aria-describedby='av-svg-desc-208' role=\"graphics-symbol\" aria-hidden=\"true\">\n<title id='av-svg-title-208'>Ajouter au panier<\/title>\n<desc id='av-svg-desc-208'>Ajouter au panier<\/desc>\n<path d=\"M4.8 27.2q0-1.28 0.96-2.24t2.24-0.96q1.344 0 2.272 0.96t0.928 2.24q0 1.344-0.928 2.272t-2.272 0.928q-1.28 0-2.24-0.928t-0.96-2.272zM20.8 27.2q0-1.28 0.96-2.24t2.24-0.96q1.344 0 2.272 0.96t0.928 2.24q0 1.344-0.928 2.272t-2.272 0.928q-1.28 0-2.24-0.928t-0.96-2.272zM10.496 19.648q-1.152 0.32-1.088 0.736t1.408 0.416h17.984v2.432q0 0.64-0.64 0.64h-20.928q-0.64 0-0.64-0.64v-2.432l-0.32-1.472-3.136-14.528h-3.136v-2.56q0-0.64 0.64-0.64h4.992q0.64 0 0.64 0.64v2.752h22.528v8.768q0 0.704-0.576 0.832z\"><\/path>\n<\/svg><\/span>  Ajouter au panier<\/a>\t<span id=\"woocommerce_loop_add_to_cart_link_describedby_17147\" class=\"screen-reader-text\">\n\t\t\t<\/span>\n<a class=\"button show_details_button\" href=\"https:\/\/www.raffinessen.ch\/fr\/produit\/toni-nussbaum\/\"><span class=\"avia-svg-icon avia-font-svg_entypo-fontello\" data-av_svg_icon='doc-text' data-av_iconset='svg_entypo-fontello'><svg version=\"1.1\" xmlns=\"http:\/\/www.w3.org\/2000\/svg\" width=\"22\" height=\"32\" viewbox=\"0 0 22 32\" preserveaspectratio=\"xMidYMid meet\" aria-labelledby='av-svg-title-209' aria-describedby='av-svg-desc-209' role=\"graphics-symbol\" aria-hidden=\"true\">\n<title id='av-svg-title-209'>Voir les d\u00e9tails<\/title>\n<desc id='av-svg-desc-209'>Voir les d\u00e9tails<\/desc>\n<path d=\"M6.784 17.344v-2.88h8.96v2.88h-8.96zM19.2 1.6q1.344 0 2.272 0.928t0.928 2.272v22.4q0 1.28-0.928 2.24t-2.272 0.96h-16q-1.28 0-2.24-0.96t-0.96-2.24v-22.4q0-1.344 0.96-2.272t2.24-0.928h16zM19.2 27.2v-22.4h-16v22.4h16zM15.68 8.256v2.816h-8.96v-2.816h8.96zM15.68 20.8v2.816h-8.96v-2.816h8.96z\"><\/path>\n<\/svg><\/span>  Voir les d\u00e9tails<\/a> <span class=\"button-mini-delimiter\"><\/span><\/div><\/div><\/li>\n<li class=\"product type-product post-8938 status-publish instock product_cat-grosse-nachfuellbeutel has-post-thumbnail taxable shipping-taxable purchasable product-type-simple\">\n\t<div class='inner_product main_color wrapped_style noLightbox  av-product-class-'><a href=\"https:\/\/www.raffinessen.ch\/fr\/produit\/baerner-pfaeffer-nachfuellbeutel\/\" class=\"woocommerce-LoopProduct-link woocommerce-loop-product__link\"><div class=\"thumbnail_container\"><img loading=\"lazy\" decoding=\"async\" width=\"500\" height=\"500\" src=\"https:\/\/www.raffinessen.ch\/webseite\/wp-content\/uploads\/2021\/08\/raffinessen-baerner-pfaeffer-beutel-500x500.jpg\" class=\"attachment-woocommerce_thumbnail avia-product-hover\" alt=\"\" srcset=\"https:\/\/www.raffinessen.ch\/webseite\/wp-content\/uploads\/2021\/08\/raffinessen-baerner-pfaeffer-beutel-500x500.jpg 500w, https:\/\/www.raffinessen.ch\/webseite\/wp-content\/uploads\/2021\/08\/raffinessen-baerner-pfaeffer-beutel-300x300.jpg 300w, https:\/\/www.raffinessen.ch\/webseite\/wp-content\/uploads\/2021\/08\/raffinessen-baerner-pfaeffer-beutel-1030x1030.jpg 1030w, https:\/\/www.raffinessen.ch\/webseite\/wp-content\/uploads\/2021\/08\/raffinessen-baerner-pfaeffer-beutel-80x80.jpg 80w, https:\/\/www.raffinessen.ch\/webseite\/wp-content\/uploads\/2021\/08\/raffinessen-baerner-pfaeffer-beutel-768x768.jpg 768w, https:\/\/www.raffinessen.ch\/webseite\/wp-content\/uploads\/2021\/08\/raffinessen-baerner-pfaeffer-beutel-1536x1536.jpg 1536w, https:\/\/www.raffinessen.ch\/webseite\/wp-content\/uploads\/2021\/08\/raffinessen-baerner-pfaeffer-beutel-36x36.jpg 36w, https:\/\/www.raffinessen.ch\/webseite\/wp-content\/uploads\/2021\/08\/raffinessen-baerner-pfaeffer-beutel-180x180.jpg 180w, https:\/\/www.raffinessen.ch\/webseite\/wp-content\/uploads\/2021\/08\/raffinessen-baerner-pfaeffer-beutel-1500x1500.jpg 1500w, https:\/\/www.raffinessen.ch\/webseite\/wp-content\/uploads\/2021\/08\/raffinessen-baerner-pfaeffer-beutel-705x705.jpg 705w, https:\/\/www.raffinessen.ch\/webseite\/wp-content\/uploads\/2021\/08\/raffinessen-baerner-pfaeffer-beutel-100x100.jpg 100w, https:\/\/www.raffinessen.ch\/webseite\/wp-content\/uploads\/2021\/08\/raffinessen-baerner-pfaeffer-beutel-1000x1000.jpg 1000w, https:\/\/www.raffinessen.ch\/webseite\/wp-content\/uploads\/2021\/08\/raffinessen-baerner-pfaeffer-beutel.jpg 2000w\" sizes=\"auto, (max-width: 500px) 100vw, 500px\" \/><img decoding=\"async\" loading=\"lazy\" width=\"500\" height=\"500\" src=\"https:\/\/www.raffinessen.ch\/webseite\/wp-content\/uploads\/2021\/08\/raffinessen-baerner-pfaeffer-500x500.jpg\" class=\"wp-image-8933 avia-img-lazy-loading-8933 attachment-woocommerce_thumbnail size-woocommerce_thumbnail wp-post-image\" alt=\"\" srcset=\"https:\/\/www.raffinessen.ch\/webseite\/wp-content\/uploads\/2021\/08\/raffinessen-baerner-pfaeffer-500x500.jpg 500w, https:\/\/www.raffinessen.ch\/webseite\/wp-content\/uploads\/2021\/08\/raffinessen-baerner-pfaeffer-300x300.jpg 300w, https:\/\/www.raffinessen.ch\/webseite\/wp-content\/uploads\/2021\/08\/raffinessen-baerner-pfaeffer-1030x1030.jpg 1030w, https:\/\/www.raffinessen.ch\/webseite\/wp-content\/uploads\/2021\/08\/raffinessen-baerner-pfaeffer-80x80.jpg 80w, https:\/\/www.raffinessen.ch\/webseite\/wp-content\/uploads\/2021\/08\/raffinessen-baerner-pfaeffer-768x768.jpg 768w, https:\/\/www.raffinessen.ch\/webseite\/wp-content\/uploads\/2021\/08\/raffinessen-baerner-pfaeffer-1536x1536.jpg 1536w, https:\/\/www.raffinessen.ch\/webseite\/wp-content\/uploads\/2021\/08\/raffinessen-baerner-pfaeffer-36x36.jpg 36w, https:\/\/www.raffinessen.ch\/webseite\/wp-content\/uploads\/2021\/08\/raffinessen-baerner-pfaeffer-180x180.jpg 180w, https:\/\/www.raffinessen.ch\/webseite\/wp-content\/uploads\/2021\/08\/raffinessen-baerner-pfaeffer-1500x1500.jpg 1500w, https:\/\/www.raffinessen.ch\/webseite\/wp-content\/uploads\/2021\/08\/raffinessen-baerner-pfaeffer-705x705.jpg 705w, https:\/\/www.raffinessen.ch\/webseite\/wp-content\/uploads\/2021\/08\/raffinessen-baerner-pfaeffer-100x100.jpg 100w, https:\/\/www.raffinessen.ch\/webseite\/wp-content\/uploads\/2021\/08\/raffinessen-baerner-pfaeffer-1000x1000.jpg 1000w, https:\/\/www.raffinessen.ch\/webseite\/wp-content\/uploads\/2021\/08\/raffinessen-baerner-pfaeffer.jpg 2000w\" sizes=\"auto, (max-width: 500px) 100vw, 500px\" \/><span class=\"cart-loading\"><\/span><\/div><div class='inner_product_header'><div class='avia-arrow'><\/div><div class='inner_product_header_table'><div class='inner_product_header_cell'><h2 class=\"woocommerce-loop-product__title\">Sachet de recharge B\u00e4rner Pf\u00e4ffer<\/h2>\n\t<span class=\"price\"><span class=\"woocommerce-Price-amount amount\"><bdi><span class=\"woocommerce-Price-currencySymbol\">&#67;&#72;&#70;<\/span>&nbsp;25.00<\/bdi><\/span> <small class=\"woocommerce-price-suffix\">TVA incluse<\/small><\/span>\n<\/div><\/div><\/div><\/a><div class='avia_cart_buttons'><a href=\"\/fr\/wp-json\/wp\/v2\/pages\/9012?add-to-cart=8938\" aria-describedby=\"woocommerce_loop_add_to_cart_link_describedby_8938\" data-quantity=\"1\" class=\"button product_type_simple add_to_cart_button ajax_add_to_cart\" data-product_id=\"8938\" data-product_sku=\"FPO-C0020-350\" aria-label=\"Ajouter au panier\u00a0: \u201cB\u00e4rner Pf\u00e4ffer Nachf\u00fcllbeutel\u201d\" rel=\"nofollow\" data-success_message=\"\u00ab\u00a0B\u00e4rner Pf\u00e4ffer Nachf\u00fcllbeutel\u00a0\u00bb a \u00e9t\u00e9 ajout\u00e9 \u00e0 votre panier\" role=\"button\" data-no-translation-aria-label=\"\" data-no-translation-data-success_message=\"\"><span class=\"avia-svg-icon avia-font-svg_entypo-fontello\" data-av_svg_icon='basket' data-av_iconset='svg_entypo-fontello'><svg version=\"1.1\" xmlns=\"http:\/\/www.w3.org\/2000\/svg\" width=\"29\" height=\"32\" viewbox=\"0 0 29 32\" preserveaspectratio=\"xMidYMid meet\" aria-labelledby='av-svg-title-210' aria-describedby='av-svg-desc-210' role=\"graphics-symbol\" aria-hidden=\"true\">\n<title id='av-svg-title-210'>Ajouter au panier<\/title>\n<desc id='av-svg-desc-210'>Ajouter au panier<\/desc>\n<path d=\"M4.8 27.2q0-1.28 0.96-2.24t2.24-0.96q1.344 0 2.272 0.96t0.928 2.24q0 1.344-0.928 2.272t-2.272 0.928q-1.28 0-2.24-0.928t-0.96-2.272zM20.8 27.2q0-1.28 0.96-2.24t2.24-0.96q1.344 0 2.272 0.96t0.928 2.24q0 1.344-0.928 2.272t-2.272 0.928q-1.28 0-2.24-0.928t-0.96-2.272zM10.496 19.648q-1.152 0.32-1.088 0.736t1.408 0.416h17.984v2.432q0 0.64-0.64 0.64h-20.928q-0.64 0-0.64-0.64v-2.432l-0.32-1.472-3.136-14.528h-3.136v-2.56q0-0.64 0.64-0.64h4.992q0.64 0 0.64 0.64v2.752h22.528v8.768q0 0.704-0.576 0.832z\"><\/path>\n<\/svg><\/span>  Ajouter au panier<\/a>\t<span id=\"woocommerce_loop_add_to_cart_link_describedby_8938\" class=\"screen-reader-text\">\n\t\t\t<\/span>\n<a class=\"button show_details_button\" href=\"https:\/\/www.raffinessen.ch\/fr\/produit\/baerner-pfaeffer-nachfuellbeutel\/\"><span class=\"avia-svg-icon avia-font-svg_entypo-fontello\" data-av_svg_icon='doc-text' data-av_iconset='svg_entypo-fontello'><svg version=\"1.1\" xmlns=\"http:\/\/www.w3.org\/2000\/svg\" width=\"22\" height=\"32\" viewbox=\"0 0 22 32\" preserveaspectratio=\"xMidYMid meet\" aria-labelledby='av-svg-title-211' aria-describedby='av-svg-desc-211' role=\"graphics-symbol\" aria-hidden=\"true\">\n<title id='av-svg-title-211'>Voir les d\u00e9tails<\/title>\n<desc id='av-svg-desc-211'>Voir les d\u00e9tails<\/desc>\n<path d=\"M6.784 17.344v-2.88h8.96v2.88h-8.96zM19.2 1.6q1.344 0 2.272 0.928t0.928 2.272v22.4q0 1.28-0.928 2.24t-2.272 0.96h-16q-1.28 0-2.24-0.96t-0.96-2.24v-22.4q0-1.344 0.96-2.272t2.24-0.928h16zM19.2 27.2v-22.4h-16v22.4h16zM15.68 8.256v2.816h-8.96v-2.816h8.96zM15.68 20.8v2.816h-8.96v-2.816h8.96z\"><\/path>\n<\/svg><\/span>  Voir les d\u00e9tails<\/a> <span class=\"button-mini-delimiter\"><\/span><\/div><\/div><\/li>\n<li class=\"product type-product post-5281 status-publish last instock product_cat-grosse-nachfuellbeutel has-post-thumbnail taxable shipping-taxable purchasable product-type-simple\">\n\t<div class='inner_product main_color wrapped_style noLightbox  av-product-class-'><a href=\"https:\/\/www.raffinessen.ch\/fr\/produit\/blueten-salz-nachfuellbeutel\/\" class=\"woocommerce-LoopProduct-link woocommerce-loop-product__link\"><div class=\"thumbnail_container\"><img loading=\"lazy\" decoding=\"async\" width=\"500\" height=\"500\" src=\"https:\/\/www.raffinessen.ch\/webseite\/wp-content\/uploads\/2020\/03\/blueten-salz-beutel-raffinessen-gewuerze-500x500.jpg\" class=\"attachment-woocommerce_thumbnail avia-product-hover\" alt=\"\" srcset=\"https:\/\/www.raffinessen.ch\/webseite\/wp-content\/uploads\/2020\/03\/blueten-salz-beutel-raffinessen-gewuerze-500x500.jpg 500w, https:\/\/www.raffinessen.ch\/webseite\/wp-content\/uploads\/2020\/03\/blueten-salz-beutel-raffinessen-gewuerze-300x300.jpg 300w, https:\/\/www.raffinessen.ch\/webseite\/wp-content\/uploads\/2020\/03\/blueten-salz-beutel-raffinessen-gewuerze-1030x1030.jpg 1030w, https:\/\/www.raffinessen.ch\/webseite\/wp-content\/uploads\/2020\/03\/blueten-salz-beutel-raffinessen-gewuerze-80x80.jpg 80w, https:\/\/www.raffinessen.ch\/webseite\/wp-content\/uploads\/2020\/03\/blueten-salz-beutel-raffinessen-gewuerze-768x768.jpg 768w, https:\/\/www.raffinessen.ch\/webseite\/wp-content\/uploads\/2020\/03\/blueten-salz-beutel-raffinessen-gewuerze-1536x1536.jpg 1536w, https:\/\/www.raffinessen.ch\/webseite\/wp-content\/uploads\/2020\/03\/blueten-salz-beutel-raffinessen-gewuerze-2048x2048.jpg 2048w, https:\/\/www.raffinessen.ch\/webseite\/wp-content\/uploads\/2020\/03\/blueten-salz-beutel-raffinessen-gewuerze-36x36.jpg 36w, https:\/\/www.raffinessen.ch\/webseite\/wp-content\/uploads\/2020\/03\/blueten-salz-beutel-raffinessen-gewuerze-180x180.jpg 180w, https:\/\/www.raffinessen.ch\/webseite\/wp-content\/uploads\/2020\/03\/blueten-salz-beutel-raffinessen-gewuerze-1500x1500.jpg 1500w, https:\/\/www.raffinessen.ch\/webseite\/wp-content\/uploads\/2020\/03\/blueten-salz-beutel-raffinessen-gewuerze-705x705.jpg 705w, https:\/\/www.raffinessen.ch\/webseite\/wp-content\/uploads\/2020\/03\/blueten-salz-beutel-raffinessen-gewuerze-100x100.jpg 100w, https:\/\/www.raffinessen.ch\/webseite\/wp-content\/uploads\/2020\/03\/blueten-salz-beutel-raffinessen-gewuerze-1000x1000.jpg 1000w\" sizes=\"auto, (max-width: 500px) 100vw, 500px\" \/><img decoding=\"async\" loading=\"lazy\" width=\"500\" height=\"500\" src=\"https:\/\/www.raffinessen.ch\/webseite\/wp-content\/uploads\/2020\/03\/blueten-salz-raffinessen-gewuerze-500x500.jpg\" class=\"wp-image-5285 avia-img-lazy-loading-5285 attachment-woocommerce_thumbnail size-woocommerce_thumbnail wp-post-image\" alt=\"\" srcset=\"https:\/\/www.raffinessen.ch\/webseite\/wp-content\/uploads\/2020\/03\/blueten-salz-raffinessen-gewuerze-500x500.jpg 500w, https:\/\/www.raffinessen.ch\/webseite\/wp-content\/uploads\/2020\/03\/blueten-salz-raffinessen-gewuerze-300x300.jpg 300w, https:\/\/www.raffinessen.ch\/webseite\/wp-content\/uploads\/2020\/03\/blueten-salz-raffinessen-gewuerze-1030x1030.jpg 1030w, https:\/\/www.raffinessen.ch\/webseite\/wp-content\/uploads\/2020\/03\/blueten-salz-raffinessen-gewuerze-80x80.jpg 80w, https:\/\/www.raffinessen.ch\/webseite\/wp-content\/uploads\/2020\/03\/blueten-salz-raffinessen-gewuerze-768x768.jpg 768w, https:\/\/www.raffinessen.ch\/webseite\/wp-content\/uploads\/2020\/03\/blueten-salz-raffinessen-gewuerze-1536x1536.jpg 1536w, https:\/\/www.raffinessen.ch\/webseite\/wp-content\/uploads\/2020\/03\/blueten-salz-raffinessen-gewuerze-2048x2048.jpg 2048w, https:\/\/www.raffinessen.ch\/webseite\/wp-content\/uploads\/2020\/03\/blueten-salz-raffinessen-gewuerze-36x36.jpg 36w, https:\/\/www.raffinessen.ch\/webseite\/wp-content\/uploads\/2020\/03\/blueten-salz-raffinessen-gewuerze-180x180.jpg 180w, https:\/\/www.raffinessen.ch\/webseite\/wp-content\/uploads\/2020\/03\/blueten-salz-raffinessen-gewuerze-1500x1500.jpg 1500w, https:\/\/www.raffinessen.ch\/webseite\/wp-content\/uploads\/2020\/03\/blueten-salz-raffinessen-gewuerze-705x705.jpg 705w, https:\/\/www.raffinessen.ch\/webseite\/wp-content\/uploads\/2020\/03\/blueten-salz-raffinessen-gewuerze-100x100.jpg 100w, https:\/\/www.raffinessen.ch\/webseite\/wp-content\/uploads\/2020\/03\/blueten-salz-raffinessen-gewuerze-1000x1000.jpg 1000w\" sizes=\"auto, (max-width: 500px) 100vw, 500px\" \/><span class=\"cart-loading\"><\/span><\/div><div class='inner_product_header'><div class='avia-arrow'><\/div><div class='inner_product_header_table'><div class='inner_product_header_cell'><h2 class=\"woocommerce-loop-product__title\">Recharge de sel de fleur<\/h2>\n\t<span class=\"price\"><span class=\"woocommerce-Price-amount amount\"><bdi><span class=\"woocommerce-Price-currencySymbol\">&#67;&#72;&#70;<\/span>&nbsp;20.00<\/bdi><\/span> <small class=\"woocommerce-price-suffix\">TVA incluse<\/small><\/span>\n<\/div><\/div><\/div><\/a><div class='avia_cart_buttons'><a href=\"\/fr\/wp-json\/wp\/v2\/pages\/9012?add-to-cart=5281\" aria-describedby=\"woocommerce_loop_add_to_cart_link_describedby_5281\" data-quantity=\"1\" class=\"button product_type_simple add_to_cart_button ajax_add_to_cart\" data-product_id=\"5281\" data-product_sku=\"FPO-C0012-400\" aria-label=\"Ajouter au panier\u00a0: \u201cBl\u00fcten Salz Nachf\u00fcllbeutel\u201d\" rel=\"nofollow\" data-success_message=\"\u00ab\u00a0Bl\u00fcten Salz Nachf\u00fcllbeutel\u00a0\u00bb a \u00e9t\u00e9 ajout\u00e9 \u00e0 votre panier\" role=\"button\" data-no-translation-aria-label=\"\" data-no-translation-data-success_message=\"\"><span class=\"avia-svg-icon avia-font-svg_entypo-fontello\" data-av_svg_icon='basket' data-av_iconset='svg_entypo-fontello'><svg version=\"1.1\" xmlns=\"http:\/\/www.w3.org\/2000\/svg\" width=\"29\" height=\"32\" viewbox=\"0 0 29 32\" preserveaspectratio=\"xMidYMid meet\" aria-labelledby='av-svg-title-212' aria-describedby='av-svg-desc-212' role=\"graphics-symbol\" aria-hidden=\"true\">\n<title id='av-svg-title-212'>Ajouter au panier<\/title>\n<desc id='av-svg-desc-212'>Ajouter au panier<\/desc>\n<path d=\"M4.8 27.2q0-1.28 0.96-2.24t2.24-0.96q1.344 0 2.272 0.96t0.928 2.24q0 1.344-0.928 2.272t-2.272 0.928q-1.28 0-2.24-0.928t-0.96-2.272zM20.8 27.2q0-1.28 0.96-2.24t2.24-0.96q1.344 0 2.272 0.96t0.928 2.24q0 1.344-0.928 2.272t-2.272 0.928q-1.28 0-2.24-0.928t-0.96-2.272zM10.496 19.648q-1.152 0.32-1.088 0.736t1.408 0.416h17.984v2.432q0 0.64-0.64 0.64h-20.928q-0.64 0-0.64-0.64v-2.432l-0.32-1.472-3.136-14.528h-3.136v-2.56q0-0.64 0.64-0.64h4.992q0.64 0 0.64 0.64v2.752h22.528v8.768q0 0.704-0.576 0.832z\"><\/path>\n<\/svg><\/span>  Ajouter au panier<\/a>\t<span id=\"woocommerce_loop_add_to_cart_link_describedby_5281\" class=\"screen-reader-text\">\n\t\t\t<\/span>\n<a class=\"button show_details_button\" href=\"https:\/\/www.raffinessen.ch\/fr\/produit\/blueten-salz-nachfuellbeutel\/\"><span class=\"avia-svg-icon avia-font-svg_entypo-fontello\" data-av_svg_icon='doc-text' data-av_iconset='svg_entypo-fontello'><svg version=\"1.1\" xmlns=\"http:\/\/www.w3.org\/2000\/svg\" width=\"22\" height=\"32\" viewbox=\"0 0 22 32\" preserveaspectratio=\"xMidYMid meet\" aria-labelledby='av-svg-title-213' aria-describedby='av-svg-desc-213' role=\"graphics-symbol\" aria-hidden=\"true\">\n<title id='av-svg-title-213'>Voir les d\u00e9tails<\/title>\n<desc id='av-svg-desc-213'>Voir les d\u00e9tails<\/desc>\n<path d=\"M6.784 17.344v-2.88h8.96v2.88h-8.96zM19.2 1.6q1.344 0 2.272 0.928t0.928 2.272v22.4q0 1.28-0.928 2.24t-2.272 0.96h-16q-1.28 0-2.24-0.96t-0.96-2.24v-22.4q0-1.344 0.96-2.272t2.24-0.928h16zM19.2 27.2v-22.4h-16v22.4h16zM15.68 8.256v2.816h-8.96v-2.816h8.96zM15.68 20.8v2.816h-8.96v-2.816h8.96z\"><\/path>\n<\/svg><\/span>  Voir les d\u00e9tails<\/a> <span class=\"button-mini-delimiter\"><\/span><\/div><\/div><\/li>\n<li class=\"product type-product post-18966 status-publish first outofstock product_cat-kambodscha-produkte product_cat-neu has-post-thumbnail taxable shipping-taxable purchasable product-type-simple\">\n\t<div class='inner_product main_color wrapped_style noLightbox  av-product-class-'><a href=\"https:\/\/www.raffinessen.ch\/fr\/produit\/set-jasminreis-variationen-aus-kambodscha\/\" class=\"woocommerce-LoopProduct-link woocommerce-loop-product__link\"><div class=\"thumbnail_container\"><img loading=\"lazy\" decoding=\"async\" width=\"500\" height=\"500\" src=\"https:\/\/www.raffinessen.ch\/webseite\/wp-content\/uploads\/2025\/02\/Jasminreis_weiss-braun-rot-schwarz_bags-500x500.jpg\" class=\"attachment-woocommerce_thumbnail avia-product-hover\" alt=\"\" srcset=\"https:\/\/www.raffinessen.ch\/webseite\/wp-content\/uploads\/2025\/02\/Jasminreis_weiss-braun-rot-schwarz_bags-500x500.jpg 500w, https:\/\/www.raffinessen.ch\/webseite\/wp-content\/uploads\/2025\/02\/Jasminreis_weiss-braun-rot-schwarz_bags-300x300.jpg 300w, https:\/\/www.raffinessen.ch\/webseite\/wp-content\/uploads\/2025\/02\/Jasminreis_weiss-braun-rot-schwarz_bags-1030x1030.jpg 1030w, https:\/\/www.raffinessen.ch\/webseite\/wp-content\/uploads\/2025\/02\/Jasminreis_weiss-braun-rot-schwarz_bags-80x80.jpg 80w, https:\/\/www.raffinessen.ch\/webseite\/wp-content\/uploads\/2025\/02\/Jasminreis_weiss-braun-rot-schwarz_bags-768x768.jpg 768w, https:\/\/www.raffinessen.ch\/webseite\/wp-content\/uploads\/2025\/02\/Jasminreis_weiss-braun-rot-schwarz_bags-12x12.jpg 12w, https:\/\/www.raffinessen.ch\/webseite\/wp-content\/uploads\/2025\/02\/Jasminreis_weiss-braun-rot-schwarz_bags-36x36.jpg 36w, https:\/\/www.raffinessen.ch\/webseite\/wp-content\/uploads\/2025\/02\/Jasminreis_weiss-braun-rot-schwarz_bags-180x180.jpg 180w, https:\/\/www.raffinessen.ch\/webseite\/wp-content\/uploads\/2025\/02\/Jasminreis_weiss-braun-rot-schwarz_bags-705x705.jpg 705w, https:\/\/www.raffinessen.ch\/webseite\/wp-content\/uploads\/2025\/02\/Jasminreis_weiss-braun-rot-schwarz_bags-120x120.jpg 120w, https:\/\/www.raffinessen.ch\/webseite\/wp-content\/uploads\/2025\/02\/Jasminreis_weiss-braun-rot-schwarz_bags-450x450.jpg 450w, https:\/\/www.raffinessen.ch\/webseite\/wp-content\/uploads\/2025\/02\/Jasminreis_weiss-braun-rot-schwarz_bags-1000x1000.jpg 1000w, https:\/\/www.raffinessen.ch\/webseite\/wp-content\/uploads\/2025\/02\/Jasminreis_weiss-braun-rot-schwarz_bags-100x100.jpg 100w, https:\/\/www.raffinessen.ch\/webseite\/wp-content\/uploads\/2025\/02\/Jasminreis_weiss-braun-rot-schwarz_bags.jpg 1500w\" sizes=\"auto, (max-width: 500px) 100vw, 500px\" \/><img decoding=\"async\" loading=\"lazy\" width=\"500\" height=\"500\" src=\"https:\/\/www.raffinessen.ch\/webseite\/wp-content\/uploads\/2025\/02\/Jasminreis_weiss-braun-rot-schwarz-500x500.jpg\" class=\"wp-image-18967 avia-img-lazy-loading-18967 attachment-woocommerce_thumbnail size-woocommerce_thumbnail wp-post-image\" alt=\"\" srcset=\"https:\/\/www.raffinessen.ch\/webseite\/wp-content\/uploads\/2025\/02\/Jasminreis_weiss-braun-rot-schwarz-500x500.jpg 500w, https:\/\/www.raffinessen.ch\/webseite\/wp-content\/uploads\/2025\/02\/Jasminreis_weiss-braun-rot-schwarz-300x300.jpg 300w, https:\/\/www.raffinessen.ch\/webseite\/wp-content\/uploads\/2025\/02\/Jasminreis_weiss-braun-rot-schwarz-1030x1030.jpg 1030w, https:\/\/www.raffinessen.ch\/webseite\/wp-content\/uploads\/2025\/02\/Jasminreis_weiss-braun-rot-schwarz-80x80.jpg 80w, https:\/\/www.raffinessen.ch\/webseite\/wp-content\/uploads\/2025\/02\/Jasminreis_weiss-braun-rot-schwarz-768x768.jpg 768w, https:\/\/www.raffinessen.ch\/webseite\/wp-content\/uploads\/2025\/02\/Jasminreis_weiss-braun-rot-schwarz-12x12.jpg 12w, https:\/\/www.raffinessen.ch\/webseite\/wp-content\/uploads\/2025\/02\/Jasminreis_weiss-braun-rot-schwarz-36x36.jpg 36w, https:\/\/www.raffinessen.ch\/webseite\/wp-content\/uploads\/2025\/02\/Jasminreis_weiss-braun-rot-schwarz-180x180.jpg 180w, https:\/\/www.raffinessen.ch\/webseite\/wp-content\/uploads\/2025\/02\/Jasminreis_weiss-braun-rot-schwarz-705x705.jpg 705w, https:\/\/www.raffinessen.ch\/webseite\/wp-content\/uploads\/2025\/02\/Jasminreis_weiss-braun-rot-schwarz-120x120.jpg 120w, https:\/\/www.raffinessen.ch\/webseite\/wp-content\/uploads\/2025\/02\/Jasminreis_weiss-braun-rot-schwarz-450x450.jpg 450w, https:\/\/www.raffinessen.ch\/webseite\/wp-content\/uploads\/2025\/02\/Jasminreis_weiss-braun-rot-schwarz-1000x1000.jpg 1000w, https:\/\/www.raffinessen.ch\/webseite\/wp-content\/uploads\/2025\/02\/Jasminreis_weiss-braun-rot-schwarz-100x100.jpg 100w, https:\/\/www.raffinessen.ch\/webseite\/wp-content\/uploads\/2025\/02\/Jasminreis_weiss-braun-rot-schwarz.jpg 1500w\" sizes=\"auto, (max-width: 500px) 100vw, 500px\" \/><span class=\"cart-loading\"><\/span><\/div><div class='inner_product_header'><div class='avia-arrow'><\/div><div class='inner_product_header_table'><div class='inner_product_header_cell'><h2 class=\"woocommerce-loop-product__title\">SET &#8211; Jasminreis Variationen aus Kambodscha<\/h2>\n\t<span class=\"price\"><span class=\"woocommerce-Price-amount amount\"><bdi><span class=\"woocommerce-Price-currencySymbol\">&#67;&#72;&#70;<\/span>&nbsp;28.00<\/bdi><\/span> <small class=\"woocommerce-price-suffix\">TVA incluse<\/small><\/span>\n<\/div><\/div><\/div><\/a><div class='avia_cart_buttons'><a href=\"https:\/\/www.raffinessen.ch\/fr\/produit\/set-jasminreis-variationen-aus-kambodscha\/\" aria-describedby=\"woocommerce_loop_add_to_cart_link_describedby_18966\" data-quantity=\"1\" class=\"button product_type_simple\" data-product_id=\"18966\" data-product_sku=\"GSO-063\" aria-label=\"En savoir plus sur \u201cSET - Jasminreis Variationen aus Kambodscha\u201d\" rel=\"nofollow\" data-success_message=\"\" data-no-translation-aria-label=\"\"><span class=\"avia-svg-icon avia-font-svg_entypo-fontello\" data-av_svg_icon='basket' data-av_iconset='svg_entypo-fontello'><svg version=\"1.1\" xmlns=\"http:\/\/www.w3.org\/2000\/svg\" width=\"29\" height=\"32\" viewbox=\"0 0 29 32\" preserveaspectratio=\"xMidYMid meet\" aria-labelledby='av-svg-title-214' aria-describedby='av-svg-desc-214' role=\"graphics-symbol\" aria-hidden=\"true\">\n<title id='av-svg-title-214'>Ajouter au panier<\/title>\n<desc id='av-svg-desc-214'>Ajouter au panier<\/desc>\n<path d=\"M4.8 27.2q0-1.28 0.96-2.24t2.24-0.96q1.344 0 2.272 0.96t0.928 2.24q0 1.344-0.928 2.272t-2.272 0.928q-1.28 0-2.24-0.928t-0.96-2.272zM20.8 27.2q0-1.28 0.96-2.24t2.24-0.96q1.344 0 2.272 0.96t0.928 2.24q0 1.344-0.928 2.272t-2.272 0.928q-1.28 0-2.24-0.928t-0.96-2.272zM10.496 19.648q-1.152 0.32-1.088 0.736t1.408 0.416h17.984v2.432q0 0.64-0.64 0.64h-20.928q-0.64 0-0.64-0.64v-2.432l-0.32-1.472-3.136-14.528h-3.136v-2.56q0-0.64 0.64-0.64h4.992q0.64 0 0.64 0.64v2.752h22.528v8.768q0 0.704-0.576 0.832z\"><\/path>\n<\/svg><\/span>  Lire la suite<\/a>\t<span id=\"woocommerce_loop_add_to_cart_link_describedby_18966\" class=\"screen-reader-text\">\n\t\t\t<\/span>\n<a class=\"button show_details_button\" href=\"https:\/\/www.raffinessen.ch\/fr\/produit\/set-jasminreis-variationen-aus-kambodscha\/\"><span class=\"avia-svg-icon avia-font-svg_entypo-fontello\" data-av_svg_icon='doc-text' data-av_iconset='svg_entypo-fontello'><svg version=\"1.1\" xmlns=\"http:\/\/www.w3.org\/2000\/svg\" width=\"22\" height=\"32\" viewbox=\"0 0 22 32\" preserveaspectratio=\"xMidYMid meet\" aria-labelledby='av-svg-title-215' aria-describedby='av-svg-desc-215' role=\"graphics-symbol\" aria-hidden=\"true\">\n<title id='av-svg-title-215'>Voir les d\u00e9tails<\/title>\n<desc id='av-svg-desc-215'>Voir les d\u00e9tails<\/desc>\n<path d=\"M6.784 17.344v-2.88h8.96v2.88h-8.96zM19.2 1.6q1.344 0 2.272 0.928t0.928 2.272v22.4q0 1.28-0.928 2.24t-2.272 0.96h-16q-1.28 0-2.24-0.96t-0.96-2.24v-22.4q0-1.344 0.96-2.272t2.24-0.928h16zM19.2 27.2v-22.4h-16v22.4h16zM15.68 8.256v2.816h-8.96v-2.816h8.96zM15.68 20.8v2.816h-8.96v-2.816h8.96z\"><\/path>\n<\/svg><\/span>  Voir les d\u00e9tails<\/a> <span class=\"button-mini-delimiter\"><\/span><\/div><\/div><\/li>\n<li class=\"product type-product post-6462 status-publish instock product_cat-bis-chf-30 product_cat-geschenksets has-post-thumbnail taxable shipping-taxable purchasable product-type-simple\">\n\t<div class='inner_product main_color wrapped_style noLightbox  av-product-class-'><a href=\"https:\/\/www.raffinessen.ch\/fr\/produit\/set-burger-fries-salat\/\" class=\"woocommerce-LoopProduct-link woocommerce-loop-product__link\"><div class=\"thumbnail_container\"><img loading=\"lazy\" decoding=\"async\" width=\"500\" height=\"500\" src=\"https:\/\/www.raffinessen.ch\/webseite\/wp-content\/uploads\/2020\/06\/AdobeStock_226728092_quadratisch-500x500.jpg\" class=\"attachment-woocommerce_thumbnail avia-product-hover\" alt=\"\" srcset=\"https:\/\/www.raffinessen.ch\/webseite\/wp-content\/uploads\/2020\/06\/AdobeStock_226728092_quadratisch-500x500.jpg 500w, https:\/\/www.raffinessen.ch\/webseite\/wp-content\/uploads\/2020\/06\/AdobeStock_226728092_quadratisch-300x300.jpg 300w, https:\/\/www.raffinessen.ch\/webseite\/wp-content\/uploads\/2020\/06\/AdobeStock_226728092_quadratisch-1030x1030.jpg 1030w, https:\/\/www.raffinessen.ch\/webseite\/wp-content\/uploads\/2020\/06\/AdobeStock_226728092_quadratisch-80x80.jpg 80w, https:\/\/www.raffinessen.ch\/webseite\/wp-content\/uploads\/2020\/06\/AdobeStock_226728092_quadratisch-768x768.jpg 768w, https:\/\/www.raffinessen.ch\/webseite\/wp-content\/uploads\/2020\/06\/AdobeStock_226728092_quadratisch-36x36.jpg 36w, https:\/\/www.raffinessen.ch\/webseite\/wp-content\/uploads\/2020\/06\/AdobeStock_226728092_quadratisch-180x180.jpg 180w, https:\/\/www.raffinessen.ch\/webseite\/wp-content\/uploads\/2020\/06\/AdobeStock_226728092_quadratisch-705x705.jpg 705w, https:\/\/www.raffinessen.ch\/webseite\/wp-content\/uploads\/2020\/06\/AdobeStock_226728092_quadratisch-100x100.jpg 100w, https:\/\/www.raffinessen.ch\/webseite\/wp-content\/uploads\/2020\/06\/AdobeStock_226728092_quadratisch-1000x1000.jpg 1000w, https:\/\/www.raffinessen.ch\/webseite\/wp-content\/uploads\/2020\/06\/AdobeStock_226728092_quadratisch.jpg 1500w\" sizes=\"auto, (max-width: 500px) 100vw, 500px\" \/><img decoding=\"async\" loading=\"lazy\" width=\"500\" height=\"500\" src=\"https:\/\/www.raffinessen.ch\/webseite\/wp-content\/uploads\/2020\/06\/Burger-1500x1500-1-500x500.jpg\" class=\"wp-image-6464 avia-img-lazy-loading-6464 attachment-woocommerce_thumbnail size-woocommerce_thumbnail wp-post-image\" alt=\"\" srcset=\"https:\/\/www.raffinessen.ch\/webseite\/wp-content\/uploads\/2020\/06\/Burger-1500x1500-1-500x500.jpg 500w, https:\/\/www.raffinessen.ch\/webseite\/wp-content\/uploads\/2020\/06\/Burger-1500x1500-1-300x300.jpg 300w, https:\/\/www.raffinessen.ch\/webseite\/wp-content\/uploads\/2020\/06\/Burger-1500x1500-1-1030x1030.jpg 1030w, https:\/\/www.raffinessen.ch\/webseite\/wp-content\/uploads\/2020\/06\/Burger-1500x1500-1-80x80.jpg 80w, https:\/\/www.raffinessen.ch\/webseite\/wp-content\/uploads\/2020\/06\/Burger-1500x1500-1-768x768.jpg 768w, https:\/\/www.raffinessen.ch\/webseite\/wp-content\/uploads\/2020\/06\/Burger-1500x1500-1-36x36.jpg 36w, https:\/\/www.raffinessen.ch\/webseite\/wp-content\/uploads\/2020\/06\/Burger-1500x1500-1-180x180.jpg 180w, https:\/\/www.raffinessen.ch\/webseite\/wp-content\/uploads\/2020\/06\/Burger-1500x1500-1-705x705.jpg 705w, https:\/\/www.raffinessen.ch\/webseite\/wp-content\/uploads\/2020\/06\/Burger-1500x1500-1-100x100.jpg 100w, https:\/\/www.raffinessen.ch\/webseite\/wp-content\/uploads\/2020\/06\/Burger-1500x1500-1-1000x1000.jpg 1000w, https:\/\/www.raffinessen.ch\/webseite\/wp-content\/uploads\/2020\/06\/Burger-1500x1500-1.jpg 1500w\" sizes=\"auto, (max-width: 500px) 100vw, 500px\" \/><span class=\"cart-loading\"><\/span><\/div><div class='inner_product_header'><div class='avia-arrow'><\/div><div class='inner_product_header_table'><div class='inner_product_header_cell'><h2 class=\"woocommerce-loop-product__title\">SET - Burger, Fries &amp; Salade<\/h2>\n\t<span class=\"price\"><span class=\"woocommerce-Price-amount amount\"><bdi><span class=\"woocommerce-Price-currencySymbol\">&#67;&#72;&#70;<\/span>&nbsp;30.00<\/bdi><\/span> <small class=\"woocommerce-price-suffix\">TVA incluse<\/small><\/span>\n<\/div><\/div><\/div><\/a><div class='avia_cart_buttons'><a href=\"\/fr\/wp-json\/wp\/v2\/pages\/9012?add-to-cart=6462\" aria-describedby=\"woocommerce_loop_add_to_cart_link_describedby_6462\" data-quantity=\"1\" class=\"button product_type_simple add_to_cart_button ajax_add_to_cart\" data-product_id=\"6462\" data-product_sku=\"GSO-037\" aria-label=\"Ajouter au panier\u00a0: \u201cSET - Burger, Fries &amp; Salat\u201d\" rel=\"nofollow\" data-success_message=\"\u00ab\u00a0SET - Burger, Fries &amp; Salat\u00a0\u00bb a \u00e9t\u00e9 ajout\u00e9 \u00e0 votre panier\" role=\"button\" data-no-translation-aria-label=\"\" data-no-translation-data-success_message=\"\"><span class=\"avia-svg-icon avia-font-svg_entypo-fontello\" data-av_svg_icon='basket' data-av_iconset='svg_entypo-fontello'><svg version=\"1.1\" xmlns=\"http:\/\/www.w3.org\/2000\/svg\" width=\"29\" height=\"32\" viewbox=\"0 0 29 32\" preserveaspectratio=\"xMidYMid meet\" aria-labelledby='av-svg-title-216' aria-describedby='av-svg-desc-216' role=\"graphics-symbol\" aria-hidden=\"true\">\n<title id='av-svg-title-216'>Ajouter au panier<\/title>\n<desc id='av-svg-desc-216'>Ajouter au panier<\/desc>\n<path d=\"M4.8 27.2q0-1.28 0.96-2.24t2.24-0.96q1.344 0 2.272 0.96t0.928 2.24q0 1.344-0.928 2.272t-2.272 0.928q-1.28 0-2.24-0.928t-0.96-2.272zM20.8 27.2q0-1.28 0.96-2.24t2.24-0.96q1.344 0 2.272 0.96t0.928 2.24q0 1.344-0.928 2.272t-2.272 0.928q-1.28 0-2.24-0.928t-0.96-2.272zM10.496 19.648q-1.152 0.32-1.088 0.736t1.408 0.416h17.984v2.432q0 0.64-0.64 0.64h-20.928q-0.64 0-0.64-0.64v-2.432l-0.32-1.472-3.136-14.528h-3.136v-2.56q0-0.64 0.64-0.64h4.992q0.64 0 0.64 0.64v2.752h22.528v8.768q0 0.704-0.576 0.832z\"><\/path>\n<\/svg><\/span>  Ajouter au panier<\/a>\t<span id=\"woocommerce_loop_add_to_cart_link_describedby_6462\" class=\"screen-reader-text\">\n\t\t\t<\/span>\n<a class=\"button show_details_button\" href=\"https:\/\/www.raffinessen.ch\/fr\/produit\/set-burger-fries-salat\/\"><span class=\"avia-svg-icon avia-font-svg_entypo-fontello\" data-av_svg_icon='doc-text' data-av_iconset='svg_entypo-fontello'><svg version=\"1.1\" xmlns=\"http:\/\/www.w3.org\/2000\/svg\" width=\"22\" height=\"32\" viewbox=\"0 0 22 32\" preserveaspectratio=\"xMidYMid meet\" aria-labelledby='av-svg-title-217' aria-describedby='av-svg-desc-217' role=\"graphics-symbol\" aria-hidden=\"true\">\n<title id='av-svg-title-217'>Voir les d\u00e9tails<\/title>\n<desc id='av-svg-desc-217'>Voir les d\u00e9tails<\/desc>\n<path d=\"M6.784 17.344v-2.88h8.96v2.88h-8.96zM19.2 1.6q1.344 0 2.272 0.928t0.928 2.272v22.4q0 1.28-0.928 2.24t-2.272 0.96h-16q-1.28 0-2.24-0.96t-0.96-2.24v-22.4q0-1.344 0.96-2.272t2.24-0.928h16zM19.2 27.2v-22.4h-16v22.4h16zM15.68 8.256v2.816h-8.96v-2.816h8.96zM15.68 20.8v2.816h-8.96v-2.816h8.96z\"><\/path>\n<\/svg><\/span>  Voir les d\u00e9tails<\/a> <span class=\"button-mini-delimiter\"><\/span><\/div><\/div><\/li>\n<li class=\"product type-product post-6559 status-publish instock product_cat-gemahlen product_cat-gewuerz-mischungen has-post-thumbnail taxable shipping-taxable purchasable product-type-simple\">\n\t<div class='inner_product main_color wrapped_style noLightbox  av-product-class-'><a href=\"https:\/\/www.raffinessen.ch\/fr\/produit\/mareeba\/\" class=\"woocommerce-LoopProduct-link woocommerce-loop-product__link\"><div class=\"thumbnail_container\"><img loading=\"lazy\" decoding=\"async\" width=\"500\" height=\"500\" src=\"https:\/\/www.raffinessen.ch\/webseite\/wp-content\/uploads\/2020\/07\/mareeba-beutel-500x500.jpg\" class=\"attachment-woocommerce_thumbnail avia-product-hover\" alt=\"\" srcset=\"https:\/\/www.raffinessen.ch\/webseite\/wp-content\/uploads\/2020\/07\/mareeba-beutel-500x500.jpg 500w, https:\/\/www.raffinessen.ch\/webseite\/wp-content\/uploads\/2020\/07\/mareeba-beutel-300x300.jpg 300w, https:\/\/www.raffinessen.ch\/webseite\/wp-content\/uploads\/2020\/07\/mareeba-beutel-1030x1030.jpg 1030w, https:\/\/www.raffinessen.ch\/webseite\/wp-content\/uploads\/2020\/07\/mareeba-beutel-80x80.jpg 80w, https:\/\/www.raffinessen.ch\/webseite\/wp-content\/uploads\/2020\/07\/mareeba-beutel-768x768.jpg 768w, https:\/\/www.raffinessen.ch\/webseite\/wp-content\/uploads\/2020\/07\/mareeba-beutel-1536x1536.jpg 1536w, https:\/\/www.raffinessen.ch\/webseite\/wp-content\/uploads\/2020\/07\/mareeba-beutel-36x36.jpg 36w, https:\/\/www.raffinessen.ch\/webseite\/wp-content\/uploads\/2020\/07\/mareeba-beutel-180x180.jpg 180w, https:\/\/www.raffinessen.ch\/webseite\/wp-content\/uploads\/2020\/07\/mareeba-beutel-1500x1500.jpg 1500w, https:\/\/www.raffinessen.ch\/webseite\/wp-content\/uploads\/2020\/07\/mareeba-beutel-705x705.jpg 705w, https:\/\/www.raffinessen.ch\/webseite\/wp-content\/uploads\/2020\/07\/mareeba-beutel-100x100.jpg 100w, https:\/\/www.raffinessen.ch\/webseite\/wp-content\/uploads\/2020\/07\/mareeba-beutel-1000x1000.jpg 1000w, https:\/\/www.raffinessen.ch\/webseite\/wp-content\/uploads\/2020\/07\/mareeba-beutel.jpg 2000w\" sizes=\"auto, (max-width: 500px) 100vw, 500px\" \/><img decoding=\"async\" loading=\"lazy\" width=\"500\" height=\"500\" src=\"https:\/\/www.raffinessen.ch\/webseite\/wp-content\/uploads\/2020\/03\/zitronen-pfeffer-gewuerz-kreis-raffinessen-500x500.jpg\" class=\"wp-image-5147 avia-img-lazy-loading-5147 attachment-woocommerce_thumbnail size-woocommerce_thumbnail wp-post-image\" alt=\"\" srcset=\"https:\/\/www.raffinessen.ch\/webseite\/wp-content\/uploads\/2020\/03\/zitronen-pfeffer-gewuerz-kreis-raffinessen-500x500.jpg 500w, https:\/\/www.raffinessen.ch\/webseite\/wp-content\/uploads\/2020\/03\/zitronen-pfeffer-gewuerz-kreis-raffinessen-300x300.jpg 300w, https:\/\/www.raffinessen.ch\/webseite\/wp-content\/uploads\/2020\/03\/zitronen-pfeffer-gewuerz-kreis-raffinessen-1030x1030.jpg 1030w, https:\/\/www.raffinessen.ch\/webseite\/wp-content\/uploads\/2020\/03\/zitronen-pfeffer-gewuerz-kreis-raffinessen-80x80.jpg 80w, https:\/\/www.raffinessen.ch\/webseite\/wp-content\/uploads\/2020\/03\/zitronen-pfeffer-gewuerz-kreis-raffinessen-768x768.jpg 768w, https:\/\/www.raffinessen.ch\/webseite\/wp-content\/uploads\/2020\/03\/zitronen-pfeffer-gewuerz-kreis-raffinessen-1536x1536.jpg 1536w, https:\/\/www.raffinessen.ch\/webseite\/wp-content\/uploads\/2020\/03\/zitronen-pfeffer-gewuerz-kreis-raffinessen-2048x2048.jpg 2048w, https:\/\/www.raffinessen.ch\/webseite\/wp-content\/uploads\/2020\/03\/zitronen-pfeffer-gewuerz-kreis-raffinessen-36x36.jpg 36w, https:\/\/www.raffinessen.ch\/webseite\/wp-content\/uploads\/2020\/03\/zitronen-pfeffer-gewuerz-kreis-raffinessen-180x180.jpg 180w, https:\/\/www.raffinessen.ch\/webseite\/wp-content\/uploads\/2020\/03\/zitronen-pfeffer-gewuerz-kreis-raffinessen-1500x1500.jpg 1500w, https:\/\/www.raffinessen.ch\/webseite\/wp-content\/uploads\/2020\/03\/zitronen-pfeffer-gewuerz-kreis-raffinessen-705x705.jpg 705w, https:\/\/www.raffinessen.ch\/webseite\/wp-content\/uploads\/2020\/03\/zitronen-pfeffer-gewuerz-kreis-raffinessen-100x100.jpg 100w, https:\/\/www.raffinessen.ch\/webseite\/wp-content\/uploads\/2020\/03\/zitronen-pfeffer-gewuerz-kreis-raffinessen-1000x1000.jpg 1000w\" sizes=\"auto, (max-width: 500px) 100vw, 500px\" \/><span class=\"cart-loading\"><\/span><\/div><div class='inner_product_header'><div class='avia-arrow'><\/div><div class='inner_product_header_table'><div class='inner_product_header_cell'><h2 class=\"woocommerce-loop-product__title\">Mareeba (jusqu'\u00e0 pr\u00e9sent poivre au citron)<\/h2>\n\t<span class=\"price\"><span class=\"woocommerce-Price-amount amount\"><bdi><span class=\"woocommerce-Price-currencySymbol\">&#67;&#72;&#70;<\/span>&nbsp;6.00<\/bdi><\/span> <small class=\"woocommerce-price-suffix\">TVA incluse<\/small><\/span>\n<\/div><\/div><\/div><\/a><div class='avia_cart_buttons'><a href=\"\/fr\/wp-json\/wp\/v2\/pages\/9012?add-to-cart=6559\" aria-describedby=\"woocommerce_loop_add_to_cart_link_describedby_6559\" data-quantity=\"1\" class=\"button product_type_simple add_to_cart_button ajax_add_to_cart\" data-product_id=\"6559\" data-product_sku=\"FPO-S034-60\" aria-label=\"Ajouter au panier\u00a0: \u201cMareeba (bisher Zitronen Pfeffer)\u201d\" rel=\"nofollow\" data-success_message=\"\u00ab\u00a0Mareeba (bisher Zitronen Pfeffer)\u00a0\u00bb a \u00e9t\u00e9 ajout\u00e9 \u00e0 votre panier\" role=\"button\" data-no-translation-aria-label=\"\" data-no-translation-data-success_message=\"\"><span class=\"avia-svg-icon avia-font-svg_entypo-fontello\" data-av_svg_icon='basket' data-av_iconset='svg_entypo-fontello'><svg version=\"1.1\" xmlns=\"http:\/\/www.w3.org\/2000\/svg\" width=\"29\" height=\"32\" viewbox=\"0 0 29 32\" preserveaspectratio=\"xMidYMid meet\" aria-labelledby='av-svg-title-218' aria-describedby='av-svg-desc-218' role=\"graphics-symbol\" aria-hidden=\"true\">\n<title id='av-svg-title-218'>Ajouter au panier<\/title>\n<desc id='av-svg-desc-218'>Ajouter au panier<\/desc>\n<path d=\"M4.8 27.2q0-1.28 0.96-2.24t2.24-0.96q1.344 0 2.272 0.96t0.928 2.24q0 1.344-0.928 2.272t-2.272 0.928q-1.28 0-2.24-0.928t-0.96-2.272zM20.8 27.2q0-1.28 0.96-2.24t2.24-0.96q1.344 0 2.272 0.96t0.928 2.24q0 1.344-0.928 2.272t-2.272 0.928q-1.28 0-2.24-0.928t-0.96-2.272zM10.496 19.648q-1.152 0.32-1.088 0.736t1.408 0.416h17.984v2.432q0 0.64-0.64 0.64h-20.928q-0.64 0-0.64-0.64v-2.432l-0.32-1.472-3.136-14.528h-3.136v-2.56q0-0.64 0.64-0.64h4.992q0.64 0 0.64 0.64v2.752h22.528v8.768q0 0.704-0.576 0.832z\"><\/path>\n<\/svg><\/span>  Ajouter au panier<\/a>\t<span id=\"woocommerce_loop_add_to_cart_link_describedby_6559\" class=\"screen-reader-text\">\n\t\t\t<\/span>\n<a class=\"button show_details_button\" href=\"https:\/\/www.raffinessen.ch\/fr\/produit\/mareeba\/\"><span class=\"avia-svg-icon avia-font-svg_entypo-fontello\" data-av_svg_icon='doc-text' data-av_iconset='svg_entypo-fontello'><svg version=\"1.1\" xmlns=\"http:\/\/www.w3.org\/2000\/svg\" width=\"22\" height=\"32\" viewbox=\"0 0 22 32\" preserveaspectratio=\"xMidYMid meet\" aria-labelledby='av-svg-title-219' aria-describedby='av-svg-desc-219' role=\"graphics-symbol\" aria-hidden=\"true\">\n<title id='av-svg-title-219'>Voir les d\u00e9tails<\/title>\n<desc id='av-svg-desc-219'>Voir les d\u00e9tails<\/desc>\n<path d=\"M6.784 17.344v-2.88h8.96v2.88h-8.96zM19.2 1.6q1.344 0 2.272 0.928t0.928 2.272v22.4q0 1.28-0.928 2.24t-2.272 0.96h-16q-1.28 0-2.24-0.96t-0.96-2.24v-22.4q0-1.344 0.96-2.272t2.24-0.928h16zM19.2 27.2v-22.4h-16v22.4h16zM15.68 8.256v2.816h-8.96v-2.816h8.96zM15.68 20.8v2.816h-8.96v-2.816h8.96z\"><\/path>\n<\/svg><\/span>  Voir les d\u00e9tails<\/a> <span class=\"button-mini-delimiter\"><\/span><\/div><\/div><\/li>\n<li class=\"product type-product post-4853 status-publish last outofstock product_cat-muehlen-und-behaelter product_cat-swiss-made has-post-thumbnail taxable shipping-taxable purchasable product-type-simple\">\n\t<div class='inner_product main_color wrapped_style noLightbox  av-product-class-'><a href=\"https:\/\/www.raffinessen.ch\/fr\/produit\/antik-muehle-birnbaum\/\" class=\"woocommerce-LoopProduct-link woocommerce-loop-product__link\"><div class=\"thumbnail_container\"><img decoding=\"async\" loading=\"lazy\" width=\"500\" height=\"500\" src=\"https:\/\/www.raffinessen.ch\/webseite\/wp-content\/uploads\/2019\/12\/muehle-antik-birnbaum-500x500.jpg\" class=\"wp-image-4850 avia-img-lazy-loading-4850 attachment-woocommerce_thumbnail size-woocommerce_thumbnail wp-post-image\" alt=\"\" srcset=\"https:\/\/www.raffinessen.ch\/webseite\/wp-content\/uploads\/2019\/12\/muehle-antik-birnbaum-500x500.jpg 500w, https:\/\/www.raffinessen.ch\/webseite\/wp-content\/uploads\/2019\/12\/muehle-antik-birnbaum-300x300.jpg 300w, https:\/\/www.raffinessen.ch\/webseite\/wp-content\/uploads\/2019\/12\/muehle-antik-birnbaum-1030x1030.jpg 1030w, https:\/\/www.raffinessen.ch\/webseite\/wp-content\/uploads\/2019\/12\/muehle-antik-birnbaum-80x80.jpg 80w, https:\/\/www.raffinessen.ch\/webseite\/wp-content\/uploads\/2019\/12\/muehle-antik-birnbaum-768x768.jpg 768w, https:\/\/www.raffinessen.ch\/webseite\/wp-content\/uploads\/2019\/12\/muehle-antik-birnbaum-1536x1536.jpg 1536w, https:\/\/www.raffinessen.ch\/webseite\/wp-content\/uploads\/2019\/12\/muehle-antik-birnbaum-36x36.jpg 36w, https:\/\/www.raffinessen.ch\/webseite\/wp-content\/uploads\/2019\/12\/muehle-antik-birnbaum-180x180.jpg 180w, https:\/\/www.raffinessen.ch\/webseite\/wp-content\/uploads\/2019\/12\/muehle-antik-birnbaum-1500x1500.jpg 1500w, https:\/\/www.raffinessen.ch\/webseite\/wp-content\/uploads\/2019\/12\/muehle-antik-birnbaum-705x705.jpg 705w, https:\/\/www.raffinessen.ch\/webseite\/wp-content\/uploads\/2019\/12\/muehle-antik-birnbaum-100x100.jpg 100w, https:\/\/www.raffinessen.ch\/webseite\/wp-content\/uploads\/2019\/12\/muehle-antik-birnbaum-1000x1000.jpg 1000w, https:\/\/www.raffinessen.ch\/webseite\/wp-content\/uploads\/2019\/12\/muehle-antik-birnbaum.jpg 2000w\" sizes=\"auto, (max-width: 500px) 100vw, 500px\" \/><span class=\"cart-loading\"><\/span><\/div><div class='inner_product_header'><div class='avia-arrow'><\/div><div class='inner_product_header_table'><div class='inner_product_header_cell'><h2 class=\"woocommerce-loop-product__title\">Moulin \u00e0 poivre ANTIK Poirier <br \/>(Swiss Made)<\/h2>\n\t<span class=\"price\"><span class=\"woocommerce-Price-amount amount\"><bdi><span class=\"woocommerce-Price-currencySymbol\">&#67;&#72;&#70;<\/span>&nbsp;70.00<\/bdi><\/span> <small class=\"woocommerce-price-suffix\">TVA incluse<\/small><\/span>\n<\/div><\/div><\/div><\/a><div class='avia_cart_buttons'><a href=\"https:\/\/www.raffinessen.ch\/fr\/produit\/antik-muehle-birnbaum\/\" aria-describedby=\"woocommerce_loop_add_to_cart_link_describedby_4853\" data-quantity=\"1\" class=\"button product_type_simple\" data-product_id=\"4853\" data-product_sku=\"GWO-015\" aria-label=\"En savoir plus sur \u201cPfefferm\u00fchle ANTIK Birnbaum (Swiss Made)\u201d\" rel=\"nofollow\" data-success_message=\"\" data-no-translation-aria-label=\"\"><span class=\"avia-svg-icon avia-font-svg_entypo-fontello\" data-av_svg_icon='basket' data-av_iconset='svg_entypo-fontello'><svg version=\"1.1\" xmlns=\"http:\/\/www.w3.org\/2000\/svg\" width=\"29\" height=\"32\" viewbox=\"0 0 29 32\" preserveaspectratio=\"xMidYMid meet\" aria-labelledby='av-svg-title-220' aria-describedby='av-svg-desc-220' role=\"graphics-symbol\" aria-hidden=\"true\">\n<title id='av-svg-title-220'>Ajouter au panier<\/title>\n<desc id='av-svg-desc-220'>Ajouter au panier<\/desc>\n<path d=\"M4.8 27.2q0-1.28 0.96-2.24t2.24-0.96q1.344 0 2.272 0.96t0.928 2.24q0 1.344-0.928 2.272t-2.272 0.928q-1.28 0-2.24-0.928t-0.96-2.272zM20.8 27.2q0-1.28 0.96-2.24t2.24-0.96q1.344 0 2.272 0.96t0.928 2.24q0 1.344-0.928 2.272t-2.272 0.928q-1.28 0-2.24-0.928t-0.96-2.272zM10.496 19.648q-1.152 0.32-1.088 0.736t1.408 0.416h17.984v2.432q0 0.64-0.64 0.64h-20.928q-0.64 0-0.64-0.64v-2.432l-0.32-1.472-3.136-14.528h-3.136v-2.56q0-0.64 0.64-0.64h4.992q0.64 0 0.64 0.64v2.752h22.528v8.768q0 0.704-0.576 0.832z\"><\/path>\n<\/svg><\/span>  Lire la suite<\/a>\t<span id=\"woocommerce_loop_add_to_cart_link_describedby_4853\" class=\"screen-reader-text\">\n\t\t\t<\/span>\n<a class=\"button show_details_button\" href=\"https:\/\/www.raffinessen.ch\/fr\/produit\/antik-muehle-birnbaum\/\"><span class=\"avia-svg-icon avia-font-svg_entypo-fontello\" data-av_svg_icon='doc-text' data-av_iconset='svg_entypo-fontello'><svg version=\"1.1\" xmlns=\"http:\/\/www.w3.org\/2000\/svg\" width=\"22\" height=\"32\" viewbox=\"0 0 22 32\" preserveaspectratio=\"xMidYMid meet\" aria-labelledby='av-svg-title-221' aria-describedby='av-svg-desc-221' role=\"graphics-symbol\" aria-hidden=\"true\">\n<title id='av-svg-title-221'>Voir les d\u00e9tails<\/title>\n<desc id='av-svg-desc-221'>Voir les d\u00e9tails<\/desc>\n<path d=\"M6.784 17.344v-2.88h8.96v2.88h-8.96zM19.2 1.6q1.344 0 2.272 0.928t0.928 2.272v22.4q0 1.28-0.928 2.24t-2.272 0.96h-16q-1.28 0-2.24-0.96t-0.96-2.24v-22.4q0-1.344 0.96-2.272t2.24-0.928h16zM19.2 27.2v-22.4h-16v22.4h16zM15.68 8.256v2.816h-8.96v-2.816h8.96zM15.68 20.8v2.816h-8.96v-2.816h8.96z\"><\/path>\n<\/svg><\/span>  Voir les d\u00e9tails<\/a> <span class=\"button-mini-delimiter\"><\/span><\/div><\/div><\/li>\n<li class=\"product type-product post-2222 status-publish first instock product_cat-ab-chf-30 product_cat-geschenksets has-post-thumbnail taxable shipping-taxable purchasable product-type-simple\">\n\t<div class='inner_product main_color wrapped_style noLightbox  av-product-class-'><a href=\"https:\/\/www.raffinessen.ch\/fr\/produit\/das-kleine-rote-mit-muehle\/\" class=\"woocommerce-LoopProduct-link woocommerce-loop-product__link\"><div class=\"thumbnail_container\"><img loading=\"lazy\" decoding=\"async\" width=\"500\" height=\"500\" src=\"https:\/\/www.raffinessen.ch\/webseite\/wp-content\/uploads\/2018\/12\/roter-kampot-pfeffer-500x500.jpg\" class=\"attachment-woocommerce_thumbnail avia-product-hover\" alt=\"\" srcset=\"https:\/\/www.raffinessen.ch\/webseite\/wp-content\/uploads\/2018\/12\/roter-kampot-pfeffer-500x500.jpg 500w, https:\/\/www.raffinessen.ch\/webseite\/wp-content\/uploads\/2018\/12\/roter-kampot-pfeffer-80x80.jpg 80w, https:\/\/www.raffinessen.ch\/webseite\/wp-content\/uploads\/2018\/12\/roter-kampot-pfeffer-300x300.jpg 300w, https:\/\/www.raffinessen.ch\/webseite\/wp-content\/uploads\/2018\/12\/roter-kampot-pfeffer-768x768.jpg 768w, https:\/\/www.raffinessen.ch\/webseite\/wp-content\/uploads\/2018\/12\/roter-kampot-pfeffer-1030x1030.jpg 1030w, https:\/\/www.raffinessen.ch\/webseite\/wp-content\/uploads\/2018\/12\/roter-kampot-pfeffer-36x36.jpg 36w, https:\/\/www.raffinessen.ch\/webseite\/wp-content\/uploads\/2018\/12\/roter-kampot-pfeffer-180x180.jpg 180w, https:\/\/www.raffinessen.ch\/webseite\/wp-content\/uploads\/2018\/12\/roter-kampot-pfeffer-1500x1500.jpg 1500w, https:\/\/www.raffinessen.ch\/webseite\/wp-content\/uploads\/2018\/12\/roter-kampot-pfeffer-705x705.jpg 705w, https:\/\/www.raffinessen.ch\/webseite\/wp-content\/uploads\/2018\/12\/roter-kampot-pfeffer-100x100.jpg 100w, https:\/\/www.raffinessen.ch\/webseite\/wp-content\/uploads\/2018\/12\/roter-kampot-pfeffer-1000x1000.jpg 1000w, https:\/\/www.raffinessen.ch\/webseite\/wp-content\/uploads\/2018\/12\/roter-kampot-pfeffer.jpg 2000w\" sizes=\"auto, (max-width: 500px) 100vw, 500px\" \/><img decoding=\"async\" loading=\"lazy\" width=\"500\" height=\"500\" src=\"https:\/\/www.raffinessen.ch\/webseite\/wp-content\/uploads\/2017\/01\/set-klein-mit-muehle-500x500.jpg\" class=\"wp-image-2216 avia-img-lazy-loading-2216 attachment-woocommerce_thumbnail size-woocommerce_thumbnail wp-post-image\" alt=\"\" srcset=\"https:\/\/www.raffinessen.ch\/webseite\/wp-content\/uploads\/2017\/01\/set-klein-mit-muehle-500x500.jpg 500w, https:\/\/www.raffinessen.ch\/webseite\/wp-content\/uploads\/2017\/01\/set-klein-mit-muehle-1000x1000.jpg 1000w, https:\/\/www.raffinessen.ch\/webseite\/wp-content\/uploads\/2017\/01\/set-klein-mit-muehle-100x100.jpg 100w, https:\/\/www.raffinessen.ch\/webseite\/wp-content\/uploads\/2017\/01\/set-klein-mit-muehle-80x80.jpg 80w, https:\/\/www.raffinessen.ch\/webseite\/wp-content\/uploads\/2017\/01\/set-klein-mit-muehle-300x300.jpg 300w, https:\/\/www.raffinessen.ch\/webseite\/wp-content\/uploads\/2017\/01\/set-klein-mit-muehle-768x768.jpg 768w, https:\/\/www.raffinessen.ch\/webseite\/wp-content\/uploads\/2017\/01\/set-klein-mit-muehle-1030x1030.jpg 1030w, https:\/\/www.raffinessen.ch\/webseite\/wp-content\/uploads\/2017\/01\/set-klein-mit-muehle-36x36.jpg 36w, https:\/\/www.raffinessen.ch\/webseite\/wp-content\/uploads\/2017\/01\/set-klein-mit-muehle-180x180.jpg 180w, https:\/\/www.raffinessen.ch\/webseite\/wp-content\/uploads\/2017\/01\/set-klein-mit-muehle-705x705.jpg 705w, https:\/\/www.raffinessen.ch\/webseite\/wp-content\/uploads\/2017\/01\/set-klein-mit-muehle.jpg 1200w\" sizes=\"auto, (max-width: 500px) 100vw, 500px\" \/><span class=\"cart-loading\"><\/span><\/div><div class='inner_product_header'><div class='avia-arrow'><\/div><div class='inner_product_header_table'><div class='inner_product_header_cell'><h2 class=\"woocommerce-loop-product__title\">SET - Le petit rouge avec moulin<\/h2>\n\t<span class=\"price\"><span class=\"woocommerce-Price-amount amount\"><bdi><span class=\"woocommerce-Price-currencySymbol\">&#67;&#72;&#70;<\/span>&nbsp;35.00<\/bdi><\/span> <small class=\"woocommerce-price-suffix\">TVA incluse<\/small><\/span>\n<\/div><\/div><\/div><\/a><div class='avia_cart_buttons'><a href=\"\/fr\/wp-json\/wp\/v2\/pages\/9012?add-to-cart=2222\" aria-describedby=\"woocommerce_loop_add_to_cart_link_describedby_2222\" data-quantity=\"1\" class=\"button product_type_simple add_to_cart_button ajax_add_to_cart\" data-product_id=\"2222\" data-product_sku=\"GSO-014\" aria-label=\"Ajouter au panier\u00a0: \u201cSET - Das kleine Rote mit M\u00fchle\u201d\" rel=\"nofollow\" data-success_message=\"\u00ab\u00a0SET - Das kleine Rote mit M\u00fchle\u00a0\u00bb a \u00e9t\u00e9 ajout\u00e9 \u00e0 votre panier\" role=\"button\" data-no-translation-aria-label=\"\" data-no-translation-data-success_message=\"\"><span class=\"avia-svg-icon avia-font-svg_entypo-fontello\" data-av_svg_icon='basket' data-av_iconset='svg_entypo-fontello'><svg version=\"1.1\" xmlns=\"http:\/\/www.w3.org\/2000\/svg\" width=\"29\" height=\"32\" viewbox=\"0 0 29 32\" preserveaspectratio=\"xMidYMid meet\" aria-labelledby='av-svg-title-222' aria-describedby='av-svg-desc-222' role=\"graphics-symbol\" aria-hidden=\"true\">\n<title id='av-svg-title-222'>Ajouter au panier<\/title>\n<desc id='av-svg-desc-222'>Ajouter au panier<\/desc>\n<path d=\"M4.8 27.2q0-1.28 0.96-2.24t2.24-0.96q1.344 0 2.272 0.96t0.928 2.24q0 1.344-0.928 2.272t-2.272 0.928q-1.28 0-2.24-0.928t-0.96-2.272zM20.8 27.2q0-1.28 0.96-2.24t2.24-0.96q1.344 0 2.272 0.96t0.928 2.24q0 1.344-0.928 2.272t-2.272 0.928q-1.28 0-2.24-0.928t-0.96-2.272zM10.496 19.648q-1.152 0.32-1.088 0.736t1.408 0.416h17.984v2.432q0 0.64-0.64 0.64h-20.928q-0.64 0-0.64-0.64v-2.432l-0.32-1.472-3.136-14.528h-3.136v-2.56q0-0.64 0.64-0.64h4.992q0.64 0 0.64 0.64v2.752h22.528v8.768q0 0.704-0.576 0.832z\"><\/path>\n<\/svg><\/span>  Ajouter au panier<\/a>\t<span id=\"woocommerce_loop_add_to_cart_link_describedby_2222\" class=\"screen-reader-text\">\n\t\t\t<\/span>\n<a class=\"button show_details_button\" href=\"https:\/\/www.raffinessen.ch\/fr\/produit\/das-kleine-rote-mit-muehle\/\"><span class=\"avia-svg-icon avia-font-svg_entypo-fontello\" data-av_svg_icon='doc-text' data-av_iconset='svg_entypo-fontello'><svg version=\"1.1\" xmlns=\"http:\/\/www.w3.org\/2000\/svg\" width=\"22\" height=\"32\" viewbox=\"0 0 22 32\" preserveaspectratio=\"xMidYMid meet\" aria-labelledby='av-svg-title-223' aria-describedby='av-svg-desc-223' role=\"graphics-symbol\" aria-hidden=\"true\">\n<title id='av-svg-title-223'>Voir les d\u00e9tails<\/title>\n<desc id='av-svg-desc-223'>Voir les d\u00e9tails<\/desc>\n<path d=\"M6.784 17.344v-2.88h8.96v2.88h-8.96zM19.2 1.6q1.344 0 2.272 0.928t0.928 2.272v22.4q0 1.28-0.928 2.24t-2.272 0.96h-16q-1.28 0-2.24-0.96t-0.96-2.24v-22.4q0-1.344 0.96-2.272t2.24-0.928h16zM19.2 27.2v-22.4h-16v22.4h16zM15.68 8.256v2.816h-8.96v-2.816h8.96zM15.68 20.8v2.816h-8.96v-2.816h8.96z\"><\/path>\n<\/svg><\/span>  Voir les d\u00e9tails<\/a> <span class=\"button-mini-delimiter\"><\/span><\/div><\/div><\/li>\n<\/ul><\/div><\/div><div class=\"clear\"><\/div><\/p>\n<\/div><\/div><\/div>\n<style type=\"text\/css\" data-created_by=\"avia_inline_auto\" id=\"style-css-av-k337fuzc-69af5f63bde123ee8807f124fcfcdf2d\">\n.av-layout-tab.av-k337fuzc-69af5f63bde123ee8807f124fcfcdf2d{\nvertical-align:top;\n}\n<\/style>\n<div id='av-tab-section-1-2' class='av-layout-tab av-k337fuzc-69af5f63bde123ee8807f124fcfcdf2d av-animation-delay-container' data-av-deeplink-tabs=\"\" data-av-tab-section-content=\"2\" data-tab-section-id=\"einzel-gewuerze\"><div class=\"av-layout-tab-inner\"><div class=\"container\"><p><div  class='avia-buttonrow-wrap av-88pck4-54f2e39705ba7ed46851187771ef34dc avia-buttonrow-center'>\n\n<style type=\"text\/css\" data-created_by=\"avia_inline_auto\" id=\"style-css-av-673yh0-9fcb8cbf9a32849676ea3541ab9e340c\">\n#top #wrap_all .avia-button.av-673yh0-9fcb8cbf9a32849676ea3541ab9e340c{\nbackground-color:#ffffff;\nborder-color:#020202;\ncolor:#000000;\nborder-style:solid;\nborder-width:0 2px 0 0;\ntransition:all 0.4s ease-in-out;\n}\n#top #wrap_all .avia-button.av-673yh0-9fcb8cbf9a32849676ea3541ab9e340c .avia-svg-icon svg:first-child{\nfill:#000000;\nstroke:#000000;\n}\n<\/style>\n<a href='https:\/\/www.raffinessen.ch\/fr\/webshop\/#probier-set'  class='avia-button av-673yh0-9fcb8cbf9a32849676ea3541ab9e340c avia-icon_select-no avia-size-small'   aria-label=\"Coffret de d\u00e9gustation\"><span class='avia_iconbox_title' >Coffret de d\u00e9gustation<\/span><\/a>\n\n<style type=\"text\/css\" data-created_by=\"avia_inline_auto\" id=\"style-css-av-hmu6c-9639872b249fc62bc085424f88851eff\">\n#top #wrap_all .avia-button.av-hmu6c-9639872b249fc62bc085424f88851eff{\nbackground-color:#ffffff;\nborder-color:#020202;\ncolor:#000000;\nborder-style:solid;\nborder-width:0 2px 0 0;\ntransition:all 0.4s ease-in-out;\n}\n#top #wrap_all .avia-button.av-hmu6c-9639872b249fc62bc085424f88851eff .avia-svg-icon svg:first-child{\nfill:#000000;\nstroke:#000000;\n}\n<\/style>\n<a href='https:\/\/www.raffinessen.ch\/fr\/webshop\/#pfeffer-abo'  class='avia-button av-hmu6c-9639872b249fc62bc085424f88851eff avia-icon_select-no avia-size-small'   aria-label=\"Abonnement au poivre\"><span class='avia_iconbox_title' >Abonnement au poivre<\/span><\/a>\n\n<style type=\"text\/css\" data-created_by=\"avia_inline_auto\" id=\"style-css-av-2y24xw-3eb8106e4abe44907692e22a816a06ce\">\n#top #wrap_all .avia-button.av-2y24xw-3eb8106e4abe44907692e22a816a06ce{\nbackground-color:#ffffff;\nborder-color:#ffffff;\ncolor:#000000;\ntransition:all 0.4s ease-in-out;\n}\n#top #wrap_all .avia-button.av-2y24xw-3eb8106e4abe44907692e22a816a06ce .avia-svg-icon svg:first-child{\nfill:#000000;\nstroke:#000000;\n}\n<\/style>\n<a href='https:\/\/www.raffinessen.ch\/fr\/webshop\/#gewuerze-einzeln'  class='avia-button av-2y24xw-3eb8106e4abe44907692e22a816a06ce avia-icon_select-no avia-size-small'   aria-label=\"\u00c9pices individuelles\"><span class='avia_iconbox_title' >\u00c9pices individuelles<\/span><\/a>\n<\/div><br \/>\n\n<style type=\"text\/css\" data-created_by=\"avia_inline_auto\" id=\"style-css-av-1tm5tg-ed7265730f2912a6c066fc2f82493d64\">\n#top .av-special-heading.av-1tm5tg-ed7265730f2912a6c066fc2f82493d64{\npadding-bottom:10px;\n}\nbody .av-special-heading.av-1tm5tg-ed7265730f2912a6c066fc2f82493d64 .av-special-heading-tag .heading-char{\nfont-size:25px;\n}\n.av-special-heading.av-1tm5tg-ed7265730f2912a6c066fc2f82493d64 .av-subheading{\nfont-size:15px;\n}\n<\/style>\n<div  id=\"probier-set\"  class='av-special-heading av-1tm5tg-ed7265730f2912a6c066fc2f82493d64 av-special-heading-h3 blockquote modern-quote modern-centered'><h3 class='av-special-heading-tag'  itemprop=\"headline\"  >Coffret de d\u00e9gustation<\/h3><div class=\"special-heading-border\"><div class=\"special-heading-inner-border\"><\/div><\/div><\/div><br \/>\n<div  class='avia-product-slider-container av-29l4lj-6-eca118144b5a7780e6c79c4ddf5b7e35 template-shop avia-content-slider avia-content-grid-active shop_columns_4 avia-content-slider-even av-slideshow-ui av-slider-hover-pause av-slideshow-manual av-loop-once av-loop-manual-endless avia-product-slider3' data-slideshow-options=\"{&quot;animation&quot;:&quot;fade&quot;,&quot;autoplay&quot;:false,&quot;loop_autoplay&quot;:&quot;once&quot;,&quot;interval&quot;:5,&quot;loop_manual&quot;:&quot;manual-endless&quot;,&quot;autoplay_stopper&quot;:false,&quot;noNavigation&quot;:false,&quot;bg_slider&quot;:false,&quot;keep_padding&quot;:false,&quot;hoverpause&quot;:true,&quot;show_slide_delay&quot;:0}\"><div class='avia-content-slider-inner'><ul class=\"products\"><li class=\"product type-product post-1309 status-publish first instock product_cat-probier-set has-post-thumbnail taxable shipping-taxable purchasable product-type-simple\">\n\t<div class='inner_product main_color wrapped_style noLightbox  av-product-class-'><a href=\"https:\/\/www.raffinessen.ch\/fr\/produit\/probier-set-kampot-pfeffer\/\" class=\"woocommerce-LoopProduct-link woocommerce-loop-product__link\"><div class=\"thumbnail_container\"><img loading=\"lazy\" decoding=\"async\" width=\"500\" height=\"500\" src=\"https:\/\/www.raffinessen.ch\/webseite\/wp-content\/uploads\/2019\/12\/schwarzer-und-roter-kampot-pfeffer-500x500.jpg\" class=\"attachment-woocommerce_thumbnail avia-product-hover\" alt=\"\" srcset=\"https:\/\/www.raffinessen.ch\/webseite\/wp-content\/uploads\/2019\/12\/schwarzer-und-roter-kampot-pfeffer-500x500.jpg 500w, https:\/\/www.raffinessen.ch\/webseite\/wp-content\/uploads\/2019\/12\/schwarzer-und-roter-kampot-pfeffer-300x300.jpg 300w, https:\/\/www.raffinessen.ch\/webseite\/wp-content\/uploads\/2019\/12\/schwarzer-und-roter-kampot-pfeffer-1030x1030.jpg 1030w, https:\/\/www.raffinessen.ch\/webseite\/wp-content\/uploads\/2019\/12\/schwarzer-und-roter-kampot-pfeffer-80x80.jpg 80w, https:\/\/www.raffinessen.ch\/webseite\/wp-content\/uploads\/2019\/12\/schwarzer-und-roter-kampot-pfeffer-768x768.jpg 768w, https:\/\/www.raffinessen.ch\/webseite\/wp-content\/uploads\/2019\/12\/schwarzer-und-roter-kampot-pfeffer-1536x1536.jpg 1536w, https:\/\/www.raffinessen.ch\/webseite\/wp-content\/uploads\/2019\/12\/schwarzer-und-roter-kampot-pfeffer-36x36.jpg 36w, https:\/\/www.raffinessen.ch\/webseite\/wp-content\/uploads\/2019\/12\/schwarzer-und-roter-kampot-pfeffer-180x180.jpg 180w, https:\/\/www.raffinessen.ch\/webseite\/wp-content\/uploads\/2019\/12\/schwarzer-und-roter-kampot-pfeffer-1500x1500.jpg 1500w, https:\/\/www.raffinessen.ch\/webseite\/wp-content\/uploads\/2019\/12\/schwarzer-und-roter-kampot-pfeffer-705x705.jpg 705w, https:\/\/www.raffinessen.ch\/webseite\/wp-content\/uploads\/2019\/12\/schwarzer-und-roter-kampot-pfeffer-100x100.jpg 100w, https:\/\/www.raffinessen.ch\/webseite\/wp-content\/uploads\/2019\/12\/schwarzer-und-roter-kampot-pfeffer-1000x1000.jpg 1000w, https:\/\/www.raffinessen.ch\/webseite\/wp-content\/uploads\/2019\/12\/schwarzer-und-roter-kampot-pfeffer.jpg 1968w\" sizes=\"auto, (max-width: 500px) 100vw, 500px\" \/><img decoding=\"async\" loading=\"lazy\" width=\"500\" height=\"500\" src=\"https:\/\/www.raffinessen.ch\/webseite\/wp-content\/uploads\/2018\/12\/roter-schwarzer-kampot-pfeffer-500x500.jpg\" class=\"wp-image-3809 avia-img-lazy-loading-3809 attachment-woocommerce_thumbnail size-woocommerce_thumbnail wp-post-image\" alt=\"\" srcset=\"https:\/\/www.raffinessen.ch\/webseite\/wp-content\/uploads\/2018\/12\/roter-schwarzer-kampot-pfeffer-500x500.jpg 500w, https:\/\/www.raffinessen.ch\/webseite\/wp-content\/uploads\/2018\/12\/roter-schwarzer-kampot-pfeffer-80x80.jpg 80w, https:\/\/www.raffinessen.ch\/webseite\/wp-content\/uploads\/2018\/12\/roter-schwarzer-kampot-pfeffer-300x300.jpg 300w, https:\/\/www.raffinessen.ch\/webseite\/wp-content\/uploads\/2018\/12\/roter-schwarzer-kampot-pfeffer-768x768.jpg 768w, https:\/\/www.raffinessen.ch\/webseite\/wp-content\/uploads\/2018\/12\/roter-schwarzer-kampot-pfeffer-1030x1030.jpg 1030w, https:\/\/www.raffinessen.ch\/webseite\/wp-content\/uploads\/2018\/12\/roter-schwarzer-kampot-pfeffer-36x36.jpg 36w, https:\/\/www.raffinessen.ch\/webseite\/wp-content\/uploads\/2018\/12\/roter-schwarzer-kampot-pfeffer-180x180.jpg 180w, https:\/\/www.raffinessen.ch\/webseite\/wp-content\/uploads\/2018\/12\/roter-schwarzer-kampot-pfeffer-1500x1500.jpg 1500w, https:\/\/www.raffinessen.ch\/webseite\/wp-content\/uploads\/2018\/12\/roter-schwarzer-kampot-pfeffer-705x705.jpg 705w, https:\/\/www.raffinessen.ch\/webseite\/wp-content\/uploads\/2018\/12\/roter-schwarzer-kampot-pfeffer-100x100.jpg 100w, https:\/\/www.raffinessen.ch\/webseite\/wp-content\/uploads\/2018\/12\/roter-schwarzer-kampot-pfeffer-1000x1000.jpg 1000w, https:\/\/www.raffinessen.ch\/webseite\/wp-content\/uploads\/2018\/12\/roter-schwarzer-kampot-pfeffer.jpg 2000w\" sizes=\"auto, (max-width: 500px) 100vw, 500px\" \/><span class=\"cart-loading\"><\/span><\/div><div class='inner_product_header'><div class='avia-arrow'><\/div><div class='inner_product_header_table'><div class='inner_product_header_cell'><h2 class=\"woocommerce-loop-product__title\">Set de d\u00e9gustation - poivre de Kampot rouge et noir<\/h2>\n\t<span class=\"price\"><span class=\"woocommerce-Price-amount amount\"><bdi><span class=\"woocommerce-Price-currencySymbol\">&#67;&#72;&#70;<\/span>&nbsp;10.00<\/bdi><\/span> <small class=\"woocommerce-price-suffix\">TVA incluse<\/small><\/span>\n<\/div><\/div><\/div><\/a><div class='avia_cart_buttons'><a href=\"\/fr\/wp-json\/wp\/v2\/pages\/9012?add-to-cart=1309\" aria-describedby=\"woocommerce_loop_add_to_cart_link_describedby_1309\" data-quantity=\"1\" class=\"button product_type_simple add_to_cart_button ajax_add_to_cart\" data-product_id=\"1309\" data-product_sku=\"GSO-006\" aria-label=\"Ajouter au panier\u00a0: \u201cProbierset - roter und schwarzer Kampot Pfeffer\u201d\" rel=\"nofollow\" data-success_message=\"\u00ab\u00a0Probierset - roter und schwarzer Kampot Pfeffer\u00a0\u00bb a \u00e9t\u00e9 ajout\u00e9 \u00e0 votre panier\" role=\"button\" data-no-translation-aria-label=\"\" data-no-translation-data-success_message=\"\"><span class=\"avia-svg-icon avia-font-svg_entypo-fontello\" data-av_svg_icon='basket' data-av_iconset='svg_entypo-fontello'><svg version=\"1.1\" xmlns=\"http:\/\/www.w3.org\/2000\/svg\" width=\"29\" height=\"32\" viewbox=\"0 0 29 32\" preserveaspectratio=\"xMidYMid meet\" aria-labelledby='av-svg-title-224' aria-describedby='av-svg-desc-224' role=\"graphics-symbol\" aria-hidden=\"true\">\n<title id='av-svg-title-224'>Ajouter au panier<\/title>\n<desc id='av-svg-desc-224'>Ajouter au panier<\/desc>\n<path d=\"M4.8 27.2q0-1.28 0.96-2.24t2.24-0.96q1.344 0 2.272 0.96t0.928 2.24q0 1.344-0.928 2.272t-2.272 0.928q-1.28 0-2.24-0.928t-0.96-2.272zM20.8 27.2q0-1.28 0.96-2.24t2.24-0.96q1.344 0 2.272 0.96t0.928 2.24q0 1.344-0.928 2.272t-2.272 0.928q-1.28 0-2.24-0.928t-0.96-2.272zM10.496 19.648q-1.152 0.32-1.088 0.736t1.408 0.416h17.984v2.432q0 0.64-0.64 0.64h-20.928q-0.64 0-0.64-0.64v-2.432l-0.32-1.472-3.136-14.528h-3.136v-2.56q0-0.64 0.64-0.64h4.992q0.64 0 0.64 0.64v2.752h22.528v8.768q0 0.704-0.576 0.832z\"><\/path>\n<\/svg><\/span>  Ajouter au panier<\/a>\t<span id=\"woocommerce_loop_add_to_cart_link_describedby_1309\" class=\"screen-reader-text\">\n\t\t\t<\/span>\n<a class=\"button show_details_button\" href=\"https:\/\/www.raffinessen.ch\/fr\/produit\/probier-set-kampot-pfeffer\/\"><span class=\"avia-svg-icon avia-font-svg_entypo-fontello\" data-av_svg_icon='doc-text' data-av_iconset='svg_entypo-fontello'><svg version=\"1.1\" xmlns=\"http:\/\/www.w3.org\/2000\/svg\" width=\"22\" height=\"32\" viewbox=\"0 0 22 32\" preserveaspectratio=\"xMidYMid meet\" aria-labelledby='av-svg-title-225' aria-describedby='av-svg-desc-225' role=\"graphics-symbol\" aria-hidden=\"true\">\n<title id='av-svg-title-225'>Voir les d\u00e9tails<\/title>\n<desc id='av-svg-desc-225'>Voir les d\u00e9tails<\/desc>\n<path d=\"M6.784 17.344v-2.88h8.96v2.88h-8.96zM19.2 1.6q1.344 0 2.272 0.928t0.928 2.272v22.4q0 1.28-0.928 2.24t-2.272 0.96h-16q-1.28 0-2.24-0.96t-0.96-2.24v-22.4q0-1.344 0.96-2.272t2.24-0.928h16zM19.2 27.2v-22.4h-16v22.4h16zM15.68 8.256v2.816h-8.96v-2.816h8.96zM15.68 20.8v2.816h-8.96v-2.816h8.96z\"><\/path>\n<\/svg><\/span>  Voir les d\u00e9tails<\/a> <span class=\"button-mini-delimiter\"><\/span><\/div><\/div><\/li>\n<li class=\"product type-product post-5296 status-publish instock product_cat-probier-set has-post-thumbnail taxable shipping-taxable purchasable product-type-simple\">\n\t<div class='inner_product main_color wrapped_style noLightbox  av-product-class-'><a href=\"https:\/\/www.raffinessen.ch\/fr\/produit\/weisser-und-langer-kampot-pfeffer\/\" class=\"woocommerce-LoopProduct-link woocommerce-loop-product__link\"><div class=\"thumbnail_container\"><img loading=\"lazy\" decoding=\"async\" width=\"500\" height=\"500\" src=\"https:\/\/www.raffinessen.ch\/webseite\/wp-content\/uploads\/2020\/03\/kampot-pfeffer-weiss-lang-beutel-raffinessen-500x500.jpg\" class=\"attachment-woocommerce_thumbnail avia-product-hover\" alt=\"\" srcset=\"https:\/\/www.raffinessen.ch\/webseite\/wp-content\/uploads\/2020\/03\/kampot-pfeffer-weiss-lang-beutel-raffinessen-500x500.jpg 500w, https:\/\/www.raffinessen.ch\/webseite\/wp-content\/uploads\/2020\/03\/kampot-pfeffer-weiss-lang-beutel-raffinessen-300x300.jpg 300w, https:\/\/www.raffinessen.ch\/webseite\/wp-content\/uploads\/2020\/03\/kampot-pfeffer-weiss-lang-beutel-raffinessen-1030x1030.jpg 1030w, https:\/\/www.raffinessen.ch\/webseite\/wp-content\/uploads\/2020\/03\/kampot-pfeffer-weiss-lang-beutel-raffinessen-80x80.jpg 80w, https:\/\/www.raffinessen.ch\/webseite\/wp-content\/uploads\/2020\/03\/kampot-pfeffer-weiss-lang-beutel-raffinessen-768x768.jpg 768w, https:\/\/www.raffinessen.ch\/webseite\/wp-content\/uploads\/2020\/03\/kampot-pfeffer-weiss-lang-beutel-raffinessen-1536x1536.jpg 1536w, https:\/\/www.raffinessen.ch\/webseite\/wp-content\/uploads\/2020\/03\/kampot-pfeffer-weiss-lang-beutel-raffinessen-2048x2048.jpg 2048w, https:\/\/www.raffinessen.ch\/webseite\/wp-content\/uploads\/2020\/03\/kampot-pfeffer-weiss-lang-beutel-raffinessen-36x36.jpg 36w, https:\/\/www.raffinessen.ch\/webseite\/wp-content\/uploads\/2020\/03\/kampot-pfeffer-weiss-lang-beutel-raffinessen-180x180.jpg 180w, https:\/\/www.raffinessen.ch\/webseite\/wp-content\/uploads\/2020\/03\/kampot-pfeffer-weiss-lang-beutel-raffinessen-1500x1500.jpg 1500w, https:\/\/www.raffinessen.ch\/webseite\/wp-content\/uploads\/2020\/03\/kampot-pfeffer-weiss-lang-beutel-raffinessen-705x705.jpg 705w, https:\/\/www.raffinessen.ch\/webseite\/wp-content\/uploads\/2020\/03\/kampot-pfeffer-weiss-lang-beutel-raffinessen-100x100.jpg 100w, https:\/\/www.raffinessen.ch\/webseite\/wp-content\/uploads\/2020\/03\/kampot-pfeffer-weiss-lang-beutel-raffinessen-1000x1000.jpg 1000w\" sizes=\"auto, (max-width: 500px) 100vw, 500px\" \/><img decoding=\"async\" loading=\"lazy\" width=\"500\" height=\"500\" src=\"https:\/\/www.raffinessen.ch\/webseite\/wp-content\/uploads\/2020\/03\/kampot-pfeffer-weiss-lang-raffinessen-500x500.jpg\" class=\"wp-image-5298 avia-img-lazy-loading-5298 attachment-woocommerce_thumbnail size-woocommerce_thumbnail wp-post-image\" alt=\"\" srcset=\"https:\/\/www.raffinessen.ch\/webseite\/wp-content\/uploads\/2020\/03\/kampot-pfeffer-weiss-lang-raffinessen-500x500.jpg 500w, https:\/\/www.raffinessen.ch\/webseite\/wp-content\/uploads\/2020\/03\/kampot-pfeffer-weiss-lang-raffinessen-300x300.jpg 300w, https:\/\/www.raffinessen.ch\/webseite\/wp-content\/uploads\/2020\/03\/kampot-pfeffer-weiss-lang-raffinessen-1030x1030.jpg 1030w, https:\/\/www.raffinessen.ch\/webseite\/wp-content\/uploads\/2020\/03\/kampot-pfeffer-weiss-lang-raffinessen-80x80.jpg 80w, https:\/\/www.raffinessen.ch\/webseite\/wp-content\/uploads\/2020\/03\/kampot-pfeffer-weiss-lang-raffinessen-768x768.jpg 768w, https:\/\/www.raffinessen.ch\/webseite\/wp-content\/uploads\/2020\/03\/kampot-pfeffer-weiss-lang-raffinessen-1536x1536.jpg 1536w, https:\/\/www.raffinessen.ch\/webseite\/wp-content\/uploads\/2020\/03\/kampot-pfeffer-weiss-lang-raffinessen-2048x2048.jpg 2048w, https:\/\/www.raffinessen.ch\/webseite\/wp-content\/uploads\/2020\/03\/kampot-pfeffer-weiss-lang-raffinessen-36x36.jpg 36w, https:\/\/www.raffinessen.ch\/webseite\/wp-content\/uploads\/2020\/03\/kampot-pfeffer-weiss-lang-raffinessen-180x180.jpg 180w, https:\/\/www.raffinessen.ch\/webseite\/wp-content\/uploads\/2020\/03\/kampot-pfeffer-weiss-lang-raffinessen-1500x1500.jpg 1500w, https:\/\/www.raffinessen.ch\/webseite\/wp-content\/uploads\/2020\/03\/kampot-pfeffer-weiss-lang-raffinessen-705x705.jpg 705w, https:\/\/www.raffinessen.ch\/webseite\/wp-content\/uploads\/2020\/03\/kampot-pfeffer-weiss-lang-raffinessen-100x100.jpg 100w, https:\/\/www.raffinessen.ch\/webseite\/wp-content\/uploads\/2020\/03\/kampot-pfeffer-weiss-lang-raffinessen-1000x1000.jpg 1000w\" sizes=\"auto, (max-width: 500px) 100vw, 500px\" \/><span class=\"cart-loading\"><\/span><\/div><div class='inner_product_header'><div class='avia-arrow'><\/div><div class='inner_product_header_table'><div class='inner_product_header_cell'><h2 class=\"woocommerce-loop-product__title\">Set de d\u00e9gustation - poivre de Kampot blanc et long<\/h2>\n\t<span class=\"price\"><span class=\"woocommerce-Price-amount amount\"><bdi><span class=\"woocommerce-Price-currencySymbol\">&#67;&#72;&#70;<\/span>&nbsp;10.00<\/bdi><\/span> <small class=\"woocommerce-price-suffix\">TVA incluse<\/small><\/span>\n<\/div><\/div><\/div><\/a><div class='avia_cart_buttons'><a href=\"\/fr\/wp-json\/wp\/v2\/pages\/9012?add-to-cart=5296\" aria-describedby=\"woocommerce_loop_add_to_cart_link_describedby_5296\" data-quantity=\"1\" class=\"button product_type_simple add_to_cart_button ajax_add_to_cart\" data-product_id=\"5296\" data-product_sku=\"GSO-008\" aria-label=\"Ajouter au panier\u00a0: \u201cProbierset - weisser und langer Kampot Pfeffer\u201d\" rel=\"nofollow\" data-success_message=\"\u00ab\u00a0Probierset - weisser und langer Kampot Pfeffer\u00a0\u00bb a \u00e9t\u00e9 ajout\u00e9 \u00e0 votre panier\" role=\"button\" data-no-translation-aria-label=\"\" data-no-translation-data-success_message=\"\"><span class=\"avia-svg-icon avia-font-svg_entypo-fontello\" data-av_svg_icon='basket' data-av_iconset='svg_entypo-fontello'><svg version=\"1.1\" xmlns=\"http:\/\/www.w3.org\/2000\/svg\" width=\"29\" height=\"32\" viewbox=\"0 0 29 32\" preserveaspectratio=\"xMidYMid meet\" aria-labelledby='av-svg-title-226' aria-describedby='av-svg-desc-226' role=\"graphics-symbol\" aria-hidden=\"true\">\n<title id='av-svg-title-226'>Ajouter au panier<\/title>\n<desc id='av-svg-desc-226'>Ajouter au panier<\/desc>\n<path d=\"M4.8 27.2q0-1.28 0.96-2.24t2.24-0.96q1.344 0 2.272 0.96t0.928 2.24q0 1.344-0.928 2.272t-2.272 0.928q-1.28 0-2.24-0.928t-0.96-2.272zM20.8 27.2q0-1.28 0.96-2.24t2.24-0.96q1.344 0 2.272 0.96t0.928 2.24q0 1.344-0.928 2.272t-2.272 0.928q-1.28 0-2.24-0.928t-0.96-2.272zM10.496 19.648q-1.152 0.32-1.088 0.736t1.408 0.416h17.984v2.432q0 0.64-0.64 0.64h-20.928q-0.64 0-0.64-0.64v-2.432l-0.32-1.472-3.136-14.528h-3.136v-2.56q0-0.64 0.64-0.64h4.992q0.64 0 0.64 0.64v2.752h22.528v8.768q0 0.704-0.576 0.832z\"><\/path>\n<\/svg><\/span>  Ajouter au panier<\/a>\t<span id=\"woocommerce_loop_add_to_cart_link_describedby_5296\" class=\"screen-reader-text\">\n\t\t\t<\/span>\n<a class=\"button show_details_button\" href=\"https:\/\/www.raffinessen.ch\/fr\/produit\/weisser-und-langer-kampot-pfeffer\/\"><span class=\"avia-svg-icon avia-font-svg_entypo-fontello\" data-av_svg_icon='doc-text' data-av_iconset='svg_entypo-fontello'><svg version=\"1.1\" xmlns=\"http:\/\/www.w3.org\/2000\/svg\" width=\"22\" height=\"32\" viewbox=\"0 0 22 32\" preserveaspectratio=\"xMidYMid meet\" aria-labelledby='av-svg-title-227' aria-describedby='av-svg-desc-227' role=\"graphics-symbol\" aria-hidden=\"true\">\n<title id='av-svg-title-227'>Voir les d\u00e9tails<\/title>\n<desc id='av-svg-desc-227'>Voir les d\u00e9tails<\/desc>\n<path d=\"M6.784 17.344v-2.88h8.96v2.88h-8.96zM19.2 1.6q1.344 0 2.272 0.928t0.928 2.272v22.4q0 1.28-0.928 2.24t-2.272 0.96h-16q-1.28 0-2.24-0.96t-0.96-2.24v-22.4q0-1.344 0.96-2.272t2.24-0.928h16zM19.2 27.2v-22.4h-16v22.4h16zM15.68 8.256v2.816h-8.96v-2.816h8.96zM15.68 20.8v2.816h-8.96v-2.816h8.96z\"><\/path>\n<\/svg><\/span>  Voir les d\u00e9tails<\/a> <span class=\"button-mini-delimiter\"><\/span><\/div><\/div><\/li>\n<li class=\"product type-product post-3819 status-publish instock product_cat-probier-set has-post-thumbnail taxable shipping-taxable purchasable product-type-simple\">\n\t<div class='inner_product main_color wrapped_style noLightbox  av-product-class-'><a href=\"https:\/\/www.raffinessen.ch\/fr\/produit\/roter-schwarzer-und-weisser-kampot-pfeffer\/\" class=\"woocommerce-LoopProduct-link woocommerce-loop-product__link\"><div class=\"thumbnail_container\"><img loading=\"lazy\" decoding=\"async\" width=\"500\" height=\"500\" src=\"https:\/\/www.raffinessen.ch\/webseite\/wp-content\/uploads\/2018\/12\/probierset_rot-schwarz-weiss-kampot-pfeffer-500x500.jpg\" class=\"attachment-woocommerce_thumbnail avia-product-hover\" alt=\"\" srcset=\"https:\/\/www.raffinessen.ch\/webseite\/wp-content\/uploads\/2018\/12\/probierset_rot-schwarz-weiss-kampot-pfeffer-500x500.jpg 500w, https:\/\/www.raffinessen.ch\/webseite\/wp-content\/uploads\/2018\/12\/probierset_rot-schwarz-weiss-kampot-pfeffer-80x80.jpg 80w, https:\/\/www.raffinessen.ch\/webseite\/wp-content\/uploads\/2018\/12\/probierset_rot-schwarz-weiss-kampot-pfeffer-300x300.jpg 300w, https:\/\/www.raffinessen.ch\/webseite\/wp-content\/uploads\/2018\/12\/probierset_rot-schwarz-weiss-kampot-pfeffer-768x768.jpg 768w, https:\/\/www.raffinessen.ch\/webseite\/wp-content\/uploads\/2018\/12\/probierset_rot-schwarz-weiss-kampot-pfeffer-1030x1030.jpg 1030w, https:\/\/www.raffinessen.ch\/webseite\/wp-content\/uploads\/2018\/12\/probierset_rot-schwarz-weiss-kampot-pfeffer-36x36.jpg 36w, https:\/\/www.raffinessen.ch\/webseite\/wp-content\/uploads\/2018\/12\/probierset_rot-schwarz-weiss-kampot-pfeffer-180x180.jpg 180w, https:\/\/www.raffinessen.ch\/webseite\/wp-content\/uploads\/2018\/12\/probierset_rot-schwarz-weiss-kampot-pfeffer-1500x1500.jpg 1500w, https:\/\/www.raffinessen.ch\/webseite\/wp-content\/uploads\/2018\/12\/probierset_rot-schwarz-weiss-kampot-pfeffer-705x705.jpg 705w, https:\/\/www.raffinessen.ch\/webseite\/wp-content\/uploads\/2018\/12\/probierset_rot-schwarz-weiss-kampot-pfeffer-100x100.jpg 100w, https:\/\/www.raffinessen.ch\/webseite\/wp-content\/uploads\/2018\/12\/probierset_rot-schwarz-weiss-kampot-pfeffer-1000x1000.jpg 1000w, https:\/\/www.raffinessen.ch\/webseite\/wp-content\/uploads\/2018\/12\/probierset_rot-schwarz-weiss-kampot-pfeffer.jpg 2000w\" sizes=\"auto, (max-width: 500px) 100vw, 500px\" \/><img decoding=\"async\" loading=\"lazy\" width=\"500\" height=\"500\" src=\"https:\/\/www.raffinessen.ch\/webseite\/wp-content\/uploads\/2018\/12\/kampot-pfeffer-rot-schwarz-weiss-500x500.jpg\" class=\"wp-image-4739 avia-img-lazy-loading-4739 attachment-woocommerce_thumbnail size-woocommerce_thumbnail wp-post-image\" alt=\"\" srcset=\"https:\/\/www.raffinessen.ch\/webseite\/wp-content\/uploads\/2018\/12\/kampot-pfeffer-rot-schwarz-weiss-500x500.jpg 500w, https:\/\/www.raffinessen.ch\/webseite\/wp-content\/uploads\/2018\/12\/kampot-pfeffer-rot-schwarz-weiss-300x300.jpg 300w, https:\/\/www.raffinessen.ch\/webseite\/wp-content\/uploads\/2018\/12\/kampot-pfeffer-rot-schwarz-weiss-1030x1030.jpg 1030w, https:\/\/www.raffinessen.ch\/webseite\/wp-content\/uploads\/2018\/12\/kampot-pfeffer-rot-schwarz-weiss-80x80.jpg 80w, https:\/\/www.raffinessen.ch\/webseite\/wp-content\/uploads\/2018\/12\/kampot-pfeffer-rot-schwarz-weiss-768x768.jpg 768w, https:\/\/www.raffinessen.ch\/webseite\/wp-content\/uploads\/2018\/12\/kampot-pfeffer-rot-schwarz-weiss-1536x1536.jpg 1536w, https:\/\/www.raffinessen.ch\/webseite\/wp-content\/uploads\/2018\/12\/kampot-pfeffer-rot-schwarz-weiss-36x36.jpg 36w, https:\/\/www.raffinessen.ch\/webseite\/wp-content\/uploads\/2018\/12\/kampot-pfeffer-rot-schwarz-weiss-180x180.jpg 180w, https:\/\/www.raffinessen.ch\/webseite\/wp-content\/uploads\/2018\/12\/kampot-pfeffer-rot-schwarz-weiss-1500x1500.jpg 1500w, https:\/\/www.raffinessen.ch\/webseite\/wp-content\/uploads\/2018\/12\/kampot-pfeffer-rot-schwarz-weiss-705x705.jpg 705w, https:\/\/www.raffinessen.ch\/webseite\/wp-content\/uploads\/2018\/12\/kampot-pfeffer-rot-schwarz-weiss-100x100.jpg 100w, https:\/\/www.raffinessen.ch\/webseite\/wp-content\/uploads\/2018\/12\/kampot-pfeffer-rot-schwarz-weiss-1000x1000.jpg 1000w, https:\/\/www.raffinessen.ch\/webseite\/wp-content\/uploads\/2018\/12\/kampot-pfeffer-rot-schwarz-weiss.jpg 2000w\" sizes=\"auto, (max-width: 500px) 100vw, 500px\" \/><span class=\"cart-loading\"><\/span><\/div><div class='inner_product_header'><div class='avia-arrow'><\/div><div class='inner_product_header_table'><div class='inner_product_header_cell'><h2 class=\"woocommerce-loop-product__title\">Set de d\u00e9gustation - poivre de Kampot rouge, noir et blanc<\/h2>\n\t<span class=\"price\"><span class=\"woocommerce-Price-amount amount\"><bdi><span class=\"woocommerce-Price-currencySymbol\">&#67;&#72;&#70;<\/span>&nbsp;15.00<\/bdi><\/span> <small class=\"woocommerce-price-suffix\">TVA incluse<\/small><\/span>\n<\/div><\/div><\/div><\/a><div class='avia_cart_buttons'><a href=\"\/fr\/wp-json\/wp\/v2\/pages\/9012?add-to-cart=3819\" aria-describedby=\"woocommerce_loop_add_to_cart_link_describedby_3819\" data-quantity=\"1\" class=\"button product_type_simple add_to_cart_button ajax_add_to_cart\" data-product_id=\"3819\" data-product_sku=\"GSO-007\" aria-label=\"Ajouter au panier\u00a0: \u201cProbierset - roter, schwarzer und weisser Kampot Pfeffer\u201d\" rel=\"nofollow\" data-success_message=\"\u00ab\u00a0Probierset - roter, schwarzer und weisser Kampot Pfeffer\u00a0\u00bb a \u00e9t\u00e9 ajout\u00e9 \u00e0 votre panier\" role=\"button\" data-no-translation-aria-label=\"\" data-no-translation-data-success_message=\"\"><span class=\"avia-svg-icon avia-font-svg_entypo-fontello\" data-av_svg_icon='basket' data-av_iconset='svg_entypo-fontello'><svg version=\"1.1\" xmlns=\"http:\/\/www.w3.org\/2000\/svg\" width=\"29\" height=\"32\" viewbox=\"0 0 29 32\" preserveaspectratio=\"xMidYMid meet\" aria-labelledby='av-svg-title-228' aria-describedby='av-svg-desc-228' role=\"graphics-symbol\" aria-hidden=\"true\">\n<title id='av-svg-title-228'>Ajouter au panier<\/title>\n<desc id='av-svg-desc-228'>Ajouter au panier<\/desc>\n<path d=\"M4.8 27.2q0-1.28 0.96-2.24t2.24-0.96q1.344 0 2.272 0.96t0.928 2.24q0 1.344-0.928 2.272t-2.272 0.928q-1.28 0-2.24-0.928t-0.96-2.272zM20.8 27.2q0-1.28 0.96-2.24t2.24-0.96q1.344 0 2.272 0.96t0.928 2.24q0 1.344-0.928 2.272t-2.272 0.928q-1.28 0-2.24-0.928t-0.96-2.272zM10.496 19.648q-1.152 0.32-1.088 0.736t1.408 0.416h17.984v2.432q0 0.64-0.64 0.64h-20.928q-0.64 0-0.64-0.64v-2.432l-0.32-1.472-3.136-14.528h-3.136v-2.56q0-0.64 0.64-0.64h4.992q0.64 0 0.64 0.64v2.752h22.528v8.768q0 0.704-0.576 0.832z\"><\/path>\n<\/svg><\/span>  Ajouter au panier<\/a>\t<span id=\"woocommerce_loop_add_to_cart_link_describedby_3819\" class=\"screen-reader-text\">\n\t\t\t<\/span>\n<a class=\"button show_details_button\" href=\"https:\/\/www.raffinessen.ch\/fr\/produit\/roter-schwarzer-und-weisser-kampot-pfeffer\/\"><span class=\"avia-svg-icon avia-font-svg_entypo-fontello\" data-av_svg_icon='doc-text' data-av_iconset='svg_entypo-fontello'><svg version=\"1.1\" xmlns=\"http:\/\/www.w3.org\/2000\/svg\" width=\"22\" height=\"32\" viewbox=\"0 0 22 32\" preserveaspectratio=\"xMidYMid meet\" aria-labelledby='av-svg-title-229' aria-describedby='av-svg-desc-229' role=\"graphics-symbol\" aria-hidden=\"true\">\n<title id='av-svg-title-229'>Voir les d\u00e9tails<\/title>\n<desc id='av-svg-desc-229'>Voir les d\u00e9tails<\/desc>\n<path d=\"M6.784 17.344v-2.88h8.96v2.88h-8.96zM19.2 1.6q1.344 0 2.272 0.928t0.928 2.272v22.4q0 1.28-0.928 2.24t-2.272 0.96h-16q-1.28 0-2.24-0.96t-0.96-2.24v-22.4q0-1.344 0.96-2.272t2.24-0.928h16zM19.2 27.2v-22.4h-16v22.4h16zM15.68 8.256v2.816h-8.96v-2.816h8.96zM15.68 20.8v2.816h-8.96v-2.816h8.96z\"><\/path>\n<\/svg><\/span>  Voir les d\u00e9tails<\/a> <span class=\"button-mini-delimiter\"><\/span><\/div><\/div><\/li>\n<li class=\"product type-product post-5307 status-publish last instock product_cat-probier-set has-post-thumbnail taxable shipping-taxable purchasable product-type-simple\">\n\t<div class='inner_product main_color wrapped_style noLightbox  av-product-class-'><a href=\"https:\/\/www.raffinessen.ch\/fr\/produit\/kurkuma-meersalz-und-palmzucker\/\" class=\"woocommerce-LoopProduct-link woocommerce-loop-product__link\"><div class=\"thumbnail_container\"><img loading=\"lazy\" decoding=\"async\" width=\"500\" height=\"500\" src=\"https:\/\/www.raffinessen.ch\/webseite\/wp-content\/uploads\/2020\/03\/kurkuma-meersalz-palmzucker-beutel-raffinessen-500x500.jpg\" class=\"attachment-woocommerce_thumbnail avia-product-hover\" alt=\"\" srcset=\"https:\/\/www.raffinessen.ch\/webseite\/wp-content\/uploads\/2020\/03\/kurkuma-meersalz-palmzucker-beutel-raffinessen-500x500.jpg 500w, https:\/\/www.raffinessen.ch\/webseite\/wp-content\/uploads\/2020\/03\/kurkuma-meersalz-palmzucker-beutel-raffinessen-300x300.jpg 300w, https:\/\/www.raffinessen.ch\/webseite\/wp-content\/uploads\/2020\/03\/kurkuma-meersalz-palmzucker-beutel-raffinessen-1030x1030.jpg 1030w, https:\/\/www.raffinessen.ch\/webseite\/wp-content\/uploads\/2020\/03\/kurkuma-meersalz-palmzucker-beutel-raffinessen-80x80.jpg 80w, https:\/\/www.raffinessen.ch\/webseite\/wp-content\/uploads\/2020\/03\/kurkuma-meersalz-palmzucker-beutel-raffinessen-768x768.jpg 768w, https:\/\/www.raffinessen.ch\/webseite\/wp-content\/uploads\/2020\/03\/kurkuma-meersalz-palmzucker-beutel-raffinessen-1536x1536.jpg 1536w, https:\/\/www.raffinessen.ch\/webseite\/wp-content\/uploads\/2020\/03\/kurkuma-meersalz-palmzucker-beutel-raffinessen-2048x2048.jpg 2048w, https:\/\/www.raffinessen.ch\/webseite\/wp-content\/uploads\/2020\/03\/kurkuma-meersalz-palmzucker-beutel-raffinessen-36x36.jpg 36w, https:\/\/www.raffinessen.ch\/webseite\/wp-content\/uploads\/2020\/03\/kurkuma-meersalz-palmzucker-beutel-raffinessen-180x180.jpg 180w, https:\/\/www.raffinessen.ch\/webseite\/wp-content\/uploads\/2020\/03\/kurkuma-meersalz-palmzucker-beutel-raffinessen-1500x1500.jpg 1500w, https:\/\/www.raffinessen.ch\/webseite\/wp-content\/uploads\/2020\/03\/kurkuma-meersalz-palmzucker-beutel-raffinessen-705x705.jpg 705w, https:\/\/www.raffinessen.ch\/webseite\/wp-content\/uploads\/2020\/03\/kurkuma-meersalz-palmzucker-beutel-raffinessen-100x100.jpg 100w, https:\/\/www.raffinessen.ch\/webseite\/wp-content\/uploads\/2020\/03\/kurkuma-meersalz-palmzucker-beutel-raffinessen-1000x1000.jpg 1000w\" sizes=\"auto, (max-width: 500px) 100vw, 500px\" \/><img decoding=\"async\" loading=\"lazy\" width=\"500\" height=\"500\" src=\"https:\/\/www.raffinessen.ch\/webseite\/wp-content\/uploads\/2020\/03\/kurkuma-meersalz-palmzucker-raffinessen-500x500.jpg\" class=\"wp-image-5300 avia-img-lazy-loading-5300 attachment-woocommerce_thumbnail size-woocommerce_thumbnail wp-post-image\" alt=\"\" srcset=\"https:\/\/www.raffinessen.ch\/webseite\/wp-content\/uploads\/2020\/03\/kurkuma-meersalz-palmzucker-raffinessen-500x500.jpg 500w, https:\/\/www.raffinessen.ch\/webseite\/wp-content\/uploads\/2020\/03\/kurkuma-meersalz-palmzucker-raffinessen-300x300.jpg 300w, https:\/\/www.raffinessen.ch\/webseite\/wp-content\/uploads\/2020\/03\/kurkuma-meersalz-palmzucker-raffinessen-1030x1030.jpg 1030w, https:\/\/www.raffinessen.ch\/webseite\/wp-content\/uploads\/2020\/03\/kurkuma-meersalz-palmzucker-raffinessen-80x80.jpg 80w, https:\/\/www.raffinessen.ch\/webseite\/wp-content\/uploads\/2020\/03\/kurkuma-meersalz-palmzucker-raffinessen-768x768.jpg 768w, https:\/\/www.raffinessen.ch\/webseite\/wp-content\/uploads\/2020\/03\/kurkuma-meersalz-palmzucker-raffinessen-1536x1536.jpg 1536w, https:\/\/www.raffinessen.ch\/webseite\/wp-content\/uploads\/2020\/03\/kurkuma-meersalz-palmzucker-raffinessen-2048x2048.jpg 2048w, https:\/\/www.raffinessen.ch\/webseite\/wp-content\/uploads\/2020\/03\/kurkuma-meersalz-palmzucker-raffinessen-36x36.jpg 36w, https:\/\/www.raffinessen.ch\/webseite\/wp-content\/uploads\/2020\/03\/kurkuma-meersalz-palmzucker-raffinessen-180x180.jpg 180w, https:\/\/www.raffinessen.ch\/webseite\/wp-content\/uploads\/2020\/03\/kurkuma-meersalz-palmzucker-raffinessen-1500x1500.jpg 1500w, https:\/\/www.raffinessen.ch\/webseite\/wp-content\/uploads\/2020\/03\/kurkuma-meersalz-palmzucker-raffinessen-705x705.jpg 705w, https:\/\/www.raffinessen.ch\/webseite\/wp-content\/uploads\/2020\/03\/kurkuma-meersalz-palmzucker-raffinessen-100x100.jpg 100w, https:\/\/www.raffinessen.ch\/webseite\/wp-content\/uploads\/2020\/03\/kurkuma-meersalz-palmzucker-raffinessen-1000x1000.jpg 1000w\" sizes=\"auto, (max-width: 500px) 100vw, 500px\" \/><span class=\"cart-loading\"><\/span><\/div><div class='inner_product_header'><div class='avia-arrow'><\/div><div class='inner_product_header_table'><div class='inner_product_header_cell'><h2 class=\"woocommerce-loop-product__title\">Set de d\u00e9gustation - curcuma, sucre de palme et sel de mer<\/h2>\n\t<span class=\"price\"><span class=\"woocommerce-Price-amount amount\"><bdi><span class=\"woocommerce-Price-currencySymbol\">&#67;&#72;&#70;<\/span>&nbsp;13.00<\/bdi><\/span> <small class=\"woocommerce-price-suffix\">TVA incluse<\/small><\/span>\n<\/div><\/div><\/div><\/a><div class='avia_cart_buttons'><a href=\"\/fr\/wp-json\/wp\/v2\/pages\/9012?add-to-cart=5307\" aria-describedby=\"woocommerce_loop_add_to_cart_link_describedby_5307\" data-quantity=\"1\" class=\"button product_type_simple add_to_cart_button ajax_add_to_cart\" data-product_id=\"5307\" data-product_sku=\"GSO-009\" aria-label=\"Ajouter au panier\u00a0: \u201cProbierset - Kurkuma, Palmzucker und Meersalz\u201d\" rel=\"nofollow\" data-success_message=\"\u00ab\u00a0Probierset - Kurkuma, Palmzucker und Meersalz\u00a0\u00bb a \u00e9t\u00e9 ajout\u00e9 \u00e0 votre panier\" role=\"button\" data-no-translation-aria-label=\"\" data-no-translation-data-success_message=\"\"><span class=\"avia-svg-icon avia-font-svg_entypo-fontello\" data-av_svg_icon='basket' data-av_iconset='svg_entypo-fontello'><svg version=\"1.1\" xmlns=\"http:\/\/www.w3.org\/2000\/svg\" width=\"29\" height=\"32\" viewbox=\"0 0 29 32\" preserveaspectratio=\"xMidYMid meet\" aria-labelledby='av-svg-title-230' aria-describedby='av-svg-desc-230' role=\"graphics-symbol\" aria-hidden=\"true\">\n<title id='av-svg-title-230'>Ajouter au panier<\/title>\n<desc id='av-svg-desc-230'>Ajouter au panier<\/desc>\n<path d=\"M4.8 27.2q0-1.28 0.96-2.24t2.24-0.96q1.344 0 2.272 0.96t0.928 2.24q0 1.344-0.928 2.272t-2.272 0.928q-1.28 0-2.24-0.928t-0.96-2.272zM20.8 27.2q0-1.28 0.96-2.24t2.24-0.96q1.344 0 2.272 0.96t0.928 2.24q0 1.344-0.928 2.272t-2.272 0.928q-1.28 0-2.24-0.928t-0.96-2.272zM10.496 19.648q-1.152 0.32-1.088 0.736t1.408 0.416h17.984v2.432q0 0.64-0.64 0.64h-20.928q-0.64 0-0.64-0.64v-2.432l-0.32-1.472-3.136-14.528h-3.136v-2.56q0-0.64 0.64-0.64h4.992q0.64 0 0.64 0.64v2.752h22.528v8.768q0 0.704-0.576 0.832z\"><\/path>\n<\/svg><\/span>  Ajouter au panier<\/a>\t<span id=\"woocommerce_loop_add_to_cart_link_describedby_5307\" class=\"screen-reader-text\">\n\t\t\t<\/span>\n<a class=\"button show_details_button\" href=\"https:\/\/www.raffinessen.ch\/fr\/produit\/kurkuma-meersalz-und-palmzucker\/\"><span class=\"avia-svg-icon avia-font-svg_entypo-fontello\" data-av_svg_icon='doc-text' data-av_iconset='svg_entypo-fontello'><svg version=\"1.1\" xmlns=\"http:\/\/www.w3.org\/2000\/svg\" width=\"22\" height=\"32\" viewbox=\"0 0 22 32\" preserveaspectratio=\"xMidYMid meet\" aria-labelledby='av-svg-title-231' aria-describedby='av-svg-desc-231' role=\"graphics-symbol\" aria-hidden=\"true\">\n<title id='av-svg-title-231'>Voir les d\u00e9tails<\/title>\n<desc id='av-svg-desc-231'>Voir les d\u00e9tails<\/desc>\n<path d=\"M6.784 17.344v-2.88h8.96v2.88h-8.96zM19.2 1.6q1.344 0 2.272 0.928t0.928 2.272v22.4q0 1.28-0.928 2.24t-2.272 0.96h-16q-1.28 0-2.24-0.96t-0.96-2.24v-22.4q0-1.344 0.96-2.272t2.24-0.928h16zM19.2 27.2v-22.4h-16v22.4h16zM15.68 8.256v2.816h-8.96v-2.816h8.96zM15.68 20.8v2.816h-8.96v-2.816h8.96z\"><\/path>\n<\/svg><\/span>  Voir les d\u00e9tails<\/a> <span class=\"button-mini-delimiter\"><\/span><\/div><\/div><\/li>\n<\/ul><\/div><\/div><div class=\"clear\"><\/div><br \/>\n\n<style type=\"text\/css\" data-created_by=\"avia_inline_auto\" id=\"style-css-av-kunxl56r-55f194204d9a7f1328cd6851a96cb4fb\">\n#top .av-special-heading.av-kunxl56r-55f194204d9a7f1328cd6851a96cb4fb{\npadding-bottom:10px;\n}\nbody .av-special-heading.av-kunxl56r-55f194204d9a7f1328cd6851a96cb4fb .av-special-heading-tag .heading-char{\nfont-size:25px;\n}\n.av-special-heading.av-kunxl56r-55f194204d9a7f1328cd6851a96cb4fb .av-subheading{\nfont-size:15px;\n}\n<\/style>\n<div  id=\"pfeffer-abo\"  class='av-special-heading av-kunxl56r-55f194204d9a7f1328cd6851a96cb4fb av-special-heading-h3 blockquote modern-quote modern-centered'><h3 class='av-special-heading-tag'  itemprop=\"headline\"  >Abonnement au poivre<\/h3><div class=\"special-heading-border\"><div class=\"special-heading-inner-border\"><\/div><\/div><\/div><br \/>\n<div  class='avia-product-slider-container av-kunxls0c-0c200d9e1d6e28dae79b710ae5e51d31 template-shop avia-content-slider avia-content-grid-active shop_columns_4 avia-content-slider-even av-slideshow-ui av-slider-hover-pause av-slideshow-manual av-loop-once av-loop-manual-endless avia-product-slider4' data-slideshow-options=\"{&quot;animation&quot;:&quot;fade&quot;,&quot;autoplay&quot;:false,&quot;loop_autoplay&quot;:&quot;once&quot;,&quot;interval&quot;:5,&quot;loop_manual&quot;:&quot;manual-endless&quot;,&quot;autoplay_stopper&quot;:false,&quot;noNavigation&quot;:false,&quot;bg_slider&quot;:false,&quot;keep_padding&quot;:false,&quot;hoverpause&quot;:true,&quot;show_slide_delay&quot;:0}\"><div class='avia-content-slider-inner'><ul class=\"products\"><li class=\"product type-product post-3119 status-publish first instock product_cat-pfeffer-abo has-post-thumbnail taxable shipping-taxable purchasable product-type-variable\">\n\t<div class='inner_product main_color wrapped_style noLightbox  av-product-class-'><a href=\"https:\/\/www.raffinessen.ch\/fr\/produit\/investment-roter-kampot-pfeffer-1000-gramm\/\" class=\"woocommerce-LoopProduct-link woocommerce-loop-product__link\"><div class=\"thumbnail_container\"><img loading=\"lazy\" decoding=\"async\" width=\"500\" height=\"500\" src=\"https:\/\/www.raffinessen.ch\/webseite\/wp-content\/uploads\/2018\/12\/investment-roter-kampot-pfeffer-500x500.jpg\" class=\"attachment-woocommerce_thumbnail avia-product-hover\" alt=\"\" srcset=\"https:\/\/www.raffinessen.ch\/webseite\/wp-content\/uploads\/2018\/12\/investment-roter-kampot-pfeffer-500x500.jpg 500w, https:\/\/www.raffinessen.ch\/webseite\/wp-content\/uploads\/2018\/12\/investment-roter-kampot-pfeffer-80x80.jpg 80w, https:\/\/www.raffinessen.ch\/webseite\/wp-content\/uploads\/2018\/12\/investment-roter-kampot-pfeffer-300x300.jpg 300w, https:\/\/www.raffinessen.ch\/webseite\/wp-content\/uploads\/2018\/12\/investment-roter-kampot-pfeffer-768x768.jpg 768w, https:\/\/www.raffinessen.ch\/webseite\/wp-content\/uploads\/2018\/12\/investment-roter-kampot-pfeffer-1030x1030.jpg 1030w, https:\/\/www.raffinessen.ch\/webseite\/wp-content\/uploads\/2018\/12\/investment-roter-kampot-pfeffer-36x36.jpg 36w, https:\/\/www.raffinessen.ch\/webseite\/wp-content\/uploads\/2018\/12\/investment-roter-kampot-pfeffer-180x180.jpg 180w, https:\/\/www.raffinessen.ch\/webseite\/wp-content\/uploads\/2018\/12\/investment-roter-kampot-pfeffer-1500x1500.jpg 1500w, https:\/\/www.raffinessen.ch\/webseite\/wp-content\/uploads\/2018\/12\/investment-roter-kampot-pfeffer-705x705.jpg 705w, https:\/\/www.raffinessen.ch\/webseite\/wp-content\/uploads\/2018\/12\/investment-roter-kampot-pfeffer-100x100.jpg 100w, https:\/\/www.raffinessen.ch\/webseite\/wp-content\/uploads\/2018\/12\/investment-roter-kampot-pfeffer-1000x1000.jpg 1000w, https:\/\/www.raffinessen.ch\/webseite\/wp-content\/uploads\/2018\/12\/investment-roter-kampot-pfeffer.jpg 2000w\" sizes=\"auto, (max-width: 500px) 100vw, 500px\" \/><img decoding=\"async\" loading=\"lazy\" width=\"500\" height=\"500\" src=\"https:\/\/www.raffinessen.ch\/webseite\/wp-content\/uploads\/2018\/12\/roter-kampot-pfeffer-500x500.jpg\" class=\"wp-image-3806 avia-img-lazy-loading-3806 attachment-woocommerce_thumbnail size-woocommerce_thumbnail wp-post-image\" alt=\"\" srcset=\"https:\/\/www.raffinessen.ch\/webseite\/wp-content\/uploads\/2018\/12\/roter-kampot-pfeffer-500x500.jpg 500w, https:\/\/www.raffinessen.ch\/webseite\/wp-content\/uploads\/2018\/12\/roter-kampot-pfeffer-80x80.jpg 80w, https:\/\/www.raffinessen.ch\/webseite\/wp-content\/uploads\/2018\/12\/roter-kampot-pfeffer-300x300.jpg 300w, https:\/\/www.raffinessen.ch\/webseite\/wp-content\/uploads\/2018\/12\/roter-kampot-pfeffer-768x768.jpg 768w, https:\/\/www.raffinessen.ch\/webseite\/wp-content\/uploads\/2018\/12\/roter-kampot-pfeffer-1030x1030.jpg 1030w, https:\/\/www.raffinessen.ch\/webseite\/wp-content\/uploads\/2018\/12\/roter-kampot-pfeffer-36x36.jpg 36w, https:\/\/www.raffinessen.ch\/webseite\/wp-content\/uploads\/2018\/12\/roter-kampot-pfeffer-180x180.jpg 180w, https:\/\/www.raffinessen.ch\/webseite\/wp-content\/uploads\/2018\/12\/roter-kampot-pfeffer-1500x1500.jpg 1500w, https:\/\/www.raffinessen.ch\/webseite\/wp-content\/uploads\/2018\/12\/roter-kampot-pfeffer-705x705.jpg 705w, https:\/\/www.raffinessen.ch\/webseite\/wp-content\/uploads\/2018\/12\/roter-kampot-pfeffer-100x100.jpg 100w, https:\/\/www.raffinessen.ch\/webseite\/wp-content\/uploads\/2018\/12\/roter-kampot-pfeffer-1000x1000.jpg 1000w, https:\/\/www.raffinessen.ch\/webseite\/wp-content\/uploads\/2018\/12\/roter-kampot-pfeffer.jpg 2000w\" sizes=\"auto, (max-width: 500px) 100vw, 500px\" \/><\/div><div class='inner_product_header'><div class='avia-arrow'><\/div><div class='inner_product_header_table'><div class='inner_product_header_cell'><h2 class=\"woocommerce-loop-product__title\">Poivre de Kampot rouge d'investissement 1000 grammes<\/h2>\n\t<span class=\"price\"><span class=\"woocommerce-Price-amount amount\"><bdi><span class=\"woocommerce-Price-currencySymbol\">&#67;&#72;&#70;<\/span>&nbsp;150.00<\/bdi><\/span> <small class=\"woocommerce-price-suffix\">TVA incluse<\/small><\/span>\n<\/div><\/div><\/div><\/a><div class='avia_cart_buttons single_button'><a href=\"https:\/\/www.raffinessen.ch\/fr\/produit\/investment-roter-kampot-pfeffer-1000-gramm\/\" aria-describedby=\"woocommerce_loop_add_to_cart_link_describedby_3119\" data-quantity=\"1\" class=\"button product_type_variable add_to_cart_button\" data-product_id=\"3119\" data-product_sku=\"GSO-001\" aria-label=\"S\u00e9lectionner les options pour \u201cInvestment roter Kampot Pfeffer 1000 Gramm\u201d\" rel=\"nofollow\" data-no-translation-aria-label=\"\"><span class=\"avia-svg-icon avia-font-svg_entypo-fontello\" data-av_svg_icon='basket' data-av_iconset='svg_entypo-fontello'><svg version=\"1.1\" xmlns=\"http:\/\/www.w3.org\/2000\/svg\" width=\"29\" height=\"32\" viewbox=\"0 0 29 32\" preserveaspectratio=\"xMidYMid meet\" aria-labelledby='av-svg-title-232' aria-describedby='av-svg-desc-232' role=\"graphics-symbol\" aria-hidden=\"true\">\n<title id='av-svg-title-232'>Ajouter au panier<\/title>\n<desc id='av-svg-desc-232'>Ajouter au panier<\/desc>\n<path d=\"M4.8 27.2q0-1.28 0.96-2.24t2.24-0.96q1.344 0 2.272 0.96t0.928 2.24q0 1.344-0.928 2.272t-2.272 0.928q-1.28 0-2.24-0.928t-0.96-2.272zM20.8 27.2q0-1.28 0.96-2.24t2.24-0.96q1.344 0 2.272 0.96t0.928 2.24q0 1.344-0.928 2.272t-2.272 0.928q-1.28 0-2.24-0.928t-0.96-2.272zM10.496 19.648q-1.152 0.32-1.088 0.736t1.408 0.416h17.984v2.432q0 0.64-0.64 0.64h-20.928q-0.64 0-0.64-0.64v-2.432l-0.32-1.472-3.136-14.528h-3.136v-2.56q0-0.64 0.64-0.64h4.992q0.64 0 0.64 0.64v2.752h22.528v8.768q0 0.704-0.576 0.832z\"><\/path>\n<\/svg><\/span>  Choix des options<\/a>\t<span id=\"woocommerce_loop_add_to_cart_link_describedby_3119\" class=\"screen-reader-text\">\n\t\tCe produit a plusieurs variations. Les options peuvent \u00eatre choisies sur la page du produit\t<\/span>\n<\/div><\/div><\/li>\n<li class=\"product type-product post-2631 status-publish instock product_cat-pfeffer-abo has-post-thumbnail taxable shipping-taxable purchasable product-type-variable\">\n\t<div class='inner_product main_color wrapped_style noLightbox  av-product-class-'><a href=\"https:\/\/www.raffinessen.ch\/fr\/produit\/investment-schwarzer-und-roter-kampot-pfeffer-je-500-gramm\/\" class=\"woocommerce-LoopProduct-link woocommerce-loop-product__link\"><div class=\"thumbnail_container\"><img loading=\"lazy\" decoding=\"async\" width=\"500\" height=\"500\" src=\"https:\/\/www.raffinessen.ch\/webseite\/wp-content\/uploads\/2018\/12\/investment-roter-schwarzer-kampot-pfeffer-500x500.jpg\" class=\"attachment-woocommerce_thumbnail avia-product-hover\" alt=\"\" srcset=\"https:\/\/www.raffinessen.ch\/webseite\/wp-content\/uploads\/2018\/12\/investment-roter-schwarzer-kampot-pfeffer-500x500.jpg 500w, https:\/\/www.raffinessen.ch\/webseite\/wp-content\/uploads\/2018\/12\/investment-roter-schwarzer-kampot-pfeffer-80x80.jpg 80w, https:\/\/www.raffinessen.ch\/webseite\/wp-content\/uploads\/2018\/12\/investment-roter-schwarzer-kampot-pfeffer-300x300.jpg 300w, https:\/\/www.raffinessen.ch\/webseite\/wp-content\/uploads\/2018\/12\/investment-roter-schwarzer-kampot-pfeffer-768x768.jpg 768w, https:\/\/www.raffinessen.ch\/webseite\/wp-content\/uploads\/2018\/12\/investment-roter-schwarzer-kampot-pfeffer-1030x1030.jpg 1030w, https:\/\/www.raffinessen.ch\/webseite\/wp-content\/uploads\/2018\/12\/investment-roter-schwarzer-kampot-pfeffer-36x36.jpg 36w, https:\/\/www.raffinessen.ch\/webseite\/wp-content\/uploads\/2018\/12\/investment-roter-schwarzer-kampot-pfeffer-180x180.jpg 180w, https:\/\/www.raffinessen.ch\/webseite\/wp-content\/uploads\/2018\/12\/investment-roter-schwarzer-kampot-pfeffer-1500x1500.jpg 1500w, https:\/\/www.raffinessen.ch\/webseite\/wp-content\/uploads\/2018\/12\/investment-roter-schwarzer-kampot-pfeffer-705x705.jpg 705w, https:\/\/www.raffinessen.ch\/webseite\/wp-content\/uploads\/2018\/12\/investment-roter-schwarzer-kampot-pfeffer-100x100.jpg 100w, https:\/\/www.raffinessen.ch\/webseite\/wp-content\/uploads\/2018\/12\/investment-roter-schwarzer-kampot-pfeffer-1000x1000.jpg 1000w, https:\/\/www.raffinessen.ch\/webseite\/wp-content\/uploads\/2018\/12\/investment-roter-schwarzer-kampot-pfeffer.jpg 2000w\" sizes=\"auto, (max-width: 500px) 100vw, 500px\" \/><img decoding=\"async\" loading=\"lazy\" width=\"500\" height=\"500\" src=\"https:\/\/www.raffinessen.ch\/webseite\/wp-content\/uploads\/2018\/12\/roter-schwarzer-kampot-pfeffer-500x500.jpg\" class=\"wp-image-3809 avia-img-lazy-loading-3809 attachment-woocommerce_thumbnail size-woocommerce_thumbnail wp-post-image\" alt=\"\" srcset=\"https:\/\/www.raffinessen.ch\/webseite\/wp-content\/uploads\/2018\/12\/roter-schwarzer-kampot-pfeffer-500x500.jpg 500w, https:\/\/www.raffinessen.ch\/webseite\/wp-content\/uploads\/2018\/12\/roter-schwarzer-kampot-pfeffer-80x80.jpg 80w, https:\/\/www.raffinessen.ch\/webseite\/wp-content\/uploads\/2018\/12\/roter-schwarzer-kampot-pfeffer-300x300.jpg 300w, https:\/\/www.raffinessen.ch\/webseite\/wp-content\/uploads\/2018\/12\/roter-schwarzer-kampot-pfeffer-768x768.jpg 768w, https:\/\/www.raffinessen.ch\/webseite\/wp-content\/uploads\/2018\/12\/roter-schwarzer-kampot-pfeffer-1030x1030.jpg 1030w, https:\/\/www.raffinessen.ch\/webseite\/wp-content\/uploads\/2018\/12\/roter-schwarzer-kampot-pfeffer-36x36.jpg 36w, https:\/\/www.raffinessen.ch\/webseite\/wp-content\/uploads\/2018\/12\/roter-schwarzer-kampot-pfeffer-180x180.jpg 180w, https:\/\/www.raffinessen.ch\/webseite\/wp-content\/uploads\/2018\/12\/roter-schwarzer-kampot-pfeffer-1500x1500.jpg 1500w, https:\/\/www.raffinessen.ch\/webseite\/wp-content\/uploads\/2018\/12\/roter-schwarzer-kampot-pfeffer-705x705.jpg 705w, https:\/\/www.raffinessen.ch\/webseite\/wp-content\/uploads\/2018\/12\/roter-schwarzer-kampot-pfeffer-100x100.jpg 100w, https:\/\/www.raffinessen.ch\/webseite\/wp-content\/uploads\/2018\/12\/roter-schwarzer-kampot-pfeffer-1000x1000.jpg 1000w, https:\/\/www.raffinessen.ch\/webseite\/wp-content\/uploads\/2018\/12\/roter-schwarzer-kampot-pfeffer.jpg 2000w\" sizes=\"auto, (max-width: 500px) 100vw, 500px\" \/><\/div><div class='inner_product_header'><div class='avia-arrow'><\/div><div class='inner_product_header_table'><div class='inner_product_header_cell'><h2 class=\"woocommerce-loop-product__title\">Investissement poivre de Kampot rouge et noir (500 g chacun)<\/h2>\n\t<span class=\"price\"><span class=\"woocommerce-Price-amount amount\"><bdi><span class=\"woocommerce-Price-currencySymbol\">&#67;&#72;&#70;<\/span>&nbsp;125.00<\/bdi><\/span> <small class=\"woocommerce-price-suffix\">TVA incluse<\/small><\/span>\n<\/div><\/div><\/div><\/a><div class='avia_cart_buttons single_button'><a href=\"https:\/\/www.raffinessen.ch\/fr\/produit\/investment-schwarzer-und-roter-kampot-pfeffer-je-500-gramm\/\" aria-describedby=\"woocommerce_loop_add_to_cart_link_describedby_2631\" data-quantity=\"1\" class=\"button product_type_variable add_to_cart_button\" data-product_id=\"2631\" data-product_sku=\"GSO-003\" aria-label=\"S\u00e9lectionner les options pour \u201cInvestment roter und schwarzer Kampot Pfeffer (je 500 g)\u201d\" rel=\"nofollow\" data-no-translation-aria-label=\"\"><span class=\"avia-svg-icon avia-font-svg_entypo-fontello\" data-av_svg_icon='basket' data-av_iconset='svg_entypo-fontello'><svg version=\"1.1\" xmlns=\"http:\/\/www.w3.org\/2000\/svg\" width=\"29\" height=\"32\" viewbox=\"0 0 29 32\" preserveaspectratio=\"xMidYMid meet\" aria-labelledby='av-svg-title-233' aria-describedby='av-svg-desc-233' role=\"graphics-symbol\" aria-hidden=\"true\">\n<title id='av-svg-title-233'>Ajouter au panier<\/title>\n<desc id='av-svg-desc-233'>Ajouter au panier<\/desc>\n<path d=\"M4.8 27.2q0-1.28 0.96-2.24t2.24-0.96q1.344 0 2.272 0.96t0.928 2.24q0 1.344-0.928 2.272t-2.272 0.928q-1.28 0-2.24-0.928t-0.96-2.272zM20.8 27.2q0-1.28 0.96-2.24t2.24-0.96q1.344 0 2.272 0.96t0.928 2.24q0 1.344-0.928 2.272t-2.272 0.928q-1.28 0-2.24-0.928t-0.96-2.272zM10.496 19.648q-1.152 0.32-1.088 0.736t1.408 0.416h17.984v2.432q0 0.64-0.64 0.64h-20.928q-0.64 0-0.64-0.64v-2.432l-0.32-1.472-3.136-14.528h-3.136v-2.56q0-0.64 0.64-0.64h4.992q0.64 0 0.64 0.64v2.752h22.528v8.768q0 0.704-0.576 0.832z\"><\/path>\n<\/svg><\/span>  Choix des options<\/a>\t<span id=\"woocommerce_loop_add_to_cart_link_describedby_2631\" class=\"screen-reader-text\">\n\t\tCe produit a plusieurs variations. Les options peuvent \u00eatre choisies sur la page du produit\t<\/span>\n<\/div><\/div><\/li>\n<li class=\"product type-product post-2633 status-publish instock product_cat-pfeffer-abo has-post-thumbnail taxable shipping-taxable purchasable product-type-variable\">\n\t<div class='inner_product main_color wrapped_style noLightbox  av-product-class-'><a href=\"https:\/\/www.raffinessen.ch\/fr\/produit\/investment-schwarzer-kampot-pfeffer-1000-gramm\/\" class=\"woocommerce-LoopProduct-link woocommerce-loop-product__link\"><div class=\"thumbnail_container\"><img loading=\"lazy\" decoding=\"async\" width=\"500\" height=\"500\" src=\"https:\/\/www.raffinessen.ch\/webseite\/wp-content\/uploads\/2018\/12\/investment-schwarzer-kampot-pfeffer-500x500.jpg\" class=\"attachment-woocommerce_thumbnail avia-product-hover\" alt=\"\" srcset=\"https:\/\/www.raffinessen.ch\/webseite\/wp-content\/uploads\/2018\/12\/investment-schwarzer-kampot-pfeffer-500x500.jpg 500w, https:\/\/www.raffinessen.ch\/webseite\/wp-content\/uploads\/2018\/12\/investment-schwarzer-kampot-pfeffer-80x80.jpg 80w, https:\/\/www.raffinessen.ch\/webseite\/wp-content\/uploads\/2018\/12\/investment-schwarzer-kampot-pfeffer-300x300.jpg 300w, https:\/\/www.raffinessen.ch\/webseite\/wp-content\/uploads\/2018\/12\/investment-schwarzer-kampot-pfeffer-768x768.jpg 768w, https:\/\/www.raffinessen.ch\/webseite\/wp-content\/uploads\/2018\/12\/investment-schwarzer-kampot-pfeffer-1030x1030.jpg 1030w, https:\/\/www.raffinessen.ch\/webseite\/wp-content\/uploads\/2018\/12\/investment-schwarzer-kampot-pfeffer-36x36.jpg 36w, https:\/\/www.raffinessen.ch\/webseite\/wp-content\/uploads\/2018\/12\/investment-schwarzer-kampot-pfeffer-180x180.jpg 180w, https:\/\/www.raffinessen.ch\/webseite\/wp-content\/uploads\/2018\/12\/investment-schwarzer-kampot-pfeffer-1500x1500.jpg 1500w, https:\/\/www.raffinessen.ch\/webseite\/wp-content\/uploads\/2018\/12\/investment-schwarzer-kampot-pfeffer-705x705.jpg 705w, https:\/\/www.raffinessen.ch\/webseite\/wp-content\/uploads\/2018\/12\/investment-schwarzer-kampot-pfeffer-100x100.jpg 100w, https:\/\/www.raffinessen.ch\/webseite\/wp-content\/uploads\/2018\/12\/investment-schwarzer-kampot-pfeffer-1000x1000.jpg 1000w, https:\/\/www.raffinessen.ch\/webseite\/wp-content\/uploads\/2018\/12\/investment-schwarzer-kampot-pfeffer.jpg 2000w\" sizes=\"auto, (max-width: 500px) 100vw, 500px\" \/><img decoding=\"async\" loading=\"lazy\" width=\"500\" height=\"500\" src=\"https:\/\/www.raffinessen.ch\/webseite\/wp-content\/uploads\/2018\/12\/schwarzer-kampot-pfeffer-500x500.jpg\" class=\"wp-image-3808 avia-img-lazy-loading-3808 attachment-woocommerce_thumbnail size-woocommerce_thumbnail wp-post-image\" alt=\"\" srcset=\"https:\/\/www.raffinessen.ch\/webseite\/wp-content\/uploads\/2018\/12\/schwarzer-kampot-pfeffer-500x500.jpg 500w, https:\/\/www.raffinessen.ch\/webseite\/wp-content\/uploads\/2018\/12\/schwarzer-kampot-pfeffer-80x80.jpg 80w, https:\/\/www.raffinessen.ch\/webseite\/wp-content\/uploads\/2018\/12\/schwarzer-kampot-pfeffer-300x300.jpg 300w, https:\/\/www.raffinessen.ch\/webseite\/wp-content\/uploads\/2018\/12\/schwarzer-kampot-pfeffer-768x768.jpg 768w, https:\/\/www.raffinessen.ch\/webseite\/wp-content\/uploads\/2018\/12\/schwarzer-kampot-pfeffer-1030x1030.jpg 1030w, https:\/\/www.raffinessen.ch\/webseite\/wp-content\/uploads\/2018\/12\/schwarzer-kampot-pfeffer-36x36.jpg 36w, https:\/\/www.raffinessen.ch\/webseite\/wp-content\/uploads\/2018\/12\/schwarzer-kampot-pfeffer-180x180.jpg 180w, https:\/\/www.raffinessen.ch\/webseite\/wp-content\/uploads\/2018\/12\/schwarzer-kampot-pfeffer-1500x1500.jpg 1500w, https:\/\/www.raffinessen.ch\/webseite\/wp-content\/uploads\/2018\/12\/schwarzer-kampot-pfeffer-705x705.jpg 705w, https:\/\/www.raffinessen.ch\/webseite\/wp-content\/uploads\/2018\/12\/schwarzer-kampot-pfeffer-100x100.jpg 100w, https:\/\/www.raffinessen.ch\/webseite\/wp-content\/uploads\/2018\/12\/schwarzer-kampot-pfeffer-1000x1000.jpg 1000w, https:\/\/www.raffinessen.ch\/webseite\/wp-content\/uploads\/2018\/12\/schwarzer-kampot-pfeffer.jpg 2000w\" sizes=\"auto, (max-width: 500px) 100vw, 500px\" \/><\/div><div class='inner_product_header'><div class='avia-arrow'><\/div><div class='inner_product_header_table'><div class='inner_product_header_cell'><h2 class=\"woocommerce-loop-product__title\">Poivre noir de Kampot d'investissement 1000 grammes<\/h2>\n\t<span class=\"price\"><span class=\"woocommerce-Price-amount amount\"><bdi><span class=\"woocommerce-Price-currencySymbol\">&#67;&#72;&#70;<\/span>&nbsp;100.00<\/bdi><\/span> <small class=\"woocommerce-price-suffix\">TVA incluse<\/small><\/span>\n<\/div><\/div><\/div><\/a><div class='avia_cart_buttons single_button'><a href=\"https:\/\/www.raffinessen.ch\/fr\/produit\/investment-schwarzer-kampot-pfeffer-1000-gramm\/\" aria-describedby=\"woocommerce_loop_add_to_cart_link_describedby_2633\" data-quantity=\"1\" class=\"button product_type_variable add_to_cart_button\" data-product_id=\"2633\" data-product_sku=\"GSO-004\" aria-label=\"S\u00e9lectionner les options pour \u201cInvestment schwarzer Kampot Pfeffer 1000 Gramm\u201d\" rel=\"nofollow\" data-no-translation-aria-label=\"\"><span class=\"avia-svg-icon avia-font-svg_entypo-fontello\" data-av_svg_icon='basket' data-av_iconset='svg_entypo-fontello'><svg version=\"1.1\" xmlns=\"http:\/\/www.w3.org\/2000\/svg\" width=\"29\" height=\"32\" viewbox=\"0 0 29 32\" preserveaspectratio=\"xMidYMid meet\" aria-labelledby='av-svg-title-234' aria-describedby='av-svg-desc-234' role=\"graphics-symbol\" aria-hidden=\"true\">\n<title id='av-svg-title-234'>Ajouter au panier<\/title>\n<desc id='av-svg-desc-234'>Ajouter au panier<\/desc>\n<path d=\"M4.8 27.2q0-1.28 0.96-2.24t2.24-0.96q1.344 0 2.272 0.96t0.928 2.24q0 1.344-0.928 2.272t-2.272 0.928q-1.28 0-2.24-0.928t-0.96-2.272zM20.8 27.2q0-1.28 0.96-2.24t2.24-0.96q1.344 0 2.272 0.96t0.928 2.24q0 1.344-0.928 2.272t-2.272 0.928q-1.28 0-2.24-0.928t-0.96-2.272zM10.496 19.648q-1.152 0.32-1.088 0.736t1.408 0.416h17.984v2.432q0 0.64-0.64 0.64h-20.928q-0.64 0-0.64-0.64v-2.432l-0.32-1.472-3.136-14.528h-3.136v-2.56q0-0.64 0.64-0.64h4.992q0.64 0 0.64 0.64v2.752h22.528v8.768q0 0.704-0.576 0.832z\"><\/path>\n<\/svg><\/span>  Choix des options<\/a>\t<span id=\"woocommerce_loop_add_to_cart_link_describedby_2633\" class=\"screen-reader-text\">\n\t\tCe produit a plusieurs variations. Les options peuvent \u00eatre choisies sur la page du produit\t<\/span>\n<\/div><\/div><\/li>\n<\/ul><\/div><\/div><div class=\"clear\"><\/div><br \/>\n\n<style type=\"text\/css\" data-created_by=\"avia_inline_auto\" id=\"style-css-av-kunxlde9-536848171b5a7781cd949b40ec3ca8ef\">\n#top .av-special-heading.av-kunxlde9-536848171b5a7781cd949b40ec3ca8ef{\npadding-bottom:10px;\n}\nbody .av-special-heading.av-kunxlde9-536848171b5a7781cd949b40ec3ca8ef .av-special-heading-tag .heading-char{\nfont-size:25px;\n}\n.av-special-heading.av-kunxlde9-536848171b5a7781cd949b40ec3ca8ef .av-subheading{\nfont-size:15px;\n}\n<\/style>\n<div  id=\"gewuerze-einzeln\"  class='av-special-heading av-kunxlde9-536848171b5a7781cd949b40ec3ca8ef av-special-heading-h3 blockquote modern-quote modern-centered'><h3 class='av-special-heading-tag'  itemprop=\"headline\"  >\u00c9pices individuelles<\/h3><div class=\"special-heading-border\"><div class=\"special-heading-inner-border\"><\/div><\/div><\/div><br \/>\n<div  class='avia-product-slider-container av-kunxm5bp-cd876d63c6e943443763fdfd292e359a template-shop avia-content-slider avia-content-grid-active shop_columns_4 avia-content-slider-even av-slideshow-ui av-slider-hover-pause av-slideshow-manual av-loop-once av-loop-manual-endless avia-product-slider5' data-slideshow-options=\"{&quot;animation&quot;:&quot;fade&quot;,&quot;autoplay&quot;:false,&quot;loop_autoplay&quot;:&quot;once&quot;,&quot;interval&quot;:5,&quot;loop_manual&quot;:&quot;manual-endless&quot;,&quot;autoplay_stopper&quot;:false,&quot;noNavigation&quot;:false,&quot;bg_slider&quot;:false,&quot;keep_padding&quot;:false,&quot;hoverpause&quot;:true,&quot;show_slide_delay&quot;:0}\"><div class='avia-content-slider-inner'><ul class=\"products\"><li class=\"product type-product post-18484 status-publish first outofstock product_cat-gewuerze-einzeln has-post-thumbnail taxable shipping-taxable purchasable product-type-simple\">\n\t<div class='inner_product main_color wrapped_style noLightbox  av-product-class-'><a href=\"https:\/\/www.raffinessen.ch\/fr\/produit\/fermentierter-kampot-pfeffer-50-g\/\" class=\"woocommerce-LoopProduct-link woocommerce-loop-product__link\"><div class=\"thumbnail_container\"><img decoding=\"async\" loading=\"lazy\" width=\"500\" height=\"500\" src=\"https:\/\/www.raffinessen.ch\/webseite\/wp-content\/uploads\/2024\/11\/Fermentierter-Kampot-500x500.jpg\" class=\"wp-image-18485 avia-img-lazy-loading-18485 attachment-woocommerce_thumbnail size-woocommerce_thumbnail wp-post-image\" alt=\"\" srcset=\"https:\/\/www.raffinessen.ch\/webseite\/wp-content\/uploads\/2024\/11\/Fermentierter-Kampot-500x500.jpg 500w, https:\/\/www.raffinessen.ch\/webseite\/wp-content\/uploads\/2024\/11\/Fermentierter-Kampot-300x300.jpg 300w, https:\/\/www.raffinessen.ch\/webseite\/wp-content\/uploads\/2024\/11\/Fermentierter-Kampot-1030x1030.jpg 1030w, https:\/\/www.raffinessen.ch\/webseite\/wp-content\/uploads\/2024\/11\/Fermentierter-Kampot-80x80.jpg 80w, https:\/\/www.raffinessen.ch\/webseite\/wp-content\/uploads\/2024\/11\/Fermentierter-Kampot-768x768.jpg 768w, https:\/\/www.raffinessen.ch\/webseite\/wp-content\/uploads\/2024\/11\/Fermentierter-Kampot-12x12.jpg 12w, https:\/\/www.raffinessen.ch\/webseite\/wp-content\/uploads\/2024\/11\/Fermentierter-Kampot-36x36.jpg 36w, https:\/\/www.raffinessen.ch\/webseite\/wp-content\/uploads\/2024\/11\/Fermentierter-Kampot-180x180.jpg 180w, https:\/\/www.raffinessen.ch\/webseite\/wp-content\/uploads\/2024\/11\/Fermentierter-Kampot-705x705.jpg 705w, https:\/\/www.raffinessen.ch\/webseite\/wp-content\/uploads\/2024\/11\/Fermentierter-Kampot-120x120.jpg 120w, https:\/\/www.raffinessen.ch\/webseite\/wp-content\/uploads\/2024\/11\/Fermentierter-Kampot-450x450.jpg 450w, https:\/\/www.raffinessen.ch\/webseite\/wp-content\/uploads\/2024\/11\/Fermentierter-Kampot-400x400.jpg 400w, https:\/\/www.raffinessen.ch\/webseite\/wp-content\/uploads\/2024\/11\/Fermentierter-Kampot-600x600.jpg 600w, https:\/\/www.raffinessen.ch\/webseite\/wp-content\/uploads\/2024\/11\/Fermentierter-Kampot-1000x1000.jpg 1000w, https:\/\/www.raffinessen.ch\/webseite\/wp-content\/uploads\/2024\/11\/Fermentierter-Kampot-100x100.jpg 100w, https:\/\/www.raffinessen.ch\/webseite\/wp-content\/uploads\/2024\/11\/Fermentierter-Kampot.jpg 1500w\" sizes=\"auto, (max-width: 500px) 100vw, 500px\" \/><span class=\"cart-loading\"><\/span><\/div><div class='inner_product_header'><div class='avia-arrow'><\/div><div class='inner_product_header_table'><div class='inner_product_header_cell'><h2 class=\"woocommerce-loop-product__title\">Fermentierter Kampot Pfeffer (50 g)<\/h2>\n\t<span class=\"price\"><span class=\"woocommerce-Price-amount amount\"><bdi><span class=\"woocommerce-Price-currencySymbol\">&#67;&#72;&#70;<\/span>&nbsp;10.00<\/bdi><\/span> <small class=\"woocommerce-price-suffix\">TVA incluse<\/small><\/span>\n<\/div><\/div><\/div><\/a><div class='avia_cart_buttons'><a href=\"https:\/\/www.raffinessen.ch\/fr\/produit\/fermentierter-kampot-pfeffer-50-g\/\" aria-describedby=\"woocommerce_loop_add_to_cart_link_describedby_18484\" data-quantity=\"1\" class=\"button product_type_simple\" data-product_id=\"18484\" data-product_sku=\"R0058\" aria-label=\"En savoir plus sur \u201cFermentierter Kampot Pfeffer (50 g)\u201d\" rel=\"nofollow\" data-success_message=\"\" data-no-translation-aria-label=\"\"><span class=\"avia-svg-icon avia-font-svg_entypo-fontello\" data-av_svg_icon='basket' data-av_iconset='svg_entypo-fontello'><svg version=\"1.1\" xmlns=\"http:\/\/www.w3.org\/2000\/svg\" width=\"29\" height=\"32\" viewbox=\"0 0 29 32\" preserveaspectratio=\"xMidYMid meet\" aria-labelledby='av-svg-title-235' aria-describedby='av-svg-desc-235' role=\"graphics-symbol\" aria-hidden=\"true\">\n<title id='av-svg-title-235'>Ajouter au panier<\/title>\n<desc id='av-svg-desc-235'>Ajouter au panier<\/desc>\n<path d=\"M4.8 27.2q0-1.28 0.96-2.24t2.24-0.96q1.344 0 2.272 0.96t0.928 2.24q0 1.344-0.928 2.272t-2.272 0.928q-1.28 0-2.24-0.928t-0.96-2.272zM20.8 27.2q0-1.28 0.96-2.24t2.24-0.96q1.344 0 2.272 0.96t0.928 2.24q0 1.344-0.928 2.272t-2.272 0.928q-1.28 0-2.24-0.928t-0.96-2.272zM10.496 19.648q-1.152 0.32-1.088 0.736t1.408 0.416h17.984v2.432q0 0.64-0.64 0.64h-20.928q-0.64 0-0.64-0.64v-2.432l-0.32-1.472-3.136-14.528h-3.136v-2.56q0-0.64 0.64-0.64h4.992q0.64 0 0.64 0.64v2.752h22.528v8.768q0 0.704-0.576 0.832z\"><\/path>\n<\/svg><\/span>  Lire la suite<\/a>\t<span id=\"woocommerce_loop_add_to_cart_link_describedby_18484\" class=\"screen-reader-text\">\n\t\t\t<\/span>\n<a class=\"button show_details_button\" href=\"https:\/\/www.raffinessen.ch\/fr\/produit\/fermentierter-kampot-pfeffer-50-g\/\"><span class=\"avia-svg-icon avia-font-svg_entypo-fontello\" data-av_svg_icon='doc-text' data-av_iconset='svg_entypo-fontello'><svg version=\"1.1\" xmlns=\"http:\/\/www.w3.org\/2000\/svg\" width=\"22\" height=\"32\" viewbox=\"0 0 22 32\" preserveaspectratio=\"xMidYMid meet\" aria-labelledby='av-svg-title-236' aria-describedby='av-svg-desc-236' role=\"graphics-symbol\" aria-hidden=\"true\">\n<title id='av-svg-title-236'>Voir les d\u00e9tails<\/title>\n<desc id='av-svg-desc-236'>Voir les d\u00e9tails<\/desc>\n<path d=\"M6.784 17.344v-2.88h8.96v2.88h-8.96zM19.2 1.6q1.344 0 2.272 0.928t0.928 2.272v22.4q0 1.28-0.928 2.24t-2.272 0.96h-16q-1.28 0-2.24-0.96t-0.96-2.24v-22.4q0-1.344 0.96-2.272t2.24-0.928h16zM19.2 27.2v-22.4h-16v22.4h16zM15.68 8.256v2.816h-8.96v-2.816h8.96zM15.68 20.8v2.816h-8.96v-2.816h8.96z\"><\/path>\n<\/svg><\/span>  Voir les d\u00e9tails<\/a> <span class=\"button-mini-delimiter\"><\/span><\/div><\/div><\/li>\n<li class=\"product type-product post-1880 status-publish instock product_cat-einzel-gewuerze product_cat-gewuerze-einzeln product_cat-unkategorisiert has-post-thumbnail taxable shipping-taxable purchasable product-type-simple\">\n\t<div class='inner_product main_color wrapped_style noLightbox  av-product-class-'><a href=\"https:\/\/www.raffinessen.ch\/fr\/produit\/probier-set-roter-kampot-pfeffer-50\/\" class=\"woocommerce-LoopProduct-link woocommerce-loop-product__link\"><div class=\"thumbnail_container\"><img loading=\"lazy\" decoding=\"async\" width=\"500\" height=\"500\" src=\"https:\/\/www.raffinessen.ch\/webseite\/wp-content\/uploads\/2016\/10\/roter-kampot-pfeffer-beutel-500x500.jpg\" class=\"attachment-woocommerce_thumbnail avia-product-hover\" alt=\"\" srcset=\"https:\/\/www.raffinessen.ch\/webseite\/wp-content\/uploads\/2016\/10\/roter-kampot-pfeffer-beutel-500x500.jpg 500w, https:\/\/www.raffinessen.ch\/webseite\/wp-content\/uploads\/2016\/10\/roter-kampot-pfeffer-beutel-80x80.jpg 80w, https:\/\/www.raffinessen.ch\/webseite\/wp-content\/uploads\/2016\/10\/roter-kampot-pfeffer-beutel-300x300.jpg 300w, https:\/\/www.raffinessen.ch\/webseite\/wp-content\/uploads\/2016\/10\/roter-kampot-pfeffer-beutel-768x768.jpg 768w, https:\/\/www.raffinessen.ch\/webseite\/wp-content\/uploads\/2016\/10\/roter-kampot-pfeffer-beutel-1030x1030.jpg 1030w, https:\/\/www.raffinessen.ch\/webseite\/wp-content\/uploads\/2016\/10\/roter-kampot-pfeffer-beutel-36x36.jpg 36w, https:\/\/www.raffinessen.ch\/webseite\/wp-content\/uploads\/2016\/10\/roter-kampot-pfeffer-beutel-180x180.jpg 180w, https:\/\/www.raffinessen.ch\/webseite\/wp-content\/uploads\/2016\/10\/roter-kampot-pfeffer-beutel-1500x1500.jpg 1500w, https:\/\/www.raffinessen.ch\/webseite\/wp-content\/uploads\/2016\/10\/roter-kampot-pfeffer-beutel-705x705.jpg 705w, https:\/\/www.raffinessen.ch\/webseite\/wp-content\/uploads\/2016\/10\/roter-kampot-pfeffer-beutel-100x100.jpg 100w, https:\/\/www.raffinessen.ch\/webseite\/wp-content\/uploads\/2016\/10\/roter-kampot-pfeffer-beutel-1000x1000.jpg 1000w, https:\/\/www.raffinessen.ch\/webseite\/wp-content\/uploads\/2016\/10\/roter-kampot-pfeffer-beutel.jpg 2000w\" sizes=\"auto, (max-width: 500px) 100vw, 500px\" \/><img decoding=\"async\" loading=\"lazy\" width=\"500\" height=\"500\" src=\"https:\/\/www.raffinessen.ch\/webseite\/wp-content\/uploads\/2018\/12\/roter-kampot-pfeffer-500x500.jpg\" class=\"wp-image-3806 avia-img-lazy-loading-3806 attachment-woocommerce_thumbnail size-woocommerce_thumbnail wp-post-image\" alt=\"\" srcset=\"https:\/\/www.raffinessen.ch\/webseite\/wp-content\/uploads\/2018\/12\/roter-kampot-pfeffer-500x500.jpg 500w, https:\/\/www.raffinessen.ch\/webseite\/wp-content\/uploads\/2018\/12\/roter-kampot-pfeffer-80x80.jpg 80w, https:\/\/www.raffinessen.ch\/webseite\/wp-content\/uploads\/2018\/12\/roter-kampot-pfeffer-300x300.jpg 300w, https:\/\/www.raffinessen.ch\/webseite\/wp-content\/uploads\/2018\/12\/roter-kampot-pfeffer-768x768.jpg 768w, https:\/\/www.raffinessen.ch\/webseite\/wp-content\/uploads\/2018\/12\/roter-kampot-pfeffer-1030x1030.jpg 1030w, https:\/\/www.raffinessen.ch\/webseite\/wp-content\/uploads\/2018\/12\/roter-kampot-pfeffer-36x36.jpg 36w, https:\/\/www.raffinessen.ch\/webseite\/wp-content\/uploads\/2018\/12\/roter-kampot-pfeffer-180x180.jpg 180w, https:\/\/www.raffinessen.ch\/webseite\/wp-content\/uploads\/2018\/12\/roter-kampot-pfeffer-1500x1500.jpg 1500w, https:\/\/www.raffinessen.ch\/webseite\/wp-content\/uploads\/2018\/12\/roter-kampot-pfeffer-705x705.jpg 705w, https:\/\/www.raffinessen.ch\/webseite\/wp-content\/uploads\/2018\/12\/roter-kampot-pfeffer-100x100.jpg 100w, https:\/\/www.raffinessen.ch\/webseite\/wp-content\/uploads\/2018\/12\/roter-kampot-pfeffer-1000x1000.jpg 1000w, https:\/\/www.raffinessen.ch\/webseite\/wp-content\/uploads\/2018\/12\/roter-kampot-pfeffer.jpg 2000w\" sizes=\"auto, (max-width: 500px) 100vw, 500px\" \/><span class=\"cart-loading\"><\/span><\/div><div class='inner_product_header'><div class='avia-arrow'><\/div><div class='inner_product_header_table'><div class='inner_product_header_cell'><h2 class=\"woocommerce-loop-product__title\">poivre rouge de Kampot (50 g)<\/h2>\n\t<span class=\"price\"><span class=\"woocommerce-Price-amount amount\"><bdi><span class=\"woocommerce-Price-currencySymbol\">&#67;&#72;&#70;<\/span>&nbsp;10.00<\/bdi><\/span> <small class=\"woocommerce-price-suffix\">TVA incluse<\/small><\/span>\n<\/div><\/div><\/div><\/a><div class='avia_cart_buttons'><a href=\"\/fr\/wp-json\/wp\/v2\/pages\/9012?add-to-cart=1880\" aria-describedby=\"woocommerce_loop_add_to_cart_link_describedby_1880\" data-quantity=\"1\" class=\"button product_type_simple add_to_cart_button ajax_add_to_cart\" data-product_id=\"1880\" data-product_sku=\"FPO-R0028-50\" aria-label=\"Ajouter au panier\u00a0: \u201croter Kampot Pfeffer (50 g)\u201d\" rel=\"nofollow\" data-success_message=\"\u00ab\u00a0roter Kampot Pfeffer (50 g)\u00a0\u00bb a \u00e9t\u00e9 ajout\u00e9 \u00e0 votre panier\" role=\"button\" data-no-translation-aria-label=\"\" data-no-translation-data-success_message=\"\"><span class=\"avia-svg-icon avia-font-svg_entypo-fontello\" data-av_svg_icon='basket' data-av_iconset='svg_entypo-fontello'><svg version=\"1.1\" xmlns=\"http:\/\/www.w3.org\/2000\/svg\" width=\"29\" height=\"32\" viewbox=\"0 0 29 32\" preserveaspectratio=\"xMidYMid meet\" aria-labelledby='av-svg-title-237' aria-describedby='av-svg-desc-237' role=\"graphics-symbol\" aria-hidden=\"true\">\n<title id='av-svg-title-237'>Ajouter au panier<\/title>\n<desc id='av-svg-desc-237'>Ajouter au panier<\/desc>\n<path d=\"M4.8 27.2q0-1.28 0.96-2.24t2.24-0.96q1.344 0 2.272 0.96t0.928 2.24q0 1.344-0.928 2.272t-2.272 0.928q-1.28 0-2.24-0.928t-0.96-2.272zM20.8 27.2q0-1.28 0.96-2.24t2.24-0.96q1.344 0 2.272 0.96t0.928 2.24q0 1.344-0.928 2.272t-2.272 0.928q-1.28 0-2.24-0.928t-0.96-2.272zM10.496 19.648q-1.152 0.32-1.088 0.736t1.408 0.416h17.984v2.432q0 0.64-0.64 0.64h-20.928q-0.64 0-0.64-0.64v-2.432l-0.32-1.472-3.136-14.528h-3.136v-2.56q0-0.64 0.64-0.64h4.992q0.64 0 0.64 0.64v2.752h22.528v8.768q0 0.704-0.576 0.832z\"><\/path>\n<\/svg><\/span>  Ajouter au panier<\/a>\t<span id=\"woocommerce_loop_add_to_cart_link_describedby_1880\" class=\"screen-reader-text\">\n\t\t\t<\/span>\n<a class=\"button show_details_button\" href=\"https:\/\/www.raffinessen.ch\/fr\/produit\/probier-set-roter-kampot-pfeffer-50\/\"><span class=\"avia-svg-icon avia-font-svg_entypo-fontello\" data-av_svg_icon='doc-text' data-av_iconset='svg_entypo-fontello'><svg version=\"1.1\" xmlns=\"http:\/\/www.w3.org\/2000\/svg\" width=\"22\" height=\"32\" viewbox=\"0 0 22 32\" preserveaspectratio=\"xMidYMid meet\" aria-labelledby='av-svg-title-238' aria-describedby='av-svg-desc-238' role=\"graphics-symbol\" aria-hidden=\"true\">\n<title id='av-svg-title-238'>Voir les d\u00e9tails<\/title>\n<desc id='av-svg-desc-238'>Voir les d\u00e9tails<\/desc>\n<path d=\"M6.784 17.344v-2.88h8.96v2.88h-8.96zM19.2 1.6q1.344 0 2.272 0.928t0.928 2.272v22.4q0 1.28-0.928 2.24t-2.272 0.96h-16q-1.28 0-2.24-0.96t-0.96-2.24v-22.4q0-1.344 0.96-2.272t2.24-0.928h16zM19.2 27.2v-22.4h-16v22.4h16zM15.68 8.256v2.816h-8.96v-2.816h8.96zM15.68 20.8v2.816h-8.96v-2.816h8.96z\"><\/path>\n<\/svg><\/span>  Voir les d\u00e9tails<\/a> <span class=\"button-mini-delimiter\"><\/span><\/div><\/div><\/li>\n<li class=\"product type-product post-1888 status-publish instock product_cat-einzel-gewuerze product_cat-gewuerze-einzeln product_cat-unkategorisiert has-post-thumbnail taxable shipping-taxable purchasable product-type-simple\">\n\t<div class='inner_product main_color wrapped_style noLightbox  av-product-class-'><a href=\"https:\/\/www.raffinessen.ch\/fr\/produit\/roter-kampot-pfeffer-333\/\" class=\"woocommerce-LoopProduct-link woocommerce-loop-product__link\"><div class=\"thumbnail_container\"><img loading=\"lazy\" decoding=\"async\" width=\"500\" height=\"500\" src=\"https:\/\/www.raffinessen.ch\/webseite\/wp-content\/uploads\/2018\/12\/investment-roter-kampot-pfeffer-500x500.jpg\" class=\"attachment-woocommerce_thumbnail avia-product-hover\" alt=\"\" srcset=\"https:\/\/www.raffinessen.ch\/webseite\/wp-content\/uploads\/2018\/12\/investment-roter-kampot-pfeffer-500x500.jpg 500w, https:\/\/www.raffinessen.ch\/webseite\/wp-content\/uploads\/2018\/12\/investment-roter-kampot-pfeffer-80x80.jpg 80w, https:\/\/www.raffinessen.ch\/webseite\/wp-content\/uploads\/2018\/12\/investment-roter-kampot-pfeffer-300x300.jpg 300w, https:\/\/www.raffinessen.ch\/webseite\/wp-content\/uploads\/2018\/12\/investment-roter-kampot-pfeffer-768x768.jpg 768w, https:\/\/www.raffinessen.ch\/webseite\/wp-content\/uploads\/2018\/12\/investment-roter-kampot-pfeffer-1030x1030.jpg 1030w, https:\/\/www.raffinessen.ch\/webseite\/wp-content\/uploads\/2018\/12\/investment-roter-kampot-pfeffer-36x36.jpg 36w, https:\/\/www.raffinessen.ch\/webseite\/wp-content\/uploads\/2018\/12\/investment-roter-kampot-pfeffer-180x180.jpg 180w, https:\/\/www.raffinessen.ch\/webseite\/wp-content\/uploads\/2018\/12\/investment-roter-kampot-pfeffer-1500x1500.jpg 1500w, https:\/\/www.raffinessen.ch\/webseite\/wp-content\/uploads\/2018\/12\/investment-roter-kampot-pfeffer-705x705.jpg 705w, https:\/\/www.raffinessen.ch\/webseite\/wp-content\/uploads\/2018\/12\/investment-roter-kampot-pfeffer-100x100.jpg 100w, https:\/\/www.raffinessen.ch\/webseite\/wp-content\/uploads\/2018\/12\/investment-roter-kampot-pfeffer-1000x1000.jpg 1000w, https:\/\/www.raffinessen.ch\/webseite\/wp-content\/uploads\/2018\/12\/investment-roter-kampot-pfeffer.jpg 2000w\" sizes=\"auto, (max-width: 500px) 100vw, 500px\" \/><img decoding=\"async\" loading=\"lazy\" width=\"500\" height=\"500\" src=\"https:\/\/www.raffinessen.ch\/webseite\/wp-content\/uploads\/2018\/12\/roter-kampot-pfeffer-500x500.jpg\" class=\"wp-image-3806 avia-img-lazy-loading-3806 attachment-woocommerce_thumbnail size-woocommerce_thumbnail wp-post-image\" alt=\"\" srcset=\"https:\/\/www.raffinessen.ch\/webseite\/wp-content\/uploads\/2018\/12\/roter-kampot-pfeffer-500x500.jpg 500w, https:\/\/www.raffinessen.ch\/webseite\/wp-content\/uploads\/2018\/12\/roter-kampot-pfeffer-80x80.jpg 80w, https:\/\/www.raffinessen.ch\/webseite\/wp-content\/uploads\/2018\/12\/roter-kampot-pfeffer-300x300.jpg 300w, https:\/\/www.raffinessen.ch\/webseite\/wp-content\/uploads\/2018\/12\/roter-kampot-pfeffer-768x768.jpg 768w, https:\/\/www.raffinessen.ch\/webseite\/wp-content\/uploads\/2018\/12\/roter-kampot-pfeffer-1030x1030.jpg 1030w, https:\/\/www.raffinessen.ch\/webseite\/wp-content\/uploads\/2018\/12\/roter-kampot-pfeffer-36x36.jpg 36w, https:\/\/www.raffinessen.ch\/webseite\/wp-content\/uploads\/2018\/12\/roter-kampot-pfeffer-180x180.jpg 180w, https:\/\/www.raffinessen.ch\/webseite\/wp-content\/uploads\/2018\/12\/roter-kampot-pfeffer-1500x1500.jpg 1500w, https:\/\/www.raffinessen.ch\/webseite\/wp-content\/uploads\/2018\/12\/roter-kampot-pfeffer-705x705.jpg 705w, https:\/\/www.raffinessen.ch\/webseite\/wp-content\/uploads\/2018\/12\/roter-kampot-pfeffer-100x100.jpg 100w, https:\/\/www.raffinessen.ch\/webseite\/wp-content\/uploads\/2018\/12\/roter-kampot-pfeffer-1000x1000.jpg 1000w, https:\/\/www.raffinessen.ch\/webseite\/wp-content\/uploads\/2018\/12\/roter-kampot-pfeffer.jpg 2000w\" sizes=\"auto, (max-width: 500px) 100vw, 500px\" \/><span class=\"cart-loading\"><\/span><\/div><div class='inner_product_header'><div class='avia-arrow'><\/div><div class='inner_product_header_table'><div class='inner_product_header_cell'><h2 class=\"woocommerce-loop-product__title\">poivre rouge de Kampot (333 g)<\/h2>\n\t<span class=\"price\"><span class=\"woocommerce-Price-amount amount\"><bdi><span class=\"woocommerce-Price-currencySymbol\">&#67;&#72;&#70;<\/span>&nbsp;65.00<\/bdi><\/span> <small class=\"woocommerce-price-suffix\">TVA incluse<\/small><\/span>\n<\/div><\/div><\/div><\/a><div class='avia_cart_buttons'><a href=\"\/fr\/wp-json\/wp\/v2\/pages\/9012?add-to-cart=1888\" aria-describedby=\"woocommerce_loop_add_to_cart_link_describedby_1888\" data-quantity=\"1\" class=\"button product_type_simple add_to_cart_button ajax_add_to_cart\" data-product_id=\"1888\" data-product_sku=\"FPO-R0028-333\" aria-label=\"Ajouter au panier\u00a0: \u201croter Kampot Pfeffer (333 g)\u201d\" rel=\"nofollow\" data-success_message=\"\u00ab\u00a0roter Kampot Pfeffer (333 g)\u00a0\u00bb a \u00e9t\u00e9 ajout\u00e9 \u00e0 votre panier\" role=\"button\" data-no-translation-aria-label=\"\" data-no-translation-data-success_message=\"\"><span class=\"avia-svg-icon avia-font-svg_entypo-fontello\" data-av_svg_icon='basket' data-av_iconset='svg_entypo-fontello'><svg version=\"1.1\" xmlns=\"http:\/\/www.w3.org\/2000\/svg\" width=\"29\" height=\"32\" viewbox=\"0 0 29 32\" preserveaspectratio=\"xMidYMid meet\" aria-labelledby='av-svg-title-239' aria-describedby='av-svg-desc-239' role=\"graphics-symbol\" aria-hidden=\"true\">\n<title id='av-svg-title-239'>Ajouter au panier<\/title>\n<desc id='av-svg-desc-239'>Ajouter au panier<\/desc>\n<path d=\"M4.8 27.2q0-1.28 0.96-2.24t2.24-0.96q1.344 0 2.272 0.96t0.928 2.24q0 1.344-0.928 2.272t-2.272 0.928q-1.28 0-2.24-0.928t-0.96-2.272zM20.8 27.2q0-1.28 0.96-2.24t2.24-0.96q1.344 0 2.272 0.96t0.928 2.24q0 1.344-0.928 2.272t-2.272 0.928q-1.28 0-2.24-0.928t-0.96-2.272zM10.496 19.648q-1.152 0.32-1.088 0.736t1.408 0.416h17.984v2.432q0 0.64-0.64 0.64h-20.928q-0.64 0-0.64-0.64v-2.432l-0.32-1.472-3.136-14.528h-3.136v-2.56q0-0.64 0.64-0.64h4.992q0.64 0 0.64 0.64v2.752h22.528v8.768q0 0.704-0.576 0.832z\"><\/path>\n<\/svg><\/span>  Ajouter au panier<\/a>\t<span id=\"woocommerce_loop_add_to_cart_link_describedby_1888\" class=\"screen-reader-text\">\n\t\t\t<\/span>\n<a class=\"button show_details_button\" href=\"https:\/\/www.raffinessen.ch\/fr\/produit\/roter-kampot-pfeffer-333\/\"><span class=\"avia-svg-icon avia-font-svg_entypo-fontello\" data-av_svg_icon='doc-text' data-av_iconset='svg_entypo-fontello'><svg version=\"1.1\" xmlns=\"http:\/\/www.w3.org\/2000\/svg\" width=\"22\" height=\"32\" viewbox=\"0 0 22 32\" preserveaspectratio=\"xMidYMid meet\" aria-labelledby='av-svg-title-240' aria-describedby='av-svg-desc-240' role=\"graphics-symbol\" aria-hidden=\"true\">\n<title id='av-svg-title-240'>Voir les d\u00e9tails<\/title>\n<desc id='av-svg-desc-240'>Voir les d\u00e9tails<\/desc>\n<path d=\"M6.784 17.344v-2.88h8.96v2.88h-8.96zM19.2 1.6q1.344 0 2.272 0.928t0.928 2.272v22.4q0 1.28-0.928 2.24t-2.272 0.96h-16q-1.28 0-2.24-0.96t-0.96-2.24v-22.4q0-1.344 0.96-2.272t2.24-0.928h16zM19.2 27.2v-22.4h-16v22.4h16zM15.68 8.256v2.816h-8.96v-2.816h8.96zM15.68 20.8v2.816h-8.96v-2.816h8.96z\"><\/path>\n<\/svg><\/span>  Voir les d\u00e9tails<\/a> <span class=\"button-mini-delimiter\"><\/span><\/div><\/div><\/li>\n<li class=\"product type-product post-1931 status-publish last instock product_cat-einzel-gewuerze product_cat-gewuerze-einzeln product_cat-unkategorisiert has-post-thumbnail taxable shipping-taxable purchasable product-type-simple\">\n\t<div class='inner_product main_color wrapped_style noLightbox  av-product-class-'><a href=\"https:\/\/www.raffinessen.ch\/fr\/produit\/roter-kampot-pfeffer-1000\/\" class=\"woocommerce-LoopProduct-link woocommerce-loop-product__link\"><div class=\"thumbnail_container\"><img loading=\"lazy\" decoding=\"async\" width=\"500\" height=\"500\" src=\"https:\/\/www.raffinessen.ch\/webseite\/wp-content\/uploads\/2018\/12\/investment-roter-kampot-pfeffer-500x500.jpg\" class=\"attachment-woocommerce_thumbnail avia-product-hover\" alt=\"\" srcset=\"https:\/\/www.raffinessen.ch\/webseite\/wp-content\/uploads\/2018\/12\/investment-roter-kampot-pfeffer-500x500.jpg 500w, https:\/\/www.raffinessen.ch\/webseite\/wp-content\/uploads\/2018\/12\/investment-roter-kampot-pfeffer-80x80.jpg 80w, https:\/\/www.raffinessen.ch\/webseite\/wp-content\/uploads\/2018\/12\/investment-roter-kampot-pfeffer-300x300.jpg 300w, https:\/\/www.raffinessen.ch\/webseite\/wp-content\/uploads\/2018\/12\/investment-roter-kampot-pfeffer-768x768.jpg 768w, https:\/\/www.raffinessen.ch\/webseite\/wp-content\/uploads\/2018\/12\/investment-roter-kampot-pfeffer-1030x1030.jpg 1030w, https:\/\/www.raffinessen.ch\/webseite\/wp-content\/uploads\/2018\/12\/investment-roter-kampot-pfeffer-36x36.jpg 36w, https:\/\/www.raffinessen.ch\/webseite\/wp-content\/uploads\/2018\/12\/investment-roter-kampot-pfeffer-180x180.jpg 180w, https:\/\/www.raffinessen.ch\/webseite\/wp-content\/uploads\/2018\/12\/investment-roter-kampot-pfeffer-1500x1500.jpg 1500w, https:\/\/www.raffinessen.ch\/webseite\/wp-content\/uploads\/2018\/12\/investment-roter-kampot-pfeffer-705x705.jpg 705w, https:\/\/www.raffinessen.ch\/webseite\/wp-content\/uploads\/2018\/12\/investment-roter-kampot-pfeffer-100x100.jpg 100w, https:\/\/www.raffinessen.ch\/webseite\/wp-content\/uploads\/2018\/12\/investment-roter-kampot-pfeffer-1000x1000.jpg 1000w, https:\/\/www.raffinessen.ch\/webseite\/wp-content\/uploads\/2018\/12\/investment-roter-kampot-pfeffer.jpg 2000w\" sizes=\"auto, (max-width: 500px) 100vw, 500px\" \/><img decoding=\"async\" loading=\"lazy\" width=\"500\" height=\"500\" src=\"https:\/\/www.raffinessen.ch\/webseite\/wp-content\/uploads\/2018\/12\/roter-kampot-pfeffer-500x500.jpg\" class=\"wp-image-3806 avia-img-lazy-loading-3806 attachment-woocommerce_thumbnail size-woocommerce_thumbnail wp-post-image\" alt=\"\" srcset=\"https:\/\/www.raffinessen.ch\/webseite\/wp-content\/uploads\/2018\/12\/roter-kampot-pfeffer-500x500.jpg 500w, https:\/\/www.raffinessen.ch\/webseite\/wp-content\/uploads\/2018\/12\/roter-kampot-pfeffer-80x80.jpg 80w, https:\/\/www.raffinessen.ch\/webseite\/wp-content\/uploads\/2018\/12\/roter-kampot-pfeffer-300x300.jpg 300w, https:\/\/www.raffinessen.ch\/webseite\/wp-content\/uploads\/2018\/12\/roter-kampot-pfeffer-768x768.jpg 768w, https:\/\/www.raffinessen.ch\/webseite\/wp-content\/uploads\/2018\/12\/roter-kampot-pfeffer-1030x1030.jpg 1030w, https:\/\/www.raffinessen.ch\/webseite\/wp-content\/uploads\/2018\/12\/roter-kampot-pfeffer-36x36.jpg 36w, https:\/\/www.raffinessen.ch\/webseite\/wp-content\/uploads\/2018\/12\/roter-kampot-pfeffer-180x180.jpg 180w, https:\/\/www.raffinessen.ch\/webseite\/wp-content\/uploads\/2018\/12\/roter-kampot-pfeffer-1500x1500.jpg 1500w, https:\/\/www.raffinessen.ch\/webseite\/wp-content\/uploads\/2018\/12\/roter-kampot-pfeffer-705x705.jpg 705w, https:\/\/www.raffinessen.ch\/webseite\/wp-content\/uploads\/2018\/12\/roter-kampot-pfeffer-100x100.jpg 100w, https:\/\/www.raffinessen.ch\/webseite\/wp-content\/uploads\/2018\/12\/roter-kampot-pfeffer-1000x1000.jpg 1000w, https:\/\/www.raffinessen.ch\/webseite\/wp-content\/uploads\/2018\/12\/roter-kampot-pfeffer.jpg 2000w\" sizes=\"auto, (max-width: 500px) 100vw, 500px\" \/><span class=\"cart-loading\"><\/span><\/div><div class='inner_product_header'><div class='avia-arrow'><\/div><div class='inner_product_header_table'><div class='inner_product_header_cell'><h2 class=\"woocommerce-loop-product__title\">poivre rouge de Kampot (1000 g)<\/h2>\n\t<span class=\"price\"><span class=\"woocommerce-Price-amount amount\"><bdi><span class=\"woocommerce-Price-currencySymbol\">&#67;&#72;&#70;<\/span>&nbsp;150.00<\/bdi><\/span> <small class=\"woocommerce-price-suffix\">TVA incluse<\/small><\/span>\n<\/div><\/div><\/div><\/a><div class='avia_cart_buttons'><a href=\"\/fr\/wp-json\/wp\/v2\/pages\/9012?add-to-cart=1931\" aria-describedby=\"woocommerce_loop_add_to_cart_link_describedby_1931\" data-quantity=\"1\" class=\"button product_type_simple add_to_cart_button ajax_add_to_cart\" data-product_id=\"1931\" data-product_sku=\"FPO-R0028-1000\" aria-label=\"Ajouter au panier\u00a0: \u201croter Kampot Pfeffer (1000 g)\u201d\" rel=\"nofollow\" data-success_message=\"\u00ab\u00a0roter Kampot Pfeffer (1000 g)\u00a0\u00bb a \u00e9t\u00e9 ajout\u00e9 \u00e0 votre panier\" role=\"button\" data-no-translation-aria-label=\"\" data-no-translation-data-success_message=\"\"><span class=\"avia-svg-icon avia-font-svg_entypo-fontello\" data-av_svg_icon='basket' data-av_iconset='svg_entypo-fontello'><svg version=\"1.1\" xmlns=\"http:\/\/www.w3.org\/2000\/svg\" width=\"29\" height=\"32\" viewbox=\"0 0 29 32\" preserveaspectratio=\"xMidYMid meet\" aria-labelledby='av-svg-title-241' aria-describedby='av-svg-desc-241' role=\"graphics-symbol\" aria-hidden=\"true\">\n<title id='av-svg-title-241'>Ajouter au panier<\/title>\n<desc id='av-svg-desc-241'>Ajouter au panier<\/desc>\n<path d=\"M4.8 27.2q0-1.28 0.96-2.24t2.24-0.96q1.344 0 2.272 0.96t0.928 2.24q0 1.344-0.928 2.272t-2.272 0.928q-1.28 0-2.24-0.928t-0.96-2.272zM20.8 27.2q0-1.28 0.96-2.24t2.24-0.96q1.344 0 2.272 0.96t0.928 2.24q0 1.344-0.928 2.272t-2.272 0.928q-1.28 0-2.24-0.928t-0.96-2.272zM10.496 19.648q-1.152 0.32-1.088 0.736t1.408 0.416h17.984v2.432q0 0.64-0.64 0.64h-20.928q-0.64 0-0.64-0.64v-2.432l-0.32-1.472-3.136-14.528h-3.136v-2.56q0-0.64 0.64-0.64h4.992q0.64 0 0.64 0.64v2.752h22.528v8.768q0 0.704-0.576 0.832z\"><\/path>\n<\/svg><\/span>  Ajouter au panier<\/a>\t<span id=\"woocommerce_loop_add_to_cart_link_describedby_1931\" class=\"screen-reader-text\">\n\t\t\t<\/span>\n<a class=\"button show_details_button\" href=\"https:\/\/www.raffinessen.ch\/fr\/produit\/roter-kampot-pfeffer-1000\/\"><span class=\"avia-svg-icon avia-font-svg_entypo-fontello\" data-av_svg_icon='doc-text' data-av_iconset='svg_entypo-fontello'><svg version=\"1.1\" xmlns=\"http:\/\/www.w3.org\/2000\/svg\" width=\"22\" height=\"32\" viewbox=\"0 0 22 32\" preserveaspectratio=\"xMidYMid meet\" aria-labelledby='av-svg-title-242' aria-describedby='av-svg-desc-242' role=\"graphics-symbol\" aria-hidden=\"true\">\n<title id='av-svg-title-242'>Voir les d\u00e9tails<\/title>\n<desc id='av-svg-desc-242'>Voir les d\u00e9tails<\/desc>\n<path d=\"M6.784 17.344v-2.88h8.96v2.88h-8.96zM19.2 1.6q1.344 0 2.272 0.928t0.928 2.272v22.4q0 1.28-0.928 2.24t-2.272 0.96h-16q-1.28 0-2.24-0.96t-0.96-2.24v-22.4q0-1.344 0.96-2.272t2.24-0.928h16zM19.2 27.2v-22.4h-16v22.4h16zM15.68 8.256v2.816h-8.96v-2.816h8.96zM15.68 20.8v2.816h-8.96v-2.816h8.96z\"><\/path>\n<\/svg><\/span>  Voir les d\u00e9tails<\/a> <span class=\"button-mini-delimiter\"><\/span><\/div><\/div><\/li>\n<li class=\"product type-product post-2622 status-publish first instock product_cat-einzel-gewuerze product_cat-gewuerze-einzeln product_cat-unkategorisiert has-post-thumbnail taxable shipping-taxable purchasable product-type-simple\">\n\t<div class='inner_product main_color wrapped_style noLightbox  av-product-class-'><a href=\"https:\/\/www.raffinessen.ch\/fr\/produit\/roter-und-schwarzer-kampot-pfeffer-je-333\/\" class=\"woocommerce-LoopProduct-link woocommerce-loop-product__link\"><div class=\"thumbnail_container\"><img loading=\"lazy\" decoding=\"async\" width=\"500\" height=\"500\" src=\"https:\/\/www.raffinessen.ch\/webseite\/wp-content\/uploads\/2018\/12\/investment-roter-schwarzer-kampot-pfeffer-500x500.jpg\" class=\"attachment-woocommerce_thumbnail avia-product-hover\" alt=\"\" srcset=\"https:\/\/www.raffinessen.ch\/webseite\/wp-content\/uploads\/2018\/12\/investment-roter-schwarzer-kampot-pfeffer-500x500.jpg 500w, https:\/\/www.raffinessen.ch\/webseite\/wp-content\/uploads\/2018\/12\/investment-roter-schwarzer-kampot-pfeffer-80x80.jpg 80w, https:\/\/www.raffinessen.ch\/webseite\/wp-content\/uploads\/2018\/12\/investment-roter-schwarzer-kampot-pfeffer-300x300.jpg 300w, https:\/\/www.raffinessen.ch\/webseite\/wp-content\/uploads\/2018\/12\/investment-roter-schwarzer-kampot-pfeffer-768x768.jpg 768w, https:\/\/www.raffinessen.ch\/webseite\/wp-content\/uploads\/2018\/12\/investment-roter-schwarzer-kampot-pfeffer-1030x1030.jpg 1030w, https:\/\/www.raffinessen.ch\/webseite\/wp-content\/uploads\/2018\/12\/investment-roter-schwarzer-kampot-pfeffer-36x36.jpg 36w, https:\/\/www.raffinessen.ch\/webseite\/wp-content\/uploads\/2018\/12\/investment-roter-schwarzer-kampot-pfeffer-180x180.jpg 180w, https:\/\/www.raffinessen.ch\/webseite\/wp-content\/uploads\/2018\/12\/investment-roter-schwarzer-kampot-pfeffer-1500x1500.jpg 1500w, https:\/\/www.raffinessen.ch\/webseite\/wp-content\/uploads\/2018\/12\/investment-roter-schwarzer-kampot-pfeffer-705x705.jpg 705w, https:\/\/www.raffinessen.ch\/webseite\/wp-content\/uploads\/2018\/12\/investment-roter-schwarzer-kampot-pfeffer-100x100.jpg 100w, https:\/\/www.raffinessen.ch\/webseite\/wp-content\/uploads\/2018\/12\/investment-roter-schwarzer-kampot-pfeffer-1000x1000.jpg 1000w, https:\/\/www.raffinessen.ch\/webseite\/wp-content\/uploads\/2018\/12\/investment-roter-schwarzer-kampot-pfeffer.jpg 2000w\" sizes=\"auto, (max-width: 500px) 100vw, 500px\" \/><img decoding=\"async\" loading=\"lazy\" width=\"500\" height=\"500\" src=\"https:\/\/www.raffinessen.ch\/webseite\/wp-content\/uploads\/2018\/12\/roter-schwarzer-kampot-pfeffer-500x500.jpg\" class=\"wp-image-3809 avia-img-lazy-loading-3809 attachment-woocommerce_thumbnail size-woocommerce_thumbnail wp-post-image\" alt=\"\" srcset=\"https:\/\/www.raffinessen.ch\/webseite\/wp-content\/uploads\/2018\/12\/roter-schwarzer-kampot-pfeffer-500x500.jpg 500w, https:\/\/www.raffinessen.ch\/webseite\/wp-content\/uploads\/2018\/12\/roter-schwarzer-kampot-pfeffer-80x80.jpg 80w, https:\/\/www.raffinessen.ch\/webseite\/wp-content\/uploads\/2018\/12\/roter-schwarzer-kampot-pfeffer-300x300.jpg 300w, https:\/\/www.raffinessen.ch\/webseite\/wp-content\/uploads\/2018\/12\/roter-schwarzer-kampot-pfeffer-768x768.jpg 768w, https:\/\/www.raffinessen.ch\/webseite\/wp-content\/uploads\/2018\/12\/roter-schwarzer-kampot-pfeffer-1030x1030.jpg 1030w, https:\/\/www.raffinessen.ch\/webseite\/wp-content\/uploads\/2018\/12\/roter-schwarzer-kampot-pfeffer-36x36.jpg 36w, https:\/\/www.raffinessen.ch\/webseite\/wp-content\/uploads\/2018\/12\/roter-schwarzer-kampot-pfeffer-180x180.jpg 180w, https:\/\/www.raffinessen.ch\/webseite\/wp-content\/uploads\/2018\/12\/roter-schwarzer-kampot-pfeffer-1500x1500.jpg 1500w, https:\/\/www.raffinessen.ch\/webseite\/wp-content\/uploads\/2018\/12\/roter-schwarzer-kampot-pfeffer-705x705.jpg 705w, https:\/\/www.raffinessen.ch\/webseite\/wp-content\/uploads\/2018\/12\/roter-schwarzer-kampot-pfeffer-100x100.jpg 100w, https:\/\/www.raffinessen.ch\/webseite\/wp-content\/uploads\/2018\/12\/roter-schwarzer-kampot-pfeffer-1000x1000.jpg 1000w, https:\/\/www.raffinessen.ch\/webseite\/wp-content\/uploads\/2018\/12\/roter-schwarzer-kampot-pfeffer.jpg 2000w\" sizes=\"auto, (max-width: 500px) 100vw, 500px\" \/><span class=\"cart-loading\"><\/span><\/div><div class='inner_product_header'><div class='avia-arrow'><\/div><div class='inner_product_header_table'><div class='inner_product_header_cell'><h2 class=\"woocommerce-loop-product__title\">poivre de Kampot rouge et noir (333 g chacun)<\/h2>\n\t<span class=\"price\"><span class=\"woocommerce-Price-amount amount\"><bdi><span class=\"woocommerce-Price-currencySymbol\">&#67;&#72;&#70;<\/span>&nbsp;100.00<\/bdi><\/span> <small class=\"woocommerce-price-suffix\">TVA incluse<\/small><\/span>\n<\/div><\/div><\/div><\/a><div class='avia_cart_buttons'><a href=\"\/fr\/wp-json\/wp\/v2\/pages\/9012?add-to-cart=2622\" aria-describedby=\"woocommerce_loop_add_to_cart_link_describedby_2622\" data-quantity=\"1\" class=\"button product_type_simple add_to_cart_button ajax_add_to_cart\" data-product_id=\"2622\" data-product_sku=\"GSO-016\" aria-label=\"Ajouter au panier\u00a0: \u201croter und schwarzer Kampot Pfeffer (je 333 g)\u201d\" rel=\"nofollow\" data-success_message=\"\u00ab\u00a0roter und schwarzer Kampot Pfeffer (je 333 g)\u00a0\u00bb a \u00e9t\u00e9 ajout\u00e9 \u00e0 votre panier\" role=\"button\" data-no-translation-aria-label=\"\" data-no-translation-data-success_message=\"\"><span class=\"avia-svg-icon avia-font-svg_entypo-fontello\" data-av_svg_icon='basket' data-av_iconset='svg_entypo-fontello'><svg version=\"1.1\" xmlns=\"http:\/\/www.w3.org\/2000\/svg\" width=\"29\" height=\"32\" viewbox=\"0 0 29 32\" preserveaspectratio=\"xMidYMid meet\" aria-labelledby='av-svg-title-243' aria-describedby='av-svg-desc-243' role=\"graphics-symbol\" aria-hidden=\"true\">\n<title id='av-svg-title-243'>Ajouter au panier<\/title>\n<desc id='av-svg-desc-243'>Ajouter au panier<\/desc>\n<path d=\"M4.8 27.2q0-1.28 0.96-2.24t2.24-0.96q1.344 0 2.272 0.96t0.928 2.24q0 1.344-0.928 2.272t-2.272 0.928q-1.28 0-2.24-0.928t-0.96-2.272zM20.8 27.2q0-1.28 0.96-2.24t2.24-0.96q1.344 0 2.272 0.96t0.928 2.24q0 1.344-0.928 2.272t-2.272 0.928q-1.28 0-2.24-0.928t-0.96-2.272zM10.496 19.648q-1.152 0.32-1.088 0.736t1.408 0.416h17.984v2.432q0 0.64-0.64 0.64h-20.928q-0.64 0-0.64-0.64v-2.432l-0.32-1.472-3.136-14.528h-3.136v-2.56q0-0.64 0.64-0.64h4.992q0.64 0 0.64 0.64v2.752h22.528v8.768q0 0.704-0.576 0.832z\"><\/path>\n<\/svg><\/span>  Ajouter au panier<\/a>\t<span id=\"woocommerce_loop_add_to_cart_link_describedby_2622\" class=\"screen-reader-text\">\n\t\t\t<\/span>\n<a class=\"button show_details_button\" href=\"https:\/\/www.raffinessen.ch\/fr\/produit\/roter-und-schwarzer-kampot-pfeffer-je-333\/\"><span class=\"avia-svg-icon avia-font-svg_entypo-fontello\" data-av_svg_icon='doc-text' data-av_iconset='svg_entypo-fontello'><svg version=\"1.1\" xmlns=\"http:\/\/www.w3.org\/2000\/svg\" width=\"22\" height=\"32\" viewbox=\"0 0 22 32\" preserveaspectratio=\"xMidYMid meet\" aria-labelledby='av-svg-title-244' aria-describedby='av-svg-desc-244' role=\"graphics-symbol\" aria-hidden=\"true\">\n<title id='av-svg-title-244'>Voir les d\u00e9tails<\/title>\n<desc id='av-svg-desc-244'>Voir les d\u00e9tails<\/desc>\n<path d=\"M6.784 17.344v-2.88h8.96v2.88h-8.96zM19.2 1.6q1.344 0 2.272 0.928t0.928 2.272v22.4q0 1.28-0.928 2.24t-2.272 0.96h-16q-1.28 0-2.24-0.96t-0.96-2.24v-22.4q0-1.344 0.96-2.272t2.24-0.928h16zM19.2 27.2v-22.4h-16v22.4h16zM15.68 8.256v2.816h-8.96v-2.816h8.96zM15.68 20.8v2.816h-8.96v-2.816h8.96z\"><\/path>\n<\/svg><\/span>  Voir les d\u00e9tails<\/a> <span class=\"button-mini-delimiter\"><\/span><\/div><\/div><\/li>\n<li class=\"product type-product post-2655 status-publish instock product_cat-einzel-gewuerze product_cat-gewuerze-einzeln product_cat-unkategorisiert has-post-thumbnail taxable shipping-taxable purchasable product-type-simple\">\n\t<div class='inner_product main_color wrapped_style noLightbox  av-product-class-'><a href=\"https:\/\/www.raffinessen.ch\/fr\/produit\/schwarzer-kampot-pfeffer-50-2017\/\" class=\"woocommerce-LoopProduct-link woocommerce-loop-product__link\"><div class=\"thumbnail_container\"><img loading=\"lazy\" decoding=\"async\" width=\"500\" height=\"500\" src=\"https:\/\/www.raffinessen.ch\/webseite\/wp-content\/uploads\/2018\/12\/schwarzer-kampot-pfeffer-beutel-500x500.jpg\" class=\"attachment-woocommerce_thumbnail avia-product-hover\" alt=\"\" srcset=\"https:\/\/www.raffinessen.ch\/webseite\/wp-content\/uploads\/2018\/12\/schwarzer-kampot-pfeffer-beutel-500x500.jpg 500w, https:\/\/www.raffinessen.ch\/webseite\/wp-content\/uploads\/2018\/12\/schwarzer-kampot-pfeffer-beutel-80x80.jpg 80w, https:\/\/www.raffinessen.ch\/webseite\/wp-content\/uploads\/2018\/12\/schwarzer-kampot-pfeffer-beutel-300x300.jpg 300w, https:\/\/www.raffinessen.ch\/webseite\/wp-content\/uploads\/2018\/12\/schwarzer-kampot-pfeffer-beutel-768x768.jpg 768w, https:\/\/www.raffinessen.ch\/webseite\/wp-content\/uploads\/2018\/12\/schwarzer-kampot-pfeffer-beutel-1030x1030.jpg 1030w, https:\/\/www.raffinessen.ch\/webseite\/wp-content\/uploads\/2018\/12\/schwarzer-kampot-pfeffer-beutel-36x36.jpg 36w, https:\/\/www.raffinessen.ch\/webseite\/wp-content\/uploads\/2018\/12\/schwarzer-kampot-pfeffer-beutel-180x180.jpg 180w, https:\/\/www.raffinessen.ch\/webseite\/wp-content\/uploads\/2018\/12\/schwarzer-kampot-pfeffer-beutel-1500x1500.jpg 1500w, https:\/\/www.raffinessen.ch\/webseite\/wp-content\/uploads\/2018\/12\/schwarzer-kampot-pfeffer-beutel-705x705.jpg 705w, https:\/\/www.raffinessen.ch\/webseite\/wp-content\/uploads\/2018\/12\/schwarzer-kampot-pfeffer-beutel-100x100.jpg 100w, https:\/\/www.raffinessen.ch\/webseite\/wp-content\/uploads\/2018\/12\/schwarzer-kampot-pfeffer-beutel-1000x1000.jpg 1000w, https:\/\/www.raffinessen.ch\/webseite\/wp-content\/uploads\/2018\/12\/schwarzer-kampot-pfeffer-beutel.jpg 2000w\" sizes=\"auto, (max-width: 500px) 100vw, 500px\" \/><img decoding=\"async\" loading=\"lazy\" width=\"500\" height=\"500\" src=\"https:\/\/www.raffinessen.ch\/webseite\/wp-content\/uploads\/2018\/12\/schwarzer-kampot-pfeffer-500x500.jpg\" class=\"wp-image-3808 avia-img-lazy-loading-3808 attachment-woocommerce_thumbnail size-woocommerce_thumbnail wp-post-image\" alt=\"\" srcset=\"https:\/\/www.raffinessen.ch\/webseite\/wp-content\/uploads\/2018\/12\/schwarzer-kampot-pfeffer-500x500.jpg 500w, https:\/\/www.raffinessen.ch\/webseite\/wp-content\/uploads\/2018\/12\/schwarzer-kampot-pfeffer-80x80.jpg 80w, https:\/\/www.raffinessen.ch\/webseite\/wp-content\/uploads\/2018\/12\/schwarzer-kampot-pfeffer-300x300.jpg 300w, https:\/\/www.raffinessen.ch\/webseite\/wp-content\/uploads\/2018\/12\/schwarzer-kampot-pfeffer-768x768.jpg 768w, https:\/\/www.raffinessen.ch\/webseite\/wp-content\/uploads\/2018\/12\/schwarzer-kampot-pfeffer-1030x1030.jpg 1030w, https:\/\/www.raffinessen.ch\/webseite\/wp-content\/uploads\/2018\/12\/schwarzer-kampot-pfeffer-36x36.jpg 36w, https:\/\/www.raffinessen.ch\/webseite\/wp-content\/uploads\/2018\/12\/schwarzer-kampot-pfeffer-180x180.jpg 180w, https:\/\/www.raffinessen.ch\/webseite\/wp-content\/uploads\/2018\/12\/schwarzer-kampot-pfeffer-1500x1500.jpg 1500w, https:\/\/www.raffinessen.ch\/webseite\/wp-content\/uploads\/2018\/12\/schwarzer-kampot-pfeffer-705x705.jpg 705w, https:\/\/www.raffinessen.ch\/webseite\/wp-content\/uploads\/2018\/12\/schwarzer-kampot-pfeffer-100x100.jpg 100w, https:\/\/www.raffinessen.ch\/webseite\/wp-content\/uploads\/2018\/12\/schwarzer-kampot-pfeffer-1000x1000.jpg 1000w, https:\/\/www.raffinessen.ch\/webseite\/wp-content\/uploads\/2018\/12\/schwarzer-kampot-pfeffer.jpg 2000w\" sizes=\"auto, (max-width: 500px) 100vw, 500px\" \/><span class=\"cart-loading\"><\/span><\/div><div class='inner_product_header'><div class='avia-arrow'><\/div><div class='inner_product_header_table'><div class='inner_product_header_cell'><h2 class=\"woocommerce-loop-product__title\">poivre noir de Kampot (50 g)<\/h2>\n\t<span class=\"price\"><span class=\"woocommerce-Price-amount amount\"><bdi><span class=\"woocommerce-Price-currencySymbol\">&#67;&#72;&#70;<\/span>&nbsp;7.00<\/bdi><\/span> <small class=\"woocommerce-price-suffix\">TVA incluse<\/small><\/span>\n<\/div><\/div><\/div><\/a><div class='avia_cart_buttons'><a href=\"\/fr\/wp-json\/wp\/v2\/pages\/9012?add-to-cart=2655\" aria-describedby=\"woocommerce_loop_add_to_cart_link_describedby_2655\" data-quantity=\"1\" class=\"button product_type_simple add_to_cart_button ajax_add_to_cart\" data-product_id=\"2655\" data-product_sku=\"FPO-R0029-50\" aria-label=\"Ajouter au panier\u00a0: \u201cschwarzer Kampot Pfeffer (50 g)\u201d\" rel=\"nofollow\" data-success_message=\"\u00ab\u00a0schwarzer Kampot Pfeffer (50 g)\u00a0\u00bb a \u00e9t\u00e9 ajout\u00e9 \u00e0 votre panier\" role=\"button\" data-no-translation-aria-label=\"\" data-no-translation-data-success_message=\"\"><span class=\"avia-svg-icon avia-font-svg_entypo-fontello\" data-av_svg_icon='basket' data-av_iconset='svg_entypo-fontello'><svg version=\"1.1\" xmlns=\"http:\/\/www.w3.org\/2000\/svg\" width=\"29\" height=\"32\" viewbox=\"0 0 29 32\" preserveaspectratio=\"xMidYMid meet\" aria-labelledby='av-svg-title-245' aria-describedby='av-svg-desc-245' role=\"graphics-symbol\" aria-hidden=\"true\">\n<title id='av-svg-title-245'>Ajouter au panier<\/title>\n<desc id='av-svg-desc-245'>Ajouter au panier<\/desc>\n<path d=\"M4.8 27.2q0-1.28 0.96-2.24t2.24-0.96q1.344 0 2.272 0.96t0.928 2.24q0 1.344-0.928 2.272t-2.272 0.928q-1.28 0-2.24-0.928t-0.96-2.272zM20.8 27.2q0-1.28 0.96-2.24t2.24-0.96q1.344 0 2.272 0.96t0.928 2.24q0 1.344-0.928 2.272t-2.272 0.928q-1.28 0-2.24-0.928t-0.96-2.272zM10.496 19.648q-1.152 0.32-1.088 0.736t1.408 0.416h17.984v2.432q0 0.64-0.64 0.64h-20.928q-0.64 0-0.64-0.64v-2.432l-0.32-1.472-3.136-14.528h-3.136v-2.56q0-0.64 0.64-0.64h4.992q0.64 0 0.64 0.64v2.752h22.528v8.768q0 0.704-0.576 0.832z\"><\/path>\n<\/svg><\/span>  Ajouter au panier<\/a>\t<span id=\"woocommerce_loop_add_to_cart_link_describedby_2655\" class=\"screen-reader-text\">\n\t\t\t<\/span>\n<a class=\"button show_details_button\" href=\"https:\/\/www.raffinessen.ch\/fr\/produit\/schwarzer-kampot-pfeffer-50-2017\/\"><span class=\"avia-svg-icon avia-font-svg_entypo-fontello\" data-av_svg_icon='doc-text' data-av_iconset='svg_entypo-fontello'><svg version=\"1.1\" xmlns=\"http:\/\/www.w3.org\/2000\/svg\" width=\"22\" height=\"32\" viewbox=\"0 0 22 32\" preserveaspectratio=\"xMidYMid meet\" aria-labelledby='av-svg-title-246' aria-describedby='av-svg-desc-246' role=\"graphics-symbol\" aria-hidden=\"true\">\n<title id='av-svg-title-246'>Voir les d\u00e9tails<\/title>\n<desc id='av-svg-desc-246'>Voir les d\u00e9tails<\/desc>\n<path d=\"M6.784 17.344v-2.88h8.96v2.88h-8.96zM19.2 1.6q1.344 0 2.272 0.928t0.928 2.272v22.4q0 1.28-0.928 2.24t-2.272 0.96h-16q-1.28 0-2.24-0.96t-0.96-2.24v-22.4q0-1.344 0.96-2.272t2.24-0.928h16zM19.2 27.2v-22.4h-16v22.4h16zM15.68 8.256v2.816h-8.96v-2.816h8.96zM15.68 20.8v2.816h-8.96v-2.816h8.96z\"><\/path>\n<\/svg><\/span>  Voir les d\u00e9tails<\/a> <span class=\"button-mini-delimiter\"><\/span><\/div><\/div><\/li>\n<li class=\"product type-product post-2620 status-publish instock product_cat-einzel-gewuerze product_cat-gewuerze-einzeln product_cat-unkategorisiert has-post-thumbnail taxable shipping-taxable purchasable product-type-simple\">\n\t<div class='inner_product main_color wrapped_style noLightbox  av-product-class-'><a href=\"https:\/\/www.raffinessen.ch\/fr\/produit\/schwarzer-kampot-pfeffer-333\/\" class=\"woocommerce-LoopProduct-link woocommerce-loop-product__link\"><div class=\"thumbnail_container\"><img loading=\"lazy\" decoding=\"async\" width=\"500\" height=\"500\" src=\"https:\/\/www.raffinessen.ch\/webseite\/wp-content\/uploads\/2018\/12\/investment-schwarzer-kampot-pfeffer-500x500.jpg\" class=\"attachment-woocommerce_thumbnail avia-product-hover\" alt=\"\" srcset=\"https:\/\/www.raffinessen.ch\/webseite\/wp-content\/uploads\/2018\/12\/investment-schwarzer-kampot-pfeffer-500x500.jpg 500w, https:\/\/www.raffinessen.ch\/webseite\/wp-content\/uploads\/2018\/12\/investment-schwarzer-kampot-pfeffer-80x80.jpg 80w, https:\/\/www.raffinessen.ch\/webseite\/wp-content\/uploads\/2018\/12\/investment-schwarzer-kampot-pfeffer-300x300.jpg 300w, https:\/\/www.raffinessen.ch\/webseite\/wp-content\/uploads\/2018\/12\/investment-schwarzer-kampot-pfeffer-768x768.jpg 768w, https:\/\/www.raffinessen.ch\/webseite\/wp-content\/uploads\/2018\/12\/investment-schwarzer-kampot-pfeffer-1030x1030.jpg 1030w, https:\/\/www.raffinessen.ch\/webseite\/wp-content\/uploads\/2018\/12\/investment-schwarzer-kampot-pfeffer-36x36.jpg 36w, https:\/\/www.raffinessen.ch\/webseite\/wp-content\/uploads\/2018\/12\/investment-schwarzer-kampot-pfeffer-180x180.jpg 180w, https:\/\/www.raffinessen.ch\/webseite\/wp-content\/uploads\/2018\/12\/investment-schwarzer-kampot-pfeffer-1500x1500.jpg 1500w, https:\/\/www.raffinessen.ch\/webseite\/wp-content\/uploads\/2018\/12\/investment-schwarzer-kampot-pfeffer-705x705.jpg 705w, https:\/\/www.raffinessen.ch\/webseite\/wp-content\/uploads\/2018\/12\/investment-schwarzer-kampot-pfeffer-100x100.jpg 100w, https:\/\/www.raffinessen.ch\/webseite\/wp-content\/uploads\/2018\/12\/investment-schwarzer-kampot-pfeffer-1000x1000.jpg 1000w, https:\/\/www.raffinessen.ch\/webseite\/wp-content\/uploads\/2018\/12\/investment-schwarzer-kampot-pfeffer.jpg 2000w\" sizes=\"auto, (max-width: 500px) 100vw, 500px\" \/><img decoding=\"async\" loading=\"lazy\" width=\"500\" height=\"500\" src=\"https:\/\/www.raffinessen.ch\/webseite\/wp-content\/uploads\/2018\/12\/schwarzer-kampot-pfeffer-500x500.jpg\" class=\"wp-image-3808 avia-img-lazy-loading-3808 attachment-woocommerce_thumbnail size-woocommerce_thumbnail wp-post-image\" alt=\"\" srcset=\"https:\/\/www.raffinessen.ch\/webseite\/wp-content\/uploads\/2018\/12\/schwarzer-kampot-pfeffer-500x500.jpg 500w, https:\/\/www.raffinessen.ch\/webseite\/wp-content\/uploads\/2018\/12\/schwarzer-kampot-pfeffer-80x80.jpg 80w, https:\/\/www.raffinessen.ch\/webseite\/wp-content\/uploads\/2018\/12\/schwarzer-kampot-pfeffer-300x300.jpg 300w, https:\/\/www.raffinessen.ch\/webseite\/wp-content\/uploads\/2018\/12\/schwarzer-kampot-pfeffer-768x768.jpg 768w, https:\/\/www.raffinessen.ch\/webseite\/wp-content\/uploads\/2018\/12\/schwarzer-kampot-pfeffer-1030x1030.jpg 1030w, https:\/\/www.raffinessen.ch\/webseite\/wp-content\/uploads\/2018\/12\/schwarzer-kampot-pfeffer-36x36.jpg 36w, https:\/\/www.raffinessen.ch\/webseite\/wp-content\/uploads\/2018\/12\/schwarzer-kampot-pfeffer-180x180.jpg 180w, https:\/\/www.raffinessen.ch\/webseite\/wp-content\/uploads\/2018\/12\/schwarzer-kampot-pfeffer-1500x1500.jpg 1500w, https:\/\/www.raffinessen.ch\/webseite\/wp-content\/uploads\/2018\/12\/schwarzer-kampot-pfeffer-705x705.jpg 705w, https:\/\/www.raffinessen.ch\/webseite\/wp-content\/uploads\/2018\/12\/schwarzer-kampot-pfeffer-100x100.jpg 100w, https:\/\/www.raffinessen.ch\/webseite\/wp-content\/uploads\/2018\/12\/schwarzer-kampot-pfeffer-1000x1000.jpg 1000w, https:\/\/www.raffinessen.ch\/webseite\/wp-content\/uploads\/2018\/12\/schwarzer-kampot-pfeffer.jpg 2000w\" sizes=\"auto, (max-width: 500px) 100vw, 500px\" \/><span class=\"cart-loading\"><\/span><\/div><div class='inner_product_header'><div class='avia-arrow'><\/div><div class='inner_product_header_table'><div class='inner_product_header_cell'><h2 class=\"woocommerce-loop-product__title\">poivre noir de Kampot (333 g)<\/h2>\n\t<span class=\"price\"><span class=\"woocommerce-Price-amount amount\"><bdi><span class=\"woocommerce-Price-currencySymbol\">&#67;&#72;&#70;<\/span>&nbsp;45.00<\/bdi><\/span> <small class=\"woocommerce-price-suffix\">TVA incluse<\/small><\/span>\n<\/div><\/div><\/div><\/a><div class='avia_cart_buttons'><a href=\"\/fr\/wp-json\/wp\/v2\/pages\/9012?add-to-cart=2620\" aria-describedby=\"woocommerce_loop_add_to_cart_link_describedby_2620\" data-quantity=\"1\" class=\"button product_type_simple add_to_cart_button ajax_add_to_cart\" data-product_id=\"2620\" data-product_sku=\"FPO-R0029-333\" aria-label=\"Ajouter au panier\u00a0: \u201cschwarzer Kampot Pfeffer (333 g)\u201d\" rel=\"nofollow\" data-success_message=\"\u00ab\u00a0schwarzer Kampot Pfeffer (333 g)\u00a0\u00bb a \u00e9t\u00e9 ajout\u00e9 \u00e0 votre panier\" role=\"button\" data-no-translation-aria-label=\"\" data-no-translation-data-success_message=\"\"><span class=\"avia-svg-icon avia-font-svg_entypo-fontello\" data-av_svg_icon='basket' data-av_iconset='svg_entypo-fontello'><svg version=\"1.1\" xmlns=\"http:\/\/www.w3.org\/2000\/svg\" width=\"29\" height=\"32\" viewbox=\"0 0 29 32\" preserveaspectratio=\"xMidYMid meet\" aria-labelledby='av-svg-title-247' aria-describedby='av-svg-desc-247' role=\"graphics-symbol\" aria-hidden=\"true\">\n<title id='av-svg-title-247'>Ajouter au panier<\/title>\n<desc id='av-svg-desc-247'>Ajouter au panier<\/desc>\n<path d=\"M4.8 27.2q0-1.28 0.96-2.24t2.24-0.96q1.344 0 2.272 0.96t0.928 2.24q0 1.344-0.928 2.272t-2.272 0.928q-1.28 0-2.24-0.928t-0.96-2.272zM20.8 27.2q0-1.28 0.96-2.24t2.24-0.96q1.344 0 2.272 0.96t0.928 2.24q0 1.344-0.928 2.272t-2.272 0.928q-1.28 0-2.24-0.928t-0.96-2.272zM10.496 19.648q-1.152 0.32-1.088 0.736t1.408 0.416h17.984v2.432q0 0.64-0.64 0.64h-20.928q-0.64 0-0.64-0.64v-2.432l-0.32-1.472-3.136-14.528h-3.136v-2.56q0-0.64 0.64-0.64h4.992q0.64 0 0.64 0.64v2.752h22.528v8.768q0 0.704-0.576 0.832z\"><\/path>\n<\/svg><\/span>  Ajouter au panier<\/a>\t<span id=\"woocommerce_loop_add_to_cart_link_describedby_2620\" class=\"screen-reader-text\">\n\t\t\t<\/span>\n<a class=\"button show_details_button\" href=\"https:\/\/www.raffinessen.ch\/fr\/produit\/schwarzer-kampot-pfeffer-333\/\"><span class=\"avia-svg-icon avia-font-svg_entypo-fontello\" data-av_svg_icon='doc-text' data-av_iconset='svg_entypo-fontello'><svg version=\"1.1\" xmlns=\"http:\/\/www.w3.org\/2000\/svg\" width=\"22\" height=\"32\" viewbox=\"0 0 22 32\" preserveaspectratio=\"xMidYMid meet\" aria-labelledby='av-svg-title-248' aria-describedby='av-svg-desc-248' role=\"graphics-symbol\" aria-hidden=\"true\">\n<title id='av-svg-title-248'>Voir les d\u00e9tails<\/title>\n<desc id='av-svg-desc-248'>Voir les d\u00e9tails<\/desc>\n<path d=\"M6.784 17.344v-2.88h8.96v2.88h-8.96zM19.2 1.6q1.344 0 2.272 0.928t0.928 2.272v22.4q0 1.28-0.928 2.24t-2.272 0.96h-16q-1.28 0-2.24-0.96t-0.96-2.24v-22.4q0-1.344 0.96-2.272t2.24-0.928h16zM19.2 27.2v-22.4h-16v22.4h16zM15.68 8.256v2.816h-8.96v-2.816h8.96zM15.68 20.8v2.816h-8.96v-2.816h8.96z\"><\/path>\n<\/svg><\/span>  Voir les d\u00e9tails<\/a> <span class=\"button-mini-delimiter\"><\/span><\/div><\/div><\/li>\n<li class=\"product type-product post-2618 status-publish last instock product_cat-einzel-gewuerze product_cat-gewuerze-einzeln product_cat-unkategorisiert has-post-thumbnail taxable shipping-taxable purchasable product-type-simple\">\n\t<div class='inner_product main_color wrapped_style noLightbox  av-product-class-'><a href=\"https:\/\/www.raffinessen.ch\/fr\/produit\/schwarzer-kampot-pfeffer-1000\/\" class=\"woocommerce-LoopProduct-link woocommerce-loop-product__link\"><div class=\"thumbnail_container\"><img loading=\"lazy\" decoding=\"async\" width=\"500\" height=\"500\" src=\"https:\/\/www.raffinessen.ch\/webseite\/wp-content\/uploads\/2018\/12\/investment-schwarzer-kampot-pfeffer-500x500.jpg\" class=\"attachment-woocommerce_thumbnail avia-product-hover\" alt=\"\" srcset=\"https:\/\/www.raffinessen.ch\/webseite\/wp-content\/uploads\/2018\/12\/investment-schwarzer-kampot-pfeffer-500x500.jpg 500w, https:\/\/www.raffinessen.ch\/webseite\/wp-content\/uploads\/2018\/12\/investment-schwarzer-kampot-pfeffer-80x80.jpg 80w, https:\/\/www.raffinessen.ch\/webseite\/wp-content\/uploads\/2018\/12\/investment-schwarzer-kampot-pfeffer-300x300.jpg 300w, https:\/\/www.raffinessen.ch\/webseite\/wp-content\/uploads\/2018\/12\/investment-schwarzer-kampot-pfeffer-768x768.jpg 768w, https:\/\/www.raffinessen.ch\/webseite\/wp-content\/uploads\/2018\/12\/investment-schwarzer-kampot-pfeffer-1030x1030.jpg 1030w, https:\/\/www.raffinessen.ch\/webseite\/wp-content\/uploads\/2018\/12\/investment-schwarzer-kampot-pfeffer-36x36.jpg 36w, https:\/\/www.raffinessen.ch\/webseite\/wp-content\/uploads\/2018\/12\/investment-schwarzer-kampot-pfeffer-180x180.jpg 180w, https:\/\/www.raffinessen.ch\/webseite\/wp-content\/uploads\/2018\/12\/investment-schwarzer-kampot-pfeffer-1500x1500.jpg 1500w, https:\/\/www.raffinessen.ch\/webseite\/wp-content\/uploads\/2018\/12\/investment-schwarzer-kampot-pfeffer-705x705.jpg 705w, https:\/\/www.raffinessen.ch\/webseite\/wp-content\/uploads\/2018\/12\/investment-schwarzer-kampot-pfeffer-100x100.jpg 100w, https:\/\/www.raffinessen.ch\/webseite\/wp-content\/uploads\/2018\/12\/investment-schwarzer-kampot-pfeffer-1000x1000.jpg 1000w, https:\/\/www.raffinessen.ch\/webseite\/wp-content\/uploads\/2018\/12\/investment-schwarzer-kampot-pfeffer.jpg 2000w\" sizes=\"auto, (max-width: 500px) 100vw, 500px\" \/><img decoding=\"async\" loading=\"lazy\" width=\"500\" height=\"500\" src=\"https:\/\/www.raffinessen.ch\/webseite\/wp-content\/uploads\/2018\/12\/schwarzer-kampot-pfeffer-500x500.jpg\" class=\"wp-image-3808 avia-img-lazy-loading-3808 attachment-woocommerce_thumbnail size-woocommerce_thumbnail wp-post-image\" alt=\"\" srcset=\"https:\/\/www.raffinessen.ch\/webseite\/wp-content\/uploads\/2018\/12\/schwarzer-kampot-pfeffer-500x500.jpg 500w, https:\/\/www.raffinessen.ch\/webseite\/wp-content\/uploads\/2018\/12\/schwarzer-kampot-pfeffer-80x80.jpg 80w, https:\/\/www.raffinessen.ch\/webseite\/wp-content\/uploads\/2018\/12\/schwarzer-kampot-pfeffer-300x300.jpg 300w, https:\/\/www.raffinessen.ch\/webseite\/wp-content\/uploads\/2018\/12\/schwarzer-kampot-pfeffer-768x768.jpg 768w, https:\/\/www.raffinessen.ch\/webseite\/wp-content\/uploads\/2018\/12\/schwarzer-kampot-pfeffer-1030x1030.jpg 1030w, https:\/\/www.raffinessen.ch\/webseite\/wp-content\/uploads\/2018\/12\/schwarzer-kampot-pfeffer-36x36.jpg 36w, https:\/\/www.raffinessen.ch\/webseite\/wp-content\/uploads\/2018\/12\/schwarzer-kampot-pfeffer-180x180.jpg 180w, https:\/\/www.raffinessen.ch\/webseite\/wp-content\/uploads\/2018\/12\/schwarzer-kampot-pfeffer-1500x1500.jpg 1500w, https:\/\/www.raffinessen.ch\/webseite\/wp-content\/uploads\/2018\/12\/schwarzer-kampot-pfeffer-705x705.jpg 705w, https:\/\/www.raffinessen.ch\/webseite\/wp-content\/uploads\/2018\/12\/schwarzer-kampot-pfeffer-100x100.jpg 100w, https:\/\/www.raffinessen.ch\/webseite\/wp-content\/uploads\/2018\/12\/schwarzer-kampot-pfeffer-1000x1000.jpg 1000w, https:\/\/www.raffinessen.ch\/webseite\/wp-content\/uploads\/2018\/12\/schwarzer-kampot-pfeffer.jpg 2000w\" sizes=\"auto, (max-width: 500px) 100vw, 500px\" \/><span class=\"cart-loading\"><\/span><\/div><div class='inner_product_header'><div class='avia-arrow'><\/div><div class='inner_product_header_table'><div class='inner_product_header_cell'><h2 class=\"woocommerce-loop-product__title\">poivre noir de Kampot (1000 g)<\/h2>\n\t<span class=\"price\"><span class=\"woocommerce-Price-amount amount\"><bdi><span class=\"woocommerce-Price-currencySymbol\">&#67;&#72;&#70;<\/span>&nbsp;100.00<\/bdi><\/span> <small class=\"woocommerce-price-suffix\">TVA incluse<\/small><\/span>\n<\/div><\/div><\/div><\/a><div class='avia_cart_buttons'><a href=\"\/fr\/wp-json\/wp\/v2\/pages\/9012?add-to-cart=2618\" aria-describedby=\"woocommerce_loop_add_to_cart_link_describedby_2618\" data-quantity=\"1\" class=\"button product_type_simple add_to_cart_button ajax_add_to_cart\" data-product_id=\"2618\" data-product_sku=\"FPO-R0029-1000\" aria-label=\"Ajouter au panier\u00a0: \u201cschwarzer Kampot Pfeffer (1000 g)\u201d\" rel=\"nofollow\" data-success_message=\"\u00ab\u00a0schwarzer Kampot Pfeffer (1000 g)\u00a0\u00bb a \u00e9t\u00e9 ajout\u00e9 \u00e0 votre panier\" role=\"button\" data-no-translation-aria-label=\"\" data-no-translation-data-success_message=\"\"><span class=\"avia-svg-icon avia-font-svg_entypo-fontello\" data-av_svg_icon='basket' data-av_iconset='svg_entypo-fontello'><svg version=\"1.1\" xmlns=\"http:\/\/www.w3.org\/2000\/svg\" width=\"29\" height=\"32\" viewbox=\"0 0 29 32\" preserveaspectratio=\"xMidYMid meet\" aria-labelledby='av-svg-title-249' aria-describedby='av-svg-desc-249' role=\"graphics-symbol\" aria-hidden=\"true\">\n<title id='av-svg-title-249'>Ajouter au panier<\/title>\n<desc id='av-svg-desc-249'>Ajouter au panier<\/desc>\n<path d=\"M4.8 27.2q0-1.28 0.96-2.24t2.24-0.96q1.344 0 2.272 0.96t0.928 2.24q0 1.344-0.928 2.272t-2.272 0.928q-1.28 0-2.24-0.928t-0.96-2.272zM20.8 27.2q0-1.28 0.96-2.24t2.24-0.96q1.344 0 2.272 0.96t0.928 2.24q0 1.344-0.928 2.272t-2.272 0.928q-1.28 0-2.24-0.928t-0.96-2.272zM10.496 19.648q-1.152 0.32-1.088 0.736t1.408 0.416h17.984v2.432q0 0.64-0.64 0.64h-20.928q-0.64 0-0.64-0.64v-2.432l-0.32-1.472-3.136-14.528h-3.136v-2.56q0-0.64 0.64-0.64h4.992q0.64 0 0.64 0.64v2.752h22.528v8.768q0 0.704-0.576 0.832z\"><\/path>\n<\/svg><\/span>  Ajouter au panier<\/a>\t<span id=\"woocommerce_loop_add_to_cart_link_describedby_2618\" class=\"screen-reader-text\">\n\t\t\t<\/span>\n<a class=\"button show_details_button\" href=\"https:\/\/www.raffinessen.ch\/fr\/produit\/schwarzer-kampot-pfeffer-1000\/\"><span class=\"avia-svg-icon avia-font-svg_entypo-fontello\" data-av_svg_icon='doc-text' data-av_iconset='svg_entypo-fontello'><svg version=\"1.1\" xmlns=\"http:\/\/www.w3.org\/2000\/svg\" width=\"22\" height=\"32\" viewbox=\"0 0 22 32\" preserveaspectratio=\"xMidYMid meet\" aria-labelledby='av-svg-title-250' aria-describedby='av-svg-desc-250' role=\"graphics-symbol\" aria-hidden=\"true\">\n<title id='av-svg-title-250'>Voir les d\u00e9tails<\/title>\n<desc id='av-svg-desc-250'>Voir les d\u00e9tails<\/desc>\n<path d=\"M6.784 17.344v-2.88h8.96v2.88h-8.96zM19.2 1.6q1.344 0 2.272 0.928t0.928 2.272v22.4q0 1.28-0.928 2.24t-2.272 0.96h-16q-1.28 0-2.24-0.96t-0.96-2.24v-22.4q0-1.344 0.96-2.272t2.24-0.928h16zM19.2 27.2v-22.4h-16v22.4h16zM15.68 8.256v2.816h-8.96v-2.816h8.96zM15.68 20.8v2.816h-8.96v-2.816h8.96z\"><\/path>\n<\/svg><\/span>  Voir les d\u00e9tails<\/a> <span class=\"button-mini-delimiter\"><\/span><\/div><\/div><\/li>\n<li class=\"product type-product post-3810 status-publish first instock product_cat-einzel-gewuerze product_cat-gewuerze-einzeln product_cat-unkategorisiert has-post-thumbnail taxable shipping-taxable purchasable product-type-simple\">\n\t<div class='inner_product main_color wrapped_style noLightbox  av-product-class-'><a href=\"https:\/\/www.raffinessen.ch\/fr\/produit\/weisser-kampot-pfeffer-50-g\/\" class=\"woocommerce-LoopProduct-link woocommerce-loop-product__link\"><div class=\"thumbnail_container\"><img loading=\"lazy\" decoding=\"async\" width=\"500\" height=\"500\" src=\"https:\/\/www.raffinessen.ch\/webseite\/wp-content\/uploads\/2018\/12\/weisser-kampot-pfeffer-beutel-500x500.jpg\" class=\"attachment-woocommerce_thumbnail avia-product-hover\" alt=\"\" srcset=\"https:\/\/www.raffinessen.ch\/webseite\/wp-content\/uploads\/2018\/12\/weisser-kampot-pfeffer-beutel-500x500.jpg 500w, https:\/\/www.raffinessen.ch\/webseite\/wp-content\/uploads\/2018\/12\/weisser-kampot-pfeffer-beutel-80x80.jpg 80w, https:\/\/www.raffinessen.ch\/webseite\/wp-content\/uploads\/2018\/12\/weisser-kampot-pfeffer-beutel-300x300.jpg 300w, https:\/\/www.raffinessen.ch\/webseite\/wp-content\/uploads\/2018\/12\/weisser-kampot-pfeffer-beutel-768x768.jpg 768w, https:\/\/www.raffinessen.ch\/webseite\/wp-content\/uploads\/2018\/12\/weisser-kampot-pfeffer-beutel-1030x1030.jpg 1030w, https:\/\/www.raffinessen.ch\/webseite\/wp-content\/uploads\/2018\/12\/weisser-kampot-pfeffer-beutel-36x36.jpg 36w, https:\/\/www.raffinessen.ch\/webseite\/wp-content\/uploads\/2018\/12\/weisser-kampot-pfeffer-beutel-180x180.jpg 180w, https:\/\/www.raffinessen.ch\/webseite\/wp-content\/uploads\/2018\/12\/weisser-kampot-pfeffer-beutel-1500x1500.jpg 1500w, https:\/\/www.raffinessen.ch\/webseite\/wp-content\/uploads\/2018\/12\/weisser-kampot-pfeffer-beutel-705x705.jpg 705w, https:\/\/www.raffinessen.ch\/webseite\/wp-content\/uploads\/2018\/12\/weisser-kampot-pfeffer-beutel-100x100.jpg 100w, https:\/\/www.raffinessen.ch\/webseite\/wp-content\/uploads\/2018\/12\/weisser-kampot-pfeffer-beutel-1000x1000.jpg 1000w, https:\/\/www.raffinessen.ch\/webseite\/wp-content\/uploads\/2018\/12\/weisser-kampot-pfeffer-beutel.jpg 2000w\" sizes=\"auto, (max-width: 500px) 100vw, 500px\" \/><img decoding=\"async\" loading=\"lazy\" width=\"500\" height=\"500\" src=\"https:\/\/www.raffinessen.ch\/webseite\/wp-content\/uploads\/2018\/12\/weisser-kampot-pfeffer-500x500.jpg\" class=\"wp-image-3807 avia-img-lazy-loading-3807 attachment-woocommerce_thumbnail size-woocommerce_thumbnail wp-post-image\" alt=\"\" srcset=\"https:\/\/www.raffinessen.ch\/webseite\/wp-content\/uploads\/2018\/12\/weisser-kampot-pfeffer-500x500.jpg 500w, https:\/\/www.raffinessen.ch\/webseite\/wp-content\/uploads\/2018\/12\/weisser-kampot-pfeffer-80x80.jpg 80w, https:\/\/www.raffinessen.ch\/webseite\/wp-content\/uploads\/2018\/12\/weisser-kampot-pfeffer-300x300.jpg 300w, https:\/\/www.raffinessen.ch\/webseite\/wp-content\/uploads\/2018\/12\/weisser-kampot-pfeffer-768x768.jpg 768w, https:\/\/www.raffinessen.ch\/webseite\/wp-content\/uploads\/2018\/12\/weisser-kampot-pfeffer-1030x1030.jpg 1030w, https:\/\/www.raffinessen.ch\/webseite\/wp-content\/uploads\/2018\/12\/weisser-kampot-pfeffer-36x36.jpg 36w, https:\/\/www.raffinessen.ch\/webseite\/wp-content\/uploads\/2018\/12\/weisser-kampot-pfeffer-180x180.jpg 180w, https:\/\/www.raffinessen.ch\/webseite\/wp-content\/uploads\/2018\/12\/weisser-kampot-pfeffer-1500x1500.jpg 1500w, https:\/\/www.raffinessen.ch\/webseite\/wp-content\/uploads\/2018\/12\/weisser-kampot-pfeffer-705x705.jpg 705w, https:\/\/www.raffinessen.ch\/webseite\/wp-content\/uploads\/2018\/12\/weisser-kampot-pfeffer-100x100.jpg 100w, https:\/\/www.raffinessen.ch\/webseite\/wp-content\/uploads\/2018\/12\/weisser-kampot-pfeffer-1000x1000.jpg 1000w, https:\/\/www.raffinessen.ch\/webseite\/wp-content\/uploads\/2018\/12\/weisser-kampot-pfeffer.jpg 2000w\" sizes=\"auto, (max-width: 500px) 100vw, 500px\" \/><span class=\"cart-loading\"><\/span><\/div><div class='inner_product_header'><div class='avia-arrow'><\/div><div class='inner_product_header_table'><div class='inner_product_header_cell'><h2 class=\"woocommerce-loop-product__title\">poivre blanc de Kampot (50 g)<\/h2>\n\t<span class=\"price\"><span class=\"woocommerce-Price-amount amount\"><bdi><span class=\"woocommerce-Price-currencySymbol\">&#67;&#72;&#70;<\/span>&nbsp;11.00<\/bdi><\/span> <small class=\"woocommerce-price-suffix\">TVA incluse<\/small><\/span>\n<\/div><\/div><\/div><\/a><div class='avia_cart_buttons'><a href=\"\/fr\/wp-json\/wp\/v2\/pages\/9012?add-to-cart=3810\" aria-describedby=\"woocommerce_loop_add_to_cart_link_describedby_3810\" data-quantity=\"1\" class=\"button product_type_simple add_to_cart_button ajax_add_to_cart\" data-product_id=\"3810\" data-product_sku=\"FPO-R0041-50\" aria-label=\"Ajouter au panier\u00a0: \u201cweisser Kampot Pfeffer (50 g)\u201d\" rel=\"nofollow\" data-success_message=\"\u00ab\u00a0weisser Kampot Pfeffer (50 g)\u00a0\u00bb a \u00e9t\u00e9 ajout\u00e9 \u00e0 votre panier\" role=\"button\" data-no-translation-aria-label=\"\" data-no-translation-data-success_message=\"\"><span class=\"avia-svg-icon avia-font-svg_entypo-fontello\" data-av_svg_icon='basket' data-av_iconset='svg_entypo-fontello'><svg version=\"1.1\" xmlns=\"http:\/\/www.w3.org\/2000\/svg\" width=\"29\" height=\"32\" viewbox=\"0 0 29 32\" preserveaspectratio=\"xMidYMid meet\" aria-labelledby='av-svg-title-251' aria-describedby='av-svg-desc-251' role=\"graphics-symbol\" aria-hidden=\"true\">\n<title id='av-svg-title-251'>Ajouter au panier<\/title>\n<desc id='av-svg-desc-251'>Ajouter au panier<\/desc>\n<path d=\"M4.8 27.2q0-1.28 0.96-2.24t2.24-0.96q1.344 0 2.272 0.96t0.928 2.24q0 1.344-0.928 2.272t-2.272 0.928q-1.28 0-2.24-0.928t-0.96-2.272zM20.8 27.2q0-1.28 0.96-2.24t2.24-0.96q1.344 0 2.272 0.96t0.928 2.24q0 1.344-0.928 2.272t-2.272 0.928q-1.28 0-2.24-0.928t-0.96-2.272zM10.496 19.648q-1.152 0.32-1.088 0.736t1.408 0.416h17.984v2.432q0 0.64-0.64 0.64h-20.928q-0.64 0-0.64-0.64v-2.432l-0.32-1.472-3.136-14.528h-3.136v-2.56q0-0.64 0.64-0.64h4.992q0.64 0 0.64 0.64v2.752h22.528v8.768q0 0.704-0.576 0.832z\"><\/path>\n<\/svg><\/span>  Ajouter au panier<\/a>\t<span id=\"woocommerce_loop_add_to_cart_link_describedby_3810\" class=\"screen-reader-text\">\n\t\t\t<\/span>\n<a class=\"button show_details_button\" href=\"https:\/\/www.raffinessen.ch\/fr\/produit\/weisser-kampot-pfeffer-50-g\/\"><span class=\"avia-svg-icon avia-font-svg_entypo-fontello\" data-av_svg_icon='doc-text' data-av_iconset='svg_entypo-fontello'><svg version=\"1.1\" xmlns=\"http:\/\/www.w3.org\/2000\/svg\" width=\"22\" height=\"32\" viewbox=\"0 0 22 32\" preserveaspectratio=\"xMidYMid meet\" aria-labelledby='av-svg-title-252' aria-describedby='av-svg-desc-252' role=\"graphics-symbol\" aria-hidden=\"true\">\n<title id='av-svg-title-252'>Voir les d\u00e9tails<\/title>\n<desc id='av-svg-desc-252'>Voir les d\u00e9tails<\/desc>\n<path d=\"M6.784 17.344v-2.88h8.96v2.88h-8.96zM19.2 1.6q1.344 0 2.272 0.928t0.928 2.272v22.4q0 1.28-0.928 2.24t-2.272 0.96h-16q-1.28 0-2.24-0.96t-0.96-2.24v-22.4q0-1.344 0.96-2.272t2.24-0.928h16zM19.2 27.2v-22.4h-16v22.4h16zM15.68 8.256v2.816h-8.96v-2.816h8.96zM15.68 20.8v2.816h-8.96v-2.816h8.96z\"><\/path>\n<\/svg><\/span>  Voir les d\u00e9tails<\/a> <span class=\"button-mini-delimiter\"><\/span><\/div><\/div><\/li>\n<li class=\"product type-product post-4845 status-publish instock product_cat-einzel-gewuerze product_cat-gewuerze-einzeln product_cat-unkategorisiert has-post-thumbnail taxable shipping-taxable purchasable product-type-simple\">\n\t<div class='inner_product main_color wrapped_style noLightbox  av-product-class-'><a href=\"https:\/\/www.raffinessen.ch\/fr\/produit\/langer-kampot-pfeffer\/\" class=\"woocommerce-LoopProduct-link woocommerce-loop-product__link\"><div class=\"thumbnail_container\"><img loading=\"lazy\" decoding=\"async\" width=\"500\" height=\"500\" src=\"https:\/\/www.raffinessen.ch\/webseite\/wp-content\/uploads\/2019\/12\/kampot-pfeffer-lang-verpackung-500x500.jpg\" class=\"attachment-woocommerce_thumbnail avia-product-hover\" alt=\"\" srcset=\"https:\/\/www.raffinessen.ch\/webseite\/wp-content\/uploads\/2019\/12\/kampot-pfeffer-lang-verpackung-500x500.jpg 500w, https:\/\/www.raffinessen.ch\/webseite\/wp-content\/uploads\/2019\/12\/kampot-pfeffer-lang-verpackung-300x300.jpg 300w, https:\/\/www.raffinessen.ch\/webseite\/wp-content\/uploads\/2019\/12\/kampot-pfeffer-lang-verpackung-1030x1030.jpg 1030w, https:\/\/www.raffinessen.ch\/webseite\/wp-content\/uploads\/2019\/12\/kampot-pfeffer-lang-verpackung-80x80.jpg 80w, https:\/\/www.raffinessen.ch\/webseite\/wp-content\/uploads\/2019\/12\/kampot-pfeffer-lang-verpackung-768x768.jpg 768w, https:\/\/www.raffinessen.ch\/webseite\/wp-content\/uploads\/2019\/12\/kampot-pfeffer-lang-verpackung-1536x1536.jpg 1536w, https:\/\/www.raffinessen.ch\/webseite\/wp-content\/uploads\/2019\/12\/kampot-pfeffer-lang-verpackung-36x36.jpg 36w, https:\/\/www.raffinessen.ch\/webseite\/wp-content\/uploads\/2019\/12\/kampot-pfeffer-lang-verpackung-180x180.jpg 180w, https:\/\/www.raffinessen.ch\/webseite\/wp-content\/uploads\/2019\/12\/kampot-pfeffer-lang-verpackung-1500x1500.jpg 1500w, https:\/\/www.raffinessen.ch\/webseite\/wp-content\/uploads\/2019\/12\/kampot-pfeffer-lang-verpackung-705x705.jpg 705w, https:\/\/www.raffinessen.ch\/webseite\/wp-content\/uploads\/2019\/12\/kampot-pfeffer-lang-verpackung-100x100.jpg 100w, https:\/\/www.raffinessen.ch\/webseite\/wp-content\/uploads\/2019\/12\/kampot-pfeffer-lang-verpackung-1000x1000.jpg 1000w, https:\/\/www.raffinessen.ch\/webseite\/wp-content\/uploads\/2019\/12\/kampot-pfeffer-lang-verpackung.jpg 2000w\" sizes=\"auto, (max-width: 500px) 100vw, 500px\" \/><img decoding=\"async\" loading=\"lazy\" width=\"500\" height=\"500\" src=\"https:\/\/www.raffinessen.ch\/webseite\/wp-content\/uploads\/2019\/12\/kampot-pfeffer-lang-500x500.jpg\" class=\"wp-image-4848 avia-img-lazy-loading-4848 attachment-woocommerce_thumbnail size-woocommerce_thumbnail wp-post-image\" alt=\"\" srcset=\"https:\/\/www.raffinessen.ch\/webseite\/wp-content\/uploads\/2019\/12\/kampot-pfeffer-lang-500x500.jpg 500w, https:\/\/www.raffinessen.ch\/webseite\/wp-content\/uploads\/2019\/12\/kampot-pfeffer-lang-300x300.jpg 300w, https:\/\/www.raffinessen.ch\/webseite\/wp-content\/uploads\/2019\/12\/kampot-pfeffer-lang-1030x1030.jpg 1030w, https:\/\/www.raffinessen.ch\/webseite\/wp-content\/uploads\/2019\/12\/kampot-pfeffer-lang-80x80.jpg 80w, https:\/\/www.raffinessen.ch\/webseite\/wp-content\/uploads\/2019\/12\/kampot-pfeffer-lang-768x768.jpg 768w, https:\/\/www.raffinessen.ch\/webseite\/wp-content\/uploads\/2019\/12\/kampot-pfeffer-lang-1536x1536.jpg 1536w, https:\/\/www.raffinessen.ch\/webseite\/wp-content\/uploads\/2019\/12\/kampot-pfeffer-lang-36x36.jpg 36w, https:\/\/www.raffinessen.ch\/webseite\/wp-content\/uploads\/2019\/12\/kampot-pfeffer-lang-180x180.jpg 180w, https:\/\/www.raffinessen.ch\/webseite\/wp-content\/uploads\/2019\/12\/kampot-pfeffer-lang-1500x1500.jpg 1500w, https:\/\/www.raffinessen.ch\/webseite\/wp-content\/uploads\/2019\/12\/kampot-pfeffer-lang-705x705.jpg 705w, https:\/\/www.raffinessen.ch\/webseite\/wp-content\/uploads\/2019\/12\/kampot-pfeffer-lang-100x100.jpg 100w, https:\/\/www.raffinessen.ch\/webseite\/wp-content\/uploads\/2019\/12\/kampot-pfeffer-lang-1000x1000.jpg 1000w, https:\/\/www.raffinessen.ch\/webseite\/wp-content\/uploads\/2019\/12\/kampot-pfeffer-lang.jpg 2000w\" sizes=\"auto, (max-width: 500px) 100vw, 500px\" \/><span class=\"cart-loading\"><\/span><\/div><div class='inner_product_header'><div class='avia-arrow'><\/div><div class='inner_product_header_table'><div class='inner_product_header_cell'><h2 class=\"woocommerce-loop-product__title\">Poivre de Kampot long<\/h2>\n\t<span class=\"price\"><span class=\"woocommerce-Price-amount amount\"><bdi><span class=\"woocommerce-Price-currencySymbol\">&#67;&#72;&#70;<\/span>&nbsp;5.00<\/bdi><\/span> <small class=\"woocommerce-price-suffix\">TVA incluse<\/small><\/span>\n<\/div><\/div><\/div><\/a><div class='avia_cart_buttons'><a href=\"\/fr\/wp-json\/wp\/v2\/pages\/9012?add-to-cart=4845\" aria-describedby=\"woocommerce_loop_add_to_cart_link_describedby_4845\" data-quantity=\"1\" class=\"button product_type_simple add_to_cart_button ajax_add_to_cart\" data-product_id=\"4845\" data-product_sku=\"FPO-R0052-25\" aria-label=\"Ajouter au panier\u00a0: \u201cLanger Kampot Pfeffer\u201d\" rel=\"nofollow\" data-success_message=\"\u00ab\u00a0Langer Kampot Pfeffer\u00a0\u00bb a \u00e9t\u00e9 ajout\u00e9 \u00e0 votre panier\" role=\"button\" data-no-translation-aria-label=\"\" data-no-translation-data-success_message=\"\"><span class=\"avia-svg-icon avia-font-svg_entypo-fontello\" data-av_svg_icon='basket' data-av_iconset='svg_entypo-fontello'><svg version=\"1.1\" xmlns=\"http:\/\/www.w3.org\/2000\/svg\" width=\"29\" height=\"32\" viewbox=\"0 0 29 32\" preserveaspectratio=\"xMidYMid meet\" aria-labelledby='av-svg-title-253' aria-describedby='av-svg-desc-253' role=\"graphics-symbol\" aria-hidden=\"true\">\n<title id='av-svg-title-253'>Ajouter au panier<\/title>\n<desc id='av-svg-desc-253'>Ajouter au panier<\/desc>\n<path d=\"M4.8 27.2q0-1.28 0.96-2.24t2.24-0.96q1.344 0 2.272 0.96t0.928 2.24q0 1.344-0.928 2.272t-2.272 0.928q-1.28 0-2.24-0.928t-0.96-2.272zM20.8 27.2q0-1.28 0.96-2.24t2.24-0.96q1.344 0 2.272 0.96t0.928 2.24q0 1.344-0.928 2.272t-2.272 0.928q-1.28 0-2.24-0.928t-0.96-2.272zM10.496 19.648q-1.152 0.32-1.088 0.736t1.408 0.416h17.984v2.432q0 0.64-0.64 0.64h-20.928q-0.64 0-0.64-0.64v-2.432l-0.32-1.472-3.136-14.528h-3.136v-2.56q0-0.64 0.64-0.64h4.992q0.64 0 0.64 0.64v2.752h22.528v8.768q0 0.704-0.576 0.832z\"><\/path>\n<\/svg><\/span>  Ajouter au panier<\/a>\t<span id=\"woocommerce_loop_add_to_cart_link_describedby_4845\" class=\"screen-reader-text\">\n\t\t\t<\/span>\n<a class=\"button show_details_button\" href=\"https:\/\/www.raffinessen.ch\/fr\/produit\/langer-kampot-pfeffer\/\"><span class=\"avia-svg-icon avia-font-svg_entypo-fontello\" data-av_svg_icon='doc-text' data-av_iconset='svg_entypo-fontello'><svg version=\"1.1\" xmlns=\"http:\/\/www.w3.org\/2000\/svg\" width=\"22\" height=\"32\" viewbox=\"0 0 22 32\" preserveaspectratio=\"xMidYMid meet\" aria-labelledby='av-svg-title-254' aria-describedby='av-svg-desc-254' role=\"graphics-symbol\" aria-hidden=\"true\">\n<title id='av-svg-title-254'>Voir les d\u00e9tails<\/title>\n<desc id='av-svg-desc-254'>Voir les d\u00e9tails<\/desc>\n<path d=\"M6.784 17.344v-2.88h8.96v2.88h-8.96zM19.2 1.6q1.344 0 2.272 0.928t0.928 2.272v22.4q0 1.28-0.928 2.24t-2.272 0.96h-16q-1.28 0-2.24-0.96t-0.96-2.24v-22.4q0-1.344 0.96-2.272t2.24-0.928h16zM19.2 27.2v-22.4h-16v22.4h16zM15.68 8.256v2.816h-8.96v-2.816h8.96zM15.68 20.8v2.816h-8.96v-2.816h8.96z\"><\/path>\n<\/svg><\/span>  Voir les d\u00e9tails<\/a> <span class=\"button-mini-delimiter\"><\/span><\/div><\/div><\/li>\n<li class=\"product type-product post-15569 status-publish instock product_cat-einzel-gewuerze product_cat-gewuerze-einzeln product_cat-unkategorisiert has-post-thumbnail taxable shipping-taxable purchasable product-type-simple\">\n\t<div class='inner_product main_color wrapped_style noLightbox  av-product-class-'><a href=\"https:\/\/www.raffinessen.ch\/fr\/produit\/wilder-galgant-12-g\/\" class=\"woocommerce-LoopProduct-link woocommerce-loop-product__link\"><div class=\"thumbnail_container\"><img loading=\"lazy\" decoding=\"async\" width=\"500\" height=\"500\" src=\"https:\/\/www.raffinessen.ch\/webseite\/wp-content\/uploads\/2023\/06\/Gewuerze_Galgant_frisch-500x500.jpg\" class=\"attachment-woocommerce_thumbnail avia-product-hover\" alt=\"\" srcset=\"https:\/\/www.raffinessen.ch\/webseite\/wp-content\/uploads\/2023\/06\/Gewuerze_Galgant_frisch-500x500.jpg 500w, https:\/\/www.raffinessen.ch\/webseite\/wp-content\/uploads\/2023\/06\/Gewuerze_Galgant_frisch-300x300.jpg 300w, https:\/\/www.raffinessen.ch\/webseite\/wp-content\/uploads\/2023\/06\/Gewuerze_Galgant_frisch-1030x1030.jpg 1030w, https:\/\/www.raffinessen.ch\/webseite\/wp-content\/uploads\/2023\/06\/Gewuerze_Galgant_frisch-80x80.jpg 80w, https:\/\/www.raffinessen.ch\/webseite\/wp-content\/uploads\/2023\/06\/Gewuerze_Galgant_frisch-768x768.jpg 768w, https:\/\/www.raffinessen.ch\/webseite\/wp-content\/uploads\/2023\/06\/Gewuerze_Galgant_frisch-12x12.jpg 12w, https:\/\/www.raffinessen.ch\/webseite\/wp-content\/uploads\/2023\/06\/Gewuerze_Galgant_frisch-36x36.jpg 36w, https:\/\/www.raffinessen.ch\/webseite\/wp-content\/uploads\/2023\/06\/Gewuerze_Galgant_frisch-180x180.jpg 180w, https:\/\/www.raffinessen.ch\/webseite\/wp-content\/uploads\/2023\/06\/Gewuerze_Galgant_frisch-705x705.jpg 705w, https:\/\/www.raffinessen.ch\/webseite\/wp-content\/uploads\/2023\/06\/Gewuerze_Galgant_frisch-120x120.jpg 120w, https:\/\/www.raffinessen.ch\/webseite\/wp-content\/uploads\/2023\/06\/Gewuerze_Galgant_frisch-450x450.jpg 450w, https:\/\/www.raffinessen.ch\/webseite\/wp-content\/uploads\/2023\/06\/Gewuerze_Galgant_frisch-1000x1000.jpg 1000w, https:\/\/www.raffinessen.ch\/webseite\/wp-content\/uploads\/2023\/06\/Gewuerze_Galgant_frisch-100x100.jpg 100w, https:\/\/www.raffinessen.ch\/webseite\/wp-content\/uploads\/2023\/06\/Gewuerze_Galgant_frisch.jpg 1500w\" sizes=\"auto, (max-width: 500px) 100vw, 500px\" \/><img decoding=\"async\" loading=\"lazy\" width=\"500\" height=\"500\" src=\"https:\/\/www.raffinessen.ch\/webseite\/wp-content\/uploads\/2023\/06\/Gewuerze_Galgant-500x500.jpg\" class=\"wp-image-15571 avia-img-lazy-loading-15571 attachment-woocommerce_thumbnail size-woocommerce_thumbnail wp-post-image\" alt=\"\" srcset=\"https:\/\/www.raffinessen.ch\/webseite\/wp-content\/uploads\/2023\/06\/Gewuerze_Galgant-500x500.jpg 500w, https:\/\/www.raffinessen.ch\/webseite\/wp-content\/uploads\/2023\/06\/Gewuerze_Galgant-300x300.jpg 300w, https:\/\/www.raffinessen.ch\/webseite\/wp-content\/uploads\/2023\/06\/Gewuerze_Galgant-1030x1030.jpg 1030w, https:\/\/www.raffinessen.ch\/webseite\/wp-content\/uploads\/2023\/06\/Gewuerze_Galgant-80x80.jpg 80w, https:\/\/www.raffinessen.ch\/webseite\/wp-content\/uploads\/2023\/06\/Gewuerze_Galgant-768x768.jpg 768w, https:\/\/www.raffinessen.ch\/webseite\/wp-content\/uploads\/2023\/06\/Gewuerze_Galgant-12x12.jpg 12w, https:\/\/www.raffinessen.ch\/webseite\/wp-content\/uploads\/2023\/06\/Gewuerze_Galgant-36x36.jpg 36w, https:\/\/www.raffinessen.ch\/webseite\/wp-content\/uploads\/2023\/06\/Gewuerze_Galgant-180x180.jpg 180w, https:\/\/www.raffinessen.ch\/webseite\/wp-content\/uploads\/2023\/06\/Gewuerze_Galgant-705x705.jpg 705w, https:\/\/www.raffinessen.ch\/webseite\/wp-content\/uploads\/2023\/06\/Gewuerze_Galgant-120x120.jpg 120w, https:\/\/www.raffinessen.ch\/webseite\/wp-content\/uploads\/2023\/06\/Gewuerze_Galgant-450x450.jpg 450w, https:\/\/www.raffinessen.ch\/webseite\/wp-content\/uploads\/2023\/06\/Gewuerze_Galgant-1000x1000.jpg 1000w, https:\/\/www.raffinessen.ch\/webseite\/wp-content\/uploads\/2023\/06\/Gewuerze_Galgant-100x100.jpg 100w, https:\/\/www.raffinessen.ch\/webseite\/wp-content\/uploads\/2023\/06\/Gewuerze_Galgant.jpg 1500w\" sizes=\"auto, (max-width: 500px) 100vw, 500px\" \/><span class=\"cart-loading\"><\/span><\/div><div class='inner_product_header'><div class='avia-arrow'><\/div><div class='inner_product_header_table'><div class='inner_product_header_cell'><h2 class=\"woocommerce-loop-product__title\">Galanga sauvage (12 g)<\/h2>\n\t<span class=\"price\"><span class=\"woocommerce-Price-amount amount\"><bdi><span class=\"woocommerce-Price-currencySymbol\">&#67;&#72;&#70;<\/span>&nbsp;4.00<\/bdi><\/span> <small class=\"woocommerce-price-suffix\">TVA incluse<\/small><\/span>\n<\/div><\/div><\/div><\/a><div class='avia_cart_buttons'><a href=\"\/fr\/wp-json\/wp\/v2\/pages\/9012?add-to-cart=15569\" aria-describedby=\"woocommerce_loop_add_to_cart_link_describedby_15569\" data-quantity=\"1\" class=\"button product_type_simple add_to_cart_button ajax_add_to_cart\" data-product_id=\"15569\" data-product_sku=\"FPO-R0057-12\" aria-label=\"Ajouter au panier\u00a0: \u201cWilder Galgant (12 g)\u201d\" rel=\"nofollow\" data-success_message=\"\u00ab\u00a0Wilder Galgant (12 g)\u00a0\u00bb a \u00e9t\u00e9 ajout\u00e9 \u00e0 votre panier\" role=\"button\" data-no-translation-aria-label=\"\" data-no-translation-data-success_message=\"\"><span class=\"avia-svg-icon avia-font-svg_entypo-fontello\" data-av_svg_icon='basket' data-av_iconset='svg_entypo-fontello'><svg version=\"1.1\" xmlns=\"http:\/\/www.w3.org\/2000\/svg\" width=\"29\" height=\"32\" viewbox=\"0 0 29 32\" preserveaspectratio=\"xMidYMid meet\" aria-labelledby='av-svg-title-255' aria-describedby='av-svg-desc-255' role=\"graphics-symbol\" aria-hidden=\"true\">\n<title id='av-svg-title-255'>Ajouter au panier<\/title>\n<desc id='av-svg-desc-255'>Ajouter au panier<\/desc>\n<path d=\"M4.8 27.2q0-1.28 0.96-2.24t2.24-0.96q1.344 0 2.272 0.96t0.928 2.24q0 1.344-0.928 2.272t-2.272 0.928q-1.28 0-2.24-0.928t-0.96-2.272zM20.8 27.2q0-1.28 0.96-2.24t2.24-0.96q1.344 0 2.272 0.96t0.928 2.24q0 1.344-0.928 2.272t-2.272 0.928q-1.28 0-2.24-0.928t-0.96-2.272zM10.496 19.648q-1.152 0.32-1.088 0.736t1.408 0.416h17.984v2.432q0 0.64-0.64 0.64h-20.928q-0.64 0-0.64-0.64v-2.432l-0.32-1.472-3.136-14.528h-3.136v-2.56q0-0.64 0.64-0.64h4.992q0.64 0 0.64 0.64v2.752h22.528v8.768q0 0.704-0.576 0.832z\"><\/path>\n<\/svg><\/span>  Ajouter au panier<\/a>\t<span id=\"woocommerce_loop_add_to_cart_link_describedby_15569\" class=\"screen-reader-text\">\n\t\t\t<\/span>\n<a class=\"button show_details_button\" href=\"https:\/\/www.raffinessen.ch\/fr\/produit\/wilder-galgant-12-g\/\"><span class=\"avia-svg-icon avia-font-svg_entypo-fontello\" data-av_svg_icon='doc-text' data-av_iconset='svg_entypo-fontello'><svg version=\"1.1\" xmlns=\"http:\/\/www.w3.org\/2000\/svg\" width=\"22\" height=\"32\" viewbox=\"0 0 22 32\" preserveaspectratio=\"xMidYMid meet\" aria-labelledby='av-svg-title-256' aria-describedby='av-svg-desc-256' role=\"graphics-symbol\" aria-hidden=\"true\">\n<title id='av-svg-title-256'>Voir les d\u00e9tails<\/title>\n<desc id='av-svg-desc-256'>Voir les d\u00e9tails<\/desc>\n<path d=\"M6.784 17.344v-2.88h8.96v2.88h-8.96zM19.2 1.6q1.344 0 2.272 0.928t0.928 2.272v22.4q0 1.28-0.928 2.24t-2.272 0.96h-16q-1.28 0-2.24-0.96t-0.96-2.24v-22.4q0-1.344 0.96-2.272t2.24-0.928h16zM19.2 27.2v-22.4h-16v22.4h16zM15.68 8.256v2.816h-8.96v-2.816h8.96zM15.68 20.8v2.816h-8.96v-2.816h8.96z\"><\/path>\n<\/svg><\/span>  Voir les d\u00e9tails<\/a> <span class=\"button-mini-delimiter\"><\/span><\/div><\/div><\/li>\n<li class=\"product type-product post-13681 status-publish last instock product_cat-einzel-gewuerze product_cat-gewuerze-einzeln product_cat-unkategorisiert has-post-thumbnail taxable shipping-taxable purchasable product-type-simple\">\n\t<div class='inner_product main_color wrapped_style noLightbox  av-product-class-'><a href=\"https:\/\/www.raffinessen.ch\/fr\/produit\/amazonas-chili-gelb-17-g\/\" class=\"woocommerce-LoopProduct-link woocommerce-loop-product__link\"><div class=\"thumbnail_container\"><img loading=\"lazy\" decoding=\"async\" width=\"500\" height=\"500\" src=\"https:\/\/www.raffinessen.ch\/webseite\/wp-content\/uploads\/2022\/11\/FP-110x185_Chili_Amazonas-gelb-500x500.jpg\" class=\"attachment-woocommerce_thumbnail avia-product-hover\" alt=\"\" srcset=\"https:\/\/www.raffinessen.ch\/webseite\/wp-content\/uploads\/2022\/11\/FP-110x185_Chili_Amazonas-gelb-500x500.jpg 500w, https:\/\/www.raffinessen.ch\/webseite\/wp-content\/uploads\/2022\/11\/FP-110x185_Chili_Amazonas-gelb-300x300.jpg 300w, https:\/\/www.raffinessen.ch\/webseite\/wp-content\/uploads\/2022\/11\/FP-110x185_Chili_Amazonas-gelb-1030x1030.jpg 1030w, https:\/\/www.raffinessen.ch\/webseite\/wp-content\/uploads\/2022\/11\/FP-110x185_Chili_Amazonas-gelb-80x80.jpg 80w, https:\/\/www.raffinessen.ch\/webseite\/wp-content\/uploads\/2022\/11\/FP-110x185_Chili_Amazonas-gelb-768x768.jpg 768w, https:\/\/www.raffinessen.ch\/webseite\/wp-content\/uploads\/2022\/11\/FP-110x185_Chili_Amazonas-gelb-1536x1536.jpg 1536w, https:\/\/www.raffinessen.ch\/webseite\/wp-content\/uploads\/2022\/11\/FP-110x185_Chili_Amazonas-gelb-36x36.jpg 36w, https:\/\/www.raffinessen.ch\/webseite\/wp-content\/uploads\/2022\/11\/FP-110x185_Chili_Amazonas-gelb-180x180.jpg 180w, https:\/\/www.raffinessen.ch\/webseite\/wp-content\/uploads\/2022\/11\/FP-110x185_Chili_Amazonas-gelb-1500x1500.jpg 1500w, https:\/\/www.raffinessen.ch\/webseite\/wp-content\/uploads\/2022\/11\/FP-110x185_Chili_Amazonas-gelb-705x705.jpg 705w, https:\/\/www.raffinessen.ch\/webseite\/wp-content\/uploads\/2022\/11\/FP-110x185_Chili_Amazonas-gelb-120x120.jpg 120w, https:\/\/www.raffinessen.ch\/webseite\/wp-content\/uploads\/2022\/11\/FP-110x185_Chili_Amazonas-gelb-450x450.jpg 450w, https:\/\/www.raffinessen.ch\/webseite\/wp-content\/uploads\/2022\/11\/FP-110x185_Chili_Amazonas-gelb-1000x1000.jpg 1000w, https:\/\/www.raffinessen.ch\/webseite\/wp-content\/uploads\/2022\/11\/FP-110x185_Chili_Amazonas-gelb-100x100.jpg 100w, https:\/\/www.raffinessen.ch\/webseite\/wp-content\/uploads\/2022\/11\/FP-110x185_Chili_Amazonas-gelb.jpg 2000w\" sizes=\"auto, (max-width: 500px) 100vw, 500px\" \/><img decoding=\"async\" loading=\"lazy\" width=\"500\" height=\"500\" src=\"https:\/\/www.raffinessen.ch\/webseite\/wp-content\/uploads\/2022\/11\/Chili_Amazonas-gelb-500x500.jpg\" class=\"wp-image-13682 avia-img-lazy-loading-13682 attachment-woocommerce_thumbnail size-woocommerce_thumbnail wp-post-image\" alt=\"\" srcset=\"https:\/\/www.raffinessen.ch\/webseite\/wp-content\/uploads\/2022\/11\/Chili_Amazonas-gelb-500x500.jpg 500w, https:\/\/www.raffinessen.ch\/webseite\/wp-content\/uploads\/2022\/11\/Chili_Amazonas-gelb-300x300.jpg 300w, https:\/\/www.raffinessen.ch\/webseite\/wp-content\/uploads\/2022\/11\/Chili_Amazonas-gelb-1030x1030.jpg 1030w, https:\/\/www.raffinessen.ch\/webseite\/wp-content\/uploads\/2022\/11\/Chili_Amazonas-gelb-80x80.jpg 80w, https:\/\/www.raffinessen.ch\/webseite\/wp-content\/uploads\/2022\/11\/Chili_Amazonas-gelb-768x768.jpg 768w, https:\/\/www.raffinessen.ch\/webseite\/wp-content\/uploads\/2022\/11\/Chili_Amazonas-gelb-1536x1536.jpg 1536w, https:\/\/www.raffinessen.ch\/webseite\/wp-content\/uploads\/2022\/11\/Chili_Amazonas-gelb-36x36.jpg 36w, https:\/\/www.raffinessen.ch\/webseite\/wp-content\/uploads\/2022\/11\/Chili_Amazonas-gelb-180x180.jpg 180w, https:\/\/www.raffinessen.ch\/webseite\/wp-content\/uploads\/2022\/11\/Chili_Amazonas-gelb-1500x1500.jpg 1500w, https:\/\/www.raffinessen.ch\/webseite\/wp-content\/uploads\/2022\/11\/Chili_Amazonas-gelb-705x705.jpg 705w, https:\/\/www.raffinessen.ch\/webseite\/wp-content\/uploads\/2022\/11\/Chili_Amazonas-gelb-120x120.jpg 120w, https:\/\/www.raffinessen.ch\/webseite\/wp-content\/uploads\/2022\/11\/Chili_Amazonas-gelb-450x450.jpg 450w, https:\/\/www.raffinessen.ch\/webseite\/wp-content\/uploads\/2022\/11\/Chili_Amazonas-gelb-1000x1000.jpg 1000w, https:\/\/www.raffinessen.ch\/webseite\/wp-content\/uploads\/2022\/11\/Chili_Amazonas-gelb-100x100.jpg 100w, https:\/\/www.raffinessen.ch\/webseite\/wp-content\/uploads\/2022\/11\/Chili_Amazonas-gelb.jpg 2000w\" sizes=\"auto, (max-width: 500px) 100vw, 500px\" \/><span class=\"cart-loading\"><\/span><\/div><div class='inner_product_header'><div class='avia-arrow'><\/div><div class='inner_product_header_table'><div class='inner_product_header_cell'><h2 class=\"woocommerce-loop-product__title\">Chili jaune d'Amazonie (30 g)<\/h2>\n\t<span class=\"price\"><span class=\"woocommerce-Price-amount amount\"><bdi><span class=\"woocommerce-Price-currencySymbol\">&#67;&#72;&#70;<\/span>&nbsp;7.00<\/bdi><\/span> <small class=\"woocommerce-price-suffix\">TVA incluse<\/small><\/span>\n<\/div><\/div><\/div><\/a><div class='avia_cart_buttons'><a href=\"\/fr\/wp-json\/wp\/v2\/pages\/9012?add-to-cart=13681\" aria-describedby=\"woocommerce_loop_add_to_cart_link_describedby_13681\" data-quantity=\"1\" class=\"button product_type_simple add_to_cart_button ajax_add_to_cart\" data-product_id=\"13681\" data-product_sku=\"FPO-R0054-30\" aria-label=\"Ajouter au panier\u00a0: \u201cAmazonas Chili gelb (30 g)\u201d\" rel=\"nofollow\" data-success_message=\"\u00ab\u00a0Amazonas Chili gelb (30 g)\u00a0\u00bb a \u00e9t\u00e9 ajout\u00e9 \u00e0 votre panier\" role=\"button\" data-no-translation-aria-label=\"\" data-no-translation-data-success_message=\"\"><span class=\"avia-svg-icon avia-font-svg_entypo-fontello\" data-av_svg_icon='basket' data-av_iconset='svg_entypo-fontello'><svg version=\"1.1\" xmlns=\"http:\/\/www.w3.org\/2000\/svg\" width=\"29\" height=\"32\" viewbox=\"0 0 29 32\" preserveaspectratio=\"xMidYMid meet\" aria-labelledby='av-svg-title-257' aria-describedby='av-svg-desc-257' role=\"graphics-symbol\" aria-hidden=\"true\">\n<title id='av-svg-title-257'>Ajouter au panier<\/title>\n<desc id='av-svg-desc-257'>Ajouter au panier<\/desc>\n<path d=\"M4.8 27.2q0-1.28 0.96-2.24t2.24-0.96q1.344 0 2.272 0.96t0.928 2.24q0 1.344-0.928 2.272t-2.272 0.928q-1.28 0-2.24-0.928t-0.96-2.272zM20.8 27.2q0-1.28 0.96-2.24t2.24-0.96q1.344 0 2.272 0.96t0.928 2.24q0 1.344-0.928 2.272t-2.272 0.928q-1.28 0-2.24-0.928t-0.96-2.272zM10.496 19.648q-1.152 0.32-1.088 0.736t1.408 0.416h17.984v2.432q0 0.64-0.64 0.64h-20.928q-0.64 0-0.64-0.64v-2.432l-0.32-1.472-3.136-14.528h-3.136v-2.56q0-0.64 0.64-0.64h4.992q0.64 0 0.64 0.64v2.752h22.528v8.768q0 0.704-0.576 0.832z\"><\/path>\n<\/svg><\/span>  Ajouter au panier<\/a>\t<span id=\"woocommerce_loop_add_to_cart_link_describedby_13681\" class=\"screen-reader-text\">\n\t\t\t<\/span>\n<a class=\"button show_details_button\" href=\"https:\/\/www.raffinessen.ch\/fr\/produit\/amazonas-chili-gelb-17-g\/\"><span class=\"avia-svg-icon avia-font-svg_entypo-fontello\" data-av_svg_icon='doc-text' data-av_iconset='svg_entypo-fontello'><svg version=\"1.1\" xmlns=\"http:\/\/www.w3.org\/2000\/svg\" width=\"22\" height=\"32\" viewbox=\"0 0 22 32\" preserveaspectratio=\"xMidYMid meet\" aria-labelledby='av-svg-title-258' aria-describedby='av-svg-desc-258' role=\"graphics-symbol\" aria-hidden=\"true\">\n<title id='av-svg-title-258'>Voir les d\u00e9tails<\/title>\n<desc id='av-svg-desc-258'>Voir les d\u00e9tails<\/desc>\n<path d=\"M6.784 17.344v-2.88h8.96v2.88h-8.96zM19.2 1.6q1.344 0 2.272 0.928t0.928 2.272v22.4q0 1.28-0.928 2.24t-2.272 0.96h-16q-1.28 0-2.24-0.96t-0.96-2.24v-22.4q0-1.344 0.96-2.272t2.24-0.928h16zM19.2 27.2v-22.4h-16v22.4h16zM15.68 8.256v2.816h-8.96v-2.816h8.96zM15.68 20.8v2.816h-8.96v-2.816h8.96z\"><\/path>\n<\/svg><\/span>  Voir les d\u00e9tails<\/a> <span class=\"button-mini-delimiter\"><\/span><\/div><\/div><\/li>\n<li class=\"product type-product post-6248 status-publish first instock product_cat-einzel-gewuerze product_cat-gewuerze-einzeln product_cat-unkategorisiert has-post-thumbnail taxable shipping-taxable purchasable product-type-simple\">\n\t<div class='inner_product main_color wrapped_style noLightbox  av-product-class-'><a href=\"https:\/\/www.raffinessen.ch\/fr\/produit\/feines-meersalz-fein-aus-kampot-60g\/\" class=\"woocommerce-LoopProduct-link woocommerce-loop-product__link\"><div class=\"thumbnail_container\"><img loading=\"lazy\" decoding=\"async\" width=\"500\" height=\"500\" src=\"https:\/\/www.raffinessen.ch\/webseite\/wp-content\/uploads\/2020\/06\/Bild_Meersalz-fein_FP-110x185-01-500x500.jpg\" class=\"attachment-woocommerce_thumbnail avia-product-hover\" alt=\"\" srcset=\"https:\/\/www.raffinessen.ch\/webseite\/wp-content\/uploads\/2020\/06\/Bild_Meersalz-fein_FP-110x185-01-500x500.jpg 500w, https:\/\/www.raffinessen.ch\/webseite\/wp-content\/uploads\/2020\/06\/Bild_Meersalz-fein_FP-110x185-01-300x300.jpg 300w, https:\/\/www.raffinessen.ch\/webseite\/wp-content\/uploads\/2020\/06\/Bild_Meersalz-fein_FP-110x185-01-1030x1030.jpg 1030w, https:\/\/www.raffinessen.ch\/webseite\/wp-content\/uploads\/2020\/06\/Bild_Meersalz-fein_FP-110x185-01-80x80.jpg 80w, https:\/\/www.raffinessen.ch\/webseite\/wp-content\/uploads\/2020\/06\/Bild_Meersalz-fein_FP-110x185-01-768x768.jpg 768w, https:\/\/www.raffinessen.ch\/webseite\/wp-content\/uploads\/2020\/06\/Bild_Meersalz-fein_FP-110x185-01-1536x1536.jpg 1536w, https:\/\/www.raffinessen.ch\/webseite\/wp-content\/uploads\/2020\/06\/Bild_Meersalz-fein_FP-110x185-01-36x36.jpg 36w, https:\/\/www.raffinessen.ch\/webseite\/wp-content\/uploads\/2020\/06\/Bild_Meersalz-fein_FP-110x185-01-180x180.jpg 180w, https:\/\/www.raffinessen.ch\/webseite\/wp-content\/uploads\/2020\/06\/Bild_Meersalz-fein_FP-110x185-01-1500x1500.jpg 1500w, https:\/\/www.raffinessen.ch\/webseite\/wp-content\/uploads\/2020\/06\/Bild_Meersalz-fein_FP-110x185-01-705x705.jpg 705w, https:\/\/www.raffinessen.ch\/webseite\/wp-content\/uploads\/2020\/06\/Bild_Meersalz-fein_FP-110x185-01-100x100.jpg 100w, https:\/\/www.raffinessen.ch\/webseite\/wp-content\/uploads\/2020\/06\/Bild_Meersalz-fein_FP-110x185-01-1000x1000.jpg 1000w, https:\/\/www.raffinessen.ch\/webseite\/wp-content\/uploads\/2020\/06\/Bild_Meersalz-fein_FP-110x185-01.jpg 2000w\" sizes=\"auto, (max-width: 500px) 100vw, 500px\" \/><img decoding=\"async\" loading=\"lazy\" width=\"500\" height=\"500\" src=\"https:\/\/www.raffinessen.ch\/webseite\/wp-content\/uploads\/2020\/06\/Meersalz-fein_Zeichenfl\u00e4che-1-500x500.jpg\" class=\"wp-image-6246 avia-img-lazy-loading-6246 attachment-woocommerce_thumbnail size-woocommerce_thumbnail wp-post-image\" alt=\"\" srcset=\"https:\/\/www.raffinessen.ch\/webseite\/wp-content\/uploads\/2020\/06\/Meersalz-fein_Zeichenfl\u00e4che-1-500x500.jpg 500w, https:\/\/www.raffinessen.ch\/webseite\/wp-content\/uploads\/2020\/06\/Meersalz-fein_Zeichenfl\u00e4che-1-300x300.jpg 300w, https:\/\/www.raffinessen.ch\/webseite\/wp-content\/uploads\/2020\/06\/Meersalz-fein_Zeichenfl\u00e4che-1-1030x1030.jpg 1030w, https:\/\/www.raffinessen.ch\/webseite\/wp-content\/uploads\/2020\/06\/Meersalz-fein_Zeichenfl\u00e4che-1-80x80.jpg 80w, https:\/\/www.raffinessen.ch\/webseite\/wp-content\/uploads\/2020\/06\/Meersalz-fein_Zeichenfl\u00e4che-1-768x768.jpg 768w, https:\/\/www.raffinessen.ch\/webseite\/wp-content\/uploads\/2020\/06\/Meersalz-fein_Zeichenfl\u00e4che-1-1536x1536.jpg 1536w, https:\/\/www.raffinessen.ch\/webseite\/wp-content\/uploads\/2020\/06\/Meersalz-fein_Zeichenfl\u00e4che-1-36x36.jpg 36w, https:\/\/www.raffinessen.ch\/webseite\/wp-content\/uploads\/2020\/06\/Meersalz-fein_Zeichenfl\u00e4che-1-180x180.jpg 180w, https:\/\/www.raffinessen.ch\/webseite\/wp-content\/uploads\/2020\/06\/Meersalz-fein_Zeichenfl\u00e4che-1-1500x1500.jpg 1500w, https:\/\/www.raffinessen.ch\/webseite\/wp-content\/uploads\/2020\/06\/Meersalz-fein_Zeichenfl\u00e4che-1-705x705.jpg 705w, https:\/\/www.raffinessen.ch\/webseite\/wp-content\/uploads\/2020\/06\/Meersalz-fein_Zeichenfl\u00e4che-1-100x100.jpg 100w, https:\/\/www.raffinessen.ch\/webseite\/wp-content\/uploads\/2020\/06\/Meersalz-fein_Zeichenfl\u00e4che-1-1000x1000.jpg 1000w, https:\/\/www.raffinessen.ch\/webseite\/wp-content\/uploads\/2020\/06\/Meersalz-fein_Zeichenfl\u00e4che-1.jpg 2000w\" sizes=\"auto, (max-width: 500px) 100vw, 500px\" \/><span class=\"cart-loading\"><\/span><\/div><div class='inner_product_header'><div class='avia-arrow'><\/div><div class='inner_product_header_table'><div class='inner_product_header_cell'><h2 class=\"woocommerce-loop-product__title\">Sel de mer fin de Kampot (60g)<\/h2>\n\t<span class=\"price\"><span class=\"woocommerce-Price-amount amount\"><bdi><span class=\"woocommerce-Price-currencySymbol\">&#67;&#72;&#70;<\/span>&nbsp;4.00<\/bdi><\/span> <small class=\"woocommerce-price-suffix\">TVA incluse<\/small><\/span>\n<\/div><\/div><\/div><\/a><div class='avia_cart_buttons'><a href=\"\/fr\/wp-json\/wp\/v2\/pages\/9012?add-to-cart=6248\" aria-describedby=\"woocommerce_loop_add_to_cart_link_describedby_6248\" data-quantity=\"1\" class=\"button product_type_simple add_to_cart_button ajax_add_to_cart\" data-product_id=\"6248\" data-product_sku=\"FPO-R0050-60\" aria-label=\"Ajouter au panier\u00a0: \u201cFeines Meersalz aus Kampot (60g)\u201d\" rel=\"nofollow\" data-success_message=\"\u00ab\u00a0Feines Meersalz aus Kampot (60g)\u00a0\u00bb a \u00e9t\u00e9 ajout\u00e9 \u00e0 votre panier\" role=\"button\" data-no-translation-aria-label=\"\" data-no-translation-data-success_message=\"\"><span class=\"avia-svg-icon avia-font-svg_entypo-fontello\" data-av_svg_icon='basket' data-av_iconset='svg_entypo-fontello'><svg version=\"1.1\" xmlns=\"http:\/\/www.w3.org\/2000\/svg\" width=\"29\" height=\"32\" viewbox=\"0 0 29 32\" preserveaspectratio=\"xMidYMid meet\" aria-labelledby='av-svg-title-259' aria-describedby='av-svg-desc-259' role=\"graphics-symbol\" aria-hidden=\"true\">\n<title id='av-svg-title-259'>Ajouter au panier<\/title>\n<desc id='av-svg-desc-259'>Ajouter au panier<\/desc>\n<path d=\"M4.8 27.2q0-1.28 0.96-2.24t2.24-0.96q1.344 0 2.272 0.96t0.928 2.24q0 1.344-0.928 2.272t-2.272 0.928q-1.28 0-2.24-0.928t-0.96-2.272zM20.8 27.2q0-1.28 0.96-2.24t2.24-0.96q1.344 0 2.272 0.96t0.928 2.24q0 1.344-0.928 2.272t-2.272 0.928q-1.28 0-2.24-0.928t-0.96-2.272zM10.496 19.648q-1.152 0.32-1.088 0.736t1.408 0.416h17.984v2.432q0 0.64-0.64 0.64h-20.928q-0.64 0-0.64-0.64v-2.432l-0.32-1.472-3.136-14.528h-3.136v-2.56q0-0.64 0.64-0.64h4.992q0.64 0 0.64 0.64v2.752h22.528v8.768q0 0.704-0.576 0.832z\"><\/path>\n<\/svg><\/span>  Ajouter au panier<\/a>\t<span id=\"woocommerce_loop_add_to_cart_link_describedby_6248\" class=\"screen-reader-text\">\n\t\t\t<\/span>\n<a class=\"button show_details_button\" href=\"https:\/\/www.raffinessen.ch\/fr\/produit\/feines-meersalz-fein-aus-kampot-60g\/\"><span class=\"avia-svg-icon avia-font-svg_entypo-fontello\" data-av_svg_icon='doc-text' data-av_iconset='svg_entypo-fontello'><svg version=\"1.1\" xmlns=\"http:\/\/www.w3.org\/2000\/svg\" width=\"22\" height=\"32\" viewbox=\"0 0 22 32\" preserveaspectratio=\"xMidYMid meet\" aria-labelledby='av-svg-title-260' aria-describedby='av-svg-desc-260' role=\"graphics-symbol\" aria-hidden=\"true\">\n<title id='av-svg-title-260'>Voir les d\u00e9tails<\/title>\n<desc id='av-svg-desc-260'>Voir les d\u00e9tails<\/desc>\n<path d=\"M6.784 17.344v-2.88h8.96v2.88h-8.96zM19.2 1.6q1.344 0 2.272 0.928t0.928 2.272v22.4q0 1.28-0.928 2.24t-2.272 0.96h-16q-1.28 0-2.24-0.96t-0.96-2.24v-22.4q0-1.344 0.96-2.272t2.24-0.928h16zM19.2 27.2v-22.4h-16v22.4h16zM15.68 8.256v2.816h-8.96v-2.816h8.96zM15.68 20.8v2.816h-8.96v-2.816h8.96z\"><\/path>\n<\/svg><\/span>  Voir les d\u00e9tails<\/a> <span class=\"button-mini-delimiter\"><\/span><\/div><\/div><\/li>\n<li class=\"product type-product post-6242 status-publish instock product_cat-einzel-gewuerze product_cat-gewuerze-einzeln product_cat-unkategorisiert has-post-thumbnail taxable shipping-taxable purchasable product-type-simple\">\n\t<div class='inner_product main_color wrapped_style noLightbox  av-product-class-'><a href=\"https:\/\/www.raffinessen.ch\/fr\/produit\/feines-meersalz-fein-aus-kampot-333g\/\" class=\"woocommerce-LoopProduct-link woocommerce-loop-product__link\"><div class=\"thumbnail_container\"><img loading=\"lazy\" decoding=\"async\" width=\"500\" height=\"500\" src=\"https:\/\/www.raffinessen.ch\/webseite\/wp-content\/uploads\/2020\/06\/Bild_Meersalz-fein_FP-210x310-01-500x500.jpg\" class=\"attachment-woocommerce_thumbnail avia-product-hover\" alt=\"\" srcset=\"https:\/\/www.raffinessen.ch\/webseite\/wp-content\/uploads\/2020\/06\/Bild_Meersalz-fein_FP-210x310-01-500x500.jpg 500w, https:\/\/www.raffinessen.ch\/webseite\/wp-content\/uploads\/2020\/06\/Bild_Meersalz-fein_FP-210x310-01-300x300.jpg 300w, https:\/\/www.raffinessen.ch\/webseite\/wp-content\/uploads\/2020\/06\/Bild_Meersalz-fein_FP-210x310-01-1030x1030.jpg 1030w, https:\/\/www.raffinessen.ch\/webseite\/wp-content\/uploads\/2020\/06\/Bild_Meersalz-fein_FP-210x310-01-80x80.jpg 80w, https:\/\/www.raffinessen.ch\/webseite\/wp-content\/uploads\/2020\/06\/Bild_Meersalz-fein_FP-210x310-01-768x768.jpg 768w, https:\/\/www.raffinessen.ch\/webseite\/wp-content\/uploads\/2020\/06\/Bild_Meersalz-fein_FP-210x310-01-1536x1536.jpg 1536w, https:\/\/www.raffinessen.ch\/webseite\/wp-content\/uploads\/2020\/06\/Bild_Meersalz-fein_FP-210x310-01-2048x2048.jpg 2048w, https:\/\/www.raffinessen.ch\/webseite\/wp-content\/uploads\/2020\/06\/Bild_Meersalz-fein_FP-210x310-01-36x36.jpg 36w, https:\/\/www.raffinessen.ch\/webseite\/wp-content\/uploads\/2020\/06\/Bild_Meersalz-fein_FP-210x310-01-180x180.jpg 180w, https:\/\/www.raffinessen.ch\/webseite\/wp-content\/uploads\/2020\/06\/Bild_Meersalz-fein_FP-210x310-01-1500x1500.jpg 1500w, https:\/\/www.raffinessen.ch\/webseite\/wp-content\/uploads\/2020\/06\/Bild_Meersalz-fein_FP-210x310-01-705x705.jpg 705w, https:\/\/www.raffinessen.ch\/webseite\/wp-content\/uploads\/2020\/06\/Bild_Meersalz-fein_FP-210x310-01-100x100.jpg 100w, https:\/\/www.raffinessen.ch\/webseite\/wp-content\/uploads\/2020\/06\/Bild_Meersalz-fein_FP-210x310-01-1000x1000.jpg 1000w\" sizes=\"auto, (max-width: 500px) 100vw, 500px\" \/><img decoding=\"async\" loading=\"lazy\" width=\"500\" height=\"500\" src=\"https:\/\/www.raffinessen.ch\/webseite\/wp-content\/uploads\/2020\/06\/Meersalz-fein_Zeichenfl\u00e4che-1-500x500.jpg\" class=\"wp-image-6246 avia-img-lazy-loading-6246 attachment-woocommerce_thumbnail size-woocommerce_thumbnail wp-post-image\" alt=\"\" srcset=\"https:\/\/www.raffinessen.ch\/webseite\/wp-content\/uploads\/2020\/06\/Meersalz-fein_Zeichenfl\u00e4che-1-500x500.jpg 500w, https:\/\/www.raffinessen.ch\/webseite\/wp-content\/uploads\/2020\/06\/Meersalz-fein_Zeichenfl\u00e4che-1-300x300.jpg 300w, https:\/\/www.raffinessen.ch\/webseite\/wp-content\/uploads\/2020\/06\/Meersalz-fein_Zeichenfl\u00e4che-1-1030x1030.jpg 1030w, https:\/\/www.raffinessen.ch\/webseite\/wp-content\/uploads\/2020\/06\/Meersalz-fein_Zeichenfl\u00e4che-1-80x80.jpg 80w, https:\/\/www.raffinessen.ch\/webseite\/wp-content\/uploads\/2020\/06\/Meersalz-fein_Zeichenfl\u00e4che-1-768x768.jpg 768w, https:\/\/www.raffinessen.ch\/webseite\/wp-content\/uploads\/2020\/06\/Meersalz-fein_Zeichenfl\u00e4che-1-1536x1536.jpg 1536w, https:\/\/www.raffinessen.ch\/webseite\/wp-content\/uploads\/2020\/06\/Meersalz-fein_Zeichenfl\u00e4che-1-36x36.jpg 36w, https:\/\/www.raffinessen.ch\/webseite\/wp-content\/uploads\/2020\/06\/Meersalz-fein_Zeichenfl\u00e4che-1-180x180.jpg 180w, https:\/\/www.raffinessen.ch\/webseite\/wp-content\/uploads\/2020\/06\/Meersalz-fein_Zeichenfl\u00e4che-1-1500x1500.jpg 1500w, https:\/\/www.raffinessen.ch\/webseite\/wp-content\/uploads\/2020\/06\/Meersalz-fein_Zeichenfl\u00e4che-1-705x705.jpg 705w, https:\/\/www.raffinessen.ch\/webseite\/wp-content\/uploads\/2020\/06\/Meersalz-fein_Zeichenfl\u00e4che-1-100x100.jpg 100w, https:\/\/www.raffinessen.ch\/webseite\/wp-content\/uploads\/2020\/06\/Meersalz-fein_Zeichenfl\u00e4che-1-1000x1000.jpg 1000w, https:\/\/www.raffinessen.ch\/webseite\/wp-content\/uploads\/2020\/06\/Meersalz-fein_Zeichenfl\u00e4che-1.jpg 2000w\" sizes=\"auto, (max-width: 500px) 100vw, 500px\" \/><span class=\"cart-loading\"><\/span><\/div><div class='inner_product_header'><div class='avia-arrow'><\/div><div class='inner_product_header_table'><div class='inner_product_header_cell'><h2 class=\"woocommerce-loop-product__title\">Sel de mer fin de Kampot (333g)<\/h2>\n\t<span class=\"price\"><span class=\"woocommerce-Price-amount amount\"><bdi><span class=\"woocommerce-Price-currencySymbol\">&#67;&#72;&#70;<\/span>&nbsp;15.00<\/bdi><\/span> <small class=\"woocommerce-price-suffix\">TVA incluse<\/small><\/span>\n<\/div><\/div><\/div><\/a><div class='avia_cart_buttons'><a href=\"\/fr\/wp-json\/wp\/v2\/pages\/9012?add-to-cart=6242\" aria-describedby=\"woocommerce_loop_add_to_cart_link_describedby_6242\" data-quantity=\"1\" class=\"button product_type_simple add_to_cart_button ajax_add_to_cart\" data-product_id=\"6242\" data-product_sku=\"FPO-R0050-333\" aria-label=\"Ajouter au panier\u00a0: \u201cFeines Meersalz aus Kampot (333g)\u201d\" rel=\"nofollow\" data-success_message=\"\u00ab\u00a0Feines Meersalz aus Kampot (333g)\u00a0\u00bb a \u00e9t\u00e9 ajout\u00e9 \u00e0 votre panier\" role=\"button\" data-no-translation-aria-label=\"\" data-no-translation-data-success_message=\"\"><span class=\"avia-svg-icon avia-font-svg_entypo-fontello\" data-av_svg_icon='basket' data-av_iconset='svg_entypo-fontello'><svg version=\"1.1\" xmlns=\"http:\/\/www.w3.org\/2000\/svg\" width=\"29\" height=\"32\" viewbox=\"0 0 29 32\" preserveaspectratio=\"xMidYMid meet\" aria-labelledby='av-svg-title-261' aria-describedby='av-svg-desc-261' role=\"graphics-symbol\" aria-hidden=\"true\">\n<title id='av-svg-title-261'>Ajouter au panier<\/title>\n<desc id='av-svg-desc-261'>Ajouter au panier<\/desc>\n<path d=\"M4.8 27.2q0-1.28 0.96-2.24t2.24-0.96q1.344 0 2.272 0.96t0.928 2.24q0 1.344-0.928 2.272t-2.272 0.928q-1.28 0-2.24-0.928t-0.96-2.272zM20.8 27.2q0-1.28 0.96-2.24t2.24-0.96q1.344 0 2.272 0.96t0.928 2.24q0 1.344-0.928 2.272t-2.272 0.928q-1.28 0-2.24-0.928t-0.96-2.272zM10.496 19.648q-1.152 0.32-1.088 0.736t1.408 0.416h17.984v2.432q0 0.64-0.64 0.64h-20.928q-0.64 0-0.64-0.64v-2.432l-0.32-1.472-3.136-14.528h-3.136v-2.56q0-0.64 0.64-0.64h4.992q0.64 0 0.64 0.64v2.752h22.528v8.768q0 0.704-0.576 0.832z\"><\/path>\n<\/svg><\/span>  Ajouter au panier<\/a>\t<span id=\"woocommerce_loop_add_to_cart_link_describedby_6242\" class=\"screen-reader-text\">\n\t\t\t<\/span>\n<a class=\"button show_details_button\" href=\"https:\/\/www.raffinessen.ch\/fr\/produit\/feines-meersalz-fein-aus-kampot-333g\/\"><span class=\"avia-svg-icon avia-font-svg_entypo-fontello\" data-av_svg_icon='doc-text' data-av_iconset='svg_entypo-fontello'><svg version=\"1.1\" xmlns=\"http:\/\/www.w3.org\/2000\/svg\" width=\"22\" height=\"32\" viewbox=\"0 0 22 32\" preserveaspectratio=\"xMidYMid meet\" aria-labelledby='av-svg-title-262' aria-describedby='av-svg-desc-262' role=\"graphics-symbol\" aria-hidden=\"true\">\n<title id='av-svg-title-262'>Voir les d\u00e9tails<\/title>\n<desc id='av-svg-desc-262'>Voir les d\u00e9tails<\/desc>\n<path d=\"M6.784 17.344v-2.88h8.96v2.88h-8.96zM19.2 1.6q1.344 0 2.272 0.928t0.928 2.272v22.4q0 1.28-0.928 2.24t-2.272 0.96h-16q-1.28 0-2.24-0.96t-0.96-2.24v-22.4q0-1.344 0.96-2.272t2.24-0.928h16zM19.2 27.2v-22.4h-16v22.4h16zM15.68 8.256v2.816h-8.96v-2.816h8.96zM15.68 20.8v2.816h-8.96v-2.816h8.96z\"><\/path>\n<\/svg><\/span>  Voir les d\u00e9tails<\/a> <span class=\"button-mini-delimiter\"><\/span><\/div><\/div><\/li>\n<li class=\"product type-product post-4511 status-publish instock product_cat-einzel-gewuerze product_cat-gewuerze-einzeln product_cat-unkategorisiert has-post-thumbnail taxable shipping-taxable purchasable product-type-simple\">\n\t<div class='inner_product main_color wrapped_style noLightbox  av-product-class-'><a href=\"https:\/\/www.raffinessen.ch\/fr\/produit\/grobes-meersalz-aus-kampot\/\" class=\"woocommerce-LoopProduct-link woocommerce-loop-product__link\"><div class=\"thumbnail_container\"><img loading=\"lazy\" decoding=\"async\" width=\"500\" height=\"500\" src=\"https:\/\/www.raffinessen.ch\/webseite\/wp-content\/uploads\/2019\/11\/raffinessen-meersalz-kambodscha-verpackung-500x500.jpg\" class=\"attachment-woocommerce_thumbnail avia-product-hover\" alt=\"\" srcset=\"https:\/\/www.raffinessen.ch\/webseite\/wp-content\/uploads\/2019\/11\/raffinessen-meersalz-kambodscha-verpackung-500x500.jpg 500w, https:\/\/www.raffinessen.ch\/webseite\/wp-content\/uploads\/2019\/11\/raffinessen-meersalz-kambodscha-verpackung-80x80.jpg 80w, https:\/\/www.raffinessen.ch\/webseite\/wp-content\/uploads\/2019\/11\/raffinessen-meersalz-kambodscha-verpackung-300x300.jpg 300w, https:\/\/www.raffinessen.ch\/webseite\/wp-content\/uploads\/2019\/11\/raffinessen-meersalz-kambodscha-verpackung-768x768.jpg 768w, https:\/\/www.raffinessen.ch\/webseite\/wp-content\/uploads\/2019\/11\/raffinessen-meersalz-kambodscha-verpackung-1030x1030.jpg 1030w, https:\/\/www.raffinessen.ch\/webseite\/wp-content\/uploads\/2019\/11\/raffinessen-meersalz-kambodscha-verpackung-36x36.jpg 36w, https:\/\/www.raffinessen.ch\/webseite\/wp-content\/uploads\/2019\/11\/raffinessen-meersalz-kambodscha-verpackung-180x180.jpg 180w, https:\/\/www.raffinessen.ch\/webseite\/wp-content\/uploads\/2019\/11\/raffinessen-meersalz-kambodscha-verpackung-1500x1500.jpg 1500w, https:\/\/www.raffinessen.ch\/webseite\/wp-content\/uploads\/2019\/11\/raffinessen-meersalz-kambodscha-verpackung-705x705.jpg 705w, https:\/\/www.raffinessen.ch\/webseite\/wp-content\/uploads\/2019\/11\/raffinessen-meersalz-kambodscha-verpackung-100x100.jpg 100w, https:\/\/www.raffinessen.ch\/webseite\/wp-content\/uploads\/2019\/11\/raffinessen-meersalz-kambodscha-verpackung-1000x1000.jpg 1000w, https:\/\/www.raffinessen.ch\/webseite\/wp-content\/uploads\/2019\/11\/raffinessen-meersalz-kambodscha-verpackung.jpg 2000w\" sizes=\"auto, (max-width: 500px) 100vw, 500px\" \/><img decoding=\"async\" loading=\"lazy\" width=\"500\" height=\"500\" src=\"https:\/\/www.raffinessen.ch\/webseite\/wp-content\/uploads\/2019\/11\/raffinessen-meersalz-kambodscha-500x500.jpg\" class=\"wp-image-4497 avia-img-lazy-loading-4497 attachment-woocommerce_thumbnail size-woocommerce_thumbnail wp-post-image\" alt=\"\" srcset=\"https:\/\/www.raffinessen.ch\/webseite\/wp-content\/uploads\/2019\/11\/raffinessen-meersalz-kambodscha-500x500.jpg 500w, https:\/\/www.raffinessen.ch\/webseite\/wp-content\/uploads\/2019\/11\/raffinessen-meersalz-kambodscha-80x80.jpg 80w, https:\/\/www.raffinessen.ch\/webseite\/wp-content\/uploads\/2019\/11\/raffinessen-meersalz-kambodscha-300x300.jpg 300w, https:\/\/www.raffinessen.ch\/webseite\/wp-content\/uploads\/2019\/11\/raffinessen-meersalz-kambodscha-768x768.jpg 768w, https:\/\/www.raffinessen.ch\/webseite\/wp-content\/uploads\/2019\/11\/raffinessen-meersalz-kambodscha-1030x1030.jpg 1030w, https:\/\/www.raffinessen.ch\/webseite\/wp-content\/uploads\/2019\/11\/raffinessen-meersalz-kambodscha-36x36.jpg 36w, https:\/\/www.raffinessen.ch\/webseite\/wp-content\/uploads\/2019\/11\/raffinessen-meersalz-kambodscha-180x180.jpg 180w, https:\/\/www.raffinessen.ch\/webseite\/wp-content\/uploads\/2019\/11\/raffinessen-meersalz-kambodscha-1500x1500.jpg 1500w, https:\/\/www.raffinessen.ch\/webseite\/wp-content\/uploads\/2019\/11\/raffinessen-meersalz-kambodscha-705x705.jpg 705w, https:\/\/www.raffinessen.ch\/webseite\/wp-content\/uploads\/2019\/11\/raffinessen-meersalz-kambodscha-100x100.jpg 100w, https:\/\/www.raffinessen.ch\/webseite\/wp-content\/uploads\/2019\/11\/raffinessen-meersalz-kambodscha-1000x1000.jpg 1000w, https:\/\/www.raffinessen.ch\/webseite\/wp-content\/uploads\/2019\/11\/raffinessen-meersalz-kambodscha.jpg 2000w\" sizes=\"auto, (max-width: 500px) 100vw, 500px\" \/><span class=\"cart-loading\"><\/span><\/div><div class='inner_product_header'><div class='avia-arrow'><\/div><div class='inner_product_header_table'><div class='inner_product_header_cell'><h2 class=\"woocommerce-loop-product__title\">Gros sel marin de Kampot (60g)<\/h2>\n\t<span class=\"price\"><span class=\"woocommerce-Price-amount amount\"><bdi><span class=\"woocommerce-Price-currencySymbol\">&#67;&#72;&#70;<\/span>&nbsp;4.00<\/bdi><\/span> <small class=\"woocommerce-price-suffix\">TVA incluse<\/small><\/span>\n<\/div><\/div><\/div><\/a><div class='avia_cart_buttons'><a href=\"\/fr\/wp-json\/wp\/v2\/pages\/9012?add-to-cart=4511\" aria-describedby=\"woocommerce_loop_add_to_cart_link_describedby_4511\" data-quantity=\"1\" class=\"button product_type_simple add_to_cart_button ajax_add_to_cart\" data-product_id=\"4511\" data-product_sku=\"FPO-R0049-60\" aria-label=\"Ajouter au panier\u00a0: \u201cGrobes Meersalz aus Kampot (60g)\u201d\" rel=\"nofollow\" data-success_message=\"\u00ab\u00a0Grobes Meersalz aus Kampot (60g)\u00a0\u00bb a \u00e9t\u00e9 ajout\u00e9 \u00e0 votre panier\" role=\"button\" data-no-translation-aria-label=\"\" data-no-translation-data-success_message=\"\"><span class=\"avia-svg-icon avia-font-svg_entypo-fontello\" data-av_svg_icon='basket' data-av_iconset='svg_entypo-fontello'><svg version=\"1.1\" xmlns=\"http:\/\/www.w3.org\/2000\/svg\" width=\"29\" height=\"32\" viewbox=\"0 0 29 32\" preserveaspectratio=\"xMidYMid meet\" aria-labelledby='av-svg-title-263' aria-describedby='av-svg-desc-263' role=\"graphics-symbol\" aria-hidden=\"true\">\n<title id='av-svg-title-263'>Ajouter au panier<\/title>\n<desc id='av-svg-desc-263'>Ajouter au panier<\/desc>\n<path d=\"M4.8 27.2q0-1.28 0.96-2.24t2.24-0.96q1.344 0 2.272 0.96t0.928 2.24q0 1.344-0.928 2.272t-2.272 0.928q-1.28 0-2.24-0.928t-0.96-2.272zM20.8 27.2q0-1.28 0.96-2.24t2.24-0.96q1.344 0 2.272 0.96t0.928 2.24q0 1.344-0.928 2.272t-2.272 0.928q-1.28 0-2.24-0.928t-0.96-2.272zM10.496 19.648q-1.152 0.32-1.088 0.736t1.408 0.416h17.984v2.432q0 0.64-0.64 0.64h-20.928q-0.64 0-0.64-0.64v-2.432l-0.32-1.472-3.136-14.528h-3.136v-2.56q0-0.64 0.64-0.64h4.992q0.64 0 0.64 0.64v2.752h22.528v8.768q0 0.704-0.576 0.832z\"><\/path>\n<\/svg><\/span>  Ajouter au panier<\/a>\t<span id=\"woocommerce_loop_add_to_cart_link_describedby_4511\" class=\"screen-reader-text\">\n\t\t\t<\/span>\n<a class=\"button show_details_button\" href=\"https:\/\/www.raffinessen.ch\/fr\/produit\/grobes-meersalz-aus-kampot\/\"><span class=\"avia-svg-icon avia-font-svg_entypo-fontello\" data-av_svg_icon='doc-text' data-av_iconset='svg_entypo-fontello'><svg version=\"1.1\" xmlns=\"http:\/\/www.w3.org\/2000\/svg\" width=\"22\" height=\"32\" viewbox=\"0 0 22 32\" preserveaspectratio=\"xMidYMid meet\" aria-labelledby='av-svg-title-264' aria-describedby='av-svg-desc-264' role=\"graphics-symbol\" aria-hidden=\"true\">\n<title id='av-svg-title-264'>Voir les d\u00e9tails<\/title>\n<desc id='av-svg-desc-264'>Voir les d\u00e9tails<\/desc>\n<path d=\"M6.784 17.344v-2.88h8.96v2.88h-8.96zM19.2 1.6q1.344 0 2.272 0.928t0.928 2.272v22.4q0 1.28-0.928 2.24t-2.272 0.96h-16q-1.28 0-2.24-0.96t-0.96-2.24v-22.4q0-1.344 0.96-2.272t2.24-0.928h16zM19.2 27.2v-22.4h-16v22.4h16zM15.68 8.256v2.816h-8.96v-2.816h8.96zM15.68 20.8v2.816h-8.96v-2.816h8.96z\"><\/path>\n<\/svg><\/span>  Voir les d\u00e9tails<\/a> <span class=\"button-mini-delimiter\"><\/span><\/div><\/div><\/li>\n<li class=\"product type-product post-4513 status-publish last instock product_cat-einzel-gewuerze product_cat-gewuerze-einzeln product_cat-unkategorisiert has-post-thumbnail taxable shipping-taxable purchasable product-type-simple\">\n\t<div class='inner_product main_color wrapped_style noLightbox  av-product-class-'><a href=\"https:\/\/www.raffinessen.ch\/fr\/produit\/grobes-meersalz-aus-kampot-333g\/\" class=\"woocommerce-LoopProduct-link woocommerce-loop-product__link\"><div class=\"thumbnail_container\"><img loading=\"lazy\" decoding=\"async\" width=\"500\" height=\"500\" src=\"https:\/\/www.raffinessen.ch\/webseite\/wp-content\/uploads\/2019\/11\/meersalz-kambodscha-raffinessen-grosser-beutel-500x500.jpg\" class=\"attachment-woocommerce_thumbnail avia-product-hover\" alt=\"\" srcset=\"https:\/\/www.raffinessen.ch\/webseite\/wp-content\/uploads\/2019\/11\/meersalz-kambodscha-raffinessen-grosser-beutel-500x500.jpg 500w, https:\/\/www.raffinessen.ch\/webseite\/wp-content\/uploads\/2019\/11\/meersalz-kambodscha-raffinessen-grosser-beutel-80x80.jpg 80w, https:\/\/www.raffinessen.ch\/webseite\/wp-content\/uploads\/2019\/11\/meersalz-kambodscha-raffinessen-grosser-beutel-300x300.jpg 300w, https:\/\/www.raffinessen.ch\/webseite\/wp-content\/uploads\/2019\/11\/meersalz-kambodscha-raffinessen-grosser-beutel-768x768.jpg 768w, https:\/\/www.raffinessen.ch\/webseite\/wp-content\/uploads\/2019\/11\/meersalz-kambodscha-raffinessen-grosser-beutel-1030x1030.jpg 1030w, https:\/\/www.raffinessen.ch\/webseite\/wp-content\/uploads\/2019\/11\/meersalz-kambodscha-raffinessen-grosser-beutel-36x36.jpg 36w, https:\/\/www.raffinessen.ch\/webseite\/wp-content\/uploads\/2019\/11\/meersalz-kambodscha-raffinessen-grosser-beutel-180x180.jpg 180w, https:\/\/www.raffinessen.ch\/webseite\/wp-content\/uploads\/2019\/11\/meersalz-kambodscha-raffinessen-grosser-beutel-1500x1500.jpg 1500w, https:\/\/www.raffinessen.ch\/webseite\/wp-content\/uploads\/2019\/11\/meersalz-kambodscha-raffinessen-grosser-beutel-705x705.jpg 705w, https:\/\/www.raffinessen.ch\/webseite\/wp-content\/uploads\/2019\/11\/meersalz-kambodscha-raffinessen-grosser-beutel-100x100.jpg 100w, https:\/\/www.raffinessen.ch\/webseite\/wp-content\/uploads\/2019\/11\/meersalz-kambodscha-raffinessen-grosser-beutel-1000x1000.jpg 1000w, https:\/\/www.raffinessen.ch\/webseite\/wp-content\/uploads\/2019\/11\/meersalz-kambodscha-raffinessen-grosser-beutel.jpg 2000w\" sizes=\"auto, (max-width: 500px) 100vw, 500px\" \/><img decoding=\"async\" loading=\"lazy\" width=\"500\" height=\"500\" src=\"https:\/\/www.raffinessen.ch\/webseite\/wp-content\/uploads\/2019\/11\/raffinessen-meersalz-kambodscha-500x500.jpg\" class=\"wp-image-4497 avia-img-lazy-loading-4497 attachment-woocommerce_thumbnail size-woocommerce_thumbnail wp-post-image\" alt=\"\" srcset=\"https:\/\/www.raffinessen.ch\/webseite\/wp-content\/uploads\/2019\/11\/raffinessen-meersalz-kambodscha-500x500.jpg 500w, https:\/\/www.raffinessen.ch\/webseite\/wp-content\/uploads\/2019\/11\/raffinessen-meersalz-kambodscha-80x80.jpg 80w, https:\/\/www.raffinessen.ch\/webseite\/wp-content\/uploads\/2019\/11\/raffinessen-meersalz-kambodscha-300x300.jpg 300w, https:\/\/www.raffinessen.ch\/webseite\/wp-content\/uploads\/2019\/11\/raffinessen-meersalz-kambodscha-768x768.jpg 768w, https:\/\/www.raffinessen.ch\/webseite\/wp-content\/uploads\/2019\/11\/raffinessen-meersalz-kambodscha-1030x1030.jpg 1030w, https:\/\/www.raffinessen.ch\/webseite\/wp-content\/uploads\/2019\/11\/raffinessen-meersalz-kambodscha-36x36.jpg 36w, https:\/\/www.raffinessen.ch\/webseite\/wp-content\/uploads\/2019\/11\/raffinessen-meersalz-kambodscha-180x180.jpg 180w, https:\/\/www.raffinessen.ch\/webseite\/wp-content\/uploads\/2019\/11\/raffinessen-meersalz-kambodscha-1500x1500.jpg 1500w, https:\/\/www.raffinessen.ch\/webseite\/wp-content\/uploads\/2019\/11\/raffinessen-meersalz-kambodscha-705x705.jpg 705w, https:\/\/www.raffinessen.ch\/webseite\/wp-content\/uploads\/2019\/11\/raffinessen-meersalz-kambodscha-100x100.jpg 100w, https:\/\/www.raffinessen.ch\/webseite\/wp-content\/uploads\/2019\/11\/raffinessen-meersalz-kambodscha-1000x1000.jpg 1000w, https:\/\/www.raffinessen.ch\/webseite\/wp-content\/uploads\/2019\/11\/raffinessen-meersalz-kambodscha.jpg 2000w\" sizes=\"auto, (max-width: 500px) 100vw, 500px\" \/><span class=\"cart-loading\"><\/span><\/div><div class='inner_product_header'><div class='avia-arrow'><\/div><div class='inner_product_header_table'><div class='inner_product_header_cell'><h2 class=\"woocommerce-loop-product__title\">Gros sel marin de Kampot (333g)<\/h2>\n\t<span class=\"price\"><span class=\"woocommerce-Price-amount amount\"><bdi><span class=\"woocommerce-Price-currencySymbol\">&#67;&#72;&#70;<\/span>&nbsp;15.00<\/bdi><\/span> <small class=\"woocommerce-price-suffix\">TVA incluse<\/small><\/span>\n<\/div><\/div><\/div><\/a><div class='avia_cart_buttons'><a href=\"\/fr\/wp-json\/wp\/v2\/pages\/9012?add-to-cart=4513\" aria-describedby=\"woocommerce_loop_add_to_cart_link_describedby_4513\" data-quantity=\"1\" class=\"button product_type_simple add_to_cart_button ajax_add_to_cart\" data-product_id=\"4513\" data-product_sku=\"FPO-R0049-333\" aria-label=\"Ajouter au panier\u00a0: \u201cGrobes Meersalz aus Kampot (333g)\u201d\" rel=\"nofollow\" data-success_message=\"\u00ab\u00a0Grobes Meersalz aus Kampot (333g)\u00a0\u00bb a \u00e9t\u00e9 ajout\u00e9 \u00e0 votre panier\" role=\"button\" data-no-translation-aria-label=\"\" data-no-translation-data-success_message=\"\"><span class=\"avia-svg-icon avia-font-svg_entypo-fontello\" data-av_svg_icon='basket' data-av_iconset='svg_entypo-fontello'><svg version=\"1.1\" xmlns=\"http:\/\/www.w3.org\/2000\/svg\" width=\"29\" height=\"32\" viewbox=\"0 0 29 32\" preserveaspectratio=\"xMidYMid meet\" aria-labelledby='av-svg-title-265' aria-describedby='av-svg-desc-265' role=\"graphics-symbol\" aria-hidden=\"true\">\n<title id='av-svg-title-265'>Ajouter au panier<\/title>\n<desc id='av-svg-desc-265'>Ajouter au panier<\/desc>\n<path d=\"M4.8 27.2q0-1.28 0.96-2.24t2.24-0.96q1.344 0 2.272 0.96t0.928 2.24q0 1.344-0.928 2.272t-2.272 0.928q-1.28 0-2.24-0.928t-0.96-2.272zM20.8 27.2q0-1.28 0.96-2.24t2.24-0.96q1.344 0 2.272 0.96t0.928 2.24q0 1.344-0.928 2.272t-2.272 0.928q-1.28 0-2.24-0.928t-0.96-2.272zM10.496 19.648q-1.152 0.32-1.088 0.736t1.408 0.416h17.984v2.432q0 0.64-0.64 0.64h-20.928q-0.64 0-0.64-0.64v-2.432l-0.32-1.472-3.136-14.528h-3.136v-2.56q0-0.64 0.64-0.64h4.992q0.64 0 0.64 0.64v2.752h22.528v8.768q0 0.704-0.576 0.832z\"><\/path>\n<\/svg><\/span>  Ajouter au panier<\/a>\t<span id=\"woocommerce_loop_add_to_cart_link_describedby_4513\" class=\"screen-reader-text\">\n\t\t\t<\/span>\n<a class=\"button show_details_button\" href=\"https:\/\/www.raffinessen.ch\/fr\/produit\/grobes-meersalz-aus-kampot-333g\/\"><span class=\"avia-svg-icon avia-font-svg_entypo-fontello\" data-av_svg_icon='doc-text' data-av_iconset='svg_entypo-fontello'><svg version=\"1.1\" xmlns=\"http:\/\/www.w3.org\/2000\/svg\" width=\"22\" height=\"32\" viewbox=\"0 0 22 32\" preserveaspectratio=\"xMidYMid meet\" aria-labelledby='av-svg-title-266' aria-describedby='av-svg-desc-266' role=\"graphics-symbol\" aria-hidden=\"true\">\n<title id='av-svg-title-266'>Voir les d\u00e9tails<\/title>\n<desc id='av-svg-desc-266'>Voir les d\u00e9tails<\/desc>\n<path d=\"M6.784 17.344v-2.88h8.96v2.88h-8.96zM19.2 1.6q1.344 0 2.272 0.928t0.928 2.272v22.4q0 1.28-0.928 2.24t-2.272 0.96h-16q-1.28 0-2.24-0.96t-0.96-2.24v-22.4q0-1.344 0.96-2.272t2.24-0.928h16zM19.2 27.2v-22.4h-16v22.4h16zM15.68 8.256v2.816h-8.96v-2.816h8.96zM15.68 20.8v2.816h-8.96v-2.816h8.96z\"><\/path>\n<\/svg><\/span>  Voir les d\u00e9tails<\/a> <span class=\"button-mini-delimiter\"><\/span><\/div><\/div><\/li>\n<li class=\"product type-product post-4484 status-publish first instock product_cat-einzel-gewuerze product_cat-gewuerze-einzeln product_cat-unkategorisiert has-post-thumbnail taxable shipping-taxable purchasable product-type-simple\">\n\t<div class='inner_product main_color wrapped_style noLightbox  av-product-class-'><a href=\"https:\/\/www.raffinessen.ch\/fr\/produit\/kurkuma-aus-kampot\/\" class=\"woocommerce-LoopProduct-link woocommerce-loop-product__link\"><div class=\"thumbnail_container\"><img loading=\"lazy\" decoding=\"async\" width=\"500\" height=\"500\" src=\"https:\/\/www.raffinessen.ch\/webseite\/wp-content\/uploads\/2019\/11\/raffinessen-kurkuma-kambodscha-verpackung-500x500.jpg\" class=\"attachment-woocommerce_thumbnail avia-product-hover\" alt=\"\" srcset=\"https:\/\/www.raffinessen.ch\/webseite\/wp-content\/uploads\/2019\/11\/raffinessen-kurkuma-kambodscha-verpackung-500x500.jpg 500w, https:\/\/www.raffinessen.ch\/webseite\/wp-content\/uploads\/2019\/11\/raffinessen-kurkuma-kambodscha-verpackung-80x80.jpg 80w, https:\/\/www.raffinessen.ch\/webseite\/wp-content\/uploads\/2019\/11\/raffinessen-kurkuma-kambodscha-verpackung-300x300.jpg 300w, https:\/\/www.raffinessen.ch\/webseite\/wp-content\/uploads\/2019\/11\/raffinessen-kurkuma-kambodscha-verpackung-768x768.jpg 768w, https:\/\/www.raffinessen.ch\/webseite\/wp-content\/uploads\/2019\/11\/raffinessen-kurkuma-kambodscha-verpackung-1030x1030.jpg 1030w, https:\/\/www.raffinessen.ch\/webseite\/wp-content\/uploads\/2019\/11\/raffinessen-kurkuma-kambodscha-verpackung-36x36.jpg 36w, https:\/\/www.raffinessen.ch\/webseite\/wp-content\/uploads\/2019\/11\/raffinessen-kurkuma-kambodscha-verpackung-180x180.jpg 180w, https:\/\/www.raffinessen.ch\/webseite\/wp-content\/uploads\/2019\/11\/raffinessen-kurkuma-kambodscha-verpackung-1500x1500.jpg 1500w, https:\/\/www.raffinessen.ch\/webseite\/wp-content\/uploads\/2019\/11\/raffinessen-kurkuma-kambodscha-verpackung-705x705.jpg 705w, https:\/\/www.raffinessen.ch\/webseite\/wp-content\/uploads\/2019\/11\/raffinessen-kurkuma-kambodscha-verpackung-100x100.jpg 100w, https:\/\/www.raffinessen.ch\/webseite\/wp-content\/uploads\/2019\/11\/raffinessen-kurkuma-kambodscha-verpackung-1000x1000.jpg 1000w, https:\/\/www.raffinessen.ch\/webseite\/wp-content\/uploads\/2019\/11\/raffinessen-kurkuma-kambodscha-verpackung.jpg 2000w\" sizes=\"auto, (max-width: 500px) 100vw, 500px\" \/><img decoding=\"async\" loading=\"lazy\" width=\"500\" height=\"500\" src=\"https:\/\/www.raffinessen.ch\/webseite\/wp-content\/uploads\/2020\/03\/kurkuma-raffinessen-500x500.jpg\" class=\"wp-image-5301 avia-img-lazy-loading-5301 attachment-woocommerce_thumbnail size-woocommerce_thumbnail wp-post-image\" alt=\"\" srcset=\"https:\/\/www.raffinessen.ch\/webseite\/wp-content\/uploads\/2020\/03\/kurkuma-raffinessen-500x500.jpg 500w, https:\/\/www.raffinessen.ch\/webseite\/wp-content\/uploads\/2020\/03\/kurkuma-raffinessen-300x300.jpg 300w, https:\/\/www.raffinessen.ch\/webseite\/wp-content\/uploads\/2020\/03\/kurkuma-raffinessen-1030x1030.jpg 1030w, https:\/\/www.raffinessen.ch\/webseite\/wp-content\/uploads\/2020\/03\/kurkuma-raffinessen-80x80.jpg 80w, https:\/\/www.raffinessen.ch\/webseite\/wp-content\/uploads\/2020\/03\/kurkuma-raffinessen-768x768.jpg 768w, https:\/\/www.raffinessen.ch\/webseite\/wp-content\/uploads\/2020\/03\/kurkuma-raffinessen-1536x1536.jpg 1536w, https:\/\/www.raffinessen.ch\/webseite\/wp-content\/uploads\/2020\/03\/kurkuma-raffinessen-2048x2048.jpg 2048w, https:\/\/www.raffinessen.ch\/webseite\/wp-content\/uploads\/2020\/03\/kurkuma-raffinessen-36x36.jpg 36w, https:\/\/www.raffinessen.ch\/webseite\/wp-content\/uploads\/2020\/03\/kurkuma-raffinessen-180x180.jpg 180w, https:\/\/www.raffinessen.ch\/webseite\/wp-content\/uploads\/2020\/03\/kurkuma-raffinessen-1500x1500.jpg 1500w, https:\/\/www.raffinessen.ch\/webseite\/wp-content\/uploads\/2020\/03\/kurkuma-raffinessen-705x705.jpg 705w, https:\/\/www.raffinessen.ch\/webseite\/wp-content\/uploads\/2020\/03\/kurkuma-raffinessen-100x100.jpg 100w, https:\/\/www.raffinessen.ch\/webseite\/wp-content\/uploads\/2020\/03\/kurkuma-raffinessen-1000x1000.jpg 1000w\" sizes=\"auto, (max-width: 500px) 100vw, 500px\" \/><span class=\"cart-loading\"><\/span><\/div><div class='inner_product_header'><div class='avia-arrow'><\/div><div class='inner_product_header_table'><div class='inner_product_header_cell'><h2 class=\"woocommerce-loop-product__title\">Curcuma de Kampot<\/h2>\n\t<span class=\"price\"><span class=\"woocommerce-Price-amount amount\"><bdi><span class=\"woocommerce-Price-currencySymbol\">&#67;&#72;&#70;<\/span>&nbsp;5.00<\/bdi><\/span> <small class=\"woocommerce-price-suffix\">TVA incluse<\/small><\/span>\n<\/div><\/div><\/div><\/a><div class='avia_cart_buttons'><a href=\"\/fr\/wp-json\/wp\/v2\/pages\/9012?add-to-cart=4484\" aria-describedby=\"woocommerce_loop_add_to_cart_link_describedby_4484\" data-quantity=\"1\" class=\"button product_type_simple add_to_cart_button ajax_add_to_cart\" data-product_id=\"4484\" data-product_sku=\"FPO-R0047-40\" aria-label=\"Ajouter au panier\u00a0: \u201cKurkuma aus Kampot\u201d\" rel=\"nofollow\" data-success_message=\"\u00ab\u00a0Kurkuma aus Kampot\u00a0\u00bb a \u00e9t\u00e9 ajout\u00e9 \u00e0 votre panier\" role=\"button\" data-no-translation-aria-label=\"\" data-no-translation-data-success_message=\"\"><span class=\"avia-svg-icon avia-font-svg_entypo-fontello\" data-av_svg_icon='basket' data-av_iconset='svg_entypo-fontello'><svg version=\"1.1\" xmlns=\"http:\/\/www.w3.org\/2000\/svg\" width=\"29\" height=\"32\" viewbox=\"0 0 29 32\" preserveaspectratio=\"xMidYMid meet\" aria-labelledby='av-svg-title-267' aria-describedby='av-svg-desc-267' role=\"graphics-symbol\" aria-hidden=\"true\">\n<title id='av-svg-title-267'>Ajouter au panier<\/title>\n<desc id='av-svg-desc-267'>Ajouter au panier<\/desc>\n<path d=\"M4.8 27.2q0-1.28 0.96-2.24t2.24-0.96q1.344 0 2.272 0.96t0.928 2.24q0 1.344-0.928 2.272t-2.272 0.928q-1.28 0-2.24-0.928t-0.96-2.272zM20.8 27.2q0-1.28 0.96-2.24t2.24-0.96q1.344 0 2.272 0.96t0.928 2.24q0 1.344-0.928 2.272t-2.272 0.928q-1.28 0-2.24-0.928t-0.96-2.272zM10.496 19.648q-1.152 0.32-1.088 0.736t1.408 0.416h17.984v2.432q0 0.64-0.64 0.64h-20.928q-0.64 0-0.64-0.64v-2.432l-0.32-1.472-3.136-14.528h-3.136v-2.56q0-0.64 0.64-0.64h4.992q0.64 0 0.64 0.64v2.752h22.528v8.768q0 0.704-0.576 0.832z\"><\/path>\n<\/svg><\/span>  Ajouter au panier<\/a>\t<span id=\"woocommerce_loop_add_to_cart_link_describedby_4484\" class=\"screen-reader-text\">\n\t\t\t<\/span>\n<a class=\"button show_details_button\" href=\"https:\/\/www.raffinessen.ch\/fr\/produit\/kurkuma-aus-kampot\/\"><span class=\"avia-svg-icon avia-font-svg_entypo-fontello\" data-av_svg_icon='doc-text' data-av_iconset='svg_entypo-fontello'><svg version=\"1.1\" xmlns=\"http:\/\/www.w3.org\/2000\/svg\" width=\"22\" height=\"32\" viewbox=\"0 0 22 32\" preserveaspectratio=\"xMidYMid meet\" aria-labelledby='av-svg-title-268' aria-describedby='av-svg-desc-268' role=\"graphics-symbol\" aria-hidden=\"true\">\n<title id='av-svg-title-268'>Voir les d\u00e9tails<\/title>\n<desc id='av-svg-desc-268'>Voir les d\u00e9tails<\/desc>\n<path d=\"M6.784 17.344v-2.88h8.96v2.88h-8.96zM19.2 1.6q1.344 0 2.272 0.928t0.928 2.272v22.4q0 1.28-0.928 2.24t-2.272 0.96h-16q-1.28 0-2.24-0.96t-0.96-2.24v-22.4q0-1.344 0.96-2.272t2.24-0.928h16zM19.2 27.2v-22.4h-16v22.4h16zM15.68 8.256v2.816h-8.96v-2.816h8.96zM15.68 20.8v2.816h-8.96v-2.816h8.96z\"><\/path>\n<\/svg><\/span>  Voir les d\u00e9tails<\/a> <span class=\"button-mini-delimiter\"><\/span><\/div><\/div><\/li>\n<li class=\"product type-product post-4515 status-publish instock product_cat-einzel-gewuerze product_cat-gewuerze-einzeln product_cat-unkategorisiert has-post-thumbnail taxable shipping-taxable purchasable product-type-simple\">\n\t<div class='inner_product main_color wrapped_style noLightbox  av-product-class-'><a href=\"https:\/\/www.raffinessen.ch\/fr\/produit\/wilder-palmzucker-aus-kampong-speu-60-g\/\" class=\"woocommerce-LoopProduct-link woocommerce-loop-product__link\"><div class=\"thumbnail_container\"><img loading=\"lazy\" decoding=\"async\" width=\"500\" height=\"500\" src=\"https:\/\/www.raffinessen.ch\/webseite\/wp-content\/uploads\/2019\/11\/raffinessen-palmzucker-kambodscha-verpackung-500x500.jpg\" class=\"attachment-woocommerce_thumbnail avia-product-hover\" alt=\"\" srcset=\"https:\/\/www.raffinessen.ch\/webseite\/wp-content\/uploads\/2019\/11\/raffinessen-palmzucker-kambodscha-verpackung-500x500.jpg 500w, https:\/\/www.raffinessen.ch\/webseite\/wp-content\/uploads\/2019\/11\/raffinessen-palmzucker-kambodscha-verpackung-80x80.jpg 80w, https:\/\/www.raffinessen.ch\/webseite\/wp-content\/uploads\/2019\/11\/raffinessen-palmzucker-kambodscha-verpackung-300x300.jpg 300w, https:\/\/www.raffinessen.ch\/webseite\/wp-content\/uploads\/2019\/11\/raffinessen-palmzucker-kambodscha-verpackung-768x768.jpg 768w, https:\/\/www.raffinessen.ch\/webseite\/wp-content\/uploads\/2019\/11\/raffinessen-palmzucker-kambodscha-verpackung-1030x1030.jpg 1030w, https:\/\/www.raffinessen.ch\/webseite\/wp-content\/uploads\/2019\/11\/raffinessen-palmzucker-kambodscha-verpackung-36x36.jpg 36w, https:\/\/www.raffinessen.ch\/webseite\/wp-content\/uploads\/2019\/11\/raffinessen-palmzucker-kambodscha-verpackung-180x180.jpg 180w, https:\/\/www.raffinessen.ch\/webseite\/wp-content\/uploads\/2019\/11\/raffinessen-palmzucker-kambodscha-verpackung-1500x1500.jpg 1500w, https:\/\/www.raffinessen.ch\/webseite\/wp-content\/uploads\/2019\/11\/raffinessen-palmzucker-kambodscha-verpackung-705x705.jpg 705w, https:\/\/www.raffinessen.ch\/webseite\/wp-content\/uploads\/2019\/11\/raffinessen-palmzucker-kambodscha-verpackung-100x100.jpg 100w, https:\/\/www.raffinessen.ch\/webseite\/wp-content\/uploads\/2019\/11\/raffinessen-palmzucker-kambodscha-verpackung-1000x1000.jpg 1000w, https:\/\/www.raffinessen.ch\/webseite\/wp-content\/uploads\/2019\/11\/raffinessen-palmzucker-kambodscha-verpackung.jpg 2000w\" sizes=\"auto, (max-width: 500px) 100vw, 500px\" \/><img decoding=\"async\" loading=\"lazy\" width=\"500\" height=\"500\" src=\"https:\/\/www.raffinessen.ch\/webseite\/wp-content\/uploads\/2019\/11\/raffinessen-palmzucker-kambodscha-500x500.jpg\" class=\"wp-image-4504 avia-img-lazy-loading-4504 attachment-woocommerce_thumbnail size-woocommerce_thumbnail wp-post-image\" alt=\"\" srcset=\"https:\/\/www.raffinessen.ch\/webseite\/wp-content\/uploads\/2019\/11\/raffinessen-palmzucker-kambodscha-500x500.jpg 500w, https:\/\/www.raffinessen.ch\/webseite\/wp-content\/uploads\/2019\/11\/raffinessen-palmzucker-kambodscha-80x80.jpg 80w, https:\/\/www.raffinessen.ch\/webseite\/wp-content\/uploads\/2019\/11\/raffinessen-palmzucker-kambodscha-300x300.jpg 300w, https:\/\/www.raffinessen.ch\/webseite\/wp-content\/uploads\/2019\/11\/raffinessen-palmzucker-kambodscha-768x768.jpg 768w, https:\/\/www.raffinessen.ch\/webseite\/wp-content\/uploads\/2019\/11\/raffinessen-palmzucker-kambodscha-1030x1030.jpg 1030w, https:\/\/www.raffinessen.ch\/webseite\/wp-content\/uploads\/2019\/11\/raffinessen-palmzucker-kambodscha-36x36.jpg 36w, https:\/\/www.raffinessen.ch\/webseite\/wp-content\/uploads\/2019\/11\/raffinessen-palmzucker-kambodscha-180x180.jpg 180w, https:\/\/www.raffinessen.ch\/webseite\/wp-content\/uploads\/2019\/11\/raffinessen-palmzucker-kambodscha-1500x1500.jpg 1500w, https:\/\/www.raffinessen.ch\/webseite\/wp-content\/uploads\/2019\/11\/raffinessen-palmzucker-kambodscha-705x705.jpg 705w, https:\/\/www.raffinessen.ch\/webseite\/wp-content\/uploads\/2019\/11\/raffinessen-palmzucker-kambodscha-100x100.jpg 100w, https:\/\/www.raffinessen.ch\/webseite\/wp-content\/uploads\/2019\/11\/raffinessen-palmzucker-kambodscha-1000x1000.jpg 1000w, https:\/\/www.raffinessen.ch\/webseite\/wp-content\/uploads\/2019\/11\/raffinessen-palmzucker-kambodscha.jpg 2000w\" sizes=\"auto, (max-width: 500px) 100vw, 500px\" \/><span class=\"cart-loading\"><\/span><\/div><div class='inner_product_header'><div class='avia-arrow'><\/div><div class='inner_product_header_table'><div class='inner_product_header_cell'><h2 class=\"woocommerce-loop-product__title\">Sucre de palme sauvage de Kampong Speu (60 g)<\/h2>\n\t<span class=\"price\"><span class=\"woocommerce-Price-amount amount\"><bdi><span class=\"woocommerce-Price-currencySymbol\">&#67;&#72;&#70;<\/span>&nbsp;4.00<\/bdi><\/span> <small class=\"woocommerce-price-suffix\">TVA incluse<\/small><\/span>\n<\/div><\/div><\/div><\/a><div class='avia_cart_buttons'><a href=\"\/fr\/wp-json\/wp\/v2\/pages\/9012?add-to-cart=4515\" aria-describedby=\"woocommerce_loop_add_to_cart_link_describedby_4515\" data-quantity=\"1\" class=\"button product_type_simple add_to_cart_button ajax_add_to_cart\" data-product_id=\"4515\" data-product_sku=\"FPO-R0048-60\" aria-label=\"Ajouter au panier\u00a0: \u201cWilder Palmzucker aus Kampong Speu (60 g)\u201d\" rel=\"nofollow\" data-success_message=\"\u00ab\u00a0Wilder Palmzucker aus Kampong Speu (60 g)\u00a0\u00bb a \u00e9t\u00e9 ajout\u00e9 \u00e0 votre panier\" role=\"button\" data-no-translation-aria-label=\"\" data-no-translation-data-success_message=\"\"><span class=\"avia-svg-icon avia-font-svg_entypo-fontello\" data-av_svg_icon='basket' data-av_iconset='svg_entypo-fontello'><svg version=\"1.1\" xmlns=\"http:\/\/www.w3.org\/2000\/svg\" width=\"29\" height=\"32\" viewbox=\"0 0 29 32\" preserveaspectratio=\"xMidYMid meet\" aria-labelledby='av-svg-title-269' aria-describedby='av-svg-desc-269' role=\"graphics-symbol\" aria-hidden=\"true\">\n<title id='av-svg-title-269'>Ajouter au panier<\/title>\n<desc id='av-svg-desc-269'>Ajouter au panier<\/desc>\n<path d=\"M4.8 27.2q0-1.28 0.96-2.24t2.24-0.96q1.344 0 2.272 0.96t0.928 2.24q0 1.344-0.928 2.272t-2.272 0.928q-1.28 0-2.24-0.928t-0.96-2.272zM20.8 27.2q0-1.28 0.96-2.24t2.24-0.96q1.344 0 2.272 0.96t0.928 2.24q0 1.344-0.928 2.272t-2.272 0.928q-1.28 0-2.24-0.928t-0.96-2.272zM10.496 19.648q-1.152 0.32-1.088 0.736t1.408 0.416h17.984v2.432q0 0.64-0.64 0.64h-20.928q-0.64 0-0.64-0.64v-2.432l-0.32-1.472-3.136-14.528h-3.136v-2.56q0-0.64 0.64-0.64h4.992q0.64 0 0.64 0.64v2.752h22.528v8.768q0 0.704-0.576 0.832z\"><\/path>\n<\/svg><\/span>  Ajouter au panier<\/a>\t<span id=\"woocommerce_loop_add_to_cart_link_describedby_4515\" class=\"screen-reader-text\">\n\t\t\t<\/span>\n<a class=\"button show_details_button\" href=\"https:\/\/www.raffinessen.ch\/fr\/produit\/wilder-palmzucker-aus-kampong-speu-60-g\/\"><span class=\"avia-svg-icon avia-font-svg_entypo-fontello\" data-av_svg_icon='doc-text' data-av_iconset='svg_entypo-fontello'><svg version=\"1.1\" xmlns=\"http:\/\/www.w3.org\/2000\/svg\" width=\"22\" height=\"32\" viewbox=\"0 0 22 32\" preserveaspectratio=\"xMidYMid meet\" aria-labelledby='av-svg-title-270' aria-describedby='av-svg-desc-270' role=\"graphics-symbol\" aria-hidden=\"true\">\n<title id='av-svg-title-270'>Voir les d\u00e9tails<\/title>\n<desc id='av-svg-desc-270'>Voir les d\u00e9tails<\/desc>\n<path d=\"M6.784 17.344v-2.88h8.96v2.88h-8.96zM19.2 1.6q1.344 0 2.272 0.928t0.928 2.272v22.4q0 1.28-0.928 2.24t-2.272 0.96h-16q-1.28 0-2.24-0.96t-0.96-2.24v-22.4q0-1.344 0.96-2.272t2.24-0.928h16zM19.2 27.2v-22.4h-16v22.4h16zM15.68 8.256v2.816h-8.96v-2.816h8.96zM15.68 20.8v2.816h-8.96v-2.816h8.96z\"><\/path>\n<\/svg><\/span>  Voir les d\u00e9tails<\/a> <span class=\"button-mini-delimiter\"><\/span><\/div><\/div><\/li>\n<li class=\"product type-product post-4517 status-publish instock product_cat-einzel-gewuerze product_cat-gewuerze-einzeln product_cat-unkategorisiert has-post-thumbnail taxable shipping-taxable purchasable product-type-simple\">\n\t<div class='inner_product main_color wrapped_style noLightbox  av-product-class-'><a href=\"https:\/\/www.raffinessen.ch\/fr\/produit\/wilder-palmzucker-aus-kampong-speu-333-g\/\" class=\"woocommerce-LoopProduct-link woocommerce-loop-product__link\"><div class=\"thumbnail_container\"><img loading=\"lazy\" decoding=\"async\" width=\"500\" height=\"500\" src=\"https:\/\/www.raffinessen.ch\/webseite\/wp-content\/uploads\/2019\/11\/wilder-palmzucker-kambodscha-raffinessen-500x500.jpg\" class=\"attachment-woocommerce_thumbnail avia-product-hover\" alt=\"\" srcset=\"https:\/\/www.raffinessen.ch\/webseite\/wp-content\/uploads\/2019\/11\/wilder-palmzucker-kambodscha-raffinessen-500x500.jpg 500w, https:\/\/www.raffinessen.ch\/webseite\/wp-content\/uploads\/2019\/11\/wilder-palmzucker-kambodscha-raffinessen-80x80.jpg 80w, https:\/\/www.raffinessen.ch\/webseite\/wp-content\/uploads\/2019\/11\/wilder-palmzucker-kambodscha-raffinessen-300x300.jpg 300w, https:\/\/www.raffinessen.ch\/webseite\/wp-content\/uploads\/2019\/11\/wilder-palmzucker-kambodscha-raffinessen-768x768.jpg 768w, https:\/\/www.raffinessen.ch\/webseite\/wp-content\/uploads\/2019\/11\/wilder-palmzucker-kambodscha-raffinessen-1030x1030.jpg 1030w, https:\/\/www.raffinessen.ch\/webseite\/wp-content\/uploads\/2019\/11\/wilder-palmzucker-kambodscha-raffinessen-36x36.jpg 36w, https:\/\/www.raffinessen.ch\/webseite\/wp-content\/uploads\/2019\/11\/wilder-palmzucker-kambodscha-raffinessen-180x180.jpg 180w, https:\/\/www.raffinessen.ch\/webseite\/wp-content\/uploads\/2019\/11\/wilder-palmzucker-kambodscha-raffinessen-1500x1500.jpg 1500w, https:\/\/www.raffinessen.ch\/webseite\/wp-content\/uploads\/2019\/11\/wilder-palmzucker-kambodscha-raffinessen-705x705.jpg 705w, https:\/\/www.raffinessen.ch\/webseite\/wp-content\/uploads\/2019\/11\/wilder-palmzucker-kambodscha-raffinessen-100x100.jpg 100w, https:\/\/www.raffinessen.ch\/webseite\/wp-content\/uploads\/2019\/11\/wilder-palmzucker-kambodscha-raffinessen-1000x1000.jpg 1000w, https:\/\/www.raffinessen.ch\/webseite\/wp-content\/uploads\/2019\/11\/wilder-palmzucker-kambodscha-raffinessen.jpg 2000w\" sizes=\"auto, (max-width: 500px) 100vw, 500px\" \/><img decoding=\"async\" loading=\"lazy\" width=\"500\" height=\"500\" src=\"https:\/\/www.raffinessen.ch\/webseite\/wp-content\/uploads\/2019\/11\/raffinessen-palmzucker-kambodscha-500x500.jpg\" class=\"wp-image-4504 avia-img-lazy-loading-4504 attachment-woocommerce_thumbnail size-woocommerce_thumbnail wp-post-image\" alt=\"\" srcset=\"https:\/\/www.raffinessen.ch\/webseite\/wp-content\/uploads\/2019\/11\/raffinessen-palmzucker-kambodscha-500x500.jpg 500w, https:\/\/www.raffinessen.ch\/webseite\/wp-content\/uploads\/2019\/11\/raffinessen-palmzucker-kambodscha-80x80.jpg 80w, https:\/\/www.raffinessen.ch\/webseite\/wp-content\/uploads\/2019\/11\/raffinessen-palmzucker-kambodscha-300x300.jpg 300w, https:\/\/www.raffinessen.ch\/webseite\/wp-content\/uploads\/2019\/11\/raffinessen-palmzucker-kambodscha-768x768.jpg 768w, https:\/\/www.raffinessen.ch\/webseite\/wp-content\/uploads\/2019\/11\/raffinessen-palmzucker-kambodscha-1030x1030.jpg 1030w, https:\/\/www.raffinessen.ch\/webseite\/wp-content\/uploads\/2019\/11\/raffinessen-palmzucker-kambodscha-36x36.jpg 36w, https:\/\/www.raffinessen.ch\/webseite\/wp-content\/uploads\/2019\/11\/raffinessen-palmzucker-kambodscha-180x180.jpg 180w, https:\/\/www.raffinessen.ch\/webseite\/wp-content\/uploads\/2019\/11\/raffinessen-palmzucker-kambodscha-1500x1500.jpg 1500w, https:\/\/www.raffinessen.ch\/webseite\/wp-content\/uploads\/2019\/11\/raffinessen-palmzucker-kambodscha-705x705.jpg 705w, https:\/\/www.raffinessen.ch\/webseite\/wp-content\/uploads\/2019\/11\/raffinessen-palmzucker-kambodscha-100x100.jpg 100w, https:\/\/www.raffinessen.ch\/webseite\/wp-content\/uploads\/2019\/11\/raffinessen-palmzucker-kambodscha-1000x1000.jpg 1000w, https:\/\/www.raffinessen.ch\/webseite\/wp-content\/uploads\/2019\/11\/raffinessen-palmzucker-kambodscha.jpg 2000w\" sizes=\"auto, (max-width: 500px) 100vw, 500px\" \/><span class=\"cart-loading\"><\/span><\/div><div class='inner_product_header'><div class='avia-arrow'><\/div><div class='inner_product_header_table'><div class='inner_product_header_cell'><h2 class=\"woocommerce-loop-product__title\">Sucre de palme sauvage de Kampong Speu (333 g)<\/h2>\n\t<span class=\"price\"><span class=\"woocommerce-Price-amount amount\"><bdi><span class=\"woocommerce-Price-currencySymbol\">&#67;&#72;&#70;<\/span>&nbsp;15.00<\/bdi><\/span> <small class=\"woocommerce-price-suffix\">TVA incluse<\/small><\/span>\n<\/div><\/div><\/div><\/a><div class='avia_cart_buttons'><a href=\"\/fr\/wp-json\/wp\/v2\/pages\/9012?add-to-cart=4517\" aria-describedby=\"woocommerce_loop_add_to_cart_link_describedby_4517\" data-quantity=\"1\" class=\"button product_type_simple add_to_cart_button ajax_add_to_cart\" data-product_id=\"4517\" data-product_sku=\"FPO-R0048-333\" aria-label=\"Ajouter au panier\u00a0: \u201cWilder Palmzucker aus Kampong Speu (333 g)\u201d\" rel=\"nofollow\" data-success_message=\"\u00ab\u00a0Wilder Palmzucker aus Kampong Speu (333 g)\u00a0\u00bb a \u00e9t\u00e9 ajout\u00e9 \u00e0 votre panier\" role=\"button\" data-no-translation-aria-label=\"\" data-no-translation-data-success_message=\"\"><span class=\"avia-svg-icon avia-font-svg_entypo-fontello\" data-av_svg_icon='basket' data-av_iconset='svg_entypo-fontello'><svg version=\"1.1\" xmlns=\"http:\/\/www.w3.org\/2000\/svg\" width=\"29\" height=\"32\" viewbox=\"0 0 29 32\" preserveaspectratio=\"xMidYMid meet\" aria-labelledby='av-svg-title-271' aria-describedby='av-svg-desc-271' role=\"graphics-symbol\" aria-hidden=\"true\">\n<title id='av-svg-title-271'>Ajouter au panier<\/title>\n<desc id='av-svg-desc-271'>Ajouter au panier<\/desc>\n<path d=\"M4.8 27.2q0-1.28 0.96-2.24t2.24-0.96q1.344 0 2.272 0.96t0.928 2.24q0 1.344-0.928 2.272t-2.272 0.928q-1.28 0-2.24-0.928t-0.96-2.272zM20.8 27.2q0-1.28 0.96-2.24t2.24-0.96q1.344 0 2.272 0.96t0.928 2.24q0 1.344-0.928 2.272t-2.272 0.928q-1.28 0-2.24-0.928t-0.96-2.272zM10.496 19.648q-1.152 0.32-1.088 0.736t1.408 0.416h17.984v2.432q0 0.64-0.64 0.64h-20.928q-0.64 0-0.64-0.64v-2.432l-0.32-1.472-3.136-14.528h-3.136v-2.56q0-0.64 0.64-0.64h4.992q0.64 0 0.64 0.64v2.752h22.528v8.768q0 0.704-0.576 0.832z\"><\/path>\n<\/svg><\/span>  Ajouter au panier<\/a>\t<span id=\"woocommerce_loop_add_to_cart_link_describedby_4517\" class=\"screen-reader-text\">\n\t\t\t<\/span>\n<a class=\"button show_details_button\" href=\"https:\/\/www.raffinessen.ch\/fr\/produit\/wilder-palmzucker-aus-kampong-speu-333-g\/\"><span class=\"avia-svg-icon avia-font-svg_entypo-fontello\" data-av_svg_icon='doc-text' data-av_iconset='svg_entypo-fontello'><svg version=\"1.1\" xmlns=\"http:\/\/www.w3.org\/2000\/svg\" width=\"22\" height=\"32\" viewbox=\"0 0 22 32\" preserveaspectratio=\"xMidYMid meet\" aria-labelledby='av-svg-title-272' aria-describedby='av-svg-desc-272' role=\"graphics-symbol\" aria-hidden=\"true\">\n<title id='av-svg-title-272'>Voir les d\u00e9tails<\/title>\n<desc id='av-svg-desc-272'>Voir les d\u00e9tails<\/desc>\n<path d=\"M6.784 17.344v-2.88h8.96v2.88h-8.96zM19.2 1.6q1.344 0 2.272 0.928t0.928 2.272v22.4q0 1.28-0.928 2.24t-2.272 0.96h-16q-1.28 0-2.24-0.96t-0.96-2.24v-22.4q0-1.344 0.96-2.272t2.24-0.928h16zM19.2 27.2v-22.4h-16v22.4h16zM15.68 8.256v2.816h-8.96v-2.816h8.96zM15.68 20.8v2.816h-8.96v-2.816h8.96z\"><\/path>\n<\/svg><\/span>  Voir les d\u00e9tails<\/a> <span class=\"button-mini-delimiter\"><\/span><\/div><\/div><\/li>\n<li class=\"product type-product post-13689 status-publish last instock product_cat-gewuerze-einzeln has-post-thumbnail taxable shipping-taxable purchasable product-type-simple\">\n\t<div class='inner_product main_color wrapped_style noLightbox  av-product-class-'><a href=\"https:\/\/www.raffinessen.ch\/fr\/produit\/scharfe-gemuesepaste-90g\/\" class=\"woocommerce-LoopProduct-link woocommerce-loop-product__link\"><div class=\"thumbnail_container\"><img decoding=\"async\" loading=\"lazy\" width=\"500\" height=\"500\" src=\"https:\/\/www.raffinessen.ch\/webseite\/wp-content\/uploads\/2022\/11\/Peperoncinocreme_Dinamite_90g_2000x2000-500x500.jpg\" class=\"wp-image-13693 avia-img-lazy-loading-13693 attachment-woocommerce_thumbnail size-woocommerce_thumbnail wp-post-image\" alt=\"\" srcset=\"https:\/\/www.raffinessen.ch\/webseite\/wp-content\/uploads\/2022\/11\/Peperoncinocreme_Dinamite_90g_2000x2000-500x500.jpg 500w, https:\/\/www.raffinessen.ch\/webseite\/wp-content\/uploads\/2022\/11\/Peperoncinocreme_Dinamite_90g_2000x2000-300x300.jpg 300w, https:\/\/www.raffinessen.ch\/webseite\/wp-content\/uploads\/2022\/11\/Peperoncinocreme_Dinamite_90g_2000x2000-1030x1030.jpg 1030w, https:\/\/www.raffinessen.ch\/webseite\/wp-content\/uploads\/2022\/11\/Peperoncinocreme_Dinamite_90g_2000x2000-80x80.jpg 80w, https:\/\/www.raffinessen.ch\/webseite\/wp-content\/uploads\/2022\/11\/Peperoncinocreme_Dinamite_90g_2000x2000-768x768.jpg 768w, https:\/\/www.raffinessen.ch\/webseite\/wp-content\/uploads\/2022\/11\/Peperoncinocreme_Dinamite_90g_2000x2000-1536x1536.jpg 1536w, https:\/\/www.raffinessen.ch\/webseite\/wp-content\/uploads\/2022\/11\/Peperoncinocreme_Dinamite_90g_2000x2000-36x36.jpg 36w, https:\/\/www.raffinessen.ch\/webseite\/wp-content\/uploads\/2022\/11\/Peperoncinocreme_Dinamite_90g_2000x2000-180x180.jpg 180w, https:\/\/www.raffinessen.ch\/webseite\/wp-content\/uploads\/2022\/11\/Peperoncinocreme_Dinamite_90g_2000x2000-1500x1500.jpg 1500w, https:\/\/www.raffinessen.ch\/webseite\/wp-content\/uploads\/2022\/11\/Peperoncinocreme_Dinamite_90g_2000x2000-705x705.jpg 705w, https:\/\/www.raffinessen.ch\/webseite\/wp-content\/uploads\/2022\/11\/Peperoncinocreme_Dinamite_90g_2000x2000-120x120.jpg 120w, https:\/\/www.raffinessen.ch\/webseite\/wp-content\/uploads\/2022\/11\/Peperoncinocreme_Dinamite_90g_2000x2000-450x450.jpg 450w, https:\/\/www.raffinessen.ch\/webseite\/wp-content\/uploads\/2022\/11\/Peperoncinocreme_Dinamite_90g_2000x2000-1000x1000.jpg 1000w, https:\/\/www.raffinessen.ch\/webseite\/wp-content\/uploads\/2022\/11\/Peperoncinocreme_Dinamite_90g_2000x2000-100x100.jpg 100w, https:\/\/www.raffinessen.ch\/webseite\/wp-content\/uploads\/2022\/11\/Peperoncinocreme_Dinamite_90g_2000x2000.jpg 2000w\" sizes=\"auto, (max-width: 500px) 100vw, 500px\" \/><span class=\"cart-loading\"><\/span><\/div><div class='inner_product_header'><div class='avia-arrow'><\/div><div class='inner_product_header_table'><div class='inner_product_header_cell'><h2 class=\"woocommerce-loop-product__title\">P\u00e2te de l\u00e9gumes \u00e9pic\u00e9e (90g)<\/h2>\n\t<span class=\"price\"><span class=\"woocommerce-Price-amount amount\"><bdi><span class=\"woocommerce-Price-currencySymbol\">&#67;&#72;&#70;<\/span>&nbsp;8.00<\/bdi><\/span> <small class=\"woocommerce-price-suffix\">TVA incluse<\/small><\/span>\n<\/div><\/div><\/div><\/a><div class='avia_cart_buttons'><a href=\"\/fr\/wp-json\/wp\/v2\/pages\/9012?add-to-cart=13689\" aria-describedby=\"woocommerce_loop_add_to_cart_link_describedby_13689\" data-quantity=\"1\" class=\"button product_type_simple add_to_cart_button ajax_add_to_cart\" data-product_id=\"13689\" data-product_sku=\"PP-F0024\" aria-label=\"Ajouter au panier\u00a0: \u201cScharfe Gem\u00fcsepaste (90g)\u201d\" rel=\"nofollow\" data-success_message=\"\u00ab\u00a0Scharfe Gem\u00fcsepaste (90g)\u00a0\u00bb a \u00e9t\u00e9 ajout\u00e9 \u00e0 votre panier\" role=\"button\" data-no-translation-aria-label=\"\" data-no-translation-data-success_message=\"\"><span class=\"avia-svg-icon avia-font-svg_entypo-fontello\" data-av_svg_icon='basket' data-av_iconset='svg_entypo-fontello'><svg version=\"1.1\" xmlns=\"http:\/\/www.w3.org\/2000\/svg\" width=\"29\" height=\"32\" viewbox=\"0 0 29 32\" preserveaspectratio=\"xMidYMid meet\" aria-labelledby='av-svg-title-273' aria-describedby='av-svg-desc-273' role=\"graphics-symbol\" aria-hidden=\"true\">\n<title id='av-svg-title-273'>Ajouter au panier<\/title>\n<desc id='av-svg-desc-273'>Ajouter au panier<\/desc>\n<path d=\"M4.8 27.2q0-1.28 0.96-2.24t2.24-0.96q1.344 0 2.272 0.96t0.928 2.24q0 1.344-0.928 2.272t-2.272 0.928q-1.28 0-2.24-0.928t-0.96-2.272zM20.8 27.2q0-1.28 0.96-2.24t2.24-0.96q1.344 0 2.272 0.96t0.928 2.24q0 1.344-0.928 2.272t-2.272 0.928q-1.28 0-2.24-0.928t-0.96-2.272zM10.496 19.648q-1.152 0.32-1.088 0.736t1.408 0.416h17.984v2.432q0 0.64-0.64 0.64h-20.928q-0.64 0-0.64-0.64v-2.432l-0.32-1.472-3.136-14.528h-3.136v-2.56q0-0.64 0.64-0.64h4.992q0.64 0 0.64 0.64v2.752h22.528v8.768q0 0.704-0.576 0.832z\"><\/path>\n<\/svg><\/span>  Ajouter au panier<\/a>\t<span id=\"woocommerce_loop_add_to_cart_link_describedby_13689\" class=\"screen-reader-text\">\n\t\t\t<\/span>\n<a class=\"button show_details_button\" href=\"https:\/\/www.raffinessen.ch\/fr\/produit\/scharfe-gemuesepaste-90g\/\"><span class=\"avia-svg-icon avia-font-svg_entypo-fontello\" data-av_svg_icon='doc-text' data-av_iconset='svg_entypo-fontello'><svg version=\"1.1\" xmlns=\"http:\/\/www.w3.org\/2000\/svg\" width=\"22\" height=\"32\" viewbox=\"0 0 22 32\" preserveaspectratio=\"xMidYMid meet\" aria-labelledby='av-svg-title-274' aria-describedby='av-svg-desc-274' role=\"graphics-symbol\" aria-hidden=\"true\">\n<title id='av-svg-title-274'>Voir les d\u00e9tails<\/title>\n<desc id='av-svg-desc-274'>Voir les d\u00e9tails<\/desc>\n<path d=\"M6.784 17.344v-2.88h8.96v2.88h-8.96zM19.2 1.6q1.344 0 2.272 0.928t0.928 2.272v22.4q0 1.28-0.928 2.24t-2.272 0.96h-16q-1.28 0-2.24-0.96t-0.96-2.24v-22.4q0-1.344 0.96-2.272t2.24-0.928h16zM19.2 27.2v-22.4h-16v22.4h16zM15.68 8.256v2.816h-8.96v-2.816h8.96zM15.68 20.8v2.816h-8.96v-2.816h8.96z\"><\/path>\n<\/svg><\/span>  Voir les d\u00e9tails<\/a> <span class=\"button-mini-delimiter\"><\/span><\/div><\/div><\/li>\n<\/ul><\/div><\/div><div class=\"clear\"><\/div><\/p>\n<\/div><\/div><\/div>\n<style type=\"text\/css\" data-created_by=\"avia_inline_auto\" id=\"style-css-av-k337g5nt-2b3558c402c2562c654ba29c30547721\">\n.av-layout-tab.av-k337g5nt-2b3558c402c2562c654ba29c30547721{\nvertical-align:top;\n}\n<\/style>\n<div id='av-tab-section-1-3' class='av-layout-tab av-k337g5nt-2b3558c402c2562c654ba29c30547721 av-animation-delay-container' data-av-deeplink-tabs=\"\" data-av-tab-section-content=\"3\" data-tab-section-id=\"gewuerz-kompositionen\"><div class=\"av-layout-tab-inner\"><div class=\"container\"><p><div  class='avia-buttonrow-wrap av-6ys6o4-e699d09b1cde19526c64e9fbfe1efb4b avia-buttonrow-center'>\n\n<style type=\"text\/css\" data-created_by=\"avia_inline_auto\" id=\"style-css-av-63q7r8-ae077ffc6b14ab049b1f62d5a17d80bd\">\n#top #wrap_all .avia-button.av-63q7r8-ae077ffc6b14ab049b1f62d5a17d80bd{\nbackground-color:#ffffff;\nborder-color:#020202;\ncolor:#000000;\nborder-style:solid;\nborder-width:0 2px 0 0;\ntransition:all 0.4s ease-in-out;\n}\n#top #wrap_all .avia-button.av-63q7r8-ae077ffc6b14ab049b1f62d5a17d80bd .avia-svg-icon svg:first-child{\nfill:#000000;\nstroke:#000000;\n}\n<\/style>\n<a href='https:\/\/www.raffinessen.ch\/fr\/webshop\/#gemahlen'  class='avia-button av-63q7r8-ae077ffc6b14ab049b1f62d5a17d80bd avia-icon_select-no avia-size-small'   aria-label=\"Moulu\"><span class='avia_iconbox_title' >Moulu<\/span><\/a>\n\n<style type=\"text\/css\" data-created_by=\"avia_inline_auto\" id=\"style-css-av-4o0afo-31aaf24c508f95355f5bd4158a038c0d\">\n#top #wrap_all .avia-button.av-4o0afo-31aaf24c508f95355f5bd4158a038c0d{\nbackground-color:#ffffff;\nborder-color:#020202;\ncolor:#000000;\nborder-style:solid;\nborder-width:0 2px 0 0;\ntransition:all 0.4s ease-in-out;\n}\n#top #wrap_all .avia-button.av-4o0afo-31aaf24c508f95355f5bd4158a038c0d .avia-svg-icon svg:first-child{\nfill:#000000;\nstroke:#000000;\n}\n<\/style>\n<a href='https:\/\/www.raffinessen.ch\/fr\/webshop\/#grob'  class='avia-button av-4o0afo-31aaf24c508f95355f5bd4158a038c0d avia-icon_select-no avia-size-small'   aria-label=\"Grossier\"><span class='avia_iconbox_title' >Grossier<\/span><\/a>\n\n<style type=\"text\/css\" data-created_by=\"avia_inline_auto\" id=\"style-css-av-6xw5g-23f3551c2b200401646db10afce1125a\">\n#top #wrap_all .avia-button.av-6xw5g-23f3551c2b200401646db10afce1125a{\nbackground-color:#ffffff;\nborder-color:#ffffff;\ncolor:#000000;\ntransition:all 0.4s ease-in-out;\n}\n#top #wrap_all .avia-button.av-6xw5g-23f3551c2b200401646db10afce1125a .avia-svg-icon svg:first-child{\nfill:#000000;\nstroke:#000000;\n}\n<\/style>\n<a href='https:\/\/www.raffinessen.ch\/fr\/webshop\/#grosse-nachfuellbeutel'  class='avia-button av-6xw5g-23f3551c2b200401646db10afce1125a avia-icon_select-no avia-size-small'   aria-label=\"Grandes recharges\"><span class='avia_iconbox_title' >Grandes recharges<\/span><\/a>\n<\/div><br \/>\n\n<style type=\"text\/css\" data-created_by=\"avia_inline_auto\" id=\"style-css-av-2mu46s-8e876890ce3bd00eda6ec1244b7262e8\">\n#top .av-special-heading.av-2mu46s-8e876890ce3bd00eda6ec1244b7262e8{\npadding-bottom:10px;\n}\nbody .av-special-heading.av-2mu46s-8e876890ce3bd00eda6ec1244b7262e8 .av-special-heading-tag .heading-char{\nfont-size:25px;\n}\n.av-special-heading.av-2mu46s-8e876890ce3bd00eda6ec1244b7262e8 .av-subheading{\nfont-size:15px;\n}\n<\/style>\n<div  id=\"gemahlen\"  class='av-special-heading av-2mu46s-8e876890ce3bd00eda6ec1244b7262e8 av-special-heading-h3 blockquote modern-quote modern-centered'><h3 class='av-special-heading-tag'  itemprop=\"headline\"  >Moulu<\/h3><div class=\"special-heading-border\"><div class=\"special-heading-inner-border\"><\/div><\/div><\/div><br \/>\n<div  class='avia-product-slider-container av-kuny96v1-f4d9a3212b86225f09002c99cdc7b75f template-shop avia-content-slider avia-content-grid-active shop_columns_4 avia-content-slider-even av-slideshow-ui av-slider-hover-pause av-slideshow-manual av-loop-once av-loop-manual-endless avia-product-slider6' data-slideshow-options=\"{&quot;animation&quot;:&quot;fade&quot;,&quot;autoplay&quot;:false,&quot;loop_autoplay&quot;:&quot;once&quot;,&quot;interval&quot;:5,&quot;loop_manual&quot;:&quot;manual-endless&quot;,&quot;autoplay_stopper&quot;:false,&quot;noNavigation&quot;:false,&quot;bg_slider&quot;:false,&quot;keep_padding&quot;:false,&quot;hoverpause&quot;:true,&quot;show_slide_delay&quot;:0}\"><div class='avia-content-slider-inner'><ul class=\"products\"><li class=\"product type-product post-6530 status-publish first instock product_cat-gemahlen product_cat-gewuerz-mischungen has-post-thumbnail taxable shipping-taxable purchasable product-type-simple\">\n\t<div class='inner_product main_color wrapped_style noLightbox  av-product-class-'><a href=\"https:\/\/www.raffinessen.ch\/fr\/produit\/acapulco\/\" class=\"woocommerce-LoopProduct-link woocommerce-loop-product__link\"><div class=\"thumbnail_container\"><img loading=\"lazy\" decoding=\"async\" width=\"500\" height=\"500\" src=\"https:\/\/www.raffinessen.ch\/webseite\/wp-content\/uploads\/2020\/07\/acapulco-beutel-500x500.jpg\" class=\"attachment-woocommerce_thumbnail avia-product-hover\" alt=\"\" srcset=\"https:\/\/www.raffinessen.ch\/webseite\/wp-content\/uploads\/2020\/07\/acapulco-beutel-500x500.jpg 500w, https:\/\/www.raffinessen.ch\/webseite\/wp-content\/uploads\/2020\/07\/acapulco-beutel-300x300.jpg 300w, https:\/\/www.raffinessen.ch\/webseite\/wp-content\/uploads\/2020\/07\/acapulco-beutel-1030x1030.jpg 1030w, https:\/\/www.raffinessen.ch\/webseite\/wp-content\/uploads\/2020\/07\/acapulco-beutel-80x80.jpg 80w, https:\/\/www.raffinessen.ch\/webseite\/wp-content\/uploads\/2020\/07\/acapulco-beutel-768x768.jpg 768w, https:\/\/www.raffinessen.ch\/webseite\/wp-content\/uploads\/2020\/07\/acapulco-beutel-1536x1536.jpg 1536w, https:\/\/www.raffinessen.ch\/webseite\/wp-content\/uploads\/2020\/07\/acapulco-beutel-36x36.jpg 36w, https:\/\/www.raffinessen.ch\/webseite\/wp-content\/uploads\/2020\/07\/acapulco-beutel-180x180.jpg 180w, https:\/\/www.raffinessen.ch\/webseite\/wp-content\/uploads\/2020\/07\/acapulco-beutel-1500x1500.jpg 1500w, https:\/\/www.raffinessen.ch\/webseite\/wp-content\/uploads\/2020\/07\/acapulco-beutel-705x705.jpg 705w, https:\/\/www.raffinessen.ch\/webseite\/wp-content\/uploads\/2020\/07\/acapulco-beutel-100x100.jpg 100w, https:\/\/www.raffinessen.ch\/webseite\/wp-content\/uploads\/2020\/07\/acapulco-beutel-1000x1000.jpg 1000w, https:\/\/www.raffinessen.ch\/webseite\/wp-content\/uploads\/2020\/07\/acapulco-beutel.jpg 2000w\" sizes=\"auto, (max-width: 500px) 100vw, 500px\" \/><img decoding=\"async\" loading=\"lazy\" width=\"500\" height=\"500\" src=\"https:\/\/www.raffinessen.ch\/webseite\/wp-content\/uploads\/2020\/03\/chili-creolo-gewuerz-kreis-raffinessen-500x500.jpg\" class=\"wp-image-5132 avia-img-lazy-loading-5132 attachment-woocommerce_thumbnail size-woocommerce_thumbnail wp-post-image\" alt=\"\" srcset=\"https:\/\/www.raffinessen.ch\/webseite\/wp-content\/uploads\/2020\/03\/chili-creolo-gewuerz-kreis-raffinessen-500x500.jpg 500w, https:\/\/www.raffinessen.ch\/webseite\/wp-content\/uploads\/2020\/03\/chili-creolo-gewuerz-kreis-raffinessen-300x300.jpg 300w, https:\/\/www.raffinessen.ch\/webseite\/wp-content\/uploads\/2020\/03\/chili-creolo-gewuerz-kreis-raffinessen-1030x1030.jpg 1030w, https:\/\/www.raffinessen.ch\/webseite\/wp-content\/uploads\/2020\/03\/chili-creolo-gewuerz-kreis-raffinessen-80x80.jpg 80w, https:\/\/www.raffinessen.ch\/webseite\/wp-content\/uploads\/2020\/03\/chili-creolo-gewuerz-kreis-raffinessen-768x768.jpg 768w, https:\/\/www.raffinessen.ch\/webseite\/wp-content\/uploads\/2020\/03\/chili-creolo-gewuerz-kreis-raffinessen-1536x1536.jpg 1536w, https:\/\/www.raffinessen.ch\/webseite\/wp-content\/uploads\/2020\/03\/chili-creolo-gewuerz-kreis-raffinessen-2048x2048.jpg 2048w, https:\/\/www.raffinessen.ch\/webseite\/wp-content\/uploads\/2020\/03\/chili-creolo-gewuerz-kreis-raffinessen-36x36.jpg 36w, https:\/\/www.raffinessen.ch\/webseite\/wp-content\/uploads\/2020\/03\/chili-creolo-gewuerz-kreis-raffinessen-180x180.jpg 180w, https:\/\/www.raffinessen.ch\/webseite\/wp-content\/uploads\/2020\/03\/chili-creolo-gewuerz-kreis-raffinessen-1500x1500.jpg 1500w, https:\/\/www.raffinessen.ch\/webseite\/wp-content\/uploads\/2020\/03\/chili-creolo-gewuerz-kreis-raffinessen-705x705.jpg 705w, https:\/\/www.raffinessen.ch\/webseite\/wp-content\/uploads\/2020\/03\/chili-creolo-gewuerz-kreis-raffinessen-100x100.jpg 100w, https:\/\/www.raffinessen.ch\/webseite\/wp-content\/uploads\/2020\/03\/chili-creolo-gewuerz-kreis-raffinessen-1000x1000.jpg 1000w\" sizes=\"auto, (max-width: 500px) 100vw, 500px\" \/><span class=\"cart-loading\"><\/span><\/div><div class='inner_product_header'><div class='avia-arrow'><\/div><div class='inner_product_header_table'><div class='inner_product_header_cell'><h2 class=\"woocommerce-loop-product__title\">Acapulco (pr\u00e9c\u00e9demment Chili Creolo)<\/h2>\n\t<span class=\"price\"><span class=\"woocommerce-Price-amount amount\"><bdi><span class=\"woocommerce-Price-currencySymbol\">&#67;&#72;&#70;<\/span>&nbsp;6.00<\/bdi><\/span> <small class=\"woocommerce-price-suffix\">TVA incluse<\/small><\/span>\n<\/div><\/div><\/div><\/a><div class='avia_cart_buttons'><a href=\"\/fr\/wp-json\/wp\/v2\/pages\/9012?add-to-cart=6530\" aria-describedby=\"woocommerce_loop_add_to_cart_link_describedby_6530\" data-quantity=\"1\" class=\"button product_type_simple add_to_cart_button ajax_add_to_cart\" data-product_id=\"6530\" data-product_sku=\"FPO-S010-60\" aria-label=\"Ajouter au panier\u00a0: \u201cAcapulco (bisher Chili Creolo)\u201d\" rel=\"nofollow\" data-success_message=\"\u00ab\u00a0Acapulco (bisher Chili Creolo)\u00a0\u00bb a \u00e9t\u00e9 ajout\u00e9 \u00e0 votre panier\" role=\"button\" data-no-translation-aria-label=\"\" data-no-translation-data-success_message=\"\"><span class=\"avia-svg-icon avia-font-svg_entypo-fontello\" data-av_svg_icon='basket' data-av_iconset='svg_entypo-fontello'><svg version=\"1.1\" xmlns=\"http:\/\/www.w3.org\/2000\/svg\" width=\"29\" height=\"32\" viewbox=\"0 0 29 32\" preserveaspectratio=\"xMidYMid meet\" aria-labelledby='av-svg-title-275' aria-describedby='av-svg-desc-275' role=\"graphics-symbol\" aria-hidden=\"true\">\n<title id='av-svg-title-275'>Ajouter au panier<\/title>\n<desc id='av-svg-desc-275'>Ajouter au panier<\/desc>\n<path d=\"M4.8 27.2q0-1.28 0.96-2.24t2.24-0.96q1.344 0 2.272 0.96t0.928 2.24q0 1.344-0.928 2.272t-2.272 0.928q-1.28 0-2.24-0.928t-0.96-2.272zM20.8 27.2q0-1.28 0.96-2.24t2.24-0.96q1.344 0 2.272 0.96t0.928 2.24q0 1.344-0.928 2.272t-2.272 0.928q-1.28 0-2.24-0.928t-0.96-2.272zM10.496 19.648q-1.152 0.32-1.088 0.736t1.408 0.416h17.984v2.432q0 0.64-0.64 0.64h-20.928q-0.64 0-0.64-0.64v-2.432l-0.32-1.472-3.136-14.528h-3.136v-2.56q0-0.64 0.64-0.64h4.992q0.64 0 0.64 0.64v2.752h22.528v8.768q0 0.704-0.576 0.832z\"><\/path>\n<\/svg><\/span>  Ajouter au panier<\/a>\t<span id=\"woocommerce_loop_add_to_cart_link_describedby_6530\" class=\"screen-reader-text\">\n\t\t\t<\/span>\n<a class=\"button show_details_button\" href=\"https:\/\/www.raffinessen.ch\/fr\/produit\/acapulco\/\"><span class=\"avia-svg-icon avia-font-svg_entypo-fontello\" data-av_svg_icon='doc-text' data-av_iconset='svg_entypo-fontello'><svg version=\"1.1\" xmlns=\"http:\/\/www.w3.org\/2000\/svg\" width=\"22\" height=\"32\" viewbox=\"0 0 22 32\" preserveaspectratio=\"xMidYMid meet\" aria-labelledby='av-svg-title-276' aria-describedby='av-svg-desc-276' role=\"graphics-symbol\" aria-hidden=\"true\">\n<title id='av-svg-title-276'>Voir les d\u00e9tails<\/title>\n<desc id='av-svg-desc-276'>Voir les d\u00e9tails<\/desc>\n<path d=\"M6.784 17.344v-2.88h8.96v2.88h-8.96zM19.2 1.6q1.344 0 2.272 0.928t0.928 2.272v22.4q0 1.28-0.928 2.24t-2.272 0.96h-16q-1.28 0-2.24-0.96t-0.96-2.24v-22.4q0-1.344 0.96-2.272t2.24-0.928h16zM19.2 27.2v-22.4h-16v22.4h16zM15.68 8.256v2.816h-8.96v-2.816h8.96zM15.68 20.8v2.816h-8.96v-2.816h8.96z\"><\/path>\n<\/svg><\/span>  Voir les d\u00e9tails<\/a> <span class=\"button-mini-delimiter\"><\/span><\/div><\/div><\/li>\n<li class=\"product type-product post-6521 status-publish instock product_cat-gemahlen product_cat-gewuerz-mischungen has-post-thumbnail taxable shipping-taxable purchasable product-type-simple\">\n\t<div class='inner_product main_color wrapped_style noLightbox  av-product-class-'><a href=\"https:\/\/www.raffinessen.ch\/fr\/produit\/alexandria\/\" class=\"woocommerce-LoopProduct-link woocommerce-loop-product__link\"><div class=\"thumbnail_container\"><img loading=\"lazy\" decoding=\"async\" width=\"500\" height=\"500\" src=\"https:\/\/www.raffinessen.ch\/webseite\/wp-content\/uploads\/2020\/07\/alexandria-beutel-500x500.jpg\" class=\"attachment-woocommerce_thumbnail avia-product-hover\" alt=\"\" srcset=\"https:\/\/www.raffinessen.ch\/webseite\/wp-content\/uploads\/2020\/07\/alexandria-beutel-500x500.jpg 500w, https:\/\/www.raffinessen.ch\/webseite\/wp-content\/uploads\/2020\/07\/alexandria-beutel-300x300.jpg 300w, https:\/\/www.raffinessen.ch\/webseite\/wp-content\/uploads\/2020\/07\/alexandria-beutel-1030x1030.jpg 1030w, https:\/\/www.raffinessen.ch\/webseite\/wp-content\/uploads\/2020\/07\/alexandria-beutel-80x80.jpg 80w, https:\/\/www.raffinessen.ch\/webseite\/wp-content\/uploads\/2020\/07\/alexandria-beutel-768x768.jpg 768w, https:\/\/www.raffinessen.ch\/webseite\/wp-content\/uploads\/2020\/07\/alexandria-beutel-1536x1536.jpg 1536w, https:\/\/www.raffinessen.ch\/webseite\/wp-content\/uploads\/2020\/07\/alexandria-beutel-36x36.jpg 36w, https:\/\/www.raffinessen.ch\/webseite\/wp-content\/uploads\/2020\/07\/alexandria-beutel-180x180.jpg 180w, https:\/\/www.raffinessen.ch\/webseite\/wp-content\/uploads\/2020\/07\/alexandria-beutel-1500x1500.jpg 1500w, https:\/\/www.raffinessen.ch\/webseite\/wp-content\/uploads\/2020\/07\/alexandria-beutel-705x705.jpg 705w, https:\/\/www.raffinessen.ch\/webseite\/wp-content\/uploads\/2020\/07\/alexandria-beutel-100x100.jpg 100w, https:\/\/www.raffinessen.ch\/webseite\/wp-content\/uploads\/2020\/07\/alexandria-beutel-1000x1000.jpg 1000w, https:\/\/www.raffinessen.ch\/webseite\/wp-content\/uploads\/2020\/07\/alexandria-beutel.jpg 2000w\" sizes=\"auto, (max-width: 500px) 100vw, 500px\" \/><img decoding=\"async\" loading=\"lazy\" width=\"500\" height=\"500\" src=\"https:\/\/www.raffinessen.ch\/webseite\/wp-content\/uploads\/2020\/07\/Baharat_1500x1500-500x500.jpg\" class=\"wp-image-17205 avia-img-lazy-loading-17205 attachment-woocommerce_thumbnail size-woocommerce_thumbnail wp-post-image\" alt=\"\" srcset=\"https:\/\/www.raffinessen.ch\/webseite\/wp-content\/uploads\/2020\/07\/Baharat_1500x1500-500x500.jpg 500w, https:\/\/www.raffinessen.ch\/webseite\/wp-content\/uploads\/2020\/07\/Baharat_1500x1500-300x300.jpg 300w, https:\/\/www.raffinessen.ch\/webseite\/wp-content\/uploads\/2020\/07\/Baharat_1500x1500-1030x1030.jpg 1030w, https:\/\/www.raffinessen.ch\/webseite\/wp-content\/uploads\/2020\/07\/Baharat_1500x1500-80x80.jpg 80w, https:\/\/www.raffinessen.ch\/webseite\/wp-content\/uploads\/2020\/07\/Baharat_1500x1500-768x768.jpg 768w, https:\/\/www.raffinessen.ch\/webseite\/wp-content\/uploads\/2020\/07\/Baharat_1500x1500-12x12.jpg 12w, https:\/\/www.raffinessen.ch\/webseite\/wp-content\/uploads\/2020\/07\/Baharat_1500x1500-36x36.jpg 36w, https:\/\/www.raffinessen.ch\/webseite\/wp-content\/uploads\/2020\/07\/Baharat_1500x1500-180x180.jpg 180w, https:\/\/www.raffinessen.ch\/webseite\/wp-content\/uploads\/2020\/07\/Baharat_1500x1500-705x705.jpg 705w, https:\/\/www.raffinessen.ch\/webseite\/wp-content\/uploads\/2020\/07\/Baharat_1500x1500-120x120.jpg 120w, https:\/\/www.raffinessen.ch\/webseite\/wp-content\/uploads\/2020\/07\/Baharat_1500x1500-450x450.jpg 450w, https:\/\/www.raffinessen.ch\/webseite\/wp-content\/uploads\/2020\/07\/Baharat_1500x1500-1000x1000.jpg 1000w, https:\/\/www.raffinessen.ch\/webseite\/wp-content\/uploads\/2020\/07\/Baharat_1500x1500-100x100.jpg 100w, https:\/\/www.raffinessen.ch\/webseite\/wp-content\/uploads\/2020\/07\/Baharat_1500x1500.jpg 1500w\" sizes=\"auto, (max-width: 500px) 100vw, 500px\" \/><span class=\"cart-loading\"><\/span><\/div><div class='inner_product_header'><div class='avia-arrow'><\/div><div class='inner_product_header_table'><div class='inner_product_header_cell'><h2 class=\"woocommerce-loop-product__title\">Alexandrie (anciennement Baharat)<\/h2>\n\t<span class=\"price\"><span class=\"woocommerce-Price-amount amount\"><bdi><span class=\"woocommerce-Price-currencySymbol\">&#67;&#72;&#70;<\/span>&nbsp;6.00<\/bdi><\/span> <small class=\"woocommerce-price-suffix\">TVA incluse<\/small><\/span>\n<\/div><\/div><\/div><\/a><div class='avia_cart_buttons'><a href=\"\/fr\/wp-json\/wp\/v2\/pages\/9012?add-to-cart=6521\" aria-describedby=\"woocommerce_loop_add_to_cart_link_describedby_6521\" data-quantity=\"1\" class=\"button product_type_simple add_to_cart_button ajax_add_to_cart\" data-product_id=\"6521\" data-product_sku=\"FPO-S004-70\" aria-label=\"Ajouter au panier\u00a0: \u201cAlexandria (bisher Baharat)\u201d\" rel=\"nofollow\" data-success_message=\"\u00ab\u00a0Alexandria (bisher Baharat)\u00a0\u00bb a \u00e9t\u00e9 ajout\u00e9 \u00e0 votre panier\" role=\"button\" data-no-translation-aria-label=\"\" data-no-translation-data-success_message=\"\"><span class=\"avia-svg-icon avia-font-svg_entypo-fontello\" data-av_svg_icon='basket' data-av_iconset='svg_entypo-fontello'><svg version=\"1.1\" xmlns=\"http:\/\/www.w3.org\/2000\/svg\" width=\"29\" height=\"32\" viewbox=\"0 0 29 32\" preserveaspectratio=\"xMidYMid meet\" aria-labelledby='av-svg-title-277' aria-describedby='av-svg-desc-277' role=\"graphics-symbol\" aria-hidden=\"true\">\n<title id='av-svg-title-277'>Ajouter au panier<\/title>\n<desc id='av-svg-desc-277'>Ajouter au panier<\/desc>\n<path d=\"M4.8 27.2q0-1.28 0.96-2.24t2.24-0.96q1.344 0 2.272 0.96t0.928 2.24q0 1.344-0.928 2.272t-2.272 0.928q-1.28 0-2.24-0.928t-0.96-2.272zM20.8 27.2q0-1.28 0.96-2.24t2.24-0.96q1.344 0 2.272 0.96t0.928 2.24q0 1.344-0.928 2.272t-2.272 0.928q-1.28 0-2.24-0.928t-0.96-2.272zM10.496 19.648q-1.152 0.32-1.088 0.736t1.408 0.416h17.984v2.432q0 0.64-0.64 0.64h-20.928q-0.64 0-0.64-0.64v-2.432l-0.32-1.472-3.136-14.528h-3.136v-2.56q0-0.64 0.64-0.64h4.992q0.64 0 0.64 0.64v2.752h22.528v8.768q0 0.704-0.576 0.832z\"><\/path>\n<\/svg><\/span>  Ajouter au panier<\/a>\t<span id=\"woocommerce_loop_add_to_cart_link_describedby_6521\" class=\"screen-reader-text\">\n\t\t\t<\/span>\n<a class=\"button show_details_button\" href=\"https:\/\/www.raffinessen.ch\/fr\/produit\/alexandria\/\"><span class=\"avia-svg-icon avia-font-svg_entypo-fontello\" data-av_svg_icon='doc-text' data-av_iconset='svg_entypo-fontello'><svg version=\"1.1\" xmlns=\"http:\/\/www.w3.org\/2000\/svg\" width=\"22\" height=\"32\" viewbox=\"0 0 22 32\" preserveaspectratio=\"xMidYMid meet\" aria-labelledby='av-svg-title-278' aria-describedby='av-svg-desc-278' role=\"graphics-symbol\" aria-hidden=\"true\">\n<title id='av-svg-title-278'>Voir les d\u00e9tails<\/title>\n<desc id='av-svg-desc-278'>Voir les d\u00e9tails<\/desc>\n<path d=\"M6.784 17.344v-2.88h8.96v2.88h-8.96zM19.2 1.6q1.344 0 2.272 0.928t0.928 2.272v22.4q0 1.28-0.928 2.24t-2.272 0.96h-16q-1.28 0-2.24-0.96t-0.96-2.24v-22.4q0-1.344 0.96-2.272t2.24-0.928h16zM19.2 27.2v-22.4h-16v22.4h16zM15.68 8.256v2.816h-8.96v-2.816h8.96zM15.68 20.8v2.816h-8.96v-2.816h8.96z\"><\/path>\n<\/svg><\/span>  Voir les d\u00e9tails<\/a> <span class=\"button-mini-delimiter\"><\/span><\/div><\/div><\/li>\n<li class=\"product type-product post-6519 status-publish instock product_cat-gemahlen product_cat-gewuerz-mischungen has-post-thumbnail taxable shipping-taxable purchasable product-type-simple\">\n\t<div class='inner_product main_color wrapped_style noLightbox  av-product-class-'><a href=\"https:\/\/www.raffinessen.ch\/fr\/produit\/amalfi\/\" class=\"woocommerce-LoopProduct-link woocommerce-loop-product__link\"><div class=\"thumbnail_container\"><img loading=\"lazy\" decoding=\"async\" width=\"500\" height=\"500\" src=\"https:\/\/www.raffinessen.ch\/webseite\/wp-content\/uploads\/2020\/07\/amalfi-beutel-500x500.jpg\" class=\"attachment-woocommerce_thumbnail avia-product-hover\" alt=\"\" srcset=\"https:\/\/www.raffinessen.ch\/webseite\/wp-content\/uploads\/2020\/07\/amalfi-beutel-500x500.jpg 500w, https:\/\/www.raffinessen.ch\/webseite\/wp-content\/uploads\/2020\/07\/amalfi-beutel-300x300.jpg 300w, https:\/\/www.raffinessen.ch\/webseite\/wp-content\/uploads\/2020\/07\/amalfi-beutel-1030x1030.jpg 1030w, https:\/\/www.raffinessen.ch\/webseite\/wp-content\/uploads\/2020\/07\/amalfi-beutel-80x80.jpg 80w, https:\/\/www.raffinessen.ch\/webseite\/wp-content\/uploads\/2020\/07\/amalfi-beutel-768x768.jpg 768w, https:\/\/www.raffinessen.ch\/webseite\/wp-content\/uploads\/2020\/07\/amalfi-beutel-1536x1536.jpg 1536w, https:\/\/www.raffinessen.ch\/webseite\/wp-content\/uploads\/2020\/07\/amalfi-beutel-36x36.jpg 36w, https:\/\/www.raffinessen.ch\/webseite\/wp-content\/uploads\/2020\/07\/amalfi-beutel-180x180.jpg 180w, https:\/\/www.raffinessen.ch\/webseite\/wp-content\/uploads\/2020\/07\/amalfi-beutel-1500x1500.jpg 1500w, https:\/\/www.raffinessen.ch\/webseite\/wp-content\/uploads\/2020\/07\/amalfi-beutel-705x705.jpg 705w, https:\/\/www.raffinessen.ch\/webseite\/wp-content\/uploads\/2020\/07\/amalfi-beutel-100x100.jpg 100w, https:\/\/www.raffinessen.ch\/webseite\/wp-content\/uploads\/2020\/07\/amalfi-beutel-1000x1000.jpg 1000w, https:\/\/www.raffinessen.ch\/webseite\/wp-content\/uploads\/2020\/07\/amalfi-beutel.jpg 2000w\" sizes=\"auto, (max-width: 500px) 100vw, 500px\" \/><img decoding=\"async\" loading=\"lazy\" width=\"500\" height=\"500\" src=\"https:\/\/www.raffinessen.ch\/webseite\/wp-content\/uploads\/2020\/03\/amalfi-gewuerz-kreis-raffinessen-500x500.jpg\" class=\"wp-image-5124 avia-img-lazy-loading-5124 attachment-woocommerce_thumbnail size-woocommerce_thumbnail wp-post-image\" alt=\"\" srcset=\"https:\/\/www.raffinessen.ch\/webseite\/wp-content\/uploads\/2020\/03\/amalfi-gewuerz-kreis-raffinessen-500x500.jpg 500w, https:\/\/www.raffinessen.ch\/webseite\/wp-content\/uploads\/2020\/03\/amalfi-gewuerz-kreis-raffinessen-300x300.jpg 300w, https:\/\/www.raffinessen.ch\/webseite\/wp-content\/uploads\/2020\/03\/amalfi-gewuerz-kreis-raffinessen-1030x1030.jpg 1030w, https:\/\/www.raffinessen.ch\/webseite\/wp-content\/uploads\/2020\/03\/amalfi-gewuerz-kreis-raffinessen-80x80.jpg 80w, https:\/\/www.raffinessen.ch\/webseite\/wp-content\/uploads\/2020\/03\/amalfi-gewuerz-kreis-raffinessen-768x768.jpg 768w, https:\/\/www.raffinessen.ch\/webseite\/wp-content\/uploads\/2020\/03\/amalfi-gewuerz-kreis-raffinessen-1536x1536.jpg 1536w, https:\/\/www.raffinessen.ch\/webseite\/wp-content\/uploads\/2020\/03\/amalfi-gewuerz-kreis-raffinessen-2048x2048.jpg 2048w, https:\/\/www.raffinessen.ch\/webseite\/wp-content\/uploads\/2020\/03\/amalfi-gewuerz-kreis-raffinessen-36x36.jpg 36w, https:\/\/www.raffinessen.ch\/webseite\/wp-content\/uploads\/2020\/03\/amalfi-gewuerz-kreis-raffinessen-180x180.jpg 180w, https:\/\/www.raffinessen.ch\/webseite\/wp-content\/uploads\/2020\/03\/amalfi-gewuerz-kreis-raffinessen-1500x1500.jpg 1500w, https:\/\/www.raffinessen.ch\/webseite\/wp-content\/uploads\/2020\/03\/amalfi-gewuerz-kreis-raffinessen-705x705.jpg 705w, https:\/\/www.raffinessen.ch\/webseite\/wp-content\/uploads\/2020\/03\/amalfi-gewuerz-kreis-raffinessen-100x100.jpg 100w, https:\/\/www.raffinessen.ch\/webseite\/wp-content\/uploads\/2020\/03\/amalfi-gewuerz-kreis-raffinessen-1000x1000.jpg 1000w\" sizes=\"auto, (max-width: 500px) 100vw, 500px\" \/><span class=\"cart-loading\"><\/span><\/div><div class='inner_product_header'><div class='avia-arrow'><\/div><div class='inner_product_header_table'><div class='inner_product_header_cell'><h2 class=\"woocommerce-loop-product__title\">Amalfi<\/h2>\n\t<span class=\"price\"><span class=\"woocommerce-Price-amount amount\"><bdi><span class=\"woocommerce-Price-currencySymbol\">&#67;&#72;&#70;<\/span>&nbsp;6.00<\/bdi><\/span> <small class=\"woocommerce-price-suffix\">TVA incluse<\/small><\/span>\n<\/div><\/div><\/div><\/a><div class='avia_cart_buttons'><a href=\"\/fr\/wp-json\/wp\/v2\/pages\/9012?add-to-cart=6519\" aria-describedby=\"woocommerce_loop_add_to_cart_link_describedby_6519\" data-quantity=\"1\" class=\"button product_type_simple add_to_cart_button ajax_add_to_cart\" data-product_id=\"6519\" data-product_sku=\"FPO-S003-90\" aria-label=\"Ajouter au panier\u00a0: \u201cAmalfi\u201d\" rel=\"nofollow\" data-success_message=\"\u00ab\u00a0Amalfi\u00a0\u00bb a \u00e9t\u00e9 ajout\u00e9 \u00e0 votre panier\" role=\"button\" data-no-translation-aria-label=\"\" data-no-translation-data-success_message=\"\"><span class=\"avia-svg-icon avia-font-svg_entypo-fontello\" data-av_svg_icon='basket' data-av_iconset='svg_entypo-fontello'><svg version=\"1.1\" xmlns=\"http:\/\/www.w3.org\/2000\/svg\" width=\"29\" height=\"32\" viewbox=\"0 0 29 32\" preserveaspectratio=\"xMidYMid meet\" aria-labelledby='av-svg-title-279' aria-describedby='av-svg-desc-279' role=\"graphics-symbol\" aria-hidden=\"true\">\n<title id='av-svg-title-279'>Ajouter au panier<\/title>\n<desc id='av-svg-desc-279'>Ajouter au panier<\/desc>\n<path d=\"M4.8 27.2q0-1.28 0.96-2.24t2.24-0.96q1.344 0 2.272 0.96t0.928 2.24q0 1.344-0.928 2.272t-2.272 0.928q-1.28 0-2.24-0.928t-0.96-2.272zM20.8 27.2q0-1.28 0.96-2.24t2.24-0.96q1.344 0 2.272 0.96t0.928 2.24q0 1.344-0.928 2.272t-2.272 0.928q-1.28 0-2.24-0.928t-0.96-2.272zM10.496 19.648q-1.152 0.32-1.088 0.736t1.408 0.416h17.984v2.432q0 0.64-0.64 0.64h-20.928q-0.64 0-0.64-0.64v-2.432l-0.32-1.472-3.136-14.528h-3.136v-2.56q0-0.64 0.64-0.64h4.992q0.64 0 0.64 0.64v2.752h22.528v8.768q0 0.704-0.576 0.832z\"><\/path>\n<\/svg><\/span>  Ajouter au panier<\/a>\t<span id=\"woocommerce_loop_add_to_cart_link_describedby_6519\" class=\"screen-reader-text\">\n\t\t\t<\/span>\n<a class=\"button show_details_button\" href=\"https:\/\/www.raffinessen.ch\/fr\/produit\/amalfi\/\"><span class=\"avia-svg-icon avia-font-svg_entypo-fontello\" data-av_svg_icon='doc-text' data-av_iconset='svg_entypo-fontello'><svg version=\"1.1\" xmlns=\"http:\/\/www.w3.org\/2000\/svg\" width=\"22\" height=\"32\" viewbox=\"0 0 22 32\" preserveaspectratio=\"xMidYMid meet\" aria-labelledby='av-svg-title-280' aria-describedby='av-svg-desc-280' role=\"graphics-symbol\" aria-hidden=\"true\">\n<title id='av-svg-title-280'>Voir les d\u00e9tails<\/title>\n<desc id='av-svg-desc-280'>Voir les d\u00e9tails<\/desc>\n<path d=\"M6.784 17.344v-2.88h8.96v2.88h-8.96zM19.2 1.6q1.344 0 2.272 0.928t0.928 2.272v22.4q0 1.28-0.928 2.24t-2.272 0.96h-16q-1.28 0-2.24-0.96t-0.96-2.24v-22.4q0-1.344 0.96-2.272t2.24-0.928h16zM19.2 27.2v-22.4h-16v22.4h16zM15.68 8.256v2.816h-8.96v-2.816h8.96zM15.68 20.8v2.816h-8.96v-2.816h8.96z\"><\/path>\n<\/svg><\/span>  Voir les d\u00e9tails<\/a> <span class=\"button-mini-delimiter\"><\/span><\/div><\/div><\/li>\n<li class=\"product type-product post-6532 status-publish last instock product_cat-gemahlen product_cat-gewuerz-mischungen has-post-thumbnail taxable shipping-taxable purchasable product-type-simple\">\n\t<div class='inner_product main_color wrapped_style noLightbox  av-product-class-'><a href=\"https:\/\/www.raffinessen.ch\/fr\/produit\/antigua\/\" class=\"woocommerce-LoopProduct-link woocommerce-loop-product__link\"><div class=\"thumbnail_container\"><img loading=\"lazy\" decoding=\"async\" width=\"500\" height=\"500\" src=\"https:\/\/www.raffinessen.ch\/webseite\/wp-content\/uploads\/2020\/07\/antigua-beutel-500x500.jpg\" class=\"attachment-woocommerce_thumbnail avia-product-hover\" alt=\"\" srcset=\"https:\/\/www.raffinessen.ch\/webseite\/wp-content\/uploads\/2020\/07\/antigua-beutel-500x500.jpg 500w, https:\/\/www.raffinessen.ch\/webseite\/wp-content\/uploads\/2020\/07\/antigua-beutel-300x300.jpg 300w, https:\/\/www.raffinessen.ch\/webseite\/wp-content\/uploads\/2020\/07\/antigua-beutel-1030x1030.jpg 1030w, https:\/\/www.raffinessen.ch\/webseite\/wp-content\/uploads\/2020\/07\/antigua-beutel-80x80.jpg 80w, https:\/\/www.raffinessen.ch\/webseite\/wp-content\/uploads\/2020\/07\/antigua-beutel-768x768.jpg 768w, https:\/\/www.raffinessen.ch\/webseite\/wp-content\/uploads\/2020\/07\/antigua-beutel-1536x1536.jpg 1536w, https:\/\/www.raffinessen.ch\/webseite\/wp-content\/uploads\/2020\/07\/antigua-beutel-36x36.jpg 36w, https:\/\/www.raffinessen.ch\/webseite\/wp-content\/uploads\/2020\/07\/antigua-beutel-180x180.jpg 180w, https:\/\/www.raffinessen.ch\/webseite\/wp-content\/uploads\/2020\/07\/antigua-beutel-1500x1500.jpg 1500w, https:\/\/www.raffinessen.ch\/webseite\/wp-content\/uploads\/2020\/07\/antigua-beutel-705x705.jpg 705w, https:\/\/www.raffinessen.ch\/webseite\/wp-content\/uploads\/2020\/07\/antigua-beutel-100x100.jpg 100w, https:\/\/www.raffinessen.ch\/webseite\/wp-content\/uploads\/2020\/07\/antigua-beutel-1000x1000.jpg 1000w, https:\/\/www.raffinessen.ch\/webseite\/wp-content\/uploads\/2020\/07\/antigua-beutel.jpg 2000w\" sizes=\"auto, (max-width: 500px) 100vw, 500px\" \/><img decoding=\"async\" loading=\"lazy\" width=\"500\" height=\"500\" src=\"https:\/\/www.raffinessen.ch\/webseite\/wp-content\/uploads\/2020\/03\/curry-antigua-gewuerz-kreis-raffinessen-500x500.jpg\" class=\"wp-image-5133 avia-img-lazy-loading-5133 attachment-woocommerce_thumbnail size-woocommerce_thumbnail wp-post-image\" alt=\"\" srcset=\"https:\/\/www.raffinessen.ch\/webseite\/wp-content\/uploads\/2020\/03\/curry-antigua-gewuerz-kreis-raffinessen-500x500.jpg 500w, https:\/\/www.raffinessen.ch\/webseite\/wp-content\/uploads\/2020\/03\/curry-antigua-gewuerz-kreis-raffinessen-300x300.jpg 300w, https:\/\/www.raffinessen.ch\/webseite\/wp-content\/uploads\/2020\/03\/curry-antigua-gewuerz-kreis-raffinessen-1030x1030.jpg 1030w, https:\/\/www.raffinessen.ch\/webseite\/wp-content\/uploads\/2020\/03\/curry-antigua-gewuerz-kreis-raffinessen-80x80.jpg 80w, https:\/\/www.raffinessen.ch\/webseite\/wp-content\/uploads\/2020\/03\/curry-antigua-gewuerz-kreis-raffinessen-768x768.jpg 768w, https:\/\/www.raffinessen.ch\/webseite\/wp-content\/uploads\/2020\/03\/curry-antigua-gewuerz-kreis-raffinessen-1536x1536.jpg 1536w, https:\/\/www.raffinessen.ch\/webseite\/wp-content\/uploads\/2020\/03\/curry-antigua-gewuerz-kreis-raffinessen-2048x2048.jpg 2048w, https:\/\/www.raffinessen.ch\/webseite\/wp-content\/uploads\/2020\/03\/curry-antigua-gewuerz-kreis-raffinessen-36x36.jpg 36w, https:\/\/www.raffinessen.ch\/webseite\/wp-content\/uploads\/2020\/03\/curry-antigua-gewuerz-kreis-raffinessen-180x180.jpg 180w, https:\/\/www.raffinessen.ch\/webseite\/wp-content\/uploads\/2020\/03\/curry-antigua-gewuerz-kreis-raffinessen-1500x1500.jpg 1500w, https:\/\/www.raffinessen.ch\/webseite\/wp-content\/uploads\/2020\/03\/curry-antigua-gewuerz-kreis-raffinessen-705x705.jpg 705w, https:\/\/www.raffinessen.ch\/webseite\/wp-content\/uploads\/2020\/03\/curry-antigua-gewuerz-kreis-raffinessen-100x100.jpg 100w, https:\/\/www.raffinessen.ch\/webseite\/wp-content\/uploads\/2020\/03\/curry-antigua-gewuerz-kreis-raffinessen-1000x1000.jpg 1000w\" sizes=\"auto, (max-width: 500px) 100vw, 500px\" \/><span class=\"cart-loading\"><\/span><\/div><div class='inner_product_header'><div class='avia-arrow'><\/div><div class='inner_product_header_table'><div class='inner_product_header_cell'><h2 class=\"woocommerce-loop-product__title\">Antigua (curry)<\/h2>\n\t<span class=\"price\"><span class=\"woocommerce-Price-amount amount\"><bdi><span class=\"woocommerce-Price-currencySymbol\">&#67;&#72;&#70;<\/span>&nbsp;6.00<\/bdi><\/span> <small class=\"woocommerce-price-suffix\">TVA incluse<\/small><\/span>\n<\/div><\/div><\/div><\/a><div class='avia_cart_buttons'><a href=\"\/fr\/wp-json\/wp\/v2\/pages\/9012?add-to-cart=6532\" aria-describedby=\"woocommerce_loop_add_to_cart_link_describedby_6532\" data-quantity=\"1\" class=\"button product_type_simple add_to_cart_button ajax_add_to_cart\" data-product_id=\"6532\" data-product_sku=\"FPO-S011-45\" aria-label=\"Ajouter au panier\u00a0: \u201cAntigua (Curry)\u201d\" rel=\"nofollow\" data-success_message=\"\u00ab\u00a0Antigua (Curry)\u00a0\u00bb a \u00e9t\u00e9 ajout\u00e9 \u00e0 votre panier\" role=\"button\" data-no-translation-aria-label=\"\" data-no-translation-data-success_message=\"\"><span class=\"avia-svg-icon avia-font-svg_entypo-fontello\" data-av_svg_icon='basket' data-av_iconset='svg_entypo-fontello'><svg version=\"1.1\" xmlns=\"http:\/\/www.w3.org\/2000\/svg\" width=\"29\" height=\"32\" viewbox=\"0 0 29 32\" preserveaspectratio=\"xMidYMid meet\" aria-labelledby='av-svg-title-281' aria-describedby='av-svg-desc-281' role=\"graphics-symbol\" aria-hidden=\"true\">\n<title id='av-svg-title-281'>Ajouter au panier<\/title>\n<desc id='av-svg-desc-281'>Ajouter au panier<\/desc>\n<path d=\"M4.8 27.2q0-1.28 0.96-2.24t2.24-0.96q1.344 0 2.272 0.96t0.928 2.24q0 1.344-0.928 2.272t-2.272 0.928q-1.28 0-2.24-0.928t-0.96-2.272zM20.8 27.2q0-1.28 0.96-2.24t2.24-0.96q1.344 0 2.272 0.96t0.928 2.24q0 1.344-0.928 2.272t-2.272 0.928q-1.28 0-2.24-0.928t-0.96-2.272zM10.496 19.648q-1.152 0.32-1.088 0.736t1.408 0.416h17.984v2.432q0 0.64-0.64 0.64h-20.928q-0.64 0-0.64-0.64v-2.432l-0.32-1.472-3.136-14.528h-3.136v-2.56q0-0.64 0.64-0.64h4.992q0.64 0 0.64 0.64v2.752h22.528v8.768q0 0.704-0.576 0.832z\"><\/path>\n<\/svg><\/span>  Ajouter au panier<\/a>\t<span id=\"woocommerce_loop_add_to_cart_link_describedby_6532\" class=\"screen-reader-text\">\n\t\t\t<\/span>\n<a class=\"button show_details_button\" href=\"https:\/\/www.raffinessen.ch\/fr\/produit\/antigua\/\"><span class=\"avia-svg-icon avia-font-svg_entypo-fontello\" data-av_svg_icon='doc-text' data-av_iconset='svg_entypo-fontello'><svg version=\"1.1\" xmlns=\"http:\/\/www.w3.org\/2000\/svg\" width=\"22\" height=\"32\" viewbox=\"0 0 22 32\" preserveaspectratio=\"xMidYMid meet\" aria-labelledby='av-svg-title-282' aria-describedby='av-svg-desc-282' role=\"graphics-symbol\" aria-hidden=\"true\">\n<title id='av-svg-title-282'>Voir les d\u00e9tails<\/title>\n<desc id='av-svg-desc-282'>Voir les d\u00e9tails<\/desc>\n<path d=\"M6.784 17.344v-2.88h8.96v2.88h-8.96zM19.2 1.6q1.344 0 2.272 0.928t0.928 2.272v22.4q0 1.28-0.928 2.24t-2.272 0.96h-16q-1.28 0-2.24-0.96t-0.96-2.24v-22.4q0-1.344 0.96-2.272t2.24-0.928h16zM19.2 27.2v-22.4h-16v22.4h16zM15.68 8.256v2.816h-8.96v-2.816h8.96zM15.68 20.8v2.816h-8.96v-2.816h8.96z\"><\/path>\n<\/svg><\/span>  Voir les d\u00e9tails<\/a> <span class=\"button-mini-delimiter\"><\/span><\/div><\/div><\/li>\n<li class=\"product type-product post-6549 status-publish first instock product_cat-gemahlen product_cat-gewuerz-mischungen has-post-thumbnail taxable shipping-taxable purchasable product-type-simple\">\n\t<div class='inner_product main_color wrapped_style noLightbox  av-product-class-'><a href=\"https:\/\/www.raffinessen.ch\/fr\/produit\/asakusa\/\" class=\"woocommerce-LoopProduct-link woocommerce-loop-product__link\"><div class=\"thumbnail_container\"><img loading=\"lazy\" decoding=\"async\" width=\"500\" height=\"500\" src=\"https:\/\/www.raffinessen.ch\/webseite\/wp-content\/uploads\/2020\/07\/asakusa-beutel-500x500.jpg\" class=\"attachment-woocommerce_thumbnail avia-product-hover\" alt=\"\" srcset=\"https:\/\/www.raffinessen.ch\/webseite\/wp-content\/uploads\/2020\/07\/asakusa-beutel-500x500.jpg 500w, https:\/\/www.raffinessen.ch\/webseite\/wp-content\/uploads\/2020\/07\/asakusa-beutel-300x300.jpg 300w, https:\/\/www.raffinessen.ch\/webseite\/wp-content\/uploads\/2020\/07\/asakusa-beutel-1030x1030.jpg 1030w, https:\/\/www.raffinessen.ch\/webseite\/wp-content\/uploads\/2020\/07\/asakusa-beutel-80x80.jpg 80w, https:\/\/www.raffinessen.ch\/webseite\/wp-content\/uploads\/2020\/07\/asakusa-beutel-768x768.jpg 768w, https:\/\/www.raffinessen.ch\/webseite\/wp-content\/uploads\/2020\/07\/asakusa-beutel-1536x1536.jpg 1536w, https:\/\/www.raffinessen.ch\/webseite\/wp-content\/uploads\/2020\/07\/asakusa-beutel-36x36.jpg 36w, https:\/\/www.raffinessen.ch\/webseite\/wp-content\/uploads\/2020\/07\/asakusa-beutel-180x180.jpg 180w, https:\/\/www.raffinessen.ch\/webseite\/wp-content\/uploads\/2020\/07\/asakusa-beutel-1500x1500.jpg 1500w, https:\/\/www.raffinessen.ch\/webseite\/wp-content\/uploads\/2020\/07\/asakusa-beutel-705x705.jpg 705w, https:\/\/www.raffinessen.ch\/webseite\/wp-content\/uploads\/2020\/07\/asakusa-beutel-100x100.jpg 100w, https:\/\/www.raffinessen.ch\/webseite\/wp-content\/uploads\/2020\/07\/asakusa-beutel-1000x1000.jpg 1000w, https:\/\/www.raffinessen.ch\/webseite\/wp-content\/uploads\/2020\/07\/asakusa-beutel.jpg 2000w\" sizes=\"auto, (max-width: 500px) 100vw, 500px\" \/><img decoding=\"async\" loading=\"lazy\" width=\"500\" height=\"500\" src=\"https:\/\/www.raffinessen.ch\/webseite\/wp-content\/uploads\/2020\/03\/shichimi-gewuerz-kreis-raffinessen-500x500.jpg\" class=\"wp-image-5143 avia-img-lazy-loading-5143 attachment-woocommerce_thumbnail size-woocommerce_thumbnail wp-post-image\" alt=\"\" srcset=\"https:\/\/www.raffinessen.ch\/webseite\/wp-content\/uploads\/2020\/03\/shichimi-gewuerz-kreis-raffinessen-500x500.jpg 500w, https:\/\/www.raffinessen.ch\/webseite\/wp-content\/uploads\/2020\/03\/shichimi-gewuerz-kreis-raffinessen-300x300.jpg 300w, https:\/\/www.raffinessen.ch\/webseite\/wp-content\/uploads\/2020\/03\/shichimi-gewuerz-kreis-raffinessen-1030x1030.jpg 1030w, https:\/\/www.raffinessen.ch\/webseite\/wp-content\/uploads\/2020\/03\/shichimi-gewuerz-kreis-raffinessen-80x80.jpg 80w, https:\/\/www.raffinessen.ch\/webseite\/wp-content\/uploads\/2020\/03\/shichimi-gewuerz-kreis-raffinessen-768x768.jpg 768w, https:\/\/www.raffinessen.ch\/webseite\/wp-content\/uploads\/2020\/03\/shichimi-gewuerz-kreis-raffinessen-1536x1536.jpg 1536w, https:\/\/www.raffinessen.ch\/webseite\/wp-content\/uploads\/2020\/03\/shichimi-gewuerz-kreis-raffinessen-2048x2048.jpg 2048w, https:\/\/www.raffinessen.ch\/webseite\/wp-content\/uploads\/2020\/03\/shichimi-gewuerz-kreis-raffinessen-36x36.jpg 36w, https:\/\/www.raffinessen.ch\/webseite\/wp-content\/uploads\/2020\/03\/shichimi-gewuerz-kreis-raffinessen-180x180.jpg 180w, https:\/\/www.raffinessen.ch\/webseite\/wp-content\/uploads\/2020\/03\/shichimi-gewuerz-kreis-raffinessen-1500x1500.jpg 1500w, https:\/\/www.raffinessen.ch\/webseite\/wp-content\/uploads\/2020\/03\/shichimi-gewuerz-kreis-raffinessen-705x705.jpg 705w, https:\/\/www.raffinessen.ch\/webseite\/wp-content\/uploads\/2020\/03\/shichimi-gewuerz-kreis-raffinessen-100x100.jpg 100w, https:\/\/www.raffinessen.ch\/webseite\/wp-content\/uploads\/2020\/03\/shichimi-gewuerz-kreis-raffinessen-1000x1000.jpg 1000w\" sizes=\"auto, (max-width: 500px) 100vw, 500px\" \/><span class=\"cart-loading\"><\/span><\/div><div class='inner_product_header'><div class='avia-arrow'><\/div><div class='inner_product_header_table'><div class='inner_product_header_cell'><h2 class=\"woocommerce-loop-product__title\">Asakusa (pr\u00e9c\u00e9demment Shichimi)<\/h2>\n\t<span class=\"price\"><span class=\"woocommerce-Price-amount amount\"><bdi><span class=\"woocommerce-Price-currencySymbol\">&#67;&#72;&#70;<\/span>&nbsp;6.00<\/bdi><\/span> <small class=\"woocommerce-price-suffix\">TVA incluse<\/small><\/span>\n<\/div><\/div><\/div><\/a><div class='avia_cart_buttons'><a href=\"\/fr\/wp-json\/wp\/v2\/pages\/9012?add-to-cart=6549\" aria-describedby=\"woocommerce_loop_add_to_cart_link_describedby_6549\" data-quantity=\"1\" class=\"button product_type_simple add_to_cart_button ajax_add_to_cart\" data-product_id=\"6549\" data-product_sku=\"FPO-S025-60\" aria-label=\"Ajouter au panier\u00a0: \u201cAsakusa (bisher Shichimi)\u201d\" rel=\"nofollow\" data-success_message=\"\u00ab\u00a0Asakusa (bisher Shichimi)\u00a0\u00bb a \u00e9t\u00e9 ajout\u00e9 \u00e0 votre panier\" role=\"button\" data-no-translation-aria-label=\"\" data-no-translation-data-success_message=\"\"><span class=\"avia-svg-icon avia-font-svg_entypo-fontello\" data-av_svg_icon='basket' data-av_iconset='svg_entypo-fontello'><svg version=\"1.1\" xmlns=\"http:\/\/www.w3.org\/2000\/svg\" width=\"29\" height=\"32\" viewbox=\"0 0 29 32\" preserveaspectratio=\"xMidYMid meet\" aria-labelledby='av-svg-title-283' aria-describedby='av-svg-desc-283' role=\"graphics-symbol\" aria-hidden=\"true\">\n<title id='av-svg-title-283'>Ajouter au panier<\/title>\n<desc id='av-svg-desc-283'>Ajouter au panier<\/desc>\n<path d=\"M4.8 27.2q0-1.28 0.96-2.24t2.24-0.96q1.344 0 2.272 0.96t0.928 2.24q0 1.344-0.928 2.272t-2.272 0.928q-1.28 0-2.24-0.928t-0.96-2.272zM20.8 27.2q0-1.28 0.96-2.24t2.24-0.96q1.344 0 2.272 0.96t0.928 2.24q0 1.344-0.928 2.272t-2.272 0.928q-1.28 0-2.24-0.928t-0.96-2.272zM10.496 19.648q-1.152 0.32-1.088 0.736t1.408 0.416h17.984v2.432q0 0.64-0.64 0.64h-20.928q-0.64 0-0.64-0.64v-2.432l-0.32-1.472-3.136-14.528h-3.136v-2.56q0-0.64 0.64-0.64h4.992q0.64 0 0.64 0.64v2.752h22.528v8.768q0 0.704-0.576 0.832z\"><\/path>\n<\/svg><\/span>  Ajouter au panier<\/a>\t<span id=\"woocommerce_loop_add_to_cart_link_describedby_6549\" class=\"screen-reader-text\">\n\t\t\t<\/span>\n<a class=\"button show_details_button\" href=\"https:\/\/www.raffinessen.ch\/fr\/produit\/asakusa\/\"><span class=\"avia-svg-icon avia-font-svg_entypo-fontello\" data-av_svg_icon='doc-text' data-av_iconset='svg_entypo-fontello'><svg version=\"1.1\" xmlns=\"http:\/\/www.w3.org\/2000\/svg\" width=\"22\" height=\"32\" viewbox=\"0 0 22 32\" preserveaspectratio=\"xMidYMid meet\" aria-labelledby='av-svg-title-284' aria-describedby='av-svg-desc-284' role=\"graphics-symbol\" aria-hidden=\"true\">\n<title id='av-svg-title-284'>Voir les d\u00e9tails<\/title>\n<desc id='av-svg-desc-284'>Voir les d\u00e9tails<\/desc>\n<path d=\"M6.784 17.344v-2.88h8.96v2.88h-8.96zM19.2 1.6q1.344 0 2.272 0.928t0.928 2.272v22.4q0 1.28-0.928 2.24t-2.272 0.96h-16q-1.28 0-2.24-0.96t-0.96-2.24v-22.4q0-1.344 0.96-2.272t2.24-0.928h16zM19.2 27.2v-22.4h-16v22.4h16zM15.68 8.256v2.816h-8.96v-2.816h8.96zM15.68 20.8v2.816h-8.96v-2.816h8.96z\"><\/path>\n<\/svg><\/span>  Voir les d\u00e9tails<\/a> <span class=\"button-mini-delimiter\"><\/span><\/div><\/div><\/li>\n<li class=\"product type-product post-6547 status-publish instock product_cat-gemahlen product_cat-gewuerz-mischungen has-post-thumbnail taxable shipping-taxable purchasable product-type-simple\">\n\t<div class='inner_product main_color wrapped_style noLightbox  av-product-class-'><a href=\"https:\/\/www.raffinessen.ch\/fr\/produit\/bijapur\/\" class=\"woocommerce-LoopProduct-link woocommerce-loop-product__link\"><div class=\"thumbnail_container\"><img loading=\"lazy\" decoding=\"async\" width=\"500\" height=\"500\" src=\"https:\/\/www.raffinessen.ch\/webseite\/wp-content\/uploads\/2020\/07\/bijapur-beutel-500x500.jpg\" class=\"attachment-woocommerce_thumbnail avia-product-hover\" alt=\"\" srcset=\"https:\/\/www.raffinessen.ch\/webseite\/wp-content\/uploads\/2020\/07\/bijapur-beutel-500x500.jpg 500w, https:\/\/www.raffinessen.ch\/webseite\/wp-content\/uploads\/2020\/07\/bijapur-beutel-300x300.jpg 300w, https:\/\/www.raffinessen.ch\/webseite\/wp-content\/uploads\/2020\/07\/bijapur-beutel-1030x1030.jpg 1030w, https:\/\/www.raffinessen.ch\/webseite\/wp-content\/uploads\/2020\/07\/bijapur-beutel-80x80.jpg 80w, https:\/\/www.raffinessen.ch\/webseite\/wp-content\/uploads\/2020\/07\/bijapur-beutel-768x768.jpg 768w, https:\/\/www.raffinessen.ch\/webseite\/wp-content\/uploads\/2020\/07\/bijapur-beutel-1536x1536.jpg 1536w, https:\/\/www.raffinessen.ch\/webseite\/wp-content\/uploads\/2020\/07\/bijapur-beutel-36x36.jpg 36w, https:\/\/www.raffinessen.ch\/webseite\/wp-content\/uploads\/2020\/07\/bijapur-beutel-180x180.jpg 180w, https:\/\/www.raffinessen.ch\/webseite\/wp-content\/uploads\/2020\/07\/bijapur-beutel-1500x1500.jpg 1500w, https:\/\/www.raffinessen.ch\/webseite\/wp-content\/uploads\/2020\/07\/bijapur-beutel-705x705.jpg 705w, https:\/\/www.raffinessen.ch\/webseite\/wp-content\/uploads\/2020\/07\/bijapur-beutel-100x100.jpg 100w, https:\/\/www.raffinessen.ch\/webseite\/wp-content\/uploads\/2020\/07\/bijapur-beutel-1000x1000.jpg 1000w, https:\/\/www.raffinessen.ch\/webseite\/wp-content\/uploads\/2020\/07\/bijapur-beutel.jpg 2000w\" sizes=\"auto, (max-width: 500px) 100vw, 500px\" \/><img decoding=\"async\" loading=\"lazy\" width=\"500\" height=\"500\" src=\"https:\/\/www.raffinessen.ch\/webseite\/wp-content\/uploads\/2020\/03\/sandelholz-gewuerz-kreis-raffinessen-500x500.jpg\" class=\"wp-image-5141 avia-img-lazy-loading-5141 attachment-woocommerce_thumbnail size-woocommerce_thumbnail wp-post-image\" alt=\"\" srcset=\"https:\/\/www.raffinessen.ch\/webseite\/wp-content\/uploads\/2020\/03\/sandelholz-gewuerz-kreis-raffinessen-500x500.jpg 500w, https:\/\/www.raffinessen.ch\/webseite\/wp-content\/uploads\/2020\/03\/sandelholz-gewuerz-kreis-raffinessen-300x300.jpg 300w, https:\/\/www.raffinessen.ch\/webseite\/wp-content\/uploads\/2020\/03\/sandelholz-gewuerz-kreis-raffinessen-1030x1030.jpg 1030w, https:\/\/www.raffinessen.ch\/webseite\/wp-content\/uploads\/2020\/03\/sandelholz-gewuerz-kreis-raffinessen-80x80.jpg 80w, https:\/\/www.raffinessen.ch\/webseite\/wp-content\/uploads\/2020\/03\/sandelholz-gewuerz-kreis-raffinessen-768x768.jpg 768w, https:\/\/www.raffinessen.ch\/webseite\/wp-content\/uploads\/2020\/03\/sandelholz-gewuerz-kreis-raffinessen-1536x1536.jpg 1536w, https:\/\/www.raffinessen.ch\/webseite\/wp-content\/uploads\/2020\/03\/sandelholz-gewuerz-kreis-raffinessen-2048x2048.jpg 2048w, https:\/\/www.raffinessen.ch\/webseite\/wp-content\/uploads\/2020\/03\/sandelholz-gewuerz-kreis-raffinessen-36x36.jpg 36w, https:\/\/www.raffinessen.ch\/webseite\/wp-content\/uploads\/2020\/03\/sandelholz-gewuerz-kreis-raffinessen-180x180.jpg 180w, https:\/\/www.raffinessen.ch\/webseite\/wp-content\/uploads\/2020\/03\/sandelholz-gewuerz-kreis-raffinessen-1500x1500.jpg 1500w, https:\/\/www.raffinessen.ch\/webseite\/wp-content\/uploads\/2020\/03\/sandelholz-gewuerz-kreis-raffinessen-705x705.jpg 705w, https:\/\/www.raffinessen.ch\/webseite\/wp-content\/uploads\/2020\/03\/sandelholz-gewuerz-kreis-raffinessen-100x100.jpg 100w, https:\/\/www.raffinessen.ch\/webseite\/wp-content\/uploads\/2020\/03\/sandelholz-gewuerz-kreis-raffinessen-1000x1000.jpg 1000w\" sizes=\"auto, (max-width: 500px) 100vw, 500px\" \/><span class=\"cart-loading\"><\/span><\/div><div class='inner_product_header'><div class='avia-arrow'><\/div><div class='inner_product_header_table'><div class='inner_product_header_cell'><h2 class=\"woocommerce-loop-product__title\">Bijapur (anciennement bois de santal)<\/h2>\n\t<span class=\"price\"><span class=\"woocommerce-Price-amount amount\"><bdi><span class=\"woocommerce-Price-currencySymbol\">&#67;&#72;&#70;<\/span>&nbsp;6.00<\/bdi><\/span> <small class=\"woocommerce-price-suffix\">TVA incluse<\/small><\/span>\n<\/div><\/div><\/div><\/a><div class='avia_cart_buttons'><a href=\"\/fr\/wp-json\/wp\/v2\/pages\/9012?add-to-cart=6547\" aria-describedby=\"woocommerce_loop_add_to_cart_link_describedby_6547\" data-quantity=\"1\" class=\"button product_type_simple add_to_cart_button ajax_add_to_cart\" data-product_id=\"6547\" data-product_sku=\"FPO-S023-70\" aria-label=\"Ajouter au panier\u00a0: \u201cBijapur (bisher Sandelholz)\u201d\" rel=\"nofollow\" data-success_message=\"\u00ab\u00a0Bijapur (bisher Sandelholz)\u00a0\u00bb a \u00e9t\u00e9 ajout\u00e9 \u00e0 votre panier\" role=\"button\" data-no-translation-aria-label=\"\" data-no-translation-data-success_message=\"\"><span class=\"avia-svg-icon avia-font-svg_entypo-fontello\" data-av_svg_icon='basket' data-av_iconset='svg_entypo-fontello'><svg version=\"1.1\" xmlns=\"http:\/\/www.w3.org\/2000\/svg\" width=\"29\" height=\"32\" viewbox=\"0 0 29 32\" preserveaspectratio=\"xMidYMid meet\" aria-labelledby='av-svg-title-285' aria-describedby='av-svg-desc-285' role=\"graphics-symbol\" aria-hidden=\"true\">\n<title id='av-svg-title-285'>Ajouter au panier<\/title>\n<desc id='av-svg-desc-285'>Ajouter au panier<\/desc>\n<path d=\"M4.8 27.2q0-1.28 0.96-2.24t2.24-0.96q1.344 0 2.272 0.96t0.928 2.24q0 1.344-0.928 2.272t-2.272 0.928q-1.28 0-2.24-0.928t-0.96-2.272zM20.8 27.2q0-1.28 0.96-2.24t2.24-0.96q1.344 0 2.272 0.96t0.928 2.24q0 1.344-0.928 2.272t-2.272 0.928q-1.28 0-2.24-0.928t-0.96-2.272zM10.496 19.648q-1.152 0.32-1.088 0.736t1.408 0.416h17.984v2.432q0 0.64-0.64 0.64h-20.928q-0.64 0-0.64-0.64v-2.432l-0.32-1.472-3.136-14.528h-3.136v-2.56q0-0.64 0.64-0.64h4.992q0.64 0 0.64 0.64v2.752h22.528v8.768q0 0.704-0.576 0.832z\"><\/path>\n<\/svg><\/span>  Ajouter au panier<\/a>\t<span id=\"woocommerce_loop_add_to_cart_link_describedby_6547\" class=\"screen-reader-text\">\n\t\t\t<\/span>\n<a class=\"button show_details_button\" href=\"https:\/\/www.raffinessen.ch\/fr\/produit\/bijapur\/\"><span class=\"avia-svg-icon avia-font-svg_entypo-fontello\" data-av_svg_icon='doc-text' data-av_iconset='svg_entypo-fontello'><svg version=\"1.1\" xmlns=\"http:\/\/www.w3.org\/2000\/svg\" width=\"22\" height=\"32\" viewbox=\"0 0 22 32\" preserveaspectratio=\"xMidYMid meet\" aria-labelledby='av-svg-title-286' aria-describedby='av-svg-desc-286' role=\"graphics-symbol\" aria-hidden=\"true\">\n<title id='av-svg-title-286'>Voir les d\u00e9tails<\/title>\n<desc id='av-svg-desc-286'>Voir les d\u00e9tails<\/desc>\n<path d=\"M6.784 17.344v-2.88h8.96v2.88h-8.96zM19.2 1.6q1.344 0 2.272 0.928t0.928 2.272v22.4q0 1.28-0.928 2.24t-2.272 0.96h-16q-1.28 0-2.24-0.96t-0.96-2.24v-22.4q0-1.344 0.96-2.272t2.24-0.928h16zM19.2 27.2v-22.4h-16v22.4h16zM15.68 8.256v2.816h-8.96v-2.816h8.96zM15.68 20.8v2.816h-8.96v-2.816h8.96z\"><\/path>\n<\/svg><\/span>  Voir les d\u00e9tails<\/a> <span class=\"button-mini-delimiter\"><\/span><\/div><\/div><\/li>\n<li class=\"product type-product post-6528 status-publish instock product_cat-gemahlen product_cat-gewuerz-mischungen has-post-thumbnail taxable shipping-taxable purchasable product-type-simple\">\n\t<div class='inner_product main_color wrapped_style noLightbox  av-product-class-'><a href=\"https:\/\/www.raffinessen.ch\/fr\/produit\/bolligen\/\" class=\"woocommerce-LoopProduct-link woocommerce-loop-product__link\"><div class=\"thumbnail_container\"><img loading=\"lazy\" decoding=\"async\" width=\"500\" height=\"500\" src=\"https:\/\/www.raffinessen.ch\/webseite\/wp-content\/uploads\/2020\/07\/bolligen-beutel-500x500.jpg\" class=\"attachment-woocommerce_thumbnail avia-product-hover\" alt=\"\" srcset=\"https:\/\/www.raffinessen.ch\/webseite\/wp-content\/uploads\/2020\/07\/bolligen-beutel-500x500.jpg 500w, https:\/\/www.raffinessen.ch\/webseite\/wp-content\/uploads\/2020\/07\/bolligen-beutel-300x300.jpg 300w, https:\/\/www.raffinessen.ch\/webseite\/wp-content\/uploads\/2020\/07\/bolligen-beutel-1030x1030.jpg 1030w, https:\/\/www.raffinessen.ch\/webseite\/wp-content\/uploads\/2020\/07\/bolligen-beutel-80x80.jpg 80w, https:\/\/www.raffinessen.ch\/webseite\/wp-content\/uploads\/2020\/07\/bolligen-beutel-768x768.jpg 768w, https:\/\/www.raffinessen.ch\/webseite\/wp-content\/uploads\/2020\/07\/bolligen-beutel-1536x1536.jpg 1536w, https:\/\/www.raffinessen.ch\/webseite\/wp-content\/uploads\/2020\/07\/bolligen-beutel-36x36.jpg 36w, https:\/\/www.raffinessen.ch\/webseite\/wp-content\/uploads\/2020\/07\/bolligen-beutel-180x180.jpg 180w, https:\/\/www.raffinessen.ch\/webseite\/wp-content\/uploads\/2020\/07\/bolligen-beutel-1500x1500.jpg 1500w, https:\/\/www.raffinessen.ch\/webseite\/wp-content\/uploads\/2020\/07\/bolligen-beutel-705x705.jpg 705w, https:\/\/www.raffinessen.ch\/webseite\/wp-content\/uploads\/2020\/07\/bolligen-beutel-100x100.jpg 100w, https:\/\/www.raffinessen.ch\/webseite\/wp-content\/uploads\/2020\/07\/bolligen-beutel-1000x1000.jpg 1000w, https:\/\/www.raffinessen.ch\/webseite\/wp-content\/uploads\/2020\/07\/bolligen-beutel.jpg 2000w\" sizes=\"auto, (max-width: 500px) 100vw, 500px\" \/><img decoding=\"async\" loading=\"lazy\" width=\"500\" height=\"500\" src=\"https:\/\/www.raffinessen.ch\/webseite\/wp-content\/uploads\/2020\/03\/bolligen-gewuerz-kreis-raffinessen-500x500.jpg\" class=\"wp-image-5130 avia-img-lazy-loading-5130 attachment-woocommerce_thumbnail size-woocommerce_thumbnail wp-post-image\" alt=\"\" srcset=\"https:\/\/www.raffinessen.ch\/webseite\/wp-content\/uploads\/2020\/03\/bolligen-gewuerz-kreis-raffinessen-500x500.jpg 500w, https:\/\/www.raffinessen.ch\/webseite\/wp-content\/uploads\/2020\/03\/bolligen-gewuerz-kreis-raffinessen-300x300.jpg 300w, https:\/\/www.raffinessen.ch\/webseite\/wp-content\/uploads\/2020\/03\/bolligen-gewuerz-kreis-raffinessen-1030x1030.jpg 1030w, https:\/\/www.raffinessen.ch\/webseite\/wp-content\/uploads\/2020\/03\/bolligen-gewuerz-kreis-raffinessen-80x80.jpg 80w, https:\/\/www.raffinessen.ch\/webseite\/wp-content\/uploads\/2020\/03\/bolligen-gewuerz-kreis-raffinessen-768x768.jpg 768w, https:\/\/www.raffinessen.ch\/webseite\/wp-content\/uploads\/2020\/03\/bolligen-gewuerz-kreis-raffinessen-1536x1536.jpg 1536w, https:\/\/www.raffinessen.ch\/webseite\/wp-content\/uploads\/2020\/03\/bolligen-gewuerz-kreis-raffinessen-2048x2048.jpg 2048w, https:\/\/www.raffinessen.ch\/webseite\/wp-content\/uploads\/2020\/03\/bolligen-gewuerz-kreis-raffinessen-36x36.jpg 36w, https:\/\/www.raffinessen.ch\/webseite\/wp-content\/uploads\/2020\/03\/bolligen-gewuerz-kreis-raffinessen-180x180.jpg 180w, https:\/\/www.raffinessen.ch\/webseite\/wp-content\/uploads\/2020\/03\/bolligen-gewuerz-kreis-raffinessen-1500x1500.jpg 1500w, https:\/\/www.raffinessen.ch\/webseite\/wp-content\/uploads\/2020\/03\/bolligen-gewuerz-kreis-raffinessen-705x705.jpg 705w, https:\/\/www.raffinessen.ch\/webseite\/wp-content\/uploads\/2020\/03\/bolligen-gewuerz-kreis-raffinessen-100x100.jpg 100w, https:\/\/www.raffinessen.ch\/webseite\/wp-content\/uploads\/2020\/03\/bolligen-gewuerz-kreis-raffinessen-1000x1000.jpg 1000w\" sizes=\"auto, (max-width: 500px) 100vw, 500px\" \/><span class=\"cart-loading\"><\/span><\/div><div class='inner_product_header'><div class='avia-arrow'><\/div><div class='inner_product_header_table'><div class='inner_product_header_cell'><h2 class=\"woocommerce-loop-product__title\">Bolligen<\/h2>\n\t<span class=\"price\"><span class=\"woocommerce-Price-amount amount\"><bdi><span class=\"woocommerce-Price-currencySymbol\">&#67;&#72;&#70;<\/span>&nbsp;6.00<\/bdi><\/span> <small class=\"woocommerce-price-suffix\">TVA incluse<\/small><\/span>\n<\/div><\/div><\/div><\/a><div class='avia_cart_buttons'><a href=\"\/fr\/wp-json\/wp\/v2\/pages\/9012?add-to-cart=6528\" aria-describedby=\"woocommerce_loop_add_to_cart_link_describedby_6528\" data-quantity=\"1\" class=\"button product_type_simple add_to_cart_button ajax_add_to_cart\" data-product_id=\"6528\" data-product_sku=\"FPO-S008-120\" aria-label=\"Ajouter au panier\u00a0: \u201cBolligen\u201d\" rel=\"nofollow\" data-success_message=\"\u00ab\u00a0Bolligen\u00a0\u00bb a \u00e9t\u00e9 ajout\u00e9 \u00e0 votre panier\" role=\"button\" data-no-translation-aria-label=\"\" data-no-translation-data-success_message=\"\"><span class=\"avia-svg-icon avia-font-svg_entypo-fontello\" data-av_svg_icon='basket' data-av_iconset='svg_entypo-fontello'><svg version=\"1.1\" xmlns=\"http:\/\/www.w3.org\/2000\/svg\" width=\"29\" height=\"32\" viewbox=\"0 0 29 32\" preserveaspectratio=\"xMidYMid meet\" aria-labelledby='av-svg-title-287' aria-describedby='av-svg-desc-287' role=\"graphics-symbol\" aria-hidden=\"true\">\n<title id='av-svg-title-287'>Ajouter au panier<\/title>\n<desc id='av-svg-desc-287'>Ajouter au panier<\/desc>\n<path d=\"M4.8 27.2q0-1.28 0.96-2.24t2.24-0.96q1.344 0 2.272 0.96t0.928 2.24q0 1.344-0.928 2.272t-2.272 0.928q-1.28 0-2.24-0.928t-0.96-2.272zM20.8 27.2q0-1.28 0.96-2.24t2.24-0.96q1.344 0 2.272 0.96t0.928 2.24q0 1.344-0.928 2.272t-2.272 0.928q-1.28 0-2.24-0.928t-0.96-2.272zM10.496 19.648q-1.152 0.32-1.088 0.736t1.408 0.416h17.984v2.432q0 0.64-0.64 0.64h-20.928q-0.64 0-0.64-0.64v-2.432l-0.32-1.472-3.136-14.528h-3.136v-2.56q0-0.64 0.64-0.64h4.992q0.64 0 0.64 0.64v2.752h22.528v8.768q0 0.704-0.576 0.832z\"><\/path>\n<\/svg><\/span>  Ajouter au panier<\/a>\t<span id=\"woocommerce_loop_add_to_cart_link_describedby_6528\" class=\"screen-reader-text\">\n\t\t\t<\/span>\n<a class=\"button show_details_button\" href=\"https:\/\/www.raffinessen.ch\/fr\/produit\/bolligen\/\"><span class=\"avia-svg-icon avia-font-svg_entypo-fontello\" data-av_svg_icon='doc-text' data-av_iconset='svg_entypo-fontello'><svg version=\"1.1\" xmlns=\"http:\/\/www.w3.org\/2000\/svg\" width=\"22\" height=\"32\" viewbox=\"0 0 22 32\" preserveaspectratio=\"xMidYMid meet\" aria-labelledby='av-svg-title-288' aria-describedby='av-svg-desc-288' role=\"graphics-symbol\" aria-hidden=\"true\">\n<title id='av-svg-title-288'>Voir les d\u00e9tails<\/title>\n<desc id='av-svg-desc-288'>Voir les d\u00e9tails<\/desc>\n<path d=\"M6.784 17.344v-2.88h8.96v2.88h-8.96zM19.2 1.6q1.344 0 2.272 0.928t0.928 2.272v22.4q0 1.28-0.928 2.24t-2.272 0.96h-16q-1.28 0-2.24-0.96t-0.96-2.24v-22.4q0-1.344 0.96-2.272t2.24-0.928h16zM19.2 27.2v-22.4h-16v22.4h16zM15.68 8.256v2.816h-8.96v-2.816h8.96zM15.68 20.8v2.816h-8.96v-2.816h8.96z\"><\/path>\n<\/svg><\/span>  Voir les d\u00e9tails<\/a> <span class=\"button-mini-delimiter\"><\/span><\/div><\/div><\/li>\n<li class=\"product type-product post-6555 status-publish last instock product_cat-gemahlen product_cat-gewuerz-mischungen has-post-thumbnail taxable shipping-taxable purchasable product-type-simple\">\n\t<div class='inner_product main_color wrapped_style noLightbox  av-product-class-'><a href=\"https:\/\/www.raffinessen.ch\/fr\/produit\/fukuoka\/\" class=\"woocommerce-LoopProduct-link woocommerce-loop-product__link\"><div class=\"thumbnail_container\"><img loading=\"lazy\" decoding=\"async\" width=\"500\" height=\"500\" src=\"https:\/\/www.raffinessen.ch\/webseite\/wp-content\/uploads\/2020\/07\/fukuoka-beutel-500x500.jpg\" class=\"attachment-woocommerce_thumbnail avia-product-hover\" alt=\"\" srcset=\"https:\/\/www.raffinessen.ch\/webseite\/wp-content\/uploads\/2020\/07\/fukuoka-beutel-500x500.jpg 500w, https:\/\/www.raffinessen.ch\/webseite\/wp-content\/uploads\/2020\/07\/fukuoka-beutel-300x300.jpg 300w, https:\/\/www.raffinessen.ch\/webseite\/wp-content\/uploads\/2020\/07\/fukuoka-beutel-1030x1030.jpg 1030w, https:\/\/www.raffinessen.ch\/webseite\/wp-content\/uploads\/2020\/07\/fukuoka-beutel-80x80.jpg 80w, https:\/\/www.raffinessen.ch\/webseite\/wp-content\/uploads\/2020\/07\/fukuoka-beutel-768x768.jpg 768w, https:\/\/www.raffinessen.ch\/webseite\/wp-content\/uploads\/2020\/07\/fukuoka-beutel-1536x1536.jpg 1536w, https:\/\/www.raffinessen.ch\/webseite\/wp-content\/uploads\/2020\/07\/fukuoka-beutel-36x36.jpg 36w, https:\/\/www.raffinessen.ch\/webseite\/wp-content\/uploads\/2020\/07\/fukuoka-beutel-180x180.jpg 180w, https:\/\/www.raffinessen.ch\/webseite\/wp-content\/uploads\/2020\/07\/fukuoka-beutel-1500x1500.jpg 1500w, https:\/\/www.raffinessen.ch\/webseite\/wp-content\/uploads\/2020\/07\/fukuoka-beutel-705x705.jpg 705w, https:\/\/www.raffinessen.ch\/webseite\/wp-content\/uploads\/2020\/07\/fukuoka-beutel-100x100.jpg 100w, https:\/\/www.raffinessen.ch\/webseite\/wp-content\/uploads\/2020\/07\/fukuoka-beutel-1000x1000.jpg 1000w, https:\/\/www.raffinessen.ch\/webseite\/wp-content\/uploads\/2020\/07\/fukuoka-beutel.jpg 2000w\" sizes=\"auto, (max-width: 500px) 100vw, 500px\" \/><img decoding=\"async\" loading=\"lazy\" width=\"500\" height=\"500\" src=\"https:\/\/www.raffinessen.ch\/webseite\/wp-content\/uploads\/2020\/03\/yakitori-gewuerz-kreis-raffinessen-500x500.jpg\" class=\"wp-image-5145 avia-img-lazy-loading-5145 attachment-woocommerce_thumbnail size-woocommerce_thumbnail wp-post-image\" alt=\"\" srcset=\"https:\/\/www.raffinessen.ch\/webseite\/wp-content\/uploads\/2020\/03\/yakitori-gewuerz-kreis-raffinessen-500x500.jpg 500w, https:\/\/www.raffinessen.ch\/webseite\/wp-content\/uploads\/2020\/03\/yakitori-gewuerz-kreis-raffinessen-300x300.jpg 300w, https:\/\/www.raffinessen.ch\/webseite\/wp-content\/uploads\/2020\/03\/yakitori-gewuerz-kreis-raffinessen-1030x1030.jpg 1030w, https:\/\/www.raffinessen.ch\/webseite\/wp-content\/uploads\/2020\/03\/yakitori-gewuerz-kreis-raffinessen-80x80.jpg 80w, https:\/\/www.raffinessen.ch\/webseite\/wp-content\/uploads\/2020\/03\/yakitori-gewuerz-kreis-raffinessen-768x768.jpg 768w, https:\/\/www.raffinessen.ch\/webseite\/wp-content\/uploads\/2020\/03\/yakitori-gewuerz-kreis-raffinessen-1536x1536.jpg 1536w, https:\/\/www.raffinessen.ch\/webseite\/wp-content\/uploads\/2020\/03\/yakitori-gewuerz-kreis-raffinessen-2048x2048.jpg 2048w, https:\/\/www.raffinessen.ch\/webseite\/wp-content\/uploads\/2020\/03\/yakitori-gewuerz-kreis-raffinessen-36x36.jpg 36w, https:\/\/www.raffinessen.ch\/webseite\/wp-content\/uploads\/2020\/03\/yakitori-gewuerz-kreis-raffinessen-180x180.jpg 180w, https:\/\/www.raffinessen.ch\/webseite\/wp-content\/uploads\/2020\/03\/yakitori-gewuerz-kreis-raffinessen-1500x1500.jpg 1500w, https:\/\/www.raffinessen.ch\/webseite\/wp-content\/uploads\/2020\/03\/yakitori-gewuerz-kreis-raffinessen-705x705.jpg 705w, https:\/\/www.raffinessen.ch\/webseite\/wp-content\/uploads\/2020\/03\/yakitori-gewuerz-kreis-raffinessen-100x100.jpg 100w, https:\/\/www.raffinessen.ch\/webseite\/wp-content\/uploads\/2020\/03\/yakitori-gewuerz-kreis-raffinessen-1000x1000.jpg 1000w\" sizes=\"auto, (max-width: 500px) 100vw, 500px\" \/><span class=\"cart-loading\"><\/span><\/div><div class='inner_product_header'><div class='avia-arrow'><\/div><div class='inner_product_header_table'><div class='inner_product_header_cell'><h2 class=\"woocommerce-loop-product__title\">Fukuoka (pr\u00e9c\u00e9demment Yakitori)<\/h2>\n\t<span class=\"price\"><span class=\"woocommerce-Price-amount amount\"><bdi><span class=\"woocommerce-Price-currencySymbol\">&#67;&#72;&#70;<\/span>&nbsp;6.00<\/bdi><\/span> <small class=\"woocommerce-price-suffix\">TVA incluse<\/small><\/span>\n<\/div><\/div><\/div><\/a><div class='avia_cart_buttons'><a href=\"\/fr\/wp-json\/wp\/v2\/pages\/9012?add-to-cart=6555\" aria-describedby=\"woocommerce_loop_add_to_cart_link_describedby_6555\" data-quantity=\"1\" class=\"button product_type_simple add_to_cart_button ajax_add_to_cart\" data-product_id=\"6555\" data-product_sku=\"FPO-S031-60\" aria-label=\"Ajouter au panier\u00a0: \u201cFukuoka (bisher Yakitori)\u201d\" rel=\"nofollow\" data-success_message=\"\u00ab\u00a0Fukuoka (bisher Yakitori)\u00a0\u00bb a \u00e9t\u00e9 ajout\u00e9 \u00e0 votre panier\" role=\"button\" data-no-translation-aria-label=\"\" data-no-translation-data-success_message=\"\"><span class=\"avia-svg-icon avia-font-svg_entypo-fontello\" data-av_svg_icon='basket' data-av_iconset='svg_entypo-fontello'><svg version=\"1.1\" xmlns=\"http:\/\/www.w3.org\/2000\/svg\" width=\"29\" height=\"32\" viewbox=\"0 0 29 32\" preserveaspectratio=\"xMidYMid meet\" aria-labelledby='av-svg-title-289' aria-describedby='av-svg-desc-289' role=\"graphics-symbol\" aria-hidden=\"true\">\n<title id='av-svg-title-289'>Ajouter au panier<\/title>\n<desc id='av-svg-desc-289'>Ajouter au panier<\/desc>\n<path d=\"M4.8 27.2q0-1.28 0.96-2.24t2.24-0.96q1.344 0 2.272 0.96t0.928 2.24q0 1.344-0.928 2.272t-2.272 0.928q-1.28 0-2.24-0.928t-0.96-2.272zM20.8 27.2q0-1.28 0.96-2.24t2.24-0.96q1.344 0 2.272 0.96t0.928 2.24q0 1.344-0.928 2.272t-2.272 0.928q-1.28 0-2.24-0.928t-0.96-2.272zM10.496 19.648q-1.152 0.32-1.088 0.736t1.408 0.416h17.984v2.432q0 0.64-0.64 0.64h-20.928q-0.64 0-0.64-0.64v-2.432l-0.32-1.472-3.136-14.528h-3.136v-2.56q0-0.64 0.64-0.64h4.992q0.64 0 0.64 0.64v2.752h22.528v8.768q0 0.704-0.576 0.832z\"><\/path>\n<\/svg><\/span>  Ajouter au panier<\/a>\t<span id=\"woocommerce_loop_add_to_cart_link_describedby_6555\" class=\"screen-reader-text\">\n\t\t\t<\/span>\n<a class=\"button show_details_button\" href=\"https:\/\/www.raffinessen.ch\/fr\/produit\/fukuoka\/\"><span class=\"avia-svg-icon avia-font-svg_entypo-fontello\" data-av_svg_icon='doc-text' data-av_iconset='svg_entypo-fontello'><svg version=\"1.1\" xmlns=\"http:\/\/www.w3.org\/2000\/svg\" width=\"22\" height=\"32\" viewbox=\"0 0 22 32\" preserveaspectratio=\"xMidYMid meet\" aria-labelledby='av-svg-title-290' aria-describedby='av-svg-desc-290' role=\"graphics-symbol\" aria-hidden=\"true\">\n<title id='av-svg-title-290'>Voir les d\u00e9tails<\/title>\n<desc id='av-svg-desc-290'>Voir les d\u00e9tails<\/desc>\n<path d=\"M6.784 17.344v-2.88h8.96v2.88h-8.96zM19.2 1.6q1.344 0 2.272 0.928t0.928 2.272v22.4q0 1.28-0.928 2.24t-2.272 0.96h-16q-1.28 0-2.24-0.96t-0.96-2.24v-22.4q0-1.344 0.96-2.272t2.24-0.928h16zM19.2 27.2v-22.4h-16v22.4h16zM15.68 8.256v2.816h-8.96v-2.816h8.96zM15.68 20.8v2.816h-8.96v-2.816h8.96z\"><\/path>\n<\/svg><\/span>  Voir les d\u00e9tails<\/a> <span class=\"button-mini-delimiter\"><\/span><\/div><\/div><\/li>\n<li class=\"product type-product post-7403 status-publish first instock product_cat-gemahlen product_cat-gewuerz-mischungen product_tag-gluehwein product_tag-punsch has-post-thumbnail taxable shipping-taxable purchasable product-type-simple\">\n\t<div class='inner_product main_color wrapped_style noLightbox  av-product-class-'><a href=\"https:\/\/www.raffinessen.ch\/fr\/produit\/gluehwein-punsch\/\" class=\"woocommerce-LoopProduct-link woocommerce-loop-product__link\"><div class=\"thumbnail_container\"><img loading=\"lazy\" decoding=\"async\" width=\"500\" height=\"500\" src=\"https:\/\/www.raffinessen.ch\/webseite\/wp-content\/uploads\/2020\/12\/FP-110x185_Gluehwein-Punsch-500x500.jpg\" class=\"attachment-woocommerce_thumbnail avia-product-hover\" alt=\"\" srcset=\"https:\/\/www.raffinessen.ch\/webseite\/wp-content\/uploads\/2020\/12\/FP-110x185_Gluehwein-Punsch-500x500.jpg 500w, https:\/\/www.raffinessen.ch\/webseite\/wp-content\/uploads\/2020\/12\/FP-110x185_Gluehwein-Punsch-300x300.jpg 300w, https:\/\/www.raffinessen.ch\/webseite\/wp-content\/uploads\/2020\/12\/FP-110x185_Gluehwein-Punsch-1030x1030.jpg 1030w, https:\/\/www.raffinessen.ch\/webseite\/wp-content\/uploads\/2020\/12\/FP-110x185_Gluehwein-Punsch-80x80.jpg 80w, https:\/\/www.raffinessen.ch\/webseite\/wp-content\/uploads\/2020\/12\/FP-110x185_Gluehwein-Punsch-768x768.jpg 768w, https:\/\/www.raffinessen.ch\/webseite\/wp-content\/uploads\/2020\/12\/FP-110x185_Gluehwein-Punsch-1536x1536.jpg 1536w, https:\/\/www.raffinessen.ch\/webseite\/wp-content\/uploads\/2020\/12\/FP-110x185_Gluehwein-Punsch-36x36.jpg 36w, https:\/\/www.raffinessen.ch\/webseite\/wp-content\/uploads\/2020\/12\/FP-110x185_Gluehwein-Punsch-180x180.jpg 180w, https:\/\/www.raffinessen.ch\/webseite\/wp-content\/uploads\/2020\/12\/FP-110x185_Gluehwein-Punsch-1500x1500.jpg 1500w, https:\/\/www.raffinessen.ch\/webseite\/wp-content\/uploads\/2020\/12\/FP-110x185_Gluehwein-Punsch-705x705.jpg 705w, https:\/\/www.raffinessen.ch\/webseite\/wp-content\/uploads\/2020\/12\/FP-110x185_Gluehwein-Punsch-100x100.jpg 100w, https:\/\/www.raffinessen.ch\/webseite\/wp-content\/uploads\/2020\/12\/FP-110x185_Gluehwein-Punsch-1000x1000.jpg 1000w, https:\/\/www.raffinessen.ch\/webseite\/wp-content\/uploads\/2020\/12\/FP-110x185_Gluehwein-Punsch.jpg 2000w\" sizes=\"auto, (max-width: 500px) 100vw, 500px\" \/><img decoding=\"async\" loading=\"lazy\" width=\"500\" height=\"500\" src=\"https:\/\/www.raffinessen.ch\/webseite\/wp-content\/uploads\/2020\/12\/Gluehwein_3000x3000-500x500.jpg\" class=\"wp-image-7395 avia-img-lazy-loading-7395 attachment-woocommerce_thumbnail size-woocommerce_thumbnail wp-post-image\" alt=\"\" srcset=\"https:\/\/www.raffinessen.ch\/webseite\/wp-content\/uploads\/2020\/12\/Gluehwein_3000x3000-500x500.jpg 500w, https:\/\/www.raffinessen.ch\/webseite\/wp-content\/uploads\/2020\/12\/Gluehwein_3000x3000-300x300.jpg 300w, https:\/\/www.raffinessen.ch\/webseite\/wp-content\/uploads\/2020\/12\/Gluehwein_3000x3000-1030x1030.jpg 1030w, https:\/\/www.raffinessen.ch\/webseite\/wp-content\/uploads\/2020\/12\/Gluehwein_3000x3000-80x80.jpg 80w, https:\/\/www.raffinessen.ch\/webseite\/wp-content\/uploads\/2020\/12\/Gluehwein_3000x3000-768x768.jpg 768w, https:\/\/www.raffinessen.ch\/webseite\/wp-content\/uploads\/2020\/12\/Gluehwein_3000x3000-1536x1536.jpg 1536w, https:\/\/www.raffinessen.ch\/webseite\/wp-content\/uploads\/2020\/12\/Gluehwein_3000x3000-2048x2048.jpg 2048w, https:\/\/www.raffinessen.ch\/webseite\/wp-content\/uploads\/2020\/12\/Gluehwein_3000x3000-36x36.jpg 36w, https:\/\/www.raffinessen.ch\/webseite\/wp-content\/uploads\/2020\/12\/Gluehwein_3000x3000-180x180.jpg 180w, https:\/\/www.raffinessen.ch\/webseite\/wp-content\/uploads\/2020\/12\/Gluehwein_3000x3000-1500x1500.jpg 1500w, https:\/\/www.raffinessen.ch\/webseite\/wp-content\/uploads\/2020\/12\/Gluehwein_3000x3000-705x705.jpg 705w, https:\/\/www.raffinessen.ch\/webseite\/wp-content\/uploads\/2020\/12\/Gluehwein_3000x3000-100x100.jpg 100w, https:\/\/www.raffinessen.ch\/webseite\/wp-content\/uploads\/2020\/12\/Gluehwein_3000x3000-1000x1000.jpg 1000w\" sizes=\"auto, (max-width: 500px) 100vw, 500px\" \/><span class=\"cart-loading\"><\/span><\/div><div class='inner_product_header'><div class='avia-arrow'><\/div><div class='inner_product_header_table'><div class='inner_product_header_cell'><h2 class=\"woocommerce-loop-product__title\">Vin chaud &amp; punch<\/h2>\n\t<span class=\"price\"><span class=\"woocommerce-Price-amount amount\"><bdi><span class=\"woocommerce-Price-currencySymbol\">&#67;&#72;&#70;<\/span>&nbsp;8.00<\/bdi><\/span> <small class=\"woocommerce-price-suffix\">TVA incluse<\/small><\/span>\n<\/div><\/div><\/div><\/a><div class='avia_cart_buttons'><a href=\"\/fr\/wp-json\/wp\/v2\/pages\/9012?add-to-cart=7403\" aria-describedby=\"woocommerce_loop_add_to_cart_link_describedby_7403\" data-quantity=\"1\" class=\"button product_type_simple add_to_cart_button ajax_add_to_cart\" data-product_id=\"7403\" data-product_sku=\"FPO-S030-75\" aria-label=\"Ajouter au panier\u00a0: \u201cGl\u00fchwein &amp; Punsch\u201d\" rel=\"nofollow\" data-success_message=\"\u00ab\u00a0Gl\u00fchwein &amp; Punsch\u00a0\u00bb a \u00e9t\u00e9 ajout\u00e9 \u00e0 votre panier\" role=\"button\" data-no-translation-aria-label=\"\" data-no-translation-data-success_message=\"\"><span class=\"avia-svg-icon avia-font-svg_entypo-fontello\" data-av_svg_icon='basket' data-av_iconset='svg_entypo-fontello'><svg version=\"1.1\" xmlns=\"http:\/\/www.w3.org\/2000\/svg\" width=\"29\" height=\"32\" viewbox=\"0 0 29 32\" preserveaspectratio=\"xMidYMid meet\" aria-labelledby='av-svg-title-291' aria-describedby='av-svg-desc-291' role=\"graphics-symbol\" aria-hidden=\"true\">\n<title id='av-svg-title-291'>Ajouter au panier<\/title>\n<desc id='av-svg-desc-291'>Ajouter au panier<\/desc>\n<path d=\"M4.8 27.2q0-1.28 0.96-2.24t2.24-0.96q1.344 0 2.272 0.96t0.928 2.24q0 1.344-0.928 2.272t-2.272 0.928q-1.28 0-2.24-0.928t-0.96-2.272zM20.8 27.2q0-1.28 0.96-2.24t2.24-0.96q1.344 0 2.272 0.96t0.928 2.24q0 1.344-0.928 2.272t-2.272 0.928q-1.28 0-2.24-0.928t-0.96-2.272zM10.496 19.648q-1.152 0.32-1.088 0.736t1.408 0.416h17.984v2.432q0 0.64-0.64 0.64h-20.928q-0.64 0-0.64-0.64v-2.432l-0.32-1.472-3.136-14.528h-3.136v-2.56q0-0.64 0.64-0.64h4.992q0.64 0 0.64 0.64v2.752h22.528v8.768q0 0.704-0.576 0.832z\"><\/path>\n<\/svg><\/span>  Ajouter au panier<\/a>\t<span id=\"woocommerce_loop_add_to_cart_link_describedby_7403\" class=\"screen-reader-text\">\n\t\t\t<\/span>\n<a class=\"button show_details_button\" href=\"https:\/\/www.raffinessen.ch\/fr\/produit\/gluehwein-punsch\/\"><span class=\"avia-svg-icon avia-font-svg_entypo-fontello\" data-av_svg_icon='doc-text' data-av_iconset='svg_entypo-fontello'><svg version=\"1.1\" xmlns=\"http:\/\/www.w3.org\/2000\/svg\" width=\"22\" height=\"32\" viewbox=\"0 0 22 32\" preserveaspectratio=\"xMidYMid meet\" aria-labelledby='av-svg-title-292' aria-describedby='av-svg-desc-292' role=\"graphics-symbol\" aria-hidden=\"true\">\n<title id='av-svg-title-292'>Voir les d\u00e9tails<\/title>\n<desc id='av-svg-desc-292'>Voir les d\u00e9tails<\/desc>\n<path d=\"M6.784 17.344v-2.88h8.96v2.88h-8.96zM19.2 1.6q1.344 0 2.272 0.928t0.928 2.272v22.4q0 1.28-0.928 2.24t-2.272 0.96h-16q-1.28 0-2.24-0.96t-0.96-2.24v-22.4q0-1.344 0.96-2.272t2.24-0.928h16zM19.2 27.2v-22.4h-16v22.4h16zM15.68 8.256v2.816h-8.96v-2.816h8.96zM15.68 20.8v2.816h-8.96v-2.816h8.96z\"><\/path>\n<\/svg><\/span>  Voir les d\u00e9tails<\/a> <span class=\"button-mini-delimiter\"><\/span><\/div><\/div><\/li>\n<li class=\"product type-product post-6536 status-publish instock product_cat-gemahlen product_cat-gewuerz-mischungen has-post-thumbnail taxable shipping-taxable purchasable product-type-simple\">\n\t<div class='inner_product main_color wrapped_style noLightbox  av-product-class-'><a href=\"https:\/\/www.raffinessen.ch\/fr\/produit\/honolulu\/\" class=\"woocommerce-LoopProduct-link woocommerce-loop-product__link\"><div class=\"thumbnail_container\"><img loading=\"lazy\" decoding=\"async\" width=\"500\" height=\"500\" src=\"https:\/\/www.raffinessen.ch\/webseite\/wp-content\/uploads\/2020\/07\/honolulu-beutel-500x500.jpg\" class=\"attachment-woocommerce_thumbnail avia-product-hover\" alt=\"\" srcset=\"https:\/\/www.raffinessen.ch\/webseite\/wp-content\/uploads\/2020\/07\/honolulu-beutel-500x500.jpg 500w, https:\/\/www.raffinessen.ch\/webseite\/wp-content\/uploads\/2020\/07\/honolulu-beutel-300x300.jpg 300w, https:\/\/www.raffinessen.ch\/webseite\/wp-content\/uploads\/2020\/07\/honolulu-beutel-1030x1030.jpg 1030w, https:\/\/www.raffinessen.ch\/webseite\/wp-content\/uploads\/2020\/07\/honolulu-beutel-80x80.jpg 80w, https:\/\/www.raffinessen.ch\/webseite\/wp-content\/uploads\/2020\/07\/honolulu-beutel-768x768.jpg 768w, https:\/\/www.raffinessen.ch\/webseite\/wp-content\/uploads\/2020\/07\/honolulu-beutel-1536x1536.jpg 1536w, https:\/\/www.raffinessen.ch\/webseite\/wp-content\/uploads\/2020\/07\/honolulu-beutel-36x36.jpg 36w, https:\/\/www.raffinessen.ch\/webseite\/wp-content\/uploads\/2020\/07\/honolulu-beutel-180x180.jpg 180w, https:\/\/www.raffinessen.ch\/webseite\/wp-content\/uploads\/2020\/07\/honolulu-beutel-1500x1500.jpg 1500w, https:\/\/www.raffinessen.ch\/webseite\/wp-content\/uploads\/2020\/07\/honolulu-beutel-705x705.jpg 705w, https:\/\/www.raffinessen.ch\/webseite\/wp-content\/uploads\/2020\/07\/honolulu-beutel-100x100.jpg 100w, https:\/\/www.raffinessen.ch\/webseite\/wp-content\/uploads\/2020\/07\/honolulu-beutel-1000x1000.jpg 1000w, https:\/\/www.raffinessen.ch\/webseite\/wp-content\/uploads\/2020\/07\/honolulu-beutel.jpg 2000w\" sizes=\"auto, (max-width: 500px) 100vw, 500px\" \/><img decoding=\"async\" loading=\"lazy\" width=\"500\" height=\"500\" src=\"https:\/\/www.raffinessen.ch\/webseite\/wp-content\/uploads\/2020\/03\/hibiskus-gewuerz-kreis-raffinessen-500x500.jpg\" class=\"wp-image-5135 avia-img-lazy-loading-5135 attachment-woocommerce_thumbnail size-woocommerce_thumbnail wp-post-image\" alt=\"\" srcset=\"https:\/\/www.raffinessen.ch\/webseite\/wp-content\/uploads\/2020\/03\/hibiskus-gewuerz-kreis-raffinessen-500x500.jpg 500w, https:\/\/www.raffinessen.ch\/webseite\/wp-content\/uploads\/2020\/03\/hibiskus-gewuerz-kreis-raffinessen-300x300.jpg 300w, https:\/\/www.raffinessen.ch\/webseite\/wp-content\/uploads\/2020\/03\/hibiskus-gewuerz-kreis-raffinessen-1030x1030.jpg 1030w, https:\/\/www.raffinessen.ch\/webseite\/wp-content\/uploads\/2020\/03\/hibiskus-gewuerz-kreis-raffinessen-80x80.jpg 80w, https:\/\/www.raffinessen.ch\/webseite\/wp-content\/uploads\/2020\/03\/hibiskus-gewuerz-kreis-raffinessen-768x768.jpg 768w, https:\/\/www.raffinessen.ch\/webseite\/wp-content\/uploads\/2020\/03\/hibiskus-gewuerz-kreis-raffinessen-1536x1536.jpg 1536w, https:\/\/www.raffinessen.ch\/webseite\/wp-content\/uploads\/2020\/03\/hibiskus-gewuerz-kreis-raffinessen-2048x2048.jpg 2048w, https:\/\/www.raffinessen.ch\/webseite\/wp-content\/uploads\/2020\/03\/hibiskus-gewuerz-kreis-raffinessen-36x36.jpg 36w, https:\/\/www.raffinessen.ch\/webseite\/wp-content\/uploads\/2020\/03\/hibiskus-gewuerz-kreis-raffinessen-180x180.jpg 180w, https:\/\/www.raffinessen.ch\/webseite\/wp-content\/uploads\/2020\/03\/hibiskus-gewuerz-kreis-raffinessen-1500x1500.jpg 1500w, https:\/\/www.raffinessen.ch\/webseite\/wp-content\/uploads\/2020\/03\/hibiskus-gewuerz-kreis-raffinessen-705x705.jpg 705w, https:\/\/www.raffinessen.ch\/webseite\/wp-content\/uploads\/2020\/03\/hibiskus-gewuerz-kreis-raffinessen-100x100.jpg 100w, https:\/\/www.raffinessen.ch\/webseite\/wp-content\/uploads\/2020\/03\/hibiskus-gewuerz-kreis-raffinessen-1000x1000.jpg 1000w\" sizes=\"auto, (max-width: 500px) 100vw, 500px\" \/><span class=\"cart-loading\"><\/span><\/div><div class='inner_product_header'><div class='avia-arrow'><\/div><div class='inner_product_header_table'><div class='inner_product_header_cell'><h2 class=\"woocommerce-loop-product__title\">Honolulu (pr\u00e9c\u00e9demment Hibiskus)<\/h2>\n\t<span class=\"price\"><span class=\"woocommerce-Price-amount amount\"><bdi><span class=\"woocommerce-Price-currencySymbol\">&#67;&#72;&#70;<\/span>&nbsp;6.00<\/bdi><\/span> <small class=\"woocommerce-price-suffix\">TVA incluse<\/small><\/span>\n<\/div><\/div><\/div><\/a><div class='avia_cart_buttons'><a href=\"\/fr\/wp-json\/wp\/v2\/pages\/9012?add-to-cart=6536\" aria-describedby=\"woocommerce_loop_add_to_cart_link_describedby_6536\" data-quantity=\"1\" class=\"button product_type_simple add_to_cart_button ajax_add_to_cart\" data-product_id=\"6536\" data-product_sku=\"FPO-S017-70\" aria-label=\"Ajouter au panier\u00a0: \u201cHonolulu (bisher Hibiskus)\u201d\" rel=\"nofollow\" data-success_message=\"\u00ab\u00a0Honolulu (bisher Hibiskus)\u00a0\u00bb a \u00e9t\u00e9 ajout\u00e9 \u00e0 votre panier\" role=\"button\" data-no-translation-aria-label=\"\" data-no-translation-data-success_message=\"\"><span class=\"avia-svg-icon avia-font-svg_entypo-fontello\" data-av_svg_icon='basket' data-av_iconset='svg_entypo-fontello'><svg version=\"1.1\" xmlns=\"http:\/\/www.w3.org\/2000\/svg\" width=\"29\" height=\"32\" viewbox=\"0 0 29 32\" preserveaspectratio=\"xMidYMid meet\" aria-labelledby='av-svg-title-293' aria-describedby='av-svg-desc-293' role=\"graphics-symbol\" aria-hidden=\"true\">\n<title id='av-svg-title-293'>Ajouter au panier<\/title>\n<desc id='av-svg-desc-293'>Ajouter au panier<\/desc>\n<path d=\"M4.8 27.2q0-1.28 0.96-2.24t2.24-0.96q1.344 0 2.272 0.96t0.928 2.24q0 1.344-0.928 2.272t-2.272 0.928q-1.28 0-2.24-0.928t-0.96-2.272zM20.8 27.2q0-1.28 0.96-2.24t2.24-0.96q1.344 0 2.272 0.96t0.928 2.24q0 1.344-0.928 2.272t-2.272 0.928q-1.28 0-2.24-0.928t-0.96-2.272zM10.496 19.648q-1.152 0.32-1.088 0.736t1.408 0.416h17.984v2.432q0 0.64-0.64 0.64h-20.928q-0.64 0-0.64-0.64v-2.432l-0.32-1.472-3.136-14.528h-3.136v-2.56q0-0.64 0.64-0.64h4.992q0.64 0 0.64 0.64v2.752h22.528v8.768q0 0.704-0.576 0.832z\"><\/path>\n<\/svg><\/span>  Ajouter au panier<\/a>\t<span id=\"woocommerce_loop_add_to_cart_link_describedby_6536\" class=\"screen-reader-text\">\n\t\t\t<\/span>\n<a class=\"button show_details_button\" href=\"https:\/\/www.raffinessen.ch\/fr\/produit\/honolulu\/\"><span class=\"avia-svg-icon avia-font-svg_entypo-fontello\" data-av_svg_icon='doc-text' data-av_iconset='svg_entypo-fontello'><svg version=\"1.1\" xmlns=\"http:\/\/www.w3.org\/2000\/svg\" width=\"22\" height=\"32\" viewbox=\"0 0 22 32\" preserveaspectratio=\"xMidYMid meet\" aria-labelledby='av-svg-title-294' aria-describedby='av-svg-desc-294' role=\"graphics-symbol\" aria-hidden=\"true\">\n<title id='av-svg-title-294'>Voir les d\u00e9tails<\/title>\n<desc id='av-svg-desc-294'>Voir les d\u00e9tails<\/desc>\n<path d=\"M6.784 17.344v-2.88h8.96v2.88h-8.96zM19.2 1.6q1.344 0 2.272 0.928t0.928 2.272v22.4q0 1.28-0.928 2.24t-2.272 0.96h-16q-1.28 0-2.24-0.96t-0.96-2.24v-22.4q0-1.344 0.96-2.272t2.24-0.928h16zM19.2 27.2v-22.4h-16v22.4h16zM15.68 8.256v2.816h-8.96v-2.816h8.96zM15.68 20.8v2.816h-8.96v-2.816h8.96z\"><\/path>\n<\/svg><\/span>  Voir les d\u00e9tails<\/a> <span class=\"button-mini-delimiter\"><\/span><\/div><\/div><\/li>\n<li class=\"product type-product post-6565 status-publish instock product_cat-gemahlen product_cat-gewuerz-mischungen has-post-thumbnail taxable shipping-taxable purchasable product-type-simple\">\n\t<div class='inner_product main_color wrapped_style noLightbox  av-product-class-'><a href=\"https:\/\/www.raffinessen.ch\/fr\/produit\/kapstadt\/\" class=\"woocommerce-LoopProduct-link woocommerce-loop-product__link\"><div class=\"thumbnail_container\"><img loading=\"lazy\" decoding=\"async\" width=\"500\" height=\"500\" src=\"https:\/\/www.raffinessen.ch\/webseite\/wp-content\/uploads\/2020\/07\/kapstadt-beutel-500x500.jpg\" class=\"attachment-woocommerce_thumbnail avia-product-hover\" alt=\"\" srcset=\"https:\/\/www.raffinessen.ch\/webseite\/wp-content\/uploads\/2020\/07\/kapstadt-beutel-500x500.jpg 500w, https:\/\/www.raffinessen.ch\/webseite\/wp-content\/uploads\/2020\/07\/kapstadt-beutel-300x300.jpg 300w, https:\/\/www.raffinessen.ch\/webseite\/wp-content\/uploads\/2020\/07\/kapstadt-beutel-1030x1030.jpg 1030w, https:\/\/www.raffinessen.ch\/webseite\/wp-content\/uploads\/2020\/07\/kapstadt-beutel-80x80.jpg 80w, https:\/\/www.raffinessen.ch\/webseite\/wp-content\/uploads\/2020\/07\/kapstadt-beutel-768x768.jpg 768w, https:\/\/www.raffinessen.ch\/webseite\/wp-content\/uploads\/2020\/07\/kapstadt-beutel-1536x1536.jpg 1536w, https:\/\/www.raffinessen.ch\/webseite\/wp-content\/uploads\/2020\/07\/kapstadt-beutel-36x36.jpg 36w, https:\/\/www.raffinessen.ch\/webseite\/wp-content\/uploads\/2020\/07\/kapstadt-beutel-180x180.jpg 180w, https:\/\/www.raffinessen.ch\/webseite\/wp-content\/uploads\/2020\/07\/kapstadt-beutel-1500x1500.jpg 1500w, https:\/\/www.raffinessen.ch\/webseite\/wp-content\/uploads\/2020\/07\/kapstadt-beutel-705x705.jpg 705w, https:\/\/www.raffinessen.ch\/webseite\/wp-content\/uploads\/2020\/07\/kapstadt-beutel-100x100.jpg 100w, https:\/\/www.raffinessen.ch\/webseite\/wp-content\/uploads\/2020\/07\/kapstadt-beutel-1000x1000.jpg 1000w, https:\/\/www.raffinessen.ch\/webseite\/wp-content\/uploads\/2020\/07\/kapstadt-beutel.jpg 2000w\" sizes=\"auto, (max-width: 500px) 100vw, 500px\" \/><img decoding=\"async\" loading=\"lazy\" width=\"500\" height=\"500\" src=\"https:\/\/www.raffinessen.ch\/webseite\/wp-content\/uploads\/2020\/07\/Kapstadt_2500x2500-500x500.jpg\" class=\"wp-image-6857 avia-img-lazy-loading-6857 attachment-woocommerce_thumbnail size-woocommerce_thumbnail wp-post-image\" alt=\"\" srcset=\"https:\/\/www.raffinessen.ch\/webseite\/wp-content\/uploads\/2020\/07\/Kapstadt_2500x2500-500x500.jpg 500w, https:\/\/www.raffinessen.ch\/webseite\/wp-content\/uploads\/2020\/07\/Kapstadt_2500x2500-300x300.jpg 300w, https:\/\/www.raffinessen.ch\/webseite\/wp-content\/uploads\/2020\/07\/Kapstadt_2500x2500-1030x1030.jpg 1030w, https:\/\/www.raffinessen.ch\/webseite\/wp-content\/uploads\/2020\/07\/Kapstadt_2500x2500-80x80.jpg 80w, https:\/\/www.raffinessen.ch\/webseite\/wp-content\/uploads\/2020\/07\/Kapstadt_2500x2500-768x768.jpg 768w, https:\/\/www.raffinessen.ch\/webseite\/wp-content\/uploads\/2020\/07\/Kapstadt_2500x2500-1536x1536.jpg 1536w, https:\/\/www.raffinessen.ch\/webseite\/wp-content\/uploads\/2020\/07\/Kapstadt_2500x2500-2048x2048.jpg 2048w, https:\/\/www.raffinessen.ch\/webseite\/wp-content\/uploads\/2020\/07\/Kapstadt_2500x2500-36x36.jpg 36w, https:\/\/www.raffinessen.ch\/webseite\/wp-content\/uploads\/2020\/07\/Kapstadt_2500x2500-180x180.jpg 180w, https:\/\/www.raffinessen.ch\/webseite\/wp-content\/uploads\/2020\/07\/Kapstadt_2500x2500-1500x1500.jpg 1500w, https:\/\/www.raffinessen.ch\/webseite\/wp-content\/uploads\/2020\/07\/Kapstadt_2500x2500-705x705.jpg 705w, https:\/\/www.raffinessen.ch\/webseite\/wp-content\/uploads\/2020\/07\/Kapstadt_2500x2500-100x100.jpg 100w, https:\/\/www.raffinessen.ch\/webseite\/wp-content\/uploads\/2020\/07\/Kapstadt_2500x2500-1000x1000.jpg 1000w\" sizes=\"auto, (max-width: 500px) 100vw, 500px\" \/><span class=\"cart-loading\"><\/span><\/div><div class='inner_product_header'><div class='avia-arrow'><\/div><div class='inner_product_header_table'><div class='inner_product_header_cell'><h2 class=\"woocommerce-loop-product__title\">Le Cap (Curry)<\/h2>\n\t<span class=\"price\"><span class=\"woocommerce-Price-amount amount\"><bdi><span class=\"woocommerce-Price-currencySymbol\">&#67;&#72;&#70;<\/span>&nbsp;6.00<\/bdi><\/span> <small class=\"woocommerce-price-suffix\">TVA incluse<\/small><\/span>\n<\/div><\/div><\/div><\/a><div class='avia_cart_buttons'><a href=\"\/fr\/wp-json\/wp\/v2\/pages\/9012?add-to-cart=6565\" aria-describedby=\"woocommerce_loop_add_to_cart_link_describedby_6565\" data-quantity=\"1\" class=\"button product_type_simple add_to_cart_button ajax_add_to_cart\" data-product_id=\"6565\" data-product_sku=\"FPO-S043-45\" aria-label=\"Ajouter au panier\u00a0: \u201cKapstadt (Curry)\u201d\" rel=\"nofollow\" data-success_message=\"\u00ab\u00a0Kapstadt (Curry)\u00a0\u00bb a \u00e9t\u00e9 ajout\u00e9 \u00e0 votre panier\" role=\"button\" data-no-translation-aria-label=\"\" data-no-translation-data-success_message=\"\"><span class=\"avia-svg-icon avia-font-svg_entypo-fontello\" data-av_svg_icon='basket' data-av_iconset='svg_entypo-fontello'><svg version=\"1.1\" xmlns=\"http:\/\/www.w3.org\/2000\/svg\" width=\"29\" height=\"32\" viewbox=\"0 0 29 32\" preserveaspectratio=\"xMidYMid meet\" aria-labelledby='av-svg-title-295' aria-describedby='av-svg-desc-295' role=\"graphics-symbol\" aria-hidden=\"true\">\n<title id='av-svg-title-295'>Ajouter au panier<\/title>\n<desc id='av-svg-desc-295'>Ajouter au panier<\/desc>\n<path d=\"M4.8 27.2q0-1.28 0.96-2.24t2.24-0.96q1.344 0 2.272 0.96t0.928 2.24q0 1.344-0.928 2.272t-2.272 0.928q-1.28 0-2.24-0.928t-0.96-2.272zM20.8 27.2q0-1.28 0.96-2.24t2.24-0.96q1.344 0 2.272 0.96t0.928 2.24q0 1.344-0.928 2.272t-2.272 0.928q-1.28 0-2.24-0.928t-0.96-2.272zM10.496 19.648q-1.152 0.32-1.088 0.736t1.408 0.416h17.984v2.432q0 0.64-0.64 0.64h-20.928q-0.64 0-0.64-0.64v-2.432l-0.32-1.472-3.136-14.528h-3.136v-2.56q0-0.64 0.64-0.64h4.992q0.64 0 0.64 0.64v2.752h22.528v8.768q0 0.704-0.576 0.832z\"><\/path>\n<\/svg><\/span>  Ajouter au panier<\/a>\t<span id=\"woocommerce_loop_add_to_cart_link_describedby_6565\" class=\"screen-reader-text\">\n\t\t\t<\/span>\n<a class=\"button show_details_button\" href=\"https:\/\/www.raffinessen.ch\/fr\/produit\/kapstadt\/\"><span class=\"avia-svg-icon avia-font-svg_entypo-fontello\" data-av_svg_icon='doc-text' data-av_iconset='svg_entypo-fontello'><svg version=\"1.1\" xmlns=\"http:\/\/www.w3.org\/2000\/svg\" width=\"22\" height=\"32\" viewbox=\"0 0 22 32\" preserveaspectratio=\"xMidYMid meet\" aria-labelledby='av-svg-title-296' aria-describedby='av-svg-desc-296' role=\"graphics-symbol\" aria-hidden=\"true\">\n<title id='av-svg-title-296'>Voir les d\u00e9tails<\/title>\n<desc id='av-svg-desc-296'>Voir les d\u00e9tails<\/desc>\n<path d=\"M6.784 17.344v-2.88h8.96v2.88h-8.96zM19.2 1.6q1.344 0 2.272 0.928t0.928 2.272v22.4q0 1.28-0.928 2.24t-2.272 0.96h-16q-1.28 0-2.24-0.96t-0.96-2.24v-22.4q0-1.344 0.96-2.272t2.24-0.928h16zM19.2 27.2v-22.4h-16v22.4h16zM15.68 8.256v2.816h-8.96v-2.816h8.96zM15.68 20.8v2.816h-8.96v-2.816h8.96z\"><\/path>\n<\/svg><\/span>  Voir les d\u00e9tails<\/a> <span class=\"button-mini-delimiter\"><\/span><\/div><\/div><\/li>\n<li class=\"product type-product post-6559 status-publish last instock product_cat-gemahlen product_cat-gewuerz-mischungen has-post-thumbnail taxable shipping-taxable purchasable product-type-simple\">\n\t<div class='inner_product main_color wrapped_style noLightbox  av-product-class-'><a href=\"https:\/\/www.raffinessen.ch\/fr\/produit\/mareeba\/\" class=\"woocommerce-LoopProduct-link woocommerce-loop-product__link\"><div class=\"thumbnail_container\"><img loading=\"lazy\" decoding=\"async\" width=\"500\" height=\"500\" src=\"https:\/\/www.raffinessen.ch\/webseite\/wp-content\/uploads\/2020\/07\/mareeba-beutel-500x500.jpg\" class=\"attachment-woocommerce_thumbnail avia-product-hover\" alt=\"\" srcset=\"https:\/\/www.raffinessen.ch\/webseite\/wp-content\/uploads\/2020\/07\/mareeba-beutel-500x500.jpg 500w, https:\/\/www.raffinessen.ch\/webseite\/wp-content\/uploads\/2020\/07\/mareeba-beutel-300x300.jpg 300w, https:\/\/www.raffinessen.ch\/webseite\/wp-content\/uploads\/2020\/07\/mareeba-beutel-1030x1030.jpg 1030w, https:\/\/www.raffinessen.ch\/webseite\/wp-content\/uploads\/2020\/07\/mareeba-beutel-80x80.jpg 80w, https:\/\/www.raffinessen.ch\/webseite\/wp-content\/uploads\/2020\/07\/mareeba-beutel-768x768.jpg 768w, https:\/\/www.raffinessen.ch\/webseite\/wp-content\/uploads\/2020\/07\/mareeba-beutel-1536x1536.jpg 1536w, https:\/\/www.raffinessen.ch\/webseite\/wp-content\/uploads\/2020\/07\/mareeba-beutel-36x36.jpg 36w, https:\/\/www.raffinessen.ch\/webseite\/wp-content\/uploads\/2020\/07\/mareeba-beutel-180x180.jpg 180w, https:\/\/www.raffinessen.ch\/webseite\/wp-content\/uploads\/2020\/07\/mareeba-beutel-1500x1500.jpg 1500w, https:\/\/www.raffinessen.ch\/webseite\/wp-content\/uploads\/2020\/07\/mareeba-beutel-705x705.jpg 705w, https:\/\/www.raffinessen.ch\/webseite\/wp-content\/uploads\/2020\/07\/mareeba-beutel-100x100.jpg 100w, https:\/\/www.raffinessen.ch\/webseite\/wp-content\/uploads\/2020\/07\/mareeba-beutel-1000x1000.jpg 1000w, https:\/\/www.raffinessen.ch\/webseite\/wp-content\/uploads\/2020\/07\/mareeba-beutel.jpg 2000w\" sizes=\"auto, (max-width: 500px) 100vw, 500px\" \/><img decoding=\"async\" loading=\"lazy\" width=\"500\" height=\"500\" src=\"https:\/\/www.raffinessen.ch\/webseite\/wp-content\/uploads\/2020\/03\/zitronen-pfeffer-gewuerz-kreis-raffinessen-500x500.jpg\" class=\"wp-image-5147 avia-img-lazy-loading-5147 attachment-woocommerce_thumbnail size-woocommerce_thumbnail wp-post-image\" alt=\"\" srcset=\"https:\/\/www.raffinessen.ch\/webseite\/wp-content\/uploads\/2020\/03\/zitronen-pfeffer-gewuerz-kreis-raffinessen-500x500.jpg 500w, https:\/\/www.raffinessen.ch\/webseite\/wp-content\/uploads\/2020\/03\/zitronen-pfeffer-gewuerz-kreis-raffinessen-300x300.jpg 300w, https:\/\/www.raffinessen.ch\/webseite\/wp-content\/uploads\/2020\/03\/zitronen-pfeffer-gewuerz-kreis-raffinessen-1030x1030.jpg 1030w, https:\/\/www.raffinessen.ch\/webseite\/wp-content\/uploads\/2020\/03\/zitronen-pfeffer-gewuerz-kreis-raffinessen-80x80.jpg 80w, https:\/\/www.raffinessen.ch\/webseite\/wp-content\/uploads\/2020\/03\/zitronen-pfeffer-gewuerz-kreis-raffinessen-768x768.jpg 768w, https:\/\/www.raffinessen.ch\/webseite\/wp-content\/uploads\/2020\/03\/zitronen-pfeffer-gewuerz-kreis-raffinessen-1536x1536.jpg 1536w, https:\/\/www.raffinessen.ch\/webseite\/wp-content\/uploads\/2020\/03\/zitronen-pfeffer-gewuerz-kreis-raffinessen-2048x2048.jpg 2048w, https:\/\/www.raffinessen.ch\/webseite\/wp-content\/uploads\/2020\/03\/zitronen-pfeffer-gewuerz-kreis-raffinessen-36x36.jpg 36w, https:\/\/www.raffinessen.ch\/webseite\/wp-content\/uploads\/2020\/03\/zitronen-pfeffer-gewuerz-kreis-raffinessen-180x180.jpg 180w, https:\/\/www.raffinessen.ch\/webseite\/wp-content\/uploads\/2020\/03\/zitronen-pfeffer-gewuerz-kreis-raffinessen-1500x1500.jpg 1500w, https:\/\/www.raffinessen.ch\/webseite\/wp-content\/uploads\/2020\/03\/zitronen-pfeffer-gewuerz-kreis-raffinessen-705x705.jpg 705w, https:\/\/www.raffinessen.ch\/webseite\/wp-content\/uploads\/2020\/03\/zitronen-pfeffer-gewuerz-kreis-raffinessen-100x100.jpg 100w, https:\/\/www.raffinessen.ch\/webseite\/wp-content\/uploads\/2020\/03\/zitronen-pfeffer-gewuerz-kreis-raffinessen-1000x1000.jpg 1000w\" sizes=\"auto, (max-width: 500px) 100vw, 500px\" \/><span class=\"cart-loading\"><\/span><\/div><div class='inner_product_header'><div class='avia-arrow'><\/div><div class='inner_product_header_table'><div class='inner_product_header_cell'><h2 class=\"woocommerce-loop-product__title\">Mareeba (jusqu'\u00e0 pr\u00e9sent poivre au citron)<\/h2>\n\t<span class=\"price\"><span class=\"woocommerce-Price-amount amount\"><bdi><span class=\"woocommerce-Price-currencySymbol\">&#67;&#72;&#70;<\/span>&nbsp;6.00<\/bdi><\/span> <small class=\"woocommerce-price-suffix\">TVA incluse<\/small><\/span>\n<\/div><\/div><\/div><\/a><div class='avia_cart_buttons'><a href=\"\/fr\/wp-json\/wp\/v2\/pages\/9012?add-to-cart=6559\" aria-describedby=\"woocommerce_loop_add_to_cart_link_describedby_6559\" data-quantity=\"1\" class=\"button product_type_simple add_to_cart_button ajax_add_to_cart\" data-product_id=\"6559\" data-product_sku=\"FPO-S034-60\" aria-label=\"Ajouter au panier\u00a0: \u201cMareeba (bisher Zitronen Pfeffer)\u201d\" rel=\"nofollow\" data-success_message=\"\u00ab\u00a0Mareeba (bisher Zitronen Pfeffer)\u00a0\u00bb a \u00e9t\u00e9 ajout\u00e9 \u00e0 votre panier\" role=\"button\" data-no-translation-aria-label=\"\" data-no-translation-data-success_message=\"\"><span class=\"avia-svg-icon avia-font-svg_entypo-fontello\" data-av_svg_icon='basket' data-av_iconset='svg_entypo-fontello'><svg version=\"1.1\" xmlns=\"http:\/\/www.w3.org\/2000\/svg\" width=\"29\" height=\"32\" viewbox=\"0 0 29 32\" preserveaspectratio=\"xMidYMid meet\" aria-labelledby='av-svg-title-297' aria-describedby='av-svg-desc-297' role=\"graphics-symbol\" aria-hidden=\"true\">\n<title id='av-svg-title-297'>Ajouter au panier<\/title>\n<desc id='av-svg-desc-297'>Ajouter au panier<\/desc>\n<path d=\"M4.8 27.2q0-1.28 0.96-2.24t2.24-0.96q1.344 0 2.272 0.96t0.928 2.24q0 1.344-0.928 2.272t-2.272 0.928q-1.28 0-2.24-0.928t-0.96-2.272zM20.8 27.2q0-1.28 0.96-2.24t2.24-0.96q1.344 0 2.272 0.96t0.928 2.24q0 1.344-0.928 2.272t-2.272 0.928q-1.28 0-2.24-0.928t-0.96-2.272zM10.496 19.648q-1.152 0.32-1.088 0.736t1.408 0.416h17.984v2.432q0 0.64-0.64 0.64h-20.928q-0.64 0-0.64-0.64v-2.432l-0.32-1.472-3.136-14.528h-3.136v-2.56q0-0.64 0.64-0.64h4.992q0.64 0 0.64 0.64v2.752h22.528v8.768q0 0.704-0.576 0.832z\"><\/path>\n<\/svg><\/span>  Ajouter au panier<\/a>\t<span id=\"woocommerce_loop_add_to_cart_link_describedby_6559\" class=\"screen-reader-text\">\n\t\t\t<\/span>\n<a class=\"button show_details_button\" href=\"https:\/\/www.raffinessen.ch\/fr\/produit\/mareeba\/\"><span class=\"avia-svg-icon avia-font-svg_entypo-fontello\" data-av_svg_icon='doc-text' data-av_iconset='svg_entypo-fontello'><svg version=\"1.1\" xmlns=\"http:\/\/www.w3.org\/2000\/svg\" width=\"22\" height=\"32\" viewbox=\"0 0 22 32\" preserveaspectratio=\"xMidYMid meet\" aria-labelledby='av-svg-title-298' aria-describedby='av-svg-desc-298' role=\"graphics-symbol\" aria-hidden=\"true\">\n<title id='av-svg-title-298'>Voir les d\u00e9tails<\/title>\n<desc id='av-svg-desc-298'>Voir les d\u00e9tails<\/desc>\n<path d=\"M6.784 17.344v-2.88h8.96v2.88h-8.96zM19.2 1.6q1.344 0 2.272 0.928t0.928 2.272v22.4q0 1.28-0.928 2.24t-2.272 0.96h-16q-1.28 0-2.24-0.96t-0.96-2.24v-22.4q0-1.344 0.96-2.272t2.24-0.928h16zM19.2 27.2v-22.4h-16v22.4h16zM15.68 8.256v2.816h-8.96v-2.816h8.96zM15.68 20.8v2.816h-8.96v-2.816h8.96z\"><\/path>\n<\/svg><\/span>  Voir les d\u00e9tails<\/a> <span class=\"button-mini-delimiter\"><\/span><\/div><\/div><\/li>\n<li class=\"product type-product post-6540 status-publish first instock product_cat-gemahlen product_cat-gewuerz-mischungen has-post-thumbnail taxable shipping-taxable purchasable product-type-simple\">\n\t<div class='inner_product main_color wrapped_style noLightbox  av-product-class-'><a href=\"https:\/\/www.raffinessen.ch\/fr\/produit\/narbonne\/\" class=\"woocommerce-LoopProduct-link woocommerce-loop-product__link\"><div class=\"thumbnail_container\"><img loading=\"lazy\" decoding=\"async\" width=\"500\" height=\"500\" src=\"https:\/\/www.raffinessen.ch\/webseite\/wp-content\/uploads\/2020\/07\/narbonne-beutel-500x500.jpg\" class=\"attachment-woocommerce_thumbnail avia-product-hover\" alt=\"\" srcset=\"https:\/\/www.raffinessen.ch\/webseite\/wp-content\/uploads\/2020\/07\/narbonne-beutel-500x500.jpg 500w, https:\/\/www.raffinessen.ch\/webseite\/wp-content\/uploads\/2020\/07\/narbonne-beutel-300x300.jpg 300w, https:\/\/www.raffinessen.ch\/webseite\/wp-content\/uploads\/2020\/07\/narbonne-beutel-1030x1030.jpg 1030w, https:\/\/www.raffinessen.ch\/webseite\/wp-content\/uploads\/2020\/07\/narbonne-beutel-80x80.jpg 80w, https:\/\/www.raffinessen.ch\/webseite\/wp-content\/uploads\/2020\/07\/narbonne-beutel-768x768.jpg 768w, https:\/\/www.raffinessen.ch\/webseite\/wp-content\/uploads\/2020\/07\/narbonne-beutel-1536x1536.jpg 1536w, https:\/\/www.raffinessen.ch\/webseite\/wp-content\/uploads\/2020\/07\/narbonne-beutel-36x36.jpg 36w, https:\/\/www.raffinessen.ch\/webseite\/wp-content\/uploads\/2020\/07\/narbonne-beutel-180x180.jpg 180w, https:\/\/www.raffinessen.ch\/webseite\/wp-content\/uploads\/2020\/07\/narbonne-beutel-1500x1500.jpg 1500w, https:\/\/www.raffinessen.ch\/webseite\/wp-content\/uploads\/2020\/07\/narbonne-beutel-705x705.jpg 705w, https:\/\/www.raffinessen.ch\/webseite\/wp-content\/uploads\/2020\/07\/narbonne-beutel-100x100.jpg 100w, https:\/\/www.raffinessen.ch\/webseite\/wp-content\/uploads\/2020\/07\/narbonne-beutel-1000x1000.jpg 1000w, https:\/\/www.raffinessen.ch\/webseite\/wp-content\/uploads\/2020\/07\/narbonne-beutel.jpg 2000w\" sizes=\"auto, (max-width: 500px) 100vw, 500px\" \/><img decoding=\"async\" loading=\"lazy\" width=\"500\" height=\"500\" src=\"https:\/\/www.raffinessen.ch\/webseite\/wp-content\/uploads\/2020\/03\/narbonne-gewuerz-kreis-raffinessen-500x500.jpg\" class=\"wp-image-5136 avia-img-lazy-loading-5136 attachment-woocommerce_thumbnail size-woocommerce_thumbnail wp-post-image\" alt=\"\" srcset=\"https:\/\/www.raffinessen.ch\/webseite\/wp-content\/uploads\/2020\/03\/narbonne-gewuerz-kreis-raffinessen-500x500.jpg 500w, https:\/\/www.raffinessen.ch\/webseite\/wp-content\/uploads\/2020\/03\/narbonne-gewuerz-kreis-raffinessen-300x300.jpg 300w, https:\/\/www.raffinessen.ch\/webseite\/wp-content\/uploads\/2020\/03\/narbonne-gewuerz-kreis-raffinessen-1030x1030.jpg 1030w, https:\/\/www.raffinessen.ch\/webseite\/wp-content\/uploads\/2020\/03\/narbonne-gewuerz-kreis-raffinessen-80x80.jpg 80w, https:\/\/www.raffinessen.ch\/webseite\/wp-content\/uploads\/2020\/03\/narbonne-gewuerz-kreis-raffinessen-768x768.jpg 768w, https:\/\/www.raffinessen.ch\/webseite\/wp-content\/uploads\/2020\/03\/narbonne-gewuerz-kreis-raffinessen-1536x1536.jpg 1536w, https:\/\/www.raffinessen.ch\/webseite\/wp-content\/uploads\/2020\/03\/narbonne-gewuerz-kreis-raffinessen-2048x2048.jpg 2048w, https:\/\/www.raffinessen.ch\/webseite\/wp-content\/uploads\/2020\/03\/narbonne-gewuerz-kreis-raffinessen-36x36.jpg 36w, https:\/\/www.raffinessen.ch\/webseite\/wp-content\/uploads\/2020\/03\/narbonne-gewuerz-kreis-raffinessen-180x180.jpg 180w, https:\/\/www.raffinessen.ch\/webseite\/wp-content\/uploads\/2020\/03\/narbonne-gewuerz-kreis-raffinessen-1500x1500.jpg 1500w, https:\/\/www.raffinessen.ch\/webseite\/wp-content\/uploads\/2020\/03\/narbonne-gewuerz-kreis-raffinessen-705x705.jpg 705w, https:\/\/www.raffinessen.ch\/webseite\/wp-content\/uploads\/2020\/03\/narbonne-gewuerz-kreis-raffinessen-100x100.jpg 100w, https:\/\/www.raffinessen.ch\/webseite\/wp-content\/uploads\/2020\/03\/narbonne-gewuerz-kreis-raffinessen-1000x1000.jpg 1000w\" sizes=\"auto, (max-width: 500px) 100vw, 500px\" \/><span class=\"cart-loading\"><\/span><\/div><div class='inner_product_header'><div class='avia-arrow'><\/div><div class='inner_product_header_table'><div class='inner_product_header_cell'><h2 class=\"woocommerce-loop-product__title\">Narbonne<\/h2>\n\t<span class=\"price\"><span class=\"woocommerce-Price-amount amount\"><bdi><span class=\"woocommerce-Price-currencySymbol\">&#67;&#72;&#70;<\/span>&nbsp;6.00<\/bdi><\/span> <small class=\"woocommerce-price-suffix\">TVA incluse<\/small><\/span>\n<\/div><\/div><\/div><\/a><div class='avia_cart_buttons'><a href=\"\/fr\/wp-json\/wp\/v2\/pages\/9012?add-to-cart=6540\" aria-describedby=\"woocommerce_loop_add_to_cart_link_describedby_6540\" data-quantity=\"1\" class=\"button product_type_simple add_to_cart_button ajax_add_to_cart\" data-product_id=\"6540\" data-product_sku=\"FPO-S018-95\" aria-label=\"Ajouter au panier\u00a0: \u201cNarbonne\u201d\" rel=\"nofollow\" data-success_message=\"\u00ab\u00a0Narbonne\u00a0\u00bb a \u00e9t\u00e9 ajout\u00e9 \u00e0 votre panier\" role=\"button\" data-no-translation-aria-label=\"\" data-no-translation-data-success_message=\"\"><span class=\"avia-svg-icon avia-font-svg_entypo-fontello\" data-av_svg_icon='basket' data-av_iconset='svg_entypo-fontello'><svg version=\"1.1\" xmlns=\"http:\/\/www.w3.org\/2000\/svg\" width=\"29\" height=\"32\" viewbox=\"0 0 29 32\" preserveaspectratio=\"xMidYMid meet\" aria-labelledby='av-svg-title-299' aria-describedby='av-svg-desc-299' role=\"graphics-symbol\" aria-hidden=\"true\">\n<title id='av-svg-title-299'>Ajouter au panier<\/title>\n<desc id='av-svg-desc-299'>Ajouter au panier<\/desc>\n<path d=\"M4.8 27.2q0-1.28 0.96-2.24t2.24-0.96q1.344 0 2.272 0.96t0.928 2.24q0 1.344-0.928 2.272t-2.272 0.928q-1.28 0-2.24-0.928t-0.96-2.272zM20.8 27.2q0-1.28 0.96-2.24t2.24-0.96q1.344 0 2.272 0.96t0.928 2.24q0 1.344-0.928 2.272t-2.272 0.928q-1.28 0-2.24-0.928t-0.96-2.272zM10.496 19.648q-1.152 0.32-1.088 0.736t1.408 0.416h17.984v2.432q0 0.64-0.64 0.64h-20.928q-0.64 0-0.64-0.64v-2.432l-0.32-1.472-3.136-14.528h-3.136v-2.56q0-0.64 0.64-0.64h4.992q0.64 0 0.64 0.64v2.752h22.528v8.768q0 0.704-0.576 0.832z\"><\/path>\n<\/svg><\/span>  Ajouter au panier<\/a>\t<span id=\"woocommerce_loop_add_to_cart_link_describedby_6540\" class=\"screen-reader-text\">\n\t\t\t<\/span>\n<a class=\"button show_details_button\" href=\"https:\/\/www.raffinessen.ch\/fr\/produit\/narbonne\/\"><span class=\"avia-svg-icon avia-font-svg_entypo-fontello\" data-av_svg_icon='doc-text' data-av_iconset='svg_entypo-fontello'><svg version=\"1.1\" xmlns=\"http:\/\/www.w3.org\/2000\/svg\" width=\"22\" height=\"32\" viewbox=\"0 0 22 32\" preserveaspectratio=\"xMidYMid meet\" aria-labelledby='av-svg-title-300' aria-describedby='av-svg-desc-300' role=\"graphics-symbol\" aria-hidden=\"true\">\n<title id='av-svg-title-300'>Voir les d\u00e9tails<\/title>\n<desc id='av-svg-desc-300'>Voir les d\u00e9tails<\/desc>\n<path d=\"M6.784 17.344v-2.88h8.96v2.88h-8.96zM19.2 1.6q1.344 0 2.272 0.928t0.928 2.272v22.4q0 1.28-0.928 2.24t-2.272 0.96h-16q-1.28 0-2.24-0.96t-0.96-2.24v-22.4q0-1.344 0.96-2.272t2.24-0.928h16zM19.2 27.2v-22.4h-16v22.4h16zM15.68 8.256v2.816h-8.96v-2.816h8.96zM15.68 20.8v2.816h-8.96v-2.816h8.96z\"><\/path>\n<\/svg><\/span>  Voir les d\u00e9tails<\/a> <span class=\"button-mini-delimiter\"><\/span><\/div><\/div><\/li>\n<li class=\"product type-product post-6524 status-publish instock product_cat-gemahlen product_cat-gewuerz-mischungen has-post-thumbnail taxable shipping-taxable purchasable product-type-simple\">\n\t<div class='inner_product main_color wrapped_style noLightbox  av-product-class-'><a href=\"https:\/\/www.raffinessen.ch\/fr\/produit\/new-orleans\/\" class=\"woocommerce-LoopProduct-link woocommerce-loop-product__link\"><div class=\"thumbnail_container\"><img loading=\"lazy\" decoding=\"async\" width=\"500\" height=\"500\" src=\"https:\/\/www.raffinessen.ch\/webseite\/wp-content\/uploads\/2020\/07\/new-orleans-beutel-500x500.jpg\" class=\"attachment-woocommerce_thumbnail avia-product-hover\" alt=\"\" srcset=\"https:\/\/www.raffinessen.ch\/webseite\/wp-content\/uploads\/2020\/07\/new-orleans-beutel-500x500.jpg 500w, https:\/\/www.raffinessen.ch\/webseite\/wp-content\/uploads\/2020\/07\/new-orleans-beutel-300x300.jpg 300w, https:\/\/www.raffinessen.ch\/webseite\/wp-content\/uploads\/2020\/07\/new-orleans-beutel-1030x1030.jpg 1030w, https:\/\/www.raffinessen.ch\/webseite\/wp-content\/uploads\/2020\/07\/new-orleans-beutel-80x80.jpg 80w, https:\/\/www.raffinessen.ch\/webseite\/wp-content\/uploads\/2020\/07\/new-orleans-beutel-768x768.jpg 768w, https:\/\/www.raffinessen.ch\/webseite\/wp-content\/uploads\/2020\/07\/new-orleans-beutel-1536x1536.jpg 1536w, https:\/\/www.raffinessen.ch\/webseite\/wp-content\/uploads\/2020\/07\/new-orleans-beutel-36x36.jpg 36w, https:\/\/www.raffinessen.ch\/webseite\/wp-content\/uploads\/2020\/07\/new-orleans-beutel-180x180.jpg 180w, https:\/\/www.raffinessen.ch\/webseite\/wp-content\/uploads\/2020\/07\/new-orleans-beutel-1500x1500.jpg 1500w, https:\/\/www.raffinessen.ch\/webseite\/wp-content\/uploads\/2020\/07\/new-orleans-beutel-705x705.jpg 705w, https:\/\/www.raffinessen.ch\/webseite\/wp-content\/uploads\/2020\/07\/new-orleans-beutel-100x100.jpg 100w, https:\/\/www.raffinessen.ch\/webseite\/wp-content\/uploads\/2020\/07\/new-orleans-beutel-1000x1000.jpg 1000w, https:\/\/www.raffinessen.ch\/webseite\/wp-content\/uploads\/2020\/07\/new-orleans-beutel.jpg 2000w\" sizes=\"auto, (max-width: 500px) 100vw, 500px\" \/><img decoding=\"async\" loading=\"lazy\" width=\"500\" height=\"500\" src=\"https:\/\/www.raffinessen.ch\/webseite\/wp-content\/uploads\/2020\/03\/bbq-cajun-gewuerz-kreis-raffinessen-500x500.jpg\" class=\"wp-image-5127 avia-img-lazy-loading-5127 attachment-woocommerce_thumbnail size-woocommerce_thumbnail wp-post-image\" alt=\"\" srcset=\"https:\/\/www.raffinessen.ch\/webseite\/wp-content\/uploads\/2020\/03\/bbq-cajun-gewuerz-kreis-raffinessen-500x500.jpg 500w, https:\/\/www.raffinessen.ch\/webseite\/wp-content\/uploads\/2020\/03\/bbq-cajun-gewuerz-kreis-raffinessen-300x300.jpg 300w, https:\/\/www.raffinessen.ch\/webseite\/wp-content\/uploads\/2020\/03\/bbq-cajun-gewuerz-kreis-raffinessen-1030x1030.jpg 1030w, https:\/\/www.raffinessen.ch\/webseite\/wp-content\/uploads\/2020\/03\/bbq-cajun-gewuerz-kreis-raffinessen-80x80.jpg 80w, https:\/\/www.raffinessen.ch\/webseite\/wp-content\/uploads\/2020\/03\/bbq-cajun-gewuerz-kreis-raffinessen-768x768.jpg 768w, https:\/\/www.raffinessen.ch\/webseite\/wp-content\/uploads\/2020\/03\/bbq-cajun-gewuerz-kreis-raffinessen-1536x1536.jpg 1536w, https:\/\/www.raffinessen.ch\/webseite\/wp-content\/uploads\/2020\/03\/bbq-cajun-gewuerz-kreis-raffinessen-2048x2048.jpg 2048w, https:\/\/www.raffinessen.ch\/webseite\/wp-content\/uploads\/2020\/03\/bbq-cajun-gewuerz-kreis-raffinessen-36x36.jpg 36w, https:\/\/www.raffinessen.ch\/webseite\/wp-content\/uploads\/2020\/03\/bbq-cajun-gewuerz-kreis-raffinessen-180x180.jpg 180w, https:\/\/www.raffinessen.ch\/webseite\/wp-content\/uploads\/2020\/03\/bbq-cajun-gewuerz-kreis-raffinessen-1500x1500.jpg 1500w, https:\/\/www.raffinessen.ch\/webseite\/wp-content\/uploads\/2020\/03\/bbq-cajun-gewuerz-kreis-raffinessen-705x705.jpg 705w, https:\/\/www.raffinessen.ch\/webseite\/wp-content\/uploads\/2020\/03\/bbq-cajun-gewuerz-kreis-raffinessen-100x100.jpg 100w, https:\/\/www.raffinessen.ch\/webseite\/wp-content\/uploads\/2020\/03\/bbq-cajun-gewuerz-kreis-raffinessen-1000x1000.jpg 1000w\" sizes=\"auto, (max-width: 500px) 100vw, 500px\" \/><span class=\"cart-loading\"><\/span><\/div><div class='inner_product_header'><div class='avia-arrow'><\/div><div class='inner_product_header_table'><div class='inner_product_header_cell'><h2 class=\"woocommerce-loop-product__title\">New Orleans (pr\u00e9c\u00e9demment BBQ Cajun)<\/h2>\n\t<span class=\"price\"><span class=\"woocommerce-Price-amount amount\"><bdi><span class=\"woocommerce-Price-currencySymbol\">&#67;&#72;&#70;<\/span>&nbsp;6.00<\/bdi><\/span> <small class=\"woocommerce-price-suffix\">TVA incluse<\/small><\/span>\n<\/div><\/div><\/div><\/a><div class='avia_cart_buttons'><a href=\"\/fr\/wp-json\/wp\/v2\/pages\/9012?add-to-cart=6524\" aria-describedby=\"woocommerce_loop_add_to_cart_link_describedby_6524\" data-quantity=\"1\" class=\"button product_type_simple add_to_cart_button ajax_add_to_cart\" data-product_id=\"6524\" data-product_sku=\"FPO-S005-60\" aria-label=\"Ajouter au panier\u00a0: \u201cNew Orleans (bisher BBQ Cajun)\u201d\" rel=\"nofollow\" data-success_message=\"\u00ab\u00a0New Orleans (bisher BBQ Cajun)\u00a0\u00bb a \u00e9t\u00e9 ajout\u00e9 \u00e0 votre panier\" role=\"button\" data-no-translation-aria-label=\"\" data-no-translation-data-success_message=\"\"><span class=\"avia-svg-icon avia-font-svg_entypo-fontello\" data-av_svg_icon='basket' data-av_iconset='svg_entypo-fontello'><svg version=\"1.1\" xmlns=\"http:\/\/www.w3.org\/2000\/svg\" width=\"29\" height=\"32\" viewbox=\"0 0 29 32\" preserveaspectratio=\"xMidYMid meet\" aria-labelledby='av-svg-title-301' aria-describedby='av-svg-desc-301' role=\"graphics-symbol\" aria-hidden=\"true\">\n<title id='av-svg-title-301'>Ajouter au panier<\/title>\n<desc id='av-svg-desc-301'>Ajouter au panier<\/desc>\n<path d=\"M4.8 27.2q0-1.28 0.96-2.24t2.24-0.96q1.344 0 2.272 0.96t0.928 2.24q0 1.344-0.928 2.272t-2.272 0.928q-1.28 0-2.24-0.928t-0.96-2.272zM20.8 27.2q0-1.28 0.96-2.24t2.24-0.96q1.344 0 2.272 0.96t0.928 2.24q0 1.344-0.928 2.272t-2.272 0.928q-1.28 0-2.24-0.928t-0.96-2.272zM10.496 19.648q-1.152 0.32-1.088 0.736t1.408 0.416h17.984v2.432q0 0.64-0.64 0.64h-20.928q-0.64 0-0.64-0.64v-2.432l-0.32-1.472-3.136-14.528h-3.136v-2.56q0-0.64 0.64-0.64h4.992q0.64 0 0.64 0.64v2.752h22.528v8.768q0 0.704-0.576 0.832z\"><\/path>\n<\/svg><\/span>  Ajouter au panier<\/a>\t<span id=\"woocommerce_loop_add_to_cart_link_describedby_6524\" class=\"screen-reader-text\">\n\t\t\t<\/span>\n<a class=\"button show_details_button\" href=\"https:\/\/www.raffinessen.ch\/fr\/produit\/new-orleans\/\"><span class=\"avia-svg-icon avia-font-svg_entypo-fontello\" data-av_svg_icon='doc-text' data-av_iconset='svg_entypo-fontello'><svg version=\"1.1\" xmlns=\"http:\/\/www.w3.org\/2000\/svg\" width=\"22\" height=\"32\" viewbox=\"0 0 22 32\" preserveaspectratio=\"xMidYMid meet\" aria-labelledby='av-svg-title-302' aria-describedby='av-svg-desc-302' role=\"graphics-symbol\" aria-hidden=\"true\">\n<title id='av-svg-title-302'>Voir les d\u00e9tails<\/title>\n<desc id='av-svg-desc-302'>Voir les d\u00e9tails<\/desc>\n<path d=\"M6.784 17.344v-2.88h8.96v2.88h-8.96zM19.2 1.6q1.344 0 2.272 0.928t0.928 2.272v22.4q0 1.28-0.928 2.24t-2.272 0.96h-16q-1.28 0-2.24-0.96t-0.96-2.24v-22.4q0-1.344 0.96-2.272t2.24-0.928h16zM19.2 27.2v-22.4h-16v22.4h16zM15.68 8.256v2.816h-8.96v-2.816h8.96zM15.68 20.8v2.816h-8.96v-2.816h8.96z\"><\/path>\n<\/svg><\/span>  Voir les d\u00e9tails<\/a> <span class=\"button-mini-delimiter\"><\/span><\/div><\/div><\/li>\n<li class=\"product type-product post-6542 status-publish instock product_cat-gemahlen product_cat-gewuerz-mischungen has-post-thumbnail taxable shipping-taxable purchasable product-type-simple\">\n\t<div class='inner_product main_color wrapped_style noLightbox  av-product-class-'><a href=\"https:\/\/www.raffinessen.ch\/fr\/produit\/portofino\/\" class=\"woocommerce-LoopProduct-link woocommerce-loop-product__link\"><div class=\"thumbnail_container\"><img loading=\"lazy\" decoding=\"async\" width=\"500\" height=\"500\" src=\"https:\/\/www.raffinessen.ch\/webseite\/wp-content\/uploads\/2020\/07\/portofino-beutel-500x500.jpg\" class=\"attachment-woocommerce_thumbnail avia-product-hover\" alt=\"\" srcset=\"https:\/\/www.raffinessen.ch\/webseite\/wp-content\/uploads\/2020\/07\/portofino-beutel-500x500.jpg 500w, https:\/\/www.raffinessen.ch\/webseite\/wp-content\/uploads\/2020\/07\/portofino-beutel-300x300.jpg 300w, https:\/\/www.raffinessen.ch\/webseite\/wp-content\/uploads\/2020\/07\/portofino-beutel-1030x1030.jpg 1030w, https:\/\/www.raffinessen.ch\/webseite\/wp-content\/uploads\/2020\/07\/portofino-beutel-80x80.jpg 80w, https:\/\/www.raffinessen.ch\/webseite\/wp-content\/uploads\/2020\/07\/portofino-beutel-768x768.jpg 768w, https:\/\/www.raffinessen.ch\/webseite\/wp-content\/uploads\/2020\/07\/portofino-beutel-1536x1536.jpg 1536w, https:\/\/www.raffinessen.ch\/webseite\/wp-content\/uploads\/2020\/07\/portofino-beutel-36x36.jpg 36w, https:\/\/www.raffinessen.ch\/webseite\/wp-content\/uploads\/2020\/07\/portofino-beutel-180x180.jpg 180w, https:\/\/www.raffinessen.ch\/webseite\/wp-content\/uploads\/2020\/07\/portofino-beutel-1500x1500.jpg 1500w, https:\/\/www.raffinessen.ch\/webseite\/wp-content\/uploads\/2020\/07\/portofino-beutel-705x705.jpg 705w, https:\/\/www.raffinessen.ch\/webseite\/wp-content\/uploads\/2020\/07\/portofino-beutel-100x100.jpg 100w, https:\/\/www.raffinessen.ch\/webseite\/wp-content\/uploads\/2020\/07\/portofino-beutel-1000x1000.jpg 1000w, https:\/\/www.raffinessen.ch\/webseite\/wp-content\/uploads\/2020\/07\/portofino-beutel.jpg 2000w\" sizes=\"auto, (max-width: 500px) 100vw, 500px\" \/><img decoding=\"async\" loading=\"lazy\" width=\"500\" height=\"500\" src=\"https:\/\/www.raffinessen.ch\/webseite\/wp-content\/uploads\/2020\/03\/portofino-gewuerz-kreis-raffinessen-500x500.jpg\" class=\"wp-image-5137 avia-img-lazy-loading-5137 attachment-woocommerce_thumbnail size-woocommerce_thumbnail wp-post-image\" alt=\"\" srcset=\"https:\/\/www.raffinessen.ch\/webseite\/wp-content\/uploads\/2020\/03\/portofino-gewuerz-kreis-raffinessen-500x500.jpg 500w, https:\/\/www.raffinessen.ch\/webseite\/wp-content\/uploads\/2020\/03\/portofino-gewuerz-kreis-raffinessen-300x300.jpg 300w, https:\/\/www.raffinessen.ch\/webseite\/wp-content\/uploads\/2020\/03\/portofino-gewuerz-kreis-raffinessen-1030x1030.jpg 1030w, https:\/\/www.raffinessen.ch\/webseite\/wp-content\/uploads\/2020\/03\/portofino-gewuerz-kreis-raffinessen-80x80.jpg 80w, https:\/\/www.raffinessen.ch\/webseite\/wp-content\/uploads\/2020\/03\/portofino-gewuerz-kreis-raffinessen-768x768.jpg 768w, https:\/\/www.raffinessen.ch\/webseite\/wp-content\/uploads\/2020\/03\/portofino-gewuerz-kreis-raffinessen-1536x1536.jpg 1536w, https:\/\/www.raffinessen.ch\/webseite\/wp-content\/uploads\/2020\/03\/portofino-gewuerz-kreis-raffinessen-2048x2048.jpg 2048w, https:\/\/www.raffinessen.ch\/webseite\/wp-content\/uploads\/2020\/03\/portofino-gewuerz-kreis-raffinessen-36x36.jpg 36w, https:\/\/www.raffinessen.ch\/webseite\/wp-content\/uploads\/2020\/03\/portofino-gewuerz-kreis-raffinessen-180x180.jpg 180w, https:\/\/www.raffinessen.ch\/webseite\/wp-content\/uploads\/2020\/03\/portofino-gewuerz-kreis-raffinessen-1500x1500.jpg 1500w, https:\/\/www.raffinessen.ch\/webseite\/wp-content\/uploads\/2020\/03\/portofino-gewuerz-kreis-raffinessen-705x705.jpg 705w, https:\/\/www.raffinessen.ch\/webseite\/wp-content\/uploads\/2020\/03\/portofino-gewuerz-kreis-raffinessen-100x100.jpg 100w, https:\/\/www.raffinessen.ch\/webseite\/wp-content\/uploads\/2020\/03\/portofino-gewuerz-kreis-raffinessen-1000x1000.jpg 1000w\" sizes=\"auto, (max-width: 500px) 100vw, 500px\" \/><span class=\"cart-loading\"><\/span><\/div><div class='inner_product_header'><div class='avia-arrow'><\/div><div class='inner_product_header_table'><div class='inner_product_header_cell'><h2 class=\"woocommerce-loop-product__title\">Portofino<\/h2>\n\t<span class=\"price\"><span class=\"woocommerce-Price-amount amount\"><bdi><span class=\"woocommerce-Price-currencySymbol\">&#67;&#72;&#70;<\/span>&nbsp;6.00<\/bdi><\/span> <small class=\"woocommerce-price-suffix\">TVA incluse<\/small><\/span>\n<\/div><\/div><\/div><\/a><div class='avia_cart_buttons'><a href=\"\/fr\/wp-json\/wp\/v2\/pages\/9012?add-to-cart=6542\" aria-describedby=\"woocommerce_loop_add_to_cart_link_describedby_6542\" data-quantity=\"1\" class=\"button product_type_simple add_to_cart_button ajax_add_to_cart\" data-product_id=\"6542\" data-product_sku=\"FPO-S020-50\" aria-label=\"Ajouter au panier\u00a0: \u201cPortofino\u201d\" rel=\"nofollow\" data-success_message=\"\u00ab\u00a0Portofino\u00a0\u00bb a \u00e9t\u00e9 ajout\u00e9 \u00e0 votre panier\" role=\"button\" data-no-translation-aria-label=\"\" data-no-translation-data-success_message=\"\"><span class=\"avia-svg-icon avia-font-svg_entypo-fontello\" data-av_svg_icon='basket' data-av_iconset='svg_entypo-fontello'><svg version=\"1.1\" xmlns=\"http:\/\/www.w3.org\/2000\/svg\" width=\"29\" height=\"32\" viewbox=\"0 0 29 32\" preserveaspectratio=\"xMidYMid meet\" aria-labelledby='av-svg-title-303' aria-describedby='av-svg-desc-303' role=\"graphics-symbol\" aria-hidden=\"true\">\n<title id='av-svg-title-303'>Ajouter au panier<\/title>\n<desc id='av-svg-desc-303'>Ajouter au panier<\/desc>\n<path d=\"M4.8 27.2q0-1.28 0.96-2.24t2.24-0.96q1.344 0 2.272 0.96t0.928 2.24q0 1.344-0.928 2.272t-2.272 0.928q-1.28 0-2.24-0.928t-0.96-2.272zM20.8 27.2q0-1.28 0.96-2.24t2.24-0.96q1.344 0 2.272 0.96t0.928 2.24q0 1.344-0.928 2.272t-2.272 0.928q-1.28 0-2.24-0.928t-0.96-2.272zM10.496 19.648q-1.152 0.32-1.088 0.736t1.408 0.416h17.984v2.432q0 0.64-0.64 0.64h-20.928q-0.64 0-0.64-0.64v-2.432l-0.32-1.472-3.136-14.528h-3.136v-2.56q0-0.64 0.64-0.64h4.992q0.64 0 0.64 0.64v2.752h22.528v8.768q0 0.704-0.576 0.832z\"><\/path>\n<\/svg><\/span>  Ajouter au panier<\/a>\t<span id=\"woocommerce_loop_add_to_cart_link_describedby_6542\" class=\"screen-reader-text\">\n\t\t\t<\/span>\n<a class=\"button show_details_button\" href=\"https:\/\/www.raffinessen.ch\/fr\/produit\/portofino\/\"><span class=\"avia-svg-icon avia-font-svg_entypo-fontello\" data-av_svg_icon='doc-text' data-av_iconset='svg_entypo-fontello'><svg version=\"1.1\" xmlns=\"http:\/\/www.w3.org\/2000\/svg\" width=\"22\" height=\"32\" viewbox=\"0 0 22 32\" preserveaspectratio=\"xMidYMid meet\" aria-labelledby='av-svg-title-304' aria-describedby='av-svg-desc-304' role=\"graphics-symbol\" aria-hidden=\"true\">\n<title id='av-svg-title-304'>Voir les d\u00e9tails<\/title>\n<desc id='av-svg-desc-304'>Voir les d\u00e9tails<\/desc>\n<path d=\"M6.784 17.344v-2.88h8.96v2.88h-8.96zM19.2 1.6q1.344 0 2.272 0.928t0.928 2.272v22.4q0 1.28-0.928 2.24t-2.272 0.96h-16q-1.28 0-2.24-0.96t-0.96-2.24v-22.4q0-1.344 0.96-2.272t2.24-0.928h16zM19.2 27.2v-22.4h-16v22.4h16zM15.68 8.256v2.816h-8.96v-2.816h8.96zM15.68 20.8v2.816h-8.96v-2.816h8.96z\"><\/path>\n<\/svg><\/span>  Voir les d\u00e9tails<\/a> <span class=\"button-mini-delimiter\"><\/span><\/div><\/div><\/li>\n<li class=\"product type-product post-6544 status-publish last instock product_cat-gemahlen product_cat-gewuerz-mischungen has-post-thumbnail taxable shipping-taxable purchasable product-type-simple\">\n\t<div class='inner_product main_color wrapped_style noLightbox  av-product-class-'><a href=\"https:\/\/www.raffinessen.ch\/fr\/produit\/saloniki\/\" class=\"woocommerce-LoopProduct-link woocommerce-loop-product__link\"><div class=\"thumbnail_container\"><img loading=\"lazy\" decoding=\"async\" width=\"500\" height=\"500\" src=\"https:\/\/www.raffinessen.ch\/webseite\/wp-content\/uploads\/2020\/07\/saloniki-beutel-500x500.jpg\" class=\"attachment-woocommerce_thumbnail avia-product-hover\" alt=\"\" srcset=\"https:\/\/www.raffinessen.ch\/webseite\/wp-content\/uploads\/2020\/07\/saloniki-beutel-500x500.jpg 500w, https:\/\/www.raffinessen.ch\/webseite\/wp-content\/uploads\/2020\/07\/saloniki-beutel-300x300.jpg 300w, https:\/\/www.raffinessen.ch\/webseite\/wp-content\/uploads\/2020\/07\/saloniki-beutel-1030x1030.jpg 1030w, https:\/\/www.raffinessen.ch\/webseite\/wp-content\/uploads\/2020\/07\/saloniki-beutel-80x80.jpg 80w, https:\/\/www.raffinessen.ch\/webseite\/wp-content\/uploads\/2020\/07\/saloniki-beutel-768x768.jpg 768w, https:\/\/www.raffinessen.ch\/webseite\/wp-content\/uploads\/2020\/07\/saloniki-beutel-1536x1536.jpg 1536w, https:\/\/www.raffinessen.ch\/webseite\/wp-content\/uploads\/2020\/07\/saloniki-beutel-36x36.jpg 36w, https:\/\/www.raffinessen.ch\/webseite\/wp-content\/uploads\/2020\/07\/saloniki-beutel-180x180.jpg 180w, https:\/\/www.raffinessen.ch\/webseite\/wp-content\/uploads\/2020\/07\/saloniki-beutel-1500x1500.jpg 1500w, https:\/\/www.raffinessen.ch\/webseite\/wp-content\/uploads\/2020\/07\/saloniki-beutel-705x705.jpg 705w, https:\/\/www.raffinessen.ch\/webseite\/wp-content\/uploads\/2020\/07\/saloniki-beutel-100x100.jpg 100w, https:\/\/www.raffinessen.ch\/webseite\/wp-content\/uploads\/2020\/07\/saloniki-beutel-1000x1000.jpg 1000w, https:\/\/www.raffinessen.ch\/webseite\/wp-content\/uploads\/2020\/07\/saloniki-beutel.jpg 2000w\" sizes=\"auto, (max-width: 500px) 100vw, 500px\" \/><img decoding=\"async\" loading=\"lazy\" width=\"500\" height=\"500\" src=\"https:\/\/www.raffinessen.ch\/webseite\/wp-content\/uploads\/2020\/07\/Saloniki_1500x1500-500x500.jpg\" class=\"wp-image-17206 avia-img-lazy-loading-17206 attachment-woocommerce_thumbnail size-woocommerce_thumbnail wp-post-image\" alt=\"\" srcset=\"https:\/\/www.raffinessen.ch\/webseite\/wp-content\/uploads\/2020\/07\/Saloniki_1500x1500-500x500.jpg 500w, https:\/\/www.raffinessen.ch\/webseite\/wp-content\/uploads\/2020\/07\/Saloniki_1500x1500-300x300.jpg 300w, https:\/\/www.raffinessen.ch\/webseite\/wp-content\/uploads\/2020\/07\/Saloniki_1500x1500-1030x1030.jpg 1030w, https:\/\/www.raffinessen.ch\/webseite\/wp-content\/uploads\/2020\/07\/Saloniki_1500x1500-80x80.jpg 80w, https:\/\/www.raffinessen.ch\/webseite\/wp-content\/uploads\/2020\/07\/Saloniki_1500x1500-768x768.jpg 768w, https:\/\/www.raffinessen.ch\/webseite\/wp-content\/uploads\/2020\/07\/Saloniki_1500x1500-12x12.jpg 12w, https:\/\/www.raffinessen.ch\/webseite\/wp-content\/uploads\/2020\/07\/Saloniki_1500x1500-36x36.jpg 36w, https:\/\/www.raffinessen.ch\/webseite\/wp-content\/uploads\/2020\/07\/Saloniki_1500x1500-180x180.jpg 180w, https:\/\/www.raffinessen.ch\/webseite\/wp-content\/uploads\/2020\/07\/Saloniki_1500x1500-705x705.jpg 705w, https:\/\/www.raffinessen.ch\/webseite\/wp-content\/uploads\/2020\/07\/Saloniki_1500x1500-120x120.jpg 120w, https:\/\/www.raffinessen.ch\/webseite\/wp-content\/uploads\/2020\/07\/Saloniki_1500x1500-450x450.jpg 450w, https:\/\/www.raffinessen.ch\/webseite\/wp-content\/uploads\/2020\/07\/Saloniki_1500x1500-1000x1000.jpg 1000w, https:\/\/www.raffinessen.ch\/webseite\/wp-content\/uploads\/2020\/07\/Saloniki_1500x1500-100x100.jpg 100w, https:\/\/www.raffinessen.ch\/webseite\/wp-content\/uploads\/2020\/07\/Saloniki_1500x1500.jpg 1500w\" sizes=\"auto, (max-width: 500px) 100vw, 500px\" \/><span class=\"cart-loading\"><\/span><\/div><div class='inner_product_header'><div class='avia-arrow'><\/div><div class='inner_product_header_table'><div class='inner_product_header_cell'><h2 class=\"woocommerce-loop-product__title\">Salonique<\/h2>\n\t<span class=\"price\"><span class=\"woocommerce-Price-amount amount\"><bdi><span class=\"woocommerce-Price-currencySymbol\">&#67;&#72;&#70;<\/span>&nbsp;6.00<\/bdi><\/span> <small class=\"woocommerce-price-suffix\">TVA incluse<\/small><\/span>\n<\/div><\/div><\/div><\/a><div class='avia_cart_buttons'><a href=\"\/fr\/wp-json\/wp\/v2\/pages\/9012?add-to-cart=6544\" aria-describedby=\"woocommerce_loop_add_to_cart_link_describedby_6544\" data-quantity=\"1\" class=\"button product_type_simple add_to_cart_button ajax_add_to_cart\" data-product_id=\"6544\" data-product_sku=\"FPO-S022-70\" aria-label=\"Ajouter au panier\u00a0: \u201cSaloniki\u201d\" rel=\"nofollow\" data-success_message=\"\u00ab\u00a0Saloniki\u00a0\u00bb a \u00e9t\u00e9 ajout\u00e9 \u00e0 votre panier\" role=\"button\" data-no-translation-aria-label=\"\" data-no-translation-data-success_message=\"\"><span class=\"avia-svg-icon avia-font-svg_entypo-fontello\" data-av_svg_icon='basket' data-av_iconset='svg_entypo-fontello'><svg version=\"1.1\" xmlns=\"http:\/\/www.w3.org\/2000\/svg\" width=\"29\" height=\"32\" viewbox=\"0 0 29 32\" preserveaspectratio=\"xMidYMid meet\" aria-labelledby='av-svg-title-305' aria-describedby='av-svg-desc-305' role=\"graphics-symbol\" aria-hidden=\"true\">\n<title id='av-svg-title-305'>Ajouter au panier<\/title>\n<desc id='av-svg-desc-305'>Ajouter au panier<\/desc>\n<path d=\"M4.8 27.2q0-1.28 0.96-2.24t2.24-0.96q1.344 0 2.272 0.96t0.928 2.24q0 1.344-0.928 2.272t-2.272 0.928q-1.28 0-2.24-0.928t-0.96-2.272zM20.8 27.2q0-1.28 0.96-2.24t2.24-0.96q1.344 0 2.272 0.96t0.928 2.24q0 1.344-0.928 2.272t-2.272 0.928q-1.28 0-2.24-0.928t-0.96-2.272zM10.496 19.648q-1.152 0.32-1.088 0.736t1.408 0.416h17.984v2.432q0 0.64-0.64 0.64h-20.928q-0.64 0-0.64-0.64v-2.432l-0.32-1.472-3.136-14.528h-3.136v-2.56q0-0.64 0.64-0.64h4.992q0.64 0 0.64 0.64v2.752h22.528v8.768q0 0.704-0.576 0.832z\"><\/path>\n<\/svg><\/span>  Ajouter au panier<\/a>\t<span id=\"woocommerce_loop_add_to_cart_link_describedby_6544\" class=\"screen-reader-text\">\n\t\t\t<\/span>\n<a class=\"button show_details_button\" href=\"https:\/\/www.raffinessen.ch\/fr\/produit\/saloniki\/\"><span class=\"avia-svg-icon avia-font-svg_entypo-fontello\" data-av_svg_icon='doc-text' data-av_iconset='svg_entypo-fontello'><svg version=\"1.1\" xmlns=\"http:\/\/www.w3.org\/2000\/svg\" width=\"22\" height=\"32\" viewbox=\"0 0 22 32\" preserveaspectratio=\"xMidYMid meet\" aria-labelledby='av-svg-title-306' aria-describedby='av-svg-desc-306' role=\"graphics-symbol\" aria-hidden=\"true\">\n<title id='av-svg-title-306'>Voir les d\u00e9tails<\/title>\n<desc id='av-svg-desc-306'>Voir les d\u00e9tails<\/desc>\n<path d=\"M6.784 17.344v-2.88h8.96v2.88h-8.96zM19.2 1.6q1.344 0 2.272 0.928t0.928 2.272v22.4q0 1.28-0.928 2.24t-2.272 0.96h-16q-1.28 0-2.24-0.96t-0.96-2.24v-22.4q0-1.344 0.96-2.272t2.24-0.928h16zM19.2 27.2v-22.4h-16v22.4h16zM15.68 8.256v2.816h-8.96v-2.816h8.96zM15.68 20.8v2.816h-8.96v-2.816h8.96z\"><\/path>\n<\/svg><\/span>  Voir les d\u00e9tails<\/a> <span class=\"button-mini-delimiter\"><\/span><\/div><\/div><\/li>\n<li class=\"product type-product post-6564 status-publish first instock product_cat-gemahlen product_cat-gewuerz-mischungen has-post-thumbnail taxable shipping-taxable purchasable product-type-simple\">\n\t<div class='inner_product main_color wrapped_style noLightbox  av-product-class-'><a href=\"https:\/\/www.raffinessen.ch\/fr\/produit\/srinagar\/\" class=\"woocommerce-LoopProduct-link woocommerce-loop-product__link\"><div class=\"thumbnail_container\"><img loading=\"lazy\" decoding=\"async\" width=\"500\" height=\"500\" src=\"https:\/\/www.raffinessen.ch\/webseite\/wp-content\/uploads\/2020\/07\/FP-110x185_Srinagar-500x500.jpg\" class=\"attachment-woocommerce_thumbnail avia-product-hover\" alt=\"\" srcset=\"https:\/\/www.raffinessen.ch\/webseite\/wp-content\/uploads\/2020\/07\/FP-110x185_Srinagar-500x500.jpg 500w, https:\/\/www.raffinessen.ch\/webseite\/wp-content\/uploads\/2020\/07\/FP-110x185_Srinagar-300x300.jpg 300w, https:\/\/www.raffinessen.ch\/webseite\/wp-content\/uploads\/2020\/07\/FP-110x185_Srinagar-1030x1030.jpg 1030w, https:\/\/www.raffinessen.ch\/webseite\/wp-content\/uploads\/2020\/07\/FP-110x185_Srinagar-80x80.jpg 80w, https:\/\/www.raffinessen.ch\/webseite\/wp-content\/uploads\/2020\/07\/FP-110x185_Srinagar-768x768.jpg 768w, https:\/\/www.raffinessen.ch\/webseite\/wp-content\/uploads\/2020\/07\/FP-110x185_Srinagar-1536x1536.jpg 1536w, https:\/\/www.raffinessen.ch\/webseite\/wp-content\/uploads\/2020\/07\/FP-110x185_Srinagar-36x36.jpg 36w, https:\/\/www.raffinessen.ch\/webseite\/wp-content\/uploads\/2020\/07\/FP-110x185_Srinagar-180x180.jpg 180w, https:\/\/www.raffinessen.ch\/webseite\/wp-content\/uploads\/2020\/07\/FP-110x185_Srinagar-1500x1500.jpg 1500w, https:\/\/www.raffinessen.ch\/webseite\/wp-content\/uploads\/2020\/07\/FP-110x185_Srinagar-705x705.jpg 705w, https:\/\/www.raffinessen.ch\/webseite\/wp-content\/uploads\/2020\/07\/FP-110x185_Srinagar-100x100.jpg 100w, https:\/\/www.raffinessen.ch\/webseite\/wp-content\/uploads\/2020\/07\/FP-110x185_Srinagar-1000x1000.jpg 1000w, https:\/\/www.raffinessen.ch\/webseite\/wp-content\/uploads\/2020\/07\/FP-110x185_Srinagar.jpg 2000w\" sizes=\"auto, (max-width: 500px) 100vw, 500px\" \/><img decoding=\"async\" loading=\"lazy\" width=\"500\" height=\"500\" src=\"https:\/\/www.raffinessen.ch\/webseite\/wp-content\/uploads\/2020\/07\/Srinagar_2500x2500-500x500.jpg\" class=\"wp-image-6858 avia-img-lazy-loading-6858 attachment-woocommerce_thumbnail size-woocommerce_thumbnail wp-post-image\" alt=\"\" srcset=\"https:\/\/www.raffinessen.ch\/webseite\/wp-content\/uploads\/2020\/07\/Srinagar_2500x2500-500x500.jpg 500w, https:\/\/www.raffinessen.ch\/webseite\/wp-content\/uploads\/2020\/07\/Srinagar_2500x2500-300x300.jpg 300w, https:\/\/www.raffinessen.ch\/webseite\/wp-content\/uploads\/2020\/07\/Srinagar_2500x2500-1030x1030.jpg 1030w, https:\/\/www.raffinessen.ch\/webseite\/wp-content\/uploads\/2020\/07\/Srinagar_2500x2500-80x80.jpg 80w, https:\/\/www.raffinessen.ch\/webseite\/wp-content\/uploads\/2020\/07\/Srinagar_2500x2500-768x768.jpg 768w, https:\/\/www.raffinessen.ch\/webseite\/wp-content\/uploads\/2020\/07\/Srinagar_2500x2500-1536x1536.jpg 1536w, https:\/\/www.raffinessen.ch\/webseite\/wp-content\/uploads\/2020\/07\/Srinagar_2500x2500-2048x2048.jpg 2048w, https:\/\/www.raffinessen.ch\/webseite\/wp-content\/uploads\/2020\/07\/Srinagar_2500x2500-36x36.jpg 36w, https:\/\/www.raffinessen.ch\/webseite\/wp-content\/uploads\/2020\/07\/Srinagar_2500x2500-180x180.jpg 180w, https:\/\/www.raffinessen.ch\/webseite\/wp-content\/uploads\/2020\/07\/Srinagar_2500x2500-1500x1500.jpg 1500w, https:\/\/www.raffinessen.ch\/webseite\/wp-content\/uploads\/2020\/07\/Srinagar_2500x2500-705x705.jpg 705w, https:\/\/www.raffinessen.ch\/webseite\/wp-content\/uploads\/2020\/07\/Srinagar_2500x2500-100x100.jpg 100w, https:\/\/www.raffinessen.ch\/webseite\/wp-content\/uploads\/2020\/07\/Srinagar_2500x2500-1000x1000.jpg 1000w\" sizes=\"auto, (max-width: 500px) 100vw, 500px\" \/><span class=\"cart-loading\"><\/span><\/div><div class='inner_product_header'><div class='avia-arrow'><\/div><div class='inner_product_header_table'><div class='inner_product_header_cell'><h2 class=\"woocommerce-loop-product__title\">Srinagar (curry)<\/h2>\n\t<span class=\"price\"><span class=\"woocommerce-Price-amount amount\"><bdi><span class=\"woocommerce-Price-currencySymbol\">&#67;&#72;&#70;<\/span>&nbsp;6.00<\/bdi><\/span> <small class=\"woocommerce-price-suffix\">TVA incluse<\/small><\/span>\n<\/div><\/div><\/div><\/a><div class='avia_cart_buttons'><a href=\"\/fr\/wp-json\/wp\/v2\/pages\/9012?add-to-cart=6564\" aria-describedby=\"woocommerce_loop_add_to_cart_link_describedby_6564\" data-quantity=\"1\" class=\"button product_type_simple add_to_cart_button ajax_add_to_cart\" data-product_id=\"6564\" data-product_sku=\"FPO-S044-45\" aria-label=\"Ajouter au panier\u00a0: \u201cSrinagar (Curry)\u201d\" rel=\"nofollow\" data-success_message=\"\u00ab\u00a0Srinagar (Curry)\u00a0\u00bb a \u00e9t\u00e9 ajout\u00e9 \u00e0 votre panier\" role=\"button\" data-no-translation-aria-label=\"\" data-no-translation-data-success_message=\"\"><span class=\"avia-svg-icon avia-font-svg_entypo-fontello\" data-av_svg_icon='basket' data-av_iconset='svg_entypo-fontello'><svg version=\"1.1\" xmlns=\"http:\/\/www.w3.org\/2000\/svg\" width=\"29\" height=\"32\" viewbox=\"0 0 29 32\" preserveaspectratio=\"xMidYMid meet\" aria-labelledby='av-svg-title-307' aria-describedby='av-svg-desc-307' role=\"graphics-symbol\" aria-hidden=\"true\">\n<title id='av-svg-title-307'>Ajouter au panier<\/title>\n<desc id='av-svg-desc-307'>Ajouter au panier<\/desc>\n<path d=\"M4.8 27.2q0-1.28 0.96-2.24t2.24-0.96q1.344 0 2.272 0.96t0.928 2.24q0 1.344-0.928 2.272t-2.272 0.928q-1.28 0-2.24-0.928t-0.96-2.272zM20.8 27.2q0-1.28 0.96-2.24t2.24-0.96q1.344 0 2.272 0.96t0.928 2.24q0 1.344-0.928 2.272t-2.272 0.928q-1.28 0-2.24-0.928t-0.96-2.272zM10.496 19.648q-1.152 0.32-1.088 0.736t1.408 0.416h17.984v2.432q0 0.64-0.64 0.64h-20.928q-0.64 0-0.64-0.64v-2.432l-0.32-1.472-3.136-14.528h-3.136v-2.56q0-0.64 0.64-0.64h4.992q0.64 0 0.64 0.64v2.752h22.528v8.768q0 0.704-0.576 0.832z\"><\/path>\n<\/svg><\/span>  Ajouter au panier<\/a>\t<span id=\"woocommerce_loop_add_to_cart_link_describedby_6564\" class=\"screen-reader-text\">\n\t\t\t<\/span>\n<a class=\"button show_details_button\" href=\"https:\/\/www.raffinessen.ch\/fr\/produit\/srinagar\/\"><span class=\"avia-svg-icon avia-font-svg_entypo-fontello\" data-av_svg_icon='doc-text' data-av_iconset='svg_entypo-fontello'><svg version=\"1.1\" xmlns=\"http:\/\/www.w3.org\/2000\/svg\" width=\"22\" height=\"32\" viewbox=\"0 0 22 32\" preserveaspectratio=\"xMidYMid meet\" aria-labelledby='av-svg-title-308' aria-describedby='av-svg-desc-308' role=\"graphics-symbol\" aria-hidden=\"true\">\n<title id='av-svg-title-308'>Voir les d\u00e9tails<\/title>\n<desc id='av-svg-desc-308'>Voir les d\u00e9tails<\/desc>\n<path d=\"M6.784 17.344v-2.88h8.96v2.88h-8.96zM19.2 1.6q1.344 0 2.272 0.928t0.928 2.272v22.4q0 1.28-0.928 2.24t-2.272 0.96h-16q-1.28 0-2.24-0.96t-0.96-2.24v-22.4q0-1.344 0.96-2.272t2.24-0.928h16zM19.2 27.2v-22.4h-16v22.4h16zM15.68 8.256v2.816h-8.96v-2.816h8.96zM15.68 20.8v2.816h-8.96v-2.816h8.96z\"><\/path>\n<\/svg><\/span>  Voir les d\u00e9tails<\/a> <span class=\"button-mini-delimiter\"><\/span><\/div><\/div><\/li>\n<li class=\"product type-product post-6526 status-publish instock product_cat-gemahlen product_cat-gewuerz-mischungen has-post-thumbnail taxable shipping-taxable purchasable product-type-simple\">\n\t<div class='inner_product main_color wrapped_style noLightbox  av-product-class-'><a href=\"https:\/\/www.raffinessen.ch\/fr\/produit\/st-louis\/\" class=\"woocommerce-LoopProduct-link woocommerce-loop-product__link\"><div class=\"thumbnail_container\"><img loading=\"lazy\" decoding=\"async\" width=\"500\" height=\"500\" src=\"https:\/\/www.raffinessen.ch\/webseite\/wp-content\/uploads\/2020\/07\/st-louis-beutel-500x500.jpg\" class=\"attachment-woocommerce_thumbnail avia-product-hover\" alt=\"\" srcset=\"https:\/\/www.raffinessen.ch\/webseite\/wp-content\/uploads\/2020\/07\/st-louis-beutel-500x500.jpg 500w, https:\/\/www.raffinessen.ch\/webseite\/wp-content\/uploads\/2020\/07\/st-louis-beutel-300x300.jpg 300w, https:\/\/www.raffinessen.ch\/webseite\/wp-content\/uploads\/2020\/07\/st-louis-beutel-1030x1030.jpg 1030w, https:\/\/www.raffinessen.ch\/webseite\/wp-content\/uploads\/2020\/07\/st-louis-beutel-80x80.jpg 80w, https:\/\/www.raffinessen.ch\/webseite\/wp-content\/uploads\/2020\/07\/st-louis-beutel-768x768.jpg 768w, https:\/\/www.raffinessen.ch\/webseite\/wp-content\/uploads\/2020\/07\/st-louis-beutel-1536x1536.jpg 1536w, https:\/\/www.raffinessen.ch\/webseite\/wp-content\/uploads\/2020\/07\/st-louis-beutel-36x36.jpg 36w, https:\/\/www.raffinessen.ch\/webseite\/wp-content\/uploads\/2020\/07\/st-louis-beutel-180x180.jpg 180w, https:\/\/www.raffinessen.ch\/webseite\/wp-content\/uploads\/2020\/07\/st-louis-beutel-1500x1500.jpg 1500w, https:\/\/www.raffinessen.ch\/webseite\/wp-content\/uploads\/2020\/07\/st-louis-beutel-705x705.jpg 705w, https:\/\/www.raffinessen.ch\/webseite\/wp-content\/uploads\/2020\/07\/st-louis-beutel-100x100.jpg 100w, https:\/\/www.raffinessen.ch\/webseite\/wp-content\/uploads\/2020\/07\/st-louis-beutel-1000x1000.jpg 1000w, https:\/\/www.raffinessen.ch\/webseite\/wp-content\/uploads\/2020\/07\/st-louis-beutel.jpg 2000w\" sizes=\"auto, (max-width: 500px) 100vw, 500px\" \/><img decoding=\"async\" loading=\"lazy\" width=\"500\" height=\"500\" src=\"https:\/\/www.raffinessen.ch\/webseite\/wp-content\/uploads\/2020\/03\/bbq-kentucky-gewuerz-kreis-raffinessen-500x500.jpg\" class=\"wp-image-5128 avia-img-lazy-loading-5128 attachment-woocommerce_thumbnail size-woocommerce_thumbnail wp-post-image\" alt=\"\" srcset=\"https:\/\/www.raffinessen.ch\/webseite\/wp-content\/uploads\/2020\/03\/bbq-kentucky-gewuerz-kreis-raffinessen-500x500.jpg 500w, https:\/\/www.raffinessen.ch\/webseite\/wp-content\/uploads\/2020\/03\/bbq-kentucky-gewuerz-kreis-raffinessen-300x300.jpg 300w, https:\/\/www.raffinessen.ch\/webseite\/wp-content\/uploads\/2020\/03\/bbq-kentucky-gewuerz-kreis-raffinessen-1030x1030.jpg 1030w, https:\/\/www.raffinessen.ch\/webseite\/wp-content\/uploads\/2020\/03\/bbq-kentucky-gewuerz-kreis-raffinessen-80x80.jpg 80w, https:\/\/www.raffinessen.ch\/webseite\/wp-content\/uploads\/2020\/03\/bbq-kentucky-gewuerz-kreis-raffinessen-768x768.jpg 768w, https:\/\/www.raffinessen.ch\/webseite\/wp-content\/uploads\/2020\/03\/bbq-kentucky-gewuerz-kreis-raffinessen-1536x1536.jpg 1536w, https:\/\/www.raffinessen.ch\/webseite\/wp-content\/uploads\/2020\/03\/bbq-kentucky-gewuerz-kreis-raffinessen-2048x2048.jpg 2048w, https:\/\/www.raffinessen.ch\/webseite\/wp-content\/uploads\/2020\/03\/bbq-kentucky-gewuerz-kreis-raffinessen-36x36.jpg 36w, https:\/\/www.raffinessen.ch\/webseite\/wp-content\/uploads\/2020\/03\/bbq-kentucky-gewuerz-kreis-raffinessen-180x180.jpg 180w, https:\/\/www.raffinessen.ch\/webseite\/wp-content\/uploads\/2020\/03\/bbq-kentucky-gewuerz-kreis-raffinessen-1500x1500.jpg 1500w, https:\/\/www.raffinessen.ch\/webseite\/wp-content\/uploads\/2020\/03\/bbq-kentucky-gewuerz-kreis-raffinessen-705x705.jpg 705w, https:\/\/www.raffinessen.ch\/webseite\/wp-content\/uploads\/2020\/03\/bbq-kentucky-gewuerz-kreis-raffinessen-100x100.jpg 100w, https:\/\/www.raffinessen.ch\/webseite\/wp-content\/uploads\/2020\/03\/bbq-kentucky-gewuerz-kreis-raffinessen-1000x1000.jpg 1000w\" sizes=\"auto, (max-width: 500px) 100vw, 500px\" \/><span class=\"cart-loading\"><\/span><\/div><div class='inner_product_header'><div class='avia-arrow'><\/div><div class='inner_product_header_table'><div class='inner_product_header_cell'><h2 class=\"woocommerce-loop-product__title\">St. Louis (anciennement BBQ Kentucky)<\/h2>\n\t<span class=\"price\"><span class=\"woocommerce-Price-amount amount\"><bdi><span class=\"woocommerce-Price-currencySymbol\">&#67;&#72;&#70;<\/span>&nbsp;6.00<\/bdi><\/span> <small class=\"woocommerce-price-suffix\">TVA incluse<\/small><\/span>\n<\/div><\/div><\/div><\/a><div class='avia_cart_buttons'><a href=\"\/fr\/wp-json\/wp\/v2\/pages\/9012?add-to-cart=6526\" aria-describedby=\"woocommerce_loop_add_to_cart_link_describedby_6526\" data-quantity=\"1\" class=\"button product_type_simple add_to_cart_button ajax_add_to_cart\" data-product_id=\"6526\" data-product_sku=\"FPO-S007-60\" aria-label=\"Ajouter au panier\u00a0: \u201cSt. Louis (bisher BBQ Kentucky)\u201d\" rel=\"nofollow\" data-success_message=\"\u00ab\u00a0St. Louis (bisher BBQ Kentucky)\u00a0\u00bb a \u00e9t\u00e9 ajout\u00e9 \u00e0 votre panier\" role=\"button\" data-no-translation-aria-label=\"\" data-no-translation-data-success_message=\"\"><span class=\"avia-svg-icon avia-font-svg_entypo-fontello\" data-av_svg_icon='basket' data-av_iconset='svg_entypo-fontello'><svg version=\"1.1\" xmlns=\"http:\/\/www.w3.org\/2000\/svg\" width=\"29\" height=\"32\" viewbox=\"0 0 29 32\" preserveaspectratio=\"xMidYMid meet\" aria-labelledby='av-svg-title-309' aria-describedby='av-svg-desc-309' role=\"graphics-symbol\" aria-hidden=\"true\">\n<title id='av-svg-title-309'>Ajouter au panier<\/title>\n<desc id='av-svg-desc-309'>Ajouter au panier<\/desc>\n<path d=\"M4.8 27.2q0-1.28 0.96-2.24t2.24-0.96q1.344 0 2.272 0.96t0.928 2.24q0 1.344-0.928 2.272t-2.272 0.928q-1.28 0-2.24-0.928t-0.96-2.272zM20.8 27.2q0-1.28 0.96-2.24t2.24-0.96q1.344 0 2.272 0.96t0.928 2.24q0 1.344-0.928 2.272t-2.272 0.928q-1.28 0-2.24-0.928t-0.96-2.272zM10.496 19.648q-1.152 0.32-1.088 0.736t1.408 0.416h17.984v2.432q0 0.64-0.64 0.64h-20.928q-0.64 0-0.64-0.64v-2.432l-0.32-1.472-3.136-14.528h-3.136v-2.56q0-0.64 0.64-0.64h4.992q0.64 0 0.64 0.64v2.752h22.528v8.768q0 0.704-0.576 0.832z\"><\/path>\n<\/svg><\/span>  Ajouter au panier<\/a>\t<span id=\"woocommerce_loop_add_to_cart_link_describedby_6526\" class=\"screen-reader-text\">\n\t\t\t<\/span>\n<a class=\"button show_details_button\" href=\"https:\/\/www.raffinessen.ch\/fr\/produit\/st-louis\/\"><span class=\"avia-svg-icon avia-font-svg_entypo-fontello\" data-av_svg_icon='doc-text' data-av_iconset='svg_entypo-fontello'><svg version=\"1.1\" xmlns=\"http:\/\/www.w3.org\/2000\/svg\" width=\"22\" height=\"32\" viewbox=\"0 0 22 32\" preserveaspectratio=\"xMidYMid meet\" aria-labelledby='av-svg-title-310' aria-describedby='av-svg-desc-310' role=\"graphics-symbol\" aria-hidden=\"true\">\n<title id='av-svg-title-310'>Voir les d\u00e9tails<\/title>\n<desc id='av-svg-desc-310'>Voir les d\u00e9tails<\/desc>\n<path d=\"M6.784 17.344v-2.88h8.96v2.88h-8.96zM19.2 1.6q1.344 0 2.272 0.928t0.928 2.272v22.4q0 1.28-0.928 2.24t-2.272 0.96h-16q-1.28 0-2.24-0.96t-0.96-2.24v-22.4q0-1.344 0.96-2.272t2.24-0.928h16zM19.2 27.2v-22.4h-16v22.4h16zM15.68 8.256v2.816h-8.96v-2.816h8.96zM15.68 20.8v2.816h-8.96v-2.816h8.96z\"><\/path>\n<\/svg><\/span>  Voir les d\u00e9tails<\/a> <span class=\"button-mini-delimiter\"><\/span><\/div><\/div><\/li>\n<li class=\"product type-product post-6534 status-publish instock product_cat-gemahlen product_cat-gewuerz-mischungen has-post-thumbnail taxable shipping-taxable purchasable product-type-simple\">\n\t<div class='inner_product main_color wrapped_style noLightbox  av-product-class-'><a href=\"https:\/\/www.raffinessen.ch\/fr\/produit\/veracruz\/\" class=\"woocommerce-LoopProduct-link woocommerce-loop-product__link\"><div class=\"thumbnail_container\"><img loading=\"lazy\" decoding=\"async\" width=\"500\" height=\"500\" src=\"https:\/\/www.raffinessen.ch\/webseite\/wp-content\/uploads\/2020\/07\/veracruz-beutel-500x500.jpg\" class=\"attachment-woocommerce_thumbnail avia-product-hover\" alt=\"\" srcset=\"https:\/\/www.raffinessen.ch\/webseite\/wp-content\/uploads\/2020\/07\/veracruz-beutel-500x500.jpg 500w, https:\/\/www.raffinessen.ch\/webseite\/wp-content\/uploads\/2020\/07\/veracruz-beutel-300x300.jpg 300w, https:\/\/www.raffinessen.ch\/webseite\/wp-content\/uploads\/2020\/07\/veracruz-beutel-1030x1030.jpg 1030w, https:\/\/www.raffinessen.ch\/webseite\/wp-content\/uploads\/2020\/07\/veracruz-beutel-80x80.jpg 80w, https:\/\/www.raffinessen.ch\/webseite\/wp-content\/uploads\/2020\/07\/veracruz-beutel-768x768.jpg 768w, https:\/\/www.raffinessen.ch\/webseite\/wp-content\/uploads\/2020\/07\/veracruz-beutel-1536x1536.jpg 1536w, https:\/\/www.raffinessen.ch\/webseite\/wp-content\/uploads\/2020\/07\/veracruz-beutel-36x36.jpg 36w, https:\/\/www.raffinessen.ch\/webseite\/wp-content\/uploads\/2020\/07\/veracruz-beutel-180x180.jpg 180w, https:\/\/www.raffinessen.ch\/webseite\/wp-content\/uploads\/2020\/07\/veracruz-beutel-1500x1500.jpg 1500w, https:\/\/www.raffinessen.ch\/webseite\/wp-content\/uploads\/2020\/07\/veracruz-beutel-705x705.jpg 705w, https:\/\/www.raffinessen.ch\/webseite\/wp-content\/uploads\/2020\/07\/veracruz-beutel-100x100.jpg 100w, https:\/\/www.raffinessen.ch\/webseite\/wp-content\/uploads\/2020\/07\/veracruz-beutel-1000x1000.jpg 1000w, https:\/\/www.raffinessen.ch\/webseite\/wp-content\/uploads\/2020\/07\/veracruz-beutel.jpg 2000w\" sizes=\"auto, (max-width: 500px) 100vw, 500px\" \/><img decoding=\"async\" loading=\"lazy\" width=\"500\" height=\"500\" src=\"https:\/\/www.raffinessen.ch\/webseite\/wp-content\/uploads\/2020\/03\/feurige-suesse-gewuerz-kreis-raffinessen-500x500.jpg\" class=\"wp-image-5134 avia-img-lazy-loading-5134 attachment-woocommerce_thumbnail size-woocommerce_thumbnail wp-post-image\" alt=\"\" srcset=\"https:\/\/www.raffinessen.ch\/webseite\/wp-content\/uploads\/2020\/03\/feurige-suesse-gewuerz-kreis-raffinessen-500x500.jpg 500w, https:\/\/www.raffinessen.ch\/webseite\/wp-content\/uploads\/2020\/03\/feurige-suesse-gewuerz-kreis-raffinessen-300x300.jpg 300w, https:\/\/www.raffinessen.ch\/webseite\/wp-content\/uploads\/2020\/03\/feurige-suesse-gewuerz-kreis-raffinessen-1030x1030.jpg 1030w, https:\/\/www.raffinessen.ch\/webseite\/wp-content\/uploads\/2020\/03\/feurige-suesse-gewuerz-kreis-raffinessen-80x80.jpg 80w, https:\/\/www.raffinessen.ch\/webseite\/wp-content\/uploads\/2020\/03\/feurige-suesse-gewuerz-kreis-raffinessen-768x768.jpg 768w, https:\/\/www.raffinessen.ch\/webseite\/wp-content\/uploads\/2020\/03\/feurige-suesse-gewuerz-kreis-raffinessen-1536x1536.jpg 1536w, https:\/\/www.raffinessen.ch\/webseite\/wp-content\/uploads\/2020\/03\/feurige-suesse-gewuerz-kreis-raffinessen-2048x2048.jpg 2048w, https:\/\/www.raffinessen.ch\/webseite\/wp-content\/uploads\/2020\/03\/feurige-suesse-gewuerz-kreis-raffinessen-36x36.jpg 36w, https:\/\/www.raffinessen.ch\/webseite\/wp-content\/uploads\/2020\/03\/feurige-suesse-gewuerz-kreis-raffinessen-180x180.jpg 180w, https:\/\/www.raffinessen.ch\/webseite\/wp-content\/uploads\/2020\/03\/feurige-suesse-gewuerz-kreis-raffinessen-1500x1500.jpg 1500w, https:\/\/www.raffinessen.ch\/webseite\/wp-content\/uploads\/2020\/03\/feurige-suesse-gewuerz-kreis-raffinessen-705x705.jpg 705w, https:\/\/www.raffinessen.ch\/webseite\/wp-content\/uploads\/2020\/03\/feurige-suesse-gewuerz-kreis-raffinessen-100x100.jpg 100w, https:\/\/www.raffinessen.ch\/webseite\/wp-content\/uploads\/2020\/03\/feurige-suesse-gewuerz-kreis-raffinessen-1000x1000.jpg 1000w\" sizes=\"auto, (max-width: 500px) 100vw, 500px\" \/><span class=\"cart-loading\"><\/span><\/div><div class='inner_product_header'><div class='avia-arrow'><\/div><div class='inner_product_header_table'><div class='inner_product_header_cell'><h2 class=\"woocommerce-loop-product__title\">Veracruz (jusqu'\u00e0 pr\u00e9sent Douceur ardente)<\/h2>\n\t<span class=\"price\"><span class=\"woocommerce-Price-amount amount\"><bdi><span class=\"woocommerce-Price-currencySymbol\">&#67;&#72;&#70;<\/span>&nbsp;6.00<\/bdi><\/span> <small class=\"woocommerce-price-suffix\">TVA incluse<\/small><\/span>\n<\/div><\/div><\/div><\/a><div class='avia_cart_buttons'><a href=\"\/fr\/wp-json\/wp\/v2\/pages\/9012?add-to-cart=6534\" aria-describedby=\"woocommerce_loop_add_to_cart_link_describedby_6534\" data-quantity=\"1\" class=\"button product_type_simple add_to_cart_button ajax_add_to_cart\" data-product_id=\"6534\" data-product_sku=\"FPO-S014-80\" aria-label=\"Ajouter au panier\u00a0: \u201cVeracruz (bisher Feurige S\u00fcsse)\u201d\" rel=\"nofollow\" data-success_message=\"\u00ab\u00a0Veracruz (bisher Feurige S\u00fcsse)\u00a0\u00bb a \u00e9t\u00e9 ajout\u00e9 \u00e0 votre panier\" role=\"button\" data-no-translation-aria-label=\"\" data-no-translation-data-success_message=\"\"><span class=\"avia-svg-icon avia-font-svg_entypo-fontello\" data-av_svg_icon='basket' data-av_iconset='svg_entypo-fontello'><svg version=\"1.1\" xmlns=\"http:\/\/www.w3.org\/2000\/svg\" width=\"29\" height=\"32\" viewbox=\"0 0 29 32\" preserveaspectratio=\"xMidYMid meet\" aria-labelledby='av-svg-title-311' aria-describedby='av-svg-desc-311' role=\"graphics-symbol\" aria-hidden=\"true\">\n<title id='av-svg-title-311'>Ajouter au panier<\/title>\n<desc id='av-svg-desc-311'>Ajouter au panier<\/desc>\n<path d=\"M4.8 27.2q0-1.28 0.96-2.24t2.24-0.96q1.344 0 2.272 0.96t0.928 2.24q0 1.344-0.928 2.272t-2.272 0.928q-1.28 0-2.24-0.928t-0.96-2.272zM20.8 27.2q0-1.28 0.96-2.24t2.24-0.96q1.344 0 2.272 0.96t0.928 2.24q0 1.344-0.928 2.272t-2.272 0.928q-1.28 0-2.24-0.928t-0.96-2.272zM10.496 19.648q-1.152 0.32-1.088 0.736t1.408 0.416h17.984v2.432q0 0.64-0.64 0.64h-20.928q-0.64 0-0.64-0.64v-2.432l-0.32-1.472-3.136-14.528h-3.136v-2.56q0-0.64 0.64-0.64h4.992q0.64 0 0.64 0.64v2.752h22.528v8.768q0 0.704-0.576 0.832z\"><\/path>\n<\/svg><\/span>  Ajouter au panier<\/a>\t<span id=\"woocommerce_loop_add_to_cart_link_describedby_6534\" class=\"screen-reader-text\">\n\t\t\t<\/span>\n<a class=\"button show_details_button\" href=\"https:\/\/www.raffinessen.ch\/fr\/produit\/veracruz\/\"><span class=\"avia-svg-icon avia-font-svg_entypo-fontello\" data-av_svg_icon='doc-text' data-av_iconset='svg_entypo-fontello'><svg version=\"1.1\" xmlns=\"http:\/\/www.w3.org\/2000\/svg\" width=\"22\" height=\"32\" viewbox=\"0 0 22 32\" preserveaspectratio=\"xMidYMid meet\" aria-labelledby='av-svg-title-312' aria-describedby='av-svg-desc-312' role=\"graphics-symbol\" aria-hidden=\"true\">\n<title id='av-svg-title-312'>Voir les d\u00e9tails<\/title>\n<desc id='av-svg-desc-312'>Voir les d\u00e9tails<\/desc>\n<path d=\"M6.784 17.344v-2.88h8.96v2.88h-8.96zM19.2 1.6q1.344 0 2.272 0.928t0.928 2.272v22.4q0 1.28-0.928 2.24t-2.272 0.96h-16q-1.28 0-2.24-0.96t-0.96-2.24v-22.4q0-1.344 0.96-2.272t2.24-0.928h16zM19.2 27.2v-22.4h-16v22.4h16zM15.68 8.256v2.816h-8.96v-2.816h8.96zM15.68 20.8v2.816h-8.96v-2.816h8.96z\"><\/path>\n<\/svg><\/span>  Voir les d\u00e9tails<\/a> <span class=\"button-mini-delimiter\"><\/span><\/div><\/div><\/li>\n<li class=\"product type-product post-6551 status-publish last instock product_cat-gemahlen product_cat-gewuerz-mischungen has-post-thumbnail taxable shipping-taxable purchasable product-type-simple\">\n\t<div class='inner_product main_color wrapped_style noLightbox  av-product-class-'><a href=\"https:\/\/www.raffinessen.ch\/fr\/produit\/villarosa\/\" class=\"woocommerce-LoopProduct-link woocommerce-loop-product__link\"><div class=\"thumbnail_container\"><img loading=\"lazy\" decoding=\"async\" width=\"500\" height=\"500\" src=\"https:\/\/www.raffinessen.ch\/webseite\/wp-content\/uploads\/2020\/07\/villarosa-beutel-500x500.jpg\" class=\"attachment-woocommerce_thumbnail avia-product-hover\" alt=\"\" srcset=\"https:\/\/www.raffinessen.ch\/webseite\/wp-content\/uploads\/2020\/07\/villarosa-beutel-500x500.jpg 500w, https:\/\/www.raffinessen.ch\/webseite\/wp-content\/uploads\/2020\/07\/villarosa-beutel-300x300.jpg 300w, https:\/\/www.raffinessen.ch\/webseite\/wp-content\/uploads\/2020\/07\/villarosa-beutel-1030x1030.jpg 1030w, https:\/\/www.raffinessen.ch\/webseite\/wp-content\/uploads\/2020\/07\/villarosa-beutel-80x80.jpg 80w, https:\/\/www.raffinessen.ch\/webseite\/wp-content\/uploads\/2020\/07\/villarosa-beutel-768x768.jpg 768w, https:\/\/www.raffinessen.ch\/webseite\/wp-content\/uploads\/2020\/07\/villarosa-beutel-1536x1536.jpg 1536w, https:\/\/www.raffinessen.ch\/webseite\/wp-content\/uploads\/2020\/07\/villarosa-beutel-36x36.jpg 36w, https:\/\/www.raffinessen.ch\/webseite\/wp-content\/uploads\/2020\/07\/villarosa-beutel-180x180.jpg 180w, https:\/\/www.raffinessen.ch\/webseite\/wp-content\/uploads\/2020\/07\/villarosa-beutel-1500x1500.jpg 1500w, https:\/\/www.raffinessen.ch\/webseite\/wp-content\/uploads\/2020\/07\/villarosa-beutel-705x705.jpg 705w, https:\/\/www.raffinessen.ch\/webseite\/wp-content\/uploads\/2020\/07\/villarosa-beutel-100x100.jpg 100w, https:\/\/www.raffinessen.ch\/webseite\/wp-content\/uploads\/2020\/07\/villarosa-beutel-1000x1000.jpg 1000w, https:\/\/www.raffinessen.ch\/webseite\/wp-content\/uploads\/2020\/07\/villarosa-beutel.jpg 2000w\" sizes=\"auto, (max-width: 500px) 100vw, 500px\" \/><img decoding=\"async\" loading=\"lazy\" width=\"500\" height=\"500\" src=\"https:\/\/www.raffinessen.ch\/webseite\/wp-content\/uploads\/2020\/03\/villarosa-gewuerz-kreis-raffinessen-500x500.jpg\" class=\"wp-image-5144 avia-img-lazy-loading-5144 attachment-woocommerce_thumbnail size-woocommerce_thumbnail wp-post-image\" alt=\"\" srcset=\"https:\/\/www.raffinessen.ch\/webseite\/wp-content\/uploads\/2020\/03\/villarosa-gewuerz-kreis-raffinessen-500x500.jpg 500w, https:\/\/www.raffinessen.ch\/webseite\/wp-content\/uploads\/2020\/03\/villarosa-gewuerz-kreis-raffinessen-300x300.jpg 300w, https:\/\/www.raffinessen.ch\/webseite\/wp-content\/uploads\/2020\/03\/villarosa-gewuerz-kreis-raffinessen-1030x1030.jpg 1030w, https:\/\/www.raffinessen.ch\/webseite\/wp-content\/uploads\/2020\/03\/villarosa-gewuerz-kreis-raffinessen-80x80.jpg 80w, https:\/\/www.raffinessen.ch\/webseite\/wp-content\/uploads\/2020\/03\/villarosa-gewuerz-kreis-raffinessen-768x768.jpg 768w, https:\/\/www.raffinessen.ch\/webseite\/wp-content\/uploads\/2020\/03\/villarosa-gewuerz-kreis-raffinessen-1536x1536.jpg 1536w, https:\/\/www.raffinessen.ch\/webseite\/wp-content\/uploads\/2020\/03\/villarosa-gewuerz-kreis-raffinessen-2048x2048.jpg 2048w, https:\/\/www.raffinessen.ch\/webseite\/wp-content\/uploads\/2020\/03\/villarosa-gewuerz-kreis-raffinessen-36x36.jpg 36w, https:\/\/www.raffinessen.ch\/webseite\/wp-content\/uploads\/2020\/03\/villarosa-gewuerz-kreis-raffinessen-180x180.jpg 180w, https:\/\/www.raffinessen.ch\/webseite\/wp-content\/uploads\/2020\/03\/villarosa-gewuerz-kreis-raffinessen-1500x1500.jpg 1500w, https:\/\/www.raffinessen.ch\/webseite\/wp-content\/uploads\/2020\/03\/villarosa-gewuerz-kreis-raffinessen-705x705.jpg 705w, https:\/\/www.raffinessen.ch\/webseite\/wp-content\/uploads\/2020\/03\/villarosa-gewuerz-kreis-raffinessen-100x100.jpg 100w, https:\/\/www.raffinessen.ch\/webseite\/wp-content\/uploads\/2020\/03\/villarosa-gewuerz-kreis-raffinessen-1000x1000.jpg 1000w\" sizes=\"auto, (max-width: 500px) 100vw, 500px\" \/><span class=\"cart-loading\"><\/span><\/div><div class='inner_product_header'><div class='avia-arrow'><\/div><div class='inner_product_header_table'><div class='inner_product_header_cell'><h2 class=\"woocommerce-loop-product__title\">Villarosa<\/h2>\n\t<span class=\"price\"><span class=\"woocommerce-Price-amount amount\"><bdi><span class=\"woocommerce-Price-currencySymbol\">&#67;&#72;&#70;<\/span>&nbsp;6.00<\/bdi><\/span> <small class=\"woocommerce-price-suffix\">TVA incluse<\/small><\/span>\n<\/div><\/div><\/div><\/a><div class='avia_cart_buttons'><a href=\"\/fr\/wp-json\/wp\/v2\/pages\/9012?add-to-cart=6551\" aria-describedby=\"woocommerce_loop_add_to_cart_link_describedby_6551\" data-quantity=\"1\" class=\"button product_type_simple add_to_cart_button ajax_add_to_cart\" data-product_id=\"6551\" data-product_sku=\"FPO-S028-70\" aria-label=\"Ajouter au panier\u00a0: \u201cVillarosa\u201d\" rel=\"nofollow\" data-success_message=\"\u00ab\u00a0Villarosa\u00a0\u00bb a \u00e9t\u00e9 ajout\u00e9 \u00e0 votre panier\" role=\"button\" data-no-translation-aria-label=\"\" data-no-translation-data-success_message=\"\"><span class=\"avia-svg-icon avia-font-svg_entypo-fontello\" data-av_svg_icon='basket' data-av_iconset='svg_entypo-fontello'><svg version=\"1.1\" xmlns=\"http:\/\/www.w3.org\/2000\/svg\" width=\"29\" height=\"32\" viewbox=\"0 0 29 32\" preserveaspectratio=\"xMidYMid meet\" aria-labelledby='av-svg-title-313' aria-describedby='av-svg-desc-313' role=\"graphics-symbol\" aria-hidden=\"true\">\n<title id='av-svg-title-313'>Ajouter au panier<\/title>\n<desc id='av-svg-desc-313'>Ajouter au panier<\/desc>\n<path d=\"M4.8 27.2q0-1.28 0.96-2.24t2.24-0.96q1.344 0 2.272 0.96t0.928 2.24q0 1.344-0.928 2.272t-2.272 0.928q-1.28 0-2.24-0.928t-0.96-2.272zM20.8 27.2q0-1.28 0.96-2.24t2.24-0.96q1.344 0 2.272 0.96t0.928 2.24q0 1.344-0.928 2.272t-2.272 0.928q-1.28 0-2.24-0.928t-0.96-2.272zM10.496 19.648q-1.152 0.32-1.088 0.736t1.408 0.416h17.984v2.432q0 0.64-0.64 0.64h-20.928q-0.64 0-0.64-0.64v-2.432l-0.32-1.472-3.136-14.528h-3.136v-2.56q0-0.64 0.64-0.64h4.992q0.64 0 0.64 0.64v2.752h22.528v8.768q0 0.704-0.576 0.832z\"><\/path>\n<\/svg><\/span>  Ajouter au panier<\/a>\t<span id=\"woocommerce_loop_add_to_cart_link_describedby_6551\" class=\"screen-reader-text\">\n\t\t\t<\/span>\n<a class=\"button show_details_button\" href=\"https:\/\/www.raffinessen.ch\/fr\/produit\/villarosa\/\"><span class=\"avia-svg-icon avia-font-svg_entypo-fontello\" data-av_svg_icon='doc-text' data-av_iconset='svg_entypo-fontello'><svg version=\"1.1\" xmlns=\"http:\/\/www.w3.org\/2000\/svg\" width=\"22\" height=\"32\" viewbox=\"0 0 22 32\" preserveaspectratio=\"xMidYMid meet\" aria-labelledby='av-svg-title-314' aria-describedby='av-svg-desc-314' role=\"graphics-symbol\" aria-hidden=\"true\">\n<title id='av-svg-title-314'>Voir les d\u00e9tails<\/title>\n<desc id='av-svg-desc-314'>Voir les d\u00e9tails<\/desc>\n<path d=\"M6.784 17.344v-2.88h8.96v2.88h-8.96zM19.2 1.6q1.344 0 2.272 0.928t0.928 2.272v22.4q0 1.28-0.928 2.24t-2.272 0.96h-16q-1.28 0-2.24-0.96t-0.96-2.24v-22.4q0-1.344 0.96-2.272t2.24-0.928h16zM19.2 27.2v-22.4h-16v22.4h16zM15.68 8.256v2.816h-8.96v-2.816h8.96zM15.68 20.8v2.816h-8.96v-2.816h8.96z\"><\/path>\n<\/svg><\/span>  Voir les d\u00e9tails<\/a> <span class=\"button-mini-delimiter\"><\/span><\/div><\/div><\/li>\n<li class=\"product type-product post-6557 status-publish first instock product_cat-gemahlen product_cat-gewuerz-mischungen has-post-thumbnail taxable shipping-taxable purchasable product-type-simple\">\n\t<div class='inner_product main_color wrapped_style noLightbox  av-product-class-'><a href=\"https:\/\/www.raffinessen.ch\/fr\/produit\/zermatt\/\" class=\"woocommerce-LoopProduct-link woocommerce-loop-product__link\"><div class=\"thumbnail_container\"><img loading=\"lazy\" decoding=\"async\" width=\"500\" height=\"500\" src=\"https:\/\/www.raffinessen.ch\/webseite\/wp-content\/uploads\/2020\/07\/zermatt-beutel-500x500.jpg\" class=\"attachment-woocommerce_thumbnail avia-product-hover\" alt=\"\" srcset=\"https:\/\/www.raffinessen.ch\/webseite\/wp-content\/uploads\/2020\/07\/zermatt-beutel-500x500.jpg 500w, https:\/\/www.raffinessen.ch\/webseite\/wp-content\/uploads\/2020\/07\/zermatt-beutel-300x300.jpg 300w, https:\/\/www.raffinessen.ch\/webseite\/wp-content\/uploads\/2020\/07\/zermatt-beutel-1030x1030.jpg 1030w, https:\/\/www.raffinessen.ch\/webseite\/wp-content\/uploads\/2020\/07\/zermatt-beutel-80x80.jpg 80w, https:\/\/www.raffinessen.ch\/webseite\/wp-content\/uploads\/2020\/07\/zermatt-beutel-768x768.jpg 768w, https:\/\/www.raffinessen.ch\/webseite\/wp-content\/uploads\/2020\/07\/zermatt-beutel-1536x1536.jpg 1536w, https:\/\/www.raffinessen.ch\/webseite\/wp-content\/uploads\/2020\/07\/zermatt-beutel-36x36.jpg 36w, https:\/\/www.raffinessen.ch\/webseite\/wp-content\/uploads\/2020\/07\/zermatt-beutel-180x180.jpg 180w, https:\/\/www.raffinessen.ch\/webseite\/wp-content\/uploads\/2020\/07\/zermatt-beutel-1500x1500.jpg 1500w, https:\/\/www.raffinessen.ch\/webseite\/wp-content\/uploads\/2020\/07\/zermatt-beutel-705x705.jpg 705w, https:\/\/www.raffinessen.ch\/webseite\/wp-content\/uploads\/2020\/07\/zermatt-beutel-100x100.jpg 100w, https:\/\/www.raffinessen.ch\/webseite\/wp-content\/uploads\/2020\/07\/zermatt-beutel-1000x1000.jpg 1000w, https:\/\/www.raffinessen.ch\/webseite\/wp-content\/uploads\/2020\/07\/zermatt-beutel.jpg 2000w\" sizes=\"auto, (max-width: 500px) 100vw, 500px\" \/><img decoding=\"async\" loading=\"lazy\" width=\"500\" height=\"500\" src=\"https:\/\/www.raffinessen.ch\/webseite\/wp-content\/uploads\/2020\/03\/zermatt-gewuerz-kreis-raffinessen-500x500.jpg\" class=\"wp-image-5146 avia-img-lazy-loading-5146 attachment-woocommerce_thumbnail size-woocommerce_thumbnail wp-post-image\" alt=\"\" srcset=\"https:\/\/www.raffinessen.ch\/webseite\/wp-content\/uploads\/2020\/03\/zermatt-gewuerz-kreis-raffinessen-500x500.jpg 500w, https:\/\/www.raffinessen.ch\/webseite\/wp-content\/uploads\/2020\/03\/zermatt-gewuerz-kreis-raffinessen-300x300.jpg 300w, https:\/\/www.raffinessen.ch\/webseite\/wp-content\/uploads\/2020\/03\/zermatt-gewuerz-kreis-raffinessen-1030x1030.jpg 1030w, https:\/\/www.raffinessen.ch\/webseite\/wp-content\/uploads\/2020\/03\/zermatt-gewuerz-kreis-raffinessen-80x80.jpg 80w, https:\/\/www.raffinessen.ch\/webseite\/wp-content\/uploads\/2020\/03\/zermatt-gewuerz-kreis-raffinessen-768x768.jpg 768w, https:\/\/www.raffinessen.ch\/webseite\/wp-content\/uploads\/2020\/03\/zermatt-gewuerz-kreis-raffinessen-1536x1536.jpg 1536w, https:\/\/www.raffinessen.ch\/webseite\/wp-content\/uploads\/2020\/03\/zermatt-gewuerz-kreis-raffinessen-2048x2048.jpg 2048w, https:\/\/www.raffinessen.ch\/webseite\/wp-content\/uploads\/2020\/03\/zermatt-gewuerz-kreis-raffinessen-36x36.jpg 36w, https:\/\/www.raffinessen.ch\/webseite\/wp-content\/uploads\/2020\/03\/zermatt-gewuerz-kreis-raffinessen-180x180.jpg 180w, https:\/\/www.raffinessen.ch\/webseite\/wp-content\/uploads\/2020\/03\/zermatt-gewuerz-kreis-raffinessen-1500x1500.jpg 1500w, https:\/\/www.raffinessen.ch\/webseite\/wp-content\/uploads\/2020\/03\/zermatt-gewuerz-kreis-raffinessen-705x705.jpg 705w, https:\/\/www.raffinessen.ch\/webseite\/wp-content\/uploads\/2020\/03\/zermatt-gewuerz-kreis-raffinessen-100x100.jpg 100w, https:\/\/www.raffinessen.ch\/webseite\/wp-content\/uploads\/2020\/03\/zermatt-gewuerz-kreis-raffinessen-1000x1000.jpg 1000w\" sizes=\"auto, (max-width: 500px) 100vw, 500px\" \/><span class=\"cart-loading\"><\/span><\/div><div class='inner_product_header'><div class='avia-arrow'><\/div><div class='inner_product_header_table'><div class='inner_product_header_cell'><h2 class=\"woocommerce-loop-product__title\">Zermatt<\/h2>\n\t<span class=\"price\"><span class=\"woocommerce-Price-amount amount\"><bdi><span class=\"woocommerce-Price-currencySymbol\">&#67;&#72;&#70;<\/span>&nbsp;6.00<\/bdi><\/span> <small class=\"woocommerce-price-suffix\">TVA incluse<\/small><\/span>\n<\/div><\/div><\/div><\/a><div class='avia_cart_buttons'><a href=\"\/fr\/wp-json\/wp\/v2\/pages\/9012?add-to-cart=6557\" aria-describedby=\"woocommerce_loop_add_to_cart_link_describedby_6557\" data-quantity=\"1\" class=\"button product_type_simple add_to_cart_button ajax_add_to_cart\" data-product_id=\"6557\" data-product_sku=\"FPO-S033-60\" aria-label=\"Ajouter au panier\u00a0: \u201cZermatt\u201d\" rel=\"nofollow\" data-success_message=\"\u00ab\u00a0Zermatt\u00a0\u00bb a \u00e9t\u00e9 ajout\u00e9 \u00e0 votre panier\" role=\"button\" data-no-translation-aria-label=\"\" data-no-translation-data-success_message=\"\"><span class=\"avia-svg-icon avia-font-svg_entypo-fontello\" data-av_svg_icon='basket' data-av_iconset='svg_entypo-fontello'><svg version=\"1.1\" xmlns=\"http:\/\/www.w3.org\/2000\/svg\" width=\"29\" height=\"32\" viewbox=\"0 0 29 32\" preserveaspectratio=\"xMidYMid meet\" aria-labelledby='av-svg-title-315' aria-describedby='av-svg-desc-315' role=\"graphics-symbol\" aria-hidden=\"true\">\n<title id='av-svg-title-315'>Ajouter au panier<\/title>\n<desc id='av-svg-desc-315'>Ajouter au panier<\/desc>\n<path d=\"M4.8 27.2q0-1.28 0.96-2.24t2.24-0.96q1.344 0 2.272 0.96t0.928 2.24q0 1.344-0.928 2.272t-2.272 0.928q-1.28 0-2.24-0.928t-0.96-2.272zM20.8 27.2q0-1.28 0.96-2.24t2.24-0.96q1.344 0 2.272 0.96t0.928 2.24q0 1.344-0.928 2.272t-2.272 0.928q-1.28 0-2.24-0.928t-0.96-2.272zM10.496 19.648q-1.152 0.32-1.088 0.736t1.408 0.416h17.984v2.432q0 0.64-0.64 0.64h-20.928q-0.64 0-0.64-0.64v-2.432l-0.32-1.472-3.136-14.528h-3.136v-2.56q0-0.64 0.64-0.64h4.992q0.64 0 0.64 0.64v2.752h22.528v8.768q0 0.704-0.576 0.832z\"><\/path>\n<\/svg><\/span>  Ajouter au panier<\/a>\t<span id=\"woocommerce_loop_add_to_cart_link_describedby_6557\" class=\"screen-reader-text\">\n\t\t\t<\/span>\n<a class=\"button show_details_button\" href=\"https:\/\/www.raffinessen.ch\/fr\/produit\/zermatt\/\"><span class=\"avia-svg-icon avia-font-svg_entypo-fontello\" data-av_svg_icon='doc-text' data-av_iconset='svg_entypo-fontello'><svg version=\"1.1\" xmlns=\"http:\/\/www.w3.org\/2000\/svg\" width=\"22\" height=\"32\" viewbox=\"0 0 22 32\" preserveaspectratio=\"xMidYMid meet\" aria-labelledby='av-svg-title-316' aria-describedby='av-svg-desc-316' role=\"graphics-symbol\" aria-hidden=\"true\">\n<title id='av-svg-title-316'>Voir les d\u00e9tails<\/title>\n<desc id='av-svg-desc-316'>Voir les d\u00e9tails<\/desc>\n<path d=\"M6.784 17.344v-2.88h8.96v2.88h-8.96zM19.2 1.6q1.344 0 2.272 0.928t0.928 2.272v22.4q0 1.28-0.928 2.24t-2.272 0.96h-16q-1.28 0-2.24-0.96t-0.96-2.24v-22.4q0-1.344 0.96-2.272t2.24-0.928h16zM19.2 27.2v-22.4h-16v22.4h16zM15.68 8.256v2.816h-8.96v-2.816h8.96zM15.68 20.8v2.816h-8.96v-2.816h8.96z\"><\/path>\n<\/svg><\/span>  Voir les d\u00e9tails<\/a> <span class=\"button-mini-delimiter\"><\/span><\/div><\/div><\/li>\n<\/ul><\/div><\/div><div class=\"clear\"><\/div><br \/>\n\n<style type=\"text\/css\" data-created_by=\"avia_inline_auto\" id=\"style-css-av-kuny86kw-e4a205d681fead29e0c93ee150888f15\">\n#top .av-special-heading.av-kuny86kw-e4a205d681fead29e0c93ee150888f15{\npadding-bottom:10px;\n}\nbody .av-special-heading.av-kuny86kw-e4a205d681fead29e0c93ee150888f15 .av-special-heading-tag .heading-char{\nfont-size:25px;\n}\n.av-special-heading.av-kuny86kw-e4a205d681fead29e0c93ee150888f15 .av-subheading{\nfont-size:15px;\n}\n<\/style>\n<div  id=\"grob\"  class='av-special-heading av-kuny86kw-e4a205d681fead29e0c93ee150888f15 av-special-heading-h3 blockquote modern-quote modern-centered'><h3 class='av-special-heading-tag'  itemprop=\"headline\"  >Grossier<\/h3><div class=\"special-heading-border\"><div class=\"special-heading-inner-border\"><\/div><\/div><\/div><br \/>\n<div  class='avia-product-slider-container av-29l4lj-5-ca4d6e3e42a4e5024dd74a56b56e9d4d template-shop avia-content-slider avia-content-grid-active shop_columns_4 avia-content-slider-even av-slideshow-ui av-slider-hover-pause av-slideshow-manual av-loop-once av-loop-manual-endless avia-product-slider7' data-slideshow-options=\"{&quot;animation&quot;:&quot;fade&quot;,&quot;autoplay&quot;:false,&quot;loop_autoplay&quot;:&quot;once&quot;,&quot;interval&quot;:5,&quot;loop_manual&quot;:&quot;manual-endless&quot;,&quot;autoplay_stopper&quot;:false,&quot;noNavigation&quot;:false,&quot;bg_slider&quot;:false,&quot;keep_padding&quot;:false,&quot;hoverpause&quot;:true,&quot;show_slide_delay&quot;:0}\"><div class='avia-content-slider-inner'><ul class=\"products\"><li class=\"product type-product post-6621 status-publish first instock product_cat-grob has-post-thumbnail taxable shipping-taxable purchasable product-type-simple\">\n\t<div class='inner_product main_color wrapped_style noLightbox  av-product-class-'><a href=\"https:\/\/www.raffinessen.ch\/fr\/produit\/catania\/\" class=\"woocommerce-LoopProduct-link woocommerce-loop-product__link\"><div class=\"thumbnail_container\"><img loading=\"lazy\" decoding=\"async\" width=\"500\" height=\"500\" src=\"https:\/\/www.raffinessen.ch\/webseite\/wp-content\/uploads\/2020\/07\/catania-beutel-500x500.jpg\" class=\"attachment-woocommerce_thumbnail avia-product-hover\" alt=\"\" srcset=\"https:\/\/www.raffinessen.ch\/webseite\/wp-content\/uploads\/2020\/07\/catania-beutel-500x500.jpg 500w, https:\/\/www.raffinessen.ch\/webseite\/wp-content\/uploads\/2020\/07\/catania-beutel-300x300.jpg 300w, https:\/\/www.raffinessen.ch\/webseite\/wp-content\/uploads\/2020\/07\/catania-beutel-1030x1030.jpg 1030w, https:\/\/www.raffinessen.ch\/webseite\/wp-content\/uploads\/2020\/07\/catania-beutel-80x80.jpg 80w, https:\/\/www.raffinessen.ch\/webseite\/wp-content\/uploads\/2020\/07\/catania-beutel-768x768.jpg 768w, https:\/\/www.raffinessen.ch\/webseite\/wp-content\/uploads\/2020\/07\/catania-beutel-1536x1536.jpg 1536w, https:\/\/www.raffinessen.ch\/webseite\/wp-content\/uploads\/2020\/07\/catania-beutel-36x36.jpg 36w, https:\/\/www.raffinessen.ch\/webseite\/wp-content\/uploads\/2020\/07\/catania-beutel-180x180.jpg 180w, https:\/\/www.raffinessen.ch\/webseite\/wp-content\/uploads\/2020\/07\/catania-beutel-1500x1500.jpg 1500w, https:\/\/www.raffinessen.ch\/webseite\/wp-content\/uploads\/2020\/07\/catania-beutel-705x705.jpg 705w, https:\/\/www.raffinessen.ch\/webseite\/wp-content\/uploads\/2020\/07\/catania-beutel-100x100.jpg 100w, https:\/\/www.raffinessen.ch\/webseite\/wp-content\/uploads\/2020\/07\/catania-beutel-1000x1000.jpg 1000w, https:\/\/www.raffinessen.ch\/webseite\/wp-content\/uploads\/2020\/07\/catania-beutel.jpg 2000w\" sizes=\"auto, (max-width: 500px) 100vw, 500px\" \/><img decoding=\"async\" loading=\"lazy\" width=\"500\" height=\"500\" src=\"https:\/\/www.raffinessen.ch\/webseite\/wp-content\/uploads\/2020\/03\/catania-gewuerz-kreis-raffinessen-500x500.jpg\" class=\"wp-image-5131 avia-img-lazy-loading-5131 attachment-woocommerce_thumbnail size-woocommerce_thumbnail wp-post-image\" alt=\"\" srcset=\"https:\/\/www.raffinessen.ch\/webseite\/wp-content\/uploads\/2020\/03\/catania-gewuerz-kreis-raffinessen-500x500.jpg 500w, https:\/\/www.raffinessen.ch\/webseite\/wp-content\/uploads\/2020\/03\/catania-gewuerz-kreis-raffinessen-300x300.jpg 300w, https:\/\/www.raffinessen.ch\/webseite\/wp-content\/uploads\/2020\/03\/catania-gewuerz-kreis-raffinessen-1030x1030.jpg 1030w, https:\/\/www.raffinessen.ch\/webseite\/wp-content\/uploads\/2020\/03\/catania-gewuerz-kreis-raffinessen-80x80.jpg 80w, https:\/\/www.raffinessen.ch\/webseite\/wp-content\/uploads\/2020\/03\/catania-gewuerz-kreis-raffinessen-768x768.jpg 768w, https:\/\/www.raffinessen.ch\/webseite\/wp-content\/uploads\/2020\/03\/catania-gewuerz-kreis-raffinessen-1536x1536.jpg 1536w, https:\/\/www.raffinessen.ch\/webseite\/wp-content\/uploads\/2020\/03\/catania-gewuerz-kreis-raffinessen-2048x2048.jpg 2048w, https:\/\/www.raffinessen.ch\/webseite\/wp-content\/uploads\/2020\/03\/catania-gewuerz-kreis-raffinessen-36x36.jpg 36w, https:\/\/www.raffinessen.ch\/webseite\/wp-content\/uploads\/2020\/03\/catania-gewuerz-kreis-raffinessen-180x180.jpg 180w, https:\/\/www.raffinessen.ch\/webseite\/wp-content\/uploads\/2020\/03\/catania-gewuerz-kreis-raffinessen-1500x1500.jpg 1500w, https:\/\/www.raffinessen.ch\/webseite\/wp-content\/uploads\/2020\/03\/catania-gewuerz-kreis-raffinessen-705x705.jpg 705w, https:\/\/www.raffinessen.ch\/webseite\/wp-content\/uploads\/2020\/03\/catania-gewuerz-kreis-raffinessen-100x100.jpg 100w, https:\/\/www.raffinessen.ch\/webseite\/wp-content\/uploads\/2020\/03\/catania-gewuerz-kreis-raffinessen-1000x1000.jpg 1000w\" sizes=\"auto, (max-width: 500px) 100vw, 500px\" \/><span class=\"cart-loading\"><\/span><\/div><div class='inner_product_header'><div class='avia-arrow'><\/div><div class='inner_product_header_table'><div class='inner_product_header_cell'><h2 class=\"woocommerce-loop-product__title\">Catania<\/h2>\n\t<span class=\"price\"><span class=\"woocommerce-Price-amount amount\"><bdi><span class=\"woocommerce-Price-currencySymbol\">&#67;&#72;&#70;<\/span>&nbsp;6.00<\/bdi><\/span> <small class=\"woocommerce-price-suffix\">TVA incluse<\/small><\/span>\n<\/div><\/div><\/div><\/a><div class='avia_cart_buttons'><a href=\"\/fr\/wp-json\/wp\/v2\/pages\/9012?add-to-cart=6621\" aria-describedby=\"woocommerce_loop_add_to_cart_link_describedby_6621\" data-quantity=\"1\" class=\"button product_type_simple add_to_cart_button ajax_add_to_cart\" data-product_id=\"6621\" data-product_sku=\"FPO-S009-60\" aria-label=\"Ajouter au panier\u00a0: \u201cCatania\u201d\" rel=\"nofollow\" data-success_message=\"\u00ab\u00a0Catania\u00a0\u00bb a \u00e9t\u00e9 ajout\u00e9 \u00e0 votre panier\" role=\"button\" data-no-translation-aria-label=\"\" data-no-translation-data-success_message=\"\"><span class=\"avia-svg-icon avia-font-svg_entypo-fontello\" data-av_svg_icon='basket' data-av_iconset='svg_entypo-fontello'><svg version=\"1.1\" xmlns=\"http:\/\/www.w3.org\/2000\/svg\" width=\"29\" height=\"32\" viewbox=\"0 0 29 32\" preserveaspectratio=\"xMidYMid meet\" aria-labelledby='av-svg-title-317' aria-describedby='av-svg-desc-317' role=\"graphics-symbol\" aria-hidden=\"true\">\n<title id='av-svg-title-317'>Ajouter au panier<\/title>\n<desc id='av-svg-desc-317'>Ajouter au panier<\/desc>\n<path d=\"M4.8 27.2q0-1.28 0.96-2.24t2.24-0.96q1.344 0 2.272 0.96t0.928 2.24q0 1.344-0.928 2.272t-2.272 0.928q-1.28 0-2.24-0.928t-0.96-2.272zM20.8 27.2q0-1.28 0.96-2.24t2.24-0.96q1.344 0 2.272 0.96t0.928 2.24q0 1.344-0.928 2.272t-2.272 0.928q-1.28 0-2.24-0.928t-0.96-2.272zM10.496 19.648q-1.152 0.32-1.088 0.736t1.408 0.416h17.984v2.432q0 0.64-0.64 0.64h-20.928q-0.64 0-0.64-0.64v-2.432l-0.32-1.472-3.136-14.528h-3.136v-2.56q0-0.64 0.64-0.64h4.992q0.64 0 0.64 0.64v2.752h22.528v8.768q0 0.704-0.576 0.832z\"><\/path>\n<\/svg><\/span>  Ajouter au panier<\/a>\t<span id=\"woocommerce_loop_add_to_cart_link_describedby_6621\" class=\"screen-reader-text\">\n\t\t\t<\/span>\n<a class=\"button show_details_button\" href=\"https:\/\/www.raffinessen.ch\/fr\/produit\/catania\/\"><span class=\"avia-svg-icon avia-font-svg_entypo-fontello\" data-av_svg_icon='doc-text' data-av_iconset='svg_entypo-fontello'><svg version=\"1.1\" xmlns=\"http:\/\/www.w3.org\/2000\/svg\" width=\"22\" height=\"32\" viewbox=\"0 0 22 32\" preserveaspectratio=\"xMidYMid meet\" aria-labelledby='av-svg-title-318' aria-describedby='av-svg-desc-318' role=\"graphics-symbol\" aria-hidden=\"true\">\n<title id='av-svg-title-318'>Voir les d\u00e9tails<\/title>\n<desc id='av-svg-desc-318'>Voir les d\u00e9tails<\/desc>\n<path d=\"M6.784 17.344v-2.88h8.96v2.88h-8.96zM19.2 1.6q1.344 0 2.272 0.928t0.928 2.272v22.4q0 1.28-0.928 2.24t-2.272 0.96h-16q-1.28 0-2.24-0.96t-0.96-2.24v-22.4q0-1.344 0.96-2.272t2.24-0.928h16zM19.2 27.2v-22.4h-16v22.4h16zM15.68 8.256v2.816h-8.96v-2.816h8.96zM15.68 20.8v2.816h-8.96v-2.816h8.96z\"><\/path>\n<\/svg><\/span>  Voir les d\u00e9tails<\/a> <span class=\"button-mini-delimiter\"><\/span><\/div><\/div><\/li>\n<li class=\"product type-product post-6602 status-publish instock product_cat-grob has-post-thumbnail taxable shipping-taxable purchasable product-type-simple\">\n\t<div class='inner_product main_color wrapped_style noLightbox  av-product-class-'><a href=\"https:\/\/www.raffinessen.ch\/fr\/produit\/quebec\/\" class=\"woocommerce-LoopProduct-link woocommerce-loop-product__link\"><div class=\"thumbnail_container\"><img loading=\"lazy\" decoding=\"async\" width=\"500\" height=\"500\" src=\"https:\/\/www.raffinessen.ch\/webseite\/wp-content\/uploads\/2020\/07\/quebec-beutel-500x500.jpg\" class=\"attachment-woocommerce_thumbnail avia-product-hover\" alt=\"\" srcset=\"https:\/\/www.raffinessen.ch\/webseite\/wp-content\/uploads\/2020\/07\/quebec-beutel-500x500.jpg 500w, https:\/\/www.raffinessen.ch\/webseite\/wp-content\/uploads\/2020\/07\/quebec-beutel-300x300.jpg 300w, https:\/\/www.raffinessen.ch\/webseite\/wp-content\/uploads\/2020\/07\/quebec-beutel-1030x1030.jpg 1030w, https:\/\/www.raffinessen.ch\/webseite\/wp-content\/uploads\/2020\/07\/quebec-beutel-80x80.jpg 80w, https:\/\/www.raffinessen.ch\/webseite\/wp-content\/uploads\/2020\/07\/quebec-beutel-768x768.jpg 768w, https:\/\/www.raffinessen.ch\/webseite\/wp-content\/uploads\/2020\/07\/quebec-beutel-1536x1536.jpg 1536w, https:\/\/www.raffinessen.ch\/webseite\/wp-content\/uploads\/2020\/07\/quebec-beutel-36x36.jpg 36w, https:\/\/www.raffinessen.ch\/webseite\/wp-content\/uploads\/2020\/07\/quebec-beutel-180x180.jpg 180w, https:\/\/www.raffinessen.ch\/webseite\/wp-content\/uploads\/2020\/07\/quebec-beutel-1500x1500.jpg 1500w, https:\/\/www.raffinessen.ch\/webseite\/wp-content\/uploads\/2020\/07\/quebec-beutel-705x705.jpg 705w, https:\/\/www.raffinessen.ch\/webseite\/wp-content\/uploads\/2020\/07\/quebec-beutel-100x100.jpg 100w, https:\/\/www.raffinessen.ch\/webseite\/wp-content\/uploads\/2020\/07\/quebec-beutel-1000x1000.jpg 1000w, https:\/\/www.raffinessen.ch\/webseite\/wp-content\/uploads\/2020\/07\/quebec-beutel.jpg 2000w\" sizes=\"auto, (max-width: 500px) 100vw, 500px\" \/><img decoding=\"async\" loading=\"lazy\" width=\"500\" height=\"500\" src=\"https:\/\/www.raffinessen.ch\/webseite\/wp-content\/uploads\/2020\/03\/ahorn-kakao-gewuerz-kreis-raffinessen-500x500.jpg\" class=\"wp-image-5122 avia-img-lazy-loading-5122 attachment-woocommerce_thumbnail size-woocommerce_thumbnail wp-post-image\" alt=\"\" srcset=\"https:\/\/www.raffinessen.ch\/webseite\/wp-content\/uploads\/2020\/03\/ahorn-kakao-gewuerz-kreis-raffinessen-500x500.jpg 500w, https:\/\/www.raffinessen.ch\/webseite\/wp-content\/uploads\/2020\/03\/ahorn-kakao-gewuerz-kreis-raffinessen-300x300.jpg 300w, https:\/\/www.raffinessen.ch\/webseite\/wp-content\/uploads\/2020\/03\/ahorn-kakao-gewuerz-kreis-raffinessen-1030x1030.jpg 1030w, https:\/\/www.raffinessen.ch\/webseite\/wp-content\/uploads\/2020\/03\/ahorn-kakao-gewuerz-kreis-raffinessen-80x80.jpg 80w, https:\/\/www.raffinessen.ch\/webseite\/wp-content\/uploads\/2020\/03\/ahorn-kakao-gewuerz-kreis-raffinessen-768x768.jpg 768w, https:\/\/www.raffinessen.ch\/webseite\/wp-content\/uploads\/2020\/03\/ahorn-kakao-gewuerz-kreis-raffinessen-1536x1536.jpg 1536w, https:\/\/www.raffinessen.ch\/webseite\/wp-content\/uploads\/2020\/03\/ahorn-kakao-gewuerz-kreis-raffinessen-2048x2048.jpg 2048w, https:\/\/www.raffinessen.ch\/webseite\/wp-content\/uploads\/2020\/03\/ahorn-kakao-gewuerz-kreis-raffinessen-36x36.jpg 36w, https:\/\/www.raffinessen.ch\/webseite\/wp-content\/uploads\/2020\/03\/ahorn-kakao-gewuerz-kreis-raffinessen-180x180.jpg 180w, https:\/\/www.raffinessen.ch\/webseite\/wp-content\/uploads\/2020\/03\/ahorn-kakao-gewuerz-kreis-raffinessen-1500x1500.jpg 1500w, https:\/\/www.raffinessen.ch\/webseite\/wp-content\/uploads\/2020\/03\/ahorn-kakao-gewuerz-kreis-raffinessen-705x705.jpg 705w, https:\/\/www.raffinessen.ch\/webseite\/wp-content\/uploads\/2020\/03\/ahorn-kakao-gewuerz-kreis-raffinessen-100x100.jpg 100w, https:\/\/www.raffinessen.ch\/webseite\/wp-content\/uploads\/2020\/03\/ahorn-kakao-gewuerz-kreis-raffinessen-1000x1000.jpg 1000w\" sizes=\"auto, (max-width: 500px) 100vw, 500px\" \/><span class=\"cart-loading\"><\/span><\/div><div class='inner_product_header'><div class='avia-arrow'><\/div><div class='inner_product_header_table'><div class='inner_product_header_cell'><h2 class=\"woocommerce-loop-product__title\">Qu\u00e9bec (pr\u00e9c\u00e9demment Cacao d'\u00e9rable)<\/h2>\n\t<span class=\"price\"><span class=\"woocommerce-Price-amount amount\"><bdi><span class=\"woocommerce-Price-currencySymbol\">&#67;&#72;&#70;<\/span>&nbsp;9.00<\/bdi><\/span> <small class=\"woocommerce-price-suffix\">TVA incluse<\/small><\/span>\n<\/div><\/div><\/div><\/a><div class='avia_cart_buttons'><a href=\"\/fr\/wp-json\/wp\/v2\/pages\/9012?add-to-cart=6602\" aria-describedby=\"woocommerce_loop_add_to_cart_link_describedby_6602\" data-quantity=\"1\" class=\"button product_type_simple add_to_cart_button ajax_add_to_cart\" data-product_id=\"6602\" data-product_sku=\"FPO-S001-50\" aria-label=\"Ajouter au panier\u00a0: \u201cQu\u00e9bec (bisher Ahorn Kakao)\u201d\" rel=\"nofollow\" data-success_message=\"\u00ab\u00a0Qu\u00e9bec (bisher Ahorn Kakao)\u00a0\u00bb a \u00e9t\u00e9 ajout\u00e9 \u00e0 votre panier\" role=\"button\" data-no-translation-aria-label=\"\" data-no-translation-data-success_message=\"\"><span class=\"avia-svg-icon avia-font-svg_entypo-fontello\" data-av_svg_icon='basket' data-av_iconset='svg_entypo-fontello'><svg version=\"1.1\" xmlns=\"http:\/\/www.w3.org\/2000\/svg\" width=\"29\" height=\"32\" viewbox=\"0 0 29 32\" preserveaspectratio=\"xMidYMid meet\" aria-labelledby='av-svg-title-319' aria-describedby='av-svg-desc-319' role=\"graphics-symbol\" aria-hidden=\"true\">\n<title id='av-svg-title-319'>Ajouter au panier<\/title>\n<desc id='av-svg-desc-319'>Ajouter au panier<\/desc>\n<path d=\"M4.8 27.2q0-1.28 0.96-2.24t2.24-0.96q1.344 0 2.272 0.96t0.928 2.24q0 1.344-0.928 2.272t-2.272 0.928q-1.28 0-2.24-0.928t-0.96-2.272zM20.8 27.2q0-1.28 0.96-2.24t2.24-0.96q1.344 0 2.272 0.96t0.928 2.24q0 1.344-0.928 2.272t-2.272 0.928q-1.28 0-2.24-0.928t-0.96-2.272zM10.496 19.648q-1.152 0.32-1.088 0.736t1.408 0.416h17.984v2.432q0 0.64-0.64 0.64h-20.928q-0.64 0-0.64-0.64v-2.432l-0.32-1.472-3.136-14.528h-3.136v-2.56q0-0.64 0.64-0.64h4.992q0.64 0 0.64 0.64v2.752h22.528v8.768q0 0.704-0.576 0.832z\"><\/path>\n<\/svg><\/span>  Ajouter au panier<\/a>\t<span id=\"woocommerce_loop_add_to_cart_link_describedby_6602\" class=\"screen-reader-text\">\n\t\t\t<\/span>\n<a class=\"button show_details_button\" href=\"https:\/\/www.raffinessen.ch\/fr\/produit\/quebec\/\"><span class=\"avia-svg-icon avia-font-svg_entypo-fontello\" data-av_svg_icon='doc-text' data-av_iconset='svg_entypo-fontello'><svg version=\"1.1\" xmlns=\"http:\/\/www.w3.org\/2000\/svg\" width=\"22\" height=\"32\" viewbox=\"0 0 22 32\" preserveaspectratio=\"xMidYMid meet\" aria-labelledby='av-svg-title-320' aria-describedby='av-svg-desc-320' role=\"graphics-symbol\" aria-hidden=\"true\">\n<title id='av-svg-title-320'>Voir les d\u00e9tails<\/title>\n<desc id='av-svg-desc-320'>Voir les d\u00e9tails<\/desc>\n<path d=\"M6.784 17.344v-2.88h8.96v2.88h-8.96zM19.2 1.6q1.344 0 2.272 0.928t0.928 2.272v22.4q0 1.28-0.928 2.24t-2.272 0.96h-16q-1.28 0-2.24-0.96t-0.96-2.24v-22.4q0-1.344 0.96-2.272t2.24-0.928h16zM19.2 27.2v-22.4h-16v22.4h16zM15.68 8.256v2.816h-8.96v-2.816h8.96zM15.68 20.8v2.816h-8.96v-2.816h8.96z\"><\/path>\n<\/svg><\/span>  Voir les d\u00e9tails<\/a> <span class=\"button-mini-delimiter\"><\/span><\/div><\/div><\/li>\n<li class=\"product type-product post-6604 status-publish instock product_cat-grob has-post-thumbnail taxable shipping-taxable purchasable product-type-simple\">\n\t<div class='inner_product main_color wrapped_style noLightbox  av-product-class-'><a href=\"https:\/\/www.raffinessen.ch\/fr\/produit\/rio-branco\/\" class=\"woocommerce-LoopProduct-link woocommerce-loop-product__link\"><div class=\"thumbnail_container\"><img loading=\"lazy\" decoding=\"async\" width=\"500\" height=\"500\" src=\"https:\/\/www.raffinessen.ch\/webseite\/wp-content\/uploads\/2020\/07\/rio-branco-beutel-500x500.jpg\" class=\"attachment-woocommerce_thumbnail avia-product-hover\" alt=\"\" srcset=\"https:\/\/www.raffinessen.ch\/webseite\/wp-content\/uploads\/2020\/07\/rio-branco-beutel-500x500.jpg 500w, https:\/\/www.raffinessen.ch\/webseite\/wp-content\/uploads\/2020\/07\/rio-branco-beutel-300x300.jpg 300w, https:\/\/www.raffinessen.ch\/webseite\/wp-content\/uploads\/2020\/07\/rio-branco-beutel-1030x1030.jpg 1030w, https:\/\/www.raffinessen.ch\/webseite\/wp-content\/uploads\/2020\/07\/rio-branco-beutel-80x80.jpg 80w, https:\/\/www.raffinessen.ch\/webseite\/wp-content\/uploads\/2020\/07\/rio-branco-beutel-768x768.jpg 768w, https:\/\/www.raffinessen.ch\/webseite\/wp-content\/uploads\/2020\/07\/rio-branco-beutel-1536x1536.jpg 1536w, https:\/\/www.raffinessen.ch\/webseite\/wp-content\/uploads\/2020\/07\/rio-branco-beutel-36x36.jpg 36w, https:\/\/www.raffinessen.ch\/webseite\/wp-content\/uploads\/2020\/07\/rio-branco-beutel-180x180.jpg 180w, https:\/\/www.raffinessen.ch\/webseite\/wp-content\/uploads\/2020\/07\/rio-branco-beutel-1500x1500.jpg 1500w, https:\/\/www.raffinessen.ch\/webseite\/wp-content\/uploads\/2020\/07\/rio-branco-beutel-705x705.jpg 705w, https:\/\/www.raffinessen.ch\/webseite\/wp-content\/uploads\/2020\/07\/rio-branco-beutel-100x100.jpg 100w, https:\/\/www.raffinessen.ch\/webseite\/wp-content\/uploads\/2020\/07\/rio-branco-beutel-1000x1000.jpg 1000w, https:\/\/www.raffinessen.ch\/webseite\/wp-content\/uploads\/2020\/07\/rio-branco-beutel.jpg 2000w\" sizes=\"auto, (max-width: 500px) 100vw, 500px\" \/><img decoding=\"async\" loading=\"lazy\" width=\"500\" height=\"500\" src=\"https:\/\/www.raffinessen.ch\/webseite\/wp-content\/uploads\/2020\/05\/rio-branco-kreis-500x500.jpg\" class=\"wp-image-6136 avia-img-lazy-loading-6136 attachment-woocommerce_thumbnail size-woocommerce_thumbnail wp-post-image\" alt=\"\" srcset=\"https:\/\/www.raffinessen.ch\/webseite\/wp-content\/uploads\/2020\/05\/rio-branco-kreis-500x500.jpg 500w, https:\/\/www.raffinessen.ch\/webseite\/wp-content\/uploads\/2020\/05\/rio-branco-kreis-300x300.jpg 300w, https:\/\/www.raffinessen.ch\/webseite\/wp-content\/uploads\/2020\/05\/rio-branco-kreis-1030x1030.jpg 1030w, https:\/\/www.raffinessen.ch\/webseite\/wp-content\/uploads\/2020\/05\/rio-branco-kreis-80x80.jpg 80w, https:\/\/www.raffinessen.ch\/webseite\/wp-content\/uploads\/2020\/05\/rio-branco-kreis-768x768.jpg 768w, https:\/\/www.raffinessen.ch\/webseite\/wp-content\/uploads\/2020\/05\/rio-branco-kreis-1536x1536.jpg 1536w, https:\/\/www.raffinessen.ch\/webseite\/wp-content\/uploads\/2020\/05\/rio-branco-kreis-2048x2048.jpg 2048w, https:\/\/www.raffinessen.ch\/webseite\/wp-content\/uploads\/2020\/05\/rio-branco-kreis-36x36.jpg 36w, https:\/\/www.raffinessen.ch\/webseite\/wp-content\/uploads\/2020\/05\/rio-branco-kreis-180x180.jpg 180w, https:\/\/www.raffinessen.ch\/webseite\/wp-content\/uploads\/2020\/05\/rio-branco-kreis-1500x1500.jpg 1500w, https:\/\/www.raffinessen.ch\/webseite\/wp-content\/uploads\/2020\/05\/rio-branco-kreis-705x705.jpg 705w, https:\/\/www.raffinessen.ch\/webseite\/wp-content\/uploads\/2020\/05\/rio-branco-kreis-100x100.jpg 100w, https:\/\/www.raffinessen.ch\/webseite\/wp-content\/uploads\/2020\/05\/rio-branco-kreis-1000x1000.jpg 1000w\" sizes=\"auto, (max-width: 500px) 100vw, 500px\" \/><span class=\"cart-loading\"><\/span><\/div><div class='inner_product_header'><div class='avia-arrow'><\/div><div class='inner_product_header_table'><div class='inner_product_header_cell'><h2 class=\"woocommerce-loop-product__title\">Rio Branco<\/h2>\n\t<span class=\"price\"><span class=\"woocommerce-Price-amount amount\"><bdi><span class=\"woocommerce-Price-currencySymbol\">&#67;&#72;&#70;<\/span>&nbsp;6.00<\/bdi><\/span> <small class=\"woocommerce-price-suffix\">TVA incluse<\/small><\/span>\n<\/div><\/div><\/div><\/a><div class='avia_cart_buttons'><a href=\"\/fr\/wp-json\/wp\/v2\/pages\/9012?add-to-cart=6604\" aria-describedby=\"woocommerce_loop_add_to_cart_link_describedby_6604\" data-quantity=\"1\" class=\"button product_type_simple add_to_cart_button ajax_add_to_cart\" data-product_id=\"6604\" data-product_sku=\"FPO-C0036-37\" aria-label=\"Ajouter au panier\u00a0: \u201cRio Branco\u201d\" rel=\"nofollow\" data-success_message=\"\u00ab\u00a0Rio Branco\u00a0\u00bb a \u00e9t\u00e9 ajout\u00e9 \u00e0 votre panier\" role=\"button\" data-no-translation-aria-label=\"\" data-no-translation-data-success_message=\"\"><span class=\"avia-svg-icon avia-font-svg_entypo-fontello\" data-av_svg_icon='basket' data-av_iconset='svg_entypo-fontello'><svg version=\"1.1\" xmlns=\"http:\/\/www.w3.org\/2000\/svg\" width=\"29\" height=\"32\" viewbox=\"0 0 29 32\" preserveaspectratio=\"xMidYMid meet\" aria-labelledby='av-svg-title-321' aria-describedby='av-svg-desc-321' role=\"graphics-symbol\" aria-hidden=\"true\">\n<title id='av-svg-title-321'>Ajouter au panier<\/title>\n<desc id='av-svg-desc-321'>Ajouter au panier<\/desc>\n<path d=\"M4.8 27.2q0-1.28 0.96-2.24t2.24-0.96q1.344 0 2.272 0.96t0.928 2.24q0 1.344-0.928 2.272t-2.272 0.928q-1.28 0-2.24-0.928t-0.96-2.272zM20.8 27.2q0-1.28 0.96-2.24t2.24-0.96q1.344 0 2.272 0.96t0.928 2.24q0 1.344-0.928 2.272t-2.272 0.928q-1.28 0-2.24-0.928t-0.96-2.272zM10.496 19.648q-1.152 0.32-1.088 0.736t1.408 0.416h17.984v2.432q0 0.64-0.64 0.64h-20.928q-0.64 0-0.64-0.64v-2.432l-0.32-1.472-3.136-14.528h-3.136v-2.56q0-0.64 0.64-0.64h4.992q0.64 0 0.64 0.64v2.752h22.528v8.768q0 0.704-0.576 0.832z\"><\/path>\n<\/svg><\/span>  Ajouter au panier<\/a>\t<span id=\"woocommerce_loop_add_to_cart_link_describedby_6604\" class=\"screen-reader-text\">\n\t\t\t<\/span>\n<a class=\"button show_details_button\" href=\"https:\/\/www.raffinessen.ch\/fr\/produit\/rio-branco\/\"><span class=\"avia-svg-icon avia-font-svg_entypo-fontello\" data-av_svg_icon='doc-text' data-av_iconset='svg_entypo-fontello'><svg version=\"1.1\" xmlns=\"http:\/\/www.w3.org\/2000\/svg\" width=\"22\" height=\"32\" viewbox=\"0 0 22 32\" preserveaspectratio=\"xMidYMid meet\" aria-labelledby='av-svg-title-322' aria-describedby='av-svg-desc-322' role=\"graphics-symbol\" aria-hidden=\"true\">\n<title id='av-svg-title-322'>Voir les d\u00e9tails<\/title>\n<desc id='av-svg-desc-322'>Voir les d\u00e9tails<\/desc>\n<path d=\"M6.784 17.344v-2.88h8.96v2.88h-8.96zM19.2 1.6q1.344 0 2.272 0.928t0.928 2.272v22.4q0 1.28-0.928 2.24t-2.272 0.96h-16q-1.28 0-2.24-0.96t-0.96-2.24v-22.4q0-1.344 0.96-2.272t2.24-0.928h16zM19.2 27.2v-22.4h-16v22.4h16zM15.68 8.256v2.816h-8.96v-2.816h8.96zM15.68 20.8v2.816h-8.96v-2.816h8.96z\"><\/path>\n<\/svg><\/span>  Voir les d\u00e9tails<\/a> <span class=\"button-mini-delimiter\"><\/span><\/div><\/div><\/li>\n<li class=\"product type-product post-6624 status-publish last instock product_cat-grob has-post-thumbnail taxable shipping-taxable purchasable product-type-simple\">\n\t<div class='inner_product main_color wrapped_style noLightbox  av-product-class-'><a href=\"https:\/\/www.raffinessen.ch\/fr\/produit\/saint-luc\/\" class=\"woocommerce-LoopProduct-link woocommerce-loop-product__link\"><div class=\"thumbnail_container\"><img loading=\"lazy\" decoding=\"async\" width=\"500\" height=\"500\" src=\"https:\/\/www.raffinessen.ch\/webseite\/wp-content\/uploads\/2020\/07\/saint-luc-beutel-500x500.jpg\" class=\"attachment-woocommerce_thumbnail avia-product-hover\" alt=\"\" srcset=\"https:\/\/www.raffinessen.ch\/webseite\/wp-content\/uploads\/2020\/07\/saint-luc-beutel-500x500.jpg 500w, https:\/\/www.raffinessen.ch\/webseite\/wp-content\/uploads\/2020\/07\/saint-luc-beutel-300x300.jpg 300w, https:\/\/www.raffinessen.ch\/webseite\/wp-content\/uploads\/2020\/07\/saint-luc-beutel-1030x1030.jpg 1030w, https:\/\/www.raffinessen.ch\/webseite\/wp-content\/uploads\/2020\/07\/saint-luc-beutel-80x80.jpg 80w, https:\/\/www.raffinessen.ch\/webseite\/wp-content\/uploads\/2020\/07\/saint-luc-beutel-768x768.jpg 768w, https:\/\/www.raffinessen.ch\/webseite\/wp-content\/uploads\/2020\/07\/saint-luc-beutel-1536x1536.jpg 1536w, https:\/\/www.raffinessen.ch\/webseite\/wp-content\/uploads\/2020\/07\/saint-luc-beutel-36x36.jpg 36w, https:\/\/www.raffinessen.ch\/webseite\/wp-content\/uploads\/2020\/07\/saint-luc-beutel-180x180.jpg 180w, https:\/\/www.raffinessen.ch\/webseite\/wp-content\/uploads\/2020\/07\/saint-luc-beutel-1500x1500.jpg 1500w, https:\/\/www.raffinessen.ch\/webseite\/wp-content\/uploads\/2020\/07\/saint-luc-beutel-705x705.jpg 705w, https:\/\/www.raffinessen.ch\/webseite\/wp-content\/uploads\/2020\/07\/saint-luc-beutel-100x100.jpg 100w, https:\/\/www.raffinessen.ch\/webseite\/wp-content\/uploads\/2020\/07\/saint-luc-beutel-1000x1000.jpg 1000w, https:\/\/www.raffinessen.ch\/webseite\/wp-content\/uploads\/2020\/07\/saint-luc-beutel.jpg 2000w\" sizes=\"auto, (max-width: 500px) 100vw, 500px\" \/><img decoding=\"async\" loading=\"lazy\" width=\"500\" height=\"500\" src=\"https:\/\/www.raffinessen.ch\/webseite\/wp-content\/uploads\/2020\/03\/saint-luc-gewuerz-kreis-raffinessen-500x500.jpg\" class=\"wp-image-5139 avia-img-lazy-loading-5139 attachment-woocommerce_thumbnail size-woocommerce_thumbnail wp-post-image\" alt=\"\" srcset=\"https:\/\/www.raffinessen.ch\/webseite\/wp-content\/uploads\/2020\/03\/saint-luc-gewuerz-kreis-raffinessen-500x500.jpg 500w, https:\/\/www.raffinessen.ch\/webseite\/wp-content\/uploads\/2020\/03\/saint-luc-gewuerz-kreis-raffinessen-300x300.jpg 300w, https:\/\/www.raffinessen.ch\/webseite\/wp-content\/uploads\/2020\/03\/saint-luc-gewuerz-kreis-raffinessen-1030x1030.jpg 1030w, https:\/\/www.raffinessen.ch\/webseite\/wp-content\/uploads\/2020\/03\/saint-luc-gewuerz-kreis-raffinessen-80x80.jpg 80w, https:\/\/www.raffinessen.ch\/webseite\/wp-content\/uploads\/2020\/03\/saint-luc-gewuerz-kreis-raffinessen-768x768.jpg 768w, https:\/\/www.raffinessen.ch\/webseite\/wp-content\/uploads\/2020\/03\/saint-luc-gewuerz-kreis-raffinessen-1536x1536.jpg 1536w, https:\/\/www.raffinessen.ch\/webseite\/wp-content\/uploads\/2020\/03\/saint-luc-gewuerz-kreis-raffinessen-2048x2048.jpg 2048w, https:\/\/www.raffinessen.ch\/webseite\/wp-content\/uploads\/2020\/03\/saint-luc-gewuerz-kreis-raffinessen-36x36.jpg 36w, https:\/\/www.raffinessen.ch\/webseite\/wp-content\/uploads\/2020\/03\/saint-luc-gewuerz-kreis-raffinessen-180x180.jpg 180w, https:\/\/www.raffinessen.ch\/webseite\/wp-content\/uploads\/2020\/03\/saint-luc-gewuerz-kreis-raffinessen-1500x1500.jpg 1500w, https:\/\/www.raffinessen.ch\/webseite\/wp-content\/uploads\/2020\/03\/saint-luc-gewuerz-kreis-raffinessen-705x705.jpg 705w, https:\/\/www.raffinessen.ch\/webseite\/wp-content\/uploads\/2020\/03\/saint-luc-gewuerz-kreis-raffinessen-100x100.jpg 100w, https:\/\/www.raffinessen.ch\/webseite\/wp-content\/uploads\/2020\/03\/saint-luc-gewuerz-kreis-raffinessen-1000x1000.jpg 1000w\" sizes=\"auto, (max-width: 500px) 100vw, 500px\" \/><span class=\"cart-loading\"><\/span><\/div><div class='inner_product_header'><div class='avia-arrow'><\/div><div class='inner_product_header_table'><div class='inner_product_header_cell'><h2 class=\"woocommerce-loop-product__title\">Saint Luc<\/h2>\n\t<span class=\"price\"><span class=\"woocommerce-Price-amount amount\"><bdi><span class=\"woocommerce-Price-currencySymbol\">&#67;&#72;&#70;<\/span>&nbsp;6.00<\/bdi><\/span> <small class=\"woocommerce-price-suffix\">TVA incluse<\/small><\/span>\n<\/div><\/div><\/div><\/a><div class='avia_cart_buttons'><a href=\"\/fr\/wp-json\/wp\/v2\/pages\/9012?add-to-cart=6624\" aria-describedby=\"woocommerce_loop_add_to_cart_link_describedby_6624\" data-quantity=\"1\" class=\"button product_type_simple add_to_cart_button ajax_add_to_cart\" data-product_id=\"6624\" data-product_sku=\"FPO-S021-50\" aria-label=\"Ajouter au panier\u00a0: \u201cSaint Luc\u201d\" rel=\"nofollow\" data-success_message=\"\u00ab\u00a0Saint Luc\u00a0\u00bb a \u00e9t\u00e9 ajout\u00e9 \u00e0 votre panier\" role=\"button\" data-no-translation-aria-label=\"\" data-no-translation-data-success_message=\"\"><span class=\"avia-svg-icon avia-font-svg_entypo-fontello\" data-av_svg_icon='basket' data-av_iconset='svg_entypo-fontello'><svg version=\"1.1\" xmlns=\"http:\/\/www.w3.org\/2000\/svg\" width=\"29\" height=\"32\" viewbox=\"0 0 29 32\" preserveaspectratio=\"xMidYMid meet\" aria-labelledby='av-svg-title-323' aria-describedby='av-svg-desc-323' role=\"graphics-symbol\" aria-hidden=\"true\">\n<title id='av-svg-title-323'>Ajouter au panier<\/title>\n<desc id='av-svg-desc-323'>Ajouter au panier<\/desc>\n<path d=\"M4.8 27.2q0-1.28 0.96-2.24t2.24-0.96q1.344 0 2.272 0.96t0.928 2.24q0 1.344-0.928 2.272t-2.272 0.928q-1.28 0-2.24-0.928t-0.96-2.272zM20.8 27.2q0-1.28 0.96-2.24t2.24-0.96q1.344 0 2.272 0.96t0.928 2.24q0 1.344-0.928 2.272t-2.272 0.928q-1.28 0-2.24-0.928t-0.96-2.272zM10.496 19.648q-1.152 0.32-1.088 0.736t1.408 0.416h17.984v2.432q0 0.64-0.64 0.64h-20.928q-0.64 0-0.64-0.64v-2.432l-0.32-1.472-3.136-14.528h-3.136v-2.56q0-0.64 0.64-0.64h4.992q0.64 0 0.64 0.64v2.752h22.528v8.768q0 0.704-0.576 0.832z\"><\/path>\n<\/svg><\/span>  Ajouter au panier<\/a>\t<span id=\"woocommerce_loop_add_to_cart_link_describedby_6624\" class=\"screen-reader-text\">\n\t\t\t<\/span>\n<a class=\"button show_details_button\" href=\"https:\/\/www.raffinessen.ch\/fr\/produit\/saint-luc\/\"><span class=\"avia-svg-icon avia-font-svg_entypo-fontello\" data-av_svg_icon='doc-text' data-av_iconset='svg_entypo-fontello'><svg version=\"1.1\" xmlns=\"http:\/\/www.w3.org\/2000\/svg\" width=\"22\" height=\"32\" viewbox=\"0 0 22 32\" preserveaspectratio=\"xMidYMid meet\" aria-labelledby='av-svg-title-324' aria-describedby='av-svg-desc-324' role=\"graphics-symbol\" aria-hidden=\"true\">\n<title id='av-svg-title-324'>Voir les d\u00e9tails<\/title>\n<desc id='av-svg-desc-324'>Voir les d\u00e9tails<\/desc>\n<path d=\"M6.784 17.344v-2.88h8.96v2.88h-8.96zM19.2 1.6q1.344 0 2.272 0.928t0.928 2.272v22.4q0 1.28-0.928 2.24t-2.272 0.96h-16q-1.28 0-2.24-0.96t-0.96-2.24v-22.4q0-1.344 0.96-2.272t2.24-0.928h16zM19.2 27.2v-22.4h-16v22.4h16zM15.68 8.256v2.816h-8.96v-2.816h8.96zM15.68 20.8v2.816h-8.96v-2.816h8.96z\"><\/path>\n<\/svg><\/span>  Voir les d\u00e9tails<\/a> <span class=\"button-mini-delimiter\"><\/span><\/div><\/div><\/li>\n<li class=\"product type-product post-6625 status-publish first instock product_cat-grob has-post-thumbnail taxable shipping-taxable purchasable product-type-simple\">\n\t<div class='inner_product main_color wrapped_style noLightbox  av-product-class-'><a href=\"https:\/\/www.raffinessen.ch\/fr\/produit\/qingdao\/\" class=\"woocommerce-LoopProduct-link woocommerce-loop-product__link\"><div class=\"thumbnail_container\"><img loading=\"lazy\" decoding=\"async\" width=\"500\" height=\"500\" src=\"https:\/\/www.raffinessen.ch\/webseite\/wp-content\/uploads\/2020\/07\/FP-110x185_Qingdao-500x500.jpg\" class=\"attachment-woocommerce_thumbnail avia-product-hover\" alt=\"\" srcset=\"https:\/\/www.raffinessen.ch\/webseite\/wp-content\/uploads\/2020\/07\/FP-110x185_Qingdao-500x500.jpg 500w, https:\/\/www.raffinessen.ch\/webseite\/wp-content\/uploads\/2020\/07\/FP-110x185_Qingdao-300x300.jpg 300w, https:\/\/www.raffinessen.ch\/webseite\/wp-content\/uploads\/2020\/07\/FP-110x185_Qingdao-1030x1030.jpg 1030w, https:\/\/www.raffinessen.ch\/webseite\/wp-content\/uploads\/2020\/07\/FP-110x185_Qingdao-80x80.jpg 80w, https:\/\/www.raffinessen.ch\/webseite\/wp-content\/uploads\/2020\/07\/FP-110x185_Qingdao-768x768.jpg 768w, https:\/\/www.raffinessen.ch\/webseite\/wp-content\/uploads\/2020\/07\/FP-110x185_Qingdao-1536x1536.jpg 1536w, https:\/\/www.raffinessen.ch\/webseite\/wp-content\/uploads\/2020\/07\/FP-110x185_Qingdao-36x36.jpg 36w, https:\/\/www.raffinessen.ch\/webseite\/wp-content\/uploads\/2020\/07\/FP-110x185_Qingdao-180x180.jpg 180w, https:\/\/www.raffinessen.ch\/webseite\/wp-content\/uploads\/2020\/07\/FP-110x185_Qingdao-1500x1500.jpg 1500w, https:\/\/www.raffinessen.ch\/webseite\/wp-content\/uploads\/2020\/07\/FP-110x185_Qingdao-705x705.jpg 705w, https:\/\/www.raffinessen.ch\/webseite\/wp-content\/uploads\/2020\/07\/FP-110x185_Qingdao-100x100.jpg 100w, https:\/\/www.raffinessen.ch\/webseite\/wp-content\/uploads\/2020\/07\/FP-110x185_Qingdao-1000x1000.jpg 1000w, https:\/\/www.raffinessen.ch\/webseite\/wp-content\/uploads\/2020\/07\/FP-110x185_Qingdao.jpg 2000w\" sizes=\"auto, (max-width: 500px) 100vw, 500px\" \/><img decoding=\"async\" loading=\"lazy\" width=\"500\" height=\"500\" src=\"https:\/\/www.raffinessen.ch\/webseite\/wp-content\/uploads\/2020\/03\/sechs-pfeffer-gewuerz-kreis-raffinessen-500x500.jpg\" class=\"wp-image-5142 avia-img-lazy-loading-5142 attachment-woocommerce_thumbnail size-woocommerce_thumbnail wp-post-image\" alt=\"\" srcset=\"https:\/\/www.raffinessen.ch\/webseite\/wp-content\/uploads\/2020\/03\/sechs-pfeffer-gewuerz-kreis-raffinessen-500x500.jpg 500w, https:\/\/www.raffinessen.ch\/webseite\/wp-content\/uploads\/2020\/03\/sechs-pfeffer-gewuerz-kreis-raffinessen-300x300.jpg 300w, https:\/\/www.raffinessen.ch\/webseite\/wp-content\/uploads\/2020\/03\/sechs-pfeffer-gewuerz-kreis-raffinessen-1030x1030.jpg 1030w, https:\/\/www.raffinessen.ch\/webseite\/wp-content\/uploads\/2020\/03\/sechs-pfeffer-gewuerz-kreis-raffinessen-80x80.jpg 80w, https:\/\/www.raffinessen.ch\/webseite\/wp-content\/uploads\/2020\/03\/sechs-pfeffer-gewuerz-kreis-raffinessen-768x768.jpg 768w, https:\/\/www.raffinessen.ch\/webseite\/wp-content\/uploads\/2020\/03\/sechs-pfeffer-gewuerz-kreis-raffinessen-1536x1536.jpg 1536w, https:\/\/www.raffinessen.ch\/webseite\/wp-content\/uploads\/2020\/03\/sechs-pfeffer-gewuerz-kreis-raffinessen-2048x2048.jpg 2048w, https:\/\/www.raffinessen.ch\/webseite\/wp-content\/uploads\/2020\/03\/sechs-pfeffer-gewuerz-kreis-raffinessen-36x36.jpg 36w, https:\/\/www.raffinessen.ch\/webseite\/wp-content\/uploads\/2020\/03\/sechs-pfeffer-gewuerz-kreis-raffinessen-180x180.jpg 180w, https:\/\/www.raffinessen.ch\/webseite\/wp-content\/uploads\/2020\/03\/sechs-pfeffer-gewuerz-kreis-raffinessen-1500x1500.jpg 1500w, https:\/\/www.raffinessen.ch\/webseite\/wp-content\/uploads\/2020\/03\/sechs-pfeffer-gewuerz-kreis-raffinessen-705x705.jpg 705w, https:\/\/www.raffinessen.ch\/webseite\/wp-content\/uploads\/2020\/03\/sechs-pfeffer-gewuerz-kreis-raffinessen-100x100.jpg 100w, https:\/\/www.raffinessen.ch\/webseite\/wp-content\/uploads\/2020\/03\/sechs-pfeffer-gewuerz-kreis-raffinessen-1000x1000.jpg 1000w\" sizes=\"auto, (max-width: 500px) 100vw, 500px\" \/><span class=\"cart-loading\"><\/span><\/div><div class='inner_product_header'><div class='avia-arrow'><\/div><div class='inner_product_header_table'><div class='inner_product_header_cell'><h2 class=\"woocommerce-loop-product__title\">Qingdao (pr\u00e9c\u00e9demment Six Poivres)<\/h2>\n\t<span class=\"price\"><span class=\"woocommerce-Price-amount amount\"><bdi><span class=\"woocommerce-Price-currencySymbol\">&#67;&#72;&#70;<\/span>&nbsp;6.00<\/bdi><\/span> <small class=\"woocommerce-price-suffix\">TVA incluse<\/small><\/span>\n<\/div><\/div><\/div><\/a><div class='avia_cart_buttons'><a href=\"\/fr\/wp-json\/wp\/v2\/pages\/9012?add-to-cart=6625\" aria-describedby=\"woocommerce_loop_add_to_cart_link_describedby_6625\" data-quantity=\"1\" class=\"button product_type_simple add_to_cart_button ajax_add_to_cart\" data-product_id=\"6625\" data-product_sku=\"FPO-S024-40\" aria-label=\"Ajouter au panier\u00a0: \u201cQingdao (bisher Sechs Pfeffer)\u201d\" rel=\"nofollow\" data-success_message=\"\u00ab\u00a0Qingdao (bisher Sechs Pfeffer)\u00a0\u00bb a \u00e9t\u00e9 ajout\u00e9 \u00e0 votre panier\" role=\"button\" data-no-translation-aria-label=\"\" data-no-translation-data-success_message=\"\"><span class=\"avia-svg-icon avia-font-svg_entypo-fontello\" data-av_svg_icon='basket' data-av_iconset='svg_entypo-fontello'><svg version=\"1.1\" xmlns=\"http:\/\/www.w3.org\/2000\/svg\" width=\"29\" height=\"32\" viewbox=\"0 0 29 32\" preserveaspectratio=\"xMidYMid meet\" aria-labelledby='av-svg-title-325' aria-describedby='av-svg-desc-325' role=\"graphics-symbol\" aria-hidden=\"true\">\n<title id='av-svg-title-325'>Ajouter au panier<\/title>\n<desc id='av-svg-desc-325'>Ajouter au panier<\/desc>\n<path d=\"M4.8 27.2q0-1.28 0.96-2.24t2.24-0.96q1.344 0 2.272 0.96t0.928 2.24q0 1.344-0.928 2.272t-2.272 0.928q-1.28 0-2.24-0.928t-0.96-2.272zM20.8 27.2q0-1.28 0.96-2.24t2.24-0.96q1.344 0 2.272 0.96t0.928 2.24q0 1.344-0.928 2.272t-2.272 0.928q-1.28 0-2.24-0.928t-0.96-2.272zM10.496 19.648q-1.152 0.32-1.088 0.736t1.408 0.416h17.984v2.432q0 0.64-0.64 0.64h-20.928q-0.64 0-0.64-0.64v-2.432l-0.32-1.472-3.136-14.528h-3.136v-2.56q0-0.64 0.64-0.64h4.992q0.64 0 0.64 0.64v2.752h22.528v8.768q0 0.704-0.576 0.832z\"><\/path>\n<\/svg><\/span>  Ajouter au panier<\/a>\t<span id=\"woocommerce_loop_add_to_cart_link_describedby_6625\" class=\"screen-reader-text\">\n\t\t\t<\/span>\n<a class=\"button show_details_button\" href=\"https:\/\/www.raffinessen.ch\/fr\/produit\/qingdao\/\"><span class=\"avia-svg-icon avia-font-svg_entypo-fontello\" data-av_svg_icon='doc-text' data-av_iconset='svg_entypo-fontello'><svg version=\"1.1\" xmlns=\"http:\/\/www.w3.org\/2000\/svg\" width=\"22\" height=\"32\" viewbox=\"0 0 22 32\" preserveaspectratio=\"xMidYMid meet\" aria-labelledby='av-svg-title-326' aria-describedby='av-svg-desc-326' role=\"graphics-symbol\" aria-hidden=\"true\">\n<title id='av-svg-title-326'>Voir les d\u00e9tails<\/title>\n<desc id='av-svg-desc-326'>Voir les d\u00e9tails<\/desc>\n<path d=\"M6.784 17.344v-2.88h8.96v2.88h-8.96zM19.2 1.6q1.344 0 2.272 0.928t0.928 2.272v22.4q0 1.28-0.928 2.24t-2.272 0.96h-16q-1.28 0-2.24-0.96t-0.96-2.24v-22.4q0-1.344 0.96-2.272t2.24-0.928h16zM19.2 27.2v-22.4h-16v22.4h16zM15.68 8.256v2.816h-8.96v-2.816h8.96zM15.68 20.8v2.816h-8.96v-2.816h8.96z\"><\/path>\n<\/svg><\/span>  Voir les d\u00e9tails<\/a> <span class=\"button-mini-delimiter\"><\/span><\/div><\/div><\/li>\n<li class=\"product type-product post-14330 status-publish instock product_cat-grob has-post-thumbnail taxable shipping-taxable purchasable product-type-simple\">\n\t<div class='inner_product main_color wrapped_style noLightbox  av-product-class-'><a href=\"https:\/\/www.raffinessen.ch\/fr\/produit\/schiri-chili\/\" class=\"woocommerce-LoopProduct-link woocommerce-loop-product__link\"><div class=\"thumbnail_container\"><img loading=\"lazy\" decoding=\"async\" width=\"500\" height=\"500\" src=\"https:\/\/www.raffinessen.ch\/webseite\/wp-content\/uploads\/2022\/12\/FP-110x185_C-0050-Schiri-Chili-2-500x500.jpg\" class=\"attachment-woocommerce_thumbnail avia-product-hover\" alt=\"\" srcset=\"https:\/\/www.raffinessen.ch\/webseite\/wp-content\/uploads\/2022\/12\/FP-110x185_C-0050-Schiri-Chili-2-500x500.jpg 500w, https:\/\/www.raffinessen.ch\/webseite\/wp-content\/uploads\/2022\/12\/FP-110x185_C-0050-Schiri-Chili-2-300x300.jpg 300w, https:\/\/www.raffinessen.ch\/webseite\/wp-content\/uploads\/2022\/12\/FP-110x185_C-0050-Schiri-Chili-2-1030x1030.jpg 1030w, https:\/\/www.raffinessen.ch\/webseite\/wp-content\/uploads\/2022\/12\/FP-110x185_C-0050-Schiri-Chili-2-80x80.jpg 80w, https:\/\/www.raffinessen.ch\/webseite\/wp-content\/uploads\/2022\/12\/FP-110x185_C-0050-Schiri-Chili-2-768x768.jpg 768w, https:\/\/www.raffinessen.ch\/webseite\/wp-content\/uploads\/2022\/12\/FP-110x185_C-0050-Schiri-Chili-2-1536x1536.jpg 1536w, https:\/\/www.raffinessen.ch\/webseite\/wp-content\/uploads\/2022\/12\/FP-110x185_C-0050-Schiri-Chili-2-36x36.jpg 36w, https:\/\/www.raffinessen.ch\/webseite\/wp-content\/uploads\/2022\/12\/FP-110x185_C-0050-Schiri-Chili-2-180x180.jpg 180w, https:\/\/www.raffinessen.ch\/webseite\/wp-content\/uploads\/2022\/12\/FP-110x185_C-0050-Schiri-Chili-2-1500x1500.jpg 1500w, https:\/\/www.raffinessen.ch\/webseite\/wp-content\/uploads\/2022\/12\/FP-110x185_C-0050-Schiri-Chili-2-705x705.jpg 705w, https:\/\/www.raffinessen.ch\/webseite\/wp-content\/uploads\/2022\/12\/FP-110x185_C-0050-Schiri-Chili-2-120x120.jpg 120w, https:\/\/www.raffinessen.ch\/webseite\/wp-content\/uploads\/2022\/12\/FP-110x185_C-0050-Schiri-Chili-2-450x450.jpg 450w, https:\/\/www.raffinessen.ch\/webseite\/wp-content\/uploads\/2022\/12\/FP-110x185_C-0050-Schiri-Chili-2-1000x1000.jpg 1000w, https:\/\/www.raffinessen.ch\/webseite\/wp-content\/uploads\/2022\/12\/FP-110x185_C-0050-Schiri-Chili-2-100x100.jpg 100w, https:\/\/www.raffinessen.ch\/webseite\/wp-content\/uploads\/2022\/12\/FP-110x185_C-0050-Schiri-Chili-2.jpg 2000w\" sizes=\"auto, (max-width: 500px) 100vw, 500px\" \/><img decoding=\"async\" loading=\"lazy\" width=\"500\" height=\"500\" src=\"https:\/\/www.raffinessen.ch\/webseite\/wp-content\/uploads\/2022\/12\/C0050-Schiri-Chili-1-500x500.jpg\" class=\"wp-image-14335 avia-img-lazy-loading-14335 attachment-woocommerce_thumbnail size-woocommerce_thumbnail wp-post-image\" alt=\"\" srcset=\"https:\/\/www.raffinessen.ch\/webseite\/wp-content\/uploads\/2022\/12\/C0050-Schiri-Chili-1-500x500.jpg 500w, https:\/\/www.raffinessen.ch\/webseite\/wp-content\/uploads\/2022\/12\/C0050-Schiri-Chili-1-300x300.jpg 300w, https:\/\/www.raffinessen.ch\/webseite\/wp-content\/uploads\/2022\/12\/C0050-Schiri-Chili-1-1030x1030.jpg 1030w, https:\/\/www.raffinessen.ch\/webseite\/wp-content\/uploads\/2022\/12\/C0050-Schiri-Chili-1-80x80.jpg 80w, https:\/\/www.raffinessen.ch\/webseite\/wp-content\/uploads\/2022\/12\/C0050-Schiri-Chili-1-768x768.jpg 768w, https:\/\/www.raffinessen.ch\/webseite\/wp-content\/uploads\/2022\/12\/C0050-Schiri-Chili-1-1536x1536.jpg 1536w, https:\/\/www.raffinessen.ch\/webseite\/wp-content\/uploads\/2022\/12\/C0050-Schiri-Chili-1-36x36.jpg 36w, https:\/\/www.raffinessen.ch\/webseite\/wp-content\/uploads\/2022\/12\/C0050-Schiri-Chili-1-180x180.jpg 180w, https:\/\/www.raffinessen.ch\/webseite\/wp-content\/uploads\/2022\/12\/C0050-Schiri-Chili-1-1500x1500.jpg 1500w, https:\/\/www.raffinessen.ch\/webseite\/wp-content\/uploads\/2022\/12\/C0050-Schiri-Chili-1-705x705.jpg 705w, https:\/\/www.raffinessen.ch\/webseite\/wp-content\/uploads\/2022\/12\/C0050-Schiri-Chili-1-120x120.jpg 120w, https:\/\/www.raffinessen.ch\/webseite\/wp-content\/uploads\/2022\/12\/C0050-Schiri-Chili-1-450x450.jpg 450w, https:\/\/www.raffinessen.ch\/webseite\/wp-content\/uploads\/2022\/12\/C0050-Schiri-Chili-1-1000x1000.jpg 1000w, https:\/\/www.raffinessen.ch\/webseite\/wp-content\/uploads\/2022\/12\/C0050-Schiri-Chili-1-100x100.jpg 100w, https:\/\/www.raffinessen.ch\/webseite\/wp-content\/uploads\/2022\/12\/C0050-Schiri-Chili-1.jpg 2000w\" sizes=\"auto, (max-width: 500px) 100vw, 500px\" \/><span class=\"cart-loading\"><\/span><\/div><div class='inner_product_header'><div class='avia-arrow'><\/div><div class='inner_product_header_table'><div class='inner_product_header_cell'><h2 class=\"woocommerce-loop-product__title\">Arbitre Chili<\/h2>\n\t<span class=\"price\"><span class=\"woocommerce-Price-amount amount\"><bdi><span class=\"woocommerce-Price-currencySymbol\">&#67;&#72;&#70;<\/span>&nbsp;6.00<\/bdi><\/span> <small class=\"woocommerce-price-suffix\">TVA incluse<\/small><\/span>\n<\/div><\/div><\/div><\/a><div class='avia_cart_buttons'><a href=\"\/fr\/wp-json\/wp\/v2\/pages\/9012?add-to-cart=14330\" aria-describedby=\"woocommerce_loop_add_to_cart_link_describedby_14330\" data-quantity=\"1\" class=\"button product_type_simple add_to_cart_button ajax_add_to_cart\" data-product_id=\"14330\" data-product_sku=\"FPO-C0050-35\" aria-label=\"Ajouter au panier\u00a0: \u201cSchiri Chili\u201d\" rel=\"nofollow\" data-success_message=\"\u00ab\u00a0Schiri Chili\u00a0\u00bb a \u00e9t\u00e9 ajout\u00e9 \u00e0 votre panier\" role=\"button\" data-no-translation-aria-label=\"\" data-no-translation-data-success_message=\"\"><span class=\"avia-svg-icon avia-font-svg_entypo-fontello\" data-av_svg_icon='basket' data-av_iconset='svg_entypo-fontello'><svg version=\"1.1\" xmlns=\"http:\/\/www.w3.org\/2000\/svg\" width=\"29\" height=\"32\" viewbox=\"0 0 29 32\" preserveaspectratio=\"xMidYMid meet\" aria-labelledby='av-svg-title-327' aria-describedby='av-svg-desc-327' role=\"graphics-symbol\" aria-hidden=\"true\">\n<title id='av-svg-title-327'>Ajouter au panier<\/title>\n<desc id='av-svg-desc-327'>Ajouter au panier<\/desc>\n<path d=\"M4.8 27.2q0-1.28 0.96-2.24t2.24-0.96q1.344 0 2.272 0.96t0.928 2.24q0 1.344-0.928 2.272t-2.272 0.928q-1.28 0-2.24-0.928t-0.96-2.272zM20.8 27.2q0-1.28 0.96-2.24t2.24-0.96q1.344 0 2.272 0.96t0.928 2.24q0 1.344-0.928 2.272t-2.272 0.928q-1.28 0-2.24-0.928t-0.96-2.272zM10.496 19.648q-1.152 0.32-1.088 0.736t1.408 0.416h17.984v2.432q0 0.64-0.64 0.64h-20.928q-0.64 0-0.64-0.64v-2.432l-0.32-1.472-3.136-14.528h-3.136v-2.56q0-0.64 0.64-0.64h4.992q0.64 0 0.64 0.64v2.752h22.528v8.768q0 0.704-0.576 0.832z\"><\/path>\n<\/svg><\/span>  Ajouter au panier<\/a>\t<span id=\"woocommerce_loop_add_to_cart_link_describedby_14330\" class=\"screen-reader-text\">\n\t\t\t<\/span>\n<a class=\"button show_details_button\" href=\"https:\/\/www.raffinessen.ch\/fr\/produit\/schiri-chili\/\"><span class=\"avia-svg-icon avia-font-svg_entypo-fontello\" data-av_svg_icon='doc-text' data-av_iconset='svg_entypo-fontello'><svg version=\"1.1\" xmlns=\"http:\/\/www.w3.org\/2000\/svg\" width=\"22\" height=\"32\" viewbox=\"0 0 22 32\" preserveaspectratio=\"xMidYMid meet\" aria-labelledby='av-svg-title-328' aria-describedby='av-svg-desc-328' role=\"graphics-symbol\" aria-hidden=\"true\">\n<title id='av-svg-title-328'>Voir les d\u00e9tails<\/title>\n<desc id='av-svg-desc-328'>Voir les d\u00e9tails<\/desc>\n<path d=\"M6.784 17.344v-2.88h8.96v2.88h-8.96zM19.2 1.6q1.344 0 2.272 0.928t0.928 2.272v22.4q0 1.28-0.928 2.24t-2.272 0.96h-16q-1.28 0-2.24-0.96t-0.96-2.24v-22.4q0-1.344 0.96-2.272t2.24-0.928h16zM19.2 27.2v-22.4h-16v22.4h16zM15.68 8.256v2.816h-8.96v-2.816h8.96zM15.68 20.8v2.816h-8.96v-2.816h8.96z\"><\/path>\n<\/svg><\/span>  Voir les d\u00e9tails<\/a> <span class=\"button-mini-delimiter\"><\/span><\/div><\/div><\/li>\n<\/ul><\/div><\/div><div class=\"clear\"><\/div><br \/>\n\n<style type=\"text\/css\" data-created_by=\"avia_inline_auto\" id=\"style-css-av-kuny8jyj-73024884703d1c5f7f8f8e9603a00c37\">\n#top .av-special-heading.av-kuny8jyj-73024884703d1c5f7f8f8e9603a00c37{\npadding-bottom:10px;\n}\nbody .av-special-heading.av-kuny8jyj-73024884703d1c5f7f8f8e9603a00c37 .av-special-heading-tag .heading-char{\nfont-size:25px;\n}\n.av-special-heading.av-kuny8jyj-73024884703d1c5f7f8f8e9603a00c37 .av-subheading{\nfont-size:15px;\n}\n<\/style>\n<div  id=\"grosse-nachfuellbeutel\"  class='av-special-heading av-kuny8jyj-73024884703d1c5f7f8f8e9603a00c37 av-special-heading-h3 blockquote modern-quote modern-centered'><h3 class='av-special-heading-tag'  itemprop=\"headline\"  >Grandes recharges<\/h3><div class=\"special-heading-border\"><div class=\"special-heading-inner-border\"><\/div><\/div><\/div><br \/>\n<div  class='avia-product-slider-container av-kuny9p11-d835bdc139d65180d99c53814d9b60d8 template-shop avia-content-slider avia-content-grid-active shop_columns_4 avia-content-slider-even av-slideshow-ui av-slider-hover-pause av-slideshow-manual av-loop-once av-loop-manual-endless avia-product-slider8' data-slideshow-options=\"{&quot;animation&quot;:&quot;fade&quot;,&quot;autoplay&quot;:false,&quot;loop_autoplay&quot;:&quot;once&quot;,&quot;interval&quot;:5,&quot;loop_manual&quot;:&quot;manual-endless&quot;,&quot;autoplay_stopper&quot;:false,&quot;noNavigation&quot;:false,&quot;bg_slider&quot;:false,&quot;keep_padding&quot;:false,&quot;hoverpause&quot;:true,&quot;show_slide_delay&quot;:0}\"><div class='avia-content-slider-inner'><ul class=\"products\"><li class=\"product type-product post-8938 status-publish first instock product_cat-grosse-nachfuellbeutel has-post-thumbnail taxable shipping-taxable purchasable product-type-simple\">\n\t<div class='inner_product main_color wrapped_style noLightbox  av-product-class-'><a href=\"https:\/\/www.raffinessen.ch\/fr\/produit\/baerner-pfaeffer-nachfuellbeutel\/\" class=\"woocommerce-LoopProduct-link woocommerce-loop-product__link\"><div class=\"thumbnail_container\"><img loading=\"lazy\" decoding=\"async\" width=\"500\" height=\"500\" src=\"https:\/\/www.raffinessen.ch\/webseite\/wp-content\/uploads\/2021\/08\/raffinessen-baerner-pfaeffer-beutel-500x500.jpg\" class=\"attachment-woocommerce_thumbnail avia-product-hover\" alt=\"\" srcset=\"https:\/\/www.raffinessen.ch\/webseite\/wp-content\/uploads\/2021\/08\/raffinessen-baerner-pfaeffer-beutel-500x500.jpg 500w, https:\/\/www.raffinessen.ch\/webseite\/wp-content\/uploads\/2021\/08\/raffinessen-baerner-pfaeffer-beutel-300x300.jpg 300w, https:\/\/www.raffinessen.ch\/webseite\/wp-content\/uploads\/2021\/08\/raffinessen-baerner-pfaeffer-beutel-1030x1030.jpg 1030w, https:\/\/www.raffinessen.ch\/webseite\/wp-content\/uploads\/2021\/08\/raffinessen-baerner-pfaeffer-beutel-80x80.jpg 80w, https:\/\/www.raffinessen.ch\/webseite\/wp-content\/uploads\/2021\/08\/raffinessen-baerner-pfaeffer-beutel-768x768.jpg 768w, https:\/\/www.raffinessen.ch\/webseite\/wp-content\/uploads\/2021\/08\/raffinessen-baerner-pfaeffer-beutel-1536x1536.jpg 1536w, https:\/\/www.raffinessen.ch\/webseite\/wp-content\/uploads\/2021\/08\/raffinessen-baerner-pfaeffer-beutel-36x36.jpg 36w, https:\/\/www.raffinessen.ch\/webseite\/wp-content\/uploads\/2021\/08\/raffinessen-baerner-pfaeffer-beutel-180x180.jpg 180w, https:\/\/www.raffinessen.ch\/webseite\/wp-content\/uploads\/2021\/08\/raffinessen-baerner-pfaeffer-beutel-1500x1500.jpg 1500w, https:\/\/www.raffinessen.ch\/webseite\/wp-content\/uploads\/2021\/08\/raffinessen-baerner-pfaeffer-beutel-705x705.jpg 705w, https:\/\/www.raffinessen.ch\/webseite\/wp-content\/uploads\/2021\/08\/raffinessen-baerner-pfaeffer-beutel-100x100.jpg 100w, https:\/\/www.raffinessen.ch\/webseite\/wp-content\/uploads\/2021\/08\/raffinessen-baerner-pfaeffer-beutel-1000x1000.jpg 1000w, https:\/\/www.raffinessen.ch\/webseite\/wp-content\/uploads\/2021\/08\/raffinessen-baerner-pfaeffer-beutel.jpg 2000w\" sizes=\"auto, (max-width: 500px) 100vw, 500px\" \/><img decoding=\"async\" loading=\"lazy\" width=\"500\" height=\"500\" src=\"https:\/\/www.raffinessen.ch\/webseite\/wp-content\/uploads\/2021\/08\/raffinessen-baerner-pfaeffer-500x500.jpg\" class=\"wp-image-8933 avia-img-lazy-loading-8933 attachment-woocommerce_thumbnail size-woocommerce_thumbnail wp-post-image\" alt=\"\" srcset=\"https:\/\/www.raffinessen.ch\/webseite\/wp-content\/uploads\/2021\/08\/raffinessen-baerner-pfaeffer-500x500.jpg 500w, https:\/\/www.raffinessen.ch\/webseite\/wp-content\/uploads\/2021\/08\/raffinessen-baerner-pfaeffer-300x300.jpg 300w, https:\/\/www.raffinessen.ch\/webseite\/wp-content\/uploads\/2021\/08\/raffinessen-baerner-pfaeffer-1030x1030.jpg 1030w, https:\/\/www.raffinessen.ch\/webseite\/wp-content\/uploads\/2021\/08\/raffinessen-baerner-pfaeffer-80x80.jpg 80w, https:\/\/www.raffinessen.ch\/webseite\/wp-content\/uploads\/2021\/08\/raffinessen-baerner-pfaeffer-768x768.jpg 768w, https:\/\/www.raffinessen.ch\/webseite\/wp-content\/uploads\/2021\/08\/raffinessen-baerner-pfaeffer-1536x1536.jpg 1536w, https:\/\/www.raffinessen.ch\/webseite\/wp-content\/uploads\/2021\/08\/raffinessen-baerner-pfaeffer-36x36.jpg 36w, https:\/\/www.raffinessen.ch\/webseite\/wp-content\/uploads\/2021\/08\/raffinessen-baerner-pfaeffer-180x180.jpg 180w, https:\/\/www.raffinessen.ch\/webseite\/wp-content\/uploads\/2021\/08\/raffinessen-baerner-pfaeffer-1500x1500.jpg 1500w, https:\/\/www.raffinessen.ch\/webseite\/wp-content\/uploads\/2021\/08\/raffinessen-baerner-pfaeffer-705x705.jpg 705w, https:\/\/www.raffinessen.ch\/webseite\/wp-content\/uploads\/2021\/08\/raffinessen-baerner-pfaeffer-100x100.jpg 100w, https:\/\/www.raffinessen.ch\/webseite\/wp-content\/uploads\/2021\/08\/raffinessen-baerner-pfaeffer-1000x1000.jpg 1000w, https:\/\/www.raffinessen.ch\/webseite\/wp-content\/uploads\/2021\/08\/raffinessen-baerner-pfaeffer.jpg 2000w\" sizes=\"auto, (max-width: 500px) 100vw, 500px\" \/><span class=\"cart-loading\"><\/span><\/div><div class='inner_product_header'><div class='avia-arrow'><\/div><div class='inner_product_header_table'><div class='inner_product_header_cell'><h2 class=\"woocommerce-loop-product__title\">Sachet de recharge B\u00e4rner Pf\u00e4ffer<\/h2>\n\t<span class=\"price\"><span class=\"woocommerce-Price-amount amount\"><bdi><span class=\"woocommerce-Price-currencySymbol\">&#67;&#72;&#70;<\/span>&nbsp;25.00<\/bdi><\/span> <small class=\"woocommerce-price-suffix\">TVA incluse<\/small><\/span>\n<\/div><\/div><\/div><\/a><div class='avia_cart_buttons'><a href=\"\/fr\/wp-json\/wp\/v2\/pages\/9012?add-to-cart=8938\" aria-describedby=\"woocommerce_loop_add_to_cart_link_describedby_8938\" data-quantity=\"1\" class=\"button product_type_simple add_to_cart_button ajax_add_to_cart\" data-product_id=\"8938\" data-product_sku=\"FPO-C0020-350\" aria-label=\"Ajouter au panier\u00a0: \u201cB\u00e4rner Pf\u00e4ffer Nachf\u00fcllbeutel\u201d\" rel=\"nofollow\" data-success_message=\"\u00ab\u00a0B\u00e4rner Pf\u00e4ffer Nachf\u00fcllbeutel\u00a0\u00bb a \u00e9t\u00e9 ajout\u00e9 \u00e0 votre panier\" role=\"button\" data-no-translation-aria-label=\"\" data-no-translation-data-success_message=\"\"><span class=\"avia-svg-icon avia-font-svg_entypo-fontello\" data-av_svg_icon='basket' data-av_iconset='svg_entypo-fontello'><svg version=\"1.1\" xmlns=\"http:\/\/www.w3.org\/2000\/svg\" width=\"29\" height=\"32\" viewbox=\"0 0 29 32\" preserveaspectratio=\"xMidYMid meet\" aria-labelledby='av-svg-title-329' aria-describedby='av-svg-desc-329' role=\"graphics-symbol\" aria-hidden=\"true\">\n<title id='av-svg-title-329'>Ajouter au panier<\/title>\n<desc id='av-svg-desc-329'>Ajouter au panier<\/desc>\n<path d=\"M4.8 27.2q0-1.28 0.96-2.24t2.24-0.96q1.344 0 2.272 0.96t0.928 2.24q0 1.344-0.928 2.272t-2.272 0.928q-1.28 0-2.24-0.928t-0.96-2.272zM20.8 27.2q0-1.28 0.96-2.24t2.24-0.96q1.344 0 2.272 0.96t0.928 2.24q0 1.344-0.928 2.272t-2.272 0.928q-1.28 0-2.24-0.928t-0.96-2.272zM10.496 19.648q-1.152 0.32-1.088 0.736t1.408 0.416h17.984v2.432q0 0.64-0.64 0.64h-20.928q-0.64 0-0.64-0.64v-2.432l-0.32-1.472-3.136-14.528h-3.136v-2.56q0-0.64 0.64-0.64h4.992q0.64 0 0.64 0.64v2.752h22.528v8.768q0 0.704-0.576 0.832z\"><\/path>\n<\/svg><\/span>  Ajouter au panier<\/a>\t<span id=\"woocommerce_loop_add_to_cart_link_describedby_8938\" class=\"screen-reader-text\">\n\t\t\t<\/span>\n<a class=\"button show_details_button\" href=\"https:\/\/www.raffinessen.ch\/fr\/produit\/baerner-pfaeffer-nachfuellbeutel\/\"><span class=\"avia-svg-icon avia-font-svg_entypo-fontello\" data-av_svg_icon='doc-text' data-av_iconset='svg_entypo-fontello'><svg version=\"1.1\" xmlns=\"http:\/\/www.w3.org\/2000\/svg\" width=\"22\" height=\"32\" viewbox=\"0 0 22 32\" preserveaspectratio=\"xMidYMid meet\" aria-labelledby='av-svg-title-330' aria-describedby='av-svg-desc-330' role=\"graphics-symbol\" aria-hidden=\"true\">\n<title id='av-svg-title-330'>Voir les d\u00e9tails<\/title>\n<desc id='av-svg-desc-330'>Voir les d\u00e9tails<\/desc>\n<path d=\"M6.784 17.344v-2.88h8.96v2.88h-8.96zM19.2 1.6q1.344 0 2.272 0.928t0.928 2.272v22.4q0 1.28-0.928 2.24t-2.272 0.96h-16q-1.28 0-2.24-0.96t-0.96-2.24v-22.4q0-1.344 0.96-2.272t2.24-0.928h16zM19.2 27.2v-22.4h-16v22.4h16zM15.68 8.256v2.816h-8.96v-2.816h8.96zM15.68 20.8v2.816h-8.96v-2.816h8.96z\"><\/path>\n<\/svg><\/span>  Voir les d\u00e9tails<\/a> <span class=\"button-mini-delimiter\"><\/span><\/div><\/div><\/li>\n<li class=\"product type-product post-8931 status-publish instock product_cat-grosse-nachfuellbeutel has-post-thumbnail taxable shipping-taxable purchasable product-type-simple yith-wcbm-product-has-badges\">\n\t<div class='inner_product main_color wrapped_style noLightbox  av-product-class-'><a href=\"https:\/\/www.raffinessen.ch\/fr\/produit\/baerner-sauz-nachfuellbeutel\/\" class=\"woocommerce-LoopProduct-link woocommerce-loop-product__link\"><div class=\"thumbnail_container\"><img loading=\"lazy\" decoding=\"async\" width=\"500\" height=\"500\" src=\"https:\/\/www.raffinessen.ch\/webseite\/wp-content\/uploads\/2021\/08\/raffinessen-baerner-sauz-beutel-500x500.jpg\" class=\"attachment-woocommerce_thumbnail avia-product-hover\" alt=\"\" srcset=\"https:\/\/www.raffinessen.ch\/webseite\/wp-content\/uploads\/2021\/08\/raffinessen-baerner-sauz-beutel-500x500.jpg 500w, https:\/\/www.raffinessen.ch\/webseite\/wp-content\/uploads\/2021\/08\/raffinessen-baerner-sauz-beutel-300x300.jpg 300w, https:\/\/www.raffinessen.ch\/webseite\/wp-content\/uploads\/2021\/08\/raffinessen-baerner-sauz-beutel-1030x1030.jpg 1030w, https:\/\/www.raffinessen.ch\/webseite\/wp-content\/uploads\/2021\/08\/raffinessen-baerner-sauz-beutel-80x80.jpg 80w, https:\/\/www.raffinessen.ch\/webseite\/wp-content\/uploads\/2021\/08\/raffinessen-baerner-sauz-beutel-768x768.jpg 768w, https:\/\/www.raffinessen.ch\/webseite\/wp-content\/uploads\/2021\/08\/raffinessen-baerner-sauz-beutel-1536x1536.jpg 1536w, https:\/\/www.raffinessen.ch\/webseite\/wp-content\/uploads\/2021\/08\/raffinessen-baerner-sauz-beutel-36x36.jpg 36w, https:\/\/www.raffinessen.ch\/webseite\/wp-content\/uploads\/2021\/08\/raffinessen-baerner-sauz-beutel-180x180.jpg 180w, https:\/\/www.raffinessen.ch\/webseite\/wp-content\/uploads\/2021\/08\/raffinessen-baerner-sauz-beutel-1500x1500.jpg 1500w, https:\/\/www.raffinessen.ch\/webseite\/wp-content\/uploads\/2021\/08\/raffinessen-baerner-sauz-beutel-705x705.jpg 705w, https:\/\/www.raffinessen.ch\/webseite\/wp-content\/uploads\/2021\/08\/raffinessen-baerner-sauz-beutel-100x100.jpg 100w, https:\/\/www.raffinessen.ch\/webseite\/wp-content\/uploads\/2021\/08\/raffinessen-baerner-sauz-beutel-1000x1000.jpg 1000w, https:\/\/www.raffinessen.ch\/webseite\/wp-content\/uploads\/2021\/08\/raffinessen-baerner-sauz-beutel.jpg 2000w\" sizes=\"auto, (max-width: 500px) 100vw, 500px\" \/><div class='container-image-and-badge'><img decoding=\"async\" loading=\"lazy\" width=\"500\" height=\"500\" src=\"https:\/\/www.raffinessen.ch\/webseite\/wp-content\/uploads\/2021\/08\/raffinessen-baerner-sauz-500x500.jpg\" class=\"wp-image-8935 avia-img-lazy-loading-8935 attachment-woocommerce_thumbnail size-woocommerce_thumbnail wp-post-image\" alt=\"\" srcset=\"https:\/\/www.raffinessen.ch\/webseite\/wp-content\/uploads\/2021\/08\/raffinessen-baerner-sauz-500x500.jpg 500w, https:\/\/www.raffinessen.ch\/webseite\/wp-content\/uploads\/2021\/08\/raffinessen-baerner-sauz-300x300.jpg 300w, https:\/\/www.raffinessen.ch\/webseite\/wp-content\/uploads\/2021\/08\/raffinessen-baerner-sauz-1030x1030.jpg 1030w, https:\/\/www.raffinessen.ch\/webseite\/wp-content\/uploads\/2021\/08\/raffinessen-baerner-sauz-80x80.jpg 80w, https:\/\/www.raffinessen.ch\/webseite\/wp-content\/uploads\/2021\/08\/raffinessen-baerner-sauz-768x768.jpg 768w, https:\/\/www.raffinessen.ch\/webseite\/wp-content\/uploads\/2021\/08\/raffinessen-baerner-sauz-1536x1536.jpg 1536w, https:\/\/www.raffinessen.ch\/webseite\/wp-content\/uploads\/2021\/08\/raffinessen-baerner-sauz-36x36.jpg 36w, https:\/\/www.raffinessen.ch\/webseite\/wp-content\/uploads\/2021\/08\/raffinessen-baerner-sauz-180x180.jpg 180w, https:\/\/www.raffinessen.ch\/webseite\/wp-content\/uploads\/2021\/08\/raffinessen-baerner-sauz-1500x1500.jpg 1500w, https:\/\/www.raffinessen.ch\/webseite\/wp-content\/uploads\/2021\/08\/raffinessen-baerner-sauz-705x705.jpg 705w, https:\/\/www.raffinessen.ch\/webseite\/wp-content\/uploads\/2021\/08\/raffinessen-baerner-sauz-100x100.jpg 100w, https:\/\/www.raffinessen.ch\/webseite\/wp-content\/uploads\/2021\/08\/raffinessen-baerner-sauz-1000x1000.jpg 1000w, https:\/\/www.raffinessen.ch\/webseite\/wp-content\/uploads\/2021\/08\/raffinessen-baerner-sauz.jpg 2000w\" sizes=\"auto, (max-width: 500px) 100vw, 500px\" \/>\n<div class='yith-wcbm-badge yith-wcbm-badge-5779 yith-wcbm-badge-text yith-wcbm-badge--on-product-8931 yith-wcbm-badge-text' data-position='{&quot;top&quot;:&quot;0&quot;,&quot;right&quot;:&quot;0&quot;,&quot;bottom&quot;:&quot;auto&quot;,&quot;left&quot;:&quot;auto&quot;}' data-transform=\"\">\n\t<div class='yith-wcbm-badge__wrap'>\n\t\t<div class=\"yith-wcbm-badge-text\"><div style=\"font-family: 'Open Sans', sans-serif;color:#ffffff\">NOUVEAU<\/div><\/div>\n\t<\/div>\n<\/div>\n<!--yith-wcbm-badge-->\n<\/div><!--container-image-and-badge--><span class=\"cart-loading\"><\/span><\/div><div class='inner_product_header'><div class='avia-arrow'><\/div><div class='inner_product_header_table'><div class='inner_product_header_cell'><h2 class=\"woocommerce-loop-product__title\">Sachet de recharge B\u00e4rner Sauz<\/h2>\n\t<span class=\"price\"><span class=\"woocommerce-Price-amount amount\"><bdi><span class=\"woocommerce-Price-currencySymbol\">&#67;&#72;&#70;<\/span>&nbsp;25.00<\/bdi><\/span> <small class=\"woocommerce-price-suffix\">TVA incluse<\/small><\/span>\n<\/div><\/div><\/div><\/a><div class='avia_cart_buttons'><a href=\"\/fr\/wp-json\/wp\/v2\/pages\/9012?add-to-cart=8931\" aria-describedby=\"woocommerce_loop_add_to_cart_link_describedby_8931\" data-quantity=\"1\" class=\"button product_type_simple add_to_cart_button ajax_add_to_cart\" data-product_id=\"8931\" data-product_sku=\"FPO-C0019-300\" aria-label=\"Ajouter au panier\u00a0: \u201cB\u00e4rner Sauz Nachf\u00fcllbeutel\u201d\" rel=\"nofollow\" data-success_message=\"\u00ab\u00a0B\u00e4rner Sauz Nachf\u00fcllbeutel\u00a0\u00bb a \u00e9t\u00e9 ajout\u00e9 \u00e0 votre panier\" role=\"button\" data-no-translation-aria-label=\"\" data-no-translation-data-success_message=\"\"><span class=\"avia-svg-icon avia-font-svg_entypo-fontello\" data-av_svg_icon='basket' data-av_iconset='svg_entypo-fontello'><svg version=\"1.1\" xmlns=\"http:\/\/www.w3.org\/2000\/svg\" width=\"29\" height=\"32\" viewbox=\"0 0 29 32\" preserveaspectratio=\"xMidYMid meet\" aria-labelledby='av-svg-title-331' aria-describedby='av-svg-desc-331' role=\"graphics-symbol\" aria-hidden=\"true\">\n<title id='av-svg-title-331'>Ajouter au panier<\/title>\n<desc id='av-svg-desc-331'>Ajouter au panier<\/desc>\n<path d=\"M4.8 27.2q0-1.28 0.96-2.24t2.24-0.96q1.344 0 2.272 0.96t0.928 2.24q0 1.344-0.928 2.272t-2.272 0.928q-1.28 0-2.24-0.928t-0.96-2.272zM20.8 27.2q0-1.28 0.96-2.24t2.24-0.96q1.344 0 2.272 0.96t0.928 2.24q0 1.344-0.928 2.272t-2.272 0.928q-1.28 0-2.24-0.928t-0.96-2.272zM10.496 19.648q-1.152 0.32-1.088 0.736t1.408 0.416h17.984v2.432q0 0.64-0.64 0.64h-20.928q-0.64 0-0.64-0.64v-2.432l-0.32-1.472-3.136-14.528h-3.136v-2.56q0-0.64 0.64-0.64h4.992q0.64 0 0.64 0.64v2.752h22.528v8.768q0 0.704-0.576 0.832z\"><\/path>\n<\/svg><\/span>  Ajouter au panier<\/a>\t<span id=\"woocommerce_loop_add_to_cart_link_describedby_8931\" class=\"screen-reader-text\">\n\t\t\t<\/span>\n<a class=\"button show_details_button\" href=\"https:\/\/www.raffinessen.ch\/fr\/produit\/baerner-sauz-nachfuellbeutel\/\"><span class=\"avia-svg-icon avia-font-svg_entypo-fontello\" data-av_svg_icon='doc-text' data-av_iconset='svg_entypo-fontello'><svg version=\"1.1\" xmlns=\"http:\/\/www.w3.org\/2000\/svg\" width=\"22\" height=\"32\" viewbox=\"0 0 22 32\" preserveaspectratio=\"xMidYMid meet\" aria-labelledby='av-svg-title-332' aria-describedby='av-svg-desc-332' role=\"graphics-symbol\" aria-hidden=\"true\">\n<title id='av-svg-title-332'>Voir les d\u00e9tails<\/title>\n<desc id='av-svg-desc-332'>Voir les d\u00e9tails<\/desc>\n<path d=\"M6.784 17.344v-2.88h8.96v2.88h-8.96zM19.2 1.6q1.344 0 2.272 0.928t0.928 2.272v22.4q0 1.28-0.928 2.24t-2.272 0.96h-16q-1.28 0-2.24-0.96t-0.96-2.24v-22.4q0-1.344 0.96-2.272t2.24-0.928h16zM19.2 27.2v-22.4h-16v22.4h16zM15.68 8.256v2.816h-8.96v-2.816h8.96zM15.68 20.8v2.816h-8.96v-2.816h8.96z\"><\/path>\n<\/svg><\/span>  Voir les d\u00e9tails<\/a> <span class=\"button-mini-delimiter\"><\/span><\/div><\/div><\/li>\n<li class=\"product type-product post-5291 status-publish instock product_cat-grosse-nachfuellbeutel has-post-thumbnail taxable shipping-taxable purchasable product-type-simple\">\n\t<div class='inner_product main_color wrapped_style noLightbox  av-product-class-'><a href=\"https:\/\/www.raffinessen.ch\/fr\/produit\/amalfi-grob-nachfuellbeutel\/\" class=\"woocommerce-LoopProduct-link woocommerce-loop-product__link\"><div class=\"thumbnail_container\"><img loading=\"lazy\" decoding=\"async\" width=\"500\" height=\"500\" src=\"https:\/\/www.raffinessen.ch\/webseite\/wp-content\/uploads\/2020\/03\/amalfi-grob-beutel-raffinessen-gewuerze-500x500.jpg\" class=\"attachment-woocommerce_thumbnail avia-product-hover\" alt=\"\" srcset=\"https:\/\/www.raffinessen.ch\/webseite\/wp-content\/uploads\/2020\/03\/amalfi-grob-beutel-raffinessen-gewuerze-500x500.jpg 500w, https:\/\/www.raffinessen.ch\/webseite\/wp-content\/uploads\/2020\/03\/amalfi-grob-beutel-raffinessen-gewuerze-300x300.jpg 300w, https:\/\/www.raffinessen.ch\/webseite\/wp-content\/uploads\/2020\/03\/amalfi-grob-beutel-raffinessen-gewuerze-1030x1030.jpg 1030w, https:\/\/www.raffinessen.ch\/webseite\/wp-content\/uploads\/2020\/03\/amalfi-grob-beutel-raffinessen-gewuerze-80x80.jpg 80w, https:\/\/www.raffinessen.ch\/webseite\/wp-content\/uploads\/2020\/03\/amalfi-grob-beutel-raffinessen-gewuerze-768x768.jpg 768w, https:\/\/www.raffinessen.ch\/webseite\/wp-content\/uploads\/2020\/03\/amalfi-grob-beutel-raffinessen-gewuerze-1536x1536.jpg 1536w, https:\/\/www.raffinessen.ch\/webseite\/wp-content\/uploads\/2020\/03\/amalfi-grob-beutel-raffinessen-gewuerze-2048x2048.jpg 2048w, https:\/\/www.raffinessen.ch\/webseite\/wp-content\/uploads\/2020\/03\/amalfi-grob-beutel-raffinessen-gewuerze-36x36.jpg 36w, https:\/\/www.raffinessen.ch\/webseite\/wp-content\/uploads\/2020\/03\/amalfi-grob-beutel-raffinessen-gewuerze-180x180.jpg 180w, https:\/\/www.raffinessen.ch\/webseite\/wp-content\/uploads\/2020\/03\/amalfi-grob-beutel-raffinessen-gewuerze-1500x1500.jpg 1500w, https:\/\/www.raffinessen.ch\/webseite\/wp-content\/uploads\/2020\/03\/amalfi-grob-beutel-raffinessen-gewuerze-705x705.jpg 705w, https:\/\/www.raffinessen.ch\/webseite\/wp-content\/uploads\/2020\/03\/amalfi-grob-beutel-raffinessen-gewuerze-100x100.jpg 100w, https:\/\/www.raffinessen.ch\/webseite\/wp-content\/uploads\/2020\/03\/amalfi-grob-beutel-raffinessen-gewuerze-1000x1000.jpg 1000w\" sizes=\"auto, (max-width: 500px) 100vw, 500px\" \/><img decoding=\"async\" loading=\"lazy\" width=\"500\" height=\"500\" src=\"https:\/\/www.raffinessen.ch\/webseite\/wp-content\/uploads\/2020\/03\/amalfi-grob-raffinessen-gewuerze-500x500.jpg\" class=\"wp-image-5283 avia-img-lazy-loading-5283 attachment-woocommerce_thumbnail size-woocommerce_thumbnail wp-post-image\" alt=\"\" srcset=\"https:\/\/www.raffinessen.ch\/webseite\/wp-content\/uploads\/2020\/03\/amalfi-grob-raffinessen-gewuerze-500x500.jpg 500w, https:\/\/www.raffinessen.ch\/webseite\/wp-content\/uploads\/2020\/03\/amalfi-grob-raffinessen-gewuerze-300x300.jpg 300w, https:\/\/www.raffinessen.ch\/webseite\/wp-content\/uploads\/2020\/03\/amalfi-grob-raffinessen-gewuerze-1030x1030.jpg 1030w, https:\/\/www.raffinessen.ch\/webseite\/wp-content\/uploads\/2020\/03\/amalfi-grob-raffinessen-gewuerze-80x80.jpg 80w, https:\/\/www.raffinessen.ch\/webseite\/wp-content\/uploads\/2020\/03\/amalfi-grob-raffinessen-gewuerze-768x768.jpg 768w, https:\/\/www.raffinessen.ch\/webseite\/wp-content\/uploads\/2020\/03\/amalfi-grob-raffinessen-gewuerze-1536x1536.jpg 1536w, https:\/\/www.raffinessen.ch\/webseite\/wp-content\/uploads\/2020\/03\/amalfi-grob-raffinessen-gewuerze-2048x2048.jpg 2048w, https:\/\/www.raffinessen.ch\/webseite\/wp-content\/uploads\/2020\/03\/amalfi-grob-raffinessen-gewuerze-36x36.jpg 36w, https:\/\/www.raffinessen.ch\/webseite\/wp-content\/uploads\/2020\/03\/amalfi-grob-raffinessen-gewuerze-180x180.jpg 180w, https:\/\/www.raffinessen.ch\/webseite\/wp-content\/uploads\/2020\/03\/amalfi-grob-raffinessen-gewuerze-1500x1500.jpg 1500w, https:\/\/www.raffinessen.ch\/webseite\/wp-content\/uploads\/2020\/03\/amalfi-grob-raffinessen-gewuerze-705x705.jpg 705w, https:\/\/www.raffinessen.ch\/webseite\/wp-content\/uploads\/2020\/03\/amalfi-grob-raffinessen-gewuerze-100x100.jpg 100w, https:\/\/www.raffinessen.ch\/webseite\/wp-content\/uploads\/2020\/03\/amalfi-grob-raffinessen-gewuerze-1000x1000.jpg 1000w\" sizes=\"auto, (max-width: 500px) 100vw, 500px\" \/><span class=\"cart-loading\"><\/span><\/div><div class='inner_product_header'><div class='avia-arrow'><\/div><div class='inner_product_header_table'><div class='inner_product_header_cell'><h2 class=\"woocommerce-loop-product__title\">Amalfi grossier sachet de recharge<\/h2>\n\t<span class=\"price\"><span class=\"woocommerce-Price-amount amount\"><bdi><span class=\"woocommerce-Price-currencySymbol\">&#67;&#72;&#70;<\/span>&nbsp;21.00<\/bdi><\/span> <small class=\"woocommerce-price-suffix\">TVA incluse<\/small><\/span>\n<\/div><\/div><\/div><\/a><div class='avia_cart_buttons'><a href=\"\/fr\/wp-json\/wp\/v2\/pages\/9012?add-to-cart=5291\" aria-describedby=\"woocommerce_loop_add_to_cart_link_describedby_5291\" data-quantity=\"1\" class=\"button product_type_simple add_to_cart_button ajax_add_to_cart\" data-product_id=\"5291\" data-product_sku=\"FPO-S003-400\" aria-label=\"Ajouter au panier\u00a0: \u201cAmalfi grob Nachf\u00fcllbeutel\u201d\" rel=\"nofollow\" data-success_message=\"\u00ab\u00a0Amalfi grob Nachf\u00fcllbeutel\u00a0\u00bb a \u00e9t\u00e9 ajout\u00e9 \u00e0 votre panier\" role=\"button\" data-no-translation-aria-label=\"\" data-no-translation-data-success_message=\"\"><span class=\"avia-svg-icon avia-font-svg_entypo-fontello\" data-av_svg_icon='basket' data-av_iconset='svg_entypo-fontello'><svg version=\"1.1\" xmlns=\"http:\/\/www.w3.org\/2000\/svg\" width=\"29\" height=\"32\" viewbox=\"0 0 29 32\" preserveaspectratio=\"xMidYMid meet\" aria-labelledby='av-svg-title-333' aria-describedby='av-svg-desc-333' role=\"graphics-symbol\" aria-hidden=\"true\">\n<title id='av-svg-title-333'>Ajouter au panier<\/title>\n<desc id='av-svg-desc-333'>Ajouter au panier<\/desc>\n<path d=\"M4.8 27.2q0-1.28 0.96-2.24t2.24-0.96q1.344 0 2.272 0.96t0.928 2.24q0 1.344-0.928 2.272t-2.272 0.928q-1.28 0-2.24-0.928t-0.96-2.272zM20.8 27.2q0-1.28 0.96-2.24t2.24-0.96q1.344 0 2.272 0.96t0.928 2.24q0 1.344-0.928 2.272t-2.272 0.928q-1.28 0-2.24-0.928t-0.96-2.272zM10.496 19.648q-1.152 0.32-1.088 0.736t1.408 0.416h17.984v2.432q0 0.64-0.64 0.64h-20.928q-0.64 0-0.64-0.64v-2.432l-0.32-1.472-3.136-14.528h-3.136v-2.56q0-0.64 0.64-0.64h4.992q0.64 0 0.64 0.64v2.752h22.528v8.768q0 0.704-0.576 0.832z\"><\/path>\n<\/svg><\/span>  Ajouter au panier<\/a>\t<span id=\"woocommerce_loop_add_to_cart_link_describedby_5291\" class=\"screen-reader-text\">\n\t\t\t<\/span>\n<a class=\"button show_details_button\" href=\"https:\/\/www.raffinessen.ch\/fr\/produit\/amalfi-grob-nachfuellbeutel\/\"><span class=\"avia-svg-icon avia-font-svg_entypo-fontello\" data-av_svg_icon='doc-text' data-av_iconset='svg_entypo-fontello'><svg version=\"1.1\" xmlns=\"http:\/\/www.w3.org\/2000\/svg\" width=\"22\" height=\"32\" viewbox=\"0 0 22 32\" preserveaspectratio=\"xMidYMid meet\" aria-labelledby='av-svg-title-334' aria-describedby='av-svg-desc-334' role=\"graphics-symbol\" aria-hidden=\"true\">\n<title id='av-svg-title-334'>Voir les d\u00e9tails<\/title>\n<desc id='av-svg-desc-334'>Voir les d\u00e9tails<\/desc>\n<path d=\"M6.784 17.344v-2.88h8.96v2.88h-8.96zM19.2 1.6q1.344 0 2.272 0.928t0.928 2.272v22.4q0 1.28-0.928 2.24t-2.272 0.96h-16q-1.28 0-2.24-0.96t-0.96-2.24v-22.4q0-1.344 0.96-2.272t2.24-0.928h16zM19.2 27.2v-22.4h-16v22.4h16zM15.68 8.256v2.816h-8.96v-2.816h8.96zM15.68 20.8v2.816h-8.96v-2.816h8.96z\"><\/path>\n<\/svg><\/span>  Voir les d\u00e9tails<\/a> <span class=\"button-mini-delimiter\"><\/span><\/div><\/div><\/li>\n<li class=\"product type-product post-5281 status-publish last instock product_cat-grosse-nachfuellbeutel has-post-thumbnail taxable shipping-taxable purchasable product-type-simple\">\n\t<div class='inner_product main_color wrapped_style noLightbox  av-product-class-'><a href=\"https:\/\/www.raffinessen.ch\/fr\/produit\/blueten-salz-nachfuellbeutel\/\" class=\"woocommerce-LoopProduct-link woocommerce-loop-product__link\"><div class=\"thumbnail_container\"><img loading=\"lazy\" decoding=\"async\" width=\"500\" height=\"500\" src=\"https:\/\/www.raffinessen.ch\/webseite\/wp-content\/uploads\/2020\/03\/blueten-salz-beutel-raffinessen-gewuerze-500x500.jpg\" class=\"attachment-woocommerce_thumbnail avia-product-hover\" alt=\"\" srcset=\"https:\/\/www.raffinessen.ch\/webseite\/wp-content\/uploads\/2020\/03\/blueten-salz-beutel-raffinessen-gewuerze-500x500.jpg 500w, https:\/\/www.raffinessen.ch\/webseite\/wp-content\/uploads\/2020\/03\/blueten-salz-beutel-raffinessen-gewuerze-300x300.jpg 300w, https:\/\/www.raffinessen.ch\/webseite\/wp-content\/uploads\/2020\/03\/blueten-salz-beutel-raffinessen-gewuerze-1030x1030.jpg 1030w, https:\/\/www.raffinessen.ch\/webseite\/wp-content\/uploads\/2020\/03\/blueten-salz-beutel-raffinessen-gewuerze-80x80.jpg 80w, https:\/\/www.raffinessen.ch\/webseite\/wp-content\/uploads\/2020\/03\/blueten-salz-beutel-raffinessen-gewuerze-768x768.jpg 768w, https:\/\/www.raffinessen.ch\/webseite\/wp-content\/uploads\/2020\/03\/blueten-salz-beutel-raffinessen-gewuerze-1536x1536.jpg 1536w, https:\/\/www.raffinessen.ch\/webseite\/wp-content\/uploads\/2020\/03\/blueten-salz-beutel-raffinessen-gewuerze-2048x2048.jpg 2048w, https:\/\/www.raffinessen.ch\/webseite\/wp-content\/uploads\/2020\/03\/blueten-salz-beutel-raffinessen-gewuerze-36x36.jpg 36w, https:\/\/www.raffinessen.ch\/webseite\/wp-content\/uploads\/2020\/03\/blueten-salz-beutel-raffinessen-gewuerze-180x180.jpg 180w, https:\/\/www.raffinessen.ch\/webseite\/wp-content\/uploads\/2020\/03\/blueten-salz-beutel-raffinessen-gewuerze-1500x1500.jpg 1500w, https:\/\/www.raffinessen.ch\/webseite\/wp-content\/uploads\/2020\/03\/blueten-salz-beutel-raffinessen-gewuerze-705x705.jpg 705w, https:\/\/www.raffinessen.ch\/webseite\/wp-content\/uploads\/2020\/03\/blueten-salz-beutel-raffinessen-gewuerze-100x100.jpg 100w, https:\/\/www.raffinessen.ch\/webseite\/wp-content\/uploads\/2020\/03\/blueten-salz-beutel-raffinessen-gewuerze-1000x1000.jpg 1000w\" sizes=\"auto, (max-width: 500px) 100vw, 500px\" \/><img decoding=\"async\" loading=\"lazy\" width=\"500\" height=\"500\" src=\"https:\/\/www.raffinessen.ch\/webseite\/wp-content\/uploads\/2020\/03\/blueten-salz-raffinessen-gewuerze-500x500.jpg\" class=\"wp-image-5285 avia-img-lazy-loading-5285 attachment-woocommerce_thumbnail size-woocommerce_thumbnail wp-post-image\" alt=\"\" srcset=\"https:\/\/www.raffinessen.ch\/webseite\/wp-content\/uploads\/2020\/03\/blueten-salz-raffinessen-gewuerze-500x500.jpg 500w, https:\/\/www.raffinessen.ch\/webseite\/wp-content\/uploads\/2020\/03\/blueten-salz-raffinessen-gewuerze-300x300.jpg 300w, https:\/\/www.raffinessen.ch\/webseite\/wp-content\/uploads\/2020\/03\/blueten-salz-raffinessen-gewuerze-1030x1030.jpg 1030w, https:\/\/www.raffinessen.ch\/webseite\/wp-content\/uploads\/2020\/03\/blueten-salz-raffinessen-gewuerze-80x80.jpg 80w, https:\/\/www.raffinessen.ch\/webseite\/wp-content\/uploads\/2020\/03\/blueten-salz-raffinessen-gewuerze-768x768.jpg 768w, https:\/\/www.raffinessen.ch\/webseite\/wp-content\/uploads\/2020\/03\/blueten-salz-raffinessen-gewuerze-1536x1536.jpg 1536w, https:\/\/www.raffinessen.ch\/webseite\/wp-content\/uploads\/2020\/03\/blueten-salz-raffinessen-gewuerze-2048x2048.jpg 2048w, https:\/\/www.raffinessen.ch\/webseite\/wp-content\/uploads\/2020\/03\/blueten-salz-raffinessen-gewuerze-36x36.jpg 36w, https:\/\/www.raffinessen.ch\/webseite\/wp-content\/uploads\/2020\/03\/blueten-salz-raffinessen-gewuerze-180x180.jpg 180w, https:\/\/www.raffinessen.ch\/webseite\/wp-content\/uploads\/2020\/03\/blueten-salz-raffinessen-gewuerze-1500x1500.jpg 1500w, https:\/\/www.raffinessen.ch\/webseite\/wp-content\/uploads\/2020\/03\/blueten-salz-raffinessen-gewuerze-705x705.jpg 705w, https:\/\/www.raffinessen.ch\/webseite\/wp-content\/uploads\/2020\/03\/blueten-salz-raffinessen-gewuerze-100x100.jpg 100w, https:\/\/www.raffinessen.ch\/webseite\/wp-content\/uploads\/2020\/03\/blueten-salz-raffinessen-gewuerze-1000x1000.jpg 1000w\" sizes=\"auto, (max-width: 500px) 100vw, 500px\" \/><span class=\"cart-loading\"><\/span><\/div><div class='inner_product_header'><div class='avia-arrow'><\/div><div class='inner_product_header_table'><div class='inner_product_header_cell'><h2 class=\"woocommerce-loop-product__title\">Recharge de sel de fleur<\/h2>\n\t<span class=\"price\"><span class=\"woocommerce-Price-amount amount\"><bdi><span class=\"woocommerce-Price-currencySymbol\">&#67;&#72;&#70;<\/span>&nbsp;20.00<\/bdi><\/span> <small class=\"woocommerce-price-suffix\">TVA incluse<\/small><\/span>\n<\/div><\/div><\/div><\/a><div class='avia_cart_buttons'><a href=\"\/fr\/wp-json\/wp\/v2\/pages\/9012?add-to-cart=5281\" aria-describedby=\"woocommerce_loop_add_to_cart_link_describedby_5281\" data-quantity=\"1\" class=\"button product_type_simple add_to_cart_button ajax_add_to_cart\" data-product_id=\"5281\" data-product_sku=\"FPO-C0012-400\" aria-label=\"Ajouter au panier\u00a0: \u201cBl\u00fcten Salz Nachf\u00fcllbeutel\u201d\" rel=\"nofollow\" data-success_message=\"\u00ab\u00a0Bl\u00fcten Salz Nachf\u00fcllbeutel\u00a0\u00bb a \u00e9t\u00e9 ajout\u00e9 \u00e0 votre panier\" role=\"button\" data-no-translation-aria-label=\"\" data-no-translation-data-success_message=\"\"><span class=\"avia-svg-icon avia-font-svg_entypo-fontello\" data-av_svg_icon='basket' data-av_iconset='svg_entypo-fontello'><svg version=\"1.1\" xmlns=\"http:\/\/www.w3.org\/2000\/svg\" width=\"29\" height=\"32\" viewbox=\"0 0 29 32\" preserveaspectratio=\"xMidYMid meet\" aria-labelledby='av-svg-title-335' aria-describedby='av-svg-desc-335' role=\"graphics-symbol\" aria-hidden=\"true\">\n<title id='av-svg-title-335'>Ajouter au panier<\/title>\n<desc id='av-svg-desc-335'>Ajouter au panier<\/desc>\n<path d=\"M4.8 27.2q0-1.28 0.96-2.24t2.24-0.96q1.344 0 2.272 0.96t0.928 2.24q0 1.344-0.928 2.272t-2.272 0.928q-1.28 0-2.24-0.928t-0.96-2.272zM20.8 27.2q0-1.28 0.96-2.24t2.24-0.96q1.344 0 2.272 0.96t0.928 2.24q0 1.344-0.928 2.272t-2.272 0.928q-1.28 0-2.24-0.928t-0.96-2.272zM10.496 19.648q-1.152 0.32-1.088 0.736t1.408 0.416h17.984v2.432q0 0.64-0.64 0.64h-20.928q-0.64 0-0.64-0.64v-2.432l-0.32-1.472-3.136-14.528h-3.136v-2.56q0-0.64 0.64-0.64h4.992q0.64 0 0.64 0.64v2.752h22.528v8.768q0 0.704-0.576 0.832z\"><\/path>\n<\/svg><\/span>  Ajouter au panier<\/a>\t<span id=\"woocommerce_loop_add_to_cart_link_describedby_5281\" class=\"screen-reader-text\">\n\t\t\t<\/span>\n<a class=\"button show_details_button\" href=\"https:\/\/www.raffinessen.ch\/fr\/produit\/blueten-salz-nachfuellbeutel\/\"><span class=\"avia-svg-icon avia-font-svg_entypo-fontello\" data-av_svg_icon='doc-text' data-av_iconset='svg_entypo-fontello'><svg version=\"1.1\" xmlns=\"http:\/\/www.w3.org\/2000\/svg\" width=\"22\" height=\"32\" viewbox=\"0 0 22 32\" preserveaspectratio=\"xMidYMid meet\" aria-labelledby='av-svg-title-336' aria-describedby='av-svg-desc-336' role=\"graphics-symbol\" aria-hidden=\"true\">\n<title id='av-svg-title-336'>Voir les d\u00e9tails<\/title>\n<desc id='av-svg-desc-336'>Voir les d\u00e9tails<\/desc>\n<path d=\"M6.784 17.344v-2.88h8.96v2.88h-8.96zM19.2 1.6q1.344 0 2.272 0.928t0.928 2.272v22.4q0 1.28-0.928 2.24t-2.272 0.96h-16q-1.28 0-2.24-0.96t-0.96-2.24v-22.4q0-1.344 0.96-2.272t2.24-0.928h16zM19.2 27.2v-22.4h-16v22.4h16zM15.68 8.256v2.816h-8.96v-2.816h8.96zM15.68 20.8v2.816h-8.96v-2.816h8.96z\"><\/path>\n<\/svg><\/span>  Voir les d\u00e9tails<\/a> <span class=\"button-mini-delimiter\"><\/span><\/div><\/div><\/li>\n<li class=\"product type-product post-5289 status-publish first instock product_cat-grosse-nachfuellbeutel has-post-thumbnail taxable shipping-taxable purchasable product-type-simple\">\n\t<div class='inner_product main_color wrapped_style noLightbox  av-product-class-'><a href=\"https:\/\/www.raffinessen.ch\/fr\/produit\/chili-pfeffer-salz-nachfuellbeutel\/\" class=\"woocommerce-LoopProduct-link woocommerce-loop-product__link\"><div class=\"thumbnail_container\"><img loading=\"lazy\" decoding=\"async\" width=\"500\" height=\"500\" src=\"https:\/\/www.raffinessen.ch\/webseite\/wp-content\/uploads\/2020\/03\/chili-salz-beutel-raffinessen-gewuerz-500x500.jpg\" class=\"attachment-woocommerce_thumbnail avia-product-hover\" alt=\"\" srcset=\"https:\/\/www.raffinessen.ch\/webseite\/wp-content\/uploads\/2020\/03\/chili-salz-beutel-raffinessen-gewuerz-500x500.jpg 500w, https:\/\/www.raffinessen.ch\/webseite\/wp-content\/uploads\/2020\/03\/chili-salz-beutel-raffinessen-gewuerz-300x300.jpg 300w, https:\/\/www.raffinessen.ch\/webseite\/wp-content\/uploads\/2020\/03\/chili-salz-beutel-raffinessen-gewuerz-1030x1030.jpg 1030w, https:\/\/www.raffinessen.ch\/webseite\/wp-content\/uploads\/2020\/03\/chili-salz-beutel-raffinessen-gewuerz-80x80.jpg 80w, https:\/\/www.raffinessen.ch\/webseite\/wp-content\/uploads\/2020\/03\/chili-salz-beutel-raffinessen-gewuerz-768x768.jpg 768w, https:\/\/www.raffinessen.ch\/webseite\/wp-content\/uploads\/2020\/03\/chili-salz-beutel-raffinessen-gewuerz-1536x1536.jpg 1536w, https:\/\/www.raffinessen.ch\/webseite\/wp-content\/uploads\/2020\/03\/chili-salz-beutel-raffinessen-gewuerz-2048x2048.jpg 2048w, https:\/\/www.raffinessen.ch\/webseite\/wp-content\/uploads\/2020\/03\/chili-salz-beutel-raffinessen-gewuerz-36x36.jpg 36w, https:\/\/www.raffinessen.ch\/webseite\/wp-content\/uploads\/2020\/03\/chili-salz-beutel-raffinessen-gewuerz-180x180.jpg 180w, https:\/\/www.raffinessen.ch\/webseite\/wp-content\/uploads\/2020\/03\/chili-salz-beutel-raffinessen-gewuerz-1500x1500.jpg 1500w, https:\/\/www.raffinessen.ch\/webseite\/wp-content\/uploads\/2020\/03\/chili-salz-beutel-raffinessen-gewuerz-705x705.jpg 705w, https:\/\/www.raffinessen.ch\/webseite\/wp-content\/uploads\/2020\/03\/chili-salz-beutel-raffinessen-gewuerz-100x100.jpg 100w, https:\/\/www.raffinessen.ch\/webseite\/wp-content\/uploads\/2020\/03\/chili-salz-beutel-raffinessen-gewuerz-1000x1000.jpg 1000w\" sizes=\"auto, (max-width: 500px) 100vw, 500px\" \/><img decoding=\"async\" loading=\"lazy\" width=\"500\" height=\"500\" src=\"https:\/\/www.raffinessen.ch\/webseite\/wp-content\/uploads\/2020\/03\/chili-pfeffer-salz-raffinessen-gewuerze-500x500.jpg\" class=\"wp-image-5287 avia-img-lazy-loading-5287 attachment-woocommerce_thumbnail size-woocommerce_thumbnail wp-post-image\" alt=\"\" srcset=\"https:\/\/www.raffinessen.ch\/webseite\/wp-content\/uploads\/2020\/03\/chili-pfeffer-salz-raffinessen-gewuerze-500x500.jpg 500w, https:\/\/www.raffinessen.ch\/webseite\/wp-content\/uploads\/2020\/03\/chili-pfeffer-salz-raffinessen-gewuerze-300x300.jpg 300w, https:\/\/www.raffinessen.ch\/webseite\/wp-content\/uploads\/2020\/03\/chili-pfeffer-salz-raffinessen-gewuerze-1030x1030.jpg 1030w, https:\/\/www.raffinessen.ch\/webseite\/wp-content\/uploads\/2020\/03\/chili-pfeffer-salz-raffinessen-gewuerze-80x80.jpg 80w, https:\/\/www.raffinessen.ch\/webseite\/wp-content\/uploads\/2020\/03\/chili-pfeffer-salz-raffinessen-gewuerze-768x768.jpg 768w, https:\/\/www.raffinessen.ch\/webseite\/wp-content\/uploads\/2020\/03\/chili-pfeffer-salz-raffinessen-gewuerze-1536x1536.jpg 1536w, https:\/\/www.raffinessen.ch\/webseite\/wp-content\/uploads\/2020\/03\/chili-pfeffer-salz-raffinessen-gewuerze-2048x2048.jpg 2048w, https:\/\/www.raffinessen.ch\/webseite\/wp-content\/uploads\/2020\/03\/chili-pfeffer-salz-raffinessen-gewuerze-36x36.jpg 36w, https:\/\/www.raffinessen.ch\/webseite\/wp-content\/uploads\/2020\/03\/chili-pfeffer-salz-raffinessen-gewuerze-180x180.jpg 180w, https:\/\/www.raffinessen.ch\/webseite\/wp-content\/uploads\/2020\/03\/chili-pfeffer-salz-raffinessen-gewuerze-1500x1500.jpg 1500w, https:\/\/www.raffinessen.ch\/webseite\/wp-content\/uploads\/2020\/03\/chili-pfeffer-salz-raffinessen-gewuerze-705x705.jpg 705w, https:\/\/www.raffinessen.ch\/webseite\/wp-content\/uploads\/2020\/03\/chili-pfeffer-salz-raffinessen-gewuerze-100x100.jpg 100w, https:\/\/www.raffinessen.ch\/webseite\/wp-content\/uploads\/2020\/03\/chili-pfeffer-salz-raffinessen-gewuerze-1000x1000.jpg 1000w\" sizes=\"auto, (max-width: 500px) 100vw, 500px\" \/><span class=\"cart-loading\"><\/span><\/div><div class='inner_product_header'><div class='avia-arrow'><\/div><div class='inner_product_header_table'><div class='inner_product_header_cell'><h2 class=\"woocommerce-loop-product__title\">Recharge de sel au chili<\/h2>\n\t<span class=\"price\"><span class=\"woocommerce-Price-amount amount\"><bdi><span class=\"woocommerce-Price-currencySymbol\">&#67;&#72;&#70;<\/span>&nbsp;20.00<\/bdi><\/span> <small class=\"woocommerce-price-suffix\">TVA incluse<\/small><\/span>\n<\/div><\/div><\/div><\/a><div class='avia_cart_buttons'><a href=\"\/fr\/wp-json\/wp\/v2\/pages\/9012?add-to-cart=5289\" aria-describedby=\"woocommerce_loop_add_to_cart_link_describedby_5289\" data-quantity=\"1\" class=\"button product_type_simple add_to_cart_button ajax_add_to_cart\" data-product_id=\"5289\" data-product_sku=\"FPO-C0022-400\" aria-label=\"Ajouter au panier\u00a0: \u201cChili Salz Nachf\u00fcllbeutel\u201d\" rel=\"nofollow\" data-success_message=\"\u00ab\u00a0Chili Salz Nachf\u00fcllbeutel\u00a0\u00bb a \u00e9t\u00e9 ajout\u00e9 \u00e0 votre panier\" role=\"button\" data-no-translation-aria-label=\"\" data-no-translation-data-success_message=\"\"><span class=\"avia-svg-icon avia-font-svg_entypo-fontello\" data-av_svg_icon='basket' data-av_iconset='svg_entypo-fontello'><svg version=\"1.1\" xmlns=\"http:\/\/www.w3.org\/2000\/svg\" width=\"29\" height=\"32\" viewbox=\"0 0 29 32\" preserveaspectratio=\"xMidYMid meet\" aria-labelledby='av-svg-title-337' aria-describedby='av-svg-desc-337' role=\"graphics-symbol\" aria-hidden=\"true\">\n<title id='av-svg-title-337'>Ajouter au panier<\/title>\n<desc id='av-svg-desc-337'>Ajouter au panier<\/desc>\n<path d=\"M4.8 27.2q0-1.28 0.96-2.24t2.24-0.96q1.344 0 2.272 0.96t0.928 2.24q0 1.344-0.928 2.272t-2.272 0.928q-1.28 0-2.24-0.928t-0.96-2.272zM20.8 27.2q0-1.28 0.96-2.24t2.24-0.96q1.344 0 2.272 0.96t0.928 2.24q0 1.344-0.928 2.272t-2.272 0.928q-1.28 0-2.24-0.928t-0.96-2.272zM10.496 19.648q-1.152 0.32-1.088 0.736t1.408 0.416h17.984v2.432q0 0.64-0.64 0.64h-20.928q-0.64 0-0.64-0.64v-2.432l-0.32-1.472-3.136-14.528h-3.136v-2.56q0-0.64 0.64-0.64h4.992q0.64 0 0.64 0.64v2.752h22.528v8.768q0 0.704-0.576 0.832z\"><\/path>\n<\/svg><\/span>  Ajouter au panier<\/a>\t<span id=\"woocommerce_loop_add_to_cart_link_describedby_5289\" class=\"screen-reader-text\">\n\t\t\t<\/span>\n<a class=\"button show_details_button\" href=\"https:\/\/www.raffinessen.ch\/fr\/produit\/chili-pfeffer-salz-nachfuellbeutel\/\"><span class=\"avia-svg-icon avia-font-svg_entypo-fontello\" data-av_svg_icon='doc-text' data-av_iconset='svg_entypo-fontello'><svg version=\"1.1\" xmlns=\"http:\/\/www.w3.org\/2000\/svg\" width=\"22\" height=\"32\" viewbox=\"0 0 22 32\" preserveaspectratio=\"xMidYMid meet\" aria-labelledby='av-svg-title-338' aria-describedby='av-svg-desc-338' role=\"graphics-symbol\" aria-hidden=\"true\">\n<title id='av-svg-title-338'>Voir les d\u00e9tails<\/title>\n<desc id='av-svg-desc-338'>Voir les d\u00e9tails<\/desc>\n<path d=\"M6.784 17.344v-2.88h8.96v2.88h-8.96zM19.2 1.6q1.344 0 2.272 0.928t0.928 2.272v22.4q0 1.28-0.928 2.24t-2.272 0.96h-16q-1.28 0-2.24-0.96t-0.96-2.24v-22.4q0-1.344 0.96-2.272t2.24-0.928h16zM19.2 27.2v-22.4h-16v22.4h16zM15.68 8.256v2.816h-8.96v-2.816h8.96zM15.68 20.8v2.816h-8.96v-2.816h8.96z\"><\/path>\n<\/svg><\/span>  Voir les d\u00e9tails<\/a> <span class=\"button-mini-delimiter\"><\/span><\/div><\/div><\/li>\n<\/ul><\/div><\/div><div class=\"clear\"><\/div><\/p>\n<\/div><\/div><\/div>\n<style type=\"text\/css\" data-created_by=\"avia_inline_auto\" id=\"style-css-av-2vcb1j-11-0322de24ec0c2081ba660908521d7c54\">\n.av-layout-tab.av-2vcb1j-11-0322de24ec0c2081ba660908521d7c54{\nvertical-align:top;\n}\n<\/style>\n<div id='av-tab-section-1-4' class='av-layout-tab av-2vcb1j-11-0322de24ec0c2081ba660908521d7c54 av-animation-delay-container' data-av-deeplink-tabs=\"\" data-av-tab-section-content=\"4\" data-tab-section-id=\"kambodscha-produkte\"><div class=\"av-layout-tab-inner\"><div class=\"container\"><div  class='avia-product-slider-container av-bs5as-7a944417b38e235708f03efaa58dc885 template-shop avia-content-slider avia-content-grid-active shop_columns_4 avia-content-slider-even av-slideshow-ui av-slider-hover-pause av-slideshow-manual av-loop-once av-loop-manual-endless avia-product-slider9' data-slideshow-options=\"{&quot;animation&quot;:&quot;fade&quot;,&quot;autoplay&quot;:false,&quot;loop_autoplay&quot;:&quot;once&quot;,&quot;interval&quot;:5,&quot;loop_manual&quot;:&quot;manual-endless&quot;,&quot;autoplay_stopper&quot;:false,&quot;noNavigation&quot;:false,&quot;bg_slider&quot;:false,&quot;keep_padding&quot;:false,&quot;hoverpause&quot;:true,&quot;show_slide_delay&quot;:0}\"><div class='avia-content-slider-inner'><ul class=\"products\"><li class=\"product type-product post-18165 status-publish first instock product_cat-kambodscha-produkte product_cat-top4 has-post-thumbnail taxable shipping-taxable purchasable product-type-simple\">\n\t<div class='inner_product main_color wrapped_style noLightbox  av-product-class-'><a href=\"https:\/\/www.raffinessen.ch\/fr\/produit\/set-cashew-mango\/\" class=\"woocommerce-LoopProduct-link woocommerce-loop-product__link\"><div class=\"thumbnail_container\"><img loading=\"lazy\" decoding=\"async\" width=\"500\" height=\"500\" src=\"https:\/\/www.raffinessen.ch\/webseite\/wp-content\/uploads\/2024\/09\/Zueckerli-Fleur-de-Sel-Pepe-500x500.jpg\" class=\"attachment-woocommerce_thumbnail avia-product-hover\" alt=\"\" srcset=\"https:\/\/www.raffinessen.ch\/webseite\/wp-content\/uploads\/2024\/09\/Zueckerli-Fleur-de-Sel-Pepe-500x500.jpg 500w, https:\/\/www.raffinessen.ch\/webseite\/wp-content\/uploads\/2024\/09\/Zueckerli-Fleur-de-Sel-Pepe-80x80.jpg 80w, https:\/\/www.raffinessen.ch\/webseite\/wp-content\/uploads\/2024\/09\/Zueckerli-Fleur-de-Sel-Pepe-36x36.jpg 36w, https:\/\/www.raffinessen.ch\/webseite\/wp-content\/uploads\/2024\/09\/Zueckerli-Fleur-de-Sel-Pepe-180x180.jpg 180w, https:\/\/www.raffinessen.ch\/webseite\/wp-content\/uploads\/2024\/09\/Zueckerli-Fleur-de-Sel-Pepe-120x120.jpg 120w, https:\/\/www.raffinessen.ch\/webseite\/wp-content\/uploads\/2024\/09\/Zueckerli-Fleur-de-Sel-Pepe-450x450.jpg 450w, https:\/\/www.raffinessen.ch\/webseite\/wp-content\/uploads\/2024\/09\/Zueckerli-Fleur-de-Sel-Pepe-100x100.jpg 100w\" sizes=\"auto, (max-width: 500px) 100vw, 500px\" \/><img decoding=\"async\" loading=\"lazy\" width=\"500\" height=\"500\" src=\"https:\/\/www.raffinessen.ch\/webseite\/wp-content\/uploads\/2025\/09\/FP-110x185_SET-Cashew-500x500.jpg\" class=\"wp-image-19941 avia-img-lazy-loading-19941 attachment-woocommerce_thumbnail size-woocommerce_thumbnail wp-post-image\" alt=\"\" srcset=\"https:\/\/www.raffinessen.ch\/webseite\/wp-content\/uploads\/2025\/09\/FP-110x185_SET-Cashew-500x500.jpg 500w, https:\/\/www.raffinessen.ch\/webseite\/wp-content\/uploads\/2025\/09\/FP-110x185_SET-Cashew-300x300.jpg 300w, https:\/\/www.raffinessen.ch\/webseite\/wp-content\/uploads\/2025\/09\/FP-110x185_SET-Cashew-1030x1030.jpg 1030w, https:\/\/www.raffinessen.ch\/webseite\/wp-content\/uploads\/2025\/09\/FP-110x185_SET-Cashew-80x80.jpg 80w, https:\/\/www.raffinessen.ch\/webseite\/wp-content\/uploads\/2025\/09\/FP-110x185_SET-Cashew-768x768.jpg 768w, https:\/\/www.raffinessen.ch\/webseite\/wp-content\/uploads\/2025\/09\/FP-110x185_SET-Cashew-12x12.jpg 12w, https:\/\/www.raffinessen.ch\/webseite\/wp-content\/uploads\/2025\/09\/FP-110x185_SET-Cashew-36x36.jpg 36w, https:\/\/www.raffinessen.ch\/webseite\/wp-content\/uploads\/2025\/09\/FP-110x185_SET-Cashew-180x180.jpg 180w, https:\/\/www.raffinessen.ch\/webseite\/wp-content\/uploads\/2025\/09\/FP-110x185_SET-Cashew-705x705.jpg 705w, https:\/\/www.raffinessen.ch\/webseite\/wp-content\/uploads\/2025\/09\/FP-110x185_SET-Cashew-120x120.jpg 120w, https:\/\/www.raffinessen.ch\/webseite\/wp-content\/uploads\/2025\/09\/FP-110x185_SET-Cashew-450x450.jpg 450w, https:\/\/www.raffinessen.ch\/webseite\/wp-content\/uploads\/2025\/09\/FP-110x185_SET-Cashew-1000x1000.jpg 1000w, https:\/\/www.raffinessen.ch\/webseite\/wp-content\/uploads\/2025\/09\/FP-110x185_SET-Cashew-100x100.jpg 100w, https:\/\/www.raffinessen.ch\/webseite\/wp-content\/uploads\/2025\/09\/FP-110x185_SET-Cashew.jpg 1500w\" sizes=\"auto, (max-width: 500px) 100vw, 500px\" \/><span class=\"cart-loading\"><\/span><\/div><div class='inner_product_header'><div class='avia-arrow'><\/div><div class='inner_product_header_table'><div class='inner_product_header_cell'><h2 class=\"woocommerce-loop-product__title\">SET \u2013 Cashew<\/h2>\n\t<span class=\"price\"><span class=\"woocommerce-Price-amount amount\"><bdi><span class=\"woocommerce-Price-currencySymbol\">&#67;&#72;&#70;<\/span>&nbsp;23.00<\/bdi><\/span> <small class=\"woocommerce-price-suffix\">TVA incluse<\/small><\/span>\n<\/div><\/div><\/div><\/a><div class='avia_cart_buttons'><a href=\"\/fr\/wp-json\/wp\/v2\/pages\/9012?add-to-cart=18165\" aria-describedby=\"woocommerce_loop_add_to_cart_link_describedby_18165\" data-quantity=\"1\" class=\"button product_type_simple add_to_cart_button ajax_add_to_cart\" data-product_id=\"18165\" data-product_sku=\"GSO-061\" aria-label=\"Ajouter au panier\u00a0: \u201cSET \u2013 Cashew\u201d\" rel=\"nofollow\" data-success_message=\"\u00ab\u00a0SET \u2013 Cashew\u00a0\u00bb a \u00e9t\u00e9 ajout\u00e9 \u00e0 votre panier\" role=\"button\" data-no-translation-aria-label=\"\" data-no-translation-data-success_message=\"\"><span class=\"avia-svg-icon avia-font-svg_entypo-fontello\" data-av_svg_icon='basket' data-av_iconset='svg_entypo-fontello'><svg version=\"1.1\" xmlns=\"http:\/\/www.w3.org\/2000\/svg\" width=\"29\" height=\"32\" viewbox=\"0 0 29 32\" preserveaspectratio=\"xMidYMid meet\" aria-labelledby='av-svg-title-339' aria-describedby='av-svg-desc-339' role=\"graphics-symbol\" aria-hidden=\"true\">\n<title id='av-svg-title-339'>Ajouter au panier<\/title>\n<desc id='av-svg-desc-339'>Ajouter au panier<\/desc>\n<path d=\"M4.8 27.2q0-1.28 0.96-2.24t2.24-0.96q1.344 0 2.272 0.96t0.928 2.24q0 1.344-0.928 2.272t-2.272 0.928q-1.28 0-2.24-0.928t-0.96-2.272zM20.8 27.2q0-1.28 0.96-2.24t2.24-0.96q1.344 0 2.272 0.96t0.928 2.24q0 1.344-0.928 2.272t-2.272 0.928q-1.28 0-2.24-0.928t-0.96-2.272zM10.496 19.648q-1.152 0.32-1.088 0.736t1.408 0.416h17.984v2.432q0 0.64-0.64 0.64h-20.928q-0.64 0-0.64-0.64v-2.432l-0.32-1.472-3.136-14.528h-3.136v-2.56q0-0.64 0.64-0.64h4.992q0.64 0 0.64 0.64v2.752h22.528v8.768q0 0.704-0.576 0.832z\"><\/path>\n<\/svg><\/span>  Ajouter au panier<\/a>\t<span id=\"woocommerce_loop_add_to_cart_link_describedby_18165\" class=\"screen-reader-text\">\n\t\t\t<\/span>\n<a class=\"button show_details_button\" href=\"https:\/\/www.raffinessen.ch\/fr\/produit\/set-cashew-mango\/\"><span class=\"avia-svg-icon avia-font-svg_entypo-fontello\" data-av_svg_icon='doc-text' data-av_iconset='svg_entypo-fontello'><svg version=\"1.1\" xmlns=\"http:\/\/www.w3.org\/2000\/svg\" width=\"22\" height=\"32\" viewbox=\"0 0 22 32\" preserveaspectratio=\"xMidYMid meet\" aria-labelledby='av-svg-title-340' aria-describedby='av-svg-desc-340' role=\"graphics-symbol\" aria-hidden=\"true\">\n<title id='av-svg-title-340'>Voir les d\u00e9tails<\/title>\n<desc id='av-svg-desc-340'>Voir les d\u00e9tails<\/desc>\n<path d=\"M6.784 17.344v-2.88h8.96v2.88h-8.96zM19.2 1.6q1.344 0 2.272 0.928t0.928 2.272v22.4q0 1.28-0.928 2.24t-2.272 0.96h-16q-1.28 0-2.24-0.96t-0.96-2.24v-22.4q0-1.344 0.96-2.272t2.24-0.928h16zM19.2 27.2v-22.4h-16v22.4h16zM15.68 8.256v2.816h-8.96v-2.816h8.96zM15.68 20.8v2.816h-8.96v-2.816h8.96z\"><\/path>\n<\/svg><\/span>  Voir les d\u00e9tails<\/a> <span class=\"button-mini-delimiter\"><\/span><\/div><\/div><\/li>\n<li class=\"product type-product post-18966 status-publish outofstock product_cat-kambodscha-produkte product_cat-neu has-post-thumbnail taxable shipping-taxable purchasable product-type-simple\">\n\t<div class='inner_product main_color wrapped_style noLightbox  av-product-class-'><a href=\"https:\/\/www.raffinessen.ch\/fr\/produit\/set-jasminreis-variationen-aus-kambodscha\/\" class=\"woocommerce-LoopProduct-link woocommerce-loop-product__link\"><div class=\"thumbnail_container\"><img loading=\"lazy\" decoding=\"async\" width=\"500\" height=\"500\" src=\"https:\/\/www.raffinessen.ch\/webseite\/wp-content\/uploads\/2025\/02\/Jasminreis_weiss-braun-rot-schwarz_bags-500x500.jpg\" class=\"attachment-woocommerce_thumbnail avia-product-hover\" alt=\"\" srcset=\"https:\/\/www.raffinessen.ch\/webseite\/wp-content\/uploads\/2025\/02\/Jasminreis_weiss-braun-rot-schwarz_bags-500x500.jpg 500w, https:\/\/www.raffinessen.ch\/webseite\/wp-content\/uploads\/2025\/02\/Jasminreis_weiss-braun-rot-schwarz_bags-300x300.jpg 300w, https:\/\/www.raffinessen.ch\/webseite\/wp-content\/uploads\/2025\/02\/Jasminreis_weiss-braun-rot-schwarz_bags-1030x1030.jpg 1030w, https:\/\/www.raffinessen.ch\/webseite\/wp-content\/uploads\/2025\/02\/Jasminreis_weiss-braun-rot-schwarz_bags-80x80.jpg 80w, https:\/\/www.raffinessen.ch\/webseite\/wp-content\/uploads\/2025\/02\/Jasminreis_weiss-braun-rot-schwarz_bags-768x768.jpg 768w, https:\/\/www.raffinessen.ch\/webseite\/wp-content\/uploads\/2025\/02\/Jasminreis_weiss-braun-rot-schwarz_bags-12x12.jpg 12w, https:\/\/www.raffinessen.ch\/webseite\/wp-content\/uploads\/2025\/02\/Jasminreis_weiss-braun-rot-schwarz_bags-36x36.jpg 36w, https:\/\/www.raffinessen.ch\/webseite\/wp-content\/uploads\/2025\/02\/Jasminreis_weiss-braun-rot-schwarz_bags-180x180.jpg 180w, https:\/\/www.raffinessen.ch\/webseite\/wp-content\/uploads\/2025\/02\/Jasminreis_weiss-braun-rot-schwarz_bags-705x705.jpg 705w, https:\/\/www.raffinessen.ch\/webseite\/wp-content\/uploads\/2025\/02\/Jasminreis_weiss-braun-rot-schwarz_bags-120x120.jpg 120w, https:\/\/www.raffinessen.ch\/webseite\/wp-content\/uploads\/2025\/02\/Jasminreis_weiss-braun-rot-schwarz_bags-450x450.jpg 450w, https:\/\/www.raffinessen.ch\/webseite\/wp-content\/uploads\/2025\/02\/Jasminreis_weiss-braun-rot-schwarz_bags-1000x1000.jpg 1000w, https:\/\/www.raffinessen.ch\/webseite\/wp-content\/uploads\/2025\/02\/Jasminreis_weiss-braun-rot-schwarz_bags-100x100.jpg 100w, https:\/\/www.raffinessen.ch\/webseite\/wp-content\/uploads\/2025\/02\/Jasminreis_weiss-braun-rot-schwarz_bags.jpg 1500w\" sizes=\"auto, (max-width: 500px) 100vw, 500px\" \/><img decoding=\"async\" loading=\"lazy\" width=\"500\" height=\"500\" src=\"https:\/\/www.raffinessen.ch\/webseite\/wp-content\/uploads\/2025\/02\/Jasminreis_weiss-braun-rot-schwarz-500x500.jpg\" class=\"wp-image-18967 avia-img-lazy-loading-18967 attachment-woocommerce_thumbnail size-woocommerce_thumbnail wp-post-image\" alt=\"\" srcset=\"https:\/\/www.raffinessen.ch\/webseite\/wp-content\/uploads\/2025\/02\/Jasminreis_weiss-braun-rot-schwarz-500x500.jpg 500w, https:\/\/www.raffinessen.ch\/webseite\/wp-content\/uploads\/2025\/02\/Jasminreis_weiss-braun-rot-schwarz-300x300.jpg 300w, https:\/\/www.raffinessen.ch\/webseite\/wp-content\/uploads\/2025\/02\/Jasminreis_weiss-braun-rot-schwarz-1030x1030.jpg 1030w, https:\/\/www.raffinessen.ch\/webseite\/wp-content\/uploads\/2025\/02\/Jasminreis_weiss-braun-rot-schwarz-80x80.jpg 80w, https:\/\/www.raffinessen.ch\/webseite\/wp-content\/uploads\/2025\/02\/Jasminreis_weiss-braun-rot-schwarz-768x768.jpg 768w, https:\/\/www.raffinessen.ch\/webseite\/wp-content\/uploads\/2025\/02\/Jasminreis_weiss-braun-rot-schwarz-12x12.jpg 12w, https:\/\/www.raffinessen.ch\/webseite\/wp-content\/uploads\/2025\/02\/Jasminreis_weiss-braun-rot-schwarz-36x36.jpg 36w, https:\/\/www.raffinessen.ch\/webseite\/wp-content\/uploads\/2025\/02\/Jasminreis_weiss-braun-rot-schwarz-180x180.jpg 180w, https:\/\/www.raffinessen.ch\/webseite\/wp-content\/uploads\/2025\/02\/Jasminreis_weiss-braun-rot-schwarz-705x705.jpg 705w, https:\/\/www.raffinessen.ch\/webseite\/wp-content\/uploads\/2025\/02\/Jasminreis_weiss-braun-rot-schwarz-120x120.jpg 120w, https:\/\/www.raffinessen.ch\/webseite\/wp-content\/uploads\/2025\/02\/Jasminreis_weiss-braun-rot-schwarz-450x450.jpg 450w, https:\/\/www.raffinessen.ch\/webseite\/wp-content\/uploads\/2025\/02\/Jasminreis_weiss-braun-rot-schwarz-1000x1000.jpg 1000w, https:\/\/www.raffinessen.ch\/webseite\/wp-content\/uploads\/2025\/02\/Jasminreis_weiss-braun-rot-schwarz-100x100.jpg 100w, https:\/\/www.raffinessen.ch\/webseite\/wp-content\/uploads\/2025\/02\/Jasminreis_weiss-braun-rot-schwarz.jpg 1500w\" sizes=\"auto, (max-width: 500px) 100vw, 500px\" \/><span class=\"cart-loading\"><\/span><\/div><div class='inner_product_header'><div class='avia-arrow'><\/div><div class='inner_product_header_table'><div class='inner_product_header_cell'><h2 class=\"woocommerce-loop-product__title\">SET &#8211; Jasminreis Variationen aus Kambodscha<\/h2>\n\t<span class=\"price\"><span class=\"woocommerce-Price-amount amount\"><bdi><span class=\"woocommerce-Price-currencySymbol\">&#67;&#72;&#70;<\/span>&nbsp;28.00<\/bdi><\/span> <small class=\"woocommerce-price-suffix\">TVA incluse<\/small><\/span>\n<\/div><\/div><\/div><\/a><div class='avia_cart_buttons'><a href=\"https:\/\/www.raffinessen.ch\/fr\/produit\/set-jasminreis-variationen-aus-kambodscha\/\" aria-describedby=\"woocommerce_loop_add_to_cart_link_describedby_18966\" data-quantity=\"1\" class=\"button product_type_simple\" data-product_id=\"18966\" data-product_sku=\"GSO-063\" aria-label=\"En savoir plus sur \u201cSET - Jasminreis Variationen aus Kambodscha\u201d\" rel=\"nofollow\" data-success_message=\"\" data-no-translation-aria-label=\"\"><span class=\"avia-svg-icon avia-font-svg_entypo-fontello\" data-av_svg_icon='basket' data-av_iconset='svg_entypo-fontello'><svg version=\"1.1\" xmlns=\"http:\/\/www.w3.org\/2000\/svg\" width=\"29\" height=\"32\" viewbox=\"0 0 29 32\" preserveaspectratio=\"xMidYMid meet\" aria-labelledby='av-svg-title-341' aria-describedby='av-svg-desc-341' role=\"graphics-symbol\" aria-hidden=\"true\">\n<title id='av-svg-title-341'>Ajouter au panier<\/title>\n<desc id='av-svg-desc-341'>Ajouter au panier<\/desc>\n<path d=\"M4.8 27.2q0-1.28 0.96-2.24t2.24-0.96q1.344 0 2.272 0.96t0.928 2.24q0 1.344-0.928 2.272t-2.272 0.928q-1.28 0-2.24-0.928t-0.96-2.272zM20.8 27.2q0-1.28 0.96-2.24t2.24-0.96q1.344 0 2.272 0.96t0.928 2.24q0 1.344-0.928 2.272t-2.272 0.928q-1.28 0-2.24-0.928t-0.96-2.272zM10.496 19.648q-1.152 0.32-1.088 0.736t1.408 0.416h17.984v2.432q0 0.64-0.64 0.64h-20.928q-0.64 0-0.64-0.64v-2.432l-0.32-1.472-3.136-14.528h-3.136v-2.56q0-0.64 0.64-0.64h4.992q0.64 0 0.64 0.64v2.752h22.528v8.768q0 0.704-0.576 0.832z\"><\/path>\n<\/svg><\/span>  Lire la suite<\/a>\t<span id=\"woocommerce_loop_add_to_cart_link_describedby_18966\" class=\"screen-reader-text\">\n\t\t\t<\/span>\n<a class=\"button show_details_button\" href=\"https:\/\/www.raffinessen.ch\/fr\/produit\/set-jasminreis-variationen-aus-kambodscha\/\"><span class=\"avia-svg-icon avia-font-svg_entypo-fontello\" data-av_svg_icon='doc-text' data-av_iconset='svg_entypo-fontello'><svg version=\"1.1\" xmlns=\"http:\/\/www.w3.org\/2000\/svg\" width=\"22\" height=\"32\" viewbox=\"0 0 22 32\" preserveaspectratio=\"xMidYMid meet\" aria-labelledby='av-svg-title-342' aria-describedby='av-svg-desc-342' role=\"graphics-symbol\" aria-hidden=\"true\">\n<title id='av-svg-title-342'>Voir les d\u00e9tails<\/title>\n<desc id='av-svg-desc-342'>Voir les d\u00e9tails<\/desc>\n<path d=\"M6.784 17.344v-2.88h8.96v2.88h-8.96zM19.2 1.6q1.344 0 2.272 0.928t0.928 2.272v22.4q0 1.28-0.928 2.24t-2.272 0.96h-16q-1.28 0-2.24-0.96t-0.96-2.24v-22.4q0-1.344 0.96-2.272t2.24-0.928h16zM19.2 27.2v-22.4h-16v22.4h16zM15.68 8.256v2.816h-8.96v-2.816h8.96zM15.68 20.8v2.816h-8.96v-2.816h8.96z\"><\/path>\n<\/svg><\/span>  Voir les d\u00e9tails<\/a> <span class=\"button-mini-delimiter\"><\/span><\/div><\/div><\/li>\n<li class=\"product type-product post-16557 status-publish outofstock product_cat-kambodscha-produkte has-post-thumbnail taxable shipping-taxable purchasable product-type-simple\">\n\t<div class='inner_product main_color wrapped_style noLightbox  av-product-class-'><a href=\"https:\/\/www.raffinessen.ch\/fr\/produit\/reis-neang-om-aus-kambodscha-1-kg\/\" class=\"woocommerce-LoopProduct-link woocommerce-loop-product__link\"><div class=\"thumbnail_container\"><img loading=\"lazy\" decoding=\"async\" width=\"500\" height=\"500\" src=\"https:\/\/www.raffinessen.ch\/webseite\/wp-content\/uploads\/2023\/06\/Reisfeld-Detail-500x500.jpg\" class=\"attachment-woocommerce_thumbnail avia-product-hover\" alt=\"\" srcset=\"https:\/\/www.raffinessen.ch\/webseite\/wp-content\/uploads\/2023\/06\/Reisfeld-Detail-500x500.jpg 500w, https:\/\/www.raffinessen.ch\/webseite\/wp-content\/uploads\/2023\/06\/Reisfeld-Detail-300x300.jpg 300w, https:\/\/www.raffinessen.ch\/webseite\/wp-content\/uploads\/2023\/06\/Reisfeld-Detail-1030x1030.jpg 1030w, https:\/\/www.raffinessen.ch\/webseite\/wp-content\/uploads\/2023\/06\/Reisfeld-Detail-80x80.jpg 80w, https:\/\/www.raffinessen.ch\/webseite\/wp-content\/uploads\/2023\/06\/Reisfeld-Detail-768x768.jpg 768w, https:\/\/www.raffinessen.ch\/webseite\/wp-content\/uploads\/2023\/06\/Reisfeld-Detail-12x12.jpg 12w, https:\/\/www.raffinessen.ch\/webseite\/wp-content\/uploads\/2023\/06\/Reisfeld-Detail-36x36.jpg 36w, https:\/\/www.raffinessen.ch\/webseite\/wp-content\/uploads\/2023\/06\/Reisfeld-Detail-180x180.jpg 180w, https:\/\/www.raffinessen.ch\/webseite\/wp-content\/uploads\/2023\/06\/Reisfeld-Detail-705x705.jpg 705w, https:\/\/www.raffinessen.ch\/webseite\/wp-content\/uploads\/2023\/06\/Reisfeld-Detail-120x120.jpg 120w, https:\/\/www.raffinessen.ch\/webseite\/wp-content\/uploads\/2023\/06\/Reisfeld-Detail-450x450.jpg 450w, https:\/\/www.raffinessen.ch\/webseite\/wp-content\/uploads\/2023\/06\/Reisfeld-Detail-1000x1000.jpg 1000w, https:\/\/www.raffinessen.ch\/webseite\/wp-content\/uploads\/2023\/06\/Reisfeld-Detail-100x100.jpg 100w, https:\/\/www.raffinessen.ch\/webseite\/wp-content\/uploads\/2023\/06\/Reisfeld-Detail.jpg 1500w\" sizes=\"auto, (max-width: 500px) 100vw, 500px\" \/><img decoding=\"async\" loading=\"lazy\" width=\"500\" height=\"500\" src=\"https:\/\/www.raffinessen.ch\/webseite\/wp-content\/uploads\/2023\/06\/Reisschale_1500x1500-500x500.jpg\" class=\"wp-image-15773 avia-img-lazy-loading-15773 attachment-woocommerce_thumbnail size-woocommerce_thumbnail wp-post-image\" alt=\"\" srcset=\"https:\/\/www.raffinessen.ch\/webseite\/wp-content\/uploads\/2023\/06\/Reisschale_1500x1500-500x500.jpg 500w, https:\/\/www.raffinessen.ch\/webseite\/wp-content\/uploads\/2023\/06\/Reisschale_1500x1500-300x300.jpg 300w, https:\/\/www.raffinessen.ch\/webseite\/wp-content\/uploads\/2023\/06\/Reisschale_1500x1500-1030x1030.jpg 1030w, https:\/\/www.raffinessen.ch\/webseite\/wp-content\/uploads\/2023\/06\/Reisschale_1500x1500-80x80.jpg 80w, https:\/\/www.raffinessen.ch\/webseite\/wp-content\/uploads\/2023\/06\/Reisschale_1500x1500-768x768.jpg 768w, https:\/\/www.raffinessen.ch\/webseite\/wp-content\/uploads\/2023\/06\/Reisschale_1500x1500-12x12.jpg 12w, https:\/\/www.raffinessen.ch\/webseite\/wp-content\/uploads\/2023\/06\/Reisschale_1500x1500-36x36.jpg 36w, https:\/\/www.raffinessen.ch\/webseite\/wp-content\/uploads\/2023\/06\/Reisschale_1500x1500-180x180.jpg 180w, https:\/\/www.raffinessen.ch\/webseite\/wp-content\/uploads\/2023\/06\/Reisschale_1500x1500-705x705.jpg 705w, https:\/\/www.raffinessen.ch\/webseite\/wp-content\/uploads\/2023\/06\/Reisschale_1500x1500-120x120.jpg 120w, https:\/\/www.raffinessen.ch\/webseite\/wp-content\/uploads\/2023\/06\/Reisschale_1500x1500-450x450.jpg 450w, https:\/\/www.raffinessen.ch\/webseite\/wp-content\/uploads\/2023\/06\/Reisschale_1500x1500-1000x1000.jpg 1000w, https:\/\/www.raffinessen.ch\/webseite\/wp-content\/uploads\/2023\/06\/Reisschale_1500x1500-100x100.jpg 100w, https:\/\/www.raffinessen.ch\/webseite\/wp-content\/uploads\/2023\/06\/Reisschale_1500x1500.jpg 1500w\" sizes=\"auto, (max-width: 500px) 100vw, 500px\" \/><span class=\"cart-loading\"><\/span><\/div><div class='inner_product_header'><div class='avia-arrow'><\/div><div class='inner_product_header_table'><div class='inner_product_header_cell'><h2 class=\"woocommerce-loop-product__title\">Riz \"Neang Om\" du Cambodge (1 kg)<\/h2>\n\t<span class=\"price\"><span class=\"woocommerce-Price-amount amount\"><bdi><span class=\"woocommerce-Price-currencySymbol\">&#67;&#72;&#70;<\/span>&nbsp;7.50<\/bdi><\/span> <small class=\"woocommerce-price-suffix\">TVA incluse<\/small><\/span>\n<\/div><\/div><\/div><\/a><div class='avia_cart_buttons'><a href=\"https:\/\/www.raffinessen.ch\/fr\/produit\/reis-neang-om-aus-kambodscha-1-kg\/\" aria-describedby=\"woocommerce_loop_add_to_cart_link_describedby_16557\" data-quantity=\"1\" class=\"button product_type_simple\" data-product_id=\"16557\" data-product_sku=\"PP-F0025\" aria-label=\"En savoir plus sur \u201cReis \u00abNeang Om\u00bb aus Kambodscha (1 kg)\u201d\" rel=\"nofollow\" data-success_message=\"\" data-no-translation-aria-label=\"\"><span class=\"avia-svg-icon avia-font-svg_entypo-fontello\" data-av_svg_icon='basket' data-av_iconset='svg_entypo-fontello'><svg version=\"1.1\" xmlns=\"http:\/\/www.w3.org\/2000\/svg\" width=\"29\" height=\"32\" viewbox=\"0 0 29 32\" preserveaspectratio=\"xMidYMid meet\" aria-labelledby='av-svg-title-343' aria-describedby='av-svg-desc-343' role=\"graphics-symbol\" aria-hidden=\"true\">\n<title id='av-svg-title-343'>Ajouter au panier<\/title>\n<desc id='av-svg-desc-343'>Ajouter au panier<\/desc>\n<path d=\"M4.8 27.2q0-1.28 0.96-2.24t2.24-0.96q1.344 0 2.272 0.96t0.928 2.24q0 1.344-0.928 2.272t-2.272 0.928q-1.28 0-2.24-0.928t-0.96-2.272zM20.8 27.2q0-1.28 0.96-2.24t2.24-0.96q1.344 0 2.272 0.96t0.928 2.24q0 1.344-0.928 2.272t-2.272 0.928q-1.28 0-2.24-0.928t-0.96-2.272zM10.496 19.648q-1.152 0.32-1.088 0.736t1.408 0.416h17.984v2.432q0 0.64-0.64 0.64h-20.928q-0.64 0-0.64-0.64v-2.432l-0.32-1.472-3.136-14.528h-3.136v-2.56q0-0.64 0.64-0.64h4.992q0.64 0 0.64 0.64v2.752h22.528v8.768q0 0.704-0.576 0.832z\"><\/path>\n<\/svg><\/span>  Lire la suite<\/a>\t<span id=\"woocommerce_loop_add_to_cart_link_describedby_16557\" class=\"screen-reader-text\">\n\t\t\t<\/span>\n<a class=\"button show_details_button\" href=\"https:\/\/www.raffinessen.ch\/fr\/produit\/reis-neang-om-aus-kambodscha-1-kg\/\"><span class=\"avia-svg-icon avia-font-svg_entypo-fontello\" data-av_svg_icon='doc-text' data-av_iconset='svg_entypo-fontello'><svg version=\"1.1\" xmlns=\"http:\/\/www.w3.org\/2000\/svg\" width=\"22\" height=\"32\" viewbox=\"0 0 22 32\" preserveaspectratio=\"xMidYMid meet\" aria-labelledby='av-svg-title-344' aria-describedby='av-svg-desc-344' role=\"graphics-symbol\" aria-hidden=\"true\">\n<title id='av-svg-title-344'>Voir les d\u00e9tails<\/title>\n<desc id='av-svg-desc-344'>Voir les d\u00e9tails<\/desc>\n<path d=\"M6.784 17.344v-2.88h8.96v2.88h-8.96zM19.2 1.6q1.344 0 2.272 0.928t0.928 2.272v22.4q0 1.28-0.928 2.24t-2.272 0.96h-16q-1.28 0-2.24-0.96t-0.96-2.24v-22.4q0-1.344 0.96-2.272t2.24-0.928h16zM19.2 27.2v-22.4h-16v22.4h16zM15.68 8.256v2.816h-8.96v-2.816h8.96zM15.68 20.8v2.816h-8.96v-2.816h8.96z\"><\/path>\n<\/svg><\/span>  Voir les d\u00e9tails<\/a> <span class=\"button-mini-delimiter\"><\/span><\/div><\/div><\/li>\n<li class=\"product type-product post-17171 status-publish last instock product_cat-kambodscha-produkte has-post-thumbnail taxable shipping-taxable purchasable product-type-simple\">\n\t<div class='inner_product main_color wrapped_style noLightbox  av-product-class-'><a href=\"https:\/\/www.raffinessen.ch\/fr\/produit\/cashews-aus-kambodscha-2-kg-2\/\" class=\"woocommerce-LoopProduct-link woocommerce-loop-product__link\"><div class=\"thumbnail_container\"><img loading=\"lazy\" decoding=\"async\" width=\"500\" height=\"500\" src=\"https:\/\/www.raffinessen.ch\/webseite\/wp-content\/uploads\/2022\/10\/Cashew_2-500x500.jpg\" class=\"attachment-woocommerce_thumbnail avia-product-hover\" alt=\"\" srcset=\"https:\/\/www.raffinessen.ch\/webseite\/wp-content\/uploads\/2022\/10\/Cashew_2-500x500.jpg 500w, https:\/\/www.raffinessen.ch\/webseite\/wp-content\/uploads\/2022\/10\/Cashew_2-300x300.jpg 300w, https:\/\/www.raffinessen.ch\/webseite\/wp-content\/uploads\/2022\/10\/Cashew_2-1030x1030.jpg 1030w, https:\/\/www.raffinessen.ch\/webseite\/wp-content\/uploads\/2022\/10\/Cashew_2-80x80.jpg 80w, https:\/\/www.raffinessen.ch\/webseite\/wp-content\/uploads\/2022\/10\/Cashew_2-768x768.jpg 768w, https:\/\/www.raffinessen.ch\/webseite\/wp-content\/uploads\/2022\/10\/Cashew_2-36x36.jpg 36w, https:\/\/www.raffinessen.ch\/webseite\/wp-content\/uploads\/2022\/10\/Cashew_2-180x180.jpg 180w, https:\/\/www.raffinessen.ch\/webseite\/wp-content\/uploads\/2022\/10\/Cashew_2-705x705.jpg 705w, https:\/\/www.raffinessen.ch\/webseite\/wp-content\/uploads\/2022\/10\/Cashew_2-120x120.jpg 120w, https:\/\/www.raffinessen.ch\/webseite\/wp-content\/uploads\/2022\/10\/Cashew_2-450x450.jpg 450w, https:\/\/www.raffinessen.ch\/webseite\/wp-content\/uploads\/2022\/10\/Cashew_2-1000x1000.jpg 1000w, https:\/\/www.raffinessen.ch\/webseite\/wp-content\/uploads\/2022\/10\/Cashew_2-100x100.jpg 100w, https:\/\/www.raffinessen.ch\/webseite\/wp-content\/uploads\/2022\/10\/Cashew_2.jpg 1500w\" sizes=\"auto, (max-width: 500px) 100vw, 500px\" \/><img decoding=\"async\" loading=\"lazy\" width=\"500\" height=\"500\" src=\"https:\/\/www.raffinessen.ch\/webseite\/wp-content\/uploads\/2023\/06\/Cashew-2kg_1500x1500-500x500.jpg\" class=\"wp-image-15779 avia-img-lazy-loading-15779 attachment-woocommerce_thumbnail size-woocommerce_thumbnail wp-post-image\" alt=\"\" srcset=\"https:\/\/www.raffinessen.ch\/webseite\/wp-content\/uploads\/2023\/06\/Cashew-2kg_1500x1500-500x500.jpg 500w, https:\/\/www.raffinessen.ch\/webseite\/wp-content\/uploads\/2023\/06\/Cashew-2kg_1500x1500-300x300.jpg 300w, https:\/\/www.raffinessen.ch\/webseite\/wp-content\/uploads\/2023\/06\/Cashew-2kg_1500x1500-1030x1030.jpg 1030w, https:\/\/www.raffinessen.ch\/webseite\/wp-content\/uploads\/2023\/06\/Cashew-2kg_1500x1500-80x80.jpg 80w, https:\/\/www.raffinessen.ch\/webseite\/wp-content\/uploads\/2023\/06\/Cashew-2kg_1500x1500-768x768.jpg 768w, https:\/\/www.raffinessen.ch\/webseite\/wp-content\/uploads\/2023\/06\/Cashew-2kg_1500x1500-12x12.jpg 12w, https:\/\/www.raffinessen.ch\/webseite\/wp-content\/uploads\/2023\/06\/Cashew-2kg_1500x1500-36x36.jpg 36w, https:\/\/www.raffinessen.ch\/webseite\/wp-content\/uploads\/2023\/06\/Cashew-2kg_1500x1500-180x180.jpg 180w, https:\/\/www.raffinessen.ch\/webseite\/wp-content\/uploads\/2023\/06\/Cashew-2kg_1500x1500-705x705.jpg 705w, https:\/\/www.raffinessen.ch\/webseite\/wp-content\/uploads\/2023\/06\/Cashew-2kg_1500x1500-120x120.jpg 120w, https:\/\/www.raffinessen.ch\/webseite\/wp-content\/uploads\/2023\/06\/Cashew-2kg_1500x1500-450x450.jpg 450w, https:\/\/www.raffinessen.ch\/webseite\/wp-content\/uploads\/2023\/06\/Cashew-2kg_1500x1500-1000x1000.jpg 1000w, https:\/\/www.raffinessen.ch\/webseite\/wp-content\/uploads\/2023\/06\/Cashew-2kg_1500x1500-100x100.jpg 100w, https:\/\/www.raffinessen.ch\/webseite\/wp-content\/uploads\/2023\/06\/Cashew-2kg_1500x1500.jpg 1500w\" sizes=\"auto, (max-width: 500px) 100vw, 500px\" \/><span class=\"cart-loading\"><\/span><\/div><div class='inner_product_header'><div class='avia-arrow'><\/div><div class='inner_product_header_table'><div class='inner_product_header_cell'><h2 class=\"woocommerce-loop-product__title\">Noix de cajou du Cambodge (2 kg)<\/h2>\n\t<span class=\"price\"><span class=\"woocommerce-Price-amount amount\"><bdi><span class=\"woocommerce-Price-currencySymbol\">&#67;&#72;&#70;<\/span>&nbsp;90.00<\/bdi><\/span> <small class=\"woocommerce-price-suffix\">TVA incluse<\/small><\/span>\n<\/div><\/div><\/div><\/a><div class='avia_cart_buttons'><a href=\"\/fr\/wp-json\/wp\/v2\/pages\/9012?add-to-cart=17171\" aria-describedby=\"woocommerce_loop_add_to_cart_link_describedby_17171\" data-quantity=\"1\" class=\"button product_type_simple add_to_cart_button ajax_add_to_cart\" data-product_id=\"17171\" data-product_sku=\"GSO-058\" aria-label=\"Ajouter au panier\u00a0: \u201cCashews aus Kambodscha (2 kg)\u201d\" rel=\"nofollow\" data-success_message=\"\u00ab\u00a0Cashews aus Kambodscha (2 kg)\u00a0\u00bb a \u00e9t\u00e9 ajout\u00e9 \u00e0 votre panier\" role=\"button\" data-no-translation-aria-label=\"\" data-no-translation-data-success_message=\"\"><span class=\"avia-svg-icon avia-font-svg_entypo-fontello\" data-av_svg_icon='basket' data-av_iconset='svg_entypo-fontello'><svg version=\"1.1\" xmlns=\"http:\/\/www.w3.org\/2000\/svg\" width=\"29\" height=\"32\" viewbox=\"0 0 29 32\" preserveaspectratio=\"xMidYMid meet\" aria-labelledby='av-svg-title-345' aria-describedby='av-svg-desc-345' role=\"graphics-symbol\" aria-hidden=\"true\">\n<title id='av-svg-title-345'>Ajouter au panier<\/title>\n<desc id='av-svg-desc-345'>Ajouter au panier<\/desc>\n<path d=\"M4.8 27.2q0-1.28 0.96-2.24t2.24-0.96q1.344 0 2.272 0.96t0.928 2.24q0 1.344-0.928 2.272t-2.272 0.928q-1.28 0-2.24-0.928t-0.96-2.272zM20.8 27.2q0-1.28 0.96-2.24t2.24-0.96q1.344 0 2.272 0.96t0.928 2.24q0 1.344-0.928 2.272t-2.272 0.928q-1.28 0-2.24-0.928t-0.96-2.272zM10.496 19.648q-1.152 0.32-1.088 0.736t1.408 0.416h17.984v2.432q0 0.64-0.64 0.64h-20.928q-0.64 0-0.64-0.64v-2.432l-0.32-1.472-3.136-14.528h-3.136v-2.56q0-0.64 0.64-0.64h4.992q0.64 0 0.64 0.64v2.752h22.528v8.768q0 0.704-0.576 0.832z\"><\/path>\n<\/svg><\/span>  Ajouter au panier<\/a>\t<span id=\"woocommerce_loop_add_to_cart_link_describedby_17171\" class=\"screen-reader-text\">\n\t\t\t<\/span>\n<a class=\"button show_details_button\" href=\"https:\/\/www.raffinessen.ch\/fr\/produit\/cashews-aus-kambodscha-2-kg-2\/\"><span class=\"avia-svg-icon avia-font-svg_entypo-fontello\" data-av_svg_icon='doc-text' data-av_iconset='svg_entypo-fontello'><svg version=\"1.1\" xmlns=\"http:\/\/www.w3.org\/2000\/svg\" width=\"22\" height=\"32\" viewbox=\"0 0 22 32\" preserveaspectratio=\"xMidYMid meet\" aria-labelledby='av-svg-title-346' aria-describedby='av-svg-desc-346' role=\"graphics-symbol\" aria-hidden=\"true\">\n<title id='av-svg-title-346'>Voir les d\u00e9tails<\/title>\n<desc id='av-svg-desc-346'>Voir les d\u00e9tails<\/desc>\n<path d=\"M6.784 17.344v-2.88h8.96v2.88h-8.96zM19.2 1.6q1.344 0 2.272 0.928t0.928 2.272v22.4q0 1.28-0.928 2.24t-2.272 0.96h-16q-1.28 0-2.24-0.96t-0.96-2.24v-22.4q0-1.344 0.96-2.272t2.24-0.928h16zM19.2 27.2v-22.4h-16v22.4h16zM15.68 8.256v2.816h-8.96v-2.816h8.96zM15.68 20.8v2.816h-8.96v-2.816h8.96z\"><\/path>\n<\/svg><\/span>  Voir les d\u00e9tails<\/a> <span class=\"button-mini-delimiter\"><\/span><\/div><\/div><\/li>\n<li class=\"product type-product post-16554 status-publish first instock product_cat-kambodscha-produkte has-post-thumbnail taxable shipping-taxable purchasable product-type-simple\">\n\t<div class='inner_product main_color wrapped_style noLightbox  av-product-class-'><a href=\"https:\/\/www.raffinessen.ch\/fr\/produit\/cashews-aus-kambodscha-400-g\/\" class=\"woocommerce-LoopProduct-link woocommerce-loop-product__link\"><div class=\"thumbnail_container\"><img loading=\"lazy\" decoding=\"async\" width=\"500\" height=\"500\" src=\"https:\/\/www.raffinessen.ch\/webseite\/wp-content\/uploads\/2022\/10\/Cashew_2-500x500.jpg\" class=\"attachment-woocommerce_thumbnail avia-product-hover\" alt=\"\" srcset=\"https:\/\/www.raffinessen.ch\/webseite\/wp-content\/uploads\/2022\/10\/Cashew_2-500x500.jpg 500w, https:\/\/www.raffinessen.ch\/webseite\/wp-content\/uploads\/2022\/10\/Cashew_2-300x300.jpg 300w, https:\/\/www.raffinessen.ch\/webseite\/wp-content\/uploads\/2022\/10\/Cashew_2-1030x1030.jpg 1030w, https:\/\/www.raffinessen.ch\/webseite\/wp-content\/uploads\/2022\/10\/Cashew_2-80x80.jpg 80w, https:\/\/www.raffinessen.ch\/webseite\/wp-content\/uploads\/2022\/10\/Cashew_2-768x768.jpg 768w, https:\/\/www.raffinessen.ch\/webseite\/wp-content\/uploads\/2022\/10\/Cashew_2-36x36.jpg 36w, https:\/\/www.raffinessen.ch\/webseite\/wp-content\/uploads\/2022\/10\/Cashew_2-180x180.jpg 180w, https:\/\/www.raffinessen.ch\/webseite\/wp-content\/uploads\/2022\/10\/Cashew_2-705x705.jpg 705w, https:\/\/www.raffinessen.ch\/webseite\/wp-content\/uploads\/2022\/10\/Cashew_2-120x120.jpg 120w, https:\/\/www.raffinessen.ch\/webseite\/wp-content\/uploads\/2022\/10\/Cashew_2-450x450.jpg 450w, https:\/\/www.raffinessen.ch\/webseite\/wp-content\/uploads\/2022\/10\/Cashew_2-1000x1000.jpg 1000w, https:\/\/www.raffinessen.ch\/webseite\/wp-content\/uploads\/2022\/10\/Cashew_2-100x100.jpg 100w, https:\/\/www.raffinessen.ch\/webseite\/wp-content\/uploads\/2022\/10\/Cashew_2.jpg 1500w\" sizes=\"auto, (max-width: 500px) 100vw, 500px\" \/><img decoding=\"async\" loading=\"lazy\" width=\"500\" height=\"500\" src=\"https:\/\/www.raffinessen.ch\/webseite\/wp-content\/uploads\/2023\/06\/Cashew-1500x1500-1-500x500.jpg\" class=\"wp-image-15769 avia-img-lazy-loading-15769 attachment-woocommerce_thumbnail size-woocommerce_thumbnail wp-post-image\" alt=\"\" srcset=\"https:\/\/www.raffinessen.ch\/webseite\/wp-content\/uploads\/2023\/06\/Cashew-1500x1500-1-500x500.jpg 500w, https:\/\/www.raffinessen.ch\/webseite\/wp-content\/uploads\/2023\/06\/Cashew-1500x1500-1-300x300.jpg 300w, https:\/\/www.raffinessen.ch\/webseite\/wp-content\/uploads\/2023\/06\/Cashew-1500x1500-1-1030x1030.jpg 1030w, https:\/\/www.raffinessen.ch\/webseite\/wp-content\/uploads\/2023\/06\/Cashew-1500x1500-1-80x80.jpg 80w, https:\/\/www.raffinessen.ch\/webseite\/wp-content\/uploads\/2023\/06\/Cashew-1500x1500-1-768x768.jpg 768w, https:\/\/www.raffinessen.ch\/webseite\/wp-content\/uploads\/2023\/06\/Cashew-1500x1500-1-12x12.jpg 12w, https:\/\/www.raffinessen.ch\/webseite\/wp-content\/uploads\/2023\/06\/Cashew-1500x1500-1-36x36.jpg 36w, https:\/\/www.raffinessen.ch\/webseite\/wp-content\/uploads\/2023\/06\/Cashew-1500x1500-1-180x180.jpg 180w, https:\/\/www.raffinessen.ch\/webseite\/wp-content\/uploads\/2023\/06\/Cashew-1500x1500-1-705x705.jpg 705w, https:\/\/www.raffinessen.ch\/webseite\/wp-content\/uploads\/2023\/06\/Cashew-1500x1500-1-120x120.jpg 120w, https:\/\/www.raffinessen.ch\/webseite\/wp-content\/uploads\/2023\/06\/Cashew-1500x1500-1-450x450.jpg 450w, https:\/\/www.raffinessen.ch\/webseite\/wp-content\/uploads\/2023\/06\/Cashew-1500x1500-1-1000x1000.jpg 1000w, https:\/\/www.raffinessen.ch\/webseite\/wp-content\/uploads\/2023\/06\/Cashew-1500x1500-1-100x100.jpg 100w, https:\/\/www.raffinessen.ch\/webseite\/wp-content\/uploads\/2023\/06\/Cashew-1500x1500-1.jpg 1500w\" sizes=\"auto, (max-width: 500px) 100vw, 500px\" \/><span class=\"cart-loading\"><\/span><\/div><div class='inner_product_header'><div class='avia-arrow'><\/div><div class='inner_product_header_table'><div class='inner_product_header_cell'><h2 class=\"woocommerce-loop-product__title\">Noix de cajou du Cambodge (400 g)<\/h2>\n\t<span class=\"price\"><span class=\"woocommerce-Price-amount amount\"><bdi><span class=\"woocommerce-Price-currencySymbol\">&#67;&#72;&#70;<\/span>&nbsp;20.00<\/bdi><\/span> <small class=\"woocommerce-price-suffix\">TVA incluse<\/small><\/span>\n<\/div><\/div><\/div><\/a><div class='avia_cart_buttons'><a href=\"\/fr\/wp-json\/wp\/v2\/pages\/9012?add-to-cart=16554\" aria-describedby=\"woocommerce_loop_add_to_cart_link_describedby_16554\" data-quantity=\"1\" class=\"button product_type_simple add_to_cart_button ajax_add_to_cart\" data-product_id=\"16554\" data-product_sku=\"PP-F0023\" aria-label=\"Ajouter au panier\u00a0: \u201cCashews aus Kambodscha (400 g)\u201d\" rel=\"nofollow\" data-success_message=\"\u00ab\u00a0Cashews aus Kambodscha (400 g)\u00a0\u00bb a \u00e9t\u00e9 ajout\u00e9 \u00e0 votre panier\" role=\"button\" data-no-translation-aria-label=\"\" data-no-translation-data-success_message=\"\"><span class=\"avia-svg-icon avia-font-svg_entypo-fontello\" data-av_svg_icon='basket' data-av_iconset='svg_entypo-fontello'><svg version=\"1.1\" xmlns=\"http:\/\/www.w3.org\/2000\/svg\" width=\"29\" height=\"32\" viewbox=\"0 0 29 32\" preserveaspectratio=\"xMidYMid meet\" aria-labelledby='av-svg-title-347' aria-describedby='av-svg-desc-347' role=\"graphics-symbol\" aria-hidden=\"true\">\n<title id='av-svg-title-347'>Ajouter au panier<\/title>\n<desc id='av-svg-desc-347'>Ajouter au panier<\/desc>\n<path d=\"M4.8 27.2q0-1.28 0.96-2.24t2.24-0.96q1.344 0 2.272 0.96t0.928 2.24q0 1.344-0.928 2.272t-2.272 0.928q-1.28 0-2.24-0.928t-0.96-2.272zM20.8 27.2q0-1.28 0.96-2.24t2.24-0.96q1.344 0 2.272 0.96t0.928 2.24q0 1.344-0.928 2.272t-2.272 0.928q-1.28 0-2.24-0.928t-0.96-2.272zM10.496 19.648q-1.152 0.32-1.088 0.736t1.408 0.416h17.984v2.432q0 0.64-0.64 0.64h-20.928q-0.64 0-0.64-0.64v-2.432l-0.32-1.472-3.136-14.528h-3.136v-2.56q0-0.64 0.64-0.64h4.992q0.64 0 0.64 0.64v2.752h22.528v8.768q0 0.704-0.576 0.832z\"><\/path>\n<\/svg><\/span>  Ajouter au panier<\/a>\t<span id=\"woocommerce_loop_add_to_cart_link_describedby_16554\" class=\"screen-reader-text\">\n\t\t\t<\/span>\n<a class=\"button show_details_button\" href=\"https:\/\/www.raffinessen.ch\/fr\/produit\/cashews-aus-kambodscha-400-g\/\"><span class=\"avia-svg-icon avia-font-svg_entypo-fontello\" data-av_svg_icon='doc-text' data-av_iconset='svg_entypo-fontello'><svg version=\"1.1\" xmlns=\"http:\/\/www.w3.org\/2000\/svg\" width=\"22\" height=\"32\" viewbox=\"0 0 22 32\" preserveaspectratio=\"xMidYMid meet\" aria-labelledby='av-svg-title-348' aria-describedby='av-svg-desc-348' role=\"graphics-symbol\" aria-hidden=\"true\">\n<title id='av-svg-title-348'>Voir les d\u00e9tails<\/title>\n<desc id='av-svg-desc-348'>Voir les d\u00e9tails<\/desc>\n<path d=\"M6.784 17.344v-2.88h8.96v2.88h-8.96zM19.2 1.6q1.344 0 2.272 0.928t0.928 2.272v22.4q0 1.28-0.928 2.24t-2.272 0.96h-16q-1.28 0-2.24-0.96t-0.96-2.24v-22.4q0-1.344 0.96-2.272t2.24-0.928h16zM19.2 27.2v-22.4h-16v22.4h16zM15.68 8.256v2.816h-8.96v-2.816h8.96zM15.68 20.8v2.816h-8.96v-2.816h8.96z\"><\/path>\n<\/svg><\/span>  Voir les d\u00e9tails<\/a> <span class=\"button-mini-delimiter\"><\/span><\/div><\/div><\/li>\n<li class=\"product type-product post-18145 status-publish instock product_cat-kambodscha-produkte has-post-thumbnail taxable shipping-taxable purchasable product-type-simple\">\n\t<div class='inner_product main_color wrapped_style noLightbox  av-product-class-'><a href=\"https:\/\/www.raffinessen.ch\/fr\/produit\/cashews-mit-kampot-pfeffer-100-g\/\" class=\"woocommerce-LoopProduct-link woocommerce-loop-product__link\"><div class=\"thumbnail_container\"><img loading=\"lazy\" decoding=\"async\" width=\"500\" height=\"500\" src=\"https:\/\/www.raffinessen.ch\/webseite\/wp-content\/uploads\/2025\/09\/FP-110x185_Cashew-Segnior-Pepe-500x500.jpg\" class=\"attachment-woocommerce_thumbnail avia-product-hover\" alt=\"\" srcset=\"https:\/\/www.raffinessen.ch\/webseite\/wp-content\/uploads\/2025\/09\/FP-110x185_Cashew-Segnior-Pepe-500x500.jpg 500w, https:\/\/www.raffinessen.ch\/webseite\/wp-content\/uploads\/2025\/09\/FP-110x185_Cashew-Segnior-Pepe-300x300.jpg 300w, https:\/\/www.raffinessen.ch\/webseite\/wp-content\/uploads\/2025\/09\/FP-110x185_Cashew-Segnior-Pepe-1030x1030.jpg 1030w, https:\/\/www.raffinessen.ch\/webseite\/wp-content\/uploads\/2025\/09\/FP-110x185_Cashew-Segnior-Pepe-80x80.jpg 80w, https:\/\/www.raffinessen.ch\/webseite\/wp-content\/uploads\/2025\/09\/FP-110x185_Cashew-Segnior-Pepe-768x768.jpg 768w, https:\/\/www.raffinessen.ch\/webseite\/wp-content\/uploads\/2025\/09\/FP-110x185_Cashew-Segnior-Pepe-12x12.jpg 12w, https:\/\/www.raffinessen.ch\/webseite\/wp-content\/uploads\/2025\/09\/FP-110x185_Cashew-Segnior-Pepe-36x36.jpg 36w, https:\/\/www.raffinessen.ch\/webseite\/wp-content\/uploads\/2025\/09\/FP-110x185_Cashew-Segnior-Pepe-180x180.jpg 180w, https:\/\/www.raffinessen.ch\/webseite\/wp-content\/uploads\/2025\/09\/FP-110x185_Cashew-Segnior-Pepe-705x705.jpg 705w, https:\/\/www.raffinessen.ch\/webseite\/wp-content\/uploads\/2025\/09\/FP-110x185_Cashew-Segnior-Pepe-120x120.jpg 120w, https:\/\/www.raffinessen.ch\/webseite\/wp-content\/uploads\/2025\/09\/FP-110x185_Cashew-Segnior-Pepe-450x450.jpg 450w, https:\/\/www.raffinessen.ch\/webseite\/wp-content\/uploads\/2025\/09\/FP-110x185_Cashew-Segnior-Pepe-1000x1000.jpg 1000w, https:\/\/www.raffinessen.ch\/webseite\/wp-content\/uploads\/2025\/09\/FP-110x185_Cashew-Segnior-Pepe-100x100.jpg 100w, https:\/\/www.raffinessen.ch\/webseite\/wp-content\/uploads\/2025\/09\/FP-110x185_Cashew-Segnior-Pepe.jpg 1500w\" sizes=\"auto, (max-width: 500px) 100vw, 500px\" \/><img decoding=\"async\" loading=\"lazy\" width=\"500\" height=\"500\" src=\"https:\/\/www.raffinessen.ch\/webseite\/wp-content\/uploads\/2025\/09\/FP-110x185_Cashew-Kampot-Pfeffer-500x500.jpg\" class=\"wp-image-19938 avia-img-lazy-loading-19938 attachment-woocommerce_thumbnail size-woocommerce_thumbnail wp-post-image\" alt=\"\" srcset=\"https:\/\/www.raffinessen.ch\/webseite\/wp-content\/uploads\/2025\/09\/FP-110x185_Cashew-Kampot-Pfeffer-500x500.jpg 500w, https:\/\/www.raffinessen.ch\/webseite\/wp-content\/uploads\/2025\/09\/FP-110x185_Cashew-Kampot-Pfeffer-300x300.jpg 300w, https:\/\/www.raffinessen.ch\/webseite\/wp-content\/uploads\/2025\/09\/FP-110x185_Cashew-Kampot-Pfeffer-1030x1030.jpg 1030w, https:\/\/www.raffinessen.ch\/webseite\/wp-content\/uploads\/2025\/09\/FP-110x185_Cashew-Kampot-Pfeffer-80x80.jpg 80w, https:\/\/www.raffinessen.ch\/webseite\/wp-content\/uploads\/2025\/09\/FP-110x185_Cashew-Kampot-Pfeffer-768x768.jpg 768w, https:\/\/www.raffinessen.ch\/webseite\/wp-content\/uploads\/2025\/09\/FP-110x185_Cashew-Kampot-Pfeffer-12x12.jpg 12w, https:\/\/www.raffinessen.ch\/webseite\/wp-content\/uploads\/2025\/09\/FP-110x185_Cashew-Kampot-Pfeffer-36x36.jpg 36w, https:\/\/www.raffinessen.ch\/webseite\/wp-content\/uploads\/2025\/09\/FP-110x185_Cashew-Kampot-Pfeffer-180x180.jpg 180w, https:\/\/www.raffinessen.ch\/webseite\/wp-content\/uploads\/2025\/09\/FP-110x185_Cashew-Kampot-Pfeffer-705x705.jpg 705w, https:\/\/www.raffinessen.ch\/webseite\/wp-content\/uploads\/2025\/09\/FP-110x185_Cashew-Kampot-Pfeffer-120x120.jpg 120w, https:\/\/www.raffinessen.ch\/webseite\/wp-content\/uploads\/2025\/09\/FP-110x185_Cashew-Kampot-Pfeffer-450x450.jpg 450w, https:\/\/www.raffinessen.ch\/webseite\/wp-content\/uploads\/2025\/09\/FP-110x185_Cashew-Kampot-Pfeffer-1000x1000.jpg 1000w, https:\/\/www.raffinessen.ch\/webseite\/wp-content\/uploads\/2025\/09\/FP-110x185_Cashew-Kampot-Pfeffer-100x100.jpg 100w, https:\/\/www.raffinessen.ch\/webseite\/wp-content\/uploads\/2025\/09\/FP-110x185_Cashew-Kampot-Pfeffer.jpg 1500w\" sizes=\"auto, (max-width: 500px) 100vw, 500px\" \/><span class=\"cart-loading\"><\/span><\/div><div class='inner_product_header'><div class='avia-arrow'><\/div><div class='inner_product_header_table'><div class='inner_product_header_cell'><h2 class=\"woocommerce-loop-product__title\">Cashews mit Kampot Pfeffer<br>(100 g)<\/h2>\n\t<span class=\"price\"><span class=\"woocommerce-Price-amount amount\"><bdi><span class=\"woocommerce-Price-currencySymbol\">&#67;&#72;&#70;<\/span>&nbsp;8.00<\/bdi><\/span> <small class=\"woocommerce-price-suffix\">TVA incluse<\/small><\/span>\n<\/div><\/div><\/div><\/a><div class='avia_cart_buttons'><a href=\"\/fr\/wp-json\/wp\/v2\/pages\/9012?add-to-cart=18145\" aria-describedby=\"woocommerce_loop_add_to_cart_link_describedby_18145\" data-quantity=\"1\" class=\"button product_type_simple add_to_cart_button ajax_add_to_cart\" data-product_id=\"18145\" data-product_sku=\"PP-F0031-100\" aria-label=\"Ajouter au panier\u00a0: \u201cCashews mit Kampot Pfeffer(100 g)\u201d\" rel=\"nofollow\" data-success_message=\"\u00ab\u00a0Cashews mit Kampot Pfeffer&lt;br&gt;(100 g)\u00a0\u00bb a \u00e9t\u00e9 ajout\u00e9 \u00e0 votre panier\" role=\"button\" data-no-translation-aria-label=\"\" data-no-translation-data-success_message=\"\"><span class=\"avia-svg-icon avia-font-svg_entypo-fontello\" data-av_svg_icon='basket' data-av_iconset='svg_entypo-fontello'><svg version=\"1.1\" xmlns=\"http:\/\/www.w3.org\/2000\/svg\" width=\"29\" height=\"32\" viewbox=\"0 0 29 32\" preserveaspectratio=\"xMidYMid meet\" aria-labelledby='av-svg-title-349' aria-describedby='av-svg-desc-349' role=\"graphics-symbol\" aria-hidden=\"true\">\n<title id='av-svg-title-349'>Ajouter au panier<\/title>\n<desc id='av-svg-desc-349'>Ajouter au panier<\/desc>\n<path d=\"M4.8 27.2q0-1.28 0.96-2.24t2.24-0.96q1.344 0 2.272 0.96t0.928 2.24q0 1.344-0.928 2.272t-2.272 0.928q-1.28 0-2.24-0.928t-0.96-2.272zM20.8 27.2q0-1.28 0.96-2.24t2.24-0.96q1.344 0 2.272 0.96t0.928 2.24q0 1.344-0.928 2.272t-2.272 0.928q-1.28 0-2.24-0.928t-0.96-2.272zM10.496 19.648q-1.152 0.32-1.088 0.736t1.408 0.416h17.984v2.432q0 0.64-0.64 0.64h-20.928q-0.64 0-0.64-0.64v-2.432l-0.32-1.472-3.136-14.528h-3.136v-2.56q0-0.64 0.64-0.64h4.992q0.64 0 0.64 0.64v2.752h22.528v8.768q0 0.704-0.576 0.832z\"><\/path>\n<\/svg><\/span>  Ajouter au panier<\/a>\t<span id=\"woocommerce_loop_add_to_cart_link_describedby_18145\" class=\"screen-reader-text\">\n\t\t\t<\/span>\n<a class=\"button show_details_button\" href=\"https:\/\/www.raffinessen.ch\/fr\/produit\/cashews-mit-kampot-pfeffer-100-g\/\"><span class=\"avia-svg-icon avia-font-svg_entypo-fontello\" data-av_svg_icon='doc-text' data-av_iconset='svg_entypo-fontello'><svg version=\"1.1\" xmlns=\"http:\/\/www.w3.org\/2000\/svg\" width=\"22\" height=\"32\" viewbox=\"0 0 22 32\" preserveaspectratio=\"xMidYMid meet\" aria-labelledby='av-svg-title-350' aria-describedby='av-svg-desc-350' role=\"graphics-symbol\" aria-hidden=\"true\">\n<title id='av-svg-title-350'>Voir les d\u00e9tails<\/title>\n<desc id='av-svg-desc-350'>Voir les d\u00e9tails<\/desc>\n<path d=\"M6.784 17.344v-2.88h8.96v2.88h-8.96zM19.2 1.6q1.344 0 2.272 0.928t0.928 2.272v22.4q0 1.28-0.928 2.24t-2.272 0.96h-16q-1.28 0-2.24-0.96t-0.96-2.24v-22.4q0-1.344 0.96-2.272t2.24-0.928h16zM19.2 27.2v-22.4h-16v22.4h16zM15.68 8.256v2.816h-8.96v-2.816h8.96zM15.68 20.8v2.816h-8.96v-2.816h8.96z\"><\/path>\n<\/svg><\/span>  Voir les d\u00e9tails<\/a> <span class=\"button-mini-delimiter\"><\/span><\/div><\/div><\/li>\n<li class=\"product type-product post-18155 status-publish instock product_cat-kambodscha-produkte has-post-thumbnail taxable shipping-taxable purchasable product-type-simple\">\n\t<div class='inner_product main_color wrapped_style noLightbox  av-product-class-'><a href=\"https:\/\/www.raffinessen.ch\/fr\/produit\/cashews-mit-haut-und-meersalz-100-g\/\" class=\"woocommerce-LoopProduct-link woocommerce-loop-product__link\"><div class=\"thumbnail_container\"><img loading=\"lazy\" decoding=\"async\" width=\"500\" height=\"500\" src=\"https:\/\/www.raffinessen.ch\/webseite\/wp-content\/uploads\/2025\/09\/FP-110x185_Cashew-Madame-Fleur-de-Sel-500x500.jpg\" class=\"attachment-woocommerce_thumbnail avia-product-hover\" alt=\"\" srcset=\"https:\/\/www.raffinessen.ch\/webseite\/wp-content\/uploads\/2025\/09\/FP-110x185_Cashew-Madame-Fleur-de-Sel-500x500.jpg 500w, https:\/\/www.raffinessen.ch\/webseite\/wp-content\/uploads\/2025\/09\/FP-110x185_Cashew-Madame-Fleur-de-Sel-300x300.jpg 300w, https:\/\/www.raffinessen.ch\/webseite\/wp-content\/uploads\/2025\/09\/FP-110x185_Cashew-Madame-Fleur-de-Sel-1030x1030.jpg 1030w, https:\/\/www.raffinessen.ch\/webseite\/wp-content\/uploads\/2025\/09\/FP-110x185_Cashew-Madame-Fleur-de-Sel-80x80.jpg 80w, https:\/\/www.raffinessen.ch\/webseite\/wp-content\/uploads\/2025\/09\/FP-110x185_Cashew-Madame-Fleur-de-Sel-768x768.jpg 768w, https:\/\/www.raffinessen.ch\/webseite\/wp-content\/uploads\/2025\/09\/FP-110x185_Cashew-Madame-Fleur-de-Sel-12x12.jpg 12w, https:\/\/www.raffinessen.ch\/webseite\/wp-content\/uploads\/2025\/09\/FP-110x185_Cashew-Madame-Fleur-de-Sel-36x36.jpg 36w, https:\/\/www.raffinessen.ch\/webseite\/wp-content\/uploads\/2025\/09\/FP-110x185_Cashew-Madame-Fleur-de-Sel-180x180.jpg 180w, https:\/\/www.raffinessen.ch\/webseite\/wp-content\/uploads\/2025\/09\/FP-110x185_Cashew-Madame-Fleur-de-Sel-705x705.jpg 705w, https:\/\/www.raffinessen.ch\/webseite\/wp-content\/uploads\/2025\/09\/FP-110x185_Cashew-Madame-Fleur-de-Sel-120x120.jpg 120w, https:\/\/www.raffinessen.ch\/webseite\/wp-content\/uploads\/2025\/09\/FP-110x185_Cashew-Madame-Fleur-de-Sel-450x450.jpg 450w, https:\/\/www.raffinessen.ch\/webseite\/wp-content\/uploads\/2025\/09\/FP-110x185_Cashew-Madame-Fleur-de-Sel-1000x1000.jpg 1000w, https:\/\/www.raffinessen.ch\/webseite\/wp-content\/uploads\/2025\/09\/FP-110x185_Cashew-Madame-Fleur-de-Sel-100x100.jpg 100w, https:\/\/www.raffinessen.ch\/webseite\/wp-content\/uploads\/2025\/09\/FP-110x185_Cashew-Madame-Fleur-de-Sel.jpg 1500w\" sizes=\"auto, (max-width: 500px) 100vw, 500px\" \/><img decoding=\"async\" loading=\"lazy\" width=\"500\" height=\"500\" src=\"https:\/\/www.raffinessen.ch\/webseite\/wp-content\/uploads\/2025\/09\/FP-110x185_Cashew-Haut-Meersalz-500x500.jpg\" class=\"wp-image-19940 avia-img-lazy-loading-19940 attachment-woocommerce_thumbnail size-woocommerce_thumbnail wp-post-image\" alt=\"\" srcset=\"https:\/\/www.raffinessen.ch\/webseite\/wp-content\/uploads\/2025\/09\/FP-110x185_Cashew-Haut-Meersalz-500x500.jpg 500w, https:\/\/www.raffinessen.ch\/webseite\/wp-content\/uploads\/2025\/09\/FP-110x185_Cashew-Haut-Meersalz-300x300.jpg 300w, https:\/\/www.raffinessen.ch\/webseite\/wp-content\/uploads\/2025\/09\/FP-110x185_Cashew-Haut-Meersalz-1030x1030.jpg 1030w, https:\/\/www.raffinessen.ch\/webseite\/wp-content\/uploads\/2025\/09\/FP-110x185_Cashew-Haut-Meersalz-80x80.jpg 80w, https:\/\/www.raffinessen.ch\/webseite\/wp-content\/uploads\/2025\/09\/FP-110x185_Cashew-Haut-Meersalz-768x768.jpg 768w, https:\/\/www.raffinessen.ch\/webseite\/wp-content\/uploads\/2025\/09\/FP-110x185_Cashew-Haut-Meersalz-12x12.jpg 12w, https:\/\/www.raffinessen.ch\/webseite\/wp-content\/uploads\/2025\/09\/FP-110x185_Cashew-Haut-Meersalz-36x36.jpg 36w, https:\/\/www.raffinessen.ch\/webseite\/wp-content\/uploads\/2025\/09\/FP-110x185_Cashew-Haut-Meersalz-180x180.jpg 180w, https:\/\/www.raffinessen.ch\/webseite\/wp-content\/uploads\/2025\/09\/FP-110x185_Cashew-Haut-Meersalz-705x705.jpg 705w, https:\/\/www.raffinessen.ch\/webseite\/wp-content\/uploads\/2025\/09\/FP-110x185_Cashew-Haut-Meersalz-120x120.jpg 120w, https:\/\/www.raffinessen.ch\/webseite\/wp-content\/uploads\/2025\/09\/FP-110x185_Cashew-Haut-Meersalz-450x450.jpg 450w, https:\/\/www.raffinessen.ch\/webseite\/wp-content\/uploads\/2025\/09\/FP-110x185_Cashew-Haut-Meersalz-1000x1000.jpg 1000w, https:\/\/www.raffinessen.ch\/webseite\/wp-content\/uploads\/2025\/09\/FP-110x185_Cashew-Haut-Meersalz-100x100.jpg 100w, https:\/\/www.raffinessen.ch\/webseite\/wp-content\/uploads\/2025\/09\/FP-110x185_Cashew-Haut-Meersalz.jpg 1500w\" sizes=\"auto, (max-width: 500px) 100vw, 500px\" \/><span class=\"cart-loading\"><\/span><\/div><div class='inner_product_header'><div class='avia-arrow'><\/div><div class='inner_product_header_table'><div class='inner_product_header_cell'><h2 class=\"woocommerce-loop-product__title\">Cashews mit Haut und Meersalz<br>(100 g)<\/h2>\n\t<span class=\"price\"><span class=\"woocommerce-Price-amount amount\"><bdi><span class=\"woocommerce-Price-currencySymbol\">&#67;&#72;&#70;<\/span>&nbsp;7.00<\/bdi><\/span> <small class=\"woocommerce-price-suffix\">TVA incluse<\/small><\/span>\n<\/div><\/div><\/div><\/a><div class='avia_cart_buttons'><a href=\"\/fr\/wp-json\/wp\/v2\/pages\/9012?add-to-cart=18155\" aria-describedby=\"woocommerce_loop_add_to_cart_link_describedby_18155\" data-quantity=\"1\" class=\"button product_type_simple add_to_cart_button ajax_add_to_cart\" data-product_id=\"18155\" data-product_sku=\"PP-F0032-100\" aria-label=\"Ajouter au panier\u00a0: \u201cCashews mit Haut und Meersalz(100 g)\u201d\" rel=\"nofollow\" data-success_message=\"\u00ab\u00a0Cashews mit Haut und Meersalz&lt;br&gt;(100 g)\u00a0\u00bb a \u00e9t\u00e9 ajout\u00e9 \u00e0 votre panier\" role=\"button\" data-no-translation-aria-label=\"\" data-no-translation-data-success_message=\"\"><span class=\"avia-svg-icon avia-font-svg_entypo-fontello\" data-av_svg_icon='basket' data-av_iconset='svg_entypo-fontello'><svg version=\"1.1\" xmlns=\"http:\/\/www.w3.org\/2000\/svg\" width=\"29\" height=\"32\" viewbox=\"0 0 29 32\" preserveaspectratio=\"xMidYMid meet\" aria-labelledby='av-svg-title-351' aria-describedby='av-svg-desc-351' role=\"graphics-symbol\" aria-hidden=\"true\">\n<title id='av-svg-title-351'>Ajouter au panier<\/title>\n<desc id='av-svg-desc-351'>Ajouter au panier<\/desc>\n<path d=\"M4.8 27.2q0-1.28 0.96-2.24t2.24-0.96q1.344 0 2.272 0.96t0.928 2.24q0 1.344-0.928 2.272t-2.272 0.928q-1.28 0-2.24-0.928t-0.96-2.272zM20.8 27.2q0-1.28 0.96-2.24t2.24-0.96q1.344 0 2.272 0.96t0.928 2.24q0 1.344-0.928 2.272t-2.272 0.928q-1.28 0-2.24-0.928t-0.96-2.272zM10.496 19.648q-1.152 0.32-1.088 0.736t1.408 0.416h17.984v2.432q0 0.64-0.64 0.64h-20.928q-0.64 0-0.64-0.64v-2.432l-0.32-1.472-3.136-14.528h-3.136v-2.56q0-0.64 0.64-0.64h4.992q0.64 0 0.64 0.64v2.752h22.528v8.768q0 0.704-0.576 0.832z\"><\/path>\n<\/svg><\/span>  Ajouter au panier<\/a>\t<span id=\"woocommerce_loop_add_to_cart_link_describedby_18155\" class=\"screen-reader-text\">\n\t\t\t<\/span>\n<a class=\"button show_details_button\" href=\"https:\/\/www.raffinessen.ch\/fr\/produit\/cashews-mit-haut-und-meersalz-100-g\/\"><span class=\"avia-svg-icon avia-font-svg_entypo-fontello\" data-av_svg_icon='doc-text' data-av_iconset='svg_entypo-fontello'><svg version=\"1.1\" xmlns=\"http:\/\/www.w3.org\/2000\/svg\" width=\"22\" height=\"32\" viewbox=\"0 0 22 32\" preserveaspectratio=\"xMidYMid meet\" aria-labelledby='av-svg-title-352' aria-describedby='av-svg-desc-352' role=\"graphics-symbol\" aria-hidden=\"true\">\n<title id='av-svg-title-352'>Voir les d\u00e9tails<\/title>\n<desc id='av-svg-desc-352'>Voir les d\u00e9tails<\/desc>\n<path d=\"M6.784 17.344v-2.88h8.96v2.88h-8.96zM19.2 1.6q1.344 0 2.272 0.928t0.928 2.272v22.4q0 1.28-0.928 2.24t-2.272 0.96h-16q-1.28 0-2.24-0.96t-0.96-2.24v-22.4q0-1.344 0.96-2.272t2.24-0.928h16zM19.2 27.2v-22.4h-16v22.4h16zM15.68 8.256v2.816h-8.96v-2.816h8.96zM15.68 20.8v2.816h-8.96v-2.816h8.96z\"><\/path>\n<\/svg><\/span>  Voir les d\u00e9tails<\/a> <span class=\"button-mini-delimiter\"><\/span><\/div><\/div><\/li>\n<li class=\"product type-product post-19932 status-publish last instock product_cat-kambodscha-produkte has-post-thumbnail taxable shipping-taxable purchasable product-type-simple\">\n\t<div class='inner_product main_color wrapped_style noLightbox  av-product-class-'><a href=\"https:\/\/www.raffinessen.ch\/fr\/produit\/cashews-mit-palmzucker100-g\/\" class=\"woocommerce-LoopProduct-link woocommerce-loop-product__link\"><div class=\"thumbnail_container\"><img loading=\"lazy\" decoding=\"async\" width=\"500\" height=\"500\" src=\"https:\/\/www.raffinessen.ch\/webseite\/wp-content\/uploads\/2025\/09\/FP-110x185_Cashew-Frau-Zueckerli-500x500.jpg\" class=\"attachment-woocommerce_thumbnail avia-product-hover\" alt=\"\" srcset=\"https:\/\/www.raffinessen.ch\/webseite\/wp-content\/uploads\/2025\/09\/FP-110x185_Cashew-Frau-Zueckerli-500x500.jpg 500w, https:\/\/www.raffinessen.ch\/webseite\/wp-content\/uploads\/2025\/09\/FP-110x185_Cashew-Frau-Zueckerli-300x300.jpg 300w, https:\/\/www.raffinessen.ch\/webseite\/wp-content\/uploads\/2025\/09\/FP-110x185_Cashew-Frau-Zueckerli-1030x1030.jpg 1030w, https:\/\/www.raffinessen.ch\/webseite\/wp-content\/uploads\/2025\/09\/FP-110x185_Cashew-Frau-Zueckerli-80x80.jpg 80w, https:\/\/www.raffinessen.ch\/webseite\/wp-content\/uploads\/2025\/09\/FP-110x185_Cashew-Frau-Zueckerli-768x768.jpg 768w, https:\/\/www.raffinessen.ch\/webseite\/wp-content\/uploads\/2025\/09\/FP-110x185_Cashew-Frau-Zueckerli-12x12.jpg 12w, https:\/\/www.raffinessen.ch\/webseite\/wp-content\/uploads\/2025\/09\/FP-110x185_Cashew-Frau-Zueckerli-36x36.jpg 36w, https:\/\/www.raffinessen.ch\/webseite\/wp-content\/uploads\/2025\/09\/FP-110x185_Cashew-Frau-Zueckerli-180x180.jpg 180w, https:\/\/www.raffinessen.ch\/webseite\/wp-content\/uploads\/2025\/09\/FP-110x185_Cashew-Frau-Zueckerli-705x705.jpg 705w, https:\/\/www.raffinessen.ch\/webseite\/wp-content\/uploads\/2025\/09\/FP-110x185_Cashew-Frau-Zueckerli-120x120.jpg 120w, https:\/\/www.raffinessen.ch\/webseite\/wp-content\/uploads\/2025\/09\/FP-110x185_Cashew-Frau-Zueckerli-450x450.jpg 450w, https:\/\/www.raffinessen.ch\/webseite\/wp-content\/uploads\/2025\/09\/FP-110x185_Cashew-Frau-Zueckerli-1000x1000.jpg 1000w, https:\/\/www.raffinessen.ch\/webseite\/wp-content\/uploads\/2025\/09\/FP-110x185_Cashew-Frau-Zueckerli-100x100.jpg 100w, https:\/\/www.raffinessen.ch\/webseite\/wp-content\/uploads\/2025\/09\/FP-110x185_Cashew-Frau-Zueckerli.jpg 1500w\" sizes=\"auto, (max-width: 500px) 100vw, 500px\" \/><img decoding=\"async\" loading=\"lazy\" width=\"500\" height=\"500\" src=\"https:\/\/www.raffinessen.ch\/webseite\/wp-content\/uploads\/2025\/09\/FP-110x185_Cashew-Palmzucker-500x500.jpg\" class=\"wp-image-19939 avia-img-lazy-loading-19939 attachment-woocommerce_thumbnail size-woocommerce_thumbnail wp-post-image\" alt=\"\" srcset=\"https:\/\/www.raffinessen.ch\/webseite\/wp-content\/uploads\/2025\/09\/FP-110x185_Cashew-Palmzucker-500x500.jpg 500w, https:\/\/www.raffinessen.ch\/webseite\/wp-content\/uploads\/2025\/09\/FP-110x185_Cashew-Palmzucker-300x300.jpg 300w, https:\/\/www.raffinessen.ch\/webseite\/wp-content\/uploads\/2025\/09\/FP-110x185_Cashew-Palmzucker-1030x1030.jpg 1030w, https:\/\/www.raffinessen.ch\/webseite\/wp-content\/uploads\/2025\/09\/FP-110x185_Cashew-Palmzucker-80x80.jpg 80w, https:\/\/www.raffinessen.ch\/webseite\/wp-content\/uploads\/2025\/09\/FP-110x185_Cashew-Palmzucker-768x768.jpg 768w, https:\/\/www.raffinessen.ch\/webseite\/wp-content\/uploads\/2025\/09\/FP-110x185_Cashew-Palmzucker-12x12.jpg 12w, https:\/\/www.raffinessen.ch\/webseite\/wp-content\/uploads\/2025\/09\/FP-110x185_Cashew-Palmzucker-36x36.jpg 36w, https:\/\/www.raffinessen.ch\/webseite\/wp-content\/uploads\/2025\/09\/FP-110x185_Cashew-Palmzucker-180x180.jpg 180w, https:\/\/www.raffinessen.ch\/webseite\/wp-content\/uploads\/2025\/09\/FP-110x185_Cashew-Palmzucker-705x705.jpg 705w, https:\/\/www.raffinessen.ch\/webseite\/wp-content\/uploads\/2025\/09\/FP-110x185_Cashew-Palmzucker-120x120.jpg 120w, https:\/\/www.raffinessen.ch\/webseite\/wp-content\/uploads\/2025\/09\/FP-110x185_Cashew-Palmzucker-450x450.jpg 450w, https:\/\/www.raffinessen.ch\/webseite\/wp-content\/uploads\/2025\/09\/FP-110x185_Cashew-Palmzucker-1000x1000.jpg 1000w, https:\/\/www.raffinessen.ch\/webseite\/wp-content\/uploads\/2025\/09\/FP-110x185_Cashew-Palmzucker-100x100.jpg 100w, https:\/\/www.raffinessen.ch\/webseite\/wp-content\/uploads\/2025\/09\/FP-110x185_Cashew-Palmzucker.jpg 1500w\" sizes=\"auto, (max-width: 500px) 100vw, 500px\" \/><span class=\"cart-loading\"><\/span><\/div><div class='inner_product_header'><div class='avia-arrow'><\/div><div class='inner_product_header_table'><div class='inner_product_header_cell'><h2 class=\"woocommerce-loop-product__title\">Cashews mit Palmzucker<br>(100 g)<\/h2>\n\t<span class=\"price\"><span class=\"woocommerce-Price-amount amount\"><bdi><span class=\"woocommerce-Price-currencySymbol\">&#67;&#72;&#70;<\/span>&nbsp;8.00<\/bdi><\/span> <small class=\"woocommerce-price-suffix\">TVA incluse<\/small><\/span>\n<\/div><\/div><\/div><\/a><div class='avia_cart_buttons'><a href=\"\/fr\/wp-json\/wp\/v2\/pages\/9012?add-to-cart=19932\" aria-describedby=\"woocommerce_loop_add_to_cart_link_describedby_19932\" data-quantity=\"1\" class=\"button product_type_simple add_to_cart_button ajax_add_to_cart\" data-product_id=\"19932\" data-product_sku=\"PP-F0039-100\" aria-label=\"Ajouter au panier\u00a0: \u201cCashews mit Palmzucker(100 g)\u201d\" rel=\"nofollow\" data-success_message=\"\u00ab\u00a0Cashews mit Palmzucker&lt;br&gt;(100 g)\u00a0\u00bb a \u00e9t\u00e9 ajout\u00e9 \u00e0 votre panier\" role=\"button\" data-no-translation-aria-label=\"\" data-no-translation-data-success_message=\"\"><span class=\"avia-svg-icon avia-font-svg_entypo-fontello\" data-av_svg_icon='basket' data-av_iconset='svg_entypo-fontello'><svg version=\"1.1\" xmlns=\"http:\/\/www.w3.org\/2000\/svg\" width=\"29\" height=\"32\" viewbox=\"0 0 29 32\" preserveaspectratio=\"xMidYMid meet\" aria-labelledby='av-svg-title-353' aria-describedby='av-svg-desc-353' role=\"graphics-symbol\" aria-hidden=\"true\">\n<title id='av-svg-title-353'>Ajouter au panier<\/title>\n<desc id='av-svg-desc-353'>Ajouter au panier<\/desc>\n<path d=\"M4.8 27.2q0-1.28 0.96-2.24t2.24-0.96q1.344 0 2.272 0.96t0.928 2.24q0 1.344-0.928 2.272t-2.272 0.928q-1.28 0-2.24-0.928t-0.96-2.272zM20.8 27.2q0-1.28 0.96-2.24t2.24-0.96q1.344 0 2.272 0.96t0.928 2.24q0 1.344-0.928 2.272t-2.272 0.928q-1.28 0-2.24-0.928t-0.96-2.272zM10.496 19.648q-1.152 0.32-1.088 0.736t1.408 0.416h17.984v2.432q0 0.64-0.64 0.64h-20.928q-0.64 0-0.64-0.64v-2.432l-0.32-1.472-3.136-14.528h-3.136v-2.56q0-0.64 0.64-0.64h4.992q0.64 0 0.64 0.64v2.752h22.528v8.768q0 0.704-0.576 0.832z\"><\/path>\n<\/svg><\/span>  Ajouter au panier<\/a>\t<span id=\"woocommerce_loop_add_to_cart_link_describedby_19932\" class=\"screen-reader-text\">\n\t\t\t<\/span>\n<a class=\"button show_details_button\" href=\"https:\/\/www.raffinessen.ch\/fr\/produit\/cashews-mit-palmzucker100-g\/\"><span class=\"avia-svg-icon avia-font-svg_entypo-fontello\" data-av_svg_icon='doc-text' data-av_iconset='svg_entypo-fontello'><svg version=\"1.1\" xmlns=\"http:\/\/www.w3.org\/2000\/svg\" width=\"22\" height=\"32\" viewbox=\"0 0 22 32\" preserveaspectratio=\"xMidYMid meet\" aria-labelledby='av-svg-title-354' aria-describedby='av-svg-desc-354' role=\"graphics-symbol\" aria-hidden=\"true\">\n<title id='av-svg-title-354'>Voir les d\u00e9tails<\/title>\n<desc id='av-svg-desc-354'>Voir les d\u00e9tails<\/desc>\n<path d=\"M6.784 17.344v-2.88h8.96v2.88h-8.96zM19.2 1.6q1.344 0 2.272 0.928t0.928 2.272v22.4q0 1.28-0.928 2.24t-2.272 0.96h-16q-1.28 0-2.24-0.96t-0.96-2.24v-22.4q0-1.344 0.96-2.272t2.24-0.928h16zM19.2 27.2v-22.4h-16v22.4h16zM15.68 8.256v2.816h-8.96v-2.816h8.96zM15.68 20.8v2.816h-8.96v-2.816h8.96z\"><\/path>\n<\/svg><\/span>  Voir les d\u00e9tails<\/a> <span class=\"button-mini-delimiter\"><\/span><\/div><\/div><\/li>\n<li class=\"product type-product post-18159 status-publish first instock product_cat-kambodscha-produkte has-post-thumbnail taxable shipping-taxable purchasable product-type-simple\">\n\t<div class='inner_product main_color wrapped_style noLightbox  av-product-class-'><a href=\"https:\/\/www.raffinessen.ch\/fr\/produit\/mango-getrocknet-80-g\/\" class=\"woocommerce-LoopProduct-link woocommerce-loop-product__link\"><div class=\"thumbnail_container\"><img loading=\"lazy\" decoding=\"async\" width=\"500\" height=\"500\" src=\"https:\/\/www.raffinessen.ch\/webseite\/wp-content\/uploads\/2024\/09\/Mango_einzeln-500x500.jpg\" class=\"attachment-woocommerce_thumbnail avia-product-hover\" alt=\"\" srcset=\"https:\/\/www.raffinessen.ch\/webseite\/wp-content\/uploads\/2024\/09\/Mango_einzeln-500x500.jpg 500w, https:\/\/www.raffinessen.ch\/webseite\/wp-content\/uploads\/2024\/09\/Mango_einzeln-300x300.jpg 300w, https:\/\/www.raffinessen.ch\/webseite\/wp-content\/uploads\/2024\/09\/Mango_einzeln-1030x1030.jpg 1030w, https:\/\/www.raffinessen.ch\/webseite\/wp-content\/uploads\/2024\/09\/Mango_einzeln-80x80.jpg 80w, https:\/\/www.raffinessen.ch\/webseite\/wp-content\/uploads\/2024\/09\/Mango_einzeln-768x768.jpg 768w, https:\/\/www.raffinessen.ch\/webseite\/wp-content\/uploads\/2024\/09\/Mango_einzeln-12x12.jpg 12w, https:\/\/www.raffinessen.ch\/webseite\/wp-content\/uploads\/2024\/09\/Mango_einzeln-36x36.jpg 36w, https:\/\/www.raffinessen.ch\/webseite\/wp-content\/uploads\/2024\/09\/Mango_einzeln-180x180.jpg 180w, https:\/\/www.raffinessen.ch\/webseite\/wp-content\/uploads\/2024\/09\/Mango_einzeln-705x705.jpg 705w, https:\/\/www.raffinessen.ch\/webseite\/wp-content\/uploads\/2024\/09\/Mango_einzeln-120x120.jpg 120w, https:\/\/www.raffinessen.ch\/webseite\/wp-content\/uploads\/2024\/09\/Mango_einzeln-450x450.jpg 450w, https:\/\/www.raffinessen.ch\/webseite\/wp-content\/uploads\/2024\/09\/Mango_einzeln-1000x1000.jpg 1000w, https:\/\/www.raffinessen.ch\/webseite\/wp-content\/uploads\/2024\/09\/Mango_einzeln-100x100.jpg 100w, https:\/\/www.raffinessen.ch\/webseite\/wp-content\/uploads\/2024\/09\/Mango_einzeln.jpg 1500w\" sizes=\"auto, (max-width: 500px) 100vw, 500px\" \/><img decoding=\"async\" loading=\"lazy\" width=\"500\" height=\"500\" src=\"https:\/\/www.raffinessen.ch\/webseite\/wp-content\/uploads\/2024\/09\/FP-110x185_Mango-getrocknet-500x500.jpg\" class=\"wp-image-18160 avia-img-lazy-loading-18160 attachment-woocommerce_thumbnail size-woocommerce_thumbnail wp-post-image\" alt=\"\" srcset=\"https:\/\/www.raffinessen.ch\/webseite\/wp-content\/uploads\/2024\/09\/FP-110x185_Mango-getrocknet-500x500.jpg 500w, https:\/\/www.raffinessen.ch\/webseite\/wp-content\/uploads\/2024\/09\/FP-110x185_Mango-getrocknet-300x300.jpg 300w, https:\/\/www.raffinessen.ch\/webseite\/wp-content\/uploads\/2024\/09\/FP-110x185_Mango-getrocknet-1030x1030.jpg 1030w, https:\/\/www.raffinessen.ch\/webseite\/wp-content\/uploads\/2024\/09\/FP-110x185_Mango-getrocknet-80x80.jpg 80w, https:\/\/www.raffinessen.ch\/webseite\/wp-content\/uploads\/2024\/09\/FP-110x185_Mango-getrocknet-768x768.jpg 768w, https:\/\/www.raffinessen.ch\/webseite\/wp-content\/uploads\/2024\/09\/FP-110x185_Mango-getrocknet-12x12.jpg 12w, https:\/\/www.raffinessen.ch\/webseite\/wp-content\/uploads\/2024\/09\/FP-110x185_Mango-getrocknet-36x36.jpg 36w, https:\/\/www.raffinessen.ch\/webseite\/wp-content\/uploads\/2024\/09\/FP-110x185_Mango-getrocknet-180x180.jpg 180w, https:\/\/www.raffinessen.ch\/webseite\/wp-content\/uploads\/2024\/09\/FP-110x185_Mango-getrocknet-705x705.jpg 705w, https:\/\/www.raffinessen.ch\/webseite\/wp-content\/uploads\/2024\/09\/FP-110x185_Mango-getrocknet-120x120.jpg 120w, https:\/\/www.raffinessen.ch\/webseite\/wp-content\/uploads\/2024\/09\/FP-110x185_Mango-getrocknet-450x450.jpg 450w, https:\/\/www.raffinessen.ch\/webseite\/wp-content\/uploads\/2024\/09\/FP-110x185_Mango-getrocknet-1000x1000.jpg 1000w, https:\/\/www.raffinessen.ch\/webseite\/wp-content\/uploads\/2024\/09\/FP-110x185_Mango-getrocknet-100x100.jpg 100w, https:\/\/www.raffinessen.ch\/webseite\/wp-content\/uploads\/2024\/09\/FP-110x185_Mango-getrocknet.jpg 1500w\" sizes=\"auto, (max-width: 500px) 100vw, 500px\" \/><span class=\"cart-loading\"><\/span><\/div><div class='inner_product_header'><div class='avia-arrow'><\/div><div class='inner_product_header_table'><div class='inner_product_header_cell'><h2 class=\"woocommerce-loop-product__title\">Mango getrocknet (80 g)<\/h2>\n\t<span class=\"price\"><span class=\"woocommerce-Price-amount amount\"><bdi><span class=\"woocommerce-Price-currencySymbol\">&#67;&#72;&#70;<\/span>&nbsp;4.00<\/bdi><\/span> <small class=\"woocommerce-price-suffix\">TVA incluse<\/small><\/span>\n<\/div><\/div><\/div><\/a><div class='avia_cart_buttons'><a href=\"\/fr\/wp-json\/wp\/v2\/pages\/9012?add-to-cart=18159\" aria-describedby=\"woocommerce_loop_add_to_cart_link_describedby_18159\" data-quantity=\"1\" class=\"button product_type_simple add_to_cart_button ajax_add_to_cart\" data-product_id=\"18159\" data-product_sku=\"PP-F0033-80\" aria-label=\"Ajouter au panier\u00a0: \u201cMango getrocknet (80 g)\u201d\" rel=\"nofollow\" data-success_message=\"\u00ab\u00a0Mango getrocknet (80 g)\u00a0\u00bb a \u00e9t\u00e9 ajout\u00e9 \u00e0 votre panier\" role=\"button\" data-no-translation-aria-label=\"\" data-no-translation-data-success_message=\"\"><span class=\"avia-svg-icon avia-font-svg_entypo-fontello\" data-av_svg_icon='basket' data-av_iconset='svg_entypo-fontello'><svg version=\"1.1\" xmlns=\"http:\/\/www.w3.org\/2000\/svg\" width=\"29\" height=\"32\" viewbox=\"0 0 29 32\" preserveaspectratio=\"xMidYMid meet\" aria-labelledby='av-svg-title-355' aria-describedby='av-svg-desc-355' role=\"graphics-symbol\" aria-hidden=\"true\">\n<title id='av-svg-title-355'>Ajouter au panier<\/title>\n<desc id='av-svg-desc-355'>Ajouter au panier<\/desc>\n<path d=\"M4.8 27.2q0-1.28 0.96-2.24t2.24-0.96q1.344 0 2.272 0.96t0.928 2.24q0 1.344-0.928 2.272t-2.272 0.928q-1.28 0-2.24-0.928t-0.96-2.272zM20.8 27.2q0-1.28 0.96-2.24t2.24-0.96q1.344 0 2.272 0.96t0.928 2.24q0 1.344-0.928 2.272t-2.272 0.928q-1.28 0-2.24-0.928t-0.96-2.272zM10.496 19.648q-1.152 0.32-1.088 0.736t1.408 0.416h17.984v2.432q0 0.64-0.64 0.64h-20.928q-0.64 0-0.64-0.64v-2.432l-0.32-1.472-3.136-14.528h-3.136v-2.56q0-0.64 0.64-0.64h4.992q0.64 0 0.64 0.64v2.752h22.528v8.768q0 0.704-0.576 0.832z\"><\/path>\n<\/svg><\/span>  Ajouter au panier<\/a>\t<span id=\"woocommerce_loop_add_to_cart_link_describedby_18159\" class=\"screen-reader-text\">\n\t\t\t<\/span>\n<a class=\"button show_details_button\" href=\"https:\/\/www.raffinessen.ch\/fr\/produit\/mango-getrocknet-80-g\/\"><span class=\"avia-svg-icon avia-font-svg_entypo-fontello\" data-av_svg_icon='doc-text' data-av_iconset='svg_entypo-fontello'><svg version=\"1.1\" xmlns=\"http:\/\/www.w3.org\/2000\/svg\" width=\"22\" height=\"32\" viewbox=\"0 0 22 32\" preserveaspectratio=\"xMidYMid meet\" aria-labelledby='av-svg-title-356' aria-describedby='av-svg-desc-356' role=\"graphics-symbol\" aria-hidden=\"true\">\n<title id='av-svg-title-356'>Voir les d\u00e9tails<\/title>\n<desc id='av-svg-desc-356'>Voir les d\u00e9tails<\/desc>\n<path d=\"M6.784 17.344v-2.88h8.96v2.88h-8.96zM19.2 1.6q1.344 0 2.272 0.928t0.928 2.272v22.4q0 1.28-0.928 2.24t-2.272 0.96h-16q-1.28 0-2.24-0.96t-0.96-2.24v-22.4q0-1.344 0.96-2.272t2.24-0.928h16zM19.2 27.2v-22.4h-16v22.4h16zM15.68 8.256v2.816h-8.96v-2.816h8.96zM15.68 20.8v2.816h-8.96v-2.816h8.96z\"><\/path>\n<\/svg><\/span>  Voir les d\u00e9tails<\/a> <span class=\"button-mini-delimiter\"><\/span><\/div><\/div><\/li>\n<li class=\"product type-product post-19305 status-publish instock product_cat-kambodscha-produkte has-post-thumbnail taxable shipping-taxable purchasable product-type-simple\">\n\t<div class='inner_product main_color wrapped_style noLightbox  av-product-class-'><a href=\"https:\/\/www.raffinessen.ch\/fr\/produit\/mango-getrocknet-750-g\/\" class=\"woocommerce-LoopProduct-link woocommerce-loop-product__link\"><div class=\"thumbnail_container\"><img loading=\"lazy\" decoding=\"async\" width=\"500\" height=\"500\" src=\"https:\/\/www.raffinessen.ch\/webseite\/wp-content\/uploads\/2024\/09\/Mango_einzeln-500x500.jpg\" class=\"attachment-woocommerce_thumbnail avia-product-hover\" alt=\"\" srcset=\"https:\/\/www.raffinessen.ch\/webseite\/wp-content\/uploads\/2024\/09\/Mango_einzeln-500x500.jpg 500w, https:\/\/www.raffinessen.ch\/webseite\/wp-content\/uploads\/2024\/09\/Mango_einzeln-300x300.jpg 300w, https:\/\/www.raffinessen.ch\/webseite\/wp-content\/uploads\/2024\/09\/Mango_einzeln-1030x1030.jpg 1030w, https:\/\/www.raffinessen.ch\/webseite\/wp-content\/uploads\/2024\/09\/Mango_einzeln-80x80.jpg 80w, https:\/\/www.raffinessen.ch\/webseite\/wp-content\/uploads\/2024\/09\/Mango_einzeln-768x768.jpg 768w, https:\/\/www.raffinessen.ch\/webseite\/wp-content\/uploads\/2024\/09\/Mango_einzeln-12x12.jpg 12w, https:\/\/www.raffinessen.ch\/webseite\/wp-content\/uploads\/2024\/09\/Mango_einzeln-36x36.jpg 36w, https:\/\/www.raffinessen.ch\/webseite\/wp-content\/uploads\/2024\/09\/Mango_einzeln-180x180.jpg 180w, https:\/\/www.raffinessen.ch\/webseite\/wp-content\/uploads\/2024\/09\/Mango_einzeln-705x705.jpg 705w, https:\/\/www.raffinessen.ch\/webseite\/wp-content\/uploads\/2024\/09\/Mango_einzeln-120x120.jpg 120w, https:\/\/www.raffinessen.ch\/webseite\/wp-content\/uploads\/2024\/09\/Mango_einzeln-450x450.jpg 450w, https:\/\/www.raffinessen.ch\/webseite\/wp-content\/uploads\/2024\/09\/Mango_einzeln-1000x1000.jpg 1000w, https:\/\/www.raffinessen.ch\/webseite\/wp-content\/uploads\/2024\/09\/Mango_einzeln-100x100.jpg 100w, https:\/\/www.raffinessen.ch\/webseite\/wp-content\/uploads\/2024\/09\/Mango_einzeln.jpg 1500w\" sizes=\"auto, (max-width: 500px) 100vw, 500px\" \/><img decoding=\"async\" loading=\"lazy\" width=\"500\" height=\"500\" src=\"https:\/\/www.raffinessen.ch\/webseite\/wp-content\/uploads\/2025\/04\/FP-210x310_Mango-getrocknet-500x500.jpg\" class=\"wp-image-19306 avia-img-lazy-loading-19306 attachment-woocommerce_thumbnail size-woocommerce_thumbnail wp-post-image\" alt=\"\" srcset=\"https:\/\/www.raffinessen.ch\/webseite\/wp-content\/uploads\/2025\/04\/FP-210x310_Mango-getrocknet-500x500.jpg 500w, https:\/\/www.raffinessen.ch\/webseite\/wp-content\/uploads\/2025\/04\/FP-210x310_Mango-getrocknet-300x300.jpg 300w, https:\/\/www.raffinessen.ch\/webseite\/wp-content\/uploads\/2025\/04\/FP-210x310_Mango-getrocknet-1030x1030.jpg 1030w, https:\/\/www.raffinessen.ch\/webseite\/wp-content\/uploads\/2025\/04\/FP-210x310_Mango-getrocknet-80x80.jpg 80w, https:\/\/www.raffinessen.ch\/webseite\/wp-content\/uploads\/2025\/04\/FP-210x310_Mango-getrocknet-768x768.jpg 768w, https:\/\/www.raffinessen.ch\/webseite\/wp-content\/uploads\/2025\/04\/FP-210x310_Mango-getrocknet-12x12.jpg 12w, https:\/\/www.raffinessen.ch\/webseite\/wp-content\/uploads\/2025\/04\/FP-210x310_Mango-getrocknet-36x36.jpg 36w, https:\/\/www.raffinessen.ch\/webseite\/wp-content\/uploads\/2025\/04\/FP-210x310_Mango-getrocknet-180x180.jpg 180w, https:\/\/www.raffinessen.ch\/webseite\/wp-content\/uploads\/2025\/04\/FP-210x310_Mango-getrocknet-705x705.jpg 705w, https:\/\/www.raffinessen.ch\/webseite\/wp-content\/uploads\/2025\/04\/FP-210x310_Mango-getrocknet-120x120.jpg 120w, https:\/\/www.raffinessen.ch\/webseite\/wp-content\/uploads\/2025\/04\/FP-210x310_Mango-getrocknet-450x450.jpg 450w, https:\/\/www.raffinessen.ch\/webseite\/wp-content\/uploads\/2025\/04\/FP-210x310_Mango-getrocknet-1000x1000.jpg 1000w, https:\/\/www.raffinessen.ch\/webseite\/wp-content\/uploads\/2025\/04\/FP-210x310_Mango-getrocknet-100x100.jpg 100w, https:\/\/www.raffinessen.ch\/webseite\/wp-content\/uploads\/2025\/04\/FP-210x310_Mango-getrocknet.jpg 1200w\" sizes=\"auto, (max-width: 500px) 100vw, 500px\" \/><span class=\"cart-loading\"><\/span><\/div><div class='inner_product_header'><div class='avia-arrow'><\/div><div class='inner_product_header_table'><div class='inner_product_header_cell'><h2 class=\"woocommerce-loop-product__title\">Mango getrocknet (750 g)<\/h2>\n\t<span class=\"price\"><span class=\"woocommerce-Price-amount amount\"><bdi><span class=\"woocommerce-Price-currencySymbol\">&#67;&#72;&#70;<\/span>&nbsp;27.00<\/bdi><\/span> <small class=\"woocommerce-price-suffix\">TVA incluse<\/small><\/span>\n<\/div><\/div><\/div><\/a><div class='avia_cart_buttons'><a href=\"\/fr\/wp-json\/wp\/v2\/pages\/9012?add-to-cart=19305\" aria-describedby=\"woocommerce_loop_add_to_cart_link_describedby_19305\" data-quantity=\"1\" class=\"button product_type_simple add_to_cart_button ajax_add_to_cart\" data-product_id=\"19305\" data-product_sku=\"PP-F0033-750\" aria-label=\"Ajouter au panier\u00a0: \u201cMango getrocknet (750 g)\u201d\" rel=\"nofollow\" data-success_message=\"\u00ab\u00a0Mango getrocknet (750 g)\u00a0\u00bb a \u00e9t\u00e9 ajout\u00e9 \u00e0 votre panier\" role=\"button\" data-no-translation-aria-label=\"\" data-no-translation-data-success_message=\"\"><span class=\"avia-svg-icon avia-font-svg_entypo-fontello\" data-av_svg_icon='basket' data-av_iconset='svg_entypo-fontello'><svg version=\"1.1\" xmlns=\"http:\/\/www.w3.org\/2000\/svg\" width=\"29\" height=\"32\" viewbox=\"0 0 29 32\" preserveaspectratio=\"xMidYMid meet\" aria-labelledby='av-svg-title-357' aria-describedby='av-svg-desc-357' role=\"graphics-symbol\" aria-hidden=\"true\">\n<title id='av-svg-title-357'>Ajouter au panier<\/title>\n<desc id='av-svg-desc-357'>Ajouter au panier<\/desc>\n<path d=\"M4.8 27.2q0-1.28 0.96-2.24t2.24-0.96q1.344 0 2.272 0.96t0.928 2.24q0 1.344-0.928 2.272t-2.272 0.928q-1.28 0-2.24-0.928t-0.96-2.272zM20.8 27.2q0-1.28 0.96-2.24t2.24-0.96q1.344 0 2.272 0.96t0.928 2.24q0 1.344-0.928 2.272t-2.272 0.928q-1.28 0-2.24-0.928t-0.96-2.272zM10.496 19.648q-1.152 0.32-1.088 0.736t1.408 0.416h17.984v2.432q0 0.64-0.64 0.64h-20.928q-0.64 0-0.64-0.64v-2.432l-0.32-1.472-3.136-14.528h-3.136v-2.56q0-0.64 0.64-0.64h4.992q0.64 0 0.64 0.64v2.752h22.528v8.768q0 0.704-0.576 0.832z\"><\/path>\n<\/svg><\/span>  Ajouter au panier<\/a>\t<span id=\"woocommerce_loop_add_to_cart_link_describedby_19305\" class=\"screen-reader-text\">\n\t\t\t<\/span>\n<a class=\"button show_details_button\" href=\"https:\/\/www.raffinessen.ch\/fr\/produit\/mango-getrocknet-750-g\/\"><span class=\"avia-svg-icon avia-font-svg_entypo-fontello\" data-av_svg_icon='doc-text' data-av_iconset='svg_entypo-fontello'><svg version=\"1.1\" xmlns=\"http:\/\/www.w3.org\/2000\/svg\" width=\"22\" height=\"32\" viewbox=\"0 0 22 32\" preserveaspectratio=\"xMidYMid meet\" aria-labelledby='av-svg-title-358' aria-describedby='av-svg-desc-358' role=\"graphics-symbol\" aria-hidden=\"true\">\n<title id='av-svg-title-358'>Voir les d\u00e9tails<\/title>\n<desc id='av-svg-desc-358'>Voir les d\u00e9tails<\/desc>\n<path d=\"M6.784 17.344v-2.88h8.96v2.88h-8.96zM19.2 1.6q1.344 0 2.272 0.928t0.928 2.272v22.4q0 1.28-0.928 2.24t-2.272 0.96h-16q-1.28 0-2.24-0.96t-0.96-2.24v-22.4q0-1.344 0.96-2.272t2.24-0.928h16zM19.2 27.2v-22.4h-16v22.4h16zM15.68 8.256v2.816h-8.96v-2.816h8.96zM15.68 20.8v2.816h-8.96v-2.816h8.96z\"><\/path>\n<\/svg><\/span>  Voir les d\u00e9tails<\/a> <span class=\"button-mini-delimiter\"><\/span><\/div><\/div><\/li>\n<\/ul><\/div><\/div><div class=\"clear\"><\/div>\n<\/div><\/div><\/div>\n<style type=\"text\/css\" data-created_by=\"avia_inline_auto\" id=\"style-css-av-k337g5nt-2-5b1bbf0eee393d79b87d8b9104c6dbfb\">\n.av-layout-tab.av-k337g5nt-2-5b1bbf0eee393d79b87d8b9104c6dbfb{\nvertical-align:top;\n}\n<\/style>\n<div id='av-tab-section-1-5' class='av-layout-tab av-k337g5nt-2-5b1bbf0eee393d79b87d8b9104c6dbfb av-animation-delay-container' data-av-deeplink-tabs=\"\" data-av-tab-section-content=\"5\" data-tab-section-id=\"tee-mischungen\"><div class=\"av-layout-tab-inner\"><div class=\"container\"><div  class='avia-product-slider-container av-kuny96v1-1-b1107709219a613dbb0cf2793f191da7 template-shop avia-content-slider avia-content-grid-active shop_columns_4 avia-content-slider-even av-slideshow-ui av-slider-hover-pause av-slideshow-manual av-loop-once av-loop-manual-endless avia-product-slider10' data-slideshow-options=\"{&quot;animation&quot;:&quot;fade&quot;,&quot;autoplay&quot;:false,&quot;loop_autoplay&quot;:&quot;once&quot;,&quot;interval&quot;:5,&quot;loop_manual&quot;:&quot;manual-endless&quot;,&quot;autoplay_stopper&quot;:false,&quot;noNavigation&quot;:false,&quot;bg_slider&quot;:false,&quot;keep_padding&quot;:false,&quot;hoverpause&quot;:true,&quot;show_slide_delay&quot;:0}\"><div class='avia-content-slider-inner'><ul class=\"products\"><li class=\"product type-product post-15583 status-publish first instock product_cat-tee-mischungen product_cat-unkategorisiert has-post-thumbnail taxable shipping-taxable purchasable product-type-simple\">\n\t<div class='inner_product main_color wrapped_style noLightbox  av-product-class-'><a href=\"https:\/\/www.raffinessen.ch\/fr\/produit\/hibiskus-eistee\/\" class=\"woocommerce-LoopProduct-link woocommerce-loop-product__link\"><div class=\"thumbnail_container\"><img loading=\"lazy\" decoding=\"async\" width=\"500\" height=\"500\" src=\"https:\/\/www.raffinessen.ch\/webseite\/wp-content\/uploads\/2023\/06\/FBB-210x80_Hibiskus-Eistee-500x500.jpg\" class=\"attachment-woocommerce_thumbnail avia-product-hover\" alt=\"\" srcset=\"https:\/\/www.raffinessen.ch\/webseite\/wp-content\/uploads\/2023\/06\/FBB-210x80_Hibiskus-Eistee-500x500.jpg 500w, https:\/\/www.raffinessen.ch\/webseite\/wp-content\/uploads\/2023\/06\/FBB-210x80_Hibiskus-Eistee-300x300.jpg 300w, https:\/\/www.raffinessen.ch\/webseite\/wp-content\/uploads\/2023\/06\/FBB-210x80_Hibiskus-Eistee-1030x1030.jpg 1030w, https:\/\/www.raffinessen.ch\/webseite\/wp-content\/uploads\/2023\/06\/FBB-210x80_Hibiskus-Eistee-80x80.jpg 80w, https:\/\/www.raffinessen.ch\/webseite\/wp-content\/uploads\/2023\/06\/FBB-210x80_Hibiskus-Eistee-768x768.jpg 768w, https:\/\/www.raffinessen.ch\/webseite\/wp-content\/uploads\/2023\/06\/FBB-210x80_Hibiskus-Eistee-12x12.jpg 12w, https:\/\/www.raffinessen.ch\/webseite\/wp-content\/uploads\/2023\/06\/FBB-210x80_Hibiskus-Eistee-36x36.jpg 36w, https:\/\/www.raffinessen.ch\/webseite\/wp-content\/uploads\/2023\/06\/FBB-210x80_Hibiskus-Eistee-180x180.jpg 180w, https:\/\/www.raffinessen.ch\/webseite\/wp-content\/uploads\/2023\/06\/FBB-210x80_Hibiskus-Eistee-705x705.jpg 705w, https:\/\/www.raffinessen.ch\/webseite\/wp-content\/uploads\/2023\/06\/FBB-210x80_Hibiskus-Eistee-120x120.jpg 120w, https:\/\/www.raffinessen.ch\/webseite\/wp-content\/uploads\/2023\/06\/FBB-210x80_Hibiskus-Eistee-450x450.jpg 450w, https:\/\/www.raffinessen.ch\/webseite\/wp-content\/uploads\/2023\/06\/FBB-210x80_Hibiskus-Eistee-1000x1000.jpg 1000w, https:\/\/www.raffinessen.ch\/webseite\/wp-content\/uploads\/2023\/06\/FBB-210x80_Hibiskus-Eistee-100x100.jpg 100w, https:\/\/www.raffinessen.ch\/webseite\/wp-content\/uploads\/2023\/06\/FBB-210x80_Hibiskus-Eistee.jpg 1500w\" sizes=\"auto, (max-width: 500px) 100vw, 500px\" \/><img decoding=\"async\" loading=\"lazy\" width=\"500\" height=\"500\" src=\"https:\/\/www.raffinessen.ch\/webseite\/wp-content\/uploads\/2023\/06\/PP-F0005-Hibiskus-Eistee_Dixa-500x500.jpg\" class=\"wp-image-15586 avia-img-lazy-loading-15586 attachment-woocommerce_thumbnail size-woocommerce_thumbnail wp-post-image\" alt=\"\" srcset=\"https:\/\/www.raffinessen.ch\/webseite\/wp-content\/uploads\/2023\/06\/PP-F0005-Hibiskus-Eistee_Dixa-500x500.jpg 500w, https:\/\/www.raffinessen.ch\/webseite\/wp-content\/uploads\/2023\/06\/PP-F0005-Hibiskus-Eistee_Dixa-300x300.jpg 300w, https:\/\/www.raffinessen.ch\/webseite\/wp-content\/uploads\/2023\/06\/PP-F0005-Hibiskus-Eistee_Dixa-1030x1030.jpg 1030w, https:\/\/www.raffinessen.ch\/webseite\/wp-content\/uploads\/2023\/06\/PP-F0005-Hibiskus-Eistee_Dixa-80x80.jpg 80w, https:\/\/www.raffinessen.ch\/webseite\/wp-content\/uploads\/2023\/06\/PP-F0005-Hibiskus-Eistee_Dixa-768x768.jpg 768w, https:\/\/www.raffinessen.ch\/webseite\/wp-content\/uploads\/2023\/06\/PP-F0005-Hibiskus-Eistee_Dixa-12x12.jpg 12w, https:\/\/www.raffinessen.ch\/webseite\/wp-content\/uploads\/2023\/06\/PP-F0005-Hibiskus-Eistee_Dixa-36x36.jpg 36w, https:\/\/www.raffinessen.ch\/webseite\/wp-content\/uploads\/2023\/06\/PP-F0005-Hibiskus-Eistee_Dixa-180x180.jpg 180w, https:\/\/www.raffinessen.ch\/webseite\/wp-content\/uploads\/2023\/06\/PP-F0005-Hibiskus-Eistee_Dixa-705x705.jpg 705w, https:\/\/www.raffinessen.ch\/webseite\/wp-content\/uploads\/2023\/06\/PP-F0005-Hibiskus-Eistee_Dixa-120x120.jpg 120w, https:\/\/www.raffinessen.ch\/webseite\/wp-content\/uploads\/2023\/06\/PP-F0005-Hibiskus-Eistee_Dixa-450x450.jpg 450w, https:\/\/www.raffinessen.ch\/webseite\/wp-content\/uploads\/2023\/06\/PP-F0005-Hibiskus-Eistee_Dixa-1000x1000.jpg 1000w, https:\/\/www.raffinessen.ch\/webseite\/wp-content\/uploads\/2023\/06\/PP-F0005-Hibiskus-Eistee_Dixa-100x100.jpg 100w, https:\/\/www.raffinessen.ch\/webseite\/wp-content\/uploads\/2023\/06\/PP-F0005-Hibiskus-Eistee_Dixa.jpg 1500w\" sizes=\"auto, (max-width: 500px) 100vw, 500px\" \/><span class=\"cart-loading\"><\/span><\/div><div class='inner_product_header'><div class='avia-arrow'><\/div><div class='inner_product_header_table'><div class='inner_product_header_cell'><h2 class=\"woocommerce-loop-product__title\">Th\u00e9 glac\u00e9 \u00e0 l'hibiscus<\/h2>\n\t<span class=\"price\"><span class=\"woocommerce-Price-amount amount\"><bdi><span class=\"woocommerce-Price-currencySymbol\">&#67;&#72;&#70;<\/span>&nbsp;7.50<\/bdi><\/span> <small class=\"woocommerce-price-suffix\">TVA incluse<\/small><\/span>\n<\/div><\/div><\/div><\/a><div class='avia_cart_buttons'><a href=\"\/fr\/wp-json\/wp\/v2\/pages\/9012?add-to-cart=15583\" aria-describedby=\"woocommerce_loop_add_to_cart_link_describedby_15583\" data-quantity=\"1\" class=\"button product_type_simple add_to_cart_button ajax_add_to_cart\" data-product_id=\"15583\" data-product_sku=\"PP-F0005\" aria-label=\"Ajouter au panier\u00a0: \u201cHibiskus Eistee\u201d\" rel=\"nofollow\" data-success_message=\"\u00ab\u00a0Hibiskus Eistee\u00a0\u00bb a \u00e9t\u00e9 ajout\u00e9 \u00e0 votre panier\" role=\"button\" data-no-translation-aria-label=\"\" data-no-translation-data-success_message=\"\"><span class=\"avia-svg-icon avia-font-svg_entypo-fontello\" data-av_svg_icon='basket' data-av_iconset='svg_entypo-fontello'><svg version=\"1.1\" xmlns=\"http:\/\/www.w3.org\/2000\/svg\" width=\"29\" height=\"32\" viewbox=\"0 0 29 32\" preserveaspectratio=\"xMidYMid meet\" aria-labelledby='av-svg-title-359' aria-describedby='av-svg-desc-359' role=\"graphics-symbol\" aria-hidden=\"true\">\n<title id='av-svg-title-359'>Ajouter au panier<\/title>\n<desc id='av-svg-desc-359'>Ajouter au panier<\/desc>\n<path d=\"M4.8 27.2q0-1.28 0.96-2.24t2.24-0.96q1.344 0 2.272 0.96t0.928 2.24q0 1.344-0.928 2.272t-2.272 0.928q-1.28 0-2.24-0.928t-0.96-2.272zM20.8 27.2q0-1.28 0.96-2.24t2.24-0.96q1.344 0 2.272 0.96t0.928 2.24q0 1.344-0.928 2.272t-2.272 0.928q-1.28 0-2.24-0.928t-0.96-2.272zM10.496 19.648q-1.152 0.32-1.088 0.736t1.408 0.416h17.984v2.432q0 0.64-0.64 0.64h-20.928q-0.64 0-0.64-0.64v-2.432l-0.32-1.472-3.136-14.528h-3.136v-2.56q0-0.64 0.64-0.64h4.992q0.64 0 0.64 0.64v2.752h22.528v8.768q0 0.704-0.576 0.832z\"><\/path>\n<\/svg><\/span>  Ajouter au panier<\/a>\t<span id=\"woocommerce_loop_add_to_cart_link_describedby_15583\" class=\"screen-reader-text\">\n\t\t\t<\/span>\n<a class=\"button show_details_button\" href=\"https:\/\/www.raffinessen.ch\/fr\/produit\/hibiskus-eistee\/\"><span class=\"avia-svg-icon avia-font-svg_entypo-fontello\" data-av_svg_icon='doc-text' data-av_iconset='svg_entypo-fontello'><svg version=\"1.1\" xmlns=\"http:\/\/www.w3.org\/2000\/svg\" width=\"22\" height=\"32\" viewbox=\"0 0 22 32\" preserveaspectratio=\"xMidYMid meet\" aria-labelledby='av-svg-title-360' aria-describedby='av-svg-desc-360' role=\"graphics-symbol\" aria-hidden=\"true\">\n<title id='av-svg-title-360'>Voir les d\u00e9tails<\/title>\n<desc id='av-svg-desc-360'>Voir les d\u00e9tails<\/desc>\n<path d=\"M6.784 17.344v-2.88h8.96v2.88h-8.96zM19.2 1.6q1.344 0 2.272 0.928t0.928 2.272v22.4q0 1.28-0.928 2.24t-2.272 0.96h-16q-1.28 0-2.24-0.96t-0.96-2.24v-22.4q0-1.344 0.96-2.272t2.24-0.928h16zM19.2 27.2v-22.4h-16v22.4h16zM15.68 8.256v2.816h-8.96v-2.816h8.96zM15.68 20.8v2.816h-8.96v-2.816h8.96z\"><\/path>\n<\/svg><\/span>  Voir les d\u00e9tails<\/a> <span class=\"button-mini-delimiter\"><\/span><\/div><\/div><\/li>\n<li class=\"product type-product post-15591 status-publish instock product_cat-tee-mischungen product_cat-unkategorisiert has-post-thumbnail taxable shipping-taxable purchasable product-type-simple\">\n\t<div class='inner_product main_color wrapped_style noLightbox  av-product-class-'><a href=\"https:\/\/www.raffinessen.ch\/fr\/produit\/frischluft-eistee\/\" class=\"woocommerce-LoopProduct-link woocommerce-loop-product__link\"><div class=\"thumbnail_container\"><img loading=\"lazy\" decoding=\"async\" width=\"500\" height=\"500\" src=\"https:\/\/www.raffinessen.ch\/webseite\/wp-content\/uploads\/2023\/06\/FBB-210x80_Frischluft-Eistee_82229-500x500.jpg\" class=\"attachment-woocommerce_thumbnail avia-product-hover\" alt=\"\" srcset=\"https:\/\/www.raffinessen.ch\/webseite\/wp-content\/uploads\/2023\/06\/FBB-210x80_Frischluft-Eistee_82229-500x500.jpg 500w, https:\/\/www.raffinessen.ch\/webseite\/wp-content\/uploads\/2023\/06\/FBB-210x80_Frischluft-Eistee_82229-300x300.jpg 300w, https:\/\/www.raffinessen.ch\/webseite\/wp-content\/uploads\/2023\/06\/FBB-210x80_Frischluft-Eistee_82229-1030x1030.jpg 1030w, https:\/\/www.raffinessen.ch\/webseite\/wp-content\/uploads\/2023\/06\/FBB-210x80_Frischluft-Eistee_82229-80x80.jpg 80w, https:\/\/www.raffinessen.ch\/webseite\/wp-content\/uploads\/2023\/06\/FBB-210x80_Frischluft-Eistee_82229-768x768.jpg 768w, https:\/\/www.raffinessen.ch\/webseite\/wp-content\/uploads\/2023\/06\/FBB-210x80_Frischluft-Eistee_82229-12x12.jpg 12w, https:\/\/www.raffinessen.ch\/webseite\/wp-content\/uploads\/2023\/06\/FBB-210x80_Frischluft-Eistee_82229-36x36.jpg 36w, https:\/\/www.raffinessen.ch\/webseite\/wp-content\/uploads\/2023\/06\/FBB-210x80_Frischluft-Eistee_82229-180x180.jpg 180w, https:\/\/www.raffinessen.ch\/webseite\/wp-content\/uploads\/2023\/06\/FBB-210x80_Frischluft-Eistee_82229-705x705.jpg 705w, https:\/\/www.raffinessen.ch\/webseite\/wp-content\/uploads\/2023\/06\/FBB-210x80_Frischluft-Eistee_82229-120x120.jpg 120w, https:\/\/www.raffinessen.ch\/webseite\/wp-content\/uploads\/2023\/06\/FBB-210x80_Frischluft-Eistee_82229-450x450.jpg 450w, https:\/\/www.raffinessen.ch\/webseite\/wp-content\/uploads\/2023\/06\/FBB-210x80_Frischluft-Eistee_82229-1000x1000.jpg 1000w, https:\/\/www.raffinessen.ch\/webseite\/wp-content\/uploads\/2023\/06\/FBB-210x80_Frischluft-Eistee_82229-100x100.jpg 100w, https:\/\/www.raffinessen.ch\/webseite\/wp-content\/uploads\/2023\/06\/FBB-210x80_Frischluft-Eistee_82229.jpg 1500w\" sizes=\"auto, (max-width: 500px) 100vw, 500px\" \/><img decoding=\"async\" loading=\"lazy\" width=\"500\" height=\"500\" src=\"https:\/\/www.raffinessen.ch\/webseite\/wp-content\/uploads\/2023\/06\/PP-F0006-Zitrus-Eistee_82229-500x500.jpg\" class=\"wp-image-19507 avia-img-lazy-loading-19507 attachment-woocommerce_thumbnail size-woocommerce_thumbnail wp-post-image\" alt=\"\" srcset=\"https:\/\/www.raffinessen.ch\/webseite\/wp-content\/uploads\/2023\/06\/PP-F0006-Zitrus-Eistee_82229-500x500.jpg 500w, https:\/\/www.raffinessen.ch\/webseite\/wp-content\/uploads\/2023\/06\/PP-F0006-Zitrus-Eistee_82229-300x300.jpg 300w, https:\/\/www.raffinessen.ch\/webseite\/wp-content\/uploads\/2023\/06\/PP-F0006-Zitrus-Eistee_82229-1030x1030.jpg 1030w, https:\/\/www.raffinessen.ch\/webseite\/wp-content\/uploads\/2023\/06\/PP-F0006-Zitrus-Eistee_82229-80x80.jpg 80w, https:\/\/www.raffinessen.ch\/webseite\/wp-content\/uploads\/2023\/06\/PP-F0006-Zitrus-Eistee_82229-768x768.jpg 768w, https:\/\/www.raffinessen.ch\/webseite\/wp-content\/uploads\/2023\/06\/PP-F0006-Zitrus-Eistee_82229-12x12.jpg 12w, https:\/\/www.raffinessen.ch\/webseite\/wp-content\/uploads\/2023\/06\/PP-F0006-Zitrus-Eistee_82229-36x36.jpg 36w, https:\/\/www.raffinessen.ch\/webseite\/wp-content\/uploads\/2023\/06\/PP-F0006-Zitrus-Eistee_82229-180x180.jpg 180w, https:\/\/www.raffinessen.ch\/webseite\/wp-content\/uploads\/2023\/06\/PP-F0006-Zitrus-Eistee_82229-705x705.jpg 705w, https:\/\/www.raffinessen.ch\/webseite\/wp-content\/uploads\/2023\/06\/PP-F0006-Zitrus-Eistee_82229-120x120.jpg 120w, https:\/\/www.raffinessen.ch\/webseite\/wp-content\/uploads\/2023\/06\/PP-F0006-Zitrus-Eistee_82229-450x450.jpg 450w, https:\/\/www.raffinessen.ch\/webseite\/wp-content\/uploads\/2023\/06\/PP-F0006-Zitrus-Eistee_82229-1000x1000.jpg 1000w, https:\/\/www.raffinessen.ch\/webseite\/wp-content\/uploads\/2023\/06\/PP-F0006-Zitrus-Eistee_82229-100x100.jpg 100w, https:\/\/www.raffinessen.ch\/webseite\/wp-content\/uploads\/2023\/06\/PP-F0006-Zitrus-Eistee_82229.jpg 1500w\" sizes=\"auto, (max-width: 500px) 100vw, 500px\" \/><span class=\"cart-loading\"><\/span><\/div><div class='inner_product_header'><div class='avia-arrow'><\/div><div class='inner_product_header_table'><div class='inner_product_header_cell'><h2 class=\"woocommerce-loop-product__title\">Frischluft Eistee<\/h2>\n\t<span class=\"price\"><span class=\"woocommerce-Price-amount amount\"><bdi><span class=\"woocommerce-Price-currencySymbol\">&#67;&#72;&#70;<\/span>&nbsp;8.00<\/bdi><\/span> <small class=\"woocommerce-price-suffix\">TVA incluse<\/small><\/span>\n<\/div><\/div><\/div><\/a><div class='avia_cart_buttons'><a href=\"\/fr\/wp-json\/wp\/v2\/pages\/9012?add-to-cart=15591\" aria-describedby=\"woocommerce_loop_add_to_cart_link_describedby_15591\" data-quantity=\"1\" class=\"button product_type_simple add_to_cart_button ajax_add_to_cart\" data-product_id=\"15591\" data-product_sku=\"PP-F0009\" aria-label=\"Ajouter au panier\u00a0: \u201cFrischluft Eistee\u201d\" rel=\"nofollow\" data-success_message=\"\u00ab\u00a0Frischluft Eistee\u00a0\u00bb a \u00e9t\u00e9 ajout\u00e9 \u00e0 votre panier\" role=\"button\" data-no-translation-aria-label=\"\" data-no-translation-data-success_message=\"\"><span class=\"avia-svg-icon avia-font-svg_entypo-fontello\" data-av_svg_icon='basket' data-av_iconset='svg_entypo-fontello'><svg version=\"1.1\" xmlns=\"http:\/\/www.w3.org\/2000\/svg\" width=\"29\" height=\"32\" viewbox=\"0 0 29 32\" preserveaspectratio=\"xMidYMid meet\" aria-labelledby='av-svg-title-361' aria-describedby='av-svg-desc-361' role=\"graphics-symbol\" aria-hidden=\"true\">\n<title id='av-svg-title-361'>Ajouter au panier<\/title>\n<desc id='av-svg-desc-361'>Ajouter au panier<\/desc>\n<path d=\"M4.8 27.2q0-1.28 0.96-2.24t2.24-0.96q1.344 0 2.272 0.96t0.928 2.24q0 1.344-0.928 2.272t-2.272 0.928q-1.28 0-2.24-0.928t-0.96-2.272zM20.8 27.2q0-1.28 0.96-2.24t2.24-0.96q1.344 0 2.272 0.96t0.928 2.24q0 1.344-0.928 2.272t-2.272 0.928q-1.28 0-2.24-0.928t-0.96-2.272zM10.496 19.648q-1.152 0.32-1.088 0.736t1.408 0.416h17.984v2.432q0 0.64-0.64 0.64h-20.928q-0.64 0-0.64-0.64v-2.432l-0.32-1.472-3.136-14.528h-3.136v-2.56q0-0.64 0.64-0.64h4.992q0.64 0 0.64 0.64v2.752h22.528v8.768q0 0.704-0.576 0.832z\"><\/path>\n<\/svg><\/span>  Ajouter au panier<\/a>\t<span id=\"woocommerce_loop_add_to_cart_link_describedby_15591\" class=\"screen-reader-text\">\n\t\t\t<\/span>\n<a class=\"button show_details_button\" href=\"https:\/\/www.raffinessen.ch\/fr\/produit\/frischluft-eistee\/\"><span class=\"avia-svg-icon avia-font-svg_entypo-fontello\" data-av_svg_icon='doc-text' data-av_iconset='svg_entypo-fontello'><svg version=\"1.1\" xmlns=\"http:\/\/www.w3.org\/2000\/svg\" width=\"22\" height=\"32\" viewbox=\"0 0 22 32\" preserveaspectratio=\"xMidYMid meet\" aria-labelledby='av-svg-title-362' aria-describedby='av-svg-desc-362' role=\"graphics-symbol\" aria-hidden=\"true\">\n<title id='av-svg-title-362'>Voir les d\u00e9tails<\/title>\n<desc id='av-svg-desc-362'>Voir les d\u00e9tails<\/desc>\n<path d=\"M6.784 17.344v-2.88h8.96v2.88h-8.96zM19.2 1.6q1.344 0 2.272 0.928t0.928 2.272v22.4q0 1.28-0.928 2.24t-2.272 0.96h-16q-1.28 0-2.24-0.96t-0.96-2.24v-22.4q0-1.344 0.96-2.272t2.24-0.928h16zM19.2 27.2v-22.4h-16v22.4h16zM15.68 8.256v2.816h-8.96v-2.816h8.96zM15.68 20.8v2.816h-8.96v-2.816h8.96z\"><\/path>\n<\/svg><\/span>  Voir les d\u00e9tails<\/a> <span class=\"button-mini-delimiter\"><\/span><\/div><\/div><\/li>\n<li class=\"product type-product post-19527 status-publish instock product_cat-tee-mischungen product_cat-unkategorisiert has-post-thumbnail taxable shipping-taxable purchasable product-type-simple\">\n\t<div class='inner_product main_color wrapped_style noLightbox  av-product-class-'><a href=\"https:\/\/www.raffinessen.ch\/fr\/produit\/alles-im-gruenen-wohlfuehltee\/\" class=\"woocommerce-LoopProduct-link woocommerce-loop-product__link\"><div class=\"thumbnail_container\"><img loading=\"lazy\" decoding=\"async\" width=\"500\" height=\"500\" src=\"https:\/\/www.raffinessen.ch\/webseite\/wp-content\/uploads\/2025\/05\/FBB-90x260_Alles-im-Gruenen_82492-500x500.jpg\" class=\"attachment-woocommerce_thumbnail avia-product-hover\" alt=\"\" srcset=\"https:\/\/www.raffinessen.ch\/webseite\/wp-content\/uploads\/2025\/05\/FBB-90x260_Alles-im-Gruenen_82492-500x500.jpg 500w, https:\/\/www.raffinessen.ch\/webseite\/wp-content\/uploads\/2025\/05\/FBB-90x260_Alles-im-Gruenen_82492-300x300.jpg 300w, https:\/\/www.raffinessen.ch\/webseite\/wp-content\/uploads\/2025\/05\/FBB-90x260_Alles-im-Gruenen_82492-1030x1030.jpg 1030w, https:\/\/www.raffinessen.ch\/webseite\/wp-content\/uploads\/2025\/05\/FBB-90x260_Alles-im-Gruenen_82492-80x80.jpg 80w, https:\/\/www.raffinessen.ch\/webseite\/wp-content\/uploads\/2025\/05\/FBB-90x260_Alles-im-Gruenen_82492-768x768.jpg 768w, https:\/\/www.raffinessen.ch\/webseite\/wp-content\/uploads\/2025\/05\/FBB-90x260_Alles-im-Gruenen_82492-12x12.jpg 12w, https:\/\/www.raffinessen.ch\/webseite\/wp-content\/uploads\/2025\/05\/FBB-90x260_Alles-im-Gruenen_82492-36x36.jpg 36w, https:\/\/www.raffinessen.ch\/webseite\/wp-content\/uploads\/2025\/05\/FBB-90x260_Alles-im-Gruenen_82492-180x180.jpg 180w, https:\/\/www.raffinessen.ch\/webseite\/wp-content\/uploads\/2025\/05\/FBB-90x260_Alles-im-Gruenen_82492-705x705.jpg 705w, https:\/\/www.raffinessen.ch\/webseite\/wp-content\/uploads\/2025\/05\/FBB-90x260_Alles-im-Gruenen_82492-120x120.jpg 120w, https:\/\/www.raffinessen.ch\/webseite\/wp-content\/uploads\/2025\/05\/FBB-90x260_Alles-im-Gruenen_82492-450x450.jpg 450w, https:\/\/www.raffinessen.ch\/webseite\/wp-content\/uploads\/2025\/05\/FBB-90x260_Alles-im-Gruenen_82492-1000x1000.jpg 1000w, https:\/\/www.raffinessen.ch\/webseite\/wp-content\/uploads\/2025\/05\/FBB-90x260_Alles-im-Gruenen_82492-100x100.jpg 100w, https:\/\/www.raffinessen.ch\/webseite\/wp-content\/uploads\/2025\/05\/FBB-90x260_Alles-im-Gruenen_82492.jpg 1500w\" sizes=\"auto, (max-width: 500px) 100vw, 500px\" \/><img decoding=\"async\" loading=\"lazy\" width=\"500\" height=\"500\" src=\"https:\/\/www.raffinessen.ch\/webseite\/wp-content\/uploads\/2025\/05\/PP-F0008-Alles-im-Gruenen_82492-500x500.jpg\" class=\"wp-image-19537 avia-img-lazy-loading-19537 attachment-woocommerce_thumbnail size-woocommerce_thumbnail wp-post-image\" alt=\"\" srcset=\"https:\/\/www.raffinessen.ch\/webseite\/wp-content\/uploads\/2025\/05\/PP-F0008-Alles-im-Gruenen_82492-500x500.jpg 500w, https:\/\/www.raffinessen.ch\/webseite\/wp-content\/uploads\/2025\/05\/PP-F0008-Alles-im-Gruenen_82492-300x300.jpg 300w, https:\/\/www.raffinessen.ch\/webseite\/wp-content\/uploads\/2025\/05\/PP-F0008-Alles-im-Gruenen_82492-1030x1030.jpg 1030w, https:\/\/www.raffinessen.ch\/webseite\/wp-content\/uploads\/2025\/05\/PP-F0008-Alles-im-Gruenen_82492-80x80.jpg 80w, https:\/\/www.raffinessen.ch\/webseite\/wp-content\/uploads\/2025\/05\/PP-F0008-Alles-im-Gruenen_82492-768x768.jpg 768w, https:\/\/www.raffinessen.ch\/webseite\/wp-content\/uploads\/2025\/05\/PP-F0008-Alles-im-Gruenen_82492-12x12.jpg 12w, https:\/\/www.raffinessen.ch\/webseite\/wp-content\/uploads\/2025\/05\/PP-F0008-Alles-im-Gruenen_82492-36x36.jpg 36w, https:\/\/www.raffinessen.ch\/webseite\/wp-content\/uploads\/2025\/05\/PP-F0008-Alles-im-Gruenen_82492-180x180.jpg 180w, https:\/\/www.raffinessen.ch\/webseite\/wp-content\/uploads\/2025\/05\/PP-F0008-Alles-im-Gruenen_82492-705x705.jpg 705w, https:\/\/www.raffinessen.ch\/webseite\/wp-content\/uploads\/2025\/05\/PP-F0008-Alles-im-Gruenen_82492-120x120.jpg 120w, https:\/\/www.raffinessen.ch\/webseite\/wp-content\/uploads\/2025\/05\/PP-F0008-Alles-im-Gruenen_82492-450x450.jpg 450w, https:\/\/www.raffinessen.ch\/webseite\/wp-content\/uploads\/2025\/05\/PP-F0008-Alles-im-Gruenen_82492-1000x1000.jpg 1000w, https:\/\/www.raffinessen.ch\/webseite\/wp-content\/uploads\/2025\/05\/PP-F0008-Alles-im-Gruenen_82492-100x100.jpg 100w, https:\/\/www.raffinessen.ch\/webseite\/wp-content\/uploads\/2025\/05\/PP-F0008-Alles-im-Gruenen_82492.jpg 1500w\" sizes=\"auto, (max-width: 500px) 100vw, 500px\" \/><span class=\"cart-loading\"><\/span><\/div><div class='inner_product_header'><div class='avia-arrow'><\/div><div class='inner_product_header_table'><div class='inner_product_header_cell'><h2 class=\"woocommerce-loop-product__title\">Alles im Gr\u00fcnen &#8211; Wohlf\u00fchltee<\/h2>\n\t<span class=\"price\"><span class=\"woocommerce-Price-amount amount\"><bdi><span class=\"woocommerce-Price-currencySymbol\">&#67;&#72;&#70;<\/span>&nbsp;7.50<\/bdi><\/span> <small class=\"woocommerce-price-suffix\">TVA incluse<\/small><\/span>\n<\/div><\/div><\/div><\/a><div class='avia_cart_buttons'><a href=\"\/fr\/wp-json\/wp\/v2\/pages\/9012?add-to-cart=19527\" aria-describedby=\"woocommerce_loop_add_to_cart_link_describedby_19527\" data-quantity=\"1\" class=\"button product_type_simple add_to_cart_button ajax_add_to_cart\" data-product_id=\"19527\" data-product_sku=\"PP-F0008\" aria-label=\"Ajouter au panier\u00a0: \u201cAlles im Gr\u00fcnen - Wohlf\u00fchltee\u201d\" rel=\"nofollow\" data-success_message=\"\u00ab\u00a0Alles im Gr\u00fcnen - Wohlf\u00fchltee\u00a0\u00bb a \u00e9t\u00e9 ajout\u00e9 \u00e0 votre panier\" role=\"button\" data-no-translation-aria-label=\"\" data-no-translation-data-success_message=\"\"><span class=\"avia-svg-icon avia-font-svg_entypo-fontello\" data-av_svg_icon='basket' data-av_iconset='svg_entypo-fontello'><svg version=\"1.1\" xmlns=\"http:\/\/www.w3.org\/2000\/svg\" width=\"29\" height=\"32\" viewbox=\"0 0 29 32\" preserveaspectratio=\"xMidYMid meet\" aria-labelledby='av-svg-title-363' aria-describedby='av-svg-desc-363' role=\"graphics-symbol\" aria-hidden=\"true\">\n<title id='av-svg-title-363'>Ajouter au panier<\/title>\n<desc id='av-svg-desc-363'>Ajouter au panier<\/desc>\n<path d=\"M4.8 27.2q0-1.28 0.96-2.24t2.24-0.96q1.344 0 2.272 0.96t0.928 2.24q0 1.344-0.928 2.272t-2.272 0.928q-1.28 0-2.24-0.928t-0.96-2.272zM20.8 27.2q0-1.28 0.96-2.24t2.24-0.96q1.344 0 2.272 0.96t0.928 2.24q0 1.344-0.928 2.272t-2.272 0.928q-1.28 0-2.24-0.928t-0.96-2.272zM10.496 19.648q-1.152 0.32-1.088 0.736t1.408 0.416h17.984v2.432q0 0.64-0.64 0.64h-20.928q-0.64 0-0.64-0.64v-2.432l-0.32-1.472-3.136-14.528h-3.136v-2.56q0-0.64 0.64-0.64h4.992q0.64 0 0.64 0.64v2.752h22.528v8.768q0 0.704-0.576 0.832z\"><\/path>\n<\/svg><\/span>  Ajouter au panier<\/a>\t<span id=\"woocommerce_loop_add_to_cart_link_describedby_19527\" class=\"screen-reader-text\">\n\t\t\t<\/span>\n<a class=\"button show_details_button\" href=\"https:\/\/www.raffinessen.ch\/fr\/produit\/alles-im-gruenen-wohlfuehltee\/\"><span class=\"avia-svg-icon avia-font-svg_entypo-fontello\" data-av_svg_icon='doc-text' data-av_iconset='svg_entypo-fontello'><svg version=\"1.1\" xmlns=\"http:\/\/www.w3.org\/2000\/svg\" width=\"22\" height=\"32\" viewbox=\"0 0 22 32\" preserveaspectratio=\"xMidYMid meet\" aria-labelledby='av-svg-title-364' aria-describedby='av-svg-desc-364' role=\"graphics-symbol\" aria-hidden=\"true\">\n<title id='av-svg-title-364'>Voir les d\u00e9tails<\/title>\n<desc id='av-svg-desc-364'>Voir les d\u00e9tails<\/desc>\n<path d=\"M6.784 17.344v-2.88h8.96v2.88h-8.96zM19.2 1.6q1.344 0 2.272 0.928t0.928 2.272v22.4q0 1.28-0.928 2.24t-2.272 0.96h-16q-1.28 0-2.24-0.96t-0.96-2.24v-22.4q0-1.344 0.96-2.272t2.24-0.928h16zM19.2 27.2v-22.4h-16v22.4h16zM15.68 8.256v2.816h-8.96v-2.816h8.96zM15.68 20.8v2.816h-8.96v-2.816h8.96z\"><\/path>\n<\/svg><\/span>  Voir les d\u00e9tails<\/a> <span class=\"button-mini-delimiter\"><\/span><\/div><\/div><\/li>\n<li class=\"product type-product post-17022 status-publish last instock product_cat-tee-mischungen product_cat-unkategorisiert has-post-thumbnail taxable shipping-taxable purchasable product-type-simple\">\n\t<div class='inner_product main_color wrapped_style noLightbox  av-product-class-'><a href=\"https:\/\/www.raffinessen.ch\/fr\/produit\/happy-chai\/\" class=\"woocommerce-LoopProduct-link woocommerce-loop-product__link\"><div class=\"thumbnail_container\"><img loading=\"lazy\" decoding=\"async\" width=\"500\" height=\"500\" src=\"https:\/\/www.raffinessen.ch\/webseite\/wp-content\/uploads\/2024\/02\/FBB-80x210_Happy-Chai-500x500.jpg\" class=\"attachment-woocommerce_thumbnail avia-product-hover\" alt=\"\" srcset=\"https:\/\/www.raffinessen.ch\/webseite\/wp-content\/uploads\/2024\/02\/FBB-80x210_Happy-Chai-500x500.jpg 500w, https:\/\/www.raffinessen.ch\/webseite\/wp-content\/uploads\/2024\/02\/FBB-80x210_Happy-Chai-300x300.jpg 300w, https:\/\/www.raffinessen.ch\/webseite\/wp-content\/uploads\/2024\/02\/FBB-80x210_Happy-Chai-1030x1030.jpg 1030w, https:\/\/www.raffinessen.ch\/webseite\/wp-content\/uploads\/2024\/02\/FBB-80x210_Happy-Chai-80x80.jpg 80w, https:\/\/www.raffinessen.ch\/webseite\/wp-content\/uploads\/2024\/02\/FBB-80x210_Happy-Chai-768x768.jpg 768w, https:\/\/www.raffinessen.ch\/webseite\/wp-content\/uploads\/2024\/02\/FBB-80x210_Happy-Chai-12x12.jpg 12w, https:\/\/www.raffinessen.ch\/webseite\/wp-content\/uploads\/2024\/02\/FBB-80x210_Happy-Chai-36x36.jpg 36w, https:\/\/www.raffinessen.ch\/webseite\/wp-content\/uploads\/2024\/02\/FBB-80x210_Happy-Chai-180x180.jpg 180w, https:\/\/www.raffinessen.ch\/webseite\/wp-content\/uploads\/2024\/02\/FBB-80x210_Happy-Chai-705x705.jpg 705w, https:\/\/www.raffinessen.ch\/webseite\/wp-content\/uploads\/2024\/02\/FBB-80x210_Happy-Chai-120x120.jpg 120w, https:\/\/www.raffinessen.ch\/webseite\/wp-content\/uploads\/2024\/02\/FBB-80x210_Happy-Chai-450x450.jpg 450w, https:\/\/www.raffinessen.ch\/webseite\/wp-content\/uploads\/2024\/02\/FBB-80x210_Happy-Chai-1000x1000.jpg 1000w, https:\/\/www.raffinessen.ch\/webseite\/wp-content\/uploads\/2024\/02\/FBB-80x210_Happy-Chai-100x100.jpg 100w, https:\/\/www.raffinessen.ch\/webseite\/wp-content\/uploads\/2024\/02\/FBB-80x210_Happy-Chai.jpg 1500w\" sizes=\"auto, (max-width: 500px) 100vw, 500px\" \/><img decoding=\"async\" loading=\"lazy\" width=\"500\" height=\"500\" src=\"https:\/\/www.raffinessen.ch\/webseite\/wp-content\/uploads\/2024\/02\/PP-F0029-HAPPY-Chai_Alveus-500x500.jpg\" class=\"wp-image-17016 avia-img-lazy-loading-17016 attachment-woocommerce_thumbnail size-woocommerce_thumbnail wp-post-image\" alt=\"\" srcset=\"https:\/\/www.raffinessen.ch\/webseite\/wp-content\/uploads\/2024\/02\/PP-F0029-HAPPY-Chai_Alveus-500x500.jpg 500w, https:\/\/www.raffinessen.ch\/webseite\/wp-content\/uploads\/2024\/02\/PP-F0029-HAPPY-Chai_Alveus-300x300.jpg 300w, https:\/\/www.raffinessen.ch\/webseite\/wp-content\/uploads\/2024\/02\/PP-F0029-HAPPY-Chai_Alveus-1030x1030.jpg 1030w, https:\/\/www.raffinessen.ch\/webseite\/wp-content\/uploads\/2024\/02\/PP-F0029-HAPPY-Chai_Alveus-80x80.jpg 80w, https:\/\/www.raffinessen.ch\/webseite\/wp-content\/uploads\/2024\/02\/PP-F0029-HAPPY-Chai_Alveus-768x768.jpg 768w, https:\/\/www.raffinessen.ch\/webseite\/wp-content\/uploads\/2024\/02\/PP-F0029-HAPPY-Chai_Alveus-12x12.jpg 12w, https:\/\/www.raffinessen.ch\/webseite\/wp-content\/uploads\/2024\/02\/PP-F0029-HAPPY-Chai_Alveus-36x36.jpg 36w, https:\/\/www.raffinessen.ch\/webseite\/wp-content\/uploads\/2024\/02\/PP-F0029-HAPPY-Chai_Alveus-180x180.jpg 180w, https:\/\/www.raffinessen.ch\/webseite\/wp-content\/uploads\/2024\/02\/PP-F0029-HAPPY-Chai_Alveus-705x705.jpg 705w, https:\/\/www.raffinessen.ch\/webseite\/wp-content\/uploads\/2024\/02\/PP-F0029-HAPPY-Chai_Alveus-120x120.jpg 120w, https:\/\/www.raffinessen.ch\/webseite\/wp-content\/uploads\/2024\/02\/PP-F0029-HAPPY-Chai_Alveus-450x450.jpg 450w, https:\/\/www.raffinessen.ch\/webseite\/wp-content\/uploads\/2024\/02\/PP-F0029-HAPPY-Chai_Alveus-1000x1000.jpg 1000w, https:\/\/www.raffinessen.ch\/webseite\/wp-content\/uploads\/2024\/02\/PP-F0029-HAPPY-Chai_Alveus-100x100.jpg 100w, https:\/\/www.raffinessen.ch\/webseite\/wp-content\/uploads\/2024\/02\/PP-F0029-HAPPY-Chai_Alveus.jpg 1500w\" sizes=\"auto, (max-width: 500px) 100vw, 500px\" \/><span class=\"cart-loading\"><\/span><\/div><div class='inner_product_header'><div class='avia-arrow'><\/div><div class='inner_product_header_table'><div class='inner_product_header_cell'><h2 class=\"woocommerce-loop-product__title\">HAPPY Chai<\/h2>\n\t<span class=\"price\"><span class=\"woocommerce-Price-amount amount\"><bdi><span class=\"woocommerce-Price-currencySymbol\">&#67;&#72;&#70;<\/span>&nbsp;10.00<\/bdi><\/span> <small class=\"woocommerce-price-suffix\">TVA incluse<\/small><\/span>\n<\/div><\/div><\/div><\/a><div class='avia_cart_buttons'><a href=\"\/fr\/wp-json\/wp\/v2\/pages\/9012?add-to-cart=17022\" aria-describedby=\"woocommerce_loop_add_to_cart_link_describedby_17022\" data-quantity=\"1\" class=\"button product_type_simple add_to_cart_button ajax_add_to_cart\" data-product_id=\"17022\" data-product_sku=\"PP-F0029\" aria-label=\"Ajouter au panier\u00a0: \u201cHAPPY Chai\u201d\" rel=\"nofollow\" data-success_message=\"\u00ab\u00a0HAPPY Chai\u00a0\u00bb a \u00e9t\u00e9 ajout\u00e9 \u00e0 votre panier\" role=\"button\" data-no-translation-aria-label=\"\" data-no-translation-data-success_message=\"\"><span class=\"avia-svg-icon avia-font-svg_entypo-fontello\" data-av_svg_icon='basket' data-av_iconset='svg_entypo-fontello'><svg version=\"1.1\" xmlns=\"http:\/\/www.w3.org\/2000\/svg\" width=\"29\" height=\"32\" viewbox=\"0 0 29 32\" preserveaspectratio=\"xMidYMid meet\" aria-labelledby='av-svg-title-365' aria-describedby='av-svg-desc-365' role=\"graphics-symbol\" aria-hidden=\"true\">\n<title id='av-svg-title-365'>Ajouter au panier<\/title>\n<desc id='av-svg-desc-365'>Ajouter au panier<\/desc>\n<path d=\"M4.8 27.2q0-1.28 0.96-2.24t2.24-0.96q1.344 0 2.272 0.96t0.928 2.24q0 1.344-0.928 2.272t-2.272 0.928q-1.28 0-2.24-0.928t-0.96-2.272zM20.8 27.2q0-1.28 0.96-2.24t2.24-0.96q1.344 0 2.272 0.96t0.928 2.24q0 1.344-0.928 2.272t-2.272 0.928q-1.28 0-2.24-0.928t-0.96-2.272zM10.496 19.648q-1.152 0.32-1.088 0.736t1.408 0.416h17.984v2.432q0 0.64-0.64 0.64h-20.928q-0.64 0-0.64-0.64v-2.432l-0.32-1.472-3.136-14.528h-3.136v-2.56q0-0.64 0.64-0.64h4.992q0.64 0 0.64 0.64v2.752h22.528v8.768q0 0.704-0.576 0.832z\"><\/path>\n<\/svg><\/span>  Ajouter au panier<\/a>\t<span id=\"woocommerce_loop_add_to_cart_link_describedby_17022\" class=\"screen-reader-text\">\n\t\t\t<\/span>\n<a class=\"button show_details_button\" href=\"https:\/\/www.raffinessen.ch\/fr\/produit\/happy-chai\/\"><span class=\"avia-svg-icon avia-font-svg_entypo-fontello\" data-av_svg_icon='doc-text' data-av_iconset='svg_entypo-fontello'><svg version=\"1.1\" xmlns=\"http:\/\/www.w3.org\/2000\/svg\" width=\"22\" height=\"32\" viewbox=\"0 0 22 32\" preserveaspectratio=\"xMidYMid meet\" aria-labelledby='av-svg-title-366' aria-describedby='av-svg-desc-366' role=\"graphics-symbol\" aria-hidden=\"true\">\n<title id='av-svg-title-366'>Voir les d\u00e9tails<\/title>\n<desc id='av-svg-desc-366'>Voir les d\u00e9tails<\/desc>\n<path d=\"M6.784 17.344v-2.88h8.96v2.88h-8.96zM19.2 1.6q1.344 0 2.272 0.928t0.928 2.272v22.4q0 1.28-0.928 2.24t-2.272 0.96h-16q-1.28 0-2.24-0.96t-0.96-2.24v-22.4q0-1.344 0.96-2.272t2.24-0.928h16zM19.2 27.2v-22.4h-16v22.4h16zM15.68 8.256v2.816h-8.96v-2.816h8.96zM15.68 20.8v2.816h-8.96v-2.816h8.96z\"><\/path>\n<\/svg><\/span>  Voir les d\u00e9tails<\/a> <span class=\"button-mini-delimiter\"><\/span><\/div><\/div><\/li>\n<li class=\"product type-product post-17014 status-publish first instock product_cat-tee-mischungen product_cat-unkategorisiert has-post-thumbnail taxable shipping-taxable purchasable product-type-simple\">\n\t<div class='inner_product main_color wrapped_style noLightbox  av-product-class-'><a href=\"https:\/\/www.raffinessen.ch\/fr\/produit\/power-chai\/\" class=\"woocommerce-LoopProduct-link woocommerce-loop-product__link\"><div class=\"thumbnail_container\"><img loading=\"lazy\" decoding=\"async\" width=\"500\" height=\"500\" src=\"https:\/\/www.raffinessen.ch\/webseite\/wp-content\/uploads\/2024\/02\/FBB-80x210_Power-Chai-500x500.jpg\" class=\"attachment-woocommerce_thumbnail avia-product-hover\" alt=\"\" srcset=\"https:\/\/www.raffinessen.ch\/webseite\/wp-content\/uploads\/2024\/02\/FBB-80x210_Power-Chai-500x500.jpg 500w, https:\/\/www.raffinessen.ch\/webseite\/wp-content\/uploads\/2024\/02\/FBB-80x210_Power-Chai-300x300.jpg 300w, https:\/\/www.raffinessen.ch\/webseite\/wp-content\/uploads\/2024\/02\/FBB-80x210_Power-Chai-1030x1030.jpg 1030w, https:\/\/www.raffinessen.ch\/webseite\/wp-content\/uploads\/2024\/02\/FBB-80x210_Power-Chai-80x80.jpg 80w, https:\/\/www.raffinessen.ch\/webseite\/wp-content\/uploads\/2024\/02\/FBB-80x210_Power-Chai-768x768.jpg 768w, https:\/\/www.raffinessen.ch\/webseite\/wp-content\/uploads\/2024\/02\/FBB-80x210_Power-Chai-12x12.jpg 12w, https:\/\/www.raffinessen.ch\/webseite\/wp-content\/uploads\/2024\/02\/FBB-80x210_Power-Chai-36x36.jpg 36w, https:\/\/www.raffinessen.ch\/webseite\/wp-content\/uploads\/2024\/02\/FBB-80x210_Power-Chai-180x180.jpg 180w, https:\/\/www.raffinessen.ch\/webseite\/wp-content\/uploads\/2024\/02\/FBB-80x210_Power-Chai-705x705.jpg 705w, https:\/\/www.raffinessen.ch\/webseite\/wp-content\/uploads\/2024\/02\/FBB-80x210_Power-Chai-120x120.jpg 120w, https:\/\/www.raffinessen.ch\/webseite\/wp-content\/uploads\/2024\/02\/FBB-80x210_Power-Chai-450x450.jpg 450w, https:\/\/www.raffinessen.ch\/webseite\/wp-content\/uploads\/2024\/02\/FBB-80x210_Power-Chai-1000x1000.jpg 1000w, https:\/\/www.raffinessen.ch\/webseite\/wp-content\/uploads\/2024\/02\/FBB-80x210_Power-Chai-100x100.jpg 100w, https:\/\/www.raffinessen.ch\/webseite\/wp-content\/uploads\/2024\/02\/FBB-80x210_Power-Chai.jpg 1500w\" sizes=\"auto, (max-width: 500px) 100vw, 500px\" \/><img decoding=\"async\" loading=\"lazy\" width=\"500\" height=\"500\" src=\"https:\/\/www.raffinessen.ch\/webseite\/wp-content\/uploads\/2024\/02\/PP-F0028-POWER-Chai_Alveus-500x500.jpg\" class=\"wp-image-17015 avia-img-lazy-loading-17015 attachment-woocommerce_thumbnail size-woocommerce_thumbnail wp-post-image\" alt=\"\" srcset=\"https:\/\/www.raffinessen.ch\/webseite\/wp-content\/uploads\/2024\/02\/PP-F0028-POWER-Chai_Alveus-500x500.jpg 500w, https:\/\/www.raffinessen.ch\/webseite\/wp-content\/uploads\/2024\/02\/PP-F0028-POWER-Chai_Alveus-300x300.jpg 300w, https:\/\/www.raffinessen.ch\/webseite\/wp-content\/uploads\/2024\/02\/PP-F0028-POWER-Chai_Alveus-1030x1030.jpg 1030w, https:\/\/www.raffinessen.ch\/webseite\/wp-content\/uploads\/2024\/02\/PP-F0028-POWER-Chai_Alveus-80x80.jpg 80w, https:\/\/www.raffinessen.ch\/webseite\/wp-content\/uploads\/2024\/02\/PP-F0028-POWER-Chai_Alveus-768x768.jpg 768w, https:\/\/www.raffinessen.ch\/webseite\/wp-content\/uploads\/2024\/02\/PP-F0028-POWER-Chai_Alveus-12x12.jpg 12w, https:\/\/www.raffinessen.ch\/webseite\/wp-content\/uploads\/2024\/02\/PP-F0028-POWER-Chai_Alveus-36x36.jpg 36w, https:\/\/www.raffinessen.ch\/webseite\/wp-content\/uploads\/2024\/02\/PP-F0028-POWER-Chai_Alveus-180x180.jpg 180w, https:\/\/www.raffinessen.ch\/webseite\/wp-content\/uploads\/2024\/02\/PP-F0028-POWER-Chai_Alveus-705x705.jpg 705w, https:\/\/www.raffinessen.ch\/webseite\/wp-content\/uploads\/2024\/02\/PP-F0028-POWER-Chai_Alveus-120x120.jpg 120w, https:\/\/www.raffinessen.ch\/webseite\/wp-content\/uploads\/2024\/02\/PP-F0028-POWER-Chai_Alveus-450x450.jpg 450w, https:\/\/www.raffinessen.ch\/webseite\/wp-content\/uploads\/2024\/02\/PP-F0028-POWER-Chai_Alveus-1000x1000.jpg 1000w, https:\/\/www.raffinessen.ch\/webseite\/wp-content\/uploads\/2024\/02\/PP-F0028-POWER-Chai_Alveus-100x100.jpg 100w, https:\/\/www.raffinessen.ch\/webseite\/wp-content\/uploads\/2024\/02\/PP-F0028-POWER-Chai_Alveus.jpg 1500w\" sizes=\"auto, (max-width: 500px) 100vw, 500px\" \/><span class=\"cart-loading\"><\/span><\/div><div class='inner_product_header'><div class='avia-arrow'><\/div><div class='inner_product_header_table'><div class='inner_product_header_cell'><h2 class=\"woocommerce-loop-product__title\">POWER Chai<\/h2>\n\t<span class=\"price\"><span class=\"woocommerce-Price-amount amount\"><bdi><span class=\"woocommerce-Price-currencySymbol\">&#67;&#72;&#70;<\/span>&nbsp;10.00<\/bdi><\/span> <small class=\"woocommerce-price-suffix\">TVA incluse<\/small><\/span>\n<\/div><\/div><\/div><\/a><div class='avia_cart_buttons'><a href=\"\/fr\/wp-json\/wp\/v2\/pages\/9012?add-to-cart=17014\" aria-describedby=\"woocommerce_loop_add_to_cart_link_describedby_17014\" data-quantity=\"1\" class=\"button product_type_simple add_to_cart_button ajax_add_to_cart\" data-product_id=\"17014\" data-product_sku=\"PP-F0028\" aria-label=\"Ajouter au panier\u00a0: \u201cPOWER Chai\u201d\" rel=\"nofollow\" data-success_message=\"\u00ab\u00a0POWER Chai\u00a0\u00bb a \u00e9t\u00e9 ajout\u00e9 \u00e0 votre panier\" role=\"button\" data-no-translation-aria-label=\"\" data-no-translation-data-success_message=\"\"><span class=\"avia-svg-icon avia-font-svg_entypo-fontello\" data-av_svg_icon='basket' data-av_iconset='svg_entypo-fontello'><svg version=\"1.1\" xmlns=\"http:\/\/www.w3.org\/2000\/svg\" width=\"29\" height=\"32\" viewbox=\"0 0 29 32\" preserveaspectratio=\"xMidYMid meet\" aria-labelledby='av-svg-title-367' aria-describedby='av-svg-desc-367' role=\"graphics-symbol\" aria-hidden=\"true\">\n<title id='av-svg-title-367'>Ajouter au panier<\/title>\n<desc id='av-svg-desc-367'>Ajouter au panier<\/desc>\n<path d=\"M4.8 27.2q0-1.28 0.96-2.24t2.24-0.96q1.344 0 2.272 0.96t0.928 2.24q0 1.344-0.928 2.272t-2.272 0.928q-1.28 0-2.24-0.928t-0.96-2.272zM20.8 27.2q0-1.28 0.96-2.24t2.24-0.96q1.344 0 2.272 0.96t0.928 2.24q0 1.344-0.928 2.272t-2.272 0.928q-1.28 0-2.24-0.928t-0.96-2.272zM10.496 19.648q-1.152 0.32-1.088 0.736t1.408 0.416h17.984v2.432q0 0.64-0.64 0.64h-20.928q-0.64 0-0.64-0.64v-2.432l-0.32-1.472-3.136-14.528h-3.136v-2.56q0-0.64 0.64-0.64h4.992q0.64 0 0.64 0.64v2.752h22.528v8.768q0 0.704-0.576 0.832z\"><\/path>\n<\/svg><\/span>  Ajouter au panier<\/a>\t<span id=\"woocommerce_loop_add_to_cart_link_describedby_17014\" class=\"screen-reader-text\">\n\t\t\t<\/span>\n<a class=\"button show_details_button\" href=\"https:\/\/www.raffinessen.ch\/fr\/produit\/power-chai\/\"><span class=\"avia-svg-icon avia-font-svg_entypo-fontello\" data-av_svg_icon='doc-text' data-av_iconset='svg_entypo-fontello'><svg version=\"1.1\" xmlns=\"http:\/\/www.w3.org\/2000\/svg\" width=\"22\" height=\"32\" viewbox=\"0 0 22 32\" preserveaspectratio=\"xMidYMid meet\" aria-labelledby='av-svg-title-368' aria-describedby='av-svg-desc-368' role=\"graphics-symbol\" aria-hidden=\"true\">\n<title id='av-svg-title-368'>Voir les d\u00e9tails<\/title>\n<desc id='av-svg-desc-368'>Voir les d\u00e9tails<\/desc>\n<path d=\"M6.784 17.344v-2.88h8.96v2.88h-8.96zM19.2 1.6q1.344 0 2.272 0.928t0.928 2.272v22.4q0 1.28-0.928 2.24t-2.272 0.96h-16q-1.28 0-2.24-0.96t-0.96-2.24v-22.4q0-1.344 0.96-2.272t2.24-0.928h16zM19.2 27.2v-22.4h-16v22.4h16zM15.68 8.256v2.816h-8.96v-2.816h8.96zM15.68 20.8v2.816h-8.96v-2.816h8.96z\"><\/path>\n<\/svg><\/span>  Voir les d\u00e9tails<\/a> <span class=\"button-mini-delimiter\"><\/span><\/div><\/div><\/li>\n<li class=\"product type-product post-17024 status-publish instock product_cat-tee-mischungen product_cat-unkategorisiert has-post-thumbnail taxable shipping-taxable purchasable product-type-simple\">\n\t<div class='inner_product main_color wrapped_style noLightbox  av-product-class-'><a href=\"https:\/\/www.raffinessen.ch\/fr\/produit\/fruity-chai\/\" class=\"woocommerce-LoopProduct-link woocommerce-loop-product__link\"><div class=\"thumbnail_container\"><img loading=\"lazy\" decoding=\"async\" width=\"500\" height=\"500\" src=\"https:\/\/www.raffinessen.ch\/webseite\/wp-content\/uploads\/2024\/02\/FBB-80x210_Fruity-Chai-500x500.jpg\" class=\"attachment-woocommerce_thumbnail avia-product-hover\" alt=\"\" srcset=\"https:\/\/www.raffinessen.ch\/webseite\/wp-content\/uploads\/2024\/02\/FBB-80x210_Fruity-Chai-500x500.jpg 500w, https:\/\/www.raffinessen.ch\/webseite\/wp-content\/uploads\/2024\/02\/FBB-80x210_Fruity-Chai-300x300.jpg 300w, https:\/\/www.raffinessen.ch\/webseite\/wp-content\/uploads\/2024\/02\/FBB-80x210_Fruity-Chai-1030x1030.jpg 1030w, https:\/\/www.raffinessen.ch\/webseite\/wp-content\/uploads\/2024\/02\/FBB-80x210_Fruity-Chai-80x80.jpg 80w, https:\/\/www.raffinessen.ch\/webseite\/wp-content\/uploads\/2024\/02\/FBB-80x210_Fruity-Chai-768x768.jpg 768w, https:\/\/www.raffinessen.ch\/webseite\/wp-content\/uploads\/2024\/02\/FBB-80x210_Fruity-Chai-12x12.jpg 12w, https:\/\/www.raffinessen.ch\/webseite\/wp-content\/uploads\/2024\/02\/FBB-80x210_Fruity-Chai-36x36.jpg 36w, https:\/\/www.raffinessen.ch\/webseite\/wp-content\/uploads\/2024\/02\/FBB-80x210_Fruity-Chai-180x180.jpg 180w, https:\/\/www.raffinessen.ch\/webseite\/wp-content\/uploads\/2024\/02\/FBB-80x210_Fruity-Chai-705x705.jpg 705w, https:\/\/www.raffinessen.ch\/webseite\/wp-content\/uploads\/2024\/02\/FBB-80x210_Fruity-Chai-120x120.jpg 120w, https:\/\/www.raffinessen.ch\/webseite\/wp-content\/uploads\/2024\/02\/FBB-80x210_Fruity-Chai-450x450.jpg 450w, https:\/\/www.raffinessen.ch\/webseite\/wp-content\/uploads\/2024\/02\/FBB-80x210_Fruity-Chai-1000x1000.jpg 1000w, https:\/\/www.raffinessen.ch\/webseite\/wp-content\/uploads\/2024\/02\/FBB-80x210_Fruity-Chai-100x100.jpg 100w, https:\/\/www.raffinessen.ch\/webseite\/wp-content\/uploads\/2024\/02\/FBB-80x210_Fruity-Chai.jpg 1500w\" sizes=\"auto, (max-width: 500px) 100vw, 500px\" \/><img decoding=\"async\" loading=\"lazy\" width=\"500\" height=\"500\" src=\"https:\/\/www.raffinessen.ch\/webseite\/wp-content\/uploads\/2024\/02\/PP-F0030-FRUITY-Chai_Alveus-500x500.jpg\" class=\"wp-image-17017 avia-img-lazy-loading-17017 attachment-woocommerce_thumbnail size-woocommerce_thumbnail wp-post-image\" alt=\"\" srcset=\"https:\/\/www.raffinessen.ch\/webseite\/wp-content\/uploads\/2024\/02\/PP-F0030-FRUITY-Chai_Alveus-500x500.jpg 500w, https:\/\/www.raffinessen.ch\/webseite\/wp-content\/uploads\/2024\/02\/PP-F0030-FRUITY-Chai_Alveus-300x300.jpg 300w, https:\/\/www.raffinessen.ch\/webseite\/wp-content\/uploads\/2024\/02\/PP-F0030-FRUITY-Chai_Alveus-1030x1030.jpg 1030w, https:\/\/www.raffinessen.ch\/webseite\/wp-content\/uploads\/2024\/02\/PP-F0030-FRUITY-Chai_Alveus-80x80.jpg 80w, https:\/\/www.raffinessen.ch\/webseite\/wp-content\/uploads\/2024\/02\/PP-F0030-FRUITY-Chai_Alveus-768x768.jpg 768w, https:\/\/www.raffinessen.ch\/webseite\/wp-content\/uploads\/2024\/02\/PP-F0030-FRUITY-Chai_Alveus-12x12.jpg 12w, https:\/\/www.raffinessen.ch\/webseite\/wp-content\/uploads\/2024\/02\/PP-F0030-FRUITY-Chai_Alveus-36x36.jpg 36w, https:\/\/www.raffinessen.ch\/webseite\/wp-content\/uploads\/2024\/02\/PP-F0030-FRUITY-Chai_Alveus-180x180.jpg 180w, https:\/\/www.raffinessen.ch\/webseite\/wp-content\/uploads\/2024\/02\/PP-F0030-FRUITY-Chai_Alveus-705x705.jpg 705w, https:\/\/www.raffinessen.ch\/webseite\/wp-content\/uploads\/2024\/02\/PP-F0030-FRUITY-Chai_Alveus-120x120.jpg 120w, https:\/\/www.raffinessen.ch\/webseite\/wp-content\/uploads\/2024\/02\/PP-F0030-FRUITY-Chai_Alveus-450x450.jpg 450w, https:\/\/www.raffinessen.ch\/webseite\/wp-content\/uploads\/2024\/02\/PP-F0030-FRUITY-Chai_Alveus-1000x1000.jpg 1000w, https:\/\/www.raffinessen.ch\/webseite\/wp-content\/uploads\/2024\/02\/PP-F0030-FRUITY-Chai_Alveus-100x100.jpg 100w, https:\/\/www.raffinessen.ch\/webseite\/wp-content\/uploads\/2024\/02\/PP-F0030-FRUITY-Chai_Alveus.jpg 1500w\" sizes=\"auto, (max-width: 500px) 100vw, 500px\" \/><span class=\"cart-loading\"><\/span><\/div><div class='inner_product_header'><div class='avia-arrow'><\/div><div class='inner_product_header_table'><div class='inner_product_header_cell'><h2 class=\"woocommerce-loop-product__title\">FRUITY Chai<\/h2>\n\t<span class=\"price\"><span class=\"woocommerce-Price-amount amount\"><bdi><span class=\"woocommerce-Price-currencySymbol\">&#67;&#72;&#70;<\/span>&nbsp;9.00<\/bdi><\/span> <small class=\"woocommerce-price-suffix\">TVA incluse<\/small><\/span>\n<\/div><\/div><\/div><\/a><div class='avia_cart_buttons'><a href=\"\/fr\/wp-json\/wp\/v2\/pages\/9012?add-to-cart=17024\" aria-describedby=\"woocommerce_loop_add_to_cart_link_describedby_17024\" data-quantity=\"1\" class=\"button product_type_simple add_to_cart_button ajax_add_to_cart\" data-product_id=\"17024\" data-product_sku=\"PP-F0030\" aria-label=\"Ajouter au panier\u00a0: \u201cFRUITY Chai\u201d\" rel=\"nofollow\" data-success_message=\"\u00ab\u00a0FRUITY Chai\u00a0\u00bb a \u00e9t\u00e9 ajout\u00e9 \u00e0 votre panier\" role=\"button\" data-no-translation-aria-label=\"\" data-no-translation-data-success_message=\"\"><span class=\"avia-svg-icon avia-font-svg_entypo-fontello\" data-av_svg_icon='basket' data-av_iconset='svg_entypo-fontello'><svg version=\"1.1\" xmlns=\"http:\/\/www.w3.org\/2000\/svg\" width=\"29\" height=\"32\" viewbox=\"0 0 29 32\" preserveaspectratio=\"xMidYMid meet\" aria-labelledby='av-svg-title-369' aria-describedby='av-svg-desc-369' role=\"graphics-symbol\" aria-hidden=\"true\">\n<title id='av-svg-title-369'>Ajouter au panier<\/title>\n<desc id='av-svg-desc-369'>Ajouter au panier<\/desc>\n<path d=\"M4.8 27.2q0-1.28 0.96-2.24t2.24-0.96q1.344 0 2.272 0.96t0.928 2.24q0 1.344-0.928 2.272t-2.272 0.928q-1.28 0-2.24-0.928t-0.96-2.272zM20.8 27.2q0-1.28 0.96-2.24t2.24-0.96q1.344 0 2.272 0.96t0.928 2.24q0 1.344-0.928 2.272t-2.272 0.928q-1.28 0-2.24-0.928t-0.96-2.272zM10.496 19.648q-1.152 0.32-1.088 0.736t1.408 0.416h17.984v2.432q0 0.64-0.64 0.64h-20.928q-0.64 0-0.64-0.64v-2.432l-0.32-1.472-3.136-14.528h-3.136v-2.56q0-0.64 0.64-0.64h4.992q0.64 0 0.64 0.64v2.752h22.528v8.768q0 0.704-0.576 0.832z\"><\/path>\n<\/svg><\/span>  Ajouter au panier<\/a>\t<span id=\"woocommerce_loop_add_to_cart_link_describedby_17024\" class=\"screen-reader-text\">\n\t\t\t<\/span>\n<a class=\"button show_details_button\" href=\"https:\/\/www.raffinessen.ch\/fr\/produit\/fruity-chai\/\"><span class=\"avia-svg-icon avia-font-svg_entypo-fontello\" data-av_svg_icon='doc-text' data-av_iconset='svg_entypo-fontello'><svg version=\"1.1\" xmlns=\"http:\/\/www.w3.org\/2000\/svg\" width=\"22\" height=\"32\" viewbox=\"0 0 22 32\" preserveaspectratio=\"xMidYMid meet\" aria-labelledby='av-svg-title-370' aria-describedby='av-svg-desc-370' role=\"graphics-symbol\" aria-hidden=\"true\">\n<title id='av-svg-title-370'>Voir les d\u00e9tails<\/title>\n<desc id='av-svg-desc-370'>Voir les d\u00e9tails<\/desc>\n<path d=\"M6.784 17.344v-2.88h8.96v2.88h-8.96zM19.2 1.6q1.344 0 2.272 0.928t0.928 2.272v22.4q0 1.28-0.928 2.24t-2.272 0.96h-16q-1.28 0-2.24-0.96t-0.96-2.24v-22.4q0-1.344 0.96-2.272t2.24-0.928h16zM19.2 27.2v-22.4h-16v22.4h16zM15.68 8.256v2.816h-8.96v-2.816h8.96zM15.68 20.8v2.816h-8.96v-2.816h8.96z\"><\/path>\n<\/svg><\/span>  Voir les d\u00e9tails<\/a> <span class=\"button-mini-delimiter\"><\/span><\/div><\/div><\/li>\n<li class=\"product type-product post-19547 status-publish instock product_cat-bis-chf-30 product_cat-geschenksets product_cat-neu product_cat-tee-mischungen has-post-thumbnail taxable shipping-taxable purchasable product-type-simple\">\n\t<div class='inner_product main_color wrapped_style noLightbox  av-product-class-'><a href=\"https:\/\/www.raffinessen.ch\/fr\/produit\/tee-dauerfilter\/\" class=\"woocommerce-LoopProduct-link woocommerce-loop-product__link\"><div class=\"thumbnail_container\"><img loading=\"lazy\" decoding=\"async\" width=\"500\" height=\"500\" src=\"https:\/\/www.raffinessen.ch\/webseite\/wp-content\/uploads\/2025\/05\/Dauerfilter-M_Deckel-Seite-500x500.jpg\" class=\"attachment-woocommerce_thumbnail avia-product-hover\" alt=\"\" srcset=\"https:\/\/www.raffinessen.ch\/webseite\/wp-content\/uploads\/2025\/05\/Dauerfilter-M_Deckel-Seite-500x500.jpg 500w, https:\/\/www.raffinessen.ch\/webseite\/wp-content\/uploads\/2025\/05\/Dauerfilter-M_Deckel-Seite-300x300.jpg 300w, https:\/\/www.raffinessen.ch\/webseite\/wp-content\/uploads\/2025\/05\/Dauerfilter-M_Deckel-Seite-80x80.jpg 80w, https:\/\/www.raffinessen.ch\/webseite\/wp-content\/uploads\/2025\/05\/Dauerfilter-M_Deckel-Seite-768x768.jpg 768w, https:\/\/www.raffinessen.ch\/webseite\/wp-content\/uploads\/2025\/05\/Dauerfilter-M_Deckel-Seite-12x12.jpg 12w, https:\/\/www.raffinessen.ch\/webseite\/wp-content\/uploads\/2025\/05\/Dauerfilter-M_Deckel-Seite-36x36.jpg 36w, https:\/\/www.raffinessen.ch\/webseite\/wp-content\/uploads\/2025\/05\/Dauerfilter-M_Deckel-Seite-180x180.jpg 180w, https:\/\/www.raffinessen.ch\/webseite\/wp-content\/uploads\/2025\/05\/Dauerfilter-M_Deckel-Seite-705x705.jpg 705w, https:\/\/www.raffinessen.ch\/webseite\/wp-content\/uploads\/2025\/05\/Dauerfilter-M_Deckel-Seite-120x120.jpg 120w, https:\/\/www.raffinessen.ch\/webseite\/wp-content\/uploads\/2025\/05\/Dauerfilter-M_Deckel-Seite-450x450.jpg 450w, https:\/\/www.raffinessen.ch\/webseite\/wp-content\/uploads\/2025\/05\/Dauerfilter-M_Deckel-Seite-1000x1000.jpg 1000w, https:\/\/www.raffinessen.ch\/webseite\/wp-content\/uploads\/2025\/05\/Dauerfilter-M_Deckel-Seite-100x100.jpg 100w, https:\/\/www.raffinessen.ch\/webseite\/wp-content\/uploads\/2025\/05\/Dauerfilter-M_Deckel-Seite.jpg 1024w\" sizes=\"auto, (max-width: 500px) 100vw, 500px\" \/><img decoding=\"async\" loading=\"lazy\" width=\"500\" height=\"500\" src=\"https:\/\/www.raffinessen.ch\/webseite\/wp-content\/uploads\/2025\/05\/Dauerfilter-M_Deckel-zu-500x500.jpg\" class=\"wp-image-19548 avia-img-lazy-loading-19548 attachment-woocommerce_thumbnail size-woocommerce_thumbnail wp-post-image\" alt=\"\" srcset=\"https:\/\/www.raffinessen.ch\/webseite\/wp-content\/uploads\/2025\/05\/Dauerfilter-M_Deckel-zu-500x500.jpg 500w, https:\/\/www.raffinessen.ch\/webseite\/wp-content\/uploads\/2025\/05\/Dauerfilter-M_Deckel-zu-300x300.jpg 300w, https:\/\/www.raffinessen.ch\/webseite\/wp-content\/uploads\/2025\/05\/Dauerfilter-M_Deckel-zu-80x80.jpg 80w, https:\/\/www.raffinessen.ch\/webseite\/wp-content\/uploads\/2025\/05\/Dauerfilter-M_Deckel-zu-768x768.jpg 768w, https:\/\/www.raffinessen.ch\/webseite\/wp-content\/uploads\/2025\/05\/Dauerfilter-M_Deckel-zu-12x12.jpg 12w, https:\/\/www.raffinessen.ch\/webseite\/wp-content\/uploads\/2025\/05\/Dauerfilter-M_Deckel-zu-36x36.jpg 36w, https:\/\/www.raffinessen.ch\/webseite\/wp-content\/uploads\/2025\/05\/Dauerfilter-M_Deckel-zu-180x180.jpg 180w, https:\/\/www.raffinessen.ch\/webseite\/wp-content\/uploads\/2025\/05\/Dauerfilter-M_Deckel-zu-705x705.jpg 705w, https:\/\/www.raffinessen.ch\/webseite\/wp-content\/uploads\/2025\/05\/Dauerfilter-M_Deckel-zu-120x120.jpg 120w, https:\/\/www.raffinessen.ch\/webseite\/wp-content\/uploads\/2025\/05\/Dauerfilter-M_Deckel-zu-450x450.jpg 450w, https:\/\/www.raffinessen.ch\/webseite\/wp-content\/uploads\/2025\/05\/Dauerfilter-M_Deckel-zu-1000x1000.jpg 1000w, https:\/\/www.raffinessen.ch\/webseite\/wp-content\/uploads\/2025\/05\/Dauerfilter-M_Deckel-zu-100x100.jpg 100w, https:\/\/www.raffinessen.ch\/webseite\/wp-content\/uploads\/2025\/05\/Dauerfilter-M_Deckel-zu.jpg 1024w\" sizes=\"auto, (max-width: 500px) 100vw, 500px\" \/><span class=\"cart-loading\"><\/span><\/div><div class='inner_product_header'><div class='avia-arrow'><\/div><div class='inner_product_header_table'><div class='inner_product_header_cell'><h2 class=\"woocommerce-loop-product__title\">Tee &#8211; Dauerfilter<\/h2>\n\t<span class=\"price\"><span class=\"woocommerce-Price-amount amount\"><bdi><span class=\"woocommerce-Price-currencySymbol\">&#67;&#72;&#70;<\/span>&nbsp;7.00<\/bdi><\/span> <small class=\"woocommerce-price-suffix\">TVA incluse<\/small><\/span>\n<\/div><\/div><\/div><\/a><div class='avia_cart_buttons'><a href=\"\/fr\/wp-json\/wp\/v2\/pages\/9012?add-to-cart=19547\" aria-describedby=\"woocommerce_loop_add_to_cart_link_describedby_19547\" data-quantity=\"1\" class=\"button product_type_simple add_to_cart_button ajax_add_to_cart\" data-product_id=\"19547\" data-product_sku=\"PP-NF0014\" aria-label=\"Ajouter au panier\u00a0: \u201cTee - Dauerfilter\u201d\" rel=\"nofollow\" data-success_message=\"\u00ab\u00a0Tee - Dauerfilter\u00a0\u00bb a \u00e9t\u00e9 ajout\u00e9 \u00e0 votre panier\" role=\"button\" data-no-translation-aria-label=\"\" data-no-translation-data-success_message=\"\"><span class=\"avia-svg-icon avia-font-svg_entypo-fontello\" data-av_svg_icon='basket' data-av_iconset='svg_entypo-fontello'><svg version=\"1.1\" xmlns=\"http:\/\/www.w3.org\/2000\/svg\" width=\"29\" height=\"32\" viewbox=\"0 0 29 32\" preserveaspectratio=\"xMidYMid meet\" aria-labelledby='av-svg-title-371' aria-describedby='av-svg-desc-371' role=\"graphics-symbol\" aria-hidden=\"true\">\n<title id='av-svg-title-371'>Ajouter au panier<\/title>\n<desc id='av-svg-desc-371'>Ajouter au panier<\/desc>\n<path d=\"M4.8 27.2q0-1.28 0.96-2.24t2.24-0.96q1.344 0 2.272 0.96t0.928 2.24q0 1.344-0.928 2.272t-2.272 0.928q-1.28 0-2.24-0.928t-0.96-2.272zM20.8 27.2q0-1.28 0.96-2.24t2.24-0.96q1.344 0 2.272 0.96t0.928 2.24q0 1.344-0.928 2.272t-2.272 0.928q-1.28 0-2.24-0.928t-0.96-2.272zM10.496 19.648q-1.152 0.32-1.088 0.736t1.408 0.416h17.984v2.432q0 0.64-0.64 0.64h-20.928q-0.64 0-0.64-0.64v-2.432l-0.32-1.472-3.136-14.528h-3.136v-2.56q0-0.64 0.64-0.64h4.992q0.64 0 0.64 0.64v2.752h22.528v8.768q0 0.704-0.576 0.832z\"><\/path>\n<\/svg><\/span>  Ajouter au panier<\/a>\t<span id=\"woocommerce_loop_add_to_cart_link_describedby_19547\" class=\"screen-reader-text\">\n\t\t\t<\/span>\n<a class=\"button show_details_button\" href=\"https:\/\/www.raffinessen.ch\/fr\/produit\/tee-dauerfilter\/\"><span class=\"avia-svg-icon avia-font-svg_entypo-fontello\" data-av_svg_icon='doc-text' data-av_iconset='svg_entypo-fontello'><svg version=\"1.1\" xmlns=\"http:\/\/www.w3.org\/2000\/svg\" width=\"22\" height=\"32\" viewbox=\"0 0 22 32\" preserveaspectratio=\"xMidYMid meet\" aria-labelledby='av-svg-title-372' aria-describedby='av-svg-desc-372' role=\"graphics-symbol\" aria-hidden=\"true\">\n<title id='av-svg-title-372'>Voir les d\u00e9tails<\/title>\n<desc id='av-svg-desc-372'>Voir les d\u00e9tails<\/desc>\n<path d=\"M6.784 17.344v-2.88h8.96v2.88h-8.96zM19.2 1.6q1.344 0 2.272 0.928t0.928 2.272v22.4q0 1.28-0.928 2.24t-2.272 0.96h-16q-1.28 0-2.24-0.96t-0.96-2.24v-22.4q0-1.344 0.96-2.272t2.24-0.928h16zM19.2 27.2v-22.4h-16v22.4h16zM15.68 8.256v2.816h-8.96v-2.816h8.96zM15.68 20.8v2.816h-8.96v-2.816h8.96z\"><\/path>\n<\/svg><\/span>  Voir les d\u00e9tails<\/a> <span class=\"button-mini-delimiter\"><\/span><\/div><\/div><\/li>\n<\/ul><\/div><\/div><div class=\"clear\"><\/div>\n<\/div><\/div><\/div>\n<style type=\"text\/css\" data-created_by=\"avia_inline_auto\" id=\"style-css-av-4ifktz-05b3b584e3638efe04865ccf1c4747c9\">\n.av-layout-tab.av-4ifktz-05b3b584e3638efe04865ccf1c4747c9{\nvertical-align:top;\n}\n<\/style>\n<div id='av-tab-section-1-6' class='av-layout-tab av-4ifktz-05b3b584e3638efe04865ccf1c4747c9 av-animation-delay-container' data-av-deeplink-tabs=\"\" data-av-tab-section-content=\"6\" data-tab-section-id=\"muehlen-behaelter\"><div class=\"av-layout-tab-inner\"><div class=\"container\"><p><div  class='avia-buttonrow-wrap av-s5cpw-4e320f7121aec4be11863ce8226f5404 avia-buttonrow-center'>\n\n<style type=\"text\/css\" data-created_by=\"avia_inline_auto\" id=\"style-css-av-55gagk-ddd2f333541a0b5bd2d2e8f17c039006\">\n#top #wrap_all .avia-button.av-55gagk-ddd2f333541a0b5bd2d2e8f17c039006{\nbackground-color:#ffffff;\nborder-color:#020202;\ncolor:#000000;\nborder-style:solid;\nborder-width:0 2px 0 0;\ntransition:all 0.4s ease-in-out;\n}\n#top #wrap_all .avia-button.av-55gagk-ddd2f333541a0b5bd2d2e8f17c039006 .avia-svg-icon svg:first-child{\nfill:#000000;\nstroke:#000000;\n}\n<\/style>\n<a href='https:\/\/www.raffinessen.ch\/fr\/webshop\/#swiss-made'  class='avia-button av-55gagk-ddd2f333541a0b5bd2d2e8f17c039006 avia-icon_select-no avia-size-small'   aria-label=\"Fabriqu\u00e9 en Suisse\"><span class='avia_iconbox_title' >Fabriqu\u00e9 en Suisse<\/span><\/a>\n\n<style type=\"text\/css\" data-created_by=\"avia_inline_auto\" id=\"style-css-av-43dmbo-c9f98228e3d29b75b93b2f4facc05dd0\">\n#top #wrap_all .avia-button.av-43dmbo-c9f98228e3d29b75b93b2f4facc05dd0{\nbackground-color:#ffffff;\nborder-color:#020202;\ncolor:#000000;\nborder-style:solid;\nborder-width:0 2px 0 0;\ntransition:all 0.4s ease-in-out;\n}\n#top #wrap_all .avia-button.av-43dmbo-c9f98228e3d29b75b93b2f4facc05dd0 .avia-svg-icon svg:first-child{\nfill:#000000;\nstroke:#000000;\n}\n<\/style>\n<a href='https:\/\/www.raffinessen.ch\/fr\/webshop\/#muehlen'  class='avia-button av-43dmbo-c9f98228e3d29b75b93b2f4facc05dd0 avia-icon_select-no avia-size-small'   aria-label=\"Moulins\"><span class='avia_iconbox_title' >Moulins<\/span><\/a>\n\n<style type=\"text\/css\" data-created_by=\"avia_inline_auto\" id=\"style-css-av-352eqc-0bd47e039f979a9c796fecc62a3cd2c9\">\n#top #wrap_all .avia-button.av-352eqc-0bd47e039f979a9c796fecc62a3cd2c9{\nbackground-color:#ffffff;\nborder-color:#ffffff;\ncolor:#000000;\ntransition:all 0.4s ease-in-out;\n}\n#top #wrap_all .avia-button.av-352eqc-0bd47e039f979a9c796fecc62a3cd2c9 .avia-svg-icon svg:first-child{\nfill:#000000;\nstroke:#000000;\n}\n<\/style>\n<a href='https:\/\/www.raffinessen.ch\/fr\/webshop\/#behaelter'  class='avia-button av-352eqc-0bd47e039f979a9c796fecc62a3cd2c9 avia-icon_select-no avia-size-small'   aria-label=\"R\u00e9cipient\"><span class='avia_iconbox_title' >R\u00e9cipient<\/span><\/a>\n<\/div><br \/>\n\n<style type=\"text\/css\" data-created_by=\"avia_inline_auto\" id=\"style-css-av-gkwfo-0d29cfbfa3aca1018ed94b6a036b0bed\">\n#top .av-special-heading.av-gkwfo-0d29cfbfa3aca1018ed94b6a036b0bed{\npadding-bottom:10px;\n}\nbody .av-special-heading.av-gkwfo-0d29cfbfa3aca1018ed94b6a036b0bed .av-special-heading-tag .heading-char{\nfont-size:25px;\n}\n.av-special-heading.av-gkwfo-0d29cfbfa3aca1018ed94b6a036b0bed .av-subheading{\nfont-size:15px;\n}\n<\/style>\n<div  id=\"swiss-made\"  class='av-special-heading av-gkwfo-0d29cfbfa3aca1018ed94b6a036b0bed av-special-heading-h3 blockquote modern-quote modern-centered'><h3 class='av-special-heading-tag'  itemprop=\"headline\"  >Fabriqu\u00e9 en Suisse<\/h3><div class=\"special-heading-border\"><div class=\"special-heading-inner-border\"><\/div><\/div><\/div><br \/>\n<div  class='avia-product-slider-container av-29l4lj-4-e8455577c6fcf14ebde211177b4f7650 template-shop avia-content-slider avia-content-grid-active shop_columns_4 avia-content-slider-even av-slideshow-ui av-slider-hover-pause av-slideshow-manual av-loop-once av-loop-manual-endless avia-product-slider11' data-slideshow-options=\"{&quot;animation&quot;:&quot;fade&quot;,&quot;autoplay&quot;:false,&quot;loop_autoplay&quot;:&quot;once&quot;,&quot;interval&quot;:5,&quot;loop_manual&quot;:&quot;manual-endless&quot;,&quot;autoplay_stopper&quot;:false,&quot;noNavigation&quot;:false,&quot;bg_slider&quot;:false,&quot;keep_padding&quot;:false,&quot;hoverpause&quot;:true,&quot;show_slide_delay&quot;:0}\"><div class='avia-content-slider-inner'><ul class=\"products\"><li class=\"product type-product post-20331 status-publish first instock product_cat-muehlen product_cat-muehlen-und-behaelter product_cat-swiss-made product_cat-top4 has-post-thumbnail taxable shipping-taxable purchasable product-type-simple\">\n\t<div class='inner_product main_color wrapped_style noLightbox  av-product-class-'><a href=\"https:\/\/www.raffinessen.ch\/fr\/produit\/gewuerzmuehle-neo-dreifarbig\/\" class=\"woocommerce-LoopProduct-link woocommerce-loop-product__link\"><div class=\"thumbnail_container\"><img loading=\"lazy\" decoding=\"async\" width=\"500\" height=\"500\" src=\"https:\/\/www.raffinessen.ch\/webseite\/wp-content\/uploads\/2025\/12\/NEO_Deckel-offen-Boden-500x500.jpg\" class=\"attachment-woocommerce_thumbnail avia-product-hover\" alt=\"\" srcset=\"https:\/\/www.raffinessen.ch\/webseite\/wp-content\/uploads\/2025\/12\/NEO_Deckel-offen-Boden-500x500.jpg 500w, https:\/\/www.raffinessen.ch\/webseite\/wp-content\/uploads\/2025\/12\/NEO_Deckel-offen-Boden-300x300.jpg 300w, https:\/\/www.raffinessen.ch\/webseite\/wp-content\/uploads\/2025\/12\/NEO_Deckel-offen-Boden-1030x1030.jpg 1030w, https:\/\/www.raffinessen.ch\/webseite\/wp-content\/uploads\/2025\/12\/NEO_Deckel-offen-Boden-80x80.jpg 80w, https:\/\/www.raffinessen.ch\/webseite\/wp-content\/uploads\/2025\/12\/NEO_Deckel-offen-Boden-768x768.jpg 768w, https:\/\/www.raffinessen.ch\/webseite\/wp-content\/uploads\/2025\/12\/NEO_Deckel-offen-Boden-12x12.jpg 12w, https:\/\/www.raffinessen.ch\/webseite\/wp-content\/uploads\/2025\/12\/NEO_Deckel-offen-Boden-36x36.jpg 36w, https:\/\/www.raffinessen.ch\/webseite\/wp-content\/uploads\/2025\/12\/NEO_Deckel-offen-Boden-180x180.jpg 180w, https:\/\/www.raffinessen.ch\/webseite\/wp-content\/uploads\/2025\/12\/NEO_Deckel-offen-Boden-705x705.jpg 705w, https:\/\/www.raffinessen.ch\/webseite\/wp-content\/uploads\/2025\/12\/NEO_Deckel-offen-Boden-120x120.jpg 120w, https:\/\/www.raffinessen.ch\/webseite\/wp-content\/uploads\/2025\/12\/NEO_Deckel-offen-Boden-450x450.jpg 450w, https:\/\/www.raffinessen.ch\/webseite\/wp-content\/uploads\/2025\/12\/NEO_Deckel-offen-Boden-1000x1000.jpg 1000w, https:\/\/www.raffinessen.ch\/webseite\/wp-content\/uploads\/2025\/12\/NEO_Deckel-offen-Boden-100x100.jpg 100w, https:\/\/www.raffinessen.ch\/webseite\/wp-content\/uploads\/2025\/12\/NEO_Deckel-offen-Boden.jpg 1500w\" sizes=\"auto, (max-width: 500px) 100vw, 500px\" \/><img decoding=\"async\" loading=\"lazy\" width=\"500\" height=\"500\" src=\"https:\/\/www.raffinessen.ch\/webseite\/wp-content\/uploads\/2025\/12\/NEO_dreifarbig-500x500.jpg\" class=\"wp-image-20332 avia-img-lazy-loading-20332 attachment-woocommerce_thumbnail size-woocommerce_thumbnail wp-post-image\" alt=\"\" srcset=\"https:\/\/www.raffinessen.ch\/webseite\/wp-content\/uploads\/2025\/12\/NEO_dreifarbig-500x500.jpg 500w, https:\/\/www.raffinessen.ch\/webseite\/wp-content\/uploads\/2025\/12\/NEO_dreifarbig-300x300.jpg 300w, https:\/\/www.raffinessen.ch\/webseite\/wp-content\/uploads\/2025\/12\/NEO_dreifarbig-1030x1030.jpg 1030w, https:\/\/www.raffinessen.ch\/webseite\/wp-content\/uploads\/2025\/12\/NEO_dreifarbig-80x80.jpg 80w, https:\/\/www.raffinessen.ch\/webseite\/wp-content\/uploads\/2025\/12\/NEO_dreifarbig-768x768.jpg 768w, https:\/\/www.raffinessen.ch\/webseite\/wp-content\/uploads\/2025\/12\/NEO_dreifarbig-12x12.jpg 12w, https:\/\/www.raffinessen.ch\/webseite\/wp-content\/uploads\/2025\/12\/NEO_dreifarbig-36x36.jpg 36w, https:\/\/www.raffinessen.ch\/webseite\/wp-content\/uploads\/2025\/12\/NEO_dreifarbig-180x180.jpg 180w, https:\/\/www.raffinessen.ch\/webseite\/wp-content\/uploads\/2025\/12\/NEO_dreifarbig-705x705.jpg 705w, https:\/\/www.raffinessen.ch\/webseite\/wp-content\/uploads\/2025\/12\/NEO_dreifarbig-120x120.jpg 120w, https:\/\/www.raffinessen.ch\/webseite\/wp-content\/uploads\/2025\/12\/NEO_dreifarbig-450x450.jpg 450w, https:\/\/www.raffinessen.ch\/webseite\/wp-content\/uploads\/2025\/12\/NEO_dreifarbig-1000x1000.jpg 1000w, https:\/\/www.raffinessen.ch\/webseite\/wp-content\/uploads\/2025\/12\/NEO_dreifarbig-100x100.jpg 100w, https:\/\/www.raffinessen.ch\/webseite\/wp-content\/uploads\/2025\/12\/NEO_dreifarbig.jpg 1500w\" sizes=\"auto, (max-width: 500px) 100vw, 500px\" \/><span class=\"cart-loading\"><\/span><\/div><div class='inner_product_header'><div class='avia-arrow'><\/div><div class='inner_product_header_table'><div class='inner_product_header_cell'><h2 class=\"woocommerce-loop-product__title\">Gew\u00fcrzm\u00fchle NEO &#8211; dreifarbig<\/h2>\n\t<span class=\"price\"><span class=\"woocommerce-Price-amount amount\"><bdi><span class=\"woocommerce-Price-currencySymbol\">&#67;&#72;&#70;<\/span>&nbsp;29.00<\/bdi><\/span> <small class=\"woocommerce-price-suffix\">TVA incluse<\/small><\/span>\n<\/div><\/div><\/div><\/a><div class='avia_cart_buttons'><a href=\"\/fr\/wp-json\/wp\/v2\/pages\/9012?add-to-cart=20331\" aria-describedby=\"woocommerce_loop_add_to_cart_link_describedby_20331\" data-quantity=\"1\" class=\"button product_type_simple add_to_cart_button ajax_add_to_cart\" data-product_id=\"20331\" data-product_sku=\"GWO-027\" aria-label=\"Ajouter au panier\u00a0: \u201cGew\u00fcrzm\u00fchle NEO - dreifarbig\u201d\" rel=\"nofollow\" data-success_message=\"\u00ab\u00a0Gew\u00fcrzm\u00fchle NEO - dreifarbig\u00a0\u00bb a \u00e9t\u00e9 ajout\u00e9 \u00e0 votre panier\" role=\"button\" data-no-translation-aria-label=\"\" data-no-translation-data-success_message=\"\"><span class=\"avia-svg-icon avia-font-svg_entypo-fontello\" data-av_svg_icon='basket' data-av_iconset='svg_entypo-fontello'><svg version=\"1.1\" xmlns=\"http:\/\/www.w3.org\/2000\/svg\" width=\"29\" height=\"32\" viewbox=\"0 0 29 32\" preserveaspectratio=\"xMidYMid meet\" aria-labelledby='av-svg-title-373' aria-describedby='av-svg-desc-373' role=\"graphics-symbol\" aria-hidden=\"true\">\n<title id='av-svg-title-373'>Ajouter au panier<\/title>\n<desc id='av-svg-desc-373'>Ajouter au panier<\/desc>\n<path d=\"M4.8 27.2q0-1.28 0.96-2.24t2.24-0.96q1.344 0 2.272 0.96t0.928 2.24q0 1.344-0.928 2.272t-2.272 0.928q-1.28 0-2.24-0.928t-0.96-2.272zM20.8 27.2q0-1.28 0.96-2.24t2.24-0.96q1.344 0 2.272 0.96t0.928 2.24q0 1.344-0.928 2.272t-2.272 0.928q-1.28 0-2.24-0.928t-0.96-2.272zM10.496 19.648q-1.152 0.32-1.088 0.736t1.408 0.416h17.984v2.432q0 0.64-0.64 0.64h-20.928q-0.64 0-0.64-0.64v-2.432l-0.32-1.472-3.136-14.528h-3.136v-2.56q0-0.64 0.64-0.64h4.992q0.64 0 0.64 0.64v2.752h22.528v8.768q0 0.704-0.576 0.832z\"><\/path>\n<\/svg><\/span>  Ajouter au panier<\/a>\t<span id=\"woocommerce_loop_add_to_cart_link_describedby_20331\" class=\"screen-reader-text\">\n\t\t\t<\/span>\n<a class=\"button show_details_button\" href=\"https:\/\/www.raffinessen.ch\/fr\/produit\/gewuerzmuehle-neo-dreifarbig\/\"><span class=\"avia-svg-icon avia-font-svg_entypo-fontello\" data-av_svg_icon='doc-text' data-av_iconset='svg_entypo-fontello'><svg version=\"1.1\" xmlns=\"http:\/\/www.w3.org\/2000\/svg\" width=\"22\" height=\"32\" viewbox=\"0 0 22 32\" preserveaspectratio=\"xMidYMid meet\" aria-labelledby='av-svg-title-374' aria-describedby='av-svg-desc-374' role=\"graphics-symbol\" aria-hidden=\"true\">\n<title id='av-svg-title-374'>Voir les d\u00e9tails<\/title>\n<desc id='av-svg-desc-374'>Voir les d\u00e9tails<\/desc>\n<path d=\"M6.784 17.344v-2.88h8.96v2.88h-8.96zM19.2 1.6q1.344 0 2.272 0.928t0.928 2.272v22.4q0 1.28-0.928 2.24t-2.272 0.96h-16q-1.28 0-2.24-0.96t-0.96-2.24v-22.4q0-1.344 0.96-2.272t2.24-0.928h16zM19.2 27.2v-22.4h-16v22.4h16zM15.68 8.256v2.816h-8.96v-2.816h8.96zM15.68 20.8v2.816h-8.96v-2.816h8.96z\"><\/path>\n<\/svg><\/span>  Voir les d\u00e9tails<\/a> <span class=\"button-mini-delimiter\"><\/span><\/div><\/div><\/li>\n<li class=\"product type-product post-17151 status-publish instock product_cat-ab-chf-30 product_cat-muehlen-und-behaelter product_cat-swiss-made has-post-thumbnail taxable shipping-taxable purchasable product-type-simple\">\n\t<div class='inner_product main_color wrapped_style noLightbox  av-product-class-'><a href=\"https:\/\/www.raffinessen.ch\/fr\/produit\/toni-roteiche\/\" class=\"woocommerce-LoopProduct-link woocommerce-loop-product__link\"><div class=\"thumbnail_container\"><img loading=\"lazy\" decoding=\"async\" width=\"500\" height=\"500\" src=\"https:\/\/www.raffinessen.ch\/webseite\/wp-content\/uploads\/2024\/03\/Toni_Roteiche_liegend-500x500.jpg\" class=\"attachment-woocommerce_thumbnail avia-product-hover\" alt=\"\" srcset=\"https:\/\/www.raffinessen.ch\/webseite\/wp-content\/uploads\/2024\/03\/Toni_Roteiche_liegend-500x500.jpg 500w, https:\/\/www.raffinessen.ch\/webseite\/wp-content\/uploads\/2024\/03\/Toni_Roteiche_liegend-300x300.jpg 300w, https:\/\/www.raffinessen.ch\/webseite\/wp-content\/uploads\/2024\/03\/Toni_Roteiche_liegend-1030x1030.jpg 1030w, https:\/\/www.raffinessen.ch\/webseite\/wp-content\/uploads\/2024\/03\/Toni_Roteiche_liegend-80x80.jpg 80w, https:\/\/www.raffinessen.ch\/webseite\/wp-content\/uploads\/2024\/03\/Toni_Roteiche_liegend-768x768.jpg 768w, https:\/\/www.raffinessen.ch\/webseite\/wp-content\/uploads\/2024\/03\/Toni_Roteiche_liegend-12x12.jpg 12w, https:\/\/www.raffinessen.ch\/webseite\/wp-content\/uploads\/2024\/03\/Toni_Roteiche_liegend-36x36.jpg 36w, https:\/\/www.raffinessen.ch\/webseite\/wp-content\/uploads\/2024\/03\/Toni_Roteiche_liegend-180x180.jpg 180w, https:\/\/www.raffinessen.ch\/webseite\/wp-content\/uploads\/2024\/03\/Toni_Roteiche_liegend-705x705.jpg 705w, https:\/\/www.raffinessen.ch\/webseite\/wp-content\/uploads\/2024\/03\/Toni_Roteiche_liegend-120x120.jpg 120w, https:\/\/www.raffinessen.ch\/webseite\/wp-content\/uploads\/2024\/03\/Toni_Roteiche_liegend-450x450.jpg 450w, https:\/\/www.raffinessen.ch\/webseite\/wp-content\/uploads\/2024\/03\/Toni_Roteiche_liegend-1000x1000.jpg 1000w, https:\/\/www.raffinessen.ch\/webseite\/wp-content\/uploads\/2024\/03\/Toni_Roteiche_liegend-100x100.jpg 100w, https:\/\/www.raffinessen.ch\/webseite\/wp-content\/uploads\/2024\/03\/Toni_Roteiche_liegend.jpg 1500w\" sizes=\"auto, (max-width: 500px) 100vw, 500px\" \/><img decoding=\"async\" loading=\"lazy\" width=\"500\" height=\"500\" src=\"https:\/\/www.raffinessen.ch\/webseite\/wp-content\/uploads\/2024\/03\/Toni_Roteiche_zu-500x500.jpg\" class=\"wp-image-17153 avia-img-lazy-loading-17153 attachment-woocommerce_thumbnail size-woocommerce_thumbnail wp-post-image\" alt=\"\" srcset=\"https:\/\/www.raffinessen.ch\/webseite\/wp-content\/uploads\/2024\/03\/Toni_Roteiche_zu-500x500.jpg 500w, https:\/\/www.raffinessen.ch\/webseite\/wp-content\/uploads\/2024\/03\/Toni_Roteiche_zu-300x300.jpg 300w, https:\/\/www.raffinessen.ch\/webseite\/wp-content\/uploads\/2024\/03\/Toni_Roteiche_zu-1030x1030.jpg 1030w, https:\/\/www.raffinessen.ch\/webseite\/wp-content\/uploads\/2024\/03\/Toni_Roteiche_zu-80x80.jpg 80w, https:\/\/www.raffinessen.ch\/webseite\/wp-content\/uploads\/2024\/03\/Toni_Roteiche_zu-768x768.jpg 768w, https:\/\/www.raffinessen.ch\/webseite\/wp-content\/uploads\/2024\/03\/Toni_Roteiche_zu-12x12.jpg 12w, https:\/\/www.raffinessen.ch\/webseite\/wp-content\/uploads\/2024\/03\/Toni_Roteiche_zu-36x36.jpg 36w, https:\/\/www.raffinessen.ch\/webseite\/wp-content\/uploads\/2024\/03\/Toni_Roteiche_zu-180x180.jpg 180w, https:\/\/www.raffinessen.ch\/webseite\/wp-content\/uploads\/2024\/03\/Toni_Roteiche_zu-705x705.jpg 705w, https:\/\/www.raffinessen.ch\/webseite\/wp-content\/uploads\/2024\/03\/Toni_Roteiche_zu-120x120.jpg 120w, https:\/\/www.raffinessen.ch\/webseite\/wp-content\/uploads\/2024\/03\/Toni_Roteiche_zu-450x450.jpg 450w, https:\/\/www.raffinessen.ch\/webseite\/wp-content\/uploads\/2024\/03\/Toni_Roteiche_zu-1000x1000.jpg 1000w, https:\/\/www.raffinessen.ch\/webseite\/wp-content\/uploads\/2024\/03\/Toni_Roteiche_zu-100x100.jpg 100w, https:\/\/www.raffinessen.ch\/webseite\/wp-content\/uploads\/2024\/03\/Toni_Roteiche_zu.jpg 1500w\" sizes=\"auto, (max-width: 500px) 100vw, 500px\" \/><span class=\"cart-loading\"><\/span><\/div><div class='inner_product_header'><div class='avia-arrow'><\/div><div class='inner_product_header_table'><div class='inner_product_header_cell'><h2 class=\"woocommerce-loop-product__title\">TONI Roteiche<\/h2>\n\t<span class=\"price\"><span class=\"woocommerce-Price-amount amount\"><bdi><span class=\"woocommerce-Price-currencySymbol\">&#67;&#72;&#70;<\/span>&nbsp;60.00<\/bdi><\/span> <small class=\"woocommerce-price-suffix\">TVA incluse<\/small><\/span>\n<\/div><\/div><\/div><\/a><div class='avia_cart_buttons'><a href=\"\/fr\/wp-json\/wp\/v2\/pages\/9012?add-to-cart=17151\" aria-describedby=\"woocommerce_loop_add_to_cart_link_describedby_17151\" data-quantity=\"1\" class=\"button product_type_simple add_to_cart_button ajax_add_to_cart\" data-product_id=\"17151\" data-product_sku=\"GWO-025\" aria-label=\"Ajouter au panier\u00a0: \u201cTONI Roteiche\u201d\" rel=\"nofollow\" data-success_message=\"\u00ab\u00a0TONI Roteiche\u00a0\u00bb a \u00e9t\u00e9 ajout\u00e9 \u00e0 votre panier\" role=\"button\" data-no-translation-aria-label=\"\" data-no-translation-data-success_message=\"\"><span class=\"avia-svg-icon avia-font-svg_entypo-fontello\" data-av_svg_icon='basket' data-av_iconset='svg_entypo-fontello'><svg version=\"1.1\" xmlns=\"http:\/\/www.w3.org\/2000\/svg\" width=\"29\" height=\"32\" viewbox=\"0 0 29 32\" preserveaspectratio=\"xMidYMid meet\" aria-labelledby='av-svg-title-375' aria-describedby='av-svg-desc-375' role=\"graphics-symbol\" aria-hidden=\"true\">\n<title id='av-svg-title-375'>Ajouter au panier<\/title>\n<desc id='av-svg-desc-375'>Ajouter au panier<\/desc>\n<path d=\"M4.8 27.2q0-1.28 0.96-2.24t2.24-0.96q1.344 0 2.272 0.96t0.928 2.24q0 1.344-0.928 2.272t-2.272 0.928q-1.28 0-2.24-0.928t-0.96-2.272zM20.8 27.2q0-1.28 0.96-2.24t2.24-0.96q1.344 0 2.272 0.96t0.928 2.24q0 1.344-0.928 2.272t-2.272 0.928q-1.28 0-2.24-0.928t-0.96-2.272zM10.496 19.648q-1.152 0.32-1.088 0.736t1.408 0.416h17.984v2.432q0 0.64-0.64 0.64h-20.928q-0.64 0-0.64-0.64v-2.432l-0.32-1.472-3.136-14.528h-3.136v-2.56q0-0.64 0.64-0.64h4.992q0.64 0 0.64 0.64v2.752h22.528v8.768q0 0.704-0.576 0.832z\"><\/path>\n<\/svg><\/span>  Ajouter au panier<\/a>\t<span id=\"woocommerce_loop_add_to_cart_link_describedby_17151\" class=\"screen-reader-text\">\n\t\t\t<\/span>\n<a class=\"button show_details_button\" href=\"https:\/\/www.raffinessen.ch\/fr\/produit\/toni-roteiche\/\"><span class=\"avia-svg-icon avia-font-svg_entypo-fontello\" data-av_svg_icon='doc-text' data-av_iconset='svg_entypo-fontello'><svg version=\"1.1\" xmlns=\"http:\/\/www.w3.org\/2000\/svg\" width=\"22\" height=\"32\" viewbox=\"0 0 22 32\" preserveaspectratio=\"xMidYMid meet\" aria-labelledby='av-svg-title-376' aria-describedby='av-svg-desc-376' role=\"graphics-symbol\" aria-hidden=\"true\">\n<title id='av-svg-title-376'>Voir les d\u00e9tails<\/title>\n<desc id='av-svg-desc-376'>Voir les d\u00e9tails<\/desc>\n<path d=\"M6.784 17.344v-2.88h8.96v2.88h-8.96zM19.2 1.6q1.344 0 2.272 0.928t0.928 2.272v22.4q0 1.28-0.928 2.24t-2.272 0.96h-16q-1.28 0-2.24-0.96t-0.96-2.24v-22.4q0-1.344 0.96-2.272t2.24-0.928h16zM19.2 27.2v-22.4h-16v22.4h16zM15.68 8.256v2.816h-8.96v-2.816h8.96zM15.68 20.8v2.816h-8.96v-2.816h8.96z\"><\/path>\n<\/svg><\/span>  Voir les d\u00e9tails<\/a> <span class=\"button-mini-delimiter\"><\/span><\/div><\/div><\/li>\n<li class=\"product type-product post-17147 status-publish instock product_cat-ab-chf-30 product_cat-muehlen-und-behaelter product_cat-swiss-made has-post-thumbnail taxable shipping-taxable purchasable product-type-simple\">\n\t<div class='inner_product main_color wrapped_style noLightbox  av-product-class-'><a href=\"https:\/\/www.raffinessen.ch\/fr\/produit\/toni-nussbaum\/\" class=\"woocommerce-LoopProduct-link woocommerce-loop-product__link\"><div class=\"thumbnail_container\"><img loading=\"lazy\" decoding=\"async\" width=\"500\" height=\"500\" src=\"https:\/\/www.raffinessen.ch\/webseite\/wp-content\/uploads\/2022\/12\/Toni_Nussbaum_liegend-500x500.jpg\" class=\"attachment-woocommerce_thumbnail avia-product-hover\" alt=\"\" srcset=\"https:\/\/www.raffinessen.ch\/webseite\/wp-content\/uploads\/2022\/12\/Toni_Nussbaum_liegend-500x500.jpg 500w, https:\/\/www.raffinessen.ch\/webseite\/wp-content\/uploads\/2022\/12\/Toni_Nussbaum_liegend-300x300.jpg 300w, https:\/\/www.raffinessen.ch\/webseite\/wp-content\/uploads\/2022\/12\/Toni_Nussbaum_liegend-1030x1030.jpg 1030w, https:\/\/www.raffinessen.ch\/webseite\/wp-content\/uploads\/2022\/12\/Toni_Nussbaum_liegend-80x80.jpg 80w, https:\/\/www.raffinessen.ch\/webseite\/wp-content\/uploads\/2022\/12\/Toni_Nussbaum_liegend-768x768.jpg 768w, https:\/\/www.raffinessen.ch\/webseite\/wp-content\/uploads\/2022\/12\/Toni_Nussbaum_liegend-36x36.jpg 36w, https:\/\/www.raffinessen.ch\/webseite\/wp-content\/uploads\/2022\/12\/Toni_Nussbaum_liegend-180x180.jpg 180w, https:\/\/www.raffinessen.ch\/webseite\/wp-content\/uploads\/2022\/12\/Toni_Nussbaum_liegend-705x705.jpg 705w, https:\/\/www.raffinessen.ch\/webseite\/wp-content\/uploads\/2022\/12\/Toni_Nussbaum_liegend-120x120.jpg 120w, https:\/\/www.raffinessen.ch\/webseite\/wp-content\/uploads\/2022\/12\/Toni_Nussbaum_liegend-450x450.jpg 450w, https:\/\/www.raffinessen.ch\/webseite\/wp-content\/uploads\/2022\/12\/Toni_Nussbaum_liegend-1000x1000.jpg 1000w, https:\/\/www.raffinessen.ch\/webseite\/wp-content\/uploads\/2022\/12\/Toni_Nussbaum_liegend-100x100.jpg 100w, https:\/\/www.raffinessen.ch\/webseite\/wp-content\/uploads\/2022\/12\/Toni_Nussbaum_liegend.jpg 1500w\" sizes=\"auto, (max-width: 500px) 100vw, 500px\" \/><img decoding=\"async\" loading=\"lazy\" width=\"500\" height=\"500\" src=\"https:\/\/www.raffinessen.ch\/webseite\/wp-content\/uploads\/2024\/03\/Toni_Nussbaum_zu-500x500.jpg\" class=\"wp-image-17148 avia-img-lazy-loading-17148 attachment-woocommerce_thumbnail size-woocommerce_thumbnail wp-post-image\" alt=\"\" srcset=\"https:\/\/www.raffinessen.ch\/webseite\/wp-content\/uploads\/2024\/03\/Toni_Nussbaum_zu-500x500.jpg 500w, https:\/\/www.raffinessen.ch\/webseite\/wp-content\/uploads\/2024\/03\/Toni_Nussbaum_zu-300x300.jpg 300w, https:\/\/www.raffinessen.ch\/webseite\/wp-content\/uploads\/2024\/03\/Toni_Nussbaum_zu-1030x1030.jpg 1030w, https:\/\/www.raffinessen.ch\/webseite\/wp-content\/uploads\/2024\/03\/Toni_Nussbaum_zu-80x80.jpg 80w, https:\/\/www.raffinessen.ch\/webseite\/wp-content\/uploads\/2024\/03\/Toni_Nussbaum_zu-768x768.jpg 768w, https:\/\/www.raffinessen.ch\/webseite\/wp-content\/uploads\/2024\/03\/Toni_Nussbaum_zu-12x12.jpg 12w, https:\/\/www.raffinessen.ch\/webseite\/wp-content\/uploads\/2024\/03\/Toni_Nussbaum_zu-36x36.jpg 36w, https:\/\/www.raffinessen.ch\/webseite\/wp-content\/uploads\/2024\/03\/Toni_Nussbaum_zu-180x180.jpg 180w, https:\/\/www.raffinessen.ch\/webseite\/wp-content\/uploads\/2024\/03\/Toni_Nussbaum_zu-705x705.jpg 705w, https:\/\/www.raffinessen.ch\/webseite\/wp-content\/uploads\/2024\/03\/Toni_Nussbaum_zu-120x120.jpg 120w, https:\/\/www.raffinessen.ch\/webseite\/wp-content\/uploads\/2024\/03\/Toni_Nussbaum_zu-450x450.jpg 450w, https:\/\/www.raffinessen.ch\/webseite\/wp-content\/uploads\/2024\/03\/Toni_Nussbaum_zu-1000x1000.jpg 1000w, https:\/\/www.raffinessen.ch\/webseite\/wp-content\/uploads\/2024\/03\/Toni_Nussbaum_zu-100x100.jpg 100w, https:\/\/www.raffinessen.ch\/webseite\/wp-content\/uploads\/2024\/03\/Toni_Nussbaum_zu.jpg 1500w\" sizes=\"auto, (max-width: 500px) 100vw, 500px\" \/><span class=\"cart-loading\"><\/span><\/div><div class='inner_product_header'><div class='avia-arrow'><\/div><div class='inner_product_header_table'><div class='inner_product_header_cell'><h2 class=\"woocommerce-loop-product__title\">TONI Nussbaum<\/h2>\n\t<span class=\"price\"><span class=\"woocommerce-Price-amount amount\"><bdi><span class=\"woocommerce-Price-currencySymbol\">&#67;&#72;&#70;<\/span>&nbsp;60.00<\/bdi><\/span> <small class=\"woocommerce-price-suffix\">TVA incluse<\/small><\/span>\n<\/div><\/div><\/div><\/a><div class='avia_cart_buttons'><a href=\"\/fr\/wp-json\/wp\/v2\/pages\/9012?add-to-cart=17147\" aria-describedby=\"woocommerce_loop_add_to_cart_link_describedby_17147\" data-quantity=\"1\" class=\"button product_type_simple add_to_cart_button ajax_add_to_cart\" data-product_id=\"17147\" data-product_sku=\"GWO-024\" aria-label=\"Ajouter au panier\u00a0: \u201cTONI Nussbaum\u201d\" rel=\"nofollow\" data-success_message=\"\u00ab\u00a0TONI Nussbaum\u00a0\u00bb a \u00e9t\u00e9 ajout\u00e9 \u00e0 votre panier\" role=\"button\" data-no-translation-aria-label=\"\" data-no-translation-data-success_message=\"\"><span class=\"avia-svg-icon avia-font-svg_entypo-fontello\" data-av_svg_icon='basket' data-av_iconset='svg_entypo-fontello'><svg version=\"1.1\" xmlns=\"http:\/\/www.w3.org\/2000\/svg\" width=\"29\" height=\"32\" viewbox=\"0 0 29 32\" preserveaspectratio=\"xMidYMid meet\" aria-labelledby='av-svg-title-377' aria-describedby='av-svg-desc-377' role=\"graphics-symbol\" aria-hidden=\"true\">\n<title id='av-svg-title-377'>Ajouter au panier<\/title>\n<desc id='av-svg-desc-377'>Ajouter au panier<\/desc>\n<path d=\"M4.8 27.2q0-1.28 0.96-2.24t2.24-0.96q1.344 0 2.272 0.96t0.928 2.24q0 1.344-0.928 2.272t-2.272 0.928q-1.28 0-2.24-0.928t-0.96-2.272zM20.8 27.2q0-1.28 0.96-2.24t2.24-0.96q1.344 0 2.272 0.96t0.928 2.24q0 1.344-0.928 2.272t-2.272 0.928q-1.28 0-2.24-0.928t-0.96-2.272zM10.496 19.648q-1.152 0.32-1.088 0.736t1.408 0.416h17.984v2.432q0 0.64-0.64 0.64h-20.928q-0.64 0-0.64-0.64v-2.432l-0.32-1.472-3.136-14.528h-3.136v-2.56q0-0.64 0.64-0.64h4.992q0.64 0 0.64 0.64v2.752h22.528v8.768q0 0.704-0.576 0.832z\"><\/path>\n<\/svg><\/span>  Ajouter au panier<\/a>\t<span id=\"woocommerce_loop_add_to_cart_link_describedby_17147\" class=\"screen-reader-text\">\n\t\t\t<\/span>\n<a class=\"button show_details_button\" href=\"https:\/\/www.raffinessen.ch\/fr\/produit\/toni-nussbaum\/\"><span class=\"avia-svg-icon avia-font-svg_entypo-fontello\" data-av_svg_icon='doc-text' data-av_iconset='svg_entypo-fontello'><svg version=\"1.1\" xmlns=\"http:\/\/www.w3.org\/2000\/svg\" width=\"22\" height=\"32\" viewbox=\"0 0 22 32\" preserveaspectratio=\"xMidYMid meet\" aria-labelledby='av-svg-title-378' aria-describedby='av-svg-desc-378' role=\"graphics-symbol\" aria-hidden=\"true\">\n<title id='av-svg-title-378'>Voir les d\u00e9tails<\/title>\n<desc id='av-svg-desc-378'>Voir les d\u00e9tails<\/desc>\n<path d=\"M6.784 17.344v-2.88h8.96v2.88h-8.96zM19.2 1.6q1.344 0 2.272 0.928t0.928 2.272v22.4q0 1.28-0.928 2.24t-2.272 0.96h-16q-1.28 0-2.24-0.96t-0.96-2.24v-22.4q0-1.344 0.96-2.272t2.24-0.928h16zM19.2 27.2v-22.4h-16v22.4h16zM15.68 8.256v2.816h-8.96v-2.816h8.96zM15.68 20.8v2.816h-8.96v-2.816h8.96z\"><\/path>\n<\/svg><\/span>  Voir les d\u00e9tails<\/a> <span class=\"button-mini-delimiter\"><\/span><\/div><\/div><\/li>\n<li class=\"product type-product post-17155 status-publish last instock product_cat-bis-chf-30 product_cat-muehlen-und-behaelter product_cat-swiss-made has-post-thumbnail taxable shipping-taxable purchasable product-type-simple\">\n\t<div class='inner_product main_color wrapped_style noLightbox  av-product-class-'><a href=\"https:\/\/www.raffinessen.ch\/fr\/produit\/schweizer-holzbrett\/\" class=\"woocommerce-LoopProduct-link woocommerce-loop-product__link\"><div class=\"thumbnail_container\"><img loading=\"lazy\" decoding=\"async\" width=\"500\" height=\"500\" src=\"https:\/\/www.raffinessen.ch\/webseite\/wp-content\/uploads\/2024\/03\/Holzbrett-dreifarbig-geoelt_220x150mm_vorne_1500x1500-500x500.jpg\" class=\"attachment-woocommerce_thumbnail avia-product-hover\" alt=\"\" srcset=\"https:\/\/www.raffinessen.ch\/webseite\/wp-content\/uploads\/2024\/03\/Holzbrett-dreifarbig-geoelt_220x150mm_vorne_1500x1500-500x500.jpg 500w, https:\/\/www.raffinessen.ch\/webseite\/wp-content\/uploads\/2024\/03\/Holzbrett-dreifarbig-geoelt_220x150mm_vorne_1500x1500-300x300.jpg 300w, https:\/\/www.raffinessen.ch\/webseite\/wp-content\/uploads\/2024\/03\/Holzbrett-dreifarbig-geoelt_220x150mm_vorne_1500x1500-1030x1030.jpg 1030w, https:\/\/www.raffinessen.ch\/webseite\/wp-content\/uploads\/2024\/03\/Holzbrett-dreifarbig-geoelt_220x150mm_vorne_1500x1500-80x80.jpg 80w, https:\/\/www.raffinessen.ch\/webseite\/wp-content\/uploads\/2024\/03\/Holzbrett-dreifarbig-geoelt_220x150mm_vorne_1500x1500-768x769.jpg 768w, https:\/\/www.raffinessen.ch\/webseite\/wp-content\/uploads\/2024\/03\/Holzbrett-dreifarbig-geoelt_220x150mm_vorne_1500x1500-12x12.jpg 12w, https:\/\/www.raffinessen.ch\/webseite\/wp-content\/uploads\/2024\/03\/Holzbrett-dreifarbig-geoelt_220x150mm_vorne_1500x1500-36x36.jpg 36w, https:\/\/www.raffinessen.ch\/webseite\/wp-content\/uploads\/2024\/03\/Holzbrett-dreifarbig-geoelt_220x150mm_vorne_1500x1500-180x180.jpg 180w, https:\/\/www.raffinessen.ch\/webseite\/wp-content\/uploads\/2024\/03\/Holzbrett-dreifarbig-geoelt_220x150mm_vorne_1500x1500-705x705.jpg 705w, https:\/\/www.raffinessen.ch\/webseite\/wp-content\/uploads\/2024\/03\/Holzbrett-dreifarbig-geoelt_220x150mm_vorne_1500x1500-120x120.jpg 120w, https:\/\/www.raffinessen.ch\/webseite\/wp-content\/uploads\/2024\/03\/Holzbrett-dreifarbig-geoelt_220x150mm_vorne_1500x1500-450x450.jpg 450w, https:\/\/www.raffinessen.ch\/webseite\/wp-content\/uploads\/2024\/03\/Holzbrett-dreifarbig-geoelt_220x150mm_vorne_1500x1500-1000x1001.jpg 1000w, https:\/\/www.raffinessen.ch\/webseite\/wp-content\/uploads\/2024\/03\/Holzbrett-dreifarbig-geoelt_220x150mm_vorne_1500x1500-100x100.jpg 100w, https:\/\/www.raffinessen.ch\/webseite\/wp-content\/uploads\/2024\/03\/Holzbrett-dreifarbig-geoelt_220x150mm_vorne_1500x1500.jpg 1500w\" sizes=\"auto, (max-width: 500px) 100vw, 500px\" \/><img decoding=\"async\" loading=\"lazy\" width=\"500\" height=\"500\" src=\"https:\/\/www.raffinessen.ch\/webseite\/wp-content\/uploads\/2024\/03\/Holzbrett-dreifarbig-geoelt_220x150mm_oben-Gravur_1500x1500-500x500.jpg\" class=\"wp-image-17158 avia-img-lazy-loading-17158 attachment-woocommerce_thumbnail size-woocommerce_thumbnail wp-post-image\" alt=\"\" srcset=\"https:\/\/www.raffinessen.ch\/webseite\/wp-content\/uploads\/2024\/03\/Holzbrett-dreifarbig-geoelt_220x150mm_oben-Gravur_1500x1500-500x500.jpg 500w, https:\/\/www.raffinessen.ch\/webseite\/wp-content\/uploads\/2024\/03\/Holzbrett-dreifarbig-geoelt_220x150mm_oben-Gravur_1500x1500-300x300.jpg 300w, https:\/\/www.raffinessen.ch\/webseite\/wp-content\/uploads\/2024\/03\/Holzbrett-dreifarbig-geoelt_220x150mm_oben-Gravur_1500x1500-1030x1030.jpg 1030w, https:\/\/www.raffinessen.ch\/webseite\/wp-content\/uploads\/2024\/03\/Holzbrett-dreifarbig-geoelt_220x150mm_oben-Gravur_1500x1500-80x80.jpg 80w, https:\/\/www.raffinessen.ch\/webseite\/wp-content\/uploads\/2024\/03\/Holzbrett-dreifarbig-geoelt_220x150mm_oben-Gravur_1500x1500-768x768.jpg 768w, https:\/\/www.raffinessen.ch\/webseite\/wp-content\/uploads\/2024\/03\/Holzbrett-dreifarbig-geoelt_220x150mm_oben-Gravur_1500x1500-12x12.jpg 12w, https:\/\/www.raffinessen.ch\/webseite\/wp-content\/uploads\/2024\/03\/Holzbrett-dreifarbig-geoelt_220x150mm_oben-Gravur_1500x1500-36x36.jpg 36w, https:\/\/www.raffinessen.ch\/webseite\/wp-content\/uploads\/2024\/03\/Holzbrett-dreifarbig-geoelt_220x150mm_oben-Gravur_1500x1500-180x180.jpg 180w, https:\/\/www.raffinessen.ch\/webseite\/wp-content\/uploads\/2024\/03\/Holzbrett-dreifarbig-geoelt_220x150mm_oben-Gravur_1500x1500-705x705.jpg 705w, https:\/\/www.raffinessen.ch\/webseite\/wp-content\/uploads\/2024\/03\/Holzbrett-dreifarbig-geoelt_220x150mm_oben-Gravur_1500x1500-120x120.jpg 120w, https:\/\/www.raffinessen.ch\/webseite\/wp-content\/uploads\/2024\/03\/Holzbrett-dreifarbig-geoelt_220x150mm_oben-Gravur_1500x1500-450x450.jpg 450w, https:\/\/www.raffinessen.ch\/webseite\/wp-content\/uploads\/2024\/03\/Holzbrett-dreifarbig-geoelt_220x150mm_oben-Gravur_1500x1500-1000x1000.jpg 1000w, https:\/\/www.raffinessen.ch\/webseite\/wp-content\/uploads\/2024\/03\/Holzbrett-dreifarbig-geoelt_220x150mm_oben-Gravur_1500x1500-100x100.jpg 100w, https:\/\/www.raffinessen.ch\/webseite\/wp-content\/uploads\/2024\/03\/Holzbrett-dreifarbig-geoelt_220x150mm_oben-Gravur_1500x1500.jpg 1500w\" sizes=\"auto, (max-width: 500px) 100vw, 500px\" \/><span class=\"cart-loading\"><\/span><\/div><div class='inner_product_header'><div class='avia-arrow'><\/div><div class='inner_product_header_table'><div class='inner_product_header_cell'><h2 class=\"woocommerce-loop-product__title\">Schweizer Schneidbrett<\/h2>\n\t<span class=\"price\"><span class=\"woocommerce-Price-amount amount\"><bdi><span class=\"woocommerce-Price-currencySymbol\">&#67;&#72;&#70;<\/span>&nbsp;22.00<\/bdi><\/span> <small class=\"woocommerce-price-suffix\">TVA incluse<\/small><\/span>\n<\/div><\/div><\/div><\/a><div class='avia_cart_buttons'><a href=\"\/fr\/wp-json\/wp\/v2\/pages\/9012?add-to-cart=17155\" aria-describedby=\"woocommerce_loop_add_to_cart_link_describedby_17155\" data-quantity=\"1\" class=\"button product_type_simple add_to_cart_button ajax_add_to_cart\" data-product_id=\"17155\" data-product_sku=\"PP-NF0015\" aria-label=\"Ajouter au panier\u00a0: \u201cSchweizer Schneidbrett\u201d\" rel=\"nofollow\" data-success_message=\"\u00ab\u00a0Schweizer Schneidbrett\u00a0\u00bb a \u00e9t\u00e9 ajout\u00e9 \u00e0 votre panier\" role=\"button\" data-no-translation-aria-label=\"\" data-no-translation-data-success_message=\"\"><span class=\"avia-svg-icon avia-font-svg_entypo-fontello\" data-av_svg_icon='basket' data-av_iconset='svg_entypo-fontello'><svg version=\"1.1\" xmlns=\"http:\/\/www.w3.org\/2000\/svg\" width=\"29\" height=\"32\" viewbox=\"0 0 29 32\" preserveaspectratio=\"xMidYMid meet\" aria-labelledby='av-svg-title-379' aria-describedby='av-svg-desc-379' role=\"graphics-symbol\" aria-hidden=\"true\">\n<title id='av-svg-title-379'>Ajouter au panier<\/title>\n<desc id='av-svg-desc-379'>Ajouter au panier<\/desc>\n<path d=\"M4.8 27.2q0-1.28 0.96-2.24t2.24-0.96q1.344 0 2.272 0.96t0.928 2.24q0 1.344-0.928 2.272t-2.272 0.928q-1.28 0-2.24-0.928t-0.96-2.272zM20.8 27.2q0-1.28 0.96-2.24t2.24-0.96q1.344 0 2.272 0.96t0.928 2.24q0 1.344-0.928 2.272t-2.272 0.928q-1.28 0-2.24-0.928t-0.96-2.272zM10.496 19.648q-1.152 0.32-1.088 0.736t1.408 0.416h17.984v2.432q0 0.64-0.64 0.64h-20.928q-0.64 0-0.64-0.64v-2.432l-0.32-1.472-3.136-14.528h-3.136v-2.56q0-0.64 0.64-0.64h4.992q0.64 0 0.64 0.64v2.752h22.528v8.768q0 0.704-0.576 0.832z\"><\/path>\n<\/svg><\/span>  Ajouter au panier<\/a>\t<span id=\"woocommerce_loop_add_to_cart_link_describedby_17155\" class=\"screen-reader-text\">\n\t\t\t<\/span>\n<a class=\"button show_details_button\" href=\"https:\/\/www.raffinessen.ch\/fr\/produit\/schweizer-holzbrett\/\"><span class=\"avia-svg-icon avia-font-svg_entypo-fontello\" data-av_svg_icon='doc-text' data-av_iconset='svg_entypo-fontello'><svg version=\"1.1\" xmlns=\"http:\/\/www.w3.org\/2000\/svg\" width=\"22\" height=\"32\" viewbox=\"0 0 22 32\" preserveaspectratio=\"xMidYMid meet\" aria-labelledby='av-svg-title-380' aria-describedby='av-svg-desc-380' role=\"graphics-symbol\" aria-hidden=\"true\">\n<title id='av-svg-title-380'>Voir les d\u00e9tails<\/title>\n<desc id='av-svg-desc-380'>Voir les d\u00e9tails<\/desc>\n<path d=\"M6.784 17.344v-2.88h8.96v2.88h-8.96zM19.2 1.6q1.344 0 2.272 0.928t0.928 2.272v22.4q0 1.28-0.928 2.24t-2.272 0.96h-16q-1.28 0-2.24-0.96t-0.96-2.24v-22.4q0-1.344 0.96-2.272t2.24-0.928h16zM19.2 27.2v-22.4h-16v22.4h16zM15.68 8.256v2.816h-8.96v-2.816h8.96zM15.68 20.8v2.816h-8.96v-2.816h8.96z\"><\/path>\n<\/svg><\/span>  Voir les d\u00e9tails<\/a> <span class=\"button-mini-delimiter\"><\/span><\/div><\/div><\/li>\n<li class=\"product type-product post-1776 status-publish first instock product_cat-muehlen-und-behaelter product_cat-swiss-made has-post-thumbnail taxable shipping-taxable purchasable product-type-simple\">\n\t<div class='inner_product main_color wrapped_style noLightbox  av-product-class-'><a href=\"https:\/\/www.raffinessen.ch\/fr\/produit\/keramikmuehle-nussbaum\/\" class=\"woocommerce-LoopProduct-link woocommerce-loop-product__link\"><div class=\"thumbnail_container\"><img loading=\"lazy\" decoding=\"async\" width=\"500\" height=\"500\" src=\"https:\/\/www.raffinessen.ch\/webseite\/wp-content\/uploads\/2020\/04\/nuss-muehle-zylindrisch-liegend-500x500.jpg\" class=\"attachment-woocommerce_thumbnail avia-product-hover\" alt=\"\" srcset=\"https:\/\/www.raffinessen.ch\/webseite\/wp-content\/uploads\/2020\/04\/nuss-muehle-zylindrisch-liegend-500x500.jpg 500w, https:\/\/www.raffinessen.ch\/webseite\/wp-content\/uploads\/2020\/04\/nuss-muehle-zylindrisch-liegend-300x300.jpg 300w, https:\/\/www.raffinessen.ch\/webseite\/wp-content\/uploads\/2020\/04\/nuss-muehle-zylindrisch-liegend-1030x1030.jpg 1030w, https:\/\/www.raffinessen.ch\/webseite\/wp-content\/uploads\/2020\/04\/nuss-muehle-zylindrisch-liegend-80x80.jpg 80w, https:\/\/www.raffinessen.ch\/webseite\/wp-content\/uploads\/2020\/04\/nuss-muehle-zylindrisch-liegend-768x768.jpg 768w, https:\/\/www.raffinessen.ch\/webseite\/wp-content\/uploads\/2020\/04\/nuss-muehle-zylindrisch-liegend-1536x1536.jpg 1536w, https:\/\/www.raffinessen.ch\/webseite\/wp-content\/uploads\/2020\/04\/nuss-muehle-zylindrisch-liegend-2048x2048.jpg 2048w, https:\/\/www.raffinessen.ch\/webseite\/wp-content\/uploads\/2020\/04\/nuss-muehle-zylindrisch-liegend-36x36.jpg 36w, https:\/\/www.raffinessen.ch\/webseite\/wp-content\/uploads\/2020\/04\/nuss-muehle-zylindrisch-liegend-180x180.jpg 180w, https:\/\/www.raffinessen.ch\/webseite\/wp-content\/uploads\/2020\/04\/nuss-muehle-zylindrisch-liegend-1500x1500.jpg 1500w, https:\/\/www.raffinessen.ch\/webseite\/wp-content\/uploads\/2020\/04\/nuss-muehle-zylindrisch-liegend-705x705.jpg 705w, https:\/\/www.raffinessen.ch\/webseite\/wp-content\/uploads\/2020\/04\/nuss-muehle-zylindrisch-liegend-100x100.jpg 100w, https:\/\/www.raffinessen.ch\/webseite\/wp-content\/uploads\/2020\/04\/nuss-muehle-zylindrisch-liegend-1000x1000.jpg 1000w\" sizes=\"auto, (max-width: 500px) 100vw, 500px\" \/><img decoding=\"async\" loading=\"lazy\" width=\"500\" height=\"500\" src=\"https:\/\/www.raffinessen.ch\/webseite\/wp-content\/uploads\/2020\/04\/nuss-muehle-zylindrisch-zu-500x500.jpg\" class=\"wp-image-5700 avia-img-lazy-loading-5700 attachment-woocommerce_thumbnail size-woocommerce_thumbnail wp-post-image\" alt=\"\" srcset=\"https:\/\/www.raffinessen.ch\/webseite\/wp-content\/uploads\/2020\/04\/nuss-muehle-zylindrisch-zu-500x500.jpg 500w, https:\/\/www.raffinessen.ch\/webseite\/wp-content\/uploads\/2020\/04\/nuss-muehle-zylindrisch-zu-300x300.jpg 300w, https:\/\/www.raffinessen.ch\/webseite\/wp-content\/uploads\/2020\/04\/nuss-muehle-zylindrisch-zu-1030x1030.jpg 1030w, https:\/\/www.raffinessen.ch\/webseite\/wp-content\/uploads\/2020\/04\/nuss-muehle-zylindrisch-zu-80x80.jpg 80w, https:\/\/www.raffinessen.ch\/webseite\/wp-content\/uploads\/2020\/04\/nuss-muehle-zylindrisch-zu-768x768.jpg 768w, https:\/\/www.raffinessen.ch\/webseite\/wp-content\/uploads\/2020\/04\/nuss-muehle-zylindrisch-zu-1536x1536.jpg 1536w, https:\/\/www.raffinessen.ch\/webseite\/wp-content\/uploads\/2020\/04\/nuss-muehle-zylindrisch-zu-2048x2048.jpg 2048w, https:\/\/www.raffinessen.ch\/webseite\/wp-content\/uploads\/2020\/04\/nuss-muehle-zylindrisch-zu-36x36.jpg 36w, https:\/\/www.raffinessen.ch\/webseite\/wp-content\/uploads\/2020\/04\/nuss-muehle-zylindrisch-zu-180x180.jpg 180w, https:\/\/www.raffinessen.ch\/webseite\/wp-content\/uploads\/2020\/04\/nuss-muehle-zylindrisch-zu-1500x1500.jpg 1500w, https:\/\/www.raffinessen.ch\/webseite\/wp-content\/uploads\/2020\/04\/nuss-muehle-zylindrisch-zu-705x705.jpg 705w, https:\/\/www.raffinessen.ch\/webseite\/wp-content\/uploads\/2020\/04\/nuss-muehle-zylindrisch-zu-100x100.jpg 100w, https:\/\/www.raffinessen.ch\/webseite\/wp-content\/uploads\/2020\/04\/nuss-muehle-zylindrisch-zu-1000x1000.jpg 1000w\" sizes=\"auto, (max-width: 500px) 100vw, 500px\" \/><span class=\"cart-loading\"><\/span><\/div><div class='inner_product_header'><div class='avia-arrow'><\/div><div class='inner_product_header_table'><div class='inner_product_header_cell'><h2 class=\"woocommerce-loop-product__title\">Moulin \u00e0 \u00e9pices JEAN Noyer <br \/>(Swiss Made)<\/h2>\n\t<span class=\"price\"><span class=\"woocommerce-Price-amount amount\"><bdi><span class=\"woocommerce-Price-currencySymbol\">&#67;&#72;&#70;<\/span>&nbsp;75.00<\/bdi><\/span> <small class=\"woocommerce-price-suffix\">TVA incluse<\/small><\/span>\n<\/div><\/div><\/div><\/a><div class='avia_cart_buttons'><a href=\"\/fr\/wp-json\/wp\/v2\/pages\/9012?add-to-cart=1776\" aria-describedby=\"woocommerce_loop_add_to_cart_link_describedby_1776\" data-quantity=\"1\" class=\"button product_type_simple add_to_cart_button ajax_add_to_cart\" data-product_id=\"1776\" data-product_sku=\"GWO-018\" aria-label=\"Ajouter au panier\u00a0: \u201cGew\u00fcrzm\u00fchle JEAN Nussbaum (Swiss Made)\u201d\" rel=\"nofollow\" data-success_message=\"\u00ab\u00a0Gew\u00fcrzm\u00fchle JEAN Nussbaum &lt;br \/&gt;(Swiss Made)\u00a0\u00bb a \u00e9t\u00e9 ajout\u00e9 \u00e0 votre panier\" role=\"button\" data-no-translation-aria-label=\"\" data-no-translation-data-success_message=\"\"><span class=\"avia-svg-icon avia-font-svg_entypo-fontello\" data-av_svg_icon='basket' data-av_iconset='svg_entypo-fontello'><svg version=\"1.1\" xmlns=\"http:\/\/www.w3.org\/2000\/svg\" width=\"29\" height=\"32\" viewbox=\"0 0 29 32\" preserveaspectratio=\"xMidYMid meet\" aria-labelledby='av-svg-title-381' aria-describedby='av-svg-desc-381' role=\"graphics-symbol\" aria-hidden=\"true\">\n<title id='av-svg-title-381'>Ajouter au panier<\/title>\n<desc id='av-svg-desc-381'>Ajouter au panier<\/desc>\n<path d=\"M4.8 27.2q0-1.28 0.96-2.24t2.24-0.96q1.344 0 2.272 0.96t0.928 2.24q0 1.344-0.928 2.272t-2.272 0.928q-1.28 0-2.24-0.928t-0.96-2.272zM20.8 27.2q0-1.28 0.96-2.24t2.24-0.96q1.344 0 2.272 0.96t0.928 2.24q0 1.344-0.928 2.272t-2.272 0.928q-1.28 0-2.24-0.928t-0.96-2.272zM10.496 19.648q-1.152 0.32-1.088 0.736t1.408 0.416h17.984v2.432q0 0.64-0.64 0.64h-20.928q-0.64 0-0.64-0.64v-2.432l-0.32-1.472-3.136-14.528h-3.136v-2.56q0-0.64 0.64-0.64h4.992q0.64 0 0.64 0.64v2.752h22.528v8.768q0 0.704-0.576 0.832z\"><\/path>\n<\/svg><\/span>  Ajouter au panier<\/a>\t<span id=\"woocommerce_loop_add_to_cart_link_describedby_1776\" class=\"screen-reader-text\">\n\t\t\t<\/span>\n<a class=\"button show_details_button\" href=\"https:\/\/www.raffinessen.ch\/fr\/produit\/keramikmuehle-nussbaum\/\"><span class=\"avia-svg-icon avia-font-svg_entypo-fontello\" data-av_svg_icon='doc-text' data-av_iconset='svg_entypo-fontello'><svg version=\"1.1\" xmlns=\"http:\/\/www.w3.org\/2000\/svg\" width=\"22\" height=\"32\" viewbox=\"0 0 22 32\" preserveaspectratio=\"xMidYMid meet\" aria-labelledby='av-svg-title-382' aria-describedby='av-svg-desc-382' role=\"graphics-symbol\" aria-hidden=\"true\">\n<title id='av-svg-title-382'>Voir les d\u00e9tails<\/title>\n<desc id='av-svg-desc-382'>Voir les d\u00e9tails<\/desc>\n<path d=\"M6.784 17.344v-2.88h8.96v2.88h-8.96zM19.2 1.6q1.344 0 2.272 0.928t0.928 2.272v22.4q0 1.28-0.928 2.24t-2.272 0.96h-16q-1.28 0-2.24-0.96t-0.96-2.24v-22.4q0-1.344 0.96-2.272t2.24-0.928h16zM19.2 27.2v-22.4h-16v22.4h16zM15.68 8.256v2.816h-8.96v-2.816h8.96zM15.68 20.8v2.816h-8.96v-2.816h8.96z\"><\/path>\n<\/svg><\/span>  Voir les d\u00e9tails<\/a> <span class=\"button-mini-delimiter\"><\/span><\/div><\/div><\/li>\n<li class=\"product type-product post-1778 status-publish instock product_cat-muehlen-und-behaelter product_cat-swiss-made has-post-thumbnail taxable shipping-taxable purchasable product-type-simple\">\n\t<div class='inner_product main_color wrapped_style noLightbox  av-product-class-'><a href=\"https:\/\/www.raffinessen.ch\/fr\/produit\/keramikmuehle-birnbaum\/\" class=\"woocommerce-LoopProduct-link woocommerce-loop-product__link\"><div class=\"thumbnail_container\"><img loading=\"lazy\" decoding=\"async\" width=\"500\" height=\"500\" src=\"https:\/\/www.raffinessen.ch\/webseite\/wp-content\/uploads\/2020\/04\/birnbaum-muehle-zylindrisch-liegend-500x500.jpg\" class=\"attachment-woocommerce_thumbnail avia-product-hover\" alt=\"\" srcset=\"https:\/\/www.raffinessen.ch\/webseite\/wp-content\/uploads\/2020\/04\/birnbaum-muehle-zylindrisch-liegend-500x500.jpg 500w, https:\/\/www.raffinessen.ch\/webseite\/wp-content\/uploads\/2020\/04\/birnbaum-muehle-zylindrisch-liegend-300x300.jpg 300w, https:\/\/www.raffinessen.ch\/webseite\/wp-content\/uploads\/2020\/04\/birnbaum-muehle-zylindrisch-liegend-1030x1030.jpg 1030w, https:\/\/www.raffinessen.ch\/webseite\/wp-content\/uploads\/2020\/04\/birnbaum-muehle-zylindrisch-liegend-80x80.jpg 80w, https:\/\/www.raffinessen.ch\/webseite\/wp-content\/uploads\/2020\/04\/birnbaum-muehle-zylindrisch-liegend-768x768.jpg 768w, https:\/\/www.raffinessen.ch\/webseite\/wp-content\/uploads\/2020\/04\/birnbaum-muehle-zylindrisch-liegend-1536x1536.jpg 1536w, https:\/\/www.raffinessen.ch\/webseite\/wp-content\/uploads\/2020\/04\/birnbaum-muehle-zylindrisch-liegend-2048x2048.jpg 2048w, https:\/\/www.raffinessen.ch\/webseite\/wp-content\/uploads\/2020\/04\/birnbaum-muehle-zylindrisch-liegend-36x36.jpg 36w, https:\/\/www.raffinessen.ch\/webseite\/wp-content\/uploads\/2020\/04\/birnbaum-muehle-zylindrisch-liegend-180x180.jpg 180w, https:\/\/www.raffinessen.ch\/webseite\/wp-content\/uploads\/2020\/04\/birnbaum-muehle-zylindrisch-liegend-1500x1500.jpg 1500w, https:\/\/www.raffinessen.ch\/webseite\/wp-content\/uploads\/2020\/04\/birnbaum-muehle-zylindrisch-liegend-705x705.jpg 705w, https:\/\/www.raffinessen.ch\/webseite\/wp-content\/uploads\/2020\/04\/birnbaum-muehle-zylindrisch-liegend-100x100.jpg 100w, https:\/\/www.raffinessen.ch\/webseite\/wp-content\/uploads\/2020\/04\/birnbaum-muehle-zylindrisch-liegend-1000x1000.jpg 1000w\" sizes=\"auto, (max-width: 500px) 100vw, 500px\" \/><img decoding=\"async\" loading=\"lazy\" width=\"500\" height=\"500\" src=\"https:\/\/www.raffinessen.ch\/webseite\/wp-content\/uploads\/2020\/04\/birnbaum-muehle-zylindrisch-zu-500x500.jpg\" class=\"wp-image-5685 avia-img-lazy-loading-5685 attachment-woocommerce_thumbnail size-woocommerce_thumbnail wp-post-image\" alt=\"\" srcset=\"https:\/\/www.raffinessen.ch\/webseite\/wp-content\/uploads\/2020\/04\/birnbaum-muehle-zylindrisch-zu-500x500.jpg 500w, https:\/\/www.raffinessen.ch\/webseite\/wp-content\/uploads\/2020\/04\/birnbaum-muehle-zylindrisch-zu-300x300.jpg 300w, https:\/\/www.raffinessen.ch\/webseite\/wp-content\/uploads\/2020\/04\/birnbaum-muehle-zylindrisch-zu-1030x1030.jpg 1030w, https:\/\/www.raffinessen.ch\/webseite\/wp-content\/uploads\/2020\/04\/birnbaum-muehle-zylindrisch-zu-80x80.jpg 80w, https:\/\/www.raffinessen.ch\/webseite\/wp-content\/uploads\/2020\/04\/birnbaum-muehle-zylindrisch-zu-768x768.jpg 768w, https:\/\/www.raffinessen.ch\/webseite\/wp-content\/uploads\/2020\/04\/birnbaum-muehle-zylindrisch-zu-1536x1536.jpg 1536w, https:\/\/www.raffinessen.ch\/webseite\/wp-content\/uploads\/2020\/04\/birnbaum-muehle-zylindrisch-zu-2048x2048.jpg 2048w, https:\/\/www.raffinessen.ch\/webseite\/wp-content\/uploads\/2020\/04\/birnbaum-muehle-zylindrisch-zu-36x36.jpg 36w, https:\/\/www.raffinessen.ch\/webseite\/wp-content\/uploads\/2020\/04\/birnbaum-muehle-zylindrisch-zu-180x180.jpg 180w, https:\/\/www.raffinessen.ch\/webseite\/wp-content\/uploads\/2020\/04\/birnbaum-muehle-zylindrisch-zu-1500x1500.jpg 1500w, https:\/\/www.raffinessen.ch\/webseite\/wp-content\/uploads\/2020\/04\/birnbaum-muehle-zylindrisch-zu-705x705.jpg 705w, https:\/\/www.raffinessen.ch\/webseite\/wp-content\/uploads\/2020\/04\/birnbaum-muehle-zylindrisch-zu-100x100.jpg 100w, https:\/\/www.raffinessen.ch\/webseite\/wp-content\/uploads\/2020\/04\/birnbaum-muehle-zylindrisch-zu-1000x1000.jpg 1000w\" sizes=\"auto, (max-width: 500px) 100vw, 500px\" \/><span class=\"cart-loading\"><\/span><\/div><div class='inner_product_header'><div class='avia-arrow'><\/div><div class='inner_product_header_table'><div class='inner_product_header_cell'><h2 class=\"woocommerce-loop-product__title\">Moulin \u00e0 \u00e9pices JEAN Poirier <br \/>(Swiss Made)<\/h2>\n\t<span class=\"price\"><span class=\"woocommerce-Price-amount amount\"><bdi><span class=\"woocommerce-Price-currencySymbol\">&#67;&#72;&#70;<\/span>&nbsp;70.00<\/bdi><\/span> <small class=\"woocommerce-price-suffix\">TVA incluse<\/small><\/span>\n<\/div><\/div><\/div><\/a><div class='avia_cart_buttons'><a href=\"\/fr\/wp-json\/wp\/v2\/pages\/9012?add-to-cart=1778\" aria-describedby=\"woocommerce_loop_add_to_cart_link_describedby_1778\" data-quantity=\"1\" class=\"button product_type_simple add_to_cart_button ajax_add_to_cart\" data-product_id=\"1778\" data-product_sku=\"GWO-019\" aria-label=\"Ajouter au panier\u00a0: \u201cGew\u00fcrzm\u00fchle JEAN Birnbaum (Swiss Made)\u201d\" rel=\"nofollow\" data-success_message=\"\u00ab\u00a0Gew\u00fcrzm\u00fchle JEAN Birnbaum &lt;br \/&gt;(Swiss Made)\u00a0\u00bb a \u00e9t\u00e9 ajout\u00e9 \u00e0 votre panier\" role=\"button\" data-no-translation-aria-label=\"\" data-no-translation-data-success_message=\"\"><span class=\"avia-svg-icon avia-font-svg_entypo-fontello\" data-av_svg_icon='basket' data-av_iconset='svg_entypo-fontello'><svg version=\"1.1\" xmlns=\"http:\/\/www.w3.org\/2000\/svg\" width=\"29\" height=\"32\" viewbox=\"0 0 29 32\" preserveaspectratio=\"xMidYMid meet\" aria-labelledby='av-svg-title-383' aria-describedby='av-svg-desc-383' role=\"graphics-symbol\" aria-hidden=\"true\">\n<title id='av-svg-title-383'>Ajouter au panier<\/title>\n<desc id='av-svg-desc-383'>Ajouter au panier<\/desc>\n<path d=\"M4.8 27.2q0-1.28 0.96-2.24t2.24-0.96q1.344 0 2.272 0.96t0.928 2.24q0 1.344-0.928 2.272t-2.272 0.928q-1.28 0-2.24-0.928t-0.96-2.272zM20.8 27.2q0-1.28 0.96-2.24t2.24-0.96q1.344 0 2.272 0.96t0.928 2.24q0 1.344-0.928 2.272t-2.272 0.928q-1.28 0-2.24-0.928t-0.96-2.272zM10.496 19.648q-1.152 0.32-1.088 0.736t1.408 0.416h17.984v2.432q0 0.64-0.64 0.64h-20.928q-0.64 0-0.64-0.64v-2.432l-0.32-1.472-3.136-14.528h-3.136v-2.56q0-0.64 0.64-0.64h4.992q0.64 0 0.64 0.64v2.752h22.528v8.768q0 0.704-0.576 0.832z\"><\/path>\n<\/svg><\/span>  Ajouter au panier<\/a>\t<span id=\"woocommerce_loop_add_to_cart_link_describedby_1778\" class=\"screen-reader-text\">\n\t\t\t<\/span>\n<a class=\"button show_details_button\" href=\"https:\/\/www.raffinessen.ch\/fr\/produit\/keramikmuehle-birnbaum\/\"><span class=\"avia-svg-icon avia-font-svg_entypo-fontello\" data-av_svg_icon='doc-text' data-av_iconset='svg_entypo-fontello'><svg version=\"1.1\" xmlns=\"http:\/\/www.w3.org\/2000\/svg\" width=\"22\" height=\"32\" viewbox=\"0 0 22 32\" preserveaspectratio=\"xMidYMid meet\" aria-labelledby='av-svg-title-384' aria-describedby='av-svg-desc-384' role=\"graphics-symbol\" aria-hidden=\"true\">\n<title id='av-svg-title-384'>Voir les d\u00e9tails<\/title>\n<desc id='av-svg-desc-384'>Voir les d\u00e9tails<\/desc>\n<path d=\"M6.784 17.344v-2.88h8.96v2.88h-8.96zM19.2 1.6q1.344 0 2.272 0.928t0.928 2.272v22.4q0 1.28-0.928 2.24t-2.272 0.96h-16q-1.28 0-2.24-0.96t-0.96-2.24v-22.4q0-1.344 0.96-2.272t2.24-0.928h16zM19.2 27.2v-22.4h-16v22.4h16zM15.68 8.256v2.816h-8.96v-2.816h8.96zM15.68 20.8v2.816h-8.96v-2.816h8.96z\"><\/path>\n<\/svg><\/span>  Voir les d\u00e9tails<\/a> <span class=\"button-mini-delimiter\"><\/span><\/div><\/div><\/li>\n<li class=\"product type-product post-1774 status-publish instock product_cat-muehlen-und-behaelter product_cat-swiss-made has-post-thumbnail taxable shipping-taxable purchasable product-type-simple\">\n\t<div class='inner_product main_color wrapped_style noLightbox  av-product-class-'><a href=\"https:\/\/www.raffinessen.ch\/fr\/produit\/keramikmuehle-eiche\/\" class=\"woocommerce-LoopProduct-link woocommerce-loop-product__link\"><div class=\"thumbnail_container\"><img loading=\"lazy\" decoding=\"async\" width=\"500\" height=\"500\" src=\"https:\/\/www.raffinessen.ch\/webseite\/wp-content\/uploads\/2020\/04\/eiche-muehle-zylindrisch-liegend-500x500.jpg\" class=\"attachment-woocommerce_thumbnail avia-product-hover\" alt=\"\" srcset=\"https:\/\/www.raffinessen.ch\/webseite\/wp-content\/uploads\/2020\/04\/eiche-muehle-zylindrisch-liegend-500x500.jpg 500w, https:\/\/www.raffinessen.ch\/webseite\/wp-content\/uploads\/2020\/04\/eiche-muehle-zylindrisch-liegend-300x300.jpg 300w, https:\/\/www.raffinessen.ch\/webseite\/wp-content\/uploads\/2020\/04\/eiche-muehle-zylindrisch-liegend-1030x1030.jpg 1030w, https:\/\/www.raffinessen.ch\/webseite\/wp-content\/uploads\/2020\/04\/eiche-muehle-zylindrisch-liegend-80x80.jpg 80w, https:\/\/www.raffinessen.ch\/webseite\/wp-content\/uploads\/2020\/04\/eiche-muehle-zylindrisch-liegend-768x768.jpg 768w, https:\/\/www.raffinessen.ch\/webseite\/wp-content\/uploads\/2020\/04\/eiche-muehle-zylindrisch-liegend-1536x1536.jpg 1536w, https:\/\/www.raffinessen.ch\/webseite\/wp-content\/uploads\/2020\/04\/eiche-muehle-zylindrisch-liegend-2048x2048.jpg 2048w, https:\/\/www.raffinessen.ch\/webseite\/wp-content\/uploads\/2020\/04\/eiche-muehle-zylindrisch-liegend-36x36.jpg 36w, https:\/\/www.raffinessen.ch\/webseite\/wp-content\/uploads\/2020\/04\/eiche-muehle-zylindrisch-liegend-180x180.jpg 180w, https:\/\/www.raffinessen.ch\/webseite\/wp-content\/uploads\/2020\/04\/eiche-muehle-zylindrisch-liegend-1500x1500.jpg 1500w, https:\/\/www.raffinessen.ch\/webseite\/wp-content\/uploads\/2020\/04\/eiche-muehle-zylindrisch-liegend-705x705.jpg 705w, https:\/\/www.raffinessen.ch\/webseite\/wp-content\/uploads\/2020\/04\/eiche-muehle-zylindrisch-liegend-100x100.jpg 100w, https:\/\/www.raffinessen.ch\/webseite\/wp-content\/uploads\/2020\/04\/eiche-muehle-zylindrisch-liegend-1000x1000.jpg 1000w\" sizes=\"auto, (max-width: 500px) 100vw, 500px\" \/><img decoding=\"async\" loading=\"lazy\" width=\"500\" height=\"500\" src=\"https:\/\/www.raffinessen.ch\/webseite\/wp-content\/uploads\/2020\/04\/eiche-zylindrisch-zu-500x500.jpg\" class=\"wp-image-5688 avia-img-lazy-loading-5688 attachment-woocommerce_thumbnail size-woocommerce_thumbnail wp-post-image\" alt=\"\" srcset=\"https:\/\/www.raffinessen.ch\/webseite\/wp-content\/uploads\/2020\/04\/eiche-zylindrisch-zu-500x500.jpg 500w, https:\/\/www.raffinessen.ch\/webseite\/wp-content\/uploads\/2020\/04\/eiche-zylindrisch-zu-300x300.jpg 300w, https:\/\/www.raffinessen.ch\/webseite\/wp-content\/uploads\/2020\/04\/eiche-zylindrisch-zu-1030x1030.jpg 1030w, https:\/\/www.raffinessen.ch\/webseite\/wp-content\/uploads\/2020\/04\/eiche-zylindrisch-zu-80x80.jpg 80w, https:\/\/www.raffinessen.ch\/webseite\/wp-content\/uploads\/2020\/04\/eiche-zylindrisch-zu-768x768.jpg 768w, https:\/\/www.raffinessen.ch\/webseite\/wp-content\/uploads\/2020\/04\/eiche-zylindrisch-zu-1536x1536.jpg 1536w, https:\/\/www.raffinessen.ch\/webseite\/wp-content\/uploads\/2020\/04\/eiche-zylindrisch-zu-2048x2048.jpg 2048w, https:\/\/www.raffinessen.ch\/webseite\/wp-content\/uploads\/2020\/04\/eiche-zylindrisch-zu-36x36.jpg 36w, https:\/\/www.raffinessen.ch\/webseite\/wp-content\/uploads\/2020\/04\/eiche-zylindrisch-zu-180x180.jpg 180w, https:\/\/www.raffinessen.ch\/webseite\/wp-content\/uploads\/2020\/04\/eiche-zylindrisch-zu-1500x1500.jpg 1500w, https:\/\/www.raffinessen.ch\/webseite\/wp-content\/uploads\/2020\/04\/eiche-zylindrisch-zu-705x705.jpg 705w, https:\/\/www.raffinessen.ch\/webseite\/wp-content\/uploads\/2020\/04\/eiche-zylindrisch-zu-100x100.jpg 100w, https:\/\/www.raffinessen.ch\/webseite\/wp-content\/uploads\/2020\/04\/eiche-zylindrisch-zu-1000x1000.jpg 1000w\" sizes=\"auto, (max-width: 500px) 100vw, 500px\" \/><span class=\"cart-loading\"><\/span><\/div><div class='inner_product_header'><div class='avia-arrow'><\/div><div class='inner_product_header_table'><div class='inner_product_header_cell'><h2 class=\"woocommerce-loop-product__title\">Moulin \u00e0 \u00e9pices JEAN Ch\u00eane <br \/>(Swiss Made)<\/h2>\n\t<span class=\"price\"><span class=\"woocommerce-Price-amount amount\"><bdi><span class=\"woocommerce-Price-currencySymbol\">&#67;&#72;&#70;<\/span>&nbsp;70.00<\/bdi><\/span> <small class=\"woocommerce-price-suffix\">TVA incluse<\/small><\/span>\n<\/div><\/div><\/div><\/a><div class='avia_cart_buttons'><a href=\"\/fr\/wp-json\/wp\/v2\/pages\/9012?add-to-cart=1774\" aria-describedby=\"woocommerce_loop_add_to_cart_link_describedby_1774\" data-quantity=\"1\" class=\"button product_type_simple add_to_cart_button ajax_add_to_cart\" data-product_id=\"1774\" data-product_sku=\"GWO-022\" aria-label=\"Ajouter au panier\u00a0: \u201cGew\u00fcrzm\u00fchle JEAN Eiche (Swiss Made)\u201d\" rel=\"nofollow\" data-success_message=\"\u00ab\u00a0Gew\u00fcrzm\u00fchle JEAN Eiche &lt;br \/&gt;(Swiss Made)\u00a0\u00bb a \u00e9t\u00e9 ajout\u00e9 \u00e0 votre panier\" role=\"button\" data-no-translation-aria-label=\"\" data-no-translation-data-success_message=\"\"><span class=\"avia-svg-icon avia-font-svg_entypo-fontello\" data-av_svg_icon='basket' data-av_iconset='svg_entypo-fontello'><svg version=\"1.1\" xmlns=\"http:\/\/www.w3.org\/2000\/svg\" width=\"29\" height=\"32\" viewbox=\"0 0 29 32\" preserveaspectratio=\"xMidYMid meet\" aria-labelledby='av-svg-title-385' aria-describedby='av-svg-desc-385' role=\"graphics-symbol\" aria-hidden=\"true\">\n<title id='av-svg-title-385'>Ajouter au panier<\/title>\n<desc id='av-svg-desc-385'>Ajouter au panier<\/desc>\n<path d=\"M4.8 27.2q0-1.28 0.96-2.24t2.24-0.96q1.344 0 2.272 0.96t0.928 2.24q0 1.344-0.928 2.272t-2.272 0.928q-1.28 0-2.24-0.928t-0.96-2.272zM20.8 27.2q0-1.28 0.96-2.24t2.24-0.96q1.344 0 2.272 0.96t0.928 2.24q0 1.344-0.928 2.272t-2.272 0.928q-1.28 0-2.24-0.928t-0.96-2.272zM10.496 19.648q-1.152 0.32-1.088 0.736t1.408 0.416h17.984v2.432q0 0.64-0.64 0.64h-20.928q-0.64 0-0.64-0.64v-2.432l-0.32-1.472-3.136-14.528h-3.136v-2.56q0-0.64 0.64-0.64h4.992q0.64 0 0.64 0.64v2.752h22.528v8.768q0 0.704-0.576 0.832z\"><\/path>\n<\/svg><\/span>  Ajouter au panier<\/a>\t<span id=\"woocommerce_loop_add_to_cart_link_describedby_1774\" class=\"screen-reader-text\">\n\t\t\t<\/span>\n<a class=\"button show_details_button\" href=\"https:\/\/www.raffinessen.ch\/fr\/produit\/keramikmuehle-eiche\/\"><span class=\"avia-svg-icon avia-font-svg_entypo-fontello\" data-av_svg_icon='doc-text' data-av_iconset='svg_entypo-fontello'><svg version=\"1.1\" xmlns=\"http:\/\/www.w3.org\/2000\/svg\" width=\"22\" height=\"32\" viewbox=\"0 0 22 32\" preserveaspectratio=\"xMidYMid meet\" aria-labelledby='av-svg-title-386' aria-describedby='av-svg-desc-386' role=\"graphics-symbol\" aria-hidden=\"true\">\n<title id='av-svg-title-386'>Voir les d\u00e9tails<\/title>\n<desc id='av-svg-desc-386'>Voir les d\u00e9tails<\/desc>\n<path d=\"M6.784 17.344v-2.88h8.96v2.88h-8.96zM19.2 1.6q1.344 0 2.272 0.928t0.928 2.272v22.4q0 1.28-0.928 2.24t-2.272 0.96h-16q-1.28 0-2.24-0.96t-0.96-2.24v-22.4q0-1.344 0.96-2.272t2.24-0.928h16zM19.2 27.2v-22.4h-16v22.4h16zM15.68 8.256v2.816h-8.96v-2.816h8.96zM15.68 20.8v2.816h-8.96v-2.816h8.96z\"><\/path>\n<\/svg><\/span>  Voir les d\u00e9tails<\/a> <span class=\"button-mini-delimiter\"><\/span><\/div><\/div><\/li>\n<li class=\"product type-product post-4849 status-publish last instock product_cat-muehlen-und-behaelter product_cat-swiss-made has-post-thumbnail taxable shipping-taxable purchasable product-type-simple\">\n\t<div class='inner_product main_color wrapped_style noLightbox  av-product-class-'><a href=\"https:\/\/www.raffinessen.ch\/fr\/produit\/antik-muehle-nussbaum\/\" class=\"woocommerce-LoopProduct-link woocommerce-loop-product__link\"><div class=\"thumbnail_container\"><img decoding=\"async\" loading=\"lazy\" width=\"500\" height=\"500\" src=\"https:\/\/www.raffinessen.ch\/webseite\/wp-content\/uploads\/2019\/12\/muehle-antik-nussbaum-3-500x500.jpg\" class=\"wp-image-4899 avia-img-lazy-loading-4899 attachment-woocommerce_thumbnail size-woocommerce_thumbnail wp-post-image\" alt=\"\" srcset=\"https:\/\/www.raffinessen.ch\/webseite\/wp-content\/uploads\/2019\/12\/muehle-antik-nussbaum-3-500x500.jpg 500w, https:\/\/www.raffinessen.ch\/webseite\/wp-content\/uploads\/2019\/12\/muehle-antik-nussbaum-3-300x300.jpg 300w, https:\/\/www.raffinessen.ch\/webseite\/wp-content\/uploads\/2019\/12\/muehle-antik-nussbaum-3-1030x1030.jpg 1030w, https:\/\/www.raffinessen.ch\/webseite\/wp-content\/uploads\/2019\/12\/muehle-antik-nussbaum-3-80x80.jpg 80w, https:\/\/www.raffinessen.ch\/webseite\/wp-content\/uploads\/2019\/12\/muehle-antik-nussbaum-3-768x768.jpg 768w, https:\/\/www.raffinessen.ch\/webseite\/wp-content\/uploads\/2019\/12\/muehle-antik-nussbaum-3-1536x1536.jpg 1536w, https:\/\/www.raffinessen.ch\/webseite\/wp-content\/uploads\/2019\/12\/muehle-antik-nussbaum-3-36x36.jpg 36w, https:\/\/www.raffinessen.ch\/webseite\/wp-content\/uploads\/2019\/12\/muehle-antik-nussbaum-3-180x180.jpg 180w, https:\/\/www.raffinessen.ch\/webseite\/wp-content\/uploads\/2019\/12\/muehle-antik-nussbaum-3-1500x1500.jpg 1500w, https:\/\/www.raffinessen.ch\/webseite\/wp-content\/uploads\/2019\/12\/muehle-antik-nussbaum-3-705x705.jpg 705w, https:\/\/www.raffinessen.ch\/webseite\/wp-content\/uploads\/2019\/12\/muehle-antik-nussbaum-3-100x100.jpg 100w, https:\/\/www.raffinessen.ch\/webseite\/wp-content\/uploads\/2019\/12\/muehle-antik-nussbaum-3-1000x1000.jpg 1000w, https:\/\/www.raffinessen.ch\/webseite\/wp-content\/uploads\/2019\/12\/muehle-antik-nussbaum-3.jpg 2000w\" sizes=\"auto, (max-width: 500px) 100vw, 500px\" \/><span class=\"cart-loading\"><\/span><\/div><div class='inner_product_header'><div class='avia-arrow'><\/div><div class='inner_product_header_table'><div class='inner_product_header_cell'><h2 class=\"woocommerce-loop-product__title\">Moulin \u00e0 poivre ANTIK Noyer <br \/>(Swiss Made)<\/h2>\n\t<span class=\"price\"><span class=\"woocommerce-Price-amount amount\"><bdi><span class=\"woocommerce-Price-currencySymbol\">&#67;&#72;&#70;<\/span>&nbsp;75.00<\/bdi><\/span> <small class=\"woocommerce-price-suffix\">TVA incluse<\/small><\/span>\n<\/div><\/div><\/div><\/a><div class='avia_cart_buttons'><a href=\"\/fr\/wp-json\/wp\/v2\/pages\/9012?add-to-cart=4849\" aria-describedby=\"woocommerce_loop_add_to_cart_link_describedby_4849\" data-quantity=\"1\" class=\"button product_type_simple add_to_cart_button ajax_add_to_cart\" data-product_id=\"4849\" data-product_sku=\"GWO-016\" aria-label=\"Ajouter au panier\u00a0: \u201cPfefferm\u00fchle ANTIK Nussbaum (Swiss Made)\u201d\" rel=\"nofollow\" data-success_message=\"\u00ab\u00a0Pfefferm\u00fchle ANTIK Nussbaum &lt;br \/&gt;(Swiss Made)\u00a0\u00bb a \u00e9t\u00e9 ajout\u00e9 \u00e0 votre panier\" role=\"button\" data-no-translation-aria-label=\"\" data-no-translation-data-success_message=\"\"><span class=\"avia-svg-icon avia-font-svg_entypo-fontello\" data-av_svg_icon='basket' data-av_iconset='svg_entypo-fontello'><svg version=\"1.1\" xmlns=\"http:\/\/www.w3.org\/2000\/svg\" width=\"29\" height=\"32\" viewbox=\"0 0 29 32\" preserveaspectratio=\"xMidYMid meet\" aria-labelledby='av-svg-title-387' aria-describedby='av-svg-desc-387' role=\"graphics-symbol\" aria-hidden=\"true\">\n<title id='av-svg-title-387'>Ajouter au panier<\/title>\n<desc id='av-svg-desc-387'>Ajouter au panier<\/desc>\n<path d=\"M4.8 27.2q0-1.28 0.96-2.24t2.24-0.96q1.344 0 2.272 0.96t0.928 2.24q0 1.344-0.928 2.272t-2.272 0.928q-1.28 0-2.24-0.928t-0.96-2.272zM20.8 27.2q0-1.28 0.96-2.24t2.24-0.96q1.344 0 2.272 0.96t0.928 2.24q0 1.344-0.928 2.272t-2.272 0.928q-1.28 0-2.24-0.928t-0.96-2.272zM10.496 19.648q-1.152 0.32-1.088 0.736t1.408 0.416h17.984v2.432q0 0.64-0.64 0.64h-20.928q-0.64 0-0.64-0.64v-2.432l-0.32-1.472-3.136-14.528h-3.136v-2.56q0-0.64 0.64-0.64h4.992q0.64 0 0.64 0.64v2.752h22.528v8.768q0 0.704-0.576 0.832z\"><\/path>\n<\/svg><\/span>  Ajouter au panier<\/a>\t<span id=\"woocommerce_loop_add_to_cart_link_describedby_4849\" class=\"screen-reader-text\">\n\t\t\t<\/span>\n<a class=\"button show_details_button\" href=\"https:\/\/www.raffinessen.ch\/fr\/produit\/antik-muehle-nussbaum\/\"><span class=\"avia-svg-icon avia-font-svg_entypo-fontello\" data-av_svg_icon='doc-text' data-av_iconset='svg_entypo-fontello'><svg version=\"1.1\" xmlns=\"http:\/\/www.w3.org\/2000\/svg\" width=\"22\" height=\"32\" viewbox=\"0 0 22 32\" preserveaspectratio=\"xMidYMid meet\" aria-labelledby='av-svg-title-388' aria-describedby='av-svg-desc-388' role=\"graphics-symbol\" aria-hidden=\"true\">\n<title id='av-svg-title-388'>Voir les d\u00e9tails<\/title>\n<desc id='av-svg-desc-388'>Voir les d\u00e9tails<\/desc>\n<path d=\"M6.784 17.344v-2.88h8.96v2.88h-8.96zM19.2 1.6q1.344 0 2.272 0.928t0.928 2.272v22.4q0 1.28-0.928 2.24t-2.272 0.96h-16q-1.28 0-2.24-0.96t-0.96-2.24v-22.4q0-1.344 0.96-2.272t2.24-0.928h16zM19.2 27.2v-22.4h-16v22.4h16zM15.68 8.256v2.816h-8.96v-2.816h8.96zM15.68 20.8v2.816h-8.96v-2.816h8.96z\"><\/path>\n<\/svg><\/span>  Voir les d\u00e9tails<\/a> <span class=\"button-mini-delimiter\"><\/span><\/div><\/div><\/li>\n<li class=\"product type-product post-4853 status-publish first outofstock product_cat-muehlen-und-behaelter product_cat-swiss-made has-post-thumbnail taxable shipping-taxable purchasable product-type-simple\">\n\t<div class='inner_product main_color wrapped_style noLightbox  av-product-class-'><a href=\"https:\/\/www.raffinessen.ch\/fr\/produit\/antik-muehle-birnbaum\/\" class=\"woocommerce-LoopProduct-link woocommerce-loop-product__link\"><div class=\"thumbnail_container\"><img decoding=\"async\" loading=\"lazy\" width=\"500\" height=\"500\" src=\"https:\/\/www.raffinessen.ch\/webseite\/wp-content\/uploads\/2019\/12\/muehle-antik-birnbaum-500x500.jpg\" class=\"wp-image-4850 avia-img-lazy-loading-4850 attachment-woocommerce_thumbnail size-woocommerce_thumbnail wp-post-image\" alt=\"\" srcset=\"https:\/\/www.raffinessen.ch\/webseite\/wp-content\/uploads\/2019\/12\/muehle-antik-birnbaum-500x500.jpg 500w, https:\/\/www.raffinessen.ch\/webseite\/wp-content\/uploads\/2019\/12\/muehle-antik-birnbaum-300x300.jpg 300w, https:\/\/www.raffinessen.ch\/webseite\/wp-content\/uploads\/2019\/12\/muehle-antik-birnbaum-1030x1030.jpg 1030w, https:\/\/www.raffinessen.ch\/webseite\/wp-content\/uploads\/2019\/12\/muehle-antik-birnbaum-80x80.jpg 80w, https:\/\/www.raffinessen.ch\/webseite\/wp-content\/uploads\/2019\/12\/muehle-antik-birnbaum-768x768.jpg 768w, https:\/\/www.raffinessen.ch\/webseite\/wp-content\/uploads\/2019\/12\/muehle-antik-birnbaum-1536x1536.jpg 1536w, https:\/\/www.raffinessen.ch\/webseite\/wp-content\/uploads\/2019\/12\/muehle-antik-birnbaum-36x36.jpg 36w, https:\/\/www.raffinessen.ch\/webseite\/wp-content\/uploads\/2019\/12\/muehle-antik-birnbaum-180x180.jpg 180w, https:\/\/www.raffinessen.ch\/webseite\/wp-content\/uploads\/2019\/12\/muehle-antik-birnbaum-1500x1500.jpg 1500w, https:\/\/www.raffinessen.ch\/webseite\/wp-content\/uploads\/2019\/12\/muehle-antik-birnbaum-705x705.jpg 705w, https:\/\/www.raffinessen.ch\/webseite\/wp-content\/uploads\/2019\/12\/muehle-antik-birnbaum-100x100.jpg 100w, https:\/\/www.raffinessen.ch\/webseite\/wp-content\/uploads\/2019\/12\/muehle-antik-birnbaum-1000x1000.jpg 1000w, https:\/\/www.raffinessen.ch\/webseite\/wp-content\/uploads\/2019\/12\/muehle-antik-birnbaum.jpg 2000w\" sizes=\"auto, (max-width: 500px) 100vw, 500px\" \/><span class=\"cart-loading\"><\/span><\/div><div class='inner_product_header'><div class='avia-arrow'><\/div><div class='inner_product_header_table'><div class='inner_product_header_cell'><h2 class=\"woocommerce-loop-product__title\">Moulin \u00e0 poivre ANTIK Poirier <br \/>(Swiss Made)<\/h2>\n\t<span class=\"price\"><span class=\"woocommerce-Price-amount amount\"><bdi><span class=\"woocommerce-Price-currencySymbol\">&#67;&#72;&#70;<\/span>&nbsp;70.00<\/bdi><\/span> <small class=\"woocommerce-price-suffix\">TVA incluse<\/small><\/span>\n<\/div><\/div><\/div><\/a><div class='avia_cart_buttons'><a href=\"https:\/\/www.raffinessen.ch\/fr\/produit\/antik-muehle-birnbaum\/\" aria-describedby=\"woocommerce_loop_add_to_cart_link_describedby_4853\" data-quantity=\"1\" class=\"button product_type_simple\" data-product_id=\"4853\" data-product_sku=\"GWO-015\" aria-label=\"En savoir plus sur \u201cPfefferm\u00fchle ANTIK Birnbaum (Swiss Made)\u201d\" rel=\"nofollow\" data-success_message=\"\" data-no-translation-aria-label=\"\"><span class=\"avia-svg-icon avia-font-svg_entypo-fontello\" data-av_svg_icon='basket' data-av_iconset='svg_entypo-fontello'><svg version=\"1.1\" xmlns=\"http:\/\/www.w3.org\/2000\/svg\" width=\"29\" height=\"32\" viewbox=\"0 0 29 32\" preserveaspectratio=\"xMidYMid meet\" aria-labelledby='av-svg-title-389' aria-describedby='av-svg-desc-389' role=\"graphics-symbol\" aria-hidden=\"true\">\n<title id='av-svg-title-389'>Ajouter au panier<\/title>\n<desc id='av-svg-desc-389'>Ajouter au panier<\/desc>\n<path d=\"M4.8 27.2q0-1.28 0.96-2.24t2.24-0.96q1.344 0 2.272 0.96t0.928 2.24q0 1.344-0.928 2.272t-2.272 0.928q-1.28 0-2.24-0.928t-0.96-2.272zM20.8 27.2q0-1.28 0.96-2.24t2.24-0.96q1.344 0 2.272 0.96t0.928 2.24q0 1.344-0.928 2.272t-2.272 0.928q-1.28 0-2.24-0.928t-0.96-2.272zM10.496 19.648q-1.152 0.32-1.088 0.736t1.408 0.416h17.984v2.432q0 0.64-0.64 0.64h-20.928q-0.64 0-0.64-0.64v-2.432l-0.32-1.472-3.136-14.528h-3.136v-2.56q0-0.64 0.64-0.64h4.992q0.64 0 0.64 0.64v2.752h22.528v8.768q0 0.704-0.576 0.832z\"><\/path>\n<\/svg><\/span>  Lire la suite<\/a>\t<span id=\"woocommerce_loop_add_to_cart_link_describedby_4853\" class=\"screen-reader-text\">\n\t\t\t<\/span>\n<a class=\"button show_details_button\" href=\"https:\/\/www.raffinessen.ch\/fr\/produit\/antik-muehle-birnbaum\/\"><span class=\"avia-svg-icon avia-font-svg_entypo-fontello\" data-av_svg_icon='doc-text' data-av_iconset='svg_entypo-fontello'><svg version=\"1.1\" xmlns=\"http:\/\/www.w3.org\/2000\/svg\" width=\"22\" height=\"32\" viewbox=\"0 0 22 32\" preserveaspectratio=\"xMidYMid meet\" aria-labelledby='av-svg-title-390' aria-describedby='av-svg-desc-390' role=\"graphics-symbol\" aria-hidden=\"true\">\n<title id='av-svg-title-390'>Voir les d\u00e9tails<\/title>\n<desc id='av-svg-desc-390'>Voir les d\u00e9tails<\/desc>\n<path d=\"M6.784 17.344v-2.88h8.96v2.88h-8.96zM19.2 1.6q1.344 0 2.272 0.928t0.928 2.272v22.4q0 1.28-0.928 2.24t-2.272 0.96h-16q-1.28 0-2.24-0.96t-0.96-2.24v-22.4q0-1.344 0.96-2.272t2.24-0.928h16zM19.2 27.2v-22.4h-16v22.4h16zM15.68 8.256v2.816h-8.96v-2.816h8.96zM15.68 20.8v2.816h-8.96v-2.816h8.96z\"><\/path>\n<\/svg><\/span>  Voir les d\u00e9tails<\/a> <span class=\"button-mini-delimiter\"><\/span><\/div><\/div><\/li>\n<li class=\"product type-product post-5712 status-publish instock product_cat-muehlen-und-behaelter product_cat-swiss-made has-post-thumbnail taxable shipping-taxable purchasable product-type-simple\">\n\t<div class='inner_product main_color wrapped_style noLightbox  av-product-class-'><a href=\"https:\/\/www.raffinessen.ch\/fr\/produit\/gewuerzmuehle-fichte-swiss-made\/\" class=\"woocommerce-LoopProduct-link woocommerce-loop-product__link\"><div class=\"thumbnail_container\"><img loading=\"lazy\" decoding=\"async\" width=\"500\" height=\"500\" src=\"https:\/\/www.raffinessen.ch\/webseite\/wp-content\/uploads\/2020\/04\/fichte-muehle-rustikal-liegend-500x500.jpg\" class=\"attachment-woocommerce_thumbnail avia-product-hover\" alt=\"\" srcset=\"https:\/\/www.raffinessen.ch\/webseite\/wp-content\/uploads\/2020\/04\/fichte-muehle-rustikal-liegend-500x500.jpg 500w, https:\/\/www.raffinessen.ch\/webseite\/wp-content\/uploads\/2020\/04\/fichte-muehle-rustikal-liegend-300x300.jpg 300w, https:\/\/www.raffinessen.ch\/webseite\/wp-content\/uploads\/2020\/04\/fichte-muehle-rustikal-liegend-1030x1030.jpg 1030w, https:\/\/www.raffinessen.ch\/webseite\/wp-content\/uploads\/2020\/04\/fichte-muehle-rustikal-liegend-80x80.jpg 80w, https:\/\/www.raffinessen.ch\/webseite\/wp-content\/uploads\/2020\/04\/fichte-muehle-rustikal-liegend-768x768.jpg 768w, https:\/\/www.raffinessen.ch\/webseite\/wp-content\/uploads\/2020\/04\/fichte-muehle-rustikal-liegend-1536x1536.jpg 1536w, https:\/\/www.raffinessen.ch\/webseite\/wp-content\/uploads\/2020\/04\/fichte-muehle-rustikal-liegend-2048x2048.jpg 2048w, https:\/\/www.raffinessen.ch\/webseite\/wp-content\/uploads\/2020\/04\/fichte-muehle-rustikal-liegend-36x36.jpg 36w, https:\/\/www.raffinessen.ch\/webseite\/wp-content\/uploads\/2020\/04\/fichte-muehle-rustikal-liegend-180x180.jpg 180w, https:\/\/www.raffinessen.ch\/webseite\/wp-content\/uploads\/2020\/04\/fichte-muehle-rustikal-liegend-1500x1500.jpg 1500w, https:\/\/www.raffinessen.ch\/webseite\/wp-content\/uploads\/2020\/04\/fichte-muehle-rustikal-liegend-705x705.jpg 705w, https:\/\/www.raffinessen.ch\/webseite\/wp-content\/uploads\/2020\/04\/fichte-muehle-rustikal-liegend-100x100.jpg 100w, https:\/\/www.raffinessen.ch\/webseite\/wp-content\/uploads\/2020\/04\/fichte-muehle-rustikal-liegend-1000x1000.jpg 1000w\" sizes=\"auto, (max-width: 500px) 100vw, 500px\" \/><img decoding=\"async\" loading=\"lazy\" width=\"500\" height=\"500\" src=\"https:\/\/www.raffinessen.ch\/webseite\/wp-content\/uploads\/2020\/04\/fichte-muehle-rustikal-zu-500x500.jpg\" class=\"wp-image-5694 avia-img-lazy-loading-5694 attachment-woocommerce_thumbnail size-woocommerce_thumbnail wp-post-image\" alt=\"\" srcset=\"https:\/\/www.raffinessen.ch\/webseite\/wp-content\/uploads\/2020\/04\/fichte-muehle-rustikal-zu-500x500.jpg 500w, https:\/\/www.raffinessen.ch\/webseite\/wp-content\/uploads\/2020\/04\/fichte-muehle-rustikal-zu-300x300.jpg 300w, https:\/\/www.raffinessen.ch\/webseite\/wp-content\/uploads\/2020\/04\/fichte-muehle-rustikal-zu-1030x1030.jpg 1030w, https:\/\/www.raffinessen.ch\/webseite\/wp-content\/uploads\/2020\/04\/fichte-muehle-rustikal-zu-80x80.jpg 80w, https:\/\/www.raffinessen.ch\/webseite\/wp-content\/uploads\/2020\/04\/fichte-muehle-rustikal-zu-768x768.jpg 768w, https:\/\/www.raffinessen.ch\/webseite\/wp-content\/uploads\/2020\/04\/fichte-muehle-rustikal-zu-1536x1536.jpg 1536w, https:\/\/www.raffinessen.ch\/webseite\/wp-content\/uploads\/2020\/04\/fichte-muehle-rustikal-zu-2048x2048.jpg 2048w, https:\/\/www.raffinessen.ch\/webseite\/wp-content\/uploads\/2020\/04\/fichte-muehle-rustikal-zu-36x36.jpg 36w, https:\/\/www.raffinessen.ch\/webseite\/wp-content\/uploads\/2020\/04\/fichte-muehle-rustikal-zu-180x180.jpg 180w, https:\/\/www.raffinessen.ch\/webseite\/wp-content\/uploads\/2020\/04\/fichte-muehle-rustikal-zu-1500x1500.jpg 1500w, https:\/\/www.raffinessen.ch\/webseite\/wp-content\/uploads\/2020\/04\/fichte-muehle-rustikal-zu-705x705.jpg 705w, https:\/\/www.raffinessen.ch\/webseite\/wp-content\/uploads\/2020\/04\/fichte-muehle-rustikal-zu-100x100.jpg 100w, https:\/\/www.raffinessen.ch\/webseite\/wp-content\/uploads\/2020\/04\/fichte-muehle-rustikal-zu-1000x1000.jpg 1000w\" sizes=\"auto, (max-width: 500px) 100vw, 500px\" \/><span class=\"cart-loading\"><\/span><\/div><div class='inner_product_header'><div class='avia-arrow'><\/div><div class='inner_product_header_table'><div class='inner_product_header_cell'><h2 class=\"woocommerce-loop-product__title\">Moulin \u00e0 \u00e9pices RUSTIKAL \u00e9pic\u00e9a <br \/>(Swiss Made)<\/h2>\n\t<span class=\"price\"><span class=\"woocommerce-Price-amount amount\"><bdi><span class=\"woocommerce-Price-currencySymbol\">&#67;&#72;&#70;<\/span>&nbsp;70.00<\/bdi><\/span> <small class=\"woocommerce-price-suffix\">TVA incluse<\/small><\/span>\n<\/div><\/div><\/div><\/a><div class='avia_cart_buttons'><a href=\"\/fr\/wp-json\/wp\/v2\/pages\/9012?add-to-cart=5712\" aria-describedby=\"woocommerce_loop_add_to_cart_link_describedby_5712\" data-quantity=\"1\" class=\"button product_type_simple add_to_cart_button ajax_add_to_cart\" data-product_id=\"5712\" data-product_sku=\"GWO-017\" aria-label=\"Ajouter au panier\u00a0: \u201cGew\u00fcrzm\u00fchle RUSTIKAL Fichte (Swiss Made)\u201d\" rel=\"nofollow\" data-success_message=\"\u00ab\u00a0Gew\u00fcrzm\u00fchle RUSTIKAL Fichte &lt;br \/&gt;(Swiss Made)\u00a0\u00bb a \u00e9t\u00e9 ajout\u00e9 \u00e0 votre panier\" role=\"button\" data-no-translation-aria-label=\"\" data-no-translation-data-success_message=\"\"><span class=\"avia-svg-icon avia-font-svg_entypo-fontello\" data-av_svg_icon='basket' data-av_iconset='svg_entypo-fontello'><svg version=\"1.1\" xmlns=\"http:\/\/www.w3.org\/2000\/svg\" width=\"29\" height=\"32\" viewbox=\"0 0 29 32\" preserveaspectratio=\"xMidYMid meet\" aria-labelledby='av-svg-title-391' aria-describedby='av-svg-desc-391' role=\"graphics-symbol\" aria-hidden=\"true\">\n<title id='av-svg-title-391'>Ajouter au panier<\/title>\n<desc id='av-svg-desc-391'>Ajouter au panier<\/desc>\n<path d=\"M4.8 27.2q0-1.28 0.96-2.24t2.24-0.96q1.344 0 2.272 0.96t0.928 2.24q0 1.344-0.928 2.272t-2.272 0.928q-1.28 0-2.24-0.928t-0.96-2.272zM20.8 27.2q0-1.28 0.96-2.24t2.24-0.96q1.344 0 2.272 0.96t0.928 2.24q0 1.344-0.928 2.272t-2.272 0.928q-1.28 0-2.24-0.928t-0.96-2.272zM10.496 19.648q-1.152 0.32-1.088 0.736t1.408 0.416h17.984v2.432q0 0.64-0.64 0.64h-20.928q-0.64 0-0.64-0.64v-2.432l-0.32-1.472-3.136-14.528h-3.136v-2.56q0-0.64 0.64-0.64h4.992q0.64 0 0.64 0.64v2.752h22.528v8.768q0 0.704-0.576 0.832z\"><\/path>\n<\/svg><\/span>  Ajouter au panier<\/a>\t<span id=\"woocommerce_loop_add_to_cart_link_describedby_5712\" class=\"screen-reader-text\">\n\t\t\t<\/span>\n<a class=\"button show_details_button\" href=\"https:\/\/www.raffinessen.ch\/fr\/produit\/gewuerzmuehle-fichte-swiss-made\/\"><span class=\"avia-svg-icon avia-font-svg_entypo-fontello\" data-av_svg_icon='doc-text' data-av_iconset='svg_entypo-fontello'><svg version=\"1.1\" xmlns=\"http:\/\/www.w3.org\/2000\/svg\" width=\"22\" height=\"32\" viewbox=\"0 0 22 32\" preserveaspectratio=\"xMidYMid meet\" aria-labelledby='av-svg-title-392' aria-describedby='av-svg-desc-392' role=\"graphics-symbol\" aria-hidden=\"true\">\n<title id='av-svg-title-392'>Voir les d\u00e9tails<\/title>\n<desc id='av-svg-desc-392'>Voir les d\u00e9tails<\/desc>\n<path d=\"M6.784 17.344v-2.88h8.96v2.88h-8.96zM19.2 1.6q1.344 0 2.272 0.928t0.928 2.272v22.4q0 1.28-0.928 2.24t-2.272 0.96h-16q-1.28 0-2.24-0.96t-0.96-2.24v-22.4q0-1.344 0.96-2.272t2.24-0.928h16zM19.2 27.2v-22.4h-16v22.4h16zM15.68 8.256v2.816h-8.96v-2.816h8.96zM15.68 20.8v2.816h-8.96v-2.816h8.96z\"><\/path>\n<\/svg><\/span>  Voir les d\u00e9tails<\/a> <span class=\"button-mini-delimiter\"><\/span><\/div><\/div><\/li>\n<\/ul><\/div><\/div><div class=\"clear\"><\/div><br \/>\n\n<style type=\"text\/css\" data-created_by=\"avia_inline_auto\" id=\"style-css-av-kunyfhy2-af2cdd49b2bbb45475a718ff743e4f40\">\n#top .av-special-heading.av-kunyfhy2-af2cdd49b2bbb45475a718ff743e4f40{\npadding-bottom:10px;\n}\nbody .av-special-heading.av-kunyfhy2-af2cdd49b2bbb45475a718ff743e4f40 .av-special-heading-tag .heading-char{\nfont-size:25px;\n}\n.av-special-heading.av-kunyfhy2-af2cdd49b2bbb45475a718ff743e4f40 .av-subheading{\nfont-size:15px;\n}\n<\/style>\n<div  id=\"muehlen\"  class='av-special-heading av-kunyfhy2-af2cdd49b2bbb45475a718ff743e4f40 av-special-heading-h3 blockquote modern-quote modern-centered'><h3 class='av-special-heading-tag'  itemprop=\"headline\"  >Moulins<\/h3><div class=\"special-heading-border\"><div class=\"special-heading-inner-border\"><\/div><\/div><\/div><br \/>\n<div  class='avia-product-slider-container av-kunygn88-77e491b7bd367cd80ec8ce837be06cee template-shop avia-content-slider avia-content-grid-active shop_columns_4 avia-content-slider-even av-slideshow-ui av-slider-hover-pause av-slideshow-manual av-loop-once av-loop-manual-endless avia-product-slider12' data-slideshow-options=\"{&quot;animation&quot;:&quot;fade&quot;,&quot;autoplay&quot;:false,&quot;loop_autoplay&quot;:&quot;once&quot;,&quot;interval&quot;:5,&quot;loop_manual&quot;:&quot;manual-endless&quot;,&quot;autoplay_stopper&quot;:false,&quot;noNavigation&quot;:false,&quot;bg_slider&quot;:false,&quot;keep_padding&quot;:false,&quot;hoverpause&quot;:true,&quot;show_slide_delay&quot;:0}\"><div class='avia-content-slider-inner'><ul class=\"products\"><li class=\"product type-product post-20331 status-publish first instock product_cat-muehlen product_cat-muehlen-und-behaelter product_cat-swiss-made product_cat-top4 has-post-thumbnail taxable shipping-taxable purchasable product-type-simple\">\n\t<div class='inner_product main_color wrapped_style noLightbox  av-product-class-'><a href=\"https:\/\/www.raffinessen.ch\/fr\/produit\/gewuerzmuehle-neo-dreifarbig\/\" class=\"woocommerce-LoopProduct-link woocommerce-loop-product__link\"><div class=\"thumbnail_container\"><img loading=\"lazy\" decoding=\"async\" width=\"500\" height=\"500\" src=\"https:\/\/www.raffinessen.ch\/webseite\/wp-content\/uploads\/2025\/12\/NEO_Deckel-offen-Boden-500x500.jpg\" class=\"attachment-woocommerce_thumbnail avia-product-hover\" alt=\"\" srcset=\"https:\/\/www.raffinessen.ch\/webseite\/wp-content\/uploads\/2025\/12\/NEO_Deckel-offen-Boden-500x500.jpg 500w, https:\/\/www.raffinessen.ch\/webseite\/wp-content\/uploads\/2025\/12\/NEO_Deckel-offen-Boden-300x300.jpg 300w, https:\/\/www.raffinessen.ch\/webseite\/wp-content\/uploads\/2025\/12\/NEO_Deckel-offen-Boden-1030x1030.jpg 1030w, https:\/\/www.raffinessen.ch\/webseite\/wp-content\/uploads\/2025\/12\/NEO_Deckel-offen-Boden-80x80.jpg 80w, https:\/\/www.raffinessen.ch\/webseite\/wp-content\/uploads\/2025\/12\/NEO_Deckel-offen-Boden-768x768.jpg 768w, https:\/\/www.raffinessen.ch\/webseite\/wp-content\/uploads\/2025\/12\/NEO_Deckel-offen-Boden-12x12.jpg 12w, https:\/\/www.raffinessen.ch\/webseite\/wp-content\/uploads\/2025\/12\/NEO_Deckel-offen-Boden-36x36.jpg 36w, https:\/\/www.raffinessen.ch\/webseite\/wp-content\/uploads\/2025\/12\/NEO_Deckel-offen-Boden-180x180.jpg 180w, https:\/\/www.raffinessen.ch\/webseite\/wp-content\/uploads\/2025\/12\/NEO_Deckel-offen-Boden-705x705.jpg 705w, https:\/\/www.raffinessen.ch\/webseite\/wp-content\/uploads\/2025\/12\/NEO_Deckel-offen-Boden-120x120.jpg 120w, https:\/\/www.raffinessen.ch\/webseite\/wp-content\/uploads\/2025\/12\/NEO_Deckel-offen-Boden-450x450.jpg 450w, https:\/\/www.raffinessen.ch\/webseite\/wp-content\/uploads\/2025\/12\/NEO_Deckel-offen-Boden-1000x1000.jpg 1000w, https:\/\/www.raffinessen.ch\/webseite\/wp-content\/uploads\/2025\/12\/NEO_Deckel-offen-Boden-100x100.jpg 100w, https:\/\/www.raffinessen.ch\/webseite\/wp-content\/uploads\/2025\/12\/NEO_Deckel-offen-Boden.jpg 1500w\" sizes=\"auto, (max-width: 500px) 100vw, 500px\" \/><img decoding=\"async\" loading=\"lazy\" width=\"500\" height=\"500\" src=\"https:\/\/www.raffinessen.ch\/webseite\/wp-content\/uploads\/2025\/12\/NEO_dreifarbig-500x500.jpg\" class=\"wp-image-20332 avia-img-lazy-loading-20332 attachment-woocommerce_thumbnail size-woocommerce_thumbnail wp-post-image\" alt=\"\" srcset=\"https:\/\/www.raffinessen.ch\/webseite\/wp-content\/uploads\/2025\/12\/NEO_dreifarbig-500x500.jpg 500w, https:\/\/www.raffinessen.ch\/webseite\/wp-content\/uploads\/2025\/12\/NEO_dreifarbig-300x300.jpg 300w, https:\/\/www.raffinessen.ch\/webseite\/wp-content\/uploads\/2025\/12\/NEO_dreifarbig-1030x1030.jpg 1030w, https:\/\/www.raffinessen.ch\/webseite\/wp-content\/uploads\/2025\/12\/NEO_dreifarbig-80x80.jpg 80w, https:\/\/www.raffinessen.ch\/webseite\/wp-content\/uploads\/2025\/12\/NEO_dreifarbig-768x768.jpg 768w, https:\/\/www.raffinessen.ch\/webseite\/wp-content\/uploads\/2025\/12\/NEO_dreifarbig-12x12.jpg 12w, https:\/\/www.raffinessen.ch\/webseite\/wp-content\/uploads\/2025\/12\/NEO_dreifarbig-36x36.jpg 36w, https:\/\/www.raffinessen.ch\/webseite\/wp-content\/uploads\/2025\/12\/NEO_dreifarbig-180x180.jpg 180w, https:\/\/www.raffinessen.ch\/webseite\/wp-content\/uploads\/2025\/12\/NEO_dreifarbig-705x705.jpg 705w, https:\/\/www.raffinessen.ch\/webseite\/wp-content\/uploads\/2025\/12\/NEO_dreifarbig-120x120.jpg 120w, https:\/\/www.raffinessen.ch\/webseite\/wp-content\/uploads\/2025\/12\/NEO_dreifarbig-450x450.jpg 450w, https:\/\/www.raffinessen.ch\/webseite\/wp-content\/uploads\/2025\/12\/NEO_dreifarbig-1000x1000.jpg 1000w, https:\/\/www.raffinessen.ch\/webseite\/wp-content\/uploads\/2025\/12\/NEO_dreifarbig-100x100.jpg 100w, https:\/\/www.raffinessen.ch\/webseite\/wp-content\/uploads\/2025\/12\/NEO_dreifarbig.jpg 1500w\" sizes=\"auto, (max-width: 500px) 100vw, 500px\" \/><span class=\"cart-loading\"><\/span><\/div><div class='inner_product_header'><div class='avia-arrow'><\/div><div class='inner_product_header_table'><div class='inner_product_header_cell'><h2 class=\"woocommerce-loop-product__title\">Gew\u00fcrzm\u00fchle NEO &#8211; dreifarbig<\/h2>\n\t<span class=\"price\"><span class=\"woocommerce-Price-amount amount\"><bdi><span class=\"woocommerce-Price-currencySymbol\">&#67;&#72;&#70;<\/span>&nbsp;29.00<\/bdi><\/span> <small class=\"woocommerce-price-suffix\">TVA incluse<\/small><\/span>\n<\/div><\/div><\/div><\/a><div class='avia_cart_buttons'><a href=\"\/fr\/wp-json\/wp\/v2\/pages\/9012?add-to-cart=20331\" aria-describedby=\"woocommerce_loop_add_to_cart_link_describedby_20331\" data-quantity=\"1\" class=\"button product_type_simple add_to_cart_button ajax_add_to_cart\" data-product_id=\"20331\" data-product_sku=\"GWO-027\" aria-label=\"Ajouter au panier\u00a0: \u201cGew\u00fcrzm\u00fchle NEO - dreifarbig\u201d\" rel=\"nofollow\" data-success_message=\"\u00ab\u00a0Gew\u00fcrzm\u00fchle NEO - dreifarbig\u00a0\u00bb a \u00e9t\u00e9 ajout\u00e9 \u00e0 votre panier\" role=\"button\" data-no-translation-aria-label=\"\" data-no-translation-data-success_message=\"\"><span class=\"avia-svg-icon avia-font-svg_entypo-fontello\" data-av_svg_icon='basket' data-av_iconset='svg_entypo-fontello'><svg version=\"1.1\" xmlns=\"http:\/\/www.w3.org\/2000\/svg\" width=\"29\" height=\"32\" viewbox=\"0 0 29 32\" preserveaspectratio=\"xMidYMid meet\" aria-labelledby='av-svg-title-393' aria-describedby='av-svg-desc-393' role=\"graphics-symbol\" aria-hidden=\"true\">\n<title id='av-svg-title-393'>Ajouter au panier<\/title>\n<desc id='av-svg-desc-393'>Ajouter au panier<\/desc>\n<path d=\"M4.8 27.2q0-1.28 0.96-2.24t2.24-0.96q1.344 0 2.272 0.96t0.928 2.24q0 1.344-0.928 2.272t-2.272 0.928q-1.28 0-2.24-0.928t-0.96-2.272zM20.8 27.2q0-1.28 0.96-2.24t2.24-0.96q1.344 0 2.272 0.96t0.928 2.24q0 1.344-0.928 2.272t-2.272 0.928q-1.28 0-2.24-0.928t-0.96-2.272zM10.496 19.648q-1.152 0.32-1.088 0.736t1.408 0.416h17.984v2.432q0 0.64-0.64 0.64h-20.928q-0.64 0-0.64-0.64v-2.432l-0.32-1.472-3.136-14.528h-3.136v-2.56q0-0.64 0.64-0.64h4.992q0.64 0 0.64 0.64v2.752h22.528v8.768q0 0.704-0.576 0.832z\"><\/path>\n<\/svg><\/span>  Ajouter au panier<\/a>\t<span id=\"woocommerce_loop_add_to_cart_link_describedby_20331\" class=\"screen-reader-text\">\n\t\t\t<\/span>\n<a class=\"button show_details_button\" href=\"https:\/\/www.raffinessen.ch\/fr\/produit\/gewuerzmuehle-neo-dreifarbig\/\"><span class=\"avia-svg-icon avia-font-svg_entypo-fontello\" data-av_svg_icon='doc-text' data-av_iconset='svg_entypo-fontello'><svg version=\"1.1\" xmlns=\"http:\/\/www.w3.org\/2000\/svg\" width=\"22\" height=\"32\" viewbox=\"0 0 22 32\" preserveaspectratio=\"xMidYMid meet\" aria-labelledby='av-svg-title-394' aria-describedby='av-svg-desc-394' role=\"graphics-symbol\" aria-hidden=\"true\">\n<title id='av-svg-title-394'>Voir les d\u00e9tails<\/title>\n<desc id='av-svg-desc-394'>Voir les d\u00e9tails<\/desc>\n<path d=\"M6.784 17.344v-2.88h8.96v2.88h-8.96zM19.2 1.6q1.344 0 2.272 0.928t0.928 2.272v22.4q0 1.28-0.928 2.24t-2.272 0.96h-16q-1.28 0-2.24-0.96t-0.96-2.24v-22.4q0-1.344 0.96-2.272t2.24-0.928h16zM19.2 27.2v-22.4h-16v22.4h16zM15.68 8.256v2.816h-8.96v-2.816h8.96zM15.68 20.8v2.816h-8.96v-2.816h8.96z\"><\/path>\n<\/svg><\/span>  Voir les d\u00e9tails<\/a> <span class=\"button-mini-delimiter\"><\/span><\/div><\/div><\/li>\n<li class=\"product type-product post-4747 status-publish instock product_cat-muehlen has-post-thumbnail taxable shipping-taxable purchasable product-type-simple\">\n\t<div class='inner_product main_color wrapped_style noLightbox  av-product-class-'><a href=\"https:\/\/www.raffinessen.ch\/fr\/produit\/mehrwegmuehle-mit-keramikmahlwerk\/\" class=\"woocommerce-LoopProduct-link woocommerce-loop-product__link\"><div class=\"thumbnail_container\"><img loading=\"lazy\" decoding=\"async\" width=\"500\" height=\"500\" src=\"https:\/\/www.raffinessen.ch\/webseite\/wp-content\/uploads\/2020\/04\/Doku_New-York-mini-01-500x500.jpg\" class=\"attachment-woocommerce_thumbnail avia-product-hover\" alt=\"\" srcset=\"https:\/\/www.raffinessen.ch\/webseite\/wp-content\/uploads\/2020\/04\/Doku_New-York-mini-01-500x500.jpg 500w, https:\/\/www.raffinessen.ch\/webseite\/wp-content\/uploads\/2020\/04\/Doku_New-York-mini-01-300x300.jpg 300w, https:\/\/www.raffinessen.ch\/webseite\/wp-content\/uploads\/2020\/04\/Doku_New-York-mini-01-1030x1030.jpg 1030w, https:\/\/www.raffinessen.ch\/webseite\/wp-content\/uploads\/2020\/04\/Doku_New-York-mini-01-80x80.jpg 80w, https:\/\/www.raffinessen.ch\/webseite\/wp-content\/uploads\/2020\/04\/Doku_New-York-mini-01-768x768.jpg 768w, https:\/\/www.raffinessen.ch\/webseite\/wp-content\/uploads\/2020\/04\/Doku_New-York-mini-01-1536x1536.jpg 1536w, https:\/\/www.raffinessen.ch\/webseite\/wp-content\/uploads\/2020\/04\/Doku_New-York-mini-01-36x36.jpg 36w, https:\/\/www.raffinessen.ch\/webseite\/wp-content\/uploads\/2020\/04\/Doku_New-York-mini-01-180x180.jpg 180w, https:\/\/www.raffinessen.ch\/webseite\/wp-content\/uploads\/2020\/04\/Doku_New-York-mini-01-1500x1500.jpg 1500w, https:\/\/www.raffinessen.ch\/webseite\/wp-content\/uploads\/2020\/04\/Doku_New-York-mini-01-705x705.jpg 705w, https:\/\/www.raffinessen.ch\/webseite\/wp-content\/uploads\/2020\/04\/Doku_New-York-mini-01-100x100.jpg 100w, https:\/\/www.raffinessen.ch\/webseite\/wp-content\/uploads\/2020\/04\/Doku_New-York-mini-01-1000x1000.jpg 1000w, https:\/\/www.raffinessen.ch\/webseite\/wp-content\/uploads\/2020\/04\/Doku_New-York-mini-01.jpg 2000w\" sizes=\"auto, (max-width: 500px) 100vw, 500px\" \/><img decoding=\"async\" loading=\"lazy\" width=\"500\" height=\"500\" src=\"https:\/\/www.raffinessen.ch\/webseite\/wp-content\/uploads\/2019\/12\/MM_Webshop--500x500.jpg\" class=\"wp-image-5812 avia-img-lazy-loading-5812 attachment-woocommerce_thumbnail size-woocommerce_thumbnail wp-post-image\" alt=\"\" srcset=\"https:\/\/www.raffinessen.ch\/webseite\/wp-content\/uploads\/2019\/12\/MM_Webshop--500x500.jpg 500w, https:\/\/www.raffinessen.ch\/webseite\/wp-content\/uploads\/2019\/12\/MM_Webshop--300x300.jpg 300w, https:\/\/www.raffinessen.ch\/webseite\/wp-content\/uploads\/2019\/12\/MM_Webshop--1030x1030.jpg 1030w, https:\/\/www.raffinessen.ch\/webseite\/wp-content\/uploads\/2019\/12\/MM_Webshop--80x80.jpg 80w, https:\/\/www.raffinessen.ch\/webseite\/wp-content\/uploads\/2019\/12\/MM_Webshop--768x768.jpg 768w, https:\/\/www.raffinessen.ch\/webseite\/wp-content\/uploads\/2019\/12\/MM_Webshop--1536x1536.jpg 1536w, https:\/\/www.raffinessen.ch\/webseite\/wp-content\/uploads\/2019\/12\/MM_Webshop--36x36.jpg 36w, https:\/\/www.raffinessen.ch\/webseite\/wp-content\/uploads\/2019\/12\/MM_Webshop--180x180.jpg 180w, https:\/\/www.raffinessen.ch\/webseite\/wp-content\/uploads\/2019\/12\/MM_Webshop--1500x1500.jpg 1500w, https:\/\/www.raffinessen.ch\/webseite\/wp-content\/uploads\/2019\/12\/MM_Webshop--705x705.jpg 705w, https:\/\/www.raffinessen.ch\/webseite\/wp-content\/uploads\/2019\/12\/MM_Webshop--100x100.jpg 100w, https:\/\/www.raffinessen.ch\/webseite\/wp-content\/uploads\/2019\/12\/MM_Webshop--1000x1000.jpg 1000w, https:\/\/www.raffinessen.ch\/webseite\/wp-content\/uploads\/2019\/12\/MM_Webshop-.jpg 2000w\" sizes=\"auto, (max-width: 500px) 100vw, 500px\" \/><span class=\"cart-loading\"><\/span><\/div><div class='inner_product_header'><div class='avia-arrow'><\/div><div class='inner_product_header_table'><div class='inner_product_header_cell'><h2 class=\"woocommerce-loop-product__title\">Moulin \u00e0 \u00e9pices r\u00e9utilisable KYO<\/h2>\n\t<span class=\"price\"><span class=\"woocommerce-Price-amount amount\"><bdi><span class=\"woocommerce-Price-currencySymbol\">&#67;&#72;&#70;<\/span>&nbsp;5.00<\/bdi><\/span> <small class=\"woocommerce-price-suffix\">TVA incluse<\/small><\/span>\n<\/div><\/div><\/div><\/a><div class='avia_cart_buttons'><a href=\"\/fr\/wp-json\/wp\/v2\/pages\/9012?add-to-cart=4747\" aria-describedby=\"woocommerce_loop_add_to_cart_link_describedby_4747\" data-quantity=\"1\" class=\"button product_type_simple add_to_cart_button ajax_add_to_cart\" data-product_id=\"4747\" data-product_sku=\"EVO-004\" aria-label=\"Ajouter au panier\u00a0: \u201cMehrweg-Gew\u00fcrzm\u00fchle KYO\u201d\" rel=\"nofollow\" data-success_message=\"\u00ab\u00a0Mehrweg-Gew\u00fcrzm\u00fchle KYO\u00a0\u00bb a \u00e9t\u00e9 ajout\u00e9 \u00e0 votre panier\" role=\"button\" data-no-translation-aria-label=\"\" data-no-translation-data-success_message=\"\"><span class=\"avia-svg-icon avia-font-svg_entypo-fontello\" data-av_svg_icon='basket' data-av_iconset='svg_entypo-fontello'><svg version=\"1.1\" xmlns=\"http:\/\/www.w3.org\/2000\/svg\" width=\"29\" height=\"32\" viewbox=\"0 0 29 32\" preserveaspectratio=\"xMidYMid meet\" aria-labelledby='av-svg-title-395' aria-describedby='av-svg-desc-395' role=\"graphics-symbol\" aria-hidden=\"true\">\n<title id='av-svg-title-395'>Ajouter au panier<\/title>\n<desc id='av-svg-desc-395'>Ajouter au panier<\/desc>\n<path d=\"M4.8 27.2q0-1.28 0.96-2.24t2.24-0.96q1.344 0 2.272 0.96t0.928 2.24q0 1.344-0.928 2.272t-2.272 0.928q-1.28 0-2.24-0.928t-0.96-2.272zM20.8 27.2q0-1.28 0.96-2.24t2.24-0.96q1.344 0 2.272 0.96t0.928 2.24q0 1.344-0.928 2.272t-2.272 0.928q-1.28 0-2.24-0.928t-0.96-2.272zM10.496 19.648q-1.152 0.32-1.088 0.736t1.408 0.416h17.984v2.432q0 0.64-0.64 0.64h-20.928q-0.64 0-0.64-0.64v-2.432l-0.32-1.472-3.136-14.528h-3.136v-2.56q0-0.64 0.64-0.64h4.992q0.64 0 0.64 0.64v2.752h22.528v8.768q0 0.704-0.576 0.832z\"><\/path>\n<\/svg><\/span>  Ajouter au panier<\/a>\t<span id=\"woocommerce_loop_add_to_cart_link_describedby_4747\" class=\"screen-reader-text\">\n\t\t\t<\/span>\n<a class=\"button show_details_button\" href=\"https:\/\/www.raffinessen.ch\/fr\/produit\/mehrwegmuehle-mit-keramikmahlwerk\/\"><span class=\"avia-svg-icon avia-font-svg_entypo-fontello\" data-av_svg_icon='doc-text' data-av_iconset='svg_entypo-fontello'><svg version=\"1.1\" xmlns=\"http:\/\/www.w3.org\/2000\/svg\" width=\"22\" height=\"32\" viewbox=\"0 0 22 32\" preserveaspectratio=\"xMidYMid meet\" aria-labelledby='av-svg-title-396' aria-describedby='av-svg-desc-396' role=\"graphics-symbol\" aria-hidden=\"true\">\n<title id='av-svg-title-396'>Voir les d\u00e9tails<\/title>\n<desc id='av-svg-desc-396'>Voir les d\u00e9tails<\/desc>\n<path d=\"M6.784 17.344v-2.88h8.96v2.88h-8.96zM19.2 1.6q1.344 0 2.272 0.928t0.928 2.272v22.4q0 1.28-0.928 2.24t-2.272 0.96h-16q-1.28 0-2.24-0.96t-0.96-2.24v-22.4q0-1.344 0.96-2.272t2.24-0.928h16zM19.2 27.2v-22.4h-16v22.4h16zM15.68 8.256v2.816h-8.96v-2.816h8.96zM15.68 20.8v2.816h-8.96v-2.816h8.96z\"><\/path>\n<\/svg><\/span>  Voir les d\u00e9tails<\/a> <span class=\"button-mini-delimiter\"><\/span><\/div><\/div><\/li>\n<li class=\"product type-product post-5722 status-publish instock product_cat-muehlen product_cat-muehlen-und-behaelter has-post-thumbnail taxable shipping-taxable purchasable product-type-simple\">\n\t<div class='inner_product main_color wrapped_style noLightbox  av-product-class-'><a href=\"https:\/\/www.raffinessen.ch\/fr\/produit\/set-reisemuehlen-mit-keramikmahlwerk\/\" class=\"woocommerce-LoopProduct-link woocommerce-loop-product__link\"><div class=\"thumbnail_container\"><img loading=\"lazy\" decoding=\"async\" width=\"500\" height=\"500\" src=\"https:\/\/www.raffinessen.ch\/webseite\/wp-content\/uploads\/2020\/04\/NY-Mini_schwarz-liegend-weiss-1-500x500.jpg\" class=\"attachment-woocommerce_thumbnail avia-product-hover\" alt=\"\" srcset=\"https:\/\/www.raffinessen.ch\/webseite\/wp-content\/uploads\/2020\/04\/NY-Mini_schwarz-liegend-weiss-1-500x500.jpg 500w, https:\/\/www.raffinessen.ch\/webseite\/wp-content\/uploads\/2020\/04\/NY-Mini_schwarz-liegend-weiss-1-300x300.jpg 300w, https:\/\/www.raffinessen.ch\/webseite\/wp-content\/uploads\/2020\/04\/NY-Mini_schwarz-liegend-weiss-1-1030x1030.jpg 1030w, https:\/\/www.raffinessen.ch\/webseite\/wp-content\/uploads\/2020\/04\/NY-Mini_schwarz-liegend-weiss-1-80x80.jpg 80w, https:\/\/www.raffinessen.ch\/webseite\/wp-content\/uploads\/2020\/04\/NY-Mini_schwarz-liegend-weiss-1-768x768.jpg 768w, https:\/\/www.raffinessen.ch\/webseite\/wp-content\/uploads\/2020\/04\/NY-Mini_schwarz-liegend-weiss-1-1536x1536.jpg 1536w, https:\/\/www.raffinessen.ch\/webseite\/wp-content\/uploads\/2020\/04\/NY-Mini_schwarz-liegend-weiss-1-36x36.jpg 36w, https:\/\/www.raffinessen.ch\/webseite\/wp-content\/uploads\/2020\/04\/NY-Mini_schwarz-liegend-weiss-1-180x180.jpg 180w, https:\/\/www.raffinessen.ch\/webseite\/wp-content\/uploads\/2020\/04\/NY-Mini_schwarz-liegend-weiss-1-1500x1500.jpg 1500w, https:\/\/www.raffinessen.ch\/webseite\/wp-content\/uploads\/2020\/04\/NY-Mini_schwarz-liegend-weiss-1-705x705.jpg 705w, https:\/\/www.raffinessen.ch\/webseite\/wp-content\/uploads\/2020\/04\/NY-Mini_schwarz-liegend-weiss-1-100x100.jpg 100w, https:\/\/www.raffinessen.ch\/webseite\/wp-content\/uploads\/2020\/04\/NY-Mini_schwarz-liegend-weiss-1-1000x1000.jpg 1000w, https:\/\/www.raffinessen.ch\/webseite\/wp-content\/uploads\/2020\/04\/NY-Mini_schwarz-liegend-weiss-1.jpg 2000w\" sizes=\"auto, (max-width: 500px) 100vw, 500px\" \/><img decoding=\"async\" loading=\"lazy\" width=\"500\" height=\"500\" src=\"https:\/\/www.raffinessen.ch\/webseite\/wp-content\/uploads\/2020\/04\/NY-Mini_schwarz-weiss-1-500x500.jpg\" class=\"wp-image-5755 avia-img-lazy-loading-5755 attachment-woocommerce_thumbnail size-woocommerce_thumbnail wp-post-image\" alt=\"\" srcset=\"https:\/\/www.raffinessen.ch\/webseite\/wp-content\/uploads\/2020\/04\/NY-Mini_schwarz-weiss-1-500x500.jpg 500w, https:\/\/www.raffinessen.ch\/webseite\/wp-content\/uploads\/2020\/04\/NY-Mini_schwarz-weiss-1-300x300.jpg 300w, https:\/\/www.raffinessen.ch\/webseite\/wp-content\/uploads\/2020\/04\/NY-Mini_schwarz-weiss-1-1030x1030.jpg 1030w, https:\/\/www.raffinessen.ch\/webseite\/wp-content\/uploads\/2020\/04\/NY-Mini_schwarz-weiss-1-80x80.jpg 80w, https:\/\/www.raffinessen.ch\/webseite\/wp-content\/uploads\/2020\/04\/NY-Mini_schwarz-weiss-1-768x768.jpg 768w, https:\/\/www.raffinessen.ch\/webseite\/wp-content\/uploads\/2020\/04\/NY-Mini_schwarz-weiss-1-1536x1536.jpg 1536w, https:\/\/www.raffinessen.ch\/webseite\/wp-content\/uploads\/2020\/04\/NY-Mini_schwarz-weiss-1-36x36.jpg 36w, https:\/\/www.raffinessen.ch\/webseite\/wp-content\/uploads\/2020\/04\/NY-Mini_schwarz-weiss-1-180x180.jpg 180w, https:\/\/www.raffinessen.ch\/webseite\/wp-content\/uploads\/2020\/04\/NY-Mini_schwarz-weiss-1-1500x1500.jpg 1500w, https:\/\/www.raffinessen.ch\/webseite\/wp-content\/uploads\/2020\/04\/NY-Mini_schwarz-weiss-1-705x705.jpg 705w, https:\/\/www.raffinessen.ch\/webseite\/wp-content\/uploads\/2020\/04\/NY-Mini_schwarz-weiss-1-100x100.jpg 100w, https:\/\/www.raffinessen.ch\/webseite\/wp-content\/uploads\/2020\/04\/NY-Mini_schwarz-weiss-1-1000x1000.jpg 1000w, https:\/\/www.raffinessen.ch\/webseite\/wp-content\/uploads\/2020\/04\/NY-Mini_schwarz-weiss-1.jpg 2000w\" sizes=\"auto, (max-width: 500px) 100vw, 500px\" \/><span class=\"cart-loading\"><\/span><\/div><div class='inner_product_header'><div class='avia-arrow'><\/div><div class='inner_product_header_table'><div class='inner_product_header_cell'><h2 class=\"woocommerce-loop-product__title\">SET - 2 moulins de voyage avec broyeur en c\u00e9ramique<\/h2>\n\t<span class=\"price\"><span class=\"woocommerce-Price-amount amount\"><bdi><span class=\"woocommerce-Price-currencySymbol\">&#67;&#72;&#70;<\/span>&nbsp;20.00<\/bdi><\/span> <small class=\"woocommerce-price-suffix\">TVA incluse<\/small><\/span>\n<\/div><\/div><\/div><\/a><div class='avia_cart_buttons'><a href=\"\/fr\/wp-json\/wp\/v2\/pages\/9012?add-to-cart=5722\" aria-describedby=\"woocommerce_loop_add_to_cart_link_describedby_5722\" data-quantity=\"1\" class=\"button product_type_simple add_to_cart_button ajax_add_to_cart\" data-product_id=\"5722\" data-product_sku=\"GSO-029\" aria-label=\"Ajouter au panier\u00a0: \u201cSET - 2 Reisem\u00fchlen mit Keramikmahlwerk\u201d\" rel=\"nofollow\" data-success_message=\"\u00ab\u00a0SET - 2 Reisem\u00fchlen mit Keramikmahlwerk\u00a0\u00bb a \u00e9t\u00e9 ajout\u00e9 \u00e0 votre panier\" role=\"button\" data-no-translation-aria-label=\"\" data-no-translation-data-success_message=\"\"><span class=\"avia-svg-icon avia-font-svg_entypo-fontello\" data-av_svg_icon='basket' data-av_iconset='svg_entypo-fontello'><svg version=\"1.1\" xmlns=\"http:\/\/www.w3.org\/2000\/svg\" width=\"29\" height=\"32\" viewbox=\"0 0 29 32\" preserveaspectratio=\"xMidYMid meet\" aria-labelledby='av-svg-title-397' aria-describedby='av-svg-desc-397' role=\"graphics-symbol\" aria-hidden=\"true\">\n<title id='av-svg-title-397'>Ajouter au panier<\/title>\n<desc id='av-svg-desc-397'>Ajouter au panier<\/desc>\n<path d=\"M4.8 27.2q0-1.28 0.96-2.24t2.24-0.96q1.344 0 2.272 0.96t0.928 2.24q0 1.344-0.928 2.272t-2.272 0.928q-1.28 0-2.24-0.928t-0.96-2.272zM20.8 27.2q0-1.28 0.96-2.24t2.24-0.96q1.344 0 2.272 0.96t0.928 2.24q0 1.344-0.928 2.272t-2.272 0.928q-1.28 0-2.24-0.928t-0.96-2.272zM10.496 19.648q-1.152 0.32-1.088 0.736t1.408 0.416h17.984v2.432q0 0.64-0.64 0.64h-20.928q-0.64 0-0.64-0.64v-2.432l-0.32-1.472-3.136-14.528h-3.136v-2.56q0-0.64 0.64-0.64h4.992q0.64 0 0.64 0.64v2.752h22.528v8.768q0 0.704-0.576 0.832z\"><\/path>\n<\/svg><\/span>  Ajouter au panier<\/a>\t<span id=\"woocommerce_loop_add_to_cart_link_describedby_5722\" class=\"screen-reader-text\">\n\t\t\t<\/span>\n<a class=\"button show_details_button\" href=\"https:\/\/www.raffinessen.ch\/fr\/produit\/set-reisemuehlen-mit-keramikmahlwerk\/\"><span class=\"avia-svg-icon avia-font-svg_entypo-fontello\" data-av_svg_icon='doc-text' data-av_iconset='svg_entypo-fontello'><svg version=\"1.1\" xmlns=\"http:\/\/www.w3.org\/2000\/svg\" width=\"22\" height=\"32\" viewbox=\"0 0 22 32\" preserveaspectratio=\"xMidYMid meet\" aria-labelledby='av-svg-title-398' aria-describedby='av-svg-desc-398' role=\"graphics-symbol\" aria-hidden=\"true\">\n<title id='av-svg-title-398'>Voir les d\u00e9tails<\/title>\n<desc id='av-svg-desc-398'>Voir les d\u00e9tails<\/desc>\n<path d=\"M6.784 17.344v-2.88h8.96v2.88h-8.96zM19.2 1.6q1.344 0 2.272 0.928t0.928 2.272v22.4q0 1.28-0.928 2.24t-2.272 0.96h-16q-1.28 0-2.24-0.96t-0.96-2.24v-22.4q0-1.344 0.96-2.272t2.24-0.928h16zM19.2 27.2v-22.4h-16v22.4h16zM15.68 8.256v2.816h-8.96v-2.816h8.96zM15.68 20.8v2.816h-8.96v-2.816h8.96z\"><\/path>\n<\/svg><\/span>  Voir les d\u00e9tails<\/a> <span class=\"button-mini-delimiter\"><\/span><\/div><\/div><\/li>\n<li class=\"product type-product post-4755 status-publish last instock product_cat-muehlen has-post-thumbnail taxable shipping-taxable purchasable product-type-simple\">\n\t<div class='inner_product main_color wrapped_style noLightbox  av-product-class-'><a href=\"https:\/\/www.raffinessen.ch\/fr\/produit\/gewuerzmuehle-yann\/\" class=\"woocommerce-LoopProduct-link woocommerce-loop-product__link\"><div class=\"thumbnail_container\"><img loading=\"lazy\" decoding=\"async\" width=\"500\" height=\"500\" src=\"https:\/\/www.raffinessen.ch\/webseite\/wp-content\/uploads\/2019\/12\/yann-liegend-einzeln-500x500.jpg\" class=\"attachment-woocommerce_thumbnail avia-product-hover\" alt=\"\" srcset=\"https:\/\/www.raffinessen.ch\/webseite\/wp-content\/uploads\/2019\/12\/yann-liegend-einzeln-500x500.jpg 500w, https:\/\/www.raffinessen.ch\/webseite\/wp-content\/uploads\/2019\/12\/yann-liegend-einzeln-300x300.jpg 300w, https:\/\/www.raffinessen.ch\/webseite\/wp-content\/uploads\/2019\/12\/yann-liegend-einzeln-1030x1030.jpg 1030w, https:\/\/www.raffinessen.ch\/webseite\/wp-content\/uploads\/2019\/12\/yann-liegend-einzeln-80x80.jpg 80w, https:\/\/www.raffinessen.ch\/webseite\/wp-content\/uploads\/2019\/12\/yann-liegend-einzeln-768x768.jpg 768w, https:\/\/www.raffinessen.ch\/webseite\/wp-content\/uploads\/2019\/12\/yann-liegend-einzeln-1536x1536.jpg 1536w, https:\/\/www.raffinessen.ch\/webseite\/wp-content\/uploads\/2019\/12\/yann-liegend-einzeln-36x36.jpg 36w, https:\/\/www.raffinessen.ch\/webseite\/wp-content\/uploads\/2019\/12\/yann-liegend-einzeln-180x180.jpg 180w, https:\/\/www.raffinessen.ch\/webseite\/wp-content\/uploads\/2019\/12\/yann-liegend-einzeln-1500x1500.jpg 1500w, https:\/\/www.raffinessen.ch\/webseite\/wp-content\/uploads\/2019\/12\/yann-liegend-einzeln-705x705.jpg 705w, https:\/\/www.raffinessen.ch\/webseite\/wp-content\/uploads\/2019\/12\/yann-liegend-einzeln-100x100.jpg 100w, https:\/\/www.raffinessen.ch\/webseite\/wp-content\/uploads\/2019\/12\/yann-liegend-einzeln-1000x1000.jpg 1000w, https:\/\/www.raffinessen.ch\/webseite\/wp-content\/uploads\/2019\/12\/yann-liegend-einzeln.jpg 2000w\" sizes=\"auto, (max-width: 500px) 100vw, 500px\" \/><img decoding=\"async\" loading=\"lazy\" width=\"500\" height=\"500\" src=\"https:\/\/www.raffinessen.ch\/webseite\/wp-content\/uploads\/2019\/12\/yann-muehle-1-500x500.jpg\" class=\"wp-image-4756 avia-img-lazy-loading-4756 attachment-woocommerce_thumbnail size-woocommerce_thumbnail wp-post-image\" alt=\"\" srcset=\"https:\/\/www.raffinessen.ch\/webseite\/wp-content\/uploads\/2019\/12\/yann-muehle-1-500x500.jpg 500w, https:\/\/www.raffinessen.ch\/webseite\/wp-content\/uploads\/2019\/12\/yann-muehle-1-300x300.jpg 300w, https:\/\/www.raffinessen.ch\/webseite\/wp-content\/uploads\/2019\/12\/yann-muehle-1-1030x1030.jpg 1030w, https:\/\/www.raffinessen.ch\/webseite\/wp-content\/uploads\/2019\/12\/yann-muehle-1-80x80.jpg 80w, https:\/\/www.raffinessen.ch\/webseite\/wp-content\/uploads\/2019\/12\/yann-muehle-1-768x768.jpg 768w, https:\/\/www.raffinessen.ch\/webseite\/wp-content\/uploads\/2019\/12\/yann-muehle-1-1536x1536.jpg 1536w, https:\/\/www.raffinessen.ch\/webseite\/wp-content\/uploads\/2019\/12\/yann-muehle-1-2048x2048.jpg 2048w, https:\/\/www.raffinessen.ch\/webseite\/wp-content\/uploads\/2019\/12\/yann-muehle-1-36x36.jpg 36w, https:\/\/www.raffinessen.ch\/webseite\/wp-content\/uploads\/2019\/12\/yann-muehle-1-180x180.jpg 180w, https:\/\/www.raffinessen.ch\/webseite\/wp-content\/uploads\/2019\/12\/yann-muehle-1-1500x1500.jpg 1500w, https:\/\/www.raffinessen.ch\/webseite\/wp-content\/uploads\/2019\/12\/yann-muehle-1-705x705.jpg 705w, https:\/\/www.raffinessen.ch\/webseite\/wp-content\/uploads\/2019\/12\/yann-muehle-1-100x100.jpg 100w, https:\/\/www.raffinessen.ch\/webseite\/wp-content\/uploads\/2019\/12\/yann-muehle-1-1000x1000.jpg 1000w\" sizes=\"auto, (max-width: 500px) 100vw, 500px\" \/><span class=\"cart-loading\"><\/span><\/div><div class='inner_product_header'><div class='avia-arrow'><\/div><div class='inner_product_header_table'><div class='inner_product_header_cell'><h2 class=\"woocommerce-loop-product__title\">Moulin \u00e0 \u00e9pices YANN<\/h2>\n\t<span class=\"price\"><span class=\"woocommerce-Price-amount amount\"><bdi><span class=\"woocommerce-Price-currencySymbol\">&#67;&#72;&#70;<\/span>&nbsp;20.00<\/bdi><\/span> <small class=\"woocommerce-price-suffix\">TVA incluse<\/small><\/span>\n<\/div><\/div><\/div><\/a><div class='avia_cart_buttons'><a href=\"\/fr\/wp-json\/wp\/v2\/pages\/9012?add-to-cart=4755\" aria-describedby=\"woocommerce_loop_add_to_cart_link_describedby_4755\" data-quantity=\"1\" class=\"button product_type_simple add_to_cart_button ajax_add_to_cart\" data-product_id=\"4755\" data-product_sku=\"GWO-012\" aria-label=\"Ajouter au panier\u00a0: \u201cGew\u00fcrzm\u00fchle YANN\u201d\" rel=\"nofollow\" data-success_message=\"\u00ab\u00a0Gew\u00fcrzm\u00fchle YANN\u00a0\u00bb a \u00e9t\u00e9 ajout\u00e9 \u00e0 votre panier\" role=\"button\" data-no-translation-aria-label=\"\" data-no-translation-data-success_message=\"\"><span class=\"avia-svg-icon avia-font-svg_entypo-fontello\" data-av_svg_icon='basket' data-av_iconset='svg_entypo-fontello'><svg version=\"1.1\" xmlns=\"http:\/\/www.w3.org\/2000\/svg\" width=\"29\" height=\"32\" viewbox=\"0 0 29 32\" preserveaspectratio=\"xMidYMid meet\" aria-labelledby='av-svg-title-399' aria-describedby='av-svg-desc-399' role=\"graphics-symbol\" aria-hidden=\"true\">\n<title id='av-svg-title-399'>Ajouter au panier<\/title>\n<desc id='av-svg-desc-399'>Ajouter au panier<\/desc>\n<path d=\"M4.8 27.2q0-1.28 0.96-2.24t2.24-0.96q1.344 0 2.272 0.96t0.928 2.24q0 1.344-0.928 2.272t-2.272 0.928q-1.28 0-2.24-0.928t-0.96-2.272zM20.8 27.2q0-1.28 0.96-2.24t2.24-0.96q1.344 0 2.272 0.96t0.928 2.24q0 1.344-0.928 2.272t-2.272 0.928q-1.28 0-2.24-0.928t-0.96-2.272zM10.496 19.648q-1.152 0.32-1.088 0.736t1.408 0.416h17.984v2.432q0 0.64-0.64 0.64h-20.928q-0.64 0-0.64-0.64v-2.432l-0.32-1.472-3.136-14.528h-3.136v-2.56q0-0.64 0.64-0.64h4.992q0.64 0 0.64 0.64v2.752h22.528v8.768q0 0.704-0.576 0.832z\"><\/path>\n<\/svg><\/span>  Ajouter au panier<\/a>\t<span id=\"woocommerce_loop_add_to_cart_link_describedby_4755\" class=\"screen-reader-text\">\n\t\t\t<\/span>\n<a class=\"button show_details_button\" href=\"https:\/\/www.raffinessen.ch\/fr\/produit\/gewuerzmuehle-yann\/\"><span class=\"avia-svg-icon avia-font-svg_entypo-fontello\" data-av_svg_icon='doc-text' data-av_iconset='svg_entypo-fontello'><svg version=\"1.1\" xmlns=\"http:\/\/www.w3.org\/2000\/svg\" width=\"22\" height=\"32\" viewbox=\"0 0 22 32\" preserveaspectratio=\"xMidYMid meet\" aria-labelledby='av-svg-title-400' aria-describedby='av-svg-desc-400' role=\"graphics-symbol\" aria-hidden=\"true\">\n<title id='av-svg-title-400'>Voir les d\u00e9tails<\/title>\n<desc id='av-svg-desc-400'>Voir les d\u00e9tails<\/desc>\n<path d=\"M6.784 17.344v-2.88h8.96v2.88h-8.96zM19.2 1.6q1.344 0 2.272 0.928t0.928 2.272v22.4q0 1.28-0.928 2.24t-2.272 0.96h-16q-1.28 0-2.24-0.96t-0.96-2.24v-22.4q0-1.344 0.96-2.272t2.24-0.928h16zM19.2 27.2v-22.4h-16v22.4h16zM15.68 8.256v2.816h-8.96v-2.816h8.96zM15.68 20.8v2.816h-8.96v-2.816h8.96z\"><\/path>\n<\/svg><\/span>  Voir les d\u00e9tails<\/a> <span class=\"button-mini-delimiter\"><\/span><\/div><\/div><\/li>\n<li class=\"product type-product post-4762 status-publish first instock product_cat-muehlen has-post-thumbnail taxable shipping-taxable purchasable product-type-simple\">\n\t<div class='inner_product main_color wrapped_style noLightbox  av-product-class-'><a href=\"https:\/\/www.raffinessen.ch\/fr\/produit\/gewuerzmuehle-yann-2er-set\/\" class=\"woocommerce-LoopProduct-link woocommerce-loop-product__link\"><div class=\"thumbnail_container\"><img loading=\"lazy\" decoding=\"async\" width=\"500\" height=\"500\" src=\"https:\/\/www.raffinessen.ch\/webseite\/wp-content\/uploads\/2019\/12\/yann-muehle-liegend-500x500.jpg\" class=\"attachment-woocommerce_thumbnail avia-product-hover\" alt=\"\" srcset=\"https:\/\/www.raffinessen.ch\/webseite\/wp-content\/uploads\/2019\/12\/yann-muehle-liegend-500x500.jpg 500w, https:\/\/www.raffinessen.ch\/webseite\/wp-content\/uploads\/2019\/12\/yann-muehle-liegend-300x300.jpg 300w, https:\/\/www.raffinessen.ch\/webseite\/wp-content\/uploads\/2019\/12\/yann-muehle-liegend-1030x1030.jpg 1030w, https:\/\/www.raffinessen.ch\/webseite\/wp-content\/uploads\/2019\/12\/yann-muehle-liegend-80x80.jpg 80w, https:\/\/www.raffinessen.ch\/webseite\/wp-content\/uploads\/2019\/12\/yann-muehle-liegend-768x768.jpg 768w, https:\/\/www.raffinessen.ch\/webseite\/wp-content\/uploads\/2019\/12\/yann-muehle-liegend-36x36.jpg 36w, https:\/\/www.raffinessen.ch\/webseite\/wp-content\/uploads\/2019\/12\/yann-muehle-liegend-180x180.jpg 180w, https:\/\/www.raffinessen.ch\/webseite\/wp-content\/uploads\/2019\/12\/yann-muehle-liegend-705x705.jpg 705w, https:\/\/www.raffinessen.ch\/webseite\/wp-content\/uploads\/2019\/12\/yann-muehle-liegend-100x100.jpg 100w, https:\/\/www.raffinessen.ch\/webseite\/wp-content\/uploads\/2019\/12\/yann-muehle-liegend-1000x1000.jpg 1000w, https:\/\/www.raffinessen.ch\/webseite\/wp-content\/uploads\/2019\/12\/yann-muehle-liegend.jpg 1333w\" sizes=\"auto, (max-width: 500px) 100vw, 500px\" \/><img decoding=\"async\" loading=\"lazy\" width=\"500\" height=\"500\" src=\"https:\/\/www.raffinessen.ch\/webseite\/wp-content\/uploads\/2019\/12\/yann-muehle-2-500x500.jpg\" class=\"wp-image-4763 avia-img-lazy-loading-4763 attachment-woocommerce_thumbnail size-woocommerce_thumbnail wp-post-image\" alt=\"\" srcset=\"https:\/\/www.raffinessen.ch\/webseite\/wp-content\/uploads\/2019\/12\/yann-muehle-2-500x500.jpg 500w, https:\/\/www.raffinessen.ch\/webseite\/wp-content\/uploads\/2019\/12\/yann-muehle-2-300x300.jpg 300w, https:\/\/www.raffinessen.ch\/webseite\/wp-content\/uploads\/2019\/12\/yann-muehle-2-1030x1030.jpg 1030w, https:\/\/www.raffinessen.ch\/webseite\/wp-content\/uploads\/2019\/12\/yann-muehle-2-80x80.jpg 80w, https:\/\/www.raffinessen.ch\/webseite\/wp-content\/uploads\/2019\/12\/yann-muehle-2-768x768.jpg 768w, https:\/\/www.raffinessen.ch\/webseite\/wp-content\/uploads\/2019\/12\/yann-muehle-2-1536x1536.jpg 1536w, https:\/\/www.raffinessen.ch\/webseite\/wp-content\/uploads\/2019\/12\/yann-muehle-2-2048x2048.jpg 2048w, https:\/\/www.raffinessen.ch\/webseite\/wp-content\/uploads\/2019\/12\/yann-muehle-2-36x36.jpg 36w, https:\/\/www.raffinessen.ch\/webseite\/wp-content\/uploads\/2019\/12\/yann-muehle-2-180x180.jpg 180w, https:\/\/www.raffinessen.ch\/webseite\/wp-content\/uploads\/2019\/12\/yann-muehle-2-1500x1500.jpg 1500w, https:\/\/www.raffinessen.ch\/webseite\/wp-content\/uploads\/2019\/12\/yann-muehle-2-705x705.jpg 705w, https:\/\/www.raffinessen.ch\/webseite\/wp-content\/uploads\/2019\/12\/yann-muehle-2-100x100.jpg 100w, https:\/\/www.raffinessen.ch\/webseite\/wp-content\/uploads\/2019\/12\/yann-muehle-2-1000x1000.jpg 1000w\" sizes=\"auto, (max-width: 500px) 100vw, 500px\" \/><span class=\"cart-loading\"><\/span><\/div><div class='inner_product_header'><div class='avia-arrow'><\/div><div class='inner_product_header_table'><div class='inner_product_header_cell'><h2 class=\"woocommerce-loop-product__title\">SET - 2x moulin \u00e0 \u00e9pices YANN<\/h2>\n\t<span class=\"price\"><span class=\"woocommerce-Price-amount amount\"><bdi><span class=\"woocommerce-Price-currencySymbol\">&#67;&#72;&#70;<\/span>&nbsp;35.00<\/bdi><\/span> <small class=\"woocommerce-price-suffix\">TVA incluse<\/small><\/span>\n<\/div><\/div><\/div><\/a><div class='avia_cart_buttons'><a href=\"\/fr\/wp-json\/wp\/v2\/pages\/9012?add-to-cart=4762\" aria-describedby=\"woocommerce_loop_add_to_cart_link_describedby_4762\" data-quantity=\"1\" class=\"button product_type_simple add_to_cart_button ajax_add_to_cart\" data-product_id=\"4762\" data-product_sku=\"GSO-027\" aria-label=\"Ajouter au panier\u00a0: \u201cSET - 2x Gew\u00fcrzm\u00fchle YANN\u201d\" rel=\"nofollow\" data-success_message=\"\u00ab\u00a0SET - 2x Gew\u00fcrzm\u00fchle YANN\u00a0\u00bb a \u00e9t\u00e9 ajout\u00e9 \u00e0 votre panier\" role=\"button\" data-no-translation-aria-label=\"\" data-no-translation-data-success_message=\"\"><span class=\"avia-svg-icon avia-font-svg_entypo-fontello\" data-av_svg_icon='basket' data-av_iconset='svg_entypo-fontello'><svg version=\"1.1\" xmlns=\"http:\/\/www.w3.org\/2000\/svg\" width=\"29\" height=\"32\" viewbox=\"0 0 29 32\" preserveaspectratio=\"xMidYMid meet\" aria-labelledby='av-svg-title-401' aria-describedby='av-svg-desc-401' role=\"graphics-symbol\" aria-hidden=\"true\">\n<title id='av-svg-title-401'>Ajouter au panier<\/title>\n<desc id='av-svg-desc-401'>Ajouter au panier<\/desc>\n<path d=\"M4.8 27.2q0-1.28 0.96-2.24t2.24-0.96q1.344 0 2.272 0.96t0.928 2.24q0 1.344-0.928 2.272t-2.272 0.928q-1.28 0-2.24-0.928t-0.96-2.272zM20.8 27.2q0-1.28 0.96-2.24t2.24-0.96q1.344 0 2.272 0.96t0.928 2.24q0 1.344-0.928 2.272t-2.272 0.928q-1.28 0-2.24-0.928t-0.96-2.272zM10.496 19.648q-1.152 0.32-1.088 0.736t1.408 0.416h17.984v2.432q0 0.64-0.64 0.64h-20.928q-0.64 0-0.64-0.64v-2.432l-0.32-1.472-3.136-14.528h-3.136v-2.56q0-0.64 0.64-0.64h4.992q0.64 0 0.64 0.64v2.752h22.528v8.768q0 0.704-0.576 0.832z\"><\/path>\n<\/svg><\/span>  Ajouter au panier<\/a>\t<span id=\"woocommerce_loop_add_to_cart_link_describedby_4762\" class=\"screen-reader-text\">\n\t\t\t<\/span>\n<a class=\"button show_details_button\" href=\"https:\/\/www.raffinessen.ch\/fr\/produit\/gewuerzmuehle-yann-2er-set\/\"><span class=\"avia-svg-icon avia-font-svg_entypo-fontello\" data-av_svg_icon='doc-text' data-av_iconset='svg_entypo-fontello'><svg version=\"1.1\" xmlns=\"http:\/\/www.w3.org\/2000\/svg\" width=\"22\" height=\"32\" viewbox=\"0 0 22 32\" preserveaspectratio=\"xMidYMid meet\" aria-labelledby='av-svg-title-402' aria-describedby='av-svg-desc-402' role=\"graphics-symbol\" aria-hidden=\"true\">\n<title id='av-svg-title-402'>Voir les d\u00e9tails<\/title>\n<desc id='av-svg-desc-402'>Voir les d\u00e9tails<\/desc>\n<path d=\"M6.784 17.344v-2.88h8.96v2.88h-8.96zM19.2 1.6q1.344 0 2.272 0.928t0.928 2.272v22.4q0 1.28-0.928 2.24t-2.272 0.96h-16q-1.28 0-2.24-0.96t-0.96-2.24v-22.4q0-1.344 0.96-2.272t2.24-0.928h16zM19.2 27.2v-22.4h-16v22.4h16zM15.68 8.256v2.816h-8.96v-2.816h8.96zM15.68 20.8v2.816h-8.96v-2.816h8.96z\"><\/path>\n<\/svg><\/span>  Voir les d\u00e9tails<\/a> <span class=\"button-mini-delimiter\"><\/span><\/div><\/div><\/li>\n<li class=\"product type-product post-4782 status-publish instock product_cat-muehlen has-post-thumbnail taxable shipping-taxable purchasable product-type-simple\">\n\t<div class='inner_product main_color wrapped_style noLightbox  av-product-class-'><a href=\"https:\/\/www.raffinessen.ch\/fr\/produit\/gewuerzmuehle-miya-schwarz\/\" class=\"woocommerce-LoopProduct-link woocommerce-loop-product__link\"><div class=\"thumbnail_container\"><img loading=\"lazy\" decoding=\"async\" width=\"500\" height=\"500\" src=\"https:\/\/www.raffinessen.ch\/webseite\/wp-content\/uploads\/2019\/12\/miya-black-liegend-einzeln-500x500.jpg\" class=\"attachment-woocommerce_thumbnail avia-product-hover\" alt=\"\" srcset=\"https:\/\/www.raffinessen.ch\/webseite\/wp-content\/uploads\/2019\/12\/miya-black-liegend-einzeln-500x500.jpg 500w, https:\/\/www.raffinessen.ch\/webseite\/wp-content\/uploads\/2019\/12\/miya-black-liegend-einzeln-300x300.jpg 300w, https:\/\/www.raffinessen.ch\/webseite\/wp-content\/uploads\/2019\/12\/miya-black-liegend-einzeln-1030x1030.jpg 1030w, https:\/\/www.raffinessen.ch\/webseite\/wp-content\/uploads\/2019\/12\/miya-black-liegend-einzeln-80x80.jpg 80w, https:\/\/www.raffinessen.ch\/webseite\/wp-content\/uploads\/2019\/12\/miya-black-liegend-einzeln-768x768.jpg 768w, https:\/\/www.raffinessen.ch\/webseite\/wp-content\/uploads\/2019\/12\/miya-black-liegend-einzeln-1536x1536.jpg 1536w, https:\/\/www.raffinessen.ch\/webseite\/wp-content\/uploads\/2019\/12\/miya-black-liegend-einzeln-36x36.jpg 36w, https:\/\/www.raffinessen.ch\/webseite\/wp-content\/uploads\/2019\/12\/miya-black-liegend-einzeln-180x180.jpg 180w, https:\/\/www.raffinessen.ch\/webseite\/wp-content\/uploads\/2019\/12\/miya-black-liegend-einzeln-1500x1500.jpg 1500w, https:\/\/www.raffinessen.ch\/webseite\/wp-content\/uploads\/2019\/12\/miya-black-liegend-einzeln-705x705.jpg 705w, https:\/\/www.raffinessen.ch\/webseite\/wp-content\/uploads\/2019\/12\/miya-black-liegend-einzeln-100x100.jpg 100w, https:\/\/www.raffinessen.ch\/webseite\/wp-content\/uploads\/2019\/12\/miya-black-liegend-einzeln-1000x1000.jpg 1000w, https:\/\/www.raffinessen.ch\/webseite\/wp-content\/uploads\/2019\/12\/miya-black-liegend-einzeln.jpg 2000w\" sizes=\"auto, (max-width: 500px) 100vw, 500px\" \/><img decoding=\"async\" loading=\"lazy\" width=\"500\" height=\"500\" src=\"https:\/\/www.raffinessen.ch\/webseite\/wp-content\/uploads\/2019\/12\/miya-black-muehle-1-500x500.jpg\" class=\"wp-image-4783 avia-img-lazy-loading-4783 attachment-woocommerce_thumbnail size-woocommerce_thumbnail wp-post-image\" alt=\"\" srcset=\"https:\/\/www.raffinessen.ch\/webseite\/wp-content\/uploads\/2019\/12\/miya-black-muehle-1-500x500.jpg 500w, https:\/\/www.raffinessen.ch\/webseite\/wp-content\/uploads\/2019\/12\/miya-black-muehle-1-300x300.jpg 300w, https:\/\/www.raffinessen.ch\/webseite\/wp-content\/uploads\/2019\/12\/miya-black-muehle-1-1030x1030.jpg 1030w, https:\/\/www.raffinessen.ch\/webseite\/wp-content\/uploads\/2019\/12\/miya-black-muehle-1-80x80.jpg 80w, https:\/\/www.raffinessen.ch\/webseite\/wp-content\/uploads\/2019\/12\/miya-black-muehle-1-768x768.jpg 768w, https:\/\/www.raffinessen.ch\/webseite\/wp-content\/uploads\/2019\/12\/miya-black-muehle-1-1536x1536.jpg 1536w, https:\/\/www.raffinessen.ch\/webseite\/wp-content\/uploads\/2019\/12\/miya-black-muehle-1-2048x2048.jpg 2048w, https:\/\/www.raffinessen.ch\/webseite\/wp-content\/uploads\/2019\/12\/miya-black-muehle-1-36x36.jpg 36w, https:\/\/www.raffinessen.ch\/webseite\/wp-content\/uploads\/2019\/12\/miya-black-muehle-1-180x180.jpg 180w, https:\/\/www.raffinessen.ch\/webseite\/wp-content\/uploads\/2019\/12\/miya-black-muehle-1-1500x1500.jpg 1500w, https:\/\/www.raffinessen.ch\/webseite\/wp-content\/uploads\/2019\/12\/miya-black-muehle-1-705x705.jpg 705w, https:\/\/www.raffinessen.ch\/webseite\/wp-content\/uploads\/2019\/12\/miya-black-muehle-1-100x100.jpg 100w, https:\/\/www.raffinessen.ch\/webseite\/wp-content\/uploads\/2019\/12\/miya-black-muehle-1-1000x1000.jpg 1000w\" sizes=\"auto, (max-width: 500px) 100vw, 500px\" \/><span class=\"cart-loading\"><\/span><\/div><div class='inner_product_header'><div class='avia-arrow'><\/div><div class='inner_product_header_table'><div class='inner_product_header_cell'><h2 class=\"woocommerce-loop-product__title\">Moulin \u00e0 \u00e9pices MIYA noir<\/h2>\n\t<span class=\"price\"><span class=\"woocommerce-Price-amount amount\"><bdi><span class=\"woocommerce-Price-currencySymbol\">&#67;&#72;&#70;<\/span>&nbsp;20.00<\/bdi><\/span> <small class=\"woocommerce-price-suffix\">TVA incluse<\/small><\/span>\n<\/div><\/div><\/div><\/a><div class='avia_cart_buttons'><a href=\"\/fr\/wp-json\/wp\/v2\/pages\/9012?add-to-cart=4782\" aria-describedby=\"woocommerce_loop_add_to_cart_link_describedby_4782\" data-quantity=\"1\" class=\"button product_type_simple add_to_cart_button ajax_add_to_cart\" data-product_id=\"4782\" data-product_sku=\"GWO-003\" aria-label=\"Ajouter au panier\u00a0: \u201cGew\u00fcrzm\u00fchle MIYA schwarz\u201d\" rel=\"nofollow\" data-success_message=\"\u00ab\u00a0Gew\u00fcrzm\u00fchle MIYA schwarz\u00a0\u00bb a \u00e9t\u00e9 ajout\u00e9 \u00e0 votre panier\" role=\"button\" data-no-translation-aria-label=\"\" data-no-translation-data-success_message=\"\"><span class=\"avia-svg-icon avia-font-svg_entypo-fontello\" data-av_svg_icon='basket' data-av_iconset='svg_entypo-fontello'><svg version=\"1.1\" xmlns=\"http:\/\/www.w3.org\/2000\/svg\" width=\"29\" height=\"32\" viewbox=\"0 0 29 32\" preserveaspectratio=\"xMidYMid meet\" aria-labelledby='av-svg-title-403' aria-describedby='av-svg-desc-403' role=\"graphics-symbol\" aria-hidden=\"true\">\n<title id='av-svg-title-403'>Ajouter au panier<\/title>\n<desc id='av-svg-desc-403'>Ajouter au panier<\/desc>\n<path d=\"M4.8 27.2q0-1.28 0.96-2.24t2.24-0.96q1.344 0 2.272 0.96t0.928 2.24q0 1.344-0.928 2.272t-2.272 0.928q-1.28 0-2.24-0.928t-0.96-2.272zM20.8 27.2q0-1.28 0.96-2.24t2.24-0.96q1.344 0 2.272 0.96t0.928 2.24q0 1.344-0.928 2.272t-2.272 0.928q-1.28 0-2.24-0.928t-0.96-2.272zM10.496 19.648q-1.152 0.32-1.088 0.736t1.408 0.416h17.984v2.432q0 0.64-0.64 0.64h-20.928q-0.64 0-0.64-0.64v-2.432l-0.32-1.472-3.136-14.528h-3.136v-2.56q0-0.64 0.64-0.64h4.992q0.64 0 0.64 0.64v2.752h22.528v8.768q0 0.704-0.576 0.832z\"><\/path>\n<\/svg><\/span>  Ajouter au panier<\/a>\t<span id=\"woocommerce_loop_add_to_cart_link_describedby_4782\" class=\"screen-reader-text\">\n\t\t\t<\/span>\n<a class=\"button show_details_button\" href=\"https:\/\/www.raffinessen.ch\/fr\/produit\/gewuerzmuehle-miya-schwarz\/\"><span class=\"avia-svg-icon avia-font-svg_entypo-fontello\" data-av_svg_icon='doc-text' data-av_iconset='svg_entypo-fontello'><svg version=\"1.1\" xmlns=\"http:\/\/www.w3.org\/2000\/svg\" width=\"22\" height=\"32\" viewbox=\"0 0 22 32\" preserveaspectratio=\"xMidYMid meet\" aria-labelledby='av-svg-title-404' aria-describedby='av-svg-desc-404' role=\"graphics-symbol\" aria-hidden=\"true\">\n<title id='av-svg-title-404'>Voir les d\u00e9tails<\/title>\n<desc id='av-svg-desc-404'>Voir les d\u00e9tails<\/desc>\n<path d=\"M6.784 17.344v-2.88h8.96v2.88h-8.96zM19.2 1.6q1.344 0 2.272 0.928t0.928 2.272v22.4q0 1.28-0.928 2.24t-2.272 0.96h-16q-1.28 0-2.24-0.96t-0.96-2.24v-22.4q0-1.344 0.96-2.272t2.24-0.928h16zM19.2 27.2v-22.4h-16v22.4h16zM15.68 8.256v2.816h-8.96v-2.816h8.96zM15.68 20.8v2.816h-8.96v-2.816h8.96z\"><\/path>\n<\/svg><\/span>  Voir les d\u00e9tails<\/a> <span class=\"button-mini-delimiter\"><\/span><\/div><\/div><\/li>\n<li class=\"product type-product post-4785 status-publish instock product_cat-muehlen product_cat-muehlen-und-behaelter has-post-thumbnail taxable shipping-taxable purchasable product-type-simple\">\n\t<div class='inner_product main_color wrapped_style noLightbox  av-product-class-'><a href=\"https:\/\/www.raffinessen.ch\/fr\/produit\/gewuerzmuehle-miya-schwarz-2er-set\/\" class=\"woocommerce-LoopProduct-link woocommerce-loop-product__link\"><div class=\"thumbnail_container\"><img loading=\"lazy\" decoding=\"async\" width=\"500\" height=\"500\" src=\"https:\/\/www.raffinessen.ch\/webseite\/wp-content\/uploads\/2019\/12\/miya-black-muehle-liegend-500x500.jpg\" class=\"attachment-woocommerce_thumbnail avia-product-hover\" alt=\"\" srcset=\"https:\/\/www.raffinessen.ch\/webseite\/wp-content\/uploads\/2019\/12\/miya-black-muehle-liegend-500x500.jpg 500w, https:\/\/www.raffinessen.ch\/webseite\/wp-content\/uploads\/2019\/12\/miya-black-muehle-liegend-300x300.jpg 300w, https:\/\/www.raffinessen.ch\/webseite\/wp-content\/uploads\/2019\/12\/miya-black-muehle-liegend-1030x1030.jpg 1030w, https:\/\/www.raffinessen.ch\/webseite\/wp-content\/uploads\/2019\/12\/miya-black-muehle-liegend-80x80.jpg 80w, https:\/\/www.raffinessen.ch\/webseite\/wp-content\/uploads\/2019\/12\/miya-black-muehle-liegend-768x768.jpg 768w, https:\/\/www.raffinessen.ch\/webseite\/wp-content\/uploads\/2019\/12\/miya-black-muehle-liegend-36x36.jpg 36w, https:\/\/www.raffinessen.ch\/webseite\/wp-content\/uploads\/2019\/12\/miya-black-muehle-liegend-180x180.jpg 180w, https:\/\/www.raffinessen.ch\/webseite\/wp-content\/uploads\/2019\/12\/miya-black-muehle-liegend-705x705.jpg 705w, https:\/\/www.raffinessen.ch\/webseite\/wp-content\/uploads\/2019\/12\/miya-black-muehle-liegend-100x100.jpg 100w, https:\/\/www.raffinessen.ch\/webseite\/wp-content\/uploads\/2019\/12\/miya-black-muehle-liegend-1000x1000.jpg 1000w, https:\/\/www.raffinessen.ch\/webseite\/wp-content\/uploads\/2019\/12\/miya-black-muehle-liegend.jpg 1333w\" sizes=\"auto, (max-width: 500px) 100vw, 500px\" \/><img decoding=\"async\" loading=\"lazy\" width=\"500\" height=\"500\" src=\"https:\/\/www.raffinessen.ch\/webseite\/wp-content\/uploads\/2019\/12\/miya-black-muehle-2-500x500.jpg\" class=\"wp-image-4786 avia-img-lazy-loading-4786 attachment-woocommerce_thumbnail size-woocommerce_thumbnail wp-post-image\" alt=\"\" srcset=\"https:\/\/www.raffinessen.ch\/webseite\/wp-content\/uploads\/2019\/12\/miya-black-muehle-2-500x500.jpg 500w, https:\/\/www.raffinessen.ch\/webseite\/wp-content\/uploads\/2019\/12\/miya-black-muehle-2-300x300.jpg 300w, https:\/\/www.raffinessen.ch\/webseite\/wp-content\/uploads\/2019\/12\/miya-black-muehle-2-1030x1030.jpg 1030w, https:\/\/www.raffinessen.ch\/webseite\/wp-content\/uploads\/2019\/12\/miya-black-muehle-2-80x80.jpg 80w, https:\/\/www.raffinessen.ch\/webseite\/wp-content\/uploads\/2019\/12\/miya-black-muehle-2-768x768.jpg 768w, https:\/\/www.raffinessen.ch\/webseite\/wp-content\/uploads\/2019\/12\/miya-black-muehle-2-1536x1536.jpg 1536w, https:\/\/www.raffinessen.ch\/webseite\/wp-content\/uploads\/2019\/12\/miya-black-muehle-2-2048x2048.jpg 2048w, https:\/\/www.raffinessen.ch\/webseite\/wp-content\/uploads\/2019\/12\/miya-black-muehle-2-36x36.jpg 36w, https:\/\/www.raffinessen.ch\/webseite\/wp-content\/uploads\/2019\/12\/miya-black-muehle-2-180x180.jpg 180w, https:\/\/www.raffinessen.ch\/webseite\/wp-content\/uploads\/2019\/12\/miya-black-muehle-2-1500x1500.jpg 1500w, https:\/\/www.raffinessen.ch\/webseite\/wp-content\/uploads\/2019\/12\/miya-black-muehle-2-705x705.jpg 705w, https:\/\/www.raffinessen.ch\/webseite\/wp-content\/uploads\/2019\/12\/miya-black-muehle-2-100x100.jpg 100w, https:\/\/www.raffinessen.ch\/webseite\/wp-content\/uploads\/2019\/12\/miya-black-muehle-2-1000x1000.jpg 1000w\" sizes=\"auto, (max-width: 500px) 100vw, 500px\" \/><span class=\"cart-loading\"><\/span><\/div><div class='inner_product_header'><div class='avia-arrow'><\/div><div class='inner_product_header_table'><div class='inner_product_header_cell'><h2 class=\"woocommerce-loop-product__title\">SET - 2x moulin \u00e0 \u00e9pices MIYA, noir<\/h2>\n\t<span class=\"price\"><span class=\"woocommerce-Price-amount amount\"><bdi><span class=\"woocommerce-Price-currencySymbol\">&#67;&#72;&#70;<\/span>&nbsp;35.00<\/bdi><\/span> <small class=\"woocommerce-price-suffix\">TVA incluse<\/small><\/span>\n<\/div><\/div><\/div><\/a><div class='avia_cart_buttons'><a href=\"\/fr\/wp-json\/wp\/v2\/pages\/9012?add-to-cart=4785\" aria-describedby=\"woocommerce_loop_add_to_cart_link_describedby_4785\" data-quantity=\"1\" class=\"button product_type_simple add_to_cart_button ajax_add_to_cart\" data-product_id=\"4785\" data-product_sku=\"GSO-026\" aria-label=\"Ajouter au panier\u00a0: \u201cSET - 2x Gew\u00fcrzm\u00fchle MIYA, schwarz\u201d\" rel=\"nofollow\" data-success_message=\"\u00ab\u00a0SET - 2x Gew\u00fcrzm\u00fchle MIYA, schwarz\u00a0\u00bb a \u00e9t\u00e9 ajout\u00e9 \u00e0 votre panier\" role=\"button\" data-no-translation-aria-label=\"\" data-no-translation-data-success_message=\"\"><span class=\"avia-svg-icon avia-font-svg_entypo-fontello\" data-av_svg_icon='basket' data-av_iconset='svg_entypo-fontello'><svg version=\"1.1\" xmlns=\"http:\/\/www.w3.org\/2000\/svg\" width=\"29\" height=\"32\" viewbox=\"0 0 29 32\" preserveaspectratio=\"xMidYMid meet\" aria-labelledby='av-svg-title-405' aria-describedby='av-svg-desc-405' role=\"graphics-symbol\" aria-hidden=\"true\">\n<title id='av-svg-title-405'>Ajouter au panier<\/title>\n<desc id='av-svg-desc-405'>Ajouter au panier<\/desc>\n<path d=\"M4.8 27.2q0-1.28 0.96-2.24t2.24-0.96q1.344 0 2.272 0.96t0.928 2.24q0 1.344-0.928 2.272t-2.272 0.928q-1.28 0-2.24-0.928t-0.96-2.272zM20.8 27.2q0-1.28 0.96-2.24t2.24-0.96q1.344 0 2.272 0.96t0.928 2.24q0 1.344-0.928 2.272t-2.272 0.928q-1.28 0-2.24-0.928t-0.96-2.272zM10.496 19.648q-1.152 0.32-1.088 0.736t1.408 0.416h17.984v2.432q0 0.64-0.64 0.64h-20.928q-0.64 0-0.64-0.64v-2.432l-0.32-1.472-3.136-14.528h-3.136v-2.56q0-0.64 0.64-0.64h4.992q0.64 0 0.64 0.64v2.752h22.528v8.768q0 0.704-0.576 0.832z\"><\/path>\n<\/svg><\/span>  Ajouter au panier<\/a>\t<span id=\"woocommerce_loop_add_to_cart_link_describedby_4785\" class=\"screen-reader-text\">\n\t\t\t<\/span>\n<a class=\"button show_details_button\" href=\"https:\/\/www.raffinessen.ch\/fr\/produit\/gewuerzmuehle-miya-schwarz-2er-set\/\"><span class=\"avia-svg-icon avia-font-svg_entypo-fontello\" data-av_svg_icon='doc-text' data-av_iconset='svg_entypo-fontello'><svg version=\"1.1\" xmlns=\"http:\/\/www.w3.org\/2000\/svg\" width=\"22\" height=\"32\" viewbox=\"0 0 22 32\" preserveaspectratio=\"xMidYMid meet\" aria-labelledby='av-svg-title-406' aria-describedby='av-svg-desc-406' role=\"graphics-symbol\" aria-hidden=\"true\">\n<title id='av-svg-title-406'>Voir les d\u00e9tails<\/title>\n<desc id='av-svg-desc-406'>Voir les d\u00e9tails<\/desc>\n<path d=\"M6.784 17.344v-2.88h8.96v2.88h-8.96zM19.2 1.6q1.344 0 2.272 0.928t0.928 2.272v22.4q0 1.28-0.928 2.24t-2.272 0.96h-16q-1.28 0-2.24-0.96t-0.96-2.24v-22.4q0-1.344 0.96-2.272t2.24-0.928h16zM19.2 27.2v-22.4h-16v22.4h16zM15.68 8.256v2.816h-8.96v-2.816h8.96zM15.68 20.8v2.816h-8.96v-2.816h8.96z\"><\/path>\n<\/svg><\/span>  Voir les d\u00e9tails<\/a> <span class=\"button-mini-delimiter\"><\/span><\/div><\/div><\/li>\n<li class=\"product type-product post-4778 status-publish last instock product_cat-muehlen has-post-thumbnail taxable shipping-taxable purchasable product-type-simple\">\n\t<div class='inner_product main_color wrapped_style noLightbox  av-product-class-'><a href=\"https:\/\/www.raffinessen.ch\/fr\/produit\/gewuerzmuehle-miya-schwarz-und-edelstahl\/\" class=\"woocommerce-LoopProduct-link woocommerce-loop-product__link\"><div class=\"thumbnail_container\"><img loading=\"lazy\" decoding=\"async\" width=\"500\" height=\"500\" src=\"https:\/\/www.raffinessen.ch\/webseite\/wp-content\/uploads\/2019\/12\/crush-grind-garantie-500x500.jpg\" class=\"attachment-woocommerce_thumbnail avia-product-hover\" alt=\"\" srcset=\"https:\/\/www.raffinessen.ch\/webseite\/wp-content\/uploads\/2019\/12\/crush-grind-garantie-500x500.jpg 500w, https:\/\/www.raffinessen.ch\/webseite\/wp-content\/uploads\/2019\/12\/crush-grind-garantie-300x300.jpg 300w, https:\/\/www.raffinessen.ch\/webseite\/wp-content\/uploads\/2019\/12\/crush-grind-garantie-1030x1030.jpg 1030w, https:\/\/www.raffinessen.ch\/webseite\/wp-content\/uploads\/2019\/12\/crush-grind-garantie-80x80.jpg 80w, https:\/\/www.raffinessen.ch\/webseite\/wp-content\/uploads\/2019\/12\/crush-grind-garantie-768x768.jpg 768w, https:\/\/www.raffinessen.ch\/webseite\/wp-content\/uploads\/2019\/12\/crush-grind-garantie-1536x1536.jpg 1536w, https:\/\/www.raffinessen.ch\/webseite\/wp-content\/uploads\/2019\/12\/crush-grind-garantie-36x36.jpg 36w, https:\/\/www.raffinessen.ch\/webseite\/wp-content\/uploads\/2019\/12\/crush-grind-garantie-180x180.jpg 180w, https:\/\/www.raffinessen.ch\/webseite\/wp-content\/uploads\/2019\/12\/crush-grind-garantie-1500x1500.jpg 1500w, https:\/\/www.raffinessen.ch\/webseite\/wp-content\/uploads\/2019\/12\/crush-grind-garantie-705x705.jpg 705w, https:\/\/www.raffinessen.ch\/webseite\/wp-content\/uploads\/2019\/12\/crush-grind-garantie-100x100.jpg 100w, https:\/\/www.raffinessen.ch\/webseite\/wp-content\/uploads\/2019\/12\/crush-grind-garantie-1000x1000.jpg 1000w, https:\/\/www.raffinessen.ch\/webseite\/wp-content\/uploads\/2019\/12\/crush-grind-garantie.jpg 2000w\" sizes=\"auto, (max-width: 500px) 100vw, 500px\" \/><img decoding=\"async\" loading=\"lazy\" width=\"500\" height=\"500\" src=\"https:\/\/www.raffinessen.ch\/webseite\/wp-content\/uploads\/2019\/12\/miya-black-steel-muehle-500x500.jpg\" class=\"wp-image-4779 avia-img-lazy-loading-4779 attachment-woocommerce_thumbnail size-woocommerce_thumbnail wp-post-image\" alt=\"\" srcset=\"https:\/\/www.raffinessen.ch\/webseite\/wp-content\/uploads\/2019\/12\/miya-black-steel-muehle-500x500.jpg 500w, https:\/\/www.raffinessen.ch\/webseite\/wp-content\/uploads\/2019\/12\/miya-black-steel-muehle-300x300.jpg 300w, https:\/\/www.raffinessen.ch\/webseite\/wp-content\/uploads\/2019\/12\/miya-black-steel-muehle-1030x1030.jpg 1030w, https:\/\/www.raffinessen.ch\/webseite\/wp-content\/uploads\/2019\/12\/miya-black-steel-muehle-80x80.jpg 80w, https:\/\/www.raffinessen.ch\/webseite\/wp-content\/uploads\/2019\/12\/miya-black-steel-muehle-768x768.jpg 768w, https:\/\/www.raffinessen.ch\/webseite\/wp-content\/uploads\/2019\/12\/miya-black-steel-muehle-1536x1536.jpg 1536w, https:\/\/www.raffinessen.ch\/webseite\/wp-content\/uploads\/2019\/12\/miya-black-steel-muehle-2048x2048.jpg 2048w, https:\/\/www.raffinessen.ch\/webseite\/wp-content\/uploads\/2019\/12\/miya-black-steel-muehle-36x36.jpg 36w, https:\/\/www.raffinessen.ch\/webseite\/wp-content\/uploads\/2019\/12\/miya-black-steel-muehle-180x180.jpg 180w, https:\/\/www.raffinessen.ch\/webseite\/wp-content\/uploads\/2019\/12\/miya-black-steel-muehle-1500x1500.jpg 1500w, https:\/\/www.raffinessen.ch\/webseite\/wp-content\/uploads\/2019\/12\/miya-black-steel-muehle-705x705.jpg 705w, https:\/\/www.raffinessen.ch\/webseite\/wp-content\/uploads\/2019\/12\/miya-black-steel-muehle-100x100.jpg 100w, https:\/\/www.raffinessen.ch\/webseite\/wp-content\/uploads\/2019\/12\/miya-black-steel-muehle-1000x1000.jpg 1000w\" sizes=\"auto, (max-width: 500px) 100vw, 500px\" \/><span class=\"cart-loading\"><\/span><\/div><div class='inner_product_header'><div class='avia-arrow'><\/div><div class='inner_product_header_table'><div class='inner_product_header_cell'><h2 class=\"woocommerce-loop-product__title\">SET - 1x moulin \u00e0 \u00e9pices MIYA noir et 1x MIYA inox<\/h2>\n\t<span class=\"price\"><span class=\"woocommerce-Price-amount amount\"><bdi><span class=\"woocommerce-Price-currencySymbol\">&#67;&#72;&#70;<\/span>&nbsp;45.00<\/bdi><\/span> <small class=\"woocommerce-price-suffix\">TVA incluse<\/small><\/span>\n<\/div><\/div><\/div><\/a><div class='avia_cart_buttons'><a href=\"\/fr\/wp-json\/wp\/v2\/pages\/9012?add-to-cart=4778\" aria-describedby=\"woocommerce_loop_add_to_cart_link_describedby_4778\" data-quantity=\"1\" class=\"button product_type_simple add_to_cart_button ajax_add_to_cart\" data-product_id=\"4778\" data-product_sku=\"GSO-024\" aria-label=\"Ajouter au panier\u00a0: \u201cSET - 1x Gew\u00fcrzm\u00fchle MIYA schwarz und 1x MIYA Edelstahl\u201d\" rel=\"nofollow\" data-success_message=\"\u00ab\u00a0SET - 1x Gew\u00fcrzm\u00fchle MIYA schwarz und 1x MIYA Edelstahl\u00a0\u00bb a \u00e9t\u00e9 ajout\u00e9 \u00e0 votre panier\" role=\"button\" data-no-translation-aria-label=\"\" data-no-translation-data-success_message=\"\"><span class=\"avia-svg-icon avia-font-svg_entypo-fontello\" data-av_svg_icon='basket' data-av_iconset='svg_entypo-fontello'><svg version=\"1.1\" xmlns=\"http:\/\/www.w3.org\/2000\/svg\" width=\"29\" height=\"32\" viewbox=\"0 0 29 32\" preserveaspectratio=\"xMidYMid meet\" aria-labelledby='av-svg-title-407' aria-describedby='av-svg-desc-407' role=\"graphics-symbol\" aria-hidden=\"true\">\n<title id='av-svg-title-407'>Ajouter au panier<\/title>\n<desc id='av-svg-desc-407'>Ajouter au panier<\/desc>\n<path d=\"M4.8 27.2q0-1.28 0.96-2.24t2.24-0.96q1.344 0 2.272 0.96t0.928 2.24q0 1.344-0.928 2.272t-2.272 0.928q-1.28 0-2.24-0.928t-0.96-2.272zM20.8 27.2q0-1.28 0.96-2.24t2.24-0.96q1.344 0 2.272 0.96t0.928 2.24q0 1.344-0.928 2.272t-2.272 0.928q-1.28 0-2.24-0.928t-0.96-2.272zM10.496 19.648q-1.152 0.32-1.088 0.736t1.408 0.416h17.984v2.432q0 0.64-0.64 0.64h-20.928q-0.64 0-0.64-0.64v-2.432l-0.32-1.472-3.136-14.528h-3.136v-2.56q0-0.64 0.64-0.64h4.992q0.64 0 0.64 0.64v2.752h22.528v8.768q0 0.704-0.576 0.832z\"><\/path>\n<\/svg><\/span>  Ajouter au panier<\/a>\t<span id=\"woocommerce_loop_add_to_cart_link_describedby_4778\" class=\"screen-reader-text\">\n\t\t\t<\/span>\n<a class=\"button show_details_button\" href=\"https:\/\/www.raffinessen.ch\/fr\/produit\/gewuerzmuehle-miya-schwarz-und-edelstahl\/\"><span class=\"avia-svg-icon avia-font-svg_entypo-fontello\" data-av_svg_icon='doc-text' data-av_iconset='svg_entypo-fontello'><svg version=\"1.1\" xmlns=\"http:\/\/www.w3.org\/2000\/svg\" width=\"22\" height=\"32\" viewbox=\"0 0 22 32\" preserveaspectratio=\"xMidYMid meet\" aria-labelledby='av-svg-title-408' aria-describedby='av-svg-desc-408' role=\"graphics-symbol\" aria-hidden=\"true\">\n<title id='av-svg-title-408'>Voir les d\u00e9tails<\/title>\n<desc id='av-svg-desc-408'>Voir les d\u00e9tails<\/desc>\n<path d=\"M6.784 17.344v-2.88h8.96v2.88h-8.96zM19.2 1.6q1.344 0 2.272 0.928t0.928 2.272v22.4q0 1.28-0.928 2.24t-2.272 0.96h-16q-1.28 0-2.24-0.96t-0.96-2.24v-22.4q0-1.344 0.96-2.272t2.24-0.928h16zM19.2 27.2v-22.4h-16v22.4h16zM15.68 8.256v2.816h-8.96v-2.816h8.96zM15.68 20.8v2.816h-8.96v-2.816h8.96z\"><\/path>\n<\/svg><\/span>  Voir les d\u00e9tails<\/a> <span class=\"button-mini-delimiter\"><\/span><\/div><\/div><\/li>\n<li class=\"product type-product post-4769 status-publish first instock product_cat-muehlen has-post-thumbnail taxable shipping-taxable purchasable product-type-simple\">\n\t<div class='inner_product main_color wrapped_style noLightbox  av-product-class-'><a href=\"https:\/\/www.raffinessen.ch\/fr\/produit\/gewuerzmuehle-miya-edelstahl\/\" class=\"woocommerce-LoopProduct-link woocommerce-loop-product__link\"><div class=\"thumbnail_container\"><img loading=\"lazy\" decoding=\"async\" width=\"500\" height=\"500\" src=\"https:\/\/www.raffinessen.ch\/webseite\/wp-content\/uploads\/2019\/12\/miya-steel-liegend-einzeln-500x500.jpg\" class=\"attachment-woocommerce_thumbnail avia-product-hover\" alt=\"\" srcset=\"https:\/\/www.raffinessen.ch\/webseite\/wp-content\/uploads\/2019\/12\/miya-steel-liegend-einzeln-500x500.jpg 500w, https:\/\/www.raffinessen.ch\/webseite\/wp-content\/uploads\/2019\/12\/miya-steel-liegend-einzeln-300x300.jpg 300w, https:\/\/www.raffinessen.ch\/webseite\/wp-content\/uploads\/2019\/12\/miya-steel-liegend-einzeln-1030x1030.jpg 1030w, https:\/\/www.raffinessen.ch\/webseite\/wp-content\/uploads\/2019\/12\/miya-steel-liegend-einzeln-80x80.jpg 80w, https:\/\/www.raffinessen.ch\/webseite\/wp-content\/uploads\/2019\/12\/miya-steel-liegend-einzeln-768x768.jpg 768w, https:\/\/www.raffinessen.ch\/webseite\/wp-content\/uploads\/2019\/12\/miya-steel-liegend-einzeln-1536x1536.jpg 1536w, https:\/\/www.raffinessen.ch\/webseite\/wp-content\/uploads\/2019\/12\/miya-steel-liegend-einzeln-36x36.jpg 36w, https:\/\/www.raffinessen.ch\/webseite\/wp-content\/uploads\/2019\/12\/miya-steel-liegend-einzeln-180x180.jpg 180w, https:\/\/www.raffinessen.ch\/webseite\/wp-content\/uploads\/2019\/12\/miya-steel-liegend-einzeln-1500x1500.jpg 1500w, https:\/\/www.raffinessen.ch\/webseite\/wp-content\/uploads\/2019\/12\/miya-steel-liegend-einzeln-705x705.jpg 705w, https:\/\/www.raffinessen.ch\/webseite\/wp-content\/uploads\/2019\/12\/miya-steel-liegend-einzeln-100x100.jpg 100w, https:\/\/www.raffinessen.ch\/webseite\/wp-content\/uploads\/2019\/12\/miya-steel-liegend-einzeln-1000x1000.jpg 1000w, https:\/\/www.raffinessen.ch\/webseite\/wp-content\/uploads\/2019\/12\/miya-steel-liegend-einzeln.jpg 2000w\" sizes=\"auto, (max-width: 500px) 100vw, 500px\" \/><img decoding=\"async\" loading=\"lazy\" width=\"500\" height=\"500\" src=\"https:\/\/www.raffinessen.ch\/webseite\/wp-content\/uploads\/2019\/12\/miya-steel-muehle-1-500x500.jpg\" class=\"wp-image-4771 avia-img-lazy-loading-4771 attachment-woocommerce_thumbnail size-woocommerce_thumbnail wp-post-image\" alt=\"\" srcset=\"https:\/\/www.raffinessen.ch\/webseite\/wp-content\/uploads\/2019\/12\/miya-steel-muehle-1-500x500.jpg 500w, https:\/\/www.raffinessen.ch\/webseite\/wp-content\/uploads\/2019\/12\/miya-steel-muehle-1-300x300.jpg 300w, https:\/\/www.raffinessen.ch\/webseite\/wp-content\/uploads\/2019\/12\/miya-steel-muehle-1-1030x1030.jpg 1030w, https:\/\/www.raffinessen.ch\/webseite\/wp-content\/uploads\/2019\/12\/miya-steel-muehle-1-80x80.jpg 80w, https:\/\/www.raffinessen.ch\/webseite\/wp-content\/uploads\/2019\/12\/miya-steel-muehle-1-768x768.jpg 768w, https:\/\/www.raffinessen.ch\/webseite\/wp-content\/uploads\/2019\/12\/miya-steel-muehle-1-1536x1536.jpg 1536w, https:\/\/www.raffinessen.ch\/webseite\/wp-content\/uploads\/2019\/12\/miya-steel-muehle-1-2048x2048.jpg 2048w, https:\/\/www.raffinessen.ch\/webseite\/wp-content\/uploads\/2019\/12\/miya-steel-muehle-1-36x36.jpg 36w, https:\/\/www.raffinessen.ch\/webseite\/wp-content\/uploads\/2019\/12\/miya-steel-muehle-1-180x180.jpg 180w, https:\/\/www.raffinessen.ch\/webseite\/wp-content\/uploads\/2019\/12\/miya-steel-muehle-1-1500x1500.jpg 1500w, https:\/\/www.raffinessen.ch\/webseite\/wp-content\/uploads\/2019\/12\/miya-steel-muehle-1-705x705.jpg 705w, https:\/\/www.raffinessen.ch\/webseite\/wp-content\/uploads\/2019\/12\/miya-steel-muehle-1-100x100.jpg 100w, https:\/\/www.raffinessen.ch\/webseite\/wp-content\/uploads\/2019\/12\/miya-steel-muehle-1-1000x1000.jpg 1000w\" sizes=\"auto, (max-width: 500px) 100vw, 500px\" \/><span class=\"cart-loading\"><\/span><\/div><div class='inner_product_header'><div class='avia-arrow'><\/div><div class='inner_product_header_table'><div class='inner_product_header_cell'><h2 class=\"woocommerce-loop-product__title\">Moulin \u00e0 \u00e9pices MIYA Acier inoxydable<\/h2>\n\t<span class=\"price\"><span class=\"woocommerce-Price-amount amount\"><bdi><span class=\"woocommerce-Price-currencySymbol\">&#67;&#72;&#70;<\/span>&nbsp;30.00<\/bdi><\/span> <small class=\"woocommerce-price-suffix\">TVA incluse<\/small><\/span>\n<\/div><\/div><\/div><\/a><div class='avia_cart_buttons'><a href=\"\/fr\/wp-json\/wp\/v2\/pages\/9012?add-to-cart=4769\" aria-describedby=\"woocommerce_loop_add_to_cart_link_describedby_4769\" data-quantity=\"1\" class=\"button product_type_simple add_to_cart_button ajax_add_to_cart\" data-product_id=\"4769\" data-product_sku=\"GWO-004\" aria-label=\"Ajouter au panier\u00a0: \u201cGew\u00fcrzm\u00fchle MIYA Edelstahl\u201d\" rel=\"nofollow\" data-success_message=\"\u00ab\u00a0Gew\u00fcrzm\u00fchle MIYA Edelstahl\u00a0\u00bb a \u00e9t\u00e9 ajout\u00e9 \u00e0 votre panier\" role=\"button\" data-no-translation-aria-label=\"\" data-no-translation-data-success_message=\"\"><span class=\"avia-svg-icon avia-font-svg_entypo-fontello\" data-av_svg_icon='basket' data-av_iconset='svg_entypo-fontello'><svg version=\"1.1\" xmlns=\"http:\/\/www.w3.org\/2000\/svg\" width=\"29\" height=\"32\" viewbox=\"0 0 29 32\" preserveaspectratio=\"xMidYMid meet\" aria-labelledby='av-svg-title-409' aria-describedby='av-svg-desc-409' role=\"graphics-symbol\" aria-hidden=\"true\">\n<title id='av-svg-title-409'>Ajouter au panier<\/title>\n<desc id='av-svg-desc-409'>Ajouter au panier<\/desc>\n<path d=\"M4.8 27.2q0-1.28 0.96-2.24t2.24-0.96q1.344 0 2.272 0.96t0.928 2.24q0 1.344-0.928 2.272t-2.272 0.928q-1.28 0-2.24-0.928t-0.96-2.272zM20.8 27.2q0-1.28 0.96-2.24t2.24-0.96q1.344 0 2.272 0.96t0.928 2.24q0 1.344-0.928 2.272t-2.272 0.928q-1.28 0-2.24-0.928t-0.96-2.272zM10.496 19.648q-1.152 0.32-1.088 0.736t1.408 0.416h17.984v2.432q0 0.64-0.64 0.64h-20.928q-0.64 0-0.64-0.64v-2.432l-0.32-1.472-3.136-14.528h-3.136v-2.56q0-0.64 0.64-0.64h4.992q0.64 0 0.64 0.64v2.752h22.528v8.768q0 0.704-0.576 0.832z\"><\/path>\n<\/svg><\/span>  Ajouter au panier<\/a>\t<span id=\"woocommerce_loop_add_to_cart_link_describedby_4769\" class=\"screen-reader-text\">\n\t\t\t<\/span>\n<a class=\"button show_details_button\" href=\"https:\/\/www.raffinessen.ch\/fr\/produit\/gewuerzmuehle-miya-edelstahl\/\"><span class=\"avia-svg-icon avia-font-svg_entypo-fontello\" data-av_svg_icon='doc-text' data-av_iconset='svg_entypo-fontello'><svg version=\"1.1\" xmlns=\"http:\/\/www.w3.org\/2000\/svg\" width=\"22\" height=\"32\" viewbox=\"0 0 22 32\" preserveaspectratio=\"xMidYMid meet\" aria-labelledby='av-svg-title-410' aria-describedby='av-svg-desc-410' role=\"graphics-symbol\" aria-hidden=\"true\">\n<title id='av-svg-title-410'>Voir les d\u00e9tails<\/title>\n<desc id='av-svg-desc-410'>Voir les d\u00e9tails<\/desc>\n<path d=\"M6.784 17.344v-2.88h8.96v2.88h-8.96zM19.2 1.6q1.344 0 2.272 0.928t0.928 2.272v22.4q0 1.28-0.928 2.24t-2.272 0.96h-16q-1.28 0-2.24-0.96t-0.96-2.24v-22.4q0-1.344 0.96-2.272t2.24-0.928h16zM19.2 27.2v-22.4h-16v22.4h16zM15.68 8.256v2.816h-8.96v-2.816h8.96zM15.68 20.8v2.816h-8.96v-2.816h8.96z\"><\/path>\n<\/svg><\/span>  Voir les d\u00e9tails<\/a> <span class=\"button-mini-delimiter\"><\/span><\/div><\/div><\/li>\n<li class=\"product type-product post-4774 status-publish instock product_cat-muehlen product_cat-muehlen-und-behaelter has-post-thumbnail taxable shipping-taxable purchasable product-type-simple\">\n\t<div class='inner_product main_color wrapped_style noLightbox  av-product-class-'><a href=\"https:\/\/www.raffinessen.ch\/fr\/produit\/gewuerzmuehle-miya-edelstahl-2er-set\/\" class=\"woocommerce-LoopProduct-link woocommerce-loop-product__link\"><div class=\"thumbnail_container\"><img loading=\"lazy\" decoding=\"async\" width=\"500\" height=\"500\" src=\"https:\/\/www.raffinessen.ch\/webseite\/wp-content\/uploads\/2019\/12\/miya-steel-muehle-liegend-500x500.jpg\" class=\"attachment-woocommerce_thumbnail avia-product-hover\" alt=\"\" srcset=\"https:\/\/www.raffinessen.ch\/webseite\/wp-content\/uploads\/2019\/12\/miya-steel-muehle-liegend-500x500.jpg 500w, https:\/\/www.raffinessen.ch\/webseite\/wp-content\/uploads\/2019\/12\/miya-steel-muehle-liegend-300x300.jpg 300w, https:\/\/www.raffinessen.ch\/webseite\/wp-content\/uploads\/2019\/12\/miya-steel-muehle-liegend-1030x1030.jpg 1030w, https:\/\/www.raffinessen.ch\/webseite\/wp-content\/uploads\/2019\/12\/miya-steel-muehle-liegend-80x80.jpg 80w, https:\/\/www.raffinessen.ch\/webseite\/wp-content\/uploads\/2019\/12\/miya-steel-muehle-liegend-768x768.jpg 768w, https:\/\/www.raffinessen.ch\/webseite\/wp-content\/uploads\/2019\/12\/miya-steel-muehle-liegend-36x36.jpg 36w, https:\/\/www.raffinessen.ch\/webseite\/wp-content\/uploads\/2019\/12\/miya-steel-muehle-liegend-180x180.jpg 180w, https:\/\/www.raffinessen.ch\/webseite\/wp-content\/uploads\/2019\/12\/miya-steel-muehle-liegend-705x705.jpg 705w, https:\/\/www.raffinessen.ch\/webseite\/wp-content\/uploads\/2019\/12\/miya-steel-muehle-liegend-100x100.jpg 100w, https:\/\/www.raffinessen.ch\/webseite\/wp-content\/uploads\/2019\/12\/miya-steel-muehle-liegend-1000x1000.jpg 1000w, https:\/\/www.raffinessen.ch\/webseite\/wp-content\/uploads\/2019\/12\/miya-steel-muehle-liegend.jpg 1333w\" sizes=\"auto, (max-width: 500px) 100vw, 500px\" \/><img decoding=\"async\" loading=\"lazy\" width=\"500\" height=\"500\" src=\"https:\/\/www.raffinessen.ch\/webseite\/wp-content\/uploads\/2019\/12\/miya-steel-muehle-2-500x500.jpg\" class=\"wp-image-4775 avia-img-lazy-loading-4775 attachment-woocommerce_thumbnail size-woocommerce_thumbnail wp-post-image\" alt=\"\" srcset=\"https:\/\/www.raffinessen.ch\/webseite\/wp-content\/uploads\/2019\/12\/miya-steel-muehle-2-500x500.jpg 500w, https:\/\/www.raffinessen.ch\/webseite\/wp-content\/uploads\/2019\/12\/miya-steel-muehle-2-300x300.jpg 300w, https:\/\/www.raffinessen.ch\/webseite\/wp-content\/uploads\/2019\/12\/miya-steel-muehle-2-1030x1030.jpg 1030w, https:\/\/www.raffinessen.ch\/webseite\/wp-content\/uploads\/2019\/12\/miya-steel-muehle-2-80x80.jpg 80w, https:\/\/www.raffinessen.ch\/webseite\/wp-content\/uploads\/2019\/12\/miya-steel-muehle-2-768x768.jpg 768w, https:\/\/www.raffinessen.ch\/webseite\/wp-content\/uploads\/2019\/12\/miya-steel-muehle-2-1536x1536.jpg 1536w, https:\/\/www.raffinessen.ch\/webseite\/wp-content\/uploads\/2019\/12\/miya-steel-muehle-2-2048x2048.jpg 2048w, https:\/\/www.raffinessen.ch\/webseite\/wp-content\/uploads\/2019\/12\/miya-steel-muehle-2-36x36.jpg 36w, https:\/\/www.raffinessen.ch\/webseite\/wp-content\/uploads\/2019\/12\/miya-steel-muehle-2-180x180.jpg 180w, https:\/\/www.raffinessen.ch\/webseite\/wp-content\/uploads\/2019\/12\/miya-steel-muehle-2-1500x1500.jpg 1500w, https:\/\/www.raffinessen.ch\/webseite\/wp-content\/uploads\/2019\/12\/miya-steel-muehle-2-705x705.jpg 705w, https:\/\/www.raffinessen.ch\/webseite\/wp-content\/uploads\/2019\/12\/miya-steel-muehle-2-100x100.jpg 100w, https:\/\/www.raffinessen.ch\/webseite\/wp-content\/uploads\/2019\/12\/miya-steel-muehle-2-1000x1000.jpg 1000w\" sizes=\"auto, (max-width: 500px) 100vw, 500px\" \/><span class=\"cart-loading\"><\/span><\/div><div class='inner_product_header'><div class='avia-arrow'><\/div><div class='inner_product_header_table'><div class='inner_product_header_cell'><h2 class=\"woocommerce-loop-product__title\">SET - 2x moulin \u00e0 \u00e9pices MIYA acier inoxydable<\/h2>\n\t<span class=\"price\"><span class=\"woocommerce-Price-amount amount\"><bdi><span class=\"woocommerce-Price-currencySymbol\">&#67;&#72;&#70;<\/span>&nbsp;55.00<\/bdi><\/span> <small class=\"woocommerce-price-suffix\">TVA incluse<\/small><\/span>\n<\/div><\/div><\/div><\/a><div class='avia_cart_buttons'><a href=\"\/fr\/wp-json\/wp\/v2\/pages\/9012?add-to-cart=4774\" aria-describedby=\"woocommerce_loop_add_to_cart_link_describedby_4774\" data-quantity=\"1\" class=\"button product_type_simple add_to_cart_button ajax_add_to_cart\" data-product_id=\"4774\" data-product_sku=\"GSO-025\" aria-label=\"Ajouter au panier\u00a0: \u201cSET - 2x Gew\u00fcrzm\u00fchle MIYA Edelstahl\u201d\" rel=\"nofollow\" data-success_message=\"\u00ab\u00a0SET - 2x Gew\u00fcrzm\u00fchle MIYA Edelstahl\u00a0\u00bb a \u00e9t\u00e9 ajout\u00e9 \u00e0 votre panier\" role=\"button\" data-no-translation-aria-label=\"\" data-no-translation-data-success_message=\"\"><span class=\"avia-svg-icon avia-font-svg_entypo-fontello\" data-av_svg_icon='basket' data-av_iconset='svg_entypo-fontello'><svg version=\"1.1\" xmlns=\"http:\/\/www.w3.org\/2000\/svg\" width=\"29\" height=\"32\" viewbox=\"0 0 29 32\" preserveaspectratio=\"xMidYMid meet\" aria-labelledby='av-svg-title-411' aria-describedby='av-svg-desc-411' role=\"graphics-symbol\" aria-hidden=\"true\">\n<title id='av-svg-title-411'>Ajouter au panier<\/title>\n<desc id='av-svg-desc-411'>Ajouter au panier<\/desc>\n<path d=\"M4.8 27.2q0-1.28 0.96-2.24t2.24-0.96q1.344 0 2.272 0.96t0.928 2.24q0 1.344-0.928 2.272t-2.272 0.928q-1.28 0-2.24-0.928t-0.96-2.272zM20.8 27.2q0-1.28 0.96-2.24t2.24-0.96q1.344 0 2.272 0.96t0.928 2.24q0 1.344-0.928 2.272t-2.272 0.928q-1.28 0-2.24-0.928t-0.96-2.272zM10.496 19.648q-1.152 0.32-1.088 0.736t1.408 0.416h17.984v2.432q0 0.64-0.64 0.64h-20.928q-0.64 0-0.64-0.64v-2.432l-0.32-1.472-3.136-14.528h-3.136v-2.56q0-0.64 0.64-0.64h4.992q0.64 0 0.64 0.64v2.752h22.528v8.768q0 0.704-0.576 0.832z\"><\/path>\n<\/svg><\/span>  Ajouter au panier<\/a>\t<span id=\"woocommerce_loop_add_to_cart_link_describedby_4774\" class=\"screen-reader-text\">\n\t\t\t<\/span>\n<a class=\"button show_details_button\" href=\"https:\/\/www.raffinessen.ch\/fr\/produit\/gewuerzmuehle-miya-edelstahl-2er-set\/\"><span class=\"avia-svg-icon avia-font-svg_entypo-fontello\" data-av_svg_icon='doc-text' data-av_iconset='svg_entypo-fontello'><svg version=\"1.1\" xmlns=\"http:\/\/www.w3.org\/2000\/svg\" width=\"22\" height=\"32\" viewbox=\"0 0 22 32\" preserveaspectratio=\"xMidYMid meet\" aria-labelledby='av-svg-title-412' aria-describedby='av-svg-desc-412' role=\"graphics-symbol\" aria-hidden=\"true\">\n<title id='av-svg-title-412'>Voir les d\u00e9tails<\/title>\n<desc id='av-svg-desc-412'>Voir les d\u00e9tails<\/desc>\n<path d=\"M6.784 17.344v-2.88h8.96v2.88h-8.96zM19.2 1.6q1.344 0 2.272 0.928t0.928 2.272v22.4q0 1.28-0.928 2.24t-2.272 0.96h-16q-1.28 0-2.24-0.96t-0.96-2.24v-22.4q0-1.344 0.96-2.272t2.24-0.928h16zM19.2 27.2v-22.4h-16v22.4h16zM15.68 8.256v2.816h-8.96v-2.816h8.96zM15.68 20.8v2.816h-8.96v-2.816h8.96z\"><\/path>\n<\/svg><\/span>  Voir les d\u00e9tails<\/a> <span class=\"button-mini-delimiter\"><\/span><\/div><\/div><\/li>\n<\/ul><\/div><\/div><div class=\"clear\"><\/div><br \/>\n\n<style type=\"text\/css\" data-created_by=\"avia_inline_auto\" id=\"style-css-av-kunyfx3d-010c87a5edb067a5b17e284e3ef156f4\">\n#top .av-special-heading.av-kunyfx3d-010c87a5edb067a5b17e284e3ef156f4{\npadding-bottom:10px;\n}\nbody .av-special-heading.av-kunyfx3d-010c87a5edb067a5b17e284e3ef156f4 .av-special-heading-tag .heading-char{\nfont-size:25px;\n}\n.av-special-heading.av-kunyfx3d-010c87a5edb067a5b17e284e3ef156f4 .av-subheading{\nfont-size:15px;\n}\n<\/style>\n<div  id=\"behaelter\"  class='av-special-heading av-kunyfx3d-010c87a5edb067a5b17e284e3ef156f4 av-special-heading-h3 blockquote modern-quote modern-centered'><h3 class='av-special-heading-tag'  itemprop=\"headline\"  >R\u00e9cipient<\/h3><div class=\"special-heading-border\"><div class=\"special-heading-inner-border\"><\/div><\/div><\/div><br \/>\n<div  class='avia-product-slider-container av-kunygstg-c7294510b0cbe264f1a8451653c9850f template-shop avia-content-slider avia-content-grid-active shop_columns_4 avia-content-slider-even av-slideshow-ui av-slider-hover-pause av-slideshow-manual av-loop-once av-loop-manual-endless avia-product-slider13' data-slideshow-options=\"{&quot;animation&quot;:&quot;fade&quot;,&quot;autoplay&quot;:false,&quot;loop_autoplay&quot;:&quot;once&quot;,&quot;interval&quot;:5,&quot;loop_manual&quot;:&quot;manual-endless&quot;,&quot;autoplay_stopper&quot;:false,&quot;noNavigation&quot;:false,&quot;bg_slider&quot;:false,&quot;keep_padding&quot;:false,&quot;hoverpause&quot;:true,&quot;show_slide_delay&quot;:0}\"><div class='avia-content-slider-inner'><ul class=\"products\"><li class=\"product type-product post-18629 status-publish first instock product_cat-ab-chf-30 product_cat-behaelter product_cat-muehlen-und-behaelter product_cat-neu product_cat-top4 has-post-thumbnail taxable shipping-taxable purchasable product-type-simple\">\n\t<div class='inner_product main_color wrapped_style noLightbox  av-product-class-'><a href=\"https:\/\/www.raffinessen.ch\/fr\/produit\/moerser-aus-gusseisen\/\" class=\"woocommerce-LoopProduct-link woocommerce-loop-product__link\"><div class=\"thumbnail_container\"><img loading=\"lazy\" decoding=\"async\" width=\"500\" height=\"500\" src=\"https:\/\/www.raffinessen.ch\/webseite\/wp-content\/uploads\/2024\/12\/Gusseisen-Moerser2-500x500.jpg\" class=\"attachment-woocommerce_thumbnail avia-product-hover\" alt=\"\" srcset=\"https:\/\/www.raffinessen.ch\/webseite\/wp-content\/uploads\/2024\/12\/Gusseisen-Moerser2-500x500.jpg 500w, https:\/\/www.raffinessen.ch\/webseite\/wp-content\/uploads\/2024\/12\/Gusseisen-Moerser2-300x300.jpg 300w, https:\/\/www.raffinessen.ch\/webseite\/wp-content\/uploads\/2024\/12\/Gusseisen-Moerser2-1030x1030.jpg 1030w, https:\/\/www.raffinessen.ch\/webseite\/wp-content\/uploads\/2024\/12\/Gusseisen-Moerser2-80x80.jpg 80w, https:\/\/www.raffinessen.ch\/webseite\/wp-content\/uploads\/2024\/12\/Gusseisen-Moerser2-768x768.jpg 768w, https:\/\/www.raffinessen.ch\/webseite\/wp-content\/uploads\/2024\/12\/Gusseisen-Moerser2-12x12.jpg 12w, https:\/\/www.raffinessen.ch\/webseite\/wp-content\/uploads\/2024\/12\/Gusseisen-Moerser2-36x36.jpg 36w, https:\/\/www.raffinessen.ch\/webseite\/wp-content\/uploads\/2024\/12\/Gusseisen-Moerser2-180x180.jpg 180w, https:\/\/www.raffinessen.ch\/webseite\/wp-content\/uploads\/2024\/12\/Gusseisen-Moerser2-705x705.jpg 705w, https:\/\/www.raffinessen.ch\/webseite\/wp-content\/uploads\/2024\/12\/Gusseisen-Moerser2-120x120.jpg 120w, https:\/\/www.raffinessen.ch\/webseite\/wp-content\/uploads\/2024\/12\/Gusseisen-Moerser2-450x450.jpg 450w, https:\/\/www.raffinessen.ch\/webseite\/wp-content\/uploads\/2024\/12\/Gusseisen-Moerser2-400x400.jpg 400w, https:\/\/www.raffinessen.ch\/webseite\/wp-content\/uploads\/2024\/12\/Gusseisen-Moerser2-600x600.jpg 600w, https:\/\/www.raffinessen.ch\/webseite\/wp-content\/uploads\/2024\/12\/Gusseisen-Moerser2-1000x1000.jpg 1000w, https:\/\/www.raffinessen.ch\/webseite\/wp-content\/uploads\/2024\/12\/Gusseisen-Moerser2-100x100.jpg 100w, https:\/\/www.raffinessen.ch\/webseite\/wp-content\/uploads\/2024\/12\/Gusseisen-Moerser2.jpg 1500w\" sizes=\"auto, (max-width: 500px) 100vw, 500px\" \/><img decoding=\"async\" loading=\"lazy\" width=\"500\" height=\"500\" src=\"https:\/\/www.raffinessen.ch\/webseite\/wp-content\/uploads\/2024\/12\/Gusseisen-Moerser1-500x500.jpg\" class=\"wp-image-18633 avia-img-lazy-loading-18633 attachment-woocommerce_thumbnail size-woocommerce_thumbnail wp-post-image\" alt=\"\" srcset=\"https:\/\/www.raffinessen.ch\/webseite\/wp-content\/uploads\/2024\/12\/Gusseisen-Moerser1-500x500.jpg 500w, https:\/\/www.raffinessen.ch\/webseite\/wp-content\/uploads\/2024\/12\/Gusseisen-Moerser1-300x300.jpg 300w, https:\/\/www.raffinessen.ch\/webseite\/wp-content\/uploads\/2024\/12\/Gusseisen-Moerser1-1030x1030.jpg 1030w, https:\/\/www.raffinessen.ch\/webseite\/wp-content\/uploads\/2024\/12\/Gusseisen-Moerser1-80x80.jpg 80w, https:\/\/www.raffinessen.ch\/webseite\/wp-content\/uploads\/2024\/12\/Gusseisen-Moerser1-768x768.jpg 768w, https:\/\/www.raffinessen.ch\/webseite\/wp-content\/uploads\/2024\/12\/Gusseisen-Moerser1-12x12.jpg 12w, https:\/\/www.raffinessen.ch\/webseite\/wp-content\/uploads\/2024\/12\/Gusseisen-Moerser1-36x36.jpg 36w, https:\/\/www.raffinessen.ch\/webseite\/wp-content\/uploads\/2024\/12\/Gusseisen-Moerser1-180x180.jpg 180w, https:\/\/www.raffinessen.ch\/webseite\/wp-content\/uploads\/2024\/12\/Gusseisen-Moerser1-705x705.jpg 705w, https:\/\/www.raffinessen.ch\/webseite\/wp-content\/uploads\/2024\/12\/Gusseisen-Moerser1-120x120.jpg 120w, https:\/\/www.raffinessen.ch\/webseite\/wp-content\/uploads\/2024\/12\/Gusseisen-Moerser1-450x450.jpg 450w, https:\/\/www.raffinessen.ch\/webseite\/wp-content\/uploads\/2024\/12\/Gusseisen-Moerser1-400x400.jpg 400w, https:\/\/www.raffinessen.ch\/webseite\/wp-content\/uploads\/2024\/12\/Gusseisen-Moerser1-600x600.jpg 600w, https:\/\/www.raffinessen.ch\/webseite\/wp-content\/uploads\/2024\/12\/Gusseisen-Moerser1-1000x1000.jpg 1000w, https:\/\/www.raffinessen.ch\/webseite\/wp-content\/uploads\/2024\/12\/Gusseisen-Moerser1-100x100.jpg 100w, https:\/\/www.raffinessen.ch\/webseite\/wp-content\/uploads\/2024\/12\/Gusseisen-Moerser1.jpg 1500w\" sizes=\"auto, (max-width: 500px) 100vw, 500px\" \/><span class=\"cart-loading\"><\/span><\/div><div class='inner_product_header'><div class='avia-arrow'><\/div><div class='inner_product_header_table'><div class='inner_product_header_cell'><h2 class=\"woocommerce-loop-product__title\">M\u00f6rser aus Gusseisen<\/h2>\n\t<span class=\"price\"><span class=\"woocommerce-Price-amount amount\"><bdi><span class=\"woocommerce-Price-currencySymbol\">&#67;&#72;&#70;<\/span>&nbsp;39.00<\/bdi><\/span> <small class=\"woocommerce-price-suffix\">TVA incluse<\/small><\/span>\n<\/div><\/div><\/div><\/a><div class='avia_cart_buttons'><a href=\"\/fr\/wp-json\/wp\/v2\/pages\/9012?add-to-cart=18629\" aria-describedby=\"woocommerce_loop_add_to_cart_link_describedby_18629\" data-quantity=\"1\" class=\"button product_type_simple add_to_cart_button ajax_add_to_cart\" data-product_id=\"18629\" data-product_sku=\"PP-NF0016\" aria-label=\"Ajouter au panier\u00a0: \u201cM\u00f6rser aus Gusseisen\u201d\" rel=\"nofollow\" data-success_message=\"\u00ab\u00a0M\u00f6rser aus Gusseisen\u00a0\u00bb a \u00e9t\u00e9 ajout\u00e9 \u00e0 votre panier\" role=\"button\" data-no-translation-aria-label=\"\" data-no-translation-data-success_message=\"\"><span class=\"avia-svg-icon avia-font-svg_entypo-fontello\" data-av_svg_icon='basket' data-av_iconset='svg_entypo-fontello'><svg version=\"1.1\" xmlns=\"http:\/\/www.w3.org\/2000\/svg\" width=\"29\" height=\"32\" viewbox=\"0 0 29 32\" preserveaspectratio=\"xMidYMid meet\" aria-labelledby='av-svg-title-413' aria-describedby='av-svg-desc-413' role=\"graphics-symbol\" aria-hidden=\"true\">\n<title id='av-svg-title-413'>Ajouter au panier<\/title>\n<desc id='av-svg-desc-413'>Ajouter au panier<\/desc>\n<path d=\"M4.8 27.2q0-1.28 0.96-2.24t2.24-0.96q1.344 0 2.272 0.96t0.928 2.24q0 1.344-0.928 2.272t-2.272 0.928q-1.28 0-2.24-0.928t-0.96-2.272zM20.8 27.2q0-1.28 0.96-2.24t2.24-0.96q1.344 0 2.272 0.96t0.928 2.24q0 1.344-0.928 2.272t-2.272 0.928q-1.28 0-2.24-0.928t-0.96-2.272zM10.496 19.648q-1.152 0.32-1.088 0.736t1.408 0.416h17.984v2.432q0 0.64-0.64 0.64h-20.928q-0.64 0-0.64-0.64v-2.432l-0.32-1.472-3.136-14.528h-3.136v-2.56q0-0.64 0.64-0.64h4.992q0.64 0 0.64 0.64v2.752h22.528v8.768q0 0.704-0.576 0.832z\"><\/path>\n<\/svg><\/span>  Ajouter au panier<\/a>\t<span id=\"woocommerce_loop_add_to_cart_link_describedby_18629\" class=\"screen-reader-text\">\n\t\t\t<\/span>\n<a class=\"button show_details_button\" href=\"https:\/\/www.raffinessen.ch\/fr\/produit\/moerser-aus-gusseisen\/\"><span class=\"avia-svg-icon avia-font-svg_entypo-fontello\" data-av_svg_icon='doc-text' data-av_iconset='svg_entypo-fontello'><svg version=\"1.1\" xmlns=\"http:\/\/www.w3.org\/2000\/svg\" width=\"22\" height=\"32\" viewbox=\"0 0 22 32\" preserveaspectratio=\"xMidYMid meet\" aria-labelledby='av-svg-title-414' aria-describedby='av-svg-desc-414' role=\"graphics-symbol\" aria-hidden=\"true\">\n<title id='av-svg-title-414'>Voir les d\u00e9tails<\/title>\n<desc id='av-svg-desc-414'>Voir les d\u00e9tails<\/desc>\n<path d=\"M6.784 17.344v-2.88h8.96v2.88h-8.96zM19.2 1.6q1.344 0 2.272 0.928t0.928 2.272v22.4q0 1.28-0.928 2.24t-2.272 0.96h-16q-1.28 0-2.24-0.96t-0.96-2.24v-22.4q0-1.344 0.96-2.272t2.24-0.928h16zM19.2 27.2v-22.4h-16v22.4h16zM15.68 8.256v2.816h-8.96v-2.816h8.96zM15.68 20.8v2.816h-8.96v-2.816h8.96z\"><\/path>\n<\/svg><\/span>  Voir les d\u00e9tails<\/a> <span class=\"button-mini-delimiter\"><\/span><\/div><\/div><\/li>\n<li class=\"product type-product post-6597 status-publish instock product_cat-behaelter has-post-thumbnail taxable shipping-taxable purchasable product-type-simple yith-wcbm-product-has-badges\">\n\t<div class='inner_product main_color wrapped_style noLightbox  av-product-class-'><a href=\"https:\/\/www.raffinessen.ch\/fr\/produit\/set-5-dosen-mit-schraubdeckel\/\" class=\"woocommerce-LoopProduct-link woocommerce-loop-product__link\"><div class=\"thumbnail_container\"><div class='container-image-and-badge'><img decoding=\"async\" loading=\"lazy\" width=\"500\" height=\"500\" src=\"https:\/\/www.raffinessen.ch\/webseite\/wp-content\/uploads\/2020\/07\/5x-DK-500x500.jpg\" class=\"wp-image-6598 avia-img-lazy-loading-6598 attachment-woocommerce_thumbnail size-woocommerce_thumbnail wp-post-image\" alt=\"\" srcset=\"https:\/\/www.raffinessen.ch\/webseite\/wp-content\/uploads\/2020\/07\/5x-DK-500x500.jpg 500w, https:\/\/www.raffinessen.ch\/webseite\/wp-content\/uploads\/2020\/07\/5x-DK-300x300.jpg 300w, https:\/\/www.raffinessen.ch\/webseite\/wp-content\/uploads\/2020\/07\/5x-DK-1030x1030.jpg 1030w, https:\/\/www.raffinessen.ch\/webseite\/wp-content\/uploads\/2020\/07\/5x-DK-80x80.jpg 80w, https:\/\/www.raffinessen.ch\/webseite\/wp-content\/uploads\/2020\/07\/5x-DK-768x768.jpg 768w, https:\/\/www.raffinessen.ch\/webseite\/wp-content\/uploads\/2020\/07\/5x-DK-1536x1536.jpg 1536w, https:\/\/www.raffinessen.ch\/webseite\/wp-content\/uploads\/2020\/07\/5x-DK-2048x2048.jpg 2048w, https:\/\/www.raffinessen.ch\/webseite\/wp-content\/uploads\/2020\/07\/5x-DK-36x36.jpg 36w, https:\/\/www.raffinessen.ch\/webseite\/wp-content\/uploads\/2020\/07\/5x-DK-180x180.jpg 180w, https:\/\/www.raffinessen.ch\/webseite\/wp-content\/uploads\/2020\/07\/5x-DK-1500x1500.jpg 1500w, https:\/\/www.raffinessen.ch\/webseite\/wp-content\/uploads\/2020\/07\/5x-DK-705x705.jpg 705w, https:\/\/www.raffinessen.ch\/webseite\/wp-content\/uploads\/2020\/07\/5x-DK-100x100.jpg 100w, https:\/\/www.raffinessen.ch\/webseite\/wp-content\/uploads\/2020\/07\/5x-DK-1000x1000.jpg 1000w\" sizes=\"auto, (max-width: 500px) 100vw, 500px\" \/>\n<div class='yith-wcbm-badge yith-wcbm-badge-5779 yith-wcbm-badge-text yith-wcbm-badge--on-product-6597 yith-wcbm-badge-text' data-position='{&quot;top&quot;:&quot;0&quot;,&quot;right&quot;:&quot;0&quot;,&quot;bottom&quot;:&quot;auto&quot;,&quot;left&quot;:&quot;auto&quot;}' data-transform=\"\">\n\t<div class='yith-wcbm-badge__wrap'>\n\t\t<div class=\"yith-wcbm-badge-text\"><div style=\"font-family: 'Open Sans', sans-serif;color:#ffffff\">NOUVEAU<\/div><\/div>\n\t<\/div>\n<\/div>\n<!--yith-wcbm-badge-->\n<\/div><!--container-image-and-badge--><span class=\"cart-loading\"><\/span><\/div><div class='inner_product_header'><div class='avia-arrow'><\/div><div class='inner_product_header_table'><div class='inner_product_header_cell'><h2 class=\"woocommerce-loop-product__title\">SET - 5 bo\u00eetes vides avec couvercle \u00e0 visser<\/h2>\n\t<span class=\"price\"><span class=\"woocommerce-Price-amount amount\"><bdi><span class=\"woocommerce-Price-currencySymbol\">&#67;&#72;&#70;<\/span>&nbsp;10.00<\/bdi><\/span> <small class=\"woocommerce-price-suffix\">TVA incluse<\/small><\/span>\n<\/div><\/div><\/div><\/a><div class='avia_cart_buttons'><a href=\"\/fr\/wp-json\/wp\/v2\/pages\/9012?add-to-cart=6597\" aria-describedby=\"woocommerce_loop_add_to_cart_link_describedby_6597\" data-quantity=\"1\" class=\"button product_type_simple add_to_cart_button ajax_add_to_cart\" data-product_id=\"6597\" data-product_sku=\"GSO-038\" aria-label=\"Ajouter au panier\u00a0: \u201cSET - 5 leere Dosen mit Schraubdeckel\u201d\" rel=\"nofollow\" data-success_message=\"\u00ab\u00a0SET - 5 leere Dosen mit Schraubdeckel\u00a0\u00bb a \u00e9t\u00e9 ajout\u00e9 \u00e0 votre panier\" role=\"button\" data-no-translation-aria-label=\"\" data-no-translation-data-success_message=\"\"><span class=\"avia-svg-icon avia-font-svg_entypo-fontello\" data-av_svg_icon='basket' data-av_iconset='svg_entypo-fontello'><svg version=\"1.1\" xmlns=\"http:\/\/www.w3.org\/2000\/svg\" width=\"29\" height=\"32\" viewbox=\"0 0 29 32\" preserveaspectratio=\"xMidYMid meet\" aria-labelledby='av-svg-title-415' aria-describedby='av-svg-desc-415' role=\"graphics-symbol\" aria-hidden=\"true\">\n<title id='av-svg-title-415'>Ajouter au panier<\/title>\n<desc id='av-svg-desc-415'>Ajouter au panier<\/desc>\n<path d=\"M4.8 27.2q0-1.28 0.96-2.24t2.24-0.96q1.344 0 2.272 0.96t0.928 2.24q0 1.344-0.928 2.272t-2.272 0.928q-1.28 0-2.24-0.928t-0.96-2.272zM20.8 27.2q0-1.28 0.96-2.24t2.24-0.96q1.344 0 2.272 0.96t0.928 2.24q0 1.344-0.928 2.272t-2.272 0.928q-1.28 0-2.24-0.928t-0.96-2.272zM10.496 19.648q-1.152 0.32-1.088 0.736t1.408 0.416h17.984v2.432q0 0.64-0.64 0.64h-20.928q-0.64 0-0.64-0.64v-2.432l-0.32-1.472-3.136-14.528h-3.136v-2.56q0-0.64 0.64-0.64h4.992q0.64 0 0.64 0.64v2.752h22.528v8.768q0 0.704-0.576 0.832z\"><\/path>\n<\/svg><\/span>  Ajouter au panier<\/a>\t<span id=\"woocommerce_loop_add_to_cart_link_describedby_6597\" class=\"screen-reader-text\">\n\t\t\t<\/span>\n<a class=\"button show_details_button\" href=\"https:\/\/www.raffinessen.ch\/fr\/produit\/set-5-dosen-mit-schraubdeckel\/\"><span class=\"avia-svg-icon avia-font-svg_entypo-fontello\" data-av_svg_icon='doc-text' data-av_iconset='svg_entypo-fontello'><svg version=\"1.1\" xmlns=\"http:\/\/www.w3.org\/2000\/svg\" width=\"22\" height=\"32\" viewbox=\"0 0 22 32\" preserveaspectratio=\"xMidYMid meet\" aria-labelledby='av-svg-title-416' aria-describedby='av-svg-desc-416' role=\"graphics-symbol\" aria-hidden=\"true\">\n<title id='av-svg-title-416'>Voir les d\u00e9tails<\/title>\n<desc id='av-svg-desc-416'>Voir les d\u00e9tails<\/desc>\n<path d=\"M6.784 17.344v-2.88h8.96v2.88h-8.96zM19.2 1.6q1.344 0 2.272 0.928t0.928 2.272v22.4q0 1.28-0.928 2.24t-2.272 0.96h-16q-1.28 0-2.24-0.96t-0.96-2.24v-22.4q0-1.344 0.96-2.272t2.24-0.928h16zM19.2 27.2v-22.4h-16v22.4h16zM15.68 8.256v2.816h-8.96v-2.816h8.96zM15.68 20.8v2.816h-8.96v-2.816h8.96z\"><\/path>\n<\/svg><\/span>  Voir les d\u00e9tails<\/a> <span class=\"button-mini-delimiter\"><\/span><\/div><\/div><\/li>\n<\/ul><\/div><\/div><div class=\"clear\"><\/div><\/p>\n<\/div><\/div><\/div>\n<style type=\"text\/css\" data-created_by=\"avia_inline_auto\" id=\"style-css-av-2vcb1j-958650eeb6131922e38c8b50ed9985d6\">\n.av-layout-tab.av-2vcb1j-958650eeb6131922e38c8b50ed9985d6{\nvertical-align:top;\n}\n<\/style>\n<div id='av-tab-section-1-7' class='av-layout-tab av-2vcb1j-958650eeb6131922e38c8b50ed9985d6 av-animation-delay-container' data-av-deeplink-tabs=\"\" data-av-tab-section-content=\"7\" data-tab-section-id=\"geschenk-set\"><div class=\"av-layout-tab-inner\"><div class=\"container\"><p><div  class='avia-buttonrow-wrap av-k8eglp8m-3dd6dcef505ba900534d0b0e96daef8d avia-buttonrow-center'>\n\n<style type=\"text\/css\" data-created_by=\"avia_inline_auto\" id=\"style-css-av-8r5oxj-67ad869be642f07327b9e075e76de372\">\n#top #wrap_all .avia-button.av-8r5oxj-67ad869be642f07327b9e075e76de372{\nbackground-color:#ffffff;\nborder-color:#020202;\ncolor:#000000;\nborder-style:solid;\nborder-width:0 2px 0 0;\ntransition:all 0.4s ease-in-out;\n}\n#top #wrap_all .avia-button.av-8r5oxj-67ad869be642f07327b9e075e76de372 .avia-svg-icon svg:first-child{\nfill:#000000;\nstroke:#000000;\n}\n<\/style>\n<a href='https:\/\/www.raffinessen.ch\/fr\/webshop\/#neu'  class='avia-button av-8r5oxj-67ad869be642f07327b9e075e76de372 avia-icon_select-no avia-size-small'   aria-label=\"Nouveau\"><span class='avia_iconbox_title' >Nouveau<\/span><\/a>\n\n<style type=\"text\/css\" data-created_by=\"avia_inline_auto\" id=\"style-css-av-8r5oxj-2-4c792fc55b19fe772cd00c47eb698dfc\">\n#top #wrap_all .avia-button.av-8r5oxj-2-4c792fc55b19fe772cd00c47eb698dfc{\nbackground-color:#ffffff;\nborder-color:#020202;\ncolor:#000000;\nborder-style:solid;\nborder-width:0 2px 0 0;\ntransition:all 0.4s ease-in-out;\n}\n#top #wrap_all .avia-button.av-8r5oxj-2-4c792fc55b19fe772cd00c47eb698dfc .avia-svg-icon svg:first-child{\nfill:#000000;\nstroke:#000000;\n}\n<\/style>\n<a href='https:\/\/www.raffinessen.ch\/fr\/webshop\/#bis-30chf'  class='avia-button av-8r5oxj-2-4c792fc55b19fe772cd00c47eb698dfc avia-icon_select-no avia-size-small'   aria-label=\"Jusqu&#039;\u00e0 CHF 30.00\"><span class='avia_iconbox_title' >Jusqu'\u00e0 CHF 30.00<\/span><\/a>\n\n<style type=\"text\/css\" data-created_by=\"avia_inline_auto\" id=\"style-css-av-8r5oxj-1-c296c767bf94e04b12e8a7eed1470138\">\n#top #wrap_all .avia-button.av-8r5oxj-1-c296c767bf94e04b12e8a7eed1470138{\nbackground-color:#ffffff;\nborder-color:#ffffff;\ncolor:#000000;\ntransition:all 0.4s ease-in-out;\n}\n#top #wrap_all .avia-button.av-8r5oxj-1-c296c767bf94e04b12e8a7eed1470138 .avia-svg-icon svg:first-child{\nfill:#000000;\nstroke:#000000;\n}\n<\/style>\n<a href='https:\/\/www.raffinessen.ch\/fr\/webshop\/#ab-30chf'  class='avia-button av-8r5oxj-1-c296c767bf94e04b12e8a7eed1470138 avia-icon_select-no avia-size-small'   aria-label=\"\u00c0 partir de CHF 30.00\"><span class='avia_iconbox_title' >\u00c0 partir de CHF 30.00<\/span><\/a>\n<\/div><br \/>\n\n<style type=\"text\/css\" data-created_by=\"avia_inline_auto\" id=\"style-css-av-kunxklyh-e38d28a29c320d094541026d5765fdb3\">\n#top .av-special-heading.av-kunxklyh-e38d28a29c320d094541026d5765fdb3{\npadding-bottom:10px;\n}\nbody .av-special-heading.av-kunxklyh-e38d28a29c320d094541026d5765fdb3 .av-special-heading-tag .heading-char{\nfont-size:25px;\n}\n.av-special-heading.av-kunxklyh-e38d28a29c320d094541026d5765fdb3 .av-subheading{\nfont-size:15px;\n}\n<\/style>\n<div  id=\"neu\"  class='av-special-heading av-kunxklyh-e38d28a29c320d094541026d5765fdb3 av-special-heading-h3 blockquote modern-quote modern-centered'><h3 class='av-special-heading-tag'  itemprop=\"headline\"  >Nouveau<\/h3><div class=\"special-heading-border\"><div class=\"special-heading-inner-border\"><\/div><\/div><\/div><br \/>\n<div  class='avia-product-slider-container av-29l4lj-3-2aac4c581a7d979ba251294096fdc117 template-shop avia-content-slider avia-content-grid-active shop_columns_4 avia-content-slider-even av-slideshow-ui av-slider-hover-pause av-slideshow-manual av-loop-once av-loop-manual-endless avia-product-slider14' data-slideshow-options=\"{&quot;animation&quot;:&quot;fade&quot;,&quot;autoplay&quot;:false,&quot;loop_autoplay&quot;:&quot;once&quot;,&quot;interval&quot;:5,&quot;loop_manual&quot;:&quot;manual-endless&quot;,&quot;autoplay_stopper&quot;:false,&quot;noNavigation&quot;:false,&quot;bg_slider&quot;:false,&quot;keep_padding&quot;:false,&quot;hoverpause&quot;:true,&quot;show_slide_delay&quot;:0}\"><div class='avia-content-slider-inner'><ul class=\"products\"><li class=\"product type-product post-19547 status-publish first instock product_cat-bis-chf-30 product_cat-geschenksets product_cat-neu product_cat-tee-mischungen has-post-thumbnail taxable shipping-taxable purchasable product-type-simple\">\n\t<div class='inner_product main_color wrapped_style noLightbox  av-product-class-'><a href=\"https:\/\/www.raffinessen.ch\/fr\/produit\/tee-dauerfilter\/\" class=\"woocommerce-LoopProduct-link woocommerce-loop-product__link\"><div class=\"thumbnail_container\"><img loading=\"lazy\" decoding=\"async\" width=\"500\" height=\"500\" src=\"https:\/\/www.raffinessen.ch\/webseite\/wp-content\/uploads\/2025\/05\/Dauerfilter-M_Deckel-Seite-500x500.jpg\" class=\"attachment-woocommerce_thumbnail avia-product-hover\" alt=\"\" srcset=\"https:\/\/www.raffinessen.ch\/webseite\/wp-content\/uploads\/2025\/05\/Dauerfilter-M_Deckel-Seite-500x500.jpg 500w, https:\/\/www.raffinessen.ch\/webseite\/wp-content\/uploads\/2025\/05\/Dauerfilter-M_Deckel-Seite-300x300.jpg 300w, https:\/\/www.raffinessen.ch\/webseite\/wp-content\/uploads\/2025\/05\/Dauerfilter-M_Deckel-Seite-80x80.jpg 80w, https:\/\/www.raffinessen.ch\/webseite\/wp-content\/uploads\/2025\/05\/Dauerfilter-M_Deckel-Seite-768x768.jpg 768w, https:\/\/www.raffinessen.ch\/webseite\/wp-content\/uploads\/2025\/05\/Dauerfilter-M_Deckel-Seite-12x12.jpg 12w, https:\/\/www.raffinessen.ch\/webseite\/wp-content\/uploads\/2025\/05\/Dauerfilter-M_Deckel-Seite-36x36.jpg 36w, https:\/\/www.raffinessen.ch\/webseite\/wp-content\/uploads\/2025\/05\/Dauerfilter-M_Deckel-Seite-180x180.jpg 180w, https:\/\/www.raffinessen.ch\/webseite\/wp-content\/uploads\/2025\/05\/Dauerfilter-M_Deckel-Seite-705x705.jpg 705w, https:\/\/www.raffinessen.ch\/webseite\/wp-content\/uploads\/2025\/05\/Dauerfilter-M_Deckel-Seite-120x120.jpg 120w, https:\/\/www.raffinessen.ch\/webseite\/wp-content\/uploads\/2025\/05\/Dauerfilter-M_Deckel-Seite-450x450.jpg 450w, https:\/\/www.raffinessen.ch\/webseite\/wp-content\/uploads\/2025\/05\/Dauerfilter-M_Deckel-Seite-1000x1000.jpg 1000w, https:\/\/www.raffinessen.ch\/webseite\/wp-content\/uploads\/2025\/05\/Dauerfilter-M_Deckel-Seite-100x100.jpg 100w, https:\/\/www.raffinessen.ch\/webseite\/wp-content\/uploads\/2025\/05\/Dauerfilter-M_Deckel-Seite.jpg 1024w\" sizes=\"auto, (max-width: 500px) 100vw, 500px\" \/><img decoding=\"async\" loading=\"lazy\" width=\"500\" height=\"500\" src=\"https:\/\/www.raffinessen.ch\/webseite\/wp-content\/uploads\/2025\/05\/Dauerfilter-M_Deckel-zu-500x500.jpg\" class=\"wp-image-19548 avia-img-lazy-loading-19548 attachment-woocommerce_thumbnail size-woocommerce_thumbnail wp-post-image\" alt=\"\" srcset=\"https:\/\/www.raffinessen.ch\/webseite\/wp-content\/uploads\/2025\/05\/Dauerfilter-M_Deckel-zu-500x500.jpg 500w, https:\/\/www.raffinessen.ch\/webseite\/wp-content\/uploads\/2025\/05\/Dauerfilter-M_Deckel-zu-300x300.jpg 300w, https:\/\/www.raffinessen.ch\/webseite\/wp-content\/uploads\/2025\/05\/Dauerfilter-M_Deckel-zu-80x80.jpg 80w, https:\/\/www.raffinessen.ch\/webseite\/wp-content\/uploads\/2025\/05\/Dauerfilter-M_Deckel-zu-768x768.jpg 768w, https:\/\/www.raffinessen.ch\/webseite\/wp-content\/uploads\/2025\/05\/Dauerfilter-M_Deckel-zu-12x12.jpg 12w, https:\/\/www.raffinessen.ch\/webseite\/wp-content\/uploads\/2025\/05\/Dauerfilter-M_Deckel-zu-36x36.jpg 36w, https:\/\/www.raffinessen.ch\/webseite\/wp-content\/uploads\/2025\/05\/Dauerfilter-M_Deckel-zu-180x180.jpg 180w, https:\/\/www.raffinessen.ch\/webseite\/wp-content\/uploads\/2025\/05\/Dauerfilter-M_Deckel-zu-705x705.jpg 705w, https:\/\/www.raffinessen.ch\/webseite\/wp-content\/uploads\/2025\/05\/Dauerfilter-M_Deckel-zu-120x120.jpg 120w, https:\/\/www.raffinessen.ch\/webseite\/wp-content\/uploads\/2025\/05\/Dauerfilter-M_Deckel-zu-450x450.jpg 450w, https:\/\/www.raffinessen.ch\/webseite\/wp-content\/uploads\/2025\/05\/Dauerfilter-M_Deckel-zu-1000x1000.jpg 1000w, https:\/\/www.raffinessen.ch\/webseite\/wp-content\/uploads\/2025\/05\/Dauerfilter-M_Deckel-zu-100x100.jpg 100w, https:\/\/www.raffinessen.ch\/webseite\/wp-content\/uploads\/2025\/05\/Dauerfilter-M_Deckel-zu.jpg 1024w\" sizes=\"auto, (max-width: 500px) 100vw, 500px\" \/><span class=\"cart-loading\"><\/span><\/div><div class='inner_product_header'><div class='avia-arrow'><\/div><div class='inner_product_header_table'><div class='inner_product_header_cell'><h2 class=\"woocommerce-loop-product__title\">Tee &#8211; Dauerfilter<\/h2>\n\t<span class=\"price\"><span class=\"woocommerce-Price-amount amount\"><bdi><span class=\"woocommerce-Price-currencySymbol\">&#67;&#72;&#70;<\/span>&nbsp;7.00<\/bdi><\/span> <small class=\"woocommerce-price-suffix\">TVA incluse<\/small><\/span>\n<\/div><\/div><\/div><\/a><div class='avia_cart_buttons'><a href=\"\/fr\/wp-json\/wp\/v2\/pages\/9012?add-to-cart=19547\" aria-describedby=\"woocommerce_loop_add_to_cart_link_describedby_19547\" data-quantity=\"1\" class=\"button product_type_simple add_to_cart_button ajax_add_to_cart\" data-product_id=\"19547\" data-product_sku=\"PP-NF0014\" aria-label=\"Ajouter au panier\u00a0: \u201cTee - Dauerfilter\u201d\" rel=\"nofollow\" data-success_message=\"\u00ab\u00a0Tee - Dauerfilter\u00a0\u00bb a \u00e9t\u00e9 ajout\u00e9 \u00e0 votre panier\" role=\"button\" data-no-translation-aria-label=\"\" data-no-translation-data-success_message=\"\"><span class=\"avia-svg-icon avia-font-svg_entypo-fontello\" data-av_svg_icon='basket' data-av_iconset='svg_entypo-fontello'><svg version=\"1.1\" xmlns=\"http:\/\/www.w3.org\/2000\/svg\" width=\"29\" height=\"32\" viewbox=\"0 0 29 32\" preserveaspectratio=\"xMidYMid meet\" aria-labelledby='av-svg-title-417' aria-describedby='av-svg-desc-417' role=\"graphics-symbol\" aria-hidden=\"true\">\n<title id='av-svg-title-417'>Ajouter au panier<\/title>\n<desc id='av-svg-desc-417'>Ajouter au panier<\/desc>\n<path d=\"M4.8 27.2q0-1.28 0.96-2.24t2.24-0.96q1.344 0 2.272 0.96t0.928 2.24q0 1.344-0.928 2.272t-2.272 0.928q-1.28 0-2.24-0.928t-0.96-2.272zM20.8 27.2q0-1.28 0.96-2.24t2.24-0.96q1.344 0 2.272 0.96t0.928 2.24q0 1.344-0.928 2.272t-2.272 0.928q-1.28 0-2.24-0.928t-0.96-2.272zM10.496 19.648q-1.152 0.32-1.088 0.736t1.408 0.416h17.984v2.432q0 0.64-0.64 0.64h-20.928q-0.64 0-0.64-0.64v-2.432l-0.32-1.472-3.136-14.528h-3.136v-2.56q0-0.64 0.64-0.64h4.992q0.64 0 0.64 0.64v2.752h22.528v8.768q0 0.704-0.576 0.832z\"><\/path>\n<\/svg><\/span>  Ajouter au panier<\/a>\t<span id=\"woocommerce_loop_add_to_cart_link_describedby_19547\" class=\"screen-reader-text\">\n\t\t\t<\/span>\n<a class=\"button show_details_button\" href=\"https:\/\/www.raffinessen.ch\/fr\/produit\/tee-dauerfilter\/\"><span class=\"avia-svg-icon avia-font-svg_entypo-fontello\" data-av_svg_icon='doc-text' data-av_iconset='svg_entypo-fontello'><svg version=\"1.1\" xmlns=\"http:\/\/www.w3.org\/2000\/svg\" width=\"22\" height=\"32\" viewbox=\"0 0 22 32\" preserveaspectratio=\"xMidYMid meet\" aria-labelledby='av-svg-title-418' aria-describedby='av-svg-desc-418' role=\"graphics-symbol\" aria-hidden=\"true\">\n<title id='av-svg-title-418'>Voir les d\u00e9tails<\/title>\n<desc id='av-svg-desc-418'>Voir les d\u00e9tails<\/desc>\n<path d=\"M6.784 17.344v-2.88h8.96v2.88h-8.96zM19.2 1.6q1.344 0 2.272 0.928t0.928 2.272v22.4q0 1.28-0.928 2.24t-2.272 0.96h-16q-1.28 0-2.24-0.96t-0.96-2.24v-22.4q0-1.344 0.96-2.272t2.24-0.928h16zM19.2 27.2v-22.4h-16v22.4h16zM15.68 8.256v2.816h-8.96v-2.816h8.96zM15.68 20.8v2.816h-8.96v-2.816h8.96z\"><\/path>\n<\/svg><\/span>  Voir les d\u00e9tails<\/a> <span class=\"button-mini-delimiter\"><\/span><\/div><\/div><\/li>\n<li class=\"product type-product post-18966 status-publish outofstock product_cat-kambodscha-produkte product_cat-neu has-post-thumbnail taxable shipping-taxable purchasable product-type-simple\">\n\t<div class='inner_product main_color wrapped_style noLightbox  av-product-class-'><a href=\"https:\/\/www.raffinessen.ch\/fr\/produit\/set-jasminreis-variationen-aus-kambodscha\/\" class=\"woocommerce-LoopProduct-link woocommerce-loop-product__link\"><div class=\"thumbnail_container\"><img loading=\"lazy\" decoding=\"async\" width=\"500\" height=\"500\" src=\"https:\/\/www.raffinessen.ch\/webseite\/wp-content\/uploads\/2025\/02\/Jasminreis_weiss-braun-rot-schwarz_bags-500x500.jpg\" class=\"attachment-woocommerce_thumbnail avia-product-hover\" alt=\"\" srcset=\"https:\/\/www.raffinessen.ch\/webseite\/wp-content\/uploads\/2025\/02\/Jasminreis_weiss-braun-rot-schwarz_bags-500x500.jpg 500w, https:\/\/www.raffinessen.ch\/webseite\/wp-content\/uploads\/2025\/02\/Jasminreis_weiss-braun-rot-schwarz_bags-300x300.jpg 300w, https:\/\/www.raffinessen.ch\/webseite\/wp-content\/uploads\/2025\/02\/Jasminreis_weiss-braun-rot-schwarz_bags-1030x1030.jpg 1030w, https:\/\/www.raffinessen.ch\/webseite\/wp-content\/uploads\/2025\/02\/Jasminreis_weiss-braun-rot-schwarz_bags-80x80.jpg 80w, https:\/\/www.raffinessen.ch\/webseite\/wp-content\/uploads\/2025\/02\/Jasminreis_weiss-braun-rot-schwarz_bags-768x768.jpg 768w, https:\/\/www.raffinessen.ch\/webseite\/wp-content\/uploads\/2025\/02\/Jasminreis_weiss-braun-rot-schwarz_bags-12x12.jpg 12w, https:\/\/www.raffinessen.ch\/webseite\/wp-content\/uploads\/2025\/02\/Jasminreis_weiss-braun-rot-schwarz_bags-36x36.jpg 36w, https:\/\/www.raffinessen.ch\/webseite\/wp-content\/uploads\/2025\/02\/Jasminreis_weiss-braun-rot-schwarz_bags-180x180.jpg 180w, https:\/\/www.raffinessen.ch\/webseite\/wp-content\/uploads\/2025\/02\/Jasminreis_weiss-braun-rot-schwarz_bags-705x705.jpg 705w, https:\/\/www.raffinessen.ch\/webseite\/wp-content\/uploads\/2025\/02\/Jasminreis_weiss-braun-rot-schwarz_bags-120x120.jpg 120w, https:\/\/www.raffinessen.ch\/webseite\/wp-content\/uploads\/2025\/02\/Jasminreis_weiss-braun-rot-schwarz_bags-450x450.jpg 450w, https:\/\/www.raffinessen.ch\/webseite\/wp-content\/uploads\/2025\/02\/Jasminreis_weiss-braun-rot-schwarz_bags-1000x1000.jpg 1000w, https:\/\/www.raffinessen.ch\/webseite\/wp-content\/uploads\/2025\/02\/Jasminreis_weiss-braun-rot-schwarz_bags-100x100.jpg 100w, https:\/\/www.raffinessen.ch\/webseite\/wp-content\/uploads\/2025\/02\/Jasminreis_weiss-braun-rot-schwarz_bags.jpg 1500w\" sizes=\"auto, (max-width: 500px) 100vw, 500px\" \/><img decoding=\"async\" loading=\"lazy\" width=\"500\" height=\"500\" src=\"https:\/\/www.raffinessen.ch\/webseite\/wp-content\/uploads\/2025\/02\/Jasminreis_weiss-braun-rot-schwarz-500x500.jpg\" class=\"wp-image-18967 avia-img-lazy-loading-18967 attachment-woocommerce_thumbnail size-woocommerce_thumbnail wp-post-image\" alt=\"\" srcset=\"https:\/\/www.raffinessen.ch\/webseite\/wp-content\/uploads\/2025\/02\/Jasminreis_weiss-braun-rot-schwarz-500x500.jpg 500w, https:\/\/www.raffinessen.ch\/webseite\/wp-content\/uploads\/2025\/02\/Jasminreis_weiss-braun-rot-schwarz-300x300.jpg 300w, https:\/\/www.raffinessen.ch\/webseite\/wp-content\/uploads\/2025\/02\/Jasminreis_weiss-braun-rot-schwarz-1030x1030.jpg 1030w, https:\/\/www.raffinessen.ch\/webseite\/wp-content\/uploads\/2025\/02\/Jasminreis_weiss-braun-rot-schwarz-80x80.jpg 80w, https:\/\/www.raffinessen.ch\/webseite\/wp-content\/uploads\/2025\/02\/Jasminreis_weiss-braun-rot-schwarz-768x768.jpg 768w, https:\/\/www.raffinessen.ch\/webseite\/wp-content\/uploads\/2025\/02\/Jasminreis_weiss-braun-rot-schwarz-12x12.jpg 12w, https:\/\/www.raffinessen.ch\/webseite\/wp-content\/uploads\/2025\/02\/Jasminreis_weiss-braun-rot-schwarz-36x36.jpg 36w, https:\/\/www.raffinessen.ch\/webseite\/wp-content\/uploads\/2025\/02\/Jasminreis_weiss-braun-rot-schwarz-180x180.jpg 180w, https:\/\/www.raffinessen.ch\/webseite\/wp-content\/uploads\/2025\/02\/Jasminreis_weiss-braun-rot-schwarz-705x705.jpg 705w, https:\/\/www.raffinessen.ch\/webseite\/wp-content\/uploads\/2025\/02\/Jasminreis_weiss-braun-rot-schwarz-120x120.jpg 120w, https:\/\/www.raffinessen.ch\/webseite\/wp-content\/uploads\/2025\/02\/Jasminreis_weiss-braun-rot-schwarz-450x450.jpg 450w, https:\/\/www.raffinessen.ch\/webseite\/wp-content\/uploads\/2025\/02\/Jasminreis_weiss-braun-rot-schwarz-1000x1000.jpg 1000w, https:\/\/www.raffinessen.ch\/webseite\/wp-content\/uploads\/2025\/02\/Jasminreis_weiss-braun-rot-schwarz-100x100.jpg 100w, https:\/\/www.raffinessen.ch\/webseite\/wp-content\/uploads\/2025\/02\/Jasminreis_weiss-braun-rot-schwarz.jpg 1500w\" sizes=\"auto, (max-width: 500px) 100vw, 500px\" \/><span class=\"cart-loading\"><\/span><\/div><div class='inner_product_header'><div class='avia-arrow'><\/div><div class='inner_product_header_table'><div class='inner_product_header_cell'><h2 class=\"woocommerce-loop-product__title\">SET &#8211; Jasminreis Variationen aus Kambodscha<\/h2>\n\t<span class=\"price\"><span class=\"woocommerce-Price-amount amount\"><bdi><span class=\"woocommerce-Price-currencySymbol\">&#67;&#72;&#70;<\/span>&nbsp;28.00<\/bdi><\/span> <small class=\"woocommerce-price-suffix\">TVA incluse<\/small><\/span>\n<\/div><\/div><\/div><\/a><div class='avia_cart_buttons'><a href=\"https:\/\/www.raffinessen.ch\/fr\/produit\/set-jasminreis-variationen-aus-kambodscha\/\" aria-describedby=\"woocommerce_loop_add_to_cart_link_describedby_18966\" data-quantity=\"1\" class=\"button product_type_simple\" data-product_id=\"18966\" data-product_sku=\"GSO-063\" aria-label=\"En savoir plus sur \u201cSET - Jasminreis Variationen aus Kambodscha\u201d\" rel=\"nofollow\" data-success_message=\"\" data-no-translation-aria-label=\"\"><span class=\"avia-svg-icon avia-font-svg_entypo-fontello\" data-av_svg_icon='basket' data-av_iconset='svg_entypo-fontello'><svg version=\"1.1\" xmlns=\"http:\/\/www.w3.org\/2000\/svg\" width=\"29\" height=\"32\" viewbox=\"0 0 29 32\" preserveaspectratio=\"xMidYMid meet\" aria-labelledby='av-svg-title-419' aria-describedby='av-svg-desc-419' role=\"graphics-symbol\" aria-hidden=\"true\">\n<title id='av-svg-title-419'>Ajouter au panier<\/title>\n<desc id='av-svg-desc-419'>Ajouter au panier<\/desc>\n<path d=\"M4.8 27.2q0-1.28 0.96-2.24t2.24-0.96q1.344 0 2.272 0.96t0.928 2.24q0 1.344-0.928 2.272t-2.272 0.928q-1.28 0-2.24-0.928t-0.96-2.272zM20.8 27.2q0-1.28 0.96-2.24t2.24-0.96q1.344 0 2.272 0.96t0.928 2.24q0 1.344-0.928 2.272t-2.272 0.928q-1.28 0-2.24-0.928t-0.96-2.272zM10.496 19.648q-1.152 0.32-1.088 0.736t1.408 0.416h17.984v2.432q0 0.64-0.64 0.64h-20.928q-0.64 0-0.64-0.64v-2.432l-0.32-1.472-3.136-14.528h-3.136v-2.56q0-0.64 0.64-0.64h4.992q0.64 0 0.64 0.64v2.752h22.528v8.768q0 0.704-0.576 0.832z\"><\/path>\n<\/svg><\/span>  Lire la suite<\/a>\t<span id=\"woocommerce_loop_add_to_cart_link_describedby_18966\" class=\"screen-reader-text\">\n\t\t\t<\/span>\n<a class=\"button show_details_button\" href=\"https:\/\/www.raffinessen.ch\/fr\/produit\/set-jasminreis-variationen-aus-kambodscha\/\"><span class=\"avia-svg-icon avia-font-svg_entypo-fontello\" data-av_svg_icon='doc-text' data-av_iconset='svg_entypo-fontello'><svg version=\"1.1\" xmlns=\"http:\/\/www.w3.org\/2000\/svg\" width=\"22\" height=\"32\" viewbox=\"0 0 22 32\" preserveaspectratio=\"xMidYMid meet\" aria-labelledby='av-svg-title-420' aria-describedby='av-svg-desc-420' role=\"graphics-symbol\" aria-hidden=\"true\">\n<title id='av-svg-title-420'>Voir les d\u00e9tails<\/title>\n<desc id='av-svg-desc-420'>Voir les d\u00e9tails<\/desc>\n<path d=\"M6.784 17.344v-2.88h8.96v2.88h-8.96zM19.2 1.6q1.344 0 2.272 0.928t0.928 2.272v22.4q0 1.28-0.928 2.24t-2.272 0.96h-16q-1.28 0-2.24-0.96t-0.96-2.24v-22.4q0-1.344 0.96-2.272t2.24-0.928h16zM19.2 27.2v-22.4h-16v22.4h16zM15.68 8.256v2.816h-8.96v-2.816h8.96zM15.68 20.8v2.816h-8.96v-2.816h8.96z\"><\/path>\n<\/svg><\/span>  Voir les d\u00e9tails<\/a> <span class=\"button-mini-delimiter\"><\/span><\/div><\/div><\/li>\n<li class=\"product type-product post-18629 status-publish instock product_cat-ab-chf-30 product_cat-behaelter product_cat-muehlen-und-behaelter product_cat-neu product_cat-top4 has-post-thumbnail taxable shipping-taxable purchasable product-type-simple\">\n\t<div class='inner_product main_color wrapped_style noLightbox  av-product-class-'><a href=\"https:\/\/www.raffinessen.ch\/fr\/produit\/moerser-aus-gusseisen\/\" class=\"woocommerce-LoopProduct-link woocommerce-loop-product__link\"><div class=\"thumbnail_container\"><img loading=\"lazy\" decoding=\"async\" width=\"500\" height=\"500\" src=\"https:\/\/www.raffinessen.ch\/webseite\/wp-content\/uploads\/2024\/12\/Gusseisen-Moerser2-500x500.jpg\" class=\"attachment-woocommerce_thumbnail avia-product-hover\" alt=\"\" srcset=\"https:\/\/www.raffinessen.ch\/webseite\/wp-content\/uploads\/2024\/12\/Gusseisen-Moerser2-500x500.jpg 500w, https:\/\/www.raffinessen.ch\/webseite\/wp-content\/uploads\/2024\/12\/Gusseisen-Moerser2-300x300.jpg 300w, https:\/\/www.raffinessen.ch\/webseite\/wp-content\/uploads\/2024\/12\/Gusseisen-Moerser2-1030x1030.jpg 1030w, https:\/\/www.raffinessen.ch\/webseite\/wp-content\/uploads\/2024\/12\/Gusseisen-Moerser2-80x80.jpg 80w, https:\/\/www.raffinessen.ch\/webseite\/wp-content\/uploads\/2024\/12\/Gusseisen-Moerser2-768x768.jpg 768w, https:\/\/www.raffinessen.ch\/webseite\/wp-content\/uploads\/2024\/12\/Gusseisen-Moerser2-12x12.jpg 12w, https:\/\/www.raffinessen.ch\/webseite\/wp-content\/uploads\/2024\/12\/Gusseisen-Moerser2-36x36.jpg 36w, https:\/\/www.raffinessen.ch\/webseite\/wp-content\/uploads\/2024\/12\/Gusseisen-Moerser2-180x180.jpg 180w, https:\/\/www.raffinessen.ch\/webseite\/wp-content\/uploads\/2024\/12\/Gusseisen-Moerser2-705x705.jpg 705w, https:\/\/www.raffinessen.ch\/webseite\/wp-content\/uploads\/2024\/12\/Gusseisen-Moerser2-120x120.jpg 120w, https:\/\/www.raffinessen.ch\/webseite\/wp-content\/uploads\/2024\/12\/Gusseisen-Moerser2-450x450.jpg 450w, https:\/\/www.raffinessen.ch\/webseite\/wp-content\/uploads\/2024\/12\/Gusseisen-Moerser2-400x400.jpg 400w, https:\/\/www.raffinessen.ch\/webseite\/wp-content\/uploads\/2024\/12\/Gusseisen-Moerser2-600x600.jpg 600w, https:\/\/www.raffinessen.ch\/webseite\/wp-content\/uploads\/2024\/12\/Gusseisen-Moerser2-1000x1000.jpg 1000w, https:\/\/www.raffinessen.ch\/webseite\/wp-content\/uploads\/2024\/12\/Gusseisen-Moerser2-100x100.jpg 100w, https:\/\/www.raffinessen.ch\/webseite\/wp-content\/uploads\/2024\/12\/Gusseisen-Moerser2.jpg 1500w\" sizes=\"auto, (max-width: 500px) 100vw, 500px\" \/><img decoding=\"async\" loading=\"lazy\" width=\"500\" height=\"500\" src=\"https:\/\/www.raffinessen.ch\/webseite\/wp-content\/uploads\/2024\/12\/Gusseisen-Moerser1-500x500.jpg\" class=\"wp-image-18633 avia-img-lazy-loading-18633 attachment-woocommerce_thumbnail size-woocommerce_thumbnail wp-post-image\" alt=\"\" srcset=\"https:\/\/www.raffinessen.ch\/webseite\/wp-content\/uploads\/2024\/12\/Gusseisen-Moerser1-500x500.jpg 500w, https:\/\/www.raffinessen.ch\/webseite\/wp-content\/uploads\/2024\/12\/Gusseisen-Moerser1-300x300.jpg 300w, https:\/\/www.raffinessen.ch\/webseite\/wp-content\/uploads\/2024\/12\/Gusseisen-Moerser1-1030x1030.jpg 1030w, https:\/\/www.raffinessen.ch\/webseite\/wp-content\/uploads\/2024\/12\/Gusseisen-Moerser1-80x80.jpg 80w, https:\/\/www.raffinessen.ch\/webseite\/wp-content\/uploads\/2024\/12\/Gusseisen-Moerser1-768x768.jpg 768w, https:\/\/www.raffinessen.ch\/webseite\/wp-content\/uploads\/2024\/12\/Gusseisen-Moerser1-12x12.jpg 12w, https:\/\/www.raffinessen.ch\/webseite\/wp-content\/uploads\/2024\/12\/Gusseisen-Moerser1-36x36.jpg 36w, https:\/\/www.raffinessen.ch\/webseite\/wp-content\/uploads\/2024\/12\/Gusseisen-Moerser1-180x180.jpg 180w, https:\/\/www.raffinessen.ch\/webseite\/wp-content\/uploads\/2024\/12\/Gusseisen-Moerser1-705x705.jpg 705w, https:\/\/www.raffinessen.ch\/webseite\/wp-content\/uploads\/2024\/12\/Gusseisen-Moerser1-120x120.jpg 120w, https:\/\/www.raffinessen.ch\/webseite\/wp-content\/uploads\/2024\/12\/Gusseisen-Moerser1-450x450.jpg 450w, https:\/\/www.raffinessen.ch\/webseite\/wp-content\/uploads\/2024\/12\/Gusseisen-Moerser1-400x400.jpg 400w, https:\/\/www.raffinessen.ch\/webseite\/wp-content\/uploads\/2024\/12\/Gusseisen-Moerser1-600x600.jpg 600w, https:\/\/www.raffinessen.ch\/webseite\/wp-content\/uploads\/2024\/12\/Gusseisen-Moerser1-1000x1000.jpg 1000w, https:\/\/www.raffinessen.ch\/webseite\/wp-content\/uploads\/2024\/12\/Gusseisen-Moerser1-100x100.jpg 100w, https:\/\/www.raffinessen.ch\/webseite\/wp-content\/uploads\/2024\/12\/Gusseisen-Moerser1.jpg 1500w\" sizes=\"auto, (max-width: 500px) 100vw, 500px\" \/><span class=\"cart-loading\"><\/span><\/div><div class='inner_product_header'><div class='avia-arrow'><\/div><div class='inner_product_header_table'><div class='inner_product_header_cell'><h2 class=\"woocommerce-loop-product__title\">M\u00f6rser aus Gusseisen<\/h2>\n\t<span class=\"price\"><span class=\"woocommerce-Price-amount amount\"><bdi><span class=\"woocommerce-Price-currencySymbol\">&#67;&#72;&#70;<\/span>&nbsp;39.00<\/bdi><\/span> <small class=\"woocommerce-price-suffix\">TVA incluse<\/small><\/span>\n<\/div><\/div><\/div><\/a><div class='avia_cart_buttons'><a href=\"\/fr\/wp-json\/wp\/v2\/pages\/9012?add-to-cart=18629\" aria-describedby=\"woocommerce_loop_add_to_cart_link_describedby_18629\" data-quantity=\"1\" class=\"button product_type_simple add_to_cart_button ajax_add_to_cart\" data-product_id=\"18629\" data-product_sku=\"PP-NF0016\" aria-label=\"Ajouter au panier\u00a0: \u201cM\u00f6rser aus Gusseisen\u201d\" rel=\"nofollow\" data-success_message=\"\u00ab\u00a0M\u00f6rser aus Gusseisen\u00a0\u00bb a \u00e9t\u00e9 ajout\u00e9 \u00e0 votre panier\" role=\"button\" data-no-translation-aria-label=\"\" data-no-translation-data-success_message=\"\"><span class=\"avia-svg-icon avia-font-svg_entypo-fontello\" data-av_svg_icon='basket' data-av_iconset='svg_entypo-fontello'><svg version=\"1.1\" xmlns=\"http:\/\/www.w3.org\/2000\/svg\" width=\"29\" height=\"32\" viewbox=\"0 0 29 32\" preserveaspectratio=\"xMidYMid meet\" aria-labelledby='av-svg-title-421' aria-describedby='av-svg-desc-421' role=\"graphics-symbol\" aria-hidden=\"true\">\n<title id='av-svg-title-421'>Ajouter au panier<\/title>\n<desc id='av-svg-desc-421'>Ajouter au panier<\/desc>\n<path d=\"M4.8 27.2q0-1.28 0.96-2.24t2.24-0.96q1.344 0 2.272 0.96t0.928 2.24q0 1.344-0.928 2.272t-2.272 0.928q-1.28 0-2.24-0.928t-0.96-2.272zM20.8 27.2q0-1.28 0.96-2.24t2.24-0.96q1.344 0 2.272 0.96t0.928 2.24q0 1.344-0.928 2.272t-2.272 0.928q-1.28 0-2.24-0.928t-0.96-2.272zM10.496 19.648q-1.152 0.32-1.088 0.736t1.408 0.416h17.984v2.432q0 0.64-0.64 0.64h-20.928q-0.64 0-0.64-0.64v-2.432l-0.32-1.472-3.136-14.528h-3.136v-2.56q0-0.64 0.64-0.64h4.992q0.64 0 0.64 0.64v2.752h22.528v8.768q0 0.704-0.576 0.832z\"><\/path>\n<\/svg><\/span>  Ajouter au panier<\/a>\t<span id=\"woocommerce_loop_add_to_cart_link_describedby_18629\" class=\"screen-reader-text\">\n\t\t\t<\/span>\n<a class=\"button show_details_button\" href=\"https:\/\/www.raffinessen.ch\/fr\/produit\/moerser-aus-gusseisen\/\"><span class=\"avia-svg-icon avia-font-svg_entypo-fontello\" data-av_svg_icon='doc-text' data-av_iconset='svg_entypo-fontello'><svg version=\"1.1\" xmlns=\"http:\/\/www.w3.org\/2000\/svg\" width=\"22\" height=\"32\" viewbox=\"0 0 22 32\" preserveaspectratio=\"xMidYMid meet\" aria-labelledby='av-svg-title-422' aria-describedby='av-svg-desc-422' role=\"graphics-symbol\" aria-hidden=\"true\">\n<title id='av-svg-title-422'>Voir les d\u00e9tails<\/title>\n<desc id='av-svg-desc-422'>Voir les d\u00e9tails<\/desc>\n<path d=\"M6.784 17.344v-2.88h8.96v2.88h-8.96zM19.2 1.6q1.344 0 2.272 0.928t0.928 2.272v22.4q0 1.28-0.928 2.24t-2.272 0.96h-16q-1.28 0-2.24-0.96t-0.96-2.24v-22.4q0-1.344 0.96-2.272t2.24-0.928h16zM19.2 27.2v-22.4h-16v22.4h16zM15.68 8.256v2.816h-8.96v-2.816h8.96zM15.68 20.8v2.816h-8.96v-2.816h8.96z\"><\/path>\n<\/svg><\/span>  Voir les d\u00e9tails<\/a> <span class=\"button-mini-delimiter\"><\/span><\/div><\/div><\/li>\n<li class=\"product type-product post-18467 status-publish last instock product_cat-ab-chf-30 product_cat-neu has-post-thumbnail taxable shipping-taxable purchasable product-type-simple\">\n\t<div class='inner_product main_color wrapped_style noLightbox  av-product-class-'><a href=\"https:\/\/www.raffinessen.ch\/fr\/produit\/set-chili-pfeffer-raclette-fondue\/\" class=\"woocommerce-LoopProduct-link woocommerce-loop-product__link\"><div class=\"thumbnail_container\"><img loading=\"lazy\" decoding=\"async\" width=\"500\" height=\"500\" src=\"https:\/\/www.raffinessen.ch\/webseite\/wp-content\/uploads\/2024\/11\/GSO-062-Geschenkverpackung-500x500.jpg\" class=\"attachment-woocommerce_thumbnail avia-product-hover\" alt=\"\" srcset=\"https:\/\/www.raffinessen.ch\/webseite\/wp-content\/uploads\/2024\/11\/GSO-062-Geschenkverpackung-500x500.jpg 500w, https:\/\/www.raffinessen.ch\/webseite\/wp-content\/uploads\/2024\/11\/GSO-062-Geschenkverpackung-300x300.jpg 300w, https:\/\/www.raffinessen.ch\/webseite\/wp-content\/uploads\/2024\/11\/GSO-062-Geschenkverpackung-1030x1030.jpg 1030w, https:\/\/www.raffinessen.ch\/webseite\/wp-content\/uploads\/2024\/11\/GSO-062-Geschenkverpackung-80x80.jpg 80w, https:\/\/www.raffinessen.ch\/webseite\/wp-content\/uploads\/2024\/11\/GSO-062-Geschenkverpackung-768x768.jpg 768w, https:\/\/www.raffinessen.ch\/webseite\/wp-content\/uploads\/2024\/11\/GSO-062-Geschenkverpackung-12x12.jpg 12w, https:\/\/www.raffinessen.ch\/webseite\/wp-content\/uploads\/2024\/11\/GSO-062-Geschenkverpackung-36x36.jpg 36w, https:\/\/www.raffinessen.ch\/webseite\/wp-content\/uploads\/2024\/11\/GSO-062-Geschenkverpackung-180x180.jpg 180w, https:\/\/www.raffinessen.ch\/webseite\/wp-content\/uploads\/2024\/11\/GSO-062-Geschenkverpackung-705x705.jpg 705w, https:\/\/www.raffinessen.ch\/webseite\/wp-content\/uploads\/2024\/11\/GSO-062-Geschenkverpackung-120x120.jpg 120w, https:\/\/www.raffinessen.ch\/webseite\/wp-content\/uploads\/2024\/11\/GSO-062-Geschenkverpackung-450x450.jpg 450w, https:\/\/www.raffinessen.ch\/webseite\/wp-content\/uploads\/2024\/11\/GSO-062-Geschenkverpackung-1000x1000.jpg 1000w, https:\/\/www.raffinessen.ch\/webseite\/wp-content\/uploads\/2024\/11\/GSO-062-Geschenkverpackung-100x100.jpg 100w, https:\/\/www.raffinessen.ch\/webseite\/wp-content\/uploads\/2024\/11\/GSO-062-Geschenkverpackung.jpg 1500w\" sizes=\"auto, (max-width: 500px) 100vw, 500px\" \/><img decoding=\"async\" loading=\"lazy\" width=\"500\" height=\"500\" src=\"https:\/\/www.raffinessen.ch\/webseite\/wp-content\/uploads\/2024\/11\/GSO-062-YANN-Gewuerz-500x500.jpg\" class=\"wp-image-18469 avia-img-lazy-loading-18469 attachment-woocommerce_thumbnail size-woocommerce_thumbnail wp-post-image\" alt=\"\" srcset=\"https:\/\/www.raffinessen.ch\/webseite\/wp-content\/uploads\/2024\/11\/GSO-062-YANN-Gewuerz-500x500.jpg 500w, https:\/\/www.raffinessen.ch\/webseite\/wp-content\/uploads\/2024\/11\/GSO-062-YANN-Gewuerz-300x300.jpg 300w, https:\/\/www.raffinessen.ch\/webseite\/wp-content\/uploads\/2024\/11\/GSO-062-YANN-Gewuerz-1030x1030.jpg 1030w, https:\/\/www.raffinessen.ch\/webseite\/wp-content\/uploads\/2024\/11\/GSO-062-YANN-Gewuerz-80x80.jpg 80w, https:\/\/www.raffinessen.ch\/webseite\/wp-content\/uploads\/2024\/11\/GSO-062-YANN-Gewuerz-768x768.jpg 768w, https:\/\/www.raffinessen.ch\/webseite\/wp-content\/uploads\/2024\/11\/GSO-062-YANN-Gewuerz-12x12.jpg 12w, https:\/\/www.raffinessen.ch\/webseite\/wp-content\/uploads\/2024\/11\/GSO-062-YANN-Gewuerz-36x36.jpg 36w, https:\/\/www.raffinessen.ch\/webseite\/wp-content\/uploads\/2024\/11\/GSO-062-YANN-Gewuerz-180x180.jpg 180w, https:\/\/www.raffinessen.ch\/webseite\/wp-content\/uploads\/2024\/11\/GSO-062-YANN-Gewuerz-705x705.jpg 705w, https:\/\/www.raffinessen.ch\/webseite\/wp-content\/uploads\/2024\/11\/GSO-062-YANN-Gewuerz-120x120.jpg 120w, https:\/\/www.raffinessen.ch\/webseite\/wp-content\/uploads\/2024\/11\/GSO-062-YANN-Gewuerz-450x450.jpg 450w, https:\/\/www.raffinessen.ch\/webseite\/wp-content\/uploads\/2024\/11\/GSO-062-YANN-Gewuerz-1000x1000.jpg 1000w, https:\/\/www.raffinessen.ch\/webseite\/wp-content\/uploads\/2024\/11\/GSO-062-YANN-Gewuerz-100x100.jpg 100w, https:\/\/www.raffinessen.ch\/webseite\/wp-content\/uploads\/2024\/11\/GSO-062-YANN-Gewuerz.jpg 1500w\" sizes=\"auto, (max-width: 500px) 100vw, 500px\" \/><span class=\"cart-loading\"><\/span><\/div><div class='inner_product_header'><div class='avia-arrow'><\/div><div class='inner_product_header_table'><div class='inner_product_header_cell'><h2 class=\"woocommerce-loop-product__title\">SET &#8211; Chili\/Pfeffer &#038; Raclette\/Fondue<\/h2>\n\t<span class=\"price\"><span class=\"woocommerce-Price-amount amount\"><bdi><span class=\"woocommerce-Price-currencySymbol\">&#67;&#72;&#70;<\/span>&nbsp;40.00<\/bdi><\/span> <small class=\"woocommerce-price-suffix\">TVA incluse<\/small><\/span>\n<\/div><\/div><\/div><\/a><div class='avia_cart_buttons'><a href=\"\/fr\/wp-json\/wp\/v2\/pages\/9012?add-to-cart=18467\" aria-describedby=\"woocommerce_loop_add_to_cart_link_describedby_18467\" data-quantity=\"1\" class=\"button product_type_simple add_to_cart_button ajax_add_to_cart\" data-product_id=\"18467\" data-product_sku=\"GSO-062\" aria-label=\"Ajouter au panier\u00a0: \u201cSET - Chili\/Pfeffer &amp; Raclette\/Fondue\u201d\" rel=\"nofollow\" data-success_message=\"\u00ab\u00a0SET - Chili\/Pfeffer &amp; Raclette\/Fondue\u00a0\u00bb a \u00e9t\u00e9 ajout\u00e9 \u00e0 votre panier\" role=\"button\" data-no-translation-aria-label=\"\" data-no-translation-data-success_message=\"\"><span class=\"avia-svg-icon avia-font-svg_entypo-fontello\" data-av_svg_icon='basket' data-av_iconset='svg_entypo-fontello'><svg version=\"1.1\" xmlns=\"http:\/\/www.w3.org\/2000\/svg\" width=\"29\" height=\"32\" viewbox=\"0 0 29 32\" preserveaspectratio=\"xMidYMid meet\" aria-labelledby='av-svg-title-423' aria-describedby='av-svg-desc-423' role=\"graphics-symbol\" aria-hidden=\"true\">\n<title id='av-svg-title-423'>Ajouter au panier<\/title>\n<desc id='av-svg-desc-423'>Ajouter au panier<\/desc>\n<path d=\"M4.8 27.2q0-1.28 0.96-2.24t2.24-0.96q1.344 0 2.272 0.96t0.928 2.24q0 1.344-0.928 2.272t-2.272 0.928q-1.28 0-2.24-0.928t-0.96-2.272zM20.8 27.2q0-1.28 0.96-2.24t2.24-0.96q1.344 0 2.272 0.96t0.928 2.24q0 1.344-0.928 2.272t-2.272 0.928q-1.28 0-2.24-0.928t-0.96-2.272zM10.496 19.648q-1.152 0.32-1.088 0.736t1.408 0.416h17.984v2.432q0 0.64-0.64 0.64h-20.928q-0.64 0-0.64-0.64v-2.432l-0.32-1.472-3.136-14.528h-3.136v-2.56q0-0.64 0.64-0.64h4.992q0.64 0 0.64 0.64v2.752h22.528v8.768q0 0.704-0.576 0.832z\"><\/path>\n<\/svg><\/span>  Ajouter au panier<\/a>\t<span id=\"woocommerce_loop_add_to_cart_link_describedby_18467\" class=\"screen-reader-text\">\n\t\t\t<\/span>\n<a class=\"button show_details_button\" href=\"https:\/\/www.raffinessen.ch\/fr\/produit\/set-chili-pfeffer-raclette-fondue\/\"><span class=\"avia-svg-icon avia-font-svg_entypo-fontello\" data-av_svg_icon='doc-text' data-av_iconset='svg_entypo-fontello'><svg version=\"1.1\" xmlns=\"http:\/\/www.w3.org\/2000\/svg\" width=\"22\" height=\"32\" viewbox=\"0 0 22 32\" preserveaspectratio=\"xMidYMid meet\" aria-labelledby='av-svg-title-424' aria-describedby='av-svg-desc-424' role=\"graphics-symbol\" aria-hidden=\"true\">\n<title id='av-svg-title-424'>Voir les d\u00e9tails<\/title>\n<desc id='av-svg-desc-424'>Voir les d\u00e9tails<\/desc>\n<path d=\"M6.784 17.344v-2.88h8.96v2.88h-8.96zM19.2 1.6q1.344 0 2.272 0.928t0.928 2.272v22.4q0 1.28-0.928 2.24t-2.272 0.96h-16q-1.28 0-2.24-0.96t-0.96-2.24v-22.4q0-1.344 0.96-2.272t2.24-0.928h16zM19.2 27.2v-22.4h-16v22.4h16zM15.68 8.256v2.816h-8.96v-2.816h8.96zM15.68 20.8v2.816h-8.96v-2.816h8.96z\"><\/path>\n<\/svg><\/span>  Voir les d\u00e9tails<\/a> <span class=\"button-mini-delimiter\"><\/span><\/div><\/div><\/li>\n<li class=\"product type-product post-16307 status-publish first instock product_cat-bis-chf-30 product_cat-geschenksets product_cat-neu has-post-thumbnail taxable shipping-taxable purchasable product-type-simple\">\n\t<div class='inner_product main_color wrapped_style noLightbox  av-product-class-'><a href=\"https:\/\/www.raffinessen.ch\/fr\/produit\/set-suppen\/\" class=\"woocommerce-LoopProduct-link woocommerce-loop-product__link\"><div class=\"thumbnail_container\"><img loading=\"lazy\" decoding=\"async\" width=\"500\" height=\"500\" src=\"https:\/\/www.raffinessen.ch\/webseite\/wp-content\/uploads\/2023\/09\/SET_Suppen_Randen-500x500.jpg\" class=\"attachment-woocommerce_thumbnail avia-product-hover\" alt=\"\" srcset=\"https:\/\/www.raffinessen.ch\/webseite\/wp-content\/uploads\/2023\/09\/SET_Suppen_Randen-500x500.jpg 500w, https:\/\/www.raffinessen.ch\/webseite\/wp-content\/uploads\/2023\/09\/SET_Suppen_Randen-300x300.jpg 300w, https:\/\/www.raffinessen.ch\/webseite\/wp-content\/uploads\/2023\/09\/SET_Suppen_Randen-1030x1030.jpg 1030w, https:\/\/www.raffinessen.ch\/webseite\/wp-content\/uploads\/2023\/09\/SET_Suppen_Randen-80x80.jpg 80w, https:\/\/www.raffinessen.ch\/webseite\/wp-content\/uploads\/2023\/09\/SET_Suppen_Randen-768x768.jpg 768w, https:\/\/www.raffinessen.ch\/webseite\/wp-content\/uploads\/2023\/09\/SET_Suppen_Randen-12x12.jpg 12w, https:\/\/www.raffinessen.ch\/webseite\/wp-content\/uploads\/2023\/09\/SET_Suppen_Randen-36x36.jpg 36w, https:\/\/www.raffinessen.ch\/webseite\/wp-content\/uploads\/2023\/09\/SET_Suppen_Randen-180x180.jpg 180w, https:\/\/www.raffinessen.ch\/webseite\/wp-content\/uploads\/2023\/09\/SET_Suppen_Randen-705x705.jpg 705w, https:\/\/www.raffinessen.ch\/webseite\/wp-content\/uploads\/2023\/09\/SET_Suppen_Randen-120x120.jpg 120w, https:\/\/www.raffinessen.ch\/webseite\/wp-content\/uploads\/2023\/09\/SET_Suppen_Randen-450x450.jpg 450w, https:\/\/www.raffinessen.ch\/webseite\/wp-content\/uploads\/2023\/09\/SET_Suppen_Randen-1000x1000.jpg 1000w, https:\/\/www.raffinessen.ch\/webseite\/wp-content\/uploads\/2023\/09\/SET_Suppen_Randen-100x100.jpg 100w, https:\/\/www.raffinessen.ch\/webseite\/wp-content\/uploads\/2023\/09\/SET_Suppen_Randen.jpg 1500w\" sizes=\"auto, (max-width: 500px) 100vw, 500px\" \/><img decoding=\"async\" loading=\"lazy\" width=\"500\" height=\"500\" src=\"https:\/\/www.raffinessen.ch\/webseite\/wp-content\/uploads\/2023\/09\/SET_Suppen-500x500.jpg\" class=\"wp-image-16309 avia-img-lazy-loading-16309 attachment-woocommerce_thumbnail size-woocommerce_thumbnail wp-post-image\" alt=\"\" srcset=\"https:\/\/www.raffinessen.ch\/webseite\/wp-content\/uploads\/2023\/09\/SET_Suppen-500x500.jpg 500w, https:\/\/www.raffinessen.ch\/webseite\/wp-content\/uploads\/2023\/09\/SET_Suppen-300x300.jpg 300w, https:\/\/www.raffinessen.ch\/webseite\/wp-content\/uploads\/2023\/09\/SET_Suppen-1030x1030.jpg 1030w, https:\/\/www.raffinessen.ch\/webseite\/wp-content\/uploads\/2023\/09\/SET_Suppen-80x80.jpg 80w, https:\/\/www.raffinessen.ch\/webseite\/wp-content\/uploads\/2023\/09\/SET_Suppen-768x768.jpg 768w, https:\/\/www.raffinessen.ch\/webseite\/wp-content\/uploads\/2023\/09\/SET_Suppen-12x12.jpg 12w, https:\/\/www.raffinessen.ch\/webseite\/wp-content\/uploads\/2023\/09\/SET_Suppen-36x36.jpg 36w, https:\/\/www.raffinessen.ch\/webseite\/wp-content\/uploads\/2023\/09\/SET_Suppen-180x180.jpg 180w, https:\/\/www.raffinessen.ch\/webseite\/wp-content\/uploads\/2023\/09\/SET_Suppen-705x705.jpg 705w, https:\/\/www.raffinessen.ch\/webseite\/wp-content\/uploads\/2023\/09\/SET_Suppen-120x120.jpg 120w, https:\/\/www.raffinessen.ch\/webseite\/wp-content\/uploads\/2023\/09\/SET_Suppen-450x450.jpg 450w, https:\/\/www.raffinessen.ch\/webseite\/wp-content\/uploads\/2023\/09\/SET_Suppen-1000x1000.jpg 1000w, https:\/\/www.raffinessen.ch\/webseite\/wp-content\/uploads\/2023\/09\/SET_Suppen-100x100.jpg 100w, https:\/\/www.raffinessen.ch\/webseite\/wp-content\/uploads\/2023\/09\/SET_Suppen.jpg 1500w\" sizes=\"auto, (max-width: 500px) 100vw, 500px\" \/><span class=\"cart-loading\"><\/span><\/div><div class='inner_product_header'><div class='avia-arrow'><\/div><div class='inner_product_header_table'><div class='inner_product_header_cell'><h2 class=\"woocommerce-loop-product__title\">SET &#8211; Suppen<\/h2>\n\t<span class=\"price\"><span class=\"woocommerce-Price-amount amount\"><bdi><span class=\"woocommerce-Price-currencySymbol\">&#67;&#72;&#70;<\/span>&nbsp;29.00<\/bdi><\/span> <small class=\"woocommerce-price-suffix\">TVA incluse<\/small><\/span>\n<\/div><\/div><\/div><\/a><div class='avia_cart_buttons'><a href=\"\/fr\/wp-json\/wp\/v2\/pages\/9012?add-to-cart=16307\" aria-describedby=\"woocommerce_loop_add_to_cart_link_describedby_16307\" data-quantity=\"1\" class=\"button product_type_simple add_to_cart_button ajax_add_to_cart\" data-product_id=\"16307\" data-product_sku=\"GSO-059\" aria-label=\"Ajouter au panier\u00a0: \u201cSET - Suppen\u201d\" rel=\"nofollow\" data-success_message=\"\u00ab\u00a0SET - Suppen\u00a0\u00bb a \u00e9t\u00e9 ajout\u00e9 \u00e0 votre panier\" role=\"button\" data-no-translation-aria-label=\"\" data-no-translation-data-success_message=\"\"><span class=\"avia-svg-icon avia-font-svg_entypo-fontello\" data-av_svg_icon='basket' data-av_iconset='svg_entypo-fontello'><svg version=\"1.1\" xmlns=\"http:\/\/www.w3.org\/2000\/svg\" width=\"29\" height=\"32\" viewbox=\"0 0 29 32\" preserveaspectratio=\"xMidYMid meet\" aria-labelledby='av-svg-title-425' aria-describedby='av-svg-desc-425' role=\"graphics-symbol\" aria-hidden=\"true\">\n<title id='av-svg-title-425'>Ajouter au panier<\/title>\n<desc id='av-svg-desc-425'>Ajouter au panier<\/desc>\n<path d=\"M4.8 27.2q0-1.28 0.96-2.24t2.24-0.96q1.344 0 2.272 0.96t0.928 2.24q0 1.344-0.928 2.272t-2.272 0.928q-1.28 0-2.24-0.928t-0.96-2.272zM20.8 27.2q0-1.28 0.96-2.24t2.24-0.96q1.344 0 2.272 0.96t0.928 2.24q0 1.344-0.928 2.272t-2.272 0.928q-1.28 0-2.24-0.928t-0.96-2.272zM10.496 19.648q-1.152 0.32-1.088 0.736t1.408 0.416h17.984v2.432q0 0.64-0.64 0.64h-20.928q-0.64 0-0.64-0.64v-2.432l-0.32-1.472-3.136-14.528h-3.136v-2.56q0-0.64 0.64-0.64h4.992q0.64 0 0.64 0.64v2.752h22.528v8.768q0 0.704-0.576 0.832z\"><\/path>\n<\/svg><\/span>  Ajouter au panier<\/a>\t<span id=\"woocommerce_loop_add_to_cart_link_describedby_16307\" class=\"screen-reader-text\">\n\t\t\t<\/span>\n<a class=\"button show_details_button\" href=\"https:\/\/www.raffinessen.ch\/fr\/produit\/set-suppen\/\"><span class=\"avia-svg-icon avia-font-svg_entypo-fontello\" data-av_svg_icon='doc-text' data-av_iconset='svg_entypo-fontello'><svg version=\"1.1\" xmlns=\"http:\/\/www.w3.org\/2000\/svg\" width=\"22\" height=\"32\" viewbox=\"0 0 22 32\" preserveaspectratio=\"xMidYMid meet\" aria-labelledby='av-svg-title-426' aria-describedby='av-svg-desc-426' role=\"graphics-symbol\" aria-hidden=\"true\">\n<title id='av-svg-title-426'>Voir les d\u00e9tails<\/title>\n<desc id='av-svg-desc-426'>Voir les d\u00e9tails<\/desc>\n<path d=\"M6.784 17.344v-2.88h8.96v2.88h-8.96zM19.2 1.6q1.344 0 2.272 0.928t0.928 2.272v22.4q0 1.28-0.928 2.24t-2.272 0.96h-16q-1.28 0-2.24-0.96t-0.96-2.24v-22.4q0-1.344 0.96-2.272t2.24-0.928h16zM19.2 27.2v-22.4h-16v22.4h16zM15.68 8.256v2.816h-8.96v-2.816h8.96zM15.68 20.8v2.816h-8.96v-2.816h8.96z\"><\/path>\n<\/svg><\/span>  Voir les d\u00e9tails<\/a> <span class=\"button-mini-delimiter\"><\/span><\/div><\/div><\/li>\n<li class=\"product type-product post-15393 status-publish instock product_cat-bis-chf-30 product_cat-geschenksets product_cat-neu has-post-thumbnail taxable shipping-taxable purchasable product-type-simple\">\n\t<div class='inner_product main_color wrapped_style noLightbox  av-product-class-'><a href=\"https:\/\/www.raffinessen.ch\/fr\/produit\/mami-viele-blumen-fuer-den-dank\/\" class=\"woocommerce-LoopProduct-link woocommerce-loop-product__link\"><div class=\"thumbnail_container\"><img decoding=\"async\" loading=\"lazy\" width=\"500\" height=\"500\" src=\"https:\/\/www.raffinessen.ch\/webseite\/wp-content\/uploads\/2023\/05\/Wuerfelbox_Glas-mit-Holzdeckel_MAMI-500x500.jpg\" class=\"wp-image-15394 avia-img-lazy-loading-15394 attachment-woocommerce_thumbnail size-woocommerce_thumbnail wp-post-image\" alt=\"\" srcset=\"https:\/\/www.raffinessen.ch\/webseite\/wp-content\/uploads\/2023\/05\/Wuerfelbox_Glas-mit-Holzdeckel_MAMI-500x500.jpg 500w, https:\/\/www.raffinessen.ch\/webseite\/wp-content\/uploads\/2023\/05\/Wuerfelbox_Glas-mit-Holzdeckel_MAMI-300x300.jpg 300w, https:\/\/www.raffinessen.ch\/webseite\/wp-content\/uploads\/2023\/05\/Wuerfelbox_Glas-mit-Holzdeckel_MAMI-80x80.jpg 80w, https:\/\/www.raffinessen.ch\/webseite\/wp-content\/uploads\/2023\/05\/Wuerfelbox_Glas-mit-Holzdeckel_MAMI-768x768.jpg 768w, https:\/\/www.raffinessen.ch\/webseite\/wp-content\/uploads\/2023\/05\/Wuerfelbox_Glas-mit-Holzdeckel_MAMI-12x12.jpg 12w, https:\/\/www.raffinessen.ch\/webseite\/wp-content\/uploads\/2023\/05\/Wuerfelbox_Glas-mit-Holzdeckel_MAMI-36x36.jpg 36w, https:\/\/www.raffinessen.ch\/webseite\/wp-content\/uploads\/2023\/05\/Wuerfelbox_Glas-mit-Holzdeckel_MAMI-180x180.jpg 180w, https:\/\/www.raffinessen.ch\/webseite\/wp-content\/uploads\/2023\/05\/Wuerfelbox_Glas-mit-Holzdeckel_MAMI-705x705.jpg 705w, https:\/\/www.raffinessen.ch\/webseite\/wp-content\/uploads\/2023\/05\/Wuerfelbox_Glas-mit-Holzdeckel_MAMI-120x120.jpg 120w, https:\/\/www.raffinessen.ch\/webseite\/wp-content\/uploads\/2023\/05\/Wuerfelbox_Glas-mit-Holzdeckel_MAMI-450x450.jpg 450w, https:\/\/www.raffinessen.ch\/webseite\/wp-content\/uploads\/2023\/05\/Wuerfelbox_Glas-mit-Holzdeckel_MAMI-100x100.jpg 100w, https:\/\/www.raffinessen.ch\/webseite\/wp-content\/uploads\/2023\/05\/Wuerfelbox_Glas-mit-Holzdeckel_MAMI.jpg 1000w\" sizes=\"auto, (max-width: 500px) 100vw, 500px\" \/><span class=\"cart-loading\"><\/span><\/div><div class='inner_product_header'><div class='avia-arrow'><\/div><div class='inner_product_header_table'><div class='inner_product_header_cell'><h2 class=\"woocommerce-loop-product__title\">MAMI - Beaucoup de fleurs pour les REMERCIEMENTS !<\/h2>\n\t<span class=\"price\"><span class=\"woocommerce-Price-amount amount\"><bdi><span class=\"woocommerce-Price-currencySymbol\">&#67;&#72;&#70;<\/span>&nbsp;25.00<\/bdi><\/span> <small class=\"woocommerce-price-suffix\">TVA incluse<\/small><\/span>\n<\/div><\/div><\/div><\/a><div class='avia_cart_buttons'><a href=\"\/fr\/wp-json\/wp\/v2\/pages\/9012?add-to-cart=15393\" aria-describedby=\"woocommerce_loop_add_to_cart_link_describedby_15393\" data-quantity=\"1\" class=\"button product_type_simple add_to_cart_button ajax_add_to_cart\" data-product_id=\"15393\" data-product_sku=\"GSO-055\" aria-label=\"Ajouter au panier\u00a0: \u201cMAMI - Viele Blumen f\u00fcr den DANK !\u201d\" rel=\"nofollow\" data-success_message=\"\u00ab\u00a0MAMI - Viele Blumen f\u00fcr den DANK !\u00a0\u00bb a \u00e9t\u00e9 ajout\u00e9 \u00e0 votre panier\" role=\"button\" data-no-translation-aria-label=\"\" data-no-translation-data-success_message=\"\"><span class=\"avia-svg-icon avia-font-svg_entypo-fontello\" data-av_svg_icon='basket' data-av_iconset='svg_entypo-fontello'><svg version=\"1.1\" xmlns=\"http:\/\/www.w3.org\/2000\/svg\" width=\"29\" height=\"32\" viewbox=\"0 0 29 32\" preserveaspectratio=\"xMidYMid meet\" aria-labelledby='av-svg-title-427' aria-describedby='av-svg-desc-427' role=\"graphics-symbol\" aria-hidden=\"true\">\n<title id='av-svg-title-427'>Ajouter au panier<\/title>\n<desc id='av-svg-desc-427'>Ajouter au panier<\/desc>\n<path d=\"M4.8 27.2q0-1.28 0.96-2.24t2.24-0.96q1.344 0 2.272 0.96t0.928 2.24q0 1.344-0.928 2.272t-2.272 0.928q-1.28 0-2.24-0.928t-0.96-2.272zM20.8 27.2q0-1.28 0.96-2.24t2.24-0.96q1.344 0 2.272 0.96t0.928 2.24q0 1.344-0.928 2.272t-2.272 0.928q-1.28 0-2.24-0.928t-0.96-2.272zM10.496 19.648q-1.152 0.32-1.088 0.736t1.408 0.416h17.984v2.432q0 0.64-0.64 0.64h-20.928q-0.64 0-0.64-0.64v-2.432l-0.32-1.472-3.136-14.528h-3.136v-2.56q0-0.64 0.64-0.64h4.992q0.64 0 0.64 0.64v2.752h22.528v8.768q0 0.704-0.576 0.832z\"><\/path>\n<\/svg><\/span>  Ajouter au panier<\/a>\t<span id=\"woocommerce_loop_add_to_cart_link_describedby_15393\" class=\"screen-reader-text\">\n\t\t\t<\/span>\n<a class=\"button show_details_button\" href=\"https:\/\/www.raffinessen.ch\/fr\/produit\/mami-viele-blumen-fuer-den-dank\/\"><span class=\"avia-svg-icon avia-font-svg_entypo-fontello\" data-av_svg_icon='doc-text' data-av_iconset='svg_entypo-fontello'><svg version=\"1.1\" xmlns=\"http:\/\/www.w3.org\/2000\/svg\" width=\"22\" height=\"32\" viewbox=\"0 0 22 32\" preserveaspectratio=\"xMidYMid meet\" aria-labelledby='av-svg-title-428' aria-describedby='av-svg-desc-428' role=\"graphics-symbol\" aria-hidden=\"true\">\n<title id='av-svg-title-428'>Voir les d\u00e9tails<\/title>\n<desc id='av-svg-desc-428'>Voir les d\u00e9tails<\/desc>\n<path d=\"M6.784 17.344v-2.88h8.96v2.88h-8.96zM19.2 1.6q1.344 0 2.272 0.928t0.928 2.272v22.4q0 1.28-0.928 2.24t-2.272 0.96h-16q-1.28 0-2.24-0.96t-0.96-2.24v-22.4q0-1.344 0.96-2.272t2.24-0.928h16zM19.2 27.2v-22.4h-16v22.4h16zM15.68 8.256v2.816h-8.96v-2.816h8.96zM15.68 20.8v2.816h-8.96v-2.816h8.96z\"><\/path>\n<\/svg><\/span>  Voir les d\u00e9tails<\/a> <span class=\"button-mini-delimiter\"><\/span><\/div><\/div><\/li>\n<li class=\"product type-product post-8019 status-publish instock product_cat-bis-chf-30 product_cat-geschenksets product_cat-neu product_cat-top4 has-post-thumbnail taxable shipping-taxable purchasable product-type-simple\">\n\t<div class='inner_product main_color wrapped_style noLightbox  av-product-class-'><a href=\"https:\/\/www.raffinessen.ch\/fr\/produit\/set-baerner-sauz-u-pfaeffer\/\" class=\"woocommerce-LoopProduct-link woocommerce-loop-product__link\"><div class=\"thumbnail_container\"><img loading=\"lazy\" decoding=\"async\" width=\"500\" height=\"500\" src=\"https:\/\/www.raffinessen.ch\/webseite\/wp-content\/uploads\/2021\/03\/SET-MM2x-Baerner-Sauz-u-Pfaeffer-Box-500x500.jpg\" class=\"attachment-woocommerce_thumbnail avia-product-hover\" alt=\"\" srcset=\"https:\/\/www.raffinessen.ch\/webseite\/wp-content\/uploads\/2021\/03\/SET-MM2x-Baerner-Sauz-u-Pfaeffer-Box-500x500.jpg 500w, https:\/\/www.raffinessen.ch\/webseite\/wp-content\/uploads\/2021\/03\/SET-MM2x-Baerner-Sauz-u-Pfaeffer-Box-300x300.jpg 300w, https:\/\/www.raffinessen.ch\/webseite\/wp-content\/uploads\/2021\/03\/SET-MM2x-Baerner-Sauz-u-Pfaeffer-Box-1030x1030.jpg 1030w, https:\/\/www.raffinessen.ch\/webseite\/wp-content\/uploads\/2021\/03\/SET-MM2x-Baerner-Sauz-u-Pfaeffer-Box-80x80.jpg 80w, https:\/\/www.raffinessen.ch\/webseite\/wp-content\/uploads\/2021\/03\/SET-MM2x-Baerner-Sauz-u-Pfaeffer-Box-768x768.jpg 768w, https:\/\/www.raffinessen.ch\/webseite\/wp-content\/uploads\/2021\/03\/SET-MM2x-Baerner-Sauz-u-Pfaeffer-Box-36x36.jpg 36w, https:\/\/www.raffinessen.ch\/webseite\/wp-content\/uploads\/2021\/03\/SET-MM2x-Baerner-Sauz-u-Pfaeffer-Box-180x180.jpg 180w, https:\/\/www.raffinessen.ch\/webseite\/wp-content\/uploads\/2021\/03\/SET-MM2x-Baerner-Sauz-u-Pfaeffer-Box-705x705.jpg 705w, https:\/\/www.raffinessen.ch\/webseite\/wp-content\/uploads\/2021\/03\/SET-MM2x-Baerner-Sauz-u-Pfaeffer-Box-100x100.jpg 100w, https:\/\/www.raffinessen.ch\/webseite\/wp-content\/uploads\/2021\/03\/SET-MM2x-Baerner-Sauz-u-Pfaeffer-Box-1000x1000.jpg 1000w, https:\/\/www.raffinessen.ch\/webseite\/wp-content\/uploads\/2021\/03\/SET-MM2x-Baerner-Sauz-u-Pfaeffer-Box.jpg 1500w\" sizes=\"auto, (max-width: 500px) 100vw, 500px\" \/><img decoding=\"async\" loading=\"lazy\" width=\"500\" height=\"500\" src=\"https:\/\/www.raffinessen.ch\/webseite\/wp-content\/uploads\/2021\/03\/SET-MM2x-Baerner-Sauz-u-Pfaeffer2-500x500.jpg\" class=\"wp-image-8021 avia-img-lazy-loading-8021 attachment-woocommerce_thumbnail size-woocommerce_thumbnail wp-post-image\" alt=\"\" srcset=\"https:\/\/www.raffinessen.ch\/webseite\/wp-content\/uploads\/2021\/03\/SET-MM2x-Baerner-Sauz-u-Pfaeffer2-500x500.jpg 500w, https:\/\/www.raffinessen.ch\/webseite\/wp-content\/uploads\/2021\/03\/SET-MM2x-Baerner-Sauz-u-Pfaeffer2-300x300.jpg 300w, https:\/\/www.raffinessen.ch\/webseite\/wp-content\/uploads\/2021\/03\/SET-MM2x-Baerner-Sauz-u-Pfaeffer2-1030x1030.jpg 1030w, https:\/\/www.raffinessen.ch\/webseite\/wp-content\/uploads\/2021\/03\/SET-MM2x-Baerner-Sauz-u-Pfaeffer2-80x80.jpg 80w, https:\/\/www.raffinessen.ch\/webseite\/wp-content\/uploads\/2021\/03\/SET-MM2x-Baerner-Sauz-u-Pfaeffer2-768x768.jpg 768w, https:\/\/www.raffinessen.ch\/webseite\/wp-content\/uploads\/2021\/03\/SET-MM2x-Baerner-Sauz-u-Pfaeffer2-36x36.jpg 36w, https:\/\/www.raffinessen.ch\/webseite\/wp-content\/uploads\/2021\/03\/SET-MM2x-Baerner-Sauz-u-Pfaeffer2-180x180.jpg 180w, https:\/\/www.raffinessen.ch\/webseite\/wp-content\/uploads\/2021\/03\/SET-MM2x-Baerner-Sauz-u-Pfaeffer2-705x705.jpg 705w, https:\/\/www.raffinessen.ch\/webseite\/wp-content\/uploads\/2021\/03\/SET-MM2x-Baerner-Sauz-u-Pfaeffer2-100x100.jpg 100w, https:\/\/www.raffinessen.ch\/webseite\/wp-content\/uploads\/2021\/03\/SET-MM2x-Baerner-Sauz-u-Pfaeffer2-1000x1000.jpg 1000w, https:\/\/www.raffinessen.ch\/webseite\/wp-content\/uploads\/2021\/03\/SET-MM2x-Baerner-Sauz-u-Pfaeffer2.jpg 1500w\" sizes=\"auto, (max-width: 500px) 100vw, 500px\" \/><span class=\"cart-loading\"><\/span><\/div><div class='inner_product_header'><div class='avia-arrow'><\/div><div class='inner_product_header_table'><div class='inner_product_header_cell'><h2 class=\"woocommerce-loop-product__title\">SET - B\u00e4rner Sauz u Pf\u00e4ffer<\/h2>\n\t<span class=\"price\"><span class=\"woocommerce-Price-amount amount\"><bdi><span class=\"woocommerce-Price-currencySymbol\">&#67;&#72;&#70;<\/span>&nbsp;25.00<\/bdi><\/span> <small class=\"woocommerce-price-suffix\">TVA incluse<\/small><\/span>\n<\/div><\/div><\/div><\/a><div class='avia_cart_buttons'><a href=\"\/fr\/wp-json\/wp\/v2\/pages\/9012?add-to-cart=8019\" aria-describedby=\"woocommerce_loop_add_to_cart_link_describedby_8019\" data-quantity=\"1\" class=\"button product_type_simple add_to_cart_button ajax_add_to_cart\" data-product_id=\"8019\" data-product_sku=\"GSO-043\" aria-label=\"Ajouter au panier\u00a0: \u201cSET - B\u00e4rner Sauz u Pf\u00e4ffer\u201d\" rel=\"nofollow\" data-success_message=\"\u00ab\u00a0SET - B\u00e4rner Sauz u Pf\u00e4ffer\u00a0\u00bb a \u00e9t\u00e9 ajout\u00e9 \u00e0 votre panier\" role=\"button\" data-no-translation-aria-label=\"\" data-no-translation-data-success_message=\"\"><span class=\"avia-svg-icon avia-font-svg_entypo-fontello\" data-av_svg_icon='basket' data-av_iconset='svg_entypo-fontello'><svg version=\"1.1\" xmlns=\"http:\/\/www.w3.org\/2000\/svg\" width=\"29\" height=\"32\" viewbox=\"0 0 29 32\" preserveaspectratio=\"xMidYMid meet\" aria-labelledby='av-svg-title-429' aria-describedby='av-svg-desc-429' role=\"graphics-symbol\" aria-hidden=\"true\">\n<title id='av-svg-title-429'>Ajouter au panier<\/title>\n<desc id='av-svg-desc-429'>Ajouter au panier<\/desc>\n<path d=\"M4.8 27.2q0-1.28 0.96-2.24t2.24-0.96q1.344 0 2.272 0.96t0.928 2.24q0 1.344-0.928 2.272t-2.272 0.928q-1.28 0-2.24-0.928t-0.96-2.272zM20.8 27.2q0-1.28 0.96-2.24t2.24-0.96q1.344 0 2.272 0.96t0.928 2.24q0 1.344-0.928 2.272t-2.272 0.928q-1.28 0-2.24-0.928t-0.96-2.272zM10.496 19.648q-1.152 0.32-1.088 0.736t1.408 0.416h17.984v2.432q0 0.64-0.64 0.64h-20.928q-0.64 0-0.64-0.64v-2.432l-0.32-1.472-3.136-14.528h-3.136v-2.56q0-0.64 0.64-0.64h4.992q0.64 0 0.64 0.64v2.752h22.528v8.768q0 0.704-0.576 0.832z\"><\/path>\n<\/svg><\/span>  Ajouter au panier<\/a>\t<span id=\"woocommerce_loop_add_to_cart_link_describedby_8019\" class=\"screen-reader-text\">\n\t\t\t<\/span>\n<a class=\"button show_details_button\" href=\"https:\/\/www.raffinessen.ch\/fr\/produit\/set-baerner-sauz-u-pfaeffer\/\"><span class=\"avia-svg-icon avia-font-svg_entypo-fontello\" data-av_svg_icon='doc-text' data-av_iconset='svg_entypo-fontello'><svg version=\"1.1\" xmlns=\"http:\/\/www.w3.org\/2000\/svg\" width=\"22\" height=\"32\" viewbox=\"0 0 22 32\" preserveaspectratio=\"xMidYMid meet\" aria-labelledby='av-svg-title-430' aria-describedby='av-svg-desc-430' role=\"graphics-symbol\" aria-hidden=\"true\">\n<title id='av-svg-title-430'>Voir les d\u00e9tails<\/title>\n<desc id='av-svg-desc-430'>Voir les d\u00e9tails<\/desc>\n<path d=\"M6.784 17.344v-2.88h8.96v2.88h-8.96zM19.2 1.6q1.344 0 2.272 0.928t0.928 2.272v22.4q0 1.28-0.928 2.24t-2.272 0.96h-16q-1.28 0-2.24-0.96t-0.96-2.24v-22.4q0-1.344 0.96-2.272t2.24-0.928h16zM19.2 27.2v-22.4h-16v22.4h16zM15.68 8.256v2.816h-8.96v-2.816h8.96zM15.68 20.8v2.816h-8.96v-2.816h8.96z\"><\/path>\n<\/svg><\/span>  Voir les d\u00e9tails<\/a> <span class=\"button-mini-delimiter\"><\/span><\/div><\/div><\/li>\n<li class=\"product type-product post-6346 status-publish last instock product_cat-bis-chf-30 product_cat-geschenksets product_cat-neu has-post-thumbnail taxable shipping-taxable purchasable product-type-simple\">\n\t<div class='inner_product main_color wrapped_style noLightbox  av-product-class-'><a href=\"https:\/\/www.raffinessen.ch\/fr\/produit\/set-kraeuterbutter-marinaden-und-knoblauchbrot\/\" class=\"woocommerce-LoopProduct-link woocommerce-loop-product__link\"><div class=\"thumbnail_container\"><img loading=\"lazy\" decoding=\"async\" width=\"500\" height=\"500\" src=\"https:\/\/www.raffinessen.ch\/webseite\/wp-content\/uploads\/2020\/06\/Kr\u00e4uterbutter-bild-500x500.jpg\" class=\"attachment-woocommerce_thumbnail avia-product-hover\" alt=\"\" srcset=\"https:\/\/www.raffinessen.ch\/webseite\/wp-content\/uploads\/2020\/06\/Kr\u00e4uterbutter-bild-500x500.jpg 500w, https:\/\/www.raffinessen.ch\/webseite\/wp-content\/uploads\/2020\/06\/Kr\u00e4uterbutter-bild-300x300.jpg 300w, https:\/\/www.raffinessen.ch\/webseite\/wp-content\/uploads\/2020\/06\/Kr\u00e4uterbutter-bild-1030x1030.jpg 1030w, https:\/\/www.raffinessen.ch\/webseite\/wp-content\/uploads\/2020\/06\/Kr\u00e4uterbutter-bild-80x80.jpg 80w, https:\/\/www.raffinessen.ch\/webseite\/wp-content\/uploads\/2020\/06\/Kr\u00e4uterbutter-bild-768x768.jpg 768w, https:\/\/www.raffinessen.ch\/webseite\/wp-content\/uploads\/2020\/06\/Kr\u00e4uterbutter-bild-36x36.jpg 36w, https:\/\/www.raffinessen.ch\/webseite\/wp-content\/uploads\/2020\/06\/Kr\u00e4uterbutter-bild-180x180.jpg 180w, https:\/\/www.raffinessen.ch\/webseite\/wp-content\/uploads\/2020\/06\/Kr\u00e4uterbutter-bild-705x705.jpg 705w, https:\/\/www.raffinessen.ch\/webseite\/wp-content\/uploads\/2020\/06\/Kr\u00e4uterbutter-bild-100x100.jpg 100w, https:\/\/www.raffinessen.ch\/webseite\/wp-content\/uploads\/2020\/06\/Kr\u00e4uterbutter-bild-1000x1000.jpg 1000w, https:\/\/www.raffinessen.ch\/webseite\/wp-content\/uploads\/2020\/06\/Kr\u00e4uterbutter-bild.jpg 1120w\" sizes=\"auto, (max-width: 500px) 100vw, 500px\" \/><img decoding=\"async\" loading=\"lazy\" width=\"500\" height=\"500\" src=\"https:\/\/www.raffinessen.ch\/webseite\/wp-content\/uploads\/2020\/06\/Kraeuterbutter_Titel-500x500.jpg\" class=\"wp-image-15508 avia-img-lazy-loading-15508 attachment-woocommerce_thumbnail size-woocommerce_thumbnail wp-post-image\" alt=\"\" srcset=\"https:\/\/www.raffinessen.ch\/webseite\/wp-content\/uploads\/2020\/06\/Kraeuterbutter_Titel-500x500.jpg 500w, https:\/\/www.raffinessen.ch\/webseite\/wp-content\/uploads\/2020\/06\/Kraeuterbutter_Titel-300x300.jpg 300w, https:\/\/www.raffinessen.ch\/webseite\/wp-content\/uploads\/2020\/06\/Kraeuterbutter_Titel-1030x1030.jpg 1030w, https:\/\/www.raffinessen.ch\/webseite\/wp-content\/uploads\/2020\/06\/Kraeuterbutter_Titel-80x80.jpg 80w, https:\/\/www.raffinessen.ch\/webseite\/wp-content\/uploads\/2020\/06\/Kraeuterbutter_Titel-768x768.jpg 768w, https:\/\/www.raffinessen.ch\/webseite\/wp-content\/uploads\/2020\/06\/Kraeuterbutter_Titel-12x12.jpg 12w, https:\/\/www.raffinessen.ch\/webseite\/wp-content\/uploads\/2020\/06\/Kraeuterbutter_Titel-36x36.jpg 36w, https:\/\/www.raffinessen.ch\/webseite\/wp-content\/uploads\/2020\/06\/Kraeuterbutter_Titel-180x180.jpg 180w, https:\/\/www.raffinessen.ch\/webseite\/wp-content\/uploads\/2020\/06\/Kraeuterbutter_Titel-705x705.jpg 705w, https:\/\/www.raffinessen.ch\/webseite\/wp-content\/uploads\/2020\/06\/Kraeuterbutter_Titel-120x120.jpg 120w, https:\/\/www.raffinessen.ch\/webseite\/wp-content\/uploads\/2020\/06\/Kraeuterbutter_Titel-450x450.jpg 450w, https:\/\/www.raffinessen.ch\/webseite\/wp-content\/uploads\/2020\/06\/Kraeuterbutter_Titel-1000x1000.jpg 1000w, https:\/\/www.raffinessen.ch\/webseite\/wp-content\/uploads\/2020\/06\/Kraeuterbutter_Titel-100x100.jpg 100w, https:\/\/www.raffinessen.ch\/webseite\/wp-content\/uploads\/2020\/06\/Kraeuterbutter_Titel.jpg 1500w\" sizes=\"auto, (max-width: 500px) 100vw, 500px\" \/><span class=\"cart-loading\"><\/span><\/div><div class='inner_product_header'><div class='avia-arrow'><\/div><div class='inner_product_header_table'><div class='inner_product_header_cell'><h2 class=\"woocommerce-loop-product__title\">SET - Beurre aux herbes, marinades et pain \u00e0 l'ail<\/h2>\n\t<span class=\"price\"><span class=\"woocommerce-Price-amount amount\"><bdi><span class=\"woocommerce-Price-currencySymbol\">&#67;&#72;&#70;<\/span>&nbsp;30.00<\/bdi><\/span> <small class=\"woocommerce-price-suffix\">TVA incluse<\/small><\/span>\n<\/div><\/div><\/div><\/a><div class='avia_cart_buttons'><a href=\"\/fr\/wp-json\/wp\/v2\/pages\/9012?add-to-cart=6346\" aria-describedby=\"woocommerce_loop_add_to_cart_link_describedby_6346\" data-quantity=\"1\" class=\"button product_type_simple add_to_cart_button ajax_add_to_cart\" data-product_id=\"6346\" data-product_sku=\"GSO-036\" aria-label=\"Ajouter au panier\u00a0: \u201cSET - Kr\u00e4uterbutter, Marinaden und Knoblauchbrot\u201d\" rel=\"nofollow\" data-success_message=\"\u00ab\u00a0SET - Kr\u00e4uterbutter, Marinaden und Knoblauchbrot\u00a0\u00bb a \u00e9t\u00e9 ajout\u00e9 \u00e0 votre panier\" role=\"button\" data-no-translation-aria-label=\"\" data-no-translation-data-success_message=\"\"><span class=\"avia-svg-icon avia-font-svg_entypo-fontello\" data-av_svg_icon='basket' data-av_iconset='svg_entypo-fontello'><svg version=\"1.1\" xmlns=\"http:\/\/www.w3.org\/2000\/svg\" width=\"29\" height=\"32\" viewbox=\"0 0 29 32\" preserveaspectratio=\"xMidYMid meet\" aria-labelledby='av-svg-title-431' aria-describedby='av-svg-desc-431' role=\"graphics-symbol\" aria-hidden=\"true\">\n<title id='av-svg-title-431'>Ajouter au panier<\/title>\n<desc id='av-svg-desc-431'>Ajouter au panier<\/desc>\n<path d=\"M4.8 27.2q0-1.28 0.96-2.24t2.24-0.96q1.344 0 2.272 0.96t0.928 2.24q0 1.344-0.928 2.272t-2.272 0.928q-1.28 0-2.24-0.928t-0.96-2.272zM20.8 27.2q0-1.28 0.96-2.24t2.24-0.96q1.344 0 2.272 0.96t0.928 2.24q0 1.344-0.928 2.272t-2.272 0.928q-1.28 0-2.24-0.928t-0.96-2.272zM10.496 19.648q-1.152 0.32-1.088 0.736t1.408 0.416h17.984v2.432q0 0.64-0.64 0.64h-20.928q-0.64 0-0.64-0.64v-2.432l-0.32-1.472-3.136-14.528h-3.136v-2.56q0-0.64 0.64-0.64h4.992q0.64 0 0.64 0.64v2.752h22.528v8.768q0 0.704-0.576 0.832z\"><\/path>\n<\/svg><\/span>  Ajouter au panier<\/a>\t<span id=\"woocommerce_loop_add_to_cart_link_describedby_6346\" class=\"screen-reader-text\">\n\t\t\t<\/span>\n<a class=\"button show_details_button\" href=\"https:\/\/www.raffinessen.ch\/fr\/produit\/set-kraeuterbutter-marinaden-und-knoblauchbrot\/\"><span class=\"avia-svg-icon avia-font-svg_entypo-fontello\" data-av_svg_icon='doc-text' data-av_iconset='svg_entypo-fontello'><svg version=\"1.1\" xmlns=\"http:\/\/www.w3.org\/2000\/svg\" width=\"22\" height=\"32\" viewbox=\"0 0 22 32\" preserveaspectratio=\"xMidYMid meet\" aria-labelledby='av-svg-title-432' aria-describedby='av-svg-desc-432' role=\"graphics-symbol\" aria-hidden=\"true\">\n<title id='av-svg-title-432'>Voir les d\u00e9tails<\/title>\n<desc id='av-svg-desc-432'>Voir les d\u00e9tails<\/desc>\n<path d=\"M6.784 17.344v-2.88h8.96v2.88h-8.96zM19.2 1.6q1.344 0 2.272 0.928t0.928 2.272v22.4q0 1.28-0.928 2.24t-2.272 0.96h-16q-1.28 0-2.24-0.96t-0.96-2.24v-22.4q0-1.344 0.96-2.272t2.24-0.928h16zM19.2 27.2v-22.4h-16v22.4h16zM15.68 8.256v2.816h-8.96v-2.816h8.96zM15.68 20.8v2.816h-8.96v-2.816h8.96z\"><\/path>\n<\/svg><\/span>  Voir les d\u00e9tails<\/a> <span class=\"button-mini-delimiter\"><\/span><\/div><\/div><\/li>\n<\/ul><\/div><\/div><div class=\"clear\"><\/div><br \/>\n\n<style type=\"text\/css\" data-created_by=\"avia_inline_auto\" id=\"style-css-av-kunz0q1j-d0cd77b61c26778aad3298bb2ce8c417\">\n#top .av-special-heading.av-kunz0q1j-d0cd77b61c26778aad3298bb2ce8c417{\npadding-bottom:10px;\n}\nbody .av-special-heading.av-kunz0q1j-d0cd77b61c26778aad3298bb2ce8c417 .av-special-heading-tag .heading-char{\nfont-size:25px;\n}\n.av-special-heading.av-kunz0q1j-d0cd77b61c26778aad3298bb2ce8c417 .av-subheading{\nfont-size:15px;\n}\n<\/style>\n<div  id=\"bis-30chf\"  class='av-special-heading av-kunz0q1j-d0cd77b61c26778aad3298bb2ce8c417 av-special-heading-h3 blockquote modern-quote modern-centered'><h3 class='av-special-heading-tag'  itemprop=\"headline\"  >Jusqu'\u00e0 CHF 30.00<\/h3><div class=\"special-heading-border\"><div class=\"special-heading-inner-border\"><\/div><\/div><\/div><br \/>\n<div  class='avia-product-slider-container av-kunz1gf7-3701e459111848f02d154ff233b9fda0 template-shop avia-content-slider avia-content-grid-active shop_columns_4 avia-content-slider-even av-slideshow-ui av-slider-hover-pause av-slideshow-manual av-loop-once av-loop-manual-endless avia-product-slider15' data-slideshow-options=\"{&quot;animation&quot;:&quot;fade&quot;,&quot;autoplay&quot;:false,&quot;loop_autoplay&quot;:&quot;once&quot;,&quot;interval&quot;:5,&quot;loop_manual&quot;:&quot;manual-endless&quot;,&quot;autoplay_stopper&quot;:false,&quot;noNavigation&quot;:false,&quot;bg_slider&quot;:false,&quot;keep_padding&quot;:false,&quot;hoverpause&quot;:true,&quot;show_slide_delay&quot;:0}\"><div class='avia-content-slider-inner'><ul class=\"products\"><li class=\"product type-product post-3902 status-publish first instock product_cat-bis-chf-30 product_cat-geschenksets has-post-thumbnail taxable shipping-taxable purchasable product-type-simple\">\n\t<div class='inner_product main_color wrapped_style noLightbox  av-product-class-'><a href=\"https:\/\/www.raffinessen.ch\/fr\/produit\/zwei-gewuerzmuehlen-mit-schwarzem-kampot-pfeffer-und-himalayasalz\/\" class=\"woocommerce-LoopProduct-link woocommerce-loop-product__link\"><div class=\"thumbnail_container\"><img loading=\"lazy\" decoding=\"async\" width=\"500\" height=\"500\" src=\"https:\/\/www.raffinessen.ch\/webseite\/wp-content\/uploads\/2018\/12\/schwarzer-kampot-pfeffer-himalaya-salz-500x500.jpg\" class=\"attachment-woocommerce_thumbnail avia-product-hover\" alt=\"\" srcset=\"https:\/\/www.raffinessen.ch\/webseite\/wp-content\/uploads\/2018\/12\/schwarzer-kampot-pfeffer-himalaya-salz-500x500.jpg 500w, https:\/\/www.raffinessen.ch\/webseite\/wp-content\/uploads\/2018\/12\/schwarzer-kampot-pfeffer-himalaya-salz-80x80.jpg 80w, https:\/\/www.raffinessen.ch\/webseite\/wp-content\/uploads\/2018\/12\/schwarzer-kampot-pfeffer-himalaya-salz-300x300.jpg 300w, https:\/\/www.raffinessen.ch\/webseite\/wp-content\/uploads\/2018\/12\/schwarzer-kampot-pfeffer-himalaya-salz-768x768.jpg 768w, https:\/\/www.raffinessen.ch\/webseite\/wp-content\/uploads\/2018\/12\/schwarzer-kampot-pfeffer-himalaya-salz-1030x1030.jpg 1030w, https:\/\/www.raffinessen.ch\/webseite\/wp-content\/uploads\/2018\/12\/schwarzer-kampot-pfeffer-himalaya-salz-36x36.jpg 36w, https:\/\/www.raffinessen.ch\/webseite\/wp-content\/uploads\/2018\/12\/schwarzer-kampot-pfeffer-himalaya-salz-180x180.jpg 180w, https:\/\/www.raffinessen.ch\/webseite\/wp-content\/uploads\/2018\/12\/schwarzer-kampot-pfeffer-himalaya-salz-1500x1500.jpg 1500w, https:\/\/www.raffinessen.ch\/webseite\/wp-content\/uploads\/2018\/12\/schwarzer-kampot-pfeffer-himalaya-salz-705x705.jpg 705w, https:\/\/www.raffinessen.ch\/webseite\/wp-content\/uploads\/2018\/12\/schwarzer-kampot-pfeffer-himalaya-salz-100x100.jpg 100w, https:\/\/www.raffinessen.ch\/webseite\/wp-content\/uploads\/2018\/12\/schwarzer-kampot-pfeffer-himalaya-salz-1000x1000.jpg 1000w, https:\/\/www.raffinessen.ch\/webseite\/wp-content\/uploads\/2018\/12\/schwarzer-kampot-pfeffer-himalaya-salz.jpg 2000w\" sizes=\"auto, (max-width: 500px) 100vw, 500px\" \/><img decoding=\"async\" loading=\"lazy\" width=\"500\" height=\"500\" src=\"https:\/\/www.raffinessen.ch\/webseite\/wp-content\/uploads\/2018\/12\/schwarzer-kampot-pfeffer-himalaya-muehle-500x500.jpg\" class=\"wp-image-3897 avia-img-lazy-loading-3897 attachment-woocommerce_thumbnail size-woocommerce_thumbnail wp-post-image\" alt=\"\" srcset=\"https:\/\/www.raffinessen.ch\/webseite\/wp-content\/uploads\/2018\/12\/schwarzer-kampot-pfeffer-himalaya-muehle-500x500.jpg 500w, https:\/\/www.raffinessen.ch\/webseite\/wp-content\/uploads\/2018\/12\/schwarzer-kampot-pfeffer-himalaya-muehle-80x80.jpg 80w, https:\/\/www.raffinessen.ch\/webseite\/wp-content\/uploads\/2018\/12\/schwarzer-kampot-pfeffer-himalaya-muehle-300x300.jpg 300w, https:\/\/www.raffinessen.ch\/webseite\/wp-content\/uploads\/2018\/12\/schwarzer-kampot-pfeffer-himalaya-muehle-768x768.jpg 768w, https:\/\/www.raffinessen.ch\/webseite\/wp-content\/uploads\/2018\/12\/schwarzer-kampot-pfeffer-himalaya-muehle-1030x1030.jpg 1030w, https:\/\/www.raffinessen.ch\/webseite\/wp-content\/uploads\/2018\/12\/schwarzer-kampot-pfeffer-himalaya-muehle-36x36.jpg 36w, https:\/\/www.raffinessen.ch\/webseite\/wp-content\/uploads\/2018\/12\/schwarzer-kampot-pfeffer-himalaya-muehle-180x180.jpg 180w, https:\/\/www.raffinessen.ch\/webseite\/wp-content\/uploads\/2018\/12\/schwarzer-kampot-pfeffer-himalaya-muehle-1500x1500.jpg 1500w, https:\/\/www.raffinessen.ch\/webseite\/wp-content\/uploads\/2018\/12\/schwarzer-kampot-pfeffer-himalaya-muehle-705x705.jpg 705w, https:\/\/www.raffinessen.ch\/webseite\/wp-content\/uploads\/2018\/12\/schwarzer-kampot-pfeffer-himalaya-muehle-100x100.jpg 100w, https:\/\/www.raffinessen.ch\/webseite\/wp-content\/uploads\/2018\/12\/schwarzer-kampot-pfeffer-himalaya-muehle-1000x1000.jpg 1000w, https:\/\/www.raffinessen.ch\/webseite\/wp-content\/uploads\/2018\/12\/schwarzer-kampot-pfeffer-himalaya-muehle.jpg 2000w\" sizes=\"auto, (max-width: 500px) 100vw, 500px\" \/><span class=\"cart-loading\"><\/span><\/div><div class='inner_product_header'><div class='avia-arrow'><\/div><div class='inner_product_header_table'><div class='inner_product_header_cell'><h2 class=\"woocommerce-loop-product__title\">SET - Deux moulins \u00e0 \u00e9pices avec poivre noir de Kampot et sel cristallis\u00e9 de l'Himalaya<\/h2>\n\t<span class=\"price\"><span class=\"woocommerce-Price-amount amount\"><bdi><span class=\"woocommerce-Price-currencySymbol\">&#67;&#72;&#70;<\/span>&nbsp;20.00<\/bdi><\/span> <small class=\"woocommerce-price-suffix\">TVA incluse<\/small><\/span>\n<\/div><\/div><\/div><\/a><div class='avia_cart_buttons'><a href=\"\/fr\/wp-json\/wp\/v2\/pages\/9012?add-to-cart=3902\" aria-describedby=\"woocommerce_loop_add_to_cart_link_describedby_3902\" data-quantity=\"1\" class=\"button product_type_simple add_to_cart_button ajax_add_to_cart\" data-product_id=\"3902\" data-product_sku=\"GSO-020\" aria-label=\"Ajouter au panier\u00a0: \u201cSET - Zwei Gew\u00fcrzm\u00fchlen mit schwarzem Kampot Pfeffer und Himalaya Kristallsalz\u201d\" rel=\"nofollow\" data-success_message=\"\u00ab\u00a0SET - Zwei Gew\u00fcrzm\u00fchlen mit schwarzem Kampot Pfeffer und Himalaya Kristallsalz\u00a0\u00bb a \u00e9t\u00e9 ajout\u00e9 \u00e0 votre panier\" role=\"button\" data-no-translation-aria-label=\"\" data-no-translation-data-success_message=\"\"><span class=\"avia-svg-icon avia-font-svg_entypo-fontello\" data-av_svg_icon='basket' data-av_iconset='svg_entypo-fontello'><svg version=\"1.1\" xmlns=\"http:\/\/www.w3.org\/2000\/svg\" width=\"29\" height=\"32\" viewbox=\"0 0 29 32\" preserveaspectratio=\"xMidYMid meet\" aria-labelledby='av-svg-title-433' aria-describedby='av-svg-desc-433' role=\"graphics-symbol\" aria-hidden=\"true\">\n<title id='av-svg-title-433'>Ajouter au panier<\/title>\n<desc id='av-svg-desc-433'>Ajouter au panier<\/desc>\n<path d=\"M4.8 27.2q0-1.28 0.96-2.24t2.24-0.96q1.344 0 2.272 0.96t0.928 2.24q0 1.344-0.928 2.272t-2.272 0.928q-1.28 0-2.24-0.928t-0.96-2.272zM20.8 27.2q0-1.28 0.96-2.24t2.24-0.96q1.344 0 2.272 0.96t0.928 2.24q0 1.344-0.928 2.272t-2.272 0.928q-1.28 0-2.24-0.928t-0.96-2.272zM10.496 19.648q-1.152 0.32-1.088 0.736t1.408 0.416h17.984v2.432q0 0.64-0.64 0.64h-20.928q-0.64 0-0.64-0.64v-2.432l-0.32-1.472-3.136-14.528h-3.136v-2.56q0-0.64 0.64-0.64h4.992q0.64 0 0.64 0.64v2.752h22.528v8.768q0 0.704-0.576 0.832z\"><\/path>\n<\/svg><\/span>  Ajouter au panier<\/a>\t<span id=\"woocommerce_loop_add_to_cart_link_describedby_3902\" class=\"screen-reader-text\">\n\t\t\t<\/span>\n<a class=\"button show_details_button\" href=\"https:\/\/www.raffinessen.ch\/fr\/produit\/zwei-gewuerzmuehlen-mit-schwarzem-kampot-pfeffer-und-himalayasalz\/\"><span class=\"avia-svg-icon avia-font-svg_entypo-fontello\" data-av_svg_icon='doc-text' data-av_iconset='svg_entypo-fontello'><svg version=\"1.1\" xmlns=\"http:\/\/www.w3.org\/2000\/svg\" width=\"22\" height=\"32\" viewbox=\"0 0 22 32\" preserveaspectratio=\"xMidYMid meet\" aria-labelledby='av-svg-title-434' aria-describedby='av-svg-desc-434' role=\"graphics-symbol\" aria-hidden=\"true\">\n<title id='av-svg-title-434'>Voir les d\u00e9tails<\/title>\n<desc id='av-svg-desc-434'>Voir les d\u00e9tails<\/desc>\n<path d=\"M6.784 17.344v-2.88h8.96v2.88h-8.96zM19.2 1.6q1.344 0 2.272 0.928t0.928 2.272v22.4q0 1.28-0.928 2.24t-2.272 0.96h-16q-1.28 0-2.24-0.96t-0.96-2.24v-22.4q0-1.344 0.96-2.272t2.24-0.928h16zM19.2 27.2v-22.4h-16v22.4h16zM15.68 8.256v2.816h-8.96v-2.816h8.96zM15.68 20.8v2.816h-8.96v-2.816h8.96z\"><\/path>\n<\/svg><\/span>  Voir les d\u00e9tails<\/a> <span class=\"button-mini-delimiter\"><\/span><\/div><\/div><\/li>\n<li class=\"product type-product post-3898 status-publish instock product_cat-bis-chf-30 product_cat-geschenksets has-post-thumbnail taxable shipping-taxable purchasable product-type-simple\">\n\t<div class='inner_product main_color wrapped_style noLightbox  av-product-class-'><a href=\"https:\/\/www.raffinessen.ch\/fr\/produit\/zwei-gewuerzmuehlen-mit-rotem-kampot-pfeffer-und-himalayasalz\/\" class=\"woocommerce-LoopProduct-link woocommerce-loop-product__link\"><div class=\"thumbnail_container\"><img loading=\"lazy\" decoding=\"async\" width=\"500\" height=\"500\" src=\"https:\/\/www.raffinessen.ch\/webseite\/wp-content\/uploads\/2018\/12\/roter-kampot-pfeffer-himalaya-salz-500x500.jpg\" class=\"attachment-woocommerce_thumbnail avia-product-hover\" alt=\"\" srcset=\"https:\/\/www.raffinessen.ch\/webseite\/wp-content\/uploads\/2018\/12\/roter-kampot-pfeffer-himalaya-salz-500x500.jpg 500w, https:\/\/www.raffinessen.ch\/webseite\/wp-content\/uploads\/2018\/12\/roter-kampot-pfeffer-himalaya-salz-80x80.jpg 80w, https:\/\/www.raffinessen.ch\/webseite\/wp-content\/uploads\/2018\/12\/roter-kampot-pfeffer-himalaya-salz-300x300.jpg 300w, https:\/\/www.raffinessen.ch\/webseite\/wp-content\/uploads\/2018\/12\/roter-kampot-pfeffer-himalaya-salz-768x768.jpg 768w, https:\/\/www.raffinessen.ch\/webseite\/wp-content\/uploads\/2018\/12\/roter-kampot-pfeffer-himalaya-salz-1030x1030.jpg 1030w, https:\/\/www.raffinessen.ch\/webseite\/wp-content\/uploads\/2018\/12\/roter-kampot-pfeffer-himalaya-salz-36x36.jpg 36w, https:\/\/www.raffinessen.ch\/webseite\/wp-content\/uploads\/2018\/12\/roter-kampot-pfeffer-himalaya-salz-180x180.jpg 180w, https:\/\/www.raffinessen.ch\/webseite\/wp-content\/uploads\/2018\/12\/roter-kampot-pfeffer-himalaya-salz-1500x1500.jpg 1500w, https:\/\/www.raffinessen.ch\/webseite\/wp-content\/uploads\/2018\/12\/roter-kampot-pfeffer-himalaya-salz-705x705.jpg 705w, https:\/\/www.raffinessen.ch\/webseite\/wp-content\/uploads\/2018\/12\/roter-kampot-pfeffer-himalaya-salz-100x100.jpg 100w, https:\/\/www.raffinessen.ch\/webseite\/wp-content\/uploads\/2018\/12\/roter-kampot-pfeffer-himalaya-salz-1000x1000.jpg 1000w, https:\/\/www.raffinessen.ch\/webseite\/wp-content\/uploads\/2018\/12\/roter-kampot-pfeffer-himalaya-salz.jpg 2000w\" sizes=\"auto, (max-width: 500px) 100vw, 500px\" \/><img decoding=\"async\" loading=\"lazy\" width=\"500\" height=\"500\" src=\"https:\/\/www.raffinessen.ch\/webseite\/wp-content\/uploads\/2018\/12\/roter-kampot-pfeffer-himalaya-muehle-500x500.jpg\" class=\"wp-image-3896 avia-img-lazy-loading-3896 attachment-woocommerce_thumbnail size-woocommerce_thumbnail wp-post-image\" alt=\"\" srcset=\"https:\/\/www.raffinessen.ch\/webseite\/wp-content\/uploads\/2018\/12\/roter-kampot-pfeffer-himalaya-muehle-500x500.jpg 500w, https:\/\/www.raffinessen.ch\/webseite\/wp-content\/uploads\/2018\/12\/roter-kampot-pfeffer-himalaya-muehle-80x80.jpg 80w, https:\/\/www.raffinessen.ch\/webseite\/wp-content\/uploads\/2018\/12\/roter-kampot-pfeffer-himalaya-muehle-300x300.jpg 300w, https:\/\/www.raffinessen.ch\/webseite\/wp-content\/uploads\/2018\/12\/roter-kampot-pfeffer-himalaya-muehle-768x768.jpg 768w, https:\/\/www.raffinessen.ch\/webseite\/wp-content\/uploads\/2018\/12\/roter-kampot-pfeffer-himalaya-muehle-1030x1030.jpg 1030w, https:\/\/www.raffinessen.ch\/webseite\/wp-content\/uploads\/2018\/12\/roter-kampot-pfeffer-himalaya-muehle-36x36.jpg 36w, https:\/\/www.raffinessen.ch\/webseite\/wp-content\/uploads\/2018\/12\/roter-kampot-pfeffer-himalaya-muehle-180x180.jpg 180w, https:\/\/www.raffinessen.ch\/webseite\/wp-content\/uploads\/2018\/12\/roter-kampot-pfeffer-himalaya-muehle-1500x1500.jpg 1500w, https:\/\/www.raffinessen.ch\/webseite\/wp-content\/uploads\/2018\/12\/roter-kampot-pfeffer-himalaya-muehle-705x705.jpg 705w, https:\/\/www.raffinessen.ch\/webseite\/wp-content\/uploads\/2018\/12\/roter-kampot-pfeffer-himalaya-muehle-100x100.jpg 100w, https:\/\/www.raffinessen.ch\/webseite\/wp-content\/uploads\/2018\/12\/roter-kampot-pfeffer-himalaya-muehle-1000x1000.jpg 1000w, https:\/\/www.raffinessen.ch\/webseite\/wp-content\/uploads\/2018\/12\/roter-kampot-pfeffer-himalaya-muehle.jpg 2000w\" sizes=\"auto, (max-width: 500px) 100vw, 500px\" \/><span class=\"cart-loading\"><\/span><\/div><div class='inner_product_header'><div class='avia-arrow'><\/div><div class='inner_product_header_table'><div class='inner_product_header_cell'><h2 class=\"woocommerce-loop-product__title\">SET - Deux moulins \u00e0 \u00e9pices avec poivre rouge de Kampot et sel cristallis\u00e9 de l'Himalaya<\/h2>\n\t<span class=\"price\"><span class=\"woocommerce-Price-amount amount\"><bdi><span class=\"woocommerce-Price-currencySymbol\">&#67;&#72;&#70;<\/span>&nbsp;23.00<\/bdi><\/span> <small class=\"woocommerce-price-suffix\">TVA incluse<\/small><\/span>\n<\/div><\/div><\/div><\/a><div class='avia_cart_buttons'><a href=\"\/fr\/wp-json\/wp\/v2\/pages\/9012?add-to-cart=3898\" aria-describedby=\"woocommerce_loop_add_to_cart_link_describedby_3898\" data-quantity=\"1\" class=\"button product_type_simple add_to_cart_button ajax_add_to_cart\" data-product_id=\"3898\" data-product_sku=\"GSO-018\" aria-label=\"Ajouter au panier\u00a0: \u201cSET - Zwei Gew\u00fcrzm\u00fchlen mit rotem Kampot Pfeffer und Himalaya Kristallsalz\u201d\" rel=\"nofollow\" data-success_message=\"\u00ab\u00a0SET - Zwei Gew\u00fcrzm\u00fchlen mit rotem Kampot Pfeffer und Himalaya Kristallsalz\u00a0\u00bb a \u00e9t\u00e9 ajout\u00e9 \u00e0 votre panier\" role=\"button\" data-no-translation-aria-label=\"\" data-no-translation-data-success_message=\"\"><span class=\"avia-svg-icon avia-font-svg_entypo-fontello\" data-av_svg_icon='basket' data-av_iconset='svg_entypo-fontello'><svg version=\"1.1\" xmlns=\"http:\/\/www.w3.org\/2000\/svg\" width=\"29\" height=\"32\" viewbox=\"0 0 29 32\" preserveaspectratio=\"xMidYMid meet\" aria-labelledby='av-svg-title-435' aria-describedby='av-svg-desc-435' role=\"graphics-symbol\" aria-hidden=\"true\">\n<title id='av-svg-title-435'>Ajouter au panier<\/title>\n<desc id='av-svg-desc-435'>Ajouter au panier<\/desc>\n<path d=\"M4.8 27.2q0-1.28 0.96-2.24t2.24-0.96q1.344 0 2.272 0.96t0.928 2.24q0 1.344-0.928 2.272t-2.272 0.928q-1.28 0-2.24-0.928t-0.96-2.272zM20.8 27.2q0-1.28 0.96-2.24t2.24-0.96q1.344 0 2.272 0.96t0.928 2.24q0 1.344-0.928 2.272t-2.272 0.928q-1.28 0-2.24-0.928t-0.96-2.272zM10.496 19.648q-1.152 0.32-1.088 0.736t1.408 0.416h17.984v2.432q0 0.64-0.64 0.64h-20.928q-0.64 0-0.64-0.64v-2.432l-0.32-1.472-3.136-14.528h-3.136v-2.56q0-0.64 0.64-0.64h4.992q0.64 0 0.64 0.64v2.752h22.528v8.768q0 0.704-0.576 0.832z\"><\/path>\n<\/svg><\/span>  Ajouter au panier<\/a>\t<span id=\"woocommerce_loop_add_to_cart_link_describedby_3898\" class=\"screen-reader-text\">\n\t\t\t<\/span>\n<a class=\"button show_details_button\" href=\"https:\/\/www.raffinessen.ch\/fr\/produit\/zwei-gewuerzmuehlen-mit-rotem-kampot-pfeffer-und-himalayasalz\/\"><span class=\"avia-svg-icon avia-font-svg_entypo-fontello\" data-av_svg_icon='doc-text' data-av_iconset='svg_entypo-fontello'><svg version=\"1.1\" xmlns=\"http:\/\/www.w3.org\/2000\/svg\" width=\"22\" height=\"32\" viewbox=\"0 0 22 32\" preserveaspectratio=\"xMidYMid meet\" aria-labelledby='av-svg-title-436' aria-describedby='av-svg-desc-436' role=\"graphics-symbol\" aria-hidden=\"true\">\n<title id='av-svg-title-436'>Voir les d\u00e9tails<\/title>\n<desc id='av-svg-desc-436'>Voir les d\u00e9tails<\/desc>\n<path d=\"M6.784 17.344v-2.88h8.96v2.88h-8.96zM19.2 1.6q1.344 0 2.272 0.928t0.928 2.272v22.4q0 1.28-0.928 2.24t-2.272 0.96h-16q-1.28 0-2.24-0.96t-0.96-2.24v-22.4q0-1.344 0.96-2.272t2.24-0.928h16zM19.2 27.2v-22.4h-16v22.4h16zM15.68 8.256v2.816h-8.96v-2.816h8.96zM15.68 20.8v2.816h-8.96v-2.816h8.96z\"><\/path>\n<\/svg><\/span>  Voir les d\u00e9tails<\/a> <span class=\"button-mini-delimiter\"><\/span><\/div><\/div><\/li>\n<li class=\"product type-product post-2809 status-publish instock product_cat-bis-chf-30 product_cat-geschenksets has-post-thumbnail taxable shipping-taxable purchasable product-type-simple\">\n\t<div class='inner_product main_color wrapped_style noLightbox  av-product-class-'><a href=\"https:\/\/www.raffinessen.ch\/fr\/produit\/zwei-gewuerzmuehlen-mit-rotem-und-schwarzem-kampot-pfeffer\/\" class=\"woocommerce-LoopProduct-link woocommerce-loop-product__link\"><div class=\"thumbnail_container\"><img loading=\"lazy\" decoding=\"async\" width=\"500\" height=\"500\" src=\"https:\/\/www.raffinessen.ch\/webseite\/wp-content\/uploads\/2018\/12\/roter-schwarzer-kampot-pfeffer-500x500.jpg\" class=\"attachment-woocommerce_thumbnail avia-product-hover\" alt=\"\" srcset=\"https:\/\/www.raffinessen.ch\/webseite\/wp-content\/uploads\/2018\/12\/roter-schwarzer-kampot-pfeffer-500x500.jpg 500w, https:\/\/www.raffinessen.ch\/webseite\/wp-content\/uploads\/2018\/12\/roter-schwarzer-kampot-pfeffer-80x80.jpg 80w, https:\/\/www.raffinessen.ch\/webseite\/wp-content\/uploads\/2018\/12\/roter-schwarzer-kampot-pfeffer-300x300.jpg 300w, https:\/\/www.raffinessen.ch\/webseite\/wp-content\/uploads\/2018\/12\/roter-schwarzer-kampot-pfeffer-768x768.jpg 768w, https:\/\/www.raffinessen.ch\/webseite\/wp-content\/uploads\/2018\/12\/roter-schwarzer-kampot-pfeffer-1030x1030.jpg 1030w, https:\/\/www.raffinessen.ch\/webseite\/wp-content\/uploads\/2018\/12\/roter-schwarzer-kampot-pfeffer-36x36.jpg 36w, https:\/\/www.raffinessen.ch\/webseite\/wp-content\/uploads\/2018\/12\/roter-schwarzer-kampot-pfeffer-180x180.jpg 180w, https:\/\/www.raffinessen.ch\/webseite\/wp-content\/uploads\/2018\/12\/roter-schwarzer-kampot-pfeffer-1500x1500.jpg 1500w, https:\/\/www.raffinessen.ch\/webseite\/wp-content\/uploads\/2018\/12\/roter-schwarzer-kampot-pfeffer-705x705.jpg 705w, https:\/\/www.raffinessen.ch\/webseite\/wp-content\/uploads\/2018\/12\/roter-schwarzer-kampot-pfeffer-100x100.jpg 100w, https:\/\/www.raffinessen.ch\/webseite\/wp-content\/uploads\/2018\/12\/roter-schwarzer-kampot-pfeffer-1000x1000.jpg 1000w, https:\/\/www.raffinessen.ch\/webseite\/wp-content\/uploads\/2018\/12\/roter-schwarzer-kampot-pfeffer.jpg 2000w\" sizes=\"auto, (max-width: 500px) 100vw, 500px\" \/><img decoding=\"async\" loading=\"lazy\" width=\"500\" height=\"500\" src=\"https:\/\/www.raffinessen.ch\/webseite\/wp-content\/uploads\/2018\/12\/roter-schwarzer-kampot-pfeffer-muehle-500x500.jpg\" class=\"wp-image-3895 avia-img-lazy-loading-3895 attachment-woocommerce_thumbnail size-woocommerce_thumbnail wp-post-image\" alt=\"\" srcset=\"https:\/\/www.raffinessen.ch\/webseite\/wp-content\/uploads\/2018\/12\/roter-schwarzer-kampot-pfeffer-muehle-500x500.jpg 500w, https:\/\/www.raffinessen.ch\/webseite\/wp-content\/uploads\/2018\/12\/roter-schwarzer-kampot-pfeffer-muehle-80x80.jpg 80w, https:\/\/www.raffinessen.ch\/webseite\/wp-content\/uploads\/2018\/12\/roter-schwarzer-kampot-pfeffer-muehle-300x300.jpg 300w, https:\/\/www.raffinessen.ch\/webseite\/wp-content\/uploads\/2018\/12\/roter-schwarzer-kampot-pfeffer-muehle-768x768.jpg 768w, https:\/\/www.raffinessen.ch\/webseite\/wp-content\/uploads\/2018\/12\/roter-schwarzer-kampot-pfeffer-muehle-1030x1030.jpg 1030w, https:\/\/www.raffinessen.ch\/webseite\/wp-content\/uploads\/2018\/12\/roter-schwarzer-kampot-pfeffer-muehle-36x36.jpg 36w, https:\/\/www.raffinessen.ch\/webseite\/wp-content\/uploads\/2018\/12\/roter-schwarzer-kampot-pfeffer-muehle-180x180.jpg 180w, https:\/\/www.raffinessen.ch\/webseite\/wp-content\/uploads\/2018\/12\/roter-schwarzer-kampot-pfeffer-muehle-1500x1500.jpg 1500w, https:\/\/www.raffinessen.ch\/webseite\/wp-content\/uploads\/2018\/12\/roter-schwarzer-kampot-pfeffer-muehle-705x705.jpg 705w, https:\/\/www.raffinessen.ch\/webseite\/wp-content\/uploads\/2018\/12\/roter-schwarzer-kampot-pfeffer-muehle-100x100.jpg 100w, https:\/\/www.raffinessen.ch\/webseite\/wp-content\/uploads\/2018\/12\/roter-schwarzer-kampot-pfeffer-muehle-1000x1000.jpg 1000w, https:\/\/www.raffinessen.ch\/webseite\/wp-content\/uploads\/2018\/12\/roter-schwarzer-kampot-pfeffer-muehle.jpg 2000w\" sizes=\"auto, (max-width: 500px) 100vw, 500px\" \/><span class=\"cart-loading\"><\/span><\/div><div class='inner_product_header'><div class='avia-arrow'><\/div><div class='inner_product_header_table'><div class='inner_product_header_cell'><h2 class=\"woocommerce-loop-product__title\">SET - Deux moulins \u00e0 \u00e9pices avec poivre de Kampot rouge et noir<\/h2>\n\t<span class=\"price\"><span class=\"woocommerce-Price-amount amount\"><bdi><span class=\"woocommerce-Price-currencySymbol\">&#67;&#72;&#70;<\/span>&nbsp;24.00<\/bdi><\/span> <small class=\"woocommerce-price-suffix\">TVA incluse<\/small><\/span>\n<\/div><\/div><\/div><\/a><div class='avia_cart_buttons'><a href=\"\/fr\/wp-json\/wp\/v2\/pages\/9012?add-to-cart=2809\" aria-describedby=\"woocommerce_loop_add_to_cart_link_describedby_2809\" data-quantity=\"1\" class=\"button product_type_simple add_to_cart_button ajax_add_to_cart\" data-product_id=\"2809\" data-product_sku=\"GSO-019\" aria-label=\"Ajouter au panier\u00a0: \u201cSET - Zwei Gew\u00fcrzm\u00fchlen mit rotem und schwarzem Kampot Pfeffer\u201d\" rel=\"nofollow\" data-success_message=\"\u00ab\u00a0SET - Zwei Gew\u00fcrzm\u00fchlen mit rotem und schwarzem Kampot Pfeffer\u00a0\u00bb a \u00e9t\u00e9 ajout\u00e9 \u00e0 votre panier\" role=\"button\" data-no-translation-aria-label=\"\" data-no-translation-data-success_message=\"\"><span class=\"avia-svg-icon avia-font-svg_entypo-fontello\" data-av_svg_icon='basket' data-av_iconset='svg_entypo-fontello'><svg version=\"1.1\" xmlns=\"http:\/\/www.w3.org\/2000\/svg\" width=\"29\" height=\"32\" viewbox=\"0 0 29 32\" preserveaspectratio=\"xMidYMid meet\" aria-labelledby='av-svg-title-437' aria-describedby='av-svg-desc-437' role=\"graphics-symbol\" aria-hidden=\"true\">\n<title id='av-svg-title-437'>Ajouter au panier<\/title>\n<desc id='av-svg-desc-437'>Ajouter au panier<\/desc>\n<path d=\"M4.8 27.2q0-1.28 0.96-2.24t2.24-0.96q1.344 0 2.272 0.96t0.928 2.24q0 1.344-0.928 2.272t-2.272 0.928q-1.28 0-2.24-0.928t-0.96-2.272zM20.8 27.2q0-1.28 0.96-2.24t2.24-0.96q1.344 0 2.272 0.96t0.928 2.24q0 1.344-0.928 2.272t-2.272 0.928q-1.28 0-2.24-0.928t-0.96-2.272zM10.496 19.648q-1.152 0.32-1.088 0.736t1.408 0.416h17.984v2.432q0 0.64-0.64 0.64h-20.928q-0.64 0-0.64-0.64v-2.432l-0.32-1.472-3.136-14.528h-3.136v-2.56q0-0.64 0.64-0.64h4.992q0.64 0 0.64 0.64v2.752h22.528v8.768q0 0.704-0.576 0.832z\"><\/path>\n<\/svg><\/span>  Ajouter au panier<\/a>\t<span id=\"woocommerce_loop_add_to_cart_link_describedby_2809\" class=\"screen-reader-text\">\n\t\t\t<\/span>\n<a class=\"button show_details_button\" href=\"https:\/\/www.raffinessen.ch\/fr\/produit\/zwei-gewuerzmuehlen-mit-rotem-und-schwarzem-kampot-pfeffer\/\"><span class=\"avia-svg-icon avia-font-svg_entypo-fontello\" data-av_svg_icon='doc-text' data-av_iconset='svg_entypo-fontello'><svg version=\"1.1\" xmlns=\"http:\/\/www.w3.org\/2000\/svg\" width=\"22\" height=\"32\" viewbox=\"0 0 22 32\" preserveaspectratio=\"xMidYMid meet\" aria-labelledby='av-svg-title-438' aria-describedby='av-svg-desc-438' role=\"graphics-symbol\" aria-hidden=\"true\">\n<title id='av-svg-title-438'>Voir les d\u00e9tails<\/title>\n<desc id='av-svg-desc-438'>Voir les d\u00e9tails<\/desc>\n<path d=\"M6.784 17.344v-2.88h8.96v2.88h-8.96zM19.2 1.6q1.344 0 2.272 0.928t0.928 2.272v22.4q0 1.28-0.928 2.24t-2.272 0.96h-16q-1.28 0-2.24-0.96t-0.96-2.24v-22.4q0-1.344 0.96-2.272t2.24-0.928h16zM19.2 27.2v-22.4h-16v22.4h16zM15.68 8.256v2.816h-8.96v-2.816h8.96zM15.68 20.8v2.816h-8.96v-2.816h8.96z\"><\/path>\n<\/svg><\/span>  Voir les d\u00e9tails<\/a> <span class=\"button-mini-delimiter\"><\/span><\/div><\/div><\/li>\n<li class=\"product type-product post-16151 status-publish last instock product_cat-bis-chf-30 product_cat-unkategorisiert has-post-thumbnail taxable shipping-taxable purchasable product-type-simple\">\n\t<div class='inner_product main_color wrapped_style noLightbox  av-product-class-'><a href=\"https:\/\/www.raffinessen.ch\/fr\/produit\/schweizer-bluetenhonig-cremig\/\" class=\"woocommerce-LoopProduct-link woocommerce-loop-product__link\"><div class=\"thumbnail_container\"><img decoding=\"async\" loading=\"lazy\" width=\"500\" height=\"500\" src=\"https:\/\/www.raffinessen.ch\/webseite\/wp-content\/uploads\/2023\/08\/Schweizer-Bluetenhonig_1500x1500-500x500.jpg\" class=\"wp-image-16152 avia-img-lazy-loading-16152 attachment-woocommerce_thumbnail size-woocommerce_thumbnail wp-post-image\" alt=\"\" srcset=\"https:\/\/www.raffinessen.ch\/webseite\/wp-content\/uploads\/2023\/08\/Schweizer-Bluetenhonig_1500x1500-500x500.jpg 500w, https:\/\/www.raffinessen.ch\/webseite\/wp-content\/uploads\/2023\/08\/Schweizer-Bluetenhonig_1500x1500-300x300.jpg 300w, https:\/\/www.raffinessen.ch\/webseite\/wp-content\/uploads\/2023\/08\/Schweizer-Bluetenhonig_1500x1500-1030x1030.jpg 1030w, https:\/\/www.raffinessen.ch\/webseite\/wp-content\/uploads\/2023\/08\/Schweizer-Bluetenhonig_1500x1500-80x80.jpg 80w, https:\/\/www.raffinessen.ch\/webseite\/wp-content\/uploads\/2023\/08\/Schweizer-Bluetenhonig_1500x1500-768x768.jpg 768w, https:\/\/www.raffinessen.ch\/webseite\/wp-content\/uploads\/2023\/08\/Schweizer-Bluetenhonig_1500x1500-12x12.jpg 12w, https:\/\/www.raffinessen.ch\/webseite\/wp-content\/uploads\/2023\/08\/Schweizer-Bluetenhonig_1500x1500-36x36.jpg 36w, https:\/\/www.raffinessen.ch\/webseite\/wp-content\/uploads\/2023\/08\/Schweizer-Bluetenhonig_1500x1500-180x180.jpg 180w, https:\/\/www.raffinessen.ch\/webseite\/wp-content\/uploads\/2023\/08\/Schweizer-Bluetenhonig_1500x1500-705x705.jpg 705w, https:\/\/www.raffinessen.ch\/webseite\/wp-content\/uploads\/2023\/08\/Schweizer-Bluetenhonig_1500x1500-120x120.jpg 120w, https:\/\/www.raffinessen.ch\/webseite\/wp-content\/uploads\/2023\/08\/Schweizer-Bluetenhonig_1500x1500-450x450.jpg 450w, https:\/\/www.raffinessen.ch\/webseite\/wp-content\/uploads\/2023\/08\/Schweizer-Bluetenhonig_1500x1500-1000x1000.jpg 1000w, https:\/\/www.raffinessen.ch\/webseite\/wp-content\/uploads\/2023\/08\/Schweizer-Bluetenhonig_1500x1500-100x100.jpg 100w, https:\/\/www.raffinessen.ch\/webseite\/wp-content\/uploads\/2023\/08\/Schweizer-Bluetenhonig_1500x1500.jpg 1500w\" sizes=\"auto, (max-width: 500px) 100vw, 500px\" \/><span class=\"cart-loading\"><\/span><\/div><div class='inner_product_header'><div class='avia-arrow'><\/div><div class='inner_product_header_table'><div class='inner_product_header_cell'><h2 class=\"woocommerce-loop-product__title\">Miel de fleurs suisse cr\u00e9meux<\/h2>\n\t<span class=\"price\"><span class=\"woocommerce-Price-amount amount\"><bdi><span class=\"woocommerce-Price-currencySymbol\">&#67;&#72;&#70;<\/span>&nbsp;13.00<\/bdi><\/span> <small class=\"woocommerce-price-suffix\">TVA incluse<\/small><\/span>\n<\/div><\/div><\/div><\/a><div class='avia_cart_buttons'><a href=\"\/fr\/wp-json\/wp\/v2\/pages\/9012?add-to-cart=16151\" aria-describedby=\"woocommerce_loop_add_to_cart_link_describedby_16151\" data-quantity=\"1\" class=\"button product_type_simple add_to_cart_button ajax_add_to_cart\" data-product_id=\"16151\" data-product_sku=\"PP-F0027\" aria-label=\"Ajouter au panier\u00a0: \u201cSchweizer Bl\u00fctenhonig cremig\u201d\" rel=\"nofollow\" data-success_message=\"\u00ab\u00a0Schweizer Bl\u00fctenhonig cremig\u00a0\u00bb a \u00e9t\u00e9 ajout\u00e9 \u00e0 votre panier\" role=\"button\" data-no-translation-aria-label=\"\" data-no-translation-data-success_message=\"\"><span class=\"avia-svg-icon avia-font-svg_entypo-fontello\" data-av_svg_icon='basket' data-av_iconset='svg_entypo-fontello'><svg version=\"1.1\" xmlns=\"http:\/\/www.w3.org\/2000\/svg\" width=\"29\" height=\"32\" viewbox=\"0 0 29 32\" preserveaspectratio=\"xMidYMid meet\" aria-labelledby='av-svg-title-439' aria-describedby='av-svg-desc-439' role=\"graphics-symbol\" aria-hidden=\"true\">\n<title id='av-svg-title-439'>Ajouter au panier<\/title>\n<desc id='av-svg-desc-439'>Ajouter au panier<\/desc>\n<path d=\"M4.8 27.2q0-1.28 0.96-2.24t2.24-0.96q1.344 0 2.272 0.96t0.928 2.24q0 1.344-0.928 2.272t-2.272 0.928q-1.28 0-2.24-0.928t-0.96-2.272zM20.8 27.2q0-1.28 0.96-2.24t2.24-0.96q1.344 0 2.272 0.96t0.928 2.24q0 1.344-0.928 2.272t-2.272 0.928q-1.28 0-2.24-0.928t-0.96-2.272zM10.496 19.648q-1.152 0.32-1.088 0.736t1.408 0.416h17.984v2.432q0 0.64-0.64 0.64h-20.928q-0.64 0-0.64-0.64v-2.432l-0.32-1.472-3.136-14.528h-3.136v-2.56q0-0.64 0.64-0.64h4.992q0.64 0 0.64 0.64v2.752h22.528v8.768q0 0.704-0.576 0.832z\"><\/path>\n<\/svg><\/span>  Ajouter au panier<\/a>\t<span id=\"woocommerce_loop_add_to_cart_link_describedby_16151\" class=\"screen-reader-text\">\n\t\t\t<\/span>\n<a class=\"button show_details_button\" href=\"https:\/\/www.raffinessen.ch\/fr\/produit\/schweizer-bluetenhonig-cremig\/\"><span class=\"avia-svg-icon avia-font-svg_entypo-fontello\" data-av_svg_icon='doc-text' data-av_iconset='svg_entypo-fontello'><svg version=\"1.1\" xmlns=\"http:\/\/www.w3.org\/2000\/svg\" width=\"22\" height=\"32\" viewbox=\"0 0 22 32\" preserveaspectratio=\"xMidYMid meet\" aria-labelledby='av-svg-title-440' aria-describedby='av-svg-desc-440' role=\"graphics-symbol\" aria-hidden=\"true\">\n<title id='av-svg-title-440'>Voir les d\u00e9tails<\/title>\n<desc id='av-svg-desc-440'>Voir les d\u00e9tails<\/desc>\n<path d=\"M6.784 17.344v-2.88h8.96v2.88h-8.96zM19.2 1.6q1.344 0 2.272 0.928t0.928 2.272v22.4q0 1.28-0.928 2.24t-2.272 0.96h-16q-1.28 0-2.24-0.96t-0.96-2.24v-22.4q0-1.344 0.96-2.272t2.24-0.928h16zM19.2 27.2v-22.4h-16v22.4h16zM15.68 8.256v2.816h-8.96v-2.816h8.96zM15.68 20.8v2.816h-8.96v-2.816h8.96z\"><\/path>\n<\/svg><\/span>  Voir les d\u00e9tails<\/a> <span class=\"button-mini-delimiter\"><\/span><\/div><\/div><\/li>\n<li class=\"product type-product post-19553 status-publish first instock product_cat-bis-chf-30 product_cat-unkategorisiert has-post-thumbnail taxable shipping-taxable purchasable product-type-simple\">\n\t<div class='inner_product main_color wrapped_style noLightbox  av-product-class-'><a href=\"https:\/\/www.raffinessen.ch\/fr\/produit\/schweizer-waldhonig\/\" class=\"woocommerce-LoopProduct-link woocommerce-loop-product__link\"><div class=\"thumbnail_container\"><img decoding=\"async\" loading=\"lazy\" width=\"500\" height=\"500\" src=\"https:\/\/www.raffinessen.ch\/webseite\/wp-content\/uploads\/2025\/05\/Schweizer-Waldhonig_Biene-500x500.jpg\" class=\"wp-image-19554 avia-img-lazy-loading-19554 attachment-woocommerce_thumbnail size-woocommerce_thumbnail wp-post-image\" alt=\"\" srcset=\"https:\/\/www.raffinessen.ch\/webseite\/wp-content\/uploads\/2025\/05\/Schweizer-Waldhonig_Biene-500x500.jpg 500w, https:\/\/www.raffinessen.ch\/webseite\/wp-content\/uploads\/2025\/05\/Schweizer-Waldhonig_Biene-300x300.jpg 300w, https:\/\/www.raffinessen.ch\/webseite\/wp-content\/uploads\/2025\/05\/Schweizer-Waldhonig_Biene-80x80.jpg 80w, https:\/\/www.raffinessen.ch\/webseite\/wp-content\/uploads\/2025\/05\/Schweizer-Waldhonig_Biene-768x768.jpg 768w, https:\/\/www.raffinessen.ch\/webseite\/wp-content\/uploads\/2025\/05\/Schweizer-Waldhonig_Biene-12x12.jpg 12w, https:\/\/www.raffinessen.ch\/webseite\/wp-content\/uploads\/2025\/05\/Schweizer-Waldhonig_Biene-36x36.jpg 36w, https:\/\/www.raffinessen.ch\/webseite\/wp-content\/uploads\/2025\/05\/Schweizer-Waldhonig_Biene-180x180.jpg 180w, https:\/\/www.raffinessen.ch\/webseite\/wp-content\/uploads\/2025\/05\/Schweizer-Waldhonig_Biene-705x705.jpg 705w, https:\/\/www.raffinessen.ch\/webseite\/wp-content\/uploads\/2025\/05\/Schweizer-Waldhonig_Biene-120x120.jpg 120w, https:\/\/www.raffinessen.ch\/webseite\/wp-content\/uploads\/2025\/05\/Schweizer-Waldhonig_Biene-450x450.jpg 450w, https:\/\/www.raffinessen.ch\/webseite\/wp-content\/uploads\/2025\/05\/Schweizer-Waldhonig_Biene-100x100.jpg 100w, https:\/\/www.raffinessen.ch\/webseite\/wp-content\/uploads\/2025\/05\/Schweizer-Waldhonig_Biene.jpg 1000w\" sizes=\"auto, (max-width: 500px) 100vw, 500px\" \/><span class=\"cart-loading\"><\/span><\/div><div class='inner_product_header'><div class='avia-arrow'><\/div><div class='inner_product_header_table'><div class='inner_product_header_cell'><h2 class=\"woocommerce-loop-product__title\">Schweizer Waldhonig<\/h2>\n\t<span class=\"price\"><span class=\"woocommerce-Price-amount amount\"><bdi><span class=\"woocommerce-Price-currencySymbol\">&#67;&#72;&#70;<\/span>&nbsp;13.00<\/bdi><\/span> <small class=\"woocommerce-price-suffix\">TVA incluse<\/small><\/span>\n<\/div><\/div><\/div><\/a><div class='avia_cart_buttons'><a href=\"\/fr\/wp-json\/wp\/v2\/pages\/9012?add-to-cart=19553\" aria-describedby=\"woocommerce_loop_add_to_cart_link_describedby_19553\" data-quantity=\"1\" class=\"button product_type_simple add_to_cart_button ajax_add_to_cart\" data-product_id=\"19553\" data-product_sku=\"PP-F0038\" aria-label=\"Ajouter au panier\u00a0: \u201cSchweizer Waldhonig\u201d\" rel=\"nofollow\" data-success_message=\"\u00ab\u00a0Schweizer Waldhonig\u00a0\u00bb a \u00e9t\u00e9 ajout\u00e9 \u00e0 votre panier\" role=\"button\" data-no-translation-aria-label=\"\" data-no-translation-data-success_message=\"\"><span class=\"avia-svg-icon avia-font-svg_entypo-fontello\" data-av_svg_icon='basket' data-av_iconset='svg_entypo-fontello'><svg version=\"1.1\" xmlns=\"http:\/\/www.w3.org\/2000\/svg\" width=\"29\" height=\"32\" viewbox=\"0 0 29 32\" preserveaspectratio=\"xMidYMid meet\" aria-labelledby='av-svg-title-441' aria-describedby='av-svg-desc-441' role=\"graphics-symbol\" aria-hidden=\"true\">\n<title id='av-svg-title-441'>Ajouter au panier<\/title>\n<desc id='av-svg-desc-441'>Ajouter au panier<\/desc>\n<path d=\"M4.8 27.2q0-1.28 0.96-2.24t2.24-0.96q1.344 0 2.272 0.96t0.928 2.24q0 1.344-0.928 2.272t-2.272 0.928q-1.28 0-2.24-0.928t-0.96-2.272zM20.8 27.2q0-1.28 0.96-2.24t2.24-0.96q1.344 0 2.272 0.96t0.928 2.24q0 1.344-0.928 2.272t-2.272 0.928q-1.28 0-2.24-0.928t-0.96-2.272zM10.496 19.648q-1.152 0.32-1.088 0.736t1.408 0.416h17.984v2.432q0 0.64-0.64 0.64h-20.928q-0.64 0-0.64-0.64v-2.432l-0.32-1.472-3.136-14.528h-3.136v-2.56q0-0.64 0.64-0.64h4.992q0.64 0 0.64 0.64v2.752h22.528v8.768q0 0.704-0.576 0.832z\"><\/path>\n<\/svg><\/span>  Ajouter au panier<\/a>\t<span id=\"woocommerce_loop_add_to_cart_link_describedby_19553\" class=\"screen-reader-text\">\n\t\t\t<\/span>\n<a class=\"button show_details_button\" href=\"https:\/\/www.raffinessen.ch\/fr\/produit\/schweizer-waldhonig\/\"><span class=\"avia-svg-icon avia-font-svg_entypo-fontello\" data-av_svg_icon='doc-text' data-av_iconset='svg_entypo-fontello'><svg version=\"1.1\" xmlns=\"http:\/\/www.w3.org\/2000\/svg\" width=\"22\" height=\"32\" viewbox=\"0 0 22 32\" preserveaspectratio=\"xMidYMid meet\" aria-labelledby='av-svg-title-442' aria-describedby='av-svg-desc-442' role=\"graphics-symbol\" aria-hidden=\"true\">\n<title id='av-svg-title-442'>Voir les d\u00e9tails<\/title>\n<desc id='av-svg-desc-442'>Voir les d\u00e9tails<\/desc>\n<path d=\"M6.784 17.344v-2.88h8.96v2.88h-8.96zM19.2 1.6q1.344 0 2.272 0.928t0.928 2.272v22.4q0 1.28-0.928 2.24t-2.272 0.96h-16q-1.28 0-2.24-0.96t-0.96-2.24v-22.4q0-1.344 0.96-2.272t2.24-0.928h16zM19.2 27.2v-22.4h-16v22.4h16zM15.68 8.256v2.816h-8.96v-2.816h8.96zM15.68 20.8v2.816h-8.96v-2.816h8.96z\"><\/path>\n<\/svg><\/span>  Voir les d\u00e9tails<\/a> <span class=\"button-mini-delimiter\"><\/span><\/div><\/div><\/li>\n<li class=\"product type-product post-16307 status-publish instock product_cat-bis-chf-30 product_cat-geschenksets product_cat-neu has-post-thumbnail taxable shipping-taxable purchasable product-type-simple\">\n\t<div class='inner_product main_color wrapped_style noLightbox  av-product-class-'><a href=\"https:\/\/www.raffinessen.ch\/fr\/produit\/set-suppen\/\" class=\"woocommerce-LoopProduct-link woocommerce-loop-product__link\"><div class=\"thumbnail_container\"><img loading=\"lazy\" decoding=\"async\" width=\"500\" height=\"500\" src=\"https:\/\/www.raffinessen.ch\/webseite\/wp-content\/uploads\/2023\/09\/SET_Suppen_Randen-500x500.jpg\" class=\"attachment-woocommerce_thumbnail avia-product-hover\" alt=\"\" srcset=\"https:\/\/www.raffinessen.ch\/webseite\/wp-content\/uploads\/2023\/09\/SET_Suppen_Randen-500x500.jpg 500w, https:\/\/www.raffinessen.ch\/webseite\/wp-content\/uploads\/2023\/09\/SET_Suppen_Randen-300x300.jpg 300w, https:\/\/www.raffinessen.ch\/webseite\/wp-content\/uploads\/2023\/09\/SET_Suppen_Randen-1030x1030.jpg 1030w, https:\/\/www.raffinessen.ch\/webseite\/wp-content\/uploads\/2023\/09\/SET_Suppen_Randen-80x80.jpg 80w, https:\/\/www.raffinessen.ch\/webseite\/wp-content\/uploads\/2023\/09\/SET_Suppen_Randen-768x768.jpg 768w, https:\/\/www.raffinessen.ch\/webseite\/wp-content\/uploads\/2023\/09\/SET_Suppen_Randen-12x12.jpg 12w, https:\/\/www.raffinessen.ch\/webseite\/wp-content\/uploads\/2023\/09\/SET_Suppen_Randen-36x36.jpg 36w, https:\/\/www.raffinessen.ch\/webseite\/wp-content\/uploads\/2023\/09\/SET_Suppen_Randen-180x180.jpg 180w, https:\/\/www.raffinessen.ch\/webseite\/wp-content\/uploads\/2023\/09\/SET_Suppen_Randen-705x705.jpg 705w, https:\/\/www.raffinessen.ch\/webseite\/wp-content\/uploads\/2023\/09\/SET_Suppen_Randen-120x120.jpg 120w, https:\/\/www.raffinessen.ch\/webseite\/wp-content\/uploads\/2023\/09\/SET_Suppen_Randen-450x450.jpg 450w, https:\/\/www.raffinessen.ch\/webseite\/wp-content\/uploads\/2023\/09\/SET_Suppen_Randen-1000x1000.jpg 1000w, https:\/\/www.raffinessen.ch\/webseite\/wp-content\/uploads\/2023\/09\/SET_Suppen_Randen-100x100.jpg 100w, https:\/\/www.raffinessen.ch\/webseite\/wp-content\/uploads\/2023\/09\/SET_Suppen_Randen.jpg 1500w\" sizes=\"auto, (max-width: 500px) 100vw, 500px\" \/><img decoding=\"async\" loading=\"lazy\" width=\"500\" height=\"500\" src=\"https:\/\/www.raffinessen.ch\/webseite\/wp-content\/uploads\/2023\/09\/SET_Suppen-500x500.jpg\" class=\"wp-image-16309 avia-img-lazy-loading-16309 attachment-woocommerce_thumbnail size-woocommerce_thumbnail wp-post-image\" alt=\"\" srcset=\"https:\/\/www.raffinessen.ch\/webseite\/wp-content\/uploads\/2023\/09\/SET_Suppen-500x500.jpg 500w, https:\/\/www.raffinessen.ch\/webseite\/wp-content\/uploads\/2023\/09\/SET_Suppen-300x300.jpg 300w, https:\/\/www.raffinessen.ch\/webseite\/wp-content\/uploads\/2023\/09\/SET_Suppen-1030x1030.jpg 1030w, https:\/\/www.raffinessen.ch\/webseite\/wp-content\/uploads\/2023\/09\/SET_Suppen-80x80.jpg 80w, https:\/\/www.raffinessen.ch\/webseite\/wp-content\/uploads\/2023\/09\/SET_Suppen-768x768.jpg 768w, https:\/\/www.raffinessen.ch\/webseite\/wp-content\/uploads\/2023\/09\/SET_Suppen-12x12.jpg 12w, https:\/\/www.raffinessen.ch\/webseite\/wp-content\/uploads\/2023\/09\/SET_Suppen-36x36.jpg 36w, https:\/\/www.raffinessen.ch\/webseite\/wp-content\/uploads\/2023\/09\/SET_Suppen-180x180.jpg 180w, https:\/\/www.raffinessen.ch\/webseite\/wp-content\/uploads\/2023\/09\/SET_Suppen-705x705.jpg 705w, https:\/\/www.raffinessen.ch\/webseite\/wp-content\/uploads\/2023\/09\/SET_Suppen-120x120.jpg 120w, https:\/\/www.raffinessen.ch\/webseite\/wp-content\/uploads\/2023\/09\/SET_Suppen-450x450.jpg 450w, https:\/\/www.raffinessen.ch\/webseite\/wp-content\/uploads\/2023\/09\/SET_Suppen-1000x1000.jpg 1000w, https:\/\/www.raffinessen.ch\/webseite\/wp-content\/uploads\/2023\/09\/SET_Suppen-100x100.jpg 100w, https:\/\/www.raffinessen.ch\/webseite\/wp-content\/uploads\/2023\/09\/SET_Suppen.jpg 1500w\" sizes=\"auto, (max-width: 500px) 100vw, 500px\" \/><span class=\"cart-loading\"><\/span><\/div><div class='inner_product_header'><div class='avia-arrow'><\/div><div class='inner_product_header_table'><div class='inner_product_header_cell'><h2 class=\"woocommerce-loop-product__title\">SET &#8211; Suppen<\/h2>\n\t<span class=\"price\"><span class=\"woocommerce-Price-amount amount\"><bdi><span class=\"woocommerce-Price-currencySymbol\">&#67;&#72;&#70;<\/span>&nbsp;29.00<\/bdi><\/span> <small class=\"woocommerce-price-suffix\">TVA incluse<\/small><\/span>\n<\/div><\/div><\/div><\/a><div class='avia_cart_buttons'><a href=\"\/fr\/wp-json\/wp\/v2\/pages\/9012?add-to-cart=16307\" aria-describedby=\"woocommerce_loop_add_to_cart_link_describedby_16307\" data-quantity=\"1\" class=\"button product_type_simple add_to_cart_button ajax_add_to_cart\" data-product_id=\"16307\" data-product_sku=\"GSO-059\" aria-label=\"Ajouter au panier\u00a0: \u201cSET - Suppen\u201d\" rel=\"nofollow\" data-success_message=\"\u00ab\u00a0SET - Suppen\u00a0\u00bb a \u00e9t\u00e9 ajout\u00e9 \u00e0 votre panier\" role=\"button\" data-no-translation-aria-label=\"\" data-no-translation-data-success_message=\"\"><span class=\"avia-svg-icon avia-font-svg_entypo-fontello\" data-av_svg_icon='basket' data-av_iconset='svg_entypo-fontello'><svg version=\"1.1\" xmlns=\"http:\/\/www.w3.org\/2000\/svg\" width=\"29\" height=\"32\" viewbox=\"0 0 29 32\" preserveaspectratio=\"xMidYMid meet\" aria-labelledby='av-svg-title-443' aria-describedby='av-svg-desc-443' role=\"graphics-symbol\" aria-hidden=\"true\">\n<title id='av-svg-title-443'>Ajouter au panier<\/title>\n<desc id='av-svg-desc-443'>Ajouter au panier<\/desc>\n<path d=\"M4.8 27.2q0-1.28 0.96-2.24t2.24-0.96q1.344 0 2.272 0.96t0.928 2.24q0 1.344-0.928 2.272t-2.272 0.928q-1.28 0-2.24-0.928t-0.96-2.272zM20.8 27.2q0-1.28 0.96-2.24t2.24-0.96q1.344 0 2.272 0.96t0.928 2.24q0 1.344-0.928 2.272t-2.272 0.928q-1.28 0-2.24-0.928t-0.96-2.272zM10.496 19.648q-1.152 0.32-1.088 0.736t1.408 0.416h17.984v2.432q0 0.64-0.64 0.64h-20.928q-0.64 0-0.64-0.64v-2.432l-0.32-1.472-3.136-14.528h-3.136v-2.56q0-0.64 0.64-0.64h4.992q0.64 0 0.64 0.64v2.752h22.528v8.768q0 0.704-0.576 0.832z\"><\/path>\n<\/svg><\/span>  Ajouter au panier<\/a>\t<span id=\"woocommerce_loop_add_to_cart_link_describedby_16307\" class=\"screen-reader-text\">\n\t\t\t<\/span>\n<a class=\"button show_details_button\" href=\"https:\/\/www.raffinessen.ch\/fr\/produit\/set-suppen\/\"><span class=\"avia-svg-icon avia-font-svg_entypo-fontello\" data-av_svg_icon='doc-text' data-av_iconset='svg_entypo-fontello'><svg version=\"1.1\" xmlns=\"http:\/\/www.w3.org\/2000\/svg\" width=\"22\" height=\"32\" viewbox=\"0 0 22 32\" preserveaspectratio=\"xMidYMid meet\" aria-labelledby='av-svg-title-444' aria-describedby='av-svg-desc-444' role=\"graphics-symbol\" aria-hidden=\"true\">\n<title id='av-svg-title-444'>Voir les d\u00e9tails<\/title>\n<desc id='av-svg-desc-444'>Voir les d\u00e9tails<\/desc>\n<path d=\"M6.784 17.344v-2.88h8.96v2.88h-8.96zM19.2 1.6q1.344 0 2.272 0.928t0.928 2.272v22.4q0 1.28-0.928 2.24t-2.272 0.96h-16q-1.28 0-2.24-0.96t-0.96-2.24v-22.4q0-1.344 0.96-2.272t2.24-0.928h16zM19.2 27.2v-22.4h-16v22.4h16zM15.68 8.256v2.816h-8.96v-2.816h8.96zM15.68 20.8v2.816h-8.96v-2.816h8.96z\"><\/path>\n<\/svg><\/span>  Voir les d\u00e9tails<\/a> <span class=\"button-mini-delimiter\"><\/span><\/div><\/div><\/li>\n<li class=\"product type-product post-5897 status-publish instock product_cat-bis-chf-30 product_cat-geschenksets has-post-thumbnail taxable shipping-taxable purchasable product-type-simple\">\n\t<div class='inner_product main_color wrapped_style noLightbox  av-product-class-'><a href=\"https:\/\/www.raffinessen.ch\/fr\/produit\/set-mami-ich-habe-dich-lieb\/\" class=\"woocommerce-LoopProduct-link woocommerce-loop-product__link\"><div class=\"thumbnail_container\"><img loading=\"lazy\" decoding=\"async\" width=\"500\" height=\"500\" src=\"https:\/\/www.raffinessen.ch\/webseite\/wp-content\/uploads\/2020\/05\/mami-offen-mit-herz-500x500.jpg\" class=\"attachment-woocommerce_thumbnail avia-product-hover\" alt=\"\" srcset=\"https:\/\/www.raffinessen.ch\/webseite\/wp-content\/uploads\/2020\/05\/mami-offen-mit-herz-500x500.jpg 500w, https:\/\/www.raffinessen.ch\/webseite\/wp-content\/uploads\/2020\/05\/mami-offen-mit-herz-300x300.jpg 300w, https:\/\/www.raffinessen.ch\/webseite\/wp-content\/uploads\/2020\/05\/mami-offen-mit-herz-1030x1030.jpg 1030w, https:\/\/www.raffinessen.ch\/webseite\/wp-content\/uploads\/2020\/05\/mami-offen-mit-herz-80x80.jpg 80w, https:\/\/www.raffinessen.ch\/webseite\/wp-content\/uploads\/2020\/05\/mami-offen-mit-herz-768x768.jpg 768w, https:\/\/www.raffinessen.ch\/webseite\/wp-content\/uploads\/2020\/05\/mami-offen-mit-herz-1536x1536.jpg 1536w, https:\/\/www.raffinessen.ch\/webseite\/wp-content\/uploads\/2020\/05\/mami-offen-mit-herz-2048x2048.jpg 2048w, https:\/\/www.raffinessen.ch\/webseite\/wp-content\/uploads\/2020\/05\/mami-offen-mit-herz-36x36.jpg 36w, https:\/\/www.raffinessen.ch\/webseite\/wp-content\/uploads\/2020\/05\/mami-offen-mit-herz-180x180.jpg 180w, https:\/\/www.raffinessen.ch\/webseite\/wp-content\/uploads\/2020\/05\/mami-offen-mit-herz-1500x1500.jpg 1500w, https:\/\/www.raffinessen.ch\/webseite\/wp-content\/uploads\/2020\/05\/mami-offen-mit-herz-705x705.jpg 705w, https:\/\/www.raffinessen.ch\/webseite\/wp-content\/uploads\/2020\/05\/mami-offen-mit-herz-100x100.jpg 100w, https:\/\/www.raffinessen.ch\/webseite\/wp-content\/uploads\/2020\/05\/mami-offen-mit-herz-1000x1000.jpg 1000w\" sizes=\"auto, (max-width: 500px) 100vw, 500px\" \/><img decoding=\"async\" loading=\"lazy\" width=\"500\" height=\"500\" src=\"https:\/\/www.raffinessen.ch\/webseite\/wp-content\/uploads\/2020\/05\/mami-zu-mit-herz-500x500.jpg\" class=\"wp-image-5902 avia-img-lazy-loading-5902 attachment-woocommerce_thumbnail size-woocommerce_thumbnail wp-post-image\" alt=\"\" srcset=\"https:\/\/www.raffinessen.ch\/webseite\/wp-content\/uploads\/2020\/05\/mami-zu-mit-herz-500x500.jpg 500w, https:\/\/www.raffinessen.ch\/webseite\/wp-content\/uploads\/2020\/05\/mami-zu-mit-herz-300x300.jpg 300w, https:\/\/www.raffinessen.ch\/webseite\/wp-content\/uploads\/2020\/05\/mami-zu-mit-herz-1030x1030.jpg 1030w, https:\/\/www.raffinessen.ch\/webseite\/wp-content\/uploads\/2020\/05\/mami-zu-mit-herz-80x80.jpg 80w, https:\/\/www.raffinessen.ch\/webseite\/wp-content\/uploads\/2020\/05\/mami-zu-mit-herz-768x768.jpg 768w, https:\/\/www.raffinessen.ch\/webseite\/wp-content\/uploads\/2020\/05\/mami-zu-mit-herz-1536x1536.jpg 1536w, https:\/\/www.raffinessen.ch\/webseite\/wp-content\/uploads\/2020\/05\/mami-zu-mit-herz-2048x2048.jpg 2048w, https:\/\/www.raffinessen.ch\/webseite\/wp-content\/uploads\/2020\/05\/mami-zu-mit-herz-36x36.jpg 36w, https:\/\/www.raffinessen.ch\/webseite\/wp-content\/uploads\/2020\/05\/mami-zu-mit-herz-180x180.jpg 180w, https:\/\/www.raffinessen.ch\/webseite\/wp-content\/uploads\/2020\/05\/mami-zu-mit-herz-1500x1500.jpg 1500w, https:\/\/www.raffinessen.ch\/webseite\/wp-content\/uploads\/2020\/05\/mami-zu-mit-herz-705x705.jpg 705w, https:\/\/www.raffinessen.ch\/webseite\/wp-content\/uploads\/2020\/05\/mami-zu-mit-herz-100x100.jpg 100w, https:\/\/www.raffinessen.ch\/webseite\/wp-content\/uploads\/2020\/05\/mami-zu-mit-herz-1000x1000.jpg 1000w\" sizes=\"auto, (max-width: 500px) 100vw, 500px\" \/><span class=\"cart-loading\"><\/span><\/div><div class='inner_product_header'><div class='avia-arrow'><\/div><div class='inner_product_header_table'><div class='inner_product_header_cell'><h2 class=\"woocommerce-loop-product__title\">SET - Maman je t'aime<\/h2>\n\t<span class=\"price\"><span class=\"woocommerce-Price-amount amount\"><bdi><span class=\"woocommerce-Price-currencySymbol\">&#67;&#72;&#70;<\/span>&nbsp;30.00<\/bdi><\/span> <small class=\"woocommerce-price-suffix\">TVA incluse<\/small><\/span>\n<\/div><\/div><\/div><\/a><div class='avia_cart_buttons'><a href=\"\/fr\/wp-json\/wp\/v2\/pages\/9012?add-to-cart=5897\" aria-describedby=\"woocommerce_loop_add_to_cart_link_describedby_5897\" data-quantity=\"1\" class=\"button product_type_simple add_to_cart_button ajax_add_to_cart\" data-product_id=\"5897\" data-product_sku=\"GSO-031\" aria-label=\"Ajouter au panier\u00a0: \u201cSET - Mami ich habe Dich lieb\u201d\" rel=\"nofollow\" data-success_message=\"\u00ab\u00a0SET - Mami ich habe Dich lieb\u00a0\u00bb a \u00e9t\u00e9 ajout\u00e9 \u00e0 votre panier\" role=\"button\" data-no-translation-aria-label=\"\" data-no-translation-data-success_message=\"\"><span class=\"avia-svg-icon avia-font-svg_entypo-fontello\" data-av_svg_icon='basket' data-av_iconset='svg_entypo-fontello'><svg version=\"1.1\" xmlns=\"http:\/\/www.w3.org\/2000\/svg\" width=\"29\" height=\"32\" viewbox=\"0 0 29 32\" preserveaspectratio=\"xMidYMid meet\" aria-labelledby='av-svg-title-445' aria-describedby='av-svg-desc-445' role=\"graphics-symbol\" aria-hidden=\"true\">\n<title id='av-svg-title-445'>Ajouter au panier<\/title>\n<desc id='av-svg-desc-445'>Ajouter au panier<\/desc>\n<path d=\"M4.8 27.2q0-1.28 0.96-2.24t2.24-0.96q1.344 0 2.272 0.96t0.928 2.24q0 1.344-0.928 2.272t-2.272 0.928q-1.28 0-2.24-0.928t-0.96-2.272zM20.8 27.2q0-1.28 0.96-2.24t2.24-0.96q1.344 0 2.272 0.96t0.928 2.24q0 1.344-0.928 2.272t-2.272 0.928q-1.28 0-2.24-0.928t-0.96-2.272zM10.496 19.648q-1.152 0.32-1.088 0.736t1.408 0.416h17.984v2.432q0 0.64-0.64 0.64h-20.928q-0.64 0-0.64-0.64v-2.432l-0.32-1.472-3.136-14.528h-3.136v-2.56q0-0.64 0.64-0.64h4.992q0.64 0 0.64 0.64v2.752h22.528v8.768q0 0.704-0.576 0.832z\"><\/path>\n<\/svg><\/span>  Ajouter au panier<\/a>\t<span id=\"woocommerce_loop_add_to_cart_link_describedby_5897\" class=\"screen-reader-text\">\n\t\t\t<\/span>\n<a class=\"button show_details_button\" href=\"https:\/\/www.raffinessen.ch\/fr\/produit\/set-mami-ich-habe-dich-lieb\/\"><span class=\"avia-svg-icon avia-font-svg_entypo-fontello\" data-av_svg_icon='doc-text' data-av_iconset='svg_entypo-fontello'><svg version=\"1.1\" xmlns=\"http:\/\/www.w3.org\/2000\/svg\" width=\"22\" height=\"32\" viewbox=\"0 0 22 32\" preserveaspectratio=\"xMidYMid meet\" aria-labelledby='av-svg-title-446' aria-describedby='av-svg-desc-446' role=\"graphics-symbol\" aria-hidden=\"true\">\n<title id='av-svg-title-446'>Voir les d\u00e9tails<\/title>\n<desc id='av-svg-desc-446'>Voir les d\u00e9tails<\/desc>\n<path d=\"M6.784 17.344v-2.88h8.96v2.88h-8.96zM19.2 1.6q1.344 0 2.272 0.928t0.928 2.272v22.4q0 1.28-0.928 2.24t-2.272 0.96h-16q-1.28 0-2.24-0.96t-0.96-2.24v-22.4q0-1.344 0.96-2.272t2.24-0.928h16zM19.2 27.2v-22.4h-16v22.4h16zM15.68 8.256v2.816h-8.96v-2.816h8.96zM15.68 20.8v2.816h-8.96v-2.816h8.96z\"><\/path>\n<\/svg><\/span>  Voir les d\u00e9tails<\/a> <span class=\"button-mini-delimiter\"><\/span><\/div><\/div><\/li>\n<li class=\"product type-product post-15393 status-publish last instock product_cat-bis-chf-30 product_cat-geschenksets product_cat-neu has-post-thumbnail taxable shipping-taxable purchasable product-type-simple\">\n\t<div class='inner_product main_color wrapped_style noLightbox  av-product-class-'><a href=\"https:\/\/www.raffinessen.ch\/fr\/produit\/mami-viele-blumen-fuer-den-dank\/\" class=\"woocommerce-LoopProduct-link woocommerce-loop-product__link\"><div class=\"thumbnail_container\"><img decoding=\"async\" loading=\"lazy\" width=\"500\" height=\"500\" src=\"https:\/\/www.raffinessen.ch\/webseite\/wp-content\/uploads\/2023\/05\/Wuerfelbox_Glas-mit-Holzdeckel_MAMI-500x500.jpg\" class=\"wp-image-15394 avia-img-lazy-loading-15394 attachment-woocommerce_thumbnail size-woocommerce_thumbnail wp-post-image\" alt=\"\" srcset=\"https:\/\/www.raffinessen.ch\/webseite\/wp-content\/uploads\/2023\/05\/Wuerfelbox_Glas-mit-Holzdeckel_MAMI-500x500.jpg 500w, https:\/\/www.raffinessen.ch\/webseite\/wp-content\/uploads\/2023\/05\/Wuerfelbox_Glas-mit-Holzdeckel_MAMI-300x300.jpg 300w, https:\/\/www.raffinessen.ch\/webseite\/wp-content\/uploads\/2023\/05\/Wuerfelbox_Glas-mit-Holzdeckel_MAMI-80x80.jpg 80w, https:\/\/www.raffinessen.ch\/webseite\/wp-content\/uploads\/2023\/05\/Wuerfelbox_Glas-mit-Holzdeckel_MAMI-768x768.jpg 768w, https:\/\/www.raffinessen.ch\/webseite\/wp-content\/uploads\/2023\/05\/Wuerfelbox_Glas-mit-Holzdeckel_MAMI-12x12.jpg 12w, https:\/\/www.raffinessen.ch\/webseite\/wp-content\/uploads\/2023\/05\/Wuerfelbox_Glas-mit-Holzdeckel_MAMI-36x36.jpg 36w, https:\/\/www.raffinessen.ch\/webseite\/wp-content\/uploads\/2023\/05\/Wuerfelbox_Glas-mit-Holzdeckel_MAMI-180x180.jpg 180w, https:\/\/www.raffinessen.ch\/webseite\/wp-content\/uploads\/2023\/05\/Wuerfelbox_Glas-mit-Holzdeckel_MAMI-705x705.jpg 705w, https:\/\/www.raffinessen.ch\/webseite\/wp-content\/uploads\/2023\/05\/Wuerfelbox_Glas-mit-Holzdeckel_MAMI-120x120.jpg 120w, https:\/\/www.raffinessen.ch\/webseite\/wp-content\/uploads\/2023\/05\/Wuerfelbox_Glas-mit-Holzdeckel_MAMI-450x450.jpg 450w, https:\/\/www.raffinessen.ch\/webseite\/wp-content\/uploads\/2023\/05\/Wuerfelbox_Glas-mit-Holzdeckel_MAMI-100x100.jpg 100w, https:\/\/www.raffinessen.ch\/webseite\/wp-content\/uploads\/2023\/05\/Wuerfelbox_Glas-mit-Holzdeckel_MAMI.jpg 1000w\" sizes=\"auto, (max-width: 500px) 100vw, 500px\" \/><span class=\"cart-loading\"><\/span><\/div><div class='inner_product_header'><div class='avia-arrow'><\/div><div class='inner_product_header_table'><div class='inner_product_header_cell'><h2 class=\"woocommerce-loop-product__title\">MAMI - Beaucoup de fleurs pour les REMERCIEMENTS !<\/h2>\n\t<span class=\"price\"><span class=\"woocommerce-Price-amount amount\"><bdi><span class=\"woocommerce-Price-currencySymbol\">&#67;&#72;&#70;<\/span>&nbsp;25.00<\/bdi><\/span> <small class=\"woocommerce-price-suffix\">TVA incluse<\/small><\/span>\n<\/div><\/div><\/div><\/a><div class='avia_cart_buttons'><a href=\"\/fr\/wp-json\/wp\/v2\/pages\/9012?add-to-cart=15393\" aria-describedby=\"woocommerce_loop_add_to_cart_link_describedby_15393\" data-quantity=\"1\" class=\"button product_type_simple add_to_cart_button ajax_add_to_cart\" data-product_id=\"15393\" data-product_sku=\"GSO-055\" aria-label=\"Ajouter au panier\u00a0: \u201cMAMI - Viele Blumen f\u00fcr den DANK !\u201d\" rel=\"nofollow\" data-success_message=\"\u00ab\u00a0MAMI - Viele Blumen f\u00fcr den DANK !\u00a0\u00bb a \u00e9t\u00e9 ajout\u00e9 \u00e0 votre panier\" role=\"button\" data-no-translation-aria-label=\"\" data-no-translation-data-success_message=\"\"><span class=\"avia-svg-icon avia-font-svg_entypo-fontello\" data-av_svg_icon='basket' data-av_iconset='svg_entypo-fontello'><svg version=\"1.1\" xmlns=\"http:\/\/www.w3.org\/2000\/svg\" width=\"29\" height=\"32\" viewbox=\"0 0 29 32\" preserveaspectratio=\"xMidYMid meet\" aria-labelledby='av-svg-title-447' aria-describedby='av-svg-desc-447' role=\"graphics-symbol\" aria-hidden=\"true\">\n<title id='av-svg-title-447'>Ajouter au panier<\/title>\n<desc id='av-svg-desc-447'>Ajouter au panier<\/desc>\n<path d=\"M4.8 27.2q0-1.28 0.96-2.24t2.24-0.96q1.344 0 2.272 0.96t0.928 2.24q0 1.344-0.928 2.272t-2.272 0.928q-1.28 0-2.24-0.928t-0.96-2.272zM20.8 27.2q0-1.28 0.96-2.24t2.24-0.96q1.344 0 2.272 0.96t0.928 2.24q0 1.344-0.928 2.272t-2.272 0.928q-1.28 0-2.24-0.928t-0.96-2.272zM10.496 19.648q-1.152 0.32-1.088 0.736t1.408 0.416h17.984v2.432q0 0.64-0.64 0.64h-20.928q-0.64 0-0.64-0.64v-2.432l-0.32-1.472-3.136-14.528h-3.136v-2.56q0-0.64 0.64-0.64h4.992q0.64 0 0.64 0.64v2.752h22.528v8.768q0 0.704-0.576 0.832z\"><\/path>\n<\/svg><\/span>  Ajouter au panier<\/a>\t<span id=\"woocommerce_loop_add_to_cart_link_describedby_15393\" class=\"screen-reader-text\">\n\t\t\t<\/span>\n<a class=\"button show_details_button\" href=\"https:\/\/www.raffinessen.ch\/fr\/produit\/mami-viele-blumen-fuer-den-dank\/\"><span class=\"avia-svg-icon avia-font-svg_entypo-fontello\" data-av_svg_icon='doc-text' data-av_iconset='svg_entypo-fontello'><svg version=\"1.1\" xmlns=\"http:\/\/www.w3.org\/2000\/svg\" width=\"22\" height=\"32\" viewbox=\"0 0 22 32\" preserveaspectratio=\"xMidYMid meet\" aria-labelledby='av-svg-title-448' aria-describedby='av-svg-desc-448' role=\"graphics-symbol\" aria-hidden=\"true\">\n<title id='av-svg-title-448'>Voir les d\u00e9tails<\/title>\n<desc id='av-svg-desc-448'>Voir les d\u00e9tails<\/desc>\n<path d=\"M6.784 17.344v-2.88h8.96v2.88h-8.96zM19.2 1.6q1.344 0 2.272 0.928t0.928 2.272v22.4q0 1.28-0.928 2.24t-2.272 0.96h-16q-1.28 0-2.24-0.96t-0.96-2.24v-22.4q0-1.344 0.96-2.272t2.24-0.928h16zM19.2 27.2v-22.4h-16v22.4h16zM15.68 8.256v2.816h-8.96v-2.816h8.96zM15.68 20.8v2.816h-8.96v-2.816h8.96z\"><\/path>\n<\/svg><\/span>  Voir les d\u00e9tails<\/a> <span class=\"button-mini-delimiter\"><\/span><\/div><\/div><\/li>\n<li class=\"product type-product post-8019 status-publish first instock product_cat-bis-chf-30 product_cat-geschenksets product_cat-neu product_cat-top4 has-post-thumbnail taxable shipping-taxable purchasable product-type-simple\">\n\t<div class='inner_product main_color wrapped_style noLightbox  av-product-class-'><a href=\"https:\/\/www.raffinessen.ch\/fr\/produit\/set-baerner-sauz-u-pfaeffer\/\" class=\"woocommerce-LoopProduct-link woocommerce-loop-product__link\"><div class=\"thumbnail_container\"><img loading=\"lazy\" decoding=\"async\" width=\"500\" height=\"500\" src=\"https:\/\/www.raffinessen.ch\/webseite\/wp-content\/uploads\/2021\/03\/SET-MM2x-Baerner-Sauz-u-Pfaeffer-Box-500x500.jpg\" class=\"attachment-woocommerce_thumbnail avia-product-hover\" alt=\"\" srcset=\"https:\/\/www.raffinessen.ch\/webseite\/wp-content\/uploads\/2021\/03\/SET-MM2x-Baerner-Sauz-u-Pfaeffer-Box-500x500.jpg 500w, https:\/\/www.raffinessen.ch\/webseite\/wp-content\/uploads\/2021\/03\/SET-MM2x-Baerner-Sauz-u-Pfaeffer-Box-300x300.jpg 300w, https:\/\/www.raffinessen.ch\/webseite\/wp-content\/uploads\/2021\/03\/SET-MM2x-Baerner-Sauz-u-Pfaeffer-Box-1030x1030.jpg 1030w, https:\/\/www.raffinessen.ch\/webseite\/wp-content\/uploads\/2021\/03\/SET-MM2x-Baerner-Sauz-u-Pfaeffer-Box-80x80.jpg 80w, https:\/\/www.raffinessen.ch\/webseite\/wp-content\/uploads\/2021\/03\/SET-MM2x-Baerner-Sauz-u-Pfaeffer-Box-768x768.jpg 768w, https:\/\/www.raffinessen.ch\/webseite\/wp-content\/uploads\/2021\/03\/SET-MM2x-Baerner-Sauz-u-Pfaeffer-Box-36x36.jpg 36w, https:\/\/www.raffinessen.ch\/webseite\/wp-content\/uploads\/2021\/03\/SET-MM2x-Baerner-Sauz-u-Pfaeffer-Box-180x180.jpg 180w, https:\/\/www.raffinessen.ch\/webseite\/wp-content\/uploads\/2021\/03\/SET-MM2x-Baerner-Sauz-u-Pfaeffer-Box-705x705.jpg 705w, https:\/\/www.raffinessen.ch\/webseite\/wp-content\/uploads\/2021\/03\/SET-MM2x-Baerner-Sauz-u-Pfaeffer-Box-100x100.jpg 100w, https:\/\/www.raffinessen.ch\/webseite\/wp-content\/uploads\/2021\/03\/SET-MM2x-Baerner-Sauz-u-Pfaeffer-Box-1000x1000.jpg 1000w, https:\/\/www.raffinessen.ch\/webseite\/wp-content\/uploads\/2021\/03\/SET-MM2x-Baerner-Sauz-u-Pfaeffer-Box.jpg 1500w\" sizes=\"auto, (max-width: 500px) 100vw, 500px\" \/><img decoding=\"async\" loading=\"lazy\" width=\"500\" height=\"500\" src=\"https:\/\/www.raffinessen.ch\/webseite\/wp-content\/uploads\/2021\/03\/SET-MM2x-Baerner-Sauz-u-Pfaeffer2-500x500.jpg\" class=\"wp-image-8021 avia-img-lazy-loading-8021 attachment-woocommerce_thumbnail size-woocommerce_thumbnail wp-post-image\" alt=\"\" srcset=\"https:\/\/www.raffinessen.ch\/webseite\/wp-content\/uploads\/2021\/03\/SET-MM2x-Baerner-Sauz-u-Pfaeffer2-500x500.jpg 500w, https:\/\/www.raffinessen.ch\/webseite\/wp-content\/uploads\/2021\/03\/SET-MM2x-Baerner-Sauz-u-Pfaeffer2-300x300.jpg 300w, https:\/\/www.raffinessen.ch\/webseite\/wp-content\/uploads\/2021\/03\/SET-MM2x-Baerner-Sauz-u-Pfaeffer2-1030x1030.jpg 1030w, https:\/\/www.raffinessen.ch\/webseite\/wp-content\/uploads\/2021\/03\/SET-MM2x-Baerner-Sauz-u-Pfaeffer2-80x80.jpg 80w, https:\/\/www.raffinessen.ch\/webseite\/wp-content\/uploads\/2021\/03\/SET-MM2x-Baerner-Sauz-u-Pfaeffer2-768x768.jpg 768w, https:\/\/www.raffinessen.ch\/webseite\/wp-content\/uploads\/2021\/03\/SET-MM2x-Baerner-Sauz-u-Pfaeffer2-36x36.jpg 36w, https:\/\/www.raffinessen.ch\/webseite\/wp-content\/uploads\/2021\/03\/SET-MM2x-Baerner-Sauz-u-Pfaeffer2-180x180.jpg 180w, https:\/\/www.raffinessen.ch\/webseite\/wp-content\/uploads\/2021\/03\/SET-MM2x-Baerner-Sauz-u-Pfaeffer2-705x705.jpg 705w, https:\/\/www.raffinessen.ch\/webseite\/wp-content\/uploads\/2021\/03\/SET-MM2x-Baerner-Sauz-u-Pfaeffer2-100x100.jpg 100w, https:\/\/www.raffinessen.ch\/webseite\/wp-content\/uploads\/2021\/03\/SET-MM2x-Baerner-Sauz-u-Pfaeffer2-1000x1000.jpg 1000w, https:\/\/www.raffinessen.ch\/webseite\/wp-content\/uploads\/2021\/03\/SET-MM2x-Baerner-Sauz-u-Pfaeffer2.jpg 1500w\" sizes=\"auto, (max-width: 500px) 100vw, 500px\" \/><span class=\"cart-loading\"><\/span><\/div><div class='inner_product_header'><div class='avia-arrow'><\/div><div class='inner_product_header_table'><div class='inner_product_header_cell'><h2 class=\"woocommerce-loop-product__title\">SET - B\u00e4rner Sauz u Pf\u00e4ffer<\/h2>\n\t<span class=\"price\"><span class=\"woocommerce-Price-amount amount\"><bdi><span class=\"woocommerce-Price-currencySymbol\">&#67;&#72;&#70;<\/span>&nbsp;25.00<\/bdi><\/span> <small class=\"woocommerce-price-suffix\">TVA incluse<\/small><\/span>\n<\/div><\/div><\/div><\/a><div class='avia_cart_buttons'><a href=\"\/fr\/wp-json\/wp\/v2\/pages\/9012?add-to-cart=8019\" aria-describedby=\"woocommerce_loop_add_to_cart_link_describedby_8019\" data-quantity=\"1\" class=\"button product_type_simple add_to_cart_button ajax_add_to_cart\" data-product_id=\"8019\" data-product_sku=\"GSO-043\" aria-label=\"Ajouter au panier\u00a0: \u201cSET - B\u00e4rner Sauz u Pf\u00e4ffer\u201d\" rel=\"nofollow\" data-success_message=\"\u00ab\u00a0SET - B\u00e4rner Sauz u Pf\u00e4ffer\u00a0\u00bb a \u00e9t\u00e9 ajout\u00e9 \u00e0 votre panier\" role=\"button\" data-no-translation-aria-label=\"\" data-no-translation-data-success_message=\"\"><span class=\"avia-svg-icon avia-font-svg_entypo-fontello\" data-av_svg_icon='basket' data-av_iconset='svg_entypo-fontello'><svg version=\"1.1\" xmlns=\"http:\/\/www.w3.org\/2000\/svg\" width=\"29\" height=\"32\" viewbox=\"0 0 29 32\" preserveaspectratio=\"xMidYMid meet\" aria-labelledby='av-svg-title-449' aria-describedby='av-svg-desc-449' role=\"graphics-symbol\" aria-hidden=\"true\">\n<title id='av-svg-title-449'>Ajouter au panier<\/title>\n<desc id='av-svg-desc-449'>Ajouter au panier<\/desc>\n<path d=\"M4.8 27.2q0-1.28 0.96-2.24t2.24-0.96q1.344 0 2.272 0.96t0.928 2.24q0 1.344-0.928 2.272t-2.272 0.928q-1.28 0-2.24-0.928t-0.96-2.272zM20.8 27.2q0-1.28 0.96-2.24t2.24-0.96q1.344 0 2.272 0.96t0.928 2.24q0 1.344-0.928 2.272t-2.272 0.928q-1.28 0-2.24-0.928t-0.96-2.272zM10.496 19.648q-1.152 0.32-1.088 0.736t1.408 0.416h17.984v2.432q0 0.64-0.64 0.64h-20.928q-0.64 0-0.64-0.64v-2.432l-0.32-1.472-3.136-14.528h-3.136v-2.56q0-0.64 0.64-0.64h4.992q0.64 0 0.64 0.64v2.752h22.528v8.768q0 0.704-0.576 0.832z\"><\/path>\n<\/svg><\/span>  Ajouter au panier<\/a>\t<span id=\"woocommerce_loop_add_to_cart_link_describedby_8019\" class=\"screen-reader-text\">\n\t\t\t<\/span>\n<a class=\"button show_details_button\" href=\"https:\/\/www.raffinessen.ch\/fr\/produit\/set-baerner-sauz-u-pfaeffer\/\"><span class=\"avia-svg-icon avia-font-svg_entypo-fontello\" data-av_svg_icon='doc-text' data-av_iconset='svg_entypo-fontello'><svg version=\"1.1\" xmlns=\"http:\/\/www.w3.org\/2000\/svg\" width=\"22\" height=\"32\" viewbox=\"0 0 22 32\" preserveaspectratio=\"xMidYMid meet\" aria-labelledby='av-svg-title-450' aria-describedby='av-svg-desc-450' role=\"graphics-symbol\" aria-hidden=\"true\">\n<title id='av-svg-title-450'>Voir les d\u00e9tails<\/title>\n<desc id='av-svg-desc-450'>Voir les d\u00e9tails<\/desc>\n<path d=\"M6.784 17.344v-2.88h8.96v2.88h-8.96zM19.2 1.6q1.344 0 2.272 0.928t0.928 2.272v22.4q0 1.28-0.928 2.24t-2.272 0.96h-16q-1.28 0-2.24-0.96t-0.96-2.24v-22.4q0-1.344 0.96-2.272t2.24-0.928h16zM19.2 27.2v-22.4h-16v22.4h16zM15.68 8.256v2.816h-8.96v-2.816h8.96zM15.68 20.8v2.816h-8.96v-2.816h8.96z\"><\/path>\n<\/svg><\/span>  Voir les d\u00e9tails<\/a> <span class=\"button-mini-delimiter\"><\/span><\/div><\/div><\/li>\n<li class=\"product type-product post-17155 status-publish instock product_cat-bis-chf-30 product_cat-muehlen-und-behaelter product_cat-swiss-made has-post-thumbnail taxable shipping-taxable purchasable product-type-simple\">\n\t<div class='inner_product main_color wrapped_style noLightbox  av-product-class-'><a href=\"https:\/\/www.raffinessen.ch\/fr\/produit\/schweizer-holzbrett\/\" class=\"woocommerce-LoopProduct-link woocommerce-loop-product__link\"><div class=\"thumbnail_container\"><img loading=\"lazy\" decoding=\"async\" width=\"500\" height=\"500\" src=\"https:\/\/www.raffinessen.ch\/webseite\/wp-content\/uploads\/2024\/03\/Holzbrett-dreifarbig-geoelt_220x150mm_vorne_1500x1500-500x500.jpg\" class=\"attachment-woocommerce_thumbnail avia-product-hover\" alt=\"\" srcset=\"https:\/\/www.raffinessen.ch\/webseite\/wp-content\/uploads\/2024\/03\/Holzbrett-dreifarbig-geoelt_220x150mm_vorne_1500x1500-500x500.jpg 500w, https:\/\/www.raffinessen.ch\/webseite\/wp-content\/uploads\/2024\/03\/Holzbrett-dreifarbig-geoelt_220x150mm_vorne_1500x1500-300x300.jpg 300w, https:\/\/www.raffinessen.ch\/webseite\/wp-content\/uploads\/2024\/03\/Holzbrett-dreifarbig-geoelt_220x150mm_vorne_1500x1500-1030x1030.jpg 1030w, https:\/\/www.raffinessen.ch\/webseite\/wp-content\/uploads\/2024\/03\/Holzbrett-dreifarbig-geoelt_220x150mm_vorne_1500x1500-80x80.jpg 80w, https:\/\/www.raffinessen.ch\/webseite\/wp-content\/uploads\/2024\/03\/Holzbrett-dreifarbig-geoelt_220x150mm_vorne_1500x1500-768x769.jpg 768w, https:\/\/www.raffinessen.ch\/webseite\/wp-content\/uploads\/2024\/03\/Holzbrett-dreifarbig-geoelt_220x150mm_vorne_1500x1500-12x12.jpg 12w, https:\/\/www.raffinessen.ch\/webseite\/wp-content\/uploads\/2024\/03\/Holzbrett-dreifarbig-geoelt_220x150mm_vorne_1500x1500-36x36.jpg 36w, https:\/\/www.raffinessen.ch\/webseite\/wp-content\/uploads\/2024\/03\/Holzbrett-dreifarbig-geoelt_220x150mm_vorne_1500x1500-180x180.jpg 180w, https:\/\/www.raffinessen.ch\/webseite\/wp-content\/uploads\/2024\/03\/Holzbrett-dreifarbig-geoelt_220x150mm_vorne_1500x1500-705x705.jpg 705w, https:\/\/www.raffinessen.ch\/webseite\/wp-content\/uploads\/2024\/03\/Holzbrett-dreifarbig-geoelt_220x150mm_vorne_1500x1500-120x120.jpg 120w, https:\/\/www.raffinessen.ch\/webseite\/wp-content\/uploads\/2024\/03\/Holzbrett-dreifarbig-geoelt_220x150mm_vorne_1500x1500-450x450.jpg 450w, https:\/\/www.raffinessen.ch\/webseite\/wp-content\/uploads\/2024\/03\/Holzbrett-dreifarbig-geoelt_220x150mm_vorne_1500x1500-1000x1001.jpg 1000w, https:\/\/www.raffinessen.ch\/webseite\/wp-content\/uploads\/2024\/03\/Holzbrett-dreifarbig-geoelt_220x150mm_vorne_1500x1500-100x100.jpg 100w, https:\/\/www.raffinessen.ch\/webseite\/wp-content\/uploads\/2024\/03\/Holzbrett-dreifarbig-geoelt_220x150mm_vorne_1500x1500.jpg 1500w\" sizes=\"auto, (max-width: 500px) 100vw, 500px\" \/><img decoding=\"async\" loading=\"lazy\" width=\"500\" height=\"500\" src=\"https:\/\/www.raffinessen.ch\/webseite\/wp-content\/uploads\/2024\/03\/Holzbrett-dreifarbig-geoelt_220x150mm_oben-Gravur_1500x1500-500x500.jpg\" class=\"wp-image-17158 avia-img-lazy-loading-17158 attachment-woocommerce_thumbnail size-woocommerce_thumbnail wp-post-image\" alt=\"\" srcset=\"https:\/\/www.raffinessen.ch\/webseite\/wp-content\/uploads\/2024\/03\/Holzbrett-dreifarbig-geoelt_220x150mm_oben-Gravur_1500x1500-500x500.jpg 500w, https:\/\/www.raffinessen.ch\/webseite\/wp-content\/uploads\/2024\/03\/Holzbrett-dreifarbig-geoelt_220x150mm_oben-Gravur_1500x1500-300x300.jpg 300w, https:\/\/www.raffinessen.ch\/webseite\/wp-content\/uploads\/2024\/03\/Holzbrett-dreifarbig-geoelt_220x150mm_oben-Gravur_1500x1500-1030x1030.jpg 1030w, https:\/\/www.raffinessen.ch\/webseite\/wp-content\/uploads\/2024\/03\/Holzbrett-dreifarbig-geoelt_220x150mm_oben-Gravur_1500x1500-80x80.jpg 80w, https:\/\/www.raffinessen.ch\/webseite\/wp-content\/uploads\/2024\/03\/Holzbrett-dreifarbig-geoelt_220x150mm_oben-Gravur_1500x1500-768x768.jpg 768w, https:\/\/www.raffinessen.ch\/webseite\/wp-content\/uploads\/2024\/03\/Holzbrett-dreifarbig-geoelt_220x150mm_oben-Gravur_1500x1500-12x12.jpg 12w, https:\/\/www.raffinessen.ch\/webseite\/wp-content\/uploads\/2024\/03\/Holzbrett-dreifarbig-geoelt_220x150mm_oben-Gravur_1500x1500-36x36.jpg 36w, https:\/\/www.raffinessen.ch\/webseite\/wp-content\/uploads\/2024\/03\/Holzbrett-dreifarbig-geoelt_220x150mm_oben-Gravur_1500x1500-180x180.jpg 180w, https:\/\/www.raffinessen.ch\/webseite\/wp-content\/uploads\/2024\/03\/Holzbrett-dreifarbig-geoelt_220x150mm_oben-Gravur_1500x1500-705x705.jpg 705w, https:\/\/www.raffinessen.ch\/webseite\/wp-content\/uploads\/2024\/03\/Holzbrett-dreifarbig-geoelt_220x150mm_oben-Gravur_1500x1500-120x120.jpg 120w, https:\/\/www.raffinessen.ch\/webseite\/wp-content\/uploads\/2024\/03\/Holzbrett-dreifarbig-geoelt_220x150mm_oben-Gravur_1500x1500-450x450.jpg 450w, https:\/\/www.raffinessen.ch\/webseite\/wp-content\/uploads\/2024\/03\/Holzbrett-dreifarbig-geoelt_220x150mm_oben-Gravur_1500x1500-1000x1000.jpg 1000w, https:\/\/www.raffinessen.ch\/webseite\/wp-content\/uploads\/2024\/03\/Holzbrett-dreifarbig-geoelt_220x150mm_oben-Gravur_1500x1500-100x100.jpg 100w, https:\/\/www.raffinessen.ch\/webseite\/wp-content\/uploads\/2024\/03\/Holzbrett-dreifarbig-geoelt_220x150mm_oben-Gravur_1500x1500.jpg 1500w\" sizes=\"auto, (max-width: 500px) 100vw, 500px\" \/><span class=\"cart-loading\"><\/span><\/div><div class='inner_product_header'><div class='avia-arrow'><\/div><div class='inner_product_header_table'><div class='inner_product_header_cell'><h2 class=\"woocommerce-loop-product__title\">Schweizer Schneidbrett<\/h2>\n\t<span class=\"price\"><span class=\"woocommerce-Price-amount amount\"><bdi><span class=\"woocommerce-Price-currencySymbol\">&#67;&#72;&#70;<\/span>&nbsp;22.00<\/bdi><\/span> <small class=\"woocommerce-price-suffix\">TVA incluse<\/small><\/span>\n<\/div><\/div><\/div><\/a><div class='avia_cart_buttons'><a href=\"\/fr\/wp-json\/wp\/v2\/pages\/9012?add-to-cart=17155\" aria-describedby=\"woocommerce_loop_add_to_cart_link_describedby_17155\" data-quantity=\"1\" class=\"button product_type_simple add_to_cart_button ajax_add_to_cart\" data-product_id=\"17155\" data-product_sku=\"PP-NF0015\" aria-label=\"Ajouter au panier\u00a0: \u201cSchweizer Schneidbrett\u201d\" rel=\"nofollow\" data-success_message=\"\u00ab\u00a0Schweizer Schneidbrett\u00a0\u00bb a \u00e9t\u00e9 ajout\u00e9 \u00e0 votre panier\" role=\"button\" data-no-translation-aria-label=\"\" data-no-translation-data-success_message=\"\"><span class=\"avia-svg-icon avia-font-svg_entypo-fontello\" data-av_svg_icon='basket' data-av_iconset='svg_entypo-fontello'><svg version=\"1.1\" xmlns=\"http:\/\/www.w3.org\/2000\/svg\" width=\"29\" height=\"32\" viewbox=\"0 0 29 32\" preserveaspectratio=\"xMidYMid meet\" aria-labelledby='av-svg-title-451' aria-describedby='av-svg-desc-451' role=\"graphics-symbol\" aria-hidden=\"true\">\n<title id='av-svg-title-451'>Ajouter au panier<\/title>\n<desc id='av-svg-desc-451'>Ajouter au panier<\/desc>\n<path d=\"M4.8 27.2q0-1.28 0.96-2.24t2.24-0.96q1.344 0 2.272 0.96t0.928 2.24q0 1.344-0.928 2.272t-2.272 0.928q-1.28 0-2.24-0.928t-0.96-2.272zM20.8 27.2q0-1.28 0.96-2.24t2.24-0.96q1.344 0 2.272 0.96t0.928 2.24q0 1.344-0.928 2.272t-2.272 0.928q-1.28 0-2.24-0.928t-0.96-2.272zM10.496 19.648q-1.152 0.32-1.088 0.736t1.408 0.416h17.984v2.432q0 0.64-0.64 0.64h-20.928q-0.64 0-0.64-0.64v-2.432l-0.32-1.472-3.136-14.528h-3.136v-2.56q0-0.64 0.64-0.64h4.992q0.64 0 0.64 0.64v2.752h22.528v8.768q0 0.704-0.576 0.832z\"><\/path>\n<\/svg><\/span>  Ajouter au panier<\/a>\t<span id=\"woocommerce_loop_add_to_cart_link_describedby_17155\" class=\"screen-reader-text\">\n\t\t\t<\/span>\n<a class=\"button show_details_button\" href=\"https:\/\/www.raffinessen.ch\/fr\/produit\/schweizer-holzbrett\/\"><span class=\"avia-svg-icon avia-font-svg_entypo-fontello\" data-av_svg_icon='doc-text' data-av_iconset='svg_entypo-fontello'><svg version=\"1.1\" xmlns=\"http:\/\/www.w3.org\/2000\/svg\" width=\"22\" height=\"32\" viewbox=\"0 0 22 32\" preserveaspectratio=\"xMidYMid meet\" aria-labelledby='av-svg-title-452' aria-describedby='av-svg-desc-452' role=\"graphics-symbol\" aria-hidden=\"true\">\n<title id='av-svg-title-452'>Voir les d\u00e9tails<\/title>\n<desc id='av-svg-desc-452'>Voir les d\u00e9tails<\/desc>\n<path d=\"M6.784 17.344v-2.88h8.96v2.88h-8.96zM19.2 1.6q1.344 0 2.272 0.928t0.928 2.272v22.4q0 1.28-0.928 2.24t-2.272 0.96h-16q-1.28 0-2.24-0.96t-0.96-2.24v-22.4q0-1.344 0.96-2.272t2.24-0.928h16zM19.2 27.2v-22.4h-16v22.4h16zM15.68 8.256v2.816h-8.96v-2.816h8.96zM15.68 20.8v2.816h-8.96v-2.816h8.96z\"><\/path>\n<\/svg><\/span>  Voir les d\u00e9tails<\/a> <span class=\"button-mini-delimiter\"><\/span><\/div><\/div><\/li>\n<li class=\"product type-product post-6462 status-publish instock product_cat-bis-chf-30 product_cat-geschenksets has-post-thumbnail taxable shipping-taxable purchasable product-type-simple\">\n\t<div class='inner_product main_color wrapped_style noLightbox  av-product-class-'><a href=\"https:\/\/www.raffinessen.ch\/fr\/produit\/set-burger-fries-salat\/\" class=\"woocommerce-LoopProduct-link woocommerce-loop-product__link\"><div class=\"thumbnail_container\"><img loading=\"lazy\" decoding=\"async\" width=\"500\" height=\"500\" src=\"https:\/\/www.raffinessen.ch\/webseite\/wp-content\/uploads\/2020\/06\/AdobeStock_226728092_quadratisch-500x500.jpg\" class=\"attachment-woocommerce_thumbnail avia-product-hover\" alt=\"\" srcset=\"https:\/\/www.raffinessen.ch\/webseite\/wp-content\/uploads\/2020\/06\/AdobeStock_226728092_quadratisch-500x500.jpg 500w, https:\/\/www.raffinessen.ch\/webseite\/wp-content\/uploads\/2020\/06\/AdobeStock_226728092_quadratisch-300x300.jpg 300w, https:\/\/www.raffinessen.ch\/webseite\/wp-content\/uploads\/2020\/06\/AdobeStock_226728092_quadratisch-1030x1030.jpg 1030w, https:\/\/www.raffinessen.ch\/webseite\/wp-content\/uploads\/2020\/06\/AdobeStock_226728092_quadratisch-80x80.jpg 80w, https:\/\/www.raffinessen.ch\/webseite\/wp-content\/uploads\/2020\/06\/AdobeStock_226728092_quadratisch-768x768.jpg 768w, https:\/\/www.raffinessen.ch\/webseite\/wp-content\/uploads\/2020\/06\/AdobeStock_226728092_quadratisch-36x36.jpg 36w, https:\/\/www.raffinessen.ch\/webseite\/wp-content\/uploads\/2020\/06\/AdobeStock_226728092_quadratisch-180x180.jpg 180w, https:\/\/www.raffinessen.ch\/webseite\/wp-content\/uploads\/2020\/06\/AdobeStock_226728092_quadratisch-705x705.jpg 705w, https:\/\/www.raffinessen.ch\/webseite\/wp-content\/uploads\/2020\/06\/AdobeStock_226728092_quadratisch-100x100.jpg 100w, https:\/\/www.raffinessen.ch\/webseite\/wp-content\/uploads\/2020\/06\/AdobeStock_226728092_quadratisch-1000x1000.jpg 1000w, https:\/\/www.raffinessen.ch\/webseite\/wp-content\/uploads\/2020\/06\/AdobeStock_226728092_quadratisch.jpg 1500w\" sizes=\"auto, (max-width: 500px) 100vw, 500px\" \/><img decoding=\"async\" loading=\"lazy\" width=\"500\" height=\"500\" src=\"https:\/\/www.raffinessen.ch\/webseite\/wp-content\/uploads\/2020\/06\/Burger-1500x1500-1-500x500.jpg\" class=\"wp-image-6464 avia-img-lazy-loading-6464 attachment-woocommerce_thumbnail size-woocommerce_thumbnail wp-post-image\" alt=\"\" srcset=\"https:\/\/www.raffinessen.ch\/webseite\/wp-content\/uploads\/2020\/06\/Burger-1500x1500-1-500x500.jpg 500w, https:\/\/www.raffinessen.ch\/webseite\/wp-content\/uploads\/2020\/06\/Burger-1500x1500-1-300x300.jpg 300w, https:\/\/www.raffinessen.ch\/webseite\/wp-content\/uploads\/2020\/06\/Burger-1500x1500-1-1030x1030.jpg 1030w, https:\/\/www.raffinessen.ch\/webseite\/wp-content\/uploads\/2020\/06\/Burger-1500x1500-1-80x80.jpg 80w, https:\/\/www.raffinessen.ch\/webseite\/wp-content\/uploads\/2020\/06\/Burger-1500x1500-1-768x768.jpg 768w, https:\/\/www.raffinessen.ch\/webseite\/wp-content\/uploads\/2020\/06\/Burger-1500x1500-1-36x36.jpg 36w, https:\/\/www.raffinessen.ch\/webseite\/wp-content\/uploads\/2020\/06\/Burger-1500x1500-1-180x180.jpg 180w, https:\/\/www.raffinessen.ch\/webseite\/wp-content\/uploads\/2020\/06\/Burger-1500x1500-1-705x705.jpg 705w, https:\/\/www.raffinessen.ch\/webseite\/wp-content\/uploads\/2020\/06\/Burger-1500x1500-1-100x100.jpg 100w, https:\/\/www.raffinessen.ch\/webseite\/wp-content\/uploads\/2020\/06\/Burger-1500x1500-1-1000x1000.jpg 1000w, https:\/\/www.raffinessen.ch\/webseite\/wp-content\/uploads\/2020\/06\/Burger-1500x1500-1.jpg 1500w\" sizes=\"auto, (max-width: 500px) 100vw, 500px\" \/><span class=\"cart-loading\"><\/span><\/div><div class='inner_product_header'><div class='avia-arrow'><\/div><div class='inner_product_header_table'><div class='inner_product_header_cell'><h2 class=\"woocommerce-loop-product__title\">SET - Burger, Fries &amp; Salade<\/h2>\n\t<span class=\"price\"><span class=\"woocommerce-Price-amount amount\"><bdi><span class=\"woocommerce-Price-currencySymbol\">&#67;&#72;&#70;<\/span>&nbsp;30.00<\/bdi><\/span> <small class=\"woocommerce-price-suffix\">TVA incluse<\/small><\/span>\n<\/div><\/div><\/div><\/a><div class='avia_cart_buttons'><a href=\"\/fr\/wp-json\/wp\/v2\/pages\/9012?add-to-cart=6462\" aria-describedby=\"woocommerce_loop_add_to_cart_link_describedby_6462\" data-quantity=\"1\" class=\"button product_type_simple add_to_cart_button ajax_add_to_cart\" data-product_id=\"6462\" data-product_sku=\"GSO-037\" aria-label=\"Ajouter au panier\u00a0: \u201cSET - Burger, Fries &amp; Salat\u201d\" rel=\"nofollow\" data-success_message=\"\u00ab\u00a0SET - Burger, Fries &amp; Salat\u00a0\u00bb a \u00e9t\u00e9 ajout\u00e9 \u00e0 votre panier\" role=\"button\" data-no-translation-aria-label=\"\" data-no-translation-data-success_message=\"\"><span class=\"avia-svg-icon avia-font-svg_entypo-fontello\" data-av_svg_icon='basket' data-av_iconset='svg_entypo-fontello'><svg version=\"1.1\" xmlns=\"http:\/\/www.w3.org\/2000\/svg\" width=\"29\" height=\"32\" viewbox=\"0 0 29 32\" preserveaspectratio=\"xMidYMid meet\" aria-labelledby='av-svg-title-453' aria-describedby='av-svg-desc-453' role=\"graphics-symbol\" aria-hidden=\"true\">\n<title id='av-svg-title-453'>Ajouter au panier<\/title>\n<desc id='av-svg-desc-453'>Ajouter au panier<\/desc>\n<path d=\"M4.8 27.2q0-1.28 0.96-2.24t2.24-0.96q1.344 0 2.272 0.96t0.928 2.24q0 1.344-0.928 2.272t-2.272 0.928q-1.28 0-2.24-0.928t-0.96-2.272zM20.8 27.2q0-1.28 0.96-2.24t2.24-0.96q1.344 0 2.272 0.96t0.928 2.24q0 1.344-0.928 2.272t-2.272 0.928q-1.28 0-2.24-0.928t-0.96-2.272zM10.496 19.648q-1.152 0.32-1.088 0.736t1.408 0.416h17.984v2.432q0 0.64-0.64 0.64h-20.928q-0.64 0-0.64-0.64v-2.432l-0.32-1.472-3.136-14.528h-3.136v-2.56q0-0.64 0.64-0.64h4.992q0.64 0 0.64 0.64v2.752h22.528v8.768q0 0.704-0.576 0.832z\"><\/path>\n<\/svg><\/span>  Ajouter au panier<\/a>\t<span id=\"woocommerce_loop_add_to_cart_link_describedby_6462\" class=\"screen-reader-text\">\n\t\t\t<\/span>\n<a class=\"button show_details_button\" href=\"https:\/\/www.raffinessen.ch\/fr\/produit\/set-burger-fries-salat\/\"><span class=\"avia-svg-icon avia-font-svg_entypo-fontello\" data-av_svg_icon='doc-text' data-av_iconset='svg_entypo-fontello'><svg version=\"1.1\" xmlns=\"http:\/\/www.w3.org\/2000\/svg\" width=\"22\" height=\"32\" viewbox=\"0 0 22 32\" preserveaspectratio=\"xMidYMid meet\" aria-labelledby='av-svg-title-454' aria-describedby='av-svg-desc-454' role=\"graphics-symbol\" aria-hidden=\"true\">\n<title id='av-svg-title-454'>Voir les d\u00e9tails<\/title>\n<desc id='av-svg-desc-454'>Voir les d\u00e9tails<\/desc>\n<path d=\"M6.784 17.344v-2.88h8.96v2.88h-8.96zM19.2 1.6q1.344 0 2.272 0.928t0.928 2.272v22.4q0 1.28-0.928 2.24t-2.272 0.96h-16q-1.28 0-2.24-0.96t-0.96-2.24v-22.4q0-1.344 0.96-2.272t2.24-0.928h16zM19.2 27.2v-22.4h-16v22.4h16zM15.68 8.256v2.816h-8.96v-2.816h8.96zM15.68 20.8v2.816h-8.96v-2.816h8.96z\"><\/path>\n<\/svg><\/span>  Voir les d\u00e9tails<\/a> <span class=\"button-mini-delimiter\"><\/span><\/div><\/div><\/li>\n<li class=\"product type-product post-8451 status-publish last instock product_cat-bis-chf-30 product_cat-geschenksets has-post-thumbnail taxable shipping-taxable purchasable product-type-simple\">\n\t<div class='inner_product main_color wrapped_style noLightbox  av-product-class-'><a href=\"https:\/\/www.raffinessen.ch\/fr\/produit\/wuerzige-fruechtchen\/\" class=\"woocommerce-LoopProduct-link woocommerce-loop-product__link\"><div class=\"thumbnail_container\"><img loading=\"lazy\" decoding=\"async\" width=\"500\" height=\"500\" src=\"https:\/\/www.raffinessen.ch\/webseite\/wp-content\/uploads\/2020\/03\/Zusatzinfos-500x500.jpg\" class=\"attachment-woocommerce_thumbnail avia-product-hover\" alt=\"\" srcset=\"https:\/\/www.raffinessen.ch\/webseite\/wp-content\/uploads\/2020\/03\/Zusatzinfos-500x500.jpg 500w, https:\/\/www.raffinessen.ch\/webseite\/wp-content\/uploads\/2020\/03\/Zusatzinfos-300x300.jpg 300w, https:\/\/www.raffinessen.ch\/webseite\/wp-content\/uploads\/2020\/03\/Zusatzinfos-1030x1030.jpg 1030w, https:\/\/www.raffinessen.ch\/webseite\/wp-content\/uploads\/2020\/03\/Zusatzinfos-80x80.jpg 80w, https:\/\/www.raffinessen.ch\/webseite\/wp-content\/uploads\/2020\/03\/Zusatzinfos-768x768.jpg 768w, https:\/\/www.raffinessen.ch\/webseite\/wp-content\/uploads\/2020\/03\/Zusatzinfos-1536x1536.jpg 1536w, https:\/\/www.raffinessen.ch\/webseite\/wp-content\/uploads\/2020\/03\/Zusatzinfos-2048x2048.jpg 2048w, https:\/\/www.raffinessen.ch\/webseite\/wp-content\/uploads\/2020\/03\/Zusatzinfos-36x36.jpg 36w, https:\/\/www.raffinessen.ch\/webseite\/wp-content\/uploads\/2020\/03\/Zusatzinfos-180x180.jpg 180w, https:\/\/www.raffinessen.ch\/webseite\/wp-content\/uploads\/2020\/03\/Zusatzinfos-1500x1500.jpg 1500w, https:\/\/www.raffinessen.ch\/webseite\/wp-content\/uploads\/2020\/03\/Zusatzinfos-705x705.jpg 705w, https:\/\/www.raffinessen.ch\/webseite\/wp-content\/uploads\/2020\/03\/Zusatzinfos-100x100.jpg 100w, https:\/\/www.raffinessen.ch\/webseite\/wp-content\/uploads\/2020\/03\/Zusatzinfos-1000x1000.jpg 1000w\" sizes=\"auto, (max-width: 500px) 100vw, 500px\" \/><img decoding=\"async\" loading=\"lazy\" width=\"500\" height=\"500\" src=\"https:\/\/www.raffinessen.ch\/webseite\/wp-content\/uploads\/2021\/05\/SET_Veracruz-Rio-Branco-Quebec-500x500.jpg\" class=\"wp-image-8452 avia-img-lazy-loading-8452 attachment-woocommerce_thumbnail size-woocommerce_thumbnail wp-post-image\" alt=\"\" srcset=\"https:\/\/www.raffinessen.ch\/webseite\/wp-content\/uploads\/2021\/05\/SET_Veracruz-Rio-Branco-Quebec-500x500.jpg 500w, https:\/\/www.raffinessen.ch\/webseite\/wp-content\/uploads\/2021\/05\/SET_Veracruz-Rio-Branco-Quebec-300x300.jpg 300w, https:\/\/www.raffinessen.ch\/webseite\/wp-content\/uploads\/2021\/05\/SET_Veracruz-Rio-Branco-Quebec-1030x1030.jpg 1030w, https:\/\/www.raffinessen.ch\/webseite\/wp-content\/uploads\/2021\/05\/SET_Veracruz-Rio-Branco-Quebec-80x80.jpg 80w, https:\/\/www.raffinessen.ch\/webseite\/wp-content\/uploads\/2021\/05\/SET_Veracruz-Rio-Branco-Quebec-768x768.jpg 768w, https:\/\/www.raffinessen.ch\/webseite\/wp-content\/uploads\/2021\/05\/SET_Veracruz-Rio-Branco-Quebec-36x36.jpg 36w, https:\/\/www.raffinessen.ch\/webseite\/wp-content\/uploads\/2021\/05\/SET_Veracruz-Rio-Branco-Quebec-180x180.jpg 180w, https:\/\/www.raffinessen.ch\/webseite\/wp-content\/uploads\/2021\/05\/SET_Veracruz-Rio-Branco-Quebec-705x705.jpg 705w, https:\/\/www.raffinessen.ch\/webseite\/wp-content\/uploads\/2021\/05\/SET_Veracruz-Rio-Branco-Quebec-100x100.jpg 100w, https:\/\/www.raffinessen.ch\/webseite\/wp-content\/uploads\/2021\/05\/SET_Veracruz-Rio-Branco-Quebec-1000x1000.jpg 1000w, https:\/\/www.raffinessen.ch\/webseite\/wp-content\/uploads\/2021\/05\/SET_Veracruz-Rio-Branco-Quebec.jpg 1500w\" sizes=\"auto, (max-width: 500px) 100vw, 500px\" \/><span class=\"cart-loading\"><\/span><\/div><div class='inner_product_header'><div class='avia-arrow'><\/div><div class='inner_product_header_table'><div class='inner_product_header_cell'><h2 class=\"woocommerce-loop-product__title\">SET - Fruits \u00e9pic\u00e9s<\/h2>\n\t<span class=\"price\"><span class=\"woocommerce-Price-amount amount\"><bdi><span class=\"woocommerce-Price-currencySymbol\">&#67;&#72;&#70;<\/span>&nbsp;26.00<\/bdi><\/span> <small class=\"woocommerce-price-suffix\">TVA incluse<\/small><\/span>\n<\/div><\/div><\/div><\/a><div class='avia_cart_buttons'><a href=\"\/fr\/wp-json\/wp\/v2\/pages\/9012?add-to-cart=8451\" aria-describedby=\"woocommerce_loop_add_to_cart_link_describedby_8451\" data-quantity=\"1\" class=\"button product_type_simple add_to_cart_button ajax_add_to_cart\" data-product_id=\"8451\" data-product_sku=\"GSO-044\" aria-label=\"Ajouter au panier\u00a0: \u201cSET - W\u00fcrzige Fr\u00fcchtchen\u201d\" rel=\"nofollow\" data-success_message=\"\u00ab\u00a0SET - W\u00fcrzige Fr\u00fcchtchen\u00a0\u00bb a \u00e9t\u00e9 ajout\u00e9 \u00e0 votre panier\" role=\"button\" data-no-translation-aria-label=\"\" data-no-translation-data-success_message=\"\"><span class=\"avia-svg-icon avia-font-svg_entypo-fontello\" data-av_svg_icon='basket' data-av_iconset='svg_entypo-fontello'><svg version=\"1.1\" xmlns=\"http:\/\/www.w3.org\/2000\/svg\" width=\"29\" height=\"32\" viewbox=\"0 0 29 32\" preserveaspectratio=\"xMidYMid meet\" aria-labelledby='av-svg-title-455' aria-describedby='av-svg-desc-455' role=\"graphics-symbol\" aria-hidden=\"true\">\n<title id='av-svg-title-455'>Ajouter au panier<\/title>\n<desc id='av-svg-desc-455'>Ajouter au panier<\/desc>\n<path d=\"M4.8 27.2q0-1.28 0.96-2.24t2.24-0.96q1.344 0 2.272 0.96t0.928 2.24q0 1.344-0.928 2.272t-2.272 0.928q-1.28 0-2.24-0.928t-0.96-2.272zM20.8 27.2q0-1.28 0.96-2.24t2.24-0.96q1.344 0 2.272 0.96t0.928 2.24q0 1.344-0.928 2.272t-2.272 0.928q-1.28 0-2.24-0.928t-0.96-2.272zM10.496 19.648q-1.152 0.32-1.088 0.736t1.408 0.416h17.984v2.432q0 0.64-0.64 0.64h-20.928q-0.64 0-0.64-0.64v-2.432l-0.32-1.472-3.136-14.528h-3.136v-2.56q0-0.64 0.64-0.64h4.992q0.64 0 0.64 0.64v2.752h22.528v8.768q0 0.704-0.576 0.832z\"><\/path>\n<\/svg><\/span>  Ajouter au panier<\/a>\t<span id=\"woocommerce_loop_add_to_cart_link_describedby_8451\" class=\"screen-reader-text\">\n\t\t\t<\/span>\n<a class=\"button show_details_button\" href=\"https:\/\/www.raffinessen.ch\/fr\/produit\/wuerzige-fruechtchen\/\"><span class=\"avia-svg-icon avia-font-svg_entypo-fontello\" data-av_svg_icon='doc-text' data-av_iconset='svg_entypo-fontello'><svg version=\"1.1\" xmlns=\"http:\/\/www.w3.org\/2000\/svg\" width=\"22\" height=\"32\" viewbox=\"0 0 22 32\" preserveaspectratio=\"xMidYMid meet\" aria-labelledby='av-svg-title-456' aria-describedby='av-svg-desc-456' role=\"graphics-symbol\" aria-hidden=\"true\">\n<title id='av-svg-title-456'>Voir les d\u00e9tails<\/title>\n<desc id='av-svg-desc-456'>Voir les d\u00e9tails<\/desc>\n<path d=\"M6.784 17.344v-2.88h8.96v2.88h-8.96zM19.2 1.6q1.344 0 2.272 0.928t0.928 2.272v22.4q0 1.28-0.928 2.24t-2.272 0.96h-16q-1.28 0-2.24-0.96t-0.96-2.24v-22.4q0-1.344 0.96-2.272t2.24-0.928h16zM19.2 27.2v-22.4h-16v22.4h16zM15.68 8.256v2.816h-8.96v-2.816h8.96zM15.68 20.8v2.816h-8.96v-2.816h8.96z\"><\/path>\n<\/svg><\/span>  Voir les d\u00e9tails<\/a> <span class=\"button-mini-delimiter\"><\/span><\/div><\/div><\/li>\n<li class=\"product type-product post-10074 status-publish first instock product_cat-bis-chf-30 product_cat-geschenksets has-post-thumbnail taxable shipping-taxable purchasable product-type-simple\">\n\t<div class='inner_product main_color wrapped_style noLightbox  av-product-class-'><a href=\"https:\/\/www.raffinessen.ch\/fr\/produit\/gutschein-25\/\" class=\"woocommerce-LoopProduct-link woocommerce-loop-product__link\"><div class=\"thumbnail_container\"><img loading=\"lazy\" decoding=\"async\" width=\"500\" height=\"500\" src=\"https:\/\/www.raffinessen.ch\/webseite\/wp-content\/uploads\/2017\/05\/Postkarte-500x500.jpg\" class=\"attachment-woocommerce_thumbnail avia-product-hover\" alt=\"\" srcset=\"https:\/\/www.raffinessen.ch\/webseite\/wp-content\/uploads\/2017\/05\/Postkarte-500x500.jpg 500w, https:\/\/www.raffinessen.ch\/webseite\/wp-content\/uploads\/2017\/05\/Postkarte-1000x1000.jpg 1000w, https:\/\/www.raffinessen.ch\/webseite\/wp-content\/uploads\/2017\/05\/Postkarte-100x100.jpg 100w, https:\/\/www.raffinessen.ch\/webseite\/wp-content\/uploads\/2017\/05\/Postkarte-80x80.jpg 80w, https:\/\/www.raffinessen.ch\/webseite\/wp-content\/uploads\/2017\/05\/Postkarte-300x300.jpg 300w, https:\/\/www.raffinessen.ch\/webseite\/wp-content\/uploads\/2017\/05\/Postkarte-768x768.jpg 768w, https:\/\/www.raffinessen.ch\/webseite\/wp-content\/uploads\/2017\/05\/Postkarte-1030x1030.jpg 1030w, https:\/\/www.raffinessen.ch\/webseite\/wp-content\/uploads\/2017\/05\/Postkarte-36x36.jpg 36w, https:\/\/www.raffinessen.ch\/webseite\/wp-content\/uploads\/2017\/05\/Postkarte-180x180.jpg 180w, https:\/\/www.raffinessen.ch\/webseite\/wp-content\/uploads\/2017\/05\/Postkarte-705x705.jpg 705w, https:\/\/www.raffinessen.ch\/webseite\/wp-content\/uploads\/2017\/05\/Postkarte.jpg 1200w\" sizes=\"auto, (max-width: 500px) 100vw, 500px\" \/><img decoding=\"async\" loading=\"lazy\" width=\"500\" height=\"500\" src=\"https:\/\/www.raffinessen.ch\/webseite\/wp-content\/uploads\/2021\/12\/Gutschein-25-500x500.jpg\" class=\"wp-image-10075 avia-img-lazy-loading-10075 attachment-woocommerce_thumbnail size-woocommerce_thumbnail wp-post-image\" alt=\"\" srcset=\"https:\/\/www.raffinessen.ch\/webseite\/wp-content\/uploads\/2021\/12\/Gutschein-25-500x500.jpg 500w, https:\/\/www.raffinessen.ch\/webseite\/wp-content\/uploads\/2021\/12\/Gutschein-25-300x300.jpg 300w, https:\/\/www.raffinessen.ch\/webseite\/wp-content\/uploads\/2021\/12\/Gutschein-25-1030x1030.jpg 1030w, https:\/\/www.raffinessen.ch\/webseite\/wp-content\/uploads\/2021\/12\/Gutschein-25-80x80.jpg 80w, https:\/\/www.raffinessen.ch\/webseite\/wp-content\/uploads\/2021\/12\/Gutschein-25-768x768.jpg 768w, https:\/\/www.raffinessen.ch\/webseite\/wp-content\/uploads\/2021\/12\/Gutschein-25-36x36.jpg 36w, https:\/\/www.raffinessen.ch\/webseite\/wp-content\/uploads\/2021\/12\/Gutschein-25-180x180.jpg 180w, https:\/\/www.raffinessen.ch\/webseite\/wp-content\/uploads\/2021\/12\/Gutschein-25-705x705.jpg 705w, https:\/\/www.raffinessen.ch\/webseite\/wp-content\/uploads\/2021\/12\/Gutschein-25-100x100.jpg 100w, https:\/\/www.raffinessen.ch\/webseite\/wp-content\/uploads\/2021\/12\/Gutschein-25-1000x1000.jpg 1000w, https:\/\/www.raffinessen.ch\/webseite\/wp-content\/uploads\/2021\/12\/Gutschein-25.jpg 1500w\" sizes=\"auto, (max-width: 500px) 100vw, 500px\" \/><span class=\"cart-loading\"><\/span><\/div><div class='inner_product_header'><div class='avia-arrow'><\/div><div class='inner_product_header_table'><div class='inner_product_header_cell'><h2 class=\"woocommerce-loop-product__title\">Bon d'achat 25<\/h2>\n\t<span class=\"price\"><span class=\"woocommerce-Price-amount amount\"><bdi><span class=\"woocommerce-Price-currencySymbol\">&#67;&#72;&#70;<\/span>&nbsp;25.00<\/bdi><\/span> <small class=\"woocommerce-price-suffix\">TVA incluse<\/small><\/span>\n<\/div><\/div><\/div><\/a><div class='avia_cart_buttons'><a href=\"\/fr\/wp-json\/wp\/v2\/pages\/9012?add-to-cart=10074\" aria-describedby=\"woocommerce_loop_add_to_cart_link_describedby_10074\" data-quantity=\"1\" class=\"button product_type_simple add_to_cart_button ajax_add_to_cart\" data-product_id=\"10074\" data-product_sku=\"GSO-047\" aria-label=\"Ajouter au panier\u00a0: \u201cGutschein 25\u201d\" rel=\"nofollow\" data-success_message=\"\u00ab\u00a0Gutschein 25\u00a0\u00bb a \u00e9t\u00e9 ajout\u00e9 \u00e0 votre panier\" role=\"button\" data-no-translation-aria-label=\"\" data-no-translation-data-success_message=\"\"><span class=\"avia-svg-icon avia-font-svg_entypo-fontello\" data-av_svg_icon='basket' data-av_iconset='svg_entypo-fontello'><svg version=\"1.1\" xmlns=\"http:\/\/www.w3.org\/2000\/svg\" width=\"29\" height=\"32\" viewbox=\"0 0 29 32\" preserveaspectratio=\"xMidYMid meet\" aria-labelledby='av-svg-title-457' aria-describedby='av-svg-desc-457' role=\"graphics-symbol\" aria-hidden=\"true\">\n<title id='av-svg-title-457'>Ajouter au panier<\/title>\n<desc id='av-svg-desc-457'>Ajouter au panier<\/desc>\n<path d=\"M4.8 27.2q0-1.28 0.96-2.24t2.24-0.96q1.344 0 2.272 0.96t0.928 2.24q0 1.344-0.928 2.272t-2.272 0.928q-1.28 0-2.24-0.928t-0.96-2.272zM20.8 27.2q0-1.28 0.96-2.24t2.24-0.96q1.344 0 2.272 0.96t0.928 2.24q0 1.344-0.928 2.272t-2.272 0.928q-1.28 0-2.24-0.928t-0.96-2.272zM10.496 19.648q-1.152 0.32-1.088 0.736t1.408 0.416h17.984v2.432q0 0.64-0.64 0.64h-20.928q-0.64 0-0.64-0.64v-2.432l-0.32-1.472-3.136-14.528h-3.136v-2.56q0-0.64 0.64-0.64h4.992q0.64 0 0.64 0.64v2.752h22.528v8.768q0 0.704-0.576 0.832z\"><\/path>\n<\/svg><\/span>  Ajouter au panier<\/a>\t<span id=\"woocommerce_loop_add_to_cart_link_describedby_10074\" class=\"screen-reader-text\">\n\t\t\t<\/span>\n<a class=\"button show_details_button\" href=\"https:\/\/www.raffinessen.ch\/fr\/produit\/gutschein-25\/\"><span class=\"avia-svg-icon avia-font-svg_entypo-fontello\" data-av_svg_icon='doc-text' data-av_iconset='svg_entypo-fontello'><svg version=\"1.1\" xmlns=\"http:\/\/www.w3.org\/2000\/svg\" width=\"22\" height=\"32\" viewbox=\"0 0 22 32\" preserveaspectratio=\"xMidYMid meet\" aria-labelledby='av-svg-title-458' aria-describedby='av-svg-desc-458' role=\"graphics-symbol\" aria-hidden=\"true\">\n<title id='av-svg-title-458'>Voir les d\u00e9tails<\/title>\n<desc id='av-svg-desc-458'>Voir les d\u00e9tails<\/desc>\n<path d=\"M6.784 17.344v-2.88h8.96v2.88h-8.96zM19.2 1.6q1.344 0 2.272 0.928t0.928 2.272v22.4q0 1.28-0.928 2.24t-2.272 0.96h-16q-1.28 0-2.24-0.96t-0.96-2.24v-22.4q0-1.344 0.96-2.272t2.24-0.928h16zM19.2 27.2v-22.4h-16v22.4h16zM15.68 8.256v2.816h-8.96v-2.816h8.96zM15.68 20.8v2.816h-8.96v-2.816h8.96z\"><\/path>\n<\/svg><\/span>  Voir les d\u00e9tails<\/a> <span class=\"button-mini-delimiter\"><\/span><\/div><\/div><\/li>\n<li class=\"product type-product post-8559 status-publish instock product_cat-bis-chf-30 product_cat-geschenksets has-post-thumbnail taxable shipping-taxable purchasable product-type-simple\">\n\t<div class='inner_product main_color wrapped_style noLightbox  av-product-class-'><a href=\"https:\/\/www.raffinessen.ch\/fr\/produit\/set-kraeuterbutter-dip-und-salatsauce\/\" class=\"woocommerce-LoopProduct-link woocommerce-loop-product__link\"><div class=\"thumbnail_container\"><img loading=\"lazy\" decoding=\"async\" width=\"500\" height=\"500\" src=\"https:\/\/www.raffinessen.ch\/webseite\/wp-content\/uploads\/2020\/03\/Zusatzinfos-500x500.jpg\" class=\"attachment-woocommerce_thumbnail avia-product-hover\" alt=\"\" srcset=\"https:\/\/www.raffinessen.ch\/webseite\/wp-content\/uploads\/2020\/03\/Zusatzinfos-500x500.jpg 500w, https:\/\/www.raffinessen.ch\/webseite\/wp-content\/uploads\/2020\/03\/Zusatzinfos-300x300.jpg 300w, https:\/\/www.raffinessen.ch\/webseite\/wp-content\/uploads\/2020\/03\/Zusatzinfos-1030x1030.jpg 1030w, https:\/\/www.raffinessen.ch\/webseite\/wp-content\/uploads\/2020\/03\/Zusatzinfos-80x80.jpg 80w, https:\/\/www.raffinessen.ch\/webseite\/wp-content\/uploads\/2020\/03\/Zusatzinfos-768x768.jpg 768w, https:\/\/www.raffinessen.ch\/webseite\/wp-content\/uploads\/2020\/03\/Zusatzinfos-1536x1536.jpg 1536w, https:\/\/www.raffinessen.ch\/webseite\/wp-content\/uploads\/2020\/03\/Zusatzinfos-2048x2048.jpg 2048w, https:\/\/www.raffinessen.ch\/webseite\/wp-content\/uploads\/2020\/03\/Zusatzinfos-36x36.jpg 36w, https:\/\/www.raffinessen.ch\/webseite\/wp-content\/uploads\/2020\/03\/Zusatzinfos-180x180.jpg 180w, https:\/\/www.raffinessen.ch\/webseite\/wp-content\/uploads\/2020\/03\/Zusatzinfos-1500x1500.jpg 1500w, https:\/\/www.raffinessen.ch\/webseite\/wp-content\/uploads\/2020\/03\/Zusatzinfos-705x705.jpg 705w, https:\/\/www.raffinessen.ch\/webseite\/wp-content\/uploads\/2020\/03\/Zusatzinfos-100x100.jpg 100w, https:\/\/www.raffinessen.ch\/webseite\/wp-content\/uploads\/2020\/03\/Zusatzinfos-1000x1000.jpg 1000w\" sizes=\"auto, (max-width: 500px) 100vw, 500px\" \/><img decoding=\"async\" loading=\"lazy\" width=\"500\" height=\"500\" src=\"https:\/\/www.raffinessen.ch\/webseite\/wp-content\/uploads\/2021\/06\/SET-Kraeuterbutter-Dip-und-Salatsauce-500x500.jpg\" class=\"wp-image-8560 avia-img-lazy-loading-8560 attachment-woocommerce_thumbnail size-woocommerce_thumbnail wp-post-image\" alt=\"\" srcset=\"https:\/\/www.raffinessen.ch\/webseite\/wp-content\/uploads\/2021\/06\/SET-Kraeuterbutter-Dip-und-Salatsauce-500x500.jpg 500w, https:\/\/www.raffinessen.ch\/webseite\/wp-content\/uploads\/2021\/06\/SET-Kraeuterbutter-Dip-und-Salatsauce-300x300.jpg 300w, https:\/\/www.raffinessen.ch\/webseite\/wp-content\/uploads\/2021\/06\/SET-Kraeuterbutter-Dip-und-Salatsauce-1030x1030.jpg 1030w, https:\/\/www.raffinessen.ch\/webseite\/wp-content\/uploads\/2021\/06\/SET-Kraeuterbutter-Dip-und-Salatsauce-80x80.jpg 80w, https:\/\/www.raffinessen.ch\/webseite\/wp-content\/uploads\/2021\/06\/SET-Kraeuterbutter-Dip-und-Salatsauce-768x768.jpg 768w, https:\/\/www.raffinessen.ch\/webseite\/wp-content\/uploads\/2021\/06\/SET-Kraeuterbutter-Dip-und-Salatsauce-36x36.jpg 36w, https:\/\/www.raffinessen.ch\/webseite\/wp-content\/uploads\/2021\/06\/SET-Kraeuterbutter-Dip-und-Salatsauce-180x180.jpg 180w, https:\/\/www.raffinessen.ch\/webseite\/wp-content\/uploads\/2021\/06\/SET-Kraeuterbutter-Dip-und-Salatsauce-705x705.jpg 705w, https:\/\/www.raffinessen.ch\/webseite\/wp-content\/uploads\/2021\/06\/SET-Kraeuterbutter-Dip-und-Salatsauce-100x100.jpg 100w, https:\/\/www.raffinessen.ch\/webseite\/wp-content\/uploads\/2021\/06\/SET-Kraeuterbutter-Dip-und-Salatsauce-1000x1000.jpg 1000w, https:\/\/www.raffinessen.ch\/webseite\/wp-content\/uploads\/2021\/06\/SET-Kraeuterbutter-Dip-und-Salatsauce.jpg 1500w\" sizes=\"auto, (max-width: 500px) 100vw, 500px\" \/><span class=\"cart-loading\"><\/span><\/div><div class='inner_product_header'><div class='avia-arrow'><\/div><div class='inner_product_header_table'><div class='inner_product_header_cell'><h2 class=\"woocommerce-loop-product__title\">SET - Beurre aux herbes, dip et sauce \u00e0 salade<\/h2>\n\t<span class=\"price\"><span class=\"woocommerce-Price-amount amount\"><bdi><span class=\"woocommerce-Price-currencySymbol\">&#67;&#72;&#70;<\/span>&nbsp;30.00<\/bdi><\/span> <small class=\"woocommerce-price-suffix\">TVA incluse<\/small><\/span>\n<\/div><\/div><\/div><\/a><div class='avia_cart_buttons'><a href=\"\/fr\/wp-json\/wp\/v2\/pages\/9012?add-to-cart=8559\" aria-describedby=\"woocommerce_loop_add_to_cart_link_describedby_8559\" data-quantity=\"1\" class=\"button product_type_simple add_to_cart_button ajax_add_to_cart\" data-product_id=\"8559\" data-product_sku=\"GSO-045\" aria-label=\"Ajouter au panier\u00a0: \u201cSET - Kr\u00e4uterbutter, Dip und Salatsauce\u201d\" rel=\"nofollow\" data-success_message=\"\u00ab\u00a0SET - Kr\u00e4uterbutter, Dip und Salatsauce\u00a0\u00bb a \u00e9t\u00e9 ajout\u00e9 \u00e0 votre panier\" role=\"button\" data-no-translation-aria-label=\"\" data-no-translation-data-success_message=\"\"><span class=\"avia-svg-icon avia-font-svg_entypo-fontello\" data-av_svg_icon='basket' data-av_iconset='svg_entypo-fontello'><svg version=\"1.1\" xmlns=\"http:\/\/www.w3.org\/2000\/svg\" width=\"29\" height=\"32\" viewbox=\"0 0 29 32\" preserveaspectratio=\"xMidYMid meet\" aria-labelledby='av-svg-title-459' aria-describedby='av-svg-desc-459' role=\"graphics-symbol\" aria-hidden=\"true\">\n<title id='av-svg-title-459'>Ajouter au panier<\/title>\n<desc id='av-svg-desc-459'>Ajouter au panier<\/desc>\n<path d=\"M4.8 27.2q0-1.28 0.96-2.24t2.24-0.96q1.344 0 2.272 0.96t0.928 2.24q0 1.344-0.928 2.272t-2.272 0.928q-1.28 0-2.24-0.928t-0.96-2.272zM20.8 27.2q0-1.28 0.96-2.24t2.24-0.96q1.344 0 2.272 0.96t0.928 2.24q0 1.344-0.928 2.272t-2.272 0.928q-1.28 0-2.24-0.928t-0.96-2.272zM10.496 19.648q-1.152 0.32-1.088 0.736t1.408 0.416h17.984v2.432q0 0.64-0.64 0.64h-20.928q-0.64 0-0.64-0.64v-2.432l-0.32-1.472-3.136-14.528h-3.136v-2.56q0-0.64 0.64-0.64h4.992q0.64 0 0.64 0.64v2.752h22.528v8.768q0 0.704-0.576 0.832z\"><\/path>\n<\/svg><\/span>  Ajouter au panier<\/a>\t<span id=\"woocommerce_loop_add_to_cart_link_describedby_8559\" class=\"screen-reader-text\">\n\t\t\t<\/span>\n<a class=\"button show_details_button\" href=\"https:\/\/www.raffinessen.ch\/fr\/produit\/set-kraeuterbutter-dip-und-salatsauce\/\"><span class=\"avia-svg-icon avia-font-svg_entypo-fontello\" data-av_svg_icon='doc-text' data-av_iconset='svg_entypo-fontello'><svg version=\"1.1\" xmlns=\"http:\/\/www.w3.org\/2000\/svg\" width=\"22\" height=\"32\" viewbox=\"0 0 22 32\" preserveaspectratio=\"xMidYMid meet\" aria-labelledby='av-svg-title-460' aria-describedby='av-svg-desc-460' role=\"graphics-symbol\" aria-hidden=\"true\">\n<title id='av-svg-title-460'>Voir les d\u00e9tails<\/title>\n<desc id='av-svg-desc-460'>Voir les d\u00e9tails<\/desc>\n<path d=\"M6.784 17.344v-2.88h8.96v2.88h-8.96zM19.2 1.6q1.344 0 2.272 0.928t0.928 2.272v22.4q0 1.28-0.928 2.24t-2.272 0.96h-16q-1.28 0-2.24-0.96t-0.96-2.24v-22.4q0-1.344 0.96-2.272t2.24-0.928h16zM19.2 27.2v-22.4h-16v22.4h16zM15.68 8.256v2.816h-8.96v-2.816h8.96zM15.68 20.8v2.816h-8.96v-2.816h8.96z\"><\/path>\n<\/svg><\/span>  Voir les d\u00e9tails<\/a> <span class=\"button-mini-delimiter\"><\/span><\/div><\/div><\/li>\n<li class=\"product type-product post-6694 status-publish instock product_cat-bis-chf-30 product_cat-geschenksets has-post-thumbnail taxable shipping-taxable purchasable product-type-simple\">\n\t<div class='inner_product main_color wrapped_style noLightbox  av-product-class-'><a href=\"https:\/\/www.raffinessen.ch\/fr\/produit\/geschmacksabenteuer\/\" class=\"woocommerce-LoopProduct-link woocommerce-loop-product__link\"><div class=\"thumbnail_container\"><img loading=\"lazy\" decoding=\"async\" width=\"500\" height=\"500\" src=\"https:\/\/www.raffinessen.ch\/webseite\/wp-content\/uploads\/2020\/03\/Zusatzinfos-500x500.jpg\" class=\"attachment-woocommerce_thumbnail avia-product-hover\" alt=\"\" srcset=\"https:\/\/www.raffinessen.ch\/webseite\/wp-content\/uploads\/2020\/03\/Zusatzinfos-500x500.jpg 500w, https:\/\/www.raffinessen.ch\/webseite\/wp-content\/uploads\/2020\/03\/Zusatzinfos-300x300.jpg 300w, https:\/\/www.raffinessen.ch\/webseite\/wp-content\/uploads\/2020\/03\/Zusatzinfos-1030x1030.jpg 1030w, https:\/\/www.raffinessen.ch\/webseite\/wp-content\/uploads\/2020\/03\/Zusatzinfos-80x80.jpg 80w, https:\/\/www.raffinessen.ch\/webseite\/wp-content\/uploads\/2020\/03\/Zusatzinfos-768x768.jpg 768w, https:\/\/www.raffinessen.ch\/webseite\/wp-content\/uploads\/2020\/03\/Zusatzinfos-1536x1536.jpg 1536w, https:\/\/www.raffinessen.ch\/webseite\/wp-content\/uploads\/2020\/03\/Zusatzinfos-2048x2048.jpg 2048w, https:\/\/www.raffinessen.ch\/webseite\/wp-content\/uploads\/2020\/03\/Zusatzinfos-36x36.jpg 36w, https:\/\/www.raffinessen.ch\/webseite\/wp-content\/uploads\/2020\/03\/Zusatzinfos-180x180.jpg 180w, https:\/\/www.raffinessen.ch\/webseite\/wp-content\/uploads\/2020\/03\/Zusatzinfos-1500x1500.jpg 1500w, https:\/\/www.raffinessen.ch\/webseite\/wp-content\/uploads\/2020\/03\/Zusatzinfos-705x705.jpg 705w, https:\/\/www.raffinessen.ch\/webseite\/wp-content\/uploads\/2020\/03\/Zusatzinfos-100x100.jpg 100w, https:\/\/www.raffinessen.ch\/webseite\/wp-content\/uploads\/2020\/03\/Zusatzinfos-1000x1000.jpg 1000w\" sizes=\"auto, (max-width: 500px) 100vw, 500px\" \/><img decoding=\"async\" loading=\"lazy\" width=\"500\" height=\"500\" src=\"https:\/\/www.raffinessen.ch\/webseite\/wp-content\/uploads\/2020\/08\/SET-5x-FP_Geschmacksabenteuer-500x500.jpg\" class=\"wp-image-6695 avia-img-lazy-loading-6695 attachment-woocommerce_thumbnail size-woocommerce_thumbnail wp-post-image\" alt=\"\" srcset=\"https:\/\/www.raffinessen.ch\/webseite\/wp-content\/uploads\/2020\/08\/SET-5x-FP_Geschmacksabenteuer-500x500.jpg 500w, https:\/\/www.raffinessen.ch\/webseite\/wp-content\/uploads\/2020\/08\/SET-5x-FP_Geschmacksabenteuer-300x300.jpg 300w, https:\/\/www.raffinessen.ch\/webseite\/wp-content\/uploads\/2020\/08\/SET-5x-FP_Geschmacksabenteuer-1030x1030.jpg 1030w, https:\/\/www.raffinessen.ch\/webseite\/wp-content\/uploads\/2020\/08\/SET-5x-FP_Geschmacksabenteuer-80x80.jpg 80w, https:\/\/www.raffinessen.ch\/webseite\/wp-content\/uploads\/2020\/08\/SET-5x-FP_Geschmacksabenteuer-768x768.jpg 768w, https:\/\/www.raffinessen.ch\/webseite\/wp-content\/uploads\/2020\/08\/SET-5x-FP_Geschmacksabenteuer-36x36.jpg 36w, https:\/\/www.raffinessen.ch\/webseite\/wp-content\/uploads\/2020\/08\/SET-5x-FP_Geschmacksabenteuer-180x180.jpg 180w, https:\/\/www.raffinessen.ch\/webseite\/wp-content\/uploads\/2020\/08\/SET-5x-FP_Geschmacksabenteuer-705x705.jpg 705w, https:\/\/www.raffinessen.ch\/webseite\/wp-content\/uploads\/2020\/08\/SET-5x-FP_Geschmacksabenteuer-100x100.jpg 100w, https:\/\/www.raffinessen.ch\/webseite\/wp-content\/uploads\/2020\/08\/SET-5x-FP_Geschmacksabenteuer-1000x1000.jpg 1000w, https:\/\/www.raffinessen.ch\/webseite\/wp-content\/uploads\/2020\/08\/SET-5x-FP_Geschmacksabenteuer.jpg 1500w\" sizes=\"auto, (max-width: 500px) 100vw, 500px\" \/><span class=\"cart-loading\"><\/span><\/div><div class='inner_product_header'><div class='avia-arrow'><\/div><div class='inner_product_header_table'><div class='inner_product_header_cell'><h2 class=\"woocommerce-loop-product__title\">SET - Aventure gustative<\/h2>\n\t<span class=\"price\"><span class=\"woocommerce-Price-amount amount\"><bdi><span class=\"woocommerce-Price-currencySymbol\">&#67;&#72;&#70;<\/span>&nbsp;30.00<\/bdi><\/span> <small class=\"woocommerce-price-suffix\">TVA incluse<\/small><\/span>\n<\/div><\/div><\/div><\/a><div class='avia_cart_buttons'><a href=\"\/fr\/wp-json\/wp\/v2\/pages\/9012?add-to-cart=6694\" aria-describedby=\"woocommerce_loop_add_to_cart_link_describedby_6694\" data-quantity=\"1\" class=\"button product_type_simple add_to_cart_button ajax_add_to_cart\" data-product_id=\"6694\" data-product_sku=\"GSO-039\" aria-label=\"Ajouter au panier\u00a0: \u201cSET - Geschmacksabenteuer\u201d\" rel=\"nofollow\" data-success_message=\"\u00ab\u00a0SET - Geschmacksabenteuer\u00a0\u00bb a \u00e9t\u00e9 ajout\u00e9 \u00e0 votre panier\" role=\"button\" data-no-translation-aria-label=\"\" data-no-translation-data-success_message=\"\"><span class=\"avia-svg-icon avia-font-svg_entypo-fontello\" data-av_svg_icon='basket' data-av_iconset='svg_entypo-fontello'><svg version=\"1.1\" xmlns=\"http:\/\/www.w3.org\/2000\/svg\" width=\"29\" height=\"32\" viewbox=\"0 0 29 32\" preserveaspectratio=\"xMidYMid meet\" aria-labelledby='av-svg-title-461' aria-describedby='av-svg-desc-461' role=\"graphics-symbol\" aria-hidden=\"true\">\n<title id='av-svg-title-461'>Ajouter au panier<\/title>\n<desc id='av-svg-desc-461'>Ajouter au panier<\/desc>\n<path d=\"M4.8 27.2q0-1.28 0.96-2.24t2.24-0.96q1.344 0 2.272 0.96t0.928 2.24q0 1.344-0.928 2.272t-2.272 0.928q-1.28 0-2.24-0.928t-0.96-2.272zM20.8 27.2q0-1.28 0.96-2.24t2.24-0.96q1.344 0 2.272 0.96t0.928 2.24q0 1.344-0.928 2.272t-2.272 0.928q-1.28 0-2.24-0.928t-0.96-2.272zM10.496 19.648q-1.152 0.32-1.088 0.736t1.408 0.416h17.984v2.432q0 0.64-0.64 0.64h-20.928q-0.64 0-0.64-0.64v-2.432l-0.32-1.472-3.136-14.528h-3.136v-2.56q0-0.64 0.64-0.64h4.992q0.64 0 0.64 0.64v2.752h22.528v8.768q0 0.704-0.576 0.832z\"><\/path>\n<\/svg><\/span>  Ajouter au panier<\/a>\t<span id=\"woocommerce_loop_add_to_cart_link_describedby_6694\" class=\"screen-reader-text\">\n\t\t\t<\/span>\n<a class=\"button show_details_button\" href=\"https:\/\/www.raffinessen.ch\/fr\/produit\/geschmacksabenteuer\/\"><span class=\"avia-svg-icon avia-font-svg_entypo-fontello\" data-av_svg_icon='doc-text' data-av_iconset='svg_entypo-fontello'><svg version=\"1.1\" xmlns=\"http:\/\/www.w3.org\/2000\/svg\" width=\"22\" height=\"32\" viewbox=\"0 0 22 32\" preserveaspectratio=\"xMidYMid meet\" aria-labelledby='av-svg-title-462' aria-describedby='av-svg-desc-462' role=\"graphics-symbol\" aria-hidden=\"true\">\n<title id='av-svg-title-462'>Voir les d\u00e9tails<\/title>\n<desc id='av-svg-desc-462'>Voir les d\u00e9tails<\/desc>\n<path d=\"M6.784 17.344v-2.88h8.96v2.88h-8.96zM19.2 1.6q1.344 0 2.272 0.928t0.928 2.272v22.4q0 1.28-0.928 2.24t-2.272 0.96h-16q-1.28 0-2.24-0.96t-0.96-2.24v-22.4q0-1.344 0.96-2.272t2.24-0.928h16zM19.2 27.2v-22.4h-16v22.4h16zM15.68 8.256v2.816h-8.96v-2.816h8.96zM15.68 20.8v2.816h-8.96v-2.816h8.96z\"><\/path>\n<\/svg><\/span>  Voir les d\u00e9tails<\/a> <span class=\"button-mini-delimiter\"><\/span><\/div><\/div><\/li>\n<li class=\"product type-product post-6851 status-publish last instock product_cat-bis-chf-30 product_cat-geschenksets has-post-thumbnail taxable shipping-taxable purchasable product-type-simple\">\n\t<div class='inner_product main_color wrapped_style noLightbox  av-product-class-'><a href=\"https:\/\/www.raffinessen.ch\/fr\/produit\/set-currys-chilis\/\" class=\"woocommerce-LoopProduct-link woocommerce-loop-product__link\"><div class=\"thumbnail_container\"><img loading=\"lazy\" decoding=\"async\" width=\"500\" height=\"500\" src=\"https:\/\/www.raffinessen.ch\/webseite\/wp-content\/uploads\/2020\/03\/Zusatzinfos-500x500.jpg\" class=\"attachment-woocommerce_thumbnail avia-product-hover\" alt=\"\" srcset=\"https:\/\/www.raffinessen.ch\/webseite\/wp-content\/uploads\/2020\/03\/Zusatzinfos-500x500.jpg 500w, https:\/\/www.raffinessen.ch\/webseite\/wp-content\/uploads\/2020\/03\/Zusatzinfos-300x300.jpg 300w, https:\/\/www.raffinessen.ch\/webseite\/wp-content\/uploads\/2020\/03\/Zusatzinfos-1030x1030.jpg 1030w, https:\/\/www.raffinessen.ch\/webseite\/wp-content\/uploads\/2020\/03\/Zusatzinfos-80x80.jpg 80w, https:\/\/www.raffinessen.ch\/webseite\/wp-content\/uploads\/2020\/03\/Zusatzinfos-768x768.jpg 768w, https:\/\/www.raffinessen.ch\/webseite\/wp-content\/uploads\/2020\/03\/Zusatzinfos-1536x1536.jpg 1536w, https:\/\/www.raffinessen.ch\/webseite\/wp-content\/uploads\/2020\/03\/Zusatzinfos-2048x2048.jpg 2048w, https:\/\/www.raffinessen.ch\/webseite\/wp-content\/uploads\/2020\/03\/Zusatzinfos-36x36.jpg 36w, https:\/\/www.raffinessen.ch\/webseite\/wp-content\/uploads\/2020\/03\/Zusatzinfos-180x180.jpg 180w, https:\/\/www.raffinessen.ch\/webseite\/wp-content\/uploads\/2020\/03\/Zusatzinfos-1500x1500.jpg 1500w, https:\/\/www.raffinessen.ch\/webseite\/wp-content\/uploads\/2020\/03\/Zusatzinfos-705x705.jpg 705w, https:\/\/www.raffinessen.ch\/webseite\/wp-content\/uploads\/2020\/03\/Zusatzinfos-100x100.jpg 100w, https:\/\/www.raffinessen.ch\/webseite\/wp-content\/uploads\/2020\/03\/Zusatzinfos-1000x1000.jpg 1000w\" sizes=\"auto, (max-width: 500px) 100vw, 500px\" \/><img decoding=\"async\" loading=\"lazy\" width=\"500\" height=\"500\" src=\"https:\/\/www.raffinessen.ch\/webseite\/wp-content\/uploads\/2020\/08\/SET_Curry-und-Chili_ohne-Habanero-500x500.jpg\" class=\"wp-image-17114 avia-img-lazy-loading-17114 attachment-woocommerce_thumbnail size-woocommerce_thumbnail wp-post-image\" alt=\"\" srcset=\"https:\/\/www.raffinessen.ch\/webseite\/wp-content\/uploads\/2020\/08\/SET_Curry-und-Chili_ohne-Habanero-500x500.jpg 500w, https:\/\/www.raffinessen.ch\/webseite\/wp-content\/uploads\/2020\/08\/SET_Curry-und-Chili_ohne-Habanero-300x300.jpg 300w, https:\/\/www.raffinessen.ch\/webseite\/wp-content\/uploads\/2020\/08\/SET_Curry-und-Chili_ohne-Habanero-1030x1030.jpg 1030w, https:\/\/www.raffinessen.ch\/webseite\/wp-content\/uploads\/2020\/08\/SET_Curry-und-Chili_ohne-Habanero-80x80.jpg 80w, https:\/\/www.raffinessen.ch\/webseite\/wp-content\/uploads\/2020\/08\/SET_Curry-und-Chili_ohne-Habanero-768x768.jpg 768w, https:\/\/www.raffinessen.ch\/webseite\/wp-content\/uploads\/2020\/08\/SET_Curry-und-Chili_ohne-Habanero-12x12.jpg 12w, https:\/\/www.raffinessen.ch\/webseite\/wp-content\/uploads\/2020\/08\/SET_Curry-und-Chili_ohne-Habanero-36x36.jpg 36w, https:\/\/www.raffinessen.ch\/webseite\/wp-content\/uploads\/2020\/08\/SET_Curry-und-Chili_ohne-Habanero-180x180.jpg 180w, https:\/\/www.raffinessen.ch\/webseite\/wp-content\/uploads\/2020\/08\/SET_Curry-und-Chili_ohne-Habanero-705x705.jpg 705w, https:\/\/www.raffinessen.ch\/webseite\/wp-content\/uploads\/2020\/08\/SET_Curry-und-Chili_ohne-Habanero-120x120.jpg 120w, https:\/\/www.raffinessen.ch\/webseite\/wp-content\/uploads\/2020\/08\/SET_Curry-und-Chili_ohne-Habanero-450x450.jpg 450w, https:\/\/www.raffinessen.ch\/webseite\/wp-content\/uploads\/2020\/08\/SET_Curry-und-Chili_ohne-Habanero-1000x1000.jpg 1000w, https:\/\/www.raffinessen.ch\/webseite\/wp-content\/uploads\/2020\/08\/SET_Curry-und-Chili_ohne-Habanero-100x100.jpg 100w, https:\/\/www.raffinessen.ch\/webseite\/wp-content\/uploads\/2020\/08\/SET_Curry-und-Chili_ohne-Habanero.jpg 1500w\" sizes=\"auto, (max-width: 500px) 100vw, 500px\" \/><span class=\"cart-loading\"><\/span><\/div><div class='inner_product_header'><div class='avia-arrow'><\/div><div class='inner_product_header_table'><div class='inner_product_header_cell'><h2 class=\"woocommerce-loop-product__title\">SET - Currys et chilis<\/h2>\n\t<span class=\"price\"><span class=\"woocommerce-Price-amount amount\"><bdi><span class=\"woocommerce-Price-currencySymbol\">&#67;&#72;&#70;<\/span>&nbsp;26.00<\/bdi><\/span> <small class=\"woocommerce-price-suffix\">TVA incluse<\/small><\/span>\n<\/div><\/div><\/div><\/a><div class='avia_cart_buttons'><a href=\"\/fr\/wp-json\/wp\/v2\/pages\/9012?add-to-cart=6851\" aria-describedby=\"woocommerce_loop_add_to_cart_link_describedby_6851\" data-quantity=\"1\" class=\"button product_type_simple add_to_cart_button ajax_add_to_cart\" data-product_id=\"6851\" data-product_sku=\"GSO-040\" aria-label=\"Ajouter au panier\u00a0: \u201cSET - Currys und Chilis\u201d\" rel=\"nofollow\" data-success_message=\"\u00ab\u00a0SET - Currys und Chilis\u00a0\u00bb a \u00e9t\u00e9 ajout\u00e9 \u00e0 votre panier\" role=\"button\" data-no-translation-aria-label=\"\" data-no-translation-data-success_message=\"\"><span class=\"avia-svg-icon avia-font-svg_entypo-fontello\" data-av_svg_icon='basket' data-av_iconset='svg_entypo-fontello'><svg version=\"1.1\" xmlns=\"http:\/\/www.w3.org\/2000\/svg\" width=\"29\" height=\"32\" viewbox=\"0 0 29 32\" preserveaspectratio=\"xMidYMid meet\" aria-labelledby='av-svg-title-463' aria-describedby='av-svg-desc-463' role=\"graphics-symbol\" aria-hidden=\"true\">\n<title id='av-svg-title-463'>Ajouter au panier<\/title>\n<desc id='av-svg-desc-463'>Ajouter au panier<\/desc>\n<path d=\"M4.8 27.2q0-1.28 0.96-2.24t2.24-0.96q1.344 0 2.272 0.96t0.928 2.24q0 1.344-0.928 2.272t-2.272 0.928q-1.28 0-2.24-0.928t-0.96-2.272zM20.8 27.2q0-1.28 0.96-2.24t2.24-0.96q1.344 0 2.272 0.96t0.928 2.24q0 1.344-0.928 2.272t-2.272 0.928q-1.28 0-2.24-0.928t-0.96-2.272zM10.496 19.648q-1.152 0.32-1.088 0.736t1.408 0.416h17.984v2.432q0 0.64-0.64 0.64h-20.928q-0.64 0-0.64-0.64v-2.432l-0.32-1.472-3.136-14.528h-3.136v-2.56q0-0.64 0.64-0.64h4.992q0.64 0 0.64 0.64v2.752h22.528v8.768q0 0.704-0.576 0.832z\"><\/path>\n<\/svg><\/span>  Ajouter au panier<\/a>\t<span id=\"woocommerce_loop_add_to_cart_link_describedby_6851\" class=\"screen-reader-text\">\n\t\t\t<\/span>\n<a class=\"button show_details_button\" href=\"https:\/\/www.raffinessen.ch\/fr\/produit\/set-currys-chilis\/\"><span class=\"avia-svg-icon avia-font-svg_entypo-fontello\" data-av_svg_icon='doc-text' data-av_iconset='svg_entypo-fontello'><svg version=\"1.1\" xmlns=\"http:\/\/www.w3.org\/2000\/svg\" width=\"22\" height=\"32\" viewbox=\"0 0 22 32\" preserveaspectratio=\"xMidYMid meet\" aria-labelledby='av-svg-title-464' aria-describedby='av-svg-desc-464' role=\"graphics-symbol\" aria-hidden=\"true\">\n<title id='av-svg-title-464'>Voir les d\u00e9tails<\/title>\n<desc id='av-svg-desc-464'>Voir les d\u00e9tails<\/desc>\n<path d=\"M6.784 17.344v-2.88h8.96v2.88h-8.96zM19.2 1.6q1.344 0 2.272 0.928t0.928 2.272v22.4q0 1.28-0.928 2.24t-2.272 0.96h-16q-1.28 0-2.24-0.96t-0.96-2.24v-22.4q0-1.344 0.96-2.272t2.24-0.928h16zM19.2 27.2v-22.4h-16v22.4h16zM15.68 8.256v2.816h-8.96v-2.816h8.96zM15.68 20.8v2.816h-8.96v-2.816h8.96z\"><\/path>\n<\/svg><\/span>  Voir les d\u00e9tails<\/a> <span class=\"button-mini-delimiter\"><\/span><\/div><\/div><\/li>\n<li class=\"product type-product post-19547 status-publish first instock product_cat-bis-chf-30 product_cat-geschenksets product_cat-neu product_cat-tee-mischungen has-post-thumbnail taxable shipping-taxable purchasable product-type-simple\">\n\t<div class='inner_product main_color wrapped_style noLightbox  av-product-class-'><a href=\"https:\/\/www.raffinessen.ch\/fr\/produit\/tee-dauerfilter\/\" class=\"woocommerce-LoopProduct-link woocommerce-loop-product__link\"><div class=\"thumbnail_container\"><img loading=\"lazy\" decoding=\"async\" width=\"500\" height=\"500\" src=\"https:\/\/www.raffinessen.ch\/webseite\/wp-content\/uploads\/2025\/05\/Dauerfilter-M_Deckel-Seite-500x500.jpg\" class=\"attachment-woocommerce_thumbnail avia-product-hover\" alt=\"\" srcset=\"https:\/\/www.raffinessen.ch\/webseite\/wp-content\/uploads\/2025\/05\/Dauerfilter-M_Deckel-Seite-500x500.jpg 500w, https:\/\/www.raffinessen.ch\/webseite\/wp-content\/uploads\/2025\/05\/Dauerfilter-M_Deckel-Seite-300x300.jpg 300w, https:\/\/www.raffinessen.ch\/webseite\/wp-content\/uploads\/2025\/05\/Dauerfilter-M_Deckel-Seite-80x80.jpg 80w, https:\/\/www.raffinessen.ch\/webseite\/wp-content\/uploads\/2025\/05\/Dauerfilter-M_Deckel-Seite-768x768.jpg 768w, https:\/\/www.raffinessen.ch\/webseite\/wp-content\/uploads\/2025\/05\/Dauerfilter-M_Deckel-Seite-12x12.jpg 12w, https:\/\/www.raffinessen.ch\/webseite\/wp-content\/uploads\/2025\/05\/Dauerfilter-M_Deckel-Seite-36x36.jpg 36w, https:\/\/www.raffinessen.ch\/webseite\/wp-content\/uploads\/2025\/05\/Dauerfilter-M_Deckel-Seite-180x180.jpg 180w, https:\/\/www.raffinessen.ch\/webseite\/wp-content\/uploads\/2025\/05\/Dauerfilter-M_Deckel-Seite-705x705.jpg 705w, https:\/\/www.raffinessen.ch\/webseite\/wp-content\/uploads\/2025\/05\/Dauerfilter-M_Deckel-Seite-120x120.jpg 120w, https:\/\/www.raffinessen.ch\/webseite\/wp-content\/uploads\/2025\/05\/Dauerfilter-M_Deckel-Seite-450x450.jpg 450w, https:\/\/www.raffinessen.ch\/webseite\/wp-content\/uploads\/2025\/05\/Dauerfilter-M_Deckel-Seite-1000x1000.jpg 1000w, https:\/\/www.raffinessen.ch\/webseite\/wp-content\/uploads\/2025\/05\/Dauerfilter-M_Deckel-Seite-100x100.jpg 100w, https:\/\/www.raffinessen.ch\/webseite\/wp-content\/uploads\/2025\/05\/Dauerfilter-M_Deckel-Seite.jpg 1024w\" sizes=\"auto, (max-width: 500px) 100vw, 500px\" \/><img decoding=\"async\" loading=\"lazy\" width=\"500\" height=\"500\" src=\"https:\/\/www.raffinessen.ch\/webseite\/wp-content\/uploads\/2025\/05\/Dauerfilter-M_Deckel-zu-500x500.jpg\" class=\"wp-image-19548 avia-img-lazy-loading-19548 attachment-woocommerce_thumbnail size-woocommerce_thumbnail wp-post-image\" alt=\"\" srcset=\"https:\/\/www.raffinessen.ch\/webseite\/wp-content\/uploads\/2025\/05\/Dauerfilter-M_Deckel-zu-500x500.jpg 500w, https:\/\/www.raffinessen.ch\/webseite\/wp-content\/uploads\/2025\/05\/Dauerfilter-M_Deckel-zu-300x300.jpg 300w, https:\/\/www.raffinessen.ch\/webseite\/wp-content\/uploads\/2025\/05\/Dauerfilter-M_Deckel-zu-80x80.jpg 80w, https:\/\/www.raffinessen.ch\/webseite\/wp-content\/uploads\/2025\/05\/Dauerfilter-M_Deckel-zu-768x768.jpg 768w, https:\/\/www.raffinessen.ch\/webseite\/wp-content\/uploads\/2025\/05\/Dauerfilter-M_Deckel-zu-12x12.jpg 12w, https:\/\/www.raffinessen.ch\/webseite\/wp-content\/uploads\/2025\/05\/Dauerfilter-M_Deckel-zu-36x36.jpg 36w, https:\/\/www.raffinessen.ch\/webseite\/wp-content\/uploads\/2025\/05\/Dauerfilter-M_Deckel-zu-180x180.jpg 180w, https:\/\/www.raffinessen.ch\/webseite\/wp-content\/uploads\/2025\/05\/Dauerfilter-M_Deckel-zu-705x705.jpg 705w, https:\/\/www.raffinessen.ch\/webseite\/wp-content\/uploads\/2025\/05\/Dauerfilter-M_Deckel-zu-120x120.jpg 120w, https:\/\/www.raffinessen.ch\/webseite\/wp-content\/uploads\/2025\/05\/Dauerfilter-M_Deckel-zu-450x450.jpg 450w, https:\/\/www.raffinessen.ch\/webseite\/wp-content\/uploads\/2025\/05\/Dauerfilter-M_Deckel-zu-1000x1000.jpg 1000w, https:\/\/www.raffinessen.ch\/webseite\/wp-content\/uploads\/2025\/05\/Dauerfilter-M_Deckel-zu-100x100.jpg 100w, https:\/\/www.raffinessen.ch\/webseite\/wp-content\/uploads\/2025\/05\/Dauerfilter-M_Deckel-zu.jpg 1024w\" sizes=\"auto, (max-width: 500px) 100vw, 500px\" \/><span class=\"cart-loading\"><\/span><\/div><div class='inner_product_header'><div class='avia-arrow'><\/div><div class='inner_product_header_table'><div class='inner_product_header_cell'><h2 class=\"woocommerce-loop-product__title\">Tee &#8211; Dauerfilter<\/h2>\n\t<span class=\"price\"><span class=\"woocommerce-Price-amount amount\"><bdi><span class=\"woocommerce-Price-currencySymbol\">&#67;&#72;&#70;<\/span>&nbsp;7.00<\/bdi><\/span> <small class=\"woocommerce-price-suffix\">TVA incluse<\/small><\/span>\n<\/div><\/div><\/div><\/a><div class='avia_cart_buttons'><a href=\"\/fr\/wp-json\/wp\/v2\/pages\/9012?add-to-cart=19547\" aria-describedby=\"woocommerce_loop_add_to_cart_link_describedby_19547\" data-quantity=\"1\" class=\"button product_type_simple add_to_cart_button ajax_add_to_cart\" data-product_id=\"19547\" data-product_sku=\"PP-NF0014\" aria-label=\"Ajouter au panier\u00a0: \u201cTee - Dauerfilter\u201d\" rel=\"nofollow\" data-success_message=\"\u00ab\u00a0Tee - Dauerfilter\u00a0\u00bb a \u00e9t\u00e9 ajout\u00e9 \u00e0 votre panier\" role=\"button\" data-no-translation-aria-label=\"\" data-no-translation-data-success_message=\"\"><span class=\"avia-svg-icon avia-font-svg_entypo-fontello\" data-av_svg_icon='basket' data-av_iconset='svg_entypo-fontello'><svg version=\"1.1\" xmlns=\"http:\/\/www.w3.org\/2000\/svg\" width=\"29\" height=\"32\" viewbox=\"0 0 29 32\" preserveaspectratio=\"xMidYMid meet\" aria-labelledby='av-svg-title-465' aria-describedby='av-svg-desc-465' role=\"graphics-symbol\" aria-hidden=\"true\">\n<title id='av-svg-title-465'>Ajouter au panier<\/title>\n<desc id='av-svg-desc-465'>Ajouter au panier<\/desc>\n<path d=\"M4.8 27.2q0-1.28 0.96-2.24t2.24-0.96q1.344 0 2.272 0.96t0.928 2.24q0 1.344-0.928 2.272t-2.272 0.928q-1.28 0-2.24-0.928t-0.96-2.272zM20.8 27.2q0-1.28 0.96-2.24t2.24-0.96q1.344 0 2.272 0.96t0.928 2.24q0 1.344-0.928 2.272t-2.272 0.928q-1.28 0-2.24-0.928t-0.96-2.272zM10.496 19.648q-1.152 0.32-1.088 0.736t1.408 0.416h17.984v2.432q0 0.64-0.64 0.64h-20.928q-0.64 0-0.64-0.64v-2.432l-0.32-1.472-3.136-14.528h-3.136v-2.56q0-0.64 0.64-0.64h4.992q0.64 0 0.64 0.64v2.752h22.528v8.768q0 0.704-0.576 0.832z\"><\/path>\n<\/svg><\/span>  Ajouter au panier<\/a>\t<span id=\"woocommerce_loop_add_to_cart_link_describedby_19547\" class=\"screen-reader-text\">\n\t\t\t<\/span>\n<a class=\"button show_details_button\" href=\"https:\/\/www.raffinessen.ch\/fr\/produit\/tee-dauerfilter\/\"><span class=\"avia-svg-icon avia-font-svg_entypo-fontello\" data-av_svg_icon='doc-text' data-av_iconset='svg_entypo-fontello'><svg version=\"1.1\" xmlns=\"http:\/\/www.w3.org\/2000\/svg\" width=\"22\" height=\"32\" viewbox=\"0 0 22 32\" preserveaspectratio=\"xMidYMid meet\" aria-labelledby='av-svg-title-466' aria-describedby='av-svg-desc-466' role=\"graphics-symbol\" aria-hidden=\"true\">\n<title id='av-svg-title-466'>Voir les d\u00e9tails<\/title>\n<desc id='av-svg-desc-466'>Voir les d\u00e9tails<\/desc>\n<path d=\"M6.784 17.344v-2.88h8.96v2.88h-8.96zM19.2 1.6q1.344 0 2.272 0.928t0.928 2.272v22.4q0 1.28-0.928 2.24t-2.272 0.96h-16q-1.28 0-2.24-0.96t-0.96-2.24v-22.4q0-1.344 0.96-2.272t2.24-0.928h16zM19.2 27.2v-22.4h-16v22.4h16zM15.68 8.256v2.816h-8.96v-2.816h8.96zM15.68 20.8v2.816h-8.96v-2.816h8.96z\"><\/path>\n<\/svg><\/span>  Voir les d\u00e9tails<\/a> <span class=\"button-mini-delimiter\"><\/span><\/div><\/div><\/li>\n<li class=\"product type-product post-13976 status-publish instock product_cat-bis-chf-30 product_cat-geschenksets has-post-thumbnail taxable shipping-taxable purchasable product-type-simple\">\n\t<div class='inner_product main_color wrapped_style noLightbox  av-product-class-'><a href=\"https:\/\/www.raffinessen.ch\/fr\/produit\/set-goldene-milch\/\" class=\"woocommerce-LoopProduct-link woocommerce-loop-product__link\"><div class=\"thumbnail_container\"><img loading=\"lazy\" decoding=\"async\" width=\"500\" height=\"500\" src=\"https:\/\/www.raffinessen.ch\/webseite\/wp-content\/uploads\/2022\/11\/SET_Goldene-Milch-2-500x500.jpg\" class=\"attachment-woocommerce_thumbnail avia-product-hover\" alt=\"\" srcset=\"https:\/\/www.raffinessen.ch\/webseite\/wp-content\/uploads\/2022\/11\/SET_Goldene-Milch-2-500x500.jpg 500w, https:\/\/www.raffinessen.ch\/webseite\/wp-content\/uploads\/2022\/11\/SET_Goldene-Milch-2-300x300.jpg 300w, https:\/\/www.raffinessen.ch\/webseite\/wp-content\/uploads\/2022\/11\/SET_Goldene-Milch-2-1030x1030.jpg 1030w, https:\/\/www.raffinessen.ch\/webseite\/wp-content\/uploads\/2022\/11\/SET_Goldene-Milch-2-80x80.jpg 80w, https:\/\/www.raffinessen.ch\/webseite\/wp-content\/uploads\/2022\/11\/SET_Goldene-Milch-2-768x768.jpg 768w, https:\/\/www.raffinessen.ch\/webseite\/wp-content\/uploads\/2022\/11\/SET_Goldene-Milch-2-36x36.jpg 36w, https:\/\/www.raffinessen.ch\/webseite\/wp-content\/uploads\/2022\/11\/SET_Goldene-Milch-2-180x180.jpg 180w, https:\/\/www.raffinessen.ch\/webseite\/wp-content\/uploads\/2022\/11\/SET_Goldene-Milch-2-705x705.jpg 705w, https:\/\/www.raffinessen.ch\/webseite\/wp-content\/uploads\/2022\/11\/SET_Goldene-Milch-2-120x120.jpg 120w, https:\/\/www.raffinessen.ch\/webseite\/wp-content\/uploads\/2022\/11\/SET_Goldene-Milch-2-450x450.jpg 450w, https:\/\/www.raffinessen.ch\/webseite\/wp-content\/uploads\/2022\/11\/SET_Goldene-Milch-2-1000x1000.jpg 1000w, https:\/\/www.raffinessen.ch\/webseite\/wp-content\/uploads\/2022\/11\/SET_Goldene-Milch-2-100x100.jpg 100w, https:\/\/www.raffinessen.ch\/webseite\/wp-content\/uploads\/2022\/11\/SET_Goldene-Milch-2.jpg 1500w\" sizes=\"auto, (max-width: 500px) 100vw, 500px\" \/><img decoding=\"async\" loading=\"lazy\" width=\"500\" height=\"500\" src=\"https:\/\/www.raffinessen.ch\/webseite\/wp-content\/uploads\/2022\/11\/SET_Goldene-Milch-500x500.jpg\" class=\"wp-image-13979 avia-img-lazy-loading-13979 attachment-woocommerce_thumbnail size-woocommerce_thumbnail wp-post-image\" alt=\"\" srcset=\"https:\/\/www.raffinessen.ch\/webseite\/wp-content\/uploads\/2022\/11\/SET_Goldene-Milch-500x500.jpg 500w, https:\/\/www.raffinessen.ch\/webseite\/wp-content\/uploads\/2022\/11\/SET_Goldene-Milch-300x300.jpg 300w, https:\/\/www.raffinessen.ch\/webseite\/wp-content\/uploads\/2022\/11\/SET_Goldene-Milch-1030x1030.jpg 1030w, https:\/\/www.raffinessen.ch\/webseite\/wp-content\/uploads\/2022\/11\/SET_Goldene-Milch-80x80.jpg 80w, https:\/\/www.raffinessen.ch\/webseite\/wp-content\/uploads\/2022\/11\/SET_Goldene-Milch-768x768.jpg 768w, https:\/\/www.raffinessen.ch\/webseite\/wp-content\/uploads\/2022\/11\/SET_Goldene-Milch-36x36.jpg 36w, https:\/\/www.raffinessen.ch\/webseite\/wp-content\/uploads\/2022\/11\/SET_Goldene-Milch-180x180.jpg 180w, https:\/\/www.raffinessen.ch\/webseite\/wp-content\/uploads\/2022\/11\/SET_Goldene-Milch-705x705.jpg 705w, https:\/\/www.raffinessen.ch\/webseite\/wp-content\/uploads\/2022\/11\/SET_Goldene-Milch-120x120.jpg 120w, https:\/\/www.raffinessen.ch\/webseite\/wp-content\/uploads\/2022\/11\/SET_Goldene-Milch-450x450.jpg 450w, https:\/\/www.raffinessen.ch\/webseite\/wp-content\/uploads\/2022\/11\/SET_Goldene-Milch-1000x1000.jpg 1000w, https:\/\/www.raffinessen.ch\/webseite\/wp-content\/uploads\/2022\/11\/SET_Goldene-Milch-100x100.jpg 100w, https:\/\/www.raffinessen.ch\/webseite\/wp-content\/uploads\/2022\/11\/SET_Goldene-Milch.jpg 1500w\" sizes=\"auto, (max-width: 500px) 100vw, 500px\" \/><span class=\"cart-loading\"><\/span><\/div><div class='inner_product_header'><div class='avia-arrow'><\/div><div class='inner_product_header_table'><div class='inner_product_header_cell'><h2 class=\"woocommerce-loop-product__title\">SET - Lait d'or<\/h2>\n\t<span class=\"price\"><span class=\"woocommerce-Price-amount amount\"><bdi><span class=\"woocommerce-Price-currencySymbol\">&#67;&#72;&#70;<\/span>&nbsp;10.00<\/bdi><\/span> <small class=\"woocommerce-price-suffix\">TVA incluse<\/small><\/span>\n<\/div><\/div><\/div><\/a><div class='avia_cart_buttons'><a href=\"\/fr\/wp-json\/wp\/v2\/pages\/9012?add-to-cart=13976\" aria-describedby=\"woocommerce_loop_add_to_cart_link_describedby_13976\" data-quantity=\"1\" class=\"button product_type_simple add_to_cart_button ajax_add_to_cart\" data-product_id=\"13976\" data-product_sku=\"GSO-052\" aria-label=\"Ajouter au panier\u00a0: \u201cSET - Goldene Milch\u201d\" rel=\"nofollow\" data-success_message=\"\u00ab\u00a0SET - Goldene Milch\u00a0\u00bb a \u00e9t\u00e9 ajout\u00e9 \u00e0 votre panier\" role=\"button\" data-no-translation-aria-label=\"\" data-no-translation-data-success_message=\"\"><span class=\"avia-svg-icon avia-font-svg_entypo-fontello\" data-av_svg_icon='basket' data-av_iconset='svg_entypo-fontello'><svg version=\"1.1\" xmlns=\"http:\/\/www.w3.org\/2000\/svg\" width=\"29\" height=\"32\" viewbox=\"0 0 29 32\" preserveaspectratio=\"xMidYMid meet\" aria-labelledby='av-svg-title-467' aria-describedby='av-svg-desc-467' role=\"graphics-symbol\" aria-hidden=\"true\">\n<title id='av-svg-title-467'>Ajouter au panier<\/title>\n<desc id='av-svg-desc-467'>Ajouter au panier<\/desc>\n<path d=\"M4.8 27.2q0-1.28 0.96-2.24t2.24-0.96q1.344 0 2.272 0.96t0.928 2.24q0 1.344-0.928 2.272t-2.272 0.928q-1.28 0-2.24-0.928t-0.96-2.272zM20.8 27.2q0-1.28 0.96-2.24t2.24-0.96q1.344 0 2.272 0.96t0.928 2.24q0 1.344-0.928 2.272t-2.272 0.928q-1.28 0-2.24-0.928t-0.96-2.272zM10.496 19.648q-1.152 0.32-1.088 0.736t1.408 0.416h17.984v2.432q0 0.64-0.64 0.64h-20.928q-0.64 0-0.64-0.64v-2.432l-0.32-1.472-3.136-14.528h-3.136v-2.56q0-0.64 0.64-0.64h4.992q0.64 0 0.64 0.64v2.752h22.528v8.768q0 0.704-0.576 0.832z\"><\/path>\n<\/svg><\/span>  Ajouter au panier<\/a>\t<span id=\"woocommerce_loop_add_to_cart_link_describedby_13976\" class=\"screen-reader-text\">\n\t\t\t<\/span>\n<a class=\"button show_details_button\" href=\"https:\/\/www.raffinessen.ch\/fr\/produit\/set-goldene-milch\/\"><span class=\"avia-svg-icon avia-font-svg_entypo-fontello\" data-av_svg_icon='doc-text' data-av_iconset='svg_entypo-fontello'><svg version=\"1.1\" xmlns=\"http:\/\/www.w3.org\/2000\/svg\" width=\"22\" height=\"32\" viewbox=\"0 0 22 32\" preserveaspectratio=\"xMidYMid meet\" aria-labelledby='av-svg-title-468' aria-describedby='av-svg-desc-468' role=\"graphics-symbol\" aria-hidden=\"true\">\n<title id='av-svg-title-468'>Voir les d\u00e9tails<\/title>\n<desc id='av-svg-desc-468'>Voir les d\u00e9tails<\/desc>\n<path d=\"M6.784 17.344v-2.88h8.96v2.88h-8.96zM19.2 1.6q1.344 0 2.272 0.928t0.928 2.272v22.4q0 1.28-0.928 2.24t-2.272 0.96h-16q-1.28 0-2.24-0.96t-0.96-2.24v-22.4q0-1.344 0.96-2.272t2.24-0.928h16zM19.2 27.2v-22.4h-16v22.4h16zM15.68 8.256v2.816h-8.96v-2.816h8.96zM15.68 20.8v2.816h-8.96v-2.816h8.96z\"><\/path>\n<\/svg><\/span>  Voir les d\u00e9tails<\/a> <span class=\"button-mini-delimiter\"><\/span><\/div><\/div><\/li>\n<li class=\"product type-product post-6346 status-publish instock product_cat-bis-chf-30 product_cat-geschenksets product_cat-neu has-post-thumbnail taxable shipping-taxable purchasable product-type-simple\">\n\t<div class='inner_product main_color wrapped_style noLightbox  av-product-class-'><a href=\"https:\/\/www.raffinessen.ch\/fr\/produit\/set-kraeuterbutter-marinaden-und-knoblauchbrot\/\" class=\"woocommerce-LoopProduct-link woocommerce-loop-product__link\"><div class=\"thumbnail_container\"><img loading=\"lazy\" decoding=\"async\" width=\"500\" height=\"500\" src=\"https:\/\/www.raffinessen.ch\/webseite\/wp-content\/uploads\/2020\/06\/Kr\u00e4uterbutter-bild-500x500.jpg\" class=\"attachment-woocommerce_thumbnail avia-product-hover\" alt=\"\" srcset=\"https:\/\/www.raffinessen.ch\/webseite\/wp-content\/uploads\/2020\/06\/Kr\u00e4uterbutter-bild-500x500.jpg 500w, https:\/\/www.raffinessen.ch\/webseite\/wp-content\/uploads\/2020\/06\/Kr\u00e4uterbutter-bild-300x300.jpg 300w, https:\/\/www.raffinessen.ch\/webseite\/wp-content\/uploads\/2020\/06\/Kr\u00e4uterbutter-bild-1030x1030.jpg 1030w, https:\/\/www.raffinessen.ch\/webseite\/wp-content\/uploads\/2020\/06\/Kr\u00e4uterbutter-bild-80x80.jpg 80w, https:\/\/www.raffinessen.ch\/webseite\/wp-content\/uploads\/2020\/06\/Kr\u00e4uterbutter-bild-768x768.jpg 768w, https:\/\/www.raffinessen.ch\/webseite\/wp-content\/uploads\/2020\/06\/Kr\u00e4uterbutter-bild-36x36.jpg 36w, https:\/\/www.raffinessen.ch\/webseite\/wp-content\/uploads\/2020\/06\/Kr\u00e4uterbutter-bild-180x180.jpg 180w, https:\/\/www.raffinessen.ch\/webseite\/wp-content\/uploads\/2020\/06\/Kr\u00e4uterbutter-bild-705x705.jpg 705w, https:\/\/www.raffinessen.ch\/webseite\/wp-content\/uploads\/2020\/06\/Kr\u00e4uterbutter-bild-100x100.jpg 100w, https:\/\/www.raffinessen.ch\/webseite\/wp-content\/uploads\/2020\/06\/Kr\u00e4uterbutter-bild-1000x1000.jpg 1000w, https:\/\/www.raffinessen.ch\/webseite\/wp-content\/uploads\/2020\/06\/Kr\u00e4uterbutter-bild.jpg 1120w\" sizes=\"auto, (max-width: 500px) 100vw, 500px\" \/><img decoding=\"async\" loading=\"lazy\" width=\"500\" height=\"500\" src=\"https:\/\/www.raffinessen.ch\/webseite\/wp-content\/uploads\/2020\/06\/Kraeuterbutter_Titel-500x500.jpg\" class=\"wp-image-15508 avia-img-lazy-loading-15508 attachment-woocommerce_thumbnail size-woocommerce_thumbnail wp-post-image\" alt=\"\" srcset=\"https:\/\/www.raffinessen.ch\/webseite\/wp-content\/uploads\/2020\/06\/Kraeuterbutter_Titel-500x500.jpg 500w, https:\/\/www.raffinessen.ch\/webseite\/wp-content\/uploads\/2020\/06\/Kraeuterbutter_Titel-300x300.jpg 300w, https:\/\/www.raffinessen.ch\/webseite\/wp-content\/uploads\/2020\/06\/Kraeuterbutter_Titel-1030x1030.jpg 1030w, https:\/\/www.raffinessen.ch\/webseite\/wp-content\/uploads\/2020\/06\/Kraeuterbutter_Titel-80x80.jpg 80w, https:\/\/www.raffinessen.ch\/webseite\/wp-content\/uploads\/2020\/06\/Kraeuterbutter_Titel-768x768.jpg 768w, https:\/\/www.raffinessen.ch\/webseite\/wp-content\/uploads\/2020\/06\/Kraeuterbutter_Titel-12x12.jpg 12w, https:\/\/www.raffinessen.ch\/webseite\/wp-content\/uploads\/2020\/06\/Kraeuterbutter_Titel-36x36.jpg 36w, https:\/\/www.raffinessen.ch\/webseite\/wp-content\/uploads\/2020\/06\/Kraeuterbutter_Titel-180x180.jpg 180w, https:\/\/www.raffinessen.ch\/webseite\/wp-content\/uploads\/2020\/06\/Kraeuterbutter_Titel-705x705.jpg 705w, https:\/\/www.raffinessen.ch\/webseite\/wp-content\/uploads\/2020\/06\/Kraeuterbutter_Titel-120x120.jpg 120w, https:\/\/www.raffinessen.ch\/webseite\/wp-content\/uploads\/2020\/06\/Kraeuterbutter_Titel-450x450.jpg 450w, https:\/\/www.raffinessen.ch\/webseite\/wp-content\/uploads\/2020\/06\/Kraeuterbutter_Titel-1000x1000.jpg 1000w, https:\/\/www.raffinessen.ch\/webseite\/wp-content\/uploads\/2020\/06\/Kraeuterbutter_Titel-100x100.jpg 100w, https:\/\/www.raffinessen.ch\/webseite\/wp-content\/uploads\/2020\/06\/Kraeuterbutter_Titel.jpg 1500w\" sizes=\"auto, (max-width: 500px) 100vw, 500px\" \/><span class=\"cart-loading\"><\/span><\/div><div class='inner_product_header'><div class='avia-arrow'><\/div><div class='inner_product_header_table'><div class='inner_product_header_cell'><h2 class=\"woocommerce-loop-product__title\">SET - Beurre aux herbes, marinades et pain \u00e0 l'ail<\/h2>\n\t<span class=\"price\"><span class=\"woocommerce-Price-amount amount\"><bdi><span class=\"woocommerce-Price-currencySymbol\">&#67;&#72;&#70;<\/span>&nbsp;30.00<\/bdi><\/span> <small class=\"woocommerce-price-suffix\">TVA incluse<\/small><\/span>\n<\/div><\/div><\/div><\/a><div class='avia_cart_buttons'><a href=\"\/fr\/wp-json\/wp\/v2\/pages\/9012?add-to-cart=6346\" aria-describedby=\"woocommerce_loop_add_to_cart_link_describedby_6346\" data-quantity=\"1\" class=\"button product_type_simple add_to_cart_button ajax_add_to_cart\" data-product_id=\"6346\" data-product_sku=\"GSO-036\" aria-label=\"Ajouter au panier\u00a0: \u201cSET - Kr\u00e4uterbutter, Marinaden und Knoblauchbrot\u201d\" rel=\"nofollow\" data-success_message=\"\u00ab\u00a0SET - Kr\u00e4uterbutter, Marinaden und Knoblauchbrot\u00a0\u00bb a \u00e9t\u00e9 ajout\u00e9 \u00e0 votre panier\" role=\"button\" data-no-translation-aria-label=\"\" data-no-translation-data-success_message=\"\"><span class=\"avia-svg-icon avia-font-svg_entypo-fontello\" data-av_svg_icon='basket' data-av_iconset='svg_entypo-fontello'><svg version=\"1.1\" xmlns=\"http:\/\/www.w3.org\/2000\/svg\" width=\"29\" height=\"32\" viewbox=\"0 0 29 32\" preserveaspectratio=\"xMidYMid meet\" aria-labelledby='av-svg-title-469' aria-describedby='av-svg-desc-469' role=\"graphics-symbol\" aria-hidden=\"true\">\n<title id='av-svg-title-469'>Ajouter au panier<\/title>\n<desc id='av-svg-desc-469'>Ajouter au panier<\/desc>\n<path d=\"M4.8 27.2q0-1.28 0.96-2.24t2.24-0.96q1.344 0 2.272 0.96t0.928 2.24q0 1.344-0.928 2.272t-2.272 0.928q-1.28 0-2.24-0.928t-0.96-2.272zM20.8 27.2q0-1.28 0.96-2.24t2.24-0.96q1.344 0 2.272 0.96t0.928 2.24q0 1.344-0.928 2.272t-2.272 0.928q-1.28 0-2.24-0.928t-0.96-2.272zM10.496 19.648q-1.152 0.32-1.088 0.736t1.408 0.416h17.984v2.432q0 0.64-0.64 0.64h-20.928q-0.64 0-0.64-0.64v-2.432l-0.32-1.472-3.136-14.528h-3.136v-2.56q0-0.64 0.64-0.64h4.992q0.64 0 0.64 0.64v2.752h22.528v8.768q0 0.704-0.576 0.832z\"><\/path>\n<\/svg><\/span>  Ajouter au panier<\/a>\t<span id=\"woocommerce_loop_add_to_cart_link_describedby_6346\" class=\"screen-reader-text\">\n\t\t\t<\/span>\n<a class=\"button show_details_button\" href=\"https:\/\/www.raffinessen.ch\/fr\/produit\/set-kraeuterbutter-marinaden-und-knoblauchbrot\/\"><span class=\"avia-svg-icon avia-font-svg_entypo-fontello\" data-av_svg_icon='doc-text' data-av_iconset='svg_entypo-fontello'><svg version=\"1.1\" xmlns=\"http:\/\/www.w3.org\/2000\/svg\" width=\"22\" height=\"32\" viewbox=\"0 0 22 32\" preserveaspectratio=\"xMidYMid meet\" aria-labelledby='av-svg-title-470' aria-describedby='av-svg-desc-470' role=\"graphics-symbol\" aria-hidden=\"true\">\n<title id='av-svg-title-470'>Voir les d\u00e9tails<\/title>\n<desc id='av-svg-desc-470'>Voir les d\u00e9tails<\/desc>\n<path d=\"M6.784 17.344v-2.88h8.96v2.88h-8.96zM19.2 1.6q1.344 0 2.272 0.928t0.928 2.272v22.4q0 1.28-0.928 2.24t-2.272 0.96h-16q-1.28 0-2.24-0.96t-0.96-2.24v-22.4q0-1.344 0.96-2.272t2.24-0.928h16zM19.2 27.2v-22.4h-16v22.4h16zM15.68 8.256v2.816h-8.96v-2.816h8.96zM15.68 20.8v2.816h-8.96v-2.816h8.96z\"><\/path>\n<\/svg><\/span>  Voir les d\u00e9tails<\/a> <span class=\"button-mini-delimiter\"><\/span><\/div><\/div><\/li>\n<li class=\"product type-product post-2206 status-publish last instock product_cat-bis-chf-30 product_cat-geschenksets has-post-thumbnail taxable shipping-taxable purchasable product-type-simple\">\n\t<div class='inner_product main_color wrapped_style noLightbox  av-product-class-'><a href=\"https:\/\/www.raffinessen.ch\/fr\/produit\/das-kleine-rote\/\" class=\"woocommerce-LoopProduct-link woocommerce-loop-product__link\"><div class=\"thumbnail_container\"><img loading=\"lazy\" decoding=\"async\" width=\"500\" height=\"500\" src=\"https:\/\/www.raffinessen.ch\/webseite\/wp-content\/uploads\/2018\/12\/roter-kampot-pfeffer-500x500.jpg\" class=\"attachment-woocommerce_thumbnail avia-product-hover\" alt=\"\" srcset=\"https:\/\/www.raffinessen.ch\/webseite\/wp-content\/uploads\/2018\/12\/roter-kampot-pfeffer-500x500.jpg 500w, https:\/\/www.raffinessen.ch\/webseite\/wp-content\/uploads\/2018\/12\/roter-kampot-pfeffer-80x80.jpg 80w, https:\/\/www.raffinessen.ch\/webseite\/wp-content\/uploads\/2018\/12\/roter-kampot-pfeffer-300x300.jpg 300w, https:\/\/www.raffinessen.ch\/webseite\/wp-content\/uploads\/2018\/12\/roter-kampot-pfeffer-768x768.jpg 768w, https:\/\/www.raffinessen.ch\/webseite\/wp-content\/uploads\/2018\/12\/roter-kampot-pfeffer-1030x1030.jpg 1030w, https:\/\/www.raffinessen.ch\/webseite\/wp-content\/uploads\/2018\/12\/roter-kampot-pfeffer-36x36.jpg 36w, https:\/\/www.raffinessen.ch\/webseite\/wp-content\/uploads\/2018\/12\/roter-kampot-pfeffer-180x180.jpg 180w, https:\/\/www.raffinessen.ch\/webseite\/wp-content\/uploads\/2018\/12\/roter-kampot-pfeffer-1500x1500.jpg 1500w, https:\/\/www.raffinessen.ch\/webseite\/wp-content\/uploads\/2018\/12\/roter-kampot-pfeffer-705x705.jpg 705w, https:\/\/www.raffinessen.ch\/webseite\/wp-content\/uploads\/2018\/12\/roter-kampot-pfeffer-100x100.jpg 100w, https:\/\/www.raffinessen.ch\/webseite\/wp-content\/uploads\/2018\/12\/roter-kampot-pfeffer-1000x1000.jpg 1000w, https:\/\/www.raffinessen.ch\/webseite\/wp-content\/uploads\/2018\/12\/roter-kampot-pfeffer.jpg 2000w\" sizes=\"auto, (max-width: 500px) 100vw, 500px\" \/><img decoding=\"async\" loading=\"lazy\" width=\"500\" height=\"500\" src=\"https:\/\/www.raffinessen.ch\/webseite\/wp-content\/uploads\/2017\/01\/set-klein-500x500.jpg\" class=\"wp-image-2217 avia-img-lazy-loading-2217 attachment-woocommerce_thumbnail size-woocommerce_thumbnail wp-post-image\" alt=\"\" srcset=\"https:\/\/www.raffinessen.ch\/webseite\/wp-content\/uploads\/2017\/01\/set-klein-500x500.jpg 500w, https:\/\/www.raffinessen.ch\/webseite\/wp-content\/uploads\/2017\/01\/set-klein-1000x1000.jpg 1000w, https:\/\/www.raffinessen.ch\/webseite\/wp-content\/uploads\/2017\/01\/set-klein-100x100.jpg 100w, https:\/\/www.raffinessen.ch\/webseite\/wp-content\/uploads\/2017\/01\/set-klein-80x80.jpg 80w, https:\/\/www.raffinessen.ch\/webseite\/wp-content\/uploads\/2017\/01\/set-klein-300x300.jpg 300w, https:\/\/www.raffinessen.ch\/webseite\/wp-content\/uploads\/2017\/01\/set-klein-768x768.jpg 768w, https:\/\/www.raffinessen.ch\/webseite\/wp-content\/uploads\/2017\/01\/set-klein-1030x1030.jpg 1030w, https:\/\/www.raffinessen.ch\/webseite\/wp-content\/uploads\/2017\/01\/set-klein-36x36.jpg 36w, https:\/\/www.raffinessen.ch\/webseite\/wp-content\/uploads\/2017\/01\/set-klein-180x180.jpg 180w, https:\/\/www.raffinessen.ch\/webseite\/wp-content\/uploads\/2017\/01\/set-klein-705x705.jpg 705w, https:\/\/www.raffinessen.ch\/webseite\/wp-content\/uploads\/2017\/01\/set-klein.jpg 1200w\" sizes=\"auto, (max-width: 500px) 100vw, 500px\" \/><span class=\"cart-loading\"><\/span><\/div><div class='inner_product_header'><div class='avia-arrow'><\/div><div class='inner_product_header_table'><div class='inner_product_header_cell'><h2 class=\"woocommerce-loop-product__title\">SET - Le petit rouge<\/h2>\n\t<span class=\"price\"><span class=\"woocommerce-Price-amount amount\"><bdi><span class=\"woocommerce-Price-currencySymbol\">&#67;&#72;&#70;<\/span>&nbsp;15.00<\/bdi><\/span> <small class=\"woocommerce-price-suffix\">TVA incluse<\/small><\/span>\n<\/div><\/div><\/div><\/a><div class='avia_cart_buttons'><a href=\"\/fr\/wp-json\/wp\/v2\/pages\/9012?add-to-cart=2206\" aria-describedby=\"woocommerce_loop_add_to_cart_link_describedby_2206\" data-quantity=\"1\" class=\"button product_type_simple add_to_cart_button ajax_add_to_cart\" data-product_id=\"2206\" data-product_sku=\"GSO-013\" aria-label=\"Ajouter au panier\u00a0: \u201cSET - Das kleine Rote\u201d\" rel=\"nofollow\" data-success_message=\"\u00ab\u00a0SET - Das kleine Rote\u00a0\u00bb a \u00e9t\u00e9 ajout\u00e9 \u00e0 votre panier\" role=\"button\" data-no-translation-aria-label=\"\" data-no-translation-data-success_message=\"\"><span class=\"avia-svg-icon avia-font-svg_entypo-fontello\" data-av_svg_icon='basket' data-av_iconset='svg_entypo-fontello'><svg version=\"1.1\" xmlns=\"http:\/\/www.w3.org\/2000\/svg\" width=\"29\" height=\"32\" viewbox=\"0 0 29 32\" preserveaspectratio=\"xMidYMid meet\" aria-labelledby='av-svg-title-471' aria-describedby='av-svg-desc-471' role=\"graphics-symbol\" aria-hidden=\"true\">\n<title id='av-svg-title-471'>Ajouter au panier<\/title>\n<desc id='av-svg-desc-471'>Ajouter au panier<\/desc>\n<path d=\"M4.8 27.2q0-1.28 0.96-2.24t2.24-0.96q1.344 0 2.272 0.96t0.928 2.24q0 1.344-0.928 2.272t-2.272 0.928q-1.28 0-2.24-0.928t-0.96-2.272zM20.8 27.2q0-1.28 0.96-2.24t2.24-0.96q1.344 0 2.272 0.96t0.928 2.24q0 1.344-0.928 2.272t-2.272 0.928q-1.28 0-2.24-0.928t-0.96-2.272zM10.496 19.648q-1.152 0.32-1.088 0.736t1.408 0.416h17.984v2.432q0 0.64-0.64 0.64h-20.928q-0.64 0-0.64-0.64v-2.432l-0.32-1.472-3.136-14.528h-3.136v-2.56q0-0.64 0.64-0.64h4.992q0.64 0 0.64 0.64v2.752h22.528v8.768q0 0.704-0.576 0.832z\"><\/path>\n<\/svg><\/span>  Ajouter au panier<\/a>\t<span id=\"woocommerce_loop_add_to_cart_link_describedby_2206\" class=\"screen-reader-text\">\n\t\t\t<\/span>\n<a class=\"button show_details_button\" href=\"https:\/\/www.raffinessen.ch\/fr\/produit\/das-kleine-rote\/\"><span class=\"avia-svg-icon avia-font-svg_entypo-fontello\" data-av_svg_icon='doc-text' data-av_iconset='svg_entypo-fontello'><svg version=\"1.1\" xmlns=\"http:\/\/www.w3.org\/2000\/svg\" width=\"22\" height=\"32\" viewbox=\"0 0 22 32\" preserveaspectratio=\"xMidYMid meet\" aria-labelledby='av-svg-title-472' aria-describedby='av-svg-desc-472' role=\"graphics-symbol\" aria-hidden=\"true\">\n<title id='av-svg-title-472'>Voir les d\u00e9tails<\/title>\n<desc id='av-svg-desc-472'>Voir les d\u00e9tails<\/desc>\n<path d=\"M6.784 17.344v-2.88h8.96v2.88h-8.96zM19.2 1.6q1.344 0 2.272 0.928t0.928 2.272v22.4q0 1.28-0.928 2.24t-2.272 0.96h-16q-1.28 0-2.24-0.96t-0.96-2.24v-22.4q0-1.344 0.96-2.272t2.24-0.928h16zM19.2 27.2v-22.4h-16v22.4h16zM15.68 8.256v2.816h-8.96v-2.816h8.96zM15.68 20.8v2.816h-8.96v-2.816h8.96z\"><\/path>\n<\/svg><\/span>  Voir les d\u00e9tails<\/a> <span class=\"button-mini-delimiter\"><\/span><\/div><\/div><\/li>\n<\/ul><\/div><\/div><div class=\"clear\"><\/div><br \/>\n\n<style type=\"text\/css\" data-created_by=\"avia_inline_auto\" id=\"style-css-av-kunz127q-94a6a4d94ffe54e0eb686372fb7d2b0c\">\n#top .av-special-heading.av-kunz127q-94a6a4d94ffe54e0eb686372fb7d2b0c{\npadding-bottom:10px;\n}\nbody .av-special-heading.av-kunz127q-94a6a4d94ffe54e0eb686372fb7d2b0c .av-special-heading-tag .heading-char{\nfont-size:25px;\n}\n.av-special-heading.av-kunz127q-94a6a4d94ffe54e0eb686372fb7d2b0c .av-subheading{\nfont-size:15px;\n}\n<\/style>\n<div  id=\"ab-30chf\"  class='av-special-heading av-kunz127q-94a6a4d94ffe54e0eb686372fb7d2b0c av-special-heading-h3 blockquote modern-quote modern-centered'><h3 class='av-special-heading-tag'  itemprop=\"headline\"  >\u00c0 partir de CHF 30.00<\/h3><div class=\"special-heading-border\"><div class=\"special-heading-inner-border\"><\/div><\/div><\/div><br \/>\n<div  class='avia-product-slider-container av-2xvx6c-42c53acd9e634b60735764568c63ec76 template-shop avia-content-slider avia-content-grid-active shop_columns_4 avia-content-slider-even av-slideshow-ui av-slider-hover-pause av-slideshow-manual av-loop-once av-loop-manual-endless avia-product-slider16' data-slideshow-options=\"{&quot;animation&quot;:&quot;fade&quot;,&quot;autoplay&quot;:false,&quot;loop_autoplay&quot;:&quot;once&quot;,&quot;interval&quot;:5,&quot;loop_manual&quot;:&quot;manual-endless&quot;,&quot;autoplay_stopper&quot;:false,&quot;noNavigation&quot;:false,&quot;bg_slider&quot;:false,&quot;keep_padding&quot;:false,&quot;hoverpause&quot;:true,&quot;show_slide_delay&quot;:0}\"><div class='avia-content-slider-inner'><ul class=\"products\"><li class=\"product type-product post-15390 status-publish first instock product_cat-ab-chf-30 product_cat-geschenksets has-post-thumbnail taxable shipping-taxable purchasable product-type-simple\">\n\t<div class='inner_product main_color wrapped_style noLightbox  av-product-class-'><a href=\"https:\/\/www.raffinessen.ch\/fr\/produit\/set-mami-ich-habe-dich-sehr-lieb-2\/\" class=\"woocommerce-LoopProduct-link woocommerce-loop-product__link\"><div class=\"thumbnail_container\"><img loading=\"lazy\" decoding=\"async\" width=\"500\" height=\"500\" src=\"https:\/\/www.raffinessen.ch\/webseite\/wp-content\/uploads\/2023\/05\/Famulus-schwarz_MIYA-Designglas_MAMI-500x500.jpg\" class=\"attachment-woocommerce_thumbnail avia-product-hover\" alt=\"\" srcset=\"https:\/\/www.raffinessen.ch\/webseite\/wp-content\/uploads\/2023\/05\/Famulus-schwarz_MIYA-Designglas_MAMI-500x500.jpg 500w, https:\/\/www.raffinessen.ch\/webseite\/wp-content\/uploads\/2023\/05\/Famulus-schwarz_MIYA-Designglas_MAMI-300x300.jpg 300w, https:\/\/www.raffinessen.ch\/webseite\/wp-content\/uploads\/2023\/05\/Famulus-schwarz_MIYA-Designglas_MAMI-80x80.jpg 80w, https:\/\/www.raffinessen.ch\/webseite\/wp-content\/uploads\/2023\/05\/Famulus-schwarz_MIYA-Designglas_MAMI-768x768.jpg 768w, https:\/\/www.raffinessen.ch\/webseite\/wp-content\/uploads\/2023\/05\/Famulus-schwarz_MIYA-Designglas_MAMI-12x12.jpg 12w, https:\/\/www.raffinessen.ch\/webseite\/wp-content\/uploads\/2023\/05\/Famulus-schwarz_MIYA-Designglas_MAMI-36x36.jpg 36w, https:\/\/www.raffinessen.ch\/webseite\/wp-content\/uploads\/2023\/05\/Famulus-schwarz_MIYA-Designglas_MAMI-180x180.jpg 180w, https:\/\/www.raffinessen.ch\/webseite\/wp-content\/uploads\/2023\/05\/Famulus-schwarz_MIYA-Designglas_MAMI-705x705.jpg 705w, https:\/\/www.raffinessen.ch\/webseite\/wp-content\/uploads\/2023\/05\/Famulus-schwarz_MIYA-Designglas_MAMI-120x120.jpg 120w, https:\/\/www.raffinessen.ch\/webseite\/wp-content\/uploads\/2023\/05\/Famulus-schwarz_MIYA-Designglas_MAMI-450x450.jpg 450w, https:\/\/www.raffinessen.ch\/webseite\/wp-content\/uploads\/2023\/05\/Famulus-schwarz_MIYA-Designglas_MAMI-100x100.jpg 100w, https:\/\/www.raffinessen.ch\/webseite\/wp-content\/uploads\/2023\/05\/Famulus-schwarz_MIYA-Designglas_MAMI.jpg 1000w\" sizes=\"auto, (max-width: 500px) 100vw, 500px\" \/><img decoding=\"async\" loading=\"lazy\" width=\"500\" height=\"500\" src=\"https:\/\/www.raffinessen.ch\/webseite\/wp-content\/uploads\/2020\/05\/wellkarton-famulus-mit-aufkleber-500x500.jpg\" class=\"wp-image-5906 avia-img-lazy-loading-5906 attachment-woocommerce_thumbnail size-woocommerce_thumbnail wp-post-image\" alt=\"\" srcset=\"https:\/\/www.raffinessen.ch\/webseite\/wp-content\/uploads\/2020\/05\/wellkarton-famulus-mit-aufkleber-500x500.jpg 500w, https:\/\/www.raffinessen.ch\/webseite\/wp-content\/uploads\/2020\/05\/wellkarton-famulus-mit-aufkleber-300x300.jpg 300w, https:\/\/www.raffinessen.ch\/webseite\/wp-content\/uploads\/2020\/05\/wellkarton-famulus-mit-aufkleber-1030x1030.jpg 1030w, https:\/\/www.raffinessen.ch\/webseite\/wp-content\/uploads\/2020\/05\/wellkarton-famulus-mit-aufkleber-80x80.jpg 80w, https:\/\/www.raffinessen.ch\/webseite\/wp-content\/uploads\/2020\/05\/wellkarton-famulus-mit-aufkleber-768x768.jpg 768w, https:\/\/www.raffinessen.ch\/webseite\/wp-content\/uploads\/2020\/05\/wellkarton-famulus-mit-aufkleber-1536x1536.jpg 1536w, https:\/\/www.raffinessen.ch\/webseite\/wp-content\/uploads\/2020\/05\/wellkarton-famulus-mit-aufkleber-2048x2048.jpg 2048w, https:\/\/www.raffinessen.ch\/webseite\/wp-content\/uploads\/2020\/05\/wellkarton-famulus-mit-aufkleber-36x36.jpg 36w, https:\/\/www.raffinessen.ch\/webseite\/wp-content\/uploads\/2020\/05\/wellkarton-famulus-mit-aufkleber-180x180.jpg 180w, https:\/\/www.raffinessen.ch\/webseite\/wp-content\/uploads\/2020\/05\/wellkarton-famulus-mit-aufkleber-1500x1500.jpg 1500w, https:\/\/www.raffinessen.ch\/webseite\/wp-content\/uploads\/2020\/05\/wellkarton-famulus-mit-aufkleber-705x705.jpg 705w, https:\/\/www.raffinessen.ch\/webseite\/wp-content\/uploads\/2020\/05\/wellkarton-famulus-mit-aufkleber-100x100.jpg 100w, https:\/\/www.raffinessen.ch\/webseite\/wp-content\/uploads\/2020\/05\/wellkarton-famulus-mit-aufkleber-1000x1000.jpg 1000w\" sizes=\"auto, (max-width: 500px) 100vw, 500px\" \/><span class=\"cart-loading\"><\/span><\/div><div class='inner_product_header'><div class='avia-arrow'><\/div><div class='inner_product_header_table'><div class='inner_product_header_cell'><h2 class=\"woocommerce-loop-product__title\">SET - Maman je t'aime beaucoup<\/h2>\n\t<span class=\"price\"><span class=\"woocommerce-Price-amount amount\"><bdi><span class=\"woocommerce-Price-currencySymbol\">&#67;&#72;&#70;<\/span>&nbsp;50.00<\/bdi><\/span> <small class=\"woocommerce-price-suffix\">TVA incluse<\/small><\/span>\n<\/div><\/div><\/div><\/a><div class='avia_cart_buttons'><a href=\"\/fr\/wp-json\/wp\/v2\/pages\/9012?add-to-cart=15390\" aria-describedby=\"woocommerce_loop_add_to_cart_link_describedby_15390\" data-quantity=\"1\" class=\"button product_type_simple add_to_cart_button ajax_add_to_cart\" data-product_id=\"15390\" data-product_sku=\"GSO-032-1\" aria-label=\"Ajouter au panier\u00a0: \u201cSET - Mami ich habe Dich sehr lieb\u201d\" rel=\"nofollow\" data-success_message=\"\u00ab\u00a0SET - Mami ich habe Dich sehr lieb\u00a0\u00bb a \u00e9t\u00e9 ajout\u00e9 \u00e0 votre panier\" role=\"button\" data-no-translation-aria-label=\"\" data-no-translation-data-success_message=\"\"><span class=\"avia-svg-icon avia-font-svg_entypo-fontello\" data-av_svg_icon='basket' data-av_iconset='svg_entypo-fontello'><svg version=\"1.1\" xmlns=\"http:\/\/www.w3.org\/2000\/svg\" width=\"29\" height=\"32\" viewbox=\"0 0 29 32\" preserveaspectratio=\"xMidYMid meet\" aria-labelledby='av-svg-title-473' aria-describedby='av-svg-desc-473' role=\"graphics-symbol\" aria-hidden=\"true\">\n<title id='av-svg-title-473'>Ajouter au panier<\/title>\n<desc id='av-svg-desc-473'>Ajouter au panier<\/desc>\n<path d=\"M4.8 27.2q0-1.28 0.96-2.24t2.24-0.96q1.344 0 2.272 0.96t0.928 2.24q0 1.344-0.928 2.272t-2.272 0.928q-1.28 0-2.24-0.928t-0.96-2.272zM20.8 27.2q0-1.28 0.96-2.24t2.24-0.96q1.344 0 2.272 0.96t0.928 2.24q0 1.344-0.928 2.272t-2.272 0.928q-1.28 0-2.24-0.928t-0.96-2.272zM10.496 19.648q-1.152 0.32-1.088 0.736t1.408 0.416h17.984v2.432q0 0.64-0.64 0.64h-20.928q-0.64 0-0.64-0.64v-2.432l-0.32-1.472-3.136-14.528h-3.136v-2.56q0-0.64 0.64-0.64h4.992q0.64 0 0.64 0.64v2.752h22.528v8.768q0 0.704-0.576 0.832z\"><\/path>\n<\/svg><\/span>  Ajouter au panier<\/a>\t<span id=\"woocommerce_loop_add_to_cart_link_describedby_15390\" class=\"screen-reader-text\">\n\t\t\t<\/span>\n<a class=\"button show_details_button\" href=\"https:\/\/www.raffinessen.ch\/fr\/produit\/set-mami-ich-habe-dich-sehr-lieb-2\/\"><span class=\"avia-svg-icon avia-font-svg_entypo-fontello\" data-av_svg_icon='doc-text' data-av_iconset='svg_entypo-fontello'><svg version=\"1.1\" xmlns=\"http:\/\/www.w3.org\/2000\/svg\" width=\"22\" height=\"32\" viewbox=\"0 0 22 32\" preserveaspectratio=\"xMidYMid meet\" aria-labelledby='av-svg-title-474' aria-describedby='av-svg-desc-474' role=\"graphics-symbol\" aria-hidden=\"true\">\n<title id='av-svg-title-474'>Voir les d\u00e9tails<\/title>\n<desc id='av-svg-desc-474'>Voir les d\u00e9tails<\/desc>\n<path d=\"M6.784 17.344v-2.88h8.96v2.88h-8.96zM19.2 1.6q1.344 0 2.272 0.928t0.928 2.272v22.4q0 1.28-0.928 2.24t-2.272 0.96h-16q-1.28 0-2.24-0.96t-0.96-2.24v-22.4q0-1.344 0.96-2.272t2.24-0.928h16zM19.2 27.2v-22.4h-16v22.4h16zM15.68 8.256v2.816h-8.96v-2.816h8.96zM15.68 20.8v2.816h-8.96v-2.816h8.96z\"><\/path>\n<\/svg><\/span>  Voir les d\u00e9tails<\/a> <span class=\"button-mini-delimiter\"><\/span><\/div><\/div><\/li>\n<li class=\"product type-product post-17151 status-publish instock product_cat-ab-chf-30 product_cat-muehlen-und-behaelter product_cat-swiss-made has-post-thumbnail taxable shipping-taxable purchasable product-type-simple\">\n\t<div class='inner_product main_color wrapped_style noLightbox  av-product-class-'><a href=\"https:\/\/www.raffinessen.ch\/fr\/produit\/toni-roteiche\/\" class=\"woocommerce-LoopProduct-link woocommerce-loop-product__link\"><div class=\"thumbnail_container\"><img loading=\"lazy\" decoding=\"async\" width=\"500\" height=\"500\" src=\"https:\/\/www.raffinessen.ch\/webseite\/wp-content\/uploads\/2024\/03\/Toni_Roteiche_liegend-500x500.jpg\" class=\"attachment-woocommerce_thumbnail avia-product-hover\" alt=\"\" srcset=\"https:\/\/www.raffinessen.ch\/webseite\/wp-content\/uploads\/2024\/03\/Toni_Roteiche_liegend-500x500.jpg 500w, https:\/\/www.raffinessen.ch\/webseite\/wp-content\/uploads\/2024\/03\/Toni_Roteiche_liegend-300x300.jpg 300w, https:\/\/www.raffinessen.ch\/webseite\/wp-content\/uploads\/2024\/03\/Toni_Roteiche_liegend-1030x1030.jpg 1030w, https:\/\/www.raffinessen.ch\/webseite\/wp-content\/uploads\/2024\/03\/Toni_Roteiche_liegend-80x80.jpg 80w, https:\/\/www.raffinessen.ch\/webseite\/wp-content\/uploads\/2024\/03\/Toni_Roteiche_liegend-768x768.jpg 768w, https:\/\/www.raffinessen.ch\/webseite\/wp-content\/uploads\/2024\/03\/Toni_Roteiche_liegend-12x12.jpg 12w, https:\/\/www.raffinessen.ch\/webseite\/wp-content\/uploads\/2024\/03\/Toni_Roteiche_liegend-36x36.jpg 36w, https:\/\/www.raffinessen.ch\/webseite\/wp-content\/uploads\/2024\/03\/Toni_Roteiche_liegend-180x180.jpg 180w, https:\/\/www.raffinessen.ch\/webseite\/wp-content\/uploads\/2024\/03\/Toni_Roteiche_liegend-705x705.jpg 705w, https:\/\/www.raffinessen.ch\/webseite\/wp-content\/uploads\/2024\/03\/Toni_Roteiche_liegend-120x120.jpg 120w, https:\/\/www.raffinessen.ch\/webseite\/wp-content\/uploads\/2024\/03\/Toni_Roteiche_liegend-450x450.jpg 450w, https:\/\/www.raffinessen.ch\/webseite\/wp-content\/uploads\/2024\/03\/Toni_Roteiche_liegend-1000x1000.jpg 1000w, https:\/\/www.raffinessen.ch\/webseite\/wp-content\/uploads\/2024\/03\/Toni_Roteiche_liegend-100x100.jpg 100w, https:\/\/www.raffinessen.ch\/webseite\/wp-content\/uploads\/2024\/03\/Toni_Roteiche_liegend.jpg 1500w\" sizes=\"auto, (max-width: 500px) 100vw, 500px\" \/><img decoding=\"async\" loading=\"lazy\" width=\"500\" height=\"500\" src=\"https:\/\/www.raffinessen.ch\/webseite\/wp-content\/uploads\/2024\/03\/Toni_Roteiche_zu-500x500.jpg\" class=\"wp-image-17153 avia-img-lazy-loading-17153 attachment-woocommerce_thumbnail size-woocommerce_thumbnail wp-post-image\" alt=\"\" srcset=\"https:\/\/www.raffinessen.ch\/webseite\/wp-content\/uploads\/2024\/03\/Toni_Roteiche_zu-500x500.jpg 500w, https:\/\/www.raffinessen.ch\/webseite\/wp-content\/uploads\/2024\/03\/Toni_Roteiche_zu-300x300.jpg 300w, https:\/\/www.raffinessen.ch\/webseite\/wp-content\/uploads\/2024\/03\/Toni_Roteiche_zu-1030x1030.jpg 1030w, https:\/\/www.raffinessen.ch\/webseite\/wp-content\/uploads\/2024\/03\/Toni_Roteiche_zu-80x80.jpg 80w, https:\/\/www.raffinessen.ch\/webseite\/wp-content\/uploads\/2024\/03\/Toni_Roteiche_zu-768x768.jpg 768w, https:\/\/www.raffinessen.ch\/webseite\/wp-content\/uploads\/2024\/03\/Toni_Roteiche_zu-12x12.jpg 12w, https:\/\/www.raffinessen.ch\/webseite\/wp-content\/uploads\/2024\/03\/Toni_Roteiche_zu-36x36.jpg 36w, https:\/\/www.raffinessen.ch\/webseite\/wp-content\/uploads\/2024\/03\/Toni_Roteiche_zu-180x180.jpg 180w, https:\/\/www.raffinessen.ch\/webseite\/wp-content\/uploads\/2024\/03\/Toni_Roteiche_zu-705x705.jpg 705w, https:\/\/www.raffinessen.ch\/webseite\/wp-content\/uploads\/2024\/03\/Toni_Roteiche_zu-120x120.jpg 120w, https:\/\/www.raffinessen.ch\/webseite\/wp-content\/uploads\/2024\/03\/Toni_Roteiche_zu-450x450.jpg 450w, https:\/\/www.raffinessen.ch\/webseite\/wp-content\/uploads\/2024\/03\/Toni_Roteiche_zu-1000x1000.jpg 1000w, https:\/\/www.raffinessen.ch\/webseite\/wp-content\/uploads\/2024\/03\/Toni_Roteiche_zu-100x100.jpg 100w, https:\/\/www.raffinessen.ch\/webseite\/wp-content\/uploads\/2024\/03\/Toni_Roteiche_zu.jpg 1500w\" sizes=\"auto, (max-width: 500px) 100vw, 500px\" \/><span class=\"cart-loading\"><\/span><\/div><div class='inner_product_header'><div class='avia-arrow'><\/div><div class='inner_product_header_table'><div class='inner_product_header_cell'><h2 class=\"woocommerce-loop-product__title\">TONI Roteiche<\/h2>\n\t<span class=\"price\"><span class=\"woocommerce-Price-amount amount\"><bdi><span class=\"woocommerce-Price-currencySymbol\">&#67;&#72;&#70;<\/span>&nbsp;60.00<\/bdi><\/span> <small class=\"woocommerce-price-suffix\">TVA incluse<\/small><\/span>\n<\/div><\/div><\/div><\/a><div class='avia_cart_buttons'><a href=\"\/fr\/wp-json\/wp\/v2\/pages\/9012?add-to-cart=17151\" aria-describedby=\"woocommerce_loop_add_to_cart_link_describedby_17151\" data-quantity=\"1\" class=\"button product_type_simple add_to_cart_button ajax_add_to_cart\" data-product_id=\"17151\" data-product_sku=\"GWO-025\" aria-label=\"Ajouter au panier\u00a0: \u201cTONI Roteiche\u201d\" rel=\"nofollow\" data-success_message=\"\u00ab\u00a0TONI Roteiche\u00a0\u00bb a \u00e9t\u00e9 ajout\u00e9 \u00e0 votre panier\" role=\"button\" data-no-translation-aria-label=\"\" data-no-translation-data-success_message=\"\"><span class=\"avia-svg-icon avia-font-svg_entypo-fontello\" data-av_svg_icon='basket' data-av_iconset='svg_entypo-fontello'><svg version=\"1.1\" xmlns=\"http:\/\/www.w3.org\/2000\/svg\" width=\"29\" height=\"32\" viewbox=\"0 0 29 32\" preserveaspectratio=\"xMidYMid meet\" aria-labelledby='av-svg-title-475' aria-describedby='av-svg-desc-475' role=\"graphics-symbol\" aria-hidden=\"true\">\n<title id='av-svg-title-475'>Ajouter au panier<\/title>\n<desc id='av-svg-desc-475'>Ajouter au panier<\/desc>\n<path d=\"M4.8 27.2q0-1.28 0.96-2.24t2.24-0.96q1.344 0 2.272 0.96t0.928 2.24q0 1.344-0.928 2.272t-2.272 0.928q-1.28 0-2.24-0.928t-0.96-2.272zM20.8 27.2q0-1.28 0.96-2.24t2.24-0.96q1.344 0 2.272 0.96t0.928 2.24q0 1.344-0.928 2.272t-2.272 0.928q-1.28 0-2.24-0.928t-0.96-2.272zM10.496 19.648q-1.152 0.32-1.088 0.736t1.408 0.416h17.984v2.432q0 0.64-0.64 0.64h-20.928q-0.64 0-0.64-0.64v-2.432l-0.32-1.472-3.136-14.528h-3.136v-2.56q0-0.64 0.64-0.64h4.992q0.64 0 0.64 0.64v2.752h22.528v8.768q0 0.704-0.576 0.832z\"><\/path>\n<\/svg><\/span>  Ajouter au panier<\/a>\t<span id=\"woocommerce_loop_add_to_cart_link_describedby_17151\" class=\"screen-reader-text\">\n\t\t\t<\/span>\n<a class=\"button show_details_button\" href=\"https:\/\/www.raffinessen.ch\/fr\/produit\/toni-roteiche\/\"><span class=\"avia-svg-icon avia-font-svg_entypo-fontello\" data-av_svg_icon='doc-text' data-av_iconset='svg_entypo-fontello'><svg version=\"1.1\" xmlns=\"http:\/\/www.w3.org\/2000\/svg\" width=\"22\" height=\"32\" viewbox=\"0 0 22 32\" preserveaspectratio=\"xMidYMid meet\" aria-labelledby='av-svg-title-476' aria-describedby='av-svg-desc-476' role=\"graphics-symbol\" aria-hidden=\"true\">\n<title id='av-svg-title-476'>Voir les d\u00e9tails<\/title>\n<desc id='av-svg-desc-476'>Voir les d\u00e9tails<\/desc>\n<path d=\"M6.784 17.344v-2.88h8.96v2.88h-8.96zM19.2 1.6q1.344 0 2.272 0.928t0.928 2.272v22.4q0 1.28-0.928 2.24t-2.272 0.96h-16q-1.28 0-2.24-0.96t-0.96-2.24v-22.4q0-1.344 0.96-2.272t2.24-0.928h16zM19.2 27.2v-22.4h-16v22.4h16zM15.68 8.256v2.816h-8.96v-2.816h8.96zM15.68 20.8v2.816h-8.96v-2.816h8.96z\"><\/path>\n<\/svg><\/span>  Voir les d\u00e9tails<\/a> <span class=\"button-mini-delimiter\"><\/span><\/div><\/div><\/li>\n<li class=\"product type-product post-17147 status-publish instock product_cat-ab-chf-30 product_cat-muehlen-und-behaelter product_cat-swiss-made has-post-thumbnail taxable shipping-taxable purchasable product-type-simple\">\n\t<div class='inner_product main_color wrapped_style noLightbox  av-product-class-'><a href=\"https:\/\/www.raffinessen.ch\/fr\/produit\/toni-nussbaum\/\" class=\"woocommerce-LoopProduct-link woocommerce-loop-product__link\"><div class=\"thumbnail_container\"><img loading=\"lazy\" decoding=\"async\" width=\"500\" height=\"500\" src=\"https:\/\/www.raffinessen.ch\/webseite\/wp-content\/uploads\/2022\/12\/Toni_Nussbaum_liegend-500x500.jpg\" class=\"attachment-woocommerce_thumbnail avia-product-hover\" alt=\"\" srcset=\"https:\/\/www.raffinessen.ch\/webseite\/wp-content\/uploads\/2022\/12\/Toni_Nussbaum_liegend-500x500.jpg 500w, https:\/\/www.raffinessen.ch\/webseite\/wp-content\/uploads\/2022\/12\/Toni_Nussbaum_liegend-300x300.jpg 300w, https:\/\/www.raffinessen.ch\/webseite\/wp-content\/uploads\/2022\/12\/Toni_Nussbaum_liegend-1030x1030.jpg 1030w, https:\/\/www.raffinessen.ch\/webseite\/wp-content\/uploads\/2022\/12\/Toni_Nussbaum_liegend-80x80.jpg 80w, https:\/\/www.raffinessen.ch\/webseite\/wp-content\/uploads\/2022\/12\/Toni_Nussbaum_liegend-768x768.jpg 768w, https:\/\/www.raffinessen.ch\/webseite\/wp-content\/uploads\/2022\/12\/Toni_Nussbaum_liegend-36x36.jpg 36w, https:\/\/www.raffinessen.ch\/webseite\/wp-content\/uploads\/2022\/12\/Toni_Nussbaum_liegend-180x180.jpg 180w, https:\/\/www.raffinessen.ch\/webseite\/wp-content\/uploads\/2022\/12\/Toni_Nussbaum_liegend-705x705.jpg 705w, https:\/\/www.raffinessen.ch\/webseite\/wp-content\/uploads\/2022\/12\/Toni_Nussbaum_liegend-120x120.jpg 120w, https:\/\/www.raffinessen.ch\/webseite\/wp-content\/uploads\/2022\/12\/Toni_Nussbaum_liegend-450x450.jpg 450w, https:\/\/www.raffinessen.ch\/webseite\/wp-content\/uploads\/2022\/12\/Toni_Nussbaum_liegend-1000x1000.jpg 1000w, https:\/\/www.raffinessen.ch\/webseite\/wp-content\/uploads\/2022\/12\/Toni_Nussbaum_liegend-100x100.jpg 100w, https:\/\/www.raffinessen.ch\/webseite\/wp-content\/uploads\/2022\/12\/Toni_Nussbaum_liegend.jpg 1500w\" sizes=\"auto, (max-width: 500px) 100vw, 500px\" \/><img decoding=\"async\" loading=\"lazy\" width=\"500\" height=\"500\" src=\"https:\/\/www.raffinessen.ch\/webseite\/wp-content\/uploads\/2024\/03\/Toni_Nussbaum_zu-500x500.jpg\" class=\"wp-image-17148 avia-img-lazy-loading-17148 attachment-woocommerce_thumbnail size-woocommerce_thumbnail wp-post-image\" alt=\"\" srcset=\"https:\/\/www.raffinessen.ch\/webseite\/wp-content\/uploads\/2024\/03\/Toni_Nussbaum_zu-500x500.jpg 500w, https:\/\/www.raffinessen.ch\/webseite\/wp-content\/uploads\/2024\/03\/Toni_Nussbaum_zu-300x300.jpg 300w, https:\/\/www.raffinessen.ch\/webseite\/wp-content\/uploads\/2024\/03\/Toni_Nussbaum_zu-1030x1030.jpg 1030w, https:\/\/www.raffinessen.ch\/webseite\/wp-content\/uploads\/2024\/03\/Toni_Nussbaum_zu-80x80.jpg 80w, https:\/\/www.raffinessen.ch\/webseite\/wp-content\/uploads\/2024\/03\/Toni_Nussbaum_zu-768x768.jpg 768w, https:\/\/www.raffinessen.ch\/webseite\/wp-content\/uploads\/2024\/03\/Toni_Nussbaum_zu-12x12.jpg 12w, https:\/\/www.raffinessen.ch\/webseite\/wp-content\/uploads\/2024\/03\/Toni_Nussbaum_zu-36x36.jpg 36w, https:\/\/www.raffinessen.ch\/webseite\/wp-content\/uploads\/2024\/03\/Toni_Nussbaum_zu-180x180.jpg 180w, https:\/\/www.raffinessen.ch\/webseite\/wp-content\/uploads\/2024\/03\/Toni_Nussbaum_zu-705x705.jpg 705w, https:\/\/www.raffinessen.ch\/webseite\/wp-content\/uploads\/2024\/03\/Toni_Nussbaum_zu-120x120.jpg 120w, https:\/\/www.raffinessen.ch\/webseite\/wp-content\/uploads\/2024\/03\/Toni_Nussbaum_zu-450x450.jpg 450w, https:\/\/www.raffinessen.ch\/webseite\/wp-content\/uploads\/2024\/03\/Toni_Nussbaum_zu-1000x1000.jpg 1000w, https:\/\/www.raffinessen.ch\/webseite\/wp-content\/uploads\/2024\/03\/Toni_Nussbaum_zu-100x100.jpg 100w, https:\/\/www.raffinessen.ch\/webseite\/wp-content\/uploads\/2024\/03\/Toni_Nussbaum_zu.jpg 1500w\" sizes=\"auto, (max-width: 500px) 100vw, 500px\" \/><span class=\"cart-loading\"><\/span><\/div><div class='inner_product_header'><div class='avia-arrow'><\/div><div class='inner_product_header_table'><div class='inner_product_header_cell'><h2 class=\"woocommerce-loop-product__title\">TONI Nussbaum<\/h2>\n\t<span class=\"price\"><span class=\"woocommerce-Price-amount amount\"><bdi><span class=\"woocommerce-Price-currencySymbol\">&#67;&#72;&#70;<\/span>&nbsp;60.00<\/bdi><\/span> <small class=\"woocommerce-price-suffix\">TVA incluse<\/small><\/span>\n<\/div><\/div><\/div><\/a><div class='avia_cart_buttons'><a href=\"\/fr\/wp-json\/wp\/v2\/pages\/9012?add-to-cart=17147\" aria-describedby=\"woocommerce_loop_add_to_cart_link_describedby_17147\" data-quantity=\"1\" class=\"button product_type_simple add_to_cart_button ajax_add_to_cart\" data-product_id=\"17147\" data-product_sku=\"GWO-024\" aria-label=\"Ajouter au panier\u00a0: \u201cTONI Nussbaum\u201d\" rel=\"nofollow\" data-success_message=\"\u00ab\u00a0TONI Nussbaum\u00a0\u00bb a \u00e9t\u00e9 ajout\u00e9 \u00e0 votre panier\" role=\"button\" data-no-translation-aria-label=\"\" data-no-translation-data-success_message=\"\"><span class=\"avia-svg-icon avia-font-svg_entypo-fontello\" data-av_svg_icon='basket' data-av_iconset='svg_entypo-fontello'><svg version=\"1.1\" xmlns=\"http:\/\/www.w3.org\/2000\/svg\" width=\"29\" height=\"32\" viewbox=\"0 0 29 32\" preserveaspectratio=\"xMidYMid meet\" aria-labelledby='av-svg-title-477' aria-describedby='av-svg-desc-477' role=\"graphics-symbol\" aria-hidden=\"true\">\n<title id='av-svg-title-477'>Ajouter au panier<\/title>\n<desc id='av-svg-desc-477'>Ajouter au panier<\/desc>\n<path d=\"M4.8 27.2q0-1.28 0.96-2.24t2.24-0.96q1.344 0 2.272 0.96t0.928 2.24q0 1.344-0.928 2.272t-2.272 0.928q-1.28 0-2.24-0.928t-0.96-2.272zM20.8 27.2q0-1.28 0.96-2.24t2.24-0.96q1.344 0 2.272 0.96t0.928 2.24q0 1.344-0.928 2.272t-2.272 0.928q-1.28 0-2.24-0.928t-0.96-2.272zM10.496 19.648q-1.152 0.32-1.088 0.736t1.408 0.416h17.984v2.432q0 0.64-0.64 0.64h-20.928q-0.64 0-0.64-0.64v-2.432l-0.32-1.472-3.136-14.528h-3.136v-2.56q0-0.64 0.64-0.64h4.992q0.64 0 0.64 0.64v2.752h22.528v8.768q0 0.704-0.576 0.832z\"><\/path>\n<\/svg><\/span>  Ajouter au panier<\/a>\t<span id=\"woocommerce_loop_add_to_cart_link_describedby_17147\" class=\"screen-reader-text\">\n\t\t\t<\/span>\n<a class=\"button show_details_button\" href=\"https:\/\/www.raffinessen.ch\/fr\/produit\/toni-nussbaum\/\"><span class=\"avia-svg-icon avia-font-svg_entypo-fontello\" data-av_svg_icon='doc-text' data-av_iconset='svg_entypo-fontello'><svg version=\"1.1\" xmlns=\"http:\/\/www.w3.org\/2000\/svg\" width=\"22\" height=\"32\" viewbox=\"0 0 22 32\" preserveaspectratio=\"xMidYMid meet\" aria-labelledby='av-svg-title-478' aria-describedby='av-svg-desc-478' role=\"graphics-symbol\" aria-hidden=\"true\">\n<title id='av-svg-title-478'>Voir les d\u00e9tails<\/title>\n<desc id='av-svg-desc-478'>Voir les d\u00e9tails<\/desc>\n<path d=\"M6.784 17.344v-2.88h8.96v2.88h-8.96zM19.2 1.6q1.344 0 2.272 0.928t0.928 2.272v22.4q0 1.28-0.928 2.24t-2.272 0.96h-16q-1.28 0-2.24-0.96t-0.96-2.24v-22.4q0-1.344 0.96-2.272t2.24-0.928h16zM19.2 27.2v-22.4h-16v22.4h16zM15.68 8.256v2.816h-8.96v-2.816h8.96zM15.68 20.8v2.816h-8.96v-2.816h8.96z\"><\/path>\n<\/svg><\/span>  Voir les d\u00e9tails<\/a> <span class=\"button-mini-delimiter\"><\/span><\/div><\/div><\/li>\n<li class=\"product type-product post-18629 status-publish last instock product_cat-ab-chf-30 product_cat-behaelter product_cat-muehlen-und-behaelter product_cat-neu product_cat-top4 has-post-thumbnail taxable shipping-taxable purchasable product-type-simple\">\n\t<div class='inner_product main_color wrapped_style noLightbox  av-product-class-'><a href=\"https:\/\/www.raffinessen.ch\/fr\/produit\/moerser-aus-gusseisen\/\" class=\"woocommerce-LoopProduct-link woocommerce-loop-product__link\"><div class=\"thumbnail_container\"><img loading=\"lazy\" decoding=\"async\" width=\"500\" height=\"500\" src=\"https:\/\/www.raffinessen.ch\/webseite\/wp-content\/uploads\/2024\/12\/Gusseisen-Moerser2-500x500.jpg\" class=\"attachment-woocommerce_thumbnail avia-product-hover\" alt=\"\" srcset=\"https:\/\/www.raffinessen.ch\/webseite\/wp-content\/uploads\/2024\/12\/Gusseisen-Moerser2-500x500.jpg 500w, https:\/\/www.raffinessen.ch\/webseite\/wp-content\/uploads\/2024\/12\/Gusseisen-Moerser2-300x300.jpg 300w, https:\/\/www.raffinessen.ch\/webseite\/wp-content\/uploads\/2024\/12\/Gusseisen-Moerser2-1030x1030.jpg 1030w, https:\/\/www.raffinessen.ch\/webseite\/wp-content\/uploads\/2024\/12\/Gusseisen-Moerser2-80x80.jpg 80w, https:\/\/www.raffinessen.ch\/webseite\/wp-content\/uploads\/2024\/12\/Gusseisen-Moerser2-768x768.jpg 768w, https:\/\/www.raffinessen.ch\/webseite\/wp-content\/uploads\/2024\/12\/Gusseisen-Moerser2-12x12.jpg 12w, https:\/\/www.raffinessen.ch\/webseite\/wp-content\/uploads\/2024\/12\/Gusseisen-Moerser2-36x36.jpg 36w, https:\/\/www.raffinessen.ch\/webseite\/wp-content\/uploads\/2024\/12\/Gusseisen-Moerser2-180x180.jpg 180w, https:\/\/www.raffinessen.ch\/webseite\/wp-content\/uploads\/2024\/12\/Gusseisen-Moerser2-705x705.jpg 705w, https:\/\/www.raffinessen.ch\/webseite\/wp-content\/uploads\/2024\/12\/Gusseisen-Moerser2-120x120.jpg 120w, https:\/\/www.raffinessen.ch\/webseite\/wp-content\/uploads\/2024\/12\/Gusseisen-Moerser2-450x450.jpg 450w, https:\/\/www.raffinessen.ch\/webseite\/wp-content\/uploads\/2024\/12\/Gusseisen-Moerser2-400x400.jpg 400w, https:\/\/www.raffinessen.ch\/webseite\/wp-content\/uploads\/2024\/12\/Gusseisen-Moerser2-600x600.jpg 600w, https:\/\/www.raffinessen.ch\/webseite\/wp-content\/uploads\/2024\/12\/Gusseisen-Moerser2-1000x1000.jpg 1000w, https:\/\/www.raffinessen.ch\/webseite\/wp-content\/uploads\/2024\/12\/Gusseisen-Moerser2-100x100.jpg 100w, https:\/\/www.raffinessen.ch\/webseite\/wp-content\/uploads\/2024\/12\/Gusseisen-Moerser2.jpg 1500w\" sizes=\"auto, (max-width: 500px) 100vw, 500px\" \/><img decoding=\"async\" loading=\"lazy\" width=\"500\" height=\"500\" src=\"https:\/\/www.raffinessen.ch\/webseite\/wp-content\/uploads\/2024\/12\/Gusseisen-Moerser1-500x500.jpg\" class=\"wp-image-18633 avia-img-lazy-loading-18633 attachment-woocommerce_thumbnail size-woocommerce_thumbnail wp-post-image\" alt=\"\" srcset=\"https:\/\/www.raffinessen.ch\/webseite\/wp-content\/uploads\/2024\/12\/Gusseisen-Moerser1-500x500.jpg 500w, https:\/\/www.raffinessen.ch\/webseite\/wp-content\/uploads\/2024\/12\/Gusseisen-Moerser1-300x300.jpg 300w, https:\/\/www.raffinessen.ch\/webseite\/wp-content\/uploads\/2024\/12\/Gusseisen-Moerser1-1030x1030.jpg 1030w, https:\/\/www.raffinessen.ch\/webseite\/wp-content\/uploads\/2024\/12\/Gusseisen-Moerser1-80x80.jpg 80w, https:\/\/www.raffinessen.ch\/webseite\/wp-content\/uploads\/2024\/12\/Gusseisen-Moerser1-768x768.jpg 768w, https:\/\/www.raffinessen.ch\/webseite\/wp-content\/uploads\/2024\/12\/Gusseisen-Moerser1-12x12.jpg 12w, https:\/\/www.raffinessen.ch\/webseite\/wp-content\/uploads\/2024\/12\/Gusseisen-Moerser1-36x36.jpg 36w, https:\/\/www.raffinessen.ch\/webseite\/wp-content\/uploads\/2024\/12\/Gusseisen-Moerser1-180x180.jpg 180w, https:\/\/www.raffinessen.ch\/webseite\/wp-content\/uploads\/2024\/12\/Gusseisen-Moerser1-705x705.jpg 705w, https:\/\/www.raffinessen.ch\/webseite\/wp-content\/uploads\/2024\/12\/Gusseisen-Moerser1-120x120.jpg 120w, https:\/\/www.raffinessen.ch\/webseite\/wp-content\/uploads\/2024\/12\/Gusseisen-Moerser1-450x450.jpg 450w, https:\/\/www.raffinessen.ch\/webseite\/wp-content\/uploads\/2024\/12\/Gusseisen-Moerser1-400x400.jpg 400w, https:\/\/www.raffinessen.ch\/webseite\/wp-content\/uploads\/2024\/12\/Gusseisen-Moerser1-600x600.jpg 600w, https:\/\/www.raffinessen.ch\/webseite\/wp-content\/uploads\/2024\/12\/Gusseisen-Moerser1-1000x1000.jpg 1000w, https:\/\/www.raffinessen.ch\/webseite\/wp-content\/uploads\/2024\/12\/Gusseisen-Moerser1-100x100.jpg 100w, https:\/\/www.raffinessen.ch\/webseite\/wp-content\/uploads\/2024\/12\/Gusseisen-Moerser1.jpg 1500w\" sizes=\"auto, (max-width: 500px) 100vw, 500px\" \/><span class=\"cart-loading\"><\/span><\/div><div class='inner_product_header'><div class='avia-arrow'><\/div><div class='inner_product_header_table'><div class='inner_product_header_cell'><h2 class=\"woocommerce-loop-product__title\">M\u00f6rser aus Gusseisen<\/h2>\n\t<span class=\"price\"><span class=\"woocommerce-Price-amount amount\"><bdi><span class=\"woocommerce-Price-currencySymbol\">&#67;&#72;&#70;<\/span>&nbsp;39.00<\/bdi><\/span> <small class=\"woocommerce-price-suffix\">TVA incluse<\/small><\/span>\n<\/div><\/div><\/div><\/a><div class='avia_cart_buttons'><a href=\"\/fr\/wp-json\/wp\/v2\/pages\/9012?add-to-cart=18629\" aria-describedby=\"woocommerce_loop_add_to_cart_link_describedby_18629\" data-quantity=\"1\" class=\"button product_type_simple add_to_cart_button ajax_add_to_cart\" data-product_id=\"18629\" data-product_sku=\"PP-NF0016\" aria-label=\"Ajouter au panier\u00a0: \u201cM\u00f6rser aus Gusseisen\u201d\" rel=\"nofollow\" data-success_message=\"\u00ab\u00a0M\u00f6rser aus Gusseisen\u00a0\u00bb a \u00e9t\u00e9 ajout\u00e9 \u00e0 votre panier\" role=\"button\" data-no-translation-aria-label=\"\" data-no-translation-data-success_message=\"\"><span class=\"avia-svg-icon avia-font-svg_entypo-fontello\" data-av_svg_icon='basket' data-av_iconset='svg_entypo-fontello'><svg version=\"1.1\" xmlns=\"http:\/\/www.w3.org\/2000\/svg\" width=\"29\" height=\"32\" viewbox=\"0 0 29 32\" preserveaspectratio=\"xMidYMid meet\" aria-labelledby='av-svg-title-479' aria-describedby='av-svg-desc-479' role=\"graphics-symbol\" aria-hidden=\"true\">\n<title id='av-svg-title-479'>Ajouter au panier<\/title>\n<desc id='av-svg-desc-479'>Ajouter au panier<\/desc>\n<path d=\"M4.8 27.2q0-1.28 0.96-2.24t2.24-0.96q1.344 0 2.272 0.96t0.928 2.24q0 1.344-0.928 2.272t-2.272 0.928q-1.28 0-2.24-0.928t-0.96-2.272zM20.8 27.2q0-1.28 0.96-2.24t2.24-0.96q1.344 0 2.272 0.96t0.928 2.24q0 1.344-0.928 2.272t-2.272 0.928q-1.28 0-2.24-0.928t-0.96-2.272zM10.496 19.648q-1.152 0.32-1.088 0.736t1.408 0.416h17.984v2.432q0 0.64-0.64 0.64h-20.928q-0.64 0-0.64-0.64v-2.432l-0.32-1.472-3.136-14.528h-3.136v-2.56q0-0.64 0.64-0.64h4.992q0.64 0 0.64 0.64v2.752h22.528v8.768q0 0.704-0.576 0.832z\"><\/path>\n<\/svg><\/span>  Ajouter au panier<\/a>\t<span id=\"woocommerce_loop_add_to_cart_link_describedby_18629\" class=\"screen-reader-text\">\n\t\t\t<\/span>\n<a class=\"button show_details_button\" href=\"https:\/\/www.raffinessen.ch\/fr\/produit\/moerser-aus-gusseisen\/\"><span class=\"avia-svg-icon avia-font-svg_entypo-fontello\" data-av_svg_icon='doc-text' data-av_iconset='svg_entypo-fontello'><svg version=\"1.1\" xmlns=\"http:\/\/www.w3.org\/2000\/svg\" width=\"22\" height=\"32\" viewbox=\"0 0 22 32\" preserveaspectratio=\"xMidYMid meet\" aria-labelledby='av-svg-title-480' aria-describedby='av-svg-desc-480' role=\"graphics-symbol\" aria-hidden=\"true\">\n<title id='av-svg-title-480'>Voir les d\u00e9tails<\/title>\n<desc id='av-svg-desc-480'>Voir les d\u00e9tails<\/desc>\n<path d=\"M6.784 17.344v-2.88h8.96v2.88h-8.96zM19.2 1.6q1.344 0 2.272 0.928t0.928 2.272v22.4q0 1.28-0.928 2.24t-2.272 0.96h-16q-1.28 0-2.24-0.96t-0.96-2.24v-22.4q0-1.344 0.96-2.272t2.24-0.928h16zM19.2 27.2v-22.4h-16v22.4h16zM15.68 8.256v2.816h-8.96v-2.816h8.96zM15.68 20.8v2.816h-8.96v-2.816h8.96z\"><\/path>\n<\/svg><\/span>  Voir les d\u00e9tails<\/a> <span class=\"button-mini-delimiter\"><\/span><\/div><\/div><\/li>\n<li class=\"product type-product post-18467 status-publish first instock product_cat-ab-chf-30 product_cat-neu has-post-thumbnail taxable shipping-taxable purchasable product-type-simple\">\n\t<div class='inner_product main_color wrapped_style noLightbox  av-product-class-'><a href=\"https:\/\/www.raffinessen.ch\/fr\/produit\/set-chili-pfeffer-raclette-fondue\/\" class=\"woocommerce-LoopProduct-link woocommerce-loop-product__link\"><div class=\"thumbnail_container\"><img loading=\"lazy\" decoding=\"async\" width=\"500\" height=\"500\" src=\"https:\/\/www.raffinessen.ch\/webseite\/wp-content\/uploads\/2024\/11\/GSO-062-Geschenkverpackung-500x500.jpg\" class=\"attachment-woocommerce_thumbnail avia-product-hover\" alt=\"\" srcset=\"https:\/\/www.raffinessen.ch\/webseite\/wp-content\/uploads\/2024\/11\/GSO-062-Geschenkverpackung-500x500.jpg 500w, https:\/\/www.raffinessen.ch\/webseite\/wp-content\/uploads\/2024\/11\/GSO-062-Geschenkverpackung-300x300.jpg 300w, https:\/\/www.raffinessen.ch\/webseite\/wp-content\/uploads\/2024\/11\/GSO-062-Geschenkverpackung-1030x1030.jpg 1030w, https:\/\/www.raffinessen.ch\/webseite\/wp-content\/uploads\/2024\/11\/GSO-062-Geschenkverpackung-80x80.jpg 80w, https:\/\/www.raffinessen.ch\/webseite\/wp-content\/uploads\/2024\/11\/GSO-062-Geschenkverpackung-768x768.jpg 768w, https:\/\/www.raffinessen.ch\/webseite\/wp-content\/uploads\/2024\/11\/GSO-062-Geschenkverpackung-12x12.jpg 12w, https:\/\/www.raffinessen.ch\/webseite\/wp-content\/uploads\/2024\/11\/GSO-062-Geschenkverpackung-36x36.jpg 36w, https:\/\/www.raffinessen.ch\/webseite\/wp-content\/uploads\/2024\/11\/GSO-062-Geschenkverpackung-180x180.jpg 180w, https:\/\/www.raffinessen.ch\/webseite\/wp-content\/uploads\/2024\/11\/GSO-062-Geschenkverpackung-705x705.jpg 705w, https:\/\/www.raffinessen.ch\/webseite\/wp-content\/uploads\/2024\/11\/GSO-062-Geschenkverpackung-120x120.jpg 120w, https:\/\/www.raffinessen.ch\/webseite\/wp-content\/uploads\/2024\/11\/GSO-062-Geschenkverpackung-450x450.jpg 450w, https:\/\/www.raffinessen.ch\/webseite\/wp-content\/uploads\/2024\/11\/GSO-062-Geschenkverpackung-1000x1000.jpg 1000w, https:\/\/www.raffinessen.ch\/webseite\/wp-content\/uploads\/2024\/11\/GSO-062-Geschenkverpackung-100x100.jpg 100w, https:\/\/www.raffinessen.ch\/webseite\/wp-content\/uploads\/2024\/11\/GSO-062-Geschenkverpackung.jpg 1500w\" sizes=\"auto, (max-width: 500px) 100vw, 500px\" \/><img decoding=\"async\" loading=\"lazy\" width=\"500\" height=\"500\" src=\"https:\/\/www.raffinessen.ch\/webseite\/wp-content\/uploads\/2024\/11\/GSO-062-YANN-Gewuerz-500x500.jpg\" class=\"wp-image-18469 avia-img-lazy-loading-18469 attachment-woocommerce_thumbnail size-woocommerce_thumbnail wp-post-image\" alt=\"\" srcset=\"https:\/\/www.raffinessen.ch\/webseite\/wp-content\/uploads\/2024\/11\/GSO-062-YANN-Gewuerz-500x500.jpg 500w, https:\/\/www.raffinessen.ch\/webseite\/wp-content\/uploads\/2024\/11\/GSO-062-YANN-Gewuerz-300x300.jpg 300w, https:\/\/www.raffinessen.ch\/webseite\/wp-content\/uploads\/2024\/11\/GSO-062-YANN-Gewuerz-1030x1030.jpg 1030w, https:\/\/www.raffinessen.ch\/webseite\/wp-content\/uploads\/2024\/11\/GSO-062-YANN-Gewuerz-80x80.jpg 80w, https:\/\/www.raffinessen.ch\/webseite\/wp-content\/uploads\/2024\/11\/GSO-062-YANN-Gewuerz-768x768.jpg 768w, https:\/\/www.raffinessen.ch\/webseite\/wp-content\/uploads\/2024\/11\/GSO-062-YANN-Gewuerz-12x12.jpg 12w, https:\/\/www.raffinessen.ch\/webseite\/wp-content\/uploads\/2024\/11\/GSO-062-YANN-Gewuerz-36x36.jpg 36w, https:\/\/www.raffinessen.ch\/webseite\/wp-content\/uploads\/2024\/11\/GSO-062-YANN-Gewuerz-180x180.jpg 180w, https:\/\/www.raffinessen.ch\/webseite\/wp-content\/uploads\/2024\/11\/GSO-062-YANN-Gewuerz-705x705.jpg 705w, https:\/\/www.raffinessen.ch\/webseite\/wp-content\/uploads\/2024\/11\/GSO-062-YANN-Gewuerz-120x120.jpg 120w, https:\/\/www.raffinessen.ch\/webseite\/wp-content\/uploads\/2024\/11\/GSO-062-YANN-Gewuerz-450x450.jpg 450w, https:\/\/www.raffinessen.ch\/webseite\/wp-content\/uploads\/2024\/11\/GSO-062-YANN-Gewuerz-1000x1000.jpg 1000w, https:\/\/www.raffinessen.ch\/webseite\/wp-content\/uploads\/2024\/11\/GSO-062-YANN-Gewuerz-100x100.jpg 100w, https:\/\/www.raffinessen.ch\/webseite\/wp-content\/uploads\/2024\/11\/GSO-062-YANN-Gewuerz.jpg 1500w\" sizes=\"auto, (max-width: 500px) 100vw, 500px\" \/><span class=\"cart-loading\"><\/span><\/div><div class='inner_product_header'><div class='avia-arrow'><\/div><div class='inner_product_header_table'><div class='inner_product_header_cell'><h2 class=\"woocommerce-loop-product__title\">SET &#8211; Chili\/Pfeffer &#038; Raclette\/Fondue<\/h2>\n\t<span class=\"price\"><span class=\"woocommerce-Price-amount amount\"><bdi><span class=\"woocommerce-Price-currencySymbol\">&#67;&#72;&#70;<\/span>&nbsp;40.00<\/bdi><\/span> <small class=\"woocommerce-price-suffix\">TVA incluse<\/small><\/span>\n<\/div><\/div><\/div><\/a><div class='avia_cart_buttons'><a href=\"\/fr\/wp-json\/wp\/v2\/pages\/9012?add-to-cart=18467\" aria-describedby=\"woocommerce_loop_add_to_cart_link_describedby_18467\" data-quantity=\"1\" class=\"button product_type_simple add_to_cart_button ajax_add_to_cart\" data-product_id=\"18467\" data-product_sku=\"GSO-062\" aria-label=\"Ajouter au panier\u00a0: \u201cSET - Chili\/Pfeffer &amp; Raclette\/Fondue\u201d\" rel=\"nofollow\" data-success_message=\"\u00ab\u00a0SET - Chili\/Pfeffer &amp; Raclette\/Fondue\u00a0\u00bb a \u00e9t\u00e9 ajout\u00e9 \u00e0 votre panier\" role=\"button\" data-no-translation-aria-label=\"\" data-no-translation-data-success_message=\"\"><span class=\"avia-svg-icon avia-font-svg_entypo-fontello\" data-av_svg_icon='basket' data-av_iconset='svg_entypo-fontello'><svg version=\"1.1\" xmlns=\"http:\/\/www.w3.org\/2000\/svg\" width=\"29\" height=\"32\" viewbox=\"0 0 29 32\" preserveaspectratio=\"xMidYMid meet\" aria-labelledby='av-svg-title-481' aria-describedby='av-svg-desc-481' role=\"graphics-symbol\" aria-hidden=\"true\">\n<title id='av-svg-title-481'>Ajouter au panier<\/title>\n<desc id='av-svg-desc-481'>Ajouter au panier<\/desc>\n<path d=\"M4.8 27.2q0-1.28 0.96-2.24t2.24-0.96q1.344 0 2.272 0.96t0.928 2.24q0 1.344-0.928 2.272t-2.272 0.928q-1.28 0-2.24-0.928t-0.96-2.272zM20.8 27.2q0-1.28 0.96-2.24t2.24-0.96q1.344 0 2.272 0.96t0.928 2.24q0 1.344-0.928 2.272t-2.272 0.928q-1.28 0-2.24-0.928t-0.96-2.272zM10.496 19.648q-1.152 0.32-1.088 0.736t1.408 0.416h17.984v2.432q0 0.64-0.64 0.64h-20.928q-0.64 0-0.64-0.64v-2.432l-0.32-1.472-3.136-14.528h-3.136v-2.56q0-0.64 0.64-0.64h4.992q0.64 0 0.64 0.64v2.752h22.528v8.768q0 0.704-0.576 0.832z\"><\/path>\n<\/svg><\/span>  Ajouter au panier<\/a>\t<span id=\"woocommerce_loop_add_to_cart_link_describedby_18467\" class=\"screen-reader-text\">\n\t\t\t<\/span>\n<a class=\"button show_details_button\" href=\"https:\/\/www.raffinessen.ch\/fr\/produit\/set-chili-pfeffer-raclette-fondue\/\"><span class=\"avia-svg-icon avia-font-svg_entypo-fontello\" data-av_svg_icon='doc-text' data-av_iconset='svg_entypo-fontello'><svg version=\"1.1\" xmlns=\"http:\/\/www.w3.org\/2000\/svg\" width=\"22\" height=\"32\" viewbox=\"0 0 22 32\" preserveaspectratio=\"xMidYMid meet\" aria-labelledby='av-svg-title-482' aria-describedby='av-svg-desc-482' role=\"graphics-symbol\" aria-hidden=\"true\">\n<title id='av-svg-title-482'>Voir les d\u00e9tails<\/title>\n<desc id='av-svg-desc-482'>Voir les d\u00e9tails<\/desc>\n<path d=\"M6.784 17.344v-2.88h8.96v2.88h-8.96zM19.2 1.6q1.344 0 2.272 0.928t0.928 2.272v22.4q0 1.28-0.928 2.24t-2.272 0.96h-16q-1.28 0-2.24-0.96t-0.96-2.24v-22.4q0-1.344 0.96-2.272t2.24-0.928h16zM19.2 27.2v-22.4h-16v22.4h16zM15.68 8.256v2.816h-8.96v-2.816h8.96zM15.68 20.8v2.816h-8.96v-2.816h8.96z\"><\/path>\n<\/svg><\/span>  Voir les d\u00e9tails<\/a> <span class=\"button-mini-delimiter\"><\/span><\/div><\/div><\/li>\n<li class=\"product type-product post-10082 status-publish instock product_cat-ab-chf-30 product_cat-geschenksets has-post-thumbnail taxable shipping-taxable purchasable product-type-simple\">\n\t<div class='inner_product main_color wrapped_style noLightbox  av-product-class-'><a href=\"https:\/\/www.raffinessen.ch\/fr\/produit\/gutschein-100\/\" class=\"woocommerce-LoopProduct-link woocommerce-loop-product__link\"><div class=\"thumbnail_container\"><img loading=\"lazy\" decoding=\"async\" width=\"500\" height=\"500\" src=\"https:\/\/www.raffinessen.ch\/webseite\/wp-content\/uploads\/2017\/05\/Postkarte-500x500.jpg\" class=\"attachment-woocommerce_thumbnail avia-product-hover\" alt=\"\" srcset=\"https:\/\/www.raffinessen.ch\/webseite\/wp-content\/uploads\/2017\/05\/Postkarte-500x500.jpg 500w, https:\/\/www.raffinessen.ch\/webseite\/wp-content\/uploads\/2017\/05\/Postkarte-1000x1000.jpg 1000w, https:\/\/www.raffinessen.ch\/webseite\/wp-content\/uploads\/2017\/05\/Postkarte-100x100.jpg 100w, https:\/\/www.raffinessen.ch\/webseite\/wp-content\/uploads\/2017\/05\/Postkarte-80x80.jpg 80w, https:\/\/www.raffinessen.ch\/webseite\/wp-content\/uploads\/2017\/05\/Postkarte-300x300.jpg 300w, https:\/\/www.raffinessen.ch\/webseite\/wp-content\/uploads\/2017\/05\/Postkarte-768x768.jpg 768w, https:\/\/www.raffinessen.ch\/webseite\/wp-content\/uploads\/2017\/05\/Postkarte-1030x1030.jpg 1030w, https:\/\/www.raffinessen.ch\/webseite\/wp-content\/uploads\/2017\/05\/Postkarte-36x36.jpg 36w, https:\/\/www.raffinessen.ch\/webseite\/wp-content\/uploads\/2017\/05\/Postkarte-180x180.jpg 180w, https:\/\/www.raffinessen.ch\/webseite\/wp-content\/uploads\/2017\/05\/Postkarte-705x705.jpg 705w, https:\/\/www.raffinessen.ch\/webseite\/wp-content\/uploads\/2017\/05\/Postkarte.jpg 1200w\" sizes=\"auto, (max-width: 500px) 100vw, 500px\" \/><img decoding=\"async\" loading=\"lazy\" width=\"500\" height=\"500\" src=\"https:\/\/www.raffinessen.ch\/webseite\/wp-content\/uploads\/2021\/12\/Gutschein-100-500x500.jpg\" class=\"wp-image-10077 avia-img-lazy-loading-10077 attachment-woocommerce_thumbnail size-woocommerce_thumbnail wp-post-image\" alt=\"\" srcset=\"https:\/\/www.raffinessen.ch\/webseite\/wp-content\/uploads\/2021\/12\/Gutschein-100-500x500.jpg 500w, https:\/\/www.raffinessen.ch\/webseite\/wp-content\/uploads\/2021\/12\/Gutschein-100-300x300.jpg 300w, https:\/\/www.raffinessen.ch\/webseite\/wp-content\/uploads\/2021\/12\/Gutschein-100-1030x1030.jpg 1030w, https:\/\/www.raffinessen.ch\/webseite\/wp-content\/uploads\/2021\/12\/Gutschein-100-80x80.jpg 80w, https:\/\/www.raffinessen.ch\/webseite\/wp-content\/uploads\/2021\/12\/Gutschein-100-768x768.jpg 768w, https:\/\/www.raffinessen.ch\/webseite\/wp-content\/uploads\/2021\/12\/Gutschein-100-36x36.jpg 36w, https:\/\/www.raffinessen.ch\/webseite\/wp-content\/uploads\/2021\/12\/Gutschein-100-180x180.jpg 180w, https:\/\/www.raffinessen.ch\/webseite\/wp-content\/uploads\/2021\/12\/Gutschein-100-705x705.jpg 705w, https:\/\/www.raffinessen.ch\/webseite\/wp-content\/uploads\/2021\/12\/Gutschein-100-100x100.jpg 100w, https:\/\/www.raffinessen.ch\/webseite\/wp-content\/uploads\/2021\/12\/Gutschein-100-1000x1000.jpg 1000w, https:\/\/www.raffinessen.ch\/webseite\/wp-content\/uploads\/2021\/12\/Gutschein-100.jpg 1500w\" sizes=\"auto, (max-width: 500px) 100vw, 500px\" \/><span class=\"cart-loading\"><\/span><\/div><div class='inner_product_header'><div class='avia-arrow'><\/div><div class='inner_product_header_table'><div class='inner_product_header_cell'><h2 class=\"woocommerce-loop-product__title\">Bon d'achat 100<\/h2>\n\t<span class=\"price\"><span class=\"woocommerce-Price-amount amount\"><bdi><span class=\"woocommerce-Price-currencySymbol\">&#67;&#72;&#70;<\/span>&nbsp;100.00<\/bdi><\/span> <small class=\"woocommerce-price-suffix\">TVA incluse<\/small><\/span>\n<\/div><\/div><\/div><\/a><div class='avia_cart_buttons'><a href=\"\/fr\/wp-json\/wp\/v2\/pages\/9012?add-to-cart=10082\" aria-describedby=\"woocommerce_loop_add_to_cart_link_describedby_10082\" data-quantity=\"1\" class=\"button product_type_simple add_to_cart_button ajax_add_to_cart\" data-product_id=\"10082\" data-product_sku=\"GSO-049\" aria-label=\"Ajouter au panier\u00a0: \u201cGutschein 100\u201d\" rel=\"nofollow\" data-success_message=\"\u00ab\u00a0Gutschein 100\u00a0\u00bb a \u00e9t\u00e9 ajout\u00e9 \u00e0 votre panier\" role=\"button\" data-no-translation-aria-label=\"\" data-no-translation-data-success_message=\"\"><span class=\"avia-svg-icon avia-font-svg_entypo-fontello\" data-av_svg_icon='basket' data-av_iconset='svg_entypo-fontello'><svg version=\"1.1\" xmlns=\"http:\/\/www.w3.org\/2000\/svg\" width=\"29\" height=\"32\" viewbox=\"0 0 29 32\" preserveaspectratio=\"xMidYMid meet\" aria-labelledby='av-svg-title-483' aria-describedby='av-svg-desc-483' role=\"graphics-symbol\" aria-hidden=\"true\">\n<title id='av-svg-title-483'>Ajouter au panier<\/title>\n<desc id='av-svg-desc-483'>Ajouter au panier<\/desc>\n<path d=\"M4.8 27.2q0-1.28 0.96-2.24t2.24-0.96q1.344 0 2.272 0.96t0.928 2.24q0 1.344-0.928 2.272t-2.272 0.928q-1.28 0-2.24-0.928t-0.96-2.272zM20.8 27.2q0-1.28 0.96-2.24t2.24-0.96q1.344 0 2.272 0.96t0.928 2.24q0 1.344-0.928 2.272t-2.272 0.928q-1.28 0-2.24-0.928t-0.96-2.272zM10.496 19.648q-1.152 0.32-1.088 0.736t1.408 0.416h17.984v2.432q0 0.64-0.64 0.64h-20.928q-0.64 0-0.64-0.64v-2.432l-0.32-1.472-3.136-14.528h-3.136v-2.56q0-0.64 0.64-0.64h4.992q0.64 0 0.64 0.64v2.752h22.528v8.768q0 0.704-0.576 0.832z\"><\/path>\n<\/svg><\/span>  Ajouter au panier<\/a>\t<span id=\"woocommerce_loop_add_to_cart_link_describedby_10082\" class=\"screen-reader-text\">\n\t\t\t<\/span>\n<a class=\"button show_details_button\" href=\"https:\/\/www.raffinessen.ch\/fr\/produit\/gutschein-100\/\"><span class=\"avia-svg-icon avia-font-svg_entypo-fontello\" data-av_svg_icon='doc-text' data-av_iconset='svg_entypo-fontello'><svg version=\"1.1\" xmlns=\"http:\/\/www.w3.org\/2000\/svg\" width=\"22\" height=\"32\" viewbox=\"0 0 22 32\" preserveaspectratio=\"xMidYMid meet\" aria-labelledby='av-svg-title-484' aria-describedby='av-svg-desc-484' role=\"graphics-symbol\" aria-hidden=\"true\">\n<title id='av-svg-title-484'>Voir les d\u00e9tails<\/title>\n<desc id='av-svg-desc-484'>Voir les d\u00e9tails<\/desc>\n<path d=\"M6.784 17.344v-2.88h8.96v2.88h-8.96zM19.2 1.6q1.344 0 2.272 0.928t0.928 2.272v22.4q0 1.28-0.928 2.24t-2.272 0.96h-16q-1.28 0-2.24-0.96t-0.96-2.24v-22.4q0-1.344 0.96-2.272t2.24-0.928h16zM19.2 27.2v-22.4h-16v22.4h16zM15.68 8.256v2.816h-8.96v-2.816h8.96zM15.68 20.8v2.816h-8.96v-2.816h8.96z\"><\/path>\n<\/svg><\/span>  Voir les d\u00e9tails<\/a> <span class=\"button-mini-delimiter\"><\/span><\/div><\/div><\/li>\n<li class=\"product type-product post-10080 status-publish instock product_cat-ab-chf-30 product_cat-geschenksets has-post-thumbnail taxable shipping-taxable purchasable product-type-simple\">\n\t<div class='inner_product main_color wrapped_style noLightbox  av-product-class-'><a href=\"https:\/\/www.raffinessen.ch\/fr\/produit\/gutschein-50\/\" class=\"woocommerce-LoopProduct-link woocommerce-loop-product__link\"><div class=\"thumbnail_container\"><img loading=\"lazy\" decoding=\"async\" width=\"500\" height=\"500\" src=\"https:\/\/www.raffinessen.ch\/webseite\/wp-content\/uploads\/2017\/05\/Postkarte-500x500.jpg\" class=\"attachment-woocommerce_thumbnail avia-product-hover\" alt=\"\" srcset=\"https:\/\/www.raffinessen.ch\/webseite\/wp-content\/uploads\/2017\/05\/Postkarte-500x500.jpg 500w, https:\/\/www.raffinessen.ch\/webseite\/wp-content\/uploads\/2017\/05\/Postkarte-1000x1000.jpg 1000w, https:\/\/www.raffinessen.ch\/webseite\/wp-content\/uploads\/2017\/05\/Postkarte-100x100.jpg 100w, https:\/\/www.raffinessen.ch\/webseite\/wp-content\/uploads\/2017\/05\/Postkarte-80x80.jpg 80w, https:\/\/www.raffinessen.ch\/webseite\/wp-content\/uploads\/2017\/05\/Postkarte-300x300.jpg 300w, https:\/\/www.raffinessen.ch\/webseite\/wp-content\/uploads\/2017\/05\/Postkarte-768x768.jpg 768w, https:\/\/www.raffinessen.ch\/webseite\/wp-content\/uploads\/2017\/05\/Postkarte-1030x1030.jpg 1030w, https:\/\/www.raffinessen.ch\/webseite\/wp-content\/uploads\/2017\/05\/Postkarte-36x36.jpg 36w, https:\/\/www.raffinessen.ch\/webseite\/wp-content\/uploads\/2017\/05\/Postkarte-180x180.jpg 180w, https:\/\/www.raffinessen.ch\/webseite\/wp-content\/uploads\/2017\/05\/Postkarte-705x705.jpg 705w, https:\/\/www.raffinessen.ch\/webseite\/wp-content\/uploads\/2017\/05\/Postkarte.jpg 1200w\" sizes=\"auto, (max-width: 500px) 100vw, 500px\" \/><img decoding=\"async\" loading=\"lazy\" width=\"500\" height=\"500\" src=\"https:\/\/www.raffinessen.ch\/webseite\/wp-content\/uploads\/2021\/12\/Gutschein-50-500x500.jpg\" class=\"wp-image-10076 avia-img-lazy-loading-10076 attachment-woocommerce_thumbnail size-woocommerce_thumbnail wp-post-image\" alt=\"\" srcset=\"https:\/\/www.raffinessen.ch\/webseite\/wp-content\/uploads\/2021\/12\/Gutschein-50-500x500.jpg 500w, https:\/\/www.raffinessen.ch\/webseite\/wp-content\/uploads\/2021\/12\/Gutschein-50-300x300.jpg 300w, https:\/\/www.raffinessen.ch\/webseite\/wp-content\/uploads\/2021\/12\/Gutschein-50-1030x1030.jpg 1030w, https:\/\/www.raffinessen.ch\/webseite\/wp-content\/uploads\/2021\/12\/Gutschein-50-80x80.jpg 80w, https:\/\/www.raffinessen.ch\/webseite\/wp-content\/uploads\/2021\/12\/Gutschein-50-768x768.jpg 768w, https:\/\/www.raffinessen.ch\/webseite\/wp-content\/uploads\/2021\/12\/Gutschein-50-36x36.jpg 36w, https:\/\/www.raffinessen.ch\/webseite\/wp-content\/uploads\/2021\/12\/Gutschein-50-180x180.jpg 180w, https:\/\/www.raffinessen.ch\/webseite\/wp-content\/uploads\/2021\/12\/Gutschein-50-705x705.jpg 705w, https:\/\/www.raffinessen.ch\/webseite\/wp-content\/uploads\/2021\/12\/Gutschein-50-100x100.jpg 100w, https:\/\/www.raffinessen.ch\/webseite\/wp-content\/uploads\/2021\/12\/Gutschein-50-1000x1000.jpg 1000w, https:\/\/www.raffinessen.ch\/webseite\/wp-content\/uploads\/2021\/12\/Gutschein-50.jpg 1500w\" sizes=\"auto, (max-width: 500px) 100vw, 500px\" \/><span class=\"cart-loading\"><\/span><\/div><div class='inner_product_header'><div class='avia-arrow'><\/div><div class='inner_product_header_table'><div class='inner_product_header_cell'><h2 class=\"woocommerce-loop-product__title\">Bon d'achat 50<\/h2>\n\t<span class=\"price\"><span class=\"woocommerce-Price-amount amount\"><bdi><span class=\"woocommerce-Price-currencySymbol\">&#67;&#72;&#70;<\/span>&nbsp;50.00<\/bdi><\/span> <small class=\"woocommerce-price-suffix\">TVA incluse<\/small><\/span>\n<\/div><\/div><\/div><\/a><div class='avia_cart_buttons'><a href=\"\/fr\/wp-json\/wp\/v2\/pages\/9012?add-to-cart=10080\" aria-describedby=\"woocommerce_loop_add_to_cart_link_describedby_10080\" data-quantity=\"1\" class=\"button product_type_simple add_to_cart_button ajax_add_to_cart\" data-product_id=\"10080\" data-product_sku=\"GSO-048\" aria-label=\"Ajouter au panier\u00a0: \u201cGutschein 50\u201d\" rel=\"nofollow\" data-success_message=\"\u00ab\u00a0Gutschein 50\u00a0\u00bb a \u00e9t\u00e9 ajout\u00e9 \u00e0 votre panier\" role=\"button\" data-no-translation-aria-label=\"\" data-no-translation-data-success_message=\"\"><span class=\"avia-svg-icon avia-font-svg_entypo-fontello\" data-av_svg_icon='basket' data-av_iconset='svg_entypo-fontello'><svg version=\"1.1\" xmlns=\"http:\/\/www.w3.org\/2000\/svg\" width=\"29\" height=\"32\" viewbox=\"0 0 29 32\" preserveaspectratio=\"xMidYMid meet\" aria-labelledby='av-svg-title-485' aria-describedby='av-svg-desc-485' role=\"graphics-symbol\" aria-hidden=\"true\">\n<title id='av-svg-title-485'>Ajouter au panier<\/title>\n<desc id='av-svg-desc-485'>Ajouter au panier<\/desc>\n<path d=\"M4.8 27.2q0-1.28 0.96-2.24t2.24-0.96q1.344 0 2.272 0.96t0.928 2.24q0 1.344-0.928 2.272t-2.272 0.928q-1.28 0-2.24-0.928t-0.96-2.272zM20.8 27.2q0-1.28 0.96-2.24t2.24-0.96q1.344 0 2.272 0.96t0.928 2.24q0 1.344-0.928 2.272t-2.272 0.928q-1.28 0-2.24-0.928t-0.96-2.272zM10.496 19.648q-1.152 0.32-1.088 0.736t1.408 0.416h17.984v2.432q0 0.64-0.64 0.64h-20.928q-0.64 0-0.64-0.64v-2.432l-0.32-1.472-3.136-14.528h-3.136v-2.56q0-0.64 0.64-0.64h4.992q0.64 0 0.64 0.64v2.752h22.528v8.768q0 0.704-0.576 0.832z\"><\/path>\n<\/svg><\/span>  Ajouter au panier<\/a>\t<span id=\"woocommerce_loop_add_to_cart_link_describedby_10080\" class=\"screen-reader-text\">\n\t\t\t<\/span>\n<a class=\"button show_details_button\" href=\"https:\/\/www.raffinessen.ch\/fr\/produit\/gutschein-50\/\"><span class=\"avia-svg-icon avia-font-svg_entypo-fontello\" data-av_svg_icon='doc-text' data-av_iconset='svg_entypo-fontello'><svg version=\"1.1\" xmlns=\"http:\/\/www.w3.org\/2000\/svg\" width=\"22\" height=\"32\" viewbox=\"0 0 22 32\" preserveaspectratio=\"xMidYMid meet\" aria-labelledby='av-svg-title-486' aria-describedby='av-svg-desc-486' role=\"graphics-symbol\" aria-hidden=\"true\">\n<title id='av-svg-title-486'>Voir les d\u00e9tails<\/title>\n<desc id='av-svg-desc-486'>Voir les d\u00e9tails<\/desc>\n<path d=\"M6.784 17.344v-2.88h8.96v2.88h-8.96zM19.2 1.6q1.344 0 2.272 0.928t0.928 2.272v22.4q0 1.28-0.928 2.24t-2.272 0.96h-16q-1.28 0-2.24-0.96t-0.96-2.24v-22.4q0-1.344 0.96-2.272t2.24-0.928h16zM19.2 27.2v-22.4h-16v22.4h16zM15.68 8.256v2.816h-8.96v-2.816h8.96zM15.68 20.8v2.816h-8.96v-2.816h8.96z\"><\/path>\n<\/svg><\/span>  Voir les d\u00e9tails<\/a> <span class=\"button-mini-delimiter\"><\/span><\/div><\/div><\/li>\n<li class=\"product type-product post-14774 status-publish last instock product_cat-ab-chf-30 product_cat-geschenksets has-post-thumbnail taxable shipping-taxable purchasable product-type-simple\">\n\t<div class='inner_product main_color wrapped_style noLightbox  av-product-class-'><a href=\"https:\/\/www.raffinessen.ch\/fr\/produit\/set-2x-toni\/\" class=\"woocommerce-LoopProduct-link woocommerce-loop-product__link\"><div class=\"thumbnail_container\"><img loading=\"lazy\" decoding=\"async\" width=\"500\" height=\"500\" src=\"https:\/\/www.raffinessen.ch\/webseite\/wp-content\/uploads\/2022\/12\/Geschenkverpackung-rote-Schleife-500x500.jpg\" class=\"attachment-woocommerce_thumbnail avia-product-hover\" alt=\"\" srcset=\"https:\/\/www.raffinessen.ch\/webseite\/wp-content\/uploads\/2022\/12\/Geschenkverpackung-rote-Schleife-500x500.jpg 500w, https:\/\/www.raffinessen.ch\/webseite\/wp-content\/uploads\/2022\/12\/Geschenkverpackung-rote-Schleife-300x300.jpg 300w, https:\/\/www.raffinessen.ch\/webseite\/wp-content\/uploads\/2022\/12\/Geschenkverpackung-rote-Schleife-1030x1030.jpg 1030w, https:\/\/www.raffinessen.ch\/webseite\/wp-content\/uploads\/2022\/12\/Geschenkverpackung-rote-Schleife-80x80.jpg 80w, https:\/\/www.raffinessen.ch\/webseite\/wp-content\/uploads\/2022\/12\/Geschenkverpackung-rote-Schleife-768x768.jpg 768w, https:\/\/www.raffinessen.ch\/webseite\/wp-content\/uploads\/2022\/12\/Geschenkverpackung-rote-Schleife-36x36.jpg 36w, https:\/\/www.raffinessen.ch\/webseite\/wp-content\/uploads\/2022\/12\/Geschenkverpackung-rote-Schleife-180x180.jpg 180w, https:\/\/www.raffinessen.ch\/webseite\/wp-content\/uploads\/2022\/12\/Geschenkverpackung-rote-Schleife-705x705.jpg 705w, https:\/\/www.raffinessen.ch\/webseite\/wp-content\/uploads\/2022\/12\/Geschenkverpackung-rote-Schleife-120x120.jpg 120w, https:\/\/www.raffinessen.ch\/webseite\/wp-content\/uploads\/2022\/12\/Geschenkverpackung-rote-Schleife-450x450.jpg 450w, https:\/\/www.raffinessen.ch\/webseite\/wp-content\/uploads\/2022\/12\/Geschenkverpackung-rote-Schleife-1000x1000.jpg 1000w, https:\/\/www.raffinessen.ch\/webseite\/wp-content\/uploads\/2022\/12\/Geschenkverpackung-rote-Schleife-100x100.jpg 100w, https:\/\/www.raffinessen.ch\/webseite\/wp-content\/uploads\/2022\/12\/Geschenkverpackung-rote-Schleife.jpg 1500w\" sizes=\"auto, (max-width: 500px) 100vw, 500px\" \/><img decoding=\"async\" loading=\"lazy\" width=\"500\" height=\"500\" src=\"https:\/\/www.raffinessen.ch\/webseite\/wp-content\/uploads\/2022\/12\/SET_2x-TONI-500x500.jpg\" class=\"wp-image-14775 avia-img-lazy-loading-14775 attachment-woocommerce_thumbnail size-woocommerce_thumbnail wp-post-image\" alt=\"CrushGrind Keramikmahlwerk\" srcset=\"https:\/\/www.raffinessen.ch\/webseite\/wp-content\/uploads\/2022\/12\/SET_2x-TONI-500x500.jpg 500w, https:\/\/www.raffinessen.ch\/webseite\/wp-content\/uploads\/2022\/12\/SET_2x-TONI-300x300.jpg 300w, https:\/\/www.raffinessen.ch\/webseite\/wp-content\/uploads\/2022\/12\/SET_2x-TONI-1030x1030.jpg 1030w, https:\/\/www.raffinessen.ch\/webseite\/wp-content\/uploads\/2022\/12\/SET_2x-TONI-80x80.jpg 80w, https:\/\/www.raffinessen.ch\/webseite\/wp-content\/uploads\/2022\/12\/SET_2x-TONI-768x768.jpg 768w, https:\/\/www.raffinessen.ch\/webseite\/wp-content\/uploads\/2022\/12\/SET_2x-TONI-36x36.jpg 36w, https:\/\/www.raffinessen.ch\/webseite\/wp-content\/uploads\/2022\/12\/SET_2x-TONI-180x180.jpg 180w, https:\/\/www.raffinessen.ch\/webseite\/wp-content\/uploads\/2022\/12\/SET_2x-TONI-705x705.jpg 705w, https:\/\/www.raffinessen.ch\/webseite\/wp-content\/uploads\/2022\/12\/SET_2x-TONI-120x120.jpg 120w, https:\/\/www.raffinessen.ch\/webseite\/wp-content\/uploads\/2022\/12\/SET_2x-TONI-450x450.jpg 450w, https:\/\/www.raffinessen.ch\/webseite\/wp-content\/uploads\/2022\/12\/SET_2x-TONI-1000x1000.jpg 1000w, https:\/\/www.raffinessen.ch\/webseite\/wp-content\/uploads\/2022\/12\/SET_2x-TONI-100x100.jpg 100w, https:\/\/www.raffinessen.ch\/webseite\/wp-content\/uploads\/2022\/12\/SET_2x-TONI.jpg 1500w\" sizes=\"auto, (max-width: 500px) 100vw, 500px\" \/><span class=\"cart-loading\"><\/span><\/div><div class='inner_product_header'><div class='avia-arrow'><\/div><div class='inner_product_header_table'><div class='inner_product_header_cell'><h2 class=\"woocommerce-loop-product__title\">SET - 2x TONI<\/h2>\n\t<span class=\"price\"><span class=\"woocommerce-Price-amount amount\"><bdi><span class=\"woocommerce-Price-currencySymbol\">&#67;&#72;&#70;<\/span>&nbsp;120.00<\/bdi><\/span> <small class=\"woocommerce-price-suffix\">TVA incluse<\/small><\/span>\n<\/div><\/div><\/div><\/a><div class='avia_cart_buttons'><a href=\"\/fr\/wp-json\/wp\/v2\/pages\/9012?add-to-cart=14774\" aria-describedby=\"woocommerce_loop_add_to_cart_link_describedby_14774\" data-quantity=\"1\" class=\"button product_type_simple add_to_cart_button ajax_add_to_cart\" data-product_id=\"14774\" data-product_sku=\"GSO-053\" aria-label=\"Ajouter au panier\u00a0: \u201cSET - 2x TONI\u201d\" rel=\"nofollow\" data-success_message=\"\u00ab\u00a0SET - 2x TONI\u00a0\u00bb a \u00e9t\u00e9 ajout\u00e9 \u00e0 votre panier\" role=\"button\" data-no-translation-aria-label=\"\" data-no-translation-data-success_message=\"\"><span class=\"avia-svg-icon avia-font-svg_entypo-fontello\" data-av_svg_icon='basket' data-av_iconset='svg_entypo-fontello'><svg version=\"1.1\" xmlns=\"http:\/\/www.w3.org\/2000\/svg\" width=\"29\" height=\"32\" viewbox=\"0 0 29 32\" preserveaspectratio=\"xMidYMid meet\" aria-labelledby='av-svg-title-487' aria-describedby='av-svg-desc-487' role=\"graphics-symbol\" aria-hidden=\"true\">\n<title id='av-svg-title-487'>Ajouter au panier<\/title>\n<desc id='av-svg-desc-487'>Ajouter au panier<\/desc>\n<path d=\"M4.8 27.2q0-1.28 0.96-2.24t2.24-0.96q1.344 0 2.272 0.96t0.928 2.24q0 1.344-0.928 2.272t-2.272 0.928q-1.28 0-2.24-0.928t-0.96-2.272zM20.8 27.2q0-1.28 0.96-2.24t2.24-0.96q1.344 0 2.272 0.96t0.928 2.24q0 1.344-0.928 2.272t-2.272 0.928q-1.28 0-2.24-0.928t-0.96-2.272zM10.496 19.648q-1.152 0.32-1.088 0.736t1.408 0.416h17.984v2.432q0 0.64-0.64 0.64h-20.928q-0.64 0-0.64-0.64v-2.432l-0.32-1.472-3.136-14.528h-3.136v-2.56q0-0.64 0.64-0.64h4.992q0.64 0 0.64 0.64v2.752h22.528v8.768q0 0.704-0.576 0.832z\"><\/path>\n<\/svg><\/span>  Ajouter au panier<\/a>\t<span id=\"woocommerce_loop_add_to_cart_link_describedby_14774\" class=\"screen-reader-text\">\n\t\t\t<\/span>\n<a class=\"button show_details_button\" href=\"https:\/\/www.raffinessen.ch\/fr\/produit\/set-2x-toni\/\"><span class=\"avia-svg-icon avia-font-svg_entypo-fontello\" data-av_svg_icon='doc-text' data-av_iconset='svg_entypo-fontello'><svg version=\"1.1\" xmlns=\"http:\/\/www.w3.org\/2000\/svg\" width=\"22\" height=\"32\" viewbox=\"0 0 22 32\" preserveaspectratio=\"xMidYMid meet\" aria-labelledby='av-svg-title-488' aria-describedby='av-svg-desc-488' role=\"graphics-symbol\" aria-hidden=\"true\">\n<title id='av-svg-title-488'>Voir les d\u00e9tails<\/title>\n<desc id='av-svg-desc-488'>Voir les d\u00e9tails<\/desc>\n<path d=\"M6.784 17.344v-2.88h8.96v2.88h-8.96zM19.2 1.6q1.344 0 2.272 0.928t0.928 2.272v22.4q0 1.28-0.928 2.24t-2.272 0.96h-16q-1.28 0-2.24-0.96t-0.96-2.24v-22.4q0-1.344 0.96-2.272t2.24-0.928h16zM19.2 27.2v-22.4h-16v22.4h16zM15.68 8.256v2.816h-8.96v-2.816h8.96zM15.68 20.8v2.816h-8.96v-2.816h8.96z\"><\/path>\n<\/svg><\/span>  Voir les d\u00e9tails<\/a> <span class=\"button-mini-delimiter\"><\/span><\/div><\/div><\/li>\n<li class=\"product type-product post-14781 status-publish first outofstock product_cat-ab-chf-30 product_cat-geschenksets has-post-thumbnail taxable shipping-taxable purchasable product-type-simple\">\n\t<div class='inner_product main_color wrapped_style noLightbox  av-product-class-'><a href=\"https:\/\/www.raffinessen.ch\/fr\/produit\/set-hugo-mit-birds-eye-chili\/\" class=\"woocommerce-LoopProduct-link woocommerce-loop-product__link\"><div class=\"thumbnail_container\"><img loading=\"lazy\" decoding=\"async\" width=\"500\" height=\"500\" src=\"https:\/\/www.raffinessen.ch\/webseite\/wp-content\/uploads\/2022\/12\/SET_HUGO-Vorschneidewerk-500x500.jpg\" class=\"attachment-woocommerce_thumbnail avia-product-hover\" alt=\"\" srcset=\"https:\/\/www.raffinessen.ch\/webseite\/wp-content\/uploads\/2022\/12\/SET_HUGO-Vorschneidewerk-500x500.jpg 500w, https:\/\/www.raffinessen.ch\/webseite\/wp-content\/uploads\/2022\/12\/SET_HUGO-Vorschneidewerk-300x300.jpg 300w, https:\/\/www.raffinessen.ch\/webseite\/wp-content\/uploads\/2022\/12\/SET_HUGO-Vorschneidewerk-1030x1030.jpg 1030w, https:\/\/www.raffinessen.ch\/webseite\/wp-content\/uploads\/2022\/12\/SET_HUGO-Vorschneidewerk-80x80.jpg 80w, https:\/\/www.raffinessen.ch\/webseite\/wp-content\/uploads\/2022\/12\/SET_HUGO-Vorschneidewerk-768x768.jpg 768w, https:\/\/www.raffinessen.ch\/webseite\/wp-content\/uploads\/2022\/12\/SET_HUGO-Vorschneidewerk-36x36.jpg 36w, https:\/\/www.raffinessen.ch\/webseite\/wp-content\/uploads\/2022\/12\/SET_HUGO-Vorschneidewerk-180x180.jpg 180w, https:\/\/www.raffinessen.ch\/webseite\/wp-content\/uploads\/2022\/12\/SET_HUGO-Vorschneidewerk-705x705.jpg 705w, https:\/\/www.raffinessen.ch\/webseite\/wp-content\/uploads\/2022\/12\/SET_HUGO-Vorschneidewerk-120x120.jpg 120w, https:\/\/www.raffinessen.ch\/webseite\/wp-content\/uploads\/2022\/12\/SET_HUGO-Vorschneidewerk-450x450.jpg 450w, https:\/\/www.raffinessen.ch\/webseite\/wp-content\/uploads\/2022\/12\/SET_HUGO-Vorschneidewerk-1000x1000.jpg 1000w, https:\/\/www.raffinessen.ch\/webseite\/wp-content\/uploads\/2022\/12\/SET_HUGO-Vorschneidewerk-100x100.jpg 100w, https:\/\/www.raffinessen.ch\/webseite\/wp-content\/uploads\/2022\/12\/SET_HUGO-Vorschneidewerk.jpg 1500w\" sizes=\"auto, (max-width: 500px) 100vw, 500px\" \/><img decoding=\"async\" loading=\"lazy\" width=\"500\" height=\"500\" src=\"https:\/\/www.raffinessen.ch\/webseite\/wp-content\/uploads\/2022\/12\/SET_HUGO-Birds-Eye-Chili-500x500.jpg\" class=\"wp-image-14782 avia-img-lazy-loading-14782 attachment-woocommerce_thumbnail size-woocommerce_thumbnail wp-post-image\" alt=\"Chili Vorschneidewerk\" srcset=\"https:\/\/www.raffinessen.ch\/webseite\/wp-content\/uploads\/2022\/12\/SET_HUGO-Birds-Eye-Chili-500x500.jpg 500w, https:\/\/www.raffinessen.ch\/webseite\/wp-content\/uploads\/2022\/12\/SET_HUGO-Birds-Eye-Chili-300x300.jpg 300w, https:\/\/www.raffinessen.ch\/webseite\/wp-content\/uploads\/2022\/12\/SET_HUGO-Birds-Eye-Chili-1030x1030.jpg 1030w, https:\/\/www.raffinessen.ch\/webseite\/wp-content\/uploads\/2022\/12\/SET_HUGO-Birds-Eye-Chili-80x80.jpg 80w, https:\/\/www.raffinessen.ch\/webseite\/wp-content\/uploads\/2022\/12\/SET_HUGO-Birds-Eye-Chili-768x768.jpg 768w, https:\/\/www.raffinessen.ch\/webseite\/wp-content\/uploads\/2022\/12\/SET_HUGO-Birds-Eye-Chili-36x36.jpg 36w, https:\/\/www.raffinessen.ch\/webseite\/wp-content\/uploads\/2022\/12\/SET_HUGO-Birds-Eye-Chili-180x180.jpg 180w, https:\/\/www.raffinessen.ch\/webseite\/wp-content\/uploads\/2022\/12\/SET_HUGO-Birds-Eye-Chili-705x705.jpg 705w, https:\/\/www.raffinessen.ch\/webseite\/wp-content\/uploads\/2022\/12\/SET_HUGO-Birds-Eye-Chili-120x120.jpg 120w, https:\/\/www.raffinessen.ch\/webseite\/wp-content\/uploads\/2022\/12\/SET_HUGO-Birds-Eye-Chili-450x450.jpg 450w, https:\/\/www.raffinessen.ch\/webseite\/wp-content\/uploads\/2022\/12\/SET_HUGO-Birds-Eye-Chili-1000x1000.jpg 1000w, https:\/\/www.raffinessen.ch\/webseite\/wp-content\/uploads\/2022\/12\/SET_HUGO-Birds-Eye-Chili-100x100.jpg 100w, https:\/\/www.raffinessen.ch\/webseite\/wp-content\/uploads\/2022\/12\/SET_HUGO-Birds-Eye-Chili.jpg 1500w\" sizes=\"auto, (max-width: 500px) 100vw, 500px\" \/><span class=\"cart-loading\"><\/span><\/div><div class='inner_product_header'><div class='avia-arrow'><\/div><div class='inner_product_header_table'><div class='inner_product_header_cell'><h2 class=\"woocommerce-loop-product__title\">SET - HUGO avec Bird's Eye Chili<\/h2>\n\t<span class=\"price\"><span class=\"woocommerce-Price-amount amount\"><bdi><span class=\"woocommerce-Price-currencySymbol\">&#67;&#72;&#70;<\/span>&nbsp;75.00<\/bdi><\/span> <small class=\"woocommerce-price-suffix\">TVA incluse<\/small><\/span>\n<\/div><\/div><\/div><\/a><div class='avia_cart_buttons'><a href=\"https:\/\/www.raffinessen.ch\/fr\/produit\/set-hugo-mit-birds-eye-chili\/\" aria-describedby=\"woocommerce_loop_add_to_cart_link_describedby_14781\" data-quantity=\"1\" class=\"button product_type_simple\" data-product_id=\"14781\" data-product_sku=\"GSO-054\" aria-label=\"En savoir plus sur \u201cSET - HUGO mit Bird&#039;s Eye Chili\u201d\" rel=\"nofollow\" data-success_message=\"\" data-no-translation-aria-label=\"\"><span class=\"avia-svg-icon avia-font-svg_entypo-fontello\" data-av_svg_icon='basket' data-av_iconset='svg_entypo-fontello'><svg version=\"1.1\" xmlns=\"http:\/\/www.w3.org\/2000\/svg\" width=\"29\" height=\"32\" viewbox=\"0 0 29 32\" preserveaspectratio=\"xMidYMid meet\" aria-labelledby='av-svg-title-489' aria-describedby='av-svg-desc-489' role=\"graphics-symbol\" aria-hidden=\"true\">\n<title id='av-svg-title-489'>Ajouter au panier<\/title>\n<desc id='av-svg-desc-489'>Ajouter au panier<\/desc>\n<path d=\"M4.8 27.2q0-1.28 0.96-2.24t2.24-0.96q1.344 0 2.272 0.96t0.928 2.24q0 1.344-0.928 2.272t-2.272 0.928q-1.28 0-2.24-0.928t-0.96-2.272zM20.8 27.2q0-1.28 0.96-2.24t2.24-0.96q1.344 0 2.272 0.96t0.928 2.24q0 1.344-0.928 2.272t-2.272 0.928q-1.28 0-2.24-0.928t-0.96-2.272zM10.496 19.648q-1.152 0.32-1.088 0.736t1.408 0.416h17.984v2.432q0 0.64-0.64 0.64h-20.928q-0.64 0-0.64-0.64v-2.432l-0.32-1.472-3.136-14.528h-3.136v-2.56q0-0.64 0.64-0.64h4.992q0.64 0 0.64 0.64v2.752h22.528v8.768q0 0.704-0.576 0.832z\"><\/path>\n<\/svg><\/span>  Lire la suite<\/a>\t<span id=\"woocommerce_loop_add_to_cart_link_describedby_14781\" class=\"screen-reader-text\">\n\t\t\t<\/span>\n<a class=\"button show_details_button\" href=\"https:\/\/www.raffinessen.ch\/fr\/produit\/set-hugo-mit-birds-eye-chili\/\"><span class=\"avia-svg-icon avia-font-svg_entypo-fontello\" data-av_svg_icon='doc-text' data-av_iconset='svg_entypo-fontello'><svg version=\"1.1\" xmlns=\"http:\/\/www.w3.org\/2000\/svg\" width=\"22\" height=\"32\" viewbox=\"0 0 22 32\" preserveaspectratio=\"xMidYMid meet\" aria-labelledby='av-svg-title-490' aria-describedby='av-svg-desc-490' role=\"graphics-symbol\" aria-hidden=\"true\">\n<title id='av-svg-title-490'>Voir les d\u00e9tails<\/title>\n<desc id='av-svg-desc-490'>Voir les d\u00e9tails<\/desc>\n<path d=\"M6.784 17.344v-2.88h8.96v2.88h-8.96zM19.2 1.6q1.344 0 2.272 0.928t0.928 2.272v22.4q0 1.28-0.928 2.24t-2.272 0.96h-16q-1.28 0-2.24-0.96t-0.96-2.24v-22.4q0-1.344 0.96-2.272t2.24-0.928h16zM19.2 27.2v-22.4h-16v22.4h16zM15.68 8.256v2.816h-8.96v-2.816h8.96zM15.68 20.8v2.816h-8.96v-2.816h8.96z\"><\/path>\n<\/svg><\/span>  Voir les d\u00e9tails<\/a> <span class=\"button-mini-delimiter\"><\/span><\/div><\/div><\/li>\n<li class=\"product type-product post-2222 status-publish instock product_cat-ab-chf-30 product_cat-geschenksets has-post-thumbnail taxable shipping-taxable purchasable product-type-simple\">\n\t<div class='inner_product main_color wrapped_style noLightbox  av-product-class-'><a href=\"https:\/\/www.raffinessen.ch\/fr\/produit\/das-kleine-rote-mit-muehle\/\" class=\"woocommerce-LoopProduct-link woocommerce-loop-product__link\"><div class=\"thumbnail_container\"><img loading=\"lazy\" decoding=\"async\" width=\"500\" height=\"500\" src=\"https:\/\/www.raffinessen.ch\/webseite\/wp-content\/uploads\/2018\/12\/roter-kampot-pfeffer-500x500.jpg\" class=\"attachment-woocommerce_thumbnail avia-product-hover\" alt=\"\" srcset=\"https:\/\/www.raffinessen.ch\/webseite\/wp-content\/uploads\/2018\/12\/roter-kampot-pfeffer-500x500.jpg 500w, https:\/\/www.raffinessen.ch\/webseite\/wp-content\/uploads\/2018\/12\/roter-kampot-pfeffer-80x80.jpg 80w, https:\/\/www.raffinessen.ch\/webseite\/wp-content\/uploads\/2018\/12\/roter-kampot-pfeffer-300x300.jpg 300w, https:\/\/www.raffinessen.ch\/webseite\/wp-content\/uploads\/2018\/12\/roter-kampot-pfeffer-768x768.jpg 768w, https:\/\/www.raffinessen.ch\/webseite\/wp-content\/uploads\/2018\/12\/roter-kampot-pfeffer-1030x1030.jpg 1030w, https:\/\/www.raffinessen.ch\/webseite\/wp-content\/uploads\/2018\/12\/roter-kampot-pfeffer-36x36.jpg 36w, https:\/\/www.raffinessen.ch\/webseite\/wp-content\/uploads\/2018\/12\/roter-kampot-pfeffer-180x180.jpg 180w, https:\/\/www.raffinessen.ch\/webseite\/wp-content\/uploads\/2018\/12\/roter-kampot-pfeffer-1500x1500.jpg 1500w, https:\/\/www.raffinessen.ch\/webseite\/wp-content\/uploads\/2018\/12\/roter-kampot-pfeffer-705x705.jpg 705w, https:\/\/www.raffinessen.ch\/webseite\/wp-content\/uploads\/2018\/12\/roter-kampot-pfeffer-100x100.jpg 100w, https:\/\/www.raffinessen.ch\/webseite\/wp-content\/uploads\/2018\/12\/roter-kampot-pfeffer-1000x1000.jpg 1000w, https:\/\/www.raffinessen.ch\/webseite\/wp-content\/uploads\/2018\/12\/roter-kampot-pfeffer.jpg 2000w\" sizes=\"auto, (max-width: 500px) 100vw, 500px\" \/><img decoding=\"async\" loading=\"lazy\" width=\"500\" height=\"500\" src=\"https:\/\/www.raffinessen.ch\/webseite\/wp-content\/uploads\/2017\/01\/set-klein-mit-muehle-500x500.jpg\" class=\"wp-image-2216 avia-img-lazy-loading-2216 attachment-woocommerce_thumbnail size-woocommerce_thumbnail wp-post-image\" alt=\"\" srcset=\"https:\/\/www.raffinessen.ch\/webseite\/wp-content\/uploads\/2017\/01\/set-klein-mit-muehle-500x500.jpg 500w, https:\/\/www.raffinessen.ch\/webseite\/wp-content\/uploads\/2017\/01\/set-klein-mit-muehle-1000x1000.jpg 1000w, https:\/\/www.raffinessen.ch\/webseite\/wp-content\/uploads\/2017\/01\/set-klein-mit-muehle-100x100.jpg 100w, https:\/\/www.raffinessen.ch\/webseite\/wp-content\/uploads\/2017\/01\/set-klein-mit-muehle-80x80.jpg 80w, https:\/\/www.raffinessen.ch\/webseite\/wp-content\/uploads\/2017\/01\/set-klein-mit-muehle-300x300.jpg 300w, https:\/\/www.raffinessen.ch\/webseite\/wp-content\/uploads\/2017\/01\/set-klein-mit-muehle-768x768.jpg 768w, https:\/\/www.raffinessen.ch\/webseite\/wp-content\/uploads\/2017\/01\/set-klein-mit-muehle-1030x1030.jpg 1030w, https:\/\/www.raffinessen.ch\/webseite\/wp-content\/uploads\/2017\/01\/set-klein-mit-muehle-36x36.jpg 36w, https:\/\/www.raffinessen.ch\/webseite\/wp-content\/uploads\/2017\/01\/set-klein-mit-muehle-180x180.jpg 180w, https:\/\/www.raffinessen.ch\/webseite\/wp-content\/uploads\/2017\/01\/set-klein-mit-muehle-705x705.jpg 705w, https:\/\/www.raffinessen.ch\/webseite\/wp-content\/uploads\/2017\/01\/set-klein-mit-muehle.jpg 1200w\" sizes=\"auto, (max-width: 500px) 100vw, 500px\" \/><span class=\"cart-loading\"><\/span><\/div><div class='inner_product_header'><div class='avia-arrow'><\/div><div class='inner_product_header_table'><div class='inner_product_header_cell'><h2 class=\"woocommerce-loop-product__title\">SET - Le petit rouge avec moulin<\/h2>\n\t<span class=\"price\"><span class=\"woocommerce-Price-amount amount\"><bdi><span class=\"woocommerce-Price-currencySymbol\">&#67;&#72;&#70;<\/span>&nbsp;35.00<\/bdi><\/span> <small class=\"woocommerce-price-suffix\">TVA incluse<\/small><\/span>\n<\/div><\/div><\/div><\/a><div class='avia_cart_buttons'><a href=\"\/fr\/wp-json\/wp\/v2\/pages\/9012?add-to-cart=2222\" aria-describedby=\"woocommerce_loop_add_to_cart_link_describedby_2222\" data-quantity=\"1\" class=\"button product_type_simple add_to_cart_button ajax_add_to_cart\" data-product_id=\"2222\" data-product_sku=\"GSO-014\" aria-label=\"Ajouter au panier\u00a0: \u201cSET - Das kleine Rote mit M\u00fchle\u201d\" rel=\"nofollow\" data-success_message=\"\u00ab\u00a0SET - Das kleine Rote mit M\u00fchle\u00a0\u00bb a \u00e9t\u00e9 ajout\u00e9 \u00e0 votre panier\" role=\"button\" data-no-translation-aria-label=\"\" data-no-translation-data-success_message=\"\"><span class=\"avia-svg-icon avia-font-svg_entypo-fontello\" data-av_svg_icon='basket' data-av_iconset='svg_entypo-fontello'><svg version=\"1.1\" xmlns=\"http:\/\/www.w3.org\/2000\/svg\" width=\"29\" height=\"32\" viewbox=\"0 0 29 32\" preserveaspectratio=\"xMidYMid meet\" aria-labelledby='av-svg-title-491' aria-describedby='av-svg-desc-491' role=\"graphics-symbol\" aria-hidden=\"true\">\n<title id='av-svg-title-491'>Ajouter au panier<\/title>\n<desc id='av-svg-desc-491'>Ajouter au panier<\/desc>\n<path d=\"M4.8 27.2q0-1.28 0.96-2.24t2.24-0.96q1.344 0 2.272 0.96t0.928 2.24q0 1.344-0.928 2.272t-2.272 0.928q-1.28 0-2.24-0.928t-0.96-2.272zM20.8 27.2q0-1.28 0.96-2.24t2.24-0.96q1.344 0 2.272 0.96t0.928 2.24q0 1.344-0.928 2.272t-2.272 0.928q-1.28 0-2.24-0.928t-0.96-2.272zM10.496 19.648q-1.152 0.32-1.088 0.736t1.408 0.416h17.984v2.432q0 0.64-0.64 0.64h-20.928q-0.64 0-0.64-0.64v-2.432l-0.32-1.472-3.136-14.528h-3.136v-2.56q0-0.64 0.64-0.64h4.992q0.64 0 0.64 0.64v2.752h22.528v8.768q0 0.704-0.576 0.832z\"><\/path>\n<\/svg><\/span>  Ajouter au panier<\/a>\t<span id=\"woocommerce_loop_add_to_cart_link_describedby_2222\" class=\"screen-reader-text\">\n\t\t\t<\/span>\n<a class=\"button show_details_button\" href=\"https:\/\/www.raffinessen.ch\/fr\/produit\/das-kleine-rote-mit-muehle\/\"><span class=\"avia-svg-icon avia-font-svg_entypo-fontello\" data-av_svg_icon='doc-text' data-av_iconset='svg_entypo-fontello'><svg version=\"1.1\" xmlns=\"http:\/\/www.w3.org\/2000\/svg\" width=\"22\" height=\"32\" viewbox=\"0 0 22 32\" preserveaspectratio=\"xMidYMid meet\" aria-labelledby='av-svg-title-492' aria-describedby='av-svg-desc-492' role=\"graphics-symbol\" aria-hidden=\"true\">\n<title id='av-svg-title-492'>Voir les d\u00e9tails<\/title>\n<desc id='av-svg-desc-492'>Voir les d\u00e9tails<\/desc>\n<path d=\"M6.784 17.344v-2.88h8.96v2.88h-8.96zM19.2 1.6q1.344 0 2.272 0.928t0.928 2.272v22.4q0 1.28-0.928 2.24t-2.272 0.96h-16q-1.28 0-2.24-0.96t-0.96-2.24v-22.4q0-1.344 0.96-2.272t2.24-0.928h16zM19.2 27.2v-22.4h-16v22.4h16zM15.68 8.256v2.816h-8.96v-2.816h8.96zM15.68 20.8v2.816h-8.96v-2.816h8.96z\"><\/path>\n<\/svg><\/span>  Voir les d\u00e9tails<\/a> <span class=\"button-mini-delimiter\"><\/span><\/div><\/div><\/li>\n<li class=\"product type-product post-2022 status-publish instock product_cat-ab-chf-30 product_cat-geschenksets has-post-thumbnail taxable shipping-taxable purchasable product-type-simple\">\n\t<div class='inner_product main_color wrapped_style noLightbox  av-product-class-'><a href=\"https:\/\/www.raffinessen.ch\/fr\/produit\/kampot-pfeffer-mit-muehle-postkarte-und-geschenkbox\/\" class=\"woocommerce-LoopProduct-link woocommerce-loop-product__link\"><div class=\"thumbnail_container\"><img loading=\"lazy\" decoding=\"async\" width=\"500\" height=\"500\" src=\"https:\/\/www.raffinessen.ch\/webseite\/wp-content\/uploads\/2018\/12\/roter-kampot-pfeffer-500x500.jpg\" class=\"attachment-woocommerce_thumbnail avia-product-hover\" alt=\"\" srcset=\"https:\/\/www.raffinessen.ch\/webseite\/wp-content\/uploads\/2018\/12\/roter-kampot-pfeffer-500x500.jpg 500w, https:\/\/www.raffinessen.ch\/webseite\/wp-content\/uploads\/2018\/12\/roter-kampot-pfeffer-80x80.jpg 80w, https:\/\/www.raffinessen.ch\/webseite\/wp-content\/uploads\/2018\/12\/roter-kampot-pfeffer-300x300.jpg 300w, https:\/\/www.raffinessen.ch\/webseite\/wp-content\/uploads\/2018\/12\/roter-kampot-pfeffer-768x768.jpg 768w, https:\/\/www.raffinessen.ch\/webseite\/wp-content\/uploads\/2018\/12\/roter-kampot-pfeffer-1030x1030.jpg 1030w, https:\/\/www.raffinessen.ch\/webseite\/wp-content\/uploads\/2018\/12\/roter-kampot-pfeffer-36x36.jpg 36w, https:\/\/www.raffinessen.ch\/webseite\/wp-content\/uploads\/2018\/12\/roter-kampot-pfeffer-180x180.jpg 180w, https:\/\/www.raffinessen.ch\/webseite\/wp-content\/uploads\/2018\/12\/roter-kampot-pfeffer-1500x1500.jpg 1500w, https:\/\/www.raffinessen.ch\/webseite\/wp-content\/uploads\/2018\/12\/roter-kampot-pfeffer-705x705.jpg 705w, https:\/\/www.raffinessen.ch\/webseite\/wp-content\/uploads\/2018\/12\/roter-kampot-pfeffer-100x100.jpg 100w, https:\/\/www.raffinessen.ch\/webseite\/wp-content\/uploads\/2018\/12\/roter-kampot-pfeffer-1000x1000.jpg 1000w, https:\/\/www.raffinessen.ch\/webseite\/wp-content\/uploads\/2018\/12\/roter-kampot-pfeffer.jpg 2000w\" sizes=\"auto, (max-width: 500px) 100vw, 500px\" \/><img decoding=\"async\" loading=\"lazy\" width=\"500\" height=\"500\" src=\"https:\/\/www.raffinessen.ch\/webseite\/wp-content\/uploads\/2016\/12\/roter-pfeffer-muehle-geschenkbox-500x500.jpg\" class=\"wp-image-2023 avia-img-lazy-loading-2023 attachment-woocommerce_thumbnail size-woocommerce_thumbnail wp-post-image\" alt=\"\" srcset=\"https:\/\/www.raffinessen.ch\/webseite\/wp-content\/uploads\/2016\/12\/roter-pfeffer-muehle-geschenkbox-500x500.jpg 500w, https:\/\/www.raffinessen.ch\/webseite\/wp-content\/uploads\/2016\/12\/roter-pfeffer-muehle-geschenkbox-1000x1000.jpg 1000w, https:\/\/www.raffinessen.ch\/webseite\/wp-content\/uploads\/2016\/12\/roter-pfeffer-muehle-geschenkbox-100x100.jpg 100w, https:\/\/www.raffinessen.ch\/webseite\/wp-content\/uploads\/2016\/12\/roter-pfeffer-muehle-geschenkbox-80x80.jpg 80w, https:\/\/www.raffinessen.ch\/webseite\/wp-content\/uploads\/2016\/12\/roter-pfeffer-muehle-geschenkbox-300x300.jpg 300w, https:\/\/www.raffinessen.ch\/webseite\/wp-content\/uploads\/2016\/12\/roter-pfeffer-muehle-geschenkbox-768x768.jpg 768w, https:\/\/www.raffinessen.ch\/webseite\/wp-content\/uploads\/2016\/12\/roter-pfeffer-muehle-geschenkbox-1030x1030.jpg 1030w, https:\/\/www.raffinessen.ch\/webseite\/wp-content\/uploads\/2016\/12\/roter-pfeffer-muehle-geschenkbox-36x36.jpg 36w, https:\/\/www.raffinessen.ch\/webseite\/wp-content\/uploads\/2016\/12\/roter-pfeffer-muehle-geschenkbox-180x180.jpg 180w, https:\/\/www.raffinessen.ch\/webseite\/wp-content\/uploads\/2016\/12\/roter-pfeffer-muehle-geschenkbox-705x705.jpg 705w, https:\/\/www.raffinessen.ch\/webseite\/wp-content\/uploads\/2016\/12\/roter-pfeffer-muehle-geschenkbox.jpg 1500w\" sizes=\"auto, (max-width: 500px) 100vw, 500px\" \/><span class=\"cart-loading\"><\/span><\/div><div class='inner_product_header'><div class='avia-arrow'><\/div><div class='inner_product_header_table'><div class='inner_product_header_cell'><h2 class=\"woocommerce-loop-product__title\">Set - Poivre de Kampot rouge avec moulin, carte postale et bo\u00eete cadeau<\/h2>\n\t<span class=\"price\"><span class=\"woocommerce-Price-amount amount\"><bdi><span class=\"woocommerce-Price-currencySymbol\">&#67;&#72;&#70;<\/span>&nbsp;35.00<\/bdi><\/span> <small class=\"woocommerce-price-suffix\">TVA incluse<\/small><\/span>\n<\/div><\/div><\/div><\/a><div class='avia_cart_buttons'><a href=\"\/fr\/wp-json\/wp\/v2\/pages\/9012?add-to-cart=2022\" aria-describedby=\"woocommerce_loop_add_to_cart_link_describedby_2022\" data-quantity=\"1\" class=\"button product_type_simple add_to_cart_button ajax_add_to_cart\" data-product_id=\"2022\" data-product_sku=\"GSO-015\" aria-label=\"Ajouter au panier\u00a0: \u201cSet - Roter Kampot Pfeffer mit M\u00fchle, Postkarte und Geschenkbox\u201d\" rel=\"nofollow\" data-success_message=\"\u00ab\u00a0Set - Roter Kampot Pfeffer mit M\u00fchle, Postkarte und Geschenkbox\u00a0\u00bb a \u00e9t\u00e9 ajout\u00e9 \u00e0 votre panier\" role=\"button\" data-no-translation-aria-label=\"\" data-no-translation-data-success_message=\"\"><span class=\"avia-svg-icon avia-font-svg_entypo-fontello\" data-av_svg_icon='basket' data-av_iconset='svg_entypo-fontello'><svg version=\"1.1\" xmlns=\"http:\/\/www.w3.org\/2000\/svg\" width=\"29\" height=\"32\" viewbox=\"0 0 29 32\" preserveaspectratio=\"xMidYMid meet\" aria-labelledby='av-svg-title-493' aria-describedby='av-svg-desc-493' role=\"graphics-symbol\" aria-hidden=\"true\">\n<title id='av-svg-title-493'>Ajouter au panier<\/title>\n<desc id='av-svg-desc-493'>Ajouter au panier<\/desc>\n<path d=\"M4.8 27.2q0-1.28 0.96-2.24t2.24-0.96q1.344 0 2.272 0.96t0.928 2.24q0 1.344-0.928 2.272t-2.272 0.928q-1.28 0-2.24-0.928t-0.96-2.272zM20.8 27.2q0-1.28 0.96-2.24t2.24-0.96q1.344 0 2.272 0.96t0.928 2.24q0 1.344-0.928 2.272t-2.272 0.928q-1.28 0-2.24-0.928t-0.96-2.272zM10.496 19.648q-1.152 0.32-1.088 0.736t1.408 0.416h17.984v2.432q0 0.64-0.64 0.64h-20.928q-0.64 0-0.64-0.64v-2.432l-0.32-1.472-3.136-14.528h-3.136v-2.56q0-0.64 0.64-0.64h4.992q0.64 0 0.64 0.64v2.752h22.528v8.768q0 0.704-0.576 0.832z\"><\/path>\n<\/svg><\/span>  Ajouter au panier<\/a>\t<span id=\"woocommerce_loop_add_to_cart_link_describedby_2022\" class=\"screen-reader-text\">\n\t\t\t<\/span>\n<a class=\"button show_details_button\" href=\"https:\/\/www.raffinessen.ch\/fr\/produit\/kampot-pfeffer-mit-muehle-postkarte-und-geschenkbox\/\"><span class=\"avia-svg-icon avia-font-svg_entypo-fontello\" data-av_svg_icon='doc-text' data-av_iconset='svg_entypo-fontello'><svg version=\"1.1\" xmlns=\"http:\/\/www.w3.org\/2000\/svg\" width=\"22\" height=\"32\" viewbox=\"0 0 22 32\" preserveaspectratio=\"xMidYMid meet\" aria-labelledby='av-svg-title-494' aria-describedby='av-svg-desc-494' role=\"graphics-symbol\" aria-hidden=\"true\">\n<title id='av-svg-title-494'>Voir les d\u00e9tails<\/title>\n<desc id='av-svg-desc-494'>Voir les d\u00e9tails<\/desc>\n<path d=\"M6.784 17.344v-2.88h8.96v2.88h-8.96zM19.2 1.6q1.344 0 2.272 0.928t0.928 2.272v22.4q0 1.28-0.928 2.24t-2.272 0.96h-16q-1.28 0-2.24-0.96t-0.96-2.24v-22.4q0-1.344 0.96-2.272t2.24-0.928h16zM19.2 27.2v-22.4h-16v22.4h16zM15.68 8.256v2.816h-8.96v-2.816h8.96zM15.68 20.8v2.816h-8.96v-2.816h8.96z\"><\/path>\n<\/svg><\/span>  Voir les d\u00e9tails<\/a> <span class=\"button-mini-delimiter\"><\/span><\/div><\/div><\/li>\n<\/ul><\/div><\/div><div class=\"clear\"><\/div><\/p>\n<\/div><\/div><\/div><\/div><\/div><\/div>","protected":false},"excerpt":{"rendered":"","protected":false},"author":1,"featured_media":0,"parent":0,"menu_order":0,"comment_status":"closed","ping_status":"closed","template":"","meta":{"footnotes":""},"class_list":["post-9012","page","type-page","status-publish","hentry"],"yoast_head":"<!-- This site is optimized with the Yoast SEO plugin v27.5 - https:\/\/yoast.com\/product\/yoast-seo-wordpress\/ -->\n<title>Webshop Raffinessen - Raffinessen<\/title>\n<meta name=\"robots\" content=\"index, follow, max-snippet:-1, max-image-preview:large, max-video-preview:-1\" \/>\n<link rel=\"canonical\" href=\"https:\/\/www.raffinessen.ch\/fr\/webshop\/\" \/>\n<meta property=\"og:locale\" content=\"fr_FR\" \/>\n<meta property=\"og:type\" content=\"article\" \/>\n<meta property=\"og:title\" content=\"Webshop Raffinessen - Raffinessen\" \/>\n<meta property=\"og:url\" content=\"https:\/\/www.raffinessen.ch\/fr\/webshop\/\" \/>\n<meta property=\"og:site_name\" content=\"Raffinessen\" \/>\n<meta property=\"article:modified_time\" content=\"2024-08-16T13:50:49+00:00\" \/>\n<meta name=\"twitter:card\" content=\"summary_large_image\" \/>\n<script type=\"application\/ld+json\" class=\"yoast-schema-graph\">{\"@context\":\"https:\\\/\\\/schema.org\",\"@graph\":[{\"@type\":\"WebPage\",\"@id\":\"https:\\\/\\\/www.raffinessen.ch\\\/webshop\\\/\",\"url\":\"https:\\\/\\\/www.raffinessen.ch\\\/webshop\\\/\",\"name\":\"Webshop Raffinessen - Raffinessen\",\"isPartOf\":{\"@id\":\"https:\\\/\\\/www.raffinessen.ch\\\/#website\"},\"datePublished\":\"2021-09-16T12:13:12+00:00\",\"dateModified\":\"2024-08-16T13:50:49+00:00\",\"breadcrumb\":{\"@id\":\"https:\\\/\\\/www.raffinessen.ch\\\/webshop\\\/#breadcrumb\"},\"inLanguage\":\"fr-FR\",\"potentialAction\":[{\"@type\":\"ReadAction\",\"target\":[\"https:\\\/\\\/www.raffinessen.ch\\\/webshop\\\/\"]}]},{\"@type\":\"BreadcrumbList\",\"@id\":\"https:\\\/\\\/www.raffinessen.ch\\\/webshop\\\/#breadcrumb\",\"itemListElement\":[{\"@type\":\"ListItem\",\"position\":1,\"name\":\"Home\",\"item\":\"https:\\\/\\\/www.raffinessen.ch\\\/\"},{\"@type\":\"ListItem\",\"position\":2,\"name\":\"Webshop Raffinessen\"}]},{\"@type\":\"WebSite\",\"@id\":\"https:\\\/\\\/www.raffinessen.ch\\\/#website\",\"url\":\"https:\\\/\\\/www.raffinessen.ch\\\/\",\"name\":\"Raffinessen\",\"description\":\"roter und schwarzer Kampot Pfeffer - Gew\u00fcrze\",\"potentialAction\":[{\"@type\":\"SearchAction\",\"target\":{\"@type\":\"EntryPoint\",\"urlTemplate\":\"https:\\\/\\\/www.raffinessen.ch\\\/?s={search_term_string}\"},\"query-input\":{\"@type\":\"PropertyValueSpecification\",\"valueRequired\":true,\"valueName\":\"search_term_string\"}}],\"inLanguage\":\"fr-FR\"}]}<\/script>\n<!-- \/ Yoast SEO plugin. -->","yoast_head_json":{"title":"Webshop Raffinessen - Raffinessen","robots":{"index":"index","follow":"follow","max-snippet":"max-snippet:-1","max-image-preview":"max-image-preview:large","max-video-preview":"max-video-preview:-1"},"canonical":"https:\/\/www.raffinessen.ch\/fr\/webshop\/","og_locale":"fr_FR","og_type":"article","og_title":"Webshop Raffinessen - Raffinessen","og_url":"https:\/\/www.raffinessen.ch\/fr\/webshop\/","og_site_name":"Raffinessen","article_modified_time":"2024-08-16T13:50:49+00:00","twitter_card":"summary_large_image","schema":{"@context":"https:\/\/schema.org","@graph":[{"@type":"WebPage","@id":"https:\/\/www.raffinessen.ch\/webshop\/","url":"https:\/\/www.raffinessen.ch\/webshop\/","name":"Webshop Raffinessen - Raffinessen","isPartOf":{"@id":"https:\/\/www.raffinessen.ch\/#website"},"datePublished":"2021-09-16T12:13:12+00:00","dateModified":"2024-08-16T13:50:49+00:00","breadcrumb":{"@id":"https:\/\/www.raffinessen.ch\/webshop\/#breadcrumb"},"inLanguage":"fr-FR","potentialAction":[{"@type":"ReadAction","target":["https:\/\/www.raffinessen.ch\/webshop\/"]}]},{"@type":"BreadcrumbList","@id":"https:\/\/www.raffinessen.ch\/webshop\/#breadcrumb","itemListElement":[{"@type":"ListItem","position":1,"name":"Home","item":"https:\/\/www.raffinessen.ch\/"},{"@type":"ListItem","position":2,"name":"Webshop Raffinessen"}]},{"@type":"WebSite","@id":"https:\/\/www.raffinessen.ch\/#website","url":"https:\/\/www.raffinessen.ch\/","name":"Raffinements","description":"poivre de Kampot rouge et noir - \u00e9pices","potentialAction":[{"@type":"SearchAction","target":{"@type":"EntryPoint","urlTemplate":"https:\/\/www.raffinessen.ch\/?s={search_term_string}"},"query-input":{"@type":"PropertyValueSpecification","valueRequired":true,"valueName":"search_term_string"}}],"inLanguage":"fr-FR"}]}},"_links":{"self":[{"href":"https:\/\/www.raffinessen.ch\/fr\/wp-json\/wp\/v2\/pages\/9012","targetHints":{"allow":["GET"]}}],"collection":[{"href":"https:\/\/www.raffinessen.ch\/fr\/wp-json\/wp\/v2\/pages"}],"about":[{"href":"https:\/\/www.raffinessen.ch\/fr\/wp-json\/wp\/v2\/types\/page"}],"author":[{"embeddable":true,"href":"https:\/\/www.raffinessen.ch\/fr\/wp-json\/wp\/v2\/users\/1"}],"replies":[{"embeddable":true,"href":"https:\/\/www.raffinessen.ch\/fr\/wp-json\/wp\/v2\/comments?post=9012"}],"version-history":[{"count":17,"href":"https:\/\/www.raffinessen.ch\/fr\/wp-json\/wp\/v2\/pages\/9012\/revisions"}],"predecessor-version":[{"id":18554,"href":"https:\/\/www.raffinessen.ch\/fr\/wp-json\/wp\/v2\/pages\/9012\/revisions\/18554"}],"wp:attachment":[{"href":"https:\/\/www.raffinessen.ch\/fr\/wp-json\/wp\/v2\/media?parent=9012"}],"curies":[{"name":"wp","href":"https:\/\/api.w.org\/{rel}","templated":true}]}}