{"id":715,"date":"2016-03-04T14:33:41","date_gmt":"2016-03-04T13:33:41","guid":{"rendered":"https:\/\/raffinessen.ch\/webseite\/?page_id=715"},"modified":"2017-07-21T12:26:08","modified_gmt":"2017-07-21T10:26:08","slug":"wer-steht-hinter-dem-kampot-pfeffer-projekt","status":"publish","type":"page","link":"https:\/\/www.raffinessen.ch\/fr\/das-projekt\/wer-steht-hinter-dem-kampot-pfeffer-projekt\/","title":{"rendered":"Qui se cache derri\u00e8re le projet Poivre de Kampot ?"},"content":{"rendered":"<style type=\"text\/css\" data-created_by=\"avia_inline_auto\" id=\"style-css-av-av_section-f9abafd21abf22dd67572dc2b5d6af27\">\n.avia-section.av-av_section-f9abafd21abf22dd67572dc2b5d6af27 .av-parallax .av-parallax-inner{\nbackground-repeat:no-repeat;\nbackground-image:url(https:\/\/www.raffinessen.ch\/webseite\/wp-content\/uploads\/2016\/02\/kampot3.jpg);\nbackground-position:0% 100%;\nbackground-attachment:scroll;\n}\n<\/style>\n<div id='av_section_1'  class='avia-section av-av_section-f9abafd21abf22dd67572dc2b5d6af27 main_color avia-section-default avia-no-border-styling  avia-builder-el-0  el_before_av_one_full  avia-builder-el-first  avia-full-stretch av-parallax-section avia-bg-style-parallax av-minimum-height av-minimum-height-custom av-height-custom  container_wrap sidebar_right'  data-section-bg-repeat='stretch' data-av_minimum_height_px='250'><div class='av-parallax' data-avia-parallax-ratio='0.3' ><div class='av-parallax-inner main_color avia-full-stretch'><\/div><\/div><div class='container av-section-cont-open' style='height:250px'><main  role=\"main\" itemprop=\"mainContentOfPage\"  class='template-page content  av-content-small alpha units'><div class='post-entry post-entry-type-page post-entry-715'><div class='entry-content-wrapper clearfix'>\n<div class='flex_column_table av-av_one_fourth-afaead5c690b8c9943c2625169da7fe6 sc-av_one_fourth av-equal-height-column-flextable'>\n<style type=\"text\/css\" data-created_by=\"avia_inline_auto\" id=\"style-css-av-av_one_fourth-afaead5c690b8c9943c2625169da7fe6\">\n.flex_column.av-av_one_fourth-afaead5c690b8c9943c2625169da7fe6{\nborder-radius:0px 0px 0px 0px;\npadding:0px 0px 0px 0px;\n}\n<\/style>\n<div  class='flex_column av-av_one_fourth-afaead5c690b8c9943c2625169da7fe6 av_one_fourth  avia-builder-el-1  el_before_av_one_fourth  avia-builder-el-first  first flex_column_table_cell av-equal-height-column av-align-bottom av-zero-column-padding'     ><\/div><div class='av-flex-placeholder'><\/div>\n<style type=\"text\/css\" data-created_by=\"avia_inline_auto\" id=\"style-css-av-av_one_fourth-9c1d454dc06f7247226bc4e8f931daae\">\n.flex_column.av-av_one_fourth-9c1d454dc06f7247226bc4e8f931daae{\nborder-radius:0px 0px 0px 0px;\npadding:0px 0px 0px 0px;\n}\n<\/style>\n<div  class='flex_column av-av_one_fourth-9c1d454dc06f7247226bc4e8f931daae av_one_fourth  avia-builder-el-2  el_after_av_one_fourth  el_before_av_one_fourth  flex_column_table_cell av-equal-height-column av-align-bottom av-zero-column-padding'     ><\/div><div class='av-flex-placeholder'><\/div>\n<style type=\"text\/css\" data-created_by=\"avia_inline_auto\" id=\"style-css-av-av_one_fourth-9c1d454dc06f7247226bc4e8f931daae\">\n.flex_column.av-av_one_fourth-9c1d454dc06f7247226bc4e8f931daae{\nborder-radius:0px 0px 0px 0px;\npadding:0px 0px 0px 0px;\n}\n<\/style>\n<div  class='flex_column av-av_one_fourth-9c1d454dc06f7247226bc4e8f931daae av_one_fourth  avia-builder-el-3  el_after_av_one_fourth  el_before_av_one_fourth  flex_column_table_cell av-equal-height-column av-align-bottom av-zero-column-padding'     ><\/div><div class='av-flex-placeholder'><\/div>\n<style type=\"text\/css\" data-created_by=\"avia_inline_auto\" id=\"style-css-av-av_one_fourth-7b04668b4dc86f47e32fc0fa09784324\">\n.flex_column.av-av_one_fourth-7b04668b4dc86f47e32fc0fa09784324{\nborder-radius:0px 0px 0px 0px;\npadding:0px 0px 0px 0px;\n}\n<\/style>\n<div  class='flex_column av-av_one_fourth-7b04668b4dc86f47e32fc0fa09784324 av_one_fourth  avia-builder-el-4  el_after_av_one_fourth  avia-builder-el-last  flex_column_table_cell av-equal-height-column av-align-bottom av-animated-generic fade-in av-zero-column-padding'     ><style type=\"text\/css\" data-created_by=\"avia_inline_auto\" id=\"style-css-av-av_heading-b09c3ff2c397692c481a8eb90da81b8c\">\n#top .av-special-heading.av-av_heading-b09c3ff2c397692c481a8eb90da81b8c{\npadding-bottom:10px;\ncolor:#ffffff;\nfont-size:30px;\n}\nbody .av-special-heading.av-av_heading-b09c3ff2c397692c481a8eb90da81b8c .av-special-heading-tag .heading-char{\nfont-size:25px;\n}\n#top #wrap_all .av-special-heading.av-av_heading-b09c3ff2c397692c481a8eb90da81b8c .av-special-heading-tag{\nfont-size:30px;\n}\n.av-special-heading.av-av_heading-b09c3ff2c397692c481a8eb90da81b8c .special-heading-inner-border{\nborder-color:#ffffff;\n}\n.av-special-heading.av-av_heading-b09c3ff2c397692c481a8eb90da81b8c .av-subheading{\nfont-size:15px;\n}\n\n@media only screen and (min-width: 480px) and (max-width: 767px){ \n#top #wrap_all .av-special-heading.av-av_heading-b09c3ff2c397692c481a8eb90da81b8c .av-special-heading-tag{\nfont-size:0.8em;\n}\n}\n\n@media only screen and (max-width: 479px){ \n#top #wrap_all .av-special-heading.av-av_heading-b09c3ff2c397692c481a8eb90da81b8c .av-special-heading-tag{\nfont-size:0.8em;\n}\n}\n<\/style>\n<div  class='av-special-heading av-av_heading-b09c3ff2c397692c481a8eb90da81b8c av-special-heading-h3 custom-color-heading blockquote modern-quote  avia-builder-el-5  avia-builder-el-no-sibling  av-inherit-size'><h3 class='av-special-heading-tag'  itemprop=\"headline\"  >Le projet<\/h3><div class=\"special-heading-border\"><div class=\"special-heading-inner-border\"><\/div><\/div><\/div><\/div><\/div><!--close column table wrapper. Autoclose: 1 -->\n<\/div><\/div><\/main><!-- close content main element --><\/div><\/div><div id='after_section_1'  class='main_color av_default_container_wrap container_wrap sidebar_right'  ><div class='container av-section-cont-open' ><div class='template-page content  av-content-small alpha units'><div class='post-entry post-entry-type-page post-entry-715'><div class='entry-content-wrapper clearfix'>\n\n<style type=\"text\/css\" data-created_by=\"avia_inline_auto\" id=\"style-css-av-av_one_full-9497bbf8bff73ea4c6992cc17fa9ec36\">\n.flex_column.av-av_one_full-9497bbf8bff73ea4c6992cc17fa9ec36{\nborder-radius:0px 0px 0px 0px;\npadding:0px 0px 0px 0px;\n}\n<\/style>\n<div  class='flex_column av-av_one_full-9497bbf8bff73ea4c6992cc17fa9ec36 av_one_full  avia-builder-el-6  el_after_av_section  el_before_av_one_full  avia-builder-el-first  first flex_column_div av-zero-column-padding'     ><style type=\"text\/css\" data-created_by=\"avia_inline_auto\" id=\"style-css-av-av_heading-b2d6e6ffa0ac261d49b9c24cd8b92122\">\n#top .av-special-heading.av-av_heading-b2d6e6ffa0ac261d49b9c24cd8b92122{\npadding-bottom:10px;\n}\nbody .av-special-heading.av-av_heading-b2d6e6ffa0ac261d49b9c24cd8b92122 .av-special-heading-tag .heading-char{\nfont-size:25px;\n}\n.av-special-heading.av-av_heading-b2d6e6ffa0ac261d49b9c24cd8b92122 .av-subheading{\nfont-size:15px;\n}\n<\/style>\n<div  class='av-special-heading av-av_heading-b2d6e6ffa0ac261d49b9c24cd8b92122 av-special-heading-h2 blockquote modern-quote  avia-builder-el-7  avia-builder-el-no-sibling'><h2 class='av-special-heading-tag'  itemprop=\"headline\"  >Qui se cache derri\u00e8re le projet Poivre de Kampot ?<\/h2><div class=\"special-heading-border\"><div class=\"special-heading-inner-border\"><\/div><\/div><\/div><\/div>\n\n<style type=\"text\/css\" data-created_by=\"avia_inline_auto\" id=\"style-css-av-av_one_full-9497bbf8bff73ea4c6992cc17fa9ec36\">\n.flex_column.av-av_one_full-9497bbf8bff73ea4c6992cc17fa9ec36{\nborder-radius:0px 0px 0px 0px;\npadding:0px 0px 0px 0px;\n}\n<\/style>\n<div  class='flex_column av-av_one_full-9497bbf8bff73ea4c6992cc17fa9ec36 av_one_full  avia-builder-el-8  el_after_av_one_full  avia-builder-el-last  first flex_column_div av-zero-column-padding  column-top-margin'     ><p>\n<style type=\"text\/css\" data-created_by=\"avia_inline_auto\" id=\"style-css-av-av_image-002d45d3c50ad301a190203002318ad5\">\n.avia-image-container.av-av_image-002d45d3c50ad301a190203002318ad5 img.avia_image{\nbox-shadow:none;\n}\n.avia-image-container.av-av_image-002d45d3c50ad301a190203002318ad5 .av-image-caption-overlay-center{\ncolor:#ffffff;\n}\n<\/style>\n<div  class='avia-image-container av-av_image-002d45d3c50ad301a190203002318ad5 av-styling- avia-align-center  avia-builder-el-9  el_before_av_textblock  avia-builder-el-first'   itemprop=\"image\" itemscope=\"itemscope\" itemtype=\"https:\/\/schema.org\/ImageObject\" ><div class=\"avia-image-container-inner\"><div class=\"avia-image-overlay-wrap\"><img decoding=\"async\" fetchpriority=\"high\" class='wp-image-1049 avia-img-lazy-loading-not-1049 avia_image' src=\"https:\/\/www.raffinessen.ch\/webseite\/wp-content\/uploads\/2016\/03\/khom-markus-2.jpg\" alt='' title='khom-markus-2'  height=\"2667\" width=\"2000\"  itemprop=\"thumbnailUrl\" srcset=\"https:\/\/www.raffinessen.ch\/webseite\/wp-content\/uploads\/2016\/03\/khom-markus-2.jpg 2000w, https:\/\/www.raffinessen.ch\/webseite\/wp-content\/uploads\/2016\/03\/khom-markus-2-1000x1334.jpg 1000w, https:\/\/www.raffinessen.ch\/webseite\/wp-content\/uploads\/2016\/03\/khom-markus-2-225x300.jpg 225w, https:\/\/www.raffinessen.ch\/webseite\/wp-content\/uploads\/2016\/03\/khom-markus-2-768x1024.jpg 768w, https:\/\/www.raffinessen.ch\/webseite\/wp-content\/uploads\/2016\/03\/khom-markus-2-772x1030.jpg 772w, https:\/\/www.raffinessen.ch\/webseite\/wp-content\/uploads\/2016\/03\/khom-markus-2-1125x1500.jpg 1125w, https:\/\/www.raffinessen.ch\/webseite\/wp-content\/uploads\/2016\/03\/khom-markus-2-529x705.jpg 529w\" sizes=\"(max-width: 2000px) 100vw, 2000px\" \/><\/div><\/div><\/div><br \/>\n<section  class='av_textblock_section av-av_textblock-2de302bf1aa3cf4c9157dbe6f50ac7eb'   itemscope=\"itemscope\" itemtype=\"https:\/\/schema.org\/CreativeWork\" ><div class='avia_textblock'  itemprop=\"text\" ><p><em>Propri\u00e9taire de la ferme suisse : Khom Phy (\u00e0 gauche)<\/em><br \/>\n<em> Directeur de Raffinessen.ch GmbH : Markus Lehmann (\u00e0 droite)<\/em><\/p>\n<\/div><\/section><br \/>\n\n<style type=\"text\/css\" data-created_by=\"avia_inline_auto\" id=\"style-css-av-av_hr-a07f7596b1fca85f6595a75d593069df\">\n#top .hr.hr-invisible.av-av_hr-a07f7596b1fca85f6595a75d593069df{\nheight:40px;\n}\n<\/style>\n<div  class='hr av-av_hr-a07f7596b1fca85f6595a75d593069df hr-invisible  avia-builder-el-11  el_after_av_textblock  el_before_av_textblock'><span class='hr-inner'><span class=\"hr-inner-style\"><\/span><\/span><\/div><br \/>\n<section  class='av_textblock_section av-av_textblock-2de302bf1aa3cf4c9157dbe6f50ac7eb'   itemscope=\"itemscope\" itemtype=\"https:\/\/schema.org\/CreativeWork\" ><div class='avia_textblock'  itemprop=\"text\" ><p>Khom Phy, d'origine cambodgienne, a acquis en 2010 un terrain \u00e0 Kampot, pr\u00e8s de Kampong Trach (pour plus d'informations sur Khom et son histoire, voir \"<a href=\"https:\/\/www.raffinessen.ch\/fr\/webseite\/die-farm\/wer-ist-eigentuemer-der-plantage\/\" target=\"_blank\" rel=\"noopener\">La ferme<\/a>\"). En achetant la plantation et en cultivant le poivre de Kampot, il a mis tout son c\u0153ur, sa sueur et son engagement financier au service d'un projet durable de soutien \u00e0 ses compatriotes. En 2016, les fruits de tout ce travail pourront \u00eatre r\u00e9colt\u00e9s pour la premi\u00e8re fois et le poivre de Kampot export\u00e9 vers la Suisse.<\/p>\n<p>Le site <a href=\"https:\/\/www.raffinessen.ch\/fr\/webseite\/die-farm\/farm-und-infrastruktur\/\" target=\"_blank\" rel=\"noopener\">Terrain<\/a> offre encore suffisamment de place pour de nouveaux plants de poivre. Actuellement, les moyens financiers manquent malheureusement pour utiliser le terrain en friche. Nous voulons maintenant changer cela.<\/p>\n<p>Inspir\u00e9s par l'engagement de Khom, nous avons cr\u00e9\u00e9 le label \"Go\u00fbt du Terroir\" et choisi le poivre de Kampot comme premier produit. Sous le nom de Go\u00fbt du Terroir, nous recherchons des produits gourmets en \u00e9dition limit\u00e9e d'ici et d'ailleurs, qui se distinguent par des conditions climatiques et g\u00e9ologiques particuli\u00e8res de la nature et des traditions culturelles des habitants d'une r\u00e9gion donn\u00e9e. Nous vendons les produits fra\u00eechement r\u00e9colt\u00e9s sur commande pr\u00e9alable et les envoyons par la poste directement au domicile de nos clients. \"Nous\", c'est <a href=\"https:\/\/www.raffinessen.ch\/fr\/webseite\/\" target=\"_blank\" rel=\"noopener\">Raffinessen.ch GmbH<\/a>Les entreprises de l'industrie agroalimentaire suisse, fond\u00e9es en 2007 \u00e0 Berne, sont des professionnels durables, rafra\u00eechissants, transparents, intelligents et \u00e9quitables. Les \u00e9pices sous la marque <a href=\"https:\/\/www.raffinessen.ch\/fr\/webseite\/\" target=\"_blank\" rel=\"noopener\">Raffinements<\/a> sont au c\u0153ur de notre manufacture depuis 2009. Ils sont la source et l'inspiration de nos cr\u00e9ations. Une collaboration respectueuse et partenariale avec nos clients, les institutions sociales, les artisans suisses et les fournisseurs nationaux et internationaux nous tient \u00e0 c\u0153ur.<\/p>\n<p>Nous nous sommes fix\u00e9 pour objectif d'accro\u00eetre la notori\u00e9t\u00e9 et l'appr\u00e9ciation du poivre de Kampot exclusif, d'\u00e9tablir la pr\u00e9commande et la livraison directe de denr\u00e9es alimentaires fra\u00eechement r\u00e9colt\u00e9es comme un concept de r\u00e9ussite durable pour le producteur et le consommateur et d'apporter une contribution utile au pays et \u00e0 ses habitants au Cambodge.<\/p>\n<p>Nous sommes conscients du caract\u00e8re contradictoire de notre action et de toute action. C'est pourquoi nous rendons nos activit\u00e9s publiques et sommes reconnaissants pour toute critique constructive, afin de pouvoir nous d\u00e9velopper et nous am\u00e9liorer en permanence.<\/p>\n<p><a href=\"https:\/\/raffinessen.ch\/webseite\/wp-content\/uploads\/2016\/06\/kampot-pfeffer-1.jpg\"><img loading=\"lazy\" decoding=\"async\" class=\"alignnone size-medium wp-image-1248\" src=\"https:\/\/raffinessen.ch\/webseite\/wp-content\/uploads\/2016\/06\/kampot-pfeffer-1-300x200.jpg\" alt=\"kampot-pfeffer-1\" width=\"300\" height=\"200\" srcset=\"https:\/\/www.raffinessen.ch\/webseite\/wp-content\/uploads\/2016\/06\/kampot-pfeffer-1-300x200.jpg 300w, https:\/\/www.raffinessen.ch\/webseite\/wp-content\/uploads\/2016\/06\/kampot-pfeffer-1-1000x666.jpg 1000w, https:\/\/www.raffinessen.ch\/webseite\/wp-content\/uploads\/2016\/06\/kampot-pfeffer-1-768x512.jpg 768w, https:\/\/www.raffinessen.ch\/webseite\/wp-content\/uploads\/2016\/06\/kampot-pfeffer-1-1030x686.jpg 1030w, https:\/\/www.raffinessen.ch\/webseite\/wp-content\/uploads\/2016\/06\/kampot-pfeffer-1-1500x1000.jpg 1500w, https:\/\/www.raffinessen.ch\/webseite\/wp-content\/uploads\/2016\/06\/kampot-pfeffer-1-705x470.jpg 705w\" sizes=\"auto, (max-width: 300px) 100vw, 300px\" \/><\/a><\/p>\n<\/div><\/section><\/p><\/div>","protected":false},"excerpt":{"rendered":"","protected":false},"author":1,"featured_media":0,"parent":259,"menu_order":-1,"comment_status":"closed","ping_status":"closed","template":"","meta":{"footnotes":""},"class_list":["post-715","page","type-page","status-publish","hentry"],"yoast_head":"<!-- This site is optimized with the Yoast SEO plugin v27.5 - https:\/\/yoast.com\/product\/yoast-seo-wordpress\/ -->\n<title>Wer steht hinter dem Kampot Pfeffer Projekt? - Kampot Pfeffer<\/title>\n<meta name=\"description\" content=\"Das Kampot Pfeffer Projekt basiert auf einer Zusammenarbeit mit dem Kambodschaner Khom Phy sowie dem Gesch\u00e4ftsf\u00fchrer von Raffinessen.ch GmbH Markus Lehmann.\" \/>\n<meta name=\"robots\" content=\"index, follow, max-snippet:-1, max-image-preview:large, max-video-preview:-1\" \/>\n<link rel=\"canonical\" href=\"https:\/\/www.raffinessen.ch\/fr\/das-projekt\/wer-steht-hinter-dem-kampot-pfeffer-projekt\/\" \/>\n<meta property=\"og:locale\" content=\"fr_FR\" \/>\n<meta property=\"og:type\" content=\"article\" \/>\n<meta property=\"og:title\" content=\"Wer steht hinter dem Kampot Pfeffer Projekt? - Kampot Pfeffer\" \/>\n<meta property=\"og:description\" content=\"Das Kampot Pfeffer Projekt basiert auf einer Zusammenarbeit mit dem Kambodschaner Khom Phy sowie dem Gesch\u00e4ftsf\u00fchrer von Raffinessen.ch GmbH Markus Lehmann.\" \/>\n<meta property=\"og:url\" content=\"https:\/\/www.raffinessen.ch\/fr\/das-projekt\/wer-steht-hinter-dem-kampot-pfeffer-projekt\/\" \/>\n<meta property=\"og:site_name\" content=\"Raffinessen\" \/>\n<meta property=\"article:modified_time\" content=\"2017-07-21T10:26:08+00:00\" \/>\n<meta property=\"og:image\" content=\"https:\/\/raffinessen.ch\/webseite\/wp-content\/uploads\/2016\/06\/kampot-pfeffer-1-300x200.jpg\" \/>\n<meta name=\"twitter:card\" content=\"summary_large_image\" \/>\n<meta name=\"twitter:label1\" content=\"Dur\u00e9e de lecture estim\u00e9e\" \/>\n\t<meta name=\"twitter:data1\" content=\"5 minutes\" \/>\n<script type=\"application\/ld+json\" class=\"yoast-schema-graph\">{\"@context\":\"https:\\\/\\\/schema.org\",\"@graph\":[{\"@type\":\"WebPage\",\"@id\":\"https:\\\/\\\/www.raffinessen.ch\\\/das-projekt\\\/wer-steht-hinter-dem-kampot-pfeffer-projekt\\\/\",\"url\":\"https:\\\/\\\/www.raffinessen.ch\\\/das-projekt\\\/wer-steht-hinter-dem-kampot-pfeffer-projekt\\\/\",\"name\":\"Wer steht hinter dem Kampot Pfeffer Projekt? - Kampot Pfeffer\",\"isPartOf\":{\"@id\":\"https:\\\/\\\/www.raffinessen.ch\\\/#website\"},\"primaryImageOfPage\":{\"@id\":\"https:\\\/\\\/www.raffinessen.ch\\\/das-projekt\\\/wer-steht-hinter-dem-kampot-pfeffer-projekt\\\/#primaryimage\"},\"image\":{\"@id\":\"https:\\\/\\\/www.raffinessen.ch\\\/das-projekt\\\/wer-steht-hinter-dem-kampot-pfeffer-projekt\\\/#primaryimage\"},\"thumbnailUrl\":\"https:\\\/\\\/raffinessen.ch\\\/webseite\\\/wp-content\\\/uploads\\\/2016\\\/06\\\/kampot-pfeffer-1-300x200.jpg\",\"datePublished\":\"2016-03-04T13:33:41+00:00\",\"dateModified\":\"2017-07-21T10:26:08+00:00\",\"description\":\"Das Kampot Pfeffer Projekt basiert auf einer Zusammenarbeit mit dem Kambodschaner Khom Phy sowie dem Gesch\u00e4ftsf\u00fchrer von Raffinessen.ch GmbH Markus Lehmann.\",\"breadcrumb\":{\"@id\":\"https:\\\/\\\/www.raffinessen.ch\\\/das-projekt\\\/wer-steht-hinter-dem-kampot-pfeffer-projekt\\\/#breadcrumb\"},\"inLanguage\":\"fr-FR\",\"potentialAction\":[{\"@type\":\"ReadAction\",\"target\":[\"https:\\\/\\\/www.raffinessen.ch\\\/das-projekt\\\/wer-steht-hinter-dem-kampot-pfeffer-projekt\\\/\"]}]},{\"@type\":\"ImageObject\",\"inLanguage\":\"fr-FR\",\"@id\":\"https:\\\/\\\/www.raffinessen.ch\\\/das-projekt\\\/wer-steht-hinter-dem-kampot-pfeffer-projekt\\\/#primaryimage\",\"url\":\"https:\\\/\\\/raffinessen.ch\\\/webseite\\\/wp-content\\\/uploads\\\/2016\\\/06\\\/kampot-pfeffer-1-300x200.jpg\",\"contentUrl\":\"https:\\\/\\\/raffinessen.ch\\\/webseite\\\/wp-content\\\/uploads\\\/2016\\\/06\\\/kampot-pfeffer-1-300x200.jpg\"},{\"@type\":\"BreadcrumbList\",\"@id\":\"https:\\\/\\\/www.raffinessen.ch\\\/das-projekt\\\/wer-steht-hinter-dem-kampot-pfeffer-projekt\\\/#breadcrumb\",\"itemListElement\":[{\"@type\":\"ListItem\",\"position\":1,\"name\":\"Home\",\"item\":\"https:\\\/\\\/www.raffinessen.ch\\\/\"},{\"@type\":\"ListItem\",\"position\":2,\"name\":\"Das Projekt\",\"item\":\"https:\\\/\\\/www.raffinessen.ch\\\/das-projekt\\\/\"},{\"@type\":\"ListItem\",\"position\":3,\"name\":\"Wer steht hinter dem Kampot Pfeffer Projekt?\"}]},{\"@type\":\"WebSite\",\"@id\":\"https:\\\/\\\/www.raffinessen.ch\\\/#website\",\"url\":\"https:\\\/\\\/www.raffinessen.ch\\\/\",\"name\":\"Raffinessen\",\"description\":\"roter und schwarzer Kampot Pfeffer - Gew\u00fcrze\",\"potentialAction\":[{\"@type\":\"SearchAction\",\"target\":{\"@type\":\"EntryPoint\",\"urlTemplate\":\"https:\\\/\\\/www.raffinessen.ch\\\/?s={search_term_string}\"},\"query-input\":{\"@type\":\"PropertyValueSpecification\",\"valueRequired\":true,\"valueName\":\"search_term_string\"}}],\"inLanguage\":\"fr-FR\"}]}<\/script>\n<!-- \/ Yoast SEO plugin. -->","yoast_head_json":{"title":"Wer steht hinter dem Kampot Pfeffer Projekt? - Kampot Pfeffer","description":"Das Kampot Pfeffer Projekt basiert auf einer Zusammenarbeit mit dem Kambodschaner Khom Phy sowie dem Gesch\u00e4ftsf\u00fchrer von Raffinessen.ch GmbH Markus Lehmann.","robots":{"index":"index","follow":"follow","max-snippet":"max-snippet:-1","max-image-preview":"max-image-preview:large","max-video-preview":"max-video-preview:-1"},"canonical":"https:\/\/www.raffinessen.ch\/fr\/das-projekt\/wer-steht-hinter-dem-kampot-pfeffer-projekt\/","og_locale":"fr_FR","og_type":"article","og_title":"Wer steht hinter dem Kampot Pfeffer Projekt? - Kampot Pfeffer","og_description":"Das Kampot Pfeffer Projekt basiert auf einer Zusammenarbeit mit dem Kambodschaner Khom Phy sowie dem Gesch\u00e4ftsf\u00fchrer von Raffinessen.ch GmbH Markus Lehmann.","og_url":"https:\/\/www.raffinessen.ch\/fr\/das-projekt\/wer-steht-hinter-dem-kampot-pfeffer-projekt\/","og_site_name":"Raffinessen","article_modified_time":"2017-07-21T10:26:08+00:00","og_image":[{"url":"https:\/\/raffinessen.ch\/webseite\/wp-content\/uploads\/2016\/06\/kampot-pfeffer-1-300x200.jpg","type":"","width":"","height":""}],"twitter_card":"summary_large_image","twitter_misc":{"Dur\u00e9e de lecture estim\u00e9e":"5 minutes"},"schema":{"@context":"https:\/\/schema.org","@graph":[{"@type":"WebPage","@id":"https:\/\/www.raffinessen.ch\/das-projekt\/wer-steht-hinter-dem-kampot-pfeffer-projekt\/","url":"https:\/\/www.raffinessen.ch\/das-projekt\/wer-steht-hinter-dem-kampot-pfeffer-projekt\/","name":"Wer steht hinter dem Kampot Pfeffer Projekt? - Kampot Pfeffer","isPartOf":{"@id":"https:\/\/www.raffinessen.ch\/#website"},"primaryImageOfPage":{"@id":"https:\/\/www.raffinessen.ch\/das-projekt\/wer-steht-hinter-dem-kampot-pfeffer-projekt\/#primaryimage"},"image":{"@id":"https:\/\/www.raffinessen.ch\/das-projekt\/wer-steht-hinter-dem-kampot-pfeffer-projekt\/#primaryimage"},"thumbnailUrl":"https:\/\/raffinessen.ch\/webseite\/wp-content\/uploads\/2016\/06\/kampot-pfeffer-1-300x200.jpg","datePublished":"2016-03-04T13:33:41+00:00","dateModified":"2017-07-21T10:26:08+00:00","description":"Das Kampot Pfeffer Projekt basiert auf einer Zusammenarbeit mit dem Kambodschaner Khom Phy sowie dem Gesch\u00e4ftsf\u00fchrer von Raffinessen.ch GmbH Markus Lehmann.","breadcrumb":{"@id":"https:\/\/www.raffinessen.ch\/das-projekt\/wer-steht-hinter-dem-kampot-pfeffer-projekt\/#breadcrumb"},"inLanguage":"fr-FR","potentialAction":[{"@type":"ReadAction","target":["https:\/\/www.raffinessen.ch\/das-projekt\/wer-steht-hinter-dem-kampot-pfeffer-projekt\/"]}]},{"@type":"ImageObject","inLanguage":"fr-FR","@id":"https:\/\/www.raffinessen.ch\/das-projekt\/wer-steht-hinter-dem-kampot-pfeffer-projekt\/#primaryimage","url":"https:\/\/raffinessen.ch\/webseite\/wp-content\/uploads\/2016\/06\/kampot-pfeffer-1-300x200.jpg","contentUrl":"https:\/\/raffinessen.ch\/webseite\/wp-content\/uploads\/2016\/06\/kampot-pfeffer-1-300x200.jpg"},{"@type":"BreadcrumbList","@id":"https:\/\/www.raffinessen.ch\/das-projekt\/wer-steht-hinter-dem-kampot-pfeffer-projekt\/#breadcrumb","itemListElement":[{"@type":"ListItem","position":1,"name":"Home","item":"https:\/\/www.raffinessen.ch\/"},{"@type":"ListItem","position":2,"name":"Das Projekt","item":"https:\/\/www.raffinessen.ch\/das-projekt\/"},{"@type":"ListItem","position":3,"name":"Wer steht hinter dem Kampot Pfeffer Projekt?"}]},{"@type":"WebSite","@id":"https:\/\/www.raffinessen.ch\/#website","url":"https:\/\/www.raffinessen.ch\/","name":"Raffinements","description":"poivre de Kampot rouge et noir - \u00e9pices","potentialAction":[{"@type":"SearchAction","target":{"@type":"EntryPoint","urlTemplate":"https:\/\/www.raffinessen.ch\/?s={search_term_string}"},"query-input":{"@type":"PropertyValueSpecification","valueRequired":true,"valueName":"search_term_string"}}],"inLanguage":"fr-FR"}]}},"_links":{"self":[{"href":"https:\/\/www.raffinessen.ch\/fr\/wp-json\/wp\/v2\/pages\/715","targetHints":{"allow":["GET"]}}],"collection":[{"href":"https:\/\/www.raffinessen.ch\/fr\/wp-json\/wp\/v2\/pages"}],"about":[{"href":"https:\/\/www.raffinessen.ch\/fr\/wp-json\/wp\/v2\/types\/page"}],"author":[{"embeddable":true,"href":"https:\/\/www.raffinessen.ch\/fr\/wp-json\/wp\/v2\/users\/1"}],"replies":[{"embeddable":true,"href":"https:\/\/www.raffinessen.ch\/fr\/wp-json\/wp\/v2\/comments?post=715"}],"version-history":[{"count":0,"href":"https:\/\/www.raffinessen.ch\/fr\/wp-json\/wp\/v2\/pages\/715\/revisions"}],"up":[{"embeddable":true,"href":"https:\/\/www.raffinessen.ch\/fr\/wp-json\/wp\/v2\/pages\/259"}],"wp:attachment":[{"href":"https:\/\/www.raffinessen.ch\/fr\/wp-json\/wp\/v2\/media?parent=715"}],"curies":[{"name":"wp","href":"https:\/\/api.w.org\/{rel}","templated":true}]}}