{"id":712,"date":"2016-03-04T14:32:05","date_gmt":"2016-03-04T13:32:05","guid":{"rendered":"https:\/\/raffinessen.ch\/webseite\/?page_id=712"},"modified":"2019-03-04T15:42:24","modified_gmt":"2019-03-04T14:42:24","slug":"das-projekt","status":"publish","type":"page","link":"https:\/\/www.raffinessen.ch\/fr\/das-projekt\/das-projekt\/","title":{"rendered":"Le projet"},"content":{"rendered":"<style type=\"text\/css\" data-created_by=\"avia_inline_auto\" id=\"style-css-av-1q7els-c18aa5a0af6f27e466d86aa19f62adb3\">\n.avia-section.av-1q7els-c18aa5a0af6f27e466d86aa19f62adb3 .av-parallax .av-parallax-inner{\nbackground-repeat:no-repeat;\nbackground-image:url(https:\/\/www.raffinessen.ch\/webseite\/wp-content\/uploads\/2016\/02\/kampot3.jpg);\nbackground-position:0% 0%;\nbackground-attachment:scroll;\n}\n<\/style>\n<div id='av_section_1'  class='avia-section av-1q7els-c18aa5a0af6f27e466d86aa19f62adb3 main_color avia-section-default avia-no-border-styling  avia-builder-el-0  el_before_av_one_full  avia-builder-el-first  avia-full-stretch av-parallax-section avia-bg-style-parallax av-minimum-height av-minimum-height-custom av-height-custom  container_wrap sidebar_right'  data-section-bg-repeat='stretch' data-av_minimum_height_px='250'><div class='av-parallax' data-avia-parallax-ratio='0.3' ><div class='av-parallax-inner main_color avia-full-stretch'><\/div><\/div><div class='container av-section-cont-open' style='height:250px'><main  role=\"main\" itemprop=\"mainContentOfPage\"  class='template-page content  av-content-small alpha units'><div class='post-entry post-entry-type-page post-entry-712'><div class='entry-content-wrapper clearfix'>\n<div class='flex_column_table av-1lfxrk-663fb4c4f06adb9ec1e5757e618d1b38 sc-av_one_fourth av-equal-height-column-flextable'>\n<style type=\"text\/css\" data-created_by=\"avia_inline_auto\" id=\"style-css-av-1lfxrk-663fb4c4f06adb9ec1e5757e618d1b38\">\n.flex_column.av-1lfxrk-663fb4c4f06adb9ec1e5757e618d1b38{\nborder-radius:0px 0px 0px 0px;\npadding:0px 0px 0px 0px;\n}\n<\/style>\n<div  class='flex_column av-1lfxrk-663fb4c4f06adb9ec1e5757e618d1b38 av_one_fourth  avia-builder-el-1  el_before_av_one_fourth  avia-builder-el-first  first flex_column_table_cell av-equal-height-column av-align-bottom av-zero-column-padding'     ><\/div><div class='av-flex-placeholder'><\/div>\n<style type=\"text\/css\" data-created_by=\"avia_inline_auto\" id=\"style-css-av-1ctytc-73ad057ec6459cf1f44b9bee0e9c8db2\">\n.flex_column.av-1ctytc-73ad057ec6459cf1f44b9bee0e9c8db2{\nborder-radius:0px 0px 0px 0px;\npadding:0px 0px 0px 0px;\n}\n<\/style>\n<div  class='flex_column av-1ctytc-73ad057ec6459cf1f44b9bee0e9c8db2 av_one_fourth  avia-builder-el-2  el_after_av_one_fourth  el_before_av_one_fourth  flex_column_table_cell av-equal-height-column av-align-bottom av-zero-column-padding'     ><\/div><div class='av-flex-placeholder'><\/div>\n<style type=\"text\/css\" data-created_by=\"avia_inline_auto\" id=\"style-css-av-16sb60-b9cd6cf4baefa2b7111ecde760f707fa\">\n.flex_column.av-16sb60-b9cd6cf4baefa2b7111ecde760f707fa{\nborder-radius:0px 0px 0px 0px;\npadding:0px 0px 0px 0px;\n}\n<\/style>\n<div  class='flex_column av-16sb60-b9cd6cf4baefa2b7111ecde760f707fa av_one_fourth  avia-builder-el-3  el_after_av_one_fourth  el_before_av_one_fourth  flex_column_table_cell av-equal-height-column av-align-bottom av-zero-column-padding'     ><\/div><div class='av-flex-placeholder'><\/div>\n<style type=\"text\/css\" data-created_by=\"avia_inline_auto\" id=\"style-css-av-156afk-a7e27bfe75a376d6600ce3e890a14002\">\n.flex_column.av-156afk-a7e27bfe75a376d6600ce3e890a14002{\nborder-radius:0px 0px 0px 0px;\npadding:0px 0px 0px 0px;\n}\n<\/style>\n<div  class='flex_column av-156afk-a7e27bfe75a376d6600ce3e890a14002 av_one_fourth  avia-builder-el-4  el_after_av_one_fourth  avia-builder-el-last  flex_column_table_cell av-equal-height-column av-align-bottom av-animated-generic fade-in av-zero-column-padding'     ><style type=\"text\/css\" data-created_by=\"avia_inline_auto\" id=\"style-css-av-393ts-58bcf0f665b358cde8021a08b2224a47\">\n#top .av-special-heading.av-393ts-58bcf0f665b358cde8021a08b2224a47{\npadding-bottom:10px;\ncolor:#ffffff;\nfont-size:30px;\n}\nbody .av-special-heading.av-393ts-58bcf0f665b358cde8021a08b2224a47 .av-special-heading-tag .heading-char{\nfont-size:25px;\n}\n#top #wrap_all .av-special-heading.av-393ts-58bcf0f665b358cde8021a08b2224a47 .av-special-heading-tag{\nfont-size:30px;\n}\n.av-special-heading.av-393ts-58bcf0f665b358cde8021a08b2224a47 .special-heading-inner-border{\nborder-color:#ffffff;\n}\n.av-special-heading.av-393ts-58bcf0f665b358cde8021a08b2224a47 .av-subheading{\nfont-size:15px;\n}\n\n@media only screen and (min-width: 480px) and (max-width: 767px){ \n#top #wrap_all .av-special-heading.av-393ts-58bcf0f665b358cde8021a08b2224a47 .av-special-heading-tag{\nfont-size:0.8em;\n}\n}\n\n@media only screen and (max-width: 479px){ \n#top #wrap_all .av-special-heading.av-393ts-58bcf0f665b358cde8021a08b2224a47 .av-special-heading-tag{\nfont-size:0.8em;\n}\n}\n<\/style>\n<div  class='av-special-heading av-393ts-58bcf0f665b358cde8021a08b2224a47 av-special-heading-h3 custom-color-heading blockquote modern-quote  avia-builder-el-5  avia-builder-el-no-sibling  av-inherit-size'><h3 class='av-special-heading-tag'  itemprop=\"headline\"  >Le projet<\/h3><div class=\"special-heading-border\"><div class=\"special-heading-inner-border\"><\/div><\/div><\/div><\/div><\/div><!--close column table wrapper. Autoclose: 1 -->\n<\/div><\/div><\/main><!-- close content main element --><\/div><\/div><div id='after_section_1'  class='main_color av_default_container_wrap container_wrap sidebar_right'  ><div class='container av-section-cont-open' ><div class='template-page content  av-content-small alpha units'><div class='post-entry post-entry-type-page post-entry-712'><div class='entry-content-wrapper clearfix'>\n\n<style type=\"text\/css\" data-created_by=\"avia_inline_auto\" id=\"style-css-av-eqr14-32128c53852439e773ef27d02df0805b\">\n.flex_column.av-eqr14-32128c53852439e773ef27d02df0805b{\nborder-radius:0px 0px 0px 0px;\npadding:0px 0px 0px 0px;\n}\n<\/style>\n<div  class='flex_column av-eqr14-32128c53852439e773ef27d02df0805b av_one_full  avia-builder-el-6  el_after_av_section  avia-builder-el-no-sibling  first flex_column_div av-zero-column-padding'     ><section  class='av_textblock_section av-b3a08-0e9ac0ab1a7b9bb6581daa3a3ef9a27e'   itemscope=\"itemscope\" itemtype=\"https:\/\/schema.org\/CreativeWork\" ><div class='avia_textblock'  itemprop=\"text\" ><p>GO\u00dbT DU TERROIR est un projet commun de l'association bernoise <a href=\"https:\/\/www.raffinessen.ch\/fr\/webseite\/\">Agence de condiments Raffinessen.ch GmbH<\/a> et Khom Phy, cultivateur de poivre engag\u00e9 et propri\u00e9taire de la plantation de poivre \"Swiss Farm\" au Cambodge. Le poivre de Kampot qui y est cultiv\u00e9 est un produit de terroir et mill\u00e9sim\u00e9 hautement aromatique qui porte le nom de la r\u00e9gion de production Kampot.<\/p>\n<p>Au cours des 5 premi\u00e8res ann\u00e9es qui ont suivi la cr\u00e9ation de la ferme en 2011, environ 6000 plants de poivre ont \u00e9t\u00e9 cultiv\u00e9s et de nombreux travaux d'environnement indispensables au bon d\u00e9roulement de la production ont \u00e9t\u00e9 r\u00e9alis\u00e9s (construction de 2 bassins d'eau de pluie, syst\u00e8me d'irrigation au goutte-\u00e0-goutte, locaux de travail, etc.)<\/p>\n<p>En 2016, nous avons pu exporter pour la premi\u00e8re fois notre poivre mill\u00e9sim\u00e9 en Suisse ; comme notre poivre est produit en plein air et uniquement avec des moyens naturels, chaque mill\u00e9sime a ses propres caract\u00e9ristiques !<br \/>\n\u00c0 chaque r\u00e9colte, nous d\u00e9couvrons de nouvelles facettes de la culture du poivre et nos collaborateurs sur place mettent tout en \u0153uvre pour continuer \u00e0 produire un poivre unique et merveilleux.<\/p>\n<p>Nous nous r\u00e9jouissons de tous ceux qui, par leur <a href=\"https:\/\/www.raffinessen.ch\/fr\/webseite\/categorie-produit\/pfeffer-investment\/\">Investissement<\/a> Faire partie de ce projet et nous accompagner sur le chemin \u00e0 venir, soutenir quelque chose d'utile, g\u00e9n\u00e9rer des connaissances sur le poivre et partager l'immense joie lorsque les grains de poivre exclusifs de la nouvelle r\u00e9colte enchantent le palais.<\/p>\n<\/div><\/section><\/div>","protected":false},"excerpt":{"rendered":"","protected":false},"author":1,"featured_media":0,"parent":259,"menu_order":-10,"comment_status":"closed","ping_status":"closed","template":"","meta":{"footnotes":""},"class_list":["post-712","page","type-page","status-publish","hentry"],"yoast_head":"<!-- This site is optimized with the Yoast SEO plugin v27.5 - https:\/\/yoast.com\/product\/yoast-seo-wordpress\/ -->\n<title>Die erste Pfefferernte kommt in die Schweiz - Kampot Pfeffer<\/title>\n<meta name=\"description\" content=\"Es ist soweit! 2016 steht nun nach 5 Jahren die erste Pfefferernte an, welche in die Schweiz exportiert werden kann.\" \/>\n<meta name=\"robots\" content=\"index, follow, max-snippet:-1, max-image-preview:large, max-video-preview:-1\" \/>\n<link rel=\"canonical\" href=\"https:\/\/www.raffinessen.ch\/fr\/das-projekt\/das-projekt\/\" \/>\n<meta property=\"og:locale\" content=\"fr_FR\" \/>\n<meta property=\"og:type\" content=\"article\" \/>\n<meta property=\"og:title\" content=\"Die erste Pfefferernte kommt in die Schweiz - Kampot Pfeffer\" \/>\n<meta property=\"og:description\" content=\"Es ist soweit! 2016 steht nun nach 5 Jahren die erste Pfefferernte an, welche in die Schweiz exportiert werden kann.\" \/>\n<meta property=\"og:url\" content=\"https:\/\/www.raffinessen.ch\/fr\/das-projekt\/das-projekt\/\" \/>\n<meta property=\"og:site_name\" content=\"Raffinessen\" \/>\n<meta property=\"article:modified_time\" content=\"2019-03-04T14:42:24+00:00\" \/>\n<meta name=\"twitter:card\" content=\"summary_large_image\" \/>\n<meta name=\"twitter:label1\" content=\"Dur\u00e9e de lecture estim\u00e9e\" \/>\n\t<meta name=\"twitter:data1\" content=\"3 minutes\" \/>\n<script type=\"application\/ld+json\" class=\"yoast-schema-graph\">{\"@context\":\"https:\\\/\\\/schema.org\",\"@graph\":[{\"@type\":\"WebPage\",\"@id\":\"https:\\\/\\\/www.raffinessen.ch\\\/das-projekt\\\/das-projekt\\\/\",\"url\":\"https:\\\/\\\/www.raffinessen.ch\\\/das-projekt\\\/das-projekt\\\/\",\"name\":\"Die erste Pfefferernte kommt in die Schweiz - Kampot Pfeffer\",\"isPartOf\":{\"@id\":\"https:\\\/\\\/www.raffinessen.ch\\\/#website\"},\"datePublished\":\"2016-03-04T13:32:05+00:00\",\"dateModified\":\"2019-03-04T14:42:24+00:00\",\"description\":\"Es ist soweit! 2016 steht nun nach 5 Jahren die erste Pfefferernte an, welche in die Schweiz exportiert werden kann.\",\"breadcrumb\":{\"@id\":\"https:\\\/\\\/www.raffinessen.ch\\\/das-projekt\\\/das-projekt\\\/#breadcrumb\"},\"inLanguage\":\"fr-FR\",\"potentialAction\":[{\"@type\":\"ReadAction\",\"target\":[\"https:\\\/\\\/www.raffinessen.ch\\\/das-projekt\\\/das-projekt\\\/\"]}]},{\"@type\":\"BreadcrumbList\",\"@id\":\"https:\\\/\\\/www.raffinessen.ch\\\/das-projekt\\\/das-projekt\\\/#breadcrumb\",\"itemListElement\":[{\"@type\":\"ListItem\",\"position\":1,\"name\":\"Home\",\"item\":\"https:\\\/\\\/www.raffinessen.ch\\\/\"},{\"@type\":\"ListItem\",\"position\":2,\"name\":\"Das Projekt\",\"item\":\"https:\\\/\\\/www.raffinessen.ch\\\/das-projekt\\\/\"},{\"@type\":\"ListItem\",\"position\":3,\"name\":\"Das Projekt\"}]},{\"@type\":\"WebSite\",\"@id\":\"https:\\\/\\\/www.raffinessen.ch\\\/#website\",\"url\":\"https:\\\/\\\/www.raffinessen.ch\\\/\",\"name\":\"Raffinessen\",\"description\":\"roter und schwarzer Kampot Pfeffer - Gew\u00fcrze\",\"potentialAction\":[{\"@type\":\"SearchAction\",\"target\":{\"@type\":\"EntryPoint\",\"urlTemplate\":\"https:\\\/\\\/www.raffinessen.ch\\\/?s={search_term_string}\"},\"query-input\":{\"@type\":\"PropertyValueSpecification\",\"valueRequired\":true,\"valueName\":\"search_term_string\"}}],\"inLanguage\":\"fr-FR\"}]}<\/script>\n<!-- \/ Yoast SEO plugin. -->","yoast_head_json":{"title":"Die erste Pfefferernte kommt in die Schweiz - Kampot Pfeffer","description":"Es ist soweit! 2016 steht nun nach 5 Jahren die erste Pfefferernte an, welche in die Schweiz exportiert werden kann.","robots":{"index":"index","follow":"follow","max-snippet":"max-snippet:-1","max-image-preview":"max-image-preview:large","max-video-preview":"max-video-preview:-1"},"canonical":"https:\/\/www.raffinessen.ch\/fr\/das-projekt\/das-projekt\/","og_locale":"fr_FR","og_type":"article","og_title":"Die erste Pfefferernte kommt in die Schweiz - Kampot Pfeffer","og_description":"Es ist soweit! 2016 steht nun nach 5 Jahren die erste Pfefferernte an, welche in die Schweiz exportiert werden kann.","og_url":"https:\/\/www.raffinessen.ch\/fr\/das-projekt\/das-projekt\/","og_site_name":"Raffinessen","article_modified_time":"2019-03-04T14:42:24+00:00","twitter_card":"summary_large_image","twitter_misc":{"Dur\u00e9e de lecture estim\u00e9e":"3 minutes"},"schema":{"@context":"https:\/\/schema.org","@graph":[{"@type":"WebPage","@id":"https:\/\/www.raffinessen.ch\/das-projekt\/das-projekt\/","url":"https:\/\/www.raffinessen.ch\/das-projekt\/das-projekt\/","name":"Die erste Pfefferernte kommt in die Schweiz - Kampot Pfeffer","isPartOf":{"@id":"https:\/\/www.raffinessen.ch\/#website"},"datePublished":"2016-03-04T13:32:05+00:00","dateModified":"2019-03-04T14:42:24+00:00","description":"Es ist soweit! 2016 steht nun nach 5 Jahren die erste Pfefferernte an, welche in die Schweiz exportiert werden kann.","breadcrumb":{"@id":"https:\/\/www.raffinessen.ch\/das-projekt\/das-projekt\/#breadcrumb"},"inLanguage":"fr-FR","potentialAction":[{"@type":"ReadAction","target":["https:\/\/www.raffinessen.ch\/das-projekt\/das-projekt\/"]}]},{"@type":"BreadcrumbList","@id":"https:\/\/www.raffinessen.ch\/das-projekt\/das-projekt\/#breadcrumb","itemListElement":[{"@type":"ListItem","position":1,"name":"Home","item":"https:\/\/www.raffinessen.ch\/"},{"@type":"ListItem","position":2,"name":"Das Projekt","item":"https:\/\/www.raffinessen.ch\/das-projekt\/"},{"@type":"ListItem","position":3,"name":"Das Projekt"}]},{"@type":"WebSite","@id":"https:\/\/www.raffinessen.ch\/#website","url":"https:\/\/www.raffinessen.ch\/","name":"Raffinements","description":"poivre de Kampot rouge et noir - \u00e9pices","potentialAction":[{"@type":"SearchAction","target":{"@type":"EntryPoint","urlTemplate":"https:\/\/www.raffinessen.ch\/?s={search_term_string}"},"query-input":{"@type":"PropertyValueSpecification","valueRequired":true,"valueName":"search_term_string"}}],"inLanguage":"fr-FR"}]}},"_links":{"self":[{"href":"https:\/\/www.raffinessen.ch\/fr\/wp-json\/wp\/v2\/pages\/712","targetHints":{"allow":["GET"]}}],"collection":[{"href":"https:\/\/www.raffinessen.ch\/fr\/wp-json\/wp\/v2\/pages"}],"about":[{"href":"https:\/\/www.raffinessen.ch\/fr\/wp-json\/wp\/v2\/types\/page"}],"author":[{"embeddable":true,"href":"https:\/\/www.raffinessen.ch\/fr\/wp-json\/wp\/v2\/users\/1"}],"replies":[{"embeddable":true,"href":"https:\/\/www.raffinessen.ch\/fr\/wp-json\/wp\/v2\/comments?post=712"}],"version-history":[{"count":0,"href":"https:\/\/www.raffinessen.ch\/fr\/wp-json\/wp\/v2\/pages\/712\/revisions"}],"up":[{"embeddable":true,"href":"https:\/\/www.raffinessen.ch\/fr\/wp-json\/wp\/v2\/pages\/259"}],"wp:attachment":[{"href":"https:\/\/www.raffinessen.ch\/fr\/wp-json\/wp\/v2\/media?parent=712"}],"curies":[{"name":"wp","href":"https:\/\/api.w.org\/{rel}","templated":true}]}}